{"id":35,"date":"2020-03-24T15:22:03","date_gmt":"2020-03-24T14:22:03","guid":{"rendered":"https:\/\/grand-angle.lavenir.net\/wallonie-bruxelles-desertees\/?page_id=35"},"modified":"2020-03-27T16:51:47","modified_gmt":"2020-03-27T15:51:47","slug":"la-belgique-confinee","status":"publish","type":"page","link":"https:\/\/grand-angle.lavenir.net\/wallonie-bruxelles-desertees\/","title":{"rendered":"La Belgique confin\u00e9e"},"content":{"rendered":"<p><div class=\"fusion-fullwidth fullwidth-box fusion-builder-row-1 hundred-percent-fullwidth non-hundred-percent-height-scrolling\" style=\"--awb-border-radius-top-left:0px;--awb-border-radius-top-right:0px;--awb-border-radius-bottom-right:0px;--awb-border-radius-bottom-left:0px;--awb-flex-wrap:wrap;\" ><div class=\"fusion-builder-row fusion-row\"><div class=\"fusion-layout-column fusion_builder_column fusion-builder-column-0 fusion_builder_column_1_3 1_3 fusion-one-third fusion-column-first\" style=\"--awb-bg-size:cover;width:33.3333333333%;width:calc(33.3333333333% - ( ( 4% + 4% ) * 0.333333333333 ) );margin-right: 4%;\"><div class=\"fusion-column-wrapper fusion-column-has-shadow fusion-flex-column-wrapper-legacy\"><div class=\"fusion-text fusion-text-1\"><p><a href=\"https:\/\/www.lavenir.net\" target=\"_blank\" rel=\"noopener noreferrer\"><img decoding=\"async\" class=\"alignleft size-full wp-image-103\" src=\"https:\/\/grand-angle.lavenir.net\/wallonie-bruxelles-desertees\/wp-content\/uploads\/sites\/103\/2020\/03\/logo-lavenir.png\" alt=\"\" width=\"150\" srcset=\"https:\/\/grand-angle.lavenir.net\/wallonie-bruxelles-desertees\/wp-content\/uploads\/sites\/103\/2020\/03\/logo-lavenir-200x49.png 200w, https:\/\/grand-angle.lavenir.net\/wallonie-bruxelles-desertees\/wp-content\/uploads\/sites\/103\/2020\/03\/logo-lavenir.png 205w\" sizes=\"(max-width: 205px) 100vw, 205px\" \/><\/a><\/p>\n<\/div><div class=\"fusion-clearfix\"><\/div><\/div><\/div><div class=\"fusion-layout-column fusion_builder_column fusion-builder-column-1 fusion_builder_column_1_3 1_3 fusion-one-third\" style=\"--awb-bg-size:cover;width:33.3333333333%;width:calc(33.3333333333% - ( ( 4% + 4% ) * 0.333333333333 ) );margin-right: 4%;\"><div class=\"fusion-column-wrapper fusion-column-has-shadow fusion-flex-column-wrapper-legacy\"><div class=\"fusion-sharing-box fusion-sharing-box-1 boxed-icons has-taglines layout-floated layout-medium-floated layout-small-floated\" style=\"background-color:#ffffff;--awb-layout:row;--awb-alignment-small:space-between;\" data-title=\"La Belgique confin\u00e9e\" data-description=\"Confinement. Quarantaine. Isolement. Les Belges sont pri\u00e9s de rester chez eux. Dans les rues de nos villes, c\u2019est la d\u00e9solation, le d\u00e9sert. Le vide. Mais pire que le vide, ce qui choque le plus, c\u2019est le silence.\nNous avons fait le tour de la Wallonie, en passant par Bruxelles, pour ramener des images de ces lieux d\u2019abandon. Roadtrip.\n\" data-link=\"https:\/\/grand-angle.lavenir.net\/wallonie-bruxelles-desertees\/\"><div class=\"fusion-social-networks sharingbox-shortcode-icon-wrapper sharingbox-shortcode-icon-wrapper-1 boxed-icons\"><span><a href=\"https:\/\/www.facebook.com\/sharer.php?u=https%3A%2F%2Fgrand-angle.lavenir.net%2Fwallonie-bruxelles-desertees%2F&amp;t=La%20Belgique%20confin%C3%A9e\" target=\"_blank\" rel=\"noreferrer\" title=\"Facebook\" aria-label=\"Facebook\" data-placement=\"top\" data-toggle=\"tooltip\" data-title=\"Facebook\"><i class=\"fusion-social-network-icon fusion-tooltip fusion-facebook awb-icon-facebook\" style=\"color:#ffffff;background-color:#3b5998;border-color:#3b5998;border-radius:50%;\" aria-hidden=\"true\"><\/i><\/a><\/span><span><a href=\"https:\/\/x.com\/intent\/post?text=La%20Belgique%20confin%C3%A9e&amp;url=https%3A%2F%2Fgrand-angle.lavenir.net%2Fwallonie-bruxelles-desertees%2F\" target=\"_blank\" rel=\"noopener noreferrer\" title=\"X\" aria-label=\"X\" data-placement=\"top\" data-toggle=\"tooltip\" data-title=\"X\"><i class=\"fusion-social-network-icon fusion-tooltip fusion-twitter awb-icon-twitter\" style=\"color:#ffffff;background-color:#000000;border-color:#000000;border-radius:50%;\" aria-hidden=\"true\"><\/i><\/a><\/span><\/div><\/div><div class=\"fusion-clearfix\"><\/div><\/div><\/div><div class=\"fusion-layout-column fusion_builder_column fusion-builder-column-2 fusion_builder_column_1_3 1_3 fusion-one-third fusion-column-last\" style=\"--awb-bg-size:cover;width:33.3333333333%;width:calc(33.3333333333% - ( ( 4% + 4% ) * 0.333333333333 ) );\"><div class=\"fusion-column-wrapper fusion-column-has-shadow fusion-flex-column-wrapper-legacy\"><div class=\"fusion-clearfix\"><\/div><\/div><\/div><\/div><\/div><div class=\"fusion-fullwidth fullwidth-box fusion-builder-row-2 nonhundred-percent-fullwidth non-hundred-percent-height-scrolling\" style=\"--awb-border-radius-top-left:0px;--awb-border-radius-top-right:0px;--awb-border-radius-bottom-right:0px;--awb-border-radius-bottom-left:0px;--awb-flex-wrap:wrap;\" ><div class=\"fusion-builder-row fusion-row\"><div class=\"fusion-layout-column fusion_builder_column fusion-builder-column-3 fusion_builder_column_1_1 1_1 fusion-one-full fusion-column-first fusion-column-last\" style=\"--awb-bg-size:cover;\"><div class=\"fusion-column-wrapper fusion-column-has-shadow fusion-flex-column-wrapper-legacy\"><div class=\"fusion-text fusion-text-2\"><h3 style=\"text-align: center;\"><strong><span lang=\"FR-BE\">Cliquez sur la ville de votre choix<\/span><\/strong><\/h3>\n<\/div>\n<div class=\"fusion-slider-revolution rev_slider_wrapper\">\t\t\t<!-- START menu REVOLUTION SLIDER 6.7.41 --><p class=\"rs-p-wp-fix\"><\/p>\n\t\t\t<rs-module-wrap id=\"rev_slider_3_1_wrapper\" data-source=\"gallery\" style=\"visibility:hidden;background:transparent;padding:0;margin:0px auto;margin-top:0;margin-bottom:0;\">\n\t\t\t\t<rs-module id=\"rev_slider_3_1\" style=\"\" data-version=\"6.7.41\">\n\t\t\t\t\t<rs-slides style=\"overflow: hidden; position: absolute;\">\n\t\t\t\t\t\t<rs-slide style=\"position: absolute;\" data-key=\"rs-3\" data-title=\"Slide\" data-anim=\"ms:1000;r:0;\" data-in=\"o:0;\" data-out=\"a:false;\">\n\t\t\t\t\t\t\t<img decoding=\"async\" src=\"\/\/grand-angle.lavenir.net\/wallonie-bruxelles-desertees\/wp-content\/plugins\/revslider\/sr6\/assets\/assets\/dummy.png\" alt=\"Slide\" title=\"La Belgique confin\u00e9e\" class=\"rev-slidebg tp-rs-img rs-lazyload\" data-lazyload=\"\/\/grand-angle.lavenir.net\/wallonie-bruxelles-desertees\/wp-content\/plugins\/revslider\/sr6\/assets\/assets\/transparent.png\" data-no-retina>\n<!--\n\t\t\t\t\t\t\t--><rs-group\n\t\t\t\t\t\t\t\tid=\"slider-3-slide-3-layer-1\" \n\t\t\t\t\t\t\t\tdata-type=\"group\"\n\t\t\t\t\t\t\t\tdata-rsp_ch=\"on\"\n\t\t\t\t\t\t\t\tdata-xy=\"x:2px;y:53px;\"\n\t\t\t\t\t\t\t\tdata-text=\"w:normal;\"\n\t\t\t\t\t\t\t\tdata-dim=\"w:220px;h:220px;\"\n\t\t\t\t\t\t\t\tdata-actions='id:rev_slider_4_4_wrapper;o:click;a:scrollto;offset:-65px;sp:1000ms;e:power1.inOut;'\n\t\t\t\t\t\t\t\tdata-frame_0=\"sX:0;sY:0;o:1;\"\n\t\t\t\t\t\t\t\tdata-frame_1=\"st:2000;sp:1000;sR:2000;\"\n\t\t\t\t\t\t\t\tdata-frame_999=\"o:0;st:w;sR:6000;sA:9000;\"\n\t\t\t\t\t\t\t\tdata-frame_hover=\"sX:1.1;sY:1.1;\"\n\t\t\t\t\t\t\t\tstyle=\"z-index:11;cursor:pointer;\"\n\t\t\t\t\t\t\t><!--\n\t\t\t\t\t\t\t\t--><rs-layer\n\t\t\t\t\t\t\t\t\tid=\"slider-3-slide-3-layer-4\" \n\t\t\t\t\t\t\t\t\tclass=\"rs-noevents\"\n\t\t\t\t\t\t\t\t\tdata-type=\"text\"\n\t\t\t\t\t\t\t\t\tdata-color=\"#d9b18f\"\n\t\t\t\t\t\t\t\t\tdata-rsp_ch=\"on\"\n\t\t\t\t\t\t\t\t\tdata-xy=\"x:c;y:c;\"\n\t\t\t\t\t\t\t\t\tdata-pos=\"a\"\n\t\t\t\t\t\t\t\t\tdata-text=\"w:normal;fw:900;\"\n\t\t\t\t\t\t\t\t\tdata-frame_1=\"sR:-2000;\"\n\t\t\t\t\t\t\t\t\tdata-frame_999=\"o:0;st:w;sR:8700;\"\n\t\t\t\t\t\t\t\t\tstyle=\"z-index:10;font-family:'Lato';\"\n\t\t\t\t\t\t\t\t>LOUVAIN-LA-NEUVE<br \/>\n \n\t\t\t\t\t\t\t\t<\/rs-layer><!--\n\n\t\t\t\t\t\t\t\t--><rs-layer\n\t\t\t\t\t\t\t\t\tid=\"slider-3-slide-3-layer-3\" \n\t\t\t\t\t\t\t\t\tdata-type=\"shape\"\n\t\t\t\t\t\t\t\t\tdata-rsp_ch=\"on\"\n\t\t\t\t\t\t\t\t\tdata-xy=\"\"\n\t\t\t\t\t\t\t\t\tdata-pos=\"a\"\n\t\t\t\t\t\t\t\t\tdata-text=\"w:normal;\"\n\t\t\t\t\t\t\t\t\tdata-dim=\"w:220px;h:220px;\"\n\t\t\t\t\t\t\t\t\tdata-frame_1=\"sR:-2000;\"\n\t\t\t\t\t\t\t\t\tdata-frame_999=\"o:0;st:w;sR:8700;\"\n\t\t\t\t\t\t\t\t\tstyle=\"z-index:9;background-color:rgba(0,0,0,0.7);border-radius:100%;\"\n\t\t\t\t\t\t\t\t> \n\t\t\t\t\t\t\t\t<\/rs-layer><!--\n\n\t\t\t\t\t\t\t\t--><rs-layer\n\t\t\t\t\t\t\t\t\tid=\"slider-3-slide-3-layer-2\" \n\t\t\t\t\t\t\t\t\tdata-type=\"image\"\n\t\t\t\t\t\t\t\t\tdata-rsp_ch=\"on\"\n\t\t\t\t\t\t\t\t\tdata-xy=\"\"\n\t\t\t\t\t\t\t\t\tdata-pos=\"a\"\n\t\t\t\t\t\t\t\t\tdata-text=\"w:normal;\"\n\t\t\t\t\t\t\t\t\tdata-dim=\"w:220px;h:220px;\"\n\t\t\t\t\t\t\t\t\tdata-frame_1=\"sR:-2000;\"\n\t\t\t\t\t\t\t\t\tdata-frame_999=\"o:0;st:w;sR:8700;\"\n\t\t\t\t\t\t\t\t\tstyle=\"z-index:8;\"\n\t\t\t\t\t\t\t\t><img decoding=\"async\" src=\"\/\/grand-angle.lavenir.net\/wallonie-bruxelles-desertees\/wp-content\/plugins\/revslider\/sr6\/assets\/assets\/dummy.png\" alt=\"\" class=\"tp-rs-img rs-lazyload\" width=\"220\" height=\"220\" data-lazyload=\"\/\/grand-angle.lavenir.net\/wallonie-bruxelles-desertees\/wp-content\/uploads\/sites\/103\/2020\/03\/lln.png\" data-no-retina> \n\t\t\t\t\t\t\t\t<\/rs-layer><!--\n\t\t\t\t\t\t\t--><\/rs-group><!--\n\n\t\t\t\t\t\t\t--><rs-group\n\t\t\t\t\t\t\t\tid=\"slider-3-slide-3-layer-5\" \n\t\t\t\t\t\t\t\tdata-type=\"group\"\n\t\t\t\t\t\t\t\tdata-rsp_ch=\"on\"\n\t\t\t\t\t\t\t\tdata-xy=\"x:345px;y:52px;\"\n\t\t\t\t\t\t\t\tdata-pos=\"a\"\n\t\t\t\t\t\t\t\tdata-text=\"w:normal;\"\n\t\t\t\t\t\t\t\tdata-dim=\"w:220px;h:220px;\"\n\t\t\t\t\t\t\t\tdata-actions='id:rev_slider_7_5_wrapper;o:click;a:scrollto;offset:-65px;sp:1000ms;e:power1.inOut;'\n\t\t\t\t\t\t\t\tdata-frame_0=\"sX:0;sY:0;o:1;\"\n\t\t\t\t\t\t\t\tdata-frame_1=\"st:2000;sp:1000;sR:2000;\"\n\t\t\t\t\t\t\t\tdata-frame_999=\"o:0;st:w;sR:6000;sA:9000;\"\n\t\t\t\t\t\t\t\tdata-frame_hover=\"sX:1.1;sY:1.1;\"\n\t\t\t\t\t\t\t\tstyle=\"z-index:15;cursor:pointer;\"\n\t\t\t\t\t\t\t><!--\n\t\t\t\t\t\t\t\t--><rs-layer\n\t\t\t\t\t\t\t\t\tid=\"slider-3-slide-3-layer-8\" \n\t\t\t\t\t\t\t\t\tclass=\"rs-noevents\"\n\t\t\t\t\t\t\t\t\tdata-type=\"text\"\n\t\t\t\t\t\t\t\t\tdata-color=\"#d9b18f\"\n\t\t\t\t\t\t\t\t\tdata-rsp_ch=\"on\"\n\t\t\t\t\t\t\t\t\tdata-xy=\"x:c;y:c;\"\n\t\t\t\t\t\t\t\t\tdata-pos=\"a\"\n\t\t\t\t\t\t\t\t\tdata-text=\"w:normal;fw:900;\"\n\t\t\t\t\t\t\t\t\tdata-frame_1=\"sR:-2000;\"\n\t\t\t\t\t\t\t\t\tdata-frame_999=\"o:0;st:w;sR:8700;\"\n\t\t\t\t\t\t\t\t\tstyle=\"z-index:14;font-family:'Lato';\"\n\t\t\t\t\t\t\t\t>BRUXELLES<br \/>\n \n\t\t\t\t\t\t\t\t<\/rs-layer><!--\n\n\t\t\t\t\t\t\t\t--><rs-layer\n\t\t\t\t\t\t\t\t\tid=\"slider-3-slide-3-layer-7\" \n\t\t\t\t\t\t\t\t\tdata-type=\"shape\"\n\t\t\t\t\t\t\t\t\tdata-rsp_ch=\"on\"\n\t\t\t\t\t\t\t\t\tdata-xy=\"\"\n\t\t\t\t\t\t\t\t\tdata-pos=\"a\"\n\t\t\t\t\t\t\t\t\tdata-text=\"w:normal;\"\n\t\t\t\t\t\t\t\t\tdata-dim=\"w:220px;h:220px;\"\n\t\t\t\t\t\t\t\t\tdata-frame_1=\"sR:-2000;\"\n\t\t\t\t\t\t\t\t\tdata-frame_999=\"o:0;st:w;sR:8700;\"\n\t\t\t\t\t\t\t\t\tstyle=\"z-index:13;background-color:rgba(0,0,0,0.7);border-radius:100%;\"\n\t\t\t\t\t\t\t\t> \n\t\t\t\t\t\t\t\t<\/rs-layer><!--\n\n\t\t\t\t\t\t\t\t--><rs-layer\n\t\t\t\t\t\t\t\t\tid=\"slider-3-slide-3-layer-6\" \n\t\t\t\t\t\t\t\t\tdata-type=\"image\"\n\t\t\t\t\t\t\t\t\tdata-rsp_ch=\"on\"\n\t\t\t\t\t\t\t\t\tdata-xy=\"\"\n\t\t\t\t\t\t\t\t\tdata-pos=\"a\"\n\t\t\t\t\t\t\t\t\tdata-text=\"w:normal;\"\n\t\t\t\t\t\t\t\t\tdata-dim=\"w:220px;h:220px;\"\n\t\t\t\t\t\t\t\t\tdata-frame_1=\"sR:-2000;\"\n\t\t\t\t\t\t\t\t\tdata-frame_999=\"o:0;st:w;sR:8700;\"\n\t\t\t\t\t\t\t\t\tstyle=\"z-index:12;\"\n\t\t\t\t\t\t\t\t><img decoding=\"async\" src=\"\/\/grand-angle.lavenir.net\/wallonie-bruxelles-desertees\/wp-content\/plugins\/revslider\/sr6\/assets\/assets\/dummy.png\" alt=\"\" class=\"tp-rs-img rs-lazyload\" width=\"220\" height=\"220\" data-lazyload=\"\/\/grand-angle.lavenir.net\/wallonie-bruxelles-desertees\/wp-content\/uploads\/sites\/103\/2020\/03\/bruxelles.png\" data-no-retina> \n\t\t\t\t\t\t\t\t<\/rs-layer><!--\n\t\t\t\t\t\t\t--><\/rs-group><!--\n\n\t\t\t\t\t\t\t--><rs-group\n\t\t\t\t\t\t\t\tid=\"slider-3-slide-3-layer-9\" \n\t\t\t\t\t\t\t\tdata-type=\"group\"\n\t\t\t\t\t\t\t\tdata-rsp_ch=\"on\"\n\t\t\t\t\t\t\t\tdata-xy=\"x:686px;y:48px;\"\n\t\t\t\t\t\t\t\tdata-pos=\"a\"\n\t\t\t\t\t\t\t\tdata-text=\"w:normal;\"\n\t\t\t\t\t\t\t\tdata-dim=\"w:220px;h:220px;\"\n\t\t\t\t\t\t\t\tdata-actions='id:rev_slider_8_6_wrapper;o:click;a:scrollto;offset:-65px;sp:1000ms;e:power1.inOut;'\n\t\t\t\t\t\t\t\tdata-frame_0=\"sX:0;sY:0;o:1;\"\n\t\t\t\t\t\t\t\tdata-frame_1=\"st:2000;sp:1000;sR:2000;\"\n\t\t\t\t\t\t\t\tdata-frame_999=\"o:0;st:w;sR:6000;sA:9000;\"\n\t\t\t\t\t\t\t\tdata-frame_hover=\"sX:1.1;sY:1.1;\"\n\t\t\t\t\t\t\t\tstyle=\"z-index:19;cursor:pointer;\"\n\t\t\t\t\t\t\t><!--\n\t\t\t\t\t\t\t\t--><rs-layer\n\t\t\t\t\t\t\t\t\tid=\"slider-3-slide-3-layer-12\" \n\t\t\t\t\t\t\t\t\tclass=\"rs-noevents\"\n\t\t\t\t\t\t\t\t\tdata-type=\"text\"\n\t\t\t\t\t\t\t\t\tdata-color=\"#d9b18f\"\n\t\t\t\t\t\t\t\t\tdata-rsp_ch=\"on\"\n\t\t\t\t\t\t\t\t\tdata-xy=\"x:c;y:c;\"\n\t\t\t\t\t\t\t\t\tdata-pos=\"a\"\n\t\t\t\t\t\t\t\t\tdata-text=\"w:normal;fw:900;\"\n\t\t\t\t\t\t\t\t\tdata-frame_1=\"sR:-2000;\"\n\t\t\t\t\t\t\t\t\tdata-frame_999=\"o:0;st:w;sR:8700;\"\n\t\t\t\t\t\t\t\t\tstyle=\"z-index:18;font-family:'Lato';\"\n\t\t\t\t\t\t\t\t>NIVELLES<br \/>\n \n\t\t\t\t\t\t\t\t<\/rs-layer><!--\n\n\t\t\t\t\t\t\t\t--><rs-layer\n\t\t\t\t\t\t\t\t\tid=\"slider-3-slide-3-layer-11\" \n\t\t\t\t\t\t\t\t\tdata-type=\"shape\"\n\t\t\t\t\t\t\t\t\tdata-rsp_ch=\"on\"\n\t\t\t\t\t\t\t\t\tdata-xy=\"\"\n\t\t\t\t\t\t\t\t\tdata-pos=\"a\"\n\t\t\t\t\t\t\t\t\tdata-text=\"w:normal;\"\n\t\t\t\t\t\t\t\t\tdata-dim=\"w:220px;h:220px;\"\n\t\t\t\t\t\t\t\t\tdata-frame_1=\"sR:-2000;\"\n\t\t\t\t\t\t\t\t\tdata-frame_999=\"o:0;st:w;sR:8700;\"\n\t\t\t\t\t\t\t\t\tstyle=\"z-index:17;background-color:rgba(0,0,0,0.7);border-radius:100%;\"\n\t\t\t\t\t\t\t\t> \n\t\t\t\t\t\t\t\t<\/rs-layer><!--\n\n\t\t\t\t\t\t\t\t--><rs-layer\n\t\t\t\t\t\t\t\t\tid=\"slider-3-slide-3-layer-10\" \n\t\t\t\t\t\t\t\t\tdata-type=\"image\"\n\t\t\t\t\t\t\t\t\tdata-rsp_ch=\"on\"\n\t\t\t\t\t\t\t\t\tdata-xy=\"\"\n\t\t\t\t\t\t\t\t\tdata-pos=\"a\"\n\t\t\t\t\t\t\t\t\tdata-text=\"w:normal;\"\n\t\t\t\t\t\t\t\t\tdata-dim=\"w:220px;h:220px;\"\n\t\t\t\t\t\t\t\t\tdata-frame_1=\"sR:-2000;\"\n\t\t\t\t\t\t\t\t\tdata-frame_999=\"o:0;st:w;sR:8700;\"\n\t\t\t\t\t\t\t\t\tstyle=\"z-index:16;\"\n\t\t\t\t\t\t\t\t><img decoding=\"async\" src=\"\/\/grand-angle.lavenir.net\/wallonie-bruxelles-desertees\/wp-content\/plugins\/revslider\/sr6\/assets\/assets\/dummy.png\" alt=\"\" class=\"tp-rs-img rs-lazyload\" width=\"220\" height=\"220\" data-lazyload=\"\/\/grand-angle.lavenir.net\/wallonie-bruxelles-desertees\/wp-content\/uploads\/sites\/103\/2020\/03\/nivelles.png\" data-no-retina> \n\t\t\t\t\t\t\t\t<\/rs-layer><!--\n\t\t\t\t\t\t\t--><\/rs-group><!--\n\n\t\t\t\t\t\t\t--><rs-group\n\t\t\t\t\t\t\t\tid=\"slider-3-slide-3-layer-13\" \n\t\t\t\t\t\t\t\tdata-type=\"group\"\n\t\t\t\t\t\t\t\tdata-rsp_ch=\"on\"\n\t\t\t\t\t\t\t\tdata-xy=\"x:1018px;y:48px;\"\n\t\t\t\t\t\t\t\tdata-pos=\"a\"\n\t\t\t\t\t\t\t\tdata-text=\"w:normal;\"\n\t\t\t\t\t\t\t\tdata-dim=\"w:220px;h:220px;\"\n\t\t\t\t\t\t\t\tdata-actions='id:rev_slider_9_7_wrapper;o:click;a:scrollto;offset:-65px;sp:1000ms;e:power1.inOut;'\n\t\t\t\t\t\t\t\tdata-frame_0=\"sX:0;sY:0;o:1;\"\n\t\t\t\t\t\t\t\tdata-frame_1=\"st:2000;sp:1000;sR:2000;\"\n\t\t\t\t\t\t\t\tdata-frame_999=\"o:0;st:w;sR:6000;sA:9000;\"\n\t\t\t\t\t\t\t\tdata-frame_hover=\"sX:1.1;sY:1.1;\"\n\t\t\t\t\t\t\t\tstyle=\"z-index:23;cursor:pointer;\"\n\t\t\t\t\t\t\t><!--\n\t\t\t\t\t\t\t\t--><rs-layer\n\t\t\t\t\t\t\t\t\tid=\"slider-3-slide-3-layer-16\" \n\t\t\t\t\t\t\t\t\tclass=\"rs-noevents\"\n\t\t\t\t\t\t\t\t\tdata-type=\"text\"\n\t\t\t\t\t\t\t\t\tdata-color=\"#d9b18f\"\n\t\t\t\t\t\t\t\t\tdata-rsp_ch=\"on\"\n\t\t\t\t\t\t\t\t\tdata-xy=\"x:c;y:c;\"\n\t\t\t\t\t\t\t\t\tdata-pos=\"a\"\n\t\t\t\t\t\t\t\t\tdata-text=\"w:normal;fw:900;\"\n\t\t\t\t\t\t\t\t\tdata-frame_1=\"sR:-2000;\"\n\t\t\t\t\t\t\t\t\tdata-frame_999=\"o:0;st:w;sR:8700;\"\n\t\t\t\t\t\t\t\t\tstyle=\"z-index:22;font-family:'Lato';\"\n\t\t\t\t\t\t\t\t>CHARLEROI<br \/>\n \n\t\t\t\t\t\t\t\t<\/rs-layer><!--\n\n\t\t\t\t\t\t\t\t--><rs-layer\n\t\t\t\t\t\t\t\t\tid=\"slider-3-slide-3-layer-15\" \n\t\t\t\t\t\t\t\t\tdata-type=\"shape\"\n\t\t\t\t\t\t\t\t\tdata-rsp_ch=\"on\"\n\t\t\t\t\t\t\t\t\tdata-xy=\"\"\n\t\t\t\t\t\t\t\t\tdata-pos=\"a\"\n\t\t\t\t\t\t\t\t\tdata-text=\"w:normal;\"\n\t\t\t\t\t\t\t\t\tdata-dim=\"w:220px;h:220px;\"\n\t\t\t\t\t\t\t\t\tdata-frame_1=\"sR:-2000;\"\n\t\t\t\t\t\t\t\t\tdata-frame_999=\"o:0;st:w;sR:8700;\"\n\t\t\t\t\t\t\t\t\tstyle=\"z-index:21;background-color:rgba(0,0,0,0.7);border-radius:100%;\"\n\t\t\t\t\t\t\t\t> \n\t\t\t\t\t\t\t\t<\/rs-layer><!--\n\n\t\t\t\t\t\t\t\t--><rs-layer\n\t\t\t\t\t\t\t\t\tid=\"slider-3-slide-3-layer-14\" \n\t\t\t\t\t\t\t\t\tdata-type=\"image\"\n\t\t\t\t\t\t\t\t\tdata-rsp_ch=\"on\"\n\t\t\t\t\t\t\t\t\tdata-xy=\"\"\n\t\t\t\t\t\t\t\t\tdata-pos=\"a\"\n\t\t\t\t\t\t\t\t\tdata-text=\"w:normal;\"\n\t\t\t\t\t\t\t\t\tdata-dim=\"w:220px;h:220px;\"\n\t\t\t\t\t\t\t\t\tdata-frame_1=\"sR:-2000;\"\n\t\t\t\t\t\t\t\t\tdata-frame_999=\"o:0;st:w;sR:8700;\"\n\t\t\t\t\t\t\t\t\tstyle=\"z-index:20;\"\n\t\t\t\t\t\t\t\t><img decoding=\"async\" src=\"\/\/grand-angle.lavenir.net\/wallonie-bruxelles-desertees\/wp-content\/plugins\/revslider\/sr6\/assets\/assets\/dummy.png\" alt=\"\" class=\"tp-rs-img rs-lazyload\" width=\"220\" height=\"220\" data-lazyload=\"\/\/grand-angle.lavenir.net\/wallonie-bruxelles-desertees\/wp-content\/uploads\/sites\/103\/2020\/03\/charleroi.png\" data-no-retina> \n\t\t\t\t\t\t\t\t<\/rs-layer><!--\n\t\t\t\t\t\t\t--><\/rs-group><!--\n\n\t\t\t\t\t\t\t--><rs-group\n\t\t\t\t\t\t\t\tid=\"slider-3-slide-3-layer-17\" \n\t\t\t\t\t\t\t\tdata-type=\"group\"\n\t\t\t\t\t\t\t\tdata-rsp_ch=\"on\"\n\t\t\t\t\t\t\t\tdata-xy=\"x:2px;y:323px;\"\n\t\t\t\t\t\t\t\tdata-pos=\"a\"\n\t\t\t\t\t\t\t\tdata-text=\"w:normal;\"\n\t\t\t\t\t\t\t\tdata-dim=\"w:220px;h:220px;\"\n\t\t\t\t\t\t\t\tdata-actions='id:rev_slider_11_8_wrapper;o:click;a:scrollto;offset:-65px;sp:1000ms;e:power1.inOut;'\n\t\t\t\t\t\t\t\tdata-frame_0=\"sX:0;sY:0;o:1;\"\n\t\t\t\t\t\t\t\tdata-frame_1=\"st:2000;sp:1000;sR:2000;\"\n\t\t\t\t\t\t\t\tdata-frame_999=\"o:0;st:w;sR:6000;sA:9000;\"\n\t\t\t\t\t\t\t\tdata-frame_hover=\"sX:1.1;sY:1.1;\"\n\t\t\t\t\t\t\t\tstyle=\"z-index:27;cursor:pointer;\"\n\t\t\t\t\t\t\t><!--\n\t\t\t\t\t\t\t\t--><rs-layer\n\t\t\t\t\t\t\t\t\tid=\"slider-3-slide-3-layer-20\" \n\t\t\t\t\t\t\t\t\tclass=\"rs-noevents\"\n\t\t\t\t\t\t\t\t\tdata-type=\"text\"\n\t\t\t\t\t\t\t\t\tdata-color=\"#d9b18f\"\n\t\t\t\t\t\t\t\t\tdata-rsp_ch=\"on\"\n\t\t\t\t\t\t\t\t\tdata-xy=\"x:c;y:c;\"\n\t\t\t\t\t\t\t\t\tdata-pos=\"a\"\n\t\t\t\t\t\t\t\t\tdata-text=\"w:normal;fw:900;\"\n\t\t\t\t\t\t\t\t\tdata-frame_1=\"sR:-2000;\"\n\t\t\t\t\t\t\t\t\tdata-frame_999=\"o:0;st:w;sR:8700;\"\n\t\t\t\t\t\t\t\t\tstyle=\"z-index:26;font-family:'Lato';\"\n\t\t\t\t\t\t\t\t>MONS<br \/>\n<br \/>\n \n\t\t\t\t\t\t\t\t<\/rs-layer><!--\n\n\t\t\t\t\t\t\t\t--><rs-layer\n\t\t\t\t\t\t\t\t\tid=\"slider-3-slide-3-layer-19\" \n\t\t\t\t\t\t\t\t\tdata-type=\"shape\"\n\t\t\t\t\t\t\t\t\tdata-rsp_ch=\"on\"\n\t\t\t\t\t\t\t\t\tdata-xy=\"\"\n\t\t\t\t\t\t\t\t\tdata-pos=\"a\"\n\t\t\t\t\t\t\t\t\tdata-text=\"w:normal;\"\n\t\t\t\t\t\t\t\t\tdata-dim=\"w:220px;h:220px;\"\n\t\t\t\t\t\t\t\t\tdata-frame_1=\"sR:-2000;\"\n\t\t\t\t\t\t\t\t\tdata-frame_999=\"o:0;st:w;sR:8700;\"\n\t\t\t\t\t\t\t\t\tstyle=\"z-index:25;background-color:rgba(0,0,0,0.7);border-radius:100%;\"\n\t\t\t\t\t\t\t\t> \n\t\t\t\t\t\t\t\t<\/rs-layer><!--\n\n\t\t\t\t\t\t\t\t--><rs-layer\n\t\t\t\t\t\t\t\t\tid=\"slider-3-slide-3-layer-18\" \n\t\t\t\t\t\t\t\t\tdata-type=\"image\"\n\t\t\t\t\t\t\t\t\tdata-rsp_ch=\"on\"\n\t\t\t\t\t\t\t\t\tdata-xy=\"\"\n\t\t\t\t\t\t\t\t\tdata-pos=\"a\"\n\t\t\t\t\t\t\t\t\tdata-text=\"w:normal;\"\n\t\t\t\t\t\t\t\t\tdata-dim=\"w:220px;h:220px;\"\n\t\t\t\t\t\t\t\t\tdata-frame_1=\"sR:-2000;\"\n\t\t\t\t\t\t\t\t\tdata-frame_999=\"o:0;st:w;sR:8700;\"\n\t\t\t\t\t\t\t\t\tstyle=\"z-index:24;\"\n\t\t\t\t\t\t\t\t><img decoding=\"async\" src=\"\/\/grand-angle.lavenir.net\/wallonie-bruxelles-desertees\/wp-content\/plugins\/revslider\/sr6\/assets\/assets\/dummy.png\" alt=\"\" class=\"tp-rs-img rs-lazyload\" width=\"220\" height=\"220\" data-lazyload=\"\/\/grand-angle.lavenir.net\/wallonie-bruxelles-desertees\/wp-content\/uploads\/sites\/103\/2020\/03\/mons.png\" data-no-retina> \n\t\t\t\t\t\t\t\t<\/rs-layer><!--\n\t\t\t\t\t\t\t--><\/rs-group><!--\n\n\t\t\t\t\t\t\t--><rs-group\n\t\t\t\t\t\t\t\tid=\"slider-3-slide-3-layer-21\" \n\t\t\t\t\t\t\t\tdata-type=\"group\"\n\t\t\t\t\t\t\t\tdata-rsp_ch=\"on\"\n\t\t\t\t\t\t\t\tdata-xy=\"x:344px;y:323px;\"\n\t\t\t\t\t\t\t\tdata-pos=\"a\"\n\t\t\t\t\t\t\t\tdata-text=\"w:normal;\"\n\t\t\t\t\t\t\t\tdata-dim=\"w:220px;h:220px;\"\n\t\t\t\t\t\t\t\tdata-actions='id:rev_slider_12_9_wrapper;o:click;a:scrollto;offset:-65px;sp:1000ms;e:power1.inOut;'\n\t\t\t\t\t\t\t\tdata-frame_0=\"sX:0;sY:0;o:1;\"\n\t\t\t\t\t\t\t\tdata-frame_1=\"st:2000;sp:1000;sR:2000;\"\n\t\t\t\t\t\t\t\tdata-frame_999=\"o:0;st:w;sR:6000;sA:9000;\"\n\t\t\t\t\t\t\t\tdata-frame_hover=\"sX:1.1;sY:1.1;\"\n\t\t\t\t\t\t\t\tstyle=\"z-index:31;cursor:pointer;\"\n\t\t\t\t\t\t\t><!--\n\t\t\t\t\t\t\t\t--><rs-layer\n\t\t\t\t\t\t\t\t\tid=\"slider-3-slide-3-layer-24\" \n\t\t\t\t\t\t\t\t\tclass=\"rs-noevents\"\n\t\t\t\t\t\t\t\t\tdata-type=\"text\"\n\t\t\t\t\t\t\t\t\tdata-color=\"#d9b18f\"\n\t\t\t\t\t\t\t\t\tdata-rsp_ch=\"on\"\n\t\t\t\t\t\t\t\t\tdata-xy=\"x:c;y:c;\"\n\t\t\t\t\t\t\t\t\tdata-pos=\"a\"\n\t\t\t\t\t\t\t\t\tdata-text=\"w:normal;fw:900;\"\n\t\t\t\t\t\t\t\t\tdata-frame_1=\"sR:-2000;\"\n\t\t\t\t\t\t\t\t\tdata-frame_999=\"o:0;st:w;sR:8700;\"\n\t\t\t\t\t\t\t\t\tstyle=\"z-index:30;font-family:'Lato';\"\n\t\t\t\t\t\t\t\t>TOURNAI<br \/>\n<br \/>\n \n\t\t\t\t\t\t\t\t<\/rs-layer><!--\n\n\t\t\t\t\t\t\t\t--><rs-layer\n\t\t\t\t\t\t\t\t\tid=\"slider-3-slide-3-layer-23\" \n\t\t\t\t\t\t\t\t\tdata-type=\"shape\"\n\t\t\t\t\t\t\t\t\tdata-rsp_ch=\"on\"\n\t\t\t\t\t\t\t\t\tdata-xy=\"\"\n\t\t\t\t\t\t\t\t\tdata-pos=\"a\"\n\t\t\t\t\t\t\t\t\tdata-text=\"w:normal;\"\n\t\t\t\t\t\t\t\t\tdata-dim=\"w:220px;h:220px;\"\n\t\t\t\t\t\t\t\t\tdata-frame_1=\"sR:-2000;\"\n\t\t\t\t\t\t\t\t\tdata-frame_999=\"o:0;st:w;sR:8700;\"\n\t\t\t\t\t\t\t\t\tstyle=\"z-index:29;background-color:rgba(0,0,0,0.7);border-radius:100%;\"\n\t\t\t\t\t\t\t\t> \n\t\t\t\t\t\t\t\t<\/rs-layer><!--\n\n\t\t\t\t\t\t\t\t--><rs-layer\n\t\t\t\t\t\t\t\t\tid=\"slider-3-slide-3-layer-22\" \n\t\t\t\t\t\t\t\t\tdata-type=\"image\"\n\t\t\t\t\t\t\t\t\tdata-rsp_ch=\"on\"\n\t\t\t\t\t\t\t\t\tdata-xy=\"\"\n\t\t\t\t\t\t\t\t\tdata-pos=\"a\"\n\t\t\t\t\t\t\t\t\tdata-text=\"w:normal;\"\n\t\t\t\t\t\t\t\t\tdata-dim=\"w:220px;h:220px;\"\n\t\t\t\t\t\t\t\t\tdata-frame_1=\"sR:-2000;\"\n\t\t\t\t\t\t\t\t\tdata-frame_999=\"o:0;st:w;sR:8700;\"\n\t\t\t\t\t\t\t\t\tstyle=\"z-index:28;\"\n\t\t\t\t\t\t\t\t><img decoding=\"async\" src=\"\/\/grand-angle.lavenir.net\/wallonie-bruxelles-desertees\/wp-content\/plugins\/revslider\/sr6\/assets\/assets\/dummy.png\" alt=\"\" class=\"tp-rs-img rs-lazyload\" width=\"220\" height=\"220\" data-lazyload=\"\/\/grand-angle.lavenir.net\/wallonie-bruxelles-desertees\/wp-content\/uploads\/sites\/103\/2020\/03\/tournai.png\" data-no-retina> \n\t\t\t\t\t\t\t\t<\/rs-layer><!--\n\t\t\t\t\t\t\t--><\/rs-group><!--\n\n\t\t\t\t\t\t\t--><rs-group\n\t\t\t\t\t\t\t\tid=\"slider-3-slide-3-layer-25\" \n\t\t\t\t\t\t\t\tdata-type=\"group\"\n\t\t\t\t\t\t\t\tdata-rsp_ch=\"on\"\n\t\t\t\t\t\t\t\tdata-xy=\"x:686px;y:323px;\"\n\t\t\t\t\t\t\t\tdata-pos=\"a\"\n\t\t\t\t\t\t\t\tdata-text=\"w:normal;\"\n\t\t\t\t\t\t\t\tdata-dim=\"w:220px;h:220px;\"\n\t\t\t\t\t\t\t\tdata-actions='id:rev_slider_13_10_wrapper;o:click;a:scrollto;offset:-65px;sp:1000ms;e:power1.inOut;'\n\t\t\t\t\t\t\t\tdata-frame_0=\"sX:0;sY:0;o:1;\"\n\t\t\t\t\t\t\t\tdata-frame_1=\"st:2000;sp:1000;sR:2000;\"\n\t\t\t\t\t\t\t\tdata-frame_999=\"o:0;st:w;sR:6000;sA:9000;\"\n\t\t\t\t\t\t\t\tdata-frame_hover=\"sX:1.1;sY:1.1;\"\n\t\t\t\t\t\t\t\tstyle=\"z-index:35;cursor:pointer;\"\n\t\t\t\t\t\t\t><!--\n\t\t\t\t\t\t\t\t--><rs-layer\n\t\t\t\t\t\t\t\t\tid=\"slider-3-slide-3-layer-28\" \n\t\t\t\t\t\t\t\t\tclass=\"rs-noevents\"\n\t\t\t\t\t\t\t\t\tdata-type=\"text\"\n\t\t\t\t\t\t\t\t\tdata-color=\"#d9b18f\"\n\t\t\t\t\t\t\t\t\tdata-rsp_ch=\"on\"\n\t\t\t\t\t\t\t\t\tdata-xy=\"x:c;y:c;\"\n\t\t\t\t\t\t\t\t\tdata-pos=\"a\"\n\t\t\t\t\t\t\t\t\tdata-text=\"w:normal;fw:900;\"\n\t\t\t\t\t\t\t\t\tdata-frame_1=\"sR:-2000;\"\n\t\t\t\t\t\t\t\t\tdata-frame_999=\"o:0;st:w;sR:8700;\"\n\t\t\t\t\t\t\t\t\tstyle=\"z-index:34;font-family:'Lato';\"\n\t\t\t\t\t\t\t\t>PHILIPPEVILLE \n\t\t\t\t\t\t\t\t<\/rs-layer><!--\n\n\t\t\t\t\t\t\t\t--><rs-layer\n\t\t\t\t\t\t\t\t\tid=\"slider-3-slide-3-layer-27\" \n\t\t\t\t\t\t\t\t\tdata-type=\"shape\"\n\t\t\t\t\t\t\t\t\tdata-rsp_ch=\"on\"\n\t\t\t\t\t\t\t\t\tdata-xy=\"\"\n\t\t\t\t\t\t\t\t\tdata-pos=\"a\"\n\t\t\t\t\t\t\t\t\tdata-text=\"w:normal;\"\n\t\t\t\t\t\t\t\t\tdata-dim=\"w:220px;h:220px;\"\n\t\t\t\t\t\t\t\t\tdata-frame_1=\"sR:-2000;\"\n\t\t\t\t\t\t\t\t\tdata-frame_999=\"o:0;st:w;sR:8700;\"\n\t\t\t\t\t\t\t\t\tstyle=\"z-index:33;background-color:rgba(0,0,0,0.7);border-radius:100%;\"\n\t\t\t\t\t\t\t\t> \n\t\t\t\t\t\t\t\t<\/rs-layer><!--\n\n\t\t\t\t\t\t\t\t--><rs-layer\n\t\t\t\t\t\t\t\t\tid=\"slider-3-slide-3-layer-26\" \n\t\t\t\t\t\t\t\t\tdata-type=\"image\"\n\t\t\t\t\t\t\t\t\tdata-rsp_ch=\"on\"\n\t\t\t\t\t\t\t\t\tdata-xy=\"\"\n\t\t\t\t\t\t\t\t\tdata-pos=\"a\"\n\t\t\t\t\t\t\t\t\tdata-text=\"w:normal;\"\n\t\t\t\t\t\t\t\t\tdata-dim=\"w:220px;h:220px;\"\n\t\t\t\t\t\t\t\t\tdata-frame_1=\"sR:-2000;\"\n\t\t\t\t\t\t\t\t\tdata-frame_999=\"o:0;st:w;sR:8700;\"\n\t\t\t\t\t\t\t\t\tstyle=\"z-index:32;\"\n\t\t\t\t\t\t\t\t><img decoding=\"async\" src=\"\/\/grand-angle.lavenir.net\/wallonie-bruxelles-desertees\/wp-content\/plugins\/revslider\/sr6\/assets\/assets\/dummy.png\" alt=\"\" class=\"tp-rs-img rs-lazyload\" width=\"220\" height=\"220\" data-lazyload=\"\/\/grand-angle.lavenir.net\/wallonie-bruxelles-desertees\/wp-content\/uploads\/sites\/103\/2020\/03\/philippeville.png\" data-no-retina> \n\t\t\t\t\t\t\t\t<\/rs-layer><!--\n\t\t\t\t\t\t\t--><\/rs-group><!--\n\n\t\t\t\t\t\t\t--><rs-group\n\t\t\t\t\t\t\t\tid=\"slider-3-slide-3-layer-29\" \n\t\t\t\t\t\t\t\tdata-type=\"group\"\n\t\t\t\t\t\t\t\tdata-rsp_ch=\"on\"\n\t\t\t\t\t\t\t\tdata-xy=\"x:1018px;y:323px;\"\n\t\t\t\t\t\t\t\tdata-pos=\"a\"\n\t\t\t\t\t\t\t\tdata-text=\"w:normal;\"\n\t\t\t\t\t\t\t\tdata-dim=\"w:220px;h:220px;\"\n\t\t\t\t\t\t\t\tdata-actions='id:rev_slider_14_11_wrapper;o:click;a:scrollto;offset:-65px;sp:1000ms;e:power1.inOut;'\n\t\t\t\t\t\t\t\tdata-frame_0=\"sX:0;sY:0;o:1;\"\n\t\t\t\t\t\t\t\tdata-frame_1=\"st:2000;sp:1000;sR:2000;\"\n\t\t\t\t\t\t\t\tdata-frame_999=\"o:0;st:w;sR:6000;sA:9000;\"\n\t\t\t\t\t\t\t\tdata-frame_hover=\"sX:1.1;sY:1.1;\"\n\t\t\t\t\t\t\t\tstyle=\"z-index:39;cursor:pointer;\"\n\t\t\t\t\t\t\t><!--\n\t\t\t\t\t\t\t\t--><rs-layer\n\t\t\t\t\t\t\t\t\tid=\"slider-3-slide-3-layer-32\" \n\t\t\t\t\t\t\t\t\tclass=\"rs-noevents\"\n\t\t\t\t\t\t\t\t\tdata-type=\"text\"\n\t\t\t\t\t\t\t\t\tdata-color=\"#d9b18f\"\n\t\t\t\t\t\t\t\t\tdata-rsp_ch=\"on\"\n\t\t\t\t\t\t\t\t\tdata-xy=\"x:c;y:c;\"\n\t\t\t\t\t\t\t\t\tdata-pos=\"a\"\n\t\t\t\t\t\t\t\t\tdata-text=\"w:normal;fw:900;\"\n\t\t\t\t\t\t\t\t\tdata-frame_1=\"sR:-2000;\"\n\t\t\t\t\t\t\t\t\tdata-frame_999=\"o:0;st:w;sR:8700;\"\n\t\t\t\t\t\t\t\t\tstyle=\"z-index:38;font-family:'Lato';\"\n\t\t\t\t\t\t\t\t>HUY<br \/>\n \n\t\t\t\t\t\t\t\t<\/rs-layer><!--\n\n\t\t\t\t\t\t\t\t--><rs-layer\n\t\t\t\t\t\t\t\t\tid=\"slider-3-slide-3-layer-31\" \n\t\t\t\t\t\t\t\t\tdata-type=\"shape\"\n\t\t\t\t\t\t\t\t\tdata-rsp_ch=\"on\"\n\t\t\t\t\t\t\t\t\tdata-xy=\"\"\n\t\t\t\t\t\t\t\t\tdata-pos=\"a\"\n\t\t\t\t\t\t\t\t\tdata-text=\"w:normal;\"\n\t\t\t\t\t\t\t\t\tdata-dim=\"w:220px;h:220px;\"\n\t\t\t\t\t\t\t\t\tdata-frame_1=\"sR:-2000;\"\n\t\t\t\t\t\t\t\t\tdata-frame_999=\"o:0;st:w;sR:8700;\"\n\t\t\t\t\t\t\t\t\tstyle=\"z-index:37;background-color:rgba(0,0,0,0.7);border-radius:100%;\"\n\t\t\t\t\t\t\t\t> \n\t\t\t\t\t\t\t\t<\/rs-layer><!--\n\n\t\t\t\t\t\t\t\t--><rs-layer\n\t\t\t\t\t\t\t\t\tid=\"slider-3-slide-3-layer-30\" \n\t\t\t\t\t\t\t\t\tdata-type=\"image\"\n\t\t\t\t\t\t\t\t\tdata-rsp_ch=\"on\"\n\t\t\t\t\t\t\t\t\tdata-xy=\"\"\n\t\t\t\t\t\t\t\t\tdata-pos=\"a\"\n\t\t\t\t\t\t\t\t\tdata-text=\"w:normal;\"\n\t\t\t\t\t\t\t\t\tdata-dim=\"w:220px;h:220px;\"\n\t\t\t\t\t\t\t\t\tdata-frame_1=\"sR:-2000;\"\n\t\t\t\t\t\t\t\t\tdata-frame_999=\"o:0;st:w;sR:8700;\"\n\t\t\t\t\t\t\t\t\tstyle=\"z-index:36;\"\n\t\t\t\t\t\t\t\t><img decoding=\"async\" src=\"\/\/grand-angle.lavenir.net\/wallonie-bruxelles-desertees\/wp-content\/plugins\/revslider\/sr6\/assets\/assets\/dummy.png\" alt=\"\" class=\"tp-rs-img rs-lazyload\" width=\"220\" height=\"220\" data-lazyload=\"\/\/grand-angle.lavenir.net\/wallonie-bruxelles-desertees\/wp-content\/uploads\/sites\/103\/2020\/03\/huy.png\" data-no-retina> \n\t\t\t\t\t\t\t\t<\/rs-layer><!--\n\t\t\t\t\t\t\t--><\/rs-group><!--\n\n\t\t\t\t\t\t\t--><rs-group\n\t\t\t\t\t\t\t\tid=\"slider-3-slide-3-layer-33\" \n\t\t\t\t\t\t\t\tdata-type=\"group\"\n\t\t\t\t\t\t\t\tdata-rsp_ch=\"on\"\n\t\t\t\t\t\t\t\tdata-xy=\"x:2px;y:600px;\"\n\t\t\t\t\t\t\t\tdata-pos=\"a\"\n\t\t\t\t\t\t\t\tdata-text=\"w:normal;\"\n\t\t\t\t\t\t\t\tdata-dim=\"w:220px;h:220px;\"\n\t\t\t\t\t\t\t\tdata-actions='id:rev_slider_15_12_wrapper;o:click;a:scrollto;offset:-65px;sp:1000ms;e:power1.inOut;'\n\t\t\t\t\t\t\t\tdata-frame_0=\"sX:0;sY:0;o:1;\"\n\t\t\t\t\t\t\t\tdata-frame_1=\"st:2000;sp:1000;sR:2000;\"\n\t\t\t\t\t\t\t\tdata-frame_999=\"o:0;st:w;sR:6000;sA:9000;\"\n\t\t\t\t\t\t\t\tdata-frame_hover=\"sX:1.1;sY:1.1;\"\n\t\t\t\t\t\t\t\tstyle=\"z-index:43;cursor:pointer;\"\n\t\t\t\t\t\t\t><!--\n\t\t\t\t\t\t\t\t--><rs-layer\n\t\t\t\t\t\t\t\t\tid=\"slider-3-slide-3-layer-36\" \n\t\t\t\t\t\t\t\t\tclass=\"rs-noevents\"\n\t\t\t\t\t\t\t\t\tdata-type=\"text\"\n\t\t\t\t\t\t\t\t\tdata-color=\"#d9b18f\"\n\t\t\t\t\t\t\t\t\tdata-rsp_ch=\"on\"\n\t\t\t\t\t\t\t\t\tdata-xy=\"x:c;y:c;\"\n\t\t\t\t\t\t\t\t\tdata-pos=\"a\"\n\t\t\t\t\t\t\t\t\tdata-text=\"w:normal;fw:900;\"\n\t\t\t\t\t\t\t\t\tdata-frame_1=\"sR:-2000;\"\n\t\t\t\t\t\t\t\t\tdata-frame_999=\"o:0;st:w;sR:8700;\"\n\t\t\t\t\t\t\t\t\tstyle=\"z-index:42;font-family:'Lato';\"\n\t\t\t\t\t\t\t\t>LI\u00c8GE \n\t\t\t\t\t\t\t\t<\/rs-layer><!--\n\n\t\t\t\t\t\t\t\t--><rs-layer\n\t\t\t\t\t\t\t\t\tid=\"slider-3-slide-3-layer-35\" \n\t\t\t\t\t\t\t\t\tdata-type=\"shape\"\n\t\t\t\t\t\t\t\t\tdata-rsp_ch=\"on\"\n\t\t\t\t\t\t\t\t\tdata-xy=\"\"\n\t\t\t\t\t\t\t\t\tdata-pos=\"a\"\n\t\t\t\t\t\t\t\t\tdata-text=\"w:normal;\"\n\t\t\t\t\t\t\t\t\tdata-dim=\"w:220px;h:220px;\"\n\t\t\t\t\t\t\t\t\tdata-frame_1=\"sR:-2000;\"\n\t\t\t\t\t\t\t\t\tdata-frame_999=\"o:0;st:w;sR:8700;\"\n\t\t\t\t\t\t\t\t\tstyle=\"z-index:41;background-color:rgba(0,0,0,0.7);border-radius:100%;\"\n\t\t\t\t\t\t\t\t> \n\t\t\t\t\t\t\t\t<\/rs-layer><!--\n\n\t\t\t\t\t\t\t\t--><rs-layer\n\t\t\t\t\t\t\t\t\tid=\"slider-3-slide-3-layer-34\" \n\t\t\t\t\t\t\t\t\tdata-type=\"image\"\n\t\t\t\t\t\t\t\t\tdata-rsp_ch=\"on\"\n\t\t\t\t\t\t\t\t\tdata-xy=\"\"\n\t\t\t\t\t\t\t\t\tdata-pos=\"a\"\n\t\t\t\t\t\t\t\t\tdata-text=\"w:normal;\"\n\t\t\t\t\t\t\t\t\tdata-dim=\"w:220px;h:220px;\"\n\t\t\t\t\t\t\t\t\tdata-frame_1=\"sR:-2000;\"\n\t\t\t\t\t\t\t\t\tdata-frame_999=\"o:0;st:w;sR:8700;\"\n\t\t\t\t\t\t\t\t\tstyle=\"z-index:40;\"\n\t\t\t\t\t\t\t\t><img decoding=\"async\" src=\"\/\/grand-angle.lavenir.net\/wallonie-bruxelles-desertees\/wp-content\/plugins\/revslider\/sr6\/assets\/assets\/dummy.png\" alt=\"\" class=\"tp-rs-img rs-lazyload\" width=\"220\" height=\"220\" data-lazyload=\"\/\/grand-angle.lavenir.net\/wallonie-bruxelles-desertees\/wp-content\/uploads\/sites\/103\/2020\/03\/liege.png\" data-no-retina> \n\t\t\t\t\t\t\t\t<\/rs-layer><!--\n\t\t\t\t\t\t\t--><\/rs-group><!--\n\n\t\t\t\t\t\t\t--><rs-group\n\t\t\t\t\t\t\t\tid=\"slider-3-slide-3-layer-37\" \n\t\t\t\t\t\t\t\tdata-type=\"group\"\n\t\t\t\t\t\t\t\tdata-rsp_ch=\"on\"\n\t\t\t\t\t\t\t\tdata-xy=\"x:342px;y:600px;\"\n\t\t\t\t\t\t\t\tdata-pos=\"a\"\n\t\t\t\t\t\t\t\tdata-text=\"w:normal;\"\n\t\t\t\t\t\t\t\tdata-dim=\"w:220px;h:220px;\"\n\t\t\t\t\t\t\t\tdata-actions='id:rev_slider_16_13_wrapper;o:click;a:scrollto;offset:-65px;sp:1000ms;e:power1.inOut;'\n\t\t\t\t\t\t\t\tdata-frame_0=\"sX:0;sY:0;o:1;\"\n\t\t\t\t\t\t\t\tdata-frame_1=\"st:2000;sp:1000;sR:2000;\"\n\t\t\t\t\t\t\t\tdata-frame_999=\"o:0;st:w;sR:6000;sA:9000;\"\n\t\t\t\t\t\t\t\tdata-frame_hover=\"sX:1.1;sY:1.1;\"\n\t\t\t\t\t\t\t\tstyle=\"z-index:51;cursor:pointer;\"\n\t\t\t\t\t\t\t><!--\n\t\t\t\t\t\t\t\t--><rs-layer\n\t\t\t\t\t\t\t\t\tid=\"slider-3-slide-3-layer-40\" \n\t\t\t\t\t\t\t\t\tclass=\"rs-noevents\"\n\t\t\t\t\t\t\t\t\tdata-type=\"text\"\n\t\t\t\t\t\t\t\t\tdata-color=\"#d9b18f\"\n\t\t\t\t\t\t\t\t\tdata-rsp_ch=\"on\"\n\t\t\t\t\t\t\t\t\tdata-xy=\"x:c;y:c;\"\n\t\t\t\t\t\t\t\t\tdata-pos=\"a\"\n\t\t\t\t\t\t\t\t\tdata-text=\"w:normal;fw:900;\"\n\t\t\t\t\t\t\t\t\tdata-frame_1=\"sR:-2000;\"\n\t\t\t\t\t\t\t\t\tdata-frame_999=\"o:0;st:w;sR:8700;\"\n\t\t\t\t\t\t\t\t\tstyle=\"z-index:50;font-family:'Lato';\"\n\t\t\t\t\t\t\t\t>VERVIERS<br \/>\n<br \/>\n \n\t\t\t\t\t\t\t\t<\/rs-layer><!--\n\n\t\t\t\t\t\t\t\t--><rs-layer\n\t\t\t\t\t\t\t\t\tid=\"slider-3-slide-3-layer-39\" \n\t\t\t\t\t\t\t\t\tdata-type=\"shape\"\n\t\t\t\t\t\t\t\t\tdata-rsp_ch=\"on\"\n\t\t\t\t\t\t\t\t\tdata-xy=\"\"\n\t\t\t\t\t\t\t\t\tdata-pos=\"a\"\n\t\t\t\t\t\t\t\t\tdata-text=\"w:normal;\"\n\t\t\t\t\t\t\t\t\tdata-dim=\"w:220px;h:220px;\"\n\t\t\t\t\t\t\t\t\tdata-frame_1=\"sR:-2000;\"\n\t\t\t\t\t\t\t\t\tdata-frame_999=\"o:0;st:w;sR:8700;\"\n\t\t\t\t\t\t\t\t\tstyle=\"z-index:49;background-color:rgba(0,0,0,0.7);border-radius:100%;\"\n\t\t\t\t\t\t\t\t> \n\t\t\t\t\t\t\t\t<\/rs-layer><!--\n\n\t\t\t\t\t\t\t\t--><rs-layer\n\t\t\t\t\t\t\t\t\tid=\"slider-3-slide-3-layer-38\" \n\t\t\t\t\t\t\t\t\tdata-type=\"image\"\n\t\t\t\t\t\t\t\t\tdata-rsp_ch=\"on\"\n\t\t\t\t\t\t\t\t\tdata-xy=\"\"\n\t\t\t\t\t\t\t\t\tdata-pos=\"a\"\n\t\t\t\t\t\t\t\t\tdata-text=\"w:normal;\"\n\t\t\t\t\t\t\t\t\tdata-dim=\"w:220px;h:220px;\"\n\t\t\t\t\t\t\t\t\tdata-frame_1=\"sR:-2000;\"\n\t\t\t\t\t\t\t\t\tdata-frame_999=\"o:0;st:w;sR:8700;\"\n\t\t\t\t\t\t\t\t\tstyle=\"z-index:48;\"\n\t\t\t\t\t\t\t\t><img decoding=\"async\" src=\"\/\/grand-angle.lavenir.net\/wallonie-bruxelles-desertees\/wp-content\/plugins\/revslider\/sr6\/assets\/assets\/dummy.png\" alt=\"\" class=\"tp-rs-img rs-lazyload\" width=\"220\" height=\"220\" data-lazyload=\"\/\/grand-angle.lavenir.net\/wallonie-bruxelles-desertees\/wp-content\/uploads\/sites\/103\/2020\/03\/verviers.png\" data-no-retina> \n\t\t\t\t\t\t\t\t<\/rs-layer><!--\n\t\t\t\t\t\t\t--><\/rs-group><!--\n\n\t\t\t\t\t\t\t--><rs-group\n\t\t\t\t\t\t\t\tid=\"slider-3-slide-3-layer-41\" \n\t\t\t\t\t\t\t\tdata-type=\"group\"\n\t\t\t\t\t\t\t\tdata-rsp_ch=\"on\"\n\t\t\t\t\t\t\t\tdata-xy=\"x:684px;y:600px;\"\n\t\t\t\t\t\t\t\tdata-pos=\"a\"\n\t\t\t\t\t\t\t\tdata-text=\"w:normal;\"\n\t\t\t\t\t\t\t\tdata-dim=\"w:220px;h:220px;\"\n\t\t\t\t\t\t\t\tdata-actions='id:rev_slider_17_14_wrapper;o:click;a:scrollto;offset:-65px;sp:1000ms;e:power1.inOut;'\n\t\t\t\t\t\t\t\tdata-frame_0=\"sX:0;sY:0;o:1;\"\n\t\t\t\t\t\t\t\tdata-frame_1=\"st:2000;sp:1000;sR:2000;\"\n\t\t\t\t\t\t\t\tdata-frame_999=\"o:0;st:w;sR:6000;sA:9000;\"\n\t\t\t\t\t\t\t\tdata-frame_hover=\"sX:1.1;sY:1.1;\"\n\t\t\t\t\t\t\t\tstyle=\"z-index:47;cursor:pointer;\"\n\t\t\t\t\t\t\t><!--\n\t\t\t\t\t\t\t\t--><rs-layer\n\t\t\t\t\t\t\t\t\tid=\"slider-3-slide-3-layer-44\" \n\t\t\t\t\t\t\t\t\tclass=\"rs-noevents\"\n\t\t\t\t\t\t\t\t\tdata-type=\"text\"\n\t\t\t\t\t\t\t\t\tdata-color=\"#d9b18f\"\n\t\t\t\t\t\t\t\t\tdata-rsp_ch=\"on\"\n\t\t\t\t\t\t\t\t\tdata-xy=\"x:c;y:c;\"\n\t\t\t\t\t\t\t\t\tdata-pos=\"a\"\n\t\t\t\t\t\t\t\t\tdata-text=\"w:normal;fw:900;\"\n\t\t\t\t\t\t\t\t\tdata-frame_1=\"sR:-2000;\"\n\t\t\t\t\t\t\t\t\tdata-frame_999=\"o:0;st:w;sR:8700;\"\n\t\t\t\t\t\t\t\t\tstyle=\"z-index:46;font-family:'Lato';\"\n\t\t\t\t\t\t\t\t>BASTOGNE<br \/>\n<br \/>\n \n\t\t\t\t\t\t\t\t<\/rs-layer><!--\n\n\t\t\t\t\t\t\t\t--><rs-layer\n\t\t\t\t\t\t\t\t\tid=\"slider-3-slide-3-layer-43\" \n\t\t\t\t\t\t\t\t\tdata-type=\"shape\"\n\t\t\t\t\t\t\t\t\tdata-rsp_ch=\"on\"\n\t\t\t\t\t\t\t\t\tdata-xy=\"\"\n\t\t\t\t\t\t\t\t\tdata-pos=\"a\"\n\t\t\t\t\t\t\t\t\tdata-text=\"w:normal;\"\n\t\t\t\t\t\t\t\t\tdata-dim=\"w:220px;h:220px;\"\n\t\t\t\t\t\t\t\t\tdata-frame_1=\"sR:-2000;\"\n\t\t\t\t\t\t\t\t\tdata-frame_999=\"o:0;st:w;sR:8700;\"\n\t\t\t\t\t\t\t\t\tstyle=\"z-index:45;background-color:rgba(0,0,0,0.7);border-radius:100%;\"\n\t\t\t\t\t\t\t\t> \n\t\t\t\t\t\t\t\t<\/rs-layer><!--\n\n\t\t\t\t\t\t\t\t--><rs-layer\n\t\t\t\t\t\t\t\t\tid=\"slider-3-slide-3-layer-42\" \n\t\t\t\t\t\t\t\t\tdata-type=\"image\"\n\t\t\t\t\t\t\t\t\tdata-rsp_ch=\"on\"\n\t\t\t\t\t\t\t\t\tdata-xy=\"\"\n\t\t\t\t\t\t\t\t\tdata-pos=\"a\"\n\t\t\t\t\t\t\t\t\tdata-text=\"w:normal;\"\n\t\t\t\t\t\t\t\t\tdata-dim=\"w:220px;h:220px;\"\n\t\t\t\t\t\t\t\t\tdata-frame_1=\"sR:-2000;\"\n\t\t\t\t\t\t\t\t\tdata-frame_999=\"o:0;st:w;sR:8700;\"\n\t\t\t\t\t\t\t\t\tstyle=\"z-index:44;\"\n\t\t\t\t\t\t\t\t><img decoding=\"async\" src=\"\/\/grand-angle.lavenir.net\/wallonie-bruxelles-desertees\/wp-content\/plugins\/revslider\/sr6\/assets\/assets\/dummy.png\" alt=\"\" class=\"tp-rs-img rs-lazyload\" width=\"220\" height=\"220\" data-lazyload=\"\/\/grand-angle.lavenir.net\/wallonie-bruxelles-desertees\/wp-content\/uploads\/sites\/103\/2020\/03\/bastogne.png\" data-no-retina> \n\t\t\t\t\t\t\t\t<\/rs-layer><!--\n\t\t\t\t\t\t\t--><\/rs-group><!--\n\n\t\t\t\t\t\t\t--><rs-group\n\t\t\t\t\t\t\t\tid=\"slider-3-slide-3-layer-45\" \n\t\t\t\t\t\t\t\tdata-type=\"group\"\n\t\t\t\t\t\t\t\tdata-rsp_ch=\"on\"\n\t\t\t\t\t\t\t\tdata-xy=\"x:1018px;y:600px;\"\n\t\t\t\t\t\t\t\tdata-pos=\"a\"\n\t\t\t\t\t\t\t\tdata-text=\"w:normal;\"\n\t\t\t\t\t\t\t\tdata-dim=\"w:220px;h:220px;\"\n\t\t\t\t\t\t\t\tdata-actions='id:rev_slider_18_15_wrapper;o:click;a:scrollto;offset:-65px;sp:1000ms;e:power1.inOut;'\n\t\t\t\t\t\t\t\tdata-frame_0=\"sX:0;sY:0;o:1;\"\n\t\t\t\t\t\t\t\tdata-frame_1=\"st:2000;sp:1000;sR:2000;\"\n\t\t\t\t\t\t\t\tdata-frame_999=\"o:0;st:w;sR:6000;sA:9000;\"\n\t\t\t\t\t\t\t\tdata-frame_hover=\"sX:1.1;sY:1.1;\"\n\t\t\t\t\t\t\t\tstyle=\"z-index:55;cursor:pointer;\"\n\t\t\t\t\t\t\t><!--\n\t\t\t\t\t\t\t\t--><rs-layer\n\t\t\t\t\t\t\t\t\tid=\"slider-3-slide-3-layer-48\" \n\t\t\t\t\t\t\t\t\tclass=\"rs-noevents\"\n\t\t\t\t\t\t\t\t\tdata-type=\"text\"\n\t\t\t\t\t\t\t\t\tdata-color=\"#d9b18f\"\n\t\t\t\t\t\t\t\t\tdata-rsp_ch=\"on\"\n\t\t\t\t\t\t\t\t\tdata-xy=\"x:c;y:c;\"\n\t\t\t\t\t\t\t\t\tdata-pos=\"a\"\n\t\t\t\t\t\t\t\t\tdata-text=\"w:normal;fw:900;\"\n\t\t\t\t\t\t\t\t\tdata-frame_1=\"sR:-2000;\"\n\t\t\t\t\t\t\t\t\tdata-frame_999=\"o:0;st:w;sR:8700;\"\n\t\t\t\t\t\t\t\t\tstyle=\"z-index:54;font-family:'Lato';\"\n\t\t\t\t\t\t\t\t>ARLON<br \/>\n \n\t\t\t\t\t\t\t\t<\/rs-layer><!--\n\n\t\t\t\t\t\t\t\t--><rs-layer\n\t\t\t\t\t\t\t\t\tid=\"slider-3-slide-3-layer-47\" \n\t\t\t\t\t\t\t\t\tdata-type=\"shape\"\n\t\t\t\t\t\t\t\t\tdata-rsp_ch=\"on\"\n\t\t\t\t\t\t\t\t\tdata-xy=\"\"\n\t\t\t\t\t\t\t\t\tdata-pos=\"a\"\n\t\t\t\t\t\t\t\t\tdata-text=\"w:normal;\"\n\t\t\t\t\t\t\t\t\tdata-dim=\"w:220px;h:220px;\"\n\t\t\t\t\t\t\t\t\tdata-frame_1=\"sR:-2000;\"\n\t\t\t\t\t\t\t\t\tdata-frame_999=\"o:0;st:w;sR:8700;\"\n\t\t\t\t\t\t\t\t\tstyle=\"z-index:53;background-color:rgba(0,0,0,0.7);border-radius:100%;\"\n\t\t\t\t\t\t\t\t> \n\t\t\t\t\t\t\t\t<\/rs-layer><!--\n\n\t\t\t\t\t\t\t\t--><rs-layer\n\t\t\t\t\t\t\t\t\tid=\"slider-3-slide-3-layer-46\" \n\t\t\t\t\t\t\t\t\tdata-type=\"image\"\n\t\t\t\t\t\t\t\t\tdata-rsp_ch=\"on\"\n\t\t\t\t\t\t\t\t\tdata-xy=\"\"\n\t\t\t\t\t\t\t\t\tdata-pos=\"a\"\n\t\t\t\t\t\t\t\t\tdata-text=\"w:normal;\"\n\t\t\t\t\t\t\t\t\tdata-dim=\"w:220px;h:220px;\"\n\t\t\t\t\t\t\t\t\tdata-frame_1=\"sR:-2000;\"\n\t\t\t\t\t\t\t\t\tdata-frame_999=\"o:0;st:w;sR:8700;\"\n\t\t\t\t\t\t\t\t\tstyle=\"z-index:52;\"\n\t\t\t\t\t\t\t\t><img decoding=\"async\" src=\"\/\/grand-angle.lavenir.net\/wallonie-bruxelles-desertees\/wp-content\/plugins\/revslider\/sr6\/assets\/assets\/dummy.png\" alt=\"\" class=\"tp-rs-img rs-lazyload\" width=\"220\" height=\"220\" data-lazyload=\"\/\/grand-angle.lavenir.net\/wallonie-bruxelles-desertees\/wp-content\/uploads\/sites\/103\/2020\/03\/arlon.png\" data-no-retina> \n\t\t\t\t\t\t\t\t<\/rs-layer><!--\n\t\t\t\t\t\t\t--><\/rs-group><!--\n\n\t\t\t\t\t\t\t--><rs-group\n\t\t\t\t\t\t\t\tid=\"slider-3-slide-3-layer-53\" \n\t\t\t\t\t\t\t\tdata-type=\"group\"\n\t\t\t\t\t\t\t\tdata-rsp_ch=\"on\"\n\t\t\t\t\t\t\t\tdata-xy=\"x:2px;y:880px;\"\n\t\t\t\t\t\t\t\tdata-pos=\"a\"\n\t\t\t\t\t\t\t\tdata-text=\"w:normal;\"\n\t\t\t\t\t\t\t\tdata-dim=\"w:220px;h:220px;\"\n\t\t\t\t\t\t\t\tdata-actions='id:rev_slider_19_16_wrapper;o:click;a:scrollto;offset:-65px;sp:1000ms;e:power1.inOut;'\n\t\t\t\t\t\t\t\tdata-frame_0=\"sX:0;sY:0;o:1;\"\n\t\t\t\t\t\t\t\tdata-frame_1=\"st:2000;sp:1000;sR:2000;\"\n\t\t\t\t\t\t\t\tdata-frame_999=\"o:0;st:w;sR:6000;sA:9000;\"\n\t\t\t\t\t\t\t\tdata-frame_hover=\"sX:1.1;sY:1.1;\"\n\t\t\t\t\t\t\t\tstyle=\"z-index:59;cursor:pointer;\"\n\t\t\t\t\t\t\t><!--\n\t\t\t\t\t\t\t\t--><rs-layer\n\t\t\t\t\t\t\t\t\tid=\"slider-3-slide-3-layer-56\" \n\t\t\t\t\t\t\t\t\tclass=\"rs-noevents\"\n\t\t\t\t\t\t\t\t\tdata-type=\"text\"\n\t\t\t\t\t\t\t\t\tdata-color=\"#d9b18f\"\n\t\t\t\t\t\t\t\t\tdata-rsp_ch=\"on\"\n\t\t\t\t\t\t\t\t\tdata-xy=\"x:c;y:c;\"\n\t\t\t\t\t\t\t\t\tdata-pos=\"a\"\n\t\t\t\t\t\t\t\t\tdata-text=\"w:normal;fw:900;a:center;\"\n\t\t\t\t\t\t\t\t\tdata-frame_1=\"sR:-2000;\"\n\t\t\t\t\t\t\t\t\tdata-frame_999=\"o:0;st:w;sR:8700;\"\n\t\t\t\t\t\t\t\t\tstyle=\"z-index:58;font-family:'Lato';\"\n\t\t\t\t\t\t\t\t>MARCHE-EN-FAMENNE \n\t\t\t\t\t\t\t\t<\/rs-layer><!--\n\n\t\t\t\t\t\t\t\t--><rs-layer\n\t\t\t\t\t\t\t\t\tid=\"slider-3-slide-3-layer-55\" \n\t\t\t\t\t\t\t\t\tdata-type=\"shape\"\n\t\t\t\t\t\t\t\t\tdata-rsp_ch=\"on\"\n\t\t\t\t\t\t\t\t\tdata-xy=\"\"\n\t\t\t\t\t\t\t\t\tdata-pos=\"a\"\n\t\t\t\t\t\t\t\t\tdata-text=\"w:normal;\"\n\t\t\t\t\t\t\t\t\tdata-dim=\"w:220px;h:220px;\"\n\t\t\t\t\t\t\t\t\tdata-frame_1=\"sR:-2000;\"\n\t\t\t\t\t\t\t\t\tdata-frame_999=\"o:0;st:w;sR:8700;\"\n\t\t\t\t\t\t\t\t\tstyle=\"z-index:57;background-color:rgba(0,0,0,0.7);border-radius:100%;\"\n\t\t\t\t\t\t\t\t> \n\t\t\t\t\t\t\t\t<\/rs-layer><!--\n\n\t\t\t\t\t\t\t\t--><rs-layer\n\t\t\t\t\t\t\t\t\tid=\"slider-3-slide-3-layer-54\" \n\t\t\t\t\t\t\t\t\tdata-type=\"image\"\n\t\t\t\t\t\t\t\t\tdata-rsp_ch=\"on\"\n\t\t\t\t\t\t\t\t\tdata-xy=\"\"\n\t\t\t\t\t\t\t\t\tdata-pos=\"a\"\n\t\t\t\t\t\t\t\t\tdata-text=\"w:normal;\"\n\t\t\t\t\t\t\t\t\tdata-dim=\"w:220px;h:220px;\"\n\t\t\t\t\t\t\t\t\tdata-frame_1=\"sR:-2000;\"\n\t\t\t\t\t\t\t\t\tdata-frame_999=\"o:0;st:w;sR:8700;\"\n\t\t\t\t\t\t\t\t\tstyle=\"z-index:56;\"\n\t\t\t\t\t\t\t\t><img decoding=\"async\" src=\"\/\/grand-angle.lavenir.net\/wallonie-bruxelles-desertees\/wp-content\/plugins\/revslider\/sr6\/assets\/assets\/dummy.png\" alt=\"\" class=\"tp-rs-img rs-lazyload\" width=\"220\" height=\"220\" data-lazyload=\"\/\/grand-angle.lavenir.net\/wallonie-bruxelles-desertees\/wp-content\/uploads\/sites\/103\/2020\/03\/marche.png\" data-no-retina> \n\t\t\t\t\t\t\t\t<\/rs-layer><!--\n\t\t\t\t\t\t\t--><\/rs-group><!--\n\n\t\t\t\t\t\t\t--><rs-group\n\t\t\t\t\t\t\t\tid=\"slider-3-slide-3-layer-57\" \n\t\t\t\t\t\t\t\tdata-type=\"group\"\n\t\t\t\t\t\t\t\tdata-rsp_ch=\"on\"\n\t\t\t\t\t\t\t\tdata-xy=\"x:502px;y:880px;\"\n\t\t\t\t\t\t\t\tdata-pos=\"a\"\n\t\t\t\t\t\t\t\tdata-text=\"w:normal;\"\n\t\t\t\t\t\t\t\tdata-dim=\"w:220px;h:220px;\"\n\t\t\t\t\t\t\t\tdata-actions='id:rev_slider_20_17_wrapper;o:click;a:scrollto;offset:-65px;sp:1000ms;e:power1.inOut;'\n\t\t\t\t\t\t\t\tdata-frame_0=\"sX:0;sY:0;o:1;\"\n\t\t\t\t\t\t\t\tdata-frame_1=\"st:2000;sp:1000;sR:2000;\"\n\t\t\t\t\t\t\t\tdata-frame_999=\"o:0;st:w;sR:6000;sA:9000;\"\n\t\t\t\t\t\t\t\tdata-frame_hover=\"sX:1.1;sY:1.1;\"\n\t\t\t\t\t\t\t\tstyle=\"z-index:63;cursor:pointer;\"\n\t\t\t\t\t\t\t><!--\n\t\t\t\t\t\t\t\t--><rs-layer\n\t\t\t\t\t\t\t\t\tid=\"slider-3-slide-3-layer-60\" \n\t\t\t\t\t\t\t\t\tclass=\"rs-noevents\"\n\t\t\t\t\t\t\t\t\tdata-type=\"text\"\n\t\t\t\t\t\t\t\t\tdata-color=\"#d9b18f\"\n\t\t\t\t\t\t\t\t\tdata-rsp_ch=\"on\"\n\t\t\t\t\t\t\t\t\tdata-xy=\"x:c;y:c;\"\n\t\t\t\t\t\t\t\t\tdata-pos=\"a\"\n\t\t\t\t\t\t\t\t\tdata-text=\"w:normal;fw:900;a:center;\"\n\t\t\t\t\t\t\t\t\tdata-frame_1=\"sR:-2000;\"\n\t\t\t\t\t\t\t\t\tdata-frame_999=\"o:0;st:w;sR:8700;\"\n\t\t\t\t\t\t\t\t\tstyle=\"z-index:62;font-family:'Lato';\"\n\t\t\t\t\t\t\t\t>DURBUY \n\t\t\t\t\t\t\t\t<\/rs-layer><!--\n\n\t\t\t\t\t\t\t\t--><rs-layer\n\t\t\t\t\t\t\t\t\tid=\"slider-3-slide-3-layer-59\" \n\t\t\t\t\t\t\t\t\tdata-type=\"shape\"\n\t\t\t\t\t\t\t\t\tdata-rsp_ch=\"on\"\n\t\t\t\t\t\t\t\t\tdata-xy=\"\"\n\t\t\t\t\t\t\t\t\tdata-pos=\"a\"\n\t\t\t\t\t\t\t\t\tdata-text=\"w:normal;\"\n\t\t\t\t\t\t\t\t\tdata-dim=\"w:220px;h:220px;\"\n\t\t\t\t\t\t\t\t\tdata-frame_1=\"sR:-2000;\"\n\t\t\t\t\t\t\t\t\tdata-frame_999=\"o:0;st:w;sR:8700;\"\n\t\t\t\t\t\t\t\t\tstyle=\"z-index:61;background-color:rgba(0,0,0,0.7);border-radius:100%;\"\n\t\t\t\t\t\t\t\t> \n\t\t\t\t\t\t\t\t<\/rs-layer><!--\n\n\t\t\t\t\t\t\t\t--><rs-layer\n\t\t\t\t\t\t\t\t\tid=\"slider-3-slide-3-layer-58\" \n\t\t\t\t\t\t\t\t\tdata-type=\"image\"\n\t\t\t\t\t\t\t\t\tdata-rsp_ch=\"on\"\n\t\t\t\t\t\t\t\t\tdata-xy=\"\"\n\t\t\t\t\t\t\t\t\tdata-pos=\"a\"\n\t\t\t\t\t\t\t\t\tdata-text=\"w:normal;\"\n\t\t\t\t\t\t\t\t\tdata-dim=\"w:220px;h:220px;\"\n\t\t\t\t\t\t\t\t\tdata-frame_1=\"sR:-2000;\"\n\t\t\t\t\t\t\t\t\tdata-frame_999=\"o:0;st:w;sR:8700;\"\n\t\t\t\t\t\t\t\t\tstyle=\"z-index:60;\"\n\t\t\t\t\t\t\t\t><img decoding=\"async\" src=\"\/\/grand-angle.lavenir.net\/wallonie-bruxelles-desertees\/wp-content\/plugins\/revslider\/sr6\/assets\/assets\/dummy.png\" alt=\"\" class=\"tp-rs-img rs-lazyload\" width=\"220\" height=\"220\" data-lazyload=\"\/\/grand-angle.lavenir.net\/wallonie-bruxelles-desertees\/wp-content\/uploads\/sites\/103\/2020\/03\/durbuy.png\" data-no-retina> \n\t\t\t\t\t\t\t\t<\/rs-layer><!--\n\t\t\t\t\t\t\t--><\/rs-group><!--\n\n\t\t\t\t\t\t\t--><rs-group\n\t\t\t\t\t\t\t\tid=\"slider-3-slide-3-layer-61\" \n\t\t\t\t\t\t\t\tdata-type=\"group\"\n\t\t\t\t\t\t\t\tdata-rsp_ch=\"on\"\n\t\t\t\t\t\t\t\tdata-xy=\"x:1017px;y:880px;\"\n\t\t\t\t\t\t\t\tdata-pos=\"a\"\n\t\t\t\t\t\t\t\tdata-text=\"w:normal;\"\n\t\t\t\t\t\t\t\tdata-dim=\"w:220px;h:220px;\"\n\t\t\t\t\t\t\t\tdata-actions='id:rev_slider_21_18_wrapper;o:click;a:scrollto;offset:-65px;sp:1000ms;e:power1.inOut;'\n\t\t\t\t\t\t\t\tdata-frame_0=\"sX:0;sY:0;o:1;\"\n\t\t\t\t\t\t\t\tdata-frame_1=\"st:2000;sp:1000;sR:2000;\"\n\t\t\t\t\t\t\t\tdata-frame_999=\"o:0;st:w;sR:6000;sA:9000;\"\n\t\t\t\t\t\t\t\tdata-frame_hover=\"sX:1.1;sY:1.1;\"\n\t\t\t\t\t\t\t\tstyle=\"z-index:67;cursor:pointer;\"\n\t\t\t\t\t\t\t><!--\n\t\t\t\t\t\t\t\t--><rs-layer\n\t\t\t\t\t\t\t\t\tid=\"slider-3-slide-3-layer-64\" \n\t\t\t\t\t\t\t\t\tclass=\"rs-noevents\"\n\t\t\t\t\t\t\t\t\tdata-type=\"text\"\n\t\t\t\t\t\t\t\t\tdata-color=\"#d9b18f\"\n\t\t\t\t\t\t\t\t\tdata-rsp_ch=\"on\"\n\t\t\t\t\t\t\t\t\tdata-xy=\"x:c;y:c;\"\n\t\t\t\t\t\t\t\t\tdata-pos=\"a\"\n\t\t\t\t\t\t\t\t\tdata-text=\"w:normal;fw:900;a:center;\"\n\t\t\t\t\t\t\t\t\tdata-frame_1=\"sR:-2000;\"\n\t\t\t\t\t\t\t\t\tdata-frame_999=\"o:0;st:w;sR:8700;\"\n\t\t\t\t\t\t\t\t\tstyle=\"z-index:66;font-family:'Lato';\"\n\t\t\t\t\t\t\t\t>NAMUR \n\t\t\t\t\t\t\t\t<\/rs-layer><!--\n\n\t\t\t\t\t\t\t\t--><rs-layer\n\t\t\t\t\t\t\t\t\tid=\"slider-3-slide-3-layer-63\" \n\t\t\t\t\t\t\t\t\tdata-type=\"shape\"\n\t\t\t\t\t\t\t\t\tdata-rsp_ch=\"on\"\n\t\t\t\t\t\t\t\t\tdata-xy=\"\"\n\t\t\t\t\t\t\t\t\tdata-pos=\"a\"\n\t\t\t\t\t\t\t\t\tdata-text=\"w:normal;\"\n\t\t\t\t\t\t\t\t\tdata-dim=\"w:220px;h:220px;\"\n\t\t\t\t\t\t\t\t\tdata-frame_1=\"sR:-2000;\"\n\t\t\t\t\t\t\t\t\tdata-frame_999=\"o:0;st:w;sR:8700;\"\n\t\t\t\t\t\t\t\t\tstyle=\"z-index:65;background-color:rgba(0,0,0,0.7);border-radius:100%;\"\n\t\t\t\t\t\t\t\t> \n\t\t\t\t\t\t\t\t<\/rs-layer><!--\n\n\t\t\t\t\t\t\t\t--><rs-layer\n\t\t\t\t\t\t\t\t\tid=\"slider-3-slide-3-layer-62\" \n\t\t\t\t\t\t\t\t\tdata-type=\"image\"\n\t\t\t\t\t\t\t\t\tdata-rsp_ch=\"on\"\n\t\t\t\t\t\t\t\t\tdata-xy=\"\"\n\t\t\t\t\t\t\t\t\tdata-pos=\"a\"\n\t\t\t\t\t\t\t\t\tdata-text=\"w:normal;\"\n\t\t\t\t\t\t\t\t\tdata-dim=\"w:220px;h:220px;\"\n\t\t\t\t\t\t\t\t\tdata-frame_1=\"sR:-2000;\"\n\t\t\t\t\t\t\t\t\tdata-frame_999=\"o:0;st:w;sR:8700;\"\n\t\t\t\t\t\t\t\t\tstyle=\"z-index:64;\"\n\t\t\t\t\t\t\t\t><img decoding=\"async\" src=\"\/\/grand-angle.lavenir.net\/wallonie-bruxelles-desertees\/wp-content\/plugins\/revslider\/sr6\/assets\/assets\/dummy.png\" alt=\"\" class=\"tp-rs-img rs-lazyload\" width=\"220\" height=\"220\" data-lazyload=\"\/\/grand-angle.lavenir.net\/wallonie-bruxelles-desertees\/wp-content\/uploads\/sites\/103\/2020\/03\/namur.png\" data-no-retina> \n\t\t\t\t\t\t\t\t<\/rs-layer><!--\n\t\t\t\t\t\t\t--><\/rs-group><!--\n-->\t\t\t\t\t<\/rs-slide>\n\t\t\t\t\t<\/rs-slides>\n\t\t\t\t<\/rs-module>\n\t\t\t\t<script>\n\t\t\t\t\tsetREVStartSize({c: 'rev_slider_3_1',rl:[1240,1024,768,480],el:[1200],gw:[1240],gh:[1200],type:'hero',justify:'',layout:'fullwidth',mh:\"0\"});if (window.RS_MODULES!==undefined && window.RS_MODULES.modules!==undefined && window.RS_MODULES.modules[\"revslider31\"]!==undefined) {window.RS_MODULES.modules[\"revslider31\"].once = false;window.revapi3 = undefined;if (window.RS_MODULES.checkMinimal!==undefined) window.RS_MODULES.checkMinimal()}\n\t\t\t\t<\/script>\n\t\t\t<\/rs-module-wrap>\n\t\t\t<!-- END REVOLUTION SLIDER -->\n<\/div>\n<div class=\"fusion-slider-revolution rev_slider_wrapper\">\t\t\t<!-- START video REVOLUTION SLIDER 6.7.41 --><p class=\"rs-p-wp-fix\"><\/p>\n\t\t\t<rs-module-wrap id=\"rev_slider_23_2_wrapper\" data-source=\"gallery\" style=\"visibility:hidden;background:transparent;padding:0;margin:0px auto;margin-top:0;margin-bottom:0;\">\n\t\t\t\t<rs-module id=\"rev_slider_23_2\" style=\"\" data-version=\"6.7.41\">\n\t\t\t\t\t<rs-slides style=\"overflow: hidden; position: absolute;\">\n\t\t\t\t\t\t<rs-slide style=\"position: absolute;\" data-key=\"rs-127\" data-title=\"Slide\" data-anim=\"ms:1000;r:0;\" data-in=\"o:0;\" data-out=\"a:false;\" data-mediafilter=\"moon\">\n\t\t\t\t\t\t\t<img decoding=\"async\" src=\"\/\/grand-angle.lavenir.net\/wallonie-bruxelles-desertees\/wp-content\/plugins\/revslider\/sr6\/assets\/assets\/dummy.png\" alt=\"Slide\" title=\"Coronavirus &#8211; Road trip dans un pays confin\u00e9\" width=\"2000\" height=\"1335\" class=\"rev-slidebg tp-rs-img rs-lazyload\" data-lazyload=\"\/\/grand-angle.lavenir.net\/wallonie-bruxelles-desertees\/wp-content\/plugins\/revslider\/sr6\/assets\/assets\/transparent.png\" data-no-retina>\n<!--\n\t\t\t\t\t\t\t--><rs-group\n\t\t\t\t\t\t\t\tid=\"slider-23-slide-127-layer-15\" \n\t\t\t\t\t\t\t\tdata-type=\"group\"\n\t\t\t\t\t\t\t\tdata-rsp_ch=\"on\"\n\t\t\t\t\t\t\t\tdata-xy=\"x:l,l,l,c;xo:739px,739px,739px,0;yo:186px,186px,186px,10px;\"\n\t\t\t\t\t\t\t\tdata-text=\"w:normal;s:20,20,20,7;l:0,0,0,9;\"\n\t\t\t\t\t\t\t\tdata-dim=\"w:500px,500px,500px,444px;h:500px,500px,500px,444px;\"\n\t\t\t\t\t\t\t\tdata-frame_0=\"x:0,0,0,0px;y:0,0,0,0px;o:1;\"\n\t\t\t\t\t\t\t\tdata-frame_1=\"x:0,0,0,0px;y:0,0,0,0px;\"\n\t\t\t\t\t\t\t\tdata-frame_999=\"x:100%;o:0;st:w;sp:500;sA:9000;\"\n\t\t\t\t\t\t\t\tstyle=\"z-index:12;\"\n\t\t\t\t\t\t\t><!--\n\t\t\t\t\t\t\t\t--><rs-layer\n\t\t\t\t\t\t\t\t\tid=\"slider-23-slide-127-layer-9\" \n\t\t\t\t\t\t\t\t\tdata-type=\"text\"\n\t\t\t\t\t\t\t\t\tdata-color=\"#000000\"\n\t\t\t\t\t\t\t\t\tdata-rsp_ch=\"on\"\n\t\t\t\t\t\t\t\t\tdata-xy=\"x:c;xo:-1px,-1px,-1px,0;y:m;yo:-14px,-14px,-14px,-31px;\"\n\t\t\t\t\t\t\t\t\tdata-pos=\"a\"\n\t\t\t\t\t\t\t\t\tdata-text=\"w:normal;s:24,24,24,18;l:29,29,29,23;a:center;\"\n\t\t\t\t\t\t\t\t\tdata-dim=\"w:436px,436px,436px,386px;\"\n\t\t\t\t\t\t\t\t\tdata-frame_1=\"st:2500;sp:1000;sR:2500;\"\n\t\t\t\t\t\t\t\t\tdata-frame_999=\"o:0;st:w;sR:5500;\"\n\t\t\t\t\t\t\t\t\tstyle=\"z-index:11;font-family:'Lustria';\"\n\t\t\t\t\t\t\t\t>Confinement. Quarantaine. Isolement. Les Belges sont pri\u00e9s de rester chez eux. Dans les rues de nos villes, c\u2019est la d\u00e9solation, le d\u00e9sert. Le vide. Mais pire que le vide, ce qui choque le plus, c\u2019est le silence.<br \/>\n<br \/>\nNous avons fait le tour de la Wallonie, en passant par Bruxelles, pour ramener des images de ces lieux d\u2019abandon. Roadtrip.<br \/>\n \n\t\t\t\t\t\t\t\t<\/rs-layer><!--\n\n\t\t\t\t\t\t\t\t--><rs-layer\n\t\t\t\t\t\t\t\t\tid=\"slider-23-slide-127-layer-8\" \n\t\t\t\t\t\t\t\t\tdata-type=\"image\"\n\t\t\t\t\t\t\t\t\tdata-rsp_ch=\"on\"\n\t\t\t\t\t\t\t\t\tdata-xy=\"x:c;xo:-1px,-1px,-1px,0;y:m;yo:175px,175px,175px,134px;\"\n\t\t\t\t\t\t\t\t\tdata-pos=\"a\"\n\t\t\t\t\t\t\t\t\tdata-text=\"w:normal;s:20,20,20,7;l:0,0,0,9;\"\n\t\t\t\t\t\t\t\t\tdata-dim=\"w:350px,350px,350px,311px;h:13px,13px,13px,9px;\"\n\t\t\t\t\t\t\t\t\tdata-frame_0=\"x:0,0,0,0px;y:0,0,0,0px;\"\n\t\t\t\t\t\t\t\t\tdata-frame_1=\"x:0,0,0,0px;y:0,0,0,0px;st:2500;sp:1000;sR:2500;\"\n\t\t\t\t\t\t\t\t\tdata-frame_999=\"o:0;st:w;sR:5500;\"\n\t\t\t\t\t\t\t\t\tstyle=\"z-index:10;\"\n\t\t\t\t\t\t\t\t><img decoding=\"async\" src=\"\/\/grand-angle.lavenir.net\/wallonie-bruxelles-desertees\/wp-content\/plugins\/revslider\/sr6\/assets\/assets\/dummy.png\" alt=\"\" class=\"tp-rs-img rs-lazyload\" width=\"365\" height=\"14\" data-lazyload=\"\/\/grand-angle.lavenir.net\/wallonie-bruxelles-desertees\/wp-content\/uploads\/sites\/103\/2020\/03\/separator-2.png\" data-no-retina> \n\t\t\t\t\t\t\t\t<\/rs-layer><!--\n\n\t\t\t\t\t\t\t\t--><rs-layer\n\t\t\t\t\t\t\t\t\tid=\"slider-23-slide-127-layer-7\" \n\t\t\t\t\t\t\t\t\tdata-type=\"shape\"\n\t\t\t\t\t\t\t\t\tdata-bsh=\"c:rgba(0,0,0,0.2);h:0,0,0,0px;v:0,0,0,0px;b:10px,10px,10px,7px;s:3px,3px,3px,0px;\"\n\t\t\t\t\t\t\t\t\tdata-rsp_ch=\"on\"\n\t\t\t\t\t\t\t\t\tdata-xy=\"x:c;xo:-1px,-1px,-1px,0;y:m;yo:0,0,0,-20px;\"\n\t\t\t\t\t\t\t\t\tdata-pos=\"a\"\n\t\t\t\t\t\t\t\t\tdata-text=\"w:normal;s:20,20,20,7;l:0,0,0,9;\"\n\t\t\t\t\t\t\t\t\tdata-dim=\"w:500px,500px,500px,444px;h:500px,500px,500px,405px;\"\n\t\t\t\t\t\t\t\t\tdata-frame_0=\"sX:0.1;sY:0.1;\"\n\t\t\t\t\t\t\t\t\tdata-frame_1=\"st:1500;sp:1000;sR:1500;\"\n\t\t\t\t\t\t\t\t\tdata-frame_999=\"o:0;st:w;sR:6500;\"\n\t\t\t\t\t\t\t\t\tstyle=\"z-index:9;background-color:rgba(255,255,255,0.9);\"\n\t\t\t\t\t\t\t\t> \n\t\t\t\t\t\t\t\t<\/rs-layer><!--\n\t\t\t\t\t\t\t--><\/rs-group><!--\n\n\t\t\t\t\t\t\t--><rs-layer\n\t\t\t\t\t\t\t\tid=\"slider-23-slide-127-layer-13\" \n\t\t\t\t\t\t\t\tclass=\"rs-layer-video intrinsic-ignore\"\n\t\t\t\t\t\t\t\tdata-type=\"video\"\n\t\t\t\t\t\t\t\tdata-rsp_ch=\"on\"\n\t\t\t\t\t\t\t\tdata-xy=\"x:l,l,l,c;xo:1px,1px,1px,0;y:m;yo:0,0,0,210px;\"\n\t\t\t\t\t\t\t\tdata-text=\"w:normal;s:20,20,20,7;l:0,0,0,9;\"\n\t\t\t\t\t\t\t\tdata-dim=\"w:1237px,1237px,1237px,478px;h:742px,742px,742px,286px;\"\n\t\t\t\t\t\t\t\tdata-video=\"twa:false;ap:1sttime;vd:100;l:true;ptimer:false;vc:t;\"\n\t\t\t\t\t\t\t\tdata-ytid=\"-KX3ERQnLGk\"\n\t\t\t\t\t\t\t\tdata-vatr=\"version=3&amp;enablejsapi=1&amp;html5=1&amp;hd=1&amp;wmode=opaque&amp;showinfo=0&amp;rel=0&amp;origin=https:\/\/grand-angle.lavenir.net;\"\n\t\t\t\t\t\t\t\tdata-frame_999=\"o:0;st:w;\"\n\t\t\t\t\t\t\t\tstyle=\"z-index:8;\"\n\t\t\t\t\t\t\t>\n\t\t\t\t\t\t\t<\/rs-layer><!--\n\n\t\t\t\t\t\t\t--><rs-layer\n\t\t\t\t\t\t\t\tid=\"slider-23-slide-127-layer-14\" \n\t\t\t\t\t\t\t\tdata-type=\"shape\"\n\t\t\t\t\t\t\t\tdata-rsp_ch=\"on\"\n\t\t\t\t\t\t\t\tdata-text=\"w:normal;s:20,20,20,7;l:0,0,0,9;\"\n\t\t\t\t\t\t\t\tdata-dim=\"w:100%;h:100%;\"\n\t\t\t\t\t\t\t\tdata-actions='o:click;a:playvideo;layer:slider-23-slide-127-layer-13;d:700ms;||o:click;a:stoplayer;layer:slider-23-slide-127-layer-15;||o:click;a:stoplayer;layer:slider-23-slide-127-layer-14;'\n\t\t\t\t\t\t\t\tdata-frame_999=\"o:0;st:w;\"\n\t\t\t\t\t\t\t\tstyle=\"z-index:13;background-color:rgba(0,0,0,0);cursor:pointer;\"\n\t\t\t\t\t\t\t> \n\t\t\t\t\t\t\t<\/rs-layer><!--\n-->\t\t\t\t\t<\/rs-slide>\n\t\t\t\t\t<\/rs-slides>\n\t\t\t\t<\/rs-module>\n\t\t\t\t<script>\n\t\t\t\t\tsetREVStartSize({c: 'rev_slider_23_2',rl:[1240,1240,1240,480],el:[900,900,900,720],gw:[1240,1240,1240,480],gh:[900,900,900,720],type:'hero',justify:'',layout:'fullwidth',mh:\"0\"});if (window.RS_MODULES!==undefined && window.RS_MODULES.modules!==undefined && window.RS_MODULES.modules[\"revslider232\"]!==undefined) {window.RS_MODULES.modules[\"revslider232\"].once = false;window.revapi23 = undefined;if (window.RS_MODULES.checkMinimal!==undefined) window.RS_MODULES.checkMinimal()}\n\t\t\t\t<\/script>\n\t\t\t<\/rs-module-wrap>\n\t\t\t<!-- END REVOLUTION SLIDER -->\n<\/div><div class=\"fusion-clearfix\"><\/div><\/div><\/div><\/div><\/div><div class=\"fusion-fullwidth fullwidth-box fusion-builder-row-3 hundred-percent-fullwidth non-hundred-percent-height-scrolling\" style=\"--awb-border-radius-top-left:0px;--awb-border-radius-top-right:0px;--awb-border-radius-bottom-right:0px;--awb-border-radius-bottom-left:0px;--awb-flex-wrap:wrap;\" ><div class=\"fusion-builder-row fusion-row\"><div class=\"fusion-layout-column fusion_builder_column fusion-builder-column-4 fusion_builder_column_1_1 1_1 fusion-one-full fusion-column-first fusion-column-last\" style=\"--awb-bg-size:cover;\"><div class=\"fusion-column-wrapper fusion-column-has-shadow fusion-flex-column-wrapper-legacy\">\n<div class=\"fusion-slider-revolution rev_slider_wrapper\">\t\t\t<!-- START louvainlaneuve REVOLUTION SLIDER 6.7.41 --><p class=\"rs-p-wp-fix\"><\/p>\n\t\t\t<rs-module-wrap id=\"rev_slider_4_3_wrapper\" data-source=\"gallery\" style=\"visibility:hidden;background:transparent;padding:0;margin:0px auto;margin-top:0;margin-bottom:0;\">\n\t\t\t\t<rs-module id=\"rev_slider_4_3\" style=\"\" data-version=\"6.7.41\">\n\t\t\t\t\t<rs-slides style=\"overflow: hidden; position: absolute;\">\n\t\t\t\t\t\t<rs-slide style=\"position: absolute;\" data-key=\"rs-4\" data-title=\"Slide\" data-thumb=\"\/\/grand-angle.lavenir.net\/wallonie-bruxelles-desertees\/wp-content\/uploads\/sites\/103\/2020\/03\/23032020-DSC_4940.jpg\" data-anim=\"ms:1000;r:0;\" data-in=\"o:0;\" data-out=\"a:false;\" data-mediafilter=\"moon\">\n\t\t\t\t\t\t\t<img decoding=\"async\" src=\"\/\/grand-angle.lavenir.net\/wallonie-bruxelles-desertees\/wp-content\/plugins\/revslider\/sr6\/assets\/assets\/dummy.png\" alt=\"Slide\" title=\"Coronavirus &#8211; Road trip dans un pays confin\u00e9\" width=\"2000\" height=\"1335\" class=\"rev-slidebg tp-rs-img rs-lazyload\" data-lazyload=\"\/\/grand-angle.lavenir.net\/wallonie-bruxelles-desertees\/wp-content\/plugins\/revslider\/sr6\/assets\/assets\/transparent.png\" data-no-retina>\n<!--\n\t\t\t\t\t\t\t--><rs-layer\n\t\t\t\t\t\t\t\tid=\"slider-4-slide-4-layer-4\" \n\t\t\t\t\t\t\t\tdata-type=\"image\"\n\t\t\t\t\t\t\t\tdata-rsp_ch=\"on\"\n\t\t\t\t\t\t\t\tdata-xy=\"x:240px;y:c;\"\n\t\t\t\t\t\t\t\tdata-text=\"w:normal;\"\n\t\t\t\t\t\t\t\tdata-dim=\"w:1000px;h:668px;\"\n\t\t\t\t\t\t\t\tdata-frame_999=\"o:0;st:w;\"\n\t\t\t\t\t\t\t\tstyle=\"z-index:8;\"\n\t\t\t\t\t\t\t><img decoding=\"async\" src=\"\/\/grand-angle.lavenir.net\/wallonie-bruxelles-desertees\/wp-content\/plugins\/revslider\/sr6\/assets\/assets\/dummy.png\" alt=\"\" class=\"tp-rs-img rs-lazyload\" width=\"2000\" height=\"1335\" data-lazyload=\"\/\/grand-angle.lavenir.net\/wallonie-bruxelles-desertees\/wp-content\/uploads\/sites\/103\/2020\/03\/23032020-DSC_4940.jpg\" data-no-retina> \n\t\t\t\t\t\t\t<\/rs-layer><!--\n\n\t\t\t\t\t\t\t--><h1\n\t\t\t\t\t\t\t\tid=\"slider-4-slide-4-layer-6\" \n\t\t\t\t\t\t\t\tclass=\"rs-layer\"\n\t\t\t\t\t\t\t\tdata-type=\"text\"\n\t\t\t\t\t\t\t\tdata-color=\"#000000\"\n\t\t\t\t\t\t\t\tdata-rsp_ch=\"on\"\n\t\t\t\t\t\t\t\tdata-xy=\"x:c;xo:-333px;y:c;yo:-190px;\"\n\t\t\t\t\t\t\t\tdata-text=\"w:normal;s:44;l:70;fw:900;a:center;\"\n\t\t\t\t\t\t\t\tdata-dim=\"w:492px;\"\n\t\t\t\t\t\t\t\tdata-frame_0=\"y:50px;\"\n\t\t\t\t\t\t\t\tdata-frame_0_chars=\"d:5;y:10px;\"\n\t\t\t\t\t\t\t\tdata-frame_1=\"st:2500;sp:1000;sR:2500;\"\n\t\t\t\t\t\t\t\tdata-frame_1_chars=\"d:5;\"\n\t\t\t\t\t\t\t\tdata-frame_999=\"o:0;st:w;sR:5500;\"\n\t\t\t\t\t\t\t\tstyle=\"z-index:11;font-family:'Lato';\"\n\t\t\t\t\t\t\t>LOUVAIN-LA-NEUVE \n\t\t\t\t\t\t\t<\/h1><!--\n\n\t\t\t\t\t\t\t--><rs-layer\n\t\t\t\t\t\t\t\tid=\"slider-4-slide-4-layer-7\" \n\t\t\t\t\t\t\t\tdata-type=\"shape\"\n\t\t\t\t\t\t\t\tdata-bsh=\"c:rgba(0,0,0,0.2);b:10px;s:3px;\"\n\t\t\t\t\t\t\t\tdata-rsp_ch=\"on\"\n\t\t\t\t\t\t\t\tdata-xy=\"x:c;xo:-333px;y:c;\"\n\t\t\t\t\t\t\t\tdata-text=\"w:normal;\"\n\t\t\t\t\t\t\t\tdata-dim=\"w:500px;h:500px;\"\n\t\t\t\t\t\t\t\tdata-frame_0=\"sX:0.1;sY:0.1;\"\n\t\t\t\t\t\t\t\tdata-frame_1=\"st:1500;sp:1000;sR:1500;\"\n\t\t\t\t\t\t\t\tdata-frame_999=\"o:0;st:w;sR:6500;\"\n\t\t\t\t\t\t\t\tstyle=\"z-index:9;background-color:rgba(255,255,255,0.9);\"\n\t\t\t\t\t\t\t> \n\t\t\t\t\t\t\t<\/rs-layer><!--\n\n\t\t\t\t\t\t\t--><rs-layer\n\t\t\t\t\t\t\t\tid=\"slider-4-slide-4-layer-8\" \n\t\t\t\t\t\t\t\tdata-type=\"image\"\n\t\t\t\t\t\t\t\tdata-rsp_ch=\"on\"\n\t\t\t\t\t\t\t\tdata-xy=\"x:c;xo:-333px;y:c;yo:-140px;\"\n\t\t\t\t\t\t\t\tdata-text=\"w:normal;s:20;\"\n\t\t\t\t\t\t\t\tdata-dim=\"w:350px;h:13px;\"\n\t\t\t\t\t\t\t\tdata-frame_1=\"st:2500;sp:1000;sR:2500;\"\n\t\t\t\t\t\t\t\tdata-frame_999=\"o:0;st:w;sR:5500;\"\n\t\t\t\t\t\t\t\tstyle=\"z-index:10;\"\n\t\t\t\t\t\t\t><img decoding=\"async\" src=\"\/\/grand-angle.lavenir.net\/wallonie-bruxelles-desertees\/wp-content\/plugins\/revslider\/sr6\/assets\/assets\/dummy.png\" alt=\"\" class=\"tp-rs-img rs-lazyload\" width=\"365\" height=\"14\" data-lazyload=\"\/\/grand-angle.lavenir.net\/wallonie-bruxelles-desertees\/wp-content\/uploads\/sites\/103\/2020\/03\/separator-2.png\" data-no-retina> \n\t\t\t\t\t\t\t<\/rs-layer><!--\n\n\t\t\t\t\t\t\t--><rs-layer\n\t\t\t\t\t\t\t\tid=\"slider-4-slide-4-layer-9\" \n\t\t\t\t\t\t\t\tdata-type=\"text\"\n\t\t\t\t\t\t\t\tdata-color=\"#000000\"\n\t\t\t\t\t\t\t\tdata-rsp_ch=\"on\"\n\t\t\t\t\t\t\t\tdata-xy=\"x:c;xo:-333px;y:c;yo:60px;\"\n\t\t\t\t\t\t\t\tdata-text=\"w:normal;s:24;l:29;a:center;\"\n\t\t\t\t\t\t\t\tdata-dim=\"w:436px;\"\n\t\t\t\t\t\t\t\tdata-frame_1=\"st:2500;sp:1000;sR:2500;\"\n\t\t\t\t\t\t\t\tdata-frame_999=\"o:0;st:w;sR:5500;\"\n\t\t\t\t\t\t\t\tstyle=\"z-index:12;font-family:'Lustria';\"\n\t\t\t\t\t\t\t>Premi\u00e8re \u00e9tape, Louvain-la-Neuve. La cit\u00e9 estudiantine, d\u2019habitude grouillante de vie, r\u00e9sonne curieusement. Sur la Grand-Place, un ouvrier communal prom\u00e8ne son Gloutton mais il n\u2019y a pas grand-chose \u00e0 ramasser. Les boutiques de la rue Charlemagne sont ferm\u00e9es. Les \u00e9tudiants sont partis. Ne restent que quelques locaux hagards, peu habitu\u00e9s \u00e0 un tel calme, un tel abandon.<br \/>\n \n\t\t\t\t\t\t\t<\/rs-layer><!--\n-->\t\t\t\t\t<\/rs-slide>\n\t\t\t\t\t\t<rs-slide style=\"position: absolute;\" data-key=\"rs-5\" data-title=\"Slide\" data-thumb=\"\/\/grand-angle.lavenir.net\/wallonie-bruxelles-desertees\/wp-content\/uploads\/sites\/103\/2020\/03\/23032020-DSC_4936.jpg\" data-anim=\"ms:1000;r:0;\" data-in=\"o:0;\" data-out=\"a:false;\">\n\t\t\t\t\t\t\t<img decoding=\"async\" src=\"\/\/grand-angle.lavenir.net\/wallonie-bruxelles-desertees\/wp-content\/plugins\/revslider\/sr6\/assets\/assets\/dummy.png\" alt=\"\" title=\"La Belgique confin\u00e9e\" class=\"rev-slidebg tp-rs-img rs-lazyload\" data-lazyload=\"\/\/grand-angle.lavenir.net\/wallonie-bruxelles-desertees\/wp-content\/uploads\/sites\/103\/2020\/03\/23032020-DSC_4936.jpg\" data-no-retina>\n<!---->\t\t\t\t\t<\/rs-slide>\n\t\t\t\t\t\t<rs-slide style=\"position: absolute;\" data-key=\"rs-7\" data-title=\"Slide\" data-thumb=\"\/\/grand-angle.lavenir.net\/wallonie-bruxelles-desertees\/wp-content\/uploads\/sites\/103\/2020\/03\/23032020-DSC_4943.jpg\" data-anim=\"ms:1000;r:0;\" data-in=\"o:0;\" data-out=\"a:false;\">\n\t\t\t\t\t\t\t<img decoding=\"async\" src=\"\/\/grand-angle.lavenir.net\/wallonie-bruxelles-desertees\/wp-content\/plugins\/revslider\/sr6\/assets\/assets\/dummy.png\" alt=\"\" title=\"La Belgique confin\u00e9e\" class=\"rev-slidebg tp-rs-img rs-lazyload\" data-lazyload=\"\/\/grand-angle.lavenir.net\/wallonie-bruxelles-desertees\/wp-content\/uploads\/sites\/103\/2020\/03\/23032020-DSC_4943.jpg\" data-no-retina>\n<!---->\t\t\t\t\t<\/rs-slide>\n\t\t\t\t\t\t<rs-slide style=\"position: absolute;\" data-key=\"rs-9\" data-title=\"Slide\" data-thumb=\"\/\/grand-angle.lavenir.net\/wallonie-bruxelles-desertees\/wp-content\/uploads\/sites\/103\/2020\/03\/Louvain-la-Neuve-1.jpg\" data-anim=\"ms:1000;r:0;\" data-in=\"o:0;\" data-out=\"a:false;\">\n\t\t\t\t\t\t\t<img decoding=\"async\" src=\"\/\/grand-angle.lavenir.net\/wallonie-bruxelles-desertees\/wp-content\/plugins\/revslider\/sr6\/assets\/assets\/dummy.png\" alt=\"\" title=\"La Belgique confin\u00e9e\" class=\"rev-slidebg tp-rs-img rs-lazyload\" data-lazyload=\"\/\/grand-angle.lavenir.net\/wallonie-bruxelles-desertees\/wp-content\/uploads\/sites\/103\/2020\/03\/Louvain-la-Neuve-1.jpg\" data-no-retina>\n<!---->\t\t\t\t\t<\/rs-slide>\n\t\t\t\t\t\t<rs-slide style=\"position: absolute;\" data-key=\"rs-10\" data-title=\"Slide\" data-thumb=\"\/\/grand-angle.lavenir.net\/wallonie-bruxelles-desertees\/wp-content\/uploads\/sites\/103\/2020\/03\/Louvain-la-Neuve-2.jpg\" data-anim=\"ms:1000;r:0;\" data-in=\"o:0;\" data-out=\"a:false;\">\n\t\t\t\t\t\t\t<img decoding=\"async\" src=\"\/\/grand-angle.lavenir.net\/wallonie-bruxelles-desertees\/wp-content\/plugins\/revslider\/sr6\/assets\/assets\/dummy.png\" alt=\"\" title=\"La Belgique confin\u00e9e\" class=\"rev-slidebg tp-rs-img rs-lazyload\" data-lazyload=\"\/\/grand-angle.lavenir.net\/wallonie-bruxelles-desertees\/wp-content\/uploads\/sites\/103\/2020\/03\/Louvain-la-Neuve-2.jpg\" data-no-retina>\n<!---->\t\t\t\t\t<\/rs-slide>\n\t\t\t\t\t<\/rs-slides>\n\t\t\t\t<\/rs-module>\n\t\t\t\t<script>\n\t\t\t\t\tsetREVStartSize({c: 'rev_slider_4_3',rl:[1240,1024,768,480],el:[900],gw:[1240],gh:[900],type:'standard',justify:'',layout:'fullwidth',mh:\"0\"});if (window.RS_MODULES!==undefined && window.RS_MODULES.modules!==undefined && window.RS_MODULES.modules[\"revslider43\"]!==undefined) {window.RS_MODULES.modules[\"revslider43\"].once = false;window.revapi4 = undefined;if (window.RS_MODULES.checkMinimal!==undefined) window.RS_MODULES.checkMinimal()}\n\t\t\t\t<\/script>\n\t\t\t<\/rs-module-wrap>\n\t\t\t<!-- END REVOLUTION SLIDER -->\n<\/div>\n<div class=\"fusion-slider-revolution rev_slider_wrapper\">\t\t\t<!-- START bruxelles REVOLUTION SLIDER 6.7.41 --><p class=\"rs-p-wp-fix\"><\/p>\n\t\t\t<rs-module-wrap id=\"rev_slider_7_4_wrapper\" data-source=\"gallery\" style=\"visibility:hidden;background:transparent;padding:0;margin:0px auto;margin-top:0;margin-bottom:0;\">\n\t\t\t\t<rs-module id=\"rev_slider_7_4\" style=\"\" data-version=\"6.7.41\">\n\t\t\t\t\t<rs-slides style=\"overflow: hidden; position: absolute;\">\n\t\t\t\t\t\t<rs-slide style=\"position: absolute;\" data-key=\"rs-13\" data-title=\"Slide\" data-thumb=\"\/\/grand-angle.lavenir.net\/wallonie-bruxelles-desertees\/wp-content\/uploads\/sites\/103\/2020\/03\/23032020-DSC_4940.jpg\" data-anim=\"ms:1000;r:0;\" data-in=\"o:0;\" data-out=\"a:false;\" data-mediafilter=\"moon\">\n\t\t\t\t\t\t\t<img decoding=\"async\" src=\"\/\/grand-angle.lavenir.net\/wallonie-bruxelles-desertees\/wp-content\/plugins\/revslider\/sr6\/assets\/assets\/dummy.png\" alt=\"Slide\" title=\"Coronavirus &#8211; Road trip dans un pays confin\u00e9\" width=\"2000\" height=\"1335\" class=\"rev-slidebg tp-rs-img rs-lazyload\" data-lazyload=\"\/\/grand-angle.lavenir.net\/wallonie-bruxelles-desertees\/wp-content\/plugins\/revslider\/sr6\/assets\/assets\/transparent.png\" data-no-retina>\n<!--\n\t\t\t\t\t\t\t--><rs-layer\n\t\t\t\t\t\t\t\tid=\"slider-7-slide-13-layer-4\" \n\t\t\t\t\t\t\t\tdata-type=\"image\"\n\t\t\t\t\t\t\t\tdata-rsp_ch=\"on\"\n\t\t\t\t\t\t\t\tdata-xy=\"y:c;\"\n\t\t\t\t\t\t\t\tdata-text=\"w:normal;\"\n\t\t\t\t\t\t\t\tdata-dim=\"w:1000px;h:668px;\"\n\t\t\t\t\t\t\t\tdata-frame_999=\"o:0;st:w;\"\n\t\t\t\t\t\t\t\tstyle=\"z-index:1;\"\n\t\t\t\t\t\t\t><img decoding=\"async\" src=\"\/\/grand-angle.lavenir.net\/wallonie-bruxelles-desertees\/wp-content\/plugins\/revslider\/sr6\/assets\/assets\/dummy.png\" alt=\"\" class=\"tp-rs-img rs-lazyload\" width=\"2000\" height=\"1335\" data-lazyload=\"\/\/grand-angle.lavenir.net\/wallonie-bruxelles-desertees\/wp-content\/uploads\/sites\/103\/2020\/03\/23032020-DSC_4948.jpg\" data-no-retina> \n\t\t\t\t\t\t\t<\/rs-layer><!--\n\n\t\t\t\t\t\t\t--><h1\n\t\t\t\t\t\t\t\tid=\"slider-7-slide-13-layer-6\" \n\t\t\t\t\t\t\t\tclass=\"rs-layer\"\n\t\t\t\t\t\t\t\tdata-type=\"text\"\n\t\t\t\t\t\t\t\tdata-color=\"#000000\"\n\t\t\t\t\t\t\t\tdata-rsp_ch=\"on\"\n\t\t\t\t\t\t\t\tdata-xy=\"x:r;xo:4px;y:c;yo:-190px;\"\n\t\t\t\t\t\t\t\tdata-text=\"w:normal;s:44;l:70;fw:900;a:center;\"\n\t\t\t\t\t\t\t\tdata-dim=\"w:492px;\"\n\t\t\t\t\t\t\t\tdata-frame_0=\"y:50px;\"\n\t\t\t\t\t\t\t\tdata-frame_0_chars=\"d:5;y:10px;\"\n\t\t\t\t\t\t\t\tdata-frame_1=\"st:2500;sp:1000;sR:2500;\"\n\t\t\t\t\t\t\t\tdata-frame_1_chars=\"d:5;\"\n\t\t\t\t\t\t\t\tdata-frame_999=\"o:0;st:w;sR:5500;\"\n\t\t\t\t\t\t\t\tstyle=\"z-index:12;font-family:'Lato';\"\n\t\t\t\t\t\t\t>BRUXELLES \n\t\t\t\t\t\t\t<\/h1><!--\n\n\t\t\t\t\t\t\t--><rs-layer\n\t\t\t\t\t\t\t\tid=\"slider-7-slide-13-layer-7\" \n\t\t\t\t\t\t\t\tdata-type=\"shape\"\n\t\t\t\t\t\t\t\tdata-bsh=\"c:rgba(0,0,0,0.2);b:10px;s:3px;\"\n\t\t\t\t\t\t\t\tdata-rsp_ch=\"on\"\n\t\t\t\t\t\t\t\tdata-xy=\"x:r;y:c;\"\n\t\t\t\t\t\t\t\tdata-text=\"w:normal;\"\n\t\t\t\t\t\t\t\tdata-dim=\"w:500px;h:500px;\"\n\t\t\t\t\t\t\t\tdata-frame_0=\"sX:0.1;sY:0.1;\"\n\t\t\t\t\t\t\t\tdata-frame_1=\"st:1500;sp:1000;sR:1500;\"\n\t\t\t\t\t\t\t\tdata-frame_999=\"o:0;st:w;sR:6500;\"\n\t\t\t\t\t\t\t\tstyle=\"z-index:8;background-color:rgba(255,255,255,0.9);\"\n\t\t\t\t\t\t\t> \n\t\t\t\t\t\t\t<\/rs-layer><!--\n\n\t\t\t\t\t\t\t--><rs-layer\n\t\t\t\t\t\t\t\tid=\"slider-7-slide-13-layer-8\" \n\t\t\t\t\t\t\t\tdata-type=\"image\"\n\t\t\t\t\t\t\t\tdata-rsp_ch=\"on\"\n\t\t\t\t\t\t\t\tdata-xy=\"x:r;xo:89px;y:c;yo:-140px;\"\n\t\t\t\t\t\t\t\tdata-text=\"w:normal;s:20;\"\n\t\t\t\t\t\t\t\tdata-dim=\"w:350px;h:13px;\"\n\t\t\t\t\t\t\t\tdata-frame_1=\"st:2500;sp:1000;sR:2500;\"\n\t\t\t\t\t\t\t\tdata-frame_999=\"o:0;st:w;sR:5500;\"\n\t\t\t\t\t\t\t\tstyle=\"z-index:11;\"\n\t\t\t\t\t\t\t><img decoding=\"async\" src=\"\/\/grand-angle.lavenir.net\/wallonie-bruxelles-desertees\/wp-content\/plugins\/revslider\/sr6\/assets\/assets\/dummy.png\" alt=\"\" class=\"tp-rs-img rs-lazyload\" width=\"365\" height=\"14\" data-lazyload=\"\/\/grand-angle.lavenir.net\/wallonie-bruxelles-desertees\/wp-content\/uploads\/sites\/103\/2020\/03\/separator-2.png\" data-no-retina> \n\t\t\t\t\t\t\t<\/rs-layer><!--\n\n\t\t\t\t\t\t\t--><rs-layer\n\t\t\t\t\t\t\t\tid=\"slider-7-slide-13-layer-9\" \n\t\t\t\t\t\t\t\tdata-type=\"text\"\n\t\t\t\t\t\t\t\tdata-color=\"#000000\"\n\t\t\t\t\t\t\t\tdata-rsp_ch=\"on\"\n\t\t\t\t\t\t\t\tdata-xy=\"x:r;xo:51px;y:c;yo:61px;\"\n\t\t\t\t\t\t\t\tdata-text=\"w:normal;s:24;l:29;a:center;\"\n\t\t\t\t\t\t\t\tdata-dim=\"w:424px;h:321px;\"\n\t\t\t\t\t\t\t\tdata-frame_1=\"st:2500;sp:1000;sR:2500;\"\n\t\t\t\t\t\t\t\tdata-frame_999=\"o:0;st:w;sR:5500;\"\n\t\t\t\t\t\t\t\tstyle=\"z-index:10;font-family:'Lustria';\"\n\t\t\t\t\t\t\t>E-411, Carrefour L\u00e9onard, Auderghem, Delta\u2026 la circulation est fluide. L\u2019info route de la radio n\u2019a rien \u00e0 annoncer.<br \/>Quel plaisir d\u2019entrer dans Bruxelles avec une telle facilit\u00e9. Mais le plaisir est de courte dur\u00e9e face \u00e0 la d\u00e9solation de la ville.<br \/>Le confinement cons\u00e9quent aux attentats de 2016 n\u2019est plus qu\u2019un vague souvenir.<br \/>\n \n\t\t\t\t\t\t\t<\/rs-layer><!--\n-->\t\t\t\t\t<\/rs-slide>\n\t\t\t\t\t\t<rs-slide style=\"position: absolute;\" data-key=\"rs-25\" data-title=\"Slide\" data-thumb=\"\/\/grand-angle.lavenir.net\/wallonie-bruxelles-desertees\/wp-content\/uploads\/sites\/103\/2020\/03\/23032020-DSC_4967.jpg\" data-anim=\"ms:1000;r:0;\" data-in=\"o:0;\" data-out=\"a:false;\" data-mediafilter=\"moon\">\n\t\t\t\t\t\t\t<img decoding=\"async\" src=\"\/\/grand-angle.lavenir.net\/wallonie-bruxelles-desertees\/wp-content\/plugins\/revslider\/sr6\/assets\/assets\/dummy.png\" alt=\"\" title=\"Coronavirus &#8211; Road trip dans un pays confin\u00e9\" width=\"2000\" height=\"1335\" class=\"rev-slidebg tp-rs-img rs-lazyload\" data-lazyload=\"\/\/grand-angle.lavenir.net\/wallonie-bruxelles-desertees\/wp-content\/uploads\/sites\/103\/2020\/03\/23032020-DSC_4967.jpg\" data-no-retina>\n<!--\n\t\t\t\t\t\t\t--><rs-layer\n\t\t\t\t\t\t\t\tid=\"slider-7-slide-25-layer-7\" \n\t\t\t\t\t\t\t\tdata-type=\"shape\"\n\t\t\t\t\t\t\t\tdata-bsh=\"c:rgba(0,0,0,0.3);b:10px;s:3px;\"\n\t\t\t\t\t\t\t\tdata-rsp_ch=\"on\"\n\t\t\t\t\t\t\t\tdata-xy=\"x:c;y:c;\"\n\t\t\t\t\t\t\t\tdata-text=\"w:normal;\"\n\t\t\t\t\t\t\t\tdata-dim=\"w:860;h:860;\"\n\t\t\t\t\t\t\t\tdata-frame_0=\"sX:0.1;sY:0.1;\"\n\t\t\t\t\t\t\t\tdata-frame_1=\"st:1500;sp:1000;sR:1500;\"\n\t\t\t\t\t\t\t\tdata-frame_999=\"o:0;st:w;sR:6500;\"\n\t\t\t\t\t\t\t\tstyle=\"z-index:9;background-color:rgba(255,255,255,0.9);\"\n\t\t\t\t\t\t\t> \n\t\t\t\t\t\t\t<\/rs-layer><!--\n\n\t\t\t\t\t\t\t--><rs-layer\n\t\t\t\t\t\t\t\tid=\"slider-7-slide-25-layer-8\" \n\t\t\t\t\t\t\t\tdata-type=\"image\"\n\t\t\t\t\t\t\t\tdata-rsp_ch=\"on\"\n\t\t\t\t\t\t\t\tdata-xy=\"x:c;y:c;yo:394px;\"\n\t\t\t\t\t\t\t\tdata-text=\"w:normal;s:20;\"\n\t\t\t\t\t\t\t\tdata-dim=\"w:350px;h:13px;\"\n\t\t\t\t\t\t\t\tdata-frame_1=\"st:2500;sp:1000;sR:2500;\"\n\t\t\t\t\t\t\t\tdata-frame_999=\"o:0;st:w;sR:5500;\"\n\t\t\t\t\t\t\t\tstyle=\"z-index:11;\"\n\t\t\t\t\t\t\t><img decoding=\"async\" src=\"\/\/grand-angle.lavenir.net\/wallonie-bruxelles-desertees\/wp-content\/plugins\/revslider\/sr6\/assets\/assets\/dummy.png\" alt=\"\" class=\"tp-rs-img rs-lazyload\" width=\"365\" height=\"14\" data-lazyload=\"\/\/grand-angle.lavenir.net\/wallonie-bruxelles-desertees\/wp-content\/uploads\/sites\/103\/2020\/03\/separator-2.png\" data-no-retina> \n\t\t\t\t\t\t\t<\/rs-layer><!--\n\n\t\t\t\t\t\t\t--><rs-layer\n\t\t\t\t\t\t\t\tid=\"slider-7-slide-25-layer-9\" \n\t\t\t\t\t\t\t\tdata-type=\"text\"\n\t\t\t\t\t\t\t\tdata-color=\"#000000\"\n\t\t\t\t\t\t\t\tdata-rsp_ch=\"on\"\n\t\t\t\t\t\t\t\tdata-xy=\"x:c;y:64px;\"\n\t\t\t\t\t\t\t\tdata-text=\"w:normal;s:24;l:29;a:center;\"\n\t\t\t\t\t\t\t\tdata-dim=\"w:750px;h:957px;\"\n\t\t\t\t\t\t\t\tdata-frame_1=\"st:2500;sp:1000;sR:2500;\"\n\t\t\t\t\t\t\t\tdata-frame_999=\"o:0;st:w;sR:5500;\"\n\t\t\t\t\t\t\t\tstyle=\"z-index:10;font-family:'Lustria';\"\n\t\t\t\t\t\t\t>Depuis le rond-point Schuman, en surplomb de la sortie du tunnel, le regard se perd au loin, dans l\u2019enfilade de la rue de la Loi, jusqu\u2019au croisement de la petite ceinture. Trois, quatre, peut-\u00eatre cinq voitures ou camions, tout au plus, pour garnir cette art\u00e8re d\u2019habitude congestionn\u00e9e. Dans le centre, le parking \u00ab Grand-Place \u00bb n\u2019est ouvert que sur deux niveaux. Pas besoin d\u2019aller plus bas pour trouver un emplacement libre.<br \/>\n<br \/>\nLes pas claquent sur les dalles de pierres bleues. La voute glac\u00e9e des galeries royales renvoie la lumi\u00e8re du soleil du matin. Les boutiques sont ferm\u00e9es. Pas de chocolat. Pas de montres de luxe brillant dans leur \u00e9crin. Pas de bibelot, ni de souvenir \u00e0 emporter. La galerie est d\u00e9sert\u00e9e par les touristes. Dans la rue des Bouchers, les devantures des restaurants ont volets clos.<br \/>\n <br \/>\nPerch\u00e9 au-dessus du bassin de sa fontaine, Manneken Pis continue de toiser le monde. Mais \u00e0 ses pieds, nul touriste pour se prendre en selfie devant le petit bonhomme de bronze. Le carrefour de la rue de l\u2019\u00c9tuve et de la rue du Ch\u00eane est d\u00e9sesp\u00e9r\u00e9ment d\u00e9sert.<br \/>\n <br \/>\nSur la Grand Place, un papa joue avec son petit gar\u00e7on. Il ne risque pas de le perdre dans la foule. Ils sont seuls. Le vide est impressionnant. Mais le silence, lui, est oppressant. C\u2019est lui qui marque le plus. Une ville, \u00e7a vit, \u00e7a bouge, \u00e7a respire. Le bruit est constant, m\u00eame lorsqu\u2019il n\u2019est qu\u2019un lointain murmure. L\u00e0, rien. Le silence est absolu. Effrayant.<br \/>\n \n\t\t\t\t\t\t\t<\/rs-layer><!--\n-->\t\t\t\t\t<\/rs-slide>\n\t\t\t\t\t\t<rs-slide style=\"position: absolute;\" data-key=\"rs-19\" data-title=\"Slide\" data-thumb=\"\/\/grand-angle.lavenir.net\/wallonie-bruxelles-desertees\/wp-content\/uploads\/sites\/103\/2020\/03\/23032020-DSC_4962.jpg\" data-anim=\"ms:1000;r:0;\" data-in=\"o:0;\" data-out=\"a:false;\">\n\t\t\t\t\t\t\t<img decoding=\"async\" src=\"\/\/grand-angle.lavenir.net\/wallonie-bruxelles-desertees\/wp-content\/plugins\/revslider\/sr6\/assets\/assets\/dummy.png\" alt=\"\" title=\"La Belgique confin\u00e9e\" class=\"rev-slidebg tp-rs-img rs-lazyload\" data-lazyload=\"\/\/grand-angle.lavenir.net\/wallonie-bruxelles-desertees\/wp-content\/uploads\/sites\/103\/2020\/03\/23032020-DSC_4962.jpg\" data-no-retina>\n<!---->\t\t\t\t\t<\/rs-slide>\n\t\t\t\t\t\t<rs-slide style=\"position: absolute;\" data-key=\"rs-20\" data-title=\"Slide\" data-thumb=\"\/\/grand-angle.lavenir.net\/wallonie-bruxelles-desertees\/wp-content\/uploads\/sites\/103\/2020\/03\/23032020-DSC_4961.jpg\" data-anim=\"ms:1000;r:0;\" data-in=\"o:0;\" data-out=\"a:false;\">\n\t\t\t\t\t\t\t<img decoding=\"async\" src=\"\/\/grand-angle.lavenir.net\/wallonie-bruxelles-desertees\/wp-content\/plugins\/revslider\/sr6\/assets\/assets\/dummy.png\" alt=\"\" title=\"La Belgique confin\u00e9e\" class=\"rev-slidebg tp-rs-img rs-lazyload\" data-lazyload=\"\/\/grand-angle.lavenir.net\/wallonie-bruxelles-desertees\/wp-content\/uploads\/sites\/103\/2020\/03\/23032020-DSC_4961.jpg\" data-bg=\"p:center bottom;\" data-no-retina>\n<!---->\t\t\t\t\t<\/rs-slide>\n\t\t\t\t\t\t<rs-slide style=\"position: absolute;\" data-key=\"rs-21\" data-title=\"Slide\" data-thumb=\"\/\/grand-angle.lavenir.net\/wallonie-bruxelles-desertees\/wp-content\/uploads\/sites\/103\/2020\/03\/23032020-DSC_4955.jpg\" data-anim=\"ms:1000;r:0;\" data-in=\"o:0;\" data-out=\"a:false;\">\n\t\t\t\t\t\t\t<img decoding=\"async\" src=\"\/\/grand-angle.lavenir.net\/wallonie-bruxelles-desertees\/wp-content\/plugins\/revslider\/sr6\/assets\/assets\/dummy.png\" alt=\"\" title=\"La Belgique confin\u00e9e\" class=\"rev-slidebg tp-rs-img rs-lazyload\" data-lazyload=\"\/\/grand-angle.lavenir.net\/wallonie-bruxelles-desertees\/wp-content\/uploads\/sites\/103\/2020\/03\/23032020-DSC_4955.jpg\" data-no-retina>\n<!---->\t\t\t\t\t<\/rs-slide>\n\t\t\t\t\t\t<rs-slide style=\"position: absolute;\" data-key=\"rs-22\" data-title=\"Slide\" data-thumb=\"\/\/grand-angle.lavenir.net\/wallonie-bruxelles-desertees\/wp-content\/uploads\/sites\/103\/2020\/03\/23032020-DSC_4966.jpg\" data-anim=\"ms:1000;r:0;\" data-in=\"o:0;\" data-out=\"a:false;\">\n\t\t\t\t\t\t\t<img decoding=\"async\" src=\"\/\/grand-angle.lavenir.net\/wallonie-bruxelles-desertees\/wp-content\/plugins\/revslider\/sr6\/assets\/assets\/dummy.png\" alt=\"\" title=\"La Belgique confin\u00e9e\" class=\"rev-slidebg tp-rs-img rs-lazyload\" data-lazyload=\"\/\/grand-angle.lavenir.net\/wallonie-bruxelles-desertees\/wp-content\/uploads\/sites\/103\/2020\/03\/23032020-DSC_4966.jpg\" data-bg=\"p:center bottom;\" data-no-retina>\n<!---->\t\t\t\t\t<\/rs-slide>\n\t\t\t\t\t\t<rs-slide style=\"position: absolute;\" data-key=\"rs-24\" data-title=\"Slide\" data-thumb=\"\/\/grand-angle.lavenir.net\/wallonie-bruxelles-desertees\/wp-content\/uploads\/sites\/103\/2020\/03\/23032020-DSC_4969.jpg\" data-anim=\"ms:1000;r:0;\" data-in=\"o:0;\" data-out=\"a:false;\">\n\t\t\t\t\t\t\t<img decoding=\"async\" src=\"\/\/grand-angle.lavenir.net\/wallonie-bruxelles-desertees\/wp-content\/plugins\/revslider\/sr6\/assets\/assets\/dummy.png\" alt=\"\" title=\"La Belgique confin\u00e9e\" class=\"rev-slidebg tp-rs-img rs-lazyload\" data-lazyload=\"\/\/grand-angle.lavenir.net\/wallonie-bruxelles-desertees\/wp-content\/uploads\/sites\/103\/2020\/03\/23032020-DSC_4969.jpg\" data-bg=\"p:center bottom;\" data-no-retina>\n<!---->\t\t\t\t\t<\/rs-slide>\n\t\t\t\t\t<\/rs-slides>\n\t\t\t\t<\/rs-module>\n\t\t\t\t<script>\n\t\t\t\t\tsetREVStartSize({c: 'rev_slider_7_4',rl:[1240,1024,768,480],el:[900],gw:[1240],gh:[900],type:'standard',justify:'',layout:'fullwidth',mh:\"0\"});if (window.RS_MODULES!==undefined && window.RS_MODULES.modules!==undefined && window.RS_MODULES.modules[\"revslider74\"]!==undefined) {window.RS_MODULES.modules[\"revslider74\"].once = false;window.revapi7 = undefined;if (window.RS_MODULES.checkMinimal!==undefined) window.RS_MODULES.checkMinimal()}\n\t\t\t\t<\/script>\n\t\t\t<\/rs-module-wrap>\n\t\t\t<!-- END REVOLUTION SLIDER -->\n<\/div>\n<div class=\"fusion-slider-revolution rev_slider_wrapper\">\t\t\t<!-- START nivelles REVOLUTION SLIDER 6.7.41 --><p class=\"rs-p-wp-fix\"><\/p>\n\t\t\t<rs-module-wrap id=\"rev_slider_8_5_wrapper\" data-source=\"gallery\" style=\"visibility:hidden;background:transparent;padding:0;margin:0px auto;margin-top:0;margin-bottom:0;\">\n\t\t\t\t<rs-module id=\"rev_slider_8_5\" style=\"\" data-version=\"6.7.41\">\n\t\t\t\t\t<rs-slides style=\"overflow: hidden; position: absolute;\">\n\t\t\t\t\t\t<rs-slide style=\"position: absolute;\" data-key=\"rs-26\" data-title=\"Slide\" data-thumb=\"\/\/grand-angle.lavenir.net\/wallonie-bruxelles-desertees\/wp-content\/uploads\/sites\/103\/2020\/03\/23032020-DSC_4940.jpg\" data-anim=\"ms:1000;r:0;\" data-in=\"o:0;\" data-out=\"a:false;\" data-mediafilter=\"moon\">\n\t\t\t\t\t\t\t<img decoding=\"async\" src=\"\/\/grand-angle.lavenir.net\/wallonie-bruxelles-desertees\/wp-content\/plugins\/revslider\/sr6\/assets\/assets\/dummy.png\" alt=\"Slide\" title=\"Coronavirus &#8211; Road trip dans un pays confin\u00e9\" width=\"2000\" height=\"1335\" class=\"rev-slidebg tp-rs-img rs-lazyload\" data-lazyload=\"\/\/grand-angle.lavenir.net\/wallonie-bruxelles-desertees\/wp-content\/plugins\/revslider\/sr6\/assets\/assets\/transparent.png\" data-no-retina>\n<!--\n\t\t\t\t\t\t\t--><rs-layer\n\t\t\t\t\t\t\t\tid=\"slider-8-slide-26-layer-4\" \n\t\t\t\t\t\t\t\tdata-type=\"image\"\n\t\t\t\t\t\t\t\tdata-rsp_ch=\"on\"\n\t\t\t\t\t\t\t\tdata-xy=\"x:240px;y:c;\"\n\t\t\t\t\t\t\t\tdata-text=\"w:normal;\"\n\t\t\t\t\t\t\t\tdata-dim=\"w:1000px;h:668px;\"\n\t\t\t\t\t\t\t\tdata-frame_999=\"o:0;st:w;\"\n\t\t\t\t\t\t\t\tstyle=\"z-index:8;\"\n\t\t\t\t\t\t\t><img decoding=\"async\" src=\"\/\/grand-angle.lavenir.net\/wallonie-bruxelles-desertees\/wp-content\/plugins\/revslider\/sr6\/assets\/assets\/dummy.png\" alt=\"\" class=\"tp-rs-img rs-lazyload\" width=\"2000\" height=\"1335\" data-lazyload=\"\/\/grand-angle.lavenir.net\/wallonie-bruxelles-desertees\/wp-content\/uploads\/sites\/103\/2020\/03\/23032020-DSC_4972.jpg\" data-no-retina> \n\t\t\t\t\t\t\t<\/rs-layer><!--\n\n\t\t\t\t\t\t\t--><h1\n\t\t\t\t\t\t\t\tid=\"slider-8-slide-26-layer-6\" \n\t\t\t\t\t\t\t\tclass=\"rs-layer\"\n\t\t\t\t\t\t\t\tdata-type=\"text\"\n\t\t\t\t\t\t\t\tdata-color=\"#000000\"\n\t\t\t\t\t\t\t\tdata-rsp_ch=\"on\"\n\t\t\t\t\t\t\t\tdata-xy=\"x:c;xo:-333px;y:c;yo:-191px;\"\n\t\t\t\t\t\t\t\tdata-text=\"w:normal;s:44;l:70;fw:900;a:center;\"\n\t\t\t\t\t\t\t\tdata-dim=\"w:492px;\"\n\t\t\t\t\t\t\t\tdata-frame_0=\"y:50px;\"\n\t\t\t\t\t\t\t\tdata-frame_0_chars=\"d:5;y:10px;\"\n\t\t\t\t\t\t\t\tdata-frame_1=\"st:2500;sp:1000;sR:2500;\"\n\t\t\t\t\t\t\t\tdata-frame_1_chars=\"d:5;\"\n\t\t\t\t\t\t\t\tdata-frame_999=\"o:0;st:w;sR:5500;\"\n\t\t\t\t\t\t\t\tstyle=\"z-index:11;font-family:'Lato';\"\n\t\t\t\t\t\t\t>NIVELLES \n\t\t\t\t\t\t\t<\/h1><!--\n\n\t\t\t\t\t\t\t--><rs-layer\n\t\t\t\t\t\t\t\tid=\"slider-8-slide-26-layer-7\" \n\t\t\t\t\t\t\t\tdata-type=\"shape\"\n\t\t\t\t\t\t\t\tdata-bsh=\"c:rgba(0,0,0,0.2);b:10px;s:3px;\"\n\t\t\t\t\t\t\t\tdata-rsp_ch=\"on\"\n\t\t\t\t\t\t\t\tdata-xy=\"x:c;xo:-333px;y:c;\"\n\t\t\t\t\t\t\t\tdata-text=\"w:normal;\"\n\t\t\t\t\t\t\t\tdata-dim=\"w:500px;h:500px;\"\n\t\t\t\t\t\t\t\tdata-frame_0=\"sX:0.1;sY:0.1;\"\n\t\t\t\t\t\t\t\tdata-frame_1=\"st:1500;sp:1000;sR:1500;\"\n\t\t\t\t\t\t\t\tdata-frame_999=\"o:0;st:w;sR:6500;\"\n\t\t\t\t\t\t\t\tstyle=\"z-index:9;background-color:rgba(255,255,255,0.9);\"\n\t\t\t\t\t\t\t> \n\t\t\t\t\t\t\t<\/rs-layer><!--\n\n\t\t\t\t\t\t\t--><rs-layer\n\t\t\t\t\t\t\t\tid=\"slider-8-slide-26-layer-8\" \n\t\t\t\t\t\t\t\tdata-type=\"image\"\n\t\t\t\t\t\t\t\tdata-rsp_ch=\"on\"\n\t\t\t\t\t\t\t\tdata-xy=\"x:c;xo:-333px;y:c;yo:-140px;\"\n\t\t\t\t\t\t\t\tdata-text=\"w:normal;s:20;\"\n\t\t\t\t\t\t\t\tdata-dim=\"w:350px;h:13px;\"\n\t\t\t\t\t\t\t\tdata-frame_1=\"st:2500;sp:1000;sR:2500;\"\n\t\t\t\t\t\t\t\tdata-frame_999=\"o:0;st:w;sR:5500;\"\n\t\t\t\t\t\t\t\tstyle=\"z-index:10;\"\n\t\t\t\t\t\t\t><img decoding=\"async\" src=\"\/\/grand-angle.lavenir.net\/wallonie-bruxelles-desertees\/wp-content\/plugins\/revslider\/sr6\/assets\/assets\/dummy.png\" alt=\"\" class=\"tp-rs-img rs-lazyload\" width=\"365\" height=\"14\" data-lazyload=\"\/\/grand-angle.lavenir.net\/wallonie-bruxelles-desertees\/wp-content\/uploads\/sites\/103\/2020\/03\/separator-2.png\" data-no-retina> \n\t\t\t\t\t\t\t<\/rs-layer><!--\n\n\t\t\t\t\t\t\t--><rs-layer\n\t\t\t\t\t\t\t\tid=\"slider-8-slide-26-layer-9\" \n\t\t\t\t\t\t\t\tdata-type=\"text\"\n\t\t\t\t\t\t\t\tdata-color=\"#000000\"\n\t\t\t\t\t\t\t\tdata-rsp_ch=\"on\"\n\t\t\t\t\t\t\t\tdata-xy=\"x:c;xo:-333px;y:c;yo:50px;\"\n\t\t\t\t\t\t\t\tdata-text=\"w:normal;s:24;l:29;a:center;\"\n\t\t\t\t\t\t\t\tdata-dim=\"w:436px;\"\n\t\t\t\t\t\t\t\tdata-frame_1=\"st:2500;sp:1000;sR:2500;\"\n\t\t\t\t\t\t\t\tdata-frame_999=\"o:0;st:w;sR:5500;\"\n\t\t\t\t\t\t\t\tstyle=\"z-index:12;font-family:'Lustria';\"\n\t\t\t\t\t\t\t>Sur la route du Hainaut, un passage par Nivelles s\u2019improvise. Le soleil est l\u00e0, chaud et r\u00e9confortant. Le carillon de la coll\u00e9giale Sainte-Gertrude retentit gaiement, pour apporter un brin d\u2019animation sur la Grand-Place.<br \/>\n<br \/>\nQuelques badauds, l\u2019un ou l\u2019autre promeneur. Mais ce n\u2019est pas aujourd\u2019hui que nous pourrons savourer une tarte al djote. \n\t\t\t\t\t\t\t<\/rs-layer><!--\n-->\t\t\t\t\t<\/rs-slide>\n\t\t\t\t\t\t<rs-slide style=\"position: absolute;\" data-key=\"rs-32\" data-title=\"Slide\" data-thumb=\"\/\/grand-angle.lavenir.net\/wallonie-bruxelles-desertees\/wp-content\/uploads\/sites\/103\/2020\/03\/23032020-DSC_4974.jpg\" data-anim=\"ms:1000;r:0;\" data-in=\"o:0;\" data-out=\"a:false;\">\n\t\t\t\t\t\t\t<img decoding=\"async\" src=\"\/\/grand-angle.lavenir.net\/wallonie-bruxelles-desertees\/wp-content\/plugins\/revslider\/sr6\/assets\/assets\/dummy.png\" alt=\"\" title=\"La Belgique confin\u00e9e\" class=\"rev-slidebg tp-rs-img rs-lazyload\" data-lazyload=\"\/\/grand-angle.lavenir.net\/wallonie-bruxelles-desertees\/wp-content\/uploads\/sites\/103\/2020\/03\/23032020-DSC_4974.jpg\" data-no-retina>\n<!---->\t\t\t\t\t<\/rs-slide>\n\t\t\t\t\t<\/rs-slides>\n\t\t\t\t<\/rs-module>\n\t\t\t\t<script>\n\t\t\t\t\tsetREVStartSize({c: 'rev_slider_8_5',rl:[1240,1024,768,480],el:[900],gw:[1240],gh:[900],type:'standard',justify:'',layout:'fullwidth',mh:\"0\"});if (window.RS_MODULES!==undefined && window.RS_MODULES.modules!==undefined && window.RS_MODULES.modules[\"revslider85\"]!==undefined) {window.RS_MODULES.modules[\"revslider85\"].once = false;window.revapi8 = undefined;if (window.RS_MODULES.checkMinimal!==undefined) window.RS_MODULES.checkMinimal()}\n\t\t\t\t<\/script>\n\t\t\t<\/rs-module-wrap>\n\t\t\t<!-- END REVOLUTION SLIDER -->\n<\/div>\n<div class=\"fusion-slider-revolution rev_slider_wrapper\">\t\t\t<!-- START charleroi REVOLUTION SLIDER 6.7.41 --><p class=\"rs-p-wp-fix\"><\/p>\n\t\t\t<rs-module-wrap id=\"rev_slider_9_6_wrapper\" data-source=\"gallery\" style=\"visibility:hidden;background:transparent;padding:0;margin:0px auto;margin-top:0;margin-bottom:0;\">\n\t\t\t\t<rs-module id=\"rev_slider_9_6\" style=\"\" data-version=\"6.7.41\">\n\t\t\t\t\t<rs-slides style=\"overflow: hidden; position: absolute;\">\n\t\t\t\t\t\t<rs-slide style=\"position: absolute;\" data-key=\"rs-33\" data-title=\"Slide\" data-thumb=\"\/\/grand-angle.lavenir.net\/wallonie-bruxelles-desertees\/wp-content\/uploads\/sites\/103\/2020\/03\/23032020-DSC_4940.jpg\" data-anim=\"ms:1000;r:0;\" data-in=\"o:0;\" data-out=\"a:false;\" data-mediafilter=\"moon\">\n\t\t\t\t\t\t\t<img decoding=\"async\" src=\"\/\/grand-angle.lavenir.net\/wallonie-bruxelles-desertees\/wp-content\/plugins\/revslider\/sr6\/assets\/assets\/dummy.png\" alt=\"Slide\" title=\"Coronavirus &#8211; Road trip dans un pays confin\u00e9\" width=\"2000\" height=\"1335\" class=\"rev-slidebg tp-rs-img rs-lazyload\" data-lazyload=\"\/\/grand-angle.lavenir.net\/wallonie-bruxelles-desertees\/wp-content\/plugins\/revslider\/sr6\/assets\/assets\/transparent.png\" data-no-retina>\n<!--\n\t\t\t\t\t\t\t--><rs-layer\n\t\t\t\t\t\t\t\tid=\"slider-9-slide-33-layer-4\" \n\t\t\t\t\t\t\t\tdata-type=\"image\"\n\t\t\t\t\t\t\t\tdata-rsp_ch=\"on\"\n\t\t\t\t\t\t\t\tdata-xy=\"y:c;\"\n\t\t\t\t\t\t\t\tdata-text=\"w:normal;\"\n\t\t\t\t\t\t\t\tdata-dim=\"w:1000px;h:668px;\"\n\t\t\t\t\t\t\t\tdata-frame_999=\"o:0;st:w;\"\n\t\t\t\t\t\t\t\tstyle=\"z-index:8;\"\n\t\t\t\t\t\t\t><img decoding=\"async\" src=\"\/\/grand-angle.lavenir.net\/wallonie-bruxelles-desertees\/wp-content\/plugins\/revslider\/sr6\/assets\/assets\/dummy.png\" alt=\"\" class=\"tp-rs-img rs-lazyload\" width=\"2000\" height=\"1335\" data-lazyload=\"\/\/grand-angle.lavenir.net\/wallonie-bruxelles-desertees\/wp-content\/uploads\/sites\/103\/2020\/03\/23032020-DSC_4981.jpg\" data-no-retina> \n\t\t\t\t\t\t\t<\/rs-layer><!--\n\n\t\t\t\t\t\t\t--><h1\n\t\t\t\t\t\t\t\tid=\"slider-9-slide-33-layer-6\" \n\t\t\t\t\t\t\t\tclass=\"rs-layer\"\n\t\t\t\t\t\t\t\tdata-type=\"text\"\n\t\t\t\t\t\t\t\tdata-color=\"#000000\"\n\t\t\t\t\t\t\t\tdata-rsp_ch=\"on\"\n\t\t\t\t\t\t\t\tdata-xy=\"x:c;xo:370px;y:c;yo:-191px;\"\n\t\t\t\t\t\t\t\tdata-text=\"w:normal;s:44;l:70;fw:900;a:center;\"\n\t\t\t\t\t\t\t\tdata-dim=\"w:492px;\"\n\t\t\t\t\t\t\t\tdata-frame_0=\"y:50px;\"\n\t\t\t\t\t\t\t\tdata-frame_0_chars=\"d:5;y:10px;\"\n\t\t\t\t\t\t\t\tdata-frame_1=\"st:2500;sp:1000;sR:2500;\"\n\t\t\t\t\t\t\t\tdata-frame_1_chars=\"d:5;\"\n\t\t\t\t\t\t\t\tdata-frame_999=\"o:0;st:w;sR:5500;\"\n\t\t\t\t\t\t\t\tstyle=\"z-index:11;font-family:'Lato';\"\n\t\t\t\t\t\t\t>CHARLEROI<br \/>\n \n\t\t\t\t\t\t\t<\/h1><!--\n\n\t\t\t\t\t\t\t--><rs-layer\n\t\t\t\t\t\t\t\tid=\"slider-9-slide-33-layer-7\" \n\t\t\t\t\t\t\t\tdata-type=\"shape\"\n\t\t\t\t\t\t\t\tdata-bsh=\"c:rgba(0,0,0,0.2);b:10px;s:3px;\"\n\t\t\t\t\t\t\t\tdata-rsp_ch=\"on\"\n\t\t\t\t\t\t\t\tdata-xy=\"x:c;xo:370px;y:c;\"\n\t\t\t\t\t\t\t\tdata-text=\"w:normal;\"\n\t\t\t\t\t\t\t\tdata-dim=\"w:500px;h:500px;\"\n\t\t\t\t\t\t\t\tdata-frame_0=\"sX:0.1;sY:0.1;\"\n\t\t\t\t\t\t\t\tdata-frame_1=\"st:1500;sp:1000;sR:1500;\"\n\t\t\t\t\t\t\t\tdata-frame_999=\"o:0;st:w;sR:6500;\"\n\t\t\t\t\t\t\t\tstyle=\"z-index:9;background-color:rgba(255,255,255,0.9);\"\n\t\t\t\t\t\t\t> \n\t\t\t\t\t\t\t<\/rs-layer><!--\n\n\t\t\t\t\t\t\t--><rs-layer\n\t\t\t\t\t\t\t\tid=\"slider-9-slide-33-layer-8\" \n\t\t\t\t\t\t\t\tdata-type=\"image\"\n\t\t\t\t\t\t\t\tdata-rsp_ch=\"on\"\n\t\t\t\t\t\t\t\tdata-xy=\"x:c;xo:370px;y:c;yo:-140px;\"\n\t\t\t\t\t\t\t\tdata-text=\"w:normal;s:20;\"\n\t\t\t\t\t\t\t\tdata-dim=\"w:350px;h:13px;\"\n\t\t\t\t\t\t\t\tdata-frame_1=\"st:2500;sp:1000;sR:2500;\"\n\t\t\t\t\t\t\t\tdata-frame_999=\"o:0;st:w;sR:5500;\"\n\t\t\t\t\t\t\t\tstyle=\"z-index:10;\"\n\t\t\t\t\t\t\t><img decoding=\"async\" src=\"\/\/grand-angle.lavenir.net\/wallonie-bruxelles-desertees\/wp-content\/plugins\/revslider\/sr6\/assets\/assets\/dummy.png\" alt=\"\" class=\"tp-rs-img rs-lazyload\" width=\"365\" height=\"14\" data-lazyload=\"\/\/grand-angle.lavenir.net\/wallonie-bruxelles-desertees\/wp-content\/uploads\/sites\/103\/2020\/03\/separator-2.png\" data-no-retina> \n\t\t\t\t\t\t\t<\/rs-layer><!--\n\n\t\t\t\t\t\t\t--><rs-layer\n\t\t\t\t\t\t\t\tid=\"slider-9-slide-33-layer-9\" \n\t\t\t\t\t\t\t\tdata-type=\"text\"\n\t\t\t\t\t\t\t\tdata-color=\"#000000\"\n\t\t\t\t\t\t\t\tdata-rsp_ch=\"on\"\n\t\t\t\t\t\t\t\tdata-xy=\"x:c;xo:370px;y:c;yo:77px;\"\n\t\t\t\t\t\t\t\tdata-text=\"w:normal;s:24;l:29;a:center;\"\n\t\t\t\t\t\t\t\tdata-dim=\"w:436px;\"\n\t\t\t\t\t\t\t\tdata-frame_1=\"st:2500;sp:1000;sR:2500;\"\n\t\t\t\t\t\t\t\tdata-frame_999=\"o:0;st:w;sR:5500;\"\n\t\t\t\t\t\t\t\tstyle=\"z-index:12;font-family:'Lustria';\"\n\t\t\t\t\t\t\t>Place Charles II, \u00e0 Charleroi. Les jets d\u2019eau sont \u00e0 l\u2019arr\u00eat. Mais des cris r\u00e9sonnent. Migrants, clodos, barjots, SDF, trainards, les laiss\u00e9s pour compte de la soci\u00e9t\u00e9. Ceux que l\u2019on ne veut habituellement pas voir sont les seuls \u00e0 encore errer dans la ville. Ils tendent la main \u00e0 un hypoth\u00e9tique passant, cherchant un regard, une petite pi\u00e8ce qui leur permettra de tenir jusqu\u2019au soir. Vie d\u2019errance et de solitude exacerb\u00e9e par le confinement.<br \/>\n <br \/>\n \n\t\t\t\t\t\t\t<\/rs-layer><!--\n-->\t\t\t\t\t<\/rs-slide>\n\t\t\t\t\t\t<rs-slide style=\"position: absolute;\" data-key=\"rs-37\" data-title=\"Slide\" data-thumb=\"\/\/grand-angle.lavenir.net\/wallonie-bruxelles-desertees\/wp-content\/uploads\/sites\/103\/2020\/03\/23032020-DSC_4940.jpg\" data-anim=\"ms:1000;r:0;\" data-in=\"o:0;\" data-out=\"a:false;\" data-mediafilter=\"moon\">\n\t\t\t\t\t\t\t<img decoding=\"async\" src=\"\/\/grand-angle.lavenir.net\/wallonie-bruxelles-desertees\/wp-content\/plugins\/revslider\/sr6\/assets\/assets\/dummy.png\" alt=\"Slide\" title=\"Coronavirus &#8211; Road trip dans un pays confin\u00e9\" width=\"2000\" height=\"1335\" class=\"rev-slidebg tp-rs-img rs-lazyload\" data-lazyload=\"\/\/grand-angle.lavenir.net\/wallonie-bruxelles-desertees\/wp-content\/plugins\/revslider\/sr6\/assets\/assets\/transparent.png\" data-no-retina>\n<!--\n\t\t\t\t\t\t\t--><rs-layer\n\t\t\t\t\t\t\t\tid=\"slider-9-slide-37-layer-4\" \n\t\t\t\t\t\t\t\tdata-type=\"image\"\n\t\t\t\t\t\t\t\tdata-rsp_ch=\"on\"\n\t\t\t\t\t\t\t\tdata-xy=\"x:r;y:c;yo:50px;\"\n\t\t\t\t\t\t\t\tdata-text=\"w:normal;\"\n\t\t\t\t\t\t\t\tdata-dim=\"w:1000px;h:668px;\"\n\t\t\t\t\t\t\t\tdata-frame_999=\"o:0;st:w;\"\n\t\t\t\t\t\t\t\tstyle=\"z-index:8;\"\n\t\t\t\t\t\t\t><img decoding=\"async\" src=\"\/\/grand-angle.lavenir.net\/wallonie-bruxelles-desertees\/wp-content\/plugins\/revslider\/sr6\/assets\/assets\/dummy.png\" alt=\"\" class=\"tp-rs-img rs-lazyload\" width=\"2000\" height=\"1335\" data-lazyload=\"\/\/grand-angle.lavenir.net\/wallonie-bruxelles-desertees\/wp-content\/uploads\/sites\/103\/2020\/03\/23032020-DSC_4989.jpg\" data-no-retina> \n\t\t\t\t\t\t\t<\/rs-layer><!--\n\n\t\t\t\t\t\t\t--><rs-layer\n\t\t\t\t\t\t\t\tid=\"slider-9-slide-37-layer-7\" \n\t\t\t\t\t\t\t\tdata-type=\"shape\"\n\t\t\t\t\t\t\t\tdata-bsh=\"c:rgba(0,0,0,0.2);b:9px;s:3px;\"\n\t\t\t\t\t\t\t\tdata-rsp_ch=\"on\"\n\t\t\t\t\t\t\t\tdata-xy=\"y:c;yo:-180px;\"\n\t\t\t\t\t\t\t\tdata-text=\"w:normal;\"\n\t\t\t\t\t\t\t\tdata-dim=\"w:465;h:465;\"\n\t\t\t\t\t\t\t\tdata-frame_0=\"sX:0.1;sY:0.1;\"\n\t\t\t\t\t\t\t\tdata-frame_1=\"st:1500;sp:1000;sR:1500;\"\n\t\t\t\t\t\t\t\tdata-frame_999=\"o:0;st:w;sR:6500;\"\n\t\t\t\t\t\t\t\tstyle=\"z-index:9;background-color:rgba(255,255,255,0.9);\"\n\t\t\t\t\t\t\t> \n\t\t\t\t\t\t\t<\/rs-layer><!--\n\n\t\t\t\t\t\t\t--><rs-layer\n\t\t\t\t\t\t\t\tid=\"slider-9-slide-37-layer-9\" \n\t\t\t\t\t\t\t\tdata-type=\"text\"\n\t\t\t\t\t\t\t\tdata-color=\"#000000\"\n\t\t\t\t\t\t\t\tdata-rsp_ch=\"on\"\n\t\t\t\t\t\t\t\tdata-xy=\"y:c;yo:-180px;\"\n\t\t\t\t\t\t\t\tdata-text=\"w:normal;s:24;l:29;a:center;\"\n\t\t\t\t\t\t\t\tdata-dim=\"w:436px;\"\n\t\t\t\t\t\t\t\tdata-frame_1=\"st:2500;sp:1000;sR:2500;\"\n\t\t\t\t\t\t\t\tdata-frame_999=\"o:0;st:w;sR:5500;\"\n\t\t\t\t\t\t\t\tstyle=\"z-index:12;font-family:'Lustria';\"\n\t\t\t\t\t\t\t>Sur la place du March\u00e9, les mains monumentales de Martin Ankh, dress\u00e9es vers le ciel, laissent entrevoir l\u2019espoir d\u2019un jour meilleur.<br \/>\n \n\t\t\t\t\t\t\t<\/rs-layer><!--\n-->\t\t\t\t\t<\/rs-slide>\n\t\t\t\t\t<\/rs-slides>\n\t\t\t\t<\/rs-module>\n\t\t\t\t<script>\n\t\t\t\t\tsetREVStartSize({c: 'rev_slider_9_6',rl:[1240,1024,768,480],el:[900],gw:[1240],gh:[900],type:'standard',justify:'',layout:'fullwidth',mh:\"0\"});if (window.RS_MODULES!==undefined && window.RS_MODULES.modules!==undefined && window.RS_MODULES.modules[\"revslider96\"]!==undefined) {window.RS_MODULES.modules[\"revslider96\"].once = false;window.revapi9 = undefined;if (window.RS_MODULES.checkMinimal!==undefined) window.RS_MODULES.checkMinimal()}\n\t\t\t\t<\/script>\n\t\t\t<\/rs-module-wrap>\n\t\t\t<!-- END REVOLUTION SLIDER -->\n<\/div>\n<div class=\"fusion-slider-revolution rev_slider_wrapper\">\t\t\t<!-- START mons REVOLUTION SLIDER 6.7.41 --><p class=\"rs-p-wp-fix\"><\/p>\n\t\t\t<rs-module-wrap id=\"rev_slider_11_7_wrapper\" data-source=\"gallery\" style=\"visibility:hidden;background:transparent;padding:0;margin:0px auto;margin-top:0;margin-bottom:0;\">\n\t\t\t\t<rs-module id=\"rev_slider_11_7\" style=\"\" data-version=\"6.7.41\">\n\t\t\t\t\t<rs-slides style=\"overflow: hidden; position: absolute;\">\n\t\t\t\t\t\t<rs-slide style=\"position: absolute;\" data-key=\"rs-38\" data-title=\"Slide\" data-thumb=\"\/\/grand-angle.lavenir.net\/wallonie-bruxelles-desertees\/wp-content\/uploads\/sites\/103\/2020\/03\/23032020-DSC_4940.jpg\" data-anim=\"ms:1000;r:0;\" data-in=\"o:0;\" data-out=\"a:false;\" data-mediafilter=\"moon\">\n\t\t\t\t\t\t\t<img decoding=\"async\" src=\"\/\/grand-angle.lavenir.net\/wallonie-bruxelles-desertees\/wp-content\/plugins\/revslider\/sr6\/assets\/assets\/dummy.png\" alt=\"Slide\" title=\"Coronavirus &#8211; Road trip dans un pays confin\u00e9\" width=\"2000\" height=\"1335\" class=\"rev-slidebg tp-rs-img rs-lazyload\" data-lazyload=\"\/\/grand-angle.lavenir.net\/wallonie-bruxelles-desertees\/wp-content\/plugins\/revslider\/sr6\/assets\/assets\/transparent.png\" data-no-retina>\n<!--\n\t\t\t\t\t\t\t--><rs-layer\n\t\t\t\t\t\t\t\tid=\"slider-11-slide-38-layer-4\" \n\t\t\t\t\t\t\t\tdata-type=\"image\"\n\t\t\t\t\t\t\t\tdata-rsp_ch=\"on\"\n\t\t\t\t\t\t\t\tdata-xy=\"x:240px;y:c;\"\n\t\t\t\t\t\t\t\tdata-text=\"w:normal;\"\n\t\t\t\t\t\t\t\tdata-dim=\"w:1000px;h:668px;\"\n\t\t\t\t\t\t\t\tdata-frame_999=\"o:0;st:w;\"\n\t\t\t\t\t\t\t\tstyle=\"z-index:8;\"\n\t\t\t\t\t\t\t><img decoding=\"async\" src=\"\/\/grand-angle.lavenir.net\/wallonie-bruxelles-desertees\/wp-content\/plugins\/revslider\/sr6\/assets\/assets\/dummy.png\" alt=\"\" class=\"tp-rs-img rs-lazyload\" width=\"2000\" height=\"1335\" data-lazyload=\"\/\/grand-angle.lavenir.net\/wallonie-bruxelles-desertees\/wp-content\/uploads\/sites\/103\/2020\/03\/23032020-DSC_5009.jpg\" data-no-retina> \n\t\t\t\t\t\t\t<\/rs-layer><!--\n\n\t\t\t\t\t\t\t--><h1\n\t\t\t\t\t\t\t\tid=\"slider-11-slide-38-layer-6\" \n\t\t\t\t\t\t\t\tclass=\"rs-layer\"\n\t\t\t\t\t\t\t\tdata-type=\"text\"\n\t\t\t\t\t\t\t\tdata-color=\"#000000\"\n\t\t\t\t\t\t\t\tdata-rsp_ch=\"on\"\n\t\t\t\t\t\t\t\tdata-xy=\"x:c;xo:-333px;y:c;yo:-191px;\"\n\t\t\t\t\t\t\t\tdata-text=\"w:normal;s:44;l:70;fw:900;a:center;\"\n\t\t\t\t\t\t\t\tdata-dim=\"w:492px;\"\n\t\t\t\t\t\t\t\tdata-frame_0=\"y:50px;\"\n\t\t\t\t\t\t\t\tdata-frame_0_chars=\"d:5;y:10px;\"\n\t\t\t\t\t\t\t\tdata-frame_1=\"st:2500;sp:1000;sR:2500;\"\n\t\t\t\t\t\t\t\tdata-frame_1_chars=\"d:5;\"\n\t\t\t\t\t\t\t\tdata-frame_999=\"o:0;st:w;sR:5500;\"\n\t\t\t\t\t\t\t\tstyle=\"z-index:11;font-family:'Lato';\"\n\t\t\t\t\t\t\t>MONS<br \/>\n \n\t\t\t\t\t\t\t<\/h1><!--\n\n\t\t\t\t\t\t\t--><rs-layer\n\t\t\t\t\t\t\t\tid=\"slider-11-slide-38-layer-7\" \n\t\t\t\t\t\t\t\tdata-type=\"shape\"\n\t\t\t\t\t\t\t\tdata-bsh=\"c:rgba(0,0,0,0.2);b:10px;s:3px;\"\n\t\t\t\t\t\t\t\tdata-rsp_ch=\"on\"\n\t\t\t\t\t\t\t\tdata-xy=\"x:c;xo:-333px;y:c;\"\n\t\t\t\t\t\t\t\tdata-text=\"w:normal;\"\n\t\t\t\t\t\t\t\tdata-dim=\"w:500px;h:500px;\"\n\t\t\t\t\t\t\t\tdata-frame_0=\"sX:0.1;sY:0.1;\"\n\t\t\t\t\t\t\t\tdata-frame_1=\"st:1500;sp:1000;sR:1500;\"\n\t\t\t\t\t\t\t\tdata-frame_999=\"o:0;st:w;sR:6500;\"\n\t\t\t\t\t\t\t\tstyle=\"z-index:9;background-color:rgba(255,255,255,0.9);\"\n\t\t\t\t\t\t\t> \n\t\t\t\t\t\t\t<\/rs-layer><!--\n\n\t\t\t\t\t\t\t--><rs-layer\n\t\t\t\t\t\t\t\tid=\"slider-11-slide-38-layer-8\" \n\t\t\t\t\t\t\t\tdata-type=\"image\"\n\t\t\t\t\t\t\t\tdata-rsp_ch=\"on\"\n\t\t\t\t\t\t\t\tdata-xy=\"x:c;xo:-333px;y:c;yo:-140px;\"\n\t\t\t\t\t\t\t\tdata-text=\"w:normal;s:20;\"\n\t\t\t\t\t\t\t\tdata-dim=\"w:350px;h:13px;\"\n\t\t\t\t\t\t\t\tdata-frame_1=\"st:2500;sp:1000;sR:2500;\"\n\t\t\t\t\t\t\t\tdata-frame_999=\"o:0;st:w;sR:5500;\"\n\t\t\t\t\t\t\t\tstyle=\"z-index:10;\"\n\t\t\t\t\t\t\t><img decoding=\"async\" src=\"\/\/grand-angle.lavenir.net\/wallonie-bruxelles-desertees\/wp-content\/plugins\/revslider\/sr6\/assets\/assets\/dummy.png\" alt=\"\" class=\"tp-rs-img rs-lazyload\" width=\"365\" height=\"14\" data-lazyload=\"\/\/grand-angle.lavenir.net\/wallonie-bruxelles-desertees\/wp-content\/uploads\/sites\/103\/2020\/03\/separator-2.png\" data-no-retina> \n\t\t\t\t\t\t\t<\/rs-layer><!--\n\n\t\t\t\t\t\t\t--><rs-layer\n\t\t\t\t\t\t\t\tid=\"slider-11-slide-38-layer-9\" \n\t\t\t\t\t\t\t\tdata-type=\"text\"\n\t\t\t\t\t\t\t\tdata-color=\"#000000\"\n\t\t\t\t\t\t\t\tdata-rsp_ch=\"on\"\n\t\t\t\t\t\t\t\tdata-xy=\"x:c;xo:-333px;y:c;yo:50px;\"\n\t\t\t\t\t\t\t\tdata-text=\"w:normal;s:24;l:29;a:center;\"\n\t\t\t\t\t\t\t\tdata-dim=\"w:436px;\"\n\t\t\t\t\t\t\t\tdata-frame_1=\"st:2500;sp:1000;sR:2500;\"\n\t\t\t\t\t\t\t\tdata-frame_999=\"o:0;st:w;sR:5500;\"\n\t\t\t\t\t\t\t\tstyle=\"z-index:12;font-family:'Lustria';\"\n\t\t\t\t\t\t\t>La cit\u00e9 du Doudou est elle aussi d\u00e9sert\u00e9e. Pas de foule sur les terrasses de la Grand-Place. Les parasols sont ferm\u00e9s et se dressent tels des sentinelles aux aguets.<br \/>\n<br \/>\nLe petit singe, devant l\u2019h\u00f4tel de ville, est affubl\u00e9 d\u2019un masque de protection avec l\u2019inscription \u00ab portez-vous bien \u00bb trac\u00e9e au feutre. \n\t\t\t\t\t\t\t<\/rs-layer><!--\n-->\t\t\t\t\t<\/rs-slide>\n\t\t\t\t\t\t<rs-slide style=\"position: absolute;\" data-key=\"rs-39\" data-title=\"Slide\" data-thumb=\"\/\/grand-angle.lavenir.net\/wallonie-bruxelles-desertees\/wp-content\/uploads\/sites\/103\/2020\/03\/23032020-DSC_5000.jpg\" data-anim=\"ms:1000;r:0;\" data-in=\"o:0;\" data-out=\"a:false;\">\n\t\t\t\t\t\t\t<img decoding=\"async\" src=\"\/\/grand-angle.lavenir.net\/wallonie-bruxelles-desertees\/wp-content\/plugins\/revslider\/sr6\/assets\/assets\/dummy.png\" alt=\"\" title=\"Coronavirus &#8211; Road trip dans un pays confin\u00e9\" width=\"2000\" height=\"1335\" class=\"rev-slidebg tp-rs-img rs-lazyload\" data-lazyload=\"\/\/grand-angle.lavenir.net\/wallonie-bruxelles-desertees\/wp-content\/uploads\/sites\/103\/2020\/03\/23032020-DSC_5000.jpg\" data-no-retina>\n<!---->\t\t\t\t\t<\/rs-slide>\n\t\t\t\t\t\t<rs-slide style=\"position: absolute;\" data-key=\"rs-40\" data-title=\"Slide\" data-thumb=\"\/\/grand-angle.lavenir.net\/wallonie-bruxelles-desertees\/wp-content\/uploads\/sites\/103\/2020\/03\/23032020-DSC_4996.jpg\" data-anim=\"ms:1000;r:0;\" data-in=\"o:0;\" data-out=\"a:false;\">\n\t\t\t\t\t\t\t<img decoding=\"async\" src=\"\/\/grand-angle.lavenir.net\/wallonie-bruxelles-desertees\/wp-content\/plugins\/revslider\/sr6\/assets\/assets\/dummy.png\" alt=\"\" title=\"Coronavirus &#8211; Road trip dans un pays confin\u00e9\" width=\"2000\" height=\"1335\" class=\"rev-slidebg tp-rs-img rs-lazyload\" data-lazyload=\"\/\/grand-angle.lavenir.net\/wallonie-bruxelles-desertees\/wp-content\/uploads\/sites\/103\/2020\/03\/23032020-DSC_4996.jpg\" data-no-retina>\n<!---->\t\t\t\t\t<\/rs-slide>\n\t\t\t\t\t<\/rs-slides>\n\t\t\t\t<\/rs-module>\n\t\t\t\t<script>\n\t\t\t\t\tsetREVStartSize({c: 'rev_slider_11_7',rl:[1240,1024,768,480],el:[900],gw:[1240],gh:[900],type:'standard',justify:'',layout:'fullwidth',mh:\"0\"});if (window.RS_MODULES!==undefined && window.RS_MODULES.modules!==undefined && window.RS_MODULES.modules[\"revslider117\"]!==undefined) {window.RS_MODULES.modules[\"revslider117\"].once = false;window.revapi11 = undefined;if (window.RS_MODULES.checkMinimal!==undefined) window.RS_MODULES.checkMinimal()}\n\t\t\t\t<\/script>\n\t\t\t<\/rs-module-wrap>\n\t\t\t<!-- END REVOLUTION SLIDER -->\n<\/div>\n<div class=\"fusion-slider-revolution rev_slider_wrapper\">\t\t\t<!-- START tournai REVOLUTION SLIDER 6.7.41 --><p class=\"rs-p-wp-fix\"><\/p>\n\t\t\t<rs-module-wrap id=\"rev_slider_12_8_wrapper\" data-source=\"gallery\" style=\"visibility:hidden;background:transparent;padding:0;margin:0px auto;margin-top:0;margin-bottom:0;\">\n\t\t\t\t<rs-module id=\"rev_slider_12_8\" style=\"\" data-version=\"6.7.41\">\n\t\t\t\t\t<rs-slides style=\"overflow: hidden; position: absolute;\">\n\t\t\t\t\t\t<rs-slide style=\"position: absolute;\" data-key=\"rs-41\" data-title=\"Slide\" data-thumb=\"\/\/grand-angle.lavenir.net\/wallonie-bruxelles-desertees\/wp-content\/uploads\/sites\/103\/2020\/03\/23032020-DSC_4940.jpg\" data-anim=\"ms:1000;r:0;\" data-in=\"o:0;\" data-out=\"a:false;\" data-mediafilter=\"moon\">\n\t\t\t\t\t\t\t<img decoding=\"async\" src=\"\/\/grand-angle.lavenir.net\/wallonie-bruxelles-desertees\/wp-content\/plugins\/revslider\/sr6\/assets\/assets\/dummy.png\" alt=\"Slide\" title=\"Coronavirus &#8211; Road trip dans un pays confin\u00e9\" width=\"2000\" height=\"1335\" class=\"rev-slidebg tp-rs-img rs-lazyload\" data-lazyload=\"\/\/grand-angle.lavenir.net\/wallonie-bruxelles-desertees\/wp-content\/plugins\/revslider\/sr6\/assets\/assets\/transparent.png\" data-no-retina>\n<!--\n\t\t\t\t\t\t\t--><rs-layer\n\t\t\t\t\t\t\t\tid=\"slider-12-slide-41-layer-4\" \n\t\t\t\t\t\t\t\tdata-type=\"image\"\n\t\t\t\t\t\t\t\tdata-rsp_ch=\"on\"\n\t\t\t\t\t\t\t\tdata-xy=\"y:c;\"\n\t\t\t\t\t\t\t\tdata-text=\"w:normal;\"\n\t\t\t\t\t\t\t\tdata-dim=\"w:1000px;h:668px;\"\n\t\t\t\t\t\t\t\tdata-frame_999=\"o:0;st:w;\"\n\t\t\t\t\t\t\t\tstyle=\"z-index:8;\"\n\t\t\t\t\t\t\t><img decoding=\"async\" src=\"\/\/grand-angle.lavenir.net\/wallonie-bruxelles-desertees\/wp-content\/plugins\/revslider\/sr6\/assets\/assets\/dummy.png\" alt=\"\" class=\"tp-rs-img rs-lazyload\" width=\"2000\" height=\"1335\" data-lazyload=\"\/\/grand-angle.lavenir.net\/wallonie-bruxelles-desertees\/wp-content\/uploads\/sites\/103\/2020\/03\/23032020-DSC_5014.jpg\" data-no-retina> \n\t\t\t\t\t\t\t<\/rs-layer><!--\n\n\t\t\t\t\t\t\t--><h1\n\t\t\t\t\t\t\t\tid=\"slider-12-slide-41-layer-6\" \n\t\t\t\t\t\t\t\tclass=\"rs-layer\"\n\t\t\t\t\t\t\t\tdata-type=\"text\"\n\t\t\t\t\t\t\t\tdata-color=\"#000000\"\n\t\t\t\t\t\t\t\tdata-rsp_ch=\"on\"\n\t\t\t\t\t\t\t\tdata-xy=\"x:c;xo:370px;y:c;yo:-198px;\"\n\t\t\t\t\t\t\t\tdata-text=\"w:normal;s:44;l:70;fw:900;a:center;\"\n\t\t\t\t\t\t\t\tdata-dim=\"w:492px;\"\n\t\t\t\t\t\t\t\tdata-frame_0=\"y:50px;\"\n\t\t\t\t\t\t\t\tdata-frame_0_chars=\"d:5;y:10px;\"\n\t\t\t\t\t\t\t\tdata-frame_1=\"st:2500;sp:1000;sR:2500;\"\n\t\t\t\t\t\t\t\tdata-frame_1_chars=\"d:5;\"\n\t\t\t\t\t\t\t\tdata-frame_999=\"o:0;st:w;sR:5500;\"\n\t\t\t\t\t\t\t\tstyle=\"z-index:11;font-family:'Lato';\"\n\t\t\t\t\t\t\t>TOURNAI<br \/>\n \n\t\t\t\t\t\t\t<\/h1><!--\n\n\t\t\t\t\t\t\t--><rs-layer\n\t\t\t\t\t\t\t\tid=\"slider-12-slide-41-layer-7\" \n\t\t\t\t\t\t\t\tdata-type=\"shape\"\n\t\t\t\t\t\t\t\tdata-bsh=\"c:rgba(0,0,0,0.2);b:10px;s:3px;\"\n\t\t\t\t\t\t\t\tdata-rsp_ch=\"on\"\n\t\t\t\t\t\t\t\tdata-xy=\"x:c;xo:370px;y:c;\"\n\t\t\t\t\t\t\t\tdata-text=\"w:normal;\"\n\t\t\t\t\t\t\t\tdata-dim=\"w:500px;h:500px;\"\n\t\t\t\t\t\t\t\tdata-frame_0=\"sX:0.1;sY:0.1;\"\n\t\t\t\t\t\t\t\tdata-frame_1=\"st:1500;sp:1000;sR:1500;\"\n\t\t\t\t\t\t\t\tdata-frame_999=\"o:0;st:w;sR:6500;\"\n\t\t\t\t\t\t\t\tstyle=\"z-index:9;background-color:rgba(255,255,255,0.9);\"\n\t\t\t\t\t\t\t> \n\t\t\t\t\t\t\t<\/rs-layer><!--\n\n\t\t\t\t\t\t\t--><rs-layer\n\t\t\t\t\t\t\t\tid=\"slider-12-slide-41-layer-8\" \n\t\t\t\t\t\t\t\tdata-type=\"image\"\n\t\t\t\t\t\t\t\tdata-rsp_ch=\"on\"\n\t\t\t\t\t\t\t\tdata-xy=\"x:c;xo:370px;y:c;yo:-155px;\"\n\t\t\t\t\t\t\t\tdata-text=\"w:normal;s:20;\"\n\t\t\t\t\t\t\t\tdata-dim=\"w:350px;h:13px;\"\n\t\t\t\t\t\t\t\tdata-frame_1=\"st:2500;sp:1000;sR:2500;\"\n\t\t\t\t\t\t\t\tdata-frame_999=\"o:0;st:w;sR:5500;\"\n\t\t\t\t\t\t\t\tstyle=\"z-index:10;\"\n\t\t\t\t\t\t\t><img decoding=\"async\" src=\"\/\/grand-angle.lavenir.net\/wallonie-bruxelles-desertees\/wp-content\/plugins\/revslider\/sr6\/assets\/assets\/dummy.png\" alt=\"\" class=\"tp-rs-img rs-lazyload\" width=\"365\" height=\"14\" data-lazyload=\"\/\/grand-angle.lavenir.net\/wallonie-bruxelles-desertees\/wp-content\/uploads\/sites\/103\/2020\/03\/separator-2.png\" data-no-retina> \n\t\t\t\t\t\t\t<\/rs-layer><!--\n\n\t\t\t\t\t\t\t--><rs-layer\n\t\t\t\t\t\t\t\tid=\"slider-12-slide-41-layer-9\" \n\t\t\t\t\t\t\t\tdata-type=\"text\"\n\t\t\t\t\t\t\t\tdata-color=\"#000000\"\n\t\t\t\t\t\t\t\tdata-rsp_ch=\"on\"\n\t\t\t\t\t\t\t\tdata-xy=\"x:c;xo:370px;y:c;yo:50px;\"\n\t\t\t\t\t\t\t\tdata-text=\"w:normal;s:24;l:29;a:center;\"\n\t\t\t\t\t\t\t\tdata-dim=\"w:436px;\"\n\t\t\t\t\t\t\t\tdata-frame_1=\"st:2500;sp:1000;sR:2500;\"\n\t\t\t\t\t\t\t\tdata-frame_999=\"o:0;st:w;sR:5500;\"\n\t\t\t\t\t\t\t\tstyle=\"z-index:12;font-family:'Lustria';\"\n\t\t\t\t\t\t\t>Autre Grand-Place, autre grand espace d\u2019errance et de solitude. Celle de Tournai, \u00e0 l\u2019ombre des cinq clochers de Notre Dame, laisse se perdre le regard sur ses fa\u00e7ades \u00e0 l\u2019abandon. Sur son socle, la statue de Christine de Lalaing a elle aussi son petit masque chirurgical.<br \/>\n<br \/>\nAvec son chapeau \u00e0 clochettes et sa cape ocre, la fi\u00e8re princesse semble d\u00e9fier le virus qui s\u00e9vit \u00e0 travers le monde. \n\t\t\t\t\t\t\t<\/rs-layer><!--\n-->\t\t\t\t\t<\/rs-slide>\n\t\t\t\t\t\t<rs-slide style=\"position: absolute;\" data-key=\"rs-44\" data-title=\"Slide\" data-thumb=\"\/\/grand-angle.lavenir.net\/wallonie-bruxelles-desertees\/wp-content\/uploads\/sites\/103\/2020\/03\/23032020-DSC_5011.jpg\" data-anim=\"ms:1000;r:0;\" data-in=\"o:0;\" data-out=\"a:false;\">\n\t\t\t\t\t\t\t<img decoding=\"async\" src=\"\/\/grand-angle.lavenir.net\/wallonie-bruxelles-desertees\/wp-content\/plugins\/revslider\/sr6\/assets\/assets\/dummy.png\" alt=\"\" title=\"La Belgique confin\u00e9e\" class=\"rev-slidebg tp-rs-img rs-lazyload\" data-lazyload=\"\/\/grand-angle.lavenir.net\/wallonie-bruxelles-desertees\/wp-content\/uploads\/sites\/103\/2020\/03\/23032020-DSC_5011.jpg\" data-no-retina>\n<!---->\t\t\t\t\t<\/rs-slide>\n\t\t\t\t\t\t<rs-slide style=\"position: absolute;\" data-key=\"rs-45\" data-title=\"Slide\" data-thumb=\"\/\/grand-angle.lavenir.net\/wallonie-bruxelles-desertees\/wp-content\/uploads\/sites\/103\/2020\/03\/23032020-DSC_5013.jpg\" data-anim=\"ms:1000;r:0;\" data-in=\"o:0;\" data-out=\"a:false;\">\n\t\t\t\t\t\t\t<img decoding=\"async\" src=\"\/\/grand-angle.lavenir.net\/wallonie-bruxelles-desertees\/wp-content\/plugins\/revslider\/sr6\/assets\/assets\/dummy.png\" alt=\"\" title=\"La Belgique confin\u00e9e\" class=\"rev-slidebg tp-rs-img rs-lazyload\" data-lazyload=\"\/\/grand-angle.lavenir.net\/wallonie-bruxelles-desertees\/wp-content\/uploads\/sites\/103\/2020\/03\/23032020-DSC_5013.jpg\" data-no-retina>\n<!---->\t\t\t\t\t<\/rs-slide>\n\t\t\t\t\t\t<rs-slide style=\"position: absolute;\" data-key=\"rs-46\" data-title=\"Slide\" data-thumb=\"\/\/grand-angle.lavenir.net\/wallonie-bruxelles-desertees\/wp-content\/uploads\/sites\/103\/2020\/03\/23032020-DSC_5017.jpg\" data-anim=\"ms:1000;r:0;\" data-in=\"o:0;\" data-out=\"a:false;\">\n\t\t\t\t\t\t\t<img decoding=\"async\" src=\"\/\/grand-angle.lavenir.net\/wallonie-bruxelles-desertees\/wp-content\/plugins\/revslider\/sr6\/assets\/assets\/dummy.png\" alt=\"\" title=\"La Belgique confin\u00e9e\" class=\"rev-slidebg tp-rs-img rs-lazyload\" data-lazyload=\"\/\/grand-angle.lavenir.net\/wallonie-bruxelles-desertees\/wp-content\/uploads\/sites\/103\/2020\/03\/23032020-DSC_5017.jpg\" data-no-retina>\n<!---->\t\t\t\t\t<\/rs-slide>\n\t\t\t\t\t\t<rs-slide style=\"position: absolute;\" data-key=\"rs-47\" data-title=\"Slide\" data-thumb=\"\/\/grand-angle.lavenir.net\/wallonie-bruxelles-desertees\/wp-content\/uploads\/sites\/103\/2020\/03\/23032020-DSC_5020.jpg\" data-anim=\"ms:1000;r:0;\" data-in=\"o:0;\" data-out=\"a:false;\">\n\t\t\t\t\t\t\t<img decoding=\"async\" src=\"\/\/grand-angle.lavenir.net\/wallonie-bruxelles-desertees\/wp-content\/plugins\/revslider\/sr6\/assets\/assets\/dummy.png\" alt=\"\" title=\"La Belgique confin\u00e9e\" class=\"rev-slidebg tp-rs-img rs-lazyload\" data-lazyload=\"\/\/grand-angle.lavenir.net\/wallonie-bruxelles-desertees\/wp-content\/uploads\/sites\/103\/2020\/03\/23032020-DSC_5020.jpg\" data-no-retina>\n<!---->\t\t\t\t\t<\/rs-slide>\n\t\t\t\t\t\t<rs-slide style=\"position: absolute;\" data-key=\"rs-48\" data-title=\"Slide\" data-thumb=\"\/\/grand-angle.lavenir.net\/wallonie-bruxelles-desertees\/wp-content\/uploads\/sites\/103\/2020\/03\/23032020-DSC_5025.jpg\" data-anim=\"ms:1000;r:0;\" data-in=\"o:0;\" data-out=\"a:false;\">\n\t\t\t\t\t\t\t<img decoding=\"async\" src=\"\/\/grand-angle.lavenir.net\/wallonie-bruxelles-desertees\/wp-content\/plugins\/revslider\/sr6\/assets\/assets\/dummy.png\" alt=\"\" title=\"La Belgique confin\u00e9e\" class=\"rev-slidebg tp-rs-img rs-lazyload\" data-lazyload=\"\/\/grand-angle.lavenir.net\/wallonie-bruxelles-desertees\/wp-content\/uploads\/sites\/103\/2020\/03\/23032020-DSC_5025.jpg\" data-no-retina>\n<!---->\t\t\t\t\t<\/rs-slide>\n\t\t\t\t\t\t<rs-slide style=\"position: absolute;\" data-key=\"rs-49\" data-title=\"Slide\" data-thumb=\"\/\/grand-angle.lavenir.net\/wallonie-bruxelles-desertees\/wp-content\/uploads\/sites\/103\/2020\/03\/23032020-DSC_5026.jpg\" data-anim=\"ms:1000;r:0;\" data-in=\"o:0;\" data-out=\"a:false;\">\n\t\t\t\t\t\t\t<img decoding=\"async\" src=\"\/\/grand-angle.lavenir.net\/wallonie-bruxelles-desertees\/wp-content\/plugins\/revslider\/sr6\/assets\/assets\/dummy.png\" alt=\"\" title=\"La Belgique confin\u00e9e\" class=\"rev-slidebg tp-rs-img rs-lazyload\" data-lazyload=\"\/\/grand-angle.lavenir.net\/wallonie-bruxelles-desertees\/wp-content\/uploads\/sites\/103\/2020\/03\/23032020-DSC_5026.jpg\" data-bg=\"p:center bottom;\" data-no-retina>\n<!---->\t\t\t\t\t<\/rs-slide>\n\t\t\t\t\t<\/rs-slides>\n\t\t\t\t<\/rs-module>\n\t\t\t\t<script>\n\t\t\t\t\tsetREVStartSize({c: 'rev_slider_12_8',rl:[1240,1024,768,480],el:[900],gw:[1240],gh:[900],type:'standard',justify:'',layout:'fullwidth',mh:\"0\"});if (window.RS_MODULES!==undefined && window.RS_MODULES.modules!==undefined && window.RS_MODULES.modules[\"revslider128\"]!==undefined) {window.RS_MODULES.modules[\"revslider128\"].once = false;window.revapi12 = undefined;if (window.RS_MODULES.checkMinimal!==undefined) window.RS_MODULES.checkMinimal()}\n\t\t\t\t<\/script>\n\t\t\t<\/rs-module-wrap>\n\t\t\t<!-- END REVOLUTION SLIDER -->\n<\/div>\n<div class=\"fusion-slider-revolution rev_slider_wrapper\">\t\t\t<!-- START philippeville REVOLUTION SLIDER 6.7.41 --><p class=\"rs-p-wp-fix\"><\/p>\n\t\t\t<rs-module-wrap id=\"rev_slider_13_9_wrapper\" data-source=\"gallery\" style=\"visibility:hidden;background:transparent;padding:0;margin:0px auto;margin-top:0;margin-bottom:0;\">\n\t\t\t\t<rs-module id=\"rev_slider_13_9\" style=\"\" data-version=\"6.7.41\">\n\t\t\t\t\t<rs-slides style=\"overflow: hidden; position: absolute;\">\n\t\t\t\t\t\t<rs-slide style=\"position: absolute;\" data-key=\"rs-50\" data-title=\"Slide\" data-anim=\"ms:1000;r:0;\" data-in=\"o:0;\" data-out=\"a:false;\" data-mediafilter=\"moon\">\n\t\t\t\t\t\t\t<img decoding=\"async\" src=\"\/\/grand-angle.lavenir.net\/wallonie-bruxelles-desertees\/wp-content\/plugins\/revslider\/sr6\/assets\/assets\/dummy.png\" alt=\"Slide\" title=\"Coronavirus &#8211; Road trip dans un pays confin\u00e9\" width=\"2000\" height=\"1335\" class=\"rev-slidebg tp-rs-img rs-lazyload\" data-lazyload=\"\/\/grand-angle.lavenir.net\/wallonie-bruxelles-desertees\/wp-content\/plugins\/revslider\/sr6\/assets\/assets\/transparent.png\" data-no-retina>\n<!--\n\t\t\t\t\t\t\t--><rs-layer\n\t\t\t\t\t\t\t\tid=\"slider-13-slide-50-layer-4\" \n\t\t\t\t\t\t\t\tdata-type=\"image\"\n\t\t\t\t\t\t\t\tdata-rsp_ch=\"on\"\n\t\t\t\t\t\t\t\tdata-xy=\"x:240px;y:c;\"\n\t\t\t\t\t\t\t\tdata-text=\"w:normal;\"\n\t\t\t\t\t\t\t\tdata-dim=\"w:1000px;h:668px;\"\n\t\t\t\t\t\t\t\tdata-frame_999=\"o:0;st:w;\"\n\t\t\t\t\t\t\t\tstyle=\"z-index:8;\"\n\t\t\t\t\t\t\t><img decoding=\"async\" src=\"\/\/grand-angle.lavenir.net\/wallonie-bruxelles-desertees\/wp-content\/plugins\/revslider\/sr6\/assets\/assets\/dummy.png\" alt=\"\" class=\"tp-rs-img rs-lazyload\" width=\"2000\" height=\"1335\" data-lazyload=\"\/\/grand-angle.lavenir.net\/wallonie-bruxelles-desertees\/wp-content\/uploads\/sites\/103\/2020\/03\/23032020-DSC_5030.jpg\" data-no-retina> \n\t\t\t\t\t\t\t<\/rs-layer><!--\n\n\t\t\t\t\t\t\t--><h1\n\t\t\t\t\t\t\t\tid=\"slider-13-slide-50-layer-6\" \n\t\t\t\t\t\t\t\tclass=\"rs-layer\"\n\t\t\t\t\t\t\t\tdata-type=\"text\"\n\t\t\t\t\t\t\t\tdata-color=\"#000000\"\n\t\t\t\t\t\t\t\tdata-rsp_ch=\"on\"\n\t\t\t\t\t\t\t\tdata-xy=\"x:c;xo:-333px;y:c;yo:-171px;\"\n\t\t\t\t\t\t\t\tdata-text=\"w:normal;s:44;l:70;fw:900;a:center;\"\n\t\t\t\t\t\t\t\tdata-dim=\"w:492px;\"\n\t\t\t\t\t\t\t\tdata-frame_0=\"y:50px;\"\n\t\t\t\t\t\t\t\tdata-frame_0_chars=\"d:5;y:10px;\"\n\t\t\t\t\t\t\t\tdata-frame_1=\"st:2500;sp:1000;sR:2500;\"\n\t\t\t\t\t\t\t\tdata-frame_1_chars=\"d:5;\"\n\t\t\t\t\t\t\t\tdata-frame_999=\"o:0;st:w;sR:5500;\"\n\t\t\t\t\t\t\t\tstyle=\"z-index:11;font-family:'Lato';\"\n\t\t\t\t\t\t\t>PHILIPPEVILLE<br \/>\n \n\t\t\t\t\t\t\t<\/h1><!--\n\n\t\t\t\t\t\t\t--><rs-layer\n\t\t\t\t\t\t\t\tid=\"slider-13-slide-50-layer-7\" \n\t\t\t\t\t\t\t\tdata-type=\"shape\"\n\t\t\t\t\t\t\t\tdata-bsh=\"c:rgba(0,0,0,0.2);b:10px;s:3px;\"\n\t\t\t\t\t\t\t\tdata-rsp_ch=\"on\"\n\t\t\t\t\t\t\t\tdata-xy=\"x:c;xo:-333px;y:c;\"\n\t\t\t\t\t\t\t\tdata-text=\"w:normal;\"\n\t\t\t\t\t\t\t\tdata-dim=\"w:500px;h:500px;\"\n\t\t\t\t\t\t\t\tdata-frame_0=\"sX:0.1;sY:0.1;\"\n\t\t\t\t\t\t\t\tdata-frame_1=\"st:1500;sp:1000;sR:1500;\"\n\t\t\t\t\t\t\t\tdata-frame_999=\"o:0;st:w;sR:6500;\"\n\t\t\t\t\t\t\t\tstyle=\"z-index:9;background-color:rgba(255,255,255,0.9);\"\n\t\t\t\t\t\t\t> \n\t\t\t\t\t\t\t<\/rs-layer><!--\n\n\t\t\t\t\t\t\t--><rs-layer\n\t\t\t\t\t\t\t\tid=\"slider-13-slide-50-layer-8\" \n\t\t\t\t\t\t\t\tdata-type=\"image\"\n\t\t\t\t\t\t\t\tdata-rsp_ch=\"on\"\n\t\t\t\t\t\t\t\tdata-xy=\"x:c;xo:-333px;y:c;yo:-120px;\"\n\t\t\t\t\t\t\t\tdata-text=\"w:normal;s:20;\"\n\t\t\t\t\t\t\t\tdata-dim=\"w:350px;h:13px;\"\n\t\t\t\t\t\t\t\tdata-frame_1=\"st:2500;sp:1000;sR:2500;\"\n\t\t\t\t\t\t\t\tdata-frame_999=\"o:0;st:w;sR:5500;\"\n\t\t\t\t\t\t\t\tstyle=\"z-index:10;\"\n\t\t\t\t\t\t\t><img decoding=\"async\" src=\"\/\/grand-angle.lavenir.net\/wallonie-bruxelles-desertees\/wp-content\/plugins\/revslider\/sr6\/assets\/assets\/dummy.png\" alt=\"\" class=\"tp-rs-img rs-lazyload\" width=\"365\" height=\"14\" data-lazyload=\"\/\/grand-angle.lavenir.net\/wallonie-bruxelles-desertees\/wp-content\/uploads\/sites\/103\/2020\/03\/separator-2.png\" data-no-retina> \n\t\t\t\t\t\t\t<\/rs-layer><!--\n\n\t\t\t\t\t\t\t--><rs-layer\n\t\t\t\t\t\t\t\tid=\"slider-13-slide-50-layer-9\" \n\t\t\t\t\t\t\t\tdata-type=\"text\"\n\t\t\t\t\t\t\t\tdata-color=\"#000000\"\n\t\t\t\t\t\t\t\tdata-rsp_ch=\"on\"\n\t\t\t\t\t\t\t\tdata-xy=\"x:c;xo:-333px;y:c;yo:50px;\"\n\t\t\t\t\t\t\t\tdata-text=\"w:normal;s:24;l:29;a:center;\"\n\t\t\t\t\t\t\t\tdata-dim=\"w:436px;\"\n\t\t\t\t\t\t\t\tdata-frame_1=\"st:2500;sp:1000;sR:2500;\"\n\t\t\t\t\t\t\t\tdata-frame_999=\"o:0;st:w;sR:5500;\"\n\t\t\t\t\t\t\t\tstyle=\"z-index:12;font-family:'Lustria';\"\n\t\t\t\t\t\t\t>Le grand huit \u00e0 travers la Wallonie se poursuit, avant de repasser par Namur, petit d\u00e9tour par Philippeville. <br \/>\n<br \/>\nAu milieu des travaux, des tas de dolomies et de sable, la Grand-Place fait peine \u00e0 voir. \n\t\t\t\t\t\t\t<\/rs-layer><!--\n-->\t\t\t\t\t<\/rs-slide>\n\t\t\t\t\t<\/rs-slides>\n\t\t\t\t<\/rs-module>\n\t\t\t\t<script>\n\t\t\t\t\tsetREVStartSize({c: 'rev_slider_13_9',rl:[1240,1024,768,480],el:[900],gw:[1240],gh:[900],type:'standard',justify:'',layout:'fullwidth',mh:\"0\"});if (window.RS_MODULES!==undefined && window.RS_MODULES.modules!==undefined && window.RS_MODULES.modules[\"revslider139\"]!==undefined) {window.RS_MODULES.modules[\"revslider139\"].once = false;window.revapi13 = undefined;if (window.RS_MODULES.checkMinimal!==undefined) window.RS_MODULES.checkMinimal()}\n\t\t\t\t<\/script>\n\t\t\t<\/rs-module-wrap>\n\t\t\t<!-- END REVOLUTION SLIDER -->\n<\/div>\n<div class=\"fusion-slider-revolution rev_slider_wrapper\">\t\t\t<!-- START huy REVOLUTION SLIDER 6.7.41 --><p class=\"rs-p-wp-fix\"><\/p>\n\t\t\t<rs-module-wrap id=\"rev_slider_14_10_wrapper\" data-source=\"gallery\" style=\"visibility:hidden;background:transparent;padding:0;margin:0px auto;margin-top:0;margin-bottom:0;\">\n\t\t\t\t<rs-module id=\"rev_slider_14_10\" style=\"\" data-version=\"6.7.41\">\n\t\t\t\t\t<rs-slides style=\"overflow: hidden; position: absolute;\">\n\t\t\t\t\t\t<rs-slide style=\"position: absolute;\" data-key=\"rs-53\" data-title=\"Slide\" data-thumb=\"\/\/grand-angle.lavenir.net\/wallonie-bruxelles-desertees\/wp-content\/uploads\/sites\/103\/2020\/03\/23032020-DSC_4940.jpg\" data-anim=\"ms:1000;r:0;\" data-in=\"o:0;\" data-out=\"a:false;\" data-mediafilter=\"moon\">\n\t\t\t\t\t\t\t<img decoding=\"async\" src=\"\/\/grand-angle.lavenir.net\/wallonie-bruxelles-desertees\/wp-content\/plugins\/revslider\/sr6\/assets\/assets\/dummy.png\" alt=\"Slide\" title=\"Coronavirus &#8211; Road trip dans un pays confin\u00e9\" width=\"2000\" height=\"1335\" class=\"rev-slidebg tp-rs-img rs-lazyload\" data-lazyload=\"\/\/grand-angle.lavenir.net\/wallonie-bruxelles-desertees\/wp-content\/plugins\/revslider\/sr6\/assets\/assets\/transparent.png\" data-no-retina>\n<!--\n\t\t\t\t\t\t\t--><rs-layer\n\t\t\t\t\t\t\t\tid=\"slider-14-slide-53-layer-4\" \n\t\t\t\t\t\t\t\tdata-type=\"image\"\n\t\t\t\t\t\t\t\tdata-rsp_ch=\"on\"\n\t\t\t\t\t\t\t\tdata-xy=\"y:c;\"\n\t\t\t\t\t\t\t\tdata-text=\"w:normal;\"\n\t\t\t\t\t\t\t\tdata-dim=\"w:1000px;h:668px;\"\n\t\t\t\t\t\t\t\tdata-frame_999=\"o:0;st:w;\"\n\t\t\t\t\t\t\t\tstyle=\"z-index:8;\"\n\t\t\t\t\t\t\t><img decoding=\"async\" src=\"\/\/grand-angle.lavenir.net\/wallonie-bruxelles-desertees\/wp-content\/plugins\/revslider\/sr6\/assets\/assets\/dummy.png\" alt=\"\" class=\"tp-rs-img rs-lazyload\" width=\"2000\" height=\"1335\" data-lazyload=\"\/\/grand-angle.lavenir.net\/wallonie-bruxelles-desertees\/wp-content\/uploads\/sites\/103\/2020\/03\/Huy-6.jpg\" data-no-retina> \n\t\t\t\t\t\t\t<\/rs-layer><!--\n\n\t\t\t\t\t\t\t--><h1\n\t\t\t\t\t\t\t\tid=\"slider-14-slide-53-layer-6\" \n\t\t\t\t\t\t\t\tclass=\"rs-layer\"\n\t\t\t\t\t\t\t\tdata-type=\"text\"\n\t\t\t\t\t\t\t\tdata-color=\"#000000\"\n\t\t\t\t\t\t\t\tdata-rsp_ch=\"on\"\n\t\t\t\t\t\t\t\tdata-xy=\"x:c;xo:370px;y:c;yo:-185px;\"\n\t\t\t\t\t\t\t\tdata-text=\"w:normal;s:44;l:70;fw:900;a:center;\"\n\t\t\t\t\t\t\t\tdata-dim=\"w:492px;\"\n\t\t\t\t\t\t\t\tdata-frame_0=\"y:50px;\"\n\t\t\t\t\t\t\t\tdata-frame_0_chars=\"d:5;y:10px;\"\n\t\t\t\t\t\t\t\tdata-frame_1=\"st:2500;sp:1000;sR:2500;\"\n\t\t\t\t\t\t\t\tdata-frame_1_chars=\"d:5;\"\n\t\t\t\t\t\t\t\tdata-frame_999=\"o:0;st:w;sR:5500;\"\n\t\t\t\t\t\t\t\tstyle=\"z-index:11;font-family:'Lato';\"\n\t\t\t\t\t\t\t>HUY<br \/>\n \n\t\t\t\t\t\t\t<\/h1><!--\n\n\t\t\t\t\t\t\t--><rs-layer\n\t\t\t\t\t\t\t\tid=\"slider-14-slide-53-layer-7\" \n\t\t\t\t\t\t\t\tdata-type=\"shape\"\n\t\t\t\t\t\t\t\tdata-bsh=\"c:rgba(0,0,0,0.2);b:10px;s:3px;\"\n\t\t\t\t\t\t\t\tdata-rsp_ch=\"on\"\n\t\t\t\t\t\t\t\tdata-xy=\"x:c;xo:370px;y:c;\"\n\t\t\t\t\t\t\t\tdata-text=\"w:normal;\"\n\t\t\t\t\t\t\t\tdata-dim=\"w:500px;h:500px;\"\n\t\t\t\t\t\t\t\tdata-frame_0=\"sX:0.1;sY:0.1;\"\n\t\t\t\t\t\t\t\tdata-frame_1=\"st:1500;sp:1000;sR:1500;\"\n\t\t\t\t\t\t\t\tdata-frame_999=\"o:0;st:w;sR:6500;\"\n\t\t\t\t\t\t\t\tstyle=\"z-index:9;background-color:rgba(255,255,255,0.9);\"\n\t\t\t\t\t\t\t> \n\t\t\t\t\t\t\t<\/rs-layer><!--\n\n\t\t\t\t\t\t\t--><rs-layer\n\t\t\t\t\t\t\t\tid=\"slider-14-slide-53-layer-8\" \n\t\t\t\t\t\t\t\tdata-type=\"image\"\n\t\t\t\t\t\t\t\tdata-rsp_ch=\"on\"\n\t\t\t\t\t\t\t\tdata-xy=\"x:c;xo:370px;y:c;yo:-132px;\"\n\t\t\t\t\t\t\t\tdata-text=\"w:normal;s:20;\"\n\t\t\t\t\t\t\t\tdata-dim=\"w:350px;h:13px;\"\n\t\t\t\t\t\t\t\tdata-frame_1=\"st:2500;sp:1000;sR:2500;\"\n\t\t\t\t\t\t\t\tdata-frame_999=\"o:0;st:w;sR:5500;\"\n\t\t\t\t\t\t\t\tstyle=\"z-index:10;\"\n\t\t\t\t\t\t\t><img decoding=\"async\" src=\"\/\/grand-angle.lavenir.net\/wallonie-bruxelles-desertees\/wp-content\/plugins\/revslider\/sr6\/assets\/assets\/dummy.png\" alt=\"\" class=\"tp-rs-img rs-lazyload\" width=\"365\" height=\"14\" data-lazyload=\"\/\/grand-angle.lavenir.net\/wallonie-bruxelles-desertees\/wp-content\/uploads\/sites\/103\/2020\/03\/separator-2.png\" data-no-retina> \n\t\t\t\t\t\t\t<\/rs-layer><!--\n\n\t\t\t\t\t\t\t--><rs-layer\n\t\t\t\t\t\t\t\tid=\"slider-14-slide-53-layer-9\" \n\t\t\t\t\t\t\t\tdata-type=\"text\"\n\t\t\t\t\t\t\t\tdata-color=\"#000000\"\n\t\t\t\t\t\t\t\tdata-rsp_ch=\"on\"\n\t\t\t\t\t\t\t\tdata-xy=\"x:c;xo:370px;y:c;yo:55px;\"\n\t\t\t\t\t\t\t\tdata-text=\"w:normal;s:24;l:29;a:center;\"\n\t\t\t\t\t\t\t\tdata-dim=\"w:436px;\"\n\t\t\t\t\t\t\t\tdata-frame_1=\"st:2500;sp:1000;sR:2500;\"\n\t\t\t\t\t\t\t\tdata-frame_999=\"o:0;st:w;sR:5500;\"\n\t\t\t\t\t\t\t\tstyle=\"z-index:12;font-family:'Lustria';\"\n\t\t\t\t\t\t\t>Deuxi\u00e8me jour de ce roadtrip, la boucle \u00ab est et sud \u00bb d\u00e9marre \u00e0 Huy. L\u00e0 aussi, le carillon de l\u2019h\u00f4tel de ville apporte un peu de gaiet\u00e9. Devant la boulangerie de la rue du Pont des Cha\u00eenes, quatre clients attendent leur tour, sur le trottoir. Ils respectent scrupuleusement la distanciation sociale. Pas de paroles, peu d\u2019\u00e9change. Chacun n\u2019attend qu\u2019une chose : pouvoir rentrer chez soi. \n\t\t\t\t\t\t\t<\/rs-layer><!--\n-->\t\t\t\t\t<\/rs-slide>\n\t\t\t\t\t\t<rs-slide style=\"position: absolute;\" data-key=\"rs-61\" data-title=\"Slide\" data-thumb=\"\/\/grand-angle.lavenir.net\/wallonie-bruxelles-desertees\/wp-content\/uploads\/sites\/103\/2020\/03\/23032020-DSC_4940.jpg\" data-anim=\"ms:1000;r:0;\" data-in=\"o:0;\" data-out=\"a:false;\" data-mediafilter=\"moon\">\n\t\t\t\t\t\t\t<img decoding=\"async\" src=\"\/\/grand-angle.lavenir.net\/wallonie-bruxelles-desertees\/wp-content\/plugins\/revslider\/sr6\/assets\/assets\/dummy.png\" alt=\"Slide\" title=\"Coronavirus &#8211; Road trip dans un pays confin\u00e9\" width=\"2000\" height=\"1335\" class=\"rev-slidebg tp-rs-img rs-lazyload\" data-lazyload=\"\/\/grand-angle.lavenir.net\/wallonie-bruxelles-desertees\/wp-content\/plugins\/revslider\/sr6\/assets\/assets\/transparent.png\" data-no-retina>\n<!--\n\t\t\t\t\t\t\t--><rs-layer\n\t\t\t\t\t\t\t\tid=\"slider-14-slide-61-layer-4\" \n\t\t\t\t\t\t\t\tdata-type=\"image\"\n\t\t\t\t\t\t\t\tdata-rsp_ch=\"on\"\n\t\t\t\t\t\t\t\tdata-xy=\"x:238px;y:c;\"\n\t\t\t\t\t\t\t\tdata-text=\"w:normal;\"\n\t\t\t\t\t\t\t\tdata-dim=\"w:1000px;h:668px;\"\n\t\t\t\t\t\t\t\tdata-frame_999=\"o:0;st:w;\"\n\t\t\t\t\t\t\t\tstyle=\"z-index:8;\"\n\t\t\t\t\t\t\t><img decoding=\"async\" src=\"\/\/grand-angle.lavenir.net\/wallonie-bruxelles-desertees\/wp-content\/plugins\/revslider\/sr6\/assets\/assets\/dummy.png\" alt=\"\" class=\"tp-rs-img rs-lazyload\" width=\"2000\" height=\"1335\" data-lazyload=\"\/\/grand-angle.lavenir.net\/wallonie-bruxelles-desertees\/wp-content\/uploads\/sites\/103\/2020\/03\/Huy-1.jpg\" data-no-retina> \n\t\t\t\t\t\t\t<\/rs-layer><!--\n\n\t\t\t\t\t\t\t--><rs-layer\n\t\t\t\t\t\t\t\tid=\"slider-14-slide-61-layer-7\" \n\t\t\t\t\t\t\t\tdata-type=\"shape\"\n\t\t\t\t\t\t\t\tdata-bsh=\"c:rgba(0,0,0,0.2);b:10px;s:3px;\"\n\t\t\t\t\t\t\t\tdata-rsp_ch=\"on\"\n\t\t\t\t\t\t\t\tdata-xy=\"x:c;xo:-370px;y:c;\"\n\t\t\t\t\t\t\t\tdata-text=\"w:normal;\"\n\t\t\t\t\t\t\t\tdata-dim=\"w:500px;h:500px;\"\n\t\t\t\t\t\t\t\tdata-frame_0=\"sX:0.1;sY:0.1;\"\n\t\t\t\t\t\t\t\tdata-frame_1=\"st:1500;sp:1000;sR:1500;\"\n\t\t\t\t\t\t\t\tdata-frame_999=\"o:0;st:w;sR:6500;\"\n\t\t\t\t\t\t\t\tstyle=\"z-index:9;background-color:rgba(255,255,255,0.9);\"\n\t\t\t\t\t\t\t> \n\t\t\t\t\t\t\t<\/rs-layer><!--\n\n\t\t\t\t\t\t\t--><rs-layer\n\t\t\t\t\t\t\t\tid=\"slider-14-slide-61-layer-9\" \n\t\t\t\t\t\t\t\tdata-type=\"text\"\n\t\t\t\t\t\t\t\tdata-color=\"#000000\"\n\t\t\t\t\t\t\t\tdata-rsp_ch=\"on\"\n\t\t\t\t\t\t\t\tdata-xy=\"x:c;xo:-370px;y:c;yo:55px;\"\n\t\t\t\t\t\t\t\tdata-text=\"w:normal;s:24;l:29;a:center;\"\n\t\t\t\t\t\t\t\tdata-dim=\"w:436px;\"\n\t\t\t\t\t\t\t\tdata-frame_1=\"st:2500;sp:1000;sR:2500;\"\n\t\t\t\t\t\t\t\tdata-frame_999=\"o:0;st:w;sR:5500;\"\n\t\t\t\t\t\t\t\tstyle=\"z-index:12;font-family:'Lustria';\"\n\t\t\t\t\t\t\t> <br \/>\nLa Grand-Place, le pi\u00e9tonnier, l\u2019avenue Delchambre, autant d\u2019endroits d\u00e9sol\u00e9s. Heureusement, le soleil est toujours bien pr\u00e9sent et r\u00e9chauffe les corps et les c\u0153urs.<br \/>\n \n\t\t\t\t\t\t\t<\/rs-layer><!--\n-->\t\t\t\t\t<\/rs-slide>\n\t\t\t\t\t\t<rs-slide style=\"position: absolute;\" data-key=\"rs-56\" data-title=\"Slide\" data-thumb=\"\/\/grand-angle.lavenir.net\/wallonie-bruxelles-desertees\/wp-content\/uploads\/sites\/103\/2020\/03\/Huy-5.jpg\" data-anim=\"ms:1000;r:0;\" data-in=\"o:0;\" data-out=\"a:false;\">\n\t\t\t\t\t\t\t<img decoding=\"async\" src=\"\/\/grand-angle.lavenir.net\/wallonie-bruxelles-desertees\/wp-content\/plugins\/revslider\/sr6\/assets\/assets\/dummy.png\" alt=\"\" title=\"La Belgique confin\u00e9e\" class=\"rev-slidebg tp-rs-img rs-lazyload\" data-lazyload=\"\/\/grand-angle.lavenir.net\/wallonie-bruxelles-desertees\/wp-content\/uploads\/sites\/103\/2020\/03\/Huy-5.jpg\" data-no-retina>\n<!---->\t\t\t\t\t<\/rs-slide>\n\t\t\t\t\t\t<rs-slide style=\"position: absolute;\" data-key=\"rs-57\" data-title=\"Slide\" data-thumb=\"\/\/grand-angle.lavenir.net\/wallonie-bruxelles-desertees\/wp-content\/uploads\/sites\/103\/2020\/03\/Huy-4.jpg\" data-anim=\"ms:1000;r:0;\" data-in=\"o:0;\" data-out=\"a:false;\">\n\t\t\t\t\t\t\t<img decoding=\"async\" src=\"\/\/grand-angle.lavenir.net\/wallonie-bruxelles-desertees\/wp-content\/plugins\/revslider\/sr6\/assets\/assets\/dummy.png\" alt=\"\" title=\"La Belgique confin\u00e9e\" class=\"rev-slidebg tp-rs-img rs-lazyload\" data-lazyload=\"\/\/grand-angle.lavenir.net\/wallonie-bruxelles-desertees\/wp-content\/uploads\/sites\/103\/2020\/03\/Huy-4.jpg\" data-no-retina>\n<!---->\t\t\t\t\t<\/rs-slide>\n\t\t\t\t\t\t<rs-slide style=\"position: absolute;\" data-key=\"rs-58\" data-title=\"Slide\" data-thumb=\"\/\/grand-angle.lavenir.net\/wallonie-bruxelles-desertees\/wp-content\/uploads\/sites\/103\/2020\/03\/Huy-3.jpg\" data-anim=\"ms:1000;r:0;\" data-in=\"o:0;\" data-out=\"a:false;\">\n\t\t\t\t\t\t\t<img decoding=\"async\" src=\"\/\/grand-angle.lavenir.net\/wallonie-bruxelles-desertees\/wp-content\/plugins\/revslider\/sr6\/assets\/assets\/dummy.png\" alt=\"\" title=\"La Belgique confin\u00e9e\" class=\"rev-slidebg tp-rs-img rs-lazyload\" data-lazyload=\"\/\/grand-angle.lavenir.net\/wallonie-bruxelles-desertees\/wp-content\/uploads\/sites\/103\/2020\/03\/Huy-3.jpg\" data-no-retina>\n<!---->\t\t\t\t\t<\/rs-slide>\n\t\t\t\t\t\t<rs-slide style=\"position: absolute;\" data-key=\"rs-59\" data-title=\"Slide\" data-thumb=\"\/\/grand-angle.lavenir.net\/wallonie-bruxelles-desertees\/wp-content\/uploads\/sites\/103\/2020\/03\/Huy-2.jpg\" data-anim=\"ms:1000;r:0;\" data-in=\"o:0;\" data-out=\"a:false;\">\n\t\t\t\t\t\t\t<img decoding=\"async\" src=\"\/\/grand-angle.lavenir.net\/wallonie-bruxelles-desertees\/wp-content\/plugins\/revslider\/sr6\/assets\/assets\/dummy.png\" alt=\"\" title=\"La Belgique confin\u00e9e\" class=\"rev-slidebg tp-rs-img rs-lazyload\" data-lazyload=\"\/\/grand-angle.lavenir.net\/wallonie-bruxelles-desertees\/wp-content\/uploads\/sites\/103\/2020\/03\/Huy-2.jpg\" data-no-retina>\n<!---->\t\t\t\t\t<\/rs-slide>\n\t\t\t\t\t<\/rs-slides>\n\t\t\t\t<\/rs-module>\n\t\t\t\t<script>\n\t\t\t\t\tsetREVStartSize({c: 'rev_slider_14_10',rl:[1240,1024,768,480],el:[900],gw:[1240],gh:[900],type:'standard',justify:'',layout:'fullwidth',mh:\"0\"});if (window.RS_MODULES!==undefined && window.RS_MODULES.modules!==undefined && window.RS_MODULES.modules[\"revslider1410\"]!==undefined) {window.RS_MODULES.modules[\"revslider1410\"].once = false;window.revapi14 = undefined;if (window.RS_MODULES.checkMinimal!==undefined) window.RS_MODULES.checkMinimal()}\n\t\t\t\t<\/script>\n\t\t\t<\/rs-module-wrap>\n\t\t\t<!-- END REVOLUTION SLIDER -->\n<\/div>\n<div class=\"fusion-slider-revolution rev_slider_wrapper\">\t\t\t<!-- START liege REVOLUTION SLIDER 6.7.41 --><p class=\"rs-p-wp-fix\"><\/p>\n\t\t\t<rs-module-wrap id=\"rev_slider_15_11_wrapper\" data-source=\"gallery\" style=\"visibility:hidden;background:transparent;padding:0;margin:0px auto;margin-top:0;margin-bottom:0;\">\n\t\t\t\t<rs-module id=\"rev_slider_15_11\" style=\"\" data-version=\"6.7.41\">\n\t\t\t\t\t<rs-slides style=\"overflow: hidden; position: absolute;\">\n\t\t\t\t\t\t<rs-slide style=\"position: absolute;\" data-key=\"rs-62\" data-title=\"Slide\" data-thumb=\"\/\/grand-angle.lavenir.net\/wallonie-bruxelles-desertees\/wp-content\/uploads\/sites\/103\/2020\/03\/23032020-DSC_4940.jpg\" data-anim=\"ms:1000;r:0;\" data-in=\"o:0;\" data-out=\"a:false;\" data-mediafilter=\"moon\">\n\t\t\t\t\t\t\t<img decoding=\"async\" src=\"\/\/grand-angle.lavenir.net\/wallonie-bruxelles-desertees\/wp-content\/plugins\/revslider\/sr6\/assets\/assets\/dummy.png\" alt=\"Slide\" title=\"Coronavirus &#8211; Road trip dans un pays confin\u00e9\" width=\"2000\" height=\"1335\" class=\"rev-slidebg tp-rs-img rs-lazyload\" data-lazyload=\"\/\/grand-angle.lavenir.net\/wallonie-bruxelles-desertees\/wp-content\/plugins\/revslider\/sr6\/assets\/assets\/transparent.png\" data-no-retina>\n<!--\n\t\t\t\t\t\t\t--><rs-layer\n\t\t\t\t\t\t\t\tid=\"slider-15-slide-62-layer-4\" \n\t\t\t\t\t\t\t\tdata-type=\"image\"\n\t\t\t\t\t\t\t\tdata-rsp_ch=\"on\"\n\t\t\t\t\t\t\t\tdata-xy=\"x:240px;y:c;\"\n\t\t\t\t\t\t\t\tdata-text=\"w:normal;\"\n\t\t\t\t\t\t\t\tdata-dim=\"w:1000px;h:668px;\"\n\t\t\t\t\t\t\t\tdata-frame_999=\"o:0;st:w;\"\n\t\t\t\t\t\t\t\tstyle=\"z-index:8;\"\n\t\t\t\t\t\t\t><img decoding=\"async\" src=\"\/\/grand-angle.lavenir.net\/wallonie-bruxelles-desertees\/wp-content\/plugins\/revslider\/sr6\/assets\/assets\/dummy.png\" alt=\"\" class=\"tp-rs-img rs-lazyload\" width=\"2000\" height=\"1335\" data-lazyload=\"\/\/grand-angle.lavenir.net\/wallonie-bruxelles-desertees\/wp-content\/uploads\/sites\/103\/2020\/03\/Li\u00e8ge-1.jpg\" data-no-retina> \n\t\t\t\t\t\t\t<\/rs-layer><!--\n\n\t\t\t\t\t\t\t--><h1\n\t\t\t\t\t\t\t\tid=\"slider-15-slide-62-layer-6\" \n\t\t\t\t\t\t\t\tclass=\"rs-layer\"\n\t\t\t\t\t\t\t\tdata-type=\"text\"\n\t\t\t\t\t\t\t\tdata-color=\"#000000\"\n\t\t\t\t\t\t\t\tdata-rsp_ch=\"on\"\n\t\t\t\t\t\t\t\tdata-xy=\"x:c;xo:-333px;y:c;yo:-189px;\"\n\t\t\t\t\t\t\t\tdata-text=\"w:normal;s:44;l:70;fw:900;a:center;\"\n\t\t\t\t\t\t\t\tdata-dim=\"w:492px;\"\n\t\t\t\t\t\t\t\tdata-frame_0=\"y:50px;\"\n\t\t\t\t\t\t\t\tdata-frame_0_chars=\"d:5;y:10px;\"\n\t\t\t\t\t\t\t\tdata-frame_1=\"st:2500;sp:1000;sR:2500;\"\n\t\t\t\t\t\t\t\tdata-frame_1_chars=\"d:5;\"\n\t\t\t\t\t\t\t\tdata-frame_999=\"o:0;st:w;sR:5500;\"\n\t\t\t\t\t\t\t\tstyle=\"z-index:11;font-family:'Lato';\"\n\t\t\t\t\t\t\t>LI\u00c8GE<br \/>\n \n\t\t\t\t\t\t\t<\/h1><!--\n\n\t\t\t\t\t\t\t--><rs-layer\n\t\t\t\t\t\t\t\tid=\"slider-15-slide-62-layer-7\" \n\t\t\t\t\t\t\t\tdata-type=\"shape\"\n\t\t\t\t\t\t\t\tdata-bsh=\"c:rgba(0,0,0,0.2);b:10px;s:3px;\"\n\t\t\t\t\t\t\t\tdata-rsp_ch=\"on\"\n\t\t\t\t\t\t\t\tdata-xy=\"x:c;xo:-333px;y:c;\"\n\t\t\t\t\t\t\t\tdata-text=\"w:normal;\"\n\t\t\t\t\t\t\t\tdata-dim=\"w:500px;h:500px;\"\n\t\t\t\t\t\t\t\tdata-frame_0=\"sX:0.1;sY:0.1;\"\n\t\t\t\t\t\t\t\tdata-frame_1=\"st:1500;sp:1000;sR:1500;\"\n\t\t\t\t\t\t\t\tdata-frame_999=\"o:0;st:w;sR:6500;\"\n\t\t\t\t\t\t\t\tstyle=\"z-index:9;background-color:rgba(255,255,255,0.9);\"\n\t\t\t\t\t\t\t> \n\t\t\t\t\t\t\t<\/rs-layer><!--\n\n\t\t\t\t\t\t\t--><rs-layer\n\t\t\t\t\t\t\t\tid=\"slider-15-slide-62-layer-8\" \n\t\t\t\t\t\t\t\tdata-type=\"image\"\n\t\t\t\t\t\t\t\tdata-rsp_ch=\"on\"\n\t\t\t\t\t\t\t\tdata-xy=\"x:c;xo:-333px;y:c;yo:-138px;\"\n\t\t\t\t\t\t\t\tdata-text=\"w:normal;s:20;\"\n\t\t\t\t\t\t\t\tdata-dim=\"w:350px;h:13px;\"\n\t\t\t\t\t\t\t\tdata-frame_1=\"st:2500;sp:1000;sR:2500;\"\n\t\t\t\t\t\t\t\tdata-frame_999=\"o:0;st:w;sR:5500;\"\n\t\t\t\t\t\t\t\tstyle=\"z-index:10;\"\n\t\t\t\t\t\t\t><img decoding=\"async\" src=\"\/\/grand-angle.lavenir.net\/wallonie-bruxelles-desertees\/wp-content\/plugins\/revslider\/sr6\/assets\/assets\/dummy.png\" alt=\"\" class=\"tp-rs-img rs-lazyload\" width=\"365\" height=\"14\" data-lazyload=\"\/\/grand-angle.lavenir.net\/wallonie-bruxelles-desertees\/wp-content\/uploads\/sites\/103\/2020\/03\/separator-2.png\" data-no-retina> \n\t\t\t\t\t\t\t<\/rs-layer><!--\n\n\t\t\t\t\t\t\t--><rs-layer\n\t\t\t\t\t\t\t\tid=\"slider-15-slide-62-layer-9\" \n\t\t\t\t\t\t\t\tdata-type=\"text\"\n\t\t\t\t\t\t\t\tdata-color=\"#000000\"\n\t\t\t\t\t\t\t\tdata-rsp_ch=\"on\"\n\t\t\t\t\t\t\t\tdata-xy=\"x:c;xo:-333px;y:c;yo:59px;\"\n\t\t\t\t\t\t\t\tdata-text=\"w:normal;s:24;l:29;a:center;\"\n\t\t\t\t\t\t\t\tdata-dim=\"w:436px;\"\n\t\t\t\t\t\t\t\tdata-frame_1=\"st:2500;sp:1000;sR:2500;\"\n\t\t\t\t\t\t\t\tdata-frame_999=\"o:0;st:w;sR:5500;\"\n\t\t\t\t\t\t\t\tstyle=\"z-index:12;font-family:'Lustria';\"\n\t\t\t\t\t\t\t>E-42. Autre ruban d\u2019asphalte qui file vers l\u2019est. Li\u00e8ge a d\u00e9j\u00e0 un point commun avec Charleroi : les laiss\u00e9s pour compte. Ceux que la soci\u00e9t\u00e9 cache. L\u00e0, il n\u2019y a qu\u2019eux. Cette dame, perdue, d\u00e9boussol\u00e9e, au milieu des voix de circulation devant le Palais des princes-\u00e9v\u00eaques et qui se dirige dangereusement vers les rares voitures qui passent, main tendue vers une aum\u00f4ne qui ne viendra pas.  \n\t\t\t\t\t\t\t<\/rs-layer><!--\n-->\t\t\t\t\t<\/rs-slide>\n\t\t\t\t\t\t<rs-slide style=\"position: absolute;\" data-key=\"rs-65\" data-title=\"Slide\" data-thumb=\"\/\/grand-angle.lavenir.net\/wallonie-bruxelles-desertees\/wp-content\/uploads\/sites\/103\/2020\/03\/23032020-DSC_4940.jpg\" data-anim=\"ms:1000;r:0;\" data-in=\"o:0;\" data-out=\"a:false;\" data-mediafilter=\"moon\">\n\t\t\t\t\t\t\t<img decoding=\"async\" src=\"\/\/grand-angle.lavenir.net\/wallonie-bruxelles-desertees\/wp-content\/plugins\/revslider\/sr6\/assets\/assets\/dummy.png\" alt=\"Slide\" title=\"Coronavirus &#8211; Road trip dans un pays confin\u00e9\" width=\"2000\" height=\"1335\" class=\"rev-slidebg tp-rs-img rs-lazyload\" data-lazyload=\"\/\/grand-angle.lavenir.net\/wallonie-bruxelles-desertees\/wp-content\/plugins\/revslider\/sr6\/assets\/assets\/transparent.png\" data-no-retina>\n<!--\n\t\t\t\t\t\t\t--><rs-layer\n\t\t\t\t\t\t\t\tid=\"slider-15-slide-65-layer-4\" \n\t\t\t\t\t\t\t\tdata-type=\"image\"\n\t\t\t\t\t\t\t\tdata-rsp_ch=\"on\"\n\t\t\t\t\t\t\t\tdata-xy=\"x:3px;y:c;\"\n\t\t\t\t\t\t\t\tdata-text=\"w:normal;\"\n\t\t\t\t\t\t\t\tdata-dim=\"w:1000px;h:668px;\"\n\t\t\t\t\t\t\t\tdata-frame_999=\"o:0;st:w;\"\n\t\t\t\t\t\t\t\tstyle=\"z-index:8;\"\n\t\t\t\t\t\t\t><img decoding=\"async\" src=\"\/\/grand-angle.lavenir.net\/wallonie-bruxelles-desertees\/wp-content\/plugins\/revslider\/sr6\/assets\/assets\/dummy.png\" alt=\"\" class=\"tp-rs-img rs-lazyload\" width=\"2000\" height=\"1335\" data-lazyload=\"\/\/grand-angle.lavenir.net\/wallonie-bruxelles-desertees\/wp-content\/uploads\/sites\/103\/2020\/03\/Li\u00e8ge-2.jpg\" data-no-retina> \n\t\t\t\t\t\t\t<\/rs-layer><!--\n\n\t\t\t\t\t\t\t--><rs-layer\n\t\t\t\t\t\t\t\tid=\"slider-15-slide-65-layer-7\" \n\t\t\t\t\t\t\t\tdata-type=\"shape\"\n\t\t\t\t\t\t\t\tdata-bsh=\"c:rgba(0,0,0,0.2);b:10px;s:3px;\"\n\t\t\t\t\t\t\t\tdata-rsp_ch=\"on\"\n\t\t\t\t\t\t\t\tdata-xy=\"x:c;xo:369px;y:c;\"\n\t\t\t\t\t\t\t\tdata-text=\"w:normal;\"\n\t\t\t\t\t\t\t\tdata-dim=\"w:500px;h:500px;\"\n\t\t\t\t\t\t\t\tdata-frame_0=\"sX:0.1;sY:0.1;\"\n\t\t\t\t\t\t\t\tdata-frame_1=\"st:1500;sp:1000;sR:1500;\"\n\t\t\t\t\t\t\t\tdata-frame_999=\"o:0;st:w;sR:6500;\"\n\t\t\t\t\t\t\t\tstyle=\"z-index:9;background-color:rgba(255,255,255,0.9);\"\n\t\t\t\t\t\t\t> \n\t\t\t\t\t\t\t<\/rs-layer><!--\n\n\t\t\t\t\t\t\t--><rs-layer\n\t\t\t\t\t\t\t\tid=\"slider-15-slide-65-layer-9\" \n\t\t\t\t\t\t\t\tdata-type=\"text\"\n\t\t\t\t\t\t\t\tdata-color=\"#000000\"\n\t\t\t\t\t\t\t\tdata-rsp_ch=\"on\"\n\t\t\t\t\t\t\t\tdata-xy=\"x:c;xo:369px;y:c;\"\n\t\t\t\t\t\t\t\tdata-text=\"w:normal;s:24;l:29;a:center;\"\n\t\t\t\t\t\t\t\tdata-dim=\"w:436px;\"\n\t\t\t\t\t\t\t\tdata-frame_1=\"st:2500;sp:1000;sR:2500;\"\n\t\t\t\t\t\t\t\tdata-frame_999=\"o:0;st:w;sR:5500;\"\n\t\t\t\t\t\t\t\tstyle=\"z-index:12;font-family:'Lustria';\"\n\t\t\t\t\t\t\t>Sur la Place Saint-Lambert, le ballet des bus est incessant et offre \u00e0 chaque arr\u00eat sa fourn\u00e9e de navetteurs. L\u00e0, il n\u2019est plus vraiment question de prendre ses distances. Quand le quotidien banal devient surprenant.<br \/>\n<br \/>\nPlace de la Cath\u00e9drale, une musique r\u00e9sonne. Quelques accords de guitare. Les passants qui en profitent ne sont gu\u00e8re nombreux mais ce musicien des rues n\u2019en garde pas moins le plaisir des notes partag\u00e9es.   <br \/>\n<br \/>\n \n\t\t\t\t\t\t\t<\/rs-layer><!--\n-->\t\t\t\t\t<\/rs-slide>\n\t\t\t\t\t\t<rs-slide style=\"position: absolute;\" data-key=\"rs-66\" data-title=\"Slide\" data-thumb=\"\/\/grand-angle.lavenir.net\/wallonie-bruxelles-desertees\/wp-content\/uploads\/sites\/103\/2020\/03\/Li\u00e8ge-3.jpg\" data-anim=\"ms:1000;r:0;\" data-in=\"o:0;\" data-out=\"a:false;\">\n\t\t\t\t\t\t\t<img decoding=\"async\" src=\"\/\/grand-angle.lavenir.net\/wallonie-bruxelles-desertees\/wp-content\/plugins\/revslider\/sr6\/assets\/assets\/dummy.png\" alt=\"\" title=\"La Belgique confin\u00e9e\" class=\"rev-slidebg tp-rs-img rs-lazyload\" data-lazyload=\"\/\/grand-angle.lavenir.net\/wallonie-bruxelles-desertees\/wp-content\/uploads\/sites\/103\/2020\/03\/Li\u00e8ge-3.jpg\" data-no-retina>\n<!---->\t\t\t\t\t<\/rs-slide>\n\t\t\t\t\t\t<rs-slide style=\"position: absolute;\" data-key=\"rs-67\" data-title=\"Slide\" data-thumb=\"\/\/grand-angle.lavenir.net\/wallonie-bruxelles-desertees\/wp-content\/uploads\/sites\/103\/2020\/03\/Li\u00e8ge-9.jpg\" data-anim=\"ms:1000;r:0;\" data-in=\"o:0;\" data-out=\"a:false;\">\n\t\t\t\t\t\t\t<img decoding=\"async\" src=\"\/\/grand-angle.lavenir.net\/wallonie-bruxelles-desertees\/wp-content\/plugins\/revslider\/sr6\/assets\/assets\/dummy.png\" alt=\"\" title=\"La Belgique confin\u00e9e\" class=\"rev-slidebg tp-rs-img rs-lazyload\" data-lazyload=\"\/\/grand-angle.lavenir.net\/wallonie-bruxelles-desertees\/wp-content\/uploads\/sites\/103\/2020\/03\/Li\u00e8ge-9.jpg\" data-no-retina>\n<!---->\t\t\t\t\t<\/rs-slide>\n\t\t\t\t\t\t<rs-slide style=\"position: absolute;\" data-key=\"rs-68\" data-title=\"Slide\" data-thumb=\"\/\/grand-angle.lavenir.net\/wallonie-bruxelles-desertees\/wp-content\/uploads\/sites\/103\/2020\/03\/Li\u00e8ge-8.jpg\" data-anim=\"ms:1000;r:0;\" data-in=\"o:0;\" data-out=\"a:false;\">\n\t\t\t\t\t\t\t<img decoding=\"async\" src=\"\/\/grand-angle.lavenir.net\/wallonie-bruxelles-desertees\/wp-content\/plugins\/revslider\/sr6\/assets\/assets\/dummy.png\" alt=\"\" title=\"La Belgique confin\u00e9e\" class=\"rev-slidebg tp-rs-img rs-lazyload\" data-lazyload=\"\/\/grand-angle.lavenir.net\/wallonie-bruxelles-desertees\/wp-content\/uploads\/sites\/103\/2020\/03\/Li\u00e8ge-8.jpg\" data-no-retina>\n<!---->\t\t\t\t\t<\/rs-slide>\n\t\t\t\t\t\t<rs-slide style=\"position: absolute;\" data-key=\"rs-69\" data-title=\"Slide\" data-thumb=\"\/\/grand-angle.lavenir.net\/wallonie-bruxelles-desertees\/wp-content\/uploads\/sites\/103\/2020\/03\/Li\u00e8ge-7.jpg\" data-anim=\"ms:1000;r:0;\" data-in=\"o:0;\" data-out=\"a:false;\">\n\t\t\t\t\t\t\t<img decoding=\"async\" src=\"\/\/grand-angle.lavenir.net\/wallonie-bruxelles-desertees\/wp-content\/plugins\/revslider\/sr6\/assets\/assets\/dummy.png\" alt=\"\" title=\"La Belgique confin\u00e9e\" class=\"rev-slidebg tp-rs-img rs-lazyload\" data-lazyload=\"\/\/grand-angle.lavenir.net\/wallonie-bruxelles-desertees\/wp-content\/uploads\/sites\/103\/2020\/03\/Li\u00e8ge-7.jpg\" data-no-retina>\n<!---->\t\t\t\t\t<\/rs-slide>\n\t\t\t\t\t\t<rs-slide style=\"position: absolute;\" data-key=\"rs-70\" data-title=\"Slide\" data-thumb=\"\/\/grand-angle.lavenir.net\/wallonie-bruxelles-desertees\/wp-content\/uploads\/sites\/103\/2020\/03\/Li\u00e8ge-6.jpg\" data-anim=\"ms:1000;r:0;\" data-in=\"o:0;\" data-out=\"a:false;\">\n\t\t\t\t\t\t\t<img decoding=\"async\" src=\"\/\/grand-angle.lavenir.net\/wallonie-bruxelles-desertees\/wp-content\/plugins\/revslider\/sr6\/assets\/assets\/dummy.png\" alt=\"\" title=\"La Belgique confin\u00e9e\" class=\"rev-slidebg tp-rs-img rs-lazyload\" data-lazyload=\"\/\/grand-angle.lavenir.net\/wallonie-bruxelles-desertees\/wp-content\/uploads\/sites\/103\/2020\/03\/Li\u00e8ge-6.jpg\" data-no-retina>\n<!---->\t\t\t\t\t<\/rs-slide>\n\t\t\t\t\t\t<rs-slide style=\"position: absolute;\" data-key=\"rs-71\" data-title=\"Slide\" data-thumb=\"\/\/grand-angle.lavenir.net\/wallonie-bruxelles-desertees\/wp-content\/uploads\/sites\/103\/2020\/03\/Li\u00e8ge-5.jpg\" data-anim=\"ms:1000;r:0;\" data-in=\"o:0;\" data-out=\"a:false;\">\n\t\t\t\t\t\t\t<img decoding=\"async\" src=\"\/\/grand-angle.lavenir.net\/wallonie-bruxelles-desertees\/wp-content\/plugins\/revslider\/sr6\/assets\/assets\/dummy.png\" alt=\"\" title=\"La Belgique confin\u00e9e\" class=\"rev-slidebg tp-rs-img rs-lazyload\" data-lazyload=\"\/\/grand-angle.lavenir.net\/wallonie-bruxelles-desertees\/wp-content\/uploads\/sites\/103\/2020\/03\/Li\u00e8ge-5.jpg\" data-no-retina>\n<!---->\t\t\t\t\t<\/rs-slide>\n\t\t\t\t\t\t<rs-slide style=\"position: absolute;\" data-key=\"rs-72\" data-title=\"Slide\" data-thumb=\"\/\/grand-angle.lavenir.net\/wallonie-bruxelles-desertees\/wp-content\/uploads\/sites\/103\/2020\/03\/Li\u00e8ge-4.jpg\" data-anim=\"ms:1000;r:0;\" data-in=\"o:0;\" data-out=\"a:false;\">\n\t\t\t\t\t\t\t<img decoding=\"async\" src=\"\/\/grand-angle.lavenir.net\/wallonie-bruxelles-desertees\/wp-content\/plugins\/revslider\/sr6\/assets\/assets\/dummy.png\" alt=\"\" title=\"La Belgique confin\u00e9e\" class=\"rev-slidebg tp-rs-img rs-lazyload\" data-lazyload=\"\/\/grand-angle.lavenir.net\/wallonie-bruxelles-desertees\/wp-content\/uploads\/sites\/103\/2020\/03\/Li\u00e8ge-4.jpg\" data-no-retina>\n<!---->\t\t\t\t\t<\/rs-slide>\n\t\t\t\t\t<\/rs-slides>\n\t\t\t\t<\/rs-module>\n\t\t\t\t<script>\n\t\t\t\t\tsetREVStartSize({c: 'rev_slider_15_11',rl:[1240,1024,768,480],el:[900],gw:[1240],gh:[900],type:'standard',justify:'',layout:'fullwidth',mh:\"0\"});if (window.RS_MODULES!==undefined && window.RS_MODULES.modules!==undefined && window.RS_MODULES.modules[\"revslider1511\"]!==undefined) {window.RS_MODULES.modules[\"revslider1511\"].once = false;window.revapi15 = undefined;if (window.RS_MODULES.checkMinimal!==undefined) window.RS_MODULES.checkMinimal()}\n\t\t\t\t<\/script>\n\t\t\t<\/rs-module-wrap>\n\t\t\t<!-- END REVOLUTION SLIDER -->\n<\/div>\n<div class=\"fusion-slider-revolution rev_slider_wrapper\">\t\t\t<!-- START verviers REVOLUTION SLIDER 6.7.41 --><p class=\"rs-p-wp-fix\"><\/p>\n\t\t\t<rs-module-wrap id=\"rev_slider_16_12_wrapper\" data-source=\"gallery\" style=\"visibility:hidden;background:transparent;padding:0;margin:0px auto;margin-top:0;margin-bottom:0;\">\n\t\t\t\t<rs-module id=\"rev_slider_16_12\" style=\"\" data-version=\"6.7.41\">\n\t\t\t\t\t<rs-slides style=\"overflow: hidden; position: absolute;\">\n\t\t\t\t\t\t<rs-slide style=\"position: absolute;\" data-key=\"rs-73\" data-title=\"Slide\" data-thumb=\"\/\/grand-angle.lavenir.net\/wallonie-bruxelles-desertees\/wp-content\/uploads\/sites\/103\/2020\/03\/23032020-DSC_4940.jpg\" data-anim=\"ms:1000;r:0;\" data-in=\"o:0;\" data-out=\"a:false;\" data-mediafilter=\"moon\">\n\t\t\t\t\t\t\t<img decoding=\"async\" src=\"\/\/grand-angle.lavenir.net\/wallonie-bruxelles-desertees\/wp-content\/plugins\/revslider\/sr6\/assets\/assets\/dummy.png\" alt=\"Slide\" title=\"Coronavirus &#8211; Road trip dans un pays confin\u00e9\" width=\"2000\" height=\"1335\" class=\"rev-slidebg tp-rs-img rs-lazyload\" data-lazyload=\"\/\/grand-angle.lavenir.net\/wallonie-bruxelles-desertees\/wp-content\/plugins\/revslider\/sr6\/assets\/assets\/transparent.png\" data-no-retina>\n<!--\n\t\t\t\t\t\t\t--><rs-layer\n\t\t\t\t\t\t\t\tid=\"slider-16-slide-73-layer-4\" \n\t\t\t\t\t\t\t\tdata-type=\"image\"\n\t\t\t\t\t\t\t\tdata-rsp_ch=\"on\"\n\t\t\t\t\t\t\t\tdata-xy=\"x:r;y:c;\"\n\t\t\t\t\t\t\t\tdata-text=\"w:normal;\"\n\t\t\t\t\t\t\t\tdata-dim=\"w:1000px;h:668px;\"\n\t\t\t\t\t\t\t\tdata-frame_999=\"o:0;st:w;\"\n\t\t\t\t\t\t\t\tstyle=\"z-index:8;\"\n\t\t\t\t\t\t\t><img decoding=\"async\" src=\"\/\/grand-angle.lavenir.net\/wallonie-bruxelles-desertees\/wp-content\/plugins\/revslider\/sr6\/assets\/assets\/dummy.png\" alt=\"\" class=\"tp-rs-img rs-lazyload\" width=\"2000\" height=\"1335\" data-lazyload=\"\/\/grand-angle.lavenir.net\/wallonie-bruxelles-desertees\/wp-content\/uploads\/sites\/103\/2020\/03\/Verviers-1.jpg\" data-no-retina> \n\t\t\t\t\t\t\t<\/rs-layer><!--\n\n\t\t\t\t\t\t\t--><h1\n\t\t\t\t\t\t\t\tid=\"slider-16-slide-73-layer-6\" \n\t\t\t\t\t\t\t\tclass=\"rs-layer\"\n\t\t\t\t\t\t\t\tdata-type=\"text\"\n\t\t\t\t\t\t\t\tdata-color=\"#000000\"\n\t\t\t\t\t\t\t\tdata-rsp_ch=\"on\"\n\t\t\t\t\t\t\t\tdata-xy=\"x:c;xo:-369px;y:c;yo:-185px;\"\n\t\t\t\t\t\t\t\tdata-text=\"w:normal;s:44;l:70;fw:900;a:center;\"\n\t\t\t\t\t\t\t\tdata-dim=\"w:492px;\"\n\t\t\t\t\t\t\t\tdata-frame_0=\"y:50px;\"\n\t\t\t\t\t\t\t\tdata-frame_0_chars=\"d:5;y:10px;\"\n\t\t\t\t\t\t\t\tdata-frame_1=\"st:2500;sp:1000;sR:2500;\"\n\t\t\t\t\t\t\t\tdata-frame_1_chars=\"d:5;\"\n\t\t\t\t\t\t\t\tdata-frame_999=\"o:0;st:w;sR:5500;\"\n\t\t\t\t\t\t\t\tstyle=\"z-index:11;font-family:'Lato';\"\n\t\t\t\t\t\t\t>VERVIERS<br \/>\n \n\t\t\t\t\t\t\t<\/h1><!--\n\n\t\t\t\t\t\t\t--><rs-layer\n\t\t\t\t\t\t\t\tid=\"slider-16-slide-73-layer-7\" \n\t\t\t\t\t\t\t\tdata-type=\"shape\"\n\t\t\t\t\t\t\t\tdata-bsh=\"c:rgba(0,0,0,0.2);b:10px;s:3px;\"\n\t\t\t\t\t\t\t\tdata-rsp_ch=\"on\"\n\t\t\t\t\t\t\t\tdata-xy=\"x:c;xo:-369px;y:c;\"\n\t\t\t\t\t\t\t\tdata-text=\"w:normal;\"\n\t\t\t\t\t\t\t\tdata-dim=\"w:500px;h:500px;\"\n\t\t\t\t\t\t\t\tdata-frame_0=\"sX:0.1;sY:0.1;\"\n\t\t\t\t\t\t\t\tdata-frame_1=\"st:1500;sp:1000;sR:1500;\"\n\t\t\t\t\t\t\t\tdata-frame_999=\"o:0;st:w;sR:6500;\"\n\t\t\t\t\t\t\t\tstyle=\"z-index:9;background-color:rgba(255,255,255,0.9);\"\n\t\t\t\t\t\t\t> \n\t\t\t\t\t\t\t<\/rs-layer><!--\n\n\t\t\t\t\t\t\t--><rs-layer\n\t\t\t\t\t\t\t\tid=\"slider-16-slide-73-layer-8\" \n\t\t\t\t\t\t\t\tdata-type=\"image\"\n\t\t\t\t\t\t\t\tdata-rsp_ch=\"on\"\n\t\t\t\t\t\t\t\tdata-xy=\"x:c;xo:-369px;y:c;yo:-132px;\"\n\t\t\t\t\t\t\t\tdata-text=\"w:normal;s:20;\"\n\t\t\t\t\t\t\t\tdata-dim=\"w:350px;h:13px;\"\n\t\t\t\t\t\t\t\tdata-frame_1=\"st:2500;sp:1000;sR:2500;\"\n\t\t\t\t\t\t\t\tdata-frame_999=\"o:0;st:w;sR:5500;\"\n\t\t\t\t\t\t\t\tstyle=\"z-index:10;\"\n\t\t\t\t\t\t\t><img decoding=\"async\" src=\"\/\/grand-angle.lavenir.net\/wallonie-bruxelles-desertees\/wp-content\/plugins\/revslider\/sr6\/assets\/assets\/dummy.png\" alt=\"\" class=\"tp-rs-img rs-lazyload\" width=\"365\" height=\"14\" data-lazyload=\"\/\/grand-angle.lavenir.net\/wallonie-bruxelles-desertees\/wp-content\/uploads\/sites\/103\/2020\/03\/separator-2.png\" data-no-retina> \n\t\t\t\t\t\t\t<\/rs-layer><!--\n\n\t\t\t\t\t\t\t--><rs-layer\n\t\t\t\t\t\t\t\tid=\"slider-16-slide-73-layer-9\" \n\t\t\t\t\t\t\t\tdata-type=\"text\"\n\t\t\t\t\t\t\t\tdata-color=\"#000000\"\n\t\t\t\t\t\t\t\tdata-rsp_ch=\"on\"\n\t\t\t\t\t\t\t\tdata-xy=\"x:c;xo:-370px;y:c;yo:71px;\"\n\t\t\t\t\t\t\t\tdata-text=\"w:normal;s:24;l:29;a:center;\"\n\t\t\t\t\t\t\t\tdata-dim=\"w:436px;\"\n\t\t\t\t\t\t\t\tdata-frame_1=\"st:2500;sp:1000;sR:2500;\"\n\t\t\t\t\t\t\t\tdata-frame_999=\"o:0;st:w;sR:5500;\"\n\t\t\t\t\t\t\t\tstyle=\"z-index:12;font-family:'Lustria';\"\n\t\t\t\t\t\t\t>Comme \u00e0 Philippeville, la place Verte de Verviers n\u2019en finit pas d\u2019\u00eatre en travaux. Palissades, pav\u00e9s, graviers. Les terrasses ont depuis longtemps \u00e9t\u00e9 d\u00e9sert\u00e9es. <br \/>\n<br \/>\nDe l\u2019autre c\u00f4t\u00e9, place du Martyr, le volet du Spirit of 66 est baiss\u00e9. On ne sait quand il se rel\u00e8vera pour accueillir de nouveau les fans de rock ou de blues.<br \/>\n<br \/>\n \n\t\t\t\t\t\t\t<\/rs-layer><!--\n-->\t\t\t\t\t<\/rs-slide>\n\t\t\t\t\t\t<rs-slide style=\"position: absolute;\" data-key=\"rs-79\" data-title=\"Slide\" data-thumb=\"\/\/grand-angle.lavenir.net\/wallonie-bruxelles-desertees\/wp-content\/uploads\/sites\/103\/2020\/03\/23032020-DSC_4940.jpg\" data-anim=\"ms:1000;r:0;\" data-in=\"o:0;\" data-out=\"a:false;\" data-mediafilter=\"moon\">\n\t\t\t\t\t\t\t<img decoding=\"async\" src=\"\/\/grand-angle.lavenir.net\/wallonie-bruxelles-desertees\/wp-content\/plugins\/revslider\/sr6\/assets\/assets\/dummy.png\" alt=\"Slide\" title=\"Coronavirus &#8211; Road trip dans un pays confin\u00e9\" width=\"2000\" height=\"1335\" class=\"rev-slidebg tp-rs-img rs-lazyload\" data-lazyload=\"\/\/grand-angle.lavenir.net\/wallonie-bruxelles-desertees\/wp-content\/plugins\/revslider\/sr6\/assets\/assets\/transparent.png\" data-no-retina>\n<!--\n\t\t\t\t\t\t\t--><rs-layer\n\t\t\t\t\t\t\t\tid=\"slider-16-slide-79-layer-4\" \n\t\t\t\t\t\t\t\tdata-type=\"image\"\n\t\t\t\t\t\t\t\tdata-rsp_ch=\"on\"\n\t\t\t\t\t\t\t\tdata-xy=\"x:r;xo:239px;y:c;\"\n\t\t\t\t\t\t\t\tdata-text=\"w:normal;\"\n\t\t\t\t\t\t\t\tdata-dim=\"w:1000px;h:668px;\"\n\t\t\t\t\t\t\t\tdata-frame_999=\"o:0;st:w;\"\n\t\t\t\t\t\t\t\tstyle=\"z-index:8;\"\n\t\t\t\t\t\t\t><img decoding=\"async\" src=\"\/\/grand-angle.lavenir.net\/wallonie-bruxelles-desertees\/wp-content\/plugins\/revslider\/sr6\/assets\/assets\/dummy.png\" alt=\"\" class=\"tp-rs-img rs-lazyload\" width=\"2000\" height=\"1335\" data-lazyload=\"\/\/grand-angle.lavenir.net\/wallonie-bruxelles-desertees\/wp-content\/uploads\/sites\/103\/2020\/03\/Verviers-2.jpg\" data-no-retina> \n\t\t\t\t\t\t\t<\/rs-layer><!--\n\n\t\t\t\t\t\t\t--><rs-layer\n\t\t\t\t\t\t\t\tid=\"slider-16-slide-79-layer-7\" \n\t\t\t\t\t\t\t\tdata-type=\"shape\"\n\t\t\t\t\t\t\t\tdata-bsh=\"c:rgba(0,0,0,0.2);b:8px;s:2px;\"\n\t\t\t\t\t\t\t\tdata-rsp_ch=\"on\"\n\t\t\t\t\t\t\t\tdata-xy=\"x:c;xo:410px;y:c;yo:221px;\"\n\t\t\t\t\t\t\t\tdata-text=\"w:normal;\"\n\t\t\t\t\t\t\t\tdata-dim=\"w:415;h:415;\"\n\t\t\t\t\t\t\t\tdata-frame_0=\"sX:0.1;sY:0.1;\"\n\t\t\t\t\t\t\t\tdata-frame_1=\"st:1500;sp:1000;sR:1500;\"\n\t\t\t\t\t\t\t\tdata-frame_999=\"o:0;st:w;sR:6500;\"\n\t\t\t\t\t\t\t\tstyle=\"z-index:9;background-color:rgba(255,255,255,0.9);\"\n\t\t\t\t\t\t\t> \n\t\t\t\t\t\t\t<\/rs-layer><!--\n\n\t\t\t\t\t\t\t--><rs-layer\n\t\t\t\t\t\t\t\tid=\"slider-16-slide-79-layer-9\" \n\t\t\t\t\t\t\t\tdata-type=\"text\"\n\t\t\t\t\t\t\t\tdata-color=\"#000000\"\n\t\t\t\t\t\t\t\tdata-rsp_ch=\"on\"\n\t\t\t\t\t\t\t\tdata-xy=\"x:c;xo:409px;y:c;yo:232px;\"\n\t\t\t\t\t\t\t\tdata-text=\"w:normal;s:24;l:29;a:center;\"\n\t\t\t\t\t\t\t\tdata-dim=\"w:311px;\"\n\t\t\t\t\t\t\t\tdata-frame_1=\"st:2500;sp:1000;sR:2500;\"\n\t\t\t\t\t\t\t\tdata-frame_999=\"o:0;st:w;sR:5500;\"\n\t\t\t\t\t\t\t\tstyle=\"z-index:12;font-family:'Lustria';\"\n\t\t\t\t\t\t\t>Dans une rue de la ville, un panneau publicitaire d\u00e9roulant rappelle aux rares passants les mesures d\u2019hygi\u00e8ne \u00e9l\u00e9mentaires en ces temps de crise sanitaire. \n\t\t\t\t\t\t\t<\/rs-layer><!--\n-->\t\t\t\t\t<\/rs-slide>\n\t\t\t\t\t\t<rs-slide style=\"position: absolute;\" data-key=\"rs-80\" data-title=\"Slide\" data-thumb=\"\/\/grand-angle.lavenir.net\/wallonie-bruxelles-desertees\/wp-content\/uploads\/sites\/103\/2020\/03\/Verviers-3.jpg\" data-anim=\"ms:1000;r:0;\" data-in=\"o:0;\" data-out=\"a:false;\">\n\t\t\t\t\t\t\t<img decoding=\"async\" src=\"\/\/grand-angle.lavenir.net\/wallonie-bruxelles-desertees\/wp-content\/plugins\/revslider\/sr6\/assets\/assets\/dummy.png\" alt=\"\" title=\"La Belgique confin\u00e9e\" class=\"rev-slidebg tp-rs-img rs-lazyload\" data-lazyload=\"\/\/grand-angle.lavenir.net\/wallonie-bruxelles-desertees\/wp-content\/uploads\/sites\/103\/2020\/03\/Verviers-3.jpg\" data-no-retina>\n<!---->\t\t\t\t\t<\/rs-slide>\n\t\t\t\t\t\t<rs-slide style=\"position: absolute;\" data-key=\"rs-81\" data-title=\"Slide\" data-thumb=\"\/\/grand-angle.lavenir.net\/wallonie-bruxelles-desertees\/wp-content\/uploads\/sites\/103\/2020\/03\/Verviers-4.jpg\" data-anim=\"ms:1000;r:0;\" data-in=\"o:0;\" data-out=\"a:false;\">\n\t\t\t\t\t\t\t<img decoding=\"async\" src=\"\/\/grand-angle.lavenir.net\/wallonie-bruxelles-desertees\/wp-content\/plugins\/revslider\/sr6\/assets\/assets\/dummy.png\" alt=\"\" title=\"La Belgique confin\u00e9e\" class=\"rev-slidebg tp-rs-img rs-lazyload\" data-lazyload=\"\/\/grand-angle.lavenir.net\/wallonie-bruxelles-desertees\/wp-content\/uploads\/sites\/103\/2020\/03\/Verviers-4.jpg\" data-no-retina>\n<!---->\t\t\t\t\t<\/rs-slide>\n\t\t\t\t\t<\/rs-slides>\n\t\t\t\t<\/rs-module>\n\t\t\t\t<script>\n\t\t\t\t\tsetREVStartSize({c: 'rev_slider_16_12',rl:[1240,1024,768,480],el:[900],gw:[1240],gh:[900],type:'standard',justify:'',layout:'fullwidth',mh:\"0\"});if (window.RS_MODULES!==undefined && window.RS_MODULES.modules!==undefined && window.RS_MODULES.modules[\"revslider1612\"]!==undefined) {window.RS_MODULES.modules[\"revslider1612\"].once = false;window.revapi16 = undefined;if (window.RS_MODULES.checkMinimal!==undefined) window.RS_MODULES.checkMinimal()}\n\t\t\t\t<\/script>\n\t\t\t<\/rs-module-wrap>\n\t\t\t<!-- END REVOLUTION SLIDER -->\n<\/div>\n<div class=\"fusion-slider-revolution rev_slider_wrapper\">\t\t\t<!-- START bastogne REVOLUTION SLIDER 6.7.41 --><p class=\"rs-p-wp-fix\"><\/p>\n\t\t\t<rs-module-wrap id=\"rev_slider_17_13_wrapper\" data-source=\"gallery\" style=\"visibility:hidden;background:transparent;padding:0;margin:0px auto;margin-top:0;margin-bottom:0;\">\n\t\t\t\t<rs-module id=\"rev_slider_17_13\" style=\"\" data-version=\"6.7.41\">\n\t\t\t\t\t<rs-slides style=\"overflow: hidden; position: absolute;\">\n\t\t\t\t\t\t<rs-slide style=\"position: absolute;\" data-key=\"rs-82\" data-title=\"Slide\" data-thumb=\"\/\/grand-angle.lavenir.net\/wallonie-bruxelles-desertees\/wp-content\/uploads\/sites\/103\/2020\/03\/23032020-DSC_4940.jpg\" data-anim=\"ms:1000;r:0;\" data-in=\"o:0;\" data-out=\"a:false;\" data-mediafilter=\"moon\">\n\t\t\t\t\t\t\t<img decoding=\"async\" src=\"\/\/grand-angle.lavenir.net\/wallonie-bruxelles-desertees\/wp-content\/plugins\/revslider\/sr6\/assets\/assets\/dummy.png\" alt=\"Slide\" title=\"Coronavirus &#8211; Road trip dans un pays confin\u00e9\" width=\"2000\" height=\"1335\" class=\"rev-slidebg tp-rs-img rs-lazyload\" data-lazyload=\"\/\/grand-angle.lavenir.net\/wallonie-bruxelles-desertees\/wp-content\/plugins\/revslider\/sr6\/assets\/assets\/transparent.png\" data-no-retina>\n<!--\n\t\t\t\t\t\t\t--><rs-layer\n\t\t\t\t\t\t\t\tid=\"slider-17-slide-82-layer-4\" \n\t\t\t\t\t\t\t\tdata-type=\"image\"\n\t\t\t\t\t\t\t\tdata-rsp_ch=\"on\"\n\t\t\t\t\t\t\t\tdata-xy=\"y:c;\"\n\t\t\t\t\t\t\t\tdata-text=\"w:normal;\"\n\t\t\t\t\t\t\t\tdata-dim=\"w:1000px;h:668px;\"\n\t\t\t\t\t\t\t\tdata-frame_999=\"o:0;st:w;\"\n\t\t\t\t\t\t\t\tstyle=\"z-index:8;\"\n\t\t\t\t\t\t\t><img decoding=\"async\" src=\"\/\/grand-angle.lavenir.net\/wallonie-bruxelles-desertees\/wp-content\/plugins\/revslider\/sr6\/assets\/assets\/dummy.png\" alt=\"\" class=\"tp-rs-img rs-lazyload\" width=\"2000\" height=\"1335\" data-lazyload=\"\/\/grand-angle.lavenir.net\/wallonie-bruxelles-desertees\/wp-content\/uploads\/sites\/103\/2020\/03\/Bastogne-1.jpg\" data-no-retina> \n\t\t\t\t\t\t\t<\/rs-layer><!--\n\n\t\t\t\t\t\t\t--><h1\n\t\t\t\t\t\t\t\tid=\"slider-17-slide-82-layer-6\" \n\t\t\t\t\t\t\t\tclass=\"rs-layer\"\n\t\t\t\t\t\t\t\tdata-type=\"text\"\n\t\t\t\t\t\t\t\tdata-color=\"#000000\"\n\t\t\t\t\t\t\t\tdata-rsp_ch=\"on\"\n\t\t\t\t\t\t\t\tdata-xy=\"x:c;xo:370px;y:c;yo:-185px;\"\n\t\t\t\t\t\t\t\tdata-text=\"w:normal;s:44;l:70;fw:900;a:center;\"\n\t\t\t\t\t\t\t\tdata-dim=\"w:492px;\"\n\t\t\t\t\t\t\t\tdata-frame_0=\"y:50px;\"\n\t\t\t\t\t\t\t\tdata-frame_0_chars=\"d:5;y:10px;\"\n\t\t\t\t\t\t\t\tdata-frame_1=\"st:2500;sp:1000;sR:2500;\"\n\t\t\t\t\t\t\t\tdata-frame_1_chars=\"d:5;\"\n\t\t\t\t\t\t\t\tdata-frame_999=\"o:0;st:w;sR:5500;\"\n\t\t\t\t\t\t\t\tstyle=\"z-index:11;font-family:'Lato';\"\n\t\t\t\t\t\t\t>BASTOGNE \n\t\t\t\t\t\t\t<\/h1><!--\n\n\t\t\t\t\t\t\t--><rs-layer\n\t\t\t\t\t\t\t\tid=\"slider-17-slide-82-layer-7\" \n\t\t\t\t\t\t\t\tdata-type=\"shape\"\n\t\t\t\t\t\t\t\tdata-bsh=\"c:rgba(0,0,0,0.2);b:10px;s:3px;\"\n\t\t\t\t\t\t\t\tdata-rsp_ch=\"on\"\n\t\t\t\t\t\t\t\tdata-xy=\"x:c;xo:370px;y:c;\"\n\t\t\t\t\t\t\t\tdata-text=\"w:normal;\"\n\t\t\t\t\t\t\t\tdata-dim=\"w:500px;h:500px;\"\n\t\t\t\t\t\t\t\tdata-frame_0=\"sX:0.1;sY:0.1;\"\n\t\t\t\t\t\t\t\tdata-frame_1=\"st:1500;sp:1000;sR:1500;\"\n\t\t\t\t\t\t\t\tdata-frame_999=\"o:0;st:w;sR:6500;\"\n\t\t\t\t\t\t\t\tstyle=\"z-index:9;background-color:rgba(255,255,255,0.9);\"\n\t\t\t\t\t\t\t> \n\t\t\t\t\t\t\t<\/rs-layer><!--\n\n\t\t\t\t\t\t\t--><rs-layer\n\t\t\t\t\t\t\t\tid=\"slider-17-slide-82-layer-8\" \n\t\t\t\t\t\t\t\tdata-type=\"image\"\n\t\t\t\t\t\t\t\tdata-rsp_ch=\"on\"\n\t\t\t\t\t\t\t\tdata-xy=\"x:c;xo:370px;y:c;yo:-132px;\"\n\t\t\t\t\t\t\t\tdata-text=\"w:normal;s:20;\"\n\t\t\t\t\t\t\t\tdata-dim=\"w:350px;h:13px;\"\n\t\t\t\t\t\t\t\tdata-frame_1=\"st:2500;sp:1000;sR:2500;\"\n\t\t\t\t\t\t\t\tdata-frame_999=\"o:0;st:w;sR:5500;\"\n\t\t\t\t\t\t\t\tstyle=\"z-index:10;\"\n\t\t\t\t\t\t\t><img decoding=\"async\" src=\"\/\/grand-angle.lavenir.net\/wallonie-bruxelles-desertees\/wp-content\/plugins\/revslider\/sr6\/assets\/assets\/dummy.png\" alt=\"\" class=\"tp-rs-img rs-lazyload\" width=\"365\" height=\"14\" data-lazyload=\"\/\/grand-angle.lavenir.net\/wallonie-bruxelles-desertees\/wp-content\/uploads\/sites\/103\/2020\/03\/separator-2.png\" data-no-retina> \n\t\t\t\t\t\t\t<\/rs-layer><!--\n\n\t\t\t\t\t\t\t--><rs-layer\n\t\t\t\t\t\t\t\tid=\"slider-17-slide-82-layer-9\" \n\t\t\t\t\t\t\t\tdata-type=\"text\"\n\t\t\t\t\t\t\t\tdata-color=\"#000000\"\n\t\t\t\t\t\t\t\tdata-rsp_ch=\"on\"\n\t\t\t\t\t\t\t\tdata-xy=\"x:c;xo:370px;y:c;yo:15px;\"\n\t\t\t\t\t\t\t\tdata-text=\"w:normal;s:24;l:29;a:center;\"\n\t\t\t\t\t\t\t\tdata-dim=\"w:436px;\"\n\t\t\t\t\t\t\t\tdata-frame_1=\"st:2500;sp:1000;sR:2500;\"\n\t\t\t\t\t\t\t\tdata-frame_999=\"o:0;st:w;sR:5500;\"\n\t\t\t\t\t\t\t\tstyle=\"z-index:12;font-family:'Lustria';\"\n\t\t\t\t\t\t\t>Plein sud, cap sur Bastogne. Le char d\u2019assaut de la place Mc Auliffe nous accueille et est sens\u00e9 nous rassurer. <br \/>La ville ardennaise a beau en avoir vu d\u2019autres, elle n\u2019en est pas moins KO debout.<br \/>\n \n\t\t\t\t\t\t\t<\/rs-layer><!--\n-->\t\t\t\t\t<\/rs-slide>\n\t\t\t\t\t\t<rs-slide style=\"position: absolute;\" data-key=\"rs-88\" data-title=\"Slide\" data-thumb=\"\/\/grand-angle.lavenir.net\/wallonie-bruxelles-desertees\/wp-content\/uploads\/sites\/103\/2020\/03\/Bastogne-2.jpg\" data-anim=\"ms:1000;r:0;\" data-in=\"o:0;\" data-out=\"a:false;\">\n\t\t\t\t\t\t\t<img decoding=\"async\" src=\"\/\/grand-angle.lavenir.net\/wallonie-bruxelles-desertees\/wp-content\/plugins\/revslider\/sr6\/assets\/assets\/dummy.png\" alt=\"\" title=\"La Belgique confin\u00e9e\" class=\"rev-slidebg tp-rs-img rs-lazyload\" data-lazyload=\"\/\/grand-angle.lavenir.net\/wallonie-bruxelles-desertees\/wp-content\/uploads\/sites\/103\/2020\/03\/Bastogne-2.jpg\" data-no-retina>\n<!---->\t\t\t\t\t<\/rs-slide>\n\t\t\t\t\t\t<rs-slide style=\"position: absolute;\" data-key=\"rs-89\" data-title=\"Slide\" data-thumb=\"\/\/grand-angle.lavenir.net\/wallonie-bruxelles-desertees\/wp-content\/uploads\/sites\/103\/2020\/03\/Bastogne-3.jpg\" data-anim=\"ms:1000;r:0;\" data-in=\"o:0;\" data-out=\"a:false;\">\n\t\t\t\t\t\t\t<img decoding=\"async\" src=\"\/\/grand-angle.lavenir.net\/wallonie-bruxelles-desertees\/wp-content\/plugins\/revslider\/sr6\/assets\/assets\/dummy.png\" alt=\"\" title=\"La Belgique confin\u00e9e\" class=\"rev-slidebg tp-rs-img rs-lazyload\" data-lazyload=\"\/\/grand-angle.lavenir.net\/wallonie-bruxelles-desertees\/wp-content\/uploads\/sites\/103\/2020\/03\/Bastogne-3.jpg\" data-no-retina>\n<!---->\t\t\t\t\t<\/rs-slide>\n\t\t\t\t\t<\/rs-slides>\n\t\t\t\t<\/rs-module>\n\t\t\t\t<script>\n\t\t\t\t\tsetREVStartSize({c: 'rev_slider_17_13',rl:[1240,1024,768,480],el:[900],gw:[1240],gh:[900],type:'standard',justify:'',layout:'fullwidth',mh:\"0\"});if (window.RS_MODULES!==undefined && window.RS_MODULES.modules!==undefined && window.RS_MODULES.modules[\"revslider1713\"]!==undefined) {window.RS_MODULES.modules[\"revslider1713\"].once = false;window.revapi17 = undefined;if (window.RS_MODULES.checkMinimal!==undefined) window.RS_MODULES.checkMinimal()}\n\t\t\t\t<\/script>\n\t\t\t<\/rs-module-wrap>\n\t\t\t<!-- END REVOLUTION SLIDER -->\n<\/div>\n<div class=\"fusion-slider-revolution rev_slider_wrapper\">\t\t\t<!-- START arlon REVOLUTION SLIDER 6.7.41 --><p class=\"rs-p-wp-fix\"><\/p>\n\t\t\t<rs-module-wrap id=\"rev_slider_18_14_wrapper\" data-source=\"gallery\" style=\"visibility:hidden;background:transparent;padding:0;margin:0px auto;margin-top:0;margin-bottom:0;\">\n\t\t\t\t<rs-module id=\"rev_slider_18_14\" style=\"\" data-version=\"6.7.41\">\n\t\t\t\t\t<rs-slides style=\"overflow: hidden; position: absolute;\">\n\t\t\t\t\t\t<rs-slide style=\"position: absolute;\" data-key=\"rs-90\" data-title=\"Slide\" data-thumb=\"\/\/grand-angle.lavenir.net\/wallonie-bruxelles-desertees\/wp-content\/uploads\/sites\/103\/2020\/03\/23032020-DSC_4940.jpg\" data-anim=\"ms:1000;r:0;\" data-in=\"o:0;\" data-out=\"a:false;\" data-mediafilter=\"moon\">\n\t\t\t\t\t\t\t<img decoding=\"async\" src=\"\/\/grand-angle.lavenir.net\/wallonie-bruxelles-desertees\/wp-content\/plugins\/revslider\/sr6\/assets\/assets\/dummy.png\" alt=\"Slide\" title=\"Coronavirus &#8211; Road trip dans un pays confin\u00e9\" width=\"2000\" height=\"1335\" class=\"rev-slidebg tp-rs-img rs-lazyload\" data-lazyload=\"\/\/grand-angle.lavenir.net\/wallonie-bruxelles-desertees\/wp-content\/plugins\/revslider\/sr6\/assets\/assets\/transparent.png\" data-no-retina>\n<!--\n\t\t\t\t\t\t\t--><rs-layer\n\t\t\t\t\t\t\t\tid=\"slider-18-slide-90-layer-4\" \n\t\t\t\t\t\t\t\tdata-type=\"image\"\n\t\t\t\t\t\t\t\tdata-rsp_ch=\"on\"\n\t\t\t\t\t\t\t\tdata-xy=\"x:237px;y:c;\"\n\t\t\t\t\t\t\t\tdata-text=\"w:normal;\"\n\t\t\t\t\t\t\t\tdata-dim=\"w:1000px;h:668px;\"\n\t\t\t\t\t\t\t\tdata-frame_999=\"o:0;st:w;\"\n\t\t\t\t\t\t\t\tstyle=\"z-index:8;\"\n\t\t\t\t\t\t\t><img decoding=\"async\" src=\"\/\/grand-angle.lavenir.net\/wallonie-bruxelles-desertees\/wp-content\/plugins\/revslider\/sr6\/assets\/assets\/dummy.png\" alt=\"\" class=\"tp-rs-img rs-lazyload\" width=\"2000\" height=\"1335\" data-lazyload=\"\/\/grand-angle.lavenir.net\/wallonie-bruxelles-desertees\/wp-content\/uploads\/sites\/103\/2020\/03\/Arlon-3.jpg\" data-no-retina> \n\t\t\t\t\t\t\t<\/rs-layer><!--\n\n\t\t\t\t\t\t\t--><h1\n\t\t\t\t\t\t\t\tid=\"slider-18-slide-90-layer-6\" \n\t\t\t\t\t\t\t\tclass=\"rs-layer\"\n\t\t\t\t\t\t\t\tdata-type=\"text\"\n\t\t\t\t\t\t\t\tdata-color=\"#000000\"\n\t\t\t\t\t\t\t\tdata-rsp_ch=\"on\"\n\t\t\t\t\t\t\t\tdata-xy=\"x:c;xo:-370px;y:c;yo:-185px;\"\n\t\t\t\t\t\t\t\tdata-text=\"w:normal;s:44;l:70;fw:900;a:center;\"\n\t\t\t\t\t\t\t\tdata-dim=\"w:492px;\"\n\t\t\t\t\t\t\t\tdata-frame_0=\"y:50px;\"\n\t\t\t\t\t\t\t\tdata-frame_0_chars=\"d:5;y:10px;\"\n\t\t\t\t\t\t\t\tdata-frame_1=\"st:2500;sp:1000;sR:2500;\"\n\t\t\t\t\t\t\t\tdata-frame_1_chars=\"d:5;\"\n\t\t\t\t\t\t\t\tdata-frame_999=\"o:0;st:w;sR:5500;\"\n\t\t\t\t\t\t\t\tstyle=\"z-index:11;font-family:'Lato';\"\n\t\t\t\t\t\t\t>ARLON \n\t\t\t\t\t\t\t<\/h1><!--\n\n\t\t\t\t\t\t\t--><rs-layer\n\t\t\t\t\t\t\t\tid=\"slider-18-slide-90-layer-7\" \n\t\t\t\t\t\t\t\tdata-type=\"shape\"\n\t\t\t\t\t\t\t\tdata-bsh=\"c:rgba(0,0,0,0.2);b:10px;s:3px;\"\n\t\t\t\t\t\t\t\tdata-rsp_ch=\"on\"\n\t\t\t\t\t\t\t\tdata-xy=\"x:c;xo:-370px;y:c;\"\n\t\t\t\t\t\t\t\tdata-text=\"w:normal;\"\n\t\t\t\t\t\t\t\tdata-dim=\"w:500px;h:500px;\"\n\t\t\t\t\t\t\t\tdata-frame_0=\"sX:0.1;sY:0.1;\"\n\t\t\t\t\t\t\t\tdata-frame_1=\"st:1500;sp:1000;sR:1500;\"\n\t\t\t\t\t\t\t\tdata-frame_999=\"o:0;st:w;sR:6500;\"\n\t\t\t\t\t\t\t\tstyle=\"z-index:9;background-color:rgba(255,255,255,0.9);\"\n\t\t\t\t\t\t\t> \n\t\t\t\t\t\t\t<\/rs-layer><!--\n\n\t\t\t\t\t\t\t--><rs-layer\n\t\t\t\t\t\t\t\tid=\"slider-18-slide-90-layer-8\" \n\t\t\t\t\t\t\t\tdata-type=\"image\"\n\t\t\t\t\t\t\t\tdata-rsp_ch=\"on\"\n\t\t\t\t\t\t\t\tdata-xy=\"x:c;xo:-370px;y:c;yo:-132px;\"\n\t\t\t\t\t\t\t\tdata-text=\"w:normal;s:20;\"\n\t\t\t\t\t\t\t\tdata-dim=\"w:350px;h:13px;\"\n\t\t\t\t\t\t\t\tdata-frame_1=\"st:2500;sp:1000;sR:2500;\"\n\t\t\t\t\t\t\t\tdata-frame_999=\"o:0;st:w;sR:5500;\"\n\t\t\t\t\t\t\t\tstyle=\"z-index:10;\"\n\t\t\t\t\t\t\t><img decoding=\"async\" src=\"\/\/grand-angle.lavenir.net\/wallonie-bruxelles-desertees\/wp-content\/plugins\/revslider\/sr6\/assets\/assets\/dummy.png\" alt=\"\" class=\"tp-rs-img rs-lazyload\" width=\"365\" height=\"14\" data-lazyload=\"\/\/grand-angle.lavenir.net\/wallonie-bruxelles-desertees\/wp-content\/uploads\/sites\/103\/2020\/03\/separator-2.png\" data-no-retina> \n\t\t\t\t\t\t\t<\/rs-layer><!--\n\n\t\t\t\t\t\t\t--><rs-layer\n\t\t\t\t\t\t\t\tid=\"slider-18-slide-90-layer-9\" \n\t\t\t\t\t\t\t\tdata-type=\"text\"\n\t\t\t\t\t\t\t\tdata-color=\"#000000\"\n\t\t\t\t\t\t\t\tdata-rsp_ch=\"on\"\n\t\t\t\t\t\t\t\tdata-xy=\"x:c;xo:-370px;y:c;yo:15px;\"\n\t\t\t\t\t\t\t\tdata-text=\"w:normal;s:24;l:29;a:center;\"\n\t\t\t\t\t\t\t\tdata-dim=\"w:436px;\"\n\t\t\t\t\t\t\t\tdata-frame_1=\"st:2500;sp:1000;sR:2500;\"\n\t\t\t\t\t\t\t\tdata-frame_999=\"o:0;st:w;sR:5500;\"\n\t\t\t\t\t\t\t\tstyle=\"z-index:12;font-family:'Lustria';\"\n\t\t\t\t\t\t\t>Un peu plus loin, \u00e0 Arlon, c\u2019est la m\u00eame ambiance. La plaine de jeu du parc L\u00e9opold ne r\u00e9sonne plus des cris de joie des enfants. Et dans la Grand-Rue, seule la petite fromagerie est ouverte. Devant la vitrine, une table et deux chaises joyeusement color\u00e9es attendent le client. \n\t\t\t\t\t\t\t<\/rs-layer><!--\n-->\t\t\t\t\t<\/rs-slide>\n\t\t\t\t\t\t<rs-slide style=\"position: absolute;\" data-key=\"rs-93\" data-title=\"Slide\" data-thumb=\"\/\/grand-angle.lavenir.net\/wallonie-bruxelles-desertees\/wp-content\/uploads\/sites\/103\/2020\/03\/Arlon-2.jpg\" data-anim=\"ms:1000;r:0;\" data-in=\"o:0;\" data-out=\"a:false;\">\n\t\t\t\t\t\t\t<img decoding=\"async\" src=\"\/\/grand-angle.lavenir.net\/wallonie-bruxelles-desertees\/wp-content\/plugins\/revslider\/sr6\/assets\/assets\/dummy.png\" alt=\"\" title=\"La Belgique confin\u00e9e\" class=\"rev-slidebg tp-rs-img rs-lazyload\" data-lazyload=\"\/\/grand-angle.lavenir.net\/wallonie-bruxelles-desertees\/wp-content\/uploads\/sites\/103\/2020\/03\/Arlon-2.jpg\" data-no-retina>\n<!---->\t\t\t\t\t<\/rs-slide>\n\t\t\t\t\t\t<rs-slide style=\"position: absolute;\" data-key=\"rs-94\" data-title=\"Slide\" data-thumb=\"\/\/grand-angle.lavenir.net\/wallonie-bruxelles-desertees\/wp-content\/uploads\/sites\/103\/2020\/03\/Arlon-1.jpg\" data-anim=\"ms:1000;r:0;\" data-in=\"o:0;\" data-out=\"a:false;\">\n\t\t\t\t\t\t\t<img decoding=\"async\" src=\"\/\/grand-angle.lavenir.net\/wallonie-bruxelles-desertees\/wp-content\/plugins\/revslider\/sr6\/assets\/assets\/dummy.png\" alt=\"\" title=\"La Belgique confin\u00e9e\" class=\"rev-slidebg tp-rs-img rs-lazyload\" data-lazyload=\"\/\/grand-angle.lavenir.net\/wallonie-bruxelles-desertees\/wp-content\/uploads\/sites\/103\/2020\/03\/Arlon-1.jpg\" data-no-retina>\n<!---->\t\t\t\t\t<\/rs-slide>\n\t\t\t\t\t<\/rs-slides>\n\t\t\t\t<\/rs-module>\n\t\t\t\t<script>\n\t\t\t\t\tsetREVStartSize({c: 'rev_slider_18_14',rl:[1240,1024,768,480],el:[900],gw:[1240],gh:[900],type:'standard',justify:'',layout:'fullwidth',mh:\"0\"});if (window.RS_MODULES!==undefined && window.RS_MODULES.modules!==undefined && window.RS_MODULES.modules[\"revslider1814\"]!==undefined) {window.RS_MODULES.modules[\"revslider1814\"].once = false;window.revapi18 = undefined;if (window.RS_MODULES.checkMinimal!==undefined) window.RS_MODULES.checkMinimal()}\n\t\t\t\t<\/script>\n\t\t\t<\/rs-module-wrap>\n\t\t\t<!-- END REVOLUTION SLIDER -->\n<\/div>\n<div class=\"fusion-slider-revolution rev_slider_wrapper\">\t\t\t<!-- START marche REVOLUTION SLIDER 6.7.41 --><p class=\"rs-p-wp-fix\"><\/p>\n\t\t\t<rs-module-wrap id=\"rev_slider_19_15_wrapper\" data-source=\"gallery\" style=\"visibility:hidden;background:transparent;padding:0;margin:0px auto;margin-top:0;margin-bottom:0;\">\n\t\t\t\t<rs-module id=\"rev_slider_19_15\" style=\"\" data-version=\"6.7.41\">\n\t\t\t\t\t<rs-slides style=\"overflow: hidden; position: absolute;\">\n\t\t\t\t\t\t<rs-slide style=\"position: absolute;\" data-key=\"rs-95\" data-title=\"Slide\" data-thumb=\"\/\/grand-angle.lavenir.net\/wallonie-bruxelles-desertees\/wp-content\/uploads\/sites\/103\/2020\/03\/23032020-DSC_4940.jpg\" data-anim=\"ms:1000;r:0;\" data-in=\"o:0;\" data-out=\"a:false;\" data-mediafilter=\"moon\">\n\t\t\t\t\t\t\t<img decoding=\"async\" src=\"\/\/grand-angle.lavenir.net\/wallonie-bruxelles-desertees\/wp-content\/plugins\/revslider\/sr6\/assets\/assets\/dummy.png\" alt=\"Slide\" title=\"Coronavirus &#8211; Road trip dans un pays confin\u00e9\" width=\"2000\" height=\"1335\" class=\"rev-slidebg tp-rs-img rs-lazyload\" data-lazyload=\"\/\/grand-angle.lavenir.net\/wallonie-bruxelles-desertees\/wp-content\/plugins\/revslider\/sr6\/assets\/assets\/transparent.png\" data-no-retina>\n<!--\n\t\t\t\t\t\t\t--><rs-layer\n\t\t\t\t\t\t\t\tid=\"slider-19-slide-95-layer-4\" \n\t\t\t\t\t\t\t\tdata-type=\"image\"\n\t\t\t\t\t\t\t\tdata-rsp_ch=\"on\"\n\t\t\t\t\t\t\t\tdata-xy=\"x:1px;y:c;\"\n\t\t\t\t\t\t\t\tdata-text=\"w:normal;\"\n\t\t\t\t\t\t\t\tdata-dim=\"w:1000px;h:668px;\"\n\t\t\t\t\t\t\t\tdata-frame_999=\"o:0;st:w;\"\n\t\t\t\t\t\t\t\tstyle=\"z-index:8;\"\n\t\t\t\t\t\t\t><img decoding=\"async\" src=\"\/\/grand-angle.lavenir.net\/wallonie-bruxelles-desertees\/wp-content\/plugins\/revslider\/sr6\/assets\/assets\/dummy.png\" alt=\"\" class=\"tp-rs-img rs-lazyload\" width=\"2000\" height=\"1335\" data-lazyload=\"\/\/grand-angle.lavenir.net\/wallonie-bruxelles-desertees\/wp-content\/uploads\/sites\/103\/2020\/03\/Marche-en-Famenne-1.jpg\" data-no-retina> \n\t\t\t\t\t\t\t<\/rs-layer><!--\n\n\t\t\t\t\t\t\t--><h1\n\t\t\t\t\t\t\t\tid=\"slider-19-slide-95-layer-6\" \n\t\t\t\t\t\t\t\tclass=\"rs-layer\"\n\t\t\t\t\t\t\t\tdata-type=\"text\"\n\t\t\t\t\t\t\t\tdata-color=\"#000000\"\n\t\t\t\t\t\t\t\tdata-rsp_ch=\"on\"\n\t\t\t\t\t\t\t\tdata-xy=\"x:c;xo:368px;y:c;yo:-185px;\"\n\t\t\t\t\t\t\t\tdata-text=\"w:normal;s:40;l:63;fw:900;a:center;\"\n\t\t\t\t\t\t\t\tdata-dim=\"w:443;\"\n\t\t\t\t\t\t\t\tdata-frame_0=\"y:45px;\"\n\t\t\t\t\t\t\t\tdata-frame_0_chars=\"d:5;y:9px;\"\n\t\t\t\t\t\t\t\tdata-frame_1=\"st:2500;sp:1000;sR:2500;\"\n\t\t\t\t\t\t\t\tdata-frame_1_chars=\"d:5;\"\n\t\t\t\t\t\t\t\tdata-frame_999=\"o:0;st:w;sR:5500;\"\n\t\t\t\t\t\t\t\tstyle=\"z-index:11;font-family:'Lato';\"\n\t\t\t\t\t\t\t>MARCHE-EN-FAMENNE \n\t\t\t\t\t\t\t<\/h1><!--\n\n\t\t\t\t\t\t\t--><rs-layer\n\t\t\t\t\t\t\t\tid=\"slider-19-slide-95-layer-7\" \n\t\t\t\t\t\t\t\tdata-type=\"shape\"\n\t\t\t\t\t\t\t\tdata-bsh=\"c:rgba(0,0,0,0.2);b:10px;s:3px;\"\n\t\t\t\t\t\t\t\tdata-rsp_ch=\"on\"\n\t\t\t\t\t\t\t\tdata-xy=\"x:c;xo:368px;y:c;\"\n\t\t\t\t\t\t\t\tdata-text=\"w:normal;\"\n\t\t\t\t\t\t\t\tdata-dim=\"w:500px;h:500px;\"\n\t\t\t\t\t\t\t\tdata-frame_0=\"sX:0.1;sY:0.1;\"\n\t\t\t\t\t\t\t\tdata-frame_1=\"st:1500;sp:1000;sR:1500;\"\n\t\t\t\t\t\t\t\tdata-frame_999=\"o:0;st:w;sR:6500;\"\n\t\t\t\t\t\t\t\tstyle=\"z-index:9;background-color:rgba(255,255,255,0.9);\"\n\t\t\t\t\t\t\t> \n\t\t\t\t\t\t\t<\/rs-layer><!--\n\n\t\t\t\t\t\t\t--><rs-layer\n\t\t\t\t\t\t\t\tid=\"slider-19-slide-95-layer-8\" \n\t\t\t\t\t\t\t\tdata-type=\"image\"\n\t\t\t\t\t\t\t\tdata-rsp_ch=\"on\"\n\t\t\t\t\t\t\t\tdata-xy=\"x:c;xo:368px;y:c;yo:-132px;\"\n\t\t\t\t\t\t\t\tdata-text=\"w:normal;s:20;\"\n\t\t\t\t\t\t\t\tdata-dim=\"w:350px;h:13px;\"\n\t\t\t\t\t\t\t\tdata-frame_1=\"st:2500;sp:1000;sR:2500;\"\n\t\t\t\t\t\t\t\tdata-frame_999=\"o:0;st:w;sR:5500;\"\n\t\t\t\t\t\t\t\tstyle=\"z-index:10;\"\n\t\t\t\t\t\t\t><img decoding=\"async\" src=\"\/\/grand-angle.lavenir.net\/wallonie-bruxelles-desertees\/wp-content\/plugins\/revslider\/sr6\/assets\/assets\/dummy.png\" alt=\"\" class=\"tp-rs-img rs-lazyload\" width=\"365\" height=\"14\" data-lazyload=\"\/\/grand-angle.lavenir.net\/wallonie-bruxelles-desertees\/wp-content\/uploads\/sites\/103\/2020\/03\/separator-2.png\" data-no-retina> \n\t\t\t\t\t\t\t<\/rs-layer><!--\n\n\t\t\t\t\t\t\t--><rs-layer\n\t\t\t\t\t\t\t\tid=\"slider-19-slide-95-layer-9\" \n\t\t\t\t\t\t\t\tdata-type=\"text\"\n\t\t\t\t\t\t\t\tdata-color=\"#000000\"\n\t\t\t\t\t\t\t\tdata-rsp_ch=\"on\"\n\t\t\t\t\t\t\t\tdata-xy=\"x:c;xo:368px;y:c;yo:46px;\"\n\t\t\t\t\t\t\t\tdata-text=\"w:normal;s:24;l:29;a:center;\"\n\t\t\t\t\t\t\t\tdata-dim=\"w:436px;\"\n\t\t\t\t\t\t\t\tdata-frame_1=\"st:2500;sp:1000;sR:2500;\"\n\t\t\t\t\t\t\t\tdata-frame_999=\"o:0;st:w;sR:5500;\"\n\t\t\t\t\t\t\t\tstyle=\"z-index:12;font-family:'Lustria';\"\n\t\t\t\t\t\t\t>Ce confinement a parfois du bon. \u00c0 Marche-en-Famenne, on a tout le temps de fl\u00e2ner et d\u2019admirer les tr\u00e8s nombreuses sculptures, des \u0153uvres monumentales de Serge Gangolf aux personnages de bronze, diss\u00e9min\u00e9es dans les rues et ruelles de la ville. Certaines, ici aussi, ont leur petit masque de protection.<br \/>\n \n\t\t\t\t\t\t\t<\/rs-layer><!--\n-->\t\t\t\t\t<\/rs-slide>\n\t\t\t\t\t\t<rs-slide style=\"position: absolute;\" data-key=\"rs-98\" data-title=\"Slide\" data-thumb=\"\/\/grand-angle.lavenir.net\/wallonie-bruxelles-desertees\/wp-content\/uploads\/sites\/103\/2020\/03\/Marche-en-Famenne-2.jpg\" data-anim=\"ms:1000;r:0;\" data-in=\"o:0;\" data-out=\"a:false;\">\n\t\t\t\t\t\t\t<img decoding=\"async\" src=\"\/\/grand-angle.lavenir.net\/wallonie-bruxelles-desertees\/wp-content\/plugins\/revslider\/sr6\/assets\/assets\/dummy.png\" alt=\"\" title=\"La Belgique confin\u00e9e\" class=\"rev-slidebg tp-rs-img rs-lazyload\" data-lazyload=\"\/\/grand-angle.lavenir.net\/wallonie-bruxelles-desertees\/wp-content\/uploads\/sites\/103\/2020\/03\/Marche-en-Famenne-2.jpg\" data-no-retina>\n<!---->\t\t\t\t\t<\/rs-slide>\n\t\t\t\t\t\t<rs-slide style=\"position: absolute;\" data-key=\"rs-99\" data-title=\"Slide\" data-thumb=\"\/\/grand-angle.lavenir.net\/wallonie-bruxelles-desertees\/wp-content\/uploads\/sites\/103\/2020\/03\/Marche-en-Famenne-3.jpg\" data-anim=\"ms:1000;r:0;\" data-in=\"o:0;\" data-out=\"a:false;\">\n\t\t\t\t\t\t\t<img decoding=\"async\" src=\"\/\/grand-angle.lavenir.net\/wallonie-bruxelles-desertees\/wp-content\/plugins\/revslider\/sr6\/assets\/assets\/dummy.png\" alt=\"\" title=\"La Belgique confin\u00e9e\" class=\"rev-slidebg tp-rs-img rs-lazyload\" data-lazyload=\"\/\/grand-angle.lavenir.net\/wallonie-bruxelles-desertees\/wp-content\/uploads\/sites\/103\/2020\/03\/Marche-en-Famenne-3.jpg\" data-no-retina>\n<!---->\t\t\t\t\t<\/rs-slide>\n\t\t\t\t\t<\/rs-slides>\n\t\t\t\t<\/rs-module>\n\t\t\t\t<script>\n\t\t\t\t\tsetREVStartSize({c: 'rev_slider_19_15',rl:[1240,1024,768,480],el:[900],gw:[1240],gh:[900],type:'standard',justify:'',layout:'fullwidth',mh:\"0\"});if (window.RS_MODULES!==undefined && window.RS_MODULES.modules!==undefined && window.RS_MODULES.modules[\"revslider1915\"]!==undefined) {window.RS_MODULES.modules[\"revslider1915\"].once = false;window.revapi19 = undefined;if (window.RS_MODULES.checkMinimal!==undefined) window.RS_MODULES.checkMinimal()}\n\t\t\t\t<\/script>\n\t\t\t<\/rs-module-wrap>\n\t\t\t<!-- END REVOLUTION SLIDER -->\n<\/div>\n<div class=\"fusion-slider-revolution rev_slider_wrapper\">\t\t\t<!-- START durbuy REVOLUTION SLIDER 6.7.41 --><p class=\"rs-p-wp-fix\"><\/p>\n\t\t\t<rs-module-wrap id=\"rev_slider_20_16_wrapper\" data-source=\"gallery\" style=\"visibility:hidden;background:transparent;padding:0;margin:0px auto;margin-top:0;margin-bottom:0;\">\n\t\t\t\t<rs-module id=\"rev_slider_20_16\" style=\"\" data-version=\"6.7.41\">\n\t\t\t\t\t<rs-slides style=\"overflow: hidden; position: absolute;\">\n\t\t\t\t\t\t<rs-slide style=\"position: absolute;\" data-key=\"rs-100\" data-title=\"Slide\" data-thumb=\"\/\/grand-angle.lavenir.net\/wallonie-bruxelles-desertees\/wp-content\/uploads\/sites\/103\/2020\/03\/23032020-DSC_4940.jpg\" data-anim=\"ms:1000;r:0;\" data-in=\"o:0;\" data-out=\"a:false;\" data-mediafilter=\"moon\">\n\t\t\t\t\t\t\t<img decoding=\"async\" src=\"\/\/grand-angle.lavenir.net\/wallonie-bruxelles-desertees\/wp-content\/plugins\/revslider\/sr6\/assets\/assets\/dummy.png\" alt=\"Slide\" title=\"Coronavirus &#8211; Road trip dans un pays confin\u00e9\" width=\"2000\" height=\"1335\" class=\"rev-slidebg tp-rs-img rs-lazyload\" data-lazyload=\"\/\/grand-angle.lavenir.net\/wallonie-bruxelles-desertees\/wp-content\/plugins\/revslider\/sr6\/assets\/assets\/transparent.png\" data-no-retina>\n<!--\n\t\t\t\t\t\t\t--><rs-layer\n\t\t\t\t\t\t\t\tid=\"slider-20-slide-100-layer-4\" \n\t\t\t\t\t\t\t\tdata-type=\"image\"\n\t\t\t\t\t\t\t\tdata-rsp_ch=\"on\"\n\t\t\t\t\t\t\t\tdata-xy=\"x:238px;y:c;\"\n\t\t\t\t\t\t\t\tdata-text=\"w:normal;\"\n\t\t\t\t\t\t\t\tdata-dim=\"w:1000px;h:668px;\"\n\t\t\t\t\t\t\t\tdata-frame_999=\"o:0;st:w;\"\n\t\t\t\t\t\t\t\tstyle=\"z-index:8;\"\n\t\t\t\t\t\t\t><img decoding=\"async\" src=\"\/\/grand-angle.lavenir.net\/wallonie-bruxelles-desertees\/wp-content\/plugins\/revslider\/sr6\/assets\/assets\/dummy.png\" alt=\"\" class=\"tp-rs-img rs-lazyload\" width=\"2000\" height=\"1335\" data-lazyload=\"\/\/grand-angle.lavenir.net\/wallonie-bruxelles-desertees\/wp-content\/uploads\/sites\/103\/2020\/03\/Durbuy-1.jpg\" data-no-retina> \n\t\t\t\t\t\t\t<\/rs-layer><!--\n\n\t\t\t\t\t\t\t--><h1\n\t\t\t\t\t\t\t\tid=\"slider-20-slide-100-layer-6\" \n\t\t\t\t\t\t\t\tclass=\"rs-layer\"\n\t\t\t\t\t\t\t\tdata-type=\"text\"\n\t\t\t\t\t\t\t\tdata-color=\"#000000\"\n\t\t\t\t\t\t\t\tdata-rsp_ch=\"on\"\n\t\t\t\t\t\t\t\tdata-xy=\"x:c;xo:-370px;y:c;yo:-185px;\"\n\t\t\t\t\t\t\t\tdata-text=\"w:normal;s:40;l:63;fw:900;a:center;\"\n\t\t\t\t\t\t\t\tdata-dim=\"w:443;\"\n\t\t\t\t\t\t\t\tdata-frame_0=\"y:45px;\"\n\t\t\t\t\t\t\t\tdata-frame_0_chars=\"d:5;y:9px;\"\n\t\t\t\t\t\t\t\tdata-frame_1=\"st:2500;sp:1000;sR:2500;\"\n\t\t\t\t\t\t\t\tdata-frame_1_chars=\"d:5;\"\n\t\t\t\t\t\t\t\tdata-frame_999=\"o:0;st:w;sR:5500;\"\n\t\t\t\t\t\t\t\tstyle=\"z-index:11;font-family:'Lato';\"\n\t\t\t\t\t\t\t>DURBUY \n\t\t\t\t\t\t\t<\/h1><!--\n\n\t\t\t\t\t\t\t--><rs-layer\n\t\t\t\t\t\t\t\tid=\"slider-20-slide-100-layer-7\" \n\t\t\t\t\t\t\t\tdata-type=\"shape\"\n\t\t\t\t\t\t\t\tdata-bsh=\"c:rgba(0,0,0,0.2);b:10px;s:3px;\"\n\t\t\t\t\t\t\t\tdata-rsp_ch=\"on\"\n\t\t\t\t\t\t\t\tdata-xy=\"x:c;xo:-370px;y:c;\"\n\t\t\t\t\t\t\t\tdata-text=\"w:normal;\"\n\t\t\t\t\t\t\t\tdata-dim=\"w:500px;h:500px;\"\n\t\t\t\t\t\t\t\tdata-frame_0=\"sX:0.1;sY:0.1;\"\n\t\t\t\t\t\t\t\tdata-frame_1=\"st:1500;sp:1000;sR:1500;\"\n\t\t\t\t\t\t\t\tdata-frame_999=\"o:0;st:w;sR:6500;\"\n\t\t\t\t\t\t\t\tstyle=\"z-index:9;background-color:rgba(255,255,255,0.9);\"\n\t\t\t\t\t\t\t> \n\t\t\t\t\t\t\t<\/rs-layer><!--\n\n\t\t\t\t\t\t\t--><rs-layer\n\t\t\t\t\t\t\t\tid=\"slider-20-slide-100-layer-8\" \n\t\t\t\t\t\t\t\tdata-type=\"image\"\n\t\t\t\t\t\t\t\tdata-rsp_ch=\"on\"\n\t\t\t\t\t\t\t\tdata-xy=\"x:c;xo:-370px;y:c;yo:-132px;\"\n\t\t\t\t\t\t\t\tdata-text=\"w:normal;s:20;\"\n\t\t\t\t\t\t\t\tdata-dim=\"w:350px;h:13px;\"\n\t\t\t\t\t\t\t\tdata-frame_1=\"st:2500;sp:1000;sR:2500;\"\n\t\t\t\t\t\t\t\tdata-frame_999=\"o:0;st:w;sR:5500;\"\n\t\t\t\t\t\t\t\tstyle=\"z-index:10;\"\n\t\t\t\t\t\t\t><img decoding=\"async\" src=\"\/\/grand-angle.lavenir.net\/wallonie-bruxelles-desertees\/wp-content\/plugins\/revslider\/sr6\/assets\/assets\/dummy.png\" alt=\"\" class=\"tp-rs-img rs-lazyload\" width=\"365\" height=\"14\" data-lazyload=\"\/\/grand-angle.lavenir.net\/wallonie-bruxelles-desertees\/wp-content\/uploads\/sites\/103\/2020\/03\/separator-2.png\" data-no-retina> \n\t\t\t\t\t\t\t<\/rs-layer><!--\n\n\t\t\t\t\t\t\t--><rs-layer\n\t\t\t\t\t\t\t\tid=\"slider-20-slide-100-layer-9\" \n\t\t\t\t\t\t\t\tdata-type=\"text\"\n\t\t\t\t\t\t\t\tdata-color=\"#000000\"\n\t\t\t\t\t\t\t\tdata-rsp_ch=\"on\"\n\t\t\t\t\t\t\t\tdata-xy=\"x:c;xo:-370px;y:c;yo:46px;\"\n\t\t\t\t\t\t\t\tdata-text=\"w:normal;s:24;l:29;a:center;\"\n\t\t\t\t\t\t\t\tdata-dim=\"w:436px;\"\n\t\t\t\t\t\t\t\tdata-frame_1=\"st:2500;sp:1000;sR:2500;\"\n\t\t\t\t\t\t\t\tdata-frame_999=\"o:0;st:w;sR:5500;\"\n\t\t\t\t\t\t\t\tstyle=\"z-index:12;font-family:'Lustria';\"\n\t\t\t\t\t\t\t>Durbuy ne vit que par le tourisme. Durbuy N\u2019EXISTE que par le tourisme. Autant dire qu\u2019en ce moment, la plus petite ville du monde n\u2019est plus rien. M\u00eame le boucher a finalement, contraint forc\u00e9, ferm\u00e9 ses portes. Pas de touristes. Pas de clients.  \n\t\t\t\t\t\t\t<\/rs-layer><!--\n-->\t\t\t\t\t<\/rs-slide>\n\t\t\t\t\t\t<rs-slide style=\"position: absolute;\" data-key=\"rs-103\" data-title=\"Slide\" data-thumb=\"\/\/grand-angle.lavenir.net\/wallonie-bruxelles-desertees\/wp-content\/uploads\/sites\/103\/2020\/03\/23032020-DSC_4940.jpg\" data-anim=\"ms:1000;r:0;\" data-in=\"o:0;\" data-out=\"a:false;\" data-mediafilter=\"moon\">\n\t\t\t\t\t\t\t<img decoding=\"async\" src=\"\/\/grand-angle.lavenir.net\/wallonie-bruxelles-desertees\/wp-content\/plugins\/revslider\/sr6\/assets\/assets\/dummy.png\" alt=\"Slide\" title=\"Coronavirus &#8211; Road trip dans un pays confin\u00e9\" width=\"2000\" height=\"1335\" class=\"rev-slidebg tp-rs-img rs-lazyload\" data-lazyload=\"\/\/grand-angle.lavenir.net\/wallonie-bruxelles-desertees\/wp-content\/plugins\/revslider\/sr6\/assets\/assets\/transparent.png\" data-no-retina>\n<!--\n\t\t\t\t\t\t\t--><rs-layer\n\t\t\t\t\t\t\t\tid=\"slider-20-slide-103-layer-4\" \n\t\t\t\t\t\t\t\tdata-type=\"image\"\n\t\t\t\t\t\t\t\tdata-rsp_ch=\"on\"\n\t\t\t\t\t\t\t\tdata-xy=\"x:1px;y:c;\"\n\t\t\t\t\t\t\t\tdata-text=\"w:normal;\"\n\t\t\t\t\t\t\t\tdata-dim=\"w:1000px;h:668px;\"\n\t\t\t\t\t\t\t\tdata-frame_999=\"o:0;st:w;\"\n\t\t\t\t\t\t\t\tstyle=\"z-index:8;\"\n\t\t\t\t\t\t\t><img decoding=\"async\" src=\"\/\/grand-angle.lavenir.net\/wallonie-bruxelles-desertees\/wp-content\/plugins\/revslider\/sr6\/assets\/assets\/dummy.png\" alt=\"\" class=\"tp-rs-img rs-lazyload\" width=\"2000\" height=\"1335\" data-lazyload=\"\/\/grand-angle.lavenir.net\/wallonie-bruxelles-desertees\/wp-content\/uploads\/sites\/103\/2020\/03\/Durbuy-2.jpg\" data-no-retina> \n\t\t\t\t\t\t\t<\/rs-layer><!--\n\n\t\t\t\t\t\t\t--><rs-layer\n\t\t\t\t\t\t\t\tid=\"slider-20-slide-103-layer-7\" \n\t\t\t\t\t\t\t\tdata-type=\"shape\"\n\t\t\t\t\t\t\t\tdata-bsh=\"c:rgba(0,0,0,0.2);b:10px;s:3px;\"\n\t\t\t\t\t\t\t\tdata-rsp_ch=\"on\"\n\t\t\t\t\t\t\t\tdata-xy=\"x:c;xo:369px;y:c;\"\n\t\t\t\t\t\t\t\tdata-text=\"w:normal;\"\n\t\t\t\t\t\t\t\tdata-dim=\"w:500px;h:500px;\"\n\t\t\t\t\t\t\t\tdata-frame_0=\"sX:0.1;sY:0.1;\"\n\t\t\t\t\t\t\t\tdata-frame_1=\"st:1500;sp:1000;sR:1500;\"\n\t\t\t\t\t\t\t\tdata-frame_999=\"o:0;st:w;sR:6500;\"\n\t\t\t\t\t\t\t\tstyle=\"z-index:9;background-color:rgba(255,255,255,0.9);\"\n\t\t\t\t\t\t\t> \n\t\t\t\t\t\t\t<\/rs-layer><!--\n\n\t\t\t\t\t\t\t--><rs-layer\n\t\t\t\t\t\t\t\tid=\"slider-20-slide-103-layer-9\" \n\t\t\t\t\t\t\t\tdata-type=\"text\"\n\t\t\t\t\t\t\t\tdata-color=\"#000000\"\n\t\t\t\t\t\t\t\tdata-rsp_ch=\"on\"\n\t\t\t\t\t\t\t\tdata-xy=\"x:c;xo:369px;y:c;yo:-14px;\"\n\t\t\t\t\t\t\t\tdata-text=\"w:normal;s:24;l:29;a:center;\"\n\t\t\t\t\t\t\t\tdata-dim=\"w:436px;\"\n\t\t\t\t\t\t\t\tdata-frame_1=\"st:2500;sp:1000;sR:2500;\"\n\t\t\t\t\t\t\t\tdata-frame_999=\"o:0;st:w;sR:5500;\"\n\t\t\t\t\t\t\t\tstyle=\"z-index:12;font-family:'Lustria';\"\n\t\t\t\t\t\t\t>Sur un parking de la Place aux Foires, une famille, papa, maman et deux enfants, s\u2019appr\u00eate \u00e0 pique-niquer. Le coffre est largement ouvert sur tout le mat\u00e9riel de camping n\u00e9cessaire \u00e0 une escapade ardennaise. Ce n\u2019est pas vraiment du go\u00fbt de la patrouille de police qui sermonne ces touristes flamands venus l\u00e0 on ne sait pourquoi.<br \/>\n <br \/>\nPlus loin, c\u2019est une famille asiatique qui n\u2019a pas l\u2019air de comprendre ce qui se passe. Ou plut\u00f4t, ce qui ne se passe plus.<br \/>\n \n\t\t\t\t\t\t\t<\/rs-layer><!--\n-->\t\t\t\t\t<\/rs-slide>\n\t\t\t\t\t\t<rs-slide style=\"position: absolute;\" data-key=\"rs-104\" data-title=\"Slide\" data-thumb=\"\/\/grand-angle.lavenir.net\/wallonie-bruxelles-desertees\/wp-content\/uploads\/sites\/103\/2020\/03\/Durbuy-3.jpg\" data-anim=\"ms:1000;r:0;\" data-in=\"o:0;\" data-out=\"a:false;\">\n\t\t\t\t\t\t\t<img decoding=\"async\" src=\"\/\/grand-angle.lavenir.net\/wallonie-bruxelles-desertees\/wp-content\/plugins\/revslider\/sr6\/assets\/assets\/dummy.png\" alt=\"\" title=\"La Belgique confin\u00e9e\" class=\"rev-slidebg tp-rs-img rs-lazyload\" data-lazyload=\"\/\/grand-angle.lavenir.net\/wallonie-bruxelles-desertees\/wp-content\/uploads\/sites\/103\/2020\/03\/Durbuy-3.jpg\" data-no-retina>\n<!---->\t\t\t\t\t<\/rs-slide>\n\t\t\t\t\t\t<rs-slide style=\"position: absolute;\" data-key=\"rs-105\" data-title=\"Slide\" data-thumb=\"\/\/grand-angle.lavenir.net\/wallonie-bruxelles-desertees\/wp-content\/uploads\/sites\/103\/2020\/03\/Durbuy-5.jpg\" data-anim=\"ms:1000;r:0;\" data-in=\"o:0;\" data-out=\"a:false;\">\n\t\t\t\t\t\t\t<img decoding=\"async\" src=\"\/\/grand-angle.lavenir.net\/wallonie-bruxelles-desertees\/wp-content\/plugins\/revslider\/sr6\/assets\/assets\/dummy.png\" alt=\"\" title=\"La Belgique confin\u00e9e\" class=\"rev-slidebg tp-rs-img rs-lazyload\" data-lazyload=\"\/\/grand-angle.lavenir.net\/wallonie-bruxelles-desertees\/wp-content\/uploads\/sites\/103\/2020\/03\/Durbuy-5.jpg\" data-no-retina>\n<!---->\t\t\t\t\t<\/rs-slide>\n\t\t\t\t\t\t<rs-slide style=\"position: absolute;\" data-key=\"rs-106\" data-title=\"Slide\" data-thumb=\"\/\/grand-angle.lavenir.net\/wallonie-bruxelles-desertees\/wp-content\/uploads\/sites\/103\/2020\/03\/Durbuy-4.jpg\" data-anim=\"ms:1000;r:0;\" data-in=\"o:0;\" data-out=\"a:false;\">\n\t\t\t\t\t\t\t<img decoding=\"async\" src=\"\/\/grand-angle.lavenir.net\/wallonie-bruxelles-desertees\/wp-content\/plugins\/revslider\/sr6\/assets\/assets\/dummy.png\" alt=\"\" title=\"La Belgique confin\u00e9e\" class=\"rev-slidebg tp-rs-img rs-lazyload\" data-lazyload=\"\/\/grand-angle.lavenir.net\/wallonie-bruxelles-desertees\/wp-content\/uploads\/sites\/103\/2020\/03\/Durbuy-4.jpg\" data-no-retina>\n<!---->\t\t\t\t\t<\/rs-slide>\n\t\t\t\t\t<\/rs-slides>\n\t\t\t\t<\/rs-module>\n\t\t\t\t<script>\n\t\t\t\t\tsetREVStartSize({c: 'rev_slider_20_16',rl:[1240,1024,768,480],el:[900],gw:[1240],gh:[900],type:'standard',justify:'',layout:'fullwidth',mh:\"0\"});if (window.RS_MODULES!==undefined && window.RS_MODULES.modules!==undefined && window.RS_MODULES.modules[\"revslider2016\"]!==undefined) {window.RS_MODULES.modules[\"revslider2016\"].once = false;window.revapi20 = undefined;if (window.RS_MODULES.checkMinimal!==undefined) window.RS_MODULES.checkMinimal()}\n\t\t\t\t<\/script>\n\t\t\t<\/rs-module-wrap>\n\t\t\t<!-- END REVOLUTION SLIDER -->\n<\/div>\n<div class=\"fusion-slider-revolution rev_slider_wrapper\">\t\t\t<!-- START namur REVOLUTION SLIDER 6.7.41 --><p class=\"rs-p-wp-fix\"><\/p>\n\t\t\t<rs-module-wrap id=\"rev_slider_21_17_wrapper\" data-source=\"gallery\" style=\"visibility:hidden;background:transparent;padding:0;margin:0px auto;margin-top:0;margin-bottom:0;\">\n\t\t\t\t<rs-module id=\"rev_slider_21_17\" style=\"\" data-version=\"6.7.41\">\n\t\t\t\t\t<rs-slides style=\"overflow: hidden; position: absolute;\">\n\t\t\t\t\t\t<rs-slide style=\"position: absolute;\" data-key=\"rs-107\" data-title=\"Slide\" data-thumb=\"\/\/grand-angle.lavenir.net\/wallonie-bruxelles-desertees\/wp-content\/uploads\/sites\/103\/2020\/03\/23032020-DSC_4940.jpg\" data-anim=\"ms:1000;r:0;\" data-in=\"o:0;\" data-out=\"a:false;\" data-mediafilter=\"moon\">\n\t\t\t\t\t\t\t<img decoding=\"async\" src=\"\/\/grand-angle.lavenir.net\/wallonie-bruxelles-desertees\/wp-content\/plugins\/revslider\/sr6\/assets\/assets\/dummy.png\" alt=\"Slide\" title=\"Coronavirus &#8211; Road trip dans un pays confin\u00e9\" width=\"2000\" height=\"1335\" class=\"rev-slidebg tp-rs-img rs-lazyload\" data-lazyload=\"\/\/grand-angle.lavenir.net\/wallonie-bruxelles-desertees\/wp-content\/plugins\/revslider\/sr6\/assets\/assets\/transparent.png\" data-no-retina>\n<!--\n\t\t\t\t\t\t\t--><rs-layer\n\t\t\t\t\t\t\t\tid=\"slider-21-slide-107-layer-4\" \n\t\t\t\t\t\t\t\tdata-type=\"image\"\n\t\t\t\t\t\t\t\tdata-rsp_ch=\"on\"\n\t\t\t\t\t\t\t\tdata-xy=\"x:4px;y:c;\"\n\t\t\t\t\t\t\t\tdata-text=\"w:normal;\"\n\t\t\t\t\t\t\t\tdata-dim=\"w:1000px;h:668px;\"\n\t\t\t\t\t\t\t\tdata-frame_999=\"o:0;st:w;\"\n\t\t\t\t\t\t\t\tstyle=\"z-index:8;\"\n\t\t\t\t\t\t\t><img decoding=\"async\" src=\"\/\/grand-angle.lavenir.net\/wallonie-bruxelles-desertees\/wp-content\/plugins\/revslider\/sr6\/assets\/assets\/dummy.png\" alt=\"\" class=\"tp-rs-img rs-lazyload\" width=\"2000\" height=\"1335\" data-lazyload=\"\/\/grand-angle.lavenir.net\/wallonie-bruxelles-desertees\/wp-content\/uploads\/sites\/103\/2020\/03\/Namur-1.jpg\" data-no-retina> \n\t\t\t\t\t\t\t<\/rs-layer><!--\n\n\t\t\t\t\t\t\t--><h1\n\t\t\t\t\t\t\t\tid=\"slider-21-slide-107-layer-6\" \n\t\t\t\t\t\t\t\tclass=\"rs-layer\"\n\t\t\t\t\t\t\t\tdata-type=\"text\"\n\t\t\t\t\t\t\t\tdata-color=\"#000000\"\n\t\t\t\t\t\t\t\tdata-rsp_ch=\"on\"\n\t\t\t\t\t\t\t\tdata-xy=\"x:c;xo:369px;y:c;yo:-203px;\"\n\t\t\t\t\t\t\t\tdata-text=\"w:normal;s:40;l:63;fw:900;a:center;\"\n\t\t\t\t\t\t\t\tdata-dim=\"w:443;\"\n\t\t\t\t\t\t\t\tdata-frame_0=\"y:45px;\"\n\t\t\t\t\t\t\t\tdata-frame_0_chars=\"d:5;y:9px;\"\n\t\t\t\t\t\t\t\tdata-frame_1=\"st:2500;sp:1000;sR:2500;\"\n\t\t\t\t\t\t\t\tdata-frame_1_chars=\"d:5;\"\n\t\t\t\t\t\t\t\tdata-frame_999=\"o:0;st:w;sR:5500;\"\n\t\t\t\t\t\t\t\tstyle=\"z-index:11;font-family:'Lato';\"\n\t\t\t\t\t\t\t>NAMUR \n\t\t\t\t\t\t\t<\/h1><!--\n\n\t\t\t\t\t\t\t--><rs-layer\n\t\t\t\t\t\t\t\tid=\"slider-21-slide-107-layer-7\" \n\t\t\t\t\t\t\t\tdata-type=\"shape\"\n\t\t\t\t\t\t\t\tdata-bsh=\"c:rgba(0,0,0,0.2);b:10px;s:3px;\"\n\t\t\t\t\t\t\t\tdata-rsp_ch=\"on\"\n\t\t\t\t\t\t\t\tdata-xy=\"x:c;xo:369px;y:c;\"\n\t\t\t\t\t\t\t\tdata-text=\"w:normal;\"\n\t\t\t\t\t\t\t\tdata-dim=\"w:500px;h:500px;\"\n\t\t\t\t\t\t\t\tdata-frame_0=\"sX:0.1;sY:0.1;\"\n\t\t\t\t\t\t\t\tdata-frame_1=\"st:1500;sp:1000;sR:1500;\"\n\t\t\t\t\t\t\t\tdata-frame_999=\"o:0;st:w;sR:6500;\"\n\t\t\t\t\t\t\t\tstyle=\"z-index:9;background-color:rgba(255,255,255,0.9);\"\n\t\t\t\t\t\t\t> \n\t\t\t\t\t\t\t<\/rs-layer><!--\n\n\t\t\t\t\t\t\t--><rs-layer\n\t\t\t\t\t\t\t\tid=\"slider-21-slide-107-layer-8\" \n\t\t\t\t\t\t\t\tdata-type=\"image\"\n\t\t\t\t\t\t\t\tdata-rsp_ch=\"on\"\n\t\t\t\t\t\t\t\tdata-xy=\"x:c;xo:369px;y:c;yo:-152px;\"\n\t\t\t\t\t\t\t\tdata-text=\"w:normal;s:20;\"\n\t\t\t\t\t\t\t\tdata-dim=\"w:350px;h:13px;\"\n\t\t\t\t\t\t\t\tdata-frame_1=\"st:2500;sp:1000;sR:2500;\"\n\t\t\t\t\t\t\t\tdata-frame_999=\"o:0;st:w;sR:5500;\"\n\t\t\t\t\t\t\t\tstyle=\"z-index:10;\"\n\t\t\t\t\t\t\t><img decoding=\"async\" src=\"\/\/grand-angle.lavenir.net\/wallonie-bruxelles-desertees\/wp-content\/plugins\/revslider\/sr6\/assets\/assets\/dummy.png\" alt=\"\" class=\"tp-rs-img rs-lazyload\" width=\"365\" height=\"14\" data-lazyload=\"\/\/grand-angle.lavenir.net\/wallonie-bruxelles-desertees\/wp-content\/uploads\/sites\/103\/2020\/03\/separator-2.png\" data-no-retina> \n\t\t\t\t\t\t\t<\/rs-layer><!--\n\n\t\t\t\t\t\t\t--><rs-layer\n\t\t\t\t\t\t\t\tid=\"slider-21-slide-107-layer-9\" \n\t\t\t\t\t\t\t\tdata-type=\"text\"\n\t\t\t\t\t\t\t\tdata-color=\"#000000\"\n\t\t\t\t\t\t\t\tdata-rsp_ch=\"on\"\n\t\t\t\t\t\t\t\tdata-xy=\"x:c;xo:369px;y:c;yo:46px;\"\n\t\t\t\t\t\t\t\tdata-text=\"w:normal;s:24;l:29;a:center;\"\n\t\t\t\t\t\t\t\tdata-dim=\"w:436px;\"\n\t\t\t\t\t\t\t\tdata-frame_1=\"st:2500;sp:1000;sR:2500;\"\n\t\t\t\t\t\t\t\tdata-frame_999=\"o:0;st:w;sR:5500;\"\n\t\t\t\t\t\t\t\tstyle=\"z-index:12;font-family:'Lustria';\"\n\t\t\t\t\t\t\t>Enfin Namur. Retour dans la capitale wallonne. L\u00e0 aussi, on se croirait un dimanche en hiver. Les petites rues pav\u00e9es du pi\u00e9tonnier sont d\u00e9sert\u00e9es. Sur un banc, un couple de seniors savoure un paquet de frites. D\u00e9licieux moment partag\u00e9 au milieu du n\u00e9ant. Les magasins de bouche sont toujours ouverts : fromages, caf\u00e9, g\u00e2teaux. Le moment est bien choisi pour quelques achats qui agr\u00e9menteront le repas du soir. \n\t\t\t\t\t\t\t<\/rs-layer><!--\n-->\t\t\t\t\t<\/rs-slide>\n\t\t\t\t\t\t<rs-slide style=\"position: absolute;\" data-key=\"rs-112\" data-title=\"Slide\" data-thumb=\"\/\/grand-angle.lavenir.net\/wallonie-bruxelles-desertees\/wp-content\/uploads\/sites\/103\/2020\/03\/23032020-DSC_4940.jpg\" data-anim=\"ms:1000;r:0;\" data-in=\"o:0;\" data-out=\"a:false;\" data-mediafilter=\"moon\">\n\t\t\t\t\t\t\t<img decoding=\"async\" src=\"\/\/grand-angle.lavenir.net\/wallonie-bruxelles-desertees\/wp-content\/plugins\/revslider\/sr6\/assets\/assets\/dummy.png\" alt=\"Slide\" title=\"Coronavirus &#8211; Road trip dans un pays confin\u00e9\" width=\"2000\" height=\"1335\" class=\"rev-slidebg tp-rs-img rs-lazyload\" data-lazyload=\"\/\/grand-angle.lavenir.net\/wallonie-bruxelles-desertees\/wp-content\/plugins\/revslider\/sr6\/assets\/assets\/transparent.png\" data-no-retina>\n<!--\n\t\t\t\t\t\t\t--><rs-layer\n\t\t\t\t\t\t\t\tid=\"slider-21-slide-112-layer-4\" \n\t\t\t\t\t\t\t\tdata-type=\"image\"\n\t\t\t\t\t\t\t\tdata-rsp_ch=\"on\"\n\t\t\t\t\t\t\t\tdata-xy=\"x:239px;y:c;\"\n\t\t\t\t\t\t\t\tdata-text=\"w:normal;\"\n\t\t\t\t\t\t\t\tdata-dim=\"w:1000px;h:668px;\"\n\t\t\t\t\t\t\t\tdata-frame_999=\"o:0;st:w;\"\n\t\t\t\t\t\t\t\tstyle=\"z-index:8;\"\n\t\t\t\t\t\t\t><img decoding=\"async\" src=\"\/\/grand-angle.lavenir.net\/wallonie-bruxelles-desertees\/wp-content\/plugins\/revslider\/sr6\/assets\/assets\/dummy.png\" alt=\"\" class=\"tp-rs-img rs-lazyload\" width=\"2000\" height=\"1335\" data-lazyload=\"\/\/grand-angle.lavenir.net\/wallonie-bruxelles-desertees\/wp-content\/uploads\/sites\/103\/2020\/03\/Namur-2.jpg\" data-no-retina> \n\t\t\t\t\t\t\t<\/rs-layer><!--\n\n\t\t\t\t\t\t\t--><rs-layer\n\t\t\t\t\t\t\t\tid=\"slider-21-slide-112-layer-7\" \n\t\t\t\t\t\t\t\tdata-type=\"shape\"\n\t\t\t\t\t\t\t\tdata-bsh=\"c:rgba(0,0,0,0.2);b:9px;s:3px;\"\n\t\t\t\t\t\t\t\tdata-rsp_ch=\"on\"\n\t\t\t\t\t\t\t\tdata-xy=\"x:c;xo:-384px;y:c;\"\n\t\t\t\t\t\t\t\tdata-text=\"w:normal;\"\n\t\t\t\t\t\t\t\tdata-dim=\"w:465;h:465;\"\n\t\t\t\t\t\t\t\tdata-frame_0=\"sX:0.1;sY:0.1;\"\n\t\t\t\t\t\t\t\tdata-frame_1=\"st:1500;sp:1000;sR:1500;\"\n\t\t\t\t\t\t\t\tdata-frame_999=\"o:0;st:w;sR:6500;\"\n\t\t\t\t\t\t\t\tstyle=\"z-index:9;background-color:rgba(255,255,255,0.9);\"\n\t\t\t\t\t\t\t> \n\t\t\t\t\t\t\t<\/rs-layer><!--\n\n\t\t\t\t\t\t\t--><rs-layer\n\t\t\t\t\t\t\t\tid=\"slider-21-slide-112-layer-9\" \n\t\t\t\t\t\t\t\tdata-type=\"text\"\n\t\t\t\t\t\t\t\tdata-color=\"#000000\"\n\t\t\t\t\t\t\t\tdata-rsp_ch=\"on\"\n\t\t\t\t\t\t\t\tdata-xy=\"x:c;xo:-384px;y:c;yo:-4px;\"\n\t\t\t\t\t\t\t\tdata-text=\"w:normal;s:24;l:29;a:center;\"\n\t\t\t\t\t\t\t\tdata-dim=\"w:436px;\"\n\t\t\t\t\t\t\t\tdata-frame_1=\"st:2500;sp:1000;sR:2500;\"\n\t\t\t\t\t\t\t\tdata-frame_999=\"o:0;st:w;sR:5500;\"\n\t\t\t\t\t\t\t\tstyle=\"z-index:12;font-family:'Lustria';\"\n\t\t\t\t\t\t\t>La Belgique retient son souffle, en apn\u00e9e. Dans quelques semaines, les Belges pourront retrouver leurs habitudes.<br \/>\n<br \/>\nMais surtout, ils pourront retrouver ces gestes qui font leur vie sociale : les sourires, les bonjours, les bises et les poign\u00e9es de mains. En attendant, chacun reste chez soi. Et c\u2019est mieux comme \u00e7a. \n\t\t\t\t\t\t\t<\/rs-layer><!--\n-->\t\t\t\t\t<\/rs-slide>\n\t\t\t\t\t\t<rs-slide style=\"position: absolute;\" data-key=\"rs-113\" data-title=\"Slide\" data-thumb=\"\/\/grand-angle.lavenir.net\/wallonie-bruxelles-desertees\/wp-content\/uploads\/sites\/103\/2020\/03\/Namur-3.jpg\" data-anim=\"ms:1000;r:0;\" data-in=\"o:0;\" data-out=\"a:false;\">\n\t\t\t\t\t\t\t<img decoding=\"async\" src=\"\/\/grand-angle.lavenir.net\/wallonie-bruxelles-desertees\/wp-content\/plugins\/revslider\/sr6\/assets\/assets\/dummy.png\" alt=\"\" title=\"La Belgique confin\u00e9e\" class=\"rev-slidebg tp-rs-img rs-lazyload\" data-lazyload=\"\/\/grand-angle.lavenir.net\/wallonie-bruxelles-desertees\/wp-content\/uploads\/sites\/103\/2020\/03\/Namur-3.jpg\" data-bg=\"p:center bottom;\" data-no-retina>\n<!---->\t\t\t\t\t<\/rs-slide>\n\t\t\t\t\t\t<rs-slide style=\"position: absolute;\" data-key=\"rs-114\" data-title=\"Slide\" data-thumb=\"\/\/grand-angle.lavenir.net\/wallonie-bruxelles-desertees\/wp-content\/uploads\/sites\/103\/2020\/03\/Namur-4.jpg\" data-anim=\"ms:1000;r:0;\" data-in=\"o:0;\" data-out=\"a:false;\">\n\t\t\t\t\t\t\t<img decoding=\"async\" src=\"\/\/grand-angle.lavenir.net\/wallonie-bruxelles-desertees\/wp-content\/plugins\/revslider\/sr6\/assets\/assets\/dummy.png\" alt=\"\" title=\"La Belgique confin\u00e9e\" class=\"rev-slidebg tp-rs-img rs-lazyload\" data-lazyload=\"\/\/grand-angle.lavenir.net\/wallonie-bruxelles-desertees\/wp-content\/uploads\/sites\/103\/2020\/03\/Namur-4.jpg\" data-no-retina>\n<!---->\t\t\t\t\t<\/rs-slide>\n\t\t\t\t\t\t<rs-slide style=\"position: absolute;\" data-key=\"rs-115\" data-title=\"Slide\" data-thumb=\"\/\/grand-angle.lavenir.net\/wallonie-bruxelles-desertees\/wp-content\/uploads\/sites\/103\/2020\/03\/Namur-5.jpg\" data-anim=\"ms:1000;r:0;\" data-in=\"o:0;\" data-out=\"a:false;\">\n\t\t\t\t\t\t\t<img decoding=\"async\" src=\"\/\/grand-angle.lavenir.net\/wallonie-bruxelles-desertees\/wp-content\/plugins\/revslider\/sr6\/assets\/assets\/dummy.png\" alt=\"\" title=\"La Belgique confin\u00e9e\" class=\"rev-slidebg tp-rs-img rs-lazyload\" data-lazyload=\"\/\/grand-angle.lavenir.net\/wallonie-bruxelles-desertees\/wp-content\/uploads\/sites\/103\/2020\/03\/Namur-5.jpg\" data-no-retina>\n<!---->\t\t\t\t\t<\/rs-slide>\n\t\t\t\t\t\t<rs-slide style=\"position: absolute;\" data-key=\"rs-116\" data-title=\"Slide\" data-thumb=\"\/\/grand-angle.lavenir.net\/wallonie-bruxelles-desertees\/wp-content\/uploads\/sites\/103\/2020\/03\/Namur-6.jpg\" data-anim=\"ms:1000;r:0;\" data-in=\"o:0;\" data-out=\"a:false;\">\n\t\t\t\t\t\t\t<img decoding=\"async\" src=\"\/\/grand-angle.lavenir.net\/wallonie-bruxelles-desertees\/wp-content\/plugins\/revslider\/sr6\/assets\/assets\/dummy.png\" alt=\"\" title=\"La Belgique confin\u00e9e\" class=\"rev-slidebg tp-rs-img rs-lazyload\" data-lazyload=\"\/\/grand-angle.lavenir.net\/wallonie-bruxelles-desertees\/wp-content\/uploads\/sites\/103\/2020\/03\/Namur-6.jpg\" data-no-retina>\n<!---->\t\t\t\t\t<\/rs-slide>\n\t\t\t\t\t\t<rs-slide style=\"position: absolute;\" data-key=\"rs-117\" data-title=\"Slide\" data-thumb=\"\/\/grand-angle.lavenir.net\/wallonie-bruxelles-desertees\/wp-content\/uploads\/sites\/103\/2020\/03\/Namur-7.jpg\" data-anim=\"ms:1000;r:0;\" data-in=\"o:0;\" data-out=\"a:false;\">\n\t\t\t\t\t\t\t<img decoding=\"async\" src=\"\/\/grand-angle.lavenir.net\/wallonie-bruxelles-desertees\/wp-content\/plugins\/revslider\/sr6\/assets\/assets\/dummy.png\" alt=\"\" title=\"La Belgique confin\u00e9e\" class=\"rev-slidebg tp-rs-img rs-lazyload\" data-lazyload=\"\/\/grand-angle.lavenir.net\/wallonie-bruxelles-desertees\/wp-content\/uploads\/sites\/103\/2020\/03\/Namur-7.jpg\" data-no-retina>\n<!---->\t\t\t\t\t<\/rs-slide>\n\t\t\t\t\t\t<rs-slide style=\"position: absolute;\" data-key=\"rs-118\" data-title=\"Slide\" data-thumb=\"\/\/grand-angle.lavenir.net\/wallonie-bruxelles-desertees\/wp-content\/uploads\/sites\/103\/2020\/03\/Namur-8.jpg\" data-anim=\"ms:1000;r:0;\" data-in=\"o:0;\" data-out=\"a:false;\">\n\t\t\t\t\t\t\t<img decoding=\"async\" src=\"\/\/grand-angle.lavenir.net\/wallonie-bruxelles-desertees\/wp-content\/plugins\/revslider\/sr6\/assets\/assets\/dummy.png\" alt=\"\" title=\"La Belgique confin\u00e9e\" class=\"rev-slidebg tp-rs-img rs-lazyload\" data-lazyload=\"\/\/grand-angle.lavenir.net\/wallonie-bruxelles-desertees\/wp-content\/uploads\/sites\/103\/2020\/03\/Namur-8.jpg\" data-no-retina>\n<!---->\t\t\t\t\t<\/rs-slide>\n\t\t\t\t\t\t<rs-slide style=\"position: absolute;\" data-key=\"rs-119\" data-title=\"Slide\" data-thumb=\"\/\/grand-angle.lavenir.net\/wallonie-bruxelles-desertees\/wp-content\/uploads\/sites\/103\/2020\/03\/Namur-9.jpg\" data-anim=\"ms:1000;r:0;\" data-in=\"o:0;\" data-out=\"a:false;\">\n\t\t\t\t\t\t\t<img decoding=\"async\" src=\"\/\/grand-angle.lavenir.net\/wallonie-bruxelles-desertees\/wp-content\/plugins\/revslider\/sr6\/assets\/assets\/dummy.png\" alt=\"\" title=\"La Belgique confin\u00e9e\" class=\"rev-slidebg tp-rs-img rs-lazyload\" data-lazyload=\"\/\/grand-angle.lavenir.net\/wallonie-bruxelles-desertees\/wp-content\/uploads\/sites\/103\/2020\/03\/Namur-9.jpg\" data-no-retina>\n<!---->\t\t\t\t\t<\/rs-slide>\n\t\t\t\t\t\t<rs-slide style=\"position: absolute;\" data-key=\"rs-120\" data-title=\"Slide\" data-thumb=\"\/\/grand-angle.lavenir.net\/wallonie-bruxelles-desertees\/wp-content\/uploads\/sites\/103\/2020\/03\/Namur-10.jpg\" data-anim=\"ms:1000;r:0;\" data-in=\"o:0;\" data-out=\"a:false;\">\n\t\t\t\t\t\t\t<img decoding=\"async\" src=\"\/\/grand-angle.lavenir.net\/wallonie-bruxelles-desertees\/wp-content\/plugins\/revslider\/sr6\/assets\/assets\/dummy.png\" alt=\"\" title=\"La Belgique confin\u00e9e\" class=\"rev-slidebg tp-rs-img rs-lazyload\" data-lazyload=\"\/\/grand-angle.lavenir.net\/wallonie-bruxelles-desertees\/wp-content\/uploads\/sites\/103\/2020\/03\/Namur-10.jpg\" data-no-retina>\n<!---->\t\t\t\t\t<\/rs-slide>\n\t\t\t\t\t\t<rs-slide style=\"position: absolute;\" data-key=\"rs-121\" data-title=\"Slide\" data-thumb=\"\/\/grand-angle.lavenir.net\/wallonie-bruxelles-desertees\/wp-content\/uploads\/sites\/103\/2020\/03\/Namur-11.jpg\" data-anim=\"ms:1000;r:0;\" data-in=\"o:0;\" data-out=\"a:false;\">\n\t\t\t\t\t\t\t<img decoding=\"async\" src=\"\/\/grand-angle.lavenir.net\/wallonie-bruxelles-desertees\/wp-content\/plugins\/revslider\/sr6\/assets\/assets\/dummy.png\" alt=\"\" title=\"La Belgique confin\u00e9e\" class=\"rev-slidebg tp-rs-img rs-lazyload\" data-lazyload=\"\/\/grand-angle.lavenir.net\/wallonie-bruxelles-desertees\/wp-content\/uploads\/sites\/103\/2020\/03\/Namur-11.jpg\" data-no-retina>\n<!---->\t\t\t\t\t<\/rs-slide>\n\t\t\t\t\t\t<rs-slide style=\"position: absolute;\" data-key=\"rs-122\" data-title=\"Slide\" data-thumb=\"\/\/grand-angle.lavenir.net\/wallonie-bruxelles-desertees\/wp-content\/uploads\/sites\/103\/2020\/03\/Namur-12.jpg\" data-anim=\"ms:1000;r:0;\" data-in=\"o:0;\" data-out=\"a:false;\">\n\t\t\t\t\t\t\t<img decoding=\"async\" src=\"\/\/grand-angle.lavenir.net\/wallonie-bruxelles-desertees\/wp-content\/plugins\/revslider\/sr6\/assets\/assets\/dummy.png\" alt=\"\" title=\"La Belgique confin\u00e9e\" class=\"rev-slidebg tp-rs-img rs-lazyload\" data-lazyload=\"\/\/grand-angle.lavenir.net\/wallonie-bruxelles-desertees\/wp-content\/uploads\/sites\/103\/2020\/03\/Namur-12.jpg\" data-no-retina>\n<!---->\t\t\t\t\t<\/rs-slide>\n\t\t\t\t\t\t<rs-slide style=\"position: absolute;\" data-key=\"rs-123\" data-title=\"Slide\" data-thumb=\"\/\/grand-angle.lavenir.net\/wallonie-bruxelles-desertees\/wp-content\/uploads\/sites\/103\/2020\/03\/Namur-13.jpg\" data-anim=\"ms:1000;r:0;\" data-in=\"o:0;\" data-out=\"a:false;\">\n\t\t\t\t\t\t\t<img decoding=\"async\" src=\"\/\/grand-angle.lavenir.net\/wallonie-bruxelles-desertees\/wp-content\/plugins\/revslider\/sr6\/assets\/assets\/dummy.png\" alt=\"\" title=\"La Belgique confin\u00e9e\" class=\"rev-slidebg tp-rs-img rs-lazyload\" data-lazyload=\"\/\/grand-angle.lavenir.net\/wallonie-bruxelles-desertees\/wp-content\/uploads\/sites\/103\/2020\/03\/Namur-13.jpg\" data-no-retina>\n<!---->\t\t\t\t\t<\/rs-slide>\n\t\t\t\t\t\t<rs-slide style=\"position: absolute;\" data-key=\"rs-124\" data-title=\"Slide\" data-thumb=\"\/\/grand-angle.lavenir.net\/wallonie-bruxelles-desertees\/wp-content\/uploads\/sites\/103\/2020\/03\/Namur-14.jpg\" data-anim=\"ms:1000;r:0;\" data-in=\"o:0;\" data-out=\"a:false;\">\n\t\t\t\t\t\t\t<img decoding=\"async\" src=\"\/\/grand-angle.lavenir.net\/wallonie-bruxelles-desertees\/wp-content\/plugins\/revslider\/sr6\/assets\/assets\/dummy.png\" alt=\"\" title=\"La Belgique confin\u00e9e\" class=\"rev-slidebg tp-rs-img rs-lazyload\" data-lazyload=\"\/\/grand-angle.lavenir.net\/wallonie-bruxelles-desertees\/wp-content\/uploads\/sites\/103\/2020\/03\/Namur-14.jpg\" data-no-retina>\n<!---->\t\t\t\t\t<\/rs-slide>\n\t\t\t\t\t\t<rs-slide style=\"position: absolute;\" data-key=\"rs-125\" data-title=\"Slide\" data-thumb=\"\/\/grand-angle.lavenir.net\/wallonie-bruxelles-desertees\/wp-content\/uploads\/sites\/103\/2020\/03\/Namur-15.jpg\" data-anim=\"ms:1000;r:0;\" data-in=\"o:0;\" data-out=\"a:false;\">\n\t\t\t\t\t\t\t<img decoding=\"async\" src=\"\/\/grand-angle.lavenir.net\/wallonie-bruxelles-desertees\/wp-content\/plugins\/revslider\/sr6\/assets\/assets\/dummy.png\" alt=\"\" title=\"La Belgique confin\u00e9e\" class=\"rev-slidebg tp-rs-img rs-lazyload\" data-lazyload=\"\/\/grand-angle.lavenir.net\/wallonie-bruxelles-desertees\/wp-content\/uploads\/sites\/103\/2020\/03\/Namur-15.jpg\" data-no-retina>\n<!---->\t\t\t\t\t<\/rs-slide>\n\t\t\t\t\t<\/rs-slides>\n\t\t\t\t<\/rs-module>\n\t\t\t\t<script>\n\t\t\t\t\tsetREVStartSize({c: 'rev_slider_21_17',rl:[1240,1024,768,480],el:[900],gw:[1240],gh:[900],type:'standard',justify:'',layout:'fullwidth',mh:\"0\"});if (window.RS_MODULES!==undefined && window.RS_MODULES.modules!==undefined && window.RS_MODULES.modules[\"revslider2117\"]!==undefined) {window.RS_MODULES.modules[\"revslider2117\"].once = false;window.revapi21 = undefined;if (window.RS_MODULES.checkMinimal!==undefined) window.RS_MODULES.checkMinimal()}\n\t\t\t\t<\/script>\n\t\t\t<\/rs-module-wrap>\n\t\t\t<!-- END REVOLUTION SLIDER -->\n<\/div><div class=\"fusion-sharing-box fusion-sharing-box-2 boxed-icons has-taglines layout-floated layout-medium-floated layout-small-floated\" style=\"background-color:#ffffff;--awb-layout:row;--awb-alignment-small:space-between;\" data-title=\"La Belgique confin\u00e9e\" data-description=\"Confinement. Quarantaine. Isolement. Les Belges sont pri\u00e9s de rester chez eux. Dans les rues de nos villes, c\u2019est la d\u00e9solation, le d\u00e9sert. Le vide. Mais pire que le vide, ce qui choque le plus, c\u2019est le silence.\nNous avons fait le tour de la Wallonie, en passant par Bruxelles, pour ramener des images de ces lieux d\u2019abandon. Roadtrip.\n\" data-link=\"https:\/\/grand-angle.lavenir.net\/wallonie-bruxelles-desertees\/\"><div class=\"fusion-social-networks sharingbox-shortcode-icon-wrapper sharingbox-shortcode-icon-wrapper-2 boxed-icons\"><span><a href=\"https:\/\/www.facebook.com\/sharer.php?u=https%3A%2F%2Fgrand-angle.lavenir.net%2Fwallonie-bruxelles-desertees%2F&amp;t=La%20Belgique%20confin%C3%A9e\" target=\"_blank\" rel=\"noreferrer\" title=\"Facebook\" aria-label=\"Facebook\" data-placement=\"top\" data-toggle=\"tooltip\" data-title=\"Facebook\"><i class=\"fusion-social-network-icon fusion-tooltip fusion-facebook awb-icon-facebook\" style=\"color:#ffffff;background-color:#3b5998;border-color:#3b5998;border-radius:50%;\" aria-hidden=\"true\"><\/i><\/a><\/span><span><a href=\"https:\/\/x.com\/intent\/post?text=La%20Belgique%20confin%C3%A9e&amp;url=https%3A%2F%2Fgrand-angle.lavenir.net%2Fwallonie-bruxelles-desertees%2F\" target=\"_blank\" rel=\"noopener noreferrer\" title=\"X\" aria-label=\"X\" data-placement=\"top\" data-toggle=\"tooltip\" data-title=\"X\"><i class=\"fusion-social-network-icon fusion-tooltip fusion-twitter awb-icon-twitter\" style=\"color:#ffffff;background-color:#000000;border-color:#000000;border-radius:50%;\" aria-hidden=\"true\"><\/i><\/a><\/span><\/div><\/div><div class=\"fusion-clearfix\"><\/div><\/div><\/div><\/div><\/div><\/p>\n","protected":false},"excerpt":{"rendered":"","protected":false},"author":1,"featured_media":0,"parent":0,"menu_order":0,"comment_status":"closed","ping_status":"closed","template":"100-width.php","meta":{"footnotes":""},"class_list":["post-35","page","type-page","status-publish","hentry"],"yoast_head":"<!-- This site is optimized with the Yoast SEO plugin v27.1.1 - https:\/\/yoast.com\/product\/yoast-seo-wordpress\/ -->\n<title>La Belgique confin\u00e9e - Les images stup\u00e9fiantes de la Wallonie et Bruxelles d\u00e9sert\u00e9es<\/title>\n<meta name=\"description\" content=\"Confinement. Quarantaine. Isolement. Les Belges sont pri\u00e9s de rester chez eux. Dans les rues de nos villes, c\u2019est la d\u00e9solation, le d\u00e9sert. Le vide. Mais pire que le vide, ce qui choque le plus, c\u2019est le silence.Nous avons fait le tour de la Wallonie, en passant par Bruxelles, pour ramener des images de ces lieux d\u2019abandon. Roadtrip.\" \/>\n<meta name=\"robots\" content=\"index, follow, max-snippet:-1, max-image-preview:large, max-video-preview:-1\" \/>\n<link rel=\"canonical\" href=\"https:\/\/grand-angle.lavenir.net\/wallonie-bruxelles-desertees\/\" \/>\n<meta property=\"og:locale\" content=\"fr_FR\" \/>\n<meta property=\"og:type\" content=\"article\" \/>\n<meta property=\"og:title\" content=\"La Belgique confin\u00e9e\" \/>\n<meta property=\"og:description\" content=\"Confinement. Quarantaine. Isolement. Les Belges sont pri\u00e9s de rester chez eux. Dans les rues de nos villes, c\u2019est la d\u00e9solation, le d\u00e9sert. Le vide. Mais pire que le vide, ce qui choque le plus, c\u2019est le silence. Nous avons fait le tour de la Wallonie, en passant par Bruxelles, pour ramener des images de ces lieux d\u2019abandon. Roadtrip.\" \/>\n<meta property=\"og:url\" content=\"https:\/\/grand-angle.lavenir.net\/wallonie-bruxelles-desertees\/\" \/>\n<meta property=\"og:site_name\" content=\"La Belgique confin\u00e9e\" \/>\n<meta property=\"article:modified_time\" content=\"2020-03-27T15:51:47+00:00\" \/>\n<meta property=\"og:image\" content=\"https:\/\/grand-angle.lavenir.net\/wallonie-bruxelles-desertees\/wp-content\/uploads\/sites\/103\/2020\/03\/23032020-DSC_4947.jpg\" \/>\n\t<meta property=\"og:image:width\" content=\"2000\" \/>\n\t<meta property=\"og:image:height\" content=\"1335\" \/>\n\t<meta property=\"og:image:type\" content=\"image\/jpeg\" \/>\n<meta name=\"twitter:card\" content=\"summary_large_image\" \/>\n<meta name=\"twitter:label1\" content=\"Dur\u00e9e de lecture estim\u00e9e\" \/>\n\t<meta name=\"twitter:data1\" content=\"8 minutes\" \/>\n<script type=\"application\/ld+json\" class=\"yoast-schema-graph\">{\"@context\":\"https:\/\/schema.org\",\"@graph\":[{\"@type\":\"WebPage\",\"@id\":\"https:\/\/grand-angle.lavenir.net\/wallonie-bruxelles-desertees\/\",\"url\":\"https:\/\/grand-angle.lavenir.net\/wallonie-bruxelles-desertees\/\",\"name\":\"La Belgique confin\u00e9e - Les images stup\u00e9fiantes de la Wallonie et Bruxelles d\u00e9sert\u00e9es\",\"isPartOf\":{\"@id\":\"https:\/\/grand-angle.lavenir.net\/wallonie-bruxelles-desertees\/#website\"},\"primaryImageOfPage\":{\"@id\":\"https:\/\/grand-angle.lavenir.net\/wallonie-bruxelles-desertees\/#primaryimage\"},\"image\":{\"@id\":\"https:\/\/grand-angle.lavenir.net\/wallonie-bruxelles-desertees\/#primaryimage\"},\"thumbnailUrl\":\"https:\/\/grand-angle.lavenir.net\/wallonie-bruxelles-desertees\/wp-content\/uploads\/sites\/103\/2020\/03\/logo-lavenir.png\",\"datePublished\":\"2020-03-24T14:22:03+00:00\",\"dateModified\":\"2020-03-27T15:51:47+00:00\",\"description\":\"Confinement. Quarantaine. Isolement. Les Belges sont pri\u00e9s de rester chez eux. Dans les rues de nos villes, c\u2019est la d\u00e9solation, le d\u00e9sert. Le vide. Mais pire que le vide, ce qui choque le plus, c\u2019est le silence.Nous avons fait le tour de la Wallonie, en passant par Bruxelles, pour ramener des images de ces lieux d\u2019abandon. Roadtrip.\",\"breadcrumb\":{\"@id\":\"https:\/\/grand-angle.lavenir.net\/wallonie-bruxelles-desertees\/#breadcrumb\"},\"inLanguage\":\"fr-FR\",\"potentialAction\":[{\"@type\":\"ReadAction\",\"target\":[\"https:\/\/grand-angle.lavenir.net\/wallonie-bruxelles-desertees\/\"]}]},{\"@type\":\"ImageObject\",\"inLanguage\":\"fr-FR\",\"@id\":\"https:\/\/grand-angle.lavenir.net\/wallonie-bruxelles-desertees\/#primaryimage\",\"url\":\"https:\/\/grand-angle.lavenir.net\/wallonie-bruxelles-desertees\/wp-content\/uploads\/sites\/103\/2020\/03\/logo-lavenir.png\",\"contentUrl\":\"https:\/\/grand-angle.lavenir.net\/wallonie-bruxelles-desertees\/wp-content\/uploads\/sites\/103\/2020\/03\/logo-lavenir.png\",\"width\":205,\"height\":50},{\"@type\":\"BreadcrumbList\",\"@id\":\"https:\/\/grand-angle.lavenir.net\/wallonie-bruxelles-desertees\/#breadcrumb\",\"itemListElement\":[{\"@type\":\"ListItem\",\"position\":1,\"name\":\"Accueil\",\"item\":\"https:\/\/grand-angle.lavenir.net\/wallonie-bruxelles-desertees\/\"},{\"@type\":\"ListItem\",\"position\":2,\"name\":\"La Belgique confin\u00e9e\"}]},{\"@type\":\"WebSite\",\"@id\":\"https:\/\/grand-angle.lavenir.net\/wallonie-bruxelles-desertees\/#website\",\"url\":\"https:\/\/grand-angle.lavenir.net\/wallonie-bruxelles-desertees\/\",\"name\":\"La Belgique confin\u00e9e\",\"description\":\"Les images stup\u00e9fiantes de la Wallonie et Bruxelles d\u00e9sert\u00e9es\",\"potentialAction\":[{\"@type\":\"SearchAction\",\"target\":{\"@type\":\"EntryPoint\",\"urlTemplate\":\"https:\/\/grand-angle.lavenir.net\/wallonie-bruxelles-desertees\/?s={search_term_string}\"},\"query-input\":{\"@type\":\"PropertyValueSpecification\",\"valueRequired\":true,\"valueName\":\"search_term_string\"}}],\"inLanguage\":\"fr-FR\"}]}<\/script>\n<!-- \/ Yoast SEO plugin. -->","yoast_head_json":{"title":"La Belgique confin\u00e9e - Les images stup\u00e9fiantes de la Wallonie et Bruxelles d\u00e9sert\u00e9es","description":"Confinement. Quarantaine. Isolement. Les Belges sont pri\u00e9s de rester chez eux. Dans les rues de nos villes, c\u2019est la d\u00e9solation, le d\u00e9sert. Le vide. Mais pire que le vide, ce qui choque le plus, c\u2019est le silence.Nous avons fait le tour de la Wallonie, en passant par Bruxelles, pour ramener des images de ces lieux d\u2019abandon. Roadtrip.","robots":{"index":"index","follow":"follow","max-snippet":"max-snippet:-1","max-image-preview":"max-image-preview:large","max-video-preview":"max-video-preview:-1"},"canonical":"https:\/\/grand-angle.lavenir.net\/wallonie-bruxelles-desertees\/","og_locale":"fr_FR","og_type":"article","og_title":"La Belgique confin\u00e9e","og_description":"Confinement. Quarantaine. Isolement. Les Belges sont pri\u00e9s de rester chez eux. Dans les rues de nos villes, c\u2019est la d\u00e9solation, le d\u00e9sert. Le vide. Mais pire que le vide, ce qui choque le plus, c\u2019est le silence. Nous avons fait le tour de la Wallonie, en passant par Bruxelles, pour ramener des images de ces lieux d\u2019abandon. Roadtrip.","og_url":"https:\/\/grand-angle.lavenir.net\/wallonie-bruxelles-desertees\/","og_site_name":"La Belgique confin\u00e9e","article_modified_time":"2020-03-27T15:51:47+00:00","og_image":[{"width":2000,"height":1335,"url":"https:\/\/grand-angle.lavenir.net\/wallonie-bruxelles-desertees\/wp-content\/uploads\/sites\/103\/2020\/03\/23032020-DSC_4947.jpg","type":"image\/jpeg"}],"twitter_card":"summary_large_image","twitter_misc":{"Dur\u00e9e de lecture estim\u00e9e":"8 minutes"},"schema":{"@context":"https:\/\/schema.org","@graph":[{"@type":"WebPage","@id":"https:\/\/grand-angle.lavenir.net\/wallonie-bruxelles-desertees\/","url":"https:\/\/grand-angle.lavenir.net\/wallonie-bruxelles-desertees\/","name":"La Belgique confin\u00e9e - Les images stup\u00e9fiantes de la Wallonie et Bruxelles d\u00e9sert\u00e9es","isPartOf":{"@id":"https:\/\/grand-angle.lavenir.net\/wallonie-bruxelles-desertees\/#website"},"primaryImageOfPage":{"@id":"https:\/\/grand-angle.lavenir.net\/wallonie-bruxelles-desertees\/#primaryimage"},"image":{"@id":"https:\/\/grand-angle.lavenir.net\/wallonie-bruxelles-desertees\/#primaryimage"},"thumbnailUrl":"https:\/\/grand-angle.lavenir.net\/wallonie-bruxelles-desertees\/wp-content\/uploads\/sites\/103\/2020\/03\/logo-lavenir.png","datePublished":"2020-03-24T14:22:03+00:00","dateModified":"2020-03-27T15:51:47+00:00","description":"Confinement. Quarantaine. Isolement. Les Belges sont pri\u00e9s de rester chez eux. Dans les rues de nos villes, c\u2019est la d\u00e9solation, le d\u00e9sert. Le vide. Mais pire que le vide, ce qui choque le plus, c\u2019est le silence.Nous avons fait le tour de la Wallonie, en passant par Bruxelles, pour ramener des images de ces lieux d\u2019abandon. Roadtrip.","breadcrumb":{"@id":"https:\/\/grand-angle.lavenir.net\/wallonie-bruxelles-desertees\/#breadcrumb"},"inLanguage":"fr-FR","potentialAction":[{"@type":"ReadAction","target":["https:\/\/grand-angle.lavenir.net\/wallonie-bruxelles-desertees\/"]}]},{"@type":"ImageObject","inLanguage":"fr-FR","@id":"https:\/\/grand-angle.lavenir.net\/wallonie-bruxelles-desertees\/#primaryimage","url":"https:\/\/grand-angle.lavenir.net\/wallonie-bruxelles-desertees\/wp-content\/uploads\/sites\/103\/2020\/03\/logo-lavenir.png","contentUrl":"https:\/\/grand-angle.lavenir.net\/wallonie-bruxelles-desertees\/wp-content\/uploads\/sites\/103\/2020\/03\/logo-lavenir.png","width":205,"height":50},{"@type":"BreadcrumbList","@id":"https:\/\/grand-angle.lavenir.net\/wallonie-bruxelles-desertees\/#breadcrumb","itemListElement":[{"@type":"ListItem","position":1,"name":"Accueil","item":"https:\/\/grand-angle.lavenir.net\/wallonie-bruxelles-desertees\/"},{"@type":"ListItem","position":2,"name":"La Belgique confin\u00e9e"}]},{"@type":"WebSite","@id":"https:\/\/grand-angle.lavenir.net\/wallonie-bruxelles-desertees\/#website","url":"https:\/\/grand-angle.lavenir.net\/wallonie-bruxelles-desertees\/","name":"La Belgique confin\u00e9e","description":"Les images stup\u00e9fiantes de la Wallonie et Bruxelles d\u00e9sert\u00e9es","potentialAction":[{"@type":"SearchAction","target":{"@type":"EntryPoint","urlTemplate":"https:\/\/grand-angle.lavenir.net\/wallonie-bruxelles-desertees\/?s={search_term_string}"},"query-input":{"@type":"PropertyValueSpecification","valueRequired":true,"valueName":"search_term_string"}}],"inLanguage":"fr-FR"}]}},"_links":{"self":[{"href":"https:\/\/grand-angle.lavenir.net\/wallonie-bruxelles-desertees\/wp-json\/wp\/v2\/pages\/35","targetHints":{"allow":["GET"]}}],"collection":[{"href":"https:\/\/grand-angle.lavenir.net\/wallonie-bruxelles-desertees\/wp-json\/wp\/v2\/pages"}],"about":[{"href":"https:\/\/grand-angle.lavenir.net\/wallonie-bruxelles-desertees\/wp-json\/wp\/v2\/types\/page"}],"author":[{"embeddable":true,"href":"https:\/\/grand-angle.lavenir.net\/wallonie-bruxelles-desertees\/wp-json\/wp\/v2\/users\/1"}],"replies":[{"embeddable":true,"href":"https:\/\/grand-angle.lavenir.net\/wallonie-bruxelles-desertees\/wp-json\/wp\/v2\/comments?post=35"}],"version-history":[{"count":0,"href":"https:\/\/grand-angle.lavenir.net\/wallonie-bruxelles-desertees\/wp-json\/wp\/v2\/pages\/35\/revisions"}],"wp:attachment":[{"href":"https:\/\/grand-angle.lavenir.net\/wallonie-bruxelles-desertees\/wp-json\/wp\/v2\/media?parent=35"}],"curies":[{"name":"wp","href":"https:\/\/api.w.org\/{rel}","templated":true}]}}