{"id":2,"date":"2018-11-05T16:31:47","date_gmt":"2018-11-05T15:31:47","guid":{"rendered":"http:\/\/grand-angle.lavenir.net\/vers-l-avenir-cent-ans-d-information-en-province-de-namur\/?page_id=2"},"modified":"2019-01-25T14:14:11","modified_gmt":"2019-01-25T13:14:11","slug":"unes-historiques","status":"publish","type":"page","link":"https:\/\/grand-angle.lavenir.net\/vers-l-avenir-cent-ans-d-information-en-province-de-namur\/unes-historiques\/","title":{"rendered":"Unes historiques"},"content":{"rendered":"<p><div class=\"fusion-fullwidth fullwidth-box fusion-builder-row-1 nonhundred-percent-fullwidth non-hundred-percent-height-scrolling fusion-equal-height-columns\" style=\"--awb-border-radius-top-left:0px;--awb-border-radius-top-right:0px;--awb-border-radius-bottom-right:0px;--awb-border-radius-bottom-left:0px;--awb-margin-bottom:20px;--awb-background-color:#f8f9f3;--awb-flex-wrap:wrap;\" ><div class=\"fusion-builder-row fusion-row\"><div class=\"fusion-layout-column fusion_builder_column fusion-builder-column-0 fusion_builder_column_1_1 1_1 fusion-one-full fusion-column-first fusion-column-last\" style=\"--awb-padding-top:20px;--awb-padding-right:20px;--awb-padding-bottom:20px;--awb-padding-left:20px;--awb-bg-color:#006164;--awb-bg-color-hover:#006164;--awb-bg-size:cover;\"><div class=\"fusion-column-wrapper fusion-flex-column-wrapper-legacy\"><div class=\"fusion-text fusion-text-1\"><h3><span style=\"font-weight: 400; color: #fff;\">Difficile d\u2019\u00e9voquer la vie d\u2019un journal papier sans \u00e9voquer ses Unes. Nous avons s\u00e9lectionn\u00e9 15 Unes historiques. Avec, pour chacune d\u2019entre elles, une br\u00e8ve explication qui porte \u00e0 la fois sur l\u2019actualit\u00e9 du moment, mais aussi sur la fa\u00e7on dont la Une est pr\u00e9sent\u00e9e.<\/span><\/h3>\n<\/div><div class=\"fusion-clearfix\"><\/div><\/div><\/div><\/div><\/div><div class=\"fusion-fullwidth fullwidth-box fusion-builder-row-2 nonhundred-percent-fullwidth non-hundred-percent-height-scrolling\" style=\"--awb-border-radius-top-left:0px;--awb-border-radius-top-right:0px;--awb-border-radius-bottom-right:0px;--awb-border-radius-bottom-left:0px;--awb-flex-wrap:wrap;\" ><div class=\"fusion-builder-row fusion-row\"><div class=\"fusion-layout-column fusion_builder_column fusion-builder-column-1 fusion_builder_column_1_1 1_1 fusion-one-full fusion-column-first fusion-column-last\" style=\"--awb-bg-size:cover;\"><div class=\"fusion-column-wrapper fusion-flex-column-wrapper-legacy\"><div class=\"fusion-sharing-box fusion-sharing-box-1 boxed-icons has-taglines layout-floated layout-medium-floated layout-small-floated\" style=\"background-color:#ffffff;--awb-layout:row;--awb-alignment-small:space-between;\" data-title=\"Les Unes historiques de Vers l&#039;Avenir\" data-description=\"Difficile d\u2019\u00e9voquer la vie d\u2019un journal papier sans \u00e9voquer ses Unes. Nous avons s\u00e9lectionn\u00e9 15 Unes historiques. Avec, pour chacune d\u2019entre elles, une br\u00e8ve explication.\" data-link=\"https:\/\/grand-angle.lavenir.net\/vers-l-avenir-cent-ans-d-information-en-province-de-namur\/unes-historiques\/\" data-image=\"https:\/\/grand-angle.lavenir.net\/vers-l-avenir-cent-ans-d-information-en-province-de-namur\/wp-content\/uploads\/sites\/59\/2018\/11\/Unesweb-06-722x1024.jpg\"><div class=\"fusion-social-networks sharingbox-shortcode-icon-wrapper sharingbox-shortcode-icon-wrapper-1 boxed-icons\"><span><a href=\"https:\/\/www.facebook.com\/sharer.php?u=https%3A%2F%2Fgrand-angle.lavenir.net%2Fvers-l-avenir-cent-ans-d-information-en-province-de-namur%2Funes-historiques%2F&amp;t=Les%20Unes%20historiques%20de%20Vers%20l%27Avenir\" target=\"_blank\" rel=\"noreferrer\" title=\"Facebook\" aria-label=\"Facebook\" data-placement=\"Right\" data-toggle=\"tooltip\" data-title=\"Facebook\"><i class=\"fusion-social-network-icon fusion-tooltip fusion-facebook awb-icon-facebook\" style=\"color:#ffffff;background-color:#3b5998;border-color:#3b5998;border-radius:50%;\" aria-hidden=\"true\"><\/i><\/a><\/span><span><a href=\"https:\/\/x.com\/intent\/post?text=Les%20Unes%20historiques%20de%20Vers%20l%27Avenir&amp;url=https%3A%2F%2Fgrand-angle.lavenir.net%2Fvers-l-avenir-cent-ans-d-information-en-province-de-namur%2Funes-historiques%2F\" target=\"_blank\" rel=\"noopener noreferrer\" title=\"X\" aria-label=\"X\" data-placement=\"Right\" data-toggle=\"tooltip\" data-title=\"X\"><i class=\"fusion-social-network-icon fusion-tooltip fusion-twitter awb-icon-twitter\" style=\"color:#ffffff;background-color:#000000;border-color:#000000;border-radius:50%;\" aria-hidden=\"true\"><\/i><\/a><\/span><\/div><\/div><div class=\"fusion-clearfix\"><\/div><\/div><\/div><\/div><\/div><div class=\"fusion-fullwidth fullwidth-box fusion-builder-row-3 nonhundred-percent-fullwidth non-hundred-percent-height-scrolling\" style=\"--awb-border-radius-top-left:0px;--awb-border-radius-top-right:0px;--awb-border-radius-bottom-right:0px;--awb-border-radius-bottom-left:0px;--awb-padding-top:20px;--awb-padding-right:40px;--awb-padding-bottom:20px;--awb-padding-left:40px;--awb-background-color:#f8f9f3;--awb-flex-wrap:wrap;\" ><div class=\"fusion-builder-row fusion-row\"><div class=\"fusion-layout-column fusion_builder_column fusion-builder-column-2 fusion_builder_column_1_3 1_3 fusion-one-third fusion-column-first\" style=\"--awb-bg-size:cover;width:33.3333333333%;width:calc(33.3333333333% - ( ( 2% + 2% ) * 0.333333333333 ) );margin-right: 2%;\"><div class=\"fusion-column-wrapper fusion-flex-column-wrapper-legacy\"><div class=\"fusion-text fusion-text-2 caption\"><p>Mardi 19 novembre 1918<\/p>\n<\/div><div class=\"fusion-image-element in-legacy-container\" style=\"--awb-caption-title-font-family:var(--h2_typography-font-family);--awb-caption-title-font-weight:var(--h2_typography-font-weight);--awb-caption-title-font-style:var(--h2_typography-font-style);--awb-caption-title-size:var(--h2_typography-font-size);--awb-caption-title-transform:var(--h2_typography-text-transform);--awb-caption-title-line-height:var(--h2_typography-line-height);--awb-caption-title-letter-spacing:var(--h2_typography-letter-spacing);\"><span class=\" fusion-imageframe imageframe-none imageframe-1 hover-type-none\"><a href=\"https:\/\/grand-angle.lavenir.net\/vers-l-avenir-cent-ans-d-information-en-province-de-namur\/wp-content\/uploads\/sites\/59\/2018\/11\/Unesweb-01.jpg\" class=\"fusion-lightbox\" data-rel=\"iLightbox[05be07cbe7737513af8]\" data-caption=\"Description une n\u00b01\" data-title=\"Le premier num\u00e9ro de Vers l\u2019Avenir est sobre : une simple feuille recto verso, sans illustration, sans gros titre. L\u2019impression est de mauvaise qualit\u00e9. Les nouvelles s\u2019alignent par colonnes, en une succession d\u2019entrefilets. Le jeune journal namurois a repris les locaux et le mat\u00e9riel, v\u00e9tustes, de son pr\u00e9d\u00e9cesseur, L\u2019Ami de l\u2019Ordre, 29, rue de la Croix. Les sujets trait\u00e9s sont li\u00e9s \u00e0 l\u2019actualit\u00e9 patriotique du moment, alors que l\u2019Armistice vient d\u2019\u00eatre sign\u00e9 et que l\u2019occupant allemand, d\u00e9test\u00e9, a \u00e0 peine quitt\u00e9 la ville. Avec lyrisme, on glorifie les h\u00e9ros combattants. On informe sur le nouveau gouvernement qui se forme. La rubrique locale est d\u00e9j\u00e0 pr\u00e9sente, avec des conseils de prudence \u00e0 cause des explosifs abandonn\u00e9s \u00e7\u00e0 et l\u00e0.\" title=\"Le premier num\u00e9ro de Vers l\u2019Avenir est sobre : une simple feuille recto verso, sans illustration, sans gros titre. L\u2019impression est de mauvaise qualit\u00e9. Les nouvelles s\u2019alignent par colonnes, en une succession d\u2019entrefilets. Le jeune journal namurois a repris les locaux et le mat\u00e9riel, v\u00e9tustes, de son pr\u00e9d\u00e9cesseur, L\u2019Ami de l\u2019Ordre, 29, rue de la Croix. Les sujets trait\u00e9s sont li\u00e9s \u00e0 l\u2019actualit\u00e9 patriotique du moment, alors que l\u2019Armistice vient d\u2019\u00eatre sign\u00e9 et que l\u2019occupant allemand, d\u00e9test\u00e9, a \u00e0 peine quitt\u00e9 la ville. Avec lyrisme, on glorifie les h\u00e9ros combattants. On informe sur le nouveau gouvernement qui se forme. La rubrique locale est d\u00e9j\u00e0 pr\u00e9sente, avec des conseils de prudence \u00e0 cause des explosifs abandonn\u00e9s \u00e7\u00e0 et l\u00e0.\"><img decoding=\"async\" width=\"703\" height=\"1024\" alt=\"Description une n\u00b01\" src=\"https:\/\/grand-angle.lavenir.net\/vers-l-avenir-cent-ans-d-information-en-province-de-namur\/wp-content\/uploads\/sites\/59\/2018\/11\/Unesweb-01-703x1024.jpg\" class=\"img-responsive wp-image-10\" srcset=\"https:\/\/grand-angle.lavenir.net\/vers-l-avenir-cent-ans-d-information-en-province-de-namur\/wp-content\/uploads\/sites\/59\/2018\/11\/Unesweb-01-206x300.jpg 206w, https:\/\/grand-angle.lavenir.net\/vers-l-avenir-cent-ans-d-information-en-province-de-namur\/wp-content\/uploads\/sites\/59\/2018\/11\/Unesweb-01-703x1024.jpg 703w, https:\/\/grand-angle.lavenir.net\/vers-l-avenir-cent-ans-d-information-en-province-de-namur\/wp-content\/uploads\/sites\/59\/2018\/11\/Unesweb-01-768x1119.jpg 768w, https:\/\/grand-angle.lavenir.net\/vers-l-avenir-cent-ans-d-information-en-province-de-namur\/wp-content\/uploads\/sites\/59\/2018\/11\/Unesweb-01.jpg 1200w\" sizes=\"(max-width: 703px) 100vw, 703px\" \/><\/a><\/span><\/div><div class=\"fusion-clearfix\"><\/div><\/div><\/div><div class=\"fusion-layout-column fusion_builder_column fusion-builder-column-3 fusion_builder_column_1_3 1_3 fusion-one-third\" style=\"--awb-bg-size:cover;width:33.3333333333%;width:calc(33.3333333333% - ( ( 2% + 2% ) * 0.333333333333 ) );margin-right: 2%;\"><div class=\"fusion-column-wrapper fusion-flex-column-wrapper-legacy\"><div class=\"fusion-text fusion-text-3 caption\"><p>Samedi 31 mars et dimanche 1er avril 1923<\/p>\n<\/div><div class=\"fusion-image-element in-legacy-container\" style=\"--awb-caption-title-font-family:var(--h2_typography-font-family);--awb-caption-title-font-weight:var(--h2_typography-font-weight);--awb-caption-title-font-style:var(--h2_typography-font-style);--awb-caption-title-size:var(--h2_typography-font-size);--awb-caption-title-transform:var(--h2_typography-text-transform);--awb-caption-title-line-height:var(--h2_typography-line-height);--awb-caption-title-letter-spacing:var(--h2_typography-letter-spacing);\"><span class=\" fusion-imageframe imageframe-none imageframe-2 hover-type-none\"><a href=\"https:\/\/grand-angle.lavenir.net\/vers-l-avenir-cent-ans-d-information-en-province-de-namur\/wp-content\/uploads\/sites\/59\/2018\/11\/Unesweb-02.jpg\" class=\"fusion-lightbox\" data-rel=\"iLightbox[dc80f946c7380c2b888]\" data-title=\"\u00ab Enfin nous voici ! \u00bb, titre le journal. Nous voici, avec un nouveau mat\u00e9riel qui permettra de pr\u00e9senter un journal plus agr\u00e9able, plus moderne. Car le jeune quotidien a d\u00e9m\u00e9nag\u00e9, il s\u2019est install\u00e9 boulevard Ernest M\u00e9lot, juste en face de la poste de Namur. Il a acquis une nouvelle rotative, qui permet l\u2019impression de photos. Cette premi\u00e8re page montre fi\u00e8rement la belle machine, \u00ab \u00e0 16 cylindres et 4 bobines \u00bb. Quatre photos d\u2019actualit\u00e9 illustrent aussi la Une, dont deux qui racontent l\u2019exhumation du corps de Th\u00e9r\u00e8se de l\u2019Enfant J\u00e9sus \u00e0 Lisieux et son transfert vers un nouveau lieu de culte. Le journal ne dispose pas encore d\u2019atelier de photogravure : au moins vingt-quatre heures restent n\u00e9cessaires pour la publication de photos d\u2019actualit\u00e9.\" title=\"\u00ab Enfin nous voici ! \u00bb, titre le journal. Nous voici, avec un nouveau mat\u00e9riel qui permettra de pr\u00e9senter un journal plus agr\u00e9able, plus moderne. Car le jeune quotidien a d\u00e9m\u00e9nag\u00e9, il s\u2019est install\u00e9 boulevard Ernest M\u00e9lot, juste en face de la poste de Namur. Il a acquis une nouvelle rotative, qui permet l\u2019impression de photos. Cette premi\u00e8re page montre fi\u00e8rement la belle machine, \u00ab \u00e0 16 cylindres et 4 bobines \u00bb. Quatre photos d\u2019actualit\u00e9 illustrent aussi la Une, dont deux qui racontent l\u2019exhumation du corps de Th\u00e9r\u00e8se de l\u2019Enfant J\u00e9sus \u00e0 Lisieux et son transfert vers un nouveau lieu de culte. Le journal ne dispose pas encore d\u2019atelier de photogravure : au moins vingt-quatre heures restent n\u00e9cessaires pour la publication de photos d\u2019actualit\u00e9.\"><img decoding=\"async\" width=\"720\" height=\"1024\" src=\"https:\/\/grand-angle.lavenir.net\/vers-l-avenir-cent-ans-d-information-en-province-de-namur\/wp-content\/uploads\/sites\/59\/2018\/11\/Unesweb-02-720x1024.jpg\" alt class=\"img-responsive wp-image-11\" srcset=\"https:\/\/grand-angle.lavenir.net\/vers-l-avenir-cent-ans-d-information-en-province-de-namur\/wp-content\/uploads\/sites\/59\/2018\/11\/Unesweb-02-211x300.jpg 211w, https:\/\/grand-angle.lavenir.net\/vers-l-avenir-cent-ans-d-information-en-province-de-namur\/wp-content\/uploads\/sites\/59\/2018\/11\/Unesweb-02-720x1024.jpg 720w, https:\/\/grand-angle.lavenir.net\/vers-l-avenir-cent-ans-d-information-en-province-de-namur\/wp-content\/uploads\/sites\/59\/2018\/11\/Unesweb-02-768x1092.jpg 768w, https:\/\/grand-angle.lavenir.net\/vers-l-avenir-cent-ans-d-information-en-province-de-namur\/wp-content\/uploads\/sites\/59\/2018\/11\/Unesweb-02.jpg 1200w\" sizes=\"(max-width: 720px) 100vw, 720px\" \/><\/a><\/span><\/div><div class=\"fusion-clearfix\"><\/div><\/div><\/div><div class=\"fusion-layout-column fusion_builder_column fusion-builder-column-4 fusion_builder_column_1_3 1_3 fusion-one-third fusion-column-last\" style=\"--awb-bg-size:cover;width:33.3333333333%;width:calc(33.3333333333% - ( ( 2% + 2% ) * 0.333333333333 ) );\"><div class=\"fusion-column-wrapper fusion-flex-column-wrapper-legacy\"><div class=\"fusion-text fusion-text-4 caption\"><p>Lundi 19 f\u00e9vrier 1934<\/p>\n<\/div><div class=\"fusion-image-element in-legacy-container\" style=\"--awb-caption-title-font-family:var(--h2_typography-font-family);--awb-caption-title-font-weight:var(--h2_typography-font-weight);--awb-caption-title-font-style:var(--h2_typography-font-style);--awb-caption-title-size:var(--h2_typography-font-size);--awb-caption-title-transform:var(--h2_typography-text-transform);--awb-caption-title-line-height:var(--h2_typography-line-height);--awb-caption-title-letter-spacing:var(--h2_typography-letter-spacing);\"><span class=\" fusion-imageframe imageframe-none imageframe-3 hover-type-none\"><a href=\"https:\/\/grand-angle.lavenir.net\/vers-l-avenir-cent-ans-d-information-en-province-de-namur\/wp-content\/uploads\/sites\/59\/2018\/11\/Unesweb-03.jpg\" class=\"fusion-lightbox\" data-rel=\"iLightbox[f865b617d67f4511e16]\" data-title=\"Trag\u00e9die nationale \u00e0 Marche-les-Dames, \u00e0 dix kilom\u00e8tres \u00e0 peine de Namur. Albert, le roi chevalier, le h\u00e9ros de l\u2019Yser, a trouv\u00e9 la mort dans une chute d\u2019alpinisme. Le matin de la d\u00e9couverte du corps (c\u2019est un dimanche), deux journalistes de Vers l\u2019Avenir, Marc Delforge et Philippe de Thysebaert, ont pu, les premiers, parcourir librement les lieux et en ramener un reportage riche en d\u00e9tails autant qu\u2019en \u00e9motions. Une \u00e9dition sp\u00e9ciale a \u00e9t\u00e9 tir\u00e9e dans l\u2019apr\u00e8s-midi, bord\u00e9e de noir. Celle que l\u2019on voit ici est celle du lendemain, avec quatre photos en Une : les souverains en images d\u2019archives, mais aussi le lieu de l\u2019accident et d\u00e9j\u00e0 le corps du Roi, allong\u00e9 sur son lit mortuaire, au ch\u00e2teau de Laeken. Pendant une semaine, le pays vivra au rythme de ce deuil.\" title=\"Trag\u00e9die nationale \u00e0 Marche-les-Dames, \u00e0 dix kilom\u00e8tres \u00e0 peine de Namur. Albert, le roi chevalier, le h\u00e9ros de l\u2019Yser, a trouv\u00e9 la mort dans une chute d\u2019alpinisme. Le matin de la d\u00e9couverte du corps (c\u2019est un dimanche), deux journalistes de Vers l\u2019Avenir, Marc Delforge et Philippe de Thysebaert, ont pu, les premiers, parcourir librement les lieux et en ramener un reportage riche en d\u00e9tails autant qu\u2019en \u00e9motions. Une \u00e9dition sp\u00e9ciale a \u00e9t\u00e9 tir\u00e9e dans l\u2019apr\u00e8s-midi, bord\u00e9e de noir. Celle que l\u2019on voit ici est celle du lendemain, avec quatre photos en Une : les souverains en images d\u2019archives, mais aussi le lieu de l\u2019accident et d\u00e9j\u00e0 le corps du Roi, allong\u00e9 sur son lit mortuaire, au ch\u00e2teau de Laeken. Pendant une semaine, le pays vivra au rythme de ce deuil.\"><img decoding=\"async\" width=\"720\" height=\"1024\" src=\"https:\/\/grand-angle.lavenir.net\/vers-l-avenir-cent-ans-d-information-en-province-de-namur\/wp-content\/uploads\/sites\/59\/2018\/11\/Unesweb-03-720x1024.jpg\" alt class=\"img-responsive wp-image-12\" srcset=\"https:\/\/grand-angle.lavenir.net\/vers-l-avenir-cent-ans-d-information-en-province-de-namur\/wp-content\/uploads\/sites\/59\/2018\/11\/Unesweb-03-211x300.jpg 211w, https:\/\/grand-angle.lavenir.net\/vers-l-avenir-cent-ans-d-information-en-province-de-namur\/wp-content\/uploads\/sites\/59\/2018\/11\/Unesweb-03-720x1024.jpg 720w, https:\/\/grand-angle.lavenir.net\/vers-l-avenir-cent-ans-d-information-en-province-de-namur\/wp-content\/uploads\/sites\/59\/2018\/11\/Unesweb-03-768x1092.jpg 768w, https:\/\/grand-angle.lavenir.net\/vers-l-avenir-cent-ans-d-information-en-province-de-namur\/wp-content\/uploads\/sites\/59\/2018\/11\/Unesweb-03.jpg 1200w\" sizes=\"(max-width: 720px) 100vw, 720px\" \/><\/a><\/span><\/div><div class=\"fusion-clearfix\"><\/div><\/div><\/div><div class=\"fusion-layout-column fusion_builder_column fusion-builder-column-5 fusion_builder_column_1_1 1_1 fusion-one-full fusion-column-first fusion-column-last\" style=\"--awb-bg-size:cover;\"><div class=\"fusion-column-wrapper fusion-flex-column-wrapper-legacy\"><div class=\"fusion-sep-clear\"><\/div><div class=\"fusion-separator fusion-full-width-sep\" style=\"margin-left: auto;margin-right: auto;width:100%;\"><div class=\"fusion-separator-border sep-double sep-solid\" style=\"--awb-height:20px;--awb-amount:20px;--awb-sep-color:#006164;border-color:#006164;border-top-width:1px;border-bottom-width:1px;\"><\/div><\/div><div class=\"fusion-sep-clear\"><\/div>\n<div class=\"fusion-clearfix\"><\/div><\/div><\/div><div class=\"fusion-layout-column fusion_builder_column fusion-builder-column-6 fusion_builder_column_1_3 1_3 fusion-one-third fusion-column-first\" style=\"--awb-bg-size:cover;width:33.3333333333%;width:calc(33.3333333333% - ( ( 2% + 2% ) * 0.333333333333 ) );margin-right: 2%;\"><div class=\"fusion-column-wrapper fusion-flex-column-wrapper-legacy\"><div class=\"fusion-text fusion-text-5 caption\"><p>Samedi 11 mai 1940<\/p>\n<\/div><div class=\"fusion-image-element in-legacy-container\" style=\"--awb-caption-title-font-family:var(--h2_typography-font-family);--awb-caption-title-font-weight:var(--h2_typography-font-weight);--awb-caption-title-font-style:var(--h2_typography-font-style);--awb-caption-title-size:var(--h2_typography-font-size);--awb-caption-title-transform:var(--h2_typography-text-transform);--awb-caption-title-line-height:var(--h2_typography-line-height);--awb-caption-title-letter-spacing:var(--h2_typography-letter-spacing);\"><span class=\" fusion-imageframe imageframe-none imageframe-4 hover-type-none\"><a href=\"https:\/\/grand-angle.lavenir.net\/vers-l-avenir-cent-ans-d-information-en-province-de-namur\/wp-content\/uploads\/sites\/59\/2018\/11\/Unesweb-04.jpg\" class=\"fusion-lightbox\" data-rel=\"iLightbox[23d38b33e84650d319e]\" data-title=\"La guerre se pr\u00e9parait depuis plusieurs ann\u00e9es d\u00e9j\u00e0 ; elle avait commenc\u00e9 entre les voisins, l\u2019Allemagne, la France. Forts de leur neutralit\u00e9, la Belgique et les Pays-Bas esp\u00e9raient y \u00e9chapper. Mais le vendredi 10 mai, les troupes de Hitler envahissent notre pays. La Une de Vers l\u2019Avenir, le lendemain, est enti\u00e8rement consacr\u00e9e \u00e0 cette agression. Le journal appelle les Belges \u00e0 garder leur calme, \u00e0 se grouper autour du Roi et du gouvernement. Les \u00e9v\u00e9nements se pr\u00e9cipitent. La publication devient probl\u00e9matique : personnel r\u00e9duit \u00e0 cause de la mobilisation, d\u00e9lais d\u2019impression raccourcis vu la suppression de l\u2019\u00e9clairage nocturne, perturbations dans les communications. Le dernier num\u00e9ro publi\u00e9 est celui du 13 mai. Ce jour-l\u00e0, les Allemands entrent \u00e0 Namur.\" title=\"La guerre se pr\u00e9parait depuis plusieurs ann\u00e9es d\u00e9j\u00e0 ; elle avait commenc\u00e9 entre les voisins, l\u2019Allemagne, la France. Forts de leur neutralit\u00e9, la Belgique et les Pays-Bas esp\u00e9raient y \u00e9chapper. Mais le vendredi 10 mai, les troupes de Hitler envahissent notre pays. La Une de Vers l\u2019Avenir, le lendemain, est enti\u00e8rement consacr\u00e9e \u00e0 cette agression. Le journal appelle les Belges \u00e0 garder leur calme, \u00e0 se grouper autour du Roi et du gouvernement. Les \u00e9v\u00e9nements se pr\u00e9cipitent. La publication devient probl\u00e9matique : personnel r\u00e9duit \u00e0 cause de la mobilisation, d\u00e9lais d\u2019impression raccourcis vu la suppression de l\u2019\u00e9clairage nocturne, perturbations dans les communications. Le dernier num\u00e9ro publi\u00e9 est celui du 13 mai. Ce jour-l\u00e0, les Allemands entrent \u00e0 Namur.\"><img decoding=\"async\" width=\"720\" height=\"1024\" src=\"https:\/\/grand-angle.lavenir.net\/vers-l-avenir-cent-ans-d-information-en-province-de-namur\/wp-content\/uploads\/sites\/59\/2018\/11\/Unesweb-04-720x1024.jpg\" alt class=\"img-responsive wp-image-13\" srcset=\"https:\/\/grand-angle.lavenir.net\/vers-l-avenir-cent-ans-d-information-en-province-de-namur\/wp-content\/uploads\/sites\/59\/2018\/11\/Unesweb-04-211x300.jpg 211w, https:\/\/grand-angle.lavenir.net\/vers-l-avenir-cent-ans-d-information-en-province-de-namur\/wp-content\/uploads\/sites\/59\/2018\/11\/Unesweb-04-720x1024.jpg 720w, https:\/\/grand-angle.lavenir.net\/vers-l-avenir-cent-ans-d-information-en-province-de-namur\/wp-content\/uploads\/sites\/59\/2018\/11\/Unesweb-04-768x1092.jpg 768w, https:\/\/grand-angle.lavenir.net\/vers-l-avenir-cent-ans-d-information-en-province-de-namur\/wp-content\/uploads\/sites\/59\/2018\/11\/Unesweb-04.jpg 1200w\" sizes=\"(max-width: 720px) 100vw, 720px\" \/><\/a><\/span><\/div><div class=\"fusion-clearfix\"><\/div><\/div><\/div><div class=\"fusion-layout-column fusion_builder_column fusion-builder-column-7 fusion_builder_column_1_3 1_3 fusion-one-third\" style=\"--awb-bg-size:cover;width:33.3333333333%;width:calc(33.3333333333% - ( ( 2% + 2% ) * 0.333333333333 ) );margin-right: 2%;\"><div class=\"fusion-column-wrapper fusion-flex-column-wrapper-legacy\"><div class=\"fusion-text fusion-text-6 caption\"><p>Lundi 12, mardi 13 et mercredi 14 f\u00e9vrier 1945<\/p>\n<\/div><div class=\"fusion-image-element in-legacy-container\" style=\"--awb-caption-title-font-family:var(--h2_typography-font-family);--awb-caption-title-font-weight:var(--h2_typography-font-weight);--awb-caption-title-font-style:var(--h2_typography-font-style);--awb-caption-title-size:var(--h2_typography-font-size);--awb-caption-title-transform:var(--h2_typography-text-transform);--awb-caption-title-line-height:var(--h2_typography-line-height);--awb-caption-title-letter-spacing:var(--h2_typography-letter-spacing);\"><span class=\" fusion-imageframe imageframe-none imageframe-5 hover-type-none\"><a href=\"https:\/\/grand-angle.lavenir.net\/vers-l-avenir-cent-ans-d-information-en-province-de-namur\/wp-content\/uploads\/sites\/59\/2018\/11\/Unesweb-05.jpg\" class=\"fusion-lightbox\" data-rel=\"iLightbox[51cdbafdacf50a731e8]\" data-title=\"Namur est libre depuis cinq mois, la parution a repris, mais la guerre n\u2019est pas finie. Le papier manque, il est \u00e0 ce point rationn\u00e9 que le journal ne peut plus sortir qu\u2019un jour sur deux, puis un jour sur trois. Les communications restent probl\u00e9matiques, et l\u2019arm\u00e9e am\u00e9ricaine censure l\u2019information. Vers l\u2019Avenir n\u2019est plus qu\u2019une simple feuille recto verso, sans photo, et dont le format varie de jour en jour, tout comme la texture, au gr\u00e9 des stocks trouv\u00e9s. La direction lance un appel aux autorit\u00e9s : faute d\u2019approvisionnement, la poursuite de la publication est compromise, nous allons peut-\u00eatre devoir dispara\u00eetre ! Pourtant, les nouvelles du front sont optimistes : jour apr\u00e8s jour, les Allemands perdent du terrain, que ce soit \u00e0 l\u2019est ou \u00e0 l\u2019ouest.\" title=\"Namur est libre depuis cinq mois, la parution a repris, mais la guerre n\u2019est pas finie. Le papier manque, il est \u00e0 ce point rationn\u00e9 que le journal ne peut plus sortir qu\u2019un jour sur deux, puis un jour sur trois. Les communications restent probl\u00e9matiques, et l\u2019arm\u00e9e am\u00e9ricaine censure l\u2019information. Vers l\u2019Avenir n\u2019est plus qu\u2019une simple feuille recto verso, sans photo, et dont le format varie de jour en jour, tout comme la texture, au gr\u00e9 des stocks trouv\u00e9s. La direction lance un appel aux autorit\u00e9s : faute d\u2019approvisionnement, la poursuite de la publication est compromise, nous allons peut-\u00eatre devoir dispara\u00eetre ! Pourtant, les nouvelles du front sont optimistes : jour apr\u00e8s jour, les Allemands perdent du terrain, que ce soit \u00e0 l\u2019est ou \u00e0 l\u2019ouest.\"><img decoding=\"async\" width=\"698\" height=\"1024\" src=\"https:\/\/grand-angle.lavenir.net\/vers-l-avenir-cent-ans-d-information-en-province-de-namur\/wp-content\/uploads\/sites\/59\/2018\/11\/Unesweb-05-698x1024.jpg\" alt class=\"img-responsive wp-image-14\" srcset=\"https:\/\/grand-angle.lavenir.net\/vers-l-avenir-cent-ans-d-information-en-province-de-namur\/wp-content\/uploads\/sites\/59\/2018\/11\/Unesweb-05-205x300.jpg 205w, https:\/\/grand-angle.lavenir.net\/vers-l-avenir-cent-ans-d-information-en-province-de-namur\/wp-content\/uploads\/sites\/59\/2018\/11\/Unesweb-05-698x1024.jpg 698w, https:\/\/grand-angle.lavenir.net\/vers-l-avenir-cent-ans-d-information-en-province-de-namur\/wp-content\/uploads\/sites\/59\/2018\/11\/Unesweb-05-768x1126.jpg 768w, https:\/\/grand-angle.lavenir.net\/vers-l-avenir-cent-ans-d-information-en-province-de-namur\/wp-content\/uploads\/sites\/59\/2018\/11\/Unesweb-05.jpg 1200w\" sizes=\"(max-width: 698px) 100vw, 698px\" \/><\/a><\/span><\/div><div class=\"fusion-clearfix\"><\/div><\/div><\/div><div class=\"fusion-layout-column fusion_builder_column fusion-builder-column-8 fusion_builder_column_1_3 1_3 fusion-one-third fusion-column-last\" style=\"--awb-bg-size:cover;width:33.3333333333%;width:calc(33.3333333333% - ( ( 2% + 2% ) * 0.333333333333 ) );\"><div class=\"fusion-column-wrapper fusion-flex-column-wrapper-legacy\"><div class=\"fusion-text fusion-text-7 caption\"><p>Mercredi 9 mai 1945<\/p>\n<\/div><div class=\"fusion-image-element in-legacy-container\" style=\"--awb-caption-title-font-family:var(--h2_typography-font-family);--awb-caption-title-font-weight:var(--h2_typography-font-weight);--awb-caption-title-font-style:var(--h2_typography-font-style);--awb-caption-title-size:var(--h2_typography-font-size);--awb-caption-title-transform:var(--h2_typography-text-transform);--awb-caption-title-line-height:var(--h2_typography-line-height);--awb-caption-title-letter-spacing:var(--h2_typography-letter-spacing);\"><span class=\" fusion-imageframe imageframe-none imageframe-6 hover-type-none\"><a href=\"https:\/\/grand-angle.lavenir.net\/vers-l-avenir-cent-ans-d-information-en-province-de-namur\/wp-content\/uploads\/sites\/59\/2018\/11\/Unesweb-06.jpg\" class=\"fusion-lightbox\" data-rel=\"iLightbox[86ffaa31da9efef8386]\" data-title=\"Ca y est, enfin, la guerre est finie, l\u2019Allemagne a capitul\u00e9. \u00ab Te Deum Laudamus \u00bb, lit-on en encadr\u00e9 : \u00ab Dieu, nous te louons ! \u00bb. Les conditions \u00e9conomiques restent difficiles, mais le journal a repris son format et son rythme de parutions normaux. L\u2019actualit\u00e9 est bien entendu enti\u00e8rement marqu\u00e9e par la guerre et ses suites. Ainsi, pendant deux ans, des pages enti\u00e8res seront consacr\u00e9es, presque quotidiennement, aux proc\u00e8s des conseils de guerre contre les anciens collaborateurs, puis, parfois, \u00e0 la relation des ex\u00e9cutions des condamn\u00e9s \u00e0 mort. Les soldats, les r\u00e9sistants, les victimes civiles sont glorifi\u00e9s. Puis, peu \u00e0 peu, la vie va reprendre son cours, avec l\u2019apparition de rubriques plus gaies, plus l\u00e9g\u00e8res, centr\u00e9es sur la d\u00e9tente, voire sur l\u2019humour.\" title=\"Ca y est, enfin, la guerre est finie, l\u2019Allemagne a capitul\u00e9. \u00ab Te Deum Laudamus \u00bb, lit-on en encadr\u00e9 : \u00ab Dieu, nous te louons ! \u00bb. Les conditions \u00e9conomiques restent difficiles, mais le journal a repris son format et son rythme de parutions normaux. L\u2019actualit\u00e9 est bien entendu enti\u00e8rement marqu\u00e9e par la guerre et ses suites. Ainsi, pendant deux ans, des pages enti\u00e8res seront consacr\u00e9es, presque quotidiennement, aux proc\u00e8s des conseils de guerre contre les anciens collaborateurs, puis, parfois, \u00e0 la relation des ex\u00e9cutions des condamn\u00e9s \u00e0 mort. Les soldats, les r\u00e9sistants, les victimes civiles sont glorifi\u00e9s. Puis, peu \u00e0 peu, la vie va reprendre son cours, avec l\u2019apparition de rubriques plus gaies, plus l\u00e9g\u00e8res, centr\u00e9es sur la d\u00e9tente, voire sur l\u2019humour.\"><img decoding=\"async\" width=\"722\" height=\"1024\" src=\"https:\/\/grand-angle.lavenir.net\/vers-l-avenir-cent-ans-d-information-en-province-de-namur\/wp-content\/uploads\/sites\/59\/2018\/11\/Unesweb-06-722x1024.jpg\" alt class=\"img-responsive wp-image-15\" srcset=\"https:\/\/grand-angle.lavenir.net\/vers-l-avenir-cent-ans-d-information-en-province-de-namur\/wp-content\/uploads\/sites\/59\/2018\/11\/Unesweb-06-212x300.jpg 212w, https:\/\/grand-angle.lavenir.net\/vers-l-avenir-cent-ans-d-information-en-province-de-namur\/wp-content\/uploads\/sites\/59\/2018\/11\/Unesweb-06-722x1024.jpg 722w, https:\/\/grand-angle.lavenir.net\/vers-l-avenir-cent-ans-d-information-en-province-de-namur\/wp-content\/uploads\/sites\/59\/2018\/11\/Unesweb-06-768x1089.jpg 768w, https:\/\/grand-angle.lavenir.net\/vers-l-avenir-cent-ans-d-information-en-province-de-namur\/wp-content\/uploads\/sites\/59\/2018\/11\/Unesweb-06.jpg 1200w\" sizes=\"(max-width: 722px) 100vw, 722px\" \/><\/a><\/span><\/div><div class=\"fusion-clearfix\"><\/div><\/div><\/div><div class=\"fusion-layout-column fusion_builder_column fusion-builder-column-9 fusion_builder_column_1_1 1_1 fusion-one-full fusion-column-first fusion-column-last\" style=\"--awb-bg-size:cover;\"><div class=\"fusion-column-wrapper fusion-flex-column-wrapper-legacy\"><div class=\"fusion-sep-clear\"><\/div><div class=\"fusion-separator fusion-full-width-sep\" style=\"margin-left: auto;margin-right: auto;width:100%;\"><div class=\"fusion-separator-border sep-double sep-solid\" style=\"--awb-height:20px;--awb-amount:20px;--awb-sep-color:#006164;border-color:#006164;border-top-width:1px;border-bottom-width:1px;\"><\/div><\/div><div class=\"fusion-sep-clear\"><\/div>\n<div class=\"fusion-clearfix\"><\/div><\/div><\/div><div class=\"fusion-layout-column fusion_builder_column fusion-builder-column-10 fusion_builder_column_1_3 1_3 fusion-one-third fusion-column-first\" style=\"--awb-bg-size:cover;width:33.3333333333%;width:calc(33.3333333333% - ( ( 2% + 2% ) * 0.333333333333 ) );margin-right: 2%;\"><div class=\"fusion-column-wrapper fusion-flex-column-wrapper-legacy\"><div class=\"fusion-text fusion-text-8 caption\"><p>Jeudi 30 juin 1960<\/p>\n<\/div><div class=\"fusion-image-element in-legacy-container\" style=\"--awb-caption-title-font-family:var(--h2_typography-font-family);--awb-caption-title-font-weight:var(--h2_typography-font-weight);--awb-caption-title-font-style:var(--h2_typography-font-style);--awb-caption-title-size:var(--h2_typography-font-size);--awb-caption-title-transform:var(--h2_typography-text-transform);--awb-caption-title-line-height:var(--h2_typography-line-height);--awb-caption-title-letter-spacing:var(--h2_typography-letter-spacing);\"><span class=\" fusion-imageframe imageframe-none imageframe-7 hover-type-none\"><a href=\"https:\/\/grand-angle.lavenir.net\/vers-l-avenir-cent-ans-d-information-en-province-de-namur\/wp-content\/uploads\/sites\/59\/2018\/11\/Unesweb-07-775x1024.jpg\" class=\"fusion-lightbox\" data-rel=\"iLightbox[2a6b8db09649fa96e70]\" data-title=\"Le Congo est ind\u00e9pendant : le titre barre toute la Une, avec la relation de l\u2019arriv\u00e9e du roi Baudouin \u00e0 L\u00e9opoldville et, en surmanchette, l\u2019annonce de la publication de pages sp\u00e9ciales sur 80 ann\u00e9es de pr\u00e9sence belge dans ce pays. Les ann\u00e9es 1950 et 1960 sont prosp\u00e8res en Belgique, elles sont marqu\u00e9es par le plein emploi et un optimisme c\u00e9l\u00e9br\u00e9 par l\u2019exposition de 1958 \u00e0 Bruxelles. Elles sont pourtant politiquement secou\u00e9es : question royale en 1950, guerre scolaire en 1955, grandes gr\u00e8ves de 1960-1961. Pour chacun de ces \u00e9v\u00e9nements, Vers l\u2019Avenir, journal alors proche du Parti Social-Chr\u00e9tien prend clairement la d\u00e9fense, tant\u00f4t de L\u00e9opold III, tant\u00f4t de l\u2019enseignement catholique, tant\u00f4t du gouvernement.\" title=\"Le Congo est ind\u00e9pendant : le titre barre toute la Une, avec la relation de l\u2019arriv\u00e9e du roi Baudouin \u00e0 L\u00e9opoldville et, en surmanchette, l\u2019annonce de la publication de pages sp\u00e9ciales sur 80 ann\u00e9es de pr\u00e9sence belge dans ce pays. Les ann\u00e9es 1950 et 1960 sont prosp\u00e8res en Belgique, elles sont marqu\u00e9es par le plein emploi et un optimisme c\u00e9l\u00e9br\u00e9 par l\u2019exposition de 1958 \u00e0 Bruxelles. Elles sont pourtant politiquement secou\u00e9es : question royale en 1950, guerre scolaire en 1955, grandes gr\u00e8ves de 1960-1961. Pour chacun de ces \u00e9v\u00e9nements, Vers l\u2019Avenir, journal alors proche du Parti Social-Chr\u00e9tien prend clairement la d\u00e9fense, tant\u00f4t de L\u00e9opold III, tant\u00f4t de l\u2019enseignement catholique, tant\u00f4t du gouvernement.\"><img decoding=\"async\" width=\"775\" height=\"1024\" src=\"https:\/\/grand-angle.lavenir.net\/vers-l-avenir-cent-ans-d-information-en-province-de-namur\/wp-content\/uploads\/sites\/59\/2018\/11\/Unesweb-07-775x1024.jpg\" alt class=\"img-responsive wp-image-16\" srcset=\"https:\/\/grand-angle.lavenir.net\/vers-l-avenir-cent-ans-d-information-en-province-de-namur\/wp-content\/uploads\/sites\/59\/2018\/11\/Unesweb-07-227x300.jpg 227w, https:\/\/grand-angle.lavenir.net\/vers-l-avenir-cent-ans-d-information-en-province-de-namur\/wp-content\/uploads\/sites\/59\/2018\/11\/Unesweb-07-768x1015.jpg 768w, https:\/\/grand-angle.lavenir.net\/vers-l-avenir-cent-ans-d-information-en-province-de-namur\/wp-content\/uploads\/sites\/59\/2018\/11\/Unesweb-07-775x1024.jpg 775w, https:\/\/grand-angle.lavenir.net\/vers-l-avenir-cent-ans-d-information-en-province-de-namur\/wp-content\/uploads\/sites\/59\/2018\/11\/Unesweb-07.jpg 1200w\" sizes=\"(max-width: 775px) 100vw, 775px\" \/><\/a><\/span><\/div><div class=\"fusion-clearfix\"><\/div><\/div><\/div><div class=\"fusion-layout-column fusion_builder_column fusion-builder-column-11 fusion_builder_column_1_3 1_3 fusion-one-third\" style=\"--awb-bg-size:cover;width:33.3333333333%;width:calc(33.3333333333% - ( ( 2% + 2% ) * 0.333333333333 ) );margin-right: 2%;\"><div class=\"fusion-column-wrapper fusion-flex-column-wrapper-legacy\"><div class=\"fusion-text fusion-text-9 caption\"><p>Lundi 21 juillet 1969<\/p>\n<\/div><div class=\"fusion-image-element in-legacy-container\" style=\"--awb-caption-title-font-family:var(--h2_typography-font-family);--awb-caption-title-font-weight:var(--h2_typography-font-weight);--awb-caption-title-font-style:var(--h2_typography-font-style);--awb-caption-title-size:var(--h2_typography-font-size);--awb-caption-title-transform:var(--h2_typography-text-transform);--awb-caption-title-line-height:var(--h2_typography-line-height);--awb-caption-title-letter-spacing:var(--h2_typography-letter-spacing);\"><span class=\" fusion-imageframe imageframe-none imageframe-8 hover-type-none\"><a href=\"https:\/\/grand-angle.lavenir.net\/vers-l-avenir-cent-ans-d-information-en-province-de-namur\/wp-content\/uploads\/sites\/59\/2018\/11\/Unesweb-08.jpg\" class=\"fusion-lightbox\" data-rel=\"iLightbox[315b2df79104d918f68]\" data-title=\"Ev\u00e9nement de dimension plan\u00e9taire : l\u2019homme a march\u00e9 sur la Lune. Vers l\u2019Avenir y consacre une bonne partie de sa Une, mais avec embarras. Car, le m\u00eame jour est aussi exceptionnel pour les Belges : pour la premi\u00e8re fois depuis pr\u00e8s de quarante ans, un coureur de notre pays, Eddy Merckx, remporte le Tour de France. Le metteur en page n\u2019a pas r\u00e9ussi \u00e0 hi\u00e9rarchiser correctement les deux nouvelles. Il a plac\u00e9 l\u2019information sportive en deux endroits : un gros titre en lettres rouges, tout en haut, et une photo en bas \u00e0 droite. Pour l\u2019alunissage de l\u2019\u00e9quipage d\u2019Apollo, il se limite \u00e0 l\u2019information factuelle, omettant sa dimension historique. Et il n\u2019a pas eu l\u2019audace de d\u00e9gager tout l\u2019espace libre : la partie gauche de la page reste encombr\u00e9e de nouvelles d\u2019int\u00e9r\u00eat secondaire.\" title=\"Ev\u00e9nement de dimension plan\u00e9taire : l\u2019homme a march\u00e9 sur la Lune. Vers l\u2019Avenir y consacre une bonne partie de sa Une, mais avec embarras. Car, le m\u00eame jour est aussi exceptionnel pour les Belges : pour la premi\u00e8re fois depuis pr\u00e8s de quarante ans, un coureur de notre pays, Eddy Merckx, remporte le Tour de France. Le metteur en page n\u2019a pas r\u00e9ussi \u00e0 hi\u00e9rarchiser correctement les deux nouvelles. Il a plac\u00e9 l\u2019information sportive en deux endroits : un gros titre en lettres rouges, tout en haut, et une photo en bas \u00e0 droite. Pour l\u2019alunissage de l\u2019\u00e9quipage d\u2019Apollo, il se limite \u00e0 l\u2019information factuelle, omettant sa dimension historique. Et il n\u2019a pas eu l\u2019audace de d\u00e9gager tout l\u2019espace libre : la partie gauche de la page reste encombr\u00e9e de nouvelles d\u2019int\u00e9r\u00eat secondaire.\"><img decoding=\"async\" width=\"775\" height=\"1024\" src=\"https:\/\/grand-angle.lavenir.net\/vers-l-avenir-cent-ans-d-information-en-province-de-namur\/wp-content\/uploads\/sites\/59\/2018\/11\/Unesweb-08-775x1024.jpg\" alt class=\"img-responsive wp-image-17\" srcset=\"https:\/\/grand-angle.lavenir.net\/vers-l-avenir-cent-ans-d-information-en-province-de-namur\/wp-content\/uploads\/sites\/59\/2018\/11\/Unesweb-08-227x300.jpg 227w, https:\/\/grand-angle.lavenir.net\/vers-l-avenir-cent-ans-d-information-en-province-de-namur\/wp-content\/uploads\/sites\/59\/2018\/11\/Unesweb-08-768x1015.jpg 768w, https:\/\/grand-angle.lavenir.net\/vers-l-avenir-cent-ans-d-information-en-province-de-namur\/wp-content\/uploads\/sites\/59\/2018\/11\/Unesweb-08-775x1024.jpg 775w, https:\/\/grand-angle.lavenir.net\/vers-l-avenir-cent-ans-d-information-en-province-de-namur\/wp-content\/uploads\/sites\/59\/2018\/11\/Unesweb-08.jpg 1200w\" sizes=\"(max-width: 775px) 100vw, 775px\" \/><\/a><\/span><\/div><div class=\"fusion-clearfix\"><\/div><\/div><\/div><div class=\"fusion-layout-column fusion_builder_column fusion-builder-column-12 fusion_builder_column_1_3 1_3 fusion-one-third fusion-column-last\" style=\"--awb-bg-size:cover;width:33.3333333333%;width:calc(33.3333333333% - ( ( 2% + 2% ) * 0.333333333333 ) );\"><div class=\"fusion-column-wrapper fusion-flex-column-wrapper-legacy\"><div class=\"fusion-text fusion-text-10 caption\"><p>Mardi 8 novembre 1984<\/p>\n<\/div><div class=\"fusion-image-element in-legacy-container\" style=\"--awb-caption-title-font-family:var(--h2_typography-font-family);--awb-caption-title-font-weight:var(--h2_typography-font-weight);--awb-caption-title-font-style:var(--h2_typography-font-style);--awb-caption-title-size:var(--h2_typography-font-size);--awb-caption-title-transform:var(--h2_typography-text-transform);--awb-caption-title-line-height:var(--h2_typography-line-height);--awb-caption-title-letter-spacing:var(--h2_typography-letter-spacing);\"><span class=\" fusion-imageframe imageframe-none imageframe-9 hover-type-none\"><a href=\"https:\/\/grand-angle.lavenir.net\/vers-l-avenir-cent-ans-d-information-en-province-de-namur\/wp-content\/uploads\/sites\/59\/2018\/11\/Unesweb-09.jpg\" class=\"fusion-lightbox\" data-rel=\"iLightbox[b68300507e72433e6a4]\" data-title=\"La v\u00e9n\u00e9rable rotative Frankenthal du boulevard Ernest M\u00e9lot a fait son temps. Un centre d\u2019impression moderne vient d\u2019\u00eatre construit dans le parc industriel de Rhisnes. Le premier num\u00e9ro de Vers l\u2019Avenir, nouvelle formule, sort de presse. Il est d\u2019un format un peu plus petit. La qualit\u00e9 est meilleure, on est en offset. Appara\u00eet la premi\u00e8re photo en couleurs : elle concerne les \u00e9lections pr\u00e9sidentielles am\u00e9ricaines. La mise en page est plus a\u00e9r\u00e9e, plus claire, et, en haut \u00e0 droite, une colonne est r\u00e9serv\u00e9e \u00e0 un sommaire des nouvelles r\u00e9gionales du jour. Il faudra attendre plusieurs ann\u00e9es cependant \u2013 avec de nouveaux investissements techniques \u2013 pour que la couleur se r\u00e9pande de fa\u00e7on significative dans les pages.\" title=\"La v\u00e9n\u00e9rable rotative Frankenthal du boulevard Ernest M\u00e9lot a fait son temps. Un centre d\u2019impression moderne vient d\u2019\u00eatre construit dans le parc industriel de Rhisnes. Le premier num\u00e9ro de Vers l\u2019Avenir, nouvelle formule, sort de presse. Il est d\u2019un format un peu plus petit. La qualit\u00e9 est meilleure, on est en offset. Appara\u00eet la premi\u00e8re photo en couleurs : elle concerne les \u00e9lections pr\u00e9sidentielles am\u00e9ricaines. La mise en page est plus a\u00e9r\u00e9e, plus claire, et, en haut \u00e0 droite, une colonne est r\u00e9serv\u00e9e \u00e0 un sommaire des nouvelles r\u00e9gionales du jour. Il faudra attendre plusieurs ann\u00e9es cependant \u2013 avec de nouveaux investissements techniques \u2013 pour que la couleur se r\u00e9pande de fa\u00e7on significative dans les pages.\"><img decoding=\"async\" width=\"714\" height=\"1024\" src=\"https:\/\/grand-angle.lavenir.net\/vers-l-avenir-cent-ans-d-information-en-province-de-namur\/wp-content\/uploads\/sites\/59\/2018\/11\/Unesweb-09-714x1024.jpg\" alt class=\"img-responsive wp-image-18\" srcset=\"https:\/\/grand-angle.lavenir.net\/vers-l-avenir-cent-ans-d-information-en-province-de-namur\/wp-content\/uploads\/sites\/59\/2018\/11\/Unesweb-09-209x300.jpg 209w, https:\/\/grand-angle.lavenir.net\/vers-l-avenir-cent-ans-d-information-en-province-de-namur\/wp-content\/uploads\/sites\/59\/2018\/11\/Unesweb-09-714x1024.jpg 714w, https:\/\/grand-angle.lavenir.net\/vers-l-avenir-cent-ans-d-information-en-province-de-namur\/wp-content\/uploads\/sites\/59\/2018\/11\/Unesweb-09-768x1102.jpg 768w, https:\/\/grand-angle.lavenir.net\/vers-l-avenir-cent-ans-d-information-en-province-de-namur\/wp-content\/uploads\/sites\/59\/2018\/11\/Unesweb-09.jpg 1200w\" sizes=\"(max-width: 714px) 100vw, 714px\" \/><\/a><\/span><\/div><div class=\"fusion-clearfix\"><\/div><\/div><\/div><div class=\"fusion-layout-column fusion_builder_column fusion-builder-column-13 fusion_builder_column_1_1 1_1 fusion-one-full fusion-column-first fusion-column-last\" style=\"--awb-bg-size:cover;\"><div class=\"fusion-column-wrapper fusion-flex-column-wrapper-legacy\"><div class=\"fusion-sep-clear\"><\/div><div class=\"fusion-separator fusion-full-width-sep\" style=\"margin-left: auto;margin-right: auto;width:100%;\"><div class=\"fusion-separator-border sep-double sep-solid\" style=\"--awb-height:20px;--awb-amount:20px;--awb-sep-color:#006164;border-color:#006164;border-top-width:1px;border-bottom-width:1px;\"><\/div><\/div><div class=\"fusion-sep-clear\"><\/div>\n<div class=\"fusion-clearfix\"><\/div><\/div><\/div><div class=\"fusion-layout-column fusion_builder_column fusion-builder-column-14 fusion_builder_column_1_3 1_3 fusion-one-third fusion-column-first\" style=\"--awb-bg-size:cover;width:33.3333333333%;width:calc(33.3333333333% - ( ( 2% + 2% ) * 0.333333333333 ) );margin-right: 2%;\"><div class=\"fusion-column-wrapper fusion-flex-column-wrapper-legacy\"><div class=\"fusion-text fusion-text-11 caption\"><p>Mercredi 15 et jeudi 16 mai 1985<\/p>\n<\/div><div class=\"fusion-image-element in-legacy-container\" style=\"--awb-caption-title-font-family:var(--h2_typography-font-family);--awb-caption-title-font-weight:var(--h2_typography-font-weight);--awb-caption-title-font-style:var(--h2_typography-font-style);--awb-caption-title-size:var(--h2_typography-font-size);--awb-caption-title-transform:var(--h2_typography-text-transform);--awb-caption-title-line-height:var(--h2_typography-line-height);--awb-caption-title-letter-spacing:var(--h2_typography-letter-spacing);\"><span class=\" fusion-imageframe imageframe-none imageframe-10 hover-type-none\"><a href=\"https:\/\/grand-angle.lavenir.net\/vers-l-avenir-cent-ans-d-information-en-province-de-namur\/wp-content\/uploads\/sites\/59\/2018\/11\/Unesweb-10.jpg\" class=\"fusion-lightbox\" data-rel=\"iLightbox[248195cbb06f1187d02]\" data-title=\"Les catholiques belges sont en f\u00eate : le pape Jean-Paul II arrive pour entamer une visite de plusieurs jours. L\u2019essentiel de la Une est consacr\u00e9 \u00e0 cet \u00e9v\u00e9nement, qui va mobiliser toutes les \u00e9quipes de r\u00e9daction, tout au long de ce p\u00e9riple. Beauraing, Namur, Louvain-la-Neuve, Li\u00e8ge, Bruxelles seront autant d\u2019\u00e9tapes avec de grands rendez-vous populaires. Pendant une semaine, la couverture de la visite se fera sous la forme d\u2019un suppl\u00e9ment en petit format, encart\u00e9 dans le journal. Mais comme on l\u2019a vu avec d\u2019autres faits importants, un coin de cette page reste ouvert \u00e0 une \u00e9vocation du reste de l\u2019actualit\u00e9, tel que la crise politique dans les Fourons, avec le bras de fer entre la majorit\u00e9 francophone locale de Jos\u00e9 Happart et l\u2019autorit\u00e9 nationale o\u00f9 les Flamands dominent.\" title=\"Les catholiques belges sont en f\u00eate : le pape Jean-Paul II arrive pour entamer une visite de plusieurs jours. L\u2019essentiel de la Une est consacr\u00e9 \u00e0 cet \u00e9v\u00e9nement, qui va mobiliser toutes les \u00e9quipes de r\u00e9daction, tout au long de ce p\u00e9riple. Beauraing, Namur, Louvain-la-Neuve, Li\u00e8ge, Bruxelles seront autant d\u2019\u00e9tapes avec de grands rendez-vous populaires. Pendant une semaine, la couverture de la visite se fera sous la forme d\u2019un suppl\u00e9ment en petit format, encart\u00e9 dans le journal. Mais comme on l\u2019a vu avec d\u2019autres faits importants, un coin de cette page reste ouvert \u00e0 une \u00e9vocation du reste de l\u2019actualit\u00e9, tel que la crise politique dans les Fourons, avec le bras de fer entre la majorit\u00e9 francophone locale de Jos\u00e9 Happart et l\u2019autorit\u00e9 nationale o\u00f9 les Flamands dominent.\"><img decoding=\"async\" width=\"724\" height=\"1024\" src=\"https:\/\/grand-angle.lavenir.net\/vers-l-avenir-cent-ans-d-information-en-province-de-namur\/wp-content\/uploads\/sites\/59\/2018\/11\/Unesweb-10-724x1024.jpg\" alt class=\"img-responsive wp-image-19\" srcset=\"https:\/\/grand-angle.lavenir.net\/vers-l-avenir-cent-ans-d-information-en-province-de-namur\/wp-content\/uploads\/sites\/59\/2018\/11\/Unesweb-10-212x300.jpg 212w, https:\/\/grand-angle.lavenir.net\/vers-l-avenir-cent-ans-d-information-en-province-de-namur\/wp-content\/uploads\/sites\/59\/2018\/11\/Unesweb-10-724x1024.jpg 724w, https:\/\/grand-angle.lavenir.net\/vers-l-avenir-cent-ans-d-information-en-province-de-namur\/wp-content\/uploads\/sites\/59\/2018\/11\/Unesweb-10-768x1087.jpg 768w, https:\/\/grand-angle.lavenir.net\/vers-l-avenir-cent-ans-d-information-en-province-de-namur\/wp-content\/uploads\/sites\/59\/2018\/11\/Unesweb-10.jpg 1200w\" sizes=\"(max-width: 724px) 100vw, 724px\" \/><\/a><\/span><\/div><div class=\"fusion-clearfix\"><\/div><\/div><\/div><div class=\"fusion-layout-column fusion_builder_column fusion-builder-column-15 fusion_builder_column_1_3 1_3 fusion-one-third\" style=\"--awb-bg-size:cover;width:33.3333333333%;width:calc(33.3333333333% - ( ( 2% + 2% ) * 0.333333333333 ) );margin-right: 2%;\"><div class=\"fusion-column-wrapper fusion-flex-column-wrapper-legacy\"><div class=\"fusion-text fusion-text-12 caption\"><p>Mercredi 22 d\u00e9cembre 1993<\/p>\n<\/div><div class=\"fusion-image-element in-legacy-container\" style=\"--awb-caption-title-font-family:var(--h2_typography-font-family);--awb-caption-title-font-weight:var(--h2_typography-font-weight);--awb-caption-title-font-style:var(--h2_typography-font-style);--awb-caption-title-size:var(--h2_typography-font-size);--awb-caption-title-transform:var(--h2_typography-text-transform);--awb-caption-title-line-height:var(--h2_typography-line-height);--awb-caption-title-letter-spacing:var(--h2_typography-letter-spacing);\"><span class=\" fusion-imageframe imageframe-none imageframe-11 hover-type-none\"><a href=\"https:\/\/grand-angle.lavenir.net\/vers-l-avenir-cent-ans-d-information-en-province-de-namur\/wp-content\/uploads\/sites\/59\/2018\/11\/Unesweb-11.jpg\" class=\"fusion-lightbox\" data-rel=\"iLightbox[6d172591e90454f846f]\" data-title=\"Dans la vall\u00e9e de la Meuse et ses affluents, les inondations ont pris un tour catastrophique. L\u2019allure g\u00e9n\u00e9rale de la Une a chang\u00e9 : l\u2019image est prioritaire sur le texte. Deux grandes photos au milieu, dont une, a\u00e9rienne, en couleurs, et, \u00e0 droite, un ruban de quatre clich\u00e9s qui ne sont comment\u00e9s que par des noms de localit\u00e9s. Graphiquement, la construction est devenue verticale, avec une couleur de fond mettant en \u00e9vidence la partie centrale. \u00c0 remarquer aussi : les renvois aux pages se font par des lettres (A, B, C) d\u00e8s qu\u2019il s\u2019agit d\u2019une information nationale. Ce syst\u00e8me a \u00e9t\u00e9 trouv\u00e9 pour r\u00e9gler la question de la pagination du journal, qui varie selon les \u00e9ditions r\u00e9gionales. La crue mosane de d\u00e9cembre 1993 conna\u00eetra une r\u00e9plique d\u2019ampleur semblable, quatorze mois plus tard.\" title=\"Dans la vall\u00e9e de la Meuse et ses affluents, les inondations ont pris un tour catastrophique. L\u2019allure g\u00e9n\u00e9rale de la Une a chang\u00e9 : l\u2019image est prioritaire sur le texte. Deux grandes photos au milieu, dont une, a\u00e9rienne, en couleurs, et, \u00e0 droite, un ruban de quatre clich\u00e9s qui ne sont comment\u00e9s que par des noms de localit\u00e9s. Graphiquement, la construction est devenue verticale, avec une couleur de fond mettant en \u00e9vidence la partie centrale. \u00c0 remarquer aussi : les renvois aux pages se font par des lettres (A, B, C) d\u00e8s qu\u2019il s\u2019agit d\u2019une information nationale. Ce syst\u00e8me a \u00e9t\u00e9 trouv\u00e9 pour r\u00e9gler la question de la pagination du journal, qui varie selon les \u00e9ditions r\u00e9gionales. La crue mosane de d\u00e9cembre 1993 conna\u00eetra une r\u00e9plique d\u2019ampleur semblable, quatorze mois plus tard.\"><img decoding=\"async\" width=\"724\" height=\"1024\" src=\"https:\/\/grand-angle.lavenir.net\/vers-l-avenir-cent-ans-d-information-en-province-de-namur\/wp-content\/uploads\/sites\/59\/2018\/11\/Unesweb-11-724x1024.jpg\" alt class=\"img-responsive wp-image-20\" srcset=\"https:\/\/grand-angle.lavenir.net\/vers-l-avenir-cent-ans-d-information-en-province-de-namur\/wp-content\/uploads\/sites\/59\/2018\/11\/Unesweb-11-212x300.jpg 212w, https:\/\/grand-angle.lavenir.net\/vers-l-avenir-cent-ans-d-information-en-province-de-namur\/wp-content\/uploads\/sites\/59\/2018\/11\/Unesweb-11-724x1024.jpg 724w, https:\/\/grand-angle.lavenir.net\/vers-l-avenir-cent-ans-d-information-en-province-de-namur\/wp-content\/uploads\/sites\/59\/2018\/11\/Unesweb-11-768x1087.jpg 768w, https:\/\/grand-angle.lavenir.net\/vers-l-avenir-cent-ans-d-information-en-province-de-namur\/wp-content\/uploads\/sites\/59\/2018\/11\/Unesweb-11.jpg 1200w\" sizes=\"(max-width: 724px) 100vw, 724px\" \/><\/a><\/span><\/div><div class=\"fusion-clearfix\"><\/div><\/div><\/div><div class=\"fusion-layout-column fusion_builder_column fusion-builder-column-16 fusion_builder_column_1_3 1_3 fusion-one-third fusion-column-last\" style=\"--awb-bg-size:cover;width:33.3333333333%;width:calc(33.3333333333% - ( ( 2% + 2% ) * 0.333333333333 ) );\"><div class=\"fusion-column-wrapper fusion-flex-column-wrapper-legacy\"><div class=\"fusion-text fusion-text-13 caption\"><p>Mercredi 12 septembre 2001<\/p>\n<\/div><div class=\"fusion-image-element in-legacy-container\" style=\"--awb-caption-title-font-family:var(--h2_typography-font-family);--awb-caption-title-font-weight:var(--h2_typography-font-weight);--awb-caption-title-font-style:var(--h2_typography-font-style);--awb-caption-title-size:var(--h2_typography-font-size);--awb-caption-title-transform:var(--h2_typography-text-transform);--awb-caption-title-line-height:var(--h2_typography-line-height);--awb-caption-title-letter-spacing:var(--h2_typography-letter-spacing);\"><span class=\" fusion-imageframe imageframe-none imageframe-12 hover-type-none\"><a href=\"https:\/\/grand-angle.lavenir.net\/vers-l-avenir-cent-ans-d-information-en-province-de-namur\/wp-content\/uploads\/sites\/59\/2018\/11\/Unesweb-12.jpg\" class=\"fusion-lightbox\" data-rel=\"iLightbox[878c115d14952620eb1]\" data-title=\"Attentats a\u00e9riens sur New York et Washington. \u00c0 \u00e9v\u00e9nement exceptionnel, mise en page exceptionnelle. Le travail graphique est devenu important, facilit\u00e9 par des outils techniques nouveaux : tout se r\u00e9alise d\u00e9sormais sur \u00e9cran. La grande photo barre toute la largeur, et le titre est incrust\u00e9 dedans, en caract\u00e8res invers\u00e9s. Deux autres images s\u2019y imbriquent. L\u2019information du jour occupe toute la Une, sans plus aucun sujet parasite. Un pav\u00e9 annonce douze pages sp\u00e9ciales. Mais le journal met d\u00e9j\u00e0 l\u2019accent sur le commentaire (\u00ab L\u2019Am\u00e9rique en guerre \u00bb) : contrairement \u00e0 ce qui se passait quelques d\u00e9cennies plus t\u00f4t, le lecteur qui d\u00e9couvre le journal a d\u00e9j\u00e0 entendu l\u2019information, depuis de nombreuses heures, par la radio ou la t\u00e9l\u00e9vision.\" title=\"Attentats a\u00e9riens sur New York et Washington. \u00c0 \u00e9v\u00e9nement exceptionnel, mise en page exceptionnelle. Le travail graphique est devenu important, facilit\u00e9 par des outils techniques nouveaux : tout se r\u00e9alise d\u00e9sormais sur \u00e9cran. La grande photo barre toute la largeur, et le titre est incrust\u00e9 dedans, en caract\u00e8res invers\u00e9s. Deux autres images s\u2019y imbriquent. L\u2019information du jour occupe toute la Une, sans plus aucun sujet parasite. Un pav\u00e9 annonce douze pages sp\u00e9ciales. Mais le journal met d\u00e9j\u00e0 l\u2019accent sur le commentaire (\u00ab L\u2019Am\u00e9rique en guerre \u00bb) : contrairement \u00e0 ce qui se passait quelques d\u00e9cennies plus t\u00f4t, le lecteur qui d\u00e9couvre le journal a d\u00e9j\u00e0 entendu l\u2019information, depuis de nombreuses heures, par la radio ou la t\u00e9l\u00e9vision.\"><img decoding=\"async\" width=\"724\" height=\"1024\" src=\"https:\/\/grand-angle.lavenir.net\/vers-l-avenir-cent-ans-d-information-en-province-de-namur\/wp-content\/uploads\/sites\/59\/2018\/11\/Unesweb-12-724x1024.jpg\" alt class=\"img-responsive wp-image-21\" srcset=\"https:\/\/grand-angle.lavenir.net\/vers-l-avenir-cent-ans-d-information-en-province-de-namur\/wp-content\/uploads\/sites\/59\/2018\/11\/Unesweb-12-212x300.jpg 212w, https:\/\/grand-angle.lavenir.net\/vers-l-avenir-cent-ans-d-information-en-province-de-namur\/wp-content\/uploads\/sites\/59\/2018\/11\/Unesweb-12-724x1024.jpg 724w, https:\/\/grand-angle.lavenir.net\/vers-l-avenir-cent-ans-d-information-en-province-de-namur\/wp-content\/uploads\/sites\/59\/2018\/11\/Unesweb-12-768x1087.jpg 768w, https:\/\/grand-angle.lavenir.net\/vers-l-avenir-cent-ans-d-information-en-province-de-namur\/wp-content\/uploads\/sites\/59\/2018\/11\/Unesweb-12.jpg 1200w\" sizes=\"(max-width: 724px) 100vw, 724px\" \/><\/a><\/span><\/div><div class=\"fusion-clearfix\"><\/div><\/div><\/div><div class=\"fusion-layout-column fusion_builder_column fusion-builder-column-17 fusion_builder_column_1_1 1_1 fusion-one-full fusion-column-first fusion-column-last\" style=\"--awb-bg-size:cover;\"><div class=\"fusion-column-wrapper fusion-flex-column-wrapper-legacy\"><div class=\"fusion-sep-clear\"><\/div><div class=\"fusion-separator fusion-full-width-sep\" style=\"margin-left: auto;margin-right: auto;width:100%;\"><div class=\"fusion-separator-border sep-double sep-solid\" style=\"--awb-height:20px;--awb-amount:20px;--awb-sep-color:#006164;border-color:#006164;border-top-width:1px;border-bottom-width:1px;\"><\/div><\/div><div class=\"fusion-sep-clear\"><\/div>\n<div class=\"fusion-clearfix\"><\/div><\/div><\/div><div class=\"fusion-layout-column fusion_builder_column fusion-builder-column-18 fusion_builder_column_1_3 1_3 fusion-one-third fusion-column-first\" style=\"--awb-bg-size:cover;width:33.3333333333%;width:calc(33.3333333333% - ( ( 2% + 2% ) * 0.333333333333 ) );margin-right: 2%;\"><div class=\"fusion-column-wrapper fusion-flex-column-wrapper-legacy\"><div class=\"fusion-text fusion-text-14 caption\"><p>Mardi 10 juin 2003<\/p>\n<\/div><div class=\"fusion-image-element in-legacy-container\" style=\"--awb-caption-title-font-family:var(--h2_typography-font-family);--awb-caption-title-font-weight:var(--h2_typography-font-weight);--awb-caption-title-font-style:var(--h2_typography-font-style);--awb-caption-title-size:var(--h2_typography-font-size);--awb-caption-title-transform:var(--h2_typography-text-transform);--awb-caption-title-line-height:var(--h2_typography-line-height);--awb-caption-title-letter-spacing:var(--h2_typography-letter-spacing);\"><span class=\" fusion-imageframe imageframe-none imageframe-13 hover-type-none\"><a href=\"https:\/\/grand-angle.lavenir.net\/vers-l-avenir-cent-ans-d-information-en-province-de-namur\/wp-content\/uploads\/sites\/59\/2018\/11\/Unesweb-13.jpg\" class=\"fusion-lightbox\" data-rel=\"iLightbox[94603c36fccd473c5fe]\" data-title=\"La victoire de Justine Henin \u00e0 Roland-Garros met la Belgique en liesse : elle est la premi\u00e8re Belge \u00e0 remporter un tournoi du grand chelem, en tennis. Fiert\u00e9 d\u2019autant plus grande pour Vers l\u2019Avenir et ses lecteurs, que la championne est une enfant du pays, elle vient de Rochefort. Mais le match d\u00e9cisif s\u2019est d\u00e9roul\u00e9 un dimanche de Pentec\u00f4te : or, il n\u2019y a pas de journal le lundi. Titrer sur l\u2019issue du match, le surlendemain, serait du r\u00e9chauff\u00e9. Le quotidien met alors l\u2019accent sur l\u2019\u00e9v\u00e9nement du lundi : la f\u00eate organis\u00e9e en son honneur sur la grand-place de Bruxelles. L\u2019illustration occupe \u00e0 nouveau l\u2019essentiel de l\u2019espace. En haut \u00e0 droite et dans le bas de la page sont annonc\u00e9s des reportages sur la nouvelle star sportive, et en particulier sur son enfance.\" title=\"La victoire de Justine Henin \u00e0 Roland-Garros met la Belgique en liesse : elle est la premi\u00e8re Belge \u00e0 remporter un tournoi du grand chelem, en tennis. Fiert\u00e9 d\u2019autant plus grande pour Vers l\u2019Avenir et ses lecteurs, que la championne est une enfant du pays, elle vient de Rochefort. Mais le match d\u00e9cisif s\u2019est d\u00e9roul\u00e9 un dimanche de Pentec\u00f4te : or, il n\u2019y a pas de journal le lundi. Titrer sur l\u2019issue du match, le surlendemain, serait du r\u00e9chauff\u00e9. Le quotidien met alors l\u2019accent sur l\u2019\u00e9v\u00e9nement du lundi : la f\u00eate organis\u00e9e en son honneur sur la grand-place de Bruxelles. L\u2019illustration occupe \u00e0 nouveau l\u2019essentiel de l\u2019espace. En haut \u00e0 droite et dans le bas de la page sont annonc\u00e9s des reportages sur la nouvelle star sportive, et en particulier sur son enfance.\"><img decoding=\"async\" width=\"724\" height=\"1024\" src=\"https:\/\/grand-angle.lavenir.net\/vers-l-avenir-cent-ans-d-information-en-province-de-namur\/wp-content\/uploads\/sites\/59\/2018\/11\/Unesweb-13-724x1024.jpg\" alt class=\"img-responsive wp-image-22\" srcset=\"https:\/\/grand-angle.lavenir.net\/vers-l-avenir-cent-ans-d-information-en-province-de-namur\/wp-content\/uploads\/sites\/59\/2018\/11\/Unesweb-13-212x300.jpg 212w, https:\/\/grand-angle.lavenir.net\/vers-l-avenir-cent-ans-d-information-en-province-de-namur\/wp-content\/uploads\/sites\/59\/2018\/11\/Unesweb-13-724x1024.jpg 724w, https:\/\/grand-angle.lavenir.net\/vers-l-avenir-cent-ans-d-information-en-province-de-namur\/wp-content\/uploads\/sites\/59\/2018\/11\/Unesweb-13-768x1086.jpg 768w, https:\/\/grand-angle.lavenir.net\/vers-l-avenir-cent-ans-d-information-en-province-de-namur\/wp-content\/uploads\/sites\/59\/2018\/11\/Unesweb-13.jpg 1200w\" sizes=\"(max-width: 724px) 100vw, 724px\" \/><\/a><\/span><\/div><div class=\"fusion-clearfix\"><\/div><\/div><\/div><div class=\"fusion-layout-column fusion_builder_column fusion-builder-column-19 fusion_builder_column_1_3 1_3 fusion-one-third\" style=\"--awb-bg-size:cover;width:33.3333333333%;width:calc(33.3333333333% - ( ( 2% + 2% ) * 0.333333333333 ) );margin-right: 2%;\"><div class=\"fusion-column-wrapper fusion-flex-column-wrapper-legacy\"><div class=\"fusion-text fusion-text-15 caption\"><p>Lundi 21 mai 2007<\/p>\n<\/div><div class=\"fusion-image-element in-legacy-container\" style=\"--awb-caption-title-font-family:var(--h2_typography-font-family);--awb-caption-title-font-weight:var(--h2_typography-font-weight);--awb-caption-title-font-style:var(--h2_typography-font-style);--awb-caption-title-size:var(--h2_typography-font-size);--awb-caption-title-transform:var(--h2_typography-text-transform);--awb-caption-title-line-height:var(--h2_typography-line-height);--awb-caption-title-letter-spacing:var(--h2_typography-letter-spacing);\"><span class=\" fusion-imageframe imageframe-none imageframe-14 hover-type-none\"><a href=\"https:\/\/grand-angle.lavenir.net\/vers-l-avenir-cent-ans-d-information-en-province-de-namur\/wp-content\/uploads\/sites\/59\/2018\/11\/Unesweb-14.jpg\" class=\"fusion-lightbox\" data-rel=\"iLightbox[7c689909ca5aed43095]\" data-title=\"R\u00e9volution dans la pr\u00e9sentation de Vers l\u2019Avenir : on va passer, le lendemain, au format tablo\u00efd. La rotative de Rhisnes va fermer ses portes, le journal sera d\u00e9sormais imprim\u00e9 \u00e0 Grand-Bigard, pr\u00e8s de Bruxelles. Le journal sera plus petit, plus maniable, pour r\u00e9pondre au souhait du public, mais il sera aussi tout en couleurs. Pour annoncer ce changement important et y pr\u00e9parer les lecteurs, cette derni\u00e8re Une au grand format est dessin\u00e9e avec un rectangle pointill\u00e9, illustr\u00e9 de ciseaux. La mise en pages change aussi, avec un c\u0153ur compos\u00e9 de deux titres, dont un illustr\u00e9, et un sommaire photo sur le c\u00f4t\u00e9. Remarquez que le journal s\u2019appelle toujours Vers l\u2019Avenir, mais la pr\u00e9position Vers s\u2019est faite toute petite, pr\u00e9lude \u00e0 sa disparition.\" title=\"R\u00e9volution dans la pr\u00e9sentation de Vers l\u2019Avenir : on va passer, le lendemain, au format tablo\u00efd. La rotative de Rhisnes va fermer ses portes, le journal sera d\u00e9sormais imprim\u00e9 \u00e0 Grand-Bigard, pr\u00e8s de Bruxelles. Le journal sera plus petit, plus maniable, pour r\u00e9pondre au souhait du public, mais il sera aussi tout en couleurs. Pour annoncer ce changement important et y pr\u00e9parer les lecteurs, cette derni\u00e8re Une au grand format est dessin\u00e9e avec un rectangle pointill\u00e9, illustr\u00e9 de ciseaux. La mise en pages change aussi, avec un c\u0153ur compos\u00e9 de deux titres, dont un illustr\u00e9, et un sommaire photo sur le c\u00f4t\u00e9. Remarquez que le journal s\u2019appelle toujours Vers l\u2019Avenir, mais la pr\u00e9position Vers s\u2019est faite toute petite, pr\u00e9lude \u00e0 sa disparition.\"><img decoding=\"async\" width=\"720\" height=\"1024\" src=\"https:\/\/grand-angle.lavenir.net\/vers-l-avenir-cent-ans-d-information-en-province-de-namur\/wp-content\/uploads\/sites\/59\/2018\/11\/Unesweb-14-720x1024.jpg\" alt class=\"img-responsive wp-image-23\" srcset=\"https:\/\/grand-angle.lavenir.net\/vers-l-avenir-cent-ans-d-information-en-province-de-namur\/wp-content\/uploads\/sites\/59\/2018\/11\/Unesweb-14-211x300.jpg 211w, https:\/\/grand-angle.lavenir.net\/vers-l-avenir-cent-ans-d-information-en-province-de-namur\/wp-content\/uploads\/sites\/59\/2018\/11\/Unesweb-14-720x1024.jpg 720w, https:\/\/grand-angle.lavenir.net\/vers-l-avenir-cent-ans-d-information-en-province-de-namur\/wp-content\/uploads\/sites\/59\/2018\/11\/Unesweb-14-768x1092.jpg 768w, https:\/\/grand-angle.lavenir.net\/vers-l-avenir-cent-ans-d-information-en-province-de-namur\/wp-content\/uploads\/sites\/59\/2018\/11\/Unesweb-14.jpg 1200w\" sizes=\"(max-width: 720px) 100vw, 720px\" \/><\/a><\/span><\/div><div class=\"fusion-clearfix\"><\/div><\/div><\/div><div class=\"fusion-layout-column fusion_builder_column fusion-builder-column-20 fusion_builder_column_1_3 1_3 fusion-one-third fusion-column-last\" style=\"--awb-bg-size:cover;width:33.3333333333%;width:calc(33.3333333333% - ( ( 2% + 2% ) * 0.333333333333 ) );\"><div class=\"fusion-column-wrapper fusion-flex-column-wrapper-legacy\"><div class=\"fusion-text fusion-text-16 caption\"><p>Mercredi 23 mars 2016<\/p>\n<\/div><div class=\"fusion-image-element in-legacy-container\" style=\"--awb-caption-title-font-family:var(--h2_typography-font-family);--awb-caption-title-font-weight:var(--h2_typography-font-weight);--awb-caption-title-font-style:var(--h2_typography-font-style);--awb-caption-title-size:var(--h2_typography-font-size);--awb-caption-title-transform:var(--h2_typography-text-transform);--awb-caption-title-line-height:var(--h2_typography-line-height);--awb-caption-title-letter-spacing:var(--h2_typography-letter-spacing);\"><span class=\" fusion-imageframe imageframe-none imageframe-15 hover-type-none\"><a href=\"https:\/\/grand-angle.lavenir.net\/vers-l-avenir-cent-ans-d-information-en-province-de-namur\/wp-content\/uploads\/sites\/59\/2018\/11\/Unesweb-15.jpg\" class=\"fusion-lightbox\" data-rel=\"iLightbox[46042dcdd5ad0b36a2b]\" data-title=\"Double attentat terroriste, \u00e0 l\u2019a\u00e9roport de Bruxelles National et dans le m\u00e9tro de la capitale. Le pays est sous le choc. Bien plus encore que lors d\u2019\u00e9v\u00e9nements pr\u00e9c\u00e9dents similaires, le journal, qui n\u2019arrive dans les bo\u00eetes aux lettres et les librairies que vingt heures apr\u00e8s les faits, n\u2019est plus l\u00e0 pour annoncer la nouvelle. Son r\u00f4le sera dans l\u2019explication, l\u2019analyse, le commentaire, la mise en perspective. Mais tout cela, c\u2019est dans les pages int\u00e9rieures qu\u2019on en trouvera le d\u00e9tail. La Une, quant \u00e0 elle, jouera sur l\u2019\u00e9motion. Pas question, toutefois, de s\u2019appesantir sur la violence des actes, avec des images choc : on pr\u00e9f\u00e9rera donner \u00e0 cette couverture collector la couleur du deuil, digne et respectueux des douleurs.\" title=\"Double attentat terroriste, \u00e0 l\u2019a\u00e9roport de Bruxelles National et dans le m\u00e9tro de la capitale. Le pays est sous le choc. Bien plus encore que lors d\u2019\u00e9v\u00e9nements pr\u00e9c\u00e9dents similaires, le journal, qui n\u2019arrive dans les bo\u00eetes aux lettres et les librairies que vingt heures apr\u00e8s les faits, n\u2019est plus l\u00e0 pour annoncer la nouvelle. Son r\u00f4le sera dans l\u2019explication, l\u2019analyse, le commentaire, la mise en perspective. Mais tout cela, c\u2019est dans les pages int\u00e9rieures qu\u2019on en trouvera le d\u00e9tail. La Une, quant \u00e0 elle, jouera sur l\u2019\u00e9motion. Pas question, toutefois, de s\u2019appesantir sur la violence des actes, avec des images choc : on pr\u00e9f\u00e9rera donner \u00e0 cette couverture collector la couleur du deuil, digne et respectueux des douleurs.\"><img decoding=\"async\" width=\"743\" height=\"1024\" src=\"https:\/\/grand-angle.lavenir.net\/vers-l-avenir-cent-ans-d-information-en-province-de-namur\/wp-content\/uploads\/sites\/59\/2018\/11\/Unesweb-15-743x1024.jpg\" alt class=\"img-responsive wp-image-24\" srcset=\"https:\/\/grand-angle.lavenir.net\/vers-l-avenir-cent-ans-d-information-en-province-de-namur\/wp-content\/uploads\/sites\/59\/2018\/11\/Unesweb-15-218x300.jpg 218w, https:\/\/grand-angle.lavenir.net\/vers-l-avenir-cent-ans-d-information-en-province-de-namur\/wp-content\/uploads\/sites\/59\/2018\/11\/Unesweb-15-743x1024.jpg 743w, https:\/\/grand-angle.lavenir.net\/vers-l-avenir-cent-ans-d-information-en-province-de-namur\/wp-content\/uploads\/sites\/59\/2018\/11\/Unesweb-15-768x1058.jpg 768w, https:\/\/grand-angle.lavenir.net\/vers-l-avenir-cent-ans-d-information-en-province-de-namur\/wp-content\/uploads\/sites\/59\/2018\/11\/Unesweb-15.jpg 1200w\" sizes=\"(max-width: 743px) 100vw, 743px\" \/><\/a><\/span><\/div><div class=\"fusion-clearfix\"><\/div><\/div><\/div><\/div><\/div><div class=\"fusion-fullwidth fullwidth-box fusion-builder-row-4 nonhundred-percent-fullwidth non-hundred-percent-height-scrolling\" style=\"--awb-border-radius-top-left:0px;--awb-border-radius-top-right:0px;--awb-border-radius-bottom-right:0px;--awb-border-radius-bottom-left:0px;--awb-flex-wrap:wrap;\" ><div class=\"fusion-builder-row fusion-row\"><div class=\"fusion-layout-column fusion_builder_column fusion-builder-column-21 fusion_builder_column_1_1 1_1 fusion-one-full fusion-column-first fusion-column-last\" style=\"--awb-bg-size:cover;\"><div class=\"fusion-column-wrapper fusion-flex-column-wrapper-legacy\"><div class=\"fusion-sharing-box fusion-sharing-box-2 boxed-icons has-taglines layout-floated layout-medium-floated layout-small-floated\" style=\"background-color:#ffffff;--awb-layout:row;--awb-alignment-small:space-between;\" data-title=\"Les Unes historiques de Vers l&#039;Avenir\" data-description=\"Difficile d\u2019\u00e9voquer la vie d\u2019un journal papier sans \u00e9voquer ses Unes. Nous avons s\u00e9lectionn\u00e9 15 Unes historiques. Avec, pour chacune d\u2019entre elles, une br\u00e8ve explication.\" data-link=\"https:\/\/grand-angle.lavenir.net\/vers-l-avenir-cent-ans-d-information-en-province-de-namur\/unes-historiques\/\" data-image=\"https:\/\/grand-angle.lavenir.net\/vers-l-avenir-cent-ans-d-information-en-province-de-namur\/wp-content\/uploads\/sites\/59\/2018\/11\/Unesweb-06-722x1024.jpg\"><div class=\"fusion-social-networks sharingbox-shortcode-icon-wrapper sharingbox-shortcode-icon-wrapper-2 boxed-icons\"><span><a href=\"https:\/\/www.facebook.com\/sharer.php?u=https%3A%2F%2Fgrand-angle.lavenir.net%2Fvers-l-avenir-cent-ans-d-information-en-province-de-namur%2Funes-historiques%2F&amp;t=Les%20Unes%20historiques%20de%20Vers%20l%27Avenir\" target=\"_blank\" rel=\"noreferrer\" title=\"Facebook\" aria-label=\"Facebook\" data-placement=\"Right\" data-toggle=\"tooltip\" data-title=\"Facebook\"><i class=\"fusion-social-network-icon fusion-tooltip fusion-facebook awb-icon-facebook\" style=\"color:#ffffff;background-color:#3b5998;border-color:#3b5998;border-radius:50%;\" aria-hidden=\"true\"><\/i><\/a><\/span><span><a href=\"https:\/\/x.com\/intent\/post?text=Les%20Unes%20historiques%20de%20Vers%20l%27Avenir&amp;url=https%3A%2F%2Fgrand-angle.lavenir.net%2Fvers-l-avenir-cent-ans-d-information-en-province-de-namur%2Funes-historiques%2F\" target=\"_blank\" rel=\"noopener noreferrer\" title=\"X\" aria-label=\"X\" data-placement=\"Right\" data-toggle=\"tooltip\" data-title=\"X\"><i class=\"fusion-social-network-icon fusion-tooltip fusion-twitter awb-icon-twitter\" style=\"color:#ffffff;background-color:#000000;border-color:#000000;border-radius:50%;\" aria-hidden=\"true\"><\/i><\/a><\/span><\/div><\/div><div class=\"fusion-clearfix\"><\/div><\/div><\/div><\/div><\/div><\/p>\n","protected":false},"excerpt":{"rendered":"","protected":false},"author":1,"featured_media":0,"parent":0,"menu_order":0,"comment_status":"closed","ping_status":"open","template":"","meta":{"footnotes":""},"class_list":["post-2","page","type-page","status-publish","hentry"],"yoast_head":"<!-- This site is optimized with the Yoast SEO plugin v27.1.1 - https:\/\/yoast.com\/product\/yoast-seo-wordpress\/ -->\n<title>Unes historiques - Vers L&#039;Avenir Cent ans d&#039;information en province de Namur - L&#039;Avenir.net<\/title>\n<meta name=\"robots\" content=\"index, follow, max-snippet:-1, max-image-preview:large, max-video-preview:-1\" \/>\n<link rel=\"canonical\" href=\"https:\/\/grand-angle.lavenir.net\/vers-l-avenir-cent-ans-d-information-en-province-de-namur\/unes-historiques\/\" \/>\n<meta property=\"og:locale\" content=\"fr_FR\" \/>\n<meta property=\"og:type\" content=\"article\" \/>\n<meta property=\"og:title\" content=\"Unes historiques - Vers L&#039;Avenir Cent ans d&#039;information en province de Namur - L&#039;Avenir.net\" \/>\n<meta property=\"og:url\" content=\"https:\/\/grand-angle.lavenir.net\/vers-l-avenir-cent-ans-d-information-en-province-de-namur\/unes-historiques\/\" \/>\n<meta property=\"og:site_name\" content=\"Vers L&#039;Avenir Cent ans d&#039;information en province de Namur - L&#039;Avenir.net\" \/>\n<meta property=\"article:modified_time\" content=\"2019-01-25T13:14:11+00:00\" \/>\n<meta name=\"twitter:card\" content=\"summary_large_image\" \/>\n<meta name=\"twitter:label1\" content=\"Dur\u00e9e de lecture est.\" \/>\n\t<meta name=\"twitter:data1\" content=\"20 minutes\" \/>\n<script type=\"application\/ld+json\" class=\"yoast-schema-graph\">{\"@context\":\"https:\/\/schema.org\",\"@graph\":[{\"@type\":\"WebPage\",\"@id\":\"https:\/\/grand-angle.lavenir.net\/vers-l-avenir-cent-ans-d-information-en-province-de-namur\/unes-historiques\/\",\"url\":\"https:\/\/grand-angle.lavenir.net\/vers-l-avenir-cent-ans-d-information-en-province-de-namur\/unes-historiques\/\",\"name\":\"Unes historiques - Vers L&#039;Avenir Cent ans d&#039;information en province de Namur - L&#039;Avenir.net\",\"isPartOf\":{\"@id\":\"https:\/\/grand-angle.lavenir.net\/vers-l-avenir-cent-ans-d-information-en-province-de-namur\/#website\"},\"datePublished\":\"2018-11-05T15:31:47+00:00\",\"dateModified\":\"2019-01-25T13:14:11+00:00\",\"breadcrumb\":{\"@id\":\"https:\/\/grand-angle.lavenir.net\/vers-l-avenir-cent-ans-d-information-en-province-de-namur\/unes-historiques\/#breadcrumb\"},\"inLanguage\":\"fr-BE\",\"potentialAction\":[{\"@type\":\"ReadAction\",\"target\":[\"https:\/\/grand-angle.lavenir.net\/vers-l-avenir-cent-ans-d-information-en-province-de-namur\/unes-historiques\/\"]}]},{\"@type\":\"BreadcrumbList\",\"@id\":\"https:\/\/grand-angle.lavenir.net\/vers-l-avenir-cent-ans-d-information-en-province-de-namur\/unes-historiques\/#breadcrumb\",\"itemListElement\":[{\"@type\":\"ListItem\",\"position\":1,\"name\":\"Home\",\"item\":\"https:\/\/grand-angle.lavenir.net\/vers-l-avenir-cent-ans-d-information-en-province-de-namur\/\"},{\"@type\":\"ListItem\",\"position\":2,\"name\":\"Unes historiques\"}]},{\"@type\":\"WebSite\",\"@id\":\"https:\/\/grand-angle.lavenir.net\/vers-l-avenir-cent-ans-d-information-en-province-de-namur\/#website\",\"url\":\"https:\/\/grand-angle.lavenir.net\/vers-l-avenir-cent-ans-d-information-en-province-de-namur\/\",\"name\":\"Vers L&#039;Avenir Cent ans d&#039;information en province de Namur - L&#039;Avenir.net\",\"description\":\"\",\"publisher\":{\"@id\":\"https:\/\/grand-angle.lavenir.net\/vers-l-avenir-cent-ans-d-information-en-province-de-namur\/#organization\"},\"potentialAction\":[{\"@type\":\"SearchAction\",\"target\":{\"@type\":\"EntryPoint\",\"urlTemplate\":\"https:\/\/grand-angle.lavenir.net\/vers-l-avenir-cent-ans-d-information-en-province-de-namur\/?s={search_term_string}\"},\"query-input\":{\"@type\":\"PropertyValueSpecification\",\"valueRequired\":true,\"valueName\":\"search_term_string\"}}],\"inLanguage\":\"fr-BE\"},{\"@type\":\"Organization\",\"@id\":\"https:\/\/grand-angle.lavenir.net\/vers-l-avenir-cent-ans-d-information-en-province-de-namur\/#organization\",\"name\":\"L'Avenir\",\"url\":\"https:\/\/grand-angle.lavenir.net\/vers-l-avenir-cent-ans-d-information-en-province-de-namur\/\",\"logo\":{\"@type\":\"ImageObject\",\"inLanguage\":\"fr-BE\",\"@id\":\"https:\/\/grand-angle.lavenir.net\/vers-l-avenir-cent-ans-d-information-en-province-de-namur\/#\/schema\/logo\/image\/\",\"url\":\"https:\/\/grand-angle.lavenir.net\/vers-l-avenir-cent-ans-d-information-en-province-de-namur\/wp-content\/uploads\/sites\/59\/2018\/11\/Logo-VA100-copie.png\",\"contentUrl\":\"https:\/\/grand-angle.lavenir.net\/vers-l-avenir-cent-ans-d-information-en-province-de-namur\/wp-content\/uploads\/sites\/59\/2018\/11\/Logo-VA100-copie.png\",\"width\":160,\"height\":65,\"caption\":\"L'Avenir\"},\"image\":{\"@id\":\"https:\/\/grand-angle.lavenir.net\/vers-l-avenir-cent-ans-d-information-en-province-de-namur\/#\/schema\/logo\/image\/\"}}]}<\/script>\n<!-- \/ Yoast SEO plugin. -->","yoast_head_json":{"title":"Unes historiques - Vers L&#039;Avenir Cent ans d&#039;information en province de Namur - L&#039;Avenir.net","robots":{"index":"index","follow":"follow","max-snippet":"max-snippet:-1","max-image-preview":"max-image-preview:large","max-video-preview":"max-video-preview:-1"},"canonical":"https:\/\/grand-angle.lavenir.net\/vers-l-avenir-cent-ans-d-information-en-province-de-namur\/unes-historiques\/","og_locale":"fr_FR","og_type":"article","og_title":"Unes historiques - Vers L&#039;Avenir Cent ans d&#039;information en province de Namur - L&#039;Avenir.net","og_url":"https:\/\/grand-angle.lavenir.net\/vers-l-avenir-cent-ans-d-information-en-province-de-namur\/unes-historiques\/","og_site_name":"Vers L&#039;Avenir Cent ans d&#039;information en province de Namur - L&#039;Avenir.net","article_modified_time":"2019-01-25T13:14:11+00:00","twitter_card":"summary_large_image","twitter_misc":{"Dur\u00e9e de lecture est.":"20 minutes"},"schema":{"@context":"https:\/\/schema.org","@graph":[{"@type":"WebPage","@id":"https:\/\/grand-angle.lavenir.net\/vers-l-avenir-cent-ans-d-information-en-province-de-namur\/unes-historiques\/","url":"https:\/\/grand-angle.lavenir.net\/vers-l-avenir-cent-ans-d-information-en-province-de-namur\/unes-historiques\/","name":"Unes historiques - Vers L&#039;Avenir Cent ans d&#039;information en province de Namur - L&#039;Avenir.net","isPartOf":{"@id":"https:\/\/grand-angle.lavenir.net\/vers-l-avenir-cent-ans-d-information-en-province-de-namur\/#website"},"datePublished":"2018-11-05T15:31:47+00:00","dateModified":"2019-01-25T13:14:11+00:00","breadcrumb":{"@id":"https:\/\/grand-angle.lavenir.net\/vers-l-avenir-cent-ans-d-information-en-province-de-namur\/unes-historiques\/#breadcrumb"},"inLanguage":"fr-BE","potentialAction":[{"@type":"ReadAction","target":["https:\/\/grand-angle.lavenir.net\/vers-l-avenir-cent-ans-d-information-en-province-de-namur\/unes-historiques\/"]}]},{"@type":"BreadcrumbList","@id":"https:\/\/grand-angle.lavenir.net\/vers-l-avenir-cent-ans-d-information-en-province-de-namur\/unes-historiques\/#breadcrumb","itemListElement":[{"@type":"ListItem","position":1,"name":"Home","item":"https:\/\/grand-angle.lavenir.net\/vers-l-avenir-cent-ans-d-information-en-province-de-namur\/"},{"@type":"ListItem","position":2,"name":"Unes historiques"}]},{"@type":"WebSite","@id":"https:\/\/grand-angle.lavenir.net\/vers-l-avenir-cent-ans-d-information-en-province-de-namur\/#website","url":"https:\/\/grand-angle.lavenir.net\/vers-l-avenir-cent-ans-d-information-en-province-de-namur\/","name":"Vers L&#039;Avenir Cent ans d&#039;information en province de Namur - L&#039;Avenir.net","description":"","publisher":{"@id":"https:\/\/grand-angle.lavenir.net\/vers-l-avenir-cent-ans-d-information-en-province-de-namur\/#organization"},"potentialAction":[{"@type":"SearchAction","target":{"@type":"EntryPoint","urlTemplate":"https:\/\/grand-angle.lavenir.net\/vers-l-avenir-cent-ans-d-information-en-province-de-namur\/?s={search_term_string}"},"query-input":{"@type":"PropertyValueSpecification","valueRequired":true,"valueName":"search_term_string"}}],"inLanguage":"fr-BE"},{"@type":"Organization","@id":"https:\/\/grand-angle.lavenir.net\/vers-l-avenir-cent-ans-d-information-en-province-de-namur\/#organization","name":"L'Avenir","url":"https:\/\/grand-angle.lavenir.net\/vers-l-avenir-cent-ans-d-information-en-province-de-namur\/","logo":{"@type":"ImageObject","inLanguage":"fr-BE","@id":"https:\/\/grand-angle.lavenir.net\/vers-l-avenir-cent-ans-d-information-en-province-de-namur\/#\/schema\/logo\/image\/","url":"https:\/\/grand-angle.lavenir.net\/vers-l-avenir-cent-ans-d-information-en-province-de-namur\/wp-content\/uploads\/sites\/59\/2018\/11\/Logo-VA100-copie.png","contentUrl":"https:\/\/grand-angle.lavenir.net\/vers-l-avenir-cent-ans-d-information-en-province-de-namur\/wp-content\/uploads\/sites\/59\/2018\/11\/Logo-VA100-copie.png","width":160,"height":65,"caption":"L'Avenir"},"image":{"@id":"https:\/\/grand-angle.lavenir.net\/vers-l-avenir-cent-ans-d-information-en-province-de-namur\/#\/schema\/logo\/image\/"}}]}},"_links":{"self":[{"href":"https:\/\/grand-angle.lavenir.net\/vers-l-avenir-cent-ans-d-information-en-province-de-namur\/wp-json\/wp\/v2\/pages\/2","targetHints":{"allow":["GET"]}}],"collection":[{"href":"https:\/\/grand-angle.lavenir.net\/vers-l-avenir-cent-ans-d-information-en-province-de-namur\/wp-json\/wp\/v2\/pages"}],"about":[{"href":"https:\/\/grand-angle.lavenir.net\/vers-l-avenir-cent-ans-d-information-en-province-de-namur\/wp-json\/wp\/v2\/types\/page"}],"author":[{"embeddable":true,"href":"https:\/\/grand-angle.lavenir.net\/vers-l-avenir-cent-ans-d-information-en-province-de-namur\/wp-json\/wp\/v2\/users\/1"}],"replies":[{"embeddable":true,"href":"https:\/\/grand-angle.lavenir.net\/vers-l-avenir-cent-ans-d-information-en-province-de-namur\/wp-json\/wp\/v2\/comments?post=2"}],"version-history":[{"count":0,"href":"https:\/\/grand-angle.lavenir.net\/vers-l-avenir-cent-ans-d-information-en-province-de-namur\/wp-json\/wp\/v2\/pages\/2\/revisions"}],"wp:attachment":[{"href":"https:\/\/grand-angle.lavenir.net\/vers-l-avenir-cent-ans-d-information-en-province-de-namur\/wp-json\/wp\/v2\/media?parent=2"}],"curies":[{"name":"wp","href":"https:\/\/api.w.org\/{rel}","templated":true}]}}