{"id":173,"date":"2018-11-23T07:00:42","date_gmt":"2018-11-23T06:00:42","guid":{"rendered":"https:\/\/grand-angle.lavenir.net\/vers-l-avenir-cent-ans-d-information-en-province-de-namur\/?page_id=173"},"modified":"2018-11-20T15:59:02","modified_gmt":"2018-11-20T14:59:02","slug":"notre-supplement-proche-de-vous-depuis-100-ans","status":"publish","type":"page","link":"https:\/\/grand-angle.lavenir.net\/vers-l-avenir-cent-ans-d-information-en-province-de-namur\/notre-supplement-proche-de-vous-depuis-100-ans\/","title":{"rendered":"Notre suppl\u00e9ment \u00ab\u2009Proche de vous depuis 100 ans\u2009\u00bb"},"content":{"rendered":"<p><div class=\"fusion-fullwidth fullwidth-box fusion-builder-row-1 nonhundred-percent-fullwidth non-hundred-percent-height-scrolling fusion-equal-height-columns\" style=\"--awb-border-radius-top-left:0px;--awb-border-radius-top-right:0px;--awb-border-radius-bottom-right:0px;--awb-border-radius-bottom-left:0px;--awb-margin-bottom:0px;--awb-background-color:#f8f9f3;--awb-flex-wrap:wrap;\" ><div class=\"fusion-builder-row fusion-row\"><div class=\"fusion-layout-column fusion_builder_column fusion-builder-column-0 fusion_builder_column_1_3 1_3 fusion-one-third fusion-column-first\" style=\"--awb-bg-color:#006164;--awb-bg-color-hover:#006164;--awb-bg-size:cover;width:33.3333333333%;width:calc(33.3333333333% - ( ( 4% ) * 0.333333333333 ) );margin-right: 4%;\"><div class=\"fusion-column-wrapper fusion-flex-column-wrapper-legacy\"><div class=\"fusion-column-content-centered\"><div class=\"fusion-column-content\"><div class=\"fusion-text fusion-text-1\"><h1>Notre suppl\u00e9ment <span class=\"break\"> \u00ab\u2009Proche de vous depuis 100 ans\u2009\u00bb<\/span><\/h1>\n<\/div><\/div><\/div><div class=\"fusion-clearfix\"><\/div><\/div><\/div><div class=\"fusion-layout-column fusion_builder_column fusion-builder-column-1 fusion_builder_column_2_3 2_3 fusion-two-third fusion-column-last\" style=\"--awb-bg-size:cover;width:66.6666666667%;width:calc(66.6666666667% - ( ( 4% ) * 0.666666666667 ) );\"><div class=\"fusion-column-wrapper fusion-flex-column-wrapper-legacy\"><div class=\"fusion-column-content-centered\"><div class=\"fusion-column-content\"><div class=\"fusion-text fusion-text-2\"><p>19 novembre 1918. Il y a cent ans, ce lundi, para\u00eet \u00e0 Namur le premier num\u00e9ro de Vers l\u2019Avenir. Le modeste journal namurois ne cessera de se d\u00e9velopper, pour devenir un groupe de presse essentiel dans la Belgique francophone d\u2019aujourd\u2019hui.<br \/>\nCe long chemin est racont\u00e9 dans ce suppl\u00e9ment anniversaire. Il fait le tour de ses neuf \u00e9ditions r\u00e9gionales, d\u2019Arlon \u00e0 Tournai, et de ses produits, du web au JDE. Il pr\u00e9sente ses \u00e9quipes, sa fabrication, ses m\u00e9tiers sp\u00e9cifiques, depuis le correspondant local en reportage jusqu\u2019\u00e0 l\u2019imprimeur, au facteur, au libraire. Pour terminer par vous, lecteur fid\u00e8le.<\/p>\n<p>Lisez en int\u00e9gralit\u00e9 notre suppl\u00e9ment \u00ab\u2009Proche de vous depuis 100 ans\u2009\u00bb<\/p>\n<\/div><\/div><\/div><div class=\"fusion-clearfix\"><\/div><\/div><\/div><\/div><\/div><div class=\"fusion-fullwidth fullwidth-box fusion-builder-row-2 nonhundred-percent-fullwidth non-hundred-percent-height-scrolling\" style=\"--awb-border-radius-top-left:0px;--awb-border-radius-top-right:0px;--awb-border-radius-bottom-right:0px;--awb-border-radius-bottom-left:0px;--awb-margin-top:20px;--awb-margin-bottom:0px;--awb-flex-wrap:wrap;\" ><div class=\"fusion-builder-row fusion-row\"><div class=\"fusion-layout-column fusion_builder_column fusion-builder-column-2 fusion_builder_column_1_1 1_1 fusion-one-full fusion-column-first fusion-column-last\" style=\"--awb-bg-size:cover;\"><div class=\"fusion-column-wrapper fusion-flex-column-wrapper-legacy\"><div class=\"fusion-sharing-box fusion-sharing-box-1 boxed-icons has-taglines layout-floated layout-medium-floated layout-small-floated\" style=\"background-color:#ffffff;--awb-layout:row;--awb-alignment-small:space-between;\" data-title=\"Notre suppl\u00e9ment \u00ab\u2009Proche de vous depuis 100 ans\u2009\u00bb\" data-description=\"19 novembre 1918. Il y a cent ans, ce lundi, para\u00eet \u00e0 Namur le premier num\u00e9ro de Vers l\u2019Avenir. Le modeste journal namurois ne cessera de se d\u00e9velopper, pour devenir un groupe de presse essentiel dans la Belgique francophone d\u2019aujourd\u2019hui.\" data-link=\"https:\/\/grand-angle.lavenir.net\/vers-l-avenir-cent-ans-d-information-en-province-de-namur\/notre-supplement-proche-de-vous-depuis-100-ans\/\" data-image=\"https:\/\/grand-angle.lavenir.net\/vers-l-avenir-cent-ans-d-information-en-province-de-namur\/wp-content\/uploads\/sites\/59\/2018\/11\/casino4nov1980nettoy\u00e90001-1024x695.jpg\"><div class=\"fusion-social-networks sharingbox-shortcode-icon-wrapper sharingbox-shortcode-icon-wrapper-1 boxed-icons\"><span><a href=\"https:\/\/www.facebook.com\/sharer.php?u=https%3A%2F%2Fgrand-angle.lavenir.net%2Fvers-l-avenir-cent-ans-d-information-en-province-de-namur%2Fnotre-supplement-proche-de-vous-depuis-100-ans%2F&amp;t=Notre%20suppl%C3%A9ment%20%C2%AB%E2%80%89Proche%20de%20vous%20depuis%20100%20ans%E2%80%89%C2%BB\" target=\"_blank\" rel=\"noreferrer\" title=\"Facebook\" aria-label=\"Facebook\" data-placement=\"top\" data-toggle=\"tooltip\" data-title=\"Facebook\"><i class=\"fusion-social-network-icon fusion-tooltip fusion-facebook awb-icon-facebook\" style=\"color:#ffffff;background-color:#3b5998;border-color:#3b5998;border-radius:50%;\" aria-hidden=\"true\"><\/i><\/a><\/span><span><a href=\"https:\/\/x.com\/intent\/post?text=Notre%20suppl%C3%A9ment%20%C2%AB%E2%80%89Proche%20de%20vous%20depuis%20100%20ans%E2%80%89%C2%BB&amp;url=https%3A%2F%2Fgrand-angle.lavenir.net%2Fvers-l-avenir-cent-ans-d-information-en-province-de-namur%2Fnotre-supplement-proche-de-vous-depuis-100-ans%2F\" target=\"_blank\" rel=\"noopener noreferrer\" title=\"X\" aria-label=\"X\" data-placement=\"top\" data-toggle=\"tooltip\" data-title=\"X\"><i class=\"fusion-social-network-icon fusion-tooltip fusion-twitter awb-icon-twitter\" style=\"color:#ffffff;background-color:#000000;border-color:#000000;border-radius:50%;\" aria-hidden=\"true\"><\/i><\/a><\/span><\/div><\/div><div class=\"fusion-clearfix\"><\/div><\/div><\/div><\/div><\/div><div class=\"fusion-fullwidth fullwidth-box fusion-builder-row-3 nonhundred-percent-fullwidth non-hundred-percent-height-scrolling\" style=\"--awb-border-radius-top-left:0px;--awb-border-radius-top-right:0px;--awb-border-radius-bottom-right:0px;--awb-border-radius-bottom-left:0px;--awb-flex-wrap:wrap;\" ><div class=\"fusion-builder-row fusion-row\"><div class=\"fusion-layout-column fusion_builder_column fusion-builder-column-3 fusion_builder_column_1_1 1_1 fusion-one-full fusion-column-first fusion-column-last\" style=\"--awb-bg-size:cover;\"><div class=\"fusion-column-wrapper fusion-flex-column-wrapper-legacy\"><iframe src=\"https:\/\/e.issuu.com\/anonymous-embed.html?u=lavenir_net&d=100_ans_a\" width=\"944\" height=\"500\" frameborder=\"0\" allowfullscreen=\"true\"><\/iframe><div class=\"fusion-clearfix\"><\/div><\/div><\/div><\/div><\/div><div class=\"fusion-fullwidth fullwidth-box fusion-builder-row-4 nonhundred-percent-fullwidth non-hundred-percent-height-scrolling\" style=\"--awb-border-radius-top-left:0px;--awb-border-radius-top-right:0px;--awb-border-radius-bottom-right:0px;--awb-border-radius-bottom-left:0px;--awb-margin-top:20px;--awb-margin-bottom:0px;--awb-flex-wrap:wrap;\" ><div class=\"fusion-builder-row fusion-row\"><div class=\"fusion-layout-column fusion_builder_column fusion-builder-column-4 fusion_builder_column_1_1 1_1 fusion-one-full fusion-column-first fusion-column-last\" style=\"--awb-bg-size:cover;\"><div class=\"fusion-column-wrapper fusion-flex-column-wrapper-legacy\"><div class=\"fusion-sharing-box fusion-sharing-box-2 boxed-icons has-taglines layout-floated layout-medium-floated layout-small-floated\" style=\"background-color:#ffffff;--awb-layout:row;--awb-alignment-small:space-between;\" data-title=\"Notre suppl\u00e9ment \u00ab\u2009Proche de vous depuis 100 ans\u2009\u00bb\" data-description=\"19 novembre 1918. Il y a cent ans, ce lundi, para\u00eet \u00e0 Namur le premier num\u00e9ro de Vers l\u2019Avenir. Le modeste journal namurois ne cessera de se d\u00e9velopper, pour devenir un groupe de presse essentiel dans la Belgique francophone d\u2019aujourd\u2019hui.\" data-link=\"https:\/\/grand-angle.lavenir.net\/vers-l-avenir-cent-ans-d-information-en-province-de-namur\/notre-supplement-proche-de-vous-depuis-100-ans\/\" data-image=\"https:\/\/grand-angle.lavenir.net\/vers-l-avenir-cent-ans-d-information-en-province-de-namur\/wp-content\/uploads\/sites\/59\/2018\/11\/casino4nov1980nettoy\u00e90001-1024x695.jpg\"><div class=\"fusion-social-networks sharingbox-shortcode-icon-wrapper sharingbox-shortcode-icon-wrapper-2 boxed-icons\"><span><a href=\"https:\/\/www.facebook.com\/sharer.php?u=https%3A%2F%2Fgrand-angle.lavenir.net%2Fvers-l-avenir-cent-ans-d-information-en-province-de-namur%2Fnotre-supplement-proche-de-vous-depuis-100-ans%2F&amp;t=Notre%20suppl%C3%A9ment%20%C2%AB%E2%80%89Proche%20de%20vous%20depuis%20100%20ans%E2%80%89%C2%BB\" target=\"_blank\" rel=\"noreferrer\" title=\"Facebook\" aria-label=\"Facebook\" data-placement=\"top\" data-toggle=\"tooltip\" data-title=\"Facebook\"><i class=\"fusion-social-network-icon fusion-tooltip fusion-facebook awb-icon-facebook\" style=\"color:#ffffff;background-color:#3b5998;border-color:#3b5998;border-radius:50%;\" aria-hidden=\"true\"><\/i><\/a><\/span><span><a href=\"https:\/\/x.com\/intent\/post?text=Notre%20suppl%C3%A9ment%20%C2%AB%E2%80%89Proche%20de%20vous%20depuis%20100%20ans%E2%80%89%C2%BB&amp;url=https%3A%2F%2Fgrand-angle.lavenir.net%2Fvers-l-avenir-cent-ans-d-information-en-province-de-namur%2Fnotre-supplement-proche-de-vous-depuis-100-ans%2F\" target=\"_blank\" rel=\"noopener noreferrer\" title=\"X\" aria-label=\"X\" data-placement=\"top\" data-toggle=\"tooltip\" data-title=\"X\"><i class=\"fusion-social-network-icon fusion-tooltip fusion-twitter awb-icon-twitter\" style=\"color:#ffffff;background-color:#000000;border-color:#000000;border-radius:50%;\" aria-hidden=\"true\"><\/i><\/a><\/span><\/div><\/div><div class=\"fusion-clearfix\"><\/div><\/div><\/div><\/div><\/div><\/p>\n","protected":false},"excerpt":{"rendered":"","protected":false},"author":1,"featured_media":0,"parent":0,"menu_order":0,"comment_status":"closed","ping_status":"closed","template":"","meta":{"footnotes":""},"class_list":["post-173","page","type-page","status-publish","hentry"],"yoast_head":"<!-- This site is optimized with the Yoast SEO plugin v27.1.1 - https:\/\/yoast.com\/product\/yoast-seo-wordpress\/ -->\n<title>Notre suppl\u00e9ment \u00ab\u2009Proche de vous depuis 100 ans\u2009\u00bb - Vers L&#039;Avenir Cent ans d&#039;information en province de Namur - L&#039;Avenir.net<\/title>\n<meta name=\"robots\" content=\"index, follow, max-snippet:-1, max-image-preview:large, max-video-preview:-1\" \/>\n<link rel=\"canonical\" href=\"https:\/\/grand-angle.lavenir.net\/vers-l-avenir-cent-ans-d-information-en-province-de-namur\/notre-supplement-proche-de-vous-depuis-100-ans\/\" \/>\n<meta property=\"og:locale\" content=\"fr_FR\" \/>\n<meta property=\"og:type\" content=\"article\" \/>\n<meta property=\"og:title\" content=\"Notre suppl\u00e9ment \u00ab\u2009Proche de vous depuis 100 ans\u2009\u00bb\" \/>\n<meta property=\"og:description\" content=\"19 novembre 1918. Il y a cent ans, ce lundi, para\u00eet \u00e0 Namur le premier num\u00e9ro de Vers l\u2019Avenir. Le modeste journal namurois ne cessera de se d\u00e9velopper, pour devenir un groupe de presse essentiel dans la Belgique francophone d\u2019aujourd\u2019hui.\" \/>\n<meta property=\"og:url\" content=\"https:\/\/grand-angle.lavenir.net\/vers-l-avenir-cent-ans-d-information-en-province-de-namur\/notre-supplement-proche-de-vous-depuis-100-ans\/\" \/>\n<meta property=\"og:site_name\" content=\"Vers L&#039;Avenir Cent ans d&#039;information en province de Namur - L&#039;Avenir.net\" \/>\n<meta property=\"og:image\" content=\"https:\/\/grand-angle.lavenir.net\/vers-l-avenir-cent-ans-d-information-en-province-de-namur\/wp-content\/uploads\/sites\/59\/2018\/11\/100-ans-A-1.jpg\" \/>\n\t<meta property=\"og:image:width\" content=\"1280\" \/>\n\t<meta property=\"og:image:height\" content=\"1763\" \/>\n\t<meta property=\"og:image:type\" content=\"image\/jpeg\" \/>\n<meta name=\"twitter:card\" content=\"summary_large_image\" \/>\n<meta name=\"twitter:label1\" content=\"Dur\u00e9e de lecture est.\" \/>\n\t<meta name=\"twitter:data1\" content=\"6 minutes\" \/>\n<script type=\"application\/ld+json\" class=\"yoast-schema-graph\">{\"@context\":\"https:\/\/schema.org\",\"@graph\":[{\"@type\":\"WebPage\",\"@id\":\"https:\/\/grand-angle.lavenir.net\/vers-l-avenir-cent-ans-d-information-en-province-de-namur\/notre-supplement-proche-de-vous-depuis-100-ans\/\",\"url\":\"https:\/\/grand-angle.lavenir.net\/vers-l-avenir-cent-ans-d-information-en-province-de-namur\/notre-supplement-proche-de-vous-depuis-100-ans\/\",\"name\":\"Notre suppl\u00e9ment \u00ab\u2009Proche de vous depuis 100 ans\u2009\u00bb - Vers L&#039;Avenir Cent ans d&#039;information en province de Namur - L&#039;Avenir.net\",\"isPartOf\":{\"@id\":\"https:\/\/grand-angle.lavenir.net\/vers-l-avenir-cent-ans-d-information-en-province-de-namur\/#website\"},\"datePublished\":\"2018-11-23T06:00:42+00:00\",\"breadcrumb\":{\"@id\":\"https:\/\/grand-angle.lavenir.net\/vers-l-avenir-cent-ans-d-information-en-province-de-namur\/notre-supplement-proche-de-vous-depuis-100-ans\/#breadcrumb\"},\"inLanguage\":\"fr-BE\",\"potentialAction\":[{\"@type\":\"ReadAction\",\"target\":[\"https:\/\/grand-angle.lavenir.net\/vers-l-avenir-cent-ans-d-information-en-province-de-namur\/notre-supplement-proche-de-vous-depuis-100-ans\/\"]}]},{\"@type\":\"BreadcrumbList\",\"@id\":\"https:\/\/grand-angle.lavenir.net\/vers-l-avenir-cent-ans-d-information-en-province-de-namur\/notre-supplement-proche-de-vous-depuis-100-ans\/#breadcrumb\",\"itemListElement\":[{\"@type\":\"ListItem\",\"position\":1,\"name\":\"Home\",\"item\":\"https:\/\/grand-angle.lavenir.net\/vers-l-avenir-cent-ans-d-information-en-province-de-namur\/\"},{\"@type\":\"ListItem\",\"position\":2,\"name\":\"Notre suppl\u00e9ment \u00ab\u2009Proche de vous depuis 100 ans\u2009\u00bb\"}]},{\"@type\":\"WebSite\",\"@id\":\"https:\/\/grand-angle.lavenir.net\/vers-l-avenir-cent-ans-d-information-en-province-de-namur\/#website\",\"url\":\"https:\/\/grand-angle.lavenir.net\/vers-l-avenir-cent-ans-d-information-en-province-de-namur\/\",\"name\":\"Vers L&#039;Avenir Cent ans d&#039;information en province de Namur - L&#039;Avenir.net\",\"description\":\"\",\"publisher\":{\"@id\":\"https:\/\/grand-angle.lavenir.net\/vers-l-avenir-cent-ans-d-information-en-province-de-namur\/#organization\"},\"potentialAction\":[{\"@type\":\"SearchAction\",\"target\":{\"@type\":\"EntryPoint\",\"urlTemplate\":\"https:\/\/grand-angle.lavenir.net\/vers-l-avenir-cent-ans-d-information-en-province-de-namur\/?s={search_term_string}\"},\"query-input\":{\"@type\":\"PropertyValueSpecification\",\"valueRequired\":true,\"valueName\":\"search_term_string\"}}],\"inLanguage\":\"fr-BE\"},{\"@type\":\"Organization\",\"@id\":\"https:\/\/grand-angle.lavenir.net\/vers-l-avenir-cent-ans-d-information-en-province-de-namur\/#organization\",\"name\":\"L'Avenir\",\"url\":\"https:\/\/grand-angle.lavenir.net\/vers-l-avenir-cent-ans-d-information-en-province-de-namur\/\",\"logo\":{\"@type\":\"ImageObject\",\"inLanguage\":\"fr-BE\",\"@id\":\"https:\/\/grand-angle.lavenir.net\/vers-l-avenir-cent-ans-d-information-en-province-de-namur\/#\/schema\/logo\/image\/\",\"url\":\"https:\/\/grand-angle.lavenir.net\/vers-l-avenir-cent-ans-d-information-en-province-de-namur\/wp-content\/uploads\/sites\/59\/2018\/11\/Logo-VA100-copie.png\",\"contentUrl\":\"https:\/\/grand-angle.lavenir.net\/vers-l-avenir-cent-ans-d-information-en-province-de-namur\/wp-content\/uploads\/sites\/59\/2018\/11\/Logo-VA100-copie.png\",\"width\":160,\"height\":65,\"caption\":\"L'Avenir\"},\"image\":{\"@id\":\"https:\/\/grand-angle.lavenir.net\/vers-l-avenir-cent-ans-d-information-en-province-de-namur\/#\/schema\/logo\/image\/\"}}]}<\/script>\n<!-- \/ Yoast SEO plugin. -->","yoast_head_json":{"title":"Notre suppl\u00e9ment \u00ab\u2009Proche de vous depuis 100 ans\u2009\u00bb - Vers L&#039;Avenir Cent ans d&#039;information en province de Namur - L&#039;Avenir.net","robots":{"index":"index","follow":"follow","max-snippet":"max-snippet:-1","max-image-preview":"max-image-preview:large","max-video-preview":"max-video-preview:-1"},"canonical":"https:\/\/grand-angle.lavenir.net\/vers-l-avenir-cent-ans-d-information-en-province-de-namur\/notre-supplement-proche-de-vous-depuis-100-ans\/","og_locale":"fr_FR","og_type":"article","og_title":"Notre suppl\u00e9ment \u00ab\u2009Proche de vous depuis 100 ans\u2009\u00bb","og_description":"19 novembre 1918. Il y a cent ans, ce lundi, para\u00eet \u00e0 Namur le premier num\u00e9ro de Vers l\u2019Avenir. Le modeste journal namurois ne cessera de se d\u00e9velopper, pour devenir un groupe de presse essentiel dans la Belgique francophone d\u2019aujourd\u2019hui.","og_url":"https:\/\/grand-angle.lavenir.net\/vers-l-avenir-cent-ans-d-information-en-province-de-namur\/notre-supplement-proche-de-vous-depuis-100-ans\/","og_site_name":"Vers L&#039;Avenir Cent ans d&#039;information en province de Namur - L&#039;Avenir.net","og_image":[{"width":1280,"height":1763,"url":"https:\/\/grand-angle.lavenir.net\/vers-l-avenir-cent-ans-d-information-en-province-de-namur\/wp-content\/uploads\/sites\/59\/2018\/11\/100-ans-A-1.jpg","type":"image\/jpeg"}],"twitter_card":"summary_large_image","twitter_misc":{"Dur\u00e9e de lecture est.":"6 minutes"},"schema":{"@context":"https:\/\/schema.org","@graph":[{"@type":"WebPage","@id":"https:\/\/grand-angle.lavenir.net\/vers-l-avenir-cent-ans-d-information-en-province-de-namur\/notre-supplement-proche-de-vous-depuis-100-ans\/","url":"https:\/\/grand-angle.lavenir.net\/vers-l-avenir-cent-ans-d-information-en-province-de-namur\/notre-supplement-proche-de-vous-depuis-100-ans\/","name":"Notre suppl\u00e9ment \u00ab\u2009Proche de vous depuis 100 ans\u2009\u00bb - Vers L&#039;Avenir Cent ans d&#039;information en province de Namur - L&#039;Avenir.net","isPartOf":{"@id":"https:\/\/grand-angle.lavenir.net\/vers-l-avenir-cent-ans-d-information-en-province-de-namur\/#website"},"datePublished":"2018-11-23T06:00:42+00:00","breadcrumb":{"@id":"https:\/\/grand-angle.lavenir.net\/vers-l-avenir-cent-ans-d-information-en-province-de-namur\/notre-supplement-proche-de-vous-depuis-100-ans\/#breadcrumb"},"inLanguage":"fr-BE","potentialAction":[{"@type":"ReadAction","target":["https:\/\/grand-angle.lavenir.net\/vers-l-avenir-cent-ans-d-information-en-province-de-namur\/notre-supplement-proche-de-vous-depuis-100-ans\/"]}]},{"@type":"BreadcrumbList","@id":"https:\/\/grand-angle.lavenir.net\/vers-l-avenir-cent-ans-d-information-en-province-de-namur\/notre-supplement-proche-de-vous-depuis-100-ans\/#breadcrumb","itemListElement":[{"@type":"ListItem","position":1,"name":"Home","item":"https:\/\/grand-angle.lavenir.net\/vers-l-avenir-cent-ans-d-information-en-province-de-namur\/"},{"@type":"ListItem","position":2,"name":"Notre suppl\u00e9ment \u00ab\u2009Proche de vous depuis 100 ans\u2009\u00bb"}]},{"@type":"WebSite","@id":"https:\/\/grand-angle.lavenir.net\/vers-l-avenir-cent-ans-d-information-en-province-de-namur\/#website","url":"https:\/\/grand-angle.lavenir.net\/vers-l-avenir-cent-ans-d-information-en-province-de-namur\/","name":"Vers L&#039;Avenir Cent ans d&#039;information en province de Namur - L&#039;Avenir.net","description":"","publisher":{"@id":"https:\/\/grand-angle.lavenir.net\/vers-l-avenir-cent-ans-d-information-en-province-de-namur\/#organization"},"potentialAction":[{"@type":"SearchAction","target":{"@type":"EntryPoint","urlTemplate":"https:\/\/grand-angle.lavenir.net\/vers-l-avenir-cent-ans-d-information-en-province-de-namur\/?s={search_term_string}"},"query-input":{"@type":"PropertyValueSpecification","valueRequired":true,"valueName":"search_term_string"}}],"inLanguage":"fr-BE"},{"@type":"Organization","@id":"https:\/\/grand-angle.lavenir.net\/vers-l-avenir-cent-ans-d-information-en-province-de-namur\/#organization","name":"L'Avenir","url":"https:\/\/grand-angle.lavenir.net\/vers-l-avenir-cent-ans-d-information-en-province-de-namur\/","logo":{"@type":"ImageObject","inLanguage":"fr-BE","@id":"https:\/\/grand-angle.lavenir.net\/vers-l-avenir-cent-ans-d-information-en-province-de-namur\/#\/schema\/logo\/image\/","url":"https:\/\/grand-angle.lavenir.net\/vers-l-avenir-cent-ans-d-information-en-province-de-namur\/wp-content\/uploads\/sites\/59\/2018\/11\/Logo-VA100-copie.png","contentUrl":"https:\/\/grand-angle.lavenir.net\/vers-l-avenir-cent-ans-d-information-en-province-de-namur\/wp-content\/uploads\/sites\/59\/2018\/11\/Logo-VA100-copie.png","width":160,"height":65,"caption":"L'Avenir"},"image":{"@id":"https:\/\/grand-angle.lavenir.net\/vers-l-avenir-cent-ans-d-information-en-province-de-namur\/#\/schema\/logo\/image\/"}}]}},"_links":{"self":[{"href":"https:\/\/grand-angle.lavenir.net\/vers-l-avenir-cent-ans-d-information-en-province-de-namur\/wp-json\/wp\/v2\/pages\/173","targetHints":{"allow":["GET"]}}],"collection":[{"href":"https:\/\/grand-angle.lavenir.net\/vers-l-avenir-cent-ans-d-information-en-province-de-namur\/wp-json\/wp\/v2\/pages"}],"about":[{"href":"https:\/\/grand-angle.lavenir.net\/vers-l-avenir-cent-ans-d-information-en-province-de-namur\/wp-json\/wp\/v2\/types\/page"}],"author":[{"embeddable":true,"href":"https:\/\/grand-angle.lavenir.net\/vers-l-avenir-cent-ans-d-information-en-province-de-namur\/wp-json\/wp\/v2\/users\/1"}],"replies":[{"embeddable":true,"href":"https:\/\/grand-angle.lavenir.net\/vers-l-avenir-cent-ans-d-information-en-province-de-namur\/wp-json\/wp\/v2\/comments?post=173"}],"version-history":[{"count":0,"href":"https:\/\/grand-angle.lavenir.net\/vers-l-avenir-cent-ans-d-information-en-province-de-namur\/wp-json\/wp\/v2\/pages\/173\/revisions"}],"wp:attachment":[{"href":"https:\/\/grand-angle.lavenir.net\/vers-l-avenir-cent-ans-d-information-en-province-de-namur\/wp-json\/wp\/v2\/media?parent=173"}],"curies":[{"name":"wp","href":"https:\/\/api.w.org\/{rel}","templated":true}]}}