{"id":295,"date":"2017-09-27T11:23:25","date_gmt":"2017-09-27T09:23:25","guid":{"rendered":"https:\/\/grand-angle.lavenir.net\/usine-athus-40-ans\/?page_id=295"},"modified":"2018-04-12T15:11:58","modified_gmt":"2018-04-12T13:11:58","slug":"loubliee-de-la-reconversion","status":"publish","type":"page","link":"https:\/\/grand-angle.lavenir.net\/usine-athus-40-ans\/loubliee-de-la-reconversion\/","title":{"rendered":"L&rsquo;oubli\u00e9e de la reconversion"},"content":{"rendered":"<p><div class=\"fusion-fullwidth fullwidth-box fusion-builder-row-1 nonhundred-percent-fullwidth non-hundred-percent-height-scrolling\" style=\"--awb-border-radius-top-left:0px;--awb-border-radius-top-right:0px;--awb-border-radius-bottom-right:0px;--awb-border-radius-bottom-left:0px;--awb-padding-bottom:0px;--awb-margin-top:-78px;--awb-flex-wrap:wrap;\" ><div class=\"fusion-builder-row fusion-row\"><div class=\"fusion-layout-column fusion_builder_column fusion-builder-column-0 fusion_builder_column_1_1 1_1 fusion-one-full fusion-column-first fusion-column-last\" style=\"--awb-padding-top:10px;--awb-padding-right:10px;--awb-padding-bottom:0px;--awb-padding-left:10px;--awb-bg-color:#ffeacc;--awb-bg-color-hover:#ffeacc;--awb-bg-size:cover;--awb-margin-bottom:0px;\"><div class=\"fusion-column-wrapper fusion-flex-column-wrapper-legacy\"><div class=\"fusion-text fusion-text-1\"><h1 style=\"text-align: center; margin: 0 !important;\">Et si Athus avait \u00e9t\u00e9 mise \u00e0 l\u2019\u00e9cart<\/h1>\n<\/div><div class=\"fusion-clearfix\"><\/div><\/div><\/div><\/div><\/div><div class=\"fusion-fullwidth fullwidth-box fusion-builder-row-2 nonhundred-percent-fullwidth non-hundred-percent-height-scrolling\" style=\"--awb-border-radius-top-left:0px;--awb-border-radius-top-right:0px;--awb-border-radius-bottom-right:0px;--awb-border-radius-bottom-left:0px;--awb-background-color:#ffeacc;--awb-flex-wrap:wrap;\" ><div class=\"fusion-builder-row fusion-row\"><div class=\"fusion-layout-column fusion_builder_column fusion-builder-column-1 fusion_builder_column_1_1 1_1 fusion-one-full fusion-column-first fusion-column-last\" style=\"--awb-bg-size:cover;\"><div class=\"fusion-column-wrapper fusion-flex-column-wrapper-legacy\"><div class=\"fusion-text fusion-text-2\"><p><span style=\"font-weight: 400;\">40 ans apr\u00e8s, c\u2019est toujours vrai\u2009: la ville d\u2019Athus a \u00e9t\u00e9 la grande oubli\u00e9e de la reconversion \u00e9conomique du Sud-Luxembourg.<\/span><\/p>\n<\/div><div class=\"fusion-clearfix\"><\/div><\/div><\/div><div class=\"fusion-layout-column fusion_builder_column fusion-builder-column-2 fusion_builder_column_1_2 1_2 fusion-one-half fusion-column-first\" style=\"--awb-bg-size:cover;width:50%;width:calc(50% - ( ( 4% ) * 0.5 ) );margin-right: 4%;\"><div class=\"fusion-column-wrapper fusion-flex-column-wrapper-legacy\"><div class=\"fusion-text fusion-text-3\"><p><span style=\"font-weight: 400;\">On ne refait pas l\u2019histoire, elle s\u2019impose \u00e0 nous, autant s\u2019en inspirer.<\/span><span style=\"font-weight: 400;\"><br \/>\n<\/span><span style=\"font-weight: 400;\">Dans son dernier discours prononc\u00e9 au Conseil provincial, le 26 octobre 1995, le gouverneur Jacques Planchard dit ceci\u2009: \u00ab\u2009Les emplois pr\u00e9vus par le PED se sont concentr\u00e9s sur 8 industries\u2009: Ampacet, Ferrero, Mobil, Glaverbel, US Gypsum, Michelman, Terminal Container et Trax. Nous enregistrons actuellement 1\u2009443 emplois cr\u00e9\u00e9s, soit un taux de r\u00e9alisation de 96 %.\u2009\u00bb<\/span><span style=\"font-weight: 400;\"><br \/>\n<\/span><span style=\"font-weight: 400;\">Il est quand m\u00eame bon de pr\u00e9ciser que les six premi\u00e8res \u00e9taient sur les zones dites transitoires, en attendant que le site industriel d\u2019Athus soit assaini et pr\u00eat \u00e0 la reconversion. Seules les deux derni\u00e8res sont situ\u00e9es sur le site.<\/span><span style=\"font-weight: 400;\"><br \/>\n<\/span><\/p>\n<\/div><div class=\"fusion-clearfix\"><\/div><\/div><\/div><div class=\"fusion-layout-column fusion_builder_column fusion-builder-column-3 fusion_builder_column_1_2 1_2 fusion-one-half fusion-column-last\" style=\"--awb-bg-size:cover;width:50%;width:calc(50% - ( ( 4% ) * 0.5 ) );\"><div class=\"fusion-column-wrapper fusion-flex-column-wrapper-legacy\"><div class=\"fusion-text fusion-text-4\"><p><span style=\"font-weight: 400;\">Est-ce que cela voudrait dire qu\u2019un peu moins de vingt ans apr\u00e8s la fermeture de l\u2019usine d\u2019Athus, on aurait remis les compteurs de l\u2019emploi \u00e0 z\u00e9ro\u2009? Pour le Sud-Luxembourg, peut-\u00eatre, mais pour Athus, pas du tout.<\/span><span style=\"font-weight: 400;\"><br \/>\n<\/span><span style=\"font-weight: 400;\">Car en r\u00e9alit\u00e9, Athus aura \u00e9t\u00e9 la grande oubli\u00e9e de la reconversion \u00e9conomique. La SDBL, Soci\u00e9t\u00e9 de diversification belgo-luxembourgeoise, mise en place \u00e0 la fermeture n\u2019aura \u00e9t\u00e9 qu\u2019un fiasco, un g\u00e2chis.<\/span><\/p>\n<\/div><div class=\"fusion-clearfix\"><\/div><\/div><\/div><div class=\"fusion-layout-column fusion_builder_column fusion-builder-column-4 fusion_builder_column_1_1 1_1 fusion-one-full fusion-column-first fusion-column-last\" style=\"--awb-bg-size:cover;\"><div class=\"fusion-column-wrapper fusion-flex-column-wrapper-legacy\"><div class=\"fusion-text fusion-text-5\"><h2 style=\"text-align: center; font-weight: 400;\">Le mal est fait<\/h2>\n<\/div><div class=\"fusion-text fusion-text-6\"><p><span style=\"font-weight: 400;\">Les 20 millions de francs belges investis dans son capital de d\u00e9part par la SDRW (74,8 %) et l\u2019\u00c9tat grand-ducal (25 %), un montant d\u00e9risoire, l\u2019auront \u00e9t\u00e9 en pure perte. Tout comme les 100 millions de FB r\u00e9inject\u00e9s par l\u2019\u00c9tat belge deux ans plus tard. La SDBL finira en faillite.<\/span><span style=\"font-weight: 400;\"><br \/>\n<\/span><span style=\"font-weight: 400;\">On se dit apr\u00e8s coup que c\u2019est Id\u00e9lux, l\u2019Intercommunale de d\u00e9veloppement \u00e9conomique, qui \u00e9tait taill\u00e9e pour le job, et pas cette fumeuse SDBL. Trop tard, pour Athus, le mal est fait.<\/span><span style=\"font-weight: 400;\"><br \/>\n<\/span><span style=\"font-weight: 400;\">Il y en a d\u2019autres pour dire que l\u2019argent consacr\u00e9 au volet social de la fermeture, la cr\u00e9ation d\u2019une Cellule de l\u2019emploi, garantissant aux salari\u00e9s licenci\u00e9s, dans toute une s\u00e9rie de cas de figure, un salaire d\u00e9gressif pendant trois ans, aurait mieux fait d\u2019aller \u00e0 la reconversion, \u00e0 la formation. Difficile d\u2019\u00eatre pr\u00e9cis mais on parle de sommes de 1 \u00e0 2 milliards de francs belges.<\/span><span style=\"font-weight: 400;\"><br \/>\n<\/span><span style=\"font-weight: 400;\">Cet argent investi dans le pouvoir d\u2019achat aura quand m\u00eame servi d\u2019amortisseur, de train d\u2019atterrissage, et pour les premiers int\u00e9ress\u00e9s, et pour ceux qui vivaient de ce pouvoir d\u2019achat. Ce qui n\u2019est pas rien.<\/span><span style=\"font-weight: 400;\"><br \/>\n<\/span><\/p>\n<\/div><div class=\"fusion-clearfix\"><\/div><\/div><\/div><div class=\"fusion-layout-column fusion_builder_column fusion-builder-column-5 fusion_builder_column_1_1 1_1 fusion-one-full fusion-column-first fusion-column-last\" style=\"--awb-bg-size:cover;\"><div class=\"fusion-column-wrapper fusion-flex-column-wrapper-legacy\"><div class=\"fusion-text fusion-text-7\"><h2 style=\"text-align: center; font-weight: 400;\">Petit canard noir<\/h2>\n<\/div><div class=\"fusion-text fusion-text-8\"><p><span style=\"font-weight: 400;\">Longtemps, Athus aura une \u00e9tiquette de petit canard noir qui lui collera \u00e0 la peau. Le combat men\u00e9 par les anciens sid\u00e9rurgistes, un combat rude parfois, avant, pendant et apr\u00e8s le d\u00e9mant\u00e8lement de leur outil de travail, ne passe pas, chez nos voisins grand-ducaux bien s\u00fbr, mais aussi de ce c\u00f4t\u00e9-ci de la fronti\u00e8re. Athus a \u00e9t\u00e9 au-del\u00e0 du \u00ab\u2009syndicalement correct\u2009\u00bb et devra en payer le prix.<\/span><\/p>\n<\/div><div class=\"fusion-text fusion-text-9\"><h2 style=\"text-align: center; font-weight: 400;\">Tout va tr\u00e8s bien\u2026<\/h2>\n<\/div><div class=\"fusion-text fusion-text-10\"><p>Et 40 ans plus tard\u2009? Tout va tr\u00e8s bien, Madame la marquise, tout va tr\u00e8s bien, tout va tr\u00e8s bien. Mais il ne faut pas se voiler la face. Si le Sud-Luxembourg se porte bien aujourd\u2019hui, c\u2019est essentiellement \u00e0 la croissance grand-ducale qu\u2019il le doit, ses retomb\u00e9es sur l\u2019emploi, sur le pouvoir d\u2019achat, sur la d\u00e9mographie.<br \/>\nLa Lorraine fran\u00e7aise est dans la m\u00eame situation. Pourvu que \u00e7a dure. Pourvu qu\u2019on n\u2019oublie pas ceux qui ne sont pas mont\u00e9s dans ce train.<\/p>\n<\/div><div class=\"fusion-clearfix\"><\/div><\/div><\/div><div class=\"fusion-layout-column fusion_builder_column fusion-builder-column-6 fusion_builder_column_1_1 1_1 fusion-one-full fusion-column-first fusion-column-last\" style=\"--awb-bg-size:cover;\"><div class=\"fusion-column-wrapper fusion-flex-column-wrapper-legacy\"><div class=\"fusion-sharing-box fusion-sharing-box-1 boxed-icons has-taglines layout-floated layout-medium-floated layout-small-floated\" style=\"background-color:#ffeacc;--awb-layout:row;--awb-alignment-small:space-between;\" data-title=\"L\u2019oubli\u00e9e de la reconversion\" data-description=\"Et si Athus avait \u00e9t\u00e9 mise \u00e0 l\u2019\u00e9cart  \r\n\r\n40 ans apr\u00e8s, c\u2019est toujours vrai\u2009: la ville d\u2019Athus a \u00e9t\u00e9 la grande oubli\u00e9e de la reconversion \u00e9conomique du Sud-Luxembourg. \r\n\r\nOn ne refait pas l\u2019histoire, elle s\u2019impose \u00e0 nous, autant s\u2019en inspirer.\" data-link=\"https:\/\/grand-angle.lavenir.net\/usine-athus-40-ans\/loubliee-de-la-reconversion\/\"><div class=\"fusion-social-networks sharingbox-shortcode-icon-wrapper sharingbox-shortcode-icon-wrapper-1 boxed-icons\"><span><a href=\"https:\/\/www.facebook.com\/sharer.php?u=https%3A%2F%2Fgrand-angle.lavenir.net%2Fusine-athus-40-ans%2Floubliee-de-la-reconversion%2F&amp;t=L%E2%80%99oubli%C3%A9e%20de%20la%20reconversion\" target=\"_blank\" rel=\"noreferrer\" title=\"Facebook\" aria-label=\"Facebook\" data-placement=\"top\" data-toggle=\"tooltip\" data-title=\"Facebook\"><i class=\"fusion-social-network-icon fusion-tooltip fusion-facebook awb-icon-facebook\" style=\"color:#ffffff;background-color:#3b5998;border-color:#3b5998;border-radius:50%;\" aria-hidden=\"true\"><\/i><\/a><\/span><span><a href=\"https:\/\/x.com\/intent\/post?text=L%E2%80%99oubli%C3%A9e%20de%20la%20reconversion&amp;url=https%3A%2F%2Fgrand-angle.lavenir.net%2Fusine-athus-40-ans%2Floubliee-de-la-reconversion%2F\" target=\"_blank\" rel=\"noopener noreferrer\" title=\"X\" aria-label=\"X\" data-placement=\"top\" data-toggle=\"tooltip\" data-title=\"X\"><i class=\"fusion-social-network-icon fusion-tooltip fusion-twitter awb-icon-twitter\" style=\"color:#ffffff;background-color:#000000;border-color:#000000;border-radius:50%;\" aria-hidden=\"true\"><\/i><\/a><\/span><\/div><\/div><div class=\"fusion-clearfix\"><\/div><\/div><\/div><\/div><\/div><div class=\"fusion-bg-parallax\" data-bg-align=\"center center\" data-direction=\"down\" data-mute=\"false\" data-opacity=\"100\" data-velocity=\"-0.3\" data-mobile-enabled=\"false\" data-break_parents=\"0\" data-bg-image=\"https:\/\/grand-angle.lavenir.net\/usine-athus-40-ans\/wp-content\/uploads\/sites\/27\/2017\/09\/Athus_conteneurs.jpg\" data-bg-repeat=\"false\" ><\/div><div class=\"fusion-fullwidth fullwidth-box fusion-builder-row-3 fusion-parallax-down nonhundred-percent-fullwidth non-hundred-percent-height-scrolling\" style=\"--awb-border-radius-top-left:0px;--awb-border-radius-top-right:0px;--awb-border-radius-bottom-right:0px;--awb-border-radius-bottom-left:0px;--awb-padding-top:25%;--awb-padding-bottom:25%;--awb-background-image:url(&quot;https:\/\/grand-angle.lavenir.net\/usine-athus-40-ans\/wp-content\/uploads\/sites\/27\/2017\/09\/Athus_conteneurs.jpg&quot;);--awb-background-size:cover;--awb-flex-wrap:wrap;\" ><div class=\"fusion-builder-row fusion-row\"><div class=\"fusion-layout-column fusion_builder_column fusion-builder-column-7 fusion_builder_column_1_1 1_1 fusion-one-full fusion-column-first fusion-column-last\" style=\"--awb-bg-size:cover;\"><div class=\"fusion-column-wrapper fusion-flex-column-wrapper-legacy\"><div class=\"fusion-clearfix\"><\/div><\/div><\/div><\/div><\/div><div class=\"fusion-fullwidth fullwidth-box fusion-builder-row-4 nonhundred-percent-fullwidth non-hundred-percent-height-scrolling\" style=\"--awb-border-radius-top-left:0px;--awb-border-radius-top-right:0px;--awb-border-radius-bottom-right:0px;--awb-border-radius-bottom-left:0px;--awb-padding-bottom:0px;--awb-margin-top:-78px;--awb-flex-wrap:wrap;\" ><div class=\"fusion-builder-row fusion-row\"><div class=\"fusion-layout-column fusion_builder_column fusion-builder-column-8 fusion_builder_column_1_1 1_1 fusion-one-full fusion-column-first fusion-column-last\" style=\"--awb-padding-top:10px;--awb-padding-right:10px;--awb-padding-bottom:0px;--awb-padding-left:10px;--awb-bg-color:#ffffff;--awb-bg-color-hover:#ffffff;--awb-bg-size:cover;\"><div class=\"fusion-column-wrapper fusion-flex-column-wrapper-legacy\"><div class=\"fusion-text fusion-text-11\"><h1 style=\"text-align: center;\"><span style=\"font-weight: 400;\">\u00ab\u2009La fiscalit\u00e9 est un s\u00e9rieux frein au d\u00e9veloppement\u2009\u00bb<\/span><\/h1>\n<\/div><div class=\"fusion-clearfix\"><\/div><\/div><\/div><\/div><\/div><div class=\"fusion-fullwidth fullwidth-box fusion-builder-row-5 nonhundred-percent-fullwidth non-hundred-percent-height-scrolling\" style=\"--awb-border-radius-top-left:0px;--awb-border-radius-top-right:0px;--awb-border-radius-bottom-right:0px;--awb-border-radius-bottom-left:0px;--awb-flex-wrap:wrap;\" ><div class=\"fusion-builder-row fusion-row\"><div class=\"fusion-layout-column fusion_builder_column fusion-builder-column-9 fusion_builder_column_1_1 1_1 fusion-one-full fusion-column-first fusion-column-last\" style=\"--awb-bg-size:cover;\"><div class=\"fusion-column-wrapper fusion-flex-column-wrapper-legacy\"><div class=\"fusion-text fusion-text-12\"><p><span style=\"font-weight: 400;\">Fabian Collard, le patron d\u2019Id\u00e9lux estime que l\u2019atout principal du PED reste la logistique. La fiscalit\u00e9 reste le principal obstacle pour les investisseurs.<\/span><\/p>\n<\/div><div class=\"fusion-text fusion-text-13\"><p><span style=\"font-weight: 400;\">Quel avenir pour le PED\u2009? Tous les feux sont au vert pour le d\u00e9veloppement du transport \u00e0 partir d\u2019Athus parce que le Grand-Duch\u00e9 est de plus en plus engorg\u00e9. Ce qui pousserait d\u2019ailleurs nos voisins Grand-ducaux \u00e0 plancher sur la possibilit\u00e9 de cr\u00e9er un territoire commun avec un autre pays et qui b\u00e9n\u00e9ficierait d\u2019une fiscalit\u00e9 favorable plus attirante pour les investisseurs potentiels. Voici donc une solution qui pourrait compenser la non reprise d\u2019Aubange en zone franche.\u200a<\/span><span style=\"font-weight: 400;\"><br \/>\n<\/span><\/p>\n<\/div><div class=\"fusion-clearfix\"><\/div><\/div><\/div><\/div><\/div><div class=\"fusion-fullwidth fullwidth-box fusion-builder-row-6 nonhundred-percent-fullwidth non-hundred-percent-height-scrolling fusion-equal-height-columns\" style=\"--awb-border-radius-top-left:0px;--awb-border-radius-top-right:0px;--awb-border-radius-bottom-right:0px;--awb-border-radius-bottom-left:0px;--awb-flex-wrap:wrap;\" ><div class=\"fusion-builder-row fusion-row\"><div class=\"fusion-layout-column fusion_builder_column fusion-builder-column-10 fusion_builder_column_1_3 1_3 fusion-one-third fusion-column-first\" style=\"--awb-bg-size:cover;width:33.3333333333%;width:calc(33.3333333333% - ( ( 4% ) * 0.333333333333 ) );margin-right: 4%;\"><div class=\"fusion-column-wrapper fusion-flex-column-wrapper-legacy\"><div class=\"fusion-column-content-centered\"><div class=\"fusion-column-content\"><div class=\"fusion-image-element in-legacy-container\" style=\"--awb-caption-title-font-family:var(--h2_typography-font-family);--awb-caption-title-font-weight:var(--h2_typography-font-weight);--awb-caption-title-font-style:var(--h2_typography-font-style);--awb-caption-title-size:var(--h2_typography-font-size);--awb-caption-title-transform:var(--h2_typography-text-transform);--awb-caption-title-line-height:var(--h2_typography-line-height);--awb-caption-title-letter-spacing:var(--h2_typography-letter-spacing);\"><span class=\" fusion-imageframe imageframe-none imageframe-1 hover-type-none\"><img decoding=\"async\" width=\"960\" height=\"1446\" title=\"Fabian_Collard\" src=\"https:\/\/grand-angle.lavenir.net\/usine-athus-40-ans\/wp-content\/uploads\/sites\/27\/2017\/09\/Fabian_Collard.jpg\" alt class=\"img-responsive wp-image-327\" srcset=\"https:\/\/grand-angle.lavenir.net\/usine-athus-40-ans\/wp-content\/uploads\/sites\/27\/2017\/09\/Fabian_Collard-200x301.jpg 200w, https:\/\/grand-angle.lavenir.net\/usine-athus-40-ans\/wp-content\/uploads\/sites\/27\/2017\/09\/Fabian_Collard-400x603.jpg 400w, https:\/\/grand-angle.lavenir.net\/usine-athus-40-ans\/wp-content\/uploads\/sites\/27\/2017\/09\/Fabian_Collard-600x904.jpg 600w, https:\/\/grand-angle.lavenir.net\/usine-athus-40-ans\/wp-content\/uploads\/sites\/27\/2017\/09\/Fabian_Collard-800x1205.jpg 800w, https:\/\/grand-angle.lavenir.net\/usine-athus-40-ans\/wp-content\/uploads\/sites\/27\/2017\/09\/Fabian_Collard.jpg 960w\" sizes=\"(max-width: 800px) 100vw, 400px\" \/><\/span><\/div><\/div><\/div><div class=\"fusion-clearfix\"><\/div><\/div><\/div><div class=\"fusion-layout-column fusion_builder_column fusion-builder-column-11 fusion_builder_column_2_3 2_3 fusion-two-third fusion-column-last\" style=\"--awb-bg-size:cover;width:66.6666666667%;width:calc(66.6666666667% - ( ( 4% ) * 0.666666666667 ) );\"><div class=\"fusion-column-wrapper fusion-flex-column-wrapper-legacy\"><div class=\"fusion-column-content-centered\"><div class=\"fusion-column-content\"><div class=\"fusion-text fusion-text-14\"><p><b>Fabian Collard, quelle image avez-vous du PED\u2009?<\/b><b><br \/>\n<\/b><span style=\"font-weight: 400;\">Fabian Collard: Je pense qu\u2019on a fait le bon choix dans les ann\u00e9es 1980\u200aquand on a reconverti le site avec l\u2019aide de l\u2019Europe\u2009; ce qui a permis \u00e0 des entreprises comme Federal Mogul, Ampacet ou CMI de s\u2019installer l\u00e0, malgr\u00e9 un contexte transfrontalier qui constitue \u00e0 la fois le meilleur atout et le pire ennemi d\u2019Athus. Que cela soit en termes de fiscalit\u00e9 du c\u00f4t\u00e9 grand-ducal ou le grand red\u00e9ploiement commercial sur la partie fran\u00e7aise. La r\u00e9industrialisation du PED est tr\u00e8s difficile \u00e0 cause de la comp\u00e9titivit\u00e9 du Grand-Duch\u00e9. D\u2019un autre c\u00f4t\u00e9, le d\u00e9veloppement luxembourgeois profite \u00e0 beaucoup d\u2019habitants de chez nous.<\/span><\/p>\n<\/div><div class=\"fusion-text fusion-text-15\"><p><b>Sans reconnaissance en zone franche, est-ce mission impossible pour r\u00e9industrialiser Athus\u2009?<\/b><span style=\"font-weight: 400;\"><br \/>\n<\/span><span style=\"font-weight: 400;\">C\u2019est presque mission impossible car le frein reste le co\u00fbt du travail. Tant qu\u2019on n\u2019aura pas une harmonie fiscale europ\u00e9enne, ce sera difficile, mais il y a sans doute une \u00e9volution. Les Grand-Ducaux \u00e9tudient en effet la possibilit\u00e9 de cr\u00e9er avec les pays voisins des territoires sur lesquels la fiscalit\u00e9 serait plus douce, sorte de lissage par exemple entre nos taux et les leurs. Ce n\u2019est pas par altruisme, mais le Grand-Duch\u00e9 veut d\u00e9sengorger ses diff\u00e9rentes r\u00e9gions satur\u00e9es et se tourne l\u00e0 o\u00f9 il y a de l\u2019espace. Chez nous, par exemple. C\u2019est du win-win.<\/span><\/p>\n<\/div><\/div><\/div><div class=\"fusion-clearfix\"><\/div><\/div><\/div><\/div><\/div><div class=\"fusion-fullwidth fullwidth-box fusion-builder-row-7 nonhundred-percent-fullwidth non-hundred-percent-height-scrolling\" style=\"--awb-border-radius-top-left:0px;--awb-border-radius-top-right:0px;--awb-border-radius-bottom-right:0px;--awb-border-radius-bottom-left:0px;--awb-flex-wrap:wrap;\" ><div class=\"fusion-builder-row fusion-row\"><div class=\"fusion-layout-column fusion_builder_column fusion-builder-column-12 fusion_builder_column_1_1 1_1 fusion-one-full fusion-column-first fusion-column-last\" style=\"--awb-bg-size:cover;\"><div class=\"fusion-column-wrapper fusion-flex-column-wrapper-legacy\"><div class=\"fusion-text fusion-text-16\"><p><b>Est-ce faisable sur le plan juridique\u2009?<\/b><span style=\"font-weight: 400;\"><br \/>\n<\/span><span style=\"font-weight: 400;\">Oui et cela existe d\u00e9j\u00e0 dans le Hainaut. L\u2019Europe autorise ces espaces fiscaux plus favorables. Mais bon c\u2019est une belle opportunit\u00e9 qui ne se mettra pas en place tout de suite. J\u2019esp\u00e8re le voir avant de prendre ma pension (rires). Cela se n\u00e9gocie d\u2019\u00c9tat \u00e0 \u00c9tat.<\/span><span style=\"font-weight: 400;\"><br \/>\n<\/span><\/p>\n<\/div><div class=\"fusion-text fusion-text-17\"><p><b>Comment rebooster la r\u00e9gion d\u2019Athus\u2009?<\/b><span style=\"font-weight: 400;\"><br \/>\n<\/span><span style=\"font-weight: 400;\">Nous avons la chance que les patrons des grosses soci\u00e9t\u00e9s sont des gens de la r\u00e9gion attach\u00e9s \u00e0 leur terroir et qui font tout pour d\u00e9velopper leur outil. Et ils ont du m\u00e9rite parce qu\u2019au sein de leurs groupes respectifs, on compare leurs r\u00e9sultats avec ceux d\u2019usines toutes neuves situ\u00e9es \u00e0 l\u2019Est o\u00f9 la main-d\u2019\u0153uvre est moins ch\u00e8re. Ces patrons veulent p\u00e9renniser l\u2019activit\u00e9 de leurs entreprises respectives qui sont arriv\u00e9es chez nous voici plus de 30 ans.<\/span><\/p>\n<\/div><div class=\"fusion-clearfix\"><\/div><\/div><\/div><\/div><\/div><div class=\"fusion-bg-parallax\" data-bg-align=\"center center\" data-direction=\"down\" data-mute=\"false\" data-opacity=\"100\" data-velocity=\"-0.3\" data-mobile-enabled=\"false\" data-break_parents=\"0\" data-bg-image=\"https:\/\/grand-angle.lavenir.net\/usine-athus-40-ans\/wp-content\/uploads\/sites\/27\/2017\/09\/Rue_de_Rodange.jpg\" data-bg-repeat=\"false\" ><\/div><div class=\"fusion-fullwidth fullwidth-box fusion-builder-row-8 fusion-parallax-down nonhundred-percent-fullwidth non-hundred-percent-height-scrolling\" style=\"--awb-border-radius-top-left:0px;--awb-border-radius-top-right:0px;--awb-border-radius-bottom-right:0px;--awb-border-radius-bottom-left:0px;--awb-padding-top:25%;--awb-padding-bottom:25%;--awb-background-image:url(&quot;https:\/\/grand-angle.lavenir.net\/usine-athus-40-ans\/wp-content\/uploads\/sites\/27\/2017\/09\/Rue_de_Rodange.jpg&quot;);--awb-background-size:cover;--awb-flex-wrap:wrap;\" ><div class=\"fusion-builder-row fusion-row\"><div class=\"fusion-layout-column fusion_builder_column fusion-builder-column-13 fusion_builder_column_1_1 1_1 fusion-one-full fusion-column-first fusion-column-last\" style=\"--awb-bg-size:cover;\"><div class=\"fusion-column-wrapper fusion-flex-column-wrapper-legacy\"><div class=\"fusion-clearfix\"><\/div><\/div><\/div><\/div><\/div><div class=\"fusion-fullwidth fullwidth-box fusion-builder-row-9 nonhundred-percent-fullwidth non-hundred-percent-height-scrolling\" style=\"--awb-border-radius-top-left:0px;--awb-border-radius-top-right:0px;--awb-border-radius-bottom-right:0px;--awb-border-radius-bottom-left:0px;--awb-padding-bottom:0px;--awb-margin-top:-78px;--awb-flex-wrap:wrap;\" ><div class=\"fusion-builder-row fusion-row\"><div class=\"fusion-layout-column fusion_builder_column fusion-builder-column-14 fusion_builder_column_1_1 1_1 fusion-one-full fusion-column-first fusion-column-last\" style=\"--awb-padding-top:10px;--awb-padding-right:10px;--awb-padding-bottom:0px;--awb-padding-left:0px;--awb-bg-color:#ffffff;--awb-bg-color-hover:#ffffff;--awb-bg-size:cover;\"><div class=\"fusion-column-wrapper fusion-flex-column-wrapper-legacy\"><div class=\"fusion-text fusion-text-18\"><h1 style=\"text-align: center;\"><span style=\"font-weight: 400;\">Un site assaini, une r\u00e9gion d\u00e9senclav\u00e9e<\/span><\/h1>\n<\/div><div class=\"fusion-clearfix\"><\/div><\/div><\/div><\/div><\/div><div class=\"fusion-fullwidth fullwidth-box fusion-builder-row-10 nonhundred-percent-fullwidth non-hundred-percent-height-scrolling\" style=\"--awb-border-radius-top-left:0px;--awb-border-radius-top-right:0px;--awb-border-radius-bottom-right:0px;--awb-border-radius-bottom-left:0px;--awb-flex-wrap:wrap;\" ><div class=\"fusion-builder-row fusion-row\"><div class=\"fusion-layout-column fusion_builder_column fusion-builder-column-15 fusion_builder_column_1_1 1_1 fusion-one-full fusion-column-first fusion-column-last\" style=\"--awb-bg-size:cover;\"><div class=\"fusion-column-wrapper fusion-flex-column-wrapper-legacy\"><div class=\"fusion-text fusion-text-19\"><p><span style=\"font-weight: 400;\">Un site assaini, une r\u00e9gion d\u00e9senclav\u00e9e, voil\u00e0 le bilan du PED, selon Jean-Paul Dondelinger, auteur d\u2019un ouvrage sur la question.\u200a<\/span><\/p>\n<\/div><div class=\"fusion-text fusion-text-20\"><p><span style=\"font-weight: 400;\">En 2011, Jean-Paul Dondelinger, alors bourgmestre d\u2019Aubange, publie \u00ab\u2009P\u00f4le europ\u00e9en de d\u00e9veloppement. Une agglom\u00e9ration transfrontali\u00e8re, utopie ou espoir\u2009?\u2009\u00bb.\u200a\u00c0 l\u2019\u00e9poque, l\u2019auteur penchait vers l\u2019espoir. Aujourd\u2019hui, il penche davantage vers l\u2019utopie.\u200a<\/span><\/p>\n<\/div><div class=\"fusion-clearfix\"><\/div><\/div><\/div><div class=\"fusion-layout-column fusion_builder_column fusion-builder-column-16 fusion_builder_column_1_3 1_3 fusion-one-third fusion-column-first\" style=\"--awb-bg-size:cover;width:33.3333333333%;width:calc(33.3333333333% - ( ( 4% ) * 0.333333333333 ) );margin-right: 4%;\"><div class=\"fusion-column-wrapper fusion-flex-column-wrapper-legacy\"><div class=\"fusion-image-element in-legacy-container\" style=\"--awb-caption-title-font-family:var(--h2_typography-font-family);--awb-caption-title-font-weight:var(--h2_typography-font-weight);--awb-caption-title-font-style:var(--h2_typography-font-style);--awb-caption-title-size:var(--h2_typography-font-size);--awb-caption-title-transform:var(--h2_typography-text-transform);--awb-caption-title-line-height:var(--h2_typography-line-height);--awb-caption-title-letter-spacing:var(--h2_typography-letter-spacing);\"><span class=\" fusion-imageframe imageframe-none imageframe-2 hover-type-none\"><img decoding=\"async\" width=\"960\" height=\"740\" title=\"Jean-Paul_Dondelinger\" src=\"https:\/\/grand-angle.lavenir.net\/usine-athus-40-ans\/wp-content\/uploads\/sites\/27\/2017\/09\/Jean-Paul_Dondelinger.jpg\" alt class=\"img-responsive wp-image-312\" srcset=\"https:\/\/grand-angle.lavenir.net\/usine-athus-40-ans\/wp-content\/uploads\/sites\/27\/2017\/09\/Jean-Paul_Dondelinger-200x154.jpg 200w, https:\/\/grand-angle.lavenir.net\/usine-athus-40-ans\/wp-content\/uploads\/sites\/27\/2017\/09\/Jean-Paul_Dondelinger-400x308.jpg 400w, https:\/\/grand-angle.lavenir.net\/usine-athus-40-ans\/wp-content\/uploads\/sites\/27\/2017\/09\/Jean-Paul_Dondelinger-600x463.jpg 600w, https:\/\/grand-angle.lavenir.net\/usine-athus-40-ans\/wp-content\/uploads\/sites\/27\/2017\/09\/Jean-Paul_Dondelinger-800x617.jpg 800w, https:\/\/grand-angle.lavenir.net\/usine-athus-40-ans\/wp-content\/uploads\/sites\/27\/2017\/09\/Jean-Paul_Dondelinger.jpg 960w\" sizes=\"(max-width: 800px) 100vw, 400px\" \/><\/span><\/div><div class=\"fusion-clearfix\"><\/div><\/div><\/div><div class=\"fusion-layout-column fusion_builder_column fusion-builder-column-17 fusion_builder_column_2_3 2_3 fusion-two-third fusion-column-last\" style=\"--awb-bg-size:cover;width:66.6666666667%;width:calc(66.6666666667% - ( ( 4% ) * 0.666666666667 ) );\"><div class=\"fusion-column-wrapper fusion-flex-column-wrapper-legacy\"><div class=\"fusion-text fusion-text-21\"><p><b>Jean-Paul Dondelinger, l\u2019ATPED (Agglom\u00e9ration transfrontali\u00e8re du p\u00f4le europ\u00e9en de d\u00e9veloppement), n\u00e9e en 1996 n\u2019est finalement aujourd\u2019hui plus qu\u2019un navire fant\u00f4me, sans capitaine \u00e0 bord\u2009?<\/b><span style=\"font-weight: 400;\"><br \/>\n<\/span><span style=\"font-weight: 400;\">Jean-Paul Dondelinger: Pour l\u2019instant oui.\u200aIl existe des contacts bilat\u00e9raux entre Aubange et des Communes fran\u00e7aises, ou Aubange et des Communes luxembourgeoises. Mais il n\u2019y a rien de formaliser. Il est de plus en plus difficile d\u2019entrer dans des programmes europ\u00e9ens.\u200a<\/span><span style=\"font-weight: 400;\"><br \/>\n<\/span><span style=\"font-weight: 400;\">Le d\u00e9veloppement d\u2019Athus passe-t-il vraiment par des partenariats transfrontaliers\u2009?<\/span><span style=\"font-weight: 400;\"><br \/>\n<\/span><span style=\"font-weight: 400;\">Il faut d\u2019abord se d\u00e9barrasser de cette r\u00e9putation un peu glauque qui colle \u00e0 Athus. Et cela passe par la r\u00e9novation urbaine, qui sera un travail de longue haleine. Le citoyen voudrait que demain le soleil luise \u00e0 Athus. Cela ne se fait pas d\u2019un claquement de doigt.<\/span><span style=\"font-weight: 400;\"><br \/>\n<\/span><\/p>\n<\/div><div class=\"fusion-clearfix\"><\/div><\/div><\/div><div class=\"fusion-layout-column fusion_builder_column fusion-builder-column-18 fusion_builder_column_1_1 1_1 fusion-one-full fusion-column-first fusion-column-last\" style=\"--awb-bg-size:cover;\"><div class=\"fusion-column-wrapper fusion-flex-column-wrapper-legacy\"><div class=\"fusion-text fusion-text-22\"><p>C\u00f4t\u00e9 grand-ducal, une ville nouvelle se cr\u00e9e \u00e0 Esch-Belval. Cela vous fait penser \u00e0 une occasion rat\u00e9e par Athus ou un atout dont Athus peut profiter\u2009?<br \/>\nJ\u2019ai l\u2019impression que le d\u00e9veloppement d\u2019Esch-Belval est d\u2019abord un d\u00e9veloppement de l\u2019Universit\u00e9 de Luxembourg. Ce qui est bien. Il fallait oser d\u00e9localiser l\u2019institution.\u200aMais au niveau entrepreneurial, je n\u2019entends pas grand-chose.<br \/>\nOn s\u2019est dit un temps qu\u2019il y aurait un besoin de kots \u00e9tudiants et que la Commune pourrait en profiter. Or Villerupt (France) est d\u00e9j\u00e0 en train de construire des kots \u00e9tudiants.\u200aC\u2019est impressionnant. Et la ville est plus proche que nous d\u2019Esch. Je pense que le d\u00e9veloppement se fera l\u00e0.<\/p>\n<\/div><div class=\"fusion-text fusion-text-23\"><p><b>Vous \u00eates envieux\u2009?<\/b><span style=\"font-weight: 400;\"><br \/>\n<\/span><span style=\"font-weight: 400;\">Non, pas du tout. Nous, on va mettre le paquet sur la r\u00e9novation urbaine.\u200aC\u2019est l\u00e0 que les premiers investissements seront faits.\u200a<\/span><\/p>\n<\/div><div class=\"fusion-text fusion-text-24\"><p><b>Le PED a-t-il rempli son objectif\u2009? Dans votre ouvrage, vous parlez de 1500 emplois cr\u00e9\u00e9s en Belgique. Mais des emplois qui exigent peu de qualification. Et du d\u00e9veloppement d\u2019un p\u00f4le logistique qui n\u2019apporte gu\u00e8re de plus-value\u2009?<\/b><b><br \/>\n<\/b><span style=\"font-weight: 400;\">C\u2019est une volont\u00e9 d\u2019Id\u00e9lux de faire de la logistique. Ce qui a peu de cons\u00e9quences positives pour la Commune.\u200aLa cr\u00e9ation d\u2019emplois est quasi nulle. La recette fiscale est nulle. Sans compter les nuisances caus\u00e9es par le charroi.\u200aOn a l\u2019impression que la reconversion est rat\u00e9e.\u200aLa mono-industrie sid\u00e9rurgique a \u00e9t\u00e9 remplac\u00e9e par de la mono-industrie logistique. Apr\u00e8s, je ne pense pas que la volont\u00e9 d\u2019Id\u00e9lux \u00e9tait l\u00e0. Il n\u2019y a pas assez de diversit\u00e9 sur le zoning.<\/span><span style=\"font-weight: 400;\"><br \/>\n<\/span><\/p>\n<\/div><center>\n<iframe src=\"https:\/\/www.sonuma.be\/player\/frame.php?env=c70ade210b07455caaf5dcad33bcd339&video=7273081\" width=\"640\" height=\"480\" frameborder=\"0\" scrolling=\"no\" allowfullscreen> <\/iframe>\n<\/center><div class=\"fusion-text fusion-text-25\"><p><b>Est-ce qu\u2019il est encore possible de prendre un autre virage\u2009?<\/b><span style=\"font-weight: 400;\"><br \/>\n<\/span><span style=\"font-weight: 400;\">Il faut attirer des PME\u200aet des PMI, qui sont difficilement d\u00e9localisables. Cela ne sert \u00e0 rien de r\u00eaver d\u2019attirer une entreprise qui va cr\u00e9er une centaine d\u2019emplois.<\/span><span style=\"font-weight: 400;\"><br \/>\n<\/span><span style=\"font-weight: 400;\">Et comment attirer ces PME\u2009et PMI ?<\/span><span style=\"font-weight: 400;\"><br \/>\n<\/span><span style=\"font-weight: 400;\">Je n\u2019en sais rien\u2026 Il faut refaire un effort de prospection et voir si les entreprises existantes ont besoin de sous-traitants. Maintenant, les aides \u00e0 l\u2019emploi sont quasi inexistantes.\u200aEt il y a des d\u00e9cisions que j\u2019ai d\u00fb mal \u00e0 comprendre. Intersport voulait s\u2019installer au niveau du mini-zoning du Point Triple. L\u2019urbanisme d\u2019Arlon a mis son veto car cette zone n\u2019est pas d\u00e9dicac\u00e9e au commerce.\u200aDommage car cette enseigne aurait pu avoir un effet d\u2019appel.<\/span><span style=\"font-weight: 400;\"><br \/>\n<\/span><span style=\"font-weight: 400;\">Athus n\u2019est-il pas condamn\u00e9 \u00e0 rester l\u2019hinterland pauvre du Grand-Duch\u00e9\u2009?<\/span><span style=\"font-weight: 400;\"><br \/>\n<\/span><span style=\"font-weight: 400;\">C\u2019est le risque.<\/span><\/p>\n<\/div><div class=\"fusion-text fusion-text-26\"><p><b>Le bilan du PED penche-t-il davantage vers la r\u00e9ussite ou l\u2019\u00e9chec\u2009?<\/b><span style=\"font-weight: 400;\"><br \/>\n<\/span><span style=\"font-weight: 400;\">Le PED\u2026 (NDLR : il se reprend). Il faudrait d\u00e9j\u00e0 lui trouver un autre nom.\u200aIl n\u2019a plus rien d\u2019europ\u00e9en depuis 1995. Je pense qu\u2019il ne faut pas du tout \u00eatre n\u00e9gatif, le PED aura au moins servi \u00e0 assainir tous les sites industriels et \u00e0 d\u00e9senclaver la zone.\u200a<\/span><span style=\"font-weight: 400;\"><br \/>\n<\/span><span style=\"font-weight: 400;\">Je pense \u00e9galement qu\u2019il ne faut pas mettre tout sur le dos de la fermeture de l\u2019usine d\u2019Athus. Sans elle, les commerces auraient aussi quitt\u00e9 la ville pour s\u2019installer dans des zonings commerciaux.<\/span><\/p>\n<\/div><div class=\"fusion-clearfix\"><\/div><\/div><\/div><\/div><\/div><div class=\"fusion-fullwidth fullwidth-box fusion-builder-row-11 nonhundred-percent-fullwidth non-hundred-percent-height-scrolling\" style=\"--awb-border-radius-top-left:0px;--awb-border-radius-top-right:0px;--awb-border-radius-bottom-right:0px;--awb-border-radius-bottom-left:0px;--awb-flex-wrap:wrap;\" ><div class=\"fusion-builder-row fusion-row\"><div class=\"fusion-layout-column fusion_builder_column fusion-builder-column-19 fusion_builder_column_1_1 1_1 fusion-one-full fusion-column-first fusion-column-last\" style=\"--awb-bg-size:cover;\"><div class=\"fusion-column-wrapper fusion-flex-column-wrapper-legacy\"><div class=\"fusion-text fusion-text-27\"><h2 style=\"text-align: center;\">Les autres chapitres<\/h2>\n<\/div><div class=\"fusion-sep-clear\"><\/div><div class=\"fusion-separator\" style=\"margin-left: auto;margin-right: auto;width:100%;max-width:33%;\"><div class=\"fusion-separator-border sep-single sep-solid\" style=\"--awb-height:20px;--awb-amount:20px;border-color:#e0dede;border-top-width:1px;\"><\/div><\/div><div class=\"fusion-sep-clear\"><\/div><div class=\"fusion-clearfix\"><\/div><\/div><\/div><div class=\"fusion-layout-column fusion_builder_column fusion-builder-column-20 fusion_builder_column_1_2 1_2 fusion-one-half fusion-column-first\" style=\"--awb-bg-size:cover;width:50%;width:calc(50% - ( ( 4% ) * 0.5 ) );margin-right: 4%;\"><div class=\"fusion-column-wrapper fusion-flex-column-wrapper-legacy\"><div class=\"chapitre\">\n<a href=\"https:\/\/grand-angle.lavenir.net\/usine-athus-40-ans\/piege-pour-les-nazis\/\">\n<figure class=\"effect-goliath\">\n<img decoding=\"async\" src=\"https:\/\/grand-angle.lavenir.net\/usine-athus-40-ans\/wp-content\/uploads\/sites\/27\/2017\/09\/chap5.jpg\" alt=\"\" >\n<figcaption>\n<h2 data-fontsize=\"24\" data-lineheight=\"36\">Chapitre V<\/h2>\n<p>\nPi\u00e8ge pour les nazis\n<\/p>\n<\/figcaption><\/figure>\n<\/a>\n<\/div><div class=\"fusion-clearfix\"><\/div><\/div><\/div><div class=\"fusion-layout-column fusion_builder_column fusion-builder-column-21 fusion_builder_column_1_2 1_2 fusion-one-half fusion-column-last\" style=\"--awb-bg-size:cover;width:50%;width:calc(50% - ( ( 4% ) * 0.5 ) );\"><div class=\"fusion-column-wrapper fusion-flex-column-wrapper-legacy\"><div class=\"chapitre\">\n<a href=\"https:\/\/grand-angle.lavenir.net\/usine-athus-40-ans\">\n<figure class=\"effect-goliath\"><img decoding=\"async\" class=\"alignnone size-large wp-image-18\" src=\"https:\/\/grand-angle.lavenir.net\/usine-athus-40-ans\/wp-content\/uploads\/sites\/27\/2017\/09\/usine-low-1.jpg\" alt=\"\" ><img decoding=\"async\" class=\"alignnone size-large wp-image-27 hover\" src=\"https:\/\/grand-angle.lavenir.net\/usine-athus-40-ans\/wp-content\/uploads\/sites\/27\/2017\/09\/usine-low-1.jpg\" alt=\"\" ><figcaption>\n<h2 data-fontsize=\"24\" data-lineheight=\"36\">Accueil<\/h2>\n<p>\nIl y a 40 ans, Athus mourait\n<\/p>\n<\/figcaption><\/figure>\n<\/a>\n\n<\/div><div class=\"fusion-clearfix\"><\/div><\/div><\/div><\/div><\/div><div class=\"fusion-fullwidth fullwidth-box fusion-builder-row-12 nonhundred-percent-fullwidth non-hundred-percent-height-scrolling fusion-equal-height-columns\" style=\"--awb-border-radius-top-left:0px;--awb-border-radius-top-right:0px;--awb-border-radius-bottom-right:0px;--awb-border-radius-bottom-left:0px;--awb-background-color:#f6f6f6;--awb-flex-wrap:wrap;\" ><div class=\"fusion-builder-row fusion-row\"><div class=\"fusion-layout-column fusion_builder_column fusion-builder-column-22 fusion_builder_column_1_6 1_6 fusion-one-sixth fusion-column-first\" style=\"--awb-bg-size:cover;width:16.6666666667%;width:calc(16.6666666667% - ( ( 4% ) * 0.166666666667 ) );margin-right: 4%;\"><div class=\"fusion-column-wrapper fusion-flex-column-wrapper-legacy\"><div class=\"fusion-column-content-centered\"><div class=\"fusion-column-content\"><div class=\"fusion-sharing-box fusion-sharing-box-2 boxed-icons has-taglines layout-floated layout-medium-floated layout-small-floated\" style=\"background-color:#F6F6F6;--awb-layout:row;--awb-alignment-small:space-between;\" data-title=\"L\u2019oubli\u00e9e de la reconversion\" data-description=\"Et si Athus avait \u00e9t\u00e9 mise \u00e0 l\u2019\u00e9cart  \r\n\r\n40 ans apr\u00e8s, c\u2019est toujours vrai\u2009: la ville d\u2019Athus a \u00e9t\u00e9 la grande oubli\u00e9e de la reconversion \u00e9conomique du Sud-Luxembourg. \r\n\r\nOn ne refait pas l\u2019histoire, elle s\u2019impose \u00e0 nous, autant s\u2019en inspirer.\" data-link=\"https:\/\/grand-angle.lavenir.net\/usine-athus-40-ans\/loubliee-de-la-reconversion\/\"><div class=\"fusion-social-networks sharingbox-shortcode-icon-wrapper sharingbox-shortcode-icon-wrapper-2 boxed-icons\"><span><a href=\"https:\/\/www.facebook.com\/sharer.php?u=https%3A%2F%2Fgrand-angle.lavenir.net%2Fusine-athus-40-ans%2Floubliee-de-la-reconversion%2F&amp;t=L%E2%80%99oubli%C3%A9e%20de%20la%20reconversion\" target=\"_blank\" rel=\"noreferrer\" title=\"Facebook\" aria-label=\"Facebook\" data-placement=\"top\" data-toggle=\"tooltip\" data-title=\"Facebook\"><i class=\"fusion-social-network-icon fusion-tooltip fusion-facebook awb-icon-facebook\" style=\"color:#ffffff;background-color:#3b5998;border-color:#3b5998;border-radius:50%;\" aria-hidden=\"true\"><\/i><\/a><\/span><span><a href=\"https:\/\/x.com\/intent\/post?text=L%E2%80%99oubli%C3%A9e%20de%20la%20reconversion&amp;url=https%3A%2F%2Fgrand-angle.lavenir.net%2Fusine-athus-40-ans%2Floubliee-de-la-reconversion%2F\" target=\"_blank\" rel=\"noopener noreferrer\" title=\"X\" aria-label=\"X\" data-placement=\"top\" data-toggle=\"tooltip\" data-title=\"X\"><i class=\"fusion-social-network-icon fusion-tooltip fusion-twitter awb-icon-twitter\" style=\"color:#ffffff;background-color:#000000;border-color:#000000;border-radius:50%;\" aria-hidden=\"true\"><\/i><\/a><\/span><\/div><\/div><\/div><\/div><div class=\"fusion-clearfix\"><\/div><\/div><\/div><div class=\"fusion-layout-column fusion_builder_column fusion-builder-column-23 fusion_builder_column_5_6 5_6 fusion-five-sixth fusion-column-last\" style=\"--awb-bg-size:cover;width:83.3333333333%;width:calc(83.3333333333% - ( ( 4% ) * 0.833333333333 ) );\"><div class=\"fusion-column-wrapper fusion-flex-column-wrapper-legacy\"><div class=\"fusion-column-content-centered\"><div class=\"fusion-column-content\"><div class=\"fusion-text fusion-text-28\"><h3 style=\"text-align: left;\">Vous avez aim\u00e9 ou d\u00e9test\u00e9 ce reportage ?<\/h3>\n<\/div><div class=\"fusion-button-wrapper fusion-alignleft\"><a class=\"fusion-button button-flat fusion-button-default-size button-default fusion-button-default button-1 fusion-button-default-span fusion-button-default-type\" target=\"_self\" href=\"#\" data-toggle=\"modal\" data-target=\".fusion-modal.modalsondage\"><span class=\"fusion-button-text awb-button__text awb-button__text--default\">Donnez-nous votre avis !<\/span><\/a><\/div><\/div><\/div><div class=\"fusion-clearfix\"><\/div><\/div><\/div><\/div><\/div><div class=\"fusion-fullwidth fullwidth-box fusion-builder-row-13 nonhundred-percent-fullwidth non-hundred-percent-height-scrolling\" style=\"--awb-border-radius-top-left:0px;--awb-border-radius-top-right:0px;--awb-border-radius-bottom-right:0px;--awb-border-radius-bottom-left:0px;--awb-flex-wrap:wrap;\" ><div class=\"fusion-builder-row fusion-row\"><div class=\"fusion-layout-column fusion_builder_column fusion-builder-column-24 fusion_builder_column_1_1 1_1 fusion-one-full fusion-column-first fusion-column-last\" style=\"--awb-bg-size:cover;\"><div class=\"fusion-column-wrapper fusion-flex-column-wrapper-legacy\"><link rel=\"stylesheet\" href=\"https:\/\/www.lavenir.net\/extra\/content\/library\/venus\/src\/style.css\">\n<style>\n    .venus-modal-content{\n    \tbackground-color: #f2f2f2;\n\t    border: 1px solid #747474;\n\t    color: #747474 !important;\n\t    text-align: center;\n    \tpadding: 30px 30px 10px 30px;\n\t    margin: 0 auto;\n    }\n    .venus-modal-content img.logo{\n    \twidth: 250px;\n    \tmargin-bottom: 20px;\n    }\n    .venus-modal-content p{\n    \tcolor: #747474 !important;\n    \ttext-align: center !important;\n    \tfont-family: 'Merriweather';\n    \tfont-weight: 400;\n    }\n    .venus-modal-content p a{\n    \tfont-family: 'Cinzel', serif !important;\n    \tfont-size: 18px !important;\n    \tline-height: 24px !important;\n    \tcolor: #747474 !important;\n    \tpadding: 0 15px;\n    \tfont-weight: 700;\n    \ttext-transform: uppercase;\n    }\n    .venus-modal-content p img{\n    \twidth: 24px;\n    \tcolor: #B9133E !important;\n    }\n    @media screen and (max-width: 768px) {\n      .venus-modal-content{\n          width: 90%;\n      }\n    }\n<\/style>\n<div class=\"venus-modal\">\n    <div class=\"venus-modal-content\">\n        <p>Il y a 40 ans, l\u2019usine d\u2019Athus fermait d\u00e9finitivement ses portes.<\/p>\n        <p>La r\u00e9daction de l\u2019Avenir Luxembourg est partie \u00e0 la rencontre de ceux qui ont v\u00e9cu ce drame social.<\/p>\n        <p>Ils parlent du combat, de l\u2019ambiance \u00e0 l\u2019usine et des jours sombres.<\/p>\n        <p><a class=\"venus-modal-close\" href=\"#\">Continuer<\/a><\/p>\n    <\/div>\n<\/div>\n<script>\nconsole.log('cookie = '+getCookie('athusVisited') );\nif( getCookie('athusVisited') == \"\" ){\n\n\t\/\/ Lock le scroll de la page\n\tjQuery('body').css({'overflow': 'hidden'});\n\n\t\/\/ affiche la modal\n\tjQuery('div.venus-modal').addClass('show');\n\n\n\t\/\/ Fermeture de la modal\n\tjQuery('div.venus-modal').click(function (e) {\n\t\te.preventDefault();\n\t\tvenusModalClose();\n\t});\n\tjQuery('a.venus-modal-close').click(function (e) {\n\t\te.preventDefault();\n\t\tvenusModalClose();\n\t});\n\n\tfunction venusModalClose() {\n\t\t\/\/ On enleve la modal\n\t\tjQuery('div.venus-modal').removeClass('show');\n\n\t\t\/\/ On reactive le scroll\n\t\tjQuery('body').css({'overflow':'visible'});\n\n\t\tsetCookie('athusVisited', true, 30);\n\t}\n}\n\nfunction setCookie(cname, cvalue, exdays) {\n    var d = new Date();\n    d.setTime(d.getTime() + (exdays*24*60*60*1000));\n    var expires = \"expires=\"+ d.toUTCString();\n    document.cookie = cname + \"=\" + cvalue + \";\" + expires + \";path=\/\";\n}\nfunction getCookie(cname) {\n\tvar name = cname + \"=\";\n\tvar decodedCookie = decodeURIComponent(document.cookie);\n\tvar ca = decodedCookie.split(';');\n\tfor(var i = 0; i <ca.length; i++) {\n\t    var c = ca[i];\n\t    while (c.charAt(0) == ' ') {\n\t        c = c.substring(1);\n\t    }\n\t    if (c.indexOf(name) == 0) {\n\t        return c.substring(name.length, c.length);\n\t    }\n\t}\n\treturn \"\";\n}\n<\/script><div class=\"fusion-clearfix\"><\/div><\/div><\/div><\/div><\/div><\/p>\n","protected":false},"excerpt":{"rendered":"","protected":false},"author":3,"featured_media":0,"parent":0,"menu_order":0,"comment_status":"closed","ping_status":"closed","template":"100-width.php","meta":{"footnotes":""},"class_list":["post-295","page","type-page","status-publish","hentry"],"_links":{"self":[{"href":"https:\/\/grand-angle.lavenir.net\/usine-athus-40-ans\/wp-json\/wp\/v2\/pages\/295","targetHints":{"allow":["GET"]}}],"collection":[{"href":"https:\/\/grand-angle.lavenir.net\/usine-athus-40-ans\/wp-json\/wp\/v2\/pages"}],"about":[{"href":"https:\/\/grand-angle.lavenir.net\/usine-athus-40-ans\/wp-json\/wp\/v2\/types\/page"}],"author":[{"embeddable":true,"href":"https:\/\/grand-angle.lavenir.net\/usine-athus-40-ans\/wp-json\/wp\/v2\/users\/3"}],"replies":[{"embeddable":true,"href":"https:\/\/grand-angle.lavenir.net\/usine-athus-40-ans\/wp-json\/wp\/v2\/comments?post=295"}],"version-history":[{"count":0,"href":"https:\/\/grand-angle.lavenir.net\/usine-athus-40-ans\/wp-json\/wp\/v2\/pages\/295\/revisions"}],"wp:attachment":[{"href":"https:\/\/grand-angle.lavenir.net\/usine-athus-40-ans\/wp-json\/wp\/v2\/media?parent=295"}],"curies":[{"name":"wp","href":"https:\/\/api.w.org\/{rel}","templated":true}]}}