{"id":2,"date":"2017-09-04T09:52:26","date_gmt":"2017-09-04T07:52:26","guid":{"rendered":"https:\/\/grand-angle.lavenir.net\/usine-athus-40-ans\/?page_id=2"},"modified":"2018-04-12T14:49:34","modified_gmt":"2018-04-12T12:49:34","slug":"les-metallos-pleurent","status":"publish","type":"page","link":"https:\/\/grand-angle.lavenir.net\/usine-athus-40-ans\/les-metallos-pleurent\/","title":{"rendered":"Les m\u00e9tallos pleurent"},"content":{"rendered":"<p><div class=\"fusion-fullwidth fullwidth-box fusion-builder-row-1 nonhundred-percent-fullwidth non-hundred-percent-height-scrolling\" style=\"--awb-border-radius-top-left:0px;--awb-border-radius-top-right:0px;--awb-border-radius-bottom-right:0px;--awb-border-radius-bottom-left:0px;--awb-padding-bottom:0px;--awb-margin-top:-78px;--awb-flex-wrap:wrap;\" ><div class=\"fusion-builder-row fusion-row\"><div class=\"fusion-layout-column fusion_builder_column fusion-builder-column-0 fusion_builder_column_1_1 1_1 fusion-one-full fusion-column-first fusion-column-last\" style=\"--awb-padding-top:10px;--awb-padding-right:10px;--awb-padding-bottom:0px;--awb-padding-left:10px;--awb-bg-color:#ffeacc;--awb-bg-color-hover:#ffeacc;--awb-bg-size:cover;--awb-margin-bottom:0px;\"><div class=\"fusion-column-wrapper fusion-flex-column-wrapper-legacy\"><div class=\"fusion-text fusion-text-1\"><h1 style=\"text-align: center; margin: 0 !important;\">En 1979, la tron\u00e7onneuse du d\u00e9sespoir \u00e0 Arlon<\/h1>\n<\/div><div class=\"fusion-clearfix\"><\/div><\/div><\/div><\/div><\/div><div class=\"fusion-fullwidth fullwidth-box fusion-builder-row-2 nonhundred-percent-fullwidth non-hundred-percent-height-scrolling\" style=\"--awb-border-radius-top-left:0px;--awb-border-radius-top-right:0px;--awb-border-radius-bottom-right:0px;--awb-border-radius-bottom-left:0px;--awb-background-color:rgba(255,152,0,0.2);--awb-flex-wrap:wrap;\" ><div class=\"fusion-builder-row fusion-row\"><div class=\"fusion-layout-column fusion_builder_column fusion-builder-column-1 fusion_builder_column_1_1 1_1 fusion-one-full fusion-column-first fusion-column-last\" style=\"--awb-bg-size:cover;--awb-margin-bottom:0px;\"><div class=\"fusion-column-wrapper fusion-flex-column-wrapper-legacy\"><div class=\"fusion-text fusion-text-2\"><p>Michel Poncelet n\u2019avait que 23\u200a ans en 1977 et peu d\u2019exp\u00e9rience de permanent syndical des M\u00e9tallos de la CSC, lorsqu\u2019il a \u00e9t\u00e9 confront\u00e9 \u00e0 la crise de la sid\u00e9rurgie \u00e0 Athus. \u00ab\u2009La fermeture fut pour moi une trag\u00e9die. J\u2019ai vu des gens qui sortaient de l\u2019usine en pleurant.<br \/>\nCe qui m\u2019a frapp\u00e9, c\u2019est qu\u2019au plan wallon, il n\u2019y a eu aucune solidarit\u00e9.\u200aJ\u2019ai m\u00eame constat\u00e9 que certains de mes coll\u00e8gues de Li\u00e8ge, Charleroi, ont pr\u00e9f\u00e9r\u00e9 tirer la couverture de leur c\u00f4t\u00e9. Il ne faut pas oublier que les quotas de production perdus \u00e0 Athus partaient dans d\u2019autres bassins \u00e0 Li\u00e8ge et Charleroi\u2009\u00bb, raconte Michel Poncelet.<br \/>\nPouvait-on emp\u00eacher la fermeture\u2009?<br \/>\n\u00ab\u2009Certes, l\u2019outil d\u2019Athus \u00e9tait v\u00e9tuste, mais je reste convaincu que moyennant des investissements importants avec une restructuration humaine, on aurait pu garder une part d\u2019activit\u00e9s\u2009\u00bb, r\u00e9pond Michel Poncelet.<br \/>\nL\u2019ancien syndicaliste est aussi d\u2019avis qu\u2019avant 1977, il aurait fallu d\u00e9j\u00e0 anticiper en \u00ab\u2009menant une v\u00e9ritable politique de reconversion industrielle passant par la formation des sid\u00e9rurgistes.\u2009\u00bb<br \/>\nPlus tard, deux ans apr\u00e8s la fermeture d\u2019Athus, de nouveaux incidents sont survenus. \u00ab\u2009La Soci\u00e9t\u00e9 de diversification SDBL \u00e9tait exsangue, sans sou. Cette SDBL\u200a qui devait relancer les anciens sid\u00e9rurgistes dans de nouveaux projets. On attendait de nouveaux cr\u00e9dits de la R\u00e9gion wallonne pour poursuivre l\u2019assainissement du site d\u2019Athus.\u2009\u00bb<\/p>\n<\/div><div class=\"fusion-sharing-box fusion-sharing-box-1 boxed-icons has-taglines layout-floated layout-medium-floated layout-small-floated\" style=\"background-color:#ffeacc;--awb-layout:row;--awb-alignment-small:space-between;\" data-title=\"Les m\u00e9tallos pleurent\" data-description=\"En 1979, la tron\u00e7onneuse du d\u00e9sespoir \u00e0 Arlon  \r\n\r\nMichel Poncelet n\u2019avait que 23\u200a ans en 1977 et peu d\u2019exp\u00e9rience de permanent syndical des M\u00e9tallos de la CSC, lorsqu\u2019il a \u00e9t\u00e9 confront\u00e9 \u00e0 la crise de la sid\u00e9rurgie \u00e0 Athus. \u00ab\u2009La fermeture fut pour moi une trag\u00e9die. J\u2019ai\" data-link=\"https:\/\/grand-angle.lavenir.net\/usine-athus-40-ans\/les-metallos-pleurent\/\"><div class=\"fusion-social-networks sharingbox-shortcode-icon-wrapper sharingbox-shortcode-icon-wrapper-1 boxed-icons\"><span><a href=\"https:\/\/www.facebook.com\/sharer.php?u=https%3A%2F%2Fgrand-angle.lavenir.net%2Fusine-athus-40-ans%2Fles-metallos-pleurent%2F&amp;t=Les%20m%C3%A9tallos%20pleurent\" target=\"_blank\" rel=\"noreferrer\" title=\"Facebook\" aria-label=\"Facebook\" data-placement=\"top\" data-toggle=\"tooltip\" data-title=\"Facebook\"><i class=\"fusion-social-network-icon fusion-tooltip fusion-facebook awb-icon-facebook\" style=\"color:#ffffff;background-color:#3b5998;border-color:#3b5998;border-radius:50%;\" aria-hidden=\"true\"><\/i><\/a><\/span><span><a href=\"https:\/\/x.com\/intent\/post?text=Les%20m%C3%A9tallos%20pleurent&amp;url=https%3A%2F%2Fgrand-angle.lavenir.net%2Fusine-athus-40-ans%2Fles-metallos-pleurent%2F\" target=\"_blank\" rel=\"noopener noreferrer\" title=\"X\" aria-label=\"X\" data-placement=\"top\" data-toggle=\"tooltip\" data-title=\"X\"><i class=\"fusion-social-network-icon fusion-tooltip fusion-twitter awb-icon-twitter\" style=\"color:#ffffff;background-color:#000000;border-color:#000000;border-radius:50%;\" aria-hidden=\"true\"><\/i><\/a><\/span><\/div><\/div><div id=\"poool-widget\" style=\"clear: both;\"><\/div><div class=\"fusion-clearfix\"><\/div><\/div><\/div><\/div><\/div><div class=\"fusion-fullwidth fullwidth-box fusion-builder-row-3 nonhundred-percent-fullwidth non-hundred-percent-height-scrolling\" style=\"--awb-border-radius-top-left:0px;--awb-border-radius-top-right:0px;--awb-border-radius-bottom-right:0px;--awb-border-radius-bottom-left:0px;--awb-flex-wrap:wrap;\" ><div class=\"fusion-builder-row fusion-row\"><div class=\"fusion-layout-column fusion_builder_column fusion-builder-column-2 fusion_builder_column_1_2 1_2 fusion-one-half fusion-column-first\" style=\"--awb-bg-size:cover;width:50%;width:calc(50% - ( ( 4% ) * 0.5 ) );margin-right: 4%;\"><div class=\"fusion-column-wrapper fusion-flex-column-wrapper-legacy\"><div class=\"fusion-text fusion-text-3\"><h2>Un ouvrier d\u00e9coupe le comptoir<b> <\/b><\/h2>\n<\/div><div class=\"fusion-text fusion-text-4\"><p>Une manifestation a eu lieu place L\u00e9opold \u00e0 Arlon le 12\u200aoctobre 1979.\u200a Le syndicaliste du Setca, Jacques Hardy, exigeait au micro des investissements de la part des banques.<br \/>\n\u00ab\u2009Depuis la place L\u00e9opold, plusieurs manifestants ont alors improvis\u00e9 de se porter \u00e0 la G\u00e9n\u00e9rale de Banque, \u00e0 250 m\u00e8tres de l\u00e0. Et l\u00e0, tout est all\u00e9 tr\u00e8s vite.\u200aUn ouvrier d\u2019origine italienne de Battincourt a sorti sa tron\u00e7onneuse. Apr\u00e8s Athus, il avait \u00e9t\u00e9 plac\u00e9 dans les bois de Freyr, pr\u00e8s de Saint-Hubert. Il s\u2019est mis \u00e0 d\u00e9couper avec sa tron\u00e7onneuse un comptoir de la G\u00e9n\u00e9rale de Banque\u2009!<br \/>\nIl n\u2019aurait pas d\u00fb le faire bien s\u00fbr.\u200aMais tout allait mal.\u200aLa SDBL\u200a\u00e9tait tr\u00e8s mal g\u00e9r\u00e9e.\u200aIl fallait un exutoire.\u2009On est tous sortis de la banque.\u200aLes policiers \u00e9taient dehors, mais ont pr\u00e9f\u00e9r\u00e9 ne pas intervenir. Je crois que s\u2019ils l\u2019avaient fait, il y aurait eu une grosse \u00e9meute.\u2009\u00bb<\/p>\n<\/div><div class=\"fusion-clearfix\"><\/div><\/div><\/div><div class=\"fusion-layout-column fusion_builder_column fusion-builder-column-3 fusion_builder_column_1_2 1_2 fusion-one-half fusion-column-last\" style=\"--awb-bg-size:cover;width:50%;width:calc(50% - ( ( 4% ) * 0.5 ) );\"><div class=\"fusion-column-wrapper fusion-flex-column-wrapper-legacy\"><div class=\"fusion-text fusion-text-5\"><h2>Arr\u00eat\u00e9 par le juge Mergeai<\/h2>\n<p>Au cours des heures qui suivent, Michel Poncelet, en tant que responsable syndical, voit la police d\u00e9barquer chez lui \u00e0 6\u200ah du matin, avec un mandat d\u2019amener. \u00ab\u2009J\u2019ai \u00e9t\u00e9 emmen\u00e9 \u00e0 la gendarmerie d\u2019Arlon. \u200aOn m\u2019y a interrog\u00e9 de 8\u200a \u00e0 17\u200ah. J\u2019ai pu t\u00e9l\u00e9phoner cependant \u00e0 quelques responsables de mon syndicat ainsi qu\u2019\u00e0 Jo Mottet, le journaliste de l\u2019Avenir qui suivait nos combats. \u00c0 18\u200ah, le juge d\u2019instruction, Jean Mergeai, qui n\u2019\u00e9tait pas contraire, m\u2019a arr\u00eat\u00e9 et inculp\u00e9 de destruction de biens mobiliers en bande arm\u00e9e et d\u2019avoir \u00e9t\u00e9 le meneur de cette bande.<br \/>\nJe me suis retrouv\u00e9 emprisonn\u00e9 deux jours \u00e0 la rue L\u00e9on Castilhon, \u00e0 Arlon. Des heures vraiment sombres dans une cellule qu\u2019on partageait \u00e0 plusieurs.\u2009\u00bb<\/p>\n<\/div><div class=\"fusion-clearfix\"><\/div><\/div><\/div><div class=\"fusion-layout-column fusion_builder_column fusion-builder-column-4 fusion_builder_column_1_1 1_1 fusion-one-full fusion-column-first fusion-column-last\" style=\"--awb-bg-size:cover;\"><div class=\"fusion-column-wrapper fusion-flex-column-wrapper-legacy\"><center>\n<iframe src=\"https:\/\/www.sonuma.be\/player\/frame.php?env=7e1339754bcd060eb24ec5ef8c44f795&video=6738935\" width=\"80%\" height=\"360\" frameborder=\"0\" scrolling=\"no\" allowfullscreen> <\/iframe>\n<\/center><div class=\"fusion-clearfix\"><\/div><\/div><\/div><\/div><\/div><div class=\"fusion-fullwidth fullwidth-box fusion-builder-row-4 nonhundred-percent-fullwidth non-hundred-percent-height-scrolling\" style=\"--awb-border-radius-top-left:0px;--awb-border-radius-top-right:0px;--awb-border-radius-bottom-right:0px;--awb-border-radius-bottom-left:0px;--awb-flex-wrap:wrap;\" ><div class=\"fusion-builder-row fusion-row\"><div class=\"fusion-layout-column fusion_builder_column fusion-builder-column-5 fusion_builder_column_1_1 1_1 fusion-one-full fusion-column-first fusion-column-last\" style=\"--awb-bg-size:cover;\"><div class=\"fusion-column-wrapper fusion-flex-column-wrapper-legacy\"><div class=\"fusion-text fusion-text-6\"><p>Michel Poncelet raconte encore, avec beaucoup d\u2019\u00e9motion, que lorsqu\u2019il a r\u00e9int\u00e9gr\u00e9 les locaux de la CSC\u200aen face de la gare d\u2019Arlon juste apr\u00e8s sa lib\u00e9ration, 200 \u00e0 300 personnes l\u2019attendaient.\u200aEt l\u2019ont applaudi.<br \/>\nSon proc\u00e8s et celui de Jacques Hardy ont eu lieu quelques mois plus tard.\u200ails ont \u00e9t\u00e9 condamn\u00e9s \u00e0 6\u200amois de prison avec sursis. \u00ab\u2009Mais je retiendrai de cette p\u00e9riode toutes les marques de solidarit\u00e9 que nous avons re\u00e7ues. Notamment de MgrMathen, qui \u00e9tait l\u2019ancien doyen d\u2019Arlon et sensible aux questions sociales.\u2009\u00bb<\/p>\n<\/div><div class=\"fusion-clearfix\"><\/div><\/div><\/div><\/div><\/div><div class=\"fusion-fullwidth fullwidth-box fusion-builder-row-5 hundred-percent-fullwidth non-hundred-percent-height-scrolling\" style=\"--awb-border-radius-top-left:0px;--awb-border-radius-top-right:0px;--awb-border-radius-bottom-right:0px;--awb-border-radius-bottom-left:0px;--awb-padding-top:5px;--awb-padding-right:20px;--awb-flex-wrap:wrap;\" ><div class=\"fusion-builder-row fusion-row\"><div class=\"fusion-layout-column fusion_builder_column fusion-builder-column-6 fusion_builder_column_1_1 1_1 fusion-one-full fusion-column-first fusion-column-last\" style=\"--awb-bg-size:cover;\"><div class=\"fusion-column-wrapper fusion-flex-column-wrapper-legacy\"><div class=\"fusion-text fusion-text-7\"><p style=\"text-align: right;\">Le lundi 29 a\u00f4ut 1977, les ouvriers d&rsquo;Athus ont r\u00e9ussi \u00e0 occuper l&rsquo;ambassade du Grand-Duch\u00e9 \u00e0 Bruxelles.<\/p>\n<\/div><div class=\"fusion-clearfix\"><\/div><\/div><\/div><\/div><\/div><div class=\"fusion-bg-parallax\" data-bg-align=\"center center\" data-direction=\"down\" data-mute=\"false\" data-opacity=\"100\" data-velocity=\"-0.3\" data-mobile-enabled=\"false\" data-break_parents=\"0\" data-bg-image=\"https:\/\/grand-angle.lavenir.net\/usine-athus-40-ans\/wp-content\/uploads\/sites\/27\/2017\/09\/occupation-ambassade-grand-duche-2.jpg\" data-bg-repeat=\"false\" ><\/div><div class=\"fusion-fullwidth fullwidth-box fusion-builder-row-6 fusion-parallax-down nonhundred-percent-fullwidth non-hundred-percent-height-scrolling\" style=\"--awb-border-radius-top-left:0px;--awb-border-radius-top-right:0px;--awb-border-radius-bottom-right:0px;--awb-border-radius-bottom-left:0px;--awb-padding-top:50%;--awb-padding-bottom:50%;--awb-background-image:url(&quot;https:\/\/grand-angle.lavenir.net\/usine-athus-40-ans\/wp-content\/uploads\/sites\/27\/2017\/09\/occupation-ambassade-grand-duche-2.jpg&quot;);--awb-background-size:cover;--awb-flex-wrap:wrap;\" ><div class=\"fusion-builder-row fusion-row\"><div class=\"fusion-layout-column fusion_builder_column fusion-builder-column-7 fusion_builder_column_1_1 1_1 fusion-one-full fusion-column-first fusion-column-last\" style=\"--awb-bg-size:cover;\"><div class=\"fusion-column-wrapper fusion-flex-column-wrapper-legacy\"><div class=\"fusion-clearfix\"><\/div><\/div><\/div><\/div><\/div><div class=\"fusion-fullwidth fullwidth-box fusion-builder-row-7 nonhundred-percent-fullwidth non-hundred-percent-height-scrolling\" style=\"--awb-border-radius-top-left:0px;--awb-border-radius-top-right:0px;--awb-border-radius-bottom-right:0px;--awb-border-radius-bottom-left:0px;--awb-padding-bottom:0px;--awb-margin-top:-77px;--awb-flex-wrap:wrap;\" ><div class=\"fusion-builder-row fusion-row\"><div class=\"fusion-layout-column fusion_builder_column fusion-builder-column-8 fusion_builder_column_1_1 1_1 fusion-one-full fusion-column-first fusion-column-last\" style=\"--awb-padding-top:10px;--awb-padding-right:10px;--awb-padding-left:10px;--awb-bg-color:#ffffff;--awb-bg-color-hover:#ffffff;--awb-bg-size:cover;--awb-margin-bottom:0px;\"><div class=\"fusion-column-wrapper fusion-flex-column-wrapper-legacy\"><div class=\"fusion-text fusion-text-8\"><h1 style=\"text-align: center; margin: 0 !important;\">\u00ab\u2009Ils ont pr\u00e9f\u00e9r\u00e9 laisser crever la b\u00eate\u2009\u00bb<\/h1>\n<\/div><div class=\"fusion-clearfix\"><\/div><\/div><\/div><\/div><\/div><div class=\"fusion-fullwidth fullwidth-box fusion-builder-row-8 nonhundred-percent-fullwidth non-hundred-percent-height-scrolling\" style=\"--awb-border-radius-top-left:0px;--awb-border-radius-top-right:0px;--awb-border-radius-bottom-right:0px;--awb-border-radius-bottom-left:0px;--awb-flex-wrap:wrap;\" ><div class=\"fusion-builder-row fusion-row\"><div class=\"fusion-layout-column fusion_builder_column fusion-builder-column-9 fusion_builder_column_1_1 1_1 fusion-one-full fusion-column-first fusion-column-last\" style=\"--awb-bg-size:cover;\"><div class=\"fusion-column-wrapper fusion-flex-column-wrapper-legacy\"><div class=\"fusion-text fusion-text-9\"><p>Il a \u00e9t\u00e9 l\u2019initiateur d\u2019actions qui ont marqu\u00e9 les esprits, comme l\u2019occupation de l\u2019ambassade du Grand-Duch\u00e9 \u00e0 Bruxelles, le blocage du train europ\u00e9en Trans-Europe-Express, \u00e0 Arlon, ou le saccage par un manifestant arm\u00e9 d\u2019une tron\u00e7onneuse, du bureau de la Soci\u00e9t\u00e9 g\u00e9n\u00e9rale de banque o\u00f9 Jacques Hardy avait dirig\u00e9 les ouvriers en col\u00e8re. \u00ab\u2009Je n\u2019\u00e9tais pas l\u2019homme qui a tron\u00e7onn\u00e9 le bureau de la G\u00e9n\u00e9rale \u00e0 Arlon, mais on a fait de moi l\u2019homme \u00e0 la tron\u00e7onneuse pour me faire passer pour un agitateur. Je suis all\u00e9 en prison avec d\u2019autres syndicalistes parce que nous nous \u00e9tions attaqu\u00e9s \u00e0 une puissance financi\u00e8re\u2009\u00bb, clame Jacques Hardy aujourd\u2019hui depuis sa retraite du Berry, en France, o\u00f9 il vit avec son \u00e9pouse qui a \u00e9crit un livre complet sur sa vie.<\/p>\n<\/div><center><iframe src=\"https:\/\/www.sonuma.be\/player\/frame.php?env=7e1339754bcd060eb24ec5ef8c44f795&video=6714091\" width=\"80%\" height=\"360\" frameborder=\"0\" scrolling=\"no\" allowfullscreen> <\/iframe><\/center><div class=\"fusion-text fusion-text-10\"><p>\u00ab\u2009Le probl\u00e8me c\u2019\u00e9tait que les actionnaires vivaient sur la b\u00eate sans investir. Ils n\u2019ont pas anticip\u00e9 l\u2019\u00e9volution \u00e9conomique et l\u2019outil est devenu vieillot. La b\u00eate a fini par crever.\u200aLes holdings et des groupes financiers, surtout celui de la G\u00e9n\u00e9rale, de la Compagnie Bruxelles Lambert et de la Cobepa pr\u00e9f\u00e9raient effectuer des placements et engranger des b\u00e9n\u00e9fices plut\u00f4t que de donner aux entreprises qu\u2019elles sous-tendaient financi\u00e8rement, les moyens de se recycler.\u200aMoi, je ne voulais pas d\u2019une solution sociale seule. Il fallait, pour que les ouvriers retrouvent du travail, un plan \u00e9conomique\u2009\u00bb, ajoute-t-il.<\/p>\n<\/div><div class=\"fusion-text fusion-text-11\"><h2>\u00ab\u2009On a \u00e9vit\u00e9 des morts\u2009\u00bb<\/h2>\n<\/div><div class=\"fusion-text fusion-text-12\"><p>L\u2019usine fermait tandis que celle de Rodange, juste en face continuait de tourner \u00e0 plein. Injuste pour les Athusiens qui \u00ab\u2009voulaient aller casser du Luxembourgeois\u2009\u00bb. Un fort dispositif policier bien install\u00e9 sur la fronti\u00e8re les emp\u00eache de passer r\u00e9gler leurs comptes. \u00ab\u2009S\u2019ils \u00e9taient pass\u00e9s, il y aurait eu des tu\u00e9s\u2009\u00bb, dit Jacques Hardy. C\u2019est l\u00e0 qu\u2019il va montrer tout son g\u00e9nie. Il promet aux ouvriers, pour les calmer, \u00ab\u2009de les conduire au Grand-Duch\u00e9 un peu plus tard.\u2009\u00bb<\/p>\n<\/div><div class=\"fusion-image-element fusion-image-align-center in-legacy-container\" style=\"text-align:center;--awb-bottom-shadow-color:rgba(0,0,0,0.4);--awb-caption-title-font-family:var(--h2_typography-font-family);--awb-caption-title-font-weight:var(--h2_typography-font-weight);--awb-caption-title-font-style:var(--h2_typography-font-style);--awb-caption-title-size:var(--h2_typography-font-size);--awb-caption-title-transform:var(--h2_typography-text-transform);--awb-caption-title-line-height:var(--h2_typography-line-height);--awb-caption-title-letter-spacing:var(--h2_typography-letter-spacing);\"><div class=\"imageframe-align-center\"><div class=\"awb-image-frame awb-image-frame-1 imageframe-liftup awb-bottomshadow fusion-animated\" data-animationType=\"fadeInLeft\" data-animationDuration=\"0.3\" data-animationOffset=\"top-into-view\"><span class=\" fusion-imageframe imageframe-bottomshadow imageframe-1\"><img decoding=\"async\" width=\"2084\" height=\"1480\" title=\"occupation ambassade grand duche (1)\" src=\"https:\/\/grand-angle.lavenir.net\/usine-athus-40-ans\/wp-content\/uploads\/sites\/27\/2017\/09\/occupation-ambassade-grand-duche-1.jpg\" alt class=\"img-responsive wp-image-11\" srcset=\"https:\/\/grand-angle.lavenir.net\/usine-athus-40-ans\/wp-content\/uploads\/sites\/27\/2017\/09\/occupation-ambassade-grand-duche-1-200x142.jpg 200w, https:\/\/grand-angle.lavenir.net\/usine-athus-40-ans\/wp-content\/uploads\/sites\/27\/2017\/09\/occupation-ambassade-grand-duche-1-400x284.jpg 400w, https:\/\/grand-angle.lavenir.net\/usine-athus-40-ans\/wp-content\/uploads\/sites\/27\/2017\/09\/occupation-ambassade-grand-duche-1-600x426.jpg 600w, https:\/\/grand-angle.lavenir.net\/usine-athus-40-ans\/wp-content\/uploads\/sites\/27\/2017\/09\/occupation-ambassade-grand-duche-1-800x568.jpg 800w, https:\/\/grand-angle.lavenir.net\/usine-athus-40-ans\/wp-content\/uploads\/sites\/27\/2017\/09\/occupation-ambassade-grand-duche-1-1200x852.jpg 1200w, https:\/\/grand-angle.lavenir.net\/usine-athus-40-ans\/wp-content\/uploads\/sites\/27\/2017\/09\/occupation-ambassade-grand-duche-1.jpg 2084w\" sizes=\"(max-width: 800px) 100vw, 1200px\" \/><\/span><svg xmlns=\"http:\/\/www.w3.org\/2000\/svg\" version=\"1.1\" width=\"100%\" viewBox=\"0 0 600 28\" preserveAspectRatio=\"none\"><g clip-path=\"url(#a)\"><mask id=\"b\" style=\"mask-type:luminance\" maskUnits=\"userSpaceOnUse\" x=\"0\" y=\"0\" width=\"600\" height=\"28\"><path d=\"M0 0h600v28H0V0Z\" fill=\"#fff\"\/><\/mask><g filter=\"url(#c)\" mask=\"url(#b)\"><path d=\"M16.439-18.667h567.123v30.8S438.961-8.4 300-8.4C161.04-8.4 16.438 12.133 16.438 12.133v-30.8Z\" fill=\"#000\"\/><\/g><\/g><defs><clipPath id=\"a\"><path fill=\"#fff\" d=\"M0 0h600v28H0z\"\/><\/clipPath><filter id=\"c\" x=\"5.438\" y=\"-29.667\" width=\"589.123\" height=\"52.8\" filterUnits=\"userSpaceOnUse\" color-interpolation-filters=\"sRGB\"><feFlood flood-opacity=\"0\" result=\"BackgroundImageFix\"\/><feBlend in=\"SourceGraphic\" in2=\"BackgroundImageFix\" result=\"shape\"\/><feGaussianBlur stdDeviation=\"5.5\" result=\"effect1_foregroundBlur_3983_183\"\/><\/filter><\/defs><\/svg><\/div><\/div><\/div><div class=\"fusion-text fusion-text-13\"><p style=\"margin-top: 20px;\">\u00ab\u2009Fin ao\u00fbt 1977, j\u2019avais promis aux travailleurs d\u2019aller au Grand-Duch\u00e9 pour agir aupr\u00e8s du gouvernement luxembourgeois qui avait directement des participations financi\u00e8res dans l\u2019Arbed et un pouvoir d\u00e9cisionnel dans la MMRA. Je savais aussi qu\u2019une petite \u00e9tincelle aurait d\u00e9bouch\u00e9 sur une guerre entre ouvriers des deux sites. Avec le pire \u00e0 craindre \u00e0 la clef. J\u2019ai donc imagin\u00e9 cette manifestation \u00e0 Bruxelles le lundi \u00a029\u200aao\u00fbt 1977. La cible annonc\u00e9e \u00e9tait la CEE, mais une fois sur place les occupants des six cars bond\u00e9s de travailleurs d\u2019Athus, se sont engouffr\u00e9s dans l\u2019ambassade grand-ducale en face des Communaut\u00e9s\u2009! J\u2019avais tenu parole : j\u2019avais emmen\u00e9 les travailleurs en territoire luxembourgeois. J\u2019ai n\u00e9goci\u00e9 avec l\u2019ambassadeur qui a promis d\u2019intervenir aupr\u00e8s de son gouvernement. Nous sommes repartis dignement, les esprits \u00e9taient calm\u00e9s.\u2009On avait \u00e9vit\u00e9 le pire.\u2009\u00bb<\/p>\n<\/div><div class=\"fusion-clearfix\"><\/div><\/div><\/div><div class=\"fusion-layout-column fusion_builder_column fusion-builder-column-10 fusion_builder_column_1_2 1_2 fusion-one-half fusion-column-first\" style=\"--awb-bg-size:cover;width:50%;width:calc(50% - ( ( 4% ) * 0.5 ) );margin-right: 4%;\"><div class=\"fusion-column-wrapper fusion-flex-column-wrapper-legacy\"><div class=\"fusion-text fusion-text-14\"><p style=\"font-size: 12px;\"><strong>Pour en savoir plus :<\/strong> Livre: \u00ab\u2009Jacques Hardy, Robin des Bois ou Don Quichotte\u2009\u00bb \u00a0par Marie Du Berry, \u00e9ditions CPE<\/p>\n<\/div><div class=\"fusion-clearfix\"><\/div><\/div><\/div><div class=\"fusion-layout-column fusion_builder_column fusion-builder-column-11 fusion_builder_column_1_2 1_2 fusion-one-half fusion-column-last\" style=\"--awb-bg-size:cover;width:50%;width:calc(50% - ( ( 4% ) * 0.5 ) );\"><div class=\"fusion-column-wrapper fusion-flex-column-wrapper-legacy\"><div class=\"fusion-clearfix\"><\/div><\/div><\/div><\/div><\/div><div class=\"fusion-fullwidth fullwidth-box fusion-builder-row-9 nonhundred-percent-fullwidth non-hundred-percent-height-scrolling\" style=\"--awb-border-radius-top-left:0px;--awb-border-radius-top-right:0px;--awb-border-radius-bottom-right:0px;--awb-border-radius-bottom-left:0px;--awb-flex-wrap:wrap;\" ><div class=\"fusion-builder-row fusion-row\"><div class=\"fusion-layout-column fusion_builder_column fusion-builder-column-12 fusion_builder_column_1_1 1_1 fusion-one-full fusion-column-first fusion-column-last\" style=\"--awb-bg-size:cover;\"><div class=\"fusion-column-wrapper fusion-flex-column-wrapper-legacy\"><div class=\"fusion-text fusion-text-15\"><h2 style=\"text-align: center;\">Les autres chapitres<\/h2>\n<\/div><div class=\"fusion-sep-clear\"><\/div><div class=\"fusion-separator\" style=\"margin-left: auto;margin-right: auto;width:100%;max-width:33%;\"><div class=\"fusion-separator-border sep-single sep-solid\" style=\"--awb-height:20px;--awb-amount:20px;border-color:#e0dede;border-top-width:1px;\"><\/div><\/div><div class=\"fusion-sep-clear\"><\/div><div class=\"fusion-clearfix\"><\/div><\/div><\/div><div class=\"fusion-layout-column fusion_builder_column fusion-builder-column-13 fusion_builder_column_1_2 1_2 fusion-one-half fusion-column-first\" style=\"--awb-bg-size:cover;width:50%;width:calc(50% - ( ( 4% ) * 0.5 ) );margin-right: 4%;\"><div class=\"fusion-column-wrapper fusion-flex-column-wrapper-legacy\"><div class=\"chapitre\">\n<a href=\"https:\/\/grand-angle.lavenir.net\/usine-athus-40-ans\">\n<figure class=\"effect-goliath\"><img decoding=\"async\" class=\"alignnone size-large wp-image-18\" src=\"https:\/\/grand-angle.lavenir.net\/usine-athus-40-ans\/wp-content\/uploads\/sites\/27\/2017\/09\/usine-low-1.jpg\" alt=\"\" ><img class=\"alignnone size-large wp-image-27 hover\" src=https:\/\/grand-angle.lavenir.net\/usine-athus-40-ans\/wp-content\/uploads\/sites\/27\/2017\/09\/usine-low-1.jpg\" alt=\"\" ><figcaption>\n<h2 data-fontsize=\"24\" data-lineheight=\"36\">Accueil<\/h2>\n<p>\nIl y a 40 ans, Athus mourait\n<\/p>\n<\/figcaption><\/figure>\n<\/a>\n\n<\/div><div class=\"fusion-clearfix\"><\/div><\/div><\/div><div class=\"fusion-layout-column fusion_builder_column fusion-builder-column-14 fusion_builder_column_1_2 1_2 fusion-one-half fusion-column-last\" style=\"--awb-bg-size:cover;width:50%;width:calc(50% - ( ( 4% ) * 0.5 ) );\"><div class=\"fusion-column-wrapper fusion-flex-column-wrapper-legacy\"><div class=\"chapitre\">\n<a href=\"https:\/\/grand-angle.lavenir.net\/usine-athus-40-ans\/paroles-douvriers\/\">\n<figure class=\"effect-goliath\"><img decoding=\"async\" class=\"alignnone size-large wp-image-18\" src=\"https:\/\/grand-angle.lavenir.net\/usine-athus-40-ans\/wp-content\/uploads\/sites\/27\/2017\/09\/vlcsnap-00003.png\" alt=\"\" ><img decoding=\"async\" class=\"alignnone size-large wp-image-27 hover\" src=\"https:\/\/grand-angle.lavenir.net\/usine-athus-40-ans\/wp-content\/uploads\/sites\/27\/2017\/09\/vlcsnap-00003.png\" alt=\"\" ><figcaption>\n<h2 data-fontsize=\"24\" data-lineheight=\"36\">Chapitre II<\/h2>\n<p>\nParoles d'ouvriers\n<\/p>\n<\/figcaption><\/figure>\n<\/a>\n\n<\/div><div class=\"fusion-clearfix\"><\/div><\/div><\/div><\/div><\/div><div class=\"fusion-fullwidth fullwidth-box fusion-builder-row-10 nonhundred-percent-fullwidth non-hundred-percent-height-scrolling fusion-equal-height-columns\" style=\"--awb-border-radius-top-left:0px;--awb-border-radius-top-right:0px;--awb-border-radius-bottom-right:0px;--awb-border-radius-bottom-left:0px;--awb-background-color:#f6f6f6;--awb-flex-wrap:wrap;\" ><div class=\"fusion-builder-row fusion-row\"><div class=\"fusion-layout-column fusion_builder_column fusion-builder-column-15 fusion_builder_column_1_6 1_6 fusion-one-sixth fusion-column-first\" style=\"--awb-bg-size:cover;width:16.6666666667%;width:calc(16.6666666667% - ( ( 4% ) * 0.166666666667 ) );margin-right: 4%;\"><div class=\"fusion-column-wrapper fusion-flex-column-wrapper-legacy\"><div class=\"fusion-column-content-centered\"><div class=\"fusion-column-content\"><div class=\"fusion-sharing-box fusion-sharing-box-2 boxed-icons has-taglines layout-floated layout-medium-floated layout-small-floated\" style=\"background-color:#F6F6F6;--awb-layout:row;--awb-alignment-small:space-between;\" data-title=\"Les m\u00e9tallos pleurent\" data-description=\"En 1979, la tron\u00e7onneuse du d\u00e9sespoir \u00e0 Arlon  \r\n\r\nMichel Poncelet n\u2019avait que 23\u200a ans en 1977 et peu d\u2019exp\u00e9rience de permanent syndical des M\u00e9tallos de la CSC, lorsqu\u2019il a \u00e9t\u00e9 confront\u00e9 \u00e0 la crise de la sid\u00e9rurgie \u00e0 Athus. \u00ab\u2009La fermeture fut pour moi une trag\u00e9die. J\u2019ai\" data-link=\"https:\/\/grand-angle.lavenir.net\/usine-athus-40-ans\/les-metallos-pleurent\/\"><div class=\"fusion-social-networks sharingbox-shortcode-icon-wrapper sharingbox-shortcode-icon-wrapper-2 boxed-icons\"><span><a href=\"https:\/\/www.facebook.com\/sharer.php?u=https%3A%2F%2Fgrand-angle.lavenir.net%2Fusine-athus-40-ans%2Fles-metallos-pleurent%2F&amp;t=Les%20m%C3%A9tallos%20pleurent\" target=\"_blank\" rel=\"noreferrer\" title=\"Facebook\" aria-label=\"Facebook\" data-placement=\"top\" data-toggle=\"tooltip\" data-title=\"Facebook\"><i class=\"fusion-social-network-icon fusion-tooltip fusion-facebook awb-icon-facebook\" style=\"color:#ffffff;background-color:#3b5998;border-color:#3b5998;border-radius:50%;\" aria-hidden=\"true\"><\/i><\/a><\/span><span><a href=\"https:\/\/x.com\/intent\/post?text=Les%20m%C3%A9tallos%20pleurent&amp;url=https%3A%2F%2Fgrand-angle.lavenir.net%2Fusine-athus-40-ans%2Fles-metallos-pleurent%2F\" target=\"_blank\" rel=\"noopener noreferrer\" title=\"X\" aria-label=\"X\" data-placement=\"top\" data-toggle=\"tooltip\" data-title=\"X\"><i class=\"fusion-social-network-icon fusion-tooltip fusion-twitter awb-icon-twitter\" style=\"color:#ffffff;background-color:#000000;border-color:#000000;border-radius:50%;\" aria-hidden=\"true\"><\/i><\/a><\/span><\/div><\/div><\/div><\/div><div class=\"fusion-clearfix\"><\/div><\/div><\/div><div class=\"fusion-layout-column fusion_builder_column fusion-builder-column-16 fusion_builder_column_5_6 5_6 fusion-five-sixth fusion-column-last\" style=\"--awb-bg-size:cover;width:83.3333333333%;width:calc(83.3333333333% - ( ( 4% ) * 0.833333333333 ) );\"><div class=\"fusion-column-wrapper fusion-flex-column-wrapper-legacy\"><div class=\"fusion-column-content-centered\"><div class=\"fusion-column-content\"><div class=\"fusion-text fusion-text-16\"><h3 style=\"text-align: left;\">Vous avez aim\u00e9 ou d\u00e9test\u00e9 ce reportage ?<\/h3>\n<\/div><div class=\"fusion-alignleft\"><a class=\"fusion-button button-flat fusion-button-default-size button-default fusion-button-default button-1 fusion-button-default-span fusion-button-default-type\" target=\"_self\" href=\"#\" data-toggle=\"modal\" data-target=\".fusion-modal.modalsondage\"><span class=\"fusion-button-text awb-button__text awb-button__text--default\">Donnez-nous votre avis !<\/span><\/a><\/div><\/div><\/div><div class=\"fusion-clearfix\"><\/div><\/div><\/div><\/div><\/div><div class=\"fusion-fullwidth fullwidth-box fusion-builder-row-11 nonhundred-percent-fullwidth non-hundred-percent-height-scrolling\" style=\"--awb-border-radius-top-left:0px;--awb-border-radius-top-right:0px;--awb-border-radius-bottom-right:0px;--awb-border-radius-bottom-left:0px;--awb-flex-wrap:wrap;\" ><div class=\"fusion-builder-row fusion-row\"><div class=\"fusion-layout-column fusion_builder_column fusion-builder-column-17 fusion_builder_column_1_1 1_1 fusion-one-full fusion-column-first fusion-column-last\" style=\"--awb-bg-size:cover;\"><div class=\"fusion-column-wrapper fusion-flex-column-wrapper-legacy\"><div class=\"fusion-modal modal fade modal-1 modalsondage\" tabindex=\"-1\" role=\"dialog\" aria-labelledby=\"modal-heading-1\" aria-hidden=\"true\" style=\"--awb-border-color:#ebebeb;--awb-background:#f6f6f6;\"><div class=\"modal-dialog modal-lg\" role=\"document\"><div class=\"modal-content fusion-modal-content\"><div class=\"modal-header\"><button class=\"close\" type=\"button\" data-dismiss=\"modal\" aria-hidden=\"true\" aria-label=\"Close\">&times;<\/button><h3 class=\"modal-title\" id=\"modal-heading-1\" data-dismiss=\"modal\" aria-hidden=\"true\">La r\u00e9daction souhaite avoir votre avis sur le sujet que vous venez de lire :<\/h3><\/div><div class=\"modal-body fusion-clearfix\">\n<div id=\"qualifio_insert_place_373499\" class=\"qualifio_iframe_wrapper\"><\/div>\n<p><script type=\"text\/javascript\">\n(function(b,o,n,u,s)) (document,window,'_qual_async','script','\/\/qualifio.lavenir.net\/kit\/qualp.2.min.js');\n_qual_async.push(['createIframe', 'qualifio_insert_place_373499', 'qualifio.lavenir.net', '20', '2A46BB64-0537-9CC6-0787-774676E6ACDE', '100%', '1200', '', '', '', 'max-width:810px;margin:0 auto;']);\n<\/script><\/div><\/div><\/div><\/div><div class=\"fusion-clearfix\"><\/div><\/div><\/div><\/div><\/div><div class=\"fusion-fullwidth fullwidth-box fusion-builder-row-12 nonhundred-percent-fullwidth non-hundred-percent-height-scrolling\" style=\"--awb-border-radius-top-left:0px;--awb-border-radius-top-right:0px;--awb-border-radius-bottom-right:0px;--awb-border-radius-bottom-left:0px;--awb-flex-wrap:wrap;\" ><div class=\"fusion-builder-row fusion-row\"><div class=\"fusion-layout-column fusion_builder_column fusion-builder-column-18 fusion_builder_column_1_1 1_1 fusion-one-full fusion-column-first fusion-column-last\" style=\"--awb-bg-size:cover;\"><div class=\"fusion-column-wrapper fusion-flex-column-wrapper-legacy\"><link rel=\"stylesheet\" href=\"https:\/\/www.lavenir.net\/extra\/content\/library\/venus\/src\/style.css\">\n<style>\n    .venus-modal-content{\n    \tbackground-color: #f2f2f2;\n\t    border: 1px solid #747474;\n\t    color: #747474 !important;\n\t    text-align: center;\n    \tpadding: 30px 30px 10px 30px;\n\t    margin: 0 auto;\n    }\n    .venus-modal-content img.logo{\n    \twidth: 250px;\n    \tmargin-bottom: 20px;\n    }\n    .venus-modal-content p{\n    \tcolor: #747474 !important;\n    \ttext-align: center !important;\n    \tfont-family: 'Merriweather';\n    \tfont-weight: 400;\n    }\n    .venus-modal-content p a{\n    \tfont-family: 'Cinzel', serif !important;\n    \tfont-size: 18px !important;\n    \tline-height: 24px !important;\n    \tcolor: #747474 !important;\n    \tpadding: 0 15px;\n    \tfont-weight: 700;\n    \ttext-transform: uppercase;\n    }\n    .venus-modal-content p img{\n    \twidth: 24px;\n    \tcolor: #B9133E !important;\n    }\n    @media screen and (max-width: 768px) {\n      .venus-modal-content{\n          width: 90%;\n      }\n    }\n<\/style>\n<div class=\"venus-modal\">\n    <div class=\"venus-modal-content\">\n        <p>Il y a 40 ans, l\u2019usine d\u2019Athus fermait d\u00e9finitivement ses portes.<\/p>\n        <p>La r\u00e9daction de l\u2019Avenir Luxembourg est partie \u00e0 la rencontre de ceux qui ont v\u00e9cu ce drame social.<\/p>\n        <p>Ils parlent du combat, de l\u2019ambiance \u00e0 l\u2019usine et des jours sombres.<\/p>\n        <p><a class=\"venus-modal-close\" href=\"#\">Continuer<\/a><\/p>\n    <\/div>\n<\/div>\n<script>\nconsole.log('cookie = '+getCookie('athusVisited') );\nif( getCookie('athusVisited') == \"\" ){\n\n\t\/\/ Lock le scroll de la page\n\tjQuery('body').css({'overflow': 'hidden'});\n\n\t\/\/ affiche la modal\n\tjQuery('div.venus-modal').addClass('show');\n\n\n\t\/\/ Fermeture de la modal\n\tjQuery('div.venus-modal').click(function (e) {\n\t\te.preventDefault();\n\t\tvenusModalClose();\n\t});\n\tjQuery('a.venus-modal-close').click(function (e) {\n\t\te.preventDefault();\n\t\tvenusModalClose();\n\t});\n\n\tfunction venusModalClose() {\n\t\t\/\/ On enleve la modal\n\t\tjQuery('div.venus-modal').removeClass('show');\n\n\t\t\/\/ On reactive le scroll\n\t\tjQuery('body').css({'overflow':'visible'});\n\n\t\tsetCookie('athusVisited', true, 30);\n\t}\n}\n\nfunction setCookie(cname, cvalue, exdays) {\n    var d = new Date();\n    d.setTime(d.getTime() + (exdays*24*60*60*1000));\n    var expires = \"expires=\"+ d.toUTCString();\n    document.cookie = cname + \"=\" + cvalue + \";\" + expires + \";path=\/\";\n}\nfunction getCookie(cname) {\n\tvar name = cname + \"=\";\n\tvar decodedCookie = decodeURIComponent(document.cookie);\n\tvar ca = decodedCookie.split(';');\n\tfor(var i = 0; i <ca.length; i++) {\n\t    var c = ca[i];\n\t    while (c.charAt(0) == ' ') {\n\t        c = c.substring(1);\n\t    }\n\t    if (c.indexOf(name) == 0) {\n\t        return c.substring(name.length, c.length);\n\t    }\n\t}\n\treturn \"\";\n}\n<\/script><div class=\"fusion-clearfix\"><\/div><\/div><\/div><\/div><\/div><\/p>\n","protected":false},"excerpt":{"rendered":"","protected":false},"author":1,"featured_media":0,"parent":0,"menu_order":0,"comment_status":"closed","ping_status":"open","template":"100-width.php","meta":{"footnotes":""},"class_list":["post-2","page","type-page","status-publish","hentry"],"_links":{"self":[{"href":"https:\/\/grand-angle.lavenir.net\/usine-athus-40-ans\/wp-json\/wp\/v2\/pages\/2","targetHints":{"allow":["GET"]}}],"collection":[{"href":"https:\/\/grand-angle.lavenir.net\/usine-athus-40-ans\/wp-json\/wp\/v2\/pages"}],"about":[{"href":"https:\/\/grand-angle.lavenir.net\/usine-athus-40-ans\/wp-json\/wp\/v2\/types\/page"}],"author":[{"embeddable":true,"href":"https:\/\/grand-angle.lavenir.net\/usine-athus-40-ans\/wp-json\/wp\/v2\/users\/1"}],"replies":[{"embeddable":true,"href":"https:\/\/grand-angle.lavenir.net\/usine-athus-40-ans\/wp-json\/wp\/v2\/comments?post=2"}],"version-history":[{"count":0,"href":"https:\/\/grand-angle.lavenir.net\/usine-athus-40-ans\/wp-json\/wp\/v2\/pages\/2\/revisions"}],"wp:attachment":[{"href":"https:\/\/grand-angle.lavenir.net\/usine-athus-40-ans\/wp-json\/wp\/v2\/media?parent=2"}],"curies":[{"name":"wp","href":"https:\/\/api.w.org\/{rel}","templated":true}]}}