{"id":264,"date":"2019-10-07T11:35:15","date_gmt":"2019-10-07T09:35:15","guid":{"rendered":"https:\/\/grand-angle.lavenir.net\/rainbow-warrior\/?page_id=264"},"modified":"2020-01-13T16:28:37","modified_gmt":"2020-01-13T15:28:37","slug":"revolution-chez-greenpeace","status":"publish","type":"page","link":"https:\/\/grand-angle.lavenir.net\/rainbow-warrior\/revolution-chez-greenpeace\/","title":{"rendered":"(R)\u00e9volution chez Greenpeace"},"content":{"rendered":"<p><div class=\"fusion-fullwidth fullwidth-box fusion-builder-row-1 nonhundred-percent-fullwidth non-hundred-percent-height-scrolling\" style=\"--awb-border-radius-top-left:0px;--awb-border-radius-top-right:0px;--awb-border-radius-bottom-right:0px;--awb-border-radius-bottom-left:0px;--awb-flex-wrap:wrap;\" ><div class=\"fusion-builder-row fusion-row\"><div class=\"fusion-layout-column fusion_builder_column fusion-builder-column-0 fusion_builder_column_1_1 1_1 fusion-one-full fusion-column-first fusion-column-last\" style=\"--awb-bg-size:cover;\"><div class=\"fusion-column-wrapper fusion-column-has-shadow fusion-flex-column-wrapper-legacy\"><div class=\"fusion-text fusion-text-1\"><p>Lutter pour la sauvegarde de l\u2019environnement, sensibiliser \u00e0 la protection de la biodiversit\u00e9, alerter sur les dangers du r\u00e9chauffement climatique\u00a0: si ces probl\u00e9matiques semblent plus actuelles que jamais au regard de la r\u00e9cente mobilisation de mouvements tels que #YouthForClimate ou #GlobalStrikeForClimate, elles s\u2019accompagnent parfois aussi d\u2019un effet pervers, lequel peut occulter d\u2019autres menaces qui p\u00e8sent sur notre soci\u00e9t\u00e9.<\/p>\n<p>R\u00e9cemment, les nombreuses et parfois virulentes attitudes de d\u00e9sapprobation envers la jeune activiste su\u00e9doise Greta Thunberg et le message qu\u2019elle v\u00e9hicule ont notamment rappel\u00e9 que, si l\u2019avenir plus ou moins proche de la plan\u00e8te \u00e9tait en jeu, celui, imm\u00e9diat, lui, de bon nombre de personnes en situation pr\u00e9caire l\u2019\u00e9tait tout autant.<\/p>\n<p>C\u2019est pour cette raison que Greenpeace a d\u00e9cid\u00e9 de replacer la lutte contre la pauvret\u00e9, autre enjeu majeur de notre soci\u00e9t\u00e9, au c\u0153ur de son combat pour l\u2019\u00e9cologie. \u00ab On a constat\u00e9 que la mobilisation pour le climat \u00e9tait le fait d\u2019une frange relativement privil\u00e9gi\u00e9e de la population et qu\u2019elle avait occult\u00e9 d\u2019autres pr\u00e9occupations, tout aussi l\u00e9gitimes, notamment au sein des m\u00e9dias \u00bb, note Juliette Boulet, porte-parole de Greenpeace Belgium. \u00ab Il y a donc eu une grosse remise en question de notre part. \u00bb<\/p>\n<\/div><div class=\"fusion-image-element in-legacy-container\" style=\"--awb-caption-title-font-family:var(--h2_typography-font-family);--awb-caption-title-font-weight:var(--h2_typography-font-weight);--awb-caption-title-font-style:var(--h2_typography-font-style);--awb-caption-title-size:var(--h2_typography-font-size);--awb-caption-title-transform:var(--h2_typography-text-transform);--awb-caption-title-line-height:var(--h2_typography-line-height);--awb-caption-title-letter-spacing:var(--h2_typography-letter-spacing);\"><span class=\" fusion-imageframe imageframe-none imageframe-1 hover-type-zoomin\"><img decoding=\"async\" width=\"2000\" height=\"1335\" title=\"Reportage sur le Rainbow Warrior\" src=\"https:\/\/grand-angle.lavenir.net\/rainbow-warrior\/wp-content\/uploads\/sites\/88\/2019\/10\/DSC_7406.jpg\" data-orig-src=\"https:\/\/grand-angle.lavenir.net\/rainbow-warrior\/wp-content\/uploads\/sites\/88\/2019\/10\/DSC_7406.jpg\" alt class=\"lazyload img-responsive wp-image-215\" srcset=\"data:image\/svg+xml,%3Csvg%20xmlns%3D%27http%3A%2F%2Fwww.w3.org%2F2000%2Fsvg%27%20width%3D%272000%27%20height%3D%271335%27%20viewBox%3D%270%200%202000%201335%27%3E%3Crect%20width%3D%272000%27%20height%3D%271335%27%20fill-opacity%3D%220%22%2F%3E%3C%2Fsvg%3E\" data-srcset=\"https:\/\/grand-angle.lavenir.net\/rainbow-warrior\/wp-content\/uploads\/sites\/88\/2019\/10\/DSC_7406-200x134.jpg 200w, https:\/\/grand-angle.lavenir.net\/rainbow-warrior\/wp-content\/uploads\/sites\/88\/2019\/10\/DSC_7406-400x267.jpg 400w, https:\/\/grand-angle.lavenir.net\/rainbow-warrior\/wp-content\/uploads\/sites\/88\/2019\/10\/DSC_7406-600x401.jpg 600w, https:\/\/grand-angle.lavenir.net\/rainbow-warrior\/wp-content\/uploads\/sites\/88\/2019\/10\/DSC_7406-800x534.jpg 800w, https:\/\/grand-angle.lavenir.net\/rainbow-warrior\/wp-content\/uploads\/sites\/88\/2019\/10\/DSC_7406-1200x801.jpg 1200w, https:\/\/grand-angle.lavenir.net\/rainbow-warrior\/wp-content\/uploads\/sites\/88\/2019\/10\/DSC_7406.jpg 2000w\" data-sizes=\"auto\" data-orig-sizes=\"(max-width: 800px) 100vw, 1200px\" \/><\/span><\/div><div class=\"fusion-text fusion-text-2\"><p>\u00ab\u00a0Le mouvement des gilets jaunes a renforc\u00e9 notre vision\u00a0\u00bb, poursuit Juliette Boulet. \u00ab\u00a0Leur importance et les enjeux qu\u2019ils mettent en exergue nous ont montr\u00e9 que certaines solutions que nous pr\u00f4nons pour la d\u00e9fense de l\u2019environnement pouvaient sembler injustes pour certains. On s\u2019est dit que si on continuait comme \u00e7a, on allait finir par s\u2019opposer les uns aux autres. Gilets jaunes, contre gilets verts. Mais ce n\u2019est \u00e9videmment pas le but recherch\u00e9.\u00a0\u00bb<\/p>\n<p>Pourtant, la porte-parole l\u2019assure : les enjeux des uns ne sont pas forc\u00e9ment si \u00e9loign\u00e9s de ceux des autres. \u00ab\u2009La transition \u00e9cologique pour laquelle Greenpeace s\u2019investit est une formidable opportunit\u00e9 pour transformer notre soci\u00e9t\u00e9 afin de la rendre plus juste, plus \u00e9galitaire pour chacun. Nous avons \u00e0 cet \u00e9gard rencontr\u00e9 plusieurs associations de lutte contre la pauvret\u00e9. Le constat qui s\u2019impose est que nous devons agir ensemble. Car ces probl\u00e9matiques nous concernent tous. Et si on ne fait pas face \u00e0 l\u2019urgence climatique, tout le reste est perdu.\u00a0\u00bb<\/p>\n<\/div><div class=\"fusion-image-element in-legacy-container\" style=\"--awb-caption-title-font-family:var(--h2_typography-font-family);--awb-caption-title-font-weight:var(--h2_typography-font-weight);--awb-caption-title-font-style:var(--h2_typography-font-style);--awb-caption-title-size:var(--h2_typography-font-size);--awb-caption-title-transform:var(--h2_typography-text-transform);--awb-caption-title-line-height:var(--h2_typography-line-height);--awb-caption-title-letter-spacing:var(--h2_typography-letter-spacing);\"><span class=\" fusion-imageframe imageframe-none imageframe-2 hover-type-zoomin\"><img decoding=\"async\" width=\"1226\" height=\"815\" title=\"YFC_20Liege_20\" src=\"https:\/\/grand-angle.lavenir.net\/rainbow-warrior\/wp-content\/uploads\/sites\/88\/2019\/10\/YFC_20Liege_20.jpg\" data-orig-src=\"https:\/\/grand-angle.lavenir.net\/rainbow-warrior\/wp-content\/uploads\/sites\/88\/2019\/10\/YFC_20Liege_20.jpg\" alt class=\"lazyload img-responsive wp-image-265\" srcset=\"data:image\/svg+xml,%3Csvg%20xmlns%3D%27http%3A%2F%2Fwww.w3.org%2F2000%2Fsvg%27%20width%3D%271226%27%20height%3D%27815%27%20viewBox%3D%270%200%201226%20815%27%3E%3Crect%20width%3D%271226%27%20height%3D%27815%27%20fill-opacity%3D%220%22%2F%3E%3C%2Fsvg%3E\" data-srcset=\"https:\/\/grand-angle.lavenir.net\/rainbow-warrior\/wp-content\/uploads\/sites\/88\/2019\/10\/YFC_20Liege_20-200x133.jpg 200w, https:\/\/grand-angle.lavenir.net\/rainbow-warrior\/wp-content\/uploads\/sites\/88\/2019\/10\/YFC_20Liege_20-400x266.jpg 400w, https:\/\/grand-angle.lavenir.net\/rainbow-warrior\/wp-content\/uploads\/sites\/88\/2019\/10\/YFC_20Liege_20-600x399.jpg 600w, https:\/\/grand-angle.lavenir.net\/rainbow-warrior\/wp-content\/uploads\/sites\/88\/2019\/10\/YFC_20Liege_20-800x532.jpg 800w, https:\/\/grand-angle.lavenir.net\/rainbow-warrior\/wp-content\/uploads\/sites\/88\/2019\/10\/YFC_20Liege_20-1200x798.jpg 1200w, https:\/\/grand-angle.lavenir.net\/rainbow-warrior\/wp-content\/uploads\/sites\/88\/2019\/10\/YFC_20Liege_20.jpg 1226w\" data-sizes=\"auto\" data-orig-sizes=\"(max-width: 800px) 100vw, 1200px\" \/><\/span><\/div><div class=\"fusion-clearfix\"><\/div><\/div><\/div><\/div><\/div><div class=\"fusion-fullwidth fullwidth-box fusion-builder-row-2 nonhundred-percent-fullwidth non-hundred-percent-height-scrolling\" style=\"--awb-border-radius-top-left:0px;--awb-border-radius-top-right:0px;--awb-border-radius-bottom-right:0px;--awb-border-radius-bottom-left:0px;--awb-flex-wrap:wrap;\" ><div class=\"fusion-builder-row fusion-row\"><div class=\"fusion-layout-column fusion_builder_column fusion-builder-column-1 fusion_builder_column_1_1 1_1 fusion-one-full fusion-column-first fusion-column-last\" style=\"--awb-bg-size:cover;\"><div class=\"fusion-column-wrapper fusion-column-has-shadow fusion-flex-column-wrapper-legacy\"><div class=\"fusion-text fusion-text-3\"><h2>Responsabiliser plut\u00f4t que culpabiliser<\/h2>\n<p>Chez bon nombre de personnes, lesquelles ne nient pas n\u00e9cessairement l\u2019urgence climatique, ce discours a cependant tendance \u00e0 agacer.<\/p>\n<p>\u00ab Parce qu\u2019il faut arr\u00eater de culpabiliser les gens \u00bb, reprend la porte-parole. \u00ab Il faut au contraire les responsabiliser. C\u2019est par exemple ce que fait actuellement l\u2019Esperanza (NDLR : l\u2019un des trois navires de Greenpeace, voir chapitre 1). Il m\u00e8ne une campagne de sensibilisation \u00e0 la probl\u00e9matique de l\u2019\u00e9levage intensif. L\u2019id\u00e9e n\u2019est pas de dire aux gens qu\u2019ils doivent arr\u00eater de manger de la viande, mais de les sensibiliser au fait que r\u00e9duire leur consommation et manger davantage local peut avoir une incidence directe sur l\u2019\u00e9tat de la plan\u00e8te et leur environnement. \u00bb<\/p>\n<p>Aux c\u00f4t\u00e9s d\u2019une quarantaine d\u2019associations, Greenpeace Belgium s\u2019est r\u00e9cemment retrouv\u00e9 autour de la table afin de r\u00e9fl\u00e9chir \u00e0 la mani\u00e8re de mettre en place une transition \u00e9cologique \u00e9quitable pour tous.<\/p>\n<p>\u00ab\u00a0Le climat d\u00e9passe les clivages politiques, son r\u00e9chauffement affectera tout le monde\u00a0\u00bb, ont ainsi conclu dans une note les associations pr\u00e9sentes pour l\u2019occasion. \u00ab\u00a0Une transition climatique \u00e9quitable peut am\u00e9liorer la qualit\u00e9 de vie de tous les Belges et certainement celle des citoyens en situation de vuln\u00e9rabilit\u00e9. A cette fin, nous appelons les nouveaux gouvernements \u00e0 concentrer leurs efforts sur les cinq axes suivants\u00a0: contribution \u00e9quitable des grands pollueurs et des plus hauts revenus\u00a0; droit \u00e0 l\u2019\u00e9nergie et \u00e0 un logement climatiquement neutre\u00a0; \u00e9nergies renouvelables pour tous\u00a0; am\u00e9lioration des transports publics, promotion de la mobilit\u00e9 douce et verdissement du parc automobile\u00a0; mise en place d\u2019une transition industrielle solidaire, participative et \u00e9quitable.\u00a0\u00bb<\/p>\n<\/div><div class=\"fusion-clearfix\"><\/div><\/div><\/div><\/div><\/div><div class=\"fusion-fullwidth fullwidth-box fusion-builder-row-3 nonhundred-percent-fullwidth non-hundred-percent-height-scrolling bkg-blue\" style=\"--awb-border-radius-top-left:0px;--awb-border-radius-top-right:0px;--awb-border-radius-bottom-right:0px;--awb-border-radius-bottom-left:0px;--awb-background-color:#03a6a6;--awb-flex-wrap:wrap;\" ><div class=\"fusion-builder-row fusion-row\"><div class=\"fusion-layout-column fusion_builder_column fusion-builder-column-2 fusion_builder_column_1_1 1_1 fusion-one-full fusion-column-first fusion-column-last\" style=\"--awb-bg-size:cover;\"><div class=\"fusion-column-wrapper fusion-column-has-shadow fusion-flex-column-wrapper-legacy\"><div class=\"fusion-text fusion-text-4\"><p>Cette diversification des enjeux poursuivis, telle qu\u2019amorc\u00e9e aujourd\u2019hui par l\u2019ONG, fait \u00e9videmment r\u00e9f\u00e9rence \u00e0 l\u2019origine m\u00eame de sa cr\u00e9ation. En 1971, les 14 activistes fondateurs avaient ainsi rebaptis\u00e9 leur organisation dans le but de lui donner un nom qui faisait r\u00e9f\u00e9rence aux deux pr\u00e9occupations du moment\u00a0: l\u2019environnement (Green) et le pacifisme (Peace).<\/p>\n<p>Comme le rappelle Juliette Boulet, la sauvegarde de l\u2019environnement ne peut se faire au d\u00e9triment d\u2019autres luttes qui, au sein de la population mondiale, rencontrent une forte adh\u00e9sion et, surtout, une grande l\u00e9gitimit\u00e9.<\/p>\n<p>Mais \u00e0 l\u2019heure o\u00f9 la plupart des signaux annon\u00e7ant une crise climatique virent au rouge, il apparait plus n\u00e9cessaire que jamais d\u2019investiguer de nouvelles pistes afin de sortir la t\u00eate de l\u2019eau et recommencer \u00e0 respirer.<\/p>\n<p>Car, au final, qu\u2019est-ce qu\u2019une augmentation de 1 \u00e0 2 degr\u00e9s de la temp\u00e9rature moyenne dans nos contr\u00e9es d\u2019ici 2050\u00a0? La r\u00e9ponse est r\u00e9p\u00e9t\u00e9e inlassablement depuis des d\u00e9cennies par les climatologues et les activistes\u00a0: des \u00e9t\u00e9s plus chauds et des vagues de chaleur plus nombreuses que les proc\u00e9d\u00e9s d\u2019isolations de nos habitats n\u2019ont pas pris en compte\u00a0; une s\u00e9cheresse plus importante qui minerait davantage encore nos productions locales et aurait un impact in\u00e9vitable sur notre portefeuille ; des feux de for\u00eats plus nombreux et plus r\u00e9guliers qui entra\u00eeneraient une v\u00e9ritable catastrophe pour notre \u00e9cosyst\u00e8me\u2026 Le message ne date pas d\u2019hier, mais il semble que c\u2019est seulement aujourd\u2019hui que ce cri d\u2019alarme se fait entendre.<\/p>\n<p>En mer du Nord, voil\u00e0 dix ans que l\u2019\u00e9olien offshore s\u2019amplifie et une nouvelle vague de d\u00e9veloppement pointe d\u00e9j\u00e0 le bout du nez. Les scientifiques l\u2019admettent\u00a0: cette technologie ne remplacera pas \u00e0 elle seule les \u00e9nergies fossiles et l\u2019industrie du nucl\u00e9aire. Mais il s\u2019agit d\u2019une piste parmi d\u2019autres et d\u2019une piste concr\u00e8te, fiable, sur laquelle la Belgique a, pour le moment, une longueur d\u2019avance sur la plupart des autres pays du monde. \u00ab\u00a0Et le potentiel en mer du Nord est quasi illimit\u00e9\u00a0\u00bb, insiste Jan Vande Putte\u00a0: de quoi augurer un avenir plus vert pour les \u00c9tats qui choisiraient de s\u2019engouffrer pleinement dans cette porte entrouverte, avec une incidence r\u00e9elle pour la sauvegarde de la plan\u00e8te. Tel est le message que le Rainbow Warrior, pr\u00e9sent pour la premi\u00e8re fois en Belgique depuis onze ans, est venu partager.<\/p>\n<\/div><div class=\"fusion-clearfix\"><\/div><\/div><\/div><\/div><\/div><div class=\"fusion-fullwidth fullwidth-box fusion-builder-row-4 nonhundred-percent-fullwidth non-hundred-percent-height-scrolling\" style=\"--awb-border-radius-top-left:0px;--awb-border-radius-top-right:0px;--awb-border-radius-bottom-right:0px;--awb-border-radius-bottom-left:0px;--awb-flex-wrap:wrap;\" ><div class=\"fusion-builder-row fusion-row\"><div class=\"fusion-layout-column fusion_builder_column fusion-builder-column-3 fusion_builder_column_1_1 1_1 fusion-one-full fusion-column-first fusion-column-last\" style=\"--awb-bg-size:cover;\"><div class=\"fusion-column-wrapper fusion-column-has-shadow fusion-flex-column-wrapper-legacy\"><style>\n.chapitre figure {\n\tposition: relative;\n\toverflow: hidden;\n\tmargin: 10px 1%;\n\t\/*max-width: 480px;\n\tmax-height: 360px;*\/\n\tbackground: #3085a3;\n\ttext-align: left;\n\tcursor: pointer;\n}\n\n.chapitre figure img {\n\tposition: relative;\n\tdisplay: block;\n\tmin-height: 100%;\n\tmax-width: 100%;\n\topacity: 0.8;\n}\n\n.chapitre figure figcaption {\n\tpadding: 2em;\n\tcolor: #fff;\n\ttext-transform: uppercase;\n\tfont-size: 1.25em;\n\t-webkit-backface-visibility: hidden;\n\tbackface-visibility: hidden;\n}\n\n.chapitre figure figcaption::before,\n.chapitre figure figcaption::after {\n\tpointer-events: none;\n}\n\n.chapitre figure figcaption,\n.chapitre figure figcaption > a {\n\tposition: absolute;\n\ttop: 0;\n\tleft: 0;\n\twidth: 100%;\n\theight: 100%;\n}\n.chapitre figure figcaption a {\n\tz-index: 1000;\n\twhite-space: nowrap;\n\tdisplay: block;\n}\nfigure.effect-goliath {\n\tbackground: #03a6a6;\n}\n\nfigure.effect-goliath img.hover {\nopacity: 0;\nposition: absolute;\ntop: 0;\nleft: 0;\n\n}\nfigure.effect-goliath img,\nfigure.effect-goliath h2 {\n\t-webkit-transition: -webkit-transform 0.35s;\n\ttransition:  opacity 0.35s,transform 0.35s;\n}\n\nfigure.effect-goliath img {\n\t-webkit-backface-visibility: hidden;\n\tbackface-visibility: hidden;\n}\n\nfigure.effect-goliath h2,\nfigure.effect-goliath p {\n\tposition: absolute;\n\tbottom: 0;\n\tleft: 0;\n\tpadding: 10px;\n}\nfigure.effect-goliath h2 {\n\tposition: absolute;\n\tbottom: 0;\n\tleft: 0;\n\tpadding: 30px;\n\tcolor: #FFF;\n\tfont-weight: bold !important;\n\tfont-size: 24px !important;\n\ttext-shadow: 0px 0px 4px rgba(0,0,0,0.9);\n\tmargin: 0;\n\t\/* padding-bottom: 10px; *\/\n}\n\nfigure.effect-goliath p {\n\ttext-transform: none;\n\tfont-size: 90%;\n\topacity: 0;\n\t-webkit-transition: opacity 0.35s, -webkit-transform 0.35s;\n\ttransition: opacity 0.35s, transform 0.35s;\n\t-webkit-transform: translate3d(0,50px,0);\n\ttransform: translate3d(0,50px,0);\n       margin-bottom: 0px;\n}\n\nfigure.effect-goliath:hover img {\n\t-webkit-transform: translate3d(0,-75px,0);\n\ttransform: translate3d(0,-75px,0);\n}\nfigure.effect-goliath:hover img.hover {\n       opacity: 1;\n}\n\nfigure.effect-goliath:hover h2 {\n\t-webkit-transform: translate3d(0,-100px,0);\n\ttransform: translate3d(0,-100px,0);\n}\n\nfigure.effect-goliath:hover p {\n\topacity: 1;\n\t-webkit-transform: translate3d(0,0,0);\n\ttransform: translate3d(0,0,0);\n}\n<\/style><div class=\"fusion-sharing-box fusion-sharing-box-1 boxed-icons has-taglines layout-floated layout-medium-floated layout-small-floated\" style=\"background-color:rgba(246,246,246,0);padding:0;--awb-layout:row;--awb-alignment-small:space-between;\" data-title=\"Le Rainbow Warrior - L&#039;\u00e9cologie toutes voiles dehors\" data-description=\"Plus qu\u2019un bateau, ce nom r\u00e9sonne aujourd\u2019hui comme un v\u00e9ritable mythe. Lanc\u00e9 le 29 avril 1978, le Rainbow Warrior s\u2019est mu\u00e9 au fil des ann\u00e9es et de ses missions en v\u00e9ritable symbole de la cause \u00e9cologique. Propri\u00e9t\u00e9 de l\u2019ONG internationale Greenpeace, cet ancien chalutier britannique incarne depuis plus de quarante ans la mobilisation en faveur de la protection de l\u2019environnement aux quatre coins du globe.\" data-link=\"https:\/\/grand-angle.lavenir.net\/rainbow-warrior\"><div class=\"fusion-social-networks sharingbox-shortcode-icon-wrapper sharingbox-shortcode-icon-wrapper-1 boxed-icons\"><span><a href=\"https:\/\/www.facebook.com\/sharer.php?u=https%3A%2F%2Fgrand-angle.lavenir.net%2Frainbow-warrior&amp;t=Le%20Rainbow%20Warrior%20-%20L%27%C3%A9cologie%20toutes%20voiles%20dehors\" target=\"_blank\" rel=\"noreferrer\" title=\"Facebook\" aria-label=\"Facebook\" data-placement=\"top\" data-toggle=\"tooltip\" data-title=\"Facebook\"><i class=\"fusion-social-network-icon fusion-tooltip fusion-facebook awb-icon-facebook\" style=\"color:#ffffff;background-color:#3b5998;border-color:#3b5998;border-radius:50%;\" aria-hidden=\"true\"><\/i><\/a><\/span><span><a href=\"https:\/\/x.com\/intent\/post?text=Le%20Rainbow%20Warrior%20-%20L%27%C3%A9cologie%20toutes%20voiles%20dehors&amp;url=https%3A%2F%2Fgrand-angle.lavenir.net%2Frainbow-warrior\" target=\"_blank\" rel=\"noopener noreferrer\" title=\"X\" aria-label=\"X\" data-placement=\"top\" data-toggle=\"tooltip\" data-title=\"X\"><i class=\"fusion-social-network-icon fusion-tooltip fusion-twitter awb-icon-twitter\" style=\"color:#ffffff;background-color:#000000;border-color:#000000;border-radius:50%;\" aria-hidden=\"true\"><\/i><\/a><\/span><\/div><\/div><div class=\"fusion-clearfix\"><\/div><\/div><\/div><div class=\"fusion-layout-column fusion_builder_column fusion-builder-column-4 fusion_builder_column_1_2 1_2 fusion-one-half fusion-column-first\" style=\"--awb-bg-size:cover;width:50%;width:calc(50% - ( ( 4% ) * 0.5 ) );margin-right: 4%;\"><div class=\"fusion-column-wrapper fusion-column-has-shadow fusion-flex-column-wrapper-legacy\"><div class=\"chapitre\">\n  <a href=\"https:\/\/grand-angle.lavenir.net\/rainbow-warrior\/\">\n    <figure class=\"effect-goliath\">\n      <img decoding=\"async\" class=\"lazyload alignnone\" src=\"data:image\/svg+xml,%3Csvg%20xmlns%3D%27http%3A%2F%2Fwww.w3.org%2F2000%2Fsvg%27%20width%3D%272000%27%20height%3D%271335%27%20viewBox%3D%270%200%202000%201335%27%3E%3Crect%20width%3D%272000%27%20height%3D%271335%27%20fill-opacity%3D%220%22%2F%3E%3C%2Fsvg%3E\" data-orig-src=\"https:\/\/grand-angle.lavenir.net\/rainbow-warrior\/wp-content\/uploads\/sites\/88\/2019\/10\/DSC_7337.jpg\">\n      <figcaption>\n        <h2 data-fontsize=\"24\" data-lineheight=\"36\">Accueil<\/h2>\n        <p>\n          Rainbow Warrior :<br \/> l\u2019\u00e9cologie toutes voiles dehors \n        <\/p>\n      <\/figcaption>\n    <\/figure>\n  <\/a>\n<\/div><div class=\"fusion-clearfix\"><\/div><\/div><\/div><div class=\"fusion-layout-column fusion_builder_column fusion-builder-column-5 fusion_builder_column_1_2 1_2 fusion-one-half fusion-column-last\" style=\"--awb-bg-size:cover;width:50%;width:calc(50% - ( ( 4% ) * 0.5 ) );\"><div class=\"fusion-column-wrapper fusion-column-has-shadow fusion-flex-column-wrapper-legacy\"><div class=\"chapitre\">\n  <a href=\"https:\/\/grand-angle.lavenir.net\/rainbow-warrior\/la-vie-a-bord-du-mythique-voilier\/\">\n    <figure class=\"effect-goliath\">\n      <img decoding=\"async\" class=\"lazyload alignnone\" src=\"data:image\/svg+xml,%3Csvg%20xmlns%3D%27http%3A%2F%2Fwww.w3.org%2F2000%2Fsvg%27%20width%3D%272000%27%20height%3D%271335%27%20viewBox%3D%270%200%202000%201335%27%3E%3Crect%20width%3D%272000%27%20height%3D%271335%27%20fill-opacity%3D%220%22%2F%3E%3C%2Fsvg%3E\" data-orig-src=\"https:\/\/grand-angle.lavenir.net\/rainbow-warrior\/wp-content\/uploads\/sites\/88\/2019\/10\/DSC_7122.jpg\">\n      <figcaption>\n        <h2 data-fontsize=\"24\" data-lineheight=\"36\">Chapitre 1<\/h2>\n        <p>\n          La vie \u00e0 bord <br \/>du mythique voilier\n        <\/p>\n      <\/figcaption>\n    <\/figure>\n  <\/a>\n<\/div><div class=\"fusion-clearfix\"><\/div><\/div><\/div><div class=\"fusion-layout-column fusion_builder_column fusion-builder-column-6 fusion_builder_column_1_2 1_2 fusion-one-half fusion-column-first\" style=\"--awb-bg-size:cover;width:50%;width:calc(50% - ( ( 4% ) * 0.5 ) );margin-right: 4%;\"><div class=\"fusion-column-wrapper fusion-column-has-shadow fusion-flex-column-wrapper-legacy\"><div class=\"chapitre\">\n  <a href=\"https:\/\/grand-angle.lavenir.net\/rainbow-warrior\/la-mer-du-nord-eldorado-de-leolien-offshore\/\">\n    <figure class=\"effect-goliath\">\n      <img decoding=\"async\" class=\"lazyload alignnone\" src=\"data:image\/svg+xml,%3Csvg%20xmlns%3D%27http%3A%2F%2Fwww.w3.org%2F2000%2Fsvg%27%20width%3D%272000%27%20height%3D%271335%27%20viewBox%3D%270%200%202000%201335%27%3E%3Crect%20width%3D%272000%27%20height%3D%271335%27%20fill-opacity%3D%220%22%2F%3E%3C%2Fsvg%3E\" data-orig-src=\"https:\/\/grand-angle.lavenir.net\/rainbow-warrior\/wp-content\/uploads\/sites\/88\/2019\/10\/DSC_7348.jpg\">\n      <figcaption>\n        <h2 data-fontsize=\"24\" data-lineheight=\"36\">Chapitre 2<\/h2>\n        <p>\n          La mer du Nord,<br \/> eldorado de l\u2019\u00e9olien offshore\n        <\/p>\n      <\/figcaption>\n    <\/figure>\n  <\/a>\n<\/div><div class=\"fusion-clearfix\"><\/div><\/div><\/div><div class=\"fusion-layout-column fusion_builder_column fusion-builder-column-7 fusion_builder_column_1_2 1_2 fusion-one-half fusion-column-last\" style=\"--awb-bg-size:cover;width:50%;width:calc(50% - ( ( 4% ) * 0.5 ) );\"><div class=\"fusion-column-wrapper fusion-column-has-shadow fusion-flex-column-wrapper-legacy\"><div class=\"chapitre\">\n  <a href=\"https:\/\/grand-angle.lavenir.net\/rainbow-warrior\/revolution-chez-greenpeace\/\">\n    <figure class=\"effect-goliath\">\n      <img decoding=\"async\" class=\"lazyload alignnone\" src=\"data:image\/svg+xml,%3Csvg%20xmlns%3D%27http%3A%2F%2Fwww.w3.org%2F2000%2Fsvg%27%20width%3D%272000%27%20height%3D%271335%27%20viewBox%3D%270%200%202000%201335%27%3E%3Crect%20width%3D%272000%27%20height%3D%271335%27%20fill-opacity%3D%220%22%2F%3E%3C%2Fsvg%3E\" data-orig-src=\"https:\/\/grand-angle.lavenir.net\/rainbow-warrior\/wp-content\/uploads\/sites\/88\/2019\/10\/DSC_7084.jpg\">\n      <figcaption>\n        <h2 data-fontsize=\"24\" data-lineheight=\"36\">Chapitre 3<\/h2>\n        <p>\n          (R)\u00e9volution<br \/> chez Greenpeace\n        <\/p>\n      <\/figcaption>\n    <\/figure>\n  <\/a>\n<\/div><div class=\"fusion-clearfix\"><\/div><\/div><\/div><\/div><\/div>\n<\/p>\n","protected":false},"excerpt":{"rendered":"","protected":false},"author":1,"featured_media":0,"parent":0,"menu_order":0,"comment_status":"closed","ping_status":"closed","template":"100-width.php","meta":{"footnotes":""},"class_list":["post-264","page","type-page","status-publish","hentry"],"yoast_head":"<!-- This site is optimized with the Yoast SEO plugin v27.1.1 - https:\/\/yoast.com\/product\/yoast-seo-wordpress\/ -->\n<title>(R)\u00e9volution chez Greenpeace - Le Rainbow Warrior - L&#039;\u00e9cologie toutes voiles dehors<\/title>\n<meta name=\"description\" content=\"Chez certaines personnes, lesquelles ne nient pas n\u00e9cessairement l\u2019urgence climatique brandie par Greenpeace et d\u2019autres organisations ou activistes, ce discours a cependant tendance \u00e0 agacer.\" \/>\n<meta name=\"robots\" content=\"index, follow, max-snippet:-1, max-image-preview:large, max-video-preview:-1\" \/>\n<link rel=\"canonical\" href=\"https:\/\/grand-angle.lavenir.net\/rainbow-warrior\/revolution-chez-greenpeace\/\" \/>\n<meta property=\"og:locale\" content=\"fr_FR\" \/>\n<meta property=\"og:type\" content=\"article\" \/>\n<meta property=\"og:title\" content=\"Responsabiliser plut\u00f4t que culpabiliser\" \/>\n<meta property=\"og:description\" content=\"Chez certaines personnes, lesquelles ne nient pas n\u00e9cessairement l\u2019urgence climatique brandie par Greenpeace et d\u2019autres organisations ou activistes, ce discours a cependant tendance \u00e0 agacer.\" \/>\n<meta property=\"og:url\" content=\"https:\/\/grand-angle.lavenir.net\/rainbow-warrior\/revolution-chez-greenpeace\/\" \/>\n<meta property=\"og:site_name\" content=\"Le Rainbow Warrior - L&#039;\u00e9cologie toutes voiles dehors\" \/>\n<meta property=\"article:modified_time\" content=\"2020-01-13T15:28:37+00:00\" \/>\n<meta property=\"og:image\" content=\"https:\/\/grand-angle.lavenir.net\/rainbow-warrior\/wp-content\/uploads\/sites\/88\/2019\/10\/f5be5573-unitedfr-1.jpg\" \/>\n\t<meta property=\"og:image:width\" content=\"1920\" \/>\n\t<meta property=\"og:image:height\" content=\"1080\" \/>\n\t<meta property=\"og:image:type\" content=\"image\/jpeg\" \/>\n<meta name=\"twitter:card\" content=\"summary_large_image\" \/>\n<meta name=\"twitter:label1\" content=\"Dur\u00e9e de lecture est.\" \/>\n\t<meta name=\"twitter:data1\" content=\"10 minutes\" \/>\n<script type=\"application\/ld+json\" class=\"yoast-schema-graph\">{\"@context\":\"https:\/\/schema.org\",\"@graph\":[{\"@type\":\"WebPage\",\"@id\":\"https:\/\/grand-angle.lavenir.net\/rainbow-warrior\/revolution-chez-greenpeace\/\",\"url\":\"https:\/\/grand-angle.lavenir.net\/rainbow-warrior\/revolution-chez-greenpeace\/\",\"name\":\"(R)\u00e9volution chez Greenpeace - Le Rainbow Warrior - L&#039;\u00e9cologie toutes voiles dehors\",\"isPartOf\":{\"@id\":\"https:\/\/grand-angle.lavenir.net\/rainbow-warrior\/#website\"},\"datePublished\":\"2019-10-07T09:35:15+00:00\",\"dateModified\":\"2020-01-13T15:28:37+00:00\",\"description\":\"Chez certaines personnes, lesquelles ne nient pas n\u00e9cessairement l\u2019urgence climatique brandie par Greenpeace et d\u2019autres organisations ou activistes, ce discours a cependant tendance \u00e0 agacer.\",\"breadcrumb\":{\"@id\":\"https:\/\/grand-angle.lavenir.net\/rainbow-warrior\/revolution-chez-greenpeace\/#breadcrumb\"},\"inLanguage\":\"fr-BE\",\"potentialAction\":[{\"@type\":\"ReadAction\",\"target\":[\"https:\/\/grand-angle.lavenir.net\/rainbow-warrior\/revolution-chez-greenpeace\/\"]}]},{\"@type\":\"BreadcrumbList\",\"@id\":\"https:\/\/grand-angle.lavenir.net\/rainbow-warrior\/revolution-chez-greenpeace\/#breadcrumb\",\"itemListElement\":[{\"@type\":\"ListItem\",\"position\":1,\"name\":\"Home\",\"item\":\"https:\/\/grand-angle.lavenir.net\/rainbow-warrior\/\"},{\"@type\":\"ListItem\",\"position\":2,\"name\":\"(R)\u00e9volution chez Greenpeace\"}]},{\"@type\":\"WebSite\",\"@id\":\"https:\/\/grand-angle.lavenir.net\/rainbow-warrior\/#website\",\"url\":\"https:\/\/grand-angle.lavenir.net\/rainbow-warrior\/\",\"name\":\"Le Rainbow Warrior - L&#039;\u00e9cologie toutes voiles dehors\",\"description\":\"\",\"potentialAction\":[{\"@type\":\"SearchAction\",\"target\":{\"@type\":\"EntryPoint\",\"urlTemplate\":\"https:\/\/grand-angle.lavenir.net\/rainbow-warrior\/?s={search_term_string}\"},\"query-input\":{\"@type\":\"PropertyValueSpecification\",\"valueRequired\":true,\"valueName\":\"search_term_string\"}}],\"inLanguage\":\"fr-BE\"}]}<\/script>\n<!-- \/ Yoast SEO plugin. -->","yoast_head_json":{"title":"(R)\u00e9volution chez Greenpeace - Le Rainbow Warrior - L&#039;\u00e9cologie toutes voiles dehors","description":"Chez certaines personnes, lesquelles ne nient pas n\u00e9cessairement l\u2019urgence climatique brandie par Greenpeace et d\u2019autres organisations ou activistes, ce discours a cependant tendance \u00e0 agacer.","robots":{"index":"index","follow":"follow","max-snippet":"max-snippet:-1","max-image-preview":"max-image-preview:large","max-video-preview":"max-video-preview:-1"},"canonical":"https:\/\/grand-angle.lavenir.net\/rainbow-warrior\/revolution-chez-greenpeace\/","og_locale":"fr_FR","og_type":"article","og_title":"Responsabiliser plut\u00f4t que culpabiliser","og_description":"Chez certaines personnes, lesquelles ne nient pas n\u00e9cessairement l\u2019urgence climatique brandie par Greenpeace et d\u2019autres organisations ou activistes, ce discours a cependant tendance \u00e0 agacer.","og_url":"https:\/\/grand-angle.lavenir.net\/rainbow-warrior\/revolution-chez-greenpeace\/","og_site_name":"Le Rainbow Warrior - L&#039;\u00e9cologie toutes voiles dehors","article_modified_time":"2020-01-13T15:28:37+00:00","og_image":[{"width":1920,"height":1080,"url":"https:\/\/grand-angle.lavenir.net\/rainbow-warrior\/wp-content\/uploads\/sites\/88\/2019\/10\/f5be5573-unitedfr-1.jpg","type":"image\/jpeg"}],"twitter_card":"summary_large_image","twitter_misc":{"Dur\u00e9e de lecture est.":"10 minutes"},"schema":{"@context":"https:\/\/schema.org","@graph":[{"@type":"WebPage","@id":"https:\/\/grand-angle.lavenir.net\/rainbow-warrior\/revolution-chez-greenpeace\/","url":"https:\/\/grand-angle.lavenir.net\/rainbow-warrior\/revolution-chez-greenpeace\/","name":"(R)\u00e9volution chez Greenpeace - Le Rainbow Warrior - L&#039;\u00e9cologie toutes voiles dehors","isPartOf":{"@id":"https:\/\/grand-angle.lavenir.net\/rainbow-warrior\/#website"},"datePublished":"2019-10-07T09:35:15+00:00","dateModified":"2020-01-13T15:28:37+00:00","description":"Chez certaines personnes, lesquelles ne nient pas n\u00e9cessairement l\u2019urgence climatique brandie par Greenpeace et d\u2019autres organisations ou activistes, ce discours a cependant tendance \u00e0 agacer.","breadcrumb":{"@id":"https:\/\/grand-angle.lavenir.net\/rainbow-warrior\/revolution-chez-greenpeace\/#breadcrumb"},"inLanguage":"fr-BE","potentialAction":[{"@type":"ReadAction","target":["https:\/\/grand-angle.lavenir.net\/rainbow-warrior\/revolution-chez-greenpeace\/"]}]},{"@type":"BreadcrumbList","@id":"https:\/\/grand-angle.lavenir.net\/rainbow-warrior\/revolution-chez-greenpeace\/#breadcrumb","itemListElement":[{"@type":"ListItem","position":1,"name":"Home","item":"https:\/\/grand-angle.lavenir.net\/rainbow-warrior\/"},{"@type":"ListItem","position":2,"name":"(R)\u00e9volution chez Greenpeace"}]},{"@type":"WebSite","@id":"https:\/\/grand-angle.lavenir.net\/rainbow-warrior\/#website","url":"https:\/\/grand-angle.lavenir.net\/rainbow-warrior\/","name":"Le Rainbow Warrior - L&#039;\u00e9cologie toutes voiles dehors","description":"","potentialAction":[{"@type":"SearchAction","target":{"@type":"EntryPoint","urlTemplate":"https:\/\/grand-angle.lavenir.net\/rainbow-warrior\/?s={search_term_string}"},"query-input":{"@type":"PropertyValueSpecification","valueRequired":true,"valueName":"search_term_string"}}],"inLanguage":"fr-BE"}]}},"_links":{"self":[{"href":"https:\/\/grand-angle.lavenir.net\/rainbow-warrior\/wp-json\/wp\/v2\/pages\/264","targetHints":{"allow":["GET"]}}],"collection":[{"href":"https:\/\/grand-angle.lavenir.net\/rainbow-warrior\/wp-json\/wp\/v2\/pages"}],"about":[{"href":"https:\/\/grand-angle.lavenir.net\/rainbow-warrior\/wp-json\/wp\/v2\/types\/page"}],"author":[{"embeddable":true,"href":"https:\/\/grand-angle.lavenir.net\/rainbow-warrior\/wp-json\/wp\/v2\/users\/1"}],"replies":[{"embeddable":true,"href":"https:\/\/grand-angle.lavenir.net\/rainbow-warrior\/wp-json\/wp\/v2\/comments?post=264"}],"version-history":[{"count":0,"href":"https:\/\/grand-angle.lavenir.net\/rainbow-warrior\/wp-json\/wp\/v2\/pages\/264\/revisions"}],"wp:attachment":[{"href":"https:\/\/grand-angle.lavenir.net\/rainbow-warrior\/wp-json\/wp\/v2\/media?parent=264"}],"curies":[{"name":"wp","href":"https:\/\/api.w.org\/{rel}","templated":true}]}}