{"id":1246,"date":"2023-05-22T15:26:03","date_gmt":"2023-05-22T13:26:03","guid":{"rendered":"https:\/\/grand-angle.lavenir.net\/patrimoine-oublie-de-wallonie\/?page_id=1246"},"modified":"2023-05-25T14:11:14","modified_gmt":"2023-05-25T12:11:14","slug":"durbuy-un-gite-tombe-dans-loubli","status":"publish","type":"page","link":"https:\/\/grand-angle.lavenir.net\/patrimoine-oublie-de-wallonie\/durbuy-un-gite-tombe-dans-loubli\/","title":{"rendered":"Durbuy : un g\u00eete tomb\u00e9 dans l\u2019oubli"},"content":{"rendered":"<p><div class=\"fusion-fullwidth fullwidth-box fusion-builder-row-1 fusion-flex-container nonhundred-percent-fullwidth non-hundred-percent-height-scrolling fusion-animated intro\" style=\"--awb-border-radius-top-left:0px;--awb-border-radius-top-right:0px;--awb-border-radius-bottom-right:0px;--awb-border-radius-bottom-left:0px;--awb-background-color:#111111;--awb-flex-wrap:wrap;\" data-animationType=\"slideInUp\" data-animationDuration=\"1.0\" data-animationOffset=\"top-into-view\" ><div class=\"fusion-builder-row fusion-row fusion-flex-align-items-flex-start fusion-flex-content-wrap\" style=\"max-width:832px;margin-left: calc(-4% \/ 2 );margin-right: calc(-4% \/ 2 );\"><div class=\"fusion-layout-column fusion_builder_column fusion-builder-column-0 fusion_builder_column_1_1 1_1 fusion-flex-column\" style=\"--awb-bg-size:cover;--awb-width-large:100%;--awb-margin-top-large:0px;--awb-spacing-right-large:1.92%;--awb-margin-bottom-large:0px;--awb-spacing-left-large:1.92%;--awb-width-medium:100%;--awb-order-medium:0;--awb-spacing-right-medium:1.92%;--awb-spacing-left-medium:1.92%;--awb-width-small:100%;--awb-order-small:0;--awb-spacing-right-small:1.92%;--awb-spacing-left-small:1.92%;\"><div class=\"fusion-column-wrapper fusion-column-has-shadow fusion-flex-justify-content-flex-start fusion-content-layout-column\"><div class=\"fusion-text fusion-text-1\" style=\"--awb-text-color:#ffffff;\"><p style=\"text-align: center;\"><strong>Le g\u00eete du Fond de Vedeur, \u00e0 Durbuy. Un pass\u00e9 riche et vari\u00e9 et un futur pour le moins ind\u00e9cis. Une belle b\u00e2tisse charg\u00e9e d\u2019histoire qui tombe inexorablement en ruine.<\/strong><\/p>\n<\/div><\/div><\/div><\/div><\/div><div class=\"fusion-fullwidth fullwidth-box fusion-builder-row-2 hundred-percent-fullwidth non-hundred-percent-height-scrolling fusion-animated\" style=\"--awb-border-radius-top-left:0px;--awb-border-radius-top-right:0px;--awb-border-radius-bottom-right:0px;--awb-border-radius-bottom-left:0px;--awb-padding-right:0px;--awb-padding-bottom:0px;--awb-padding-left:0px;--awb-margin-bottom:0px;--awb-background-color:#111111;--awb-flex-wrap:wrap;\" data-animationType=\"slideInUp\" data-animationDuration=\"1.0\" data-animationOffset=\"top-into-view\" ><div class=\"fusion-builder-row fusion-row\"><div class=\"fusion-layout-column fusion_builder_column fusion-builder-column-1 fusion_builder_column_1_1 1_1 fusion-one-full fusion-column-first fusion-column-last\" style=\"--awb-padding-top:0px;--awb-padding-bottom:0px;--awb-bg-size:cover;--awb-margin-bottom:0px;\"><div class=\"fusion-column-wrapper fusion-column-has-shadow fusion-flex-column-wrapper-legacy\"><div class=\"fusion-section-separator section-separator curved fusion-section-separator-1\" style=\"--awb-spacer-height:99px;--awb-svg-margin-left:0;--awb-svg-margin-right:0;--awb-divider-height:99px;--awb-spacer-padding-top:inherit;--awb-sep-padding:0;--awb-svg-padding:0;\"><div class=\"fusion-section-separator-svg\"><svg class=\"fusion-curved-candy\" xmlns=\"http:\/\/www.w3.org\/2000\/svg\" version=\"1.1\" width=\"100%\" height=\"100\" viewBox=\"0 0 100 100\" preserveAspectRatio=\"none\" fill=\"rgba(255,255,255,1)\"><path d=\"M0 100 C 20 0 50 0 100 100 Z\"><\/path><\/svg><\/div><div class=\"fusion-section-separator-spacer\"><div class=\"fusion-section-separator-spacer-height\"><\/div><\/div><\/div><div class=\"fusion-clearfix\"><\/div><\/div><\/div><\/div><\/div><div class=\"fusion-fullwidth fullwidth-box fusion-builder-row-3 fusion-flex-container nonhundred-percent-fullwidth non-hundred-percent-height-scrolling fusion-animated\" style=\"--awb-border-radius-top-left:0px;--awb-border-radius-top-right:0px;--awb-border-radius-bottom-right:0px;--awb-border-radius-bottom-left:0px;--awb-flex-wrap:wrap;\" data-animationType=\"slideInUp\" data-animationDuration=\"1.0\" data-animationOffset=\"top-into-view\" ><div class=\"fusion-builder-row fusion-row fusion-flex-align-items-flex-start fusion-flex-content-wrap\" style=\"max-width:832px;margin-left: calc(-4% \/ 2 );margin-right: calc(-4% \/ 2 );\"><div class=\"fusion-layout-column fusion_builder_column fusion-builder-column-2 fusion_builder_column_1_1 1_1 fusion-flex-column\" style=\"--awb-bg-size:cover;--awb-width-large:100%;--awb-margin-top-large:0px;--awb-spacing-right-large:1.92%;--awb-margin-bottom-large:20px;--awb-spacing-left-large:1.92%;--awb-width-medium:100%;--awb-order-medium:0;--awb-spacing-right-medium:1.92%;--awb-spacing-left-medium:1.92%;--awb-width-small:100%;--awb-order-small:0;--awb-spacing-right-small:1.92%;--awb-spacing-left-small:1.92%;\"><div class=\"fusion-column-wrapper fusion-column-has-shadow fusion-flex-justify-content-flex-start fusion-content-layout-column\"><div class=\"fusion-text fusion-text-2\"><p>Durbuy, perle des Ardennes. <em>\u00ab\u00a0La plus petite ville du monde\u00a0\u00bb,<\/em> comme elle aime \u00e0 le rappeler, est un haut lieu du tourisme en Wallonie. Il reste d\u2019ailleurs peu d\u2019habitants du cru au c\u0153ur de la vieille ville. Presque tous sont partis. Ils ont laiss\u00e9 la place aux touristes et surtout aux investisseurs.<\/p>\n<p>Mais il est un lieu, pas tr\u00e8s loin du centre, qui cherche un second souffle, un amoureux des vieilles pierres et des belles histoires qui pourrait redonner vie \u00e0 cet endroit abandonn\u00e9.<\/p>\n<p>Le g\u00eete du Fond de Vedeur est en perdition. Laiss\u00e9 \u00e0 l\u2019abandon depuis des ann\u00e9es, il d\u00e9p\u00e9rit \u00e0 vue d\u2019\u0153il. Si personne ne vient le sauver dans un avenir proche, il sera d\u00e9finitivement perdu.<\/p>\n<p>Et pourtant, le pass\u00e9 de ce lieu est particuli\u00e8rement riche. Avant de devenir un g\u00eete, ce bel \u00e9difice a \u00e9t\u00e9 un moulin, une fabrique de m\u00e8tres pliants en bois, de raquettes de tennis et m\u00eame une gendarmerie. Curieux destin.<\/p>\n<p>Nous vous racontons ici l\u2019histoire incroyable du Fond de Vedeur et de la famille Gresset.<\/p>\n<\/div><\/div><\/div><\/div><\/div><div class=\"fusion-fullwidth fullwidth-box fusion-builder-row-4 fusion-flex-container fusion-parallax-fixed hundred-percent-fullwidth hundred-percent-height hundred-percent-height-center-content non-hundred-percent-height-scrolling lazyload fusion-animated parallax\" style=\"--awb-border-radius-top-left:0px;--awb-border-radius-top-right:0px;--awb-border-radius-bottom-right:0px;--awb-border-radius-bottom-left:0px;--awb-padding-top-small:90%;--awb-margin-bottom:-100px;--awb-background-size:cover;--awb-flex-wrap:wrap;background-attachment:fixed;\" data-bg=\"https:\/\/grand-angle.lavenir.net\/patrimoine-oublie-de-wallonie\/wp-content\/uploads\/sites\/135\/2023\/05\/Fond-de-Vedeur-4.jpg\" data-animationType=\"slideInUp\" data-animationDuration=\"1.0\" data-animationOffset=\"top-into-view\" ><div class=\"fusion-builder-row fusion-row fusion-flex-align-items-flex-start fusion-flex-content-wrap\" style=\"width:104% !important;max-width:104% !important;margin-left: calc(-4% \/ 2 );margin-right: calc(-4% \/ 2 );\"><div class=\"fusion-layout-column fusion_builder_column fusion-builder-column-3 fusion_builder_column_1_1 1_1 fusion-flex-column\" style=\"--awb-bg-size:cover;--awb-width-large:100%;--awb-margin-top-large:0px;--awb-spacing-right-large:1.92%;--awb-margin-bottom-large:20px;--awb-spacing-left-large:1.92%;--awb-width-medium:100%;--awb-order-medium:0;--awb-spacing-right-medium:1.92%;--awb-spacing-left-medium:1.92%;--awb-width-small:100%;--awb-order-small:0;--awb-spacing-right-small:1.92%;--awb-spacing-left-small:1.92%;\"><div class=\"fusion-column-wrapper fusion-column-has-shadow fusion-flex-justify-content-flex-start fusion-content-layout-column\"><\/div><\/div><\/div><\/div><div class=\"fusion-fullwidth fullwidth-box fusion-builder-row-5 hundred-percent-fullwidth non-hundred-percent-height-scrolling fusion-animated\" style=\"--awb-border-radius-top-left:0px;--awb-border-radius-top-right:0px;--awb-border-radius-bottom-right:0px;--awb-border-radius-bottom-left:0px;--awb-padding-right:0px;--awb-padding-bottom:0px;--awb-padding-left:0px;--awb-margin-top:-100px;--awb-margin-bottom:0px;--awb-flex-wrap:wrap;\" data-animationType=\"slideInUp\" data-animationDuration=\"1.0\" data-animationOffset=\"top-into-view\" ><div class=\"fusion-builder-row fusion-row\"><div class=\"fusion-layout-column fusion_builder_column fusion-builder-column-4 fusion_builder_column_1_1 1_1 fusion-one-full fusion-column-first fusion-column-last\" style=\"--awb-padding-top:0px;--awb-padding-bottom:0px;--awb-bg-size:cover;--awb-margin-bottom:0px;\"><div class=\"fusion-column-wrapper fusion-column-has-shadow fusion-flex-column-wrapper-legacy\"><div class=\"fusion-section-separator section-separator curved fusion-section-separator-2\" style=\"--awb-spacer-height:99px;--awb-svg-margin-left:0;--awb-svg-margin-right:0;--awb-divider-height:99px;--awb-spacer-padding-top:inherit;--awb-sep-padding:0;--awb-svg-padding:0;\"><div class=\"fusion-section-separator-svg\"><svg class=\"fusion-curved-candy\" xmlns=\"http:\/\/www.w3.org\/2000\/svg\" version=\"1.1\" width=\"100%\" height=\"100\" viewBox=\"0 0 100 100\" preserveAspectRatio=\"none\" fill=\"rgba(17,17,17,1)\"><path d=\"M0 100 C 20 0 50 0 100 100 Z\"><\/path><\/svg><\/div><div class=\"fusion-section-separator-spacer\"><div class=\"fusion-section-separator-spacer-height\"><\/div><\/div><\/div><div class=\"fusion-clearfix\"><\/div><\/div><\/div><\/div><\/div><div class=\"fusion-fullwidth fullwidth-box fusion-builder-row-6 nonhundred-percent-fullwidth non-hundred-percent-height-scrolling fusion-animated\" style=\"--awb-border-radius-top-left:0px;--awb-border-radius-top-right:0px;--awb-border-radius-bottom-right:0px;--awb-border-radius-bottom-left:0px;--awb-background-color:#111111;--awb-flex-wrap:wrap;\" data-animationType=\"slideInUp\" data-animationDuration=\"1.0\" data-animationOffset=\"top-into-view\" ><div class=\"fusion-builder-row fusion-row\"><div class=\"fusion-layout-column fusion_builder_column fusion-builder-column-5 fusion_builder_column_1_1 1_1 fusion-one-full fusion-column-first fusion-column-last\" style=\"--awb-bg-size:cover;\"><div class=\"fusion-column-wrapper fusion-column-has-shadow fusion-flex-column-wrapper-legacy\"><div class=\"fusion-text fusion-text-3\" style=\"--awb-text-color:#ffffff;\"><p>La b\u00e2tisse en impose. Nich\u00e9e le long d\u2019une route serpentante qui s\u2019enfuit de Durbuy, elle s\u2019\u00e9l\u00e8ve dans un creux de la vall\u00e9e. Moellons de calcaire, grandes fen\u00eatres. Une petite gloriette de bois veille au fond du jardin, offrant la douceur ombrag\u00e9e de sa toiture pointue aux visiteurs. Un ruisseau traverse la propri\u00e9t\u00e9 de ses eaux rageuses. Il a \u00e9t\u00e9 pendant des d\u00e9cennies la source qui a aliment\u00e9 ce vieux moulin devenu manufacture.<\/p>\n<p>Mais \u00e0 y regarder de plus pr\u00e8s, on voit que beaucoup de carreaux sont cass\u00e9s. La v\u00e9g\u00e9tation grimpe le long des murs. \u00c0 l\u2019arri\u00e8re, il ne subsiste presque rien de la v\u00e9randa, juste la structure de m\u00e9tal. La poign\u00e9e de la porte principale r\u00e9siste et garde au secret les entrailles de cette belle et grande maison. Mais d\u2019autres portes baillent au vent et invitent le visiteur \u00e0 d\u00e9couvrir les myst\u00e8res de ces lieux.<\/p>\n<\/div><div class=\"video-container\">\n<iframe src=\"\/\/www.ultimedia.com\/deliver\/generic\/iframe\/mdtk\/01635800\/zone\/14\/showtitle\/1\/src\/qk0qfkr\" width=\"805\" height=\"453\" frameborder=\"0\" scrolling=\"no\" marginwidth=\"0\" marginheight=\"0\" hspace=\"0\" vspace=\"0\" style=\"z-index:1;\" webkitallowfullscreen=\"true\" mozallowfullscreen=\"true\" allowfullscreen=\"true\" allow=\"autoplay\" referrerpolicy=\"no-referrer-when-downgrade\"><\/iframe>\n<\/div><div class=\"fusion-clearfix\"><\/div><\/div><\/div><div class=\"fusion-layout-column fusion_builder_column fusion-builder-column-6 fusion_builder_column_1_3 1_3 fusion-one-third fusion-column-first\" style=\"--awb-bg-size:cover;width:33.3333333333%;width:calc(33.3333333333% - ( ( 4% + 4% ) * 0.333333333333 ) );margin-right: 4%;\"><div class=\"fusion-column-wrapper fusion-column-has-shadow fusion-flex-column-wrapper-legacy\"><div class=\"fusion-image-element fusion-image-align-center in-legacy-container\" style=\"text-align:center;--awb-bottom-shadow-color:rgba(17,17,17,0.4);--awb-caption-title-font-family:var(--h2_typography-font-family);--awb-caption-title-font-weight:var(--h2_typography-font-weight);--awb-caption-title-font-style:var(--h2_typography-font-style);--awb-caption-title-size:var(--h2_typography-font-size);--awb-caption-title-transform:var(--h2_typography-text-transform);--awb-caption-title-line-height:var(--h2_typography-line-height);--awb-caption-title-letter-spacing:var(--h2_typography-letter-spacing);\"><div class=\"imageframe-align-center\"><div class=\"awb-image-frame awb-image-frame-1 awb-bottomshadow\"><span class=\" fusion-imageframe imageframe-bottomshadow imageframe-1 hover-type-zoomin\"><a href=\"https:\/\/grand-angle.lavenir.net\/patrimoine-oublie-de-wallonie\/wp-content\/uploads\/sites\/135\/2023\/05\/Fond-de-Vedeur-5-1.jpg\" class=\"fusion-lightbox\" data-rel=\"iLightbox[gite-1]\" data-caption=\"Patrimoine oubli\u00e9 de Wallonie - Le g\u00eete de Durbuy  \u00a9 Jacques Duchateau\" data-title=\"Patrimoine oubli\u00e9 de Wallonie &#8211; Le g\u00eete de Durbuy.\" title=\"Patrimoine oubli\u00e9 de Wallonie &#8211; Le g\u00eete de Durbuy.\"><img decoding=\"async\" width=\"2000\" height=\"1296\" alt=\"Le g\u00eete de Durbuy\" src=\"https:\/\/grand-angle.lavenir.net\/patrimoine-oublie-de-wallonie\/wp-content\/uploads\/sites\/135\/2023\/05\/Fond-de-Vedeur-5-1.jpg\" data-orig-src=\"https:\/\/grand-angle.lavenir.net\/patrimoine-oublie-de-wallonie\/wp-content\/uploads\/sites\/135\/2023\/05\/Fond-de-Vedeur-5-1.jpg\" class=\"lazyload img-responsive wp-image-1268\" srcset=\"data:image\/svg+xml,%3Csvg%20xmlns%3D%27http%3A%2F%2Fwww.w3.org%2F2000%2Fsvg%27%20width%3D%272000%27%20height%3D%271296%27%20viewBox%3D%270%200%202000%201296%27%3E%3Crect%20width%3D%272000%27%20height%3D%271296%27%20fill-opacity%3D%220%22%2F%3E%3C%2Fsvg%3E\" data-srcset=\"https:\/\/grand-angle.lavenir.net\/patrimoine-oublie-de-wallonie\/wp-content\/uploads\/sites\/135\/2023\/05\/Fond-de-Vedeur-5-1-200x130.jpg 200w, https:\/\/grand-angle.lavenir.net\/patrimoine-oublie-de-wallonie\/wp-content\/uploads\/sites\/135\/2023\/05\/Fond-de-Vedeur-5-1-400x259.jpg 400w, https:\/\/grand-angle.lavenir.net\/patrimoine-oublie-de-wallonie\/wp-content\/uploads\/sites\/135\/2023\/05\/Fond-de-Vedeur-5-1-600x389.jpg 600w, https:\/\/grand-angle.lavenir.net\/patrimoine-oublie-de-wallonie\/wp-content\/uploads\/sites\/135\/2023\/05\/Fond-de-Vedeur-5-1-800x518.jpg 800w, https:\/\/grand-angle.lavenir.net\/patrimoine-oublie-de-wallonie\/wp-content\/uploads\/sites\/135\/2023\/05\/Fond-de-Vedeur-5-1-1200x778.jpg 1200w, https:\/\/grand-angle.lavenir.net\/patrimoine-oublie-de-wallonie\/wp-content\/uploads\/sites\/135\/2023\/05\/Fond-de-Vedeur-5-1.jpg 2000w\" data-sizes=\"auto\" data-orig-sizes=\"(max-width: 800px) 100vw, 400px\" \/><\/a><\/span><svg xmlns=\"http:\/\/www.w3.org\/2000\/svg\" version=\"1.1\" width=\"100%\" viewBox=\"0 0 600 28\" preserveAspectRatio=\"none\"><g clip-path=\"url(#a)\"><mask id=\"b\" style=\"mask-type:luminance\" maskUnits=\"userSpaceOnUse\" x=\"0\" y=\"0\" width=\"600\" height=\"28\"><path d=\"M0 0h600v28H0V0Z\" fill=\"#fff\"\/><\/mask><g filter=\"url(#c)\" mask=\"url(#b)\"><path d=\"M16.439-18.667h567.123v30.8S438.961-8.4 300-8.4C161.04-8.4 16.438 12.133 16.438 12.133v-30.8Z\" fill=\"#000\"\/><\/g><\/g><defs><clipPath id=\"a\"><path fill=\"#fff\" d=\"M0 0h600v28H0z\"\/><\/clipPath><filter id=\"c\" x=\"5.438\" y=\"-29.667\" width=\"589.123\" height=\"52.8\" filterUnits=\"userSpaceOnUse\" color-interpolation-filters=\"sRGB\"><feFlood flood-opacity=\"0\" result=\"BackgroundImageFix\"\/><feBlend in=\"SourceGraphic\" in2=\"BackgroundImageFix\" result=\"shape\"\/><feGaussianBlur stdDeviation=\"5.5\" result=\"effect1_foregroundBlur_3983_183\"\/><\/filter><\/defs><\/svg><\/div><\/div><\/div><div class=\"fusion-clearfix\"><\/div><\/div><\/div><div class=\"fusion-layout-column fusion_builder_column fusion-builder-column-7 fusion_builder_column_1_3 1_3 fusion-one-third\" style=\"--awb-bg-size:cover;width:33.3333333333%;width:calc(33.3333333333% - ( ( 4% + 4% ) * 0.333333333333 ) );margin-right: 4%;\"><div class=\"fusion-column-wrapper fusion-column-has-shadow fusion-flex-column-wrapper-legacy\"><div class=\"fusion-image-element fusion-image-align-center in-legacy-container\" style=\"text-align:center;--awb-bottom-shadow-color:rgba(17,17,17,0.4);--awb-caption-title-font-family:var(--h2_typography-font-family);--awb-caption-title-font-weight:var(--h2_typography-font-weight);--awb-caption-title-font-style:var(--h2_typography-font-style);--awb-caption-title-size:var(--h2_typography-font-size);--awb-caption-title-transform:var(--h2_typography-text-transform);--awb-caption-title-line-height:var(--h2_typography-line-height);--awb-caption-title-letter-spacing:var(--h2_typography-letter-spacing);\"><div class=\"imageframe-align-center\"><div class=\"awb-image-frame awb-image-frame-2 awb-bottomshadow\"><span class=\" fusion-imageframe imageframe-bottomshadow imageframe-2 hover-type-zoomin\"><a href=\"https:\/\/grand-angle.lavenir.net\/patrimoine-oublie-de-wallonie\/wp-content\/uploads\/sites\/135\/2023\/05\/Fond-de-Vedeur-6-1.jpg\" class=\"fusion-lightbox\" data-rel=\"iLightbox[gite-1]\" data-caption=\"Patrimoine oubli\u00e9 de Wallonie - Le g\u00eete de Durbuy  \u00a9 Jacques Duchateau\" data-title=\"Patrimoine oubli\u00e9 de Wallonie &#8211; Le g\u00eete de Durbuy.\" title=\"Patrimoine oubli\u00e9 de Wallonie &#8211; Le g\u00eete de Durbuy.\"><img decoding=\"async\" width=\"2000\" height=\"1296\" alt=\"Le g\u00eete de Durbuy\" src=\"https:\/\/grand-angle.lavenir.net\/patrimoine-oublie-de-wallonie\/wp-content\/uploads\/sites\/135\/2023\/05\/Fond-de-Vedeur-6-1.jpg\" data-orig-src=\"https:\/\/grand-angle.lavenir.net\/patrimoine-oublie-de-wallonie\/wp-content\/uploads\/sites\/135\/2023\/05\/Fond-de-Vedeur-6-1.jpg\" class=\"lazyload img-responsive wp-image-1269\" srcset=\"data:image\/svg+xml,%3Csvg%20xmlns%3D%27http%3A%2F%2Fwww.w3.org%2F2000%2Fsvg%27%20width%3D%272000%27%20height%3D%271296%27%20viewBox%3D%270%200%202000%201296%27%3E%3Crect%20width%3D%272000%27%20height%3D%271296%27%20fill-opacity%3D%220%22%2F%3E%3C%2Fsvg%3E\" data-srcset=\"https:\/\/grand-angle.lavenir.net\/patrimoine-oublie-de-wallonie\/wp-content\/uploads\/sites\/135\/2023\/05\/Fond-de-Vedeur-6-1-200x130.jpg 200w, https:\/\/grand-angle.lavenir.net\/patrimoine-oublie-de-wallonie\/wp-content\/uploads\/sites\/135\/2023\/05\/Fond-de-Vedeur-6-1-400x259.jpg 400w, https:\/\/grand-angle.lavenir.net\/patrimoine-oublie-de-wallonie\/wp-content\/uploads\/sites\/135\/2023\/05\/Fond-de-Vedeur-6-1-600x389.jpg 600w, https:\/\/grand-angle.lavenir.net\/patrimoine-oublie-de-wallonie\/wp-content\/uploads\/sites\/135\/2023\/05\/Fond-de-Vedeur-6-1-800x518.jpg 800w, https:\/\/grand-angle.lavenir.net\/patrimoine-oublie-de-wallonie\/wp-content\/uploads\/sites\/135\/2023\/05\/Fond-de-Vedeur-6-1-1200x778.jpg 1200w, https:\/\/grand-angle.lavenir.net\/patrimoine-oublie-de-wallonie\/wp-content\/uploads\/sites\/135\/2023\/05\/Fond-de-Vedeur-6-1.jpg 2000w\" data-sizes=\"auto\" data-orig-sizes=\"(max-width: 800px) 100vw, 400px\" \/><\/a><\/span><svg xmlns=\"http:\/\/www.w3.org\/2000\/svg\" version=\"1.1\" width=\"100%\" viewBox=\"0 0 600 28\" preserveAspectRatio=\"none\"><g clip-path=\"url(#a)\"><mask id=\"b\" style=\"mask-type:luminance\" maskUnits=\"userSpaceOnUse\" x=\"0\" y=\"0\" width=\"600\" height=\"28\"><path d=\"M0 0h600v28H0V0Z\" fill=\"#fff\"\/><\/mask><g filter=\"url(#c)\" mask=\"url(#b)\"><path d=\"M16.439-18.667h567.123v30.8S438.961-8.4 300-8.4C161.04-8.4 16.438 12.133 16.438 12.133v-30.8Z\" fill=\"#000\"\/><\/g><\/g><defs><clipPath id=\"a\"><path fill=\"#fff\" d=\"M0 0h600v28H0z\"\/><\/clipPath><filter id=\"c\" x=\"5.438\" y=\"-29.667\" width=\"589.123\" height=\"52.8\" filterUnits=\"userSpaceOnUse\" color-interpolation-filters=\"sRGB\"><feFlood flood-opacity=\"0\" result=\"BackgroundImageFix\"\/><feBlend in=\"SourceGraphic\" in2=\"BackgroundImageFix\" result=\"shape\"\/><feGaussianBlur stdDeviation=\"5.5\" result=\"effect1_foregroundBlur_3983_183\"\/><\/filter><\/defs><\/svg><\/div><\/div><\/div><div class=\"fusion-clearfix\"><\/div><\/div><\/div><div class=\"fusion-layout-column fusion_builder_column fusion-builder-column-8 fusion_builder_column_1_3 1_3 fusion-one-third fusion-column-last\" style=\"--awb-bg-size:cover;width:33.3333333333%;width:calc(33.3333333333% - ( ( 4% + 4% ) * 0.333333333333 ) );\"><div class=\"fusion-column-wrapper fusion-column-has-shadow fusion-flex-column-wrapper-legacy\"><div class=\"fusion-image-element fusion-image-align-center in-legacy-container\" style=\"text-align:center;--awb-bottom-shadow-color:rgba(17,17,17,0.4);--awb-caption-title-font-family:var(--h2_typography-font-family);--awb-caption-title-font-weight:var(--h2_typography-font-weight);--awb-caption-title-font-style:var(--h2_typography-font-style);--awb-caption-title-size:var(--h2_typography-font-size);--awb-caption-title-transform:var(--h2_typography-text-transform);--awb-caption-title-line-height:var(--h2_typography-line-height);--awb-caption-title-letter-spacing:var(--h2_typography-letter-spacing);\"><div class=\"imageframe-align-center\"><div class=\"awb-image-frame awb-image-frame-3 awb-bottomshadow\"><span class=\" fusion-imageframe imageframe-bottomshadow imageframe-3 hover-type-zoomin\"><a href=\"https:\/\/grand-angle.lavenir.net\/patrimoine-oublie-de-wallonie\/wp-content\/uploads\/sites\/135\/2023\/05\/Fond-de-Vedeur-9-1.jpg\" class=\"fusion-lightbox\" data-rel=\"iLightbox[gite-1]\" data-title=\"Fond-de-Vedeur-(9)\" title=\"Fond-de-Vedeur-(9)\"><img decoding=\"async\" width=\"2000\" height=\"1296\" src=\"https:\/\/grand-angle.lavenir.net\/patrimoine-oublie-de-wallonie\/wp-content\/uploads\/sites\/135\/2023\/05\/Fond-de-Vedeur-9-1.jpg\" data-orig-src=\"https:\/\/grand-angle.lavenir.net\/patrimoine-oublie-de-wallonie\/wp-content\/uploads\/sites\/135\/2023\/05\/Fond-de-Vedeur-9-1.jpg\" alt class=\"lazyload img-responsive wp-image-1271\" srcset=\"data:image\/svg+xml,%3Csvg%20xmlns%3D%27http%3A%2F%2Fwww.w3.org%2F2000%2Fsvg%27%20width%3D%272000%27%20height%3D%271296%27%20viewBox%3D%270%200%202000%201296%27%3E%3Crect%20width%3D%272000%27%20height%3D%271296%27%20fill-opacity%3D%220%22%2F%3E%3C%2Fsvg%3E\" data-srcset=\"https:\/\/grand-angle.lavenir.net\/patrimoine-oublie-de-wallonie\/wp-content\/uploads\/sites\/135\/2023\/05\/Fond-de-Vedeur-9-1-200x130.jpg 200w, https:\/\/grand-angle.lavenir.net\/patrimoine-oublie-de-wallonie\/wp-content\/uploads\/sites\/135\/2023\/05\/Fond-de-Vedeur-9-1-400x259.jpg 400w, https:\/\/grand-angle.lavenir.net\/patrimoine-oublie-de-wallonie\/wp-content\/uploads\/sites\/135\/2023\/05\/Fond-de-Vedeur-9-1-600x389.jpg 600w, https:\/\/grand-angle.lavenir.net\/patrimoine-oublie-de-wallonie\/wp-content\/uploads\/sites\/135\/2023\/05\/Fond-de-Vedeur-9-1-800x518.jpg 800w, https:\/\/grand-angle.lavenir.net\/patrimoine-oublie-de-wallonie\/wp-content\/uploads\/sites\/135\/2023\/05\/Fond-de-Vedeur-9-1-1200x778.jpg 1200w, https:\/\/grand-angle.lavenir.net\/patrimoine-oublie-de-wallonie\/wp-content\/uploads\/sites\/135\/2023\/05\/Fond-de-Vedeur-9-1.jpg 2000w\" data-sizes=\"auto\" data-orig-sizes=\"(max-width: 800px) 100vw, 400px\" \/><\/a><\/span><svg xmlns=\"http:\/\/www.w3.org\/2000\/svg\" version=\"1.1\" width=\"100%\" viewBox=\"0 0 600 28\" preserveAspectRatio=\"none\"><g clip-path=\"url(#a)\"><mask id=\"b\" style=\"mask-type:luminance\" maskUnits=\"userSpaceOnUse\" x=\"0\" y=\"0\" width=\"600\" height=\"28\"><path d=\"M0 0h600v28H0V0Z\" fill=\"#fff\"\/><\/mask><g filter=\"url(#c)\" mask=\"url(#b)\"><path d=\"M16.439-18.667h567.123v30.8S438.961-8.4 300-8.4C161.04-8.4 16.438 12.133 16.438 12.133v-30.8Z\" fill=\"#000\"\/><\/g><\/g><defs><clipPath id=\"a\"><path fill=\"#fff\" d=\"M0 0h600v28H0z\"\/><\/clipPath><filter id=\"c\" x=\"5.438\" y=\"-29.667\" width=\"589.123\" height=\"52.8\" filterUnits=\"userSpaceOnUse\" color-interpolation-filters=\"sRGB\"><feFlood flood-opacity=\"0\" result=\"BackgroundImageFix\"\/><feBlend in=\"SourceGraphic\" in2=\"BackgroundImageFix\" result=\"shape\"\/><feGaussianBlur stdDeviation=\"5.5\" result=\"effect1_foregroundBlur_3983_183\"\/><\/filter><\/defs><\/svg><\/div><\/div><\/div><div class=\"fusion-clearfix\"><\/div><\/div><\/div><div class=\"fusion-layout-column fusion_builder_column fusion-builder-column-9 fusion_builder_column_1_1 1_1 fusion-one-full fusion-column-first fusion-column-last\" style=\"--awb-bg-size:cover;\"><div class=\"fusion-column-wrapper fusion-column-has-shadow fusion-flex-column-wrapper-legacy\"><div class=\"fusion-text fusion-text-4\" style=\"--awb-text-color:#ffffff;\"><h2>Riche pass\u00e9<\/h2>\n<p>L\u2019histoire commence en 1812, quand Fran\u00e7ois Seeliger, marchand patent\u00e9 et maire adjoint de Durbuy, demande l\u2019autorisation de construire un moulin \u00e0 \u00e9corce de ch\u00eane. Il compte utiliser le tan produit pour sa tannerie de cuir au village. Il fera faillite en 1819. Le moulin sera alors compl\u00e8tement d\u00e9truit.<\/p>\n<p>En 1886, les trois fr\u00e8res Gresset, Charles, F\u00e9lix et \u00c9douard, rach\u00e8tent les terres. Deux ans plus tard, ils y \u00e9rigent une manufacture. F\u00e9lix reprend ensuite les parts de ses fr\u00e8res et remplace la roue hydraulique du moulin par une turbine. Il y cr\u00e9era aussi un \u00e9tang sous les conseils d\u2019un ami qui a travaill\u00e9 au ch\u00e2teau de Versailles.<\/p>\n<p>La manufacture du Fond de Vedeur fabrique divers objets. En particulier, des m\u00e8tres pliants en bois (d\u2019o\u00f9 le nom de <em>\u00ab\u00a0fabrique lin\u00e9aire\u00a0\u00bb).<\/em><\/p>\n<\/div><div class=\"fusion-clearfix\"><\/div><\/div><\/div><div class=\"fusion-layout-column fusion_builder_column fusion-builder-column-10 fusion_builder_column_1_2 1_2 fusion-one-half fusion-column-first\" style=\"--awb-bg-size:cover;width:50%;width:calc(50% - ( ( 4% ) * 0.5 ) );margin-right: 4%;\"><div class=\"fusion-column-wrapper fusion-column-has-shadow fusion-flex-column-wrapper-legacy\"><div class=\"fusion-image-element fusion-image-align-center in-legacy-container\" style=\"text-align:center;--awb-bottom-shadow-color:rgba(17,17,17,0.4);--awb-caption-title-font-family:var(--h2_typography-font-family);--awb-caption-title-font-weight:var(--h2_typography-font-weight);--awb-caption-title-font-style:var(--h2_typography-font-style);--awb-caption-title-size:var(--h2_typography-font-size);--awb-caption-title-transform:var(--h2_typography-text-transform);--awb-caption-title-line-height:var(--h2_typography-line-height);--awb-caption-title-letter-spacing:var(--h2_typography-letter-spacing);\"><div class=\"imageframe-align-center\"><div class=\"awb-image-frame awb-image-frame-4 awb-bottomshadow\"><span class=\" fusion-imageframe imageframe-bottomshadow imageframe-4 hover-type-zoomin\"><a href=\"https:\/\/grand-angle.lavenir.net\/patrimoine-oublie-de-wallonie\/wp-content\/uploads\/sites\/135\/2023\/05\/Fond-de-Vedeur-17.jpg\" class=\"fusion-lightbox\" data-rel=\"iLightbox[archive]\" data-title=\"Fond de Vedeur (17)\" title=\"Fond de Vedeur (17)\"><img decoding=\"async\" width=\"2000\" height=\"1333\" alt=\"m\u00e8tres pliants Fond de Vedeur\" src=\"https:\/\/grand-angle.lavenir.net\/patrimoine-oublie-de-wallonie\/wp-content\/uploads\/sites\/135\/2023\/05\/Fond-de-Vedeur-17.jpg\" data-orig-src=\"https:\/\/grand-angle.lavenir.net\/patrimoine-oublie-de-wallonie\/wp-content\/uploads\/sites\/135\/2023\/05\/Fond-de-Vedeur-17.jpg\" class=\"lazyload img-responsive wp-image-1264\" srcset=\"data:image\/svg+xml,%3Csvg%20xmlns%3D%27http%3A%2F%2Fwww.w3.org%2F2000%2Fsvg%27%20width%3D%272000%27%20height%3D%271333%27%20viewBox%3D%270%200%202000%201333%27%3E%3Crect%20width%3D%272000%27%20height%3D%271333%27%20fill-opacity%3D%220%22%2F%3E%3C%2Fsvg%3E\" data-srcset=\"https:\/\/grand-angle.lavenir.net\/patrimoine-oublie-de-wallonie\/wp-content\/uploads\/sites\/135\/2023\/05\/Fond-de-Vedeur-17-200x133.jpg 200w, https:\/\/grand-angle.lavenir.net\/patrimoine-oublie-de-wallonie\/wp-content\/uploads\/sites\/135\/2023\/05\/Fond-de-Vedeur-17-400x267.jpg 400w, https:\/\/grand-angle.lavenir.net\/patrimoine-oublie-de-wallonie\/wp-content\/uploads\/sites\/135\/2023\/05\/Fond-de-Vedeur-17-600x400.jpg 600w, https:\/\/grand-angle.lavenir.net\/patrimoine-oublie-de-wallonie\/wp-content\/uploads\/sites\/135\/2023\/05\/Fond-de-Vedeur-17-800x533.jpg 800w, https:\/\/grand-angle.lavenir.net\/patrimoine-oublie-de-wallonie\/wp-content\/uploads\/sites\/135\/2023\/05\/Fond-de-Vedeur-17-1200x800.jpg 1200w, https:\/\/grand-angle.lavenir.net\/patrimoine-oublie-de-wallonie\/wp-content\/uploads\/sites\/135\/2023\/05\/Fond-de-Vedeur-17.jpg 2000w\" data-sizes=\"auto\" data-orig-sizes=\"(max-width: 800px) 100vw, 400px\" \/><\/a><\/span><svg xmlns=\"http:\/\/www.w3.org\/2000\/svg\" version=\"1.1\" width=\"100%\" viewBox=\"0 0 600 28\" preserveAspectRatio=\"none\"><g clip-path=\"url(#a)\"><mask id=\"b\" style=\"mask-type:luminance\" maskUnits=\"userSpaceOnUse\" x=\"0\" y=\"0\" width=\"600\" height=\"28\"><path d=\"M0 0h600v28H0V0Z\" fill=\"#fff\"\/><\/mask><g filter=\"url(#c)\" mask=\"url(#b)\"><path d=\"M16.439-18.667h567.123v30.8S438.961-8.4 300-8.4C161.04-8.4 16.438 12.133 16.438 12.133v-30.8Z\" fill=\"#000\"\/><\/g><\/g><defs><clipPath id=\"a\"><path fill=\"#fff\" d=\"M0 0h600v28H0z\"\/><\/clipPath><filter id=\"c\" x=\"5.438\" y=\"-29.667\" width=\"589.123\" height=\"52.8\" filterUnits=\"userSpaceOnUse\" color-interpolation-filters=\"sRGB\"><feFlood flood-opacity=\"0\" result=\"BackgroundImageFix\"\/><feBlend in=\"SourceGraphic\" in2=\"BackgroundImageFix\" result=\"shape\"\/><feGaussianBlur stdDeviation=\"5.5\" result=\"effect1_foregroundBlur_3983_183\"\/><\/filter><\/defs><\/svg><\/div><\/div><\/div><div class=\"fusion-clearfix\"><\/div><\/div><\/div><div class=\"fusion-layout-column fusion_builder_column fusion-builder-column-11 fusion_builder_column_1_2 1_2 fusion-one-half fusion-column-last\" style=\"--awb-bg-size:cover;width:50%;width:calc(50% - ( ( 4% ) * 0.5 ) );\"><div class=\"fusion-column-wrapper fusion-column-has-shadow fusion-flex-column-wrapper-legacy\"><div class=\"fusion-image-element fusion-image-align-center in-legacy-container\" style=\"text-align:center;--awb-bottom-shadow-color:rgba(17,17,17,0.4);--awb-caption-title-font-family:var(--h2_typography-font-family);--awb-caption-title-font-weight:var(--h2_typography-font-weight);--awb-caption-title-font-style:var(--h2_typography-font-style);--awb-caption-title-size:var(--h2_typography-font-size);--awb-caption-title-transform:var(--h2_typography-text-transform);--awb-caption-title-line-height:var(--h2_typography-line-height);--awb-caption-title-letter-spacing:var(--h2_typography-letter-spacing);\"><div class=\"imageframe-align-center\"><div class=\"awb-image-frame awb-image-frame-5 awb-bottomshadow\"><span class=\" fusion-imageframe imageframe-bottomshadow imageframe-5 hover-type-zoomin\"><a href=\"https:\/\/grand-angle.lavenir.net\/patrimoine-oublie-de-wallonie\/wp-content\/uploads\/sites\/135\/2023\/05\/Archives-Fond-de-Vedeur-16.jpg\" class=\"fusion-lightbox\" data-rel=\"iLightbox[archive]\" data-caption=\"Fond de Vedeur - Jacky Adam \u00a9 Jacques Duchateau\" data-title=\"Fond de Vedeur &#8211; Jacky Adam\" title=\"Fond de Vedeur &#8211; Jacky Adam\"><img decoding=\"async\" width=\"1528\" height=\"1164\" alt=\"m\u00e8tres pliants Fond de Vedeur\" src=\"https:\/\/grand-angle.lavenir.net\/patrimoine-oublie-de-wallonie\/wp-content\/uploads\/sites\/135\/2023\/05\/Archives-Fond-de-Vedeur-16.jpg\" data-orig-src=\"https:\/\/grand-angle.lavenir.net\/patrimoine-oublie-de-wallonie\/wp-content\/uploads\/sites\/135\/2023\/05\/Archives-Fond-de-Vedeur-16.jpg\" class=\"lazyload img-responsive wp-image-1266\" srcset=\"data:image\/svg+xml,%3Csvg%20xmlns%3D%27http%3A%2F%2Fwww.w3.org%2F2000%2Fsvg%27%20width%3D%271528%27%20height%3D%271164%27%20viewBox%3D%270%200%201528%201164%27%3E%3Crect%20width%3D%271528%27%20height%3D%271164%27%20fill-opacity%3D%220%22%2F%3E%3C%2Fsvg%3E\" data-srcset=\"https:\/\/grand-angle.lavenir.net\/patrimoine-oublie-de-wallonie\/wp-content\/uploads\/sites\/135\/2023\/05\/Archives-Fond-de-Vedeur-16-200x152.jpg 200w, https:\/\/grand-angle.lavenir.net\/patrimoine-oublie-de-wallonie\/wp-content\/uploads\/sites\/135\/2023\/05\/Archives-Fond-de-Vedeur-16-400x305.jpg 400w, https:\/\/grand-angle.lavenir.net\/patrimoine-oublie-de-wallonie\/wp-content\/uploads\/sites\/135\/2023\/05\/Archives-Fond-de-Vedeur-16-600x457.jpg 600w, https:\/\/grand-angle.lavenir.net\/patrimoine-oublie-de-wallonie\/wp-content\/uploads\/sites\/135\/2023\/05\/Archives-Fond-de-Vedeur-16-800x609.jpg 800w, https:\/\/grand-angle.lavenir.net\/patrimoine-oublie-de-wallonie\/wp-content\/uploads\/sites\/135\/2023\/05\/Archives-Fond-de-Vedeur-16-1200x914.jpg 1200w, https:\/\/grand-angle.lavenir.net\/patrimoine-oublie-de-wallonie\/wp-content\/uploads\/sites\/135\/2023\/05\/Archives-Fond-de-Vedeur-16.jpg 1528w\" data-sizes=\"auto\" data-orig-sizes=\"(max-width: 800px) 100vw, 400px\" \/><\/a><\/span><svg xmlns=\"http:\/\/www.w3.org\/2000\/svg\" version=\"1.1\" width=\"100%\" viewBox=\"0 0 600 28\" preserveAspectRatio=\"none\"><g clip-path=\"url(#a)\"><mask id=\"b\" style=\"mask-type:luminance\" maskUnits=\"userSpaceOnUse\" x=\"0\" y=\"0\" width=\"600\" height=\"28\"><path d=\"M0 0h600v28H0V0Z\" fill=\"#fff\"\/><\/mask><g filter=\"url(#c)\" mask=\"url(#b)\"><path d=\"M16.439-18.667h567.123v30.8S438.961-8.4 300-8.4C161.04-8.4 16.438 12.133 16.438 12.133v-30.8Z\" fill=\"#000\"\/><\/g><\/g><defs><clipPath id=\"a\"><path fill=\"#fff\" d=\"M0 0h600v28H0z\"\/><\/clipPath><filter id=\"c\" x=\"5.438\" y=\"-29.667\" width=\"589.123\" height=\"52.8\" filterUnits=\"userSpaceOnUse\" color-interpolation-filters=\"sRGB\"><feFlood flood-opacity=\"0\" result=\"BackgroundImageFix\"\/><feBlend in=\"SourceGraphic\" in2=\"BackgroundImageFix\" result=\"shape\"\/><feGaussianBlur stdDeviation=\"5.5\" result=\"effect1_foregroundBlur_3983_183\"\/><\/filter><\/defs><\/svg><\/div><\/div><\/div><div class=\"fusion-clearfix\"><\/div><\/div><\/div><div class=\"fusion-layout-column fusion_builder_column fusion-builder-column-12 fusion_builder_column_1_1 1_1 fusion-one-full fusion-column-first fusion-column-last\" style=\"--awb-bg-size:cover;\"><div class=\"fusion-column-wrapper fusion-column-has-shadow fusion-flex-column-wrapper-legacy\"><div class=\"fusion-image-element fusion-image-align-center in-legacy-container\" style=\"text-align:center;--awb-bottom-shadow-color:rgba(17,17,17,0.4);--awb-caption-title-font-family:var(--h2_typography-font-family);--awb-caption-title-font-weight:var(--h2_typography-font-weight);--awb-caption-title-font-style:var(--h2_typography-font-style);--awb-caption-title-size:var(--h2_typography-font-size);--awb-caption-title-transform:var(--h2_typography-text-transform);--awb-caption-title-line-height:var(--h2_typography-line-height);--awb-caption-title-letter-spacing:var(--h2_typography-letter-spacing);\"><div class=\"imageframe-align-center\"><div class=\"awb-image-frame awb-image-frame-6 awb-bottomshadow\"><span class=\" fusion-imageframe imageframe-bottomshadow imageframe-6 hover-type-zoomin\"><a href=\"https:\/\/grand-angle.lavenir.net\/patrimoine-oublie-de-wallonie\/wp-content\/uploads\/sites\/135\/2023\/05\/Archives-Fond-de-Vedeur-15.jpg\" class=\"fusion-lightbox\" data-rel=\"iLightbox[archive]\" data-title=\"Archives Fond de Vedeur (15)\" title=\"Archives Fond de Vedeur (15)\"><img decoding=\"async\" width=\"2000\" height=\"1340\" alt=\"Archives Fond de Vedeur\" src=\"https:\/\/grand-angle.lavenir.net\/patrimoine-oublie-de-wallonie\/wp-content\/uploads\/sites\/135\/2023\/05\/Archives-Fond-de-Vedeur-15.jpg\" data-orig-src=\"https:\/\/grand-angle.lavenir.net\/patrimoine-oublie-de-wallonie\/wp-content\/uploads\/sites\/135\/2023\/05\/Archives-Fond-de-Vedeur-15.jpg\" class=\"lazyload img-responsive wp-image-1251\" srcset=\"data:image\/svg+xml,%3Csvg%20xmlns%3D%27http%3A%2F%2Fwww.w3.org%2F2000%2Fsvg%27%20width%3D%272000%27%20height%3D%271340%27%20viewBox%3D%270%200%202000%201340%27%3E%3Crect%20width%3D%272000%27%20height%3D%271340%27%20fill-opacity%3D%220%22%2F%3E%3C%2Fsvg%3E\" data-srcset=\"https:\/\/grand-angle.lavenir.net\/patrimoine-oublie-de-wallonie\/wp-content\/uploads\/sites\/135\/2023\/05\/Archives-Fond-de-Vedeur-15-200x134.jpg 200w, https:\/\/grand-angle.lavenir.net\/patrimoine-oublie-de-wallonie\/wp-content\/uploads\/sites\/135\/2023\/05\/Archives-Fond-de-Vedeur-15-400x268.jpg 400w, https:\/\/grand-angle.lavenir.net\/patrimoine-oublie-de-wallonie\/wp-content\/uploads\/sites\/135\/2023\/05\/Archives-Fond-de-Vedeur-15-600x402.jpg 600w, https:\/\/grand-angle.lavenir.net\/patrimoine-oublie-de-wallonie\/wp-content\/uploads\/sites\/135\/2023\/05\/Archives-Fond-de-Vedeur-15-800x536.jpg 800w, https:\/\/grand-angle.lavenir.net\/patrimoine-oublie-de-wallonie\/wp-content\/uploads\/sites\/135\/2023\/05\/Archives-Fond-de-Vedeur-15-1200x804.jpg 1200w, https:\/\/grand-angle.lavenir.net\/patrimoine-oublie-de-wallonie\/wp-content\/uploads\/sites\/135\/2023\/05\/Archives-Fond-de-Vedeur-15.jpg 2000w\" data-sizes=\"auto\" data-orig-sizes=\"(max-width: 800px) 100vw, 1200px\" \/><\/a><\/span><svg xmlns=\"http:\/\/www.w3.org\/2000\/svg\" version=\"1.1\" width=\"100%\" viewBox=\"0 0 600 28\" preserveAspectRatio=\"none\"><g clip-path=\"url(#a)\"><mask id=\"b\" style=\"mask-type:luminance\" maskUnits=\"userSpaceOnUse\" x=\"0\" y=\"0\" width=\"600\" height=\"28\"><path d=\"M0 0h600v28H0V0Z\" fill=\"#fff\"\/><\/mask><g filter=\"url(#c)\" mask=\"url(#b)\"><path d=\"M16.439-18.667h567.123v30.8S438.961-8.4 300-8.4C161.04-8.4 16.438 12.133 16.438 12.133v-30.8Z\" fill=\"#000\"\/><\/g><\/g><defs><clipPath id=\"a\"><path fill=\"#fff\" d=\"M0 0h600v28H0z\"\/><\/clipPath><filter id=\"c\" x=\"5.438\" y=\"-29.667\" width=\"589.123\" height=\"52.8\" filterUnits=\"userSpaceOnUse\" color-interpolation-filters=\"sRGB\"><feFlood flood-opacity=\"0\" result=\"BackgroundImageFix\"\/><feBlend in=\"SourceGraphic\" in2=\"BackgroundImageFix\" result=\"shape\"\/><feGaussianBlur stdDeviation=\"5.5\" result=\"effect1_foregroundBlur_3983_183\"\/><\/filter><\/defs><\/svg><\/div><\/div><\/div><div class=\"fusion-text fusion-text-5\" style=\"--awb-text-color:#ffffff;\"><p>Le catalogue de la fabrique Gresset est plut\u00f4t h\u00e9t\u00e9roclite\u00a0: on y retrouve, outre les m\u00e8tres pliants, des raquettes de tennis, des luges, des traineaux, des toitures courb\u00e9es pour les wagons de train, des jantes pour voiture&#8230; Il n\u2019y avait \u00e0 l\u2019\u00e9poque que deux usines en Belgique qui pouvaient cintrer le bois, dont celle de Durbuy. Au d\u00e9but du XXe si\u00e8cle, F\u00e9lix Gresset y travaillait avec une trentaine d\u2019ouvriers.<\/p>\n<p>En 1954, \u00c9douard Gresset, fils de F\u00e9lix, g\u00e9rait encore la fabrique quand il d\u00e9c\u00e8de d\u2019une crise cardiaque au c\u0153ur de l\u2019usine. Sa veuve vend les machines, les stocks. Le b\u00e2timent a ensuite \u00e9t\u00e9 lou\u00e9 par la gendarmerie. Puis il a \u00e9t\u00e9 occup\u00e9 comme maison de repos, enfin comme g\u00eete touristique.<\/p>\n<\/div><div class=\"fusion-clearfix\"><\/div><\/div><\/div><\/div><\/div><div class=\"fusion-fullwidth fullwidth-box fusion-builder-row-7 hundred-percent-fullwidth non-hundred-percent-height-scrolling fusion-animated\" style=\"--awb-border-radius-top-left:0px;--awb-border-radius-top-right:0px;--awb-border-radius-bottom-right:0px;--awb-border-radius-bottom-left:0px;--awb-padding-top:2%;--awb-padding-bottom:2%;--awb-background-color:#111111;--awb-flex-wrap:wrap;\" data-animationType=\"slideInUp\" data-animationDuration=\"1.0\" data-animationOffset=\"top-into-view\" ><div class=\"fusion-builder-row fusion-row\"><div class=\"fusion-layout-column fusion_builder_column fusion-builder-column-13 fusion_builder_column_1_4 1_4 fusion-one-fourth fusion-column-first\" style=\"--awb-bg-size:cover;width:25%;width:calc(25% - ( ( 4% + 4% + 4% ) * 0.25 ) );margin-right: 4%;\"><div class=\"fusion-column-wrapper fusion-column-has-shadow fusion-flex-column-wrapper-legacy\"><div class=\"fusion-image-element fusion-image-align-center in-legacy-container\" style=\"text-align:center;--awb-bottom-shadow-color:rgba(17,17,17,0.4);--awb-caption-title-font-family:var(--h2_typography-font-family);--awb-caption-title-font-weight:var(--h2_typography-font-weight);--awb-caption-title-font-style:var(--h2_typography-font-style);--awb-caption-title-size:var(--h2_typography-font-size);--awb-caption-title-transform:var(--h2_typography-text-transform);--awb-caption-title-line-height:var(--h2_typography-line-height);--awb-caption-title-letter-spacing:var(--h2_typography-letter-spacing);\"><div class=\"imageframe-align-center\"><div class=\"awb-image-frame awb-image-frame-7 awb-bottomshadow\"><span class=\" fusion-imageframe imageframe-bottomshadow imageframe-7 hover-type-zoomin\"><a href=\"https:\/\/grand-angle.lavenir.net\/patrimoine-oublie-de-wallonie\/wp-content\/uploads\/sites\/135\/2023\/05\/Archives-Fond-de-Vedeur-1.jpg\" class=\"fusion-lightbox\" data-rel=\"iLightbox[gite]\" data-title=\"Archives Fond de Vedeur (1)\" title=\"Archives Fond de Vedeur (1)\"><img decoding=\"async\" width=\"2000\" height=\"1125\" alt=\"Fond de Vedeur g\u00eete touristique\" src=\"https:\/\/grand-angle.lavenir.net\/patrimoine-oublie-de-wallonie\/wp-content\/uploads\/sites\/135\/2023\/05\/Archives-Fond-de-Vedeur-1.jpg\" data-orig-src=\"https:\/\/grand-angle.lavenir.net\/patrimoine-oublie-de-wallonie\/wp-content\/uploads\/sites\/135\/2023\/05\/Archives-Fond-de-Vedeur-1.jpg\" class=\"lazyload img-responsive wp-image-1247\" srcset=\"data:image\/svg+xml,%3Csvg%20xmlns%3D%27http%3A%2F%2Fwww.w3.org%2F2000%2Fsvg%27%20width%3D%272000%27%20height%3D%271125%27%20viewBox%3D%270%200%202000%201125%27%3E%3Crect%20width%3D%272000%27%20height%3D%271125%27%20fill-opacity%3D%220%22%2F%3E%3C%2Fsvg%3E\" data-srcset=\"https:\/\/grand-angle.lavenir.net\/patrimoine-oublie-de-wallonie\/wp-content\/uploads\/sites\/135\/2023\/05\/Archives-Fond-de-Vedeur-1-200x113.jpg 200w, https:\/\/grand-angle.lavenir.net\/patrimoine-oublie-de-wallonie\/wp-content\/uploads\/sites\/135\/2023\/05\/Archives-Fond-de-Vedeur-1-400x225.jpg 400w, https:\/\/grand-angle.lavenir.net\/patrimoine-oublie-de-wallonie\/wp-content\/uploads\/sites\/135\/2023\/05\/Archives-Fond-de-Vedeur-1-600x338.jpg 600w, https:\/\/grand-angle.lavenir.net\/patrimoine-oublie-de-wallonie\/wp-content\/uploads\/sites\/135\/2023\/05\/Archives-Fond-de-Vedeur-1-800x450.jpg 800w, https:\/\/grand-angle.lavenir.net\/patrimoine-oublie-de-wallonie\/wp-content\/uploads\/sites\/135\/2023\/05\/Archives-Fond-de-Vedeur-1-1200x675.jpg 1200w, https:\/\/grand-angle.lavenir.net\/patrimoine-oublie-de-wallonie\/wp-content\/uploads\/sites\/135\/2023\/05\/Archives-Fond-de-Vedeur-1.jpg 2000w\" data-sizes=\"auto\" data-orig-sizes=\"(max-width: 800px) 100vw, 200px\" \/><\/a><\/span><svg xmlns=\"http:\/\/www.w3.org\/2000\/svg\" version=\"1.1\" width=\"100%\" viewBox=\"0 0 600 28\" preserveAspectRatio=\"none\"><g clip-path=\"url(#a)\"><mask id=\"b\" style=\"mask-type:luminance\" maskUnits=\"userSpaceOnUse\" x=\"0\" y=\"0\" width=\"600\" height=\"28\"><path d=\"M0 0h600v28H0V0Z\" fill=\"#fff\"\/><\/mask><g filter=\"url(#c)\" mask=\"url(#b)\"><path d=\"M16.439-18.667h567.123v30.8S438.961-8.4 300-8.4C161.04-8.4 16.438 12.133 16.438 12.133v-30.8Z\" fill=\"#000\"\/><\/g><\/g><defs><clipPath id=\"a\"><path fill=\"#fff\" d=\"M0 0h600v28H0z\"\/><\/clipPath><filter id=\"c\" x=\"5.438\" y=\"-29.667\" width=\"589.123\" height=\"52.8\" filterUnits=\"userSpaceOnUse\" color-interpolation-filters=\"sRGB\"><feFlood flood-opacity=\"0\" result=\"BackgroundImageFix\"\/><feBlend in=\"SourceGraphic\" in2=\"BackgroundImageFix\" result=\"shape\"\/><feGaussianBlur stdDeviation=\"5.5\" result=\"effect1_foregroundBlur_3983_183\"\/><\/filter><\/defs><\/svg><\/div><\/div><\/div><div class=\"fusion-clearfix\"><\/div><\/div><\/div><div class=\"fusion-layout-column fusion_builder_column fusion-builder-column-14 fusion_builder_column_1_4 1_4 fusion-one-fourth\" style=\"--awb-bg-size:cover;width:25%;width:calc(25% - ( ( 4% + 4% + 4% ) * 0.25 ) );margin-right: 4%;\"><div class=\"fusion-column-wrapper fusion-column-has-shadow fusion-flex-column-wrapper-legacy\"><div class=\"fusion-image-element fusion-image-align-center in-legacy-container\" style=\"text-align:center;--awb-bottom-shadow-color:rgba(17,17,17,0.4);--awb-caption-title-font-family:var(--h2_typography-font-family);--awb-caption-title-font-weight:var(--h2_typography-font-weight);--awb-caption-title-font-style:var(--h2_typography-font-style);--awb-caption-title-size:var(--h2_typography-font-size);--awb-caption-title-transform:var(--h2_typography-text-transform);--awb-caption-title-line-height:var(--h2_typography-line-height);--awb-caption-title-letter-spacing:var(--h2_typography-letter-spacing);\"><div class=\"imageframe-align-center\"><div class=\"awb-image-frame awb-image-frame-8 awb-bottomshadow\"><span class=\" fusion-imageframe imageframe-bottomshadow imageframe-8 hover-type-zoomin\"><a href=\"https:\/\/grand-angle.lavenir.net\/patrimoine-oublie-de-wallonie\/wp-content\/uploads\/sites\/135\/2023\/05\/Archives-Fond-de-Vedeur-2.jpg\" class=\"fusion-lightbox\" data-rel=\"iLightbox[gite]\" data-title=\"Archives Fond de Vedeur (2)\" title=\"Archives Fond de Vedeur (2)\"><img decoding=\"async\" width=\"2000\" height=\"1125\" alt=\"Fond de Vedeur g\u00eete touristique\" src=\"https:\/\/grand-angle.lavenir.net\/patrimoine-oublie-de-wallonie\/wp-content\/uploads\/sites\/135\/2023\/05\/Archives-Fond-de-Vedeur-2.jpg\" data-orig-src=\"https:\/\/grand-angle.lavenir.net\/patrimoine-oublie-de-wallonie\/wp-content\/uploads\/sites\/135\/2023\/05\/Archives-Fond-de-Vedeur-2.jpg\" class=\"lazyload img-responsive wp-image-1248\" srcset=\"data:image\/svg+xml,%3Csvg%20xmlns%3D%27http%3A%2F%2Fwww.w3.org%2F2000%2Fsvg%27%20width%3D%272000%27%20height%3D%271125%27%20viewBox%3D%270%200%202000%201125%27%3E%3Crect%20width%3D%272000%27%20height%3D%271125%27%20fill-opacity%3D%220%22%2F%3E%3C%2Fsvg%3E\" data-srcset=\"https:\/\/grand-angle.lavenir.net\/patrimoine-oublie-de-wallonie\/wp-content\/uploads\/sites\/135\/2023\/05\/Archives-Fond-de-Vedeur-2-200x113.jpg 200w, https:\/\/grand-angle.lavenir.net\/patrimoine-oublie-de-wallonie\/wp-content\/uploads\/sites\/135\/2023\/05\/Archives-Fond-de-Vedeur-2-400x225.jpg 400w, https:\/\/grand-angle.lavenir.net\/patrimoine-oublie-de-wallonie\/wp-content\/uploads\/sites\/135\/2023\/05\/Archives-Fond-de-Vedeur-2-600x338.jpg 600w, https:\/\/grand-angle.lavenir.net\/patrimoine-oublie-de-wallonie\/wp-content\/uploads\/sites\/135\/2023\/05\/Archives-Fond-de-Vedeur-2-800x450.jpg 800w, https:\/\/grand-angle.lavenir.net\/patrimoine-oublie-de-wallonie\/wp-content\/uploads\/sites\/135\/2023\/05\/Archives-Fond-de-Vedeur-2-1200x675.jpg 1200w, https:\/\/grand-angle.lavenir.net\/patrimoine-oublie-de-wallonie\/wp-content\/uploads\/sites\/135\/2023\/05\/Archives-Fond-de-Vedeur-2.jpg 2000w\" data-sizes=\"auto\" data-orig-sizes=\"(max-width: 800px) 100vw, 200px\" \/><\/a><\/span><svg xmlns=\"http:\/\/www.w3.org\/2000\/svg\" version=\"1.1\" width=\"100%\" viewBox=\"0 0 600 28\" preserveAspectRatio=\"none\"><g clip-path=\"url(#a)\"><mask id=\"b\" style=\"mask-type:luminance\" maskUnits=\"userSpaceOnUse\" x=\"0\" y=\"0\" width=\"600\" height=\"28\"><path d=\"M0 0h600v28H0V0Z\" fill=\"#fff\"\/><\/mask><g filter=\"url(#c)\" mask=\"url(#b)\"><path d=\"M16.439-18.667h567.123v30.8S438.961-8.4 300-8.4C161.04-8.4 16.438 12.133 16.438 12.133v-30.8Z\" fill=\"#000\"\/><\/g><\/g><defs><clipPath id=\"a\"><path fill=\"#fff\" d=\"M0 0h600v28H0z\"\/><\/clipPath><filter id=\"c\" x=\"5.438\" y=\"-29.667\" width=\"589.123\" height=\"52.8\" filterUnits=\"userSpaceOnUse\" color-interpolation-filters=\"sRGB\"><feFlood flood-opacity=\"0\" result=\"BackgroundImageFix\"\/><feBlend in=\"SourceGraphic\" in2=\"BackgroundImageFix\" result=\"shape\"\/><feGaussianBlur stdDeviation=\"5.5\" result=\"effect1_foregroundBlur_3983_183\"\/><\/filter><\/defs><\/svg><\/div><\/div><\/div><div class=\"fusion-clearfix\"><\/div><\/div><\/div><div class=\"fusion-layout-column fusion_builder_column fusion-builder-column-15 fusion_builder_column_1_4 1_4 fusion-one-fourth\" style=\"--awb-bg-size:cover;width:25%;width:calc(25% - ( ( 4% + 4% + 4% ) * 0.25 ) );margin-right: 4%;\"><div class=\"fusion-column-wrapper fusion-column-has-shadow fusion-flex-column-wrapper-legacy\"><div class=\"fusion-image-element fusion-image-align-center in-legacy-container\" style=\"text-align:center;--awb-bottom-shadow-color:rgba(17,17,17,0.4);--awb-caption-title-font-family:var(--h2_typography-font-family);--awb-caption-title-font-weight:var(--h2_typography-font-weight);--awb-caption-title-font-style:var(--h2_typography-font-style);--awb-caption-title-size:var(--h2_typography-font-size);--awb-caption-title-transform:var(--h2_typography-text-transform);--awb-caption-title-line-height:var(--h2_typography-line-height);--awb-caption-title-letter-spacing:var(--h2_typography-letter-spacing);\"><div class=\"imageframe-align-center\"><div class=\"awb-image-frame awb-image-frame-9 awb-bottomshadow\"><span class=\" fusion-imageframe imageframe-bottomshadow imageframe-9 hover-type-zoomin\"><a href=\"https:\/\/grand-angle.lavenir.net\/patrimoine-oublie-de-wallonie\/wp-content\/uploads\/sites\/135\/2023\/05\/Archives-Fond-de-Vedeur-3.jpg\" class=\"fusion-lightbox\" data-rel=\"iLightbox[gite]\" data-title=\"Archives Fond de Vedeur (3)\" title=\"Archives Fond de Vedeur (3)\"><img decoding=\"async\" width=\"2000\" height=\"1125\" alt=\"Fond de Vedeur g\u00eete touristique\" src=\"https:\/\/grand-angle.lavenir.net\/patrimoine-oublie-de-wallonie\/wp-content\/uploads\/sites\/135\/2023\/05\/Archives-Fond-de-Vedeur-3.jpg\" data-orig-src=\"https:\/\/grand-angle.lavenir.net\/patrimoine-oublie-de-wallonie\/wp-content\/uploads\/sites\/135\/2023\/05\/Archives-Fond-de-Vedeur-3.jpg\" class=\"lazyload img-responsive wp-image-1249\" srcset=\"data:image\/svg+xml,%3Csvg%20xmlns%3D%27http%3A%2F%2Fwww.w3.org%2F2000%2Fsvg%27%20width%3D%272000%27%20height%3D%271125%27%20viewBox%3D%270%200%202000%201125%27%3E%3Crect%20width%3D%272000%27%20height%3D%271125%27%20fill-opacity%3D%220%22%2F%3E%3C%2Fsvg%3E\" data-srcset=\"https:\/\/grand-angle.lavenir.net\/patrimoine-oublie-de-wallonie\/wp-content\/uploads\/sites\/135\/2023\/05\/Archives-Fond-de-Vedeur-3-200x113.jpg 200w, https:\/\/grand-angle.lavenir.net\/patrimoine-oublie-de-wallonie\/wp-content\/uploads\/sites\/135\/2023\/05\/Archives-Fond-de-Vedeur-3-400x225.jpg 400w, https:\/\/grand-angle.lavenir.net\/patrimoine-oublie-de-wallonie\/wp-content\/uploads\/sites\/135\/2023\/05\/Archives-Fond-de-Vedeur-3-600x338.jpg 600w, https:\/\/grand-angle.lavenir.net\/patrimoine-oublie-de-wallonie\/wp-content\/uploads\/sites\/135\/2023\/05\/Archives-Fond-de-Vedeur-3-800x450.jpg 800w, https:\/\/grand-angle.lavenir.net\/patrimoine-oublie-de-wallonie\/wp-content\/uploads\/sites\/135\/2023\/05\/Archives-Fond-de-Vedeur-3-1200x675.jpg 1200w, https:\/\/grand-angle.lavenir.net\/patrimoine-oublie-de-wallonie\/wp-content\/uploads\/sites\/135\/2023\/05\/Archives-Fond-de-Vedeur-3.jpg 2000w\" data-sizes=\"auto\" data-orig-sizes=\"(max-width: 800px) 100vw, 200px\" \/><\/a><\/span><svg xmlns=\"http:\/\/www.w3.org\/2000\/svg\" version=\"1.1\" width=\"100%\" viewBox=\"0 0 600 28\" preserveAspectRatio=\"none\"><g clip-path=\"url(#a)\"><mask id=\"b\" style=\"mask-type:luminance\" maskUnits=\"userSpaceOnUse\" x=\"0\" y=\"0\" width=\"600\" height=\"28\"><path d=\"M0 0h600v28H0V0Z\" fill=\"#fff\"\/><\/mask><g filter=\"url(#c)\" mask=\"url(#b)\"><path d=\"M16.439-18.667h567.123v30.8S438.961-8.4 300-8.4C161.04-8.4 16.438 12.133 16.438 12.133v-30.8Z\" fill=\"#000\"\/><\/g><\/g><defs><clipPath id=\"a\"><path fill=\"#fff\" d=\"M0 0h600v28H0z\"\/><\/clipPath><filter id=\"c\" x=\"5.438\" y=\"-29.667\" width=\"589.123\" height=\"52.8\" filterUnits=\"userSpaceOnUse\" color-interpolation-filters=\"sRGB\"><feFlood flood-opacity=\"0\" result=\"BackgroundImageFix\"\/><feBlend in=\"SourceGraphic\" in2=\"BackgroundImageFix\" result=\"shape\"\/><feGaussianBlur stdDeviation=\"5.5\" result=\"effect1_foregroundBlur_3983_183\"\/><\/filter><\/defs><\/svg><\/div><\/div><\/div><div class=\"fusion-clearfix\"><\/div><\/div><\/div><div class=\"fusion-layout-column fusion_builder_column fusion-builder-column-16 fusion_builder_column_1_4 1_4 fusion-one-fourth fusion-column-last\" style=\"--awb-bg-size:cover;width:25%;width:calc(25% - ( ( 4% + 4% + 4% ) * 0.25 ) );\"><div class=\"fusion-column-wrapper fusion-column-has-shadow fusion-flex-column-wrapper-legacy\"><div class=\"fusion-image-element fusion-image-align-center in-legacy-container\" style=\"text-align:center;--awb-bottom-shadow-color:rgba(17,17,17,0.4);--awb-caption-title-font-family:var(--h2_typography-font-family);--awb-caption-title-font-weight:var(--h2_typography-font-weight);--awb-caption-title-font-style:var(--h2_typography-font-style);--awb-caption-title-size:var(--h2_typography-font-size);--awb-caption-title-transform:var(--h2_typography-text-transform);--awb-caption-title-line-height:var(--h2_typography-line-height);--awb-caption-title-letter-spacing:var(--h2_typography-letter-spacing);\"><div class=\"imageframe-align-center\"><div class=\"awb-image-frame awb-image-frame-10 awb-bottomshadow\"><span class=\" fusion-imageframe imageframe-bottomshadow imageframe-10 hover-type-zoomin\"><a href=\"https:\/\/grand-angle.lavenir.net\/patrimoine-oublie-de-wallonie\/wp-content\/uploads\/sites\/135\/2023\/05\/Archives-Fond-de-Vedeur-4.jpg\" class=\"fusion-lightbox\" data-rel=\"iLightbox[gite]\" data-title=\"Archives Fond de Vedeur (4)\" title=\"Archives Fond de Vedeur (4)\"><img decoding=\"async\" width=\"2000\" height=\"1125\" alt=\"Fond de Vedeur g\u00eete touristique\" src=\"https:\/\/grand-angle.lavenir.net\/patrimoine-oublie-de-wallonie\/wp-content\/uploads\/sites\/135\/2023\/05\/Archives-Fond-de-Vedeur-4.jpg\" data-orig-src=\"https:\/\/grand-angle.lavenir.net\/patrimoine-oublie-de-wallonie\/wp-content\/uploads\/sites\/135\/2023\/05\/Archives-Fond-de-Vedeur-4.jpg\" class=\"lazyload img-responsive wp-image-1250\" srcset=\"data:image\/svg+xml,%3Csvg%20xmlns%3D%27http%3A%2F%2Fwww.w3.org%2F2000%2Fsvg%27%20width%3D%272000%27%20height%3D%271125%27%20viewBox%3D%270%200%202000%201125%27%3E%3Crect%20width%3D%272000%27%20height%3D%271125%27%20fill-opacity%3D%220%22%2F%3E%3C%2Fsvg%3E\" data-srcset=\"https:\/\/grand-angle.lavenir.net\/patrimoine-oublie-de-wallonie\/wp-content\/uploads\/sites\/135\/2023\/05\/Archives-Fond-de-Vedeur-4-200x113.jpg 200w, https:\/\/grand-angle.lavenir.net\/patrimoine-oublie-de-wallonie\/wp-content\/uploads\/sites\/135\/2023\/05\/Archives-Fond-de-Vedeur-4-400x225.jpg 400w, https:\/\/grand-angle.lavenir.net\/patrimoine-oublie-de-wallonie\/wp-content\/uploads\/sites\/135\/2023\/05\/Archives-Fond-de-Vedeur-4-600x338.jpg 600w, https:\/\/grand-angle.lavenir.net\/patrimoine-oublie-de-wallonie\/wp-content\/uploads\/sites\/135\/2023\/05\/Archives-Fond-de-Vedeur-4-800x450.jpg 800w, https:\/\/grand-angle.lavenir.net\/patrimoine-oublie-de-wallonie\/wp-content\/uploads\/sites\/135\/2023\/05\/Archives-Fond-de-Vedeur-4-1200x675.jpg 1200w, https:\/\/grand-angle.lavenir.net\/patrimoine-oublie-de-wallonie\/wp-content\/uploads\/sites\/135\/2023\/05\/Archives-Fond-de-Vedeur-4.jpg 2000w\" data-sizes=\"auto\" data-orig-sizes=\"(max-width: 800px) 100vw, 200px\" \/><\/a><\/span><svg xmlns=\"http:\/\/www.w3.org\/2000\/svg\" version=\"1.1\" width=\"100%\" viewBox=\"0 0 600 28\" preserveAspectRatio=\"none\"><g clip-path=\"url(#a)\"><mask id=\"b\" style=\"mask-type:luminance\" maskUnits=\"userSpaceOnUse\" x=\"0\" y=\"0\" width=\"600\" height=\"28\"><path d=\"M0 0h600v28H0V0Z\" fill=\"#fff\"\/><\/mask><g filter=\"url(#c)\" mask=\"url(#b)\"><path d=\"M16.439-18.667h567.123v30.8S438.961-8.4 300-8.4C161.04-8.4 16.438 12.133 16.438 12.133v-30.8Z\" fill=\"#000\"\/><\/g><\/g><defs><clipPath id=\"a\"><path fill=\"#fff\" d=\"M0 0h600v28H0z\"\/><\/clipPath><filter id=\"c\" x=\"5.438\" y=\"-29.667\" width=\"589.123\" height=\"52.8\" filterUnits=\"userSpaceOnUse\" color-interpolation-filters=\"sRGB\"><feFlood flood-opacity=\"0\" result=\"BackgroundImageFix\"\/><feBlend in=\"SourceGraphic\" in2=\"BackgroundImageFix\" result=\"shape\"\/><feGaussianBlur stdDeviation=\"5.5\" result=\"effect1_foregroundBlur_3983_183\"\/><\/filter><\/defs><\/svg><\/div><\/div><\/div><div class=\"fusion-clearfix\"><\/div><\/div><\/div><\/div><\/div><div class=\"fusion-fullwidth fullwidth-box fusion-builder-row-8 fusion-flex-container nonhundred-percent-fullwidth non-hundred-percent-height-scrolling fusion-animated\" style=\"--awb-border-radius-top-left:0px;--awb-border-radius-top-right:0px;--awb-border-radius-bottom-right:0px;--awb-border-radius-bottom-left:0px;--awb-flex-wrap:wrap;\" data-animationType=\"slideInUp\" data-animationDuration=\"1.0\" data-animationOffset=\"top-into-view\" ><div class=\"fusion-builder-row fusion-row fusion-flex-align-items-flex-start fusion-flex-content-wrap\" style=\"max-width:832px;margin-left: calc(-4% \/ 2 );margin-right: calc(-4% \/ 2 );\"><div class=\"fusion-layout-column fusion_builder_column fusion-builder-column-17 fusion_builder_column_1_1 1_1 fusion-flex-column\" style=\"--awb-bg-size:cover;--awb-width-large:100%;--awb-margin-top-large:0px;--awb-spacing-right-large:1.92%;--awb-margin-bottom-large:0px;--awb-spacing-left-large:1.92%;--awb-width-medium:100%;--awb-order-medium:0;--awb-spacing-right-medium:1.92%;--awb-spacing-left-medium:1.92%;--awb-width-small:100%;--awb-order-small:0;--awb-spacing-right-small:1.92%;--awb-spacing-left-small:1.92%;\"><div class=\"fusion-column-wrapper fusion-column-has-shadow fusion-flex-justify-content-flex-start fusion-content-layout-column\"><div class=\"fusion-text fusion-text-6\"><h2 style=\"color: #111;\">Toujours r\u00e9f\u00e9renc\u00e9 sur Booking et TripAdvisor<\/h2>\n<p>Le Fond de Vedeur a \u00e9t\u00e9 exploit\u00e9 comme g\u00eete jusqu\u2019aux environs de 2016 (en atteste un journal retrouv\u00e9 sur place). Assez curieusement, lorsque l\u2019on effectue une recherche sur internet \u00e0 son sujet, on trouve encore plus d\u2019une dizaine de pages qui en font la r\u00e9f\u00e9rence comme lieu de vill\u00e9giature, avec les tarifs de location, de nombreuses photos et des avis d\u2019utilisateurs. Booking, TripAdvisor, Ready to trip et bien d\u2019autres en vantent les m\u00e9rites et le charme d\u00e9suet. Ce qui \u00e9gratigne quelque peu la cr\u00e9dibilit\u00e9 de ces sites.<\/p>\n<\/div><\/div><\/div><\/div><\/div><div class=\"fusion-fullwidth fullwidth-box fusion-builder-row-9 fusion-flex-container fusion-parallax-fixed hundred-percent-fullwidth hundred-percent-height hundred-percent-height-center-content non-hundred-percent-height-scrolling lazyload parallax\" style=\"--awb-border-radius-top-left:0px;--awb-border-radius-top-right:0px;--awb-border-radius-bottom-right:0px;--awb-border-radius-bottom-left:0px;--awb-padding-top-small:90h%;--awb-background-size:cover;--awb-flex-wrap:wrap;background-attachment:fixed;\" data-bg=\"https:\/\/grand-angle.lavenir.net\/patrimoine-oublie-de-wallonie\/wp-content\/uploads\/sites\/135\/2023\/05\/Fond-de-Vedeur-montage-Booking.jpg\" ><div class=\"fusion-builder-row fusion-row fusion-flex-align-items-flex-start fusion-flex-content-wrap\" style=\"width:104% !important;max-width:104% !important;margin-left: calc(-4% \/ 2 );margin-right: calc(-4% \/ 2 );\"><div class=\"fusion-layout-column fusion_builder_column fusion-builder-column-18 fusion_builder_column_1_1 1_1 fusion-flex-column\" style=\"--awb-bg-size:cover;--awb-width-large:100%;--awb-margin-top-large:0px;--awb-spacing-right-large:1.92%;--awb-margin-bottom-large:20px;--awb-spacing-left-large:1.92%;--awb-width-medium:100%;--awb-order-medium:0;--awb-spacing-right-medium:1.92%;--awb-spacing-left-medium:1.92%;--awb-width-small:100%;--awb-order-small:0;--awb-spacing-right-small:1.92%;--awb-spacing-left-small:1.92%;\"><div class=\"fusion-column-wrapper fusion-column-has-shadow fusion-flex-justify-content-flex-start fusion-content-layout-column\"><\/div><\/div><\/div><\/div><div class=\"fusion-fullwidth fullwidth-box fusion-builder-row-10 fusion-flex-container nonhundred-percent-fullwidth non-hundred-percent-height-scrolling fusion-animated\" style=\"--awb-border-radius-top-left:0px;--awb-border-radius-top-right:0px;--awb-border-radius-bottom-right:0px;--awb-border-radius-bottom-left:0px;--awb-flex-wrap:wrap;\" data-animationType=\"slideInUp\" data-animationDuration=\"1.0\" data-animationOffset=\"top-into-view\" ><div class=\"fusion-builder-row fusion-row fusion-flex-align-items-flex-start fusion-flex-content-wrap\" style=\"max-width:832px;margin-left: calc(-4% \/ 2 );margin-right: calc(-4% \/ 2 );\"><div class=\"fusion-layout-column fusion_builder_column fusion-builder-column-19 fusion_builder_column_1_1 1_1 fusion-flex-column\" style=\"--awb-bg-size:cover;--awb-width-large:100%;--awb-margin-top-large:0px;--awb-spacing-right-large:1.92%;--awb-margin-bottom-large:0px;--awb-spacing-left-large:1.92%;--awb-width-medium:100%;--awb-order-medium:0;--awb-spacing-right-medium:1.92%;--awb-spacing-left-medium:1.92%;--awb-width-small:100%;--awb-order-small:0;--awb-spacing-right-small:1.92%;--awb-spacing-left-small:1.92%;\"><div class=\"fusion-column-wrapper fusion-column-has-shadow fusion-flex-justify-content-flex-start fusion-content-layout-column\"><div class=\"fusion-text fusion-text-7\"><p>Parmi les nombreux avis d\u2019utilisateurs, pas toujours tr\u00e8s positifs, celui d\u2019un touriste isra\u00e9lien d\u00e9nonce l\u2019humidit\u00e9 qui r\u00e8gne dans le b\u00e2timent, jusque dans les lits.<\/p>\n<p>Spicytofu72, un touriste n\u00e9erlandais, n\u2019h\u00e9site pas \u00e0 titrer son commentaire\u00a0: \u00ab\u00a0The absolute worst place I\u2019ve ever stayed. EVER\u00a0.\u00a0\u00bb (\u00ab\u00a0Le pire endroit o\u00f9 je suis all\u00e9 \u00bb).<\/p>\n<p>Des avis qui r\u00e9v\u00e8lent le gros d\u00e9faut des lieux\u00a0: l\u2019absence de lumi\u00e8re, de soleil et l\u2019humidit\u00e9 tr\u00e8s importante. Ce qui le rend difficilement exploitable.<\/p>\n<\/div><\/div><\/div><div class=\"fusion-layout-column fusion_builder_column fusion-builder-column-20 fusion_builder_column_1_1 1_1 fusion-flex-column\" style=\"--awb-bg-size:cover;--awb-width-large:100%;--awb-margin-top-large:0px;--awb-spacing-right-large:1.92%;--awb-margin-bottom-large:20px;--awb-spacing-left-large:1.92%;--awb-width-medium:100%;--awb-order-medium:0;--awb-spacing-right-medium:1.92%;--awb-spacing-left-medium:1.92%;--awb-width-small:100%;--awb-order-small:0;--awb-spacing-right-small:1.92%;--awb-spacing-left-small:1.92%;\"><div class=\"fusion-column-wrapper fusion-column-has-shadow fusion-flex-justify-content-flex-start fusion-content-layout-column\"><div class=\"fusion-image-element \" style=\"text-align:center;--awb-bottom-shadow-color:rgba(17,17,17,0.4);--awb-caption-title-font-family:var(--h2_typography-font-family);--awb-caption-title-font-weight:var(--h2_typography-font-weight);--awb-caption-title-font-style:var(--h2_typography-font-style);--awb-caption-title-size:var(--h2_typography-font-size);--awb-caption-title-transform:var(--h2_typography-text-transform);--awb-caption-title-line-height:var(--h2_typography-line-height);--awb-caption-title-letter-spacing:var(--h2_typography-letter-spacing);\"><div class=\"awb-image-frame awb-image-frame-11 awb-bottomshadow\"><span class=\" fusion-imageframe imageframe-bottomshadow imageframe-11 hover-type-zoomin\"><a href=\"https:\/\/grand-angle.lavenir.net\/patrimoine-oublie-de-wallonie\/wp-content\/uploads\/sites\/135\/2023\/05\/Fond-de-Vedeur-16.jpg\" class=\"fusion-lightbox\" data-rel=\"iLightbox[06f4912b2e2312bd9d6]\" data-caption=\"Patrimoine oubli\u00e9 de Wallonie - Le g\u00eete de Durbuy  \u00a9 Jacques Duchateau\" data-title=\"Patrimoine oubli\u00e9 de Wallonie &#8211; Le g\u00eete de Durbuy.\" title=\"Patrimoine oubli\u00e9 de Wallonie &#8211; Le g\u00eete de Durbuy.\"><img decoding=\"async\" width=\"2000\" height=\"1354\" alt=\"Le Fond de Vedeur\" src=\"https:\/\/grand-angle.lavenir.net\/patrimoine-oublie-de-wallonie\/wp-content\/uploads\/sites\/135\/2023\/05\/Fond-de-Vedeur-16.jpg\" data-orig-src=\"https:\/\/grand-angle.lavenir.net\/patrimoine-oublie-de-wallonie\/wp-content\/uploads\/sites\/135\/2023\/05\/Fond-de-Vedeur-16.jpg\" class=\"lazyload img-responsive wp-image-1263\" srcset=\"data:image\/svg+xml,%3Csvg%20xmlns%3D%27http%3A%2F%2Fwww.w3.org%2F2000%2Fsvg%27%20width%3D%272000%27%20height%3D%271354%27%20viewBox%3D%270%200%202000%201354%27%3E%3Crect%20width%3D%272000%27%20height%3D%271354%27%20fill-opacity%3D%220%22%2F%3E%3C%2Fsvg%3E\" data-srcset=\"https:\/\/grand-angle.lavenir.net\/patrimoine-oublie-de-wallonie\/wp-content\/uploads\/sites\/135\/2023\/05\/Fond-de-Vedeur-16-200x135.jpg 200w, https:\/\/grand-angle.lavenir.net\/patrimoine-oublie-de-wallonie\/wp-content\/uploads\/sites\/135\/2023\/05\/Fond-de-Vedeur-16-400x271.jpg 400w, https:\/\/grand-angle.lavenir.net\/patrimoine-oublie-de-wallonie\/wp-content\/uploads\/sites\/135\/2023\/05\/Fond-de-Vedeur-16-600x406.jpg 600w, https:\/\/grand-angle.lavenir.net\/patrimoine-oublie-de-wallonie\/wp-content\/uploads\/sites\/135\/2023\/05\/Fond-de-Vedeur-16-800x542.jpg 800w, https:\/\/grand-angle.lavenir.net\/patrimoine-oublie-de-wallonie\/wp-content\/uploads\/sites\/135\/2023\/05\/Fond-de-Vedeur-16-1200x812.jpg 1200w, https:\/\/grand-angle.lavenir.net\/patrimoine-oublie-de-wallonie\/wp-content\/uploads\/sites\/135\/2023\/05\/Fond-de-Vedeur-16.jpg 2000w\" data-sizes=\"auto\" data-orig-sizes=\"(max-width: 1024px) 100vw, (max-width: 640px) 100vw, 800px\" \/><\/a><\/span><svg xmlns=\"http:\/\/www.w3.org\/2000\/svg\" version=\"1.1\" width=\"100%\" viewBox=\"0 0 600 28\" preserveAspectRatio=\"none\"><g clip-path=\"url(#a)\"><mask id=\"b\" style=\"mask-type:luminance\" maskUnits=\"userSpaceOnUse\" x=\"0\" y=\"0\" width=\"600\" height=\"28\"><path d=\"M0 0h600v28H0V0Z\" fill=\"#fff\"\/><\/mask><g filter=\"url(#c)\" mask=\"url(#b)\"><path d=\"M16.439-18.667h567.123v30.8S438.961-8.4 300-8.4C161.04-8.4 16.438 12.133 16.438 12.133v-30.8Z\" fill=\"#000\"\/><\/g><\/g><defs><clipPath id=\"a\"><path fill=\"#fff\" d=\"M0 0h600v28H0z\"\/><\/clipPath><filter id=\"c\" x=\"5.438\" y=\"-29.667\" width=\"589.123\" height=\"52.8\" filterUnits=\"userSpaceOnUse\" color-interpolation-filters=\"sRGB\"><feFlood flood-opacity=\"0\" result=\"BackgroundImageFix\"\/><feBlend in=\"SourceGraphic\" in2=\"BackgroundImageFix\" result=\"shape\"\/><feGaussianBlur stdDeviation=\"5.5\" result=\"effect1_foregroundBlur_3983_183\"\/><\/filter><\/defs><\/svg><\/div><\/div><\/div><\/div><div class=\"fusion-layout-column fusion_builder_column fusion-builder-column-21 fusion_builder_column_1_1 1_1 fusion-flex-column\" style=\"--awb-bg-size:cover;--awb-width-large:100%;--awb-margin-top-large:0px;--awb-spacing-right-large:1.92%;--awb-margin-bottom-large:0px;--awb-spacing-left-large:1.92%;--awb-width-medium:100%;--awb-order-medium:0;--awb-spacing-right-medium:1.92%;--awb-spacing-left-medium:1.92%;--awb-width-small:100%;--awb-order-small:0;--awb-spacing-right-small:1.92%;--awb-spacing-left-small:1.92%;\"><div class=\"fusion-column-wrapper fusion-column-has-shadow fusion-flex-justify-content-flex-start fusion-content-layout-column\"><div class=\"fusion-text fusion-text-8\"><p>Le Fond de Vedeur appartient toujours aux descendants de la famille Gresset, les Hons, qui vivent \u00e0 Bruxelles. Nous avons essay\u00e9 de les contacter mais ils ont pr\u00e9f\u00e9r\u00e9 ne pas r\u00e9pondre \u00e0 nos questions.<\/p>\n<p>La famille Hons serait pr\u00eate \u00e0 vendre les lieux, comme en atteste une affichette <em>\u00ab\u00a0Te koop\u00a0\u00bb<\/em> sur la porte d\u2019entr\u00e9e.<\/p>\n<p>Mais les acheteurs potentiels ne se bousculent pas et la vieille fabrique du Fond de Vedeur disparait petit \u00e0 petit sous la v\u00e9g\u00e9tation galopante.<\/p>\n<\/div><\/div><\/div><\/div><\/div><div class=\"fusion-fullwidth fullwidth-box fusion-builder-row-11 hundred-percent-fullwidth non-hundred-percent-height-scrolling fusion-animated\" style=\"--awb-border-radius-top-left:0px;--awb-border-radius-top-right:0px;--awb-border-radius-bottom-right:0px;--awb-border-radius-bottom-left:0px;--awb-padding-right:0px;--awb-padding-bottom:0px;--awb-padding-left:0px;--awb-margin-bottom:0px;--awb-background-color:#ffffff;--awb-flex-wrap:wrap;\" data-animationType=\"slideInUp\" data-animationDuration=\"1.0\" data-animationOffset=\"top-into-view\" ><div class=\"fusion-builder-row fusion-row\"><div class=\"fusion-layout-column fusion_builder_column fusion-builder-column-22 fusion_builder_column_1_1 1_1 fusion-one-full fusion-column-first fusion-column-last\" style=\"--awb-padding-top:0px;--awb-padding-bottom:0px;--awb-bg-size:cover;--awb-margin-bottom:0px;\"><div class=\"fusion-column-wrapper fusion-column-has-shadow fusion-flex-column-wrapper-legacy\"><div class=\"fusion-section-separator section-separator curved fusion-section-separator-3\" style=\"--awb-spacer-height:99px;--awb-svg-margin-left:0;--awb-svg-margin-right:0;--awb-divider-height:99px;--awb-spacer-padding-top:inherit;--awb-sep-padding:0;--awb-svg-padding:0;\"><div class=\"fusion-section-separator-svg\"><svg class=\"fusion-curved-candy\" xmlns=\"http:\/\/www.w3.org\/2000\/svg\" version=\"1.1\" width=\"100%\" height=\"100\" viewBox=\"0 0 100 100\" preserveAspectRatio=\"none\" fill=\"rgba(17,17,17,1)\"><path d=\"M0 100 C 20 0 50 0 100 100 Z\"><\/path><\/svg><\/div><div class=\"fusion-section-separator-spacer\"><div class=\"fusion-section-separator-spacer-height\"><\/div><\/div><\/div><div class=\"fusion-clearfix\"><\/div><\/div><\/div><\/div><\/div><div class=\"fusion-fullwidth fullwidth-box fusion-builder-row-12 fusion-flex-container nonhundred-percent-fullwidth non-hundred-percent-height-scrolling fusion-animated\" style=\"--awb-border-radius-top-left:0px;--awb-border-radius-top-right:0px;--awb-border-radius-bottom-right:0px;--awb-border-radius-bottom-left:0px;--awb-background-color:#111111;--awb-flex-wrap:wrap;\" data-animationType=\"slideInUp\" data-animationDuration=\"1.0\" data-animationOffset=\"top-into-view\" ><div class=\"fusion-builder-row fusion-row fusion-flex-align-items-flex-start fusion-flex-content-wrap\" style=\"max-width:832px;margin-left: calc(-4% \/ 2 );margin-right: calc(-4% \/ 2 );\"><div class=\"fusion-layout-column fusion_builder_column fusion-builder-column-23 fusion_builder_column_1_4 1_4 fusion-flex-column\" style=\"--awb-bg-size:cover;--awb-width-large:25%;--awb-margin-top-large:0px;--awb-spacing-right-large:7.68%;--awb-margin-bottom-large:20px;--awb-spacing-left-large:7.68%;--awb-width-medium:100%;--awb-order-medium:0;--awb-spacing-right-medium:1.92%;--awb-spacing-left-medium:1.92%;--awb-width-small:100%;--awb-order-small:0;--awb-spacing-right-small:1.92%;--awb-spacing-left-small:1.92%;\"><div class=\"fusion-column-wrapper fusion-column-has-shadow fusion-flex-justify-content-flex-start fusion-content-layout-column\"><div class=\"fusion-image-element \" style=\"text-align:center;--awb-bottom-shadow-color:rgba(17,17,17,0.4);--awb-caption-title-font-family:var(--h2_typography-font-family);--awb-caption-title-font-weight:var(--h2_typography-font-weight);--awb-caption-title-font-style:var(--h2_typography-font-style);--awb-caption-title-size:var(--h2_typography-font-size);--awb-caption-title-transform:var(--h2_typography-text-transform);--awb-caption-title-line-height:var(--h2_typography-line-height);--awb-caption-title-letter-spacing:var(--h2_typography-letter-spacing);\"><div class=\"awb-image-frame awb-image-frame-12 awb-bottomshadow\"><span class=\" fusion-imageframe imageframe-bottomshadow imageframe-12 hover-type-zoomin\"><a href=\"https:\/\/grand-angle.lavenir.net\/patrimoine-oublie-de-wallonie\/wp-content\/uploads\/sites\/135\/2023\/05\/Fond-de-Vedeur-12.jpg\" class=\"fusion-lightbox\" data-rel=\"iLightbox[ruine]\" data-caption=\"Patrimoine oubli\u00e9 de Wallonie - Le g\u00eete de Durbuy  \u00a9 Jacques Duchateau\" data-title=\"Patrimoine oubli\u00e9 de Wallonie &#8211; Le g\u00eete de Durbuy.\" title=\"Patrimoine oubli\u00e9 de Wallonie &#8211; Le g\u00eete de Durbuy.\"><img decoding=\"async\" width=\"2000\" height=\"1343\" alt=\"Fond de Vedeur\" src=\"https:\/\/grand-angle.lavenir.net\/patrimoine-oublie-de-wallonie\/wp-content\/uploads\/sites\/135\/2023\/05\/Fond-de-Vedeur-12.jpg\" data-orig-src=\"https:\/\/grand-angle.lavenir.net\/patrimoine-oublie-de-wallonie\/wp-content\/uploads\/sites\/135\/2023\/05\/Fond-de-Vedeur-12.jpg\" class=\"lazyload img-responsive wp-image-1259\" srcset=\"data:image\/svg+xml,%3Csvg%20xmlns%3D%27http%3A%2F%2Fwww.w3.org%2F2000%2Fsvg%27%20width%3D%272000%27%20height%3D%271343%27%20viewBox%3D%270%200%202000%201343%27%3E%3Crect%20width%3D%272000%27%20height%3D%271343%27%20fill-opacity%3D%220%22%2F%3E%3C%2Fsvg%3E\" data-srcset=\"https:\/\/grand-angle.lavenir.net\/patrimoine-oublie-de-wallonie\/wp-content\/uploads\/sites\/135\/2023\/05\/Fond-de-Vedeur-12-200x134.jpg 200w, https:\/\/grand-angle.lavenir.net\/patrimoine-oublie-de-wallonie\/wp-content\/uploads\/sites\/135\/2023\/05\/Fond-de-Vedeur-12-400x269.jpg 400w, https:\/\/grand-angle.lavenir.net\/patrimoine-oublie-de-wallonie\/wp-content\/uploads\/sites\/135\/2023\/05\/Fond-de-Vedeur-12-600x403.jpg 600w, https:\/\/grand-angle.lavenir.net\/patrimoine-oublie-de-wallonie\/wp-content\/uploads\/sites\/135\/2023\/05\/Fond-de-Vedeur-12-800x537.jpg 800w, https:\/\/grand-angle.lavenir.net\/patrimoine-oublie-de-wallonie\/wp-content\/uploads\/sites\/135\/2023\/05\/Fond-de-Vedeur-12-1200x806.jpg 1200w, https:\/\/grand-angle.lavenir.net\/patrimoine-oublie-de-wallonie\/wp-content\/uploads\/sites\/135\/2023\/05\/Fond-de-Vedeur-12.jpg 2000w\" data-sizes=\"auto\" data-orig-sizes=\"(max-width: 1024px) 100vw, (max-width: 640px) 100vw, 200px\" \/><\/a><\/span><svg xmlns=\"http:\/\/www.w3.org\/2000\/svg\" version=\"1.1\" width=\"100%\" viewBox=\"0 0 600 28\" preserveAspectRatio=\"none\"><g clip-path=\"url(#a)\"><mask id=\"b\" style=\"mask-type:luminance\" maskUnits=\"userSpaceOnUse\" x=\"0\" y=\"0\" width=\"600\" height=\"28\"><path d=\"M0 0h600v28H0V0Z\" fill=\"#fff\"\/><\/mask><g filter=\"url(#c)\" mask=\"url(#b)\"><path d=\"M16.439-18.667h567.123v30.8S438.961-8.4 300-8.4C161.04-8.4 16.438 12.133 16.438 12.133v-30.8Z\" fill=\"#000\"\/><\/g><\/g><defs><clipPath id=\"a\"><path fill=\"#fff\" d=\"M0 0h600v28H0z\"\/><\/clipPath><filter id=\"c\" x=\"5.438\" y=\"-29.667\" width=\"589.123\" height=\"52.8\" filterUnits=\"userSpaceOnUse\" color-interpolation-filters=\"sRGB\"><feFlood flood-opacity=\"0\" result=\"BackgroundImageFix\"\/><feBlend in=\"SourceGraphic\" in2=\"BackgroundImageFix\" result=\"shape\"\/><feGaussianBlur stdDeviation=\"5.5\" result=\"effect1_foregroundBlur_3983_183\"\/><\/filter><\/defs><\/svg><\/div><\/div><\/div><\/div><div class=\"fusion-layout-column fusion_builder_column fusion-builder-column-24 fusion_builder_column_1_4 1_4 fusion-flex-column\" style=\"--awb-bg-size:cover;--awb-width-large:25%;--awb-margin-top-large:0px;--awb-spacing-right-large:7.68%;--awb-margin-bottom-large:20px;--awb-spacing-left-large:7.68%;--awb-width-medium:100%;--awb-order-medium:0;--awb-spacing-right-medium:1.92%;--awb-spacing-left-medium:1.92%;--awb-width-small:100%;--awb-order-small:0;--awb-spacing-right-small:1.92%;--awb-spacing-left-small:1.92%;\"><div class=\"fusion-column-wrapper fusion-column-has-shadow fusion-flex-justify-content-flex-start fusion-content-layout-column\"><div class=\"fusion-image-element \" style=\"text-align:center;--awb-bottom-shadow-color:rgba(17,17,17,0.4);--awb-caption-title-font-family:var(--h2_typography-font-family);--awb-caption-title-font-weight:var(--h2_typography-font-weight);--awb-caption-title-font-style:var(--h2_typography-font-style);--awb-caption-title-size:var(--h2_typography-font-size);--awb-caption-title-transform:var(--h2_typography-text-transform);--awb-caption-title-line-height:var(--h2_typography-line-height);--awb-caption-title-letter-spacing:var(--h2_typography-letter-spacing);\"><div class=\"awb-image-frame awb-image-frame-13 awb-bottomshadow\"><span class=\" fusion-imageframe imageframe-bottomshadow imageframe-13 hover-type-zoomin\"><a href=\"https:\/\/grand-angle.lavenir.net\/patrimoine-oublie-de-wallonie\/wp-content\/uploads\/sites\/135\/2023\/05\/Fond-de-Vedeur-13.jpg\" class=\"fusion-lightbox\" data-rel=\"iLightbox[ruine]\" data-caption=\"Patrimoine oubli\u00e9 de Wallonie - Le g\u00eete de Durbuy  \u00a9 Jacques Duchateau\" data-title=\"Patrimoine oubli\u00e9 de Wallonie &#8211; Le g\u00eete de Durbuy.\" title=\"Patrimoine oubli\u00e9 de Wallonie &#8211; Le g\u00eete de Durbuy.\"><img decoding=\"async\" width=\"2000\" height=\"1343\" alt=\"Fond de Vedeur\" src=\"https:\/\/grand-angle.lavenir.net\/patrimoine-oublie-de-wallonie\/wp-content\/uploads\/sites\/135\/2023\/05\/Fond-de-Vedeur-13.jpg\" data-orig-src=\"https:\/\/grand-angle.lavenir.net\/patrimoine-oublie-de-wallonie\/wp-content\/uploads\/sites\/135\/2023\/05\/Fond-de-Vedeur-13.jpg\" class=\"lazyload img-responsive wp-image-1260\" srcset=\"data:image\/svg+xml,%3Csvg%20xmlns%3D%27http%3A%2F%2Fwww.w3.org%2F2000%2Fsvg%27%20width%3D%272000%27%20height%3D%271343%27%20viewBox%3D%270%200%202000%201343%27%3E%3Crect%20width%3D%272000%27%20height%3D%271343%27%20fill-opacity%3D%220%22%2F%3E%3C%2Fsvg%3E\" data-srcset=\"https:\/\/grand-angle.lavenir.net\/patrimoine-oublie-de-wallonie\/wp-content\/uploads\/sites\/135\/2023\/05\/Fond-de-Vedeur-13-200x134.jpg 200w, https:\/\/grand-angle.lavenir.net\/patrimoine-oublie-de-wallonie\/wp-content\/uploads\/sites\/135\/2023\/05\/Fond-de-Vedeur-13-400x269.jpg 400w, https:\/\/grand-angle.lavenir.net\/patrimoine-oublie-de-wallonie\/wp-content\/uploads\/sites\/135\/2023\/05\/Fond-de-Vedeur-13-600x403.jpg 600w, https:\/\/grand-angle.lavenir.net\/patrimoine-oublie-de-wallonie\/wp-content\/uploads\/sites\/135\/2023\/05\/Fond-de-Vedeur-13-800x537.jpg 800w, https:\/\/grand-angle.lavenir.net\/patrimoine-oublie-de-wallonie\/wp-content\/uploads\/sites\/135\/2023\/05\/Fond-de-Vedeur-13-1200x806.jpg 1200w, https:\/\/grand-angle.lavenir.net\/patrimoine-oublie-de-wallonie\/wp-content\/uploads\/sites\/135\/2023\/05\/Fond-de-Vedeur-13.jpg 2000w\" data-sizes=\"auto\" data-orig-sizes=\"(max-width: 1024px) 100vw, (max-width: 640px) 100vw, 200px\" \/><\/a><\/span><svg xmlns=\"http:\/\/www.w3.org\/2000\/svg\" version=\"1.1\" width=\"100%\" viewBox=\"0 0 600 28\" preserveAspectRatio=\"none\"><g clip-path=\"url(#a)\"><mask id=\"b\" style=\"mask-type:luminance\" maskUnits=\"userSpaceOnUse\" x=\"0\" y=\"0\" width=\"600\" height=\"28\"><path d=\"M0 0h600v28H0V0Z\" fill=\"#fff\"\/><\/mask><g filter=\"url(#c)\" mask=\"url(#b)\"><path d=\"M16.439-18.667h567.123v30.8S438.961-8.4 300-8.4C161.04-8.4 16.438 12.133 16.438 12.133v-30.8Z\" fill=\"#000\"\/><\/g><\/g><defs><clipPath id=\"a\"><path fill=\"#fff\" d=\"M0 0h600v28H0z\"\/><\/clipPath><filter id=\"c\" x=\"5.438\" y=\"-29.667\" width=\"589.123\" height=\"52.8\" filterUnits=\"userSpaceOnUse\" color-interpolation-filters=\"sRGB\"><feFlood flood-opacity=\"0\" result=\"BackgroundImageFix\"\/><feBlend in=\"SourceGraphic\" in2=\"BackgroundImageFix\" result=\"shape\"\/><feGaussianBlur stdDeviation=\"5.5\" result=\"effect1_foregroundBlur_3983_183\"\/><\/filter><\/defs><\/svg><\/div><\/div><\/div><\/div><div class=\"fusion-layout-column fusion_builder_column fusion-builder-column-25 fusion_builder_column_1_4 1_4 fusion-flex-column\" style=\"--awb-bg-size:cover;--awb-width-large:25%;--awb-margin-top-large:0px;--awb-spacing-right-large:7.68%;--awb-margin-bottom-large:20px;--awb-spacing-left-large:7.68%;--awb-width-medium:100%;--awb-order-medium:0;--awb-spacing-right-medium:1.92%;--awb-spacing-left-medium:1.92%;--awb-width-small:100%;--awb-order-small:0;--awb-spacing-right-small:1.92%;--awb-spacing-left-small:1.92%;\"><div class=\"fusion-column-wrapper fusion-column-has-shadow fusion-flex-justify-content-flex-start fusion-content-layout-column\"><div class=\"fusion-image-element \" style=\"text-align:center;--awb-bottom-shadow-color:rgba(17,17,17,0.4);--awb-caption-title-font-family:var(--h2_typography-font-family);--awb-caption-title-font-weight:var(--h2_typography-font-weight);--awb-caption-title-font-style:var(--h2_typography-font-style);--awb-caption-title-size:var(--h2_typography-font-size);--awb-caption-title-transform:var(--h2_typography-text-transform);--awb-caption-title-line-height:var(--h2_typography-line-height);--awb-caption-title-letter-spacing:var(--h2_typography-letter-spacing);\"><div class=\"awb-image-frame awb-image-frame-14 awb-bottomshadow\"><span class=\" fusion-imageframe imageframe-bottomshadow imageframe-14 hover-type-zoomin\"><a href=\"https:\/\/grand-angle.lavenir.net\/patrimoine-oublie-de-wallonie\/wp-content\/uploads\/sites\/135\/2023\/05\/Fond-de-Vedeur-14.jpg\" class=\"fusion-lightbox\" data-rel=\"iLightbox[ruine]\" data-caption=\"Patrimoine oubli\u00e9 de Wallonie - Le g\u00eete de Durbuy  \u00a9 Jacques Duchateau\" data-title=\"Patrimoine oubli\u00e9 de Wallonie &#8211; Le g\u00eete de Durbuy.\" title=\"Patrimoine oubli\u00e9 de Wallonie &#8211; Le g\u00eete de Durbuy.\"><img decoding=\"async\" width=\"2000\" height=\"1343\" alt=\"Fond de Vedeur\" src=\"https:\/\/grand-angle.lavenir.net\/patrimoine-oublie-de-wallonie\/wp-content\/uploads\/sites\/135\/2023\/05\/Fond-de-Vedeur-14.jpg\" data-orig-src=\"https:\/\/grand-angle.lavenir.net\/patrimoine-oublie-de-wallonie\/wp-content\/uploads\/sites\/135\/2023\/05\/Fond-de-Vedeur-14.jpg\" class=\"lazyload img-responsive wp-image-1261\" srcset=\"data:image\/svg+xml,%3Csvg%20xmlns%3D%27http%3A%2F%2Fwww.w3.org%2F2000%2Fsvg%27%20width%3D%272000%27%20height%3D%271343%27%20viewBox%3D%270%200%202000%201343%27%3E%3Crect%20width%3D%272000%27%20height%3D%271343%27%20fill-opacity%3D%220%22%2F%3E%3C%2Fsvg%3E\" data-srcset=\"https:\/\/grand-angle.lavenir.net\/patrimoine-oublie-de-wallonie\/wp-content\/uploads\/sites\/135\/2023\/05\/Fond-de-Vedeur-14-200x134.jpg 200w, https:\/\/grand-angle.lavenir.net\/patrimoine-oublie-de-wallonie\/wp-content\/uploads\/sites\/135\/2023\/05\/Fond-de-Vedeur-14-400x269.jpg 400w, https:\/\/grand-angle.lavenir.net\/patrimoine-oublie-de-wallonie\/wp-content\/uploads\/sites\/135\/2023\/05\/Fond-de-Vedeur-14-600x403.jpg 600w, https:\/\/grand-angle.lavenir.net\/patrimoine-oublie-de-wallonie\/wp-content\/uploads\/sites\/135\/2023\/05\/Fond-de-Vedeur-14-800x537.jpg 800w, https:\/\/grand-angle.lavenir.net\/patrimoine-oublie-de-wallonie\/wp-content\/uploads\/sites\/135\/2023\/05\/Fond-de-Vedeur-14-1200x806.jpg 1200w, https:\/\/grand-angle.lavenir.net\/patrimoine-oublie-de-wallonie\/wp-content\/uploads\/sites\/135\/2023\/05\/Fond-de-Vedeur-14.jpg 2000w\" data-sizes=\"auto\" data-orig-sizes=\"(max-width: 1024px) 100vw, (max-width: 640px) 100vw, 200px\" \/><\/a><\/span><svg xmlns=\"http:\/\/www.w3.org\/2000\/svg\" version=\"1.1\" width=\"100%\" viewBox=\"0 0 600 28\" preserveAspectRatio=\"none\"><g clip-path=\"url(#a)\"><mask id=\"b\" style=\"mask-type:luminance\" maskUnits=\"userSpaceOnUse\" x=\"0\" y=\"0\" width=\"600\" height=\"28\"><path d=\"M0 0h600v28H0V0Z\" fill=\"#fff\"\/><\/mask><g filter=\"url(#c)\" mask=\"url(#b)\"><path d=\"M16.439-18.667h567.123v30.8S438.961-8.4 300-8.4C161.04-8.4 16.438 12.133 16.438 12.133v-30.8Z\" fill=\"#000\"\/><\/g><\/g><defs><clipPath id=\"a\"><path fill=\"#fff\" d=\"M0 0h600v28H0z\"\/><\/clipPath><filter id=\"c\" x=\"5.438\" y=\"-29.667\" width=\"589.123\" height=\"52.8\" filterUnits=\"userSpaceOnUse\" color-interpolation-filters=\"sRGB\"><feFlood flood-opacity=\"0\" result=\"BackgroundImageFix\"\/><feBlend in=\"SourceGraphic\" in2=\"BackgroundImageFix\" result=\"shape\"\/><feGaussianBlur stdDeviation=\"5.5\" result=\"effect1_foregroundBlur_3983_183\"\/><\/filter><\/defs><\/svg><\/div><\/div><\/div><\/div><div class=\"fusion-layout-column fusion_builder_column fusion-builder-column-26 fusion_builder_column_1_4 1_4 fusion-flex-column\" style=\"--awb-bg-size:cover;--awb-width-large:25%;--awb-margin-top-large:0px;--awb-spacing-right-large:7.68%;--awb-margin-bottom-large:20px;--awb-spacing-left-large:7.68%;--awb-width-medium:100%;--awb-order-medium:0;--awb-spacing-right-medium:1.92%;--awb-spacing-left-medium:1.92%;--awb-width-small:100%;--awb-order-small:0;--awb-spacing-right-small:1.92%;--awb-spacing-left-small:1.92%;\"><div class=\"fusion-column-wrapper fusion-column-has-shadow fusion-flex-justify-content-flex-start fusion-content-layout-column\"><div class=\"fusion-image-element \" style=\"text-align:center;--awb-bottom-shadow-color:rgba(17,17,17,0.4);--awb-caption-title-font-family:var(--h2_typography-font-family);--awb-caption-title-font-weight:var(--h2_typography-font-weight);--awb-caption-title-font-style:var(--h2_typography-font-style);--awb-caption-title-size:var(--h2_typography-font-size);--awb-caption-title-transform:var(--h2_typography-text-transform);--awb-caption-title-line-height:var(--h2_typography-line-height);--awb-caption-title-letter-spacing:var(--h2_typography-letter-spacing);\"><div class=\"awb-image-frame awb-image-frame-15 awb-bottomshadow\"><span class=\" fusion-imageframe imageframe-bottomshadow imageframe-15 hover-type-zoomin\"><a href=\"https:\/\/grand-angle.lavenir.net\/patrimoine-oublie-de-wallonie\/wp-content\/uploads\/sites\/135\/2023\/05\/Fond-de-Vedeur-15.jpg\" class=\"fusion-lightbox\" data-rel=\"iLightbox[ruine]\" data-caption=\"Patrimoine oubli\u00e9 de Wallonie - Le g\u00eete de Durbuy  \u00a9 Jacques Duchateau\" data-title=\"Patrimoine oubli\u00e9 de Wallonie &#8211; Le g\u00eete de Durbuy.\" title=\"Patrimoine oubli\u00e9 de Wallonie &#8211; Le g\u00eete de Durbuy.\"><img decoding=\"async\" width=\"2000\" height=\"1333\" alt=\"Fond de Vedeur\" src=\"https:\/\/grand-angle.lavenir.net\/patrimoine-oublie-de-wallonie\/wp-content\/uploads\/sites\/135\/2023\/05\/Fond-de-Vedeur-15.jpg\" data-orig-src=\"https:\/\/grand-angle.lavenir.net\/patrimoine-oublie-de-wallonie\/wp-content\/uploads\/sites\/135\/2023\/05\/Fond-de-Vedeur-15.jpg\" class=\"lazyload img-responsive wp-image-1262\" srcset=\"data:image\/svg+xml,%3Csvg%20xmlns%3D%27http%3A%2F%2Fwww.w3.org%2F2000%2Fsvg%27%20width%3D%272000%27%20height%3D%271333%27%20viewBox%3D%270%200%202000%201333%27%3E%3Crect%20width%3D%272000%27%20height%3D%271333%27%20fill-opacity%3D%220%22%2F%3E%3C%2Fsvg%3E\" data-srcset=\"https:\/\/grand-angle.lavenir.net\/patrimoine-oublie-de-wallonie\/wp-content\/uploads\/sites\/135\/2023\/05\/Fond-de-Vedeur-15-200x133.jpg 200w, https:\/\/grand-angle.lavenir.net\/patrimoine-oublie-de-wallonie\/wp-content\/uploads\/sites\/135\/2023\/05\/Fond-de-Vedeur-15-400x267.jpg 400w, https:\/\/grand-angle.lavenir.net\/patrimoine-oublie-de-wallonie\/wp-content\/uploads\/sites\/135\/2023\/05\/Fond-de-Vedeur-15-600x400.jpg 600w, https:\/\/grand-angle.lavenir.net\/patrimoine-oublie-de-wallonie\/wp-content\/uploads\/sites\/135\/2023\/05\/Fond-de-Vedeur-15-800x533.jpg 800w, https:\/\/grand-angle.lavenir.net\/patrimoine-oublie-de-wallonie\/wp-content\/uploads\/sites\/135\/2023\/05\/Fond-de-Vedeur-15-1200x800.jpg 1200w, https:\/\/grand-angle.lavenir.net\/patrimoine-oublie-de-wallonie\/wp-content\/uploads\/sites\/135\/2023\/05\/Fond-de-Vedeur-15.jpg 2000w\" data-sizes=\"auto\" data-orig-sizes=\"(max-width: 1024px) 100vw, (max-width: 640px) 100vw, 200px\" \/><\/a><\/span><svg xmlns=\"http:\/\/www.w3.org\/2000\/svg\" version=\"1.1\" width=\"100%\" viewBox=\"0 0 600 28\" preserveAspectRatio=\"none\"><g clip-path=\"url(#a)\"><mask id=\"b\" style=\"mask-type:luminance\" maskUnits=\"userSpaceOnUse\" x=\"0\" y=\"0\" width=\"600\" height=\"28\"><path d=\"M0 0h600v28H0V0Z\" fill=\"#fff\"\/><\/mask><g filter=\"url(#c)\" mask=\"url(#b)\"><path d=\"M16.439-18.667h567.123v30.8S438.961-8.4 300-8.4C161.04-8.4 16.438 12.133 16.438 12.133v-30.8Z\" fill=\"#000\"\/><\/g><\/g><defs><clipPath id=\"a\"><path fill=\"#fff\" d=\"M0 0h600v28H0z\"\/><\/clipPath><filter id=\"c\" x=\"5.438\" y=\"-29.667\" width=\"589.123\" height=\"52.8\" filterUnits=\"userSpaceOnUse\" color-interpolation-filters=\"sRGB\"><feFlood flood-opacity=\"0\" result=\"BackgroundImageFix\"\/><feBlend in=\"SourceGraphic\" in2=\"BackgroundImageFix\" result=\"shape\"\/><feGaussianBlur stdDeviation=\"5.5\" result=\"effect1_foregroundBlur_3983_183\"\/><\/filter><\/defs><\/svg><\/div><\/div><\/div><\/div><div class=\"fusion-layout-column fusion_builder_column fusion-builder-column-27 fusion_builder_column_1_1 1_1 fusion-flex-column\" style=\"--awb-bg-size:cover;--awb-width-large:100%;--awb-margin-top-large:0px;--awb-spacing-right-large:1.92%;--awb-margin-bottom-large:20px;--awb-spacing-left-large:1.92%;--awb-width-medium:100%;--awb-order-medium:0;--awb-spacing-right-medium:1.92%;--awb-spacing-left-medium:1.92%;--awb-width-small:100%;--awb-order-small:0;--awb-spacing-right-small:1.92%;--awb-spacing-left-small:1.92%;\"><div class=\"fusion-column-wrapper fusion-column-has-shadow fusion-flex-justify-content-flex-start fusion-content-layout-column\"><div class=\"fusion-image-element \" style=\"text-align:center;--awb-bottom-shadow-color:rgba(17,17,17,0.4);--awb-caption-title-font-family:var(--h2_typography-font-family);--awb-caption-title-font-weight:var(--h2_typography-font-weight);--awb-caption-title-font-style:var(--h2_typography-font-style);--awb-caption-title-size:var(--h2_typography-font-size);--awb-caption-title-transform:var(--h2_typography-text-transform);--awb-caption-title-line-height:var(--h2_typography-line-height);--awb-caption-title-letter-spacing:var(--h2_typography-letter-spacing);\"><div class=\"awb-image-frame awb-image-frame-16 awb-bottomshadow\"><span class=\" fusion-imageframe imageframe-bottomshadow imageframe-16 hover-type-zoomin\"><a href=\"https:\/\/grand-angle.lavenir.net\/patrimoine-oublie-de-wallonie\/wp-content\/uploads\/sites\/135\/2023\/05\/Fond-de-Vedeur-8.jpg\" class=\"fusion-lightbox\" data-rel=\"iLightbox[ruine]\" data-caption=\"Patrimoine oubli\u00e9 de Wallonie - Le g\u00eete de Durbuy  \u00a9 Jacques Duchateau\" data-title=\"Patrimoine oubli\u00e9 de Wallonie &#8211; Le g\u00eete de Durbuy.\" title=\"Patrimoine oubli\u00e9 de Wallonie &#8211; Le g\u00eete de Durbuy.\"><img decoding=\"async\" width=\"2000\" height=\"1342\" alt=\"Fond de Vedeur\" src=\"https:\/\/grand-angle.lavenir.net\/patrimoine-oublie-de-wallonie\/wp-content\/uploads\/sites\/135\/2023\/05\/Fond-de-Vedeur-8.jpg\" data-orig-src=\"https:\/\/grand-angle.lavenir.net\/patrimoine-oublie-de-wallonie\/wp-content\/uploads\/sites\/135\/2023\/05\/Fond-de-Vedeur-8.jpg\" class=\"lazyload img-responsive wp-image-1256\" srcset=\"data:image\/svg+xml,%3Csvg%20xmlns%3D%27http%3A%2F%2Fwww.w3.org%2F2000%2Fsvg%27%20width%3D%272000%27%20height%3D%271342%27%20viewBox%3D%270%200%202000%201342%27%3E%3Crect%20width%3D%272000%27%20height%3D%271342%27%20fill-opacity%3D%220%22%2F%3E%3C%2Fsvg%3E\" data-srcset=\"https:\/\/grand-angle.lavenir.net\/patrimoine-oublie-de-wallonie\/wp-content\/uploads\/sites\/135\/2023\/05\/Fond-de-Vedeur-8-200x134.jpg 200w, https:\/\/grand-angle.lavenir.net\/patrimoine-oublie-de-wallonie\/wp-content\/uploads\/sites\/135\/2023\/05\/Fond-de-Vedeur-8-400x268.jpg 400w, https:\/\/grand-angle.lavenir.net\/patrimoine-oublie-de-wallonie\/wp-content\/uploads\/sites\/135\/2023\/05\/Fond-de-Vedeur-8-600x403.jpg 600w, https:\/\/grand-angle.lavenir.net\/patrimoine-oublie-de-wallonie\/wp-content\/uploads\/sites\/135\/2023\/05\/Fond-de-Vedeur-8-800x537.jpg 800w, https:\/\/grand-angle.lavenir.net\/patrimoine-oublie-de-wallonie\/wp-content\/uploads\/sites\/135\/2023\/05\/Fond-de-Vedeur-8-1200x805.jpg 1200w, https:\/\/grand-angle.lavenir.net\/patrimoine-oublie-de-wallonie\/wp-content\/uploads\/sites\/135\/2023\/05\/Fond-de-Vedeur-8.jpg 2000w\" data-sizes=\"auto\" data-orig-sizes=\"(max-width: 1024px) 100vw, (max-width: 640px) 100vw, 800px\" \/><\/a><\/span><svg xmlns=\"http:\/\/www.w3.org\/2000\/svg\" version=\"1.1\" width=\"100%\" viewBox=\"0 0 600 28\" preserveAspectRatio=\"none\"><g clip-path=\"url(#a)\"><mask id=\"b\" style=\"mask-type:luminance\" maskUnits=\"userSpaceOnUse\" x=\"0\" y=\"0\" width=\"600\" height=\"28\"><path d=\"M0 0h600v28H0V0Z\" fill=\"#fff\"\/><\/mask><g filter=\"url(#c)\" mask=\"url(#b)\"><path d=\"M16.439-18.667h567.123v30.8S438.961-8.4 300-8.4C161.04-8.4 16.438 12.133 16.438 12.133v-30.8Z\" fill=\"#000\"\/><\/g><\/g><defs><clipPath id=\"a\"><path fill=\"#fff\" d=\"M0 0h600v28H0z\"\/><\/clipPath><filter id=\"c\" x=\"5.438\" y=\"-29.667\" width=\"589.123\" height=\"52.8\" filterUnits=\"userSpaceOnUse\" color-interpolation-filters=\"sRGB\"><feFlood flood-opacity=\"0\" result=\"BackgroundImageFix\"\/><feBlend in=\"SourceGraphic\" in2=\"BackgroundImageFix\" result=\"shape\"\/><feGaussianBlur stdDeviation=\"5.5\" result=\"effect1_foregroundBlur_3983_183\"\/><\/filter><\/defs><\/svg><\/div><\/div><\/div><\/div><div class=\"fusion-layout-column fusion_builder_column fusion-builder-column-28 fusion_builder_column_1_1 1_1 fusion-flex-column\" style=\"--awb-bg-size:cover;--awb-width-large:100%;--awb-margin-top-large:0px;--awb-spacing-right-large:1.92%;--awb-margin-bottom-large:20px;--awb-spacing-left-large:1.92%;--awb-width-medium:100%;--awb-order-medium:0;--awb-spacing-right-medium:1.92%;--awb-spacing-left-medium:1.92%;--awb-width-small:100%;--awb-order-small:0;--awb-spacing-right-small:1.92%;--awb-spacing-left-small:1.92%;\"><div class=\"fusion-column-wrapper fusion-column-has-shadow fusion-flex-justify-content-flex-start fusion-content-layout-column\"><div class=\"fusion-text fusion-text-9\" style=\"--awb-text-color:#ffffff;\"><p>Du c\u00f4t\u00e9 de la Ville de Durbuy, on aimerait que ce b\u00e2timent retrouve une nouvelle affectation. Ouvert aux quatre vents, visit\u00e9 par de nombreux urbexeurs, il se d\u00e9t\u00e9riore rapidement. L\u2019espoir de la Commune serait qu\u2019il puisse \u00eatre utilis\u00e9 comme logement pour les travailleurs de l\u2019horeca actifs au c\u0153ur de la vieille ville. Ou alors en faire un lieu pour organiser des escape rooms. C\u2019est vrai que le d\u00e9cor d\u00e9cr\u00e9pi s\u2019y pr\u00eaterait \u00e0 merveille.<\/p>\n<\/div><\/div><\/div><div class=\"fusion-layout-column fusion_builder_column fusion-builder-column-29 fusion_builder_column_1_1 1_1 fusion-flex-column\" style=\"--awb-bg-size:cover;--awb-width-large:100%;--awb-margin-top-large:0px;--awb-spacing-right-large:1.92%;--awb-margin-bottom-large:20px;--awb-spacing-left-large:1.92%;--awb-width-medium:100%;--awb-order-medium:0;--awb-spacing-right-medium:1.92%;--awb-spacing-left-medium:1.92%;--awb-width-small:100%;--awb-order-small:0;--awb-spacing-right-small:1.92%;--awb-spacing-left-small:1.92%;\"><div class=\"fusion-column-wrapper fusion-column-has-shadow fusion-flex-justify-content-flex-start fusion-content-layout-column\"><div class=\"fusion-text fusion-text-10\" style=\"--awb-text-color:#ffffff;\"><p style=\"text-align: center;\"><strong>Souvent squatt\u00e9, \u00e0 l\u2019abandon, le Fond de Vedeur se meurt inexorablement. Qui sait s\u2019il pourra un jour retrouver son lustre d\u2019antan.<\/strong><\/p>\n<\/div><\/div><\/div><\/div><\/div><div class=\"fusion-fullwidth fullwidth-box fusion-builder-row-13 fusion-flex-container fusion-parallax-none hundred-percent-fullwidth hundred-percent-height hundred-percent-height-center-content non-hundred-percent-height-scrolling lazyload fusion-animated parallax\" style=\"--awb-border-radius-top-left:0px;--awb-border-radius-top-right:0px;--awb-border-radius-bottom-right:0px;--awb-border-radius-bottom-left:0px;--awb-padding-top-small:90h%;--awb-background-size:cover;--awb-flex-wrap:wrap;\" data-bg=\"https:\/\/grand-angle.lavenir.net\/patrimoine-oublie-de-wallonie\/wp-content\/uploads\/sites\/135\/2023\/05\/Fond-de-Vedeur-10.jpg\" data-animationType=\"slideInUp\" data-animationDuration=\"1.0\" data-animationOffset=\"top-into-view\" ><div class=\"fusion-builder-row fusion-row fusion-flex-align-items-flex-start fusion-flex-content-wrap\" style=\"width:104% !important;max-width:104% !important;margin-left: calc(-4% \/ 2 );margin-right: calc(-4% \/ 2 );\"><div class=\"fusion-layout-column fusion_builder_column fusion-builder-column-30 fusion_builder_column_1_1 1_1 fusion-flex-column\" style=\"--awb-bg-size:cover;--awb-width-large:100%;--awb-margin-top-large:0px;--awb-spacing-right-large:1.92%;--awb-margin-bottom-large:20px;--awb-spacing-left-large:1.92%;--awb-width-medium:100%;--awb-order-medium:0;--awb-spacing-right-medium:1.92%;--awb-spacing-left-medium:1.92%;--awb-width-small:100%;--awb-order-small:0;--awb-spacing-right-small:1.92%;--awb-spacing-left-small:1.92%;\"><div class=\"fusion-column-wrapper fusion-column-has-shadow fusion-flex-justify-content-flex-start fusion-content-layout-column\"><\/div><\/div><\/div><\/div><div class=\"fusion-fullwidth fullwidth-box fusion-builder-row-14 fusion-flex-container nonhundred-percent-fullwidth non-hundred-percent-height-scrolling\" style=\"--awb-border-radius-top-left:0px;--awb-border-radius-top-right:0px;--awb-border-radius-bottom-right:0px;--awb-border-radius-bottom-left:0px;--awb-flex-wrap:wrap;\" ><div class=\"fusion-builder-row fusion-row fusion-flex-align-items-flex-start fusion-flex-content-wrap\" style=\"max-width:832px;margin-left: calc(-4% \/ 2 );margin-right: calc(-4% \/ 2 );\"><div class=\"fusion-layout-column fusion_builder_column fusion-builder-column-31 fusion_builder_column_1_1 1_1 fusion-flex-column\" style=\"--awb-bg-size:cover;--awb-width-large:100%;--awb-margin-top-large:0px;--awb-spacing-right-large:1.92%;--awb-margin-bottom-large:20px;--awb-spacing-left-large:1.92%;--awb-width-medium:100%;--awb-order-medium:0;--awb-spacing-right-medium:1.92%;--awb-spacing-left-medium:1.92%;--awb-width-small:100%;--awb-order-small:0;--awb-spacing-right-small:1.92%;--awb-spacing-left-small:1.92%;\"><div class=\"fusion-column-wrapper fusion-column-has-shadow fusion-flex-justify-content-flex-start fusion-content-layout-column\"><script src=\"https:\/\/www.lavenir.net\/extra\/content\/weblab\/lib\/jscookie.js\"><\/script>\n<script>\n    (function($){\n        $(document).ready(function() {\n            var thecookie = Cookies.get('patrimoineoublie');\n            if(!thecookie){\n                setTimeout(function() {\n                    $('.modal-patrimoine-oublie').modal('show');\n                }, 1000);\n                Cookies.set('patrimoineoublie', 'true', { expires: 7 })\n            }else{\n                $('.modal-patrimoine-oublie').modal('hide');\n            }\n        });\n    })(jQuery);\n\n<\/script><div class=\"fusion-modal modal fade modal-1 modal-patrimoine-oublie\" tabindex=\"-1\" role=\"dialog\" aria-labelledby=\"modal-heading-1\" aria-hidden=\"true\" style=\"--awb-border-color:#ebebeb;--awb-background:#f6f6f6;\"><div class=\"modal-dialog modal-lg\" role=\"document\"><div class=\"modal-content fusion-modal-content\"><div class=\"modal-header\"><button class=\"close\" type=\"button\" data-dismiss=\"modal\" aria-hidden=\"true\" aria-label=\"Close\">&times;<\/button><h3 class=\"modal-title\" id=\"modal-heading-1\" data-dismiss=\"modal\" aria-hidden=\"true\">Le patrimoine oubli\u00e9 de Wallonie<\/h3><\/div><div class=\"modal-body fusion-clearfix\">\n<p>La Wallonie est riche de son patrimoine\u00a0: vieilles pierres, \u00e9glises, ch\u00e2teaux, usines, folklore\u2026<\/p>\n<p>Dans cette s\u00e9rie de reportages, nous d\u00e9couvrons ces lieux parfois abandonn\u00e9s, parfois compl\u00e8tement disparus. Nous visitons les vestiges, retrouvons des archives mais aussi des t\u00e9moins qui nous parlent de ce pass\u00e9 pas si lointain.<\/p>\n<p>D\u00e9couvrez les ci-dessous et plongez dans la richesse de notre histoire.<\/p>\n<\/div><\/div><\/div><\/div><\/div><\/div><\/div><\/div>\n<div class=\"fusion-fullwidth fullwidth-box fusion-builder-row-15 fusion-flex-container nonhundred-percent-fullwidth non-hundred-percent-height-scrolling\" style=\"--awb-border-radius-top-left:0px;--awb-border-radius-top-right:0px;--awb-border-radius-bottom-right:0px;--awb-border-radius-bottom-left:0px;--awb-background-color:#ffffff;--awb-flex-wrap:wrap;\" ><div class=\"fusion-builder-row fusion-row fusion-flex-align-items-flex-start fusion-flex-content-wrap\" style=\"max-width:832px;margin-left: calc(-4% \/ 2 );margin-right: calc(-4% \/ 2 );\"><div class=\"fusion-layout-column fusion_builder_column fusion-builder-column-32 fusion_builder_column_1_1 1_1 fusion-flex-column\" style=\"--awb-bg-size:cover;--awb-width-large:100%;--awb-margin-top-large:0px;--awb-spacing-right-large:1.92%;--awb-margin-bottom-large:20px;--awb-spacing-left-large:1.92%;--awb-width-medium:100%;--awb-order-medium:0;--awb-spacing-right-medium:1.92%;--awb-spacing-left-medium:1.92%;--awb-width-small:100%;--awb-order-small:0;--awb-spacing-right-small:1.92%;--awb-spacing-left-small:1.92%;\"><div class=\"fusion-column-wrapper fusion-column-has-shadow fusion-flex-justify-content-flex-start fusion-content-layout-column\"><div class=\"fusion-text fusion-text-11\"><p>Un document r\u00e9alis\u00e9 par\u00a0 <img decoding=\"async\" class=\"lazyload alignnone wp-image-1208\" src=\"https:\/\/grand-angle.lavenir.net\/patrimoine-oublie-de-wallonie\/wp-content\/uploads\/sites\/135\/2022\/08\/logo-avenir.png\" data-orig-src=\"https:\/\/grand-angle.lavenir.net\/patrimoine-oublie-de-wallonie\/wp-content\/uploads\/sites\/135\/2022\/08\/logo-avenir.png\" alt=\"\" width=\"75\" height=\"27\" srcset=\"data:image\/svg+xml,%3Csvg%20xmlns%3D%27http%3A%2F%2Fwww.w3.org%2F2000%2Fsvg%27%20width%3D%2775%27%20height%3D%2727%27%20viewBox%3D%270%200%2075%2027%27%3E%3Crect%20width%3D%2775%27%20height%3D%2727%27%20fill-opacity%3D%220%22%2F%3E%3C%2Fsvg%3E\" data-srcset=\"https:\/\/grand-angle.lavenir.net\/patrimoine-oublie-de-wallonie\/wp-content\/uploads\/sites\/135\/2022\/08\/logo-avenir-200x73.png 200w, https:\/\/grand-angle.lavenir.net\/patrimoine-oublie-de-wallonie\/wp-content\/uploads\/sites\/135\/2022\/08\/logo-avenir-300x110.png 300w, https:\/\/grand-angle.lavenir.net\/patrimoine-oublie-de-wallonie\/wp-content\/uploads\/sites\/135\/2022\/08\/logo-avenir-320x118.png 320w, https:\/\/grand-angle.lavenir.net\/patrimoine-oublie-de-wallonie\/wp-content\/uploads\/sites\/135\/2022\/08\/logo-avenir.png 322w\" data-sizes=\"auto\" data-orig-sizes=\"(max-width: 75px) 100vw, 75px\" \/><\/p>\n<p>Texte et photos : Jacques DUCHATEAU sauf archives et Google.<\/p>\n<p>Merci aux historiens Jacky Adam, Monique Thirion et Didier Monville, ainsi qu\u2019\u00e0 Xavier Fostroy, de la Ville de Durbuy.<\/p>\n<p>D\u00e9veloppeur : C\u00e9dric Dussart<\/p>\n<\/div><\/div><\/div><\/div><\/div><\/p>\n","protected":false},"excerpt":{"rendered":"","protected":false},"author":1,"featured_media":1252,"parent":0,"menu_order":0,"comment_status":"closed","ping_status":"closed","template":"100-width.php","meta":{"footnotes":""},"class_list":["post-1246","page","type-page","status-publish","has-post-thumbnail","hentry"],"yoast_head":"<!-- This site is optimized with the Yoast SEO plugin v27.1.1 - https:\/\/yoast.com\/product\/yoast-seo-wordpress\/ -->\n<title>Durbuy : un g\u00eete tomb\u00e9 dans l\u2019oubli - Patrimoine oubli\u00e9 de Wallonie<\/title>\n<meta name=\"description\" content=\"Le g\u00eete du Fond de Vedeur, \u00e0 Durbuy. Un pass\u00e9 riche et vari\u00e9 et un futur pour le moins ind\u00e9cis. Une belle b\u00e2tisse charg\u00e9e d\u2019histoire qui tombe inexorablement en ruine.\" \/>\n<meta name=\"robots\" content=\"index, follow, max-snippet:-1, max-image-preview:large, max-video-preview:-1\" \/>\n<link rel=\"canonical\" href=\"https:\/\/grand-angle.lavenir.net\/patrimoine-oublie-de-wallonie\/durbuy-un-gite-tombe-dans-loubli\/\" \/>\n<meta property=\"og:locale\" content=\"fr_FR\" \/>\n<meta property=\"og:type\" content=\"article\" \/>\n<meta property=\"og:title\" content=\"Durbuy : un g\u00eete tomb\u00e9 dans l\u2019oubli\" \/>\n<meta property=\"og:description\" content=\"Le g\u00eete du Fond de Vedeur, \u00e0 Durbuy. Un pass\u00e9 riche et vari\u00e9 et un futur pour le moins ind\u00e9cis. Une belle b\u00e2tisse charg\u00e9e d\u2019histoire qui tombe inexorablement en ruine.\" \/>\n<meta property=\"og:url\" content=\"https:\/\/grand-angle.lavenir.net\/patrimoine-oublie-de-wallonie\/durbuy-un-gite-tombe-dans-loubli\/\" \/>\n<meta property=\"og:site_name\" content=\"Patrimoine oubli\u00e9 de Wallonie\" \/>\n<meta property=\"article:modified_time\" content=\"2023-05-25T12:11:14+00:00\" \/>\n<meta property=\"og:image\" content=\"https:\/\/grand-angle.lavenir.net\/patrimoine-oublie-de-wallonie\/wp-content\/uploads\/sites\/135\/2023\/05\/Fond-de-Vedeur-2.jpg\" \/>\n\t<meta property=\"og:image:width\" content=\"2000\" \/>\n\t<meta property=\"og:image:height\" content=\"1326\" \/>\n\t<meta property=\"og:image:type\" content=\"image\/jpeg\" \/>\n<meta name=\"twitter:card\" content=\"summary_large_image\" \/>\n<meta name=\"twitter:title\" content=\"Durbuy : un g\u00eete tomb\u00e9 dans l\u2019oubli\" \/>\n<meta name=\"twitter:description\" content=\"Le g\u00eete du Fond de Vedeur, \u00e0 Durbuy. Un pass\u00e9 riche et vari\u00e9 et un futur pour le moins ind\u00e9cis. Une belle b\u00e2tisse charg\u00e9e d\u2019histoire qui tombe inexorablement en ruine.\" \/>\n<meta name=\"twitter:image\" content=\"https:\/\/grand-angle.lavenir.net\/patrimoine-oublie-de-wallonie\/wp-content\/uploads\/sites\/135\/2023\/05\/Fond-de-Vedeur-2.jpg\" \/>\n<meta name=\"twitter:label1\" content=\"Dur\u00e9e de lecture est.\" \/>\n\t<meta name=\"twitter:data1\" content=\"35 minutes\" \/>\n<script type=\"application\/ld+json\" class=\"yoast-schema-graph\">{\"@context\":\"https:\/\/schema.org\",\"@graph\":[{\"@type\":\"WebPage\",\"@id\":\"https:\/\/grand-angle.lavenir.net\/patrimoine-oublie-de-wallonie\/durbuy-un-gite-tombe-dans-loubli\/\",\"url\":\"https:\/\/grand-angle.lavenir.net\/patrimoine-oublie-de-wallonie\/durbuy-un-gite-tombe-dans-loubli\/\",\"name\":\"Durbuy : un g\u00eete tomb\u00e9 dans l\u2019oubli - Patrimoine oubli\u00e9 de Wallonie\",\"isPartOf\":{\"@id\":\"https:\/\/grand-angle.lavenir.net\/patrimoine-oublie-de-wallonie\/#website\"},\"primaryImageOfPage\":{\"@id\":\"https:\/\/grand-angle.lavenir.net\/patrimoine-oublie-de-wallonie\/durbuy-un-gite-tombe-dans-loubli\/#primaryimage\"},\"image\":{\"@id\":\"https:\/\/grand-angle.lavenir.net\/patrimoine-oublie-de-wallonie\/durbuy-un-gite-tombe-dans-loubli\/#primaryimage\"},\"thumbnailUrl\":\"https:\/\/grand-angle.lavenir.net\/patrimoine-oublie-de-wallonie\/wp-content\/uploads\/sites\/135\/2023\/05\/Fond-de-Vedeur-2.jpg\",\"datePublished\":\"2023-05-22T13:26:03+00:00\",\"dateModified\":\"2023-05-25T12:11:14+00:00\",\"description\":\"Le g\u00eete du Fond de Vedeur, \u00e0 Durbuy. Un pass\u00e9 riche et vari\u00e9 et un futur pour le moins ind\u00e9cis. Une belle b\u00e2tisse charg\u00e9e d\u2019histoire qui tombe inexorablement en ruine.\",\"breadcrumb\":{\"@id\":\"https:\/\/grand-angle.lavenir.net\/patrimoine-oublie-de-wallonie\/durbuy-un-gite-tombe-dans-loubli\/#breadcrumb\"},\"inLanguage\":\"fr-BE\",\"potentialAction\":[{\"@type\":\"ReadAction\",\"target\":[\"https:\/\/grand-angle.lavenir.net\/patrimoine-oublie-de-wallonie\/durbuy-un-gite-tombe-dans-loubli\/\"]}]},{\"@type\":\"ImageObject\",\"inLanguage\":\"fr-BE\",\"@id\":\"https:\/\/grand-angle.lavenir.net\/patrimoine-oublie-de-wallonie\/durbuy-un-gite-tombe-dans-loubli\/#primaryimage\",\"url\":\"https:\/\/grand-angle.lavenir.net\/patrimoine-oublie-de-wallonie\/wp-content\/uploads\/sites\/135\/2023\/05\/Fond-de-Vedeur-2.jpg\",\"contentUrl\":\"https:\/\/grand-angle.lavenir.net\/patrimoine-oublie-de-wallonie\/wp-content\/uploads\/sites\/135\/2023\/05\/Fond-de-Vedeur-2.jpg\",\"width\":2000,\"height\":1326,\"caption\":\"Patrimoine oubli\u00e9 de Wallonie - Le g\u00eete de Durbuy \u00a9 Jacques Duchateau\"},{\"@type\":\"BreadcrumbList\",\"@id\":\"https:\/\/grand-angle.lavenir.net\/patrimoine-oublie-de-wallonie\/durbuy-un-gite-tombe-dans-loubli\/#breadcrumb\",\"itemListElement\":[{\"@type\":\"ListItem\",\"position\":1,\"name\":\"Home\",\"item\":\"https:\/\/grand-angle.lavenir.net\/patrimoine-oublie-de-wallonie\/\"},{\"@type\":\"ListItem\",\"position\":2,\"name\":\"Durbuy : un g\u00eete tomb\u00e9 dans l\u2019oubli\"}]},{\"@type\":\"WebSite\",\"@id\":\"https:\/\/grand-angle.lavenir.net\/patrimoine-oublie-de-wallonie\/#website\",\"url\":\"https:\/\/grand-angle.lavenir.net\/patrimoine-oublie-de-wallonie\/\",\"name\":\"Patrimoine oubli\u00e9 de Wallonie\",\"description\":\"D\u2019ennemi public \u00e0 employ\u00e9 mod\u00e8le: la vie atypique de Robert Van Oirbeek\",\"potentialAction\":[{\"@type\":\"SearchAction\",\"target\":{\"@type\":\"EntryPoint\",\"urlTemplate\":\"https:\/\/grand-angle.lavenir.net\/patrimoine-oublie-de-wallonie\/?s={search_term_string}\"},\"query-input\":{\"@type\":\"PropertyValueSpecification\",\"valueRequired\":true,\"valueName\":\"search_term_string\"}}],\"inLanguage\":\"fr-BE\"}]}<\/script>\n<!-- \/ Yoast SEO plugin. -->","yoast_head_json":{"title":"Durbuy : un g\u00eete tomb\u00e9 dans l\u2019oubli - Patrimoine oubli\u00e9 de Wallonie","description":"Le g\u00eete du Fond de Vedeur, \u00e0 Durbuy. Un pass\u00e9 riche et vari\u00e9 et un futur pour le moins ind\u00e9cis. Une belle b\u00e2tisse charg\u00e9e d\u2019histoire qui tombe inexorablement en ruine.","robots":{"index":"index","follow":"follow","max-snippet":"max-snippet:-1","max-image-preview":"max-image-preview:large","max-video-preview":"max-video-preview:-1"},"canonical":"https:\/\/grand-angle.lavenir.net\/patrimoine-oublie-de-wallonie\/durbuy-un-gite-tombe-dans-loubli\/","og_locale":"fr_FR","og_type":"article","og_title":"Durbuy : un g\u00eete tomb\u00e9 dans l\u2019oubli","og_description":"Le g\u00eete du Fond de Vedeur, \u00e0 Durbuy. Un pass\u00e9 riche et vari\u00e9 et un futur pour le moins ind\u00e9cis. Une belle b\u00e2tisse charg\u00e9e d\u2019histoire qui tombe inexorablement en ruine.","og_url":"https:\/\/grand-angle.lavenir.net\/patrimoine-oublie-de-wallonie\/durbuy-un-gite-tombe-dans-loubli\/","og_site_name":"Patrimoine oubli\u00e9 de Wallonie","article_modified_time":"2023-05-25T12:11:14+00:00","og_image":[{"width":2000,"height":1326,"url":"https:\/\/grand-angle.lavenir.net\/patrimoine-oublie-de-wallonie\/wp-content\/uploads\/sites\/135\/2023\/05\/Fond-de-Vedeur-2.jpg","type":"image\/jpeg"}],"twitter_card":"summary_large_image","twitter_title":"Durbuy : un g\u00eete tomb\u00e9 dans l\u2019oubli","twitter_description":"Le g\u00eete du Fond de Vedeur, \u00e0 Durbuy. Un pass\u00e9 riche et vari\u00e9 et un futur pour le moins ind\u00e9cis. Une belle b\u00e2tisse charg\u00e9e d\u2019histoire qui tombe inexorablement en ruine.","twitter_image":"https:\/\/grand-angle.lavenir.net\/patrimoine-oublie-de-wallonie\/wp-content\/uploads\/sites\/135\/2023\/05\/Fond-de-Vedeur-2.jpg","twitter_misc":{"Dur\u00e9e de lecture est.":"35 minutes"},"schema":{"@context":"https:\/\/schema.org","@graph":[{"@type":"WebPage","@id":"https:\/\/grand-angle.lavenir.net\/patrimoine-oublie-de-wallonie\/durbuy-un-gite-tombe-dans-loubli\/","url":"https:\/\/grand-angle.lavenir.net\/patrimoine-oublie-de-wallonie\/durbuy-un-gite-tombe-dans-loubli\/","name":"Durbuy : un g\u00eete tomb\u00e9 dans l\u2019oubli - Patrimoine oubli\u00e9 de Wallonie","isPartOf":{"@id":"https:\/\/grand-angle.lavenir.net\/patrimoine-oublie-de-wallonie\/#website"},"primaryImageOfPage":{"@id":"https:\/\/grand-angle.lavenir.net\/patrimoine-oublie-de-wallonie\/durbuy-un-gite-tombe-dans-loubli\/#primaryimage"},"image":{"@id":"https:\/\/grand-angle.lavenir.net\/patrimoine-oublie-de-wallonie\/durbuy-un-gite-tombe-dans-loubli\/#primaryimage"},"thumbnailUrl":"https:\/\/grand-angle.lavenir.net\/patrimoine-oublie-de-wallonie\/wp-content\/uploads\/sites\/135\/2023\/05\/Fond-de-Vedeur-2.jpg","datePublished":"2023-05-22T13:26:03+00:00","dateModified":"2023-05-25T12:11:14+00:00","description":"Le g\u00eete du Fond de Vedeur, \u00e0 Durbuy. Un pass\u00e9 riche et vari\u00e9 et un futur pour le moins ind\u00e9cis. Une belle b\u00e2tisse charg\u00e9e d\u2019histoire qui tombe inexorablement en ruine.","breadcrumb":{"@id":"https:\/\/grand-angle.lavenir.net\/patrimoine-oublie-de-wallonie\/durbuy-un-gite-tombe-dans-loubli\/#breadcrumb"},"inLanguage":"fr-BE","potentialAction":[{"@type":"ReadAction","target":["https:\/\/grand-angle.lavenir.net\/patrimoine-oublie-de-wallonie\/durbuy-un-gite-tombe-dans-loubli\/"]}]},{"@type":"ImageObject","inLanguage":"fr-BE","@id":"https:\/\/grand-angle.lavenir.net\/patrimoine-oublie-de-wallonie\/durbuy-un-gite-tombe-dans-loubli\/#primaryimage","url":"https:\/\/grand-angle.lavenir.net\/patrimoine-oublie-de-wallonie\/wp-content\/uploads\/sites\/135\/2023\/05\/Fond-de-Vedeur-2.jpg","contentUrl":"https:\/\/grand-angle.lavenir.net\/patrimoine-oublie-de-wallonie\/wp-content\/uploads\/sites\/135\/2023\/05\/Fond-de-Vedeur-2.jpg","width":2000,"height":1326,"caption":"Patrimoine oubli\u00e9 de Wallonie - Le g\u00eete de Durbuy \u00a9 Jacques Duchateau"},{"@type":"BreadcrumbList","@id":"https:\/\/grand-angle.lavenir.net\/patrimoine-oublie-de-wallonie\/durbuy-un-gite-tombe-dans-loubli\/#breadcrumb","itemListElement":[{"@type":"ListItem","position":1,"name":"Home","item":"https:\/\/grand-angle.lavenir.net\/patrimoine-oublie-de-wallonie\/"},{"@type":"ListItem","position":2,"name":"Durbuy : un g\u00eete tomb\u00e9 dans l\u2019oubli"}]},{"@type":"WebSite","@id":"https:\/\/grand-angle.lavenir.net\/patrimoine-oublie-de-wallonie\/#website","url":"https:\/\/grand-angle.lavenir.net\/patrimoine-oublie-de-wallonie\/","name":"Patrimoine oubli\u00e9 de Wallonie","description":"D\u2019ennemi public \u00e0 employ\u00e9 mod\u00e8le: la vie atypique de Robert Van Oirbeek","potentialAction":[{"@type":"SearchAction","target":{"@type":"EntryPoint","urlTemplate":"https:\/\/grand-angle.lavenir.net\/patrimoine-oublie-de-wallonie\/?s={search_term_string}"},"query-input":{"@type":"PropertyValueSpecification","valueRequired":true,"valueName":"search_term_string"}}],"inLanguage":"fr-BE"}]}},"_links":{"self":[{"href":"https:\/\/grand-angle.lavenir.net\/patrimoine-oublie-de-wallonie\/wp-json\/wp\/v2\/pages\/1246","targetHints":{"allow":["GET"]}}],"collection":[{"href":"https:\/\/grand-angle.lavenir.net\/patrimoine-oublie-de-wallonie\/wp-json\/wp\/v2\/pages"}],"about":[{"href":"https:\/\/grand-angle.lavenir.net\/patrimoine-oublie-de-wallonie\/wp-json\/wp\/v2\/types\/page"}],"author":[{"embeddable":true,"href":"https:\/\/grand-angle.lavenir.net\/patrimoine-oublie-de-wallonie\/wp-json\/wp\/v2\/users\/1"}],"replies":[{"embeddable":true,"href":"https:\/\/grand-angle.lavenir.net\/patrimoine-oublie-de-wallonie\/wp-json\/wp\/v2\/comments?post=1246"}],"version-history":[{"count":0,"href":"https:\/\/grand-angle.lavenir.net\/patrimoine-oublie-de-wallonie\/wp-json\/wp\/v2\/pages\/1246\/revisions"}],"wp:featuredmedia":[{"embeddable":true,"href":"https:\/\/grand-angle.lavenir.net\/patrimoine-oublie-de-wallonie\/wp-json\/wp\/v2\/media\/1252"}],"wp:attachment":[{"href":"https:\/\/grand-angle.lavenir.net\/patrimoine-oublie-de-wallonie\/wp-json\/wp\/v2\/media?parent=1246"}],"curies":[{"name":"wp","href":"https:\/\/api.w.org\/{rel}","templated":true}]}}