{"id":2,"date":"2017-03-09T13:13:19","date_gmt":"2017-03-09T12:13:19","guid":{"rendered":"https:\/\/grand-angle.lavenir.net\/insertion-andenne\/?page_id=2"},"modified":"2017-03-09T13:39:30","modified_gmt":"2017-03-09T12:39:30","slug":"accueil","status":"publish","type":"page","link":"https:\/\/grand-angle.lavenir.net\/insertion-andenne\/","title":{"rendered":"Andenne : le pari r\u00e9ussi de l\u2019insertion des personnes handicap\u00e9es dans la ville"},"content":{"rendered":"<p><div class=\"fusion-fullwidth fullwidth-box fusion-builder-row-1 nonhundred-percent-fullwidth non-hundred-percent-height-scrolling blue-bkg\" style=\"--awb-border-radius-top-left:0px;--awb-border-radius-top-right:0px;--awb-border-radius-bottom-right:0px;--awb-border-radius-bottom-left:0px;--awb-padding-top:20px;--awb-padding-bottom:20px;--awb-background-color:#67b7e1;--awb-flex-wrap:wrap;\" id=\"intro\" ><div class=\"fusion-builder-row fusion-row\"><div class=\"fusion-layout-column fusion_builder_column fusion-builder-column-0 fusion_builder_column_1_1 1_1 fusion-one-full fusion-column-first fusion-column-last\" style=\"--awb-bg-size:cover;\"><div class=\"fusion-column-wrapper fusion-flex-column-wrapper-legacy\"><div class=\"fusion-sharing-box fusion-sharing-box-1 has-taglines layout-floated layout-medium-floated layout-small-floated\" style=\"background-color:#f6f6f6;--awb-layout:row;--awb-alignment-small:space-between;\" data-title=\"Andenne : le pari r\u00e9ussi de l\u2019insertion des personnes handicap\u00e9es dans la ville\" data-description=\"Andenne. Depuis une cinquantaine d\u2019ann\u00e9es, une institution accueille, sur les hauteurs, \u00e0 l\u2019\u00e9cart de la ville, plus de 250 r\u00e9sidents d\u00e9ficients mentaux. C\u2019est le Centre Ortho-p\u00e9dagogique Saint Lambert. \" data-link=\"https:\/\/grand-angle.lavenir.net-insertion-andenne\/\"><h4 class=\"tagline\" style=\"color:#333333;\">Partagez ce reportage<\/h4><div class=\"fusion-social-networks sharingbox-shortcode-icon-wrapper sharingbox-shortcode-icon-wrapper-1\"><span><a href=\"https:\/\/www.facebook.com\/sharer.php?u=https%3A%2F%2Fgrand-angle.lavenir.net-insertion-andenne%2F&amp;t=Andenne%20%3A%20le%20pari%20r%C3%A9ussi%20de%20l%E2%80%99insertion%20des%20personnes%20handicap%C3%A9es%20dans%20la%20ville\" target=\"_blank\" rel=\"noreferrer\" title=\"Facebook\" aria-label=\"Facebook\" data-placement=\"top\" data-toggle=\"tooltip\" data-title=\"Facebook\"><i class=\"fusion-social-network-icon fusion-tooltip fusion-facebook awb-icon-facebook\" style=\"color:#bebdbd;\" aria-hidden=\"true\"><\/i><\/a><\/span><span><a href=\"https:\/\/x.com\/intent\/post?text=Andenne%20%3A%20le%20pari%20r%C3%A9ussi%20de%20l%E2%80%99insertion%20des%20personnes%20handicap%C3%A9es%20dans%20la%20ville&amp;url=https%3A%2F%2Fgrand-angle.lavenir.net-insertion-andenne%2F\" target=\"_blank\" rel=\"noopener noreferrer\" title=\"X\" aria-label=\"X\" data-placement=\"top\" data-toggle=\"tooltip\" data-title=\"X\"><i class=\"fusion-social-network-icon fusion-tooltip fusion-twitter awb-icon-twitter\" style=\"color:#bebdbd;\" aria-hidden=\"true\"><\/i><\/a><\/span><\/div><\/div><div class=\"fusion-text fusion-text-1\"><p>Andenne. Depuis une cinquantaine d\u2019ann\u00e9es, une institution accueille, sur les hauteurs, \u00e0 l\u2019\u00e9cart de la ville, plus de 250 r\u00e9sidents d\u00e9ficients mentaux. C\u2019est le Centre Orthop\u00e9dagogique Saint Lambert.<\/p>\n<p>Depuis quatre ans, 140 d\u2019entre eux ont d\u00e9m\u00e9nag\u00e9. Ils habitent d\u00e9sormais en ville, dans de jolies maisons, des unit\u00e9s de vie, r\u00e9parties dans et autour du centre urbain. Certains de ces r\u00e9sidents sont pratiquement autonomes, d\u2019autres ont encore besoin de l\u2019accompagnement d\u2019\u00e9ducateurs tout au long de la journ\u00e9e. Mais pour tous ces hommes et ces femmes que l\u2019on dit diff\u00e9rents, cette nouvelle vie de citoyen \u00e0 part enti\u00e8re ouvre des perspectives insoup\u00e7onn\u00e9es.<\/p>\n<p>Dans ce documentaire riche en photos, en vid\u00e9os, en t\u00e9moignages, nous vous faisons d\u00e9couvrir le quotidien, la vie, de ces Andennais, fiers de leur nouveau statut.<\/p>\n<\/div><div class=\"fusion-clearfix\"><\/div><\/div><\/div><\/div><\/div><div class=\"fusion-fullwidth fullwidth-box fusion-builder-row-2 nonhundred-percent-fullwidth non-hundred-percent-height-scrolling\" style=\"--awb-border-radius-top-left:0px;--awb-border-radius-top-right:0px;--awb-border-radius-bottom-right:0px;--awb-border-radius-bottom-left:0px;--awb-padding-top:20px;--awb-padding-bottom:20px;--awb-background-color:#ffffff;--awb-flex-wrap:wrap;\" ><div class=\"fusion-builder-row fusion-row\"><div class=\"fusion-layout-column fusion_builder_column fusion-builder-column-1 fusion_builder_column_1_1 1_1 fusion-one-full fusion-column-first fusion-column-last\" style=\"--awb-bg-size:cover;--awb-margin-bottom:0px;\"><div class=\"fusion-column-wrapper fusion-flex-column-wrapper-legacy\"><div class=\"fusion-text fusion-text-2\"><h1>Troc &amp; moi, magasin citoyen<\/h1>\n<\/div><div class=\"fusion-clearfix\"><\/div><\/div><\/div><div class=\"fusion-layout-column fusion_builder_column fusion-builder-column-2 fusion_builder_column_1_2 1_2 fusion-one-half fusion-column-first\" style=\"--awb-bg-size:cover;width:50%;width:calc(50% - ( ( 4% ) * 0.5 ) );margin-right: 4%;\"><div class=\"fusion-column-wrapper fusion-flex-column-wrapper-legacy\"><div class=\"fusion-image-element in-legacy-container\" style=\"--awb-caption-title-font-family:var(--h2_typography-font-family);--awb-caption-title-font-weight:var(--h2_typography-font-weight);--awb-caption-title-font-style:var(--h2_typography-font-style);--awb-caption-title-size:var(--h2_typography-font-size);--awb-caption-title-transform:var(--h2_typography-text-transform);--awb-caption-title-line-height:var(--h2_typography-line-height);--awb-caption-title-letter-spacing:var(--h2_typography-letter-spacing);\"><span class=\" fusion-imageframe imageframe-none imageframe-1 hover-type-none\"><img decoding=\"async\" width=\"300\" height=\"200\" title=\"Photo-ecran-3-Troc-et-moi\" src=\"https:\/\/grand-angle.lavenir.net\/insertion-andenne\/wp-content\/uploads\/sites\/3\/2017\/03\/Photo-ecran-3-Troc-et-moi-300x200.jpg\" alt class=\"img-responsive wp-image-26\" srcset=\"https:\/\/grand-angle.lavenir.net\/insertion-andenne\/wp-content\/uploads\/sites\/3\/2017\/03\/Photo-ecran-3-Troc-et-moi-200x134.jpg 200w, https:\/\/grand-angle.lavenir.net\/insertion-andenne\/wp-content\/uploads\/sites\/3\/2017\/03\/Photo-ecran-3-Troc-et-moi-400x267.jpg 400w, https:\/\/grand-angle.lavenir.net\/insertion-andenne\/wp-content\/uploads\/sites\/3\/2017\/03\/Photo-ecran-3-Troc-et-moi-600x401.jpg 600w, https:\/\/grand-angle.lavenir.net\/insertion-andenne\/wp-content\/uploads\/sites\/3\/2017\/03\/Photo-ecran-3-Troc-et-moi-800x534.jpg 800w, https:\/\/grand-angle.lavenir.net\/insertion-andenne\/wp-content\/uploads\/sites\/3\/2017\/03\/Photo-ecran-3-Troc-et-moi-1200x801.jpg 1200w, https:\/\/grand-angle.lavenir.net\/insertion-andenne\/wp-content\/uploads\/sites\/3\/2017\/03\/Photo-ecran-3-Troc-et-moi.jpg 1766w\" sizes=\"(max-width: 800px) 100vw, 600px\" \/><\/span><\/div><div class=\"fusion-clearfix\"><\/div><\/div><\/div><div class=\"fusion-layout-column fusion_builder_column fusion-builder-column-3 fusion_builder_column_1_2 1_2 fusion-one-half fusion-column-last\" style=\"--awb-bg-size:cover;width:50%;width:calc(50% - ( ( 4% ) * 0.5 ) );\"><div class=\"fusion-column-wrapper fusion-flex-column-wrapper-legacy\"><div class=\"fusion-text fusion-text-3\"><p>Troc &amp; moi. Au c\u0153ur de la ville, c\u2019est la toute nouvelle activit\u00e9 propos\u00e9e par le CO St Lambert \u00e0 ses r\u00e9sidents. Une activit\u00e9 sociale, citoyenne : un magasin. Mais un magasin pas comme les autres. Ici, c\u2019est le troc qui prime. L\u2019\u00e9change. Un \u00e9change d\u2019objets mais aussi, et surtout, un \u00e9change de contacts. Entre les clients, d\u2019une part, et les personnes handicap\u00e9es, d\u2019autre part, qui sont l\u00e0 pour accueillir, guider, aider \u00e0 choisir, \u00e0 \u00e9changer. Ils y viennent aussi un peu pour la papote autour d\u2019une tasse de caf\u00e9.<\/p>\n<p>Le principe du magasin est simple : vous venez avec un objet que vous d\u00e9posez en \u00e9change d\u2019un autre qui vous pla\u00eet et que vous emportez. Pas de notion de valeur mais plut\u00f4t de coup de c\u0153ur. Tout en restant, malgr\u00e9 tout, correct : pas question d\u2019apporter une bo\u00eete de crayons pour repartir avec une t\u00e9l\u00e9. D\u2019ailleurs, il n\u2019y a pas d\u2019\u00e9lectro-m\u00e9nager, ni de v\u00eatements. Bijoux, d\u00e9co, disques vinyles ou CD, jouets, accessoires de mode et une belle biblioth\u00e8que remplie de livres pour tous les \u00e2ges feront le bonheur de tous.<\/p>\n<blockquote class=\"txt-normal\">\n<p>Comme le dit si bien un client : \u00ab <em>Le magasin, c\u2019est plus qu\u2019une vitrine, c\u2019est une porte ouverte qui invite le citoyen \u00e0 venir chez eux.<\/em> \u00bb<\/p>\n<\/blockquote>\n<p>D\u00e9couvrez Troc &amp; moi dans notre vid\u00e9o ci-dessous.<\/p>\n<\/div><div class=\"fusion-clearfix\"><\/div><\/div><\/div><div class=\"fusion-layout-column fusion_builder_column fusion-builder-column-4 fusion_builder_column_1_1 1_1 fusion-one-full fusion-column-first fusion-column-last\" style=\"--awb-bg-size:cover;\"><div class=\"fusion-column-wrapper fusion-flex-column-wrapper-legacy\"><iframe frameborder=\"0\" width=\"100%\" height=\"425\" src=\"\/\/www.dailymotion.com\/embed\/video\/k3LvKKBONNwY54lIbsK\" allowfullscreen><\/iframe><div class=\"fusion-clearfix\"><\/div><\/div><\/div><\/div><\/div><div class=\"fusion-fullwidth fullwidth-box fusion-builder-row-3 hundred-percent-fullwidth non-hundred-percent-height-scrolling fusion-equal-height-columns no-padding blue-bkg\" style=\"--awb-border-radius-top-left:0px;--awb-border-radius-top-right:0px;--awb-border-radius-bottom-right:0px;--awb-border-radius-bottom-left:0px;--awb-padding-top:0px;--awb-padding-bottom:0px;--awb-background-color:#67b7e1;--awb-flex-wrap:wrap;\" ><div class=\"fusion-builder-row fusion-row\"><div class=\"fusion-layout-column fusion_builder_column fusion-builder-column-5 fusion_builder_column_1_3 1_3 fusion-one-third fusion-column-first\" style=\"--awb-bg-size:cover;--awb-margin-bottom:0px;width:33.3333333333%;width:calc(33.3333333333% - ( ( 4% + 4% ) * 0.333333333333 ) );margin-right: 4%;\"><div class=\"fusion-column-wrapper fusion-flex-column-wrapper-legacy\"><div class=\"fusion-image-element in-legacy-container\" style=\"--awb-caption-title-font-family:var(--h2_typography-font-family);--awb-caption-title-font-weight:var(--h2_typography-font-weight);--awb-caption-title-font-style:var(--h2_typography-font-style);--awb-caption-title-size:var(--h2_typography-font-size);--awb-caption-title-transform:var(--h2_typography-text-transform);--awb-caption-title-line-height:var(--h2_typography-line-height);--awb-caption-title-letter-spacing:var(--h2_typography-letter-spacing);\"><span class=\" fusion-imageframe imageframe-none imageframe-2 hover-type-none\"><img decoding=\"async\" width=\"282\" height=\"300\" title=\"31012017-_DSC7667-1\" src=\"https:\/\/grand-angle.lavenir.net\/insertion-andenne\/wp-content\/uploads\/sites\/3\/2017\/03\/31012017-_DSC7667-1-282x300.png\" alt class=\"img-responsive wp-image-33\" srcset=\"https:\/\/grand-angle.lavenir.net\/insertion-andenne\/wp-content\/uploads\/sites\/3\/2017\/03\/31012017-_DSC7667-1-200x213.png 200w, https:\/\/grand-angle.lavenir.net\/insertion-andenne\/wp-content\/uploads\/sites\/3\/2017\/03\/31012017-_DSC7667-1-400x426.png 400w, https:\/\/grand-angle.lavenir.net\/insertion-andenne\/wp-content\/uploads\/sites\/3\/2017\/03\/31012017-_DSC7667-1.png 600w\" sizes=\"(max-width: 800px) 100vw, 400px\" \/><\/span><\/div><div class=\"fusion-clearfix\"><\/div><\/div><\/div><div class=\"fusion-layout-column fusion_builder_column fusion-builder-column-6 fusion_builder_column_1_3 1_3 fusion-one-third flex-center-column\" style=\"--awb-bg-size:cover;--awb-margin-bottom:0px;width:33.3333333333%;width:calc(33.3333333333% - ( ( 4% + 4% ) * 0.333333333333 ) );margin-right: 4%;\"><div class=\"fusion-column-wrapper fusion-flex-column-wrapper-legacy\"><div class=\"fusion-text fusion-text-4\"><h1>\u00ab<em> Je suis citoyen, je suis voisin, je suis commer\u00e7ant \u2026 <\/em>\u00bb<\/h1>\n<\/div><div class=\"fusion-clearfix\"><\/div><\/div><\/div><div class=\"fusion-layout-column fusion_builder_column fusion-builder-column-7 fusion_builder_column_1_3 1_3 fusion-one-third fusion-column-last\" style=\"--awb-bg-size:cover;--awb-margin-bottom:0px;width:33.3333333333%;width:calc(33.3333333333% - ( ( 4% + 4% ) * 0.333333333333 ) );\"><div class=\"fusion-column-wrapper fusion-flex-column-wrapper-legacy\"><div class=\"fusion-image-element in-legacy-container\" style=\"--awb-caption-title-font-family:var(--h2_typography-font-family);--awb-caption-title-font-weight:var(--h2_typography-font-weight);--awb-caption-title-font-style:var(--h2_typography-font-style);--awb-caption-title-size:var(--h2_typography-font-size);--awb-caption-title-transform:var(--h2_typography-text-transform);--awb-caption-title-line-height:var(--h2_typography-line-height);--awb-caption-title-letter-spacing:var(--h2_typography-letter-spacing);\"><span class=\" fusion-imageframe imageframe-none imageframe-3 hover-type-none\"><img decoding=\"async\" width=\"282\" height=\"300\" title=\"31012017-_DSC7664-1\" src=\"https:\/\/grand-angle.lavenir.net\/insertion-andenne\/wp-content\/uploads\/sites\/3\/2017\/03\/31012017-_DSC7664-1-282x300.png\" alt class=\"img-responsive wp-image-32\" srcset=\"https:\/\/grand-angle.lavenir.net\/insertion-andenne\/wp-content\/uploads\/sites\/3\/2017\/03\/31012017-_DSC7664-1-200x213.png 200w, https:\/\/grand-angle.lavenir.net\/insertion-andenne\/wp-content\/uploads\/sites\/3\/2017\/03\/31012017-_DSC7664-1-400x426.png 400w, https:\/\/grand-angle.lavenir.net\/insertion-andenne\/wp-content\/uploads\/sites\/3\/2017\/03\/31012017-_DSC7664-1.png 600w\" sizes=\"(max-width: 800px) 100vw, 400px\" \/><\/span><\/div><div class=\"fusion-clearfix\"><\/div><\/div><\/div><\/div><\/div><div class=\"fusion-fullwidth fullwidth-box fusion-builder-row-4 nonhundred-percent-fullwidth non-hundred-percent-height-scrolling\" style=\"--awb-border-radius-top-left:0px;--awb-border-radius-top-right:0px;--awb-border-radius-bottom-right:0px;--awb-border-radius-bottom-left:0px;--awb-padding-top:20px;--awb-padding-bottom:20px;--awb-background-color:#ffffff;--awb-flex-wrap:wrap;\" ><div class=\"fusion-builder-row fusion-row\"><div class=\"fusion-layout-column fusion_builder_column fusion-builder-column-8 fusion_builder_column_1_1 1_1 fusion-one-full fusion-column-first fusion-column-last\" style=\"--awb-bg-size:cover;\"><div class=\"fusion-column-wrapper fusion-flex-column-wrapper-legacy\"><div class=\"fusion-text fusion-text-5\"><p>Marc Palate est directeur du CO St Lambert. Laurence Warnant est directrice p\u00e9dagogique. Le d\u00e9m\u00e9nagement des 140 r\u00e9sidents du CO vers le centre-ville, c\u2019est leur projet. Ils l\u2019ont port\u00e9 et en ont fait une r\u00e9ussite.<\/p>\n<p>Marc Palate : \u00ab <em>L\u2019AVIQ nous a mis sous contrainte de nous reconvertir en travaillant autrement. On s\u2019est inspir\u00e9 de concepts qui venaient du Qu\u00e9bec pour le c\u00f4t\u00e9 p\u00e9dagogique et d\u2019une institution en Hollande, pour l\u2019organisation. Le mod\u00e8le n\u2019est pas vraiment unique en Belgique, il y a d\u2019autres institutions en ville, mais  par son ampleur, la n\u00f4tre est unique.<\/em> \u00bb<\/p>\n<blockquote class=\"txt-normal\">\n<p>Ce d\u00e9m\u00e9nagement, c\u2019est aussi un bouleversement dans la vie des r\u00e9sidents, habitu\u00e9s \u00e0 vivre simplement dans leur institution \u00e0 l\u2019\u00e9cart.<\/p>\n<\/blockquote>\n<p>Laurence Warnant : \u00ab <em>On a d\u2019abord inform\u00e9 les familles, \u00e7a n\u2019a pas toujours \u00e9t\u00e9 \u00e9vident, mais finalement elles nous ont suivi, gr\u00e2ce \u00e0 un travail de communication. Puis les usagers ont \u00e9t\u00e9 inform\u00e9s du d\u00e9m\u00e9nagement, on a fait les choses progressivement. Le travail a \u00e9t\u00e9 assur\u00e9 par les \u00e9quipes de seconde ligne (psychologues, ergoth\u00e9rapeutes, \u2026).  Mais le changement, c\u2019est aussi pour le personnel, qui a \u00e9t\u00e9 amen\u00e9 \u00e0 accompagner des usagers que chacun connaissait moins. <\/em>\u00bb<\/p>\n<p>La suite ? A priori, le projet ne s\u2019\u00e9tendra plus mais il \u00e9voluera.<\/p>\n<p>MP : \u00ab <em>Il y a 140 r\u00e9sidents en ville et 105 sont rest\u00e9s sur le site. Ceux-ci ne devraient pas migrer sur la ville parce que ce sont des personnes qui sont dans une approche p\u00e9dagogique qui ne permet pas une int\u00e9gration harmonieuse. Il y a aussi des personnes vieillissantes pour lesquelles on entre dans une logique de maison de repos. D\u2019autres qui sont polyhandicap\u00e9es et ne peuvent vivre dans une maison traditionnelle. Mais la reconversion continue, parce qu\u2019il y aura des d\u00e9c\u00e8s, des r\u00e9sidents qui vieillissent, des nouveaux arrivants\u2026<\/em> \u00bb<\/p>\n<p>LW : \u00ab<em> On constate maintenant que, gr\u00e2ce \u00e0 ce nouveau cadre de vie, le handicap de nos r\u00e9sidents \u00e9volue, en bien. Leur nouvel environnement de vie permet de compenser leur d\u00e9ficience intellectuelle. Le fait de vivre \u00e0 Andenne, leur vie a chang\u00e9, gr\u00e2ce \u00e0 une int\u00e9gration fonctionnelle, ils acqui\u00e8rent une fonction sociale. \u00ab Je suis citoyen, je suis voisin de, je suis commer\u00e7ant \u2026 \u00bb. Ils prennent une part pr\u00e9pond\u00e9rante dans la soci\u00e9t\u00e9. Pour y arriver, il a fallu former les \u00e9ducateurs, mais aussi les r\u00e9sidents : formation \u00e0 la gestion de la col\u00e8re, \u00e0 la distance sociale (qui j\u2019embrasse le matin, \u00e0 qui puis-je serrer la main, \u2026), apprendre \u00e0 poser des choix puisque dans leur nouvelle vie, ils ont plus de choix \u00e0 poser que lorsqu\u2019ils \u00e9taient pris en charge full time en institution traditionnelle.<\/em> \u00bb<\/p>\n<p>Maintenant qu\u2019ils vivent \u00e0 Andenne, il y a une r\u00e9elle valorisation du r\u00f4le social des r\u00e9sidents.<\/p>\n<p>LW : \u00ab <em>Ils vivent d\u00e9sormais dans un contexte de soci\u00e9t\u00e9 o\u00f9 il y a des \u00e9changes de r\u00e9ciprocit\u00e9 qui entra\u00eenent un d\u00e9veloppement de leurs comp\u00e9tences. Et \u00e7a c\u2019est primordial pour nous et pour eux.<\/em> \u00bb<\/p>\n<\/div><div class=\"fusion-clearfix\"><\/div><\/div><\/div><div class=\"fusion-layout-column fusion_builder_column fusion-builder-column-9 fusion_builder_column_1_1 1_1 fusion-one-full fusion-column-first fusion-column-last\" style=\"--awb-bg-size:cover;\"><div class=\"fusion-column-wrapper fusion-flex-column-wrapper-legacy\"><div class=\"fusion-text fusion-text-6\"><h2>Les chiffres :<\/h2>\n<\/div><div class=\"fusion-counters-box counters-box row fusion-clearfix fusion-columns-4 grey-bkg\"><div class=\"fusion-counter-box fusion-column col-counter-box counter-box-wrapper col-lg-3 col-md-3 col-sm-3\" data-animationOffset=\"top-into-view\"><div class=\"counter-box-container\"><div class=\"content-box-percentage content-box-counter\"><i class=\"counter-box-icon fontawesome-icon fa fa-building-o\" aria-hidden=\"true\"><\/i><span class=\"display-counter\" data-value=\"1960\" data-direction=\"up\" data-decimals=\"0\">0<\/span><\/div><div class=\"counter-box-content\">date de cr\u00e9ation de l\u2019institut Saint-Lambert, \u00e0 Bonneville, par la Congr\u00e9gation des fr\u00e8res de la charit\u00e9 de Gand.<\/div><\/div><\/div><div class=\"fusion-counter-box fusion-column col-counter-box counter-box-wrapper col-lg-3 col-md-3 col-sm-3\" data-animationOffset=\"top-into-view\"><div class=\"counter-box-container\"><div class=\"content-box-percentage content-box-counter\"><i class=\"counter-box-icon fontawesome-icon fa fa-home\" aria-hidden=\"true\"><\/i><span class=\"display-counter\" data-value=\"2012\" data-direction=\"up\" data-decimals=\"0\">0<\/span><\/div><div class=\"counter-box-content\">date du premier emm\u00e9nagement dans une maison individuelle \u00e0 Andenne.<\/div><\/div><\/div><div class=\"fusion-counter-box fusion-column col-counter-box counter-box-wrapper col-lg-3 col-md-3 col-sm-3\" data-animationOffset=\"top-into-view\"><div class=\"counter-box-container\"><div class=\"content-box-percentage content-box-counter\"><i class=\"counter-box-icon fontawesome-icon fa fa-truck\" aria-hidden=\"true\"><\/i><span class=\"display-counter\" data-value=\"140\" data-direction=\"up\" data-decimals=\"0\">0<\/span><\/div><div class=\"counter-box-content\">le nombre de r\u00e9sidents qui ont d\u00e9m\u00e9nag\u00e9 en ville.<\/div><\/div><\/div><div class=\"fusion-counter-box fusion-column col-counter-box counter-box-wrapper col-lg-3 col-md-3 col-sm-3\" data-animationOffset=\"top-into-view\"><div class=\"counter-box-container\"><div class=\"content-box-percentage content-box-counter\"><i class=\"counter-box-icon fontawesome-icon fa fa-user\" aria-hidden=\"true\"><\/i><span class=\"display-counter\" data-value=\"105\" data-direction=\"up\" data-decimals=\"0\">0<\/span><\/div><div class=\"counter-box-content\">le nombre de r\u00e9sidents qui sont rest\u00e9s \u00e0 l\u2019institut \u00e0 Bonneville.<\/div><\/div><\/div><\/div><div class=\"clearfix\"><\/div><div class=\"fusion-clearfix\"><\/div><\/div><\/div><\/div><\/div><div class=\"fusion-fullwidth fullwidth-box fusion-builder-row-5 nonhundred-percent-fullwidth non-hundred-percent-height-scrolling blue-bkg\" style=\"--awb-border-radius-top-left:0px;--awb-border-radius-top-right:0px;--awb-border-radius-bottom-right:0px;--awb-border-radius-bottom-left:0px;--awb-padding-top:20px;--awb-padding-bottom:20px;--awb-background-color:#67b7e1;--awb-flex-wrap:wrap;\" ><div class=\"fusion-builder-row fusion-row\"><div class=\"fusion-layout-column fusion_builder_column fusion-builder-column-10 fusion_builder_column_1_1 1_1 fusion-one-full fusion-column-first fusion-column-last\" style=\"--awb-bg-size:cover;\"><div class=\"fusion-column-wrapper fusion-flex-column-wrapper-legacy\"><div class=\"fusion-section-separator section-separator big-half-circle fusion-section-separator-1 blue-sep\" style=\"--awb-spacer-height:99px;--awb-svg-margin-left:0;--awb-svg-margin-right:0;--awb-divider-height:99px;--awb-spacer-padding-top:inherit;--awb-sep-padding:0;--awb-svg-padding:0;\"><div class=\"fusion-section-separator-svg\"><svg class=\"fusion-big-half-circle-candy\" xmlns=\"http:\/\/www.w3.org\/2000\/svg\" version=\"1.1\" width=\"100%\" height=\"100\" viewBox=\"0 0 100 100\" preserveAspectRatio=\"none\" fill=\"rgba(103,183,225,1)\"><path d=\"M0 100 C40 0 60 0 100 100 Z\"><\/path><\/svg><\/div><div class=\"fusion-section-separator-spacer\"><div class=\"fusion-section-separator-spacer-height\"><\/div><\/div><\/div><div class=\"fusion-text fusion-text-7\"><h1>Bienvenue chez eux\u2026<\/h1>\n<\/div><div class=\"fusion-clearfix\"><\/div><\/div><\/div><div class=\"fusion-layout-column fusion_builder_column fusion-builder-column-11 fusion_builder_column_1_2 1_2 fusion-one-half fusion-column-first\" style=\"--awb-bg-size:cover;width:50%;width:calc(50% - ( ( 4% ) * 0.5 ) );margin-right: 4%;\"><div class=\"fusion-column-wrapper fusion-flex-column-wrapper-legacy\"><div class=\"fusion-image-element in-legacy-container\" style=\"--awb-caption-title-font-family:var(--h2_typography-font-family);--awb-caption-title-font-weight:var(--h2_typography-font-weight);--awb-caption-title-font-style:var(--h2_typography-font-style);--awb-caption-title-size:var(--h2_typography-font-size);--awb-caption-title-transform:var(--h2_typography-text-transform);--awb-caption-title-line-height:var(--h2_typography-line-height);--awb-caption-title-letter-spacing:var(--h2_typography-letter-spacing);\"><span class=\" fusion-imageframe imageframe-none imageframe-4 hover-type-none\"><img decoding=\"async\" width=\"300\" height=\"200\" title=\"5-Maison-autonome-\" src=\"https:\/\/grand-angle.lavenir.net\/insertion-andenne\/wp-content\/uploads\/sites\/3\/2017\/03\/5-Maison-autonome--300x200.jpg\" alt class=\"img-responsive wp-image-31\" srcset=\"https:\/\/grand-angle.lavenir.net\/insertion-andenne\/wp-content\/uploads\/sites\/3\/2017\/03\/5-Maison-autonome--200x134.jpg 200w, https:\/\/grand-angle.lavenir.net\/insertion-andenne\/wp-content\/uploads\/sites\/3\/2017\/03\/5-Maison-autonome--400x267.jpg 400w, https:\/\/grand-angle.lavenir.net\/insertion-andenne\/wp-content\/uploads\/sites\/3\/2017\/03\/5-Maison-autonome--600x401.jpg 600w, https:\/\/grand-angle.lavenir.net\/insertion-andenne\/wp-content\/uploads\/sites\/3\/2017\/03\/5-Maison-autonome--800x534.jpg 800w, https:\/\/grand-angle.lavenir.net\/insertion-andenne\/wp-content\/uploads\/sites\/3\/2017\/03\/5-Maison-autonome--1200x801.jpg 1200w, https:\/\/grand-angle.lavenir.net\/insertion-andenne\/wp-content\/uploads\/sites\/3\/2017\/03\/5-Maison-autonome-.jpg 1766w\" sizes=\"(max-width: 800px) 100vw, 600px\" \/><\/span><\/div><div class=\"fusion-clearfix\"><\/div><\/div><\/div><div class=\"fusion-layout-column fusion_builder_column fusion-builder-column-12 fusion_builder_column_1_2 1_2 fusion-one-half fusion-column-last\" style=\"--awb-bg-size:cover;width:50%;width:calc(50% - ( ( 4% ) * 0.5 ) );\"><div class=\"fusion-column-wrapper fusion-flex-column-wrapper-legacy\"><div class=\"fusion-text fusion-text-8\"><p>Treize maisons. Elles sont jolies, cossues. Les familles qui y habitent sont un peu diff\u00e9rentes. Ce sont des groupes de 8 \u00e0 10 personnes. Il y a aussi des appartements supervis\u00e9s pour 2 ou 3 personnes. Ces maisons, ce sont les lieux de vie des r\u00e9sidents du CO St Lambert. Comme n\u2019importe quel citoyen de la ville d\u2019Andenne, ils profitent d\u2019un \u00ab chez moi \u00bb et de toutes les commodit\u00e9s qu\u2019offre la ville : commerces, loisirs mais aussi\u2026 travail.<\/p>\n<p>Emmanuelle, Camille, Catherine, Georges, Aimery, Andr\u00e9, Mathieu, Victor, Steve et \u00c9meric forment une petite communaut\u00e9 qui nous accueille dans sa maison de la rue Janson, \u00e0 quelques pas de la place des Tilleuls.<\/p>\n<p>Bienvenue chez eux\u2026dans notre vid\u00e9o ci-dessous&#8230;<\/p>\n<\/div><div class=\"fusion-clearfix\"><\/div><\/div><\/div><div class=\"fusion-layout-column fusion_builder_column fusion-builder-column-13 fusion_builder_column_1_1 1_1 fusion-one-full fusion-column-first fusion-column-last\" style=\"--awb-bg-size:cover;\"><div class=\"fusion-column-wrapper fusion-flex-column-wrapper-legacy\"><iframe frameborder=\"0\" width=\"100%\" height=\"425\" src=\"\/\/www.dailymotion.com\/embed\/video\/k6CfuDRHvxI3DrlIbkE\" allowfullscreen><\/iframe><div class=\"fusion-clearfix\"><\/div><\/div><\/div><\/div><\/div><div class=\"fusion-fullwidth fullwidth-box fusion-builder-row-6 hundred-percent-fullwidth non-hundred-percent-height-scrolling\" style=\"--awb-border-radius-top-left:0px;--awb-border-radius-top-right:0px;--awb-border-radius-bottom-right:0px;--awb-border-radius-bottom-left:0px;--awb-padding-top:0px;--awb-padding-right:0px;--awb-padding-bottom:0px;--awb-padding-left:0px;--awb-background-color:#ebebeb;--awb-flex-wrap:wrap;\" ><div class=\"fusion-builder-row fusion-row\"><div class=\"fusion-layout-column fusion_builder_column fusion-builder-column-14 fusion_builder_column_1_2 1_2 fusion-one-half fusion-column-first col-50\" style=\"--awb-bg-size:cover;--awb-margin-bottom:0px;width:50%;width:calc(50% - ( ( 4% ) * 0.5 ) );margin-right: 4%;\"><div class=\"fusion-column-wrapper fusion-flex-column-wrapper-legacy\"><div class=\"fusion-image-element in-legacy-container\" style=\"--awb-caption-title-font-family:var(--h2_typography-font-family);--awb-caption-title-font-weight:var(--h2_typography-font-weight);--awb-caption-title-font-style:var(--h2_typography-font-style);--awb-caption-title-size:var(--h2_typography-font-size);--awb-caption-title-transform:var(--h2_typography-text-transform);--awb-caption-title-line-height:var(--h2_typography-line-height);--awb-caption-title-letter-spacing:var(--h2_typography-letter-spacing);\"><span class=\" fusion-imageframe imageframe-none imageframe-5 hover-type-none\"><img decoding=\"async\" width=\"300\" height=\"197\" title=\"Ecran-6-Lucienne-Bertrand\" src=\"https:\/\/grand-angle.lavenir.net\/insertion-andenne\/wp-content\/uploads\/sites\/3\/2017\/03\/Ecran-6-Lucienne-Bertrand-300x197.jpg\" alt class=\"img-responsive wp-image-34\" srcset=\"https:\/\/grand-angle.lavenir.net\/insertion-andenne\/wp-content\/uploads\/sites\/3\/2017\/03\/Ecran-6-Lucienne-Bertrand-200x131.jpg 200w, https:\/\/grand-angle.lavenir.net\/insertion-andenne\/wp-content\/uploads\/sites\/3\/2017\/03\/Ecran-6-Lucienne-Bertrand-400x263.jpg 400w, https:\/\/grand-angle.lavenir.net\/insertion-andenne\/wp-content\/uploads\/sites\/3\/2017\/03\/Ecran-6-Lucienne-Bertrand-600x394.jpg 600w, https:\/\/grand-angle.lavenir.net\/insertion-andenne\/wp-content\/uploads\/sites\/3\/2017\/03\/Ecran-6-Lucienne-Bertrand-800x525.jpg 800w, https:\/\/grand-angle.lavenir.net\/insertion-andenne\/wp-content\/uploads\/sites\/3\/2017\/03\/Ecran-6-Lucienne-Bertrand-1200x788.jpg 1200w, https:\/\/grand-angle.lavenir.net\/insertion-andenne\/wp-content\/uploads\/sites\/3\/2017\/03\/Ecran-6-Lucienne-Bertrand.jpg 1703w\" sizes=\"(max-width: 800px) 100vw, 600px\" \/><\/span><\/div><div class=\"fusion-clearfix\"><\/div><\/div><\/div><div class=\"fusion-layout-column fusion_builder_column fusion-builder-column-15 fusion_builder_column_1_2 1_2 fusion-one-half fusion-column-last col-50\" style=\"--awb-padding-right:30px;--awb-padding-left:30px;--awb-bg-size:cover;--awb-margin-bottom:0px;width:50%;width:calc(50% - ( ( 4% ) * 0.5 ) );\"><div class=\"fusion-column-wrapper fusion-flex-column-wrapper-legacy\"><div class=\"fusion-text fusion-text-9\"><h1><em>\u00ab Ce truc, c\u2019est g\u00e9nial, c\u2019est magnifique ! \u00bb<\/em><\/h1>\n<\/div><div class=\"fusion-text fusion-text-10\"><p>Lucienne Bertrand a trois fr\u00e8res usagers \u00e0 St Lambert. Jean-Louis et Pierre vivent dans des maisons en ville. La sant\u00e9 de Daniel ne lui a pas permis d\u2019y acc\u00e9der. Il est rest\u00e9 dans le centre \u00e0 Bonneville.<\/p>\n<p>Quand la direction du centre a pr\u00e9sent\u00e9 le projet de d\u00e9m\u00e9nagement aux parents, les r\u00e9actions ont \u00e9t\u00e9 diverses. Les plus anciens \u00e9taient plut\u00f4t r\u00e9ticents. Lucienne par contre a assez rapidement compris l\u2019int\u00e9r\u00eat qu\u2019il y avait pour ses fr\u00e8res d\u2019y participer. Avec le recul, elle ne regrette nullement sa d\u00e9cision. Et parmi les parents qui \u00e9taient contre, beaucoup ont depuis chang\u00e9 d\u2019avis et s\u2019en f\u00e9licitent.<\/p>\n<p>\u00ab <em>Au d\u00e9part quand ils nous ont expliqu\u00e9 le projet, notre maman ne voulait pas, elle n\u2019\u00e9tait pas r\u00e9ceptive. Moi, je trouvais que \u00e7a compliquait les choses pour les visites. Mais c\u2019\u00e9tait \u00e9go\u00efste de ma part. Puis quand Pierrot a d\u00e9m\u00e9nag\u00e9, pour lui, c\u2019\u00e9tait le paradis. Il a compl\u00e8tement chang\u00e9, son attitude. Il vit d\u00e9sormais comme dans une famille, dans un petit groupe, avec les autres r\u00e9sidents. Mes deux fr\u00e8res sont diff\u00e9rents par rapport \u00e0 il y a quelques ann\u00e9es. Ils sont eux-m\u00eames, ils sont des individus \u00e0 part enti\u00e8re. Ce truc, c\u2019est g\u00e9nial.<\/em> <em>Cette vie en maison, c\u2019est comme un passage \u00e0 l\u2019\u00e2ge adulte. Ils sont heureux.<\/em><\/p>\n<p style=\"margin-bottom: 0;\"><em>Au niveau de leur comportement, \u00e7a les a ouverts \u00e0 l\u2019ext\u00e9rieur, ils ont acquis de la sensibilit\u00e9 vis-\u00e0-vis des voisins, il y a de la complicit\u00e9 entre eux. Ils vont faire leurs courses, ils vont sur le march\u00e9. Avant, ils ne le faisaient pas. Maintenant, \u00e7a me d\u00e9chire le c\u0153ur de voir que deux fr\u00e8res profitent de cette nouvelle vie mais pas le troisi\u00e8me. Mais c\u2019est la vie\u2026 \u00bb<\/em><\/p>\n<\/div><div class=\"fusion-clearfix\"><\/div><\/div><\/div><\/div><\/div><div class=\"fusion-fullwidth fullwidth-box fusion-builder-row-7 hundred-percent-fullwidth non-hundred-percent-height-scrolling fusion-equal-height-columns\" style=\"--awb-border-radius-top-left:0px;--awb-border-radius-top-right:0px;--awb-border-radius-bottom-right:0px;--awb-border-radius-bottom-left:0px;--awb-padding-top:0px;--awb-padding-right:0px;--awb-padding-bottom:0px;--awb-padding-left:0px;--awb-background-color:#ebebeb;--awb-flex-wrap:wrap;\" ><div class=\"fusion-builder-row fusion-row\"><div class=\"fusion-layout-column fusion_builder_column fusion-builder-column-16 fusion_builder_column_1_2 1_2 fusion-one-half fusion-column-first col-50\" style=\"--awb-padding-top:30px;--awb-padding-left:30px;--awb-bg-size:cover;width:50%;width:calc(50% - ( ( 4% ) * 0.5 ) );margin-right: 4%;\"><div class=\"fusion-column-wrapper fusion-flex-column-wrapper-legacy\"><div class=\"fusion-text fusion-text-11\"><h1>\u00ab Les avoir, c\u2019est une f\u00eate \u00bb<\/h1>\n<\/div><div class=\"fusion-text fusion-text-12\"><p>Du haut de ses 80 ans bien pass\u00e9s, Marie-Th\u00e9r\u00e8se Bolle est une voisine d\u2019une maison du CO. Une voisine attentionn\u00e9e, proche , qui n\u2019h\u00e9site pas \u00e0 accueillir chez elle certains r\u00e9sidents. Pour un go\u00fbter, une papote ou m\u00eame un repas de No\u00ebl. Aujourd\u2019hui, Georges vient lui dire bonjour, passer avec elle quelques instants.<\/p>\n<p>On sent de la complicit\u00e9 entre les deux personnes, une belle amiti\u00e9. Chacun puisant chez l\u2019autre une source d\u2019\u00e9nergie vitale, entour\u00e9e de beaucoup de respect.<\/p>\n<p>D\u00e9couvrez le t\u00e9moignage de \u00ab madame Bolle \u00bb dans notre diaporama sonore ci-dessous.<\/p>\n<\/div><div class=\"fusion-clearfix\"><\/div><\/div><\/div><div class=\"fusion-layout-column fusion_builder_column fusion-builder-column-17 fusion_builder_column_1_2 1_2 fusion-one-half fusion-column-last col-50\" style=\"--awb-bg-size:cover;width:50%;width:calc(50% - ( ( 4% ) * 0.5 ) );\"><div class=\"fusion-column-wrapper fusion-flex-column-wrapper-legacy\"><div class=\"fusion-image-element in-legacy-container\" style=\"--awb-caption-title-font-family:var(--h2_typography-font-family);--awb-caption-title-font-weight:var(--h2_typography-font-weight);--awb-caption-title-font-style:var(--h2_typography-font-style);--awb-caption-title-size:var(--h2_typography-font-size);--awb-caption-title-transform:var(--h2_typography-text-transform);--awb-caption-title-line-height:var(--h2_typography-line-height);--awb-caption-title-letter-spacing:var(--h2_typography-letter-spacing);\"><span class=\" fusion-imageframe imageframe-none imageframe-6 hover-type-none\"><img decoding=\"async\" width=\"300\" height=\"200\" title=\"Mme-Bolle\" src=\"https:\/\/grand-angle.lavenir.net\/insertion-andenne\/wp-content\/uploads\/sites\/3\/2017\/03\/Mme-Bolle-300x200.jpg\" alt class=\"img-responsive wp-image-30\" srcset=\"https:\/\/grand-angle.lavenir.net\/insertion-andenne\/wp-content\/uploads\/sites\/3\/2017\/03\/Mme-Bolle-200x134.jpg 200w, https:\/\/grand-angle.lavenir.net\/insertion-andenne\/wp-content\/uploads\/sites\/3\/2017\/03\/Mme-Bolle-400x267.jpg 400w, https:\/\/grand-angle.lavenir.net\/insertion-andenne\/wp-content\/uploads\/sites\/3\/2017\/03\/Mme-Bolle-600x401.jpg 600w, https:\/\/grand-angle.lavenir.net\/insertion-andenne\/wp-content\/uploads\/sites\/3\/2017\/03\/Mme-Bolle-800x534.jpg 800w, https:\/\/grand-angle.lavenir.net\/insertion-andenne\/wp-content\/uploads\/sites\/3\/2017\/03\/Mme-Bolle-1200x801.jpg 1200w, https:\/\/grand-angle.lavenir.net\/insertion-andenne\/wp-content\/uploads\/sites\/3\/2017\/03\/Mme-Bolle.jpg 1766w\" sizes=\"(max-width: 800px) 100vw, 600px\" \/><\/span><\/div><div class=\"fusion-clearfix\"><\/div><\/div><\/div><div class=\"fusion-layout-column fusion_builder_column fusion-builder-column-18 fusion_builder_column_1_1 1_1 fusion-one-full fusion-column-first fusion-column-last\" style=\"--awb-bg-size:cover;--awb-margin-bottom:-6px;\"><div class=\"fusion-column-wrapper fusion-flex-column-wrapper-legacy\"><iframe frameborder=\"0\" width=\"100%\" height=\"555\" src=\"\/\/www.dailymotion.com\/embed\/video\/k4N2RnBwrImMjAlIbg4\" allowfullscreen><\/iframe><div class=\"fusion-clearfix\"><\/div><\/div><\/div><\/div><\/div><div class=\"fusion-fullwidth fullwidth-box fusion-builder-row-8 nonhundred-percent-fullwidth non-hundred-percent-height-scrolling blue-bkg\" style=\"--awb-border-radius-top-left:0px;--awb-border-radius-top-right:0px;--awb-border-radius-bottom-right:0px;--awb-border-radius-bottom-left:0px;--awb-padding-top:20px;--awb-padding-bottom:50px;--awb-background-color:#67b7e1;--awb-flex-wrap:wrap;\" ><div class=\"fusion-builder-row fusion-row\"><div class=\"fusion-layout-column fusion_builder_column fusion-builder-column-19 fusion_builder_column_1_1 1_1 fusion-one-full fusion-column-first fusion-column-last\" style=\"--awb-bg-size:cover;\"><div class=\"fusion-column-wrapper fusion-flex-column-wrapper-legacy\"><div class=\"fusion-section-separator section-separator big-half-circle fusion-section-separator-2 blue-sep\" style=\"--awb-spacer-height:99px;--awb-svg-margin-left:0;--awb-svg-margin-right:0;--awb-divider-height:99px;--awb-spacer-padding-top:inherit;--awb-sep-padding:0;--awb-svg-padding:0;\"><div class=\"fusion-section-separator-svg\"><svg class=\"fusion-big-half-circle-candy\" xmlns=\"http:\/\/www.w3.org\/2000\/svg\" version=\"1.1\" width=\"100%\" height=\"100\" viewBox=\"0 0 100 100\" preserveAspectRatio=\"none\" fill=\"rgba(103,183,225,1)\"><path d=\"M0 100 C40 0 60 0 100 100 Z\"><\/path><\/svg><\/div><div class=\"fusion-section-separator-spacer\"><div class=\"fusion-section-separator-spacer-height\"><\/div><\/div><\/div><div class=\"fusion-text fusion-text-13\"><h1>\u00ab <em>Ils savent qu\u2019ils sont attendus, que quelqu\u2019un compte sur eux <\/em>\u00bb<\/h1>\n<\/div><div class=\"fusion-clearfix\"><\/div><\/div><\/div><div class=\"fusion-layout-column fusion_builder_column fusion-builder-column-20 fusion_builder_column_1_1 1_1 fusion-one-full fusion-column-first fusion-column-last\" style=\"--awb-bg-size:cover;\"><div class=\"fusion-column-wrapper fusion-flex-column-wrapper-legacy\"><div class=\"fusion-text fusion-text-14\"><p>Mercredi, c\u2019est le jour de l\u2019encartage et de la distribution des petits journaux gratuits. Anne Dewinter est responsable des activit\u00e9s au sein du CO St Lambert. Aujourd\u2019hui, elle vient voir si tout se passe bien et dire bonjour au groupe qui s\u2019anime au sous-sol de cette belle maison de la rue Fr\u00e8re Orban. C\u2019est l\u00e0 que les r\u00e9sidents pr\u00e9parent les paquets de journaux pour \u00ab la distri \u00bb.<\/p>\n<p>Quand elle pousse la porte, ce sont de grands sourires qui l\u2019accueillent. Emmanuelle, une jeune femme qui est venue elle aussi saluer ses compagnons, vient se blottir dans ses bras. Anne est proche de ses r\u00e9sidents. Ses grands yeux bleus rassurent ces hommes et ces femmes qui se confient \u00e0 elle et qui lui font confiance pour les entra\u00eener dans des occupations o\u00f9 ils pourront s\u2019\u00e9panouir.<\/p>\n<p>Anne est tr\u00e8s fi\u00e8re de son nouveau projet : le magasin <em>Troc &amp; moi<\/em>. Il vient juste d\u2019ouvrir. Comme pour chacune des activit\u00e9s du CO, il a fallu choisir les r\u00e9sidents qui seront en mesure d\u2019assumer l\u2019accueil des clients et les diff\u00e9rentes t\u00e2ches. \u00ab <em>C\u2019est un travail que j\u2019ai r\u00e9alis\u00e9 avec l\u2019\u00e9ducatrice qui a la charge de la boutique. On a fait l\u2019inventaire des comp\u00e9tences qu\u2019il fallait avoir pour r\u00e9aliser ces t\u00e2ches-l\u00e0. Mais on a aussi int\u00e9gr\u00e9 des personnes qui n\u2019ont pas acc\u00e8s \u00e0 la parole. Elles peuvent se rendre utiles pour le tri et le nettoyage des objets apport\u00e9s. \u00bb<\/em><\/p>\n<blockquote>\n<p><em>\u00ab La boutique, c\u2019est la base et plein d\u2019autres activit\u00e9s citoyennes et des services \u00e0 la population peuvent s\u2019y greffer. Cela permet aux usagers d\u2019avoir des contacts, de rencontrer des gens, de se sentir utiles. Le but est de provoquer la rencontre et de sociabiliser les r\u00e9sidents.<\/em> <em>D\u00e9sormais, ils  apprennent \u00e0 g\u00e9rer leur agenda, leur emploi du temps. Ils savent qu\u2019ils sont attendus, que quelqu\u2019un compte sur eux. C\u2019est important aussi.<\/em> \u00bb<\/p>\n<\/blockquote>\n<p>Ces nouvelles activit\u00e9s et ces lieux de vie en ville, c\u2019est aussi une r\u00e9volution pour les \u00e9ducateurs. \u00ab <em>Il a fallu s\u2019adapter. C\u2019est une ouverture au monde ext\u00e9rieur<\/em>.\u00bb<\/p>\n<p>Magasin, r\u00e9colte de bouchons en plastique, d\u00e9p\u00f4t de paniers bios, mise au travail dans des entreprises andennaises\u2026 Anne a encore de nombreux projets qui, elle y compte bien, permettront aux r\u00e9sidents de s\u2019\u00e9panouir dans cette ville qui les a accueillis.<\/p>\n<\/div>[rev_slider alias=\u00a0\u00bbecran-8&Prime; \/]<div class=\"fusion-clearfix\"><\/div><\/div><\/div><\/div><\/div><div class=\"fusion-fullwidth fullwidth-box fusion-builder-row-9 nonhundred-percent-fullwidth non-hundred-percent-height-scrolling\" style=\"--awb-border-radius-top-left:0px;--awb-border-radius-top-right:0px;--awb-border-radius-bottom-right:0px;--awb-border-radius-bottom-left:0px;--awb-padding-top:20px;--awb-padding-bottom:20px;--awb-flex-wrap:wrap;\" ><div class=\"fusion-builder-row fusion-row\"><div class=\"fusion-layout-column fusion_builder_column fusion-builder-column-21 fusion_builder_column_1_1 1_1 fusion-one-full fusion-column-first fusion-column-last\" style=\"--awb-bg-size:cover;\"><div class=\"fusion-column-wrapper fusion-flex-column-wrapper-legacy\"><div class=\"fusion-section-separator section-separator big-half-circle fusion-section-separator-3 blue-sep\" style=\"--awb-spacer-height:99px;--awb-svg-margin-left:0;--awb-svg-margin-right:0;--awb-divider-height:99px;--awb-spacer-padding-top:inherit;--awb-sep-padding:0;--awb-svg-padding:0;\"><div class=\"fusion-section-separator-svg\"><svg class=\"fusion-big-half-circle-candy\" xmlns=\"http:\/\/www.w3.org\/2000\/svg\" version=\"1.1\" width=\"100%\" height=\"100\" viewBox=\"0 0 100 100\" preserveAspectRatio=\"none\" fill=\"rgba(255,255,255,1)\"><path d=\"M0 100 C40 0 60 0 100 100 Z\"><\/path><\/svg><\/div><div class=\"fusion-section-separator-spacer\"><div class=\"fusion-section-separator-spacer-height\"><\/div><\/div><\/div><div class=\"fusion-text fusion-text-15\"><h1>\u00ab Les gens sont heureux de nous voir arriver avec les gazettes \u00bb<\/h1>\n<\/div><div class=\"fusion-text fusion-text-16\"><p>Charg\u00e9e de ses bacs de journaux bien rang\u00e9s, la camionnette se gare le long de la chauss\u00e9e. Nicolas, Christian, Philippe et Fabian ont enfil\u00e9 un gilet fluo. Leurs caddies remplis, ils s\u2019\u00e9lancent sur le trottoir pour glisser dans les bo\u00eetes aux lettres les \u00ab toutes-bo\u00eetes \u00bb de la semaine : Proximag, publicit\u00e9s, folder, \u2026<\/p>\n<p>Catherine et Franz les accompagnent dans leur t\u00e2che du jour. Ils guident les usagers, les rappellent \u00e0 l\u2019ordre si n\u00e9cessaire, mais leur travail consiste surtout \u00e0 superviser, v\u00e9rifier que tout se passe bien. Et \u00e0 l\u2019occasion, provoquer la rencontre, l\u2019\u00e9change, avec les habitants du quartier.<\/p>\n<p>Philippe est ce qu\u2019ils appellent un double diagnostic : il souffre d\u2019un handicap mental et d\u2019un trouble psychiatrique. Mais \u00ab la distri \u00bb, c\u2019est son truc. Il est organis\u00e9, m\u00e9ticuleux et les quelques \u00e9changes qu\u2019il peut avoir avec les riverains le font rayonner.<\/p>\n<p>Retrouvez le petit groupe en pleine <em>distri<\/em> dans les rues d\u2019Andenne dans notre vid\u00e9o ci-dessous.<\/p>\n<\/div><iframe frameborder=\"0\" width=\"100%\" height=\"425\" src=\"\/\/www.dailymotion.com\/embed\/video\/k67Q0ybCj35HdjlIbcF\" allowfullscreen><\/iframe><div class=\"fusion-clearfix\"><\/div><\/div><\/div><\/div><\/div><div class=\"fusion-fullwidth fullwidth-box fusion-builder-row-10 nonhundred-percent-fullwidth non-hundred-percent-height-scrolling blue-bkg\" style=\"--awb-border-radius-top-left:0px;--awb-border-radius-top-right:0px;--awb-border-radius-bottom-right:0px;--awb-border-radius-bottom-left:0px;--awb-padding-top:20px;--awb-padding-bottom:50px;--awb-background-color:#67b7e1;--awb-flex-wrap:wrap;\" ><div class=\"fusion-builder-row fusion-row\"><div class=\"fusion-layout-column fusion_builder_column fusion-builder-column-22 fusion_builder_column_1_1 1_1 fusion-one-full fusion-column-first fusion-column-last\" style=\"--awb-bg-size:cover;--awb-margin-bottom:0px;\"><div class=\"fusion-column-wrapper fusion-flex-column-wrapper-legacy\"><div class=\"fusion-section-separator section-separator big-half-circle fusion-section-separator-4 blue-sep\" style=\"--awb-spacer-height:99px;--awb-svg-margin-left:0;--awb-svg-margin-right:0;--awb-divider-height:99px;--awb-spacer-padding-top:inherit;--awb-sep-padding:0;--awb-svg-padding:0;\"><div class=\"fusion-section-separator-svg\"><svg class=\"fusion-big-half-circle-candy\" xmlns=\"http:\/\/www.w3.org\/2000\/svg\" version=\"1.1\" width=\"100%\" height=\"100\" viewBox=\"0 0 100 100\" preserveAspectRatio=\"none\" fill=\"rgba(103,183,225,1)\"><path d=\"M0 100 C40 0 60 0 100 100 Z\"><\/path><\/svg><\/div><div class=\"fusion-section-separator-spacer\"><div class=\"fusion-section-separator-spacer-height\"><\/div><\/div><\/div><div class=\"fusion-text fusion-text-17\"><h1>Les AVUS : d\u00e9velopper les comp\u00e9tences<\/h1>\n<\/div><div class=\"fusion-clearfix\"><\/div><\/div><\/div><div class=\"fusion-layout-column fusion_builder_column fusion-builder-column-23 fusion_builder_column_1_2 1_2 fusion-one-half fusion-column-first\" style=\"--awb-bg-size:cover;width:50%;width:calc(50% - ( ( 4% ) * 0.5 ) );margin-right: 4%;\"><div class=\"fusion-column-wrapper fusion-flex-column-wrapper-legacy\"><div class=\"fusion-image-element in-legacy-container\" style=\"--awb-caption-title-font-family:var(--h2_typography-font-family);--awb-caption-title-font-weight:var(--h2_typography-font-weight);--awb-caption-title-font-style:var(--h2_typography-font-style);--awb-caption-title-size:var(--h2_typography-font-size);--awb-caption-title-transform:var(--h2_typography-text-transform);--awb-caption-title-line-height:var(--h2_typography-line-height);--awb-caption-title-letter-spacing:var(--h2_typography-letter-spacing);\"><span class=\" fusion-imageframe imageframe-none imageframe-7 hover-type-none\"><img decoding=\"async\" width=\"300\" height=\"200\" title=\"AVUS-3-Muriel-Schaus\" src=\"https:\/\/grand-angle.lavenir.net\/insertion-andenne\/wp-content\/uploads\/sites\/3\/2017\/03\/AVUS-3-Muriel-Schaus-300x200.jpg\" alt class=\"img-responsive wp-image-29\" srcset=\"https:\/\/grand-angle.lavenir.net\/insertion-andenne\/wp-content\/uploads\/sites\/3\/2017\/03\/AVUS-3-Muriel-Schaus-200x134.jpg 200w, https:\/\/grand-angle.lavenir.net\/insertion-andenne\/wp-content\/uploads\/sites\/3\/2017\/03\/AVUS-3-Muriel-Schaus-400x267.jpg 400w, https:\/\/grand-angle.lavenir.net\/insertion-andenne\/wp-content\/uploads\/sites\/3\/2017\/03\/AVUS-3-Muriel-Schaus-600x401.jpg 600w, https:\/\/grand-angle.lavenir.net\/insertion-andenne\/wp-content\/uploads\/sites\/3\/2017\/03\/AVUS-3-Muriel-Schaus-800x534.jpg 800w, https:\/\/grand-angle.lavenir.net\/insertion-andenne\/wp-content\/uploads\/sites\/3\/2017\/03\/AVUS-3-Muriel-Schaus-1200x801.jpg 1200w, https:\/\/grand-angle.lavenir.net\/insertion-andenne\/wp-content\/uploads\/sites\/3\/2017\/03\/AVUS-3-Muriel-Schaus.jpg 1766w\" sizes=\"(max-width: 800px) 100vw, 600px\" \/><\/span><\/div><div class=\"fusion-clearfix\"><\/div><\/div><\/div><div class=\"fusion-layout-column fusion_builder_column fusion-builder-column-24 fusion_builder_column_1_2 1_2 fusion-one-half fusion-column-last\" style=\"--awb-bg-size:cover;width:50%;width:calc(50% - ( ( 4% ) * 0.5 ) );\"><div class=\"fusion-column-wrapper fusion-flex-column-wrapper-legacy\"><div class=\"fusion-text fusion-text-18\"><p>Muriel Schaus est assistante sociale au CO St Lambert. C\u2019est elle qui a en charge la gestion des AVUS, les Activit\u00e9s de Valorisation et d\u2019Utilit\u00e9 Sociale. Elle recherche des entreprises ou administrations susceptibles d\u2019accueillir des r\u00e9sidents pour leur proposer des activit\u00e9s professionnelles sur base de volontariat.<\/p>\n<p>\u00ab <em>Les AVUS externes sont destin\u00e9es aux usagers d\u2019un bon niveau d\u2019autonomie. Nous contactons un service de la ville ou une entreprise et nous proposons le travail b\u00e9n\u00e9volat d\u2019un usager. L\u2019id\u00e9e est de r\u00e9aliser une activit\u00e9 en dehors des murs de l\u2019institution. Cela permet \u00e0 l\u2019usager de pouvoir int\u00e9grer une \u00e9quipe dans des conditions normalisantes et d\u2019augmenter ses contacts sociaux. Il peut aussi d\u00e8s lors d\u00e9velopper des comp\u00e9tences ; on priorise l\u2019avis de l\u2019usager, en fonction de ses go\u00fbts : environnement, chevaux, cuisine, \u2026 Cela permet aussi de sensibiliser les Andennais au quotidien de nos usagers. \u00bb<\/em><\/p>\n<\/div><div class=\"fusion-clearfix\"><\/div><\/div><\/div><div class=\"fusion-layout-column fusion_builder_column fusion-builder-column-25 fusion_builder_column_1_1 1_1 fusion-one-full fusion-column-first fusion-column-last\" style=\"--awb-bg-size:cover;\"><div class=\"fusion-column-wrapper fusion-flex-column-wrapper-legacy\"><div class=\"fusion-text fusion-text-19\"><p>Maison de repos, \u00e9cole, man\u00e8ge, garage, parc de loisirs, \u00e9quipes communales, home, fleuriste\u2026 les activit\u00e9s sont nombreuses et diversifi\u00e9es et toutes apportent une r\u00e9elle valorisation humaine.<\/p>\n<p>\u00ab <em>En pratique, un \u00e9ducateur les accompagne lors de leurs deux ou trois premi\u00e8res journ\u00e9es, apr\u00e8s ils y vont seul. On n\u2019est pas \u00e0 l\u2019abri d\u2019un probl\u00e8me de comportement mais c\u2019est assez rare.<\/em> <em>Fran\u00e7ois travaille au garage Seat, \u00e0 Bierwart, depuis 8 ans. Nous avons un autre usager, Claude, qui est au Mont Mosan depuis 16 ans !<\/em> <em>Et \u00e7a se passe tr\u00e8s bien ! <\/em>\u00bb<\/p>\n<p>Si les r\u00e9sidents sont li\u00e9s par un contrat de b\u00e9n\u00e9volat, cela n\u2019exclut pas une petite \u00ab dringuelle \u00bb de temps en temps. Ils sont aussi valoris\u00e9s par la participation \u00e0 la vie de l\u2019entreprise, au repas du personnel, aux f\u00eates d\u2019anniversaire, \u2026<\/p>\n<p>Au CO St Lambert, 30 r\u00e9sidents sont occup\u00e9s par des AVUS, en plus de ceux qui participent \u00e0 la distribution des petits journaux gratuits. Les autres ont aussi des activit\u00e9s plus habituelles, organis\u00e9es au sein de l\u2019institution : menuiserie, atelier Picasso, hippoth\u00e9rapie, expression corporelle, \u2026<\/p>\n<\/div>[rev_slider alias=\u00a0\u00bbavus\u00a0\u00bb \/]<div class=\"fusion-clearfix\"><\/div><\/div><\/div><\/div><\/div><div class=\"fusion-fullwidth fullwidth-box fusion-builder-row-11 nonhundred-percent-fullwidth non-hundred-percent-height-scrolling\" style=\"--awb-border-radius-top-left:0px;--awb-border-radius-top-right:0px;--awb-border-radius-bottom-right:0px;--awb-border-radius-bottom-left:0px;--awb-padding-top:20px;--awb-padding-bottom:20px;--awb-flex-wrap:wrap;\" ><div class=\"fusion-builder-row fusion-row\"><div class=\"fusion-layout-column fusion_builder_column fusion-builder-column-26 fusion_builder_column_1_1 1_1 fusion-one-full fusion-column-first fusion-column-last\" style=\"--awb-bg-size:cover;\"><div class=\"fusion-column-wrapper fusion-flex-column-wrapper-legacy\"><div class=\"fusion-section-separator section-separator big-half-circle fusion-section-separator-5 blue-sep\" style=\"--awb-spacer-height:99px;--awb-svg-margin-left:0;--awb-svg-margin-right:0;--awb-divider-height:99px;--awb-spacer-padding-top:inherit;--awb-sep-padding:0;--awb-svg-padding:0;\"><div class=\"fusion-section-separator-svg\"><svg class=\"fusion-big-half-circle-candy\" xmlns=\"http:\/\/www.w3.org\/2000\/svg\" version=\"1.1\" width=\"100%\" height=\"100\" viewBox=\"0 0 100 100\" preserveAspectRatio=\"none\" fill=\"rgba(255,255,255,1)\"><path d=\"M0 100 C40 0 60 0 100 100 Z\"><\/path><\/svg><\/div><div class=\"fusion-section-separator-spacer\"><div class=\"fusion-section-separator-spacer-height\"><\/div><\/div><\/div><div class=\"fusion-text fusion-text-20\"><h1>Au garage, Fran\u00e7ois fait partie de la famille<\/h1>\n<\/div><div class=\"fusion-clearfix\"><\/div><\/div><\/div><div class=\"fusion-layout-column fusion_builder_column fusion-builder-column-27 fusion_builder_column_1_3 1_3 fusion-one-third fusion-column-first\" style=\"--awb-bg-size:cover;width:33.3333333333%;width:calc(33.3333333333% - ( ( 4% ) * 0.333333333333 ) );margin-right: 4%;\"><div class=\"fusion-column-wrapper fusion-flex-column-wrapper-legacy\"><div class=\"fusion-text fusion-text-21\"><p>Cela fait 8 ans que Fran\u00e7ois vient deux jours par semaine au garage Seat, \u00e0 Bierwart. Il a d\u00fb apprendre \u00e0 prendre le bus tout seul. C\u2019\u00e9tait d\u00e9j\u00e0 une premi\u00e8re comp\u00e9tence acquise. Arm\u00e9 de son canon \u00e0 eau et d\u2019une bonne \u00e9ponge, il lave les voitures neuves et celles qui viennent pour leur entretien. S\u2019il est bien li\u00e9 au garage par un contrat de b\u00e9n\u00e9volat, il n\u2019est pas non plus contre une petite r\u00e9compense, de temps en temps\u2026<\/p>\n<p>Pour \u00c9ric, le patron du garage, Fran\u00e7ois a plus qu\u2019int\u00e9gr\u00e9 l\u2019\u00e9quipe, il fait partie de la famille !<\/p>\n<p>Retrouvez Fran\u00e7ois en plein car-wash dans notre vid\u00e9o ci-contre.<\/p>\n<\/div><div class=\"fusion-clearfix\"><\/div><\/div><\/div><div class=\"fusion-layout-column fusion_builder_column fusion-builder-column-28 fusion_builder_column_2_3 2_3 fusion-two-third fusion-column-last\" style=\"--awb-bg-size:cover;width:66.6666666667%;width:calc(66.6666666667% - ( ( 4% ) * 0.666666666667 ) );\"><div class=\"fusion-column-wrapper fusion-flex-column-wrapper-legacy\"><iframe frameborder=\"0\" width=\"100%\" height=\"425\" src=\"\/\/www.dailymotion.com\/embed\/video\/k31Nm6GS2U9kDWlIb6x\" allowfullscreen><\/iframe><div class=\"fusion-clearfix\"><\/div><\/div><\/div><\/div><\/div><div class=\"fusion-fullwidth fullwidth-box fusion-builder-row-12 hundred-percent-fullwidth non-hundred-percent-height-scrolling blue-bkg\" style=\"--awb-border-radius-top-left:0px;--awb-border-radius-top-right:0px;--awb-border-radius-bottom-right:0px;--awb-border-radius-bottom-left:0px;--awb-padding-top:0px;--awb-padding-right:0px;--awb-padding-bottom:0px;--awb-padding-left:0px;--awb-background-color:#67b7e1;--awb-flex-wrap:wrap;\" ><div class=\"fusion-builder-row fusion-row\"><div class=\"fusion-layout-column fusion_builder_column fusion-builder-column-29 fusion_builder_column_1_5 1_5 fusion-one-fifth fusion-column-first col-1-5\" style=\"--awb-bg-size:cover;--awb-margin-bottom:0px;width:20%;width:calc(20% - ( ( 4% ) * 0.2 ) );margin-right: 4%;\"><div class=\"fusion-column-wrapper fusion-flex-column-wrapper-legacy\"><div class=\"fusion-image-element in-legacy-container\" style=\"--awb-caption-title-font-family:var(--h2_typography-font-family);--awb-caption-title-font-weight:var(--h2_typography-font-weight);--awb-caption-title-font-style:var(--h2_typography-font-style);--awb-caption-title-size:var(--h2_typography-font-size);--awb-caption-title-transform:var(--h2_typography-text-transform);--awb-caption-title-line-height:var(--h2_typography-line-height);--awb-caption-title-letter-spacing:var(--h2_typography-letter-spacing);\"><span class=\" fusion-imageframe imageframe-none imageframe-8 hover-type-none\"><img decoding=\"async\" width=\"200\" height=\"300\" title=\"Francoise-Leonard-1\" src=\"https:\/\/grand-angle.lavenir.net\/insertion-andenne\/wp-content\/uploads\/sites\/3\/2017\/03\/Francoise-Leonard-1-200x300.jpg\" alt class=\"img-responsive wp-image-28\" srcset=\"https:\/\/grand-angle.lavenir.net\/insertion-andenne\/wp-content\/uploads\/sites\/3\/2017\/03\/Francoise-Leonard-1-200x300.jpg 200w, https:\/\/grand-angle.lavenir.net\/insertion-andenne\/wp-content\/uploads\/sites\/3\/2017\/03\/Francoise-Leonard-1-400x599.jpg 400w, https:\/\/grand-angle.lavenir.net\/insertion-andenne\/wp-content\/uploads\/sites\/3\/2017\/03\/Francoise-Leonard-1-600x899.jpg 600w, https:\/\/grand-angle.lavenir.net\/insertion-andenne\/wp-content\/uploads\/sites\/3\/2017\/03\/Francoise-Leonard-1-800x1198.jpg 800w, https:\/\/grand-angle.lavenir.net\/insertion-andenne\/wp-content\/uploads\/sites\/3\/2017\/03\/Francoise-Leonard-1.jpg 1179w\" sizes=\"(max-width: 800px) 100vw, 400px\" \/><\/span><\/div><div class=\"fusion-clearfix\"><\/div><\/div><\/div><div class=\"fusion-layout-column fusion_builder_column fusion-builder-column-30 fusion_builder_column_4_5 4_5 fusion-four-fifth fusion-column-last col-4-5\" style=\"--awb-padding-right:30px;--awb-padding-left:30px;--awb-bg-size:cover;--awb-margin-bottom:0px;width:80%;width:calc(80% - ( ( 4% ) * 0.8 ) );\"><div class=\"fusion-column-wrapper fusion-flex-column-wrapper-legacy\"><div class=\"fusion-text fusion-text-22\"><h1><strong>\u00ab <\/strong>La peur, dans les deux sens, s\u2019est effac\u00e9e. \u00bb<\/h1>\n<\/div><div class=\"fusion-text fusion-text-23\"><p>Fran\u00e7oise L\u00e9onard est \u00e9chevine \u00e0 la Ville d\u2019Andenne. Elle a en charge, entre autre, le commerce, l\u2019emploi, la sant\u00e9 publique. Elle a suivi, d\u00e8s le d\u00e9but du projet, l\u2019implantation des r\u00e9sidents du CO au centre-ville.<\/p>\n<p><em>\u00ab La question s\u2019est pos\u00e9e en effet de savoir comment \u00e7a allait se passer. D\u2019autant qu\u2019une implantation d\u2019une telle ampleur, c\u2019\u00e9tait unique en Belgique. On avait des craintes, oui : comment cela allait-il se passer avec les riverains, avec les voisins, \u2026 On n\u2019a pas naturellement l\u2019habitude de c\u00f4toyer des personnes handicap\u00e9es mentales. On ne nous a pas appris \u00e0 grandir avec elles, malheureusement. Mais il faut aussi se rendre compte que demain, ce sera peut-\u00eatre un de nos enfants ou l\u2019un de nous. On n\u2019est pas \u00e0 l\u2019abri d\u2019un accident\u2026<\/em><\/p>\n<p><em>De toute fa\u00e7on, c\u2019\u00e9tait une volont\u00e9 du CO St Lambert, on ne pouvait que la respecter. Ils ont eu la bonne id\u00e9e de r\u00e9aliser leur projet progressivement, sur 4 ans, d\u2019investir dans des b\u00e2timents andennais, qu\u2019ils ont remarquablement remis en \u00e9tat. Finalement, on se rend compte que tous ces adultes se fondent dans la masse des andennais. Maintenant on les voit tellement qu\u2019on les conna\u00eet, on les croise, on se dit bonjour, on papote. La peur, dans les deux sens, s\u2019est effac\u00e9e.<\/em><\/p>\n<p><em>Avec le recul, on ne peut que constater que c\u2019est une belle r\u00e9ussite. Ils sont bien int\u00e9gr\u00e9s dans les associations, dans les commerces, les petites entreprises\u2026 Tout cela construit l\u2019image et les relations normalis\u00e9es entre les citoyens lambda et les r\u00e9sidents du CO. C\u2019est une chance pour nous tous et surtout pour nos jeunes qui ont d\u00e9sormais un autre regard sur la personne handicap\u00e9e.<\/em><\/p>\n<\/div><div class=\"fusion-clearfix\"><\/div><\/div><\/div><\/div><\/div><div class=\"fusion-fullwidth fullwidth-box fusion-builder-row-13 nonhundred-percent-fullwidth non-hundred-percent-height-scrolling\" style=\"--awb-border-radius-top-left:0px;--awb-border-radius-top-right:0px;--awb-border-radius-bottom-right:0px;--awb-border-radius-bottom-left:0px;--awb-padding-top:20px;--awb-padding-bottom:70px;--awb-background-color:#ffffff;--awb-flex-wrap:wrap;\" ><div class=\"fusion-builder-row fusion-row\"><div class=\"fusion-layout-column fusion_builder_column fusion-builder-column-31 fusion_builder_column_1_1 1_1 fusion-one-full fusion-column-first fusion-column-last\" style=\"--awb-bg-size:cover;\"><div class=\"fusion-column-wrapper fusion-flex-column-wrapper-legacy\"><div class=\"fusion-text fusion-text-24\"><h1>\u00ab Tous comptes faits, on n\u2019est pas si diff\u00e9rents \u00bb.<\/h1>\n<p>Le mot de la fin, nous le laissons \u00e0 Anne Dewinter, qui nous a guid\u00e9 tout au long de ce reportage :<\/p>\n<blockquote>\n<p>\u00ab <em>Notre projet, c\u2019est le principe de l\u2019opportunit\u00e9. Celle de la rencontre. On provoque la rencontre entre le citoyen et le r\u00e9sident, qui lui aussi est un citoyen. Il est d\u00e8s lors consid\u00e9r\u00e9 comme une personne \u00e0 part enti\u00e8re parce que, tous comptes faits, on n\u2019est pas si diff\u00e9rents !<\/em> \u00bb.<\/p>\n<\/blockquote>\n<\/div>[rev_slider alias=\u00a0\u00bbconclusion\u00a0\u00bb \/]<div class=\"fusion-clearfix\"><\/div><\/div><\/div><\/div><\/div><div class=\"fusion-fullwidth fullwidth-box fusion-builder-row-14 nonhundred-percent-fullwidth non-hundred-percent-height-scrolling\" style=\"--awb-border-radius-top-left:0px;--awb-border-radius-top-right:0px;--awb-border-radius-bottom-right:0px;--awb-border-radius-bottom-left:0px;--awb-padding-top:20px;--awb-padding-bottom:20px;--awb-flex-wrap:wrap;\" ><div class=\"fusion-builder-row fusion-row\"><div class=\"fusion-layout-column fusion_builder_column fusion-builder-column-32 fusion_builder_column_1_1 1_1 fusion-one-full fusion-column-first fusion-column-last\" style=\"--awb-bg-size:cover;\"><div class=\"fusion-column-wrapper fusion-flex-column-wrapper-legacy\"><div class=\"fusion-sharing-box fusion-sharing-box-2 has-taglines layout-floated layout-medium-floated layout-small-floated\" style=\"background-color:#f6f6f6;--awb-layout:row;--awb-alignment-small:space-between;\" data-title=\"Andenne : le pari r\u00e9ussi de l\u2019insertion des personnes handicap\u00e9es dans la ville\" data-description=\"Andenne. Depuis une cinquantaine d\u2019ann\u00e9es, une institution accueille, sur les hauteurs, \u00e0 l\u2019\u00e9cart de la ville, plus de 250 r\u00e9sidents d\u00e9ficients mentaux. C\u2019est le Centre Ortho-p\u00e9dagogique Saint Lambert. \" data-link=\"https:\/\/grand-angle.lavenir.net-insertion-andenne\/\"><h4 class=\"tagline\" style=\"color:#333333;\">Partagez ce reportage<\/h4><div class=\"fusion-social-networks sharingbox-shortcode-icon-wrapper sharingbox-shortcode-icon-wrapper-2\"><span><a href=\"https:\/\/www.facebook.com\/sharer.php?u=https%3A%2F%2Fgrand-angle.lavenir.net-insertion-andenne%2F&amp;t=Andenne%20%3A%20le%20pari%20r%C3%A9ussi%20de%20l%E2%80%99insertion%20des%20personnes%20handicap%C3%A9es%20dans%20la%20ville\" target=\"_blank\" rel=\"noreferrer\" title=\"Facebook\" aria-label=\"Facebook\" data-placement=\"top\" data-toggle=\"tooltip\" data-title=\"Facebook\"><i class=\"fusion-social-network-icon fusion-tooltip fusion-facebook awb-icon-facebook\" style=\"color:#bebdbd;\" aria-hidden=\"true\"><\/i><\/a><\/span><span><a href=\"https:\/\/x.com\/intent\/post?text=Andenne%20%3A%20le%20pari%20r%C3%A9ussi%20de%20l%E2%80%99insertion%20des%20personnes%20handicap%C3%A9es%20dans%20la%20ville&amp;url=https%3A%2F%2Fgrand-angle.lavenir.net-insertion-andenne%2F\" target=\"_blank\" rel=\"noopener noreferrer\" title=\"X\" aria-label=\"X\" data-placement=\"top\" data-toggle=\"tooltip\" data-title=\"X\"><i class=\"fusion-social-network-icon fusion-tooltip fusion-twitter awb-icon-twitter\" style=\"color:#bebdbd;\" aria-hidden=\"true\"><\/i><\/a><\/span><\/div><\/div><div class=\"fusion-text fusion-text-25\"><p>Nous tenons \u00e0 remercier M. Marc Palate, Mmes Laurence Warnant et Anne Dewinter, les \u00e9quipes p\u00e9dagogiques du CO St Lambert et surtout les r\u00e9sidents pour leur accueil et leur disponibilit\u00e9.<\/p>\n<\/div><div class=\"fusion-clearfix\"><\/div><\/div><\/div><\/div><\/div><\/p>\n","protected":false},"excerpt":{"rendered":"","protected":false},"author":1,"featured_media":0,"parent":0,"menu_order":0,"comment_status":"closed","ping_status":"open","template":"100-width.php","meta":{"footnotes":""},"class_list":["post-2","page","type-page","status-publish","hentry"],"_links":{"self":[{"href":"https:\/\/grand-angle.lavenir.net\/insertion-andenne\/wp-json\/wp\/v2\/pages\/2","targetHints":{"allow":["GET"]}}],"collection":[{"href":"https:\/\/grand-angle.lavenir.net\/insertion-andenne\/wp-json\/wp\/v2\/pages"}],"about":[{"href":"https:\/\/grand-angle.lavenir.net\/insertion-andenne\/wp-json\/wp\/v2\/types\/page"}],"author":[{"embeddable":true,"href":"https:\/\/grand-angle.lavenir.net\/insertion-andenne\/wp-json\/wp\/v2\/users\/1"}],"replies":[{"embeddable":true,"href":"https:\/\/grand-angle.lavenir.net\/insertion-andenne\/wp-json\/wp\/v2\/comments?post=2"}],"version-history":[{"count":0,"href":"https:\/\/grand-angle.lavenir.net\/insertion-andenne\/wp-json\/wp\/v2\/pages\/2\/revisions"}],"wp:attachment":[{"href":"https:\/\/grand-angle.lavenir.net\/insertion-andenne\/wp-json\/wp\/v2\/media?parent=2"}],"curies":[{"name":"wp","href":"https:\/\/api.w.org\/{rel}","templated":true}]}}