{"id":41,"date":"2017-03-09T14:26:35","date_gmt":"2017-03-09T13:26:35","guid":{"rendered":"https:\/\/grand-angle.lavenir.net\/forges-clabecq-20ans\/?page_id=41"},"modified":"2017-03-09T14:33:59","modified_gmt":"2017-03-09T13:33:59","slug":"la-vie-a-linterieur-de-lusine-temoignages","status":"publish","type":"page","link":"https:\/\/grand-angle.lavenir.net\/forges-clabecq-20ans\/la-vie-a-linterieur-de-lusine-temoignages\/","title":{"rendered":"La vie \u00e0 l&rsquo;int\u00e9rieur de l&rsquo;usine : t\u00e9moignages"},"content":{"rendered":"<p><div class=\"fusion-fullwidth fullwidth-box fusion-builder-row-1 hundred-percent-fullwidth non-hundred-percent-height-scrolling\" style=\"--awb-border-radius-top-left:0px;--awb-border-radius-top-right:0px;--awb-border-radius-bottom-right:0px;--awb-border-radius-bottom-left:0px;--awb-padding-top:20px;--awb-padding-bottom:20px;--awb-background-color:#a0ce4e;--awb-flex-wrap:wrap;\" ><div class=\"fusion-builder-row fusion-row\"><div class=\"fusion-layout-column fusion_builder_column fusion-builder-column-0 fusion_builder_column_1_1 1_1 fusion-one-full fusion-column-first fusion-column-last\" style=\"--awb-bg-size:cover;\"><div class=\"fusion-column-wrapper fusion-flex-column-wrapper-legacy\"><div class=\"fusion-text fusion-text-1\"><p><span style=\"color: #ffffff;\">Les Forges de Clabecq \u00e9taient un lieu de vie, un lieu de rencontre et de partage social, et pour beaucoup d\u2019entre eux, l\u2019usine \u00e9tait leur deuxi\u00e8me maison, leur ma\u00eetresse. Ils y passaient la majeure partie de leur temps. Un lieu o\u00f9 l\u2019on vit, o\u00f9 l\u2019on rit, o\u00f9 l\u2019on souffre, et parfois m\u00eame, o\u00f9 l\u2019on meurt.<\/span><\/p>\n<p><span style=\"color: #ffffff;\">Une constante revient dans chaque t\u00e9moignage que vous pourrez d\u00e9couvrir ci-dessous : la fiert\u00e9. La fiert\u00e9 de l\u2019endroit, du travail, de la sant\u00e9 us\u00e9e l\u00e0-bas.<\/span><\/p>\n<p><span style=\"color: #ffffff;\">Difficile de comprendre la nature de ce sentiment sans comprendre concr\u00e8tement ce qu\u2019\u00e9taient les Forges de Clabecq. C\u2019est en voyant les photos, en laissant parler ces gens, leurs anecdotes, leurs r\u00e9flexions que l\u2019on commence \u00e0 s\u2019imaginer. Ils t\u00e9moignent avec une \u00e9motion et une nostalgie, celle d\u2019une vie pass\u00e9e \u00e0 l\u2019ombre d\u2019un g\u00e9ant, l\u2019ombre des Forges de Clabecq.<\/span><\/p>\n<\/div><div class=\"fusion-clearfix\"><\/div><\/div><\/div><\/div><\/div><div class=\"fusion-fullwidth fullwidth-box fusion-builder-row-2 nonhundred-percent-fullwidth non-hundred-percent-height-scrolling\" style=\"--awb-border-radius-top-left:0px;--awb-border-radius-top-right:0px;--awb-border-radius-bottom-right:0px;--awb-border-radius-bottom-left:0px;--awb-padding-top:20px;--awb-padding-right:20px;--awb-padding-bottom:0px;--awb-padding-left:20px;--awb-margin-bottom:0px;--awb-flex-wrap:wrap;\" ><div class=\"fusion-builder-row fusion-row\"><div class=\"fusion-layout-column fusion_builder_column fusion-builder-column-1 fusion_builder_column_1_1 1_1 fusion-one-full fusion-column-first fusion-column-last\" style=\"--awb-bg-size:cover;--awb-margin-bottom:0px;\"><div class=\"fusion-column-wrapper fusion-flex-column-wrapper-legacy\"><div class=\"fusion-content-boxes content-boxes columns row fusion-columns-2 fusion-columns-total-4 fusion-content-boxes-1 content-boxes-icon-with-title content-left\" style=\"--awb-hover-accent-color:#000000;--awb-circle-hover-accent-color:#000000;\" data-animationOffset=\"top-into-view\"><div style=\"--awb-backgroundcolor:rgba(96,125,139,0);\" class=\"fusion-column content-box-column content-box-column content-box-column-1 col-lg-6 col-md-6 col-sm-6 fusion-content-box-hover content-box-column-first-in-row\"><div class=\"col content-box-wrapper content-wrapper link-area-link-icon icon-hover-animation-none fusion-animated\" data-animationType=\"fadeIn\" data-animationDuration=\"0.3\" data-animationOffset=\"top-into-view\"><div class=\"heading icon-left\"><h2 class=\"content-box-heading\" style=\"--h2_typography-font-size:18px;line-height:23px;\">Arturo Napoletano (de 1970 \u00e0 1997) : \u00ab Il y avait le feu et le gaz, beaucoup plus sournois \u00bb<\/h2><\/div><div class=\"fusion-clearfix\"><\/div><div class=\"content-container\">\n<p><img decoding=\"async\" class=\"alignnone size-medium wp-image-45 aligncenter\" src=\"https:\/\/grand-angle.lavenir.net\/forges-clabecq-20ans\/wp-content\/uploads\/sites\/4\/2017\/03\/ArturoOK-295x300-295x300.jpg\" alt=\"\" width=\"295\" height=\"300\" srcset=\"https:\/\/grand-angle.lavenir.net\/forges-clabecq-20ans\/wp-content\/uploads\/sites\/4\/2017\/03\/ArturoOK-295x300-66x66.jpg 66w, https:\/\/grand-angle.lavenir.net\/forges-clabecq-20ans\/wp-content\/uploads\/sites\/4\/2017\/03\/ArturoOK-295x300-200x203.jpg 200w, https:\/\/grand-angle.lavenir.net\/forges-clabecq-20ans\/wp-content\/uploads\/sites\/4\/2017\/03\/ArturoOK-295x300.jpg 295w\" sizes=\"(max-width: 295px) 100vw, 295px\" \/><\/p>\n<p>\u00ab\u2009Je suis rentr\u00e9 comme \u00e9lectrom\u00e9canicien directement \u00e0 17 ans car ils \u00e9taient \u00e0 la recherche de gens capables de manipuler des outils \u00e9volu\u00e9s pour la construction du haut-fourneau 6. Je suis devenu brigadier puis contrema\u00eetre. Enfin, \u00e9tant pompier volontaire et ambulancier, je me suis \u00e9galement occup\u00e9 de la s\u00e9curit\u00e9. Un \u00e9l\u00e9ment essentiel, l\u2019outil devait \u00eatre constamment surveill\u00e9, on savait qu\u2019on avait des responsabilit\u00e9s. \u00c7a m\u2019est arriv\u00e9 plus d\u2019une fois de devoir retourner \u00e0 l\u2019usine \u00e0 8\u2009h du matin alors que j\u2019avais fait la nuit parce que les suivants ne comprenaient pas bien le rapport. Tu retournes l\u00e0-bas, leur expliquer ceci, cela, puis tu retournes te coucher. Et puis les risques du m\u00e9tier aussi. Il y avait le feu \u00e9videmment, mais surtout le gaz, beaucoup plus m\u00e9chant, beaucoup plus sournois. Un monteur est mort dans une conduite de gaz 3 jours avant sa retraite.\u2009\u00bb<\/p>\n<\/div><\/div><\/div><div style=\"--awb-backgroundcolor:rgba(96,125,139,0);\" class=\"fusion-column content-box-column content-box-column content-box-column-2 col-lg-6 col-md-6 col-sm-6 fusion-content-box-hover content-box-column-last-in-row\"><div class=\"col content-box-wrapper content-wrapper link-area-link-icon icon-hover-animation-none fusion-animated\" data-animationType=\"fadeIn\" data-animationDuration=\"0.3\" data-animationOffset=\"top-into-view\"><div class=\"heading icon-left\"><h2 class=\"content-box-heading\" style=\"--h2_typography-font-size:18px;line-height:23px;\">Marcel Guilleaume (de 1964 \u00e0 1997) : \u00ab On s\u2019entraidait pour que le travail soit moins difficile \u00bb<\/h2><\/div><div class=\"fusion-clearfix\"><\/div><div class=\"content-container\">\n<p><img decoding=\"async\" class=\"alignnone size-medium wp-image-44 aligncenter\" src=\"https:\/\/grand-angle.lavenir.net\/forges-clabecq-20ans\/wp-content\/uploads\/sites\/4\/2017\/03\/MarcelOK-254x300-254x300.jpg\" alt=\"\" width=\"254\" height=\"300\" srcset=\"https:\/\/grand-angle.lavenir.net\/forges-clabecq-20ans\/wp-content\/uploads\/sites\/4\/2017\/03\/MarcelOK-254x300-200x236.jpg 200w, https:\/\/grand-angle.lavenir.net\/forges-clabecq-20ans\/wp-content\/uploads\/sites\/4\/2017\/03\/MarcelOK-254x300.jpg 254w\" sizes=\"(max-width: 254px) 100vw, 254px\" \/><\/p>\n<p>\u00ab\u2009Je suis rentr\u00e9 \u00e0 Clabecq \u00e0 14 ans comme gar\u00e7on de course au service \u00e9lectrique, au moment o\u00f9 on construisait la nouvelle usine. Ensuite au service montage, j\u2019ai eu l\u2019occasion d\u2019installer les premi\u00e8res radios dans les locomotives. Brigade d\u2019intervention, aci\u00e9rie, j\u2019ai \u00e9t\u00e9 un peu partout, mais le gros de ma carri\u00e8re s\u2019est fait \u00e0 l\u2019agglom\u00e9ration. Les conditions de travail \u00e9taient extr\u00eamement dures l\u00e0-bas. On portait du lourd, on avait peu de mat\u00e9riel, la chaleur des fours, et puis la poussi\u00e8re\u2026 Il y en avait tellement. Personne ne voulait venir \u00e0 l\u2019agglom\u00e9ration. Pourtant, nous \u00e9tions essentiels : pour r\u00e9cup\u00e9rer les poussi\u00e8res de minerai, on les cuisait dans un four, pour en faire des billes, des pellets, qu\u2019on faisait fondre dans le haut-fourneau. Si on ne d\u00e9crassait pas le minerai, cela risquait de bloquer le haut-fourneau. Ce qui nous permettait de tenir, c\u2019\u00e9tait le travail d\u2019\u00e9quipe, tout le monde s\u2019entraidait pour que le travail soit le moins difficile possible pour tout le monde.\u2009 \u00bb<\/p>\n<\/div><\/div><\/div><div style=\"--awb-backgroundcolor:rgba(255,255,255,0);\" class=\"fusion-column content-box-column content-box-column content-box-column-3 col-lg-6 col-md-6 col-sm-6 fusion-content-box-hover content-box-column-first-in-row\"><div class=\"col content-box-wrapper content-wrapper link-area-link-icon icon-hover-animation-none fusion-animated\" data-animationType=\"fadeIn\" data-animationDuration=\"0.3\" data-animationOffset=\"top-into-view\"><div class=\"heading icon-left\"><h2 class=\"content-box-heading\" style=\"--h2_typography-font-size:18px;line-height:23px;\">Jean-Claude Smedts (de 1979 \u00e0 1997) : \u00ab C\u2019\u00e9tait strict : on appelait notre chef Adolf \u00bb<\/h2><\/div><div class=\"fusion-clearfix\"><\/div><div class=\"content-container\">\n<p><img decoding=\"async\" class=\"alignnone size-medium wp-image-43 aligncenter\" src=\"https:\/\/grand-angle.lavenir.net\/forges-clabecq-20ans\/wp-content\/uploads\/sites\/4\/2017\/03\/JeanClaude-225x300-225x300.jpg\" alt=\"\" width=\"225\" height=\"300\" srcset=\"https:\/\/grand-angle.lavenir.net\/forges-clabecq-20ans\/wp-content\/uploads\/sites\/4\/2017\/03\/JeanClaude-225x300-200x267.jpg 200w, https:\/\/grand-angle.lavenir.net\/forges-clabecq-20ans\/wp-content\/uploads\/sites\/4\/2017\/03\/JeanClaude-225x300.jpg 225w\" sizes=\"(max-width: 225px) 100vw, 225px\" \/><\/p>\n<p>\u00ab\u2009J\u2019ai commenc\u00e9 \u00e0 18 ans \u00e0 la bascule o\u00f9 on pesait les camions. Pendant 6 ans, j\u2019ai \u00e9galement travaill\u00e9 \u00e0 l\u2019agglom\u00e9ration. Puis j\u2019ai travaill\u00e9 comme monteur de charpente. On travaillait sur les toitures, sur les ponts roulants, souvent ce qui \u00e9tait en hauteur. On allait r\u00e9parer l\u2019outil, les infrastructures, un peu partout dans l\u2019usine. On les montait aussi en suivant un plan. Soudeur, monteur, m\u00e9canicien, il fallait \u00eatre polyvalent car on devait pouvoir tout faire. Cela m\u2019a permis de voir toute l\u2019usine et d\u2019aller un peu partout, mais c\u2019\u00e9tait tr\u00e8s physique. On \u00e9tait r\u00e9quisitionn\u00e9 partout, et c\u2019\u00e9tait assez strict. D\u2019ailleurs, notre chef d\u2019\u00e9quipe, on l\u2019appelait Adolf. On avait 15 minutes \u00e0 midi, il \u00e9tait derri\u00e8re la porte \u00e0 surveiller sa montre. Mais il \u00e9tait comp\u00e9tent, on savait qu\u2019on pouvait se reposer sur lui car il connaissait son boulot et il allait te trouver une solution.\u2009\u00bb<\/p>\n<\/div><\/div><\/div><div style=\"--awb-backgroundcolor:rgba(96,125,139,0);\" class=\"fusion-column content-box-column content-box-column content-box-column-4 col-lg-6 col-md-6 col-sm-6 fusion-content-box-hover content-box-column-last content-box-column-last-in-row\"><div class=\"col content-box-wrapper content-wrapper link-area-link-icon icon-hover-animation-none fusion-animated\" data-animationType=\"fadeIn\" data-animationDuration=\"0.3\" data-animationOffset=\"top-into-view\"><div class=\"heading icon-left\"><h2 class=\"content-box-heading\" style=\"--h2_typography-font-size:18px;line-height:23px;\">Daniel F\u00e9lix (de 1965 \u00e0 1997) : \u00ab Les ouvriers n\u2019\u00e9taient pas toujours conscients qu\u2019ils r\u00e9alisaient de belles choses \u00bb<\/h2><\/div><div class=\"fusion-clearfix\"><\/div><div class=\"content-container\">\n<p><img decoding=\"async\" class=\"alignnone size-medium wp-image-49 aligncenter\" src=\"https:\/\/grand-angle.lavenir.net\/forges-clabecq-20ans\/wp-content\/uploads\/sites\/4\/2017\/03\/DanielOK-251x300-251x300.jpg\" alt=\"\" width=\"251\" height=\"300\" srcset=\"https:\/\/grand-angle.lavenir.net\/forges-clabecq-20ans\/wp-content\/uploads\/sites\/4\/2017\/03\/DanielOK-251x300-200x239.jpg 200w, https:\/\/grand-angle.lavenir.net\/forges-clabecq-20ans\/wp-content\/uploads\/sites\/4\/2017\/03\/DanielOK-251x300.jpg 251w\" sizes=\"(max-width: 251px) 100vw, 251px\" \/><\/p>\n<p>\u00ab\u2009Toute ma famille travaillait aux Forges, mais je n\u2019aimais pas l\u2019\u00e9cole. Du coup, mon p\u00e8re m\u2019a dit que j\u2019allais travailler. Je suis arriv\u00e9 au service commercial que je n\u2019ai jamais quitt\u00e9. Apr\u00e8s quelques ann\u00e9es j\u2019ai pu devenir gestionnaire des commandes. Le plus int\u00e9ressant \u00e9tait de programmer le laminage d\u2019une commande, \u00e0 la fois pour respecter le d\u00e9lai, dans le cas de la vente avec le client mais aussi la gestion de la commande en fonction du travail dans l\u2019usine. Il fallait g\u00e9rer le laminage, la pr\u00e9paration de la t\u00f4le, de l\u2019envoi, et ensuite du chargement pour le bateau \u00e0 Anvers. On a export\u00e9 dans plus de 116 pays. On a \u00e9t\u00e9 la premi\u00e8re sid\u00e9rurgie \u00e0 faire de la t\u00f4le servant \u00e0 une base de lancement d\u2019une fus\u00e9e. De belles choses ont \u00e9t\u00e9 r\u00e9alis\u00e9es \u00e0 Clabecq, mais les ouvriers n\u2019\u00e9taient pas inform\u00e9s malheureusement.\u2009\u00bb<\/p>\n<\/div><\/div><\/div><div class=\"fusion-clearfix\"><\/div><\/div><div class=\"fusion-section-separator section-separator triangle fusion-section-separator-1\" style=\"--awb-border-top:1px solid #a0ce4e;--awb-spacer-height:1px;--awb-svg-margin-left:0;--awb-svg-margin-right:0;--awb-icon-color:#ffffff;\"><div class=\"fusion-section-separator-svg\"><div class=\"divider-candy-arrow top\" style=\"bottom:0px;border-bottom-color: #a0ce4e;\"><\/div><div class=\"divider-candy top\" style=\"top:-21px;border-bottom:1px solid #a0ce4e;border-left:1px solid #a0ce4e;\"><\/div><\/div><div class=\"fusion-section-separator-spacer\"><div class=\"fusion-section-separator-spacer-height\"><\/div><\/div><\/div><div class=\"fusion-clearfix\"><\/div><\/div><\/div><\/div><\/div><div class=\"fusion-fullwidth fullwidth-box fusion-builder-row-3 nonhundred-percent-fullwidth non-hundred-percent-height-scrolling fusion-equal-height-columns\" style=\"--awb-border-radius-top-left:0px;--awb-border-radius-top-right:0px;--awb-border-radius-bottom-right:0px;--awb-border-radius-bottom-left:0px;--awb-padding-top:40px;--awb-padding-bottom:40px;--awb-background-color:#a0ce4e;--awb-flex-wrap:wrap;\" ><div class=\"fusion-builder-row fusion-row\"><div class=\"fusion-layout-column fusion_builder_column fusion-builder-column-2 fusion_builder_column_1_3 1_3 fusion-one-third fusion-column-first fusion-animated\" style=\"--awb-padding-top:20px;--awb-padding-right:20px;--awb-padding-bottom:20px;--awb-padding-left:20px;--awb-bg-color:rgba(255,255,255,0.8);--awb-bg-color-hover:rgba(255,255,255,0.8);--awb-bg-size:cover;width:33.3333333333%;width:calc(33.3333333333% - ( ( 4% + 4% ) * 0.333333333333 ) );margin-right: 4%;\" data-animationType=\"fadeIn\" data-animationDuration=\"0.3\" data-animationOffset=\"top-into-view\"><div class=\"fusion-column-wrapper fusion-flex-column-wrapper-legacy\"><div class=\"fusion-image-element fusion-image-align-center in-legacy-container\" style=\"text-align:center;--awb-caption-title-font-family:var(--h2_typography-font-family);--awb-caption-title-font-weight:var(--h2_typography-font-weight);--awb-caption-title-font-style:var(--h2_typography-font-style);--awb-caption-title-size:var(--h2_typography-font-size);--awb-caption-title-transform:var(--h2_typography-text-transform);--awb-caption-title-line-height:var(--h2_typography-line-height);--awb-caption-title-letter-spacing:var(--h2_typography-letter-spacing);\"><div class=\"imageframe-align-center\"><span class=\" fusion-imageframe imageframe-none imageframe-1 hover-type-none fusion-animated\" data-animationType=\"fadeIn\" data-animationDuration=\"0.3\" data-animationOffset=\"top-into-view\"><img decoding=\"async\" width=\"228\" height=\"300\" title=\"Carlo-228&#215;300\" src=\"https:\/\/grand-angle.lavenir.net\/forges-clabecq-20ans\/wp-content\/uploads\/sites\/4\/2017\/03\/Carlo-228x300-228x300.jpg\" alt class=\"img-responsive wp-image-48\" srcset=\"https:\/\/grand-angle.lavenir.net\/forges-clabecq-20ans\/wp-content\/uploads\/sites\/4\/2017\/03\/Carlo-228x300-200x263.jpg 200w, https:\/\/grand-angle.lavenir.net\/forges-clabecq-20ans\/wp-content\/uploads\/sites\/4\/2017\/03\/Carlo-228x300.jpg 228w\" sizes=\"(max-width: 228px) 100vw, 228px\" \/><\/span><\/div><\/div><div class=\"fusion-text fusion-text-2\"><h2><strong>Carlo Bonfiglioli, de 1951 \u00e0 1997<\/strong><\/h2>\n<p>\u00ab\u2009Au d\u00e9but, moi et tous les autres jeunes gamins qui rentraient allaient \u00e0 la tr\u00e9filerie, o\u00f9 l\u2019on produit du fil en m\u00e9tal. J\u2019ai fini au bureau d\u2019\u00e9tude. 51 ans de travail au total. J\u2019ai \u00e9t\u00e9 d\u00e9cor\u00e9 pour cela mais finalement cela n\u2019apporte pas plus de valeur que \u00e7a.\u2009\u00bb<\/p>\n<\/div><div class=\"fusion-clearfix\"><\/div><\/div><\/div><div class=\"fusion-layout-column fusion_builder_column fusion-builder-column-3 fusion_builder_column_1_3 1_3 fusion-one-third fusion-animated\" style=\"--awb-padding-top:20px;--awb-padding-right:20px;--awb-padding-bottom:20px;--awb-padding-left:20px;--awb-bg-color:rgba(255,255,255,0.8);--awb-bg-color-hover:rgba(255,255,255,0.8);--awb-bg-size:cover;width:33.3333333333%;width:calc(33.3333333333% - ( ( 4% + 4% ) * 0.333333333333 ) );margin-right: 4%;\" data-animationType=\"fadeIn\" data-animationDuration=\"0.3\" data-animationOffset=\"top-into-view\"><div class=\"fusion-column-wrapper fusion-flex-column-wrapper-legacy\"><div class=\"fusion-image-element fusion-image-align-center in-legacy-container\" style=\"text-align:center;--awb-caption-title-font-family:var(--h2_typography-font-family);--awb-caption-title-font-weight:var(--h2_typography-font-weight);--awb-caption-title-font-style:var(--h2_typography-font-style);--awb-caption-title-size:var(--h2_typography-font-size);--awb-caption-title-transform:var(--h2_typography-text-transform);--awb-caption-title-line-height:var(--h2_typography-line-height);--awb-caption-title-letter-spacing:var(--h2_typography-letter-spacing);\"><div class=\"imageframe-align-center\"><span class=\" fusion-imageframe imageframe-none imageframe-2 hover-type-none fusion-animated\" data-animationType=\"fadeInLeft\" data-animationDuration=\"0.3\" data-animationOffset=\"top-into-view\"><img decoding=\"async\" width=\"185\" height=\"300\" title=\"Christian-185&#215;300\" src=\"https:\/\/grand-angle.lavenir.net\/forges-clabecq-20ans\/wp-content\/uploads\/sites\/4\/2017\/03\/Christian-185x300-185x300.jpg\" alt class=\"img-responsive wp-image-47\"\/><\/span><\/div><\/div><div class=\"fusion-text fusion-text-3\"><h2><strong>Christian Mettens, de 1970 \u00e0 1997 <\/strong><\/h2>\n<h3><strong>Employ\u00e9 au bureau du magasin de la tr\u00e9filerie<br \/>\n<\/strong><\/h3>\n<p>\u00ab\u2009Des personnes mourraient souvent aux Forges, il y avait m\u00eame une morgue. Le train \u00e0 fil, le haut-fourneau, le laminoir\u2026 Il y a des endroits tr\u00e8s dangereux.\u2009\u00bb<\/p>\n<\/div><div class=\"fusion-clearfix\"><\/div><\/div><\/div><div class=\"fusion-layout-column fusion_builder_column fusion-builder-column-4 fusion_builder_column_1_3 1_3 fusion-one-third fusion-column-last fusion-animated\" style=\"--awb-padding-top:20px;--awb-padding-right:20px;--awb-padding-bottom:20px;--awb-padding-left:20px;--awb-bg-color:rgba(255,255,255,0.8);--awb-bg-color-hover:rgba(255,255,255,0.8);--awb-bg-size:cover;width:33.3333333333%;width:calc(33.3333333333% - ( ( 4% + 4% ) * 0.333333333333 ) );\" data-animationType=\"fadeIn\" data-animationDuration=\"0.3\" data-animationOffset=\"top-into-view\"><div class=\"fusion-column-wrapper fusion-flex-column-wrapper-legacy\"><div class=\"fusion-image-element fusion-image-align-center in-legacy-container\" style=\"text-align:center;--awb-caption-title-font-family:var(--h2_typography-font-family);--awb-caption-title-font-weight:var(--h2_typography-font-weight);--awb-caption-title-font-style:var(--h2_typography-font-style);--awb-caption-title-size:var(--h2_typography-font-size);--awb-caption-title-transform:var(--h2_typography-text-transform);--awb-caption-title-line-height:var(--h2_typography-line-height);--awb-caption-title-letter-spacing:var(--h2_typography-letter-spacing);\"><div class=\"imageframe-align-center\"><span class=\" fusion-imageframe imageframe-none imageframe-3 hover-type-none fusion-animated\" data-animationType=\"fadeIn\" data-animationDuration=\"0.3\" data-animationOffset=\"top-into-view\"><img decoding=\"async\" width=\"177\" height=\"300\" title=\"Michel-177&#215;300\" src=\"https:\/\/grand-angle.lavenir.net\/forges-clabecq-20ans\/wp-content\/uploads\/sites\/4\/2017\/03\/Michel-177x300-177x300.jpg\" alt class=\"img-responsive wp-image-46\"\/><\/span><\/div><\/div><div class=\"fusion-text fusion-text-4\"><h2><strong>Michel Walravens, de 1972 \u00e0 1997 <\/strong><\/h2>\n<h3><strong>Salle de contr\u00f4le HF 6 puis employ\u00e9 technique<br \/>\n<\/strong><\/h3>\n<p>\u00ab\u2009Les mentalit\u00e9s n\u2019\u00e9taient pas les m\u00eames selon les secteurs, les fa\u00e7ons de travailler diff\u00e9raient, certains secteurs \u00e9taient plus individuels d\u2019autres plus collectifs, et certains qui passaient de l\u2019un \u00e0 l\u2019autre ne s\u2019y retrouvaient pas, \u00e9taient malheureux. Un gars des pellets qui allait travailler au laminoir, il \u00e9tait malheureux. M\u00eame au haut-fourneau, c\u2019\u00e9tait diff\u00e9rent.\u2009\u00bb<\/p>\n<\/div><div class=\"fusion-clearfix\"><\/div><\/div><\/div><\/div><\/div><div class=\"fusion-fullwidth fullwidth-box fusion-builder-row-4 nonhundred-percent-fullwidth non-hundred-percent-height-scrolling\" style=\"--awb-border-radius-top-left:0px;--awb-border-radius-top-right:0px;--awb-border-radius-bottom-right:0px;--awb-border-radius-bottom-left:0px;--awb-padding-top:20px;--awb-padding-bottom:20px;--awb-margin-top:-20px;--awb-flex-wrap:wrap;\" ><div class=\"fusion-builder-row fusion-row\"><div class=\"fusion-layout-column fusion_builder_column fusion-builder-column-5 fusion_builder_column_1_1 1_1 fusion-one-full fusion-column-first fusion-column-last\" style=\"--awb-bg-size:cover;\"><div class=\"fusion-column-wrapper fusion-flex-column-wrapper-legacy\"><div class=\"fusion-section-separator section-separator triangle fusion-section-separator-2\" style=\"--awb-border-top:1px solid #ffffff;--awb-spacer-height:1px;--awb-svg-margin-left:0;--awb-svg-margin-right:0;--awb-icon-color:#ffffff;\"><div class=\"fusion-section-separator-svg\"><div class=\"divider-candy-arrow top\" style=\"bottom:0px;border-bottom-color: #ffffff;\"><\/div><div class=\"divider-candy top\" style=\"top:-21px;border-bottom:1px solid #ffffff;border-left:1px solid #ffffff;\"><\/div><\/div><div class=\"fusion-section-separator-spacer\"><div class=\"fusion-section-separator-spacer-height\"><\/div><\/div><\/div><div class=\"fusion-clearfix\"><\/div><\/div><\/div><\/div><\/div><div class=\"fusion-fullwidth fullwidth-box fusion-builder-row-5 nonhundred-percent-fullwidth non-hundred-percent-height-scrolling\" style=\"--awb-border-radius-top-left:0px;--awb-border-radius-top-right:0px;--awb-border-radius-bottom-right:0px;--awb-border-radius-bottom-left:0px;--awb-padding-top:20px;--awb-padding-bottom:20px;--awb-flex-wrap:wrap;\" ><div class=\"fusion-builder-row fusion-row\"><div class=\"fusion-layout-column fusion_builder_column fusion-builder-column-6 fusion_builder_column_1_2 1_2 fusion-one-half fusion-column-first\" style=\"--awb-bg-size:cover;width:50%;width:calc(50% - ( ( 4% ) * 0.5 ) );margin-right: 4%;\"><div class=\"fusion-column-wrapper fusion-flex-column-wrapper-legacy\"><div class=\"fusion-title title fusion-title-1 fusion-title-text fusion-title-size-one\" style=\"--awb-margin-top-small:10px;--awb-margin-right-small:0px;--awb-margin-bottom-small:10px;--awb-margin-left-small:0px;\"><h1 class=\"fusion-title-heading title-heading-left\" style=\"margin:0;\"><h2><strong>Claude Broh\u00e9e, ing\u00e9nieur durant 30 ans<\/strong><\/h2><\/h1><span class=\"awb-title-spacer\"><\/span><div class=\"title-sep-container\"><div class=\"title-sep sep-double sep-solid\" style=\"border-color:#e0dede;\"><\/div><\/div><\/div><div class=\"fusion-text fusion-text-5\"><p>Source : <a href=\"https:\/\/www.museedelaporte.be\">www.mus\u00e9edelaporte.be<\/a><\/p>\n<p>Ing\u00e9nieur aux Forges de Clabecq, Claude Broh\u00e9e a pass\u00e9 trente ans de sa vie \u00e0 veiller sur les batteires des hauts-fourneaux qui produisent la fonte. Il a \u00e9galement particip\u00e9 \u00e0 la mise au point du haut-fourneau 6 et aux modernisations successives de celui-ci.<\/p>\n<\/div><iframe src=\"\/\/www.dailymotion.com\/embed\/video\/x58ox4u\" width=\"100%\" height=\"425\" frameborder=\"0\" allowfullscreen=\"allowfullscreen\"><\/iframe><div class=\"fusion-clearfix\"><\/div><\/div><\/div><div class=\"fusion-layout-column fusion_builder_column fusion-builder-column-7 fusion_builder_column_1_2 1_2 fusion-one-half fusion-column-last\" style=\"--awb-bg-size:cover;--awb-margin-bottom:0px;width:50%;width:calc(50% - ( ( 4% ) * 0.5 ) );\"><div class=\"fusion-column-wrapper fusion-flex-column-wrapper-legacy\"><div class=\"fusion-title title fusion-title-2 fusion-title-text fusion-title-size-one\" style=\"--awb-margin-top-small:10px;--awb-margin-right-small:0px;--awb-margin-bottom-small:10px;--awb-margin-left-small:0px;\"><h1 class=\"fusion-title-heading title-heading-left\" style=\"margin:0;\"><h2><strong>Marie Mawet, l\u2019homme de la situation<\/strong><\/h2><\/h1><span class=\"awb-title-spacer\"><\/span><div class=\"title-sep-container\"><div class=\"title-sep sep-double sep-solid\" style=\"border-color:#e0dede;\"><\/div><\/div><\/div><div class=\"fusion-text fusion-text-6\"><p>Source : <a href=\"https:\/\/www.museedelaporte.be\">www.mus\u00e9edelaporte.be<\/a><\/p>\n<p>Aux Forges de Clabecq, les femmes sont rares. M\u00eame si Marie n\u2019a jamais officiellement \u00e9t\u00e9 employ\u00e9e par les Forges, elle faisait partie int\u00e9grante de la grande famille des m\u00e9tallos. En 2011, 22 ans apr\u00e8s sa sortie, la m\u00e9decin du travail \u00e9tait revenue sur 20 ann\u00e9es de sa vie. Extraits.<\/p>\n<\/div><iframe style=\"margin-bottom: 50px;\" frameborder=\"0\" width=\"100%\" height=\"425\" src=\"\/\/www.dailymotion.com\/embed\/video\/x58ovla\" allowfullscreen><\/iframe><div class=\"fusion-clearfix\"><\/div><\/div><\/div><\/div><\/div><div class=\"fusion-fullwidth fullwidth-box fusion-builder-row-6 nonhundred-percent-fullwidth non-hundred-percent-height-scrolling\" style=\"--awb-border-radius-top-left:0px;--awb-border-radius-top-right:0px;--awb-border-radius-bottom-right:0px;--awb-border-radius-bottom-left:0px;--awb-padding-top:20px;--awb-padding-bottom:20px;--awb-flex-wrap:wrap;\" ><div class=\"fusion-builder-row fusion-row\"><div class=\"fusion-layout-column fusion_builder_column fusion-builder-column-8 fusion_builder_column_1_1 1_1 fusion-one-full fusion-column-first fusion-column-last\" style=\"--awb-bg-size:cover;\"><div class=\"fusion-column-wrapper fusion-flex-column-wrapper-legacy\"><div class=\"fusion-sharing-box fusion-sharing-box-1 has-taglines layout-floated layout-medium-floated layout-small-floated\" style=\"background-color:#f6f6f6;--awb-layout:row;--awb-alignment-small:space-between;\" data-title=\"Forges de Clabecq : 20 ans apr\u00e8s, que reste-t-il ?\" data-description=\"C\u2019\u00e9tait il y a 20 ans, le 3 janvier 1997 exactement que la faillite des Forges de Clabecq a \u00e9t\u00e9 prononc\u00e9e. 20 ans apr\u00e8s, que reste-t-il\u2009? C\u2019est la question \u00e0 laquelle nous allons tenter de r\u00e9pondre dans ce webdocumentaire.\" data-link=\"https:\/\/grand-angle.lavenir.net-clabecq\/\"><h4 class=\"tagline\" style=\"color:#333333;\">Partagez ce reportage<\/h4><div class=\"fusion-social-networks sharingbox-shortcode-icon-wrapper sharingbox-shortcode-icon-wrapper-1\"><span><a href=\"https:\/\/www.facebook.com\/sharer.php?u=https%3A%2F%2Fgrand-angle.lavenir.net-clabecq%2F&amp;t=Forges%20de%20Clabecq%20%3A%2020%20ans%20apr%C3%A8s%2C%20que%20reste-t-il%20%3F\" target=\"_blank\" rel=\"noreferrer\" title=\"Facebook\" aria-label=\"Facebook\" data-placement=\"top\" data-toggle=\"tooltip\" data-title=\"Facebook\"><i class=\"fusion-social-network-icon fusion-tooltip fusion-facebook awb-icon-facebook\" style=\"color:#bebdbd;\" aria-hidden=\"true\"><\/i><\/a><\/span><span><a href=\"https:\/\/x.com\/intent\/post?text=Forges%20de%20Clabecq%20%3A%2020%20ans%20apr%C3%A8s%2C%20que%20reste-t-il%20%3F&amp;url=https%3A%2F%2Fgrand-angle.lavenir.net-clabecq%2F\" target=\"_blank\" rel=\"noopener noreferrer\" title=\"X\" aria-label=\"X\" data-placement=\"top\" data-toggle=\"tooltip\" data-title=\"X\"><i class=\"fusion-social-network-icon fusion-tooltip fusion-twitter awb-icon-twitter\" style=\"color:#bebdbd;\" aria-hidden=\"true\"><\/i><\/a><\/span><\/div><\/div><div class=\"fusion-clearfix\"><\/div><\/div><\/div><\/div><\/div><\/p>\n","protected":false},"excerpt":{"rendered":"","protected":false},"author":1,"featured_media":0,"parent":0,"menu_order":0,"comment_status":"closed","ping_status":"closed","template":"100-width.php","meta":{"footnotes":""},"class_list":["post-41","page","type-page","status-publish","hentry"],"_links":{"self":[{"href":"https:\/\/grand-angle.lavenir.net\/forges-clabecq-20ans\/wp-json\/wp\/v2\/pages\/41","targetHints":{"allow":["GET"]}}],"collection":[{"href":"https:\/\/grand-angle.lavenir.net\/forges-clabecq-20ans\/wp-json\/wp\/v2\/pages"}],"about":[{"href":"https:\/\/grand-angle.lavenir.net\/forges-clabecq-20ans\/wp-json\/wp\/v2\/types\/page"}],"author":[{"embeddable":true,"href":"https:\/\/grand-angle.lavenir.net\/forges-clabecq-20ans\/wp-json\/wp\/v2\/users\/1"}],"replies":[{"embeddable":true,"href":"https:\/\/grand-angle.lavenir.net\/forges-clabecq-20ans\/wp-json\/wp\/v2\/comments?post=41"}],"version-history":[{"count":0,"href":"https:\/\/grand-angle.lavenir.net\/forges-clabecq-20ans\/wp-json\/wp\/v2\/pages\/41\/revisions"}],"wp:attachment":[{"href":"https:\/\/grand-angle.lavenir.net\/forges-clabecq-20ans\/wp-json\/wp\/v2\/media?parent=41"}],"curies":[{"name":"wp","href":"https:\/\/api.w.org\/{rel}","templated":true}]}}