{"id":30,"date":"2018-12-09T00:01:23","date_gmt":"2018-12-08T23:01:23","guid":{"rendered":"https:\/\/grand-angle.lavenir.net\/e411-il-y-a-30-ans\/?page_id=30"},"modified":"2019-01-04T09:30:59","modified_gmt":"2019-01-04T08:30:59","slug":"au-coeur-du-viaduc-de-beez","status":"publish","type":"page","link":"https:\/\/grand-angle.lavenir.net\/e411-il-y-a-30-ans\/au-coeur-du-viaduc-de-beez\/","title":{"rendered":"Au c\u0153ur du viaduc de Beez"},"content":{"rendered":"<p><div class=\"fusion-fullwidth fullwidth-box fusion-builder-row-1 nonhundred-percent-fullwidth non-hundred-percent-height-scrolling\" style=\"--awb-border-radius-top-left:0px;--awb-border-radius-top-right:0px;--awb-border-radius-bottom-right:0px;--awb-border-radius-bottom-left:0px;--awb-flex-wrap:wrap;\" ><div class=\"fusion-builder-row fusion-row\"><div class=\"fusion-layout-column fusion_builder_column fusion-builder-column-0 fusion_builder_column_1_1 1_1 fusion-one-full fusion-column-first fusion-column-last\" style=\"--awb-bg-size:cover;\"><div class=\"fusion-column-wrapper fusion-flex-column-wrapper-legacy\"><div class=\"fusion-sharing-box fusion-sharing-box-1 boxed-icons has-taglines layout-floated layout-medium-floated layout-small-floated\" style=\"background-color:#ffffff;--awb-layout:row;--awb-alignment-small:space-between;\" data-title=\"https:\/\/grand-angle.lavenir.net\/e411-il-y-a-30-ans\/au-coeur-du-viaduc-de-beez\/\" data-description=\"Nous sommes au c\u0153ur du viaduc de Beez, \u00e0 l\u2019int\u00e9rieur de cette m\u00e9ga-structure d\u2019acier. Ce viaduc a \u00e9t\u00e9 construit au d\u00e9but des ann\u00e9es 70. Il repose sur des piles de b\u00e9ton, dont la plus haute culmine \u00e0 plus de 60 m\u00e8tres. C\u2019est une structure dite \u00ab\u00a0\u00e0 caissons\u00a0\u00bb. Le viaduc de Beez, long de 550\" data-link=\"https:\/\/grand-angle.lavenir.net\/e411-il-y-a-30-ans\/au-coeur-du-viaduc-de-beez\/\"><div class=\"fusion-social-networks sharingbox-shortcode-icon-wrapper sharingbox-shortcode-icon-wrapper-1 boxed-icons\"><span><a href=\"https:\/\/www.facebook.com\/sharer.php?u=https%3A%2F%2Fgrand-angle.lavenir.net%2Fe411-il-y-a-30-ans%2Fau-coeur-du-viaduc-de-beez%2F&amp;t=https%3A%2F%2Fgrand-angle.lavenir.net%2Fe411-il-y-a-30-ans%2Fau-coeur-du-viaduc-de-beez%2F\" target=\"_blank\" rel=\"noreferrer\" title=\"Facebook\" aria-label=\"Facebook\" data-placement=\"top\" data-toggle=\"tooltip\" data-title=\"Facebook\"><i class=\"fusion-social-network-icon fusion-tooltip fusion-facebook awb-icon-facebook\" style=\"color:#ffffff;background-color:#3b5998;border-color:#3b5998;border-radius:50%;\" aria-hidden=\"true\"><\/i><\/a><\/span><span><a href=\"https:\/\/x.com\/intent\/post?text=https%3A%2F%2Fgrand-angle.lavenir.net%2Fe411-il-y-a-30-ans%2Fau-coeur-du-viaduc-de-beez%2F&amp;url=https%3A%2F%2Fgrand-angle.lavenir.net%2Fe411-il-y-a-30-ans%2Fau-coeur-du-viaduc-de-beez%2F\" target=\"_blank\" rel=\"noopener noreferrer\" title=\"X\" aria-label=\"X\" data-placement=\"top\" data-toggle=\"tooltip\" data-title=\"X\"><i class=\"fusion-social-network-icon fusion-tooltip fusion-twitter awb-icon-twitter\" style=\"color:#ffffff;background-color:#000000;border-color:#000000;border-radius:50%;\" aria-hidden=\"true\"><\/i><\/a><\/span><\/div><\/div><div class=\"fusion-text fusion-text-1\"><p>Nous sommes au c\u0153ur du viaduc de Beez, \u00e0 l\u2019int\u00e9rieur de cette m\u00e9ga-structure d\u2019acier. Ce viaduc a \u00e9t\u00e9 construit au d\u00e9but des ann\u00e9es 70. Il repose sur des piles de b\u00e9ton, dont la plus haute culmine \u00e0 plus de 60 m\u00e8tres. C\u2019est une structure dite \u00ab\u00a0\u00e0 caissons\u00a0\u00bb. Le viaduc de Beez, long de 550 m\u00e8tres, est donc creux et on peut s\u2019y d\u00e9placer. Les techniciens du SPW y font des visites r\u00e9guli\u00e8res afin de v\u00e9rifier la structure, son \u00e9tanch\u00e9it\u00e9, la pr\u00e9sence d\u2019\u00e9ventuels oiseaux prisonniers, l\u2019\u00e9tat du syst\u00e8me \u00e9lectrique\u2026<\/p>\n<h2><strong>Le bruit<\/strong><\/h2>\n<p>Ce qui impressionne avant tout, lorsque l\u2019on p\u00e9n\u00e8tre dans ce lieu \u00e9trange, c\u2019est le bruit. Un son grave, puissant, continu. Ce bruit est provoqu\u00e9 par les v\u00e9hicules qui passent par centaines juste au-dessus de nos t\u00eates. Un bruit sourd, profond, en \u00e9cho. Un bruit encore plus accentu\u00e9 lorsque ces v\u00e9hicules passent sur les joints de dilatation.<\/p>\n<p>Autre ph\u00e9nom\u00e8ne impressionnant\u00a0: le viaduc bouge. Il vibre continuellement.<\/p>\n<p>Les deux techniciens l\u2019arpentent sur toute sa longueur puis le quittent, refermant cette lourde porte d\u2019acier comme un couvercle sur un sarcophage. Mais un sarcophage plein de vie\u2026<\/p>\n<p>D\u00e9couvrez l\u2019int\u00e9rieur du viaduc de Beez dans notre vid\u00e9o.<\/p>\n<\/div><iframe frameborder=\"0\" width=\"100%\" height=\"425\" src=\"https:\/\/www.dailymotion.com\/embed\/video\/k3uqsOPFgcrSRYsseWq\" allowfullscreen allow=\"autoplay\"><\/iframe><div class=\"fusion-clearfix\"><\/div><\/div><\/div><\/div><\/div><div class=\"fusion-fullwidth fullwidth-box fusion-builder-row-2 nonhundred-percent-fullwidth non-hundred-percent-height-scrolling\" style=\"--awb-border-radius-top-left:0px;--awb-border-radius-top-right:0px;--awb-border-radius-bottom-right:0px;--awb-border-radius-bottom-left:0px;--awb-flex-wrap:wrap;\" ><div class=\"fusion-builder-row fusion-row\"><div class=\"fusion-layout-column fusion_builder_column fusion-builder-column-1 fusion_builder_column_1_1 1_1 fusion-one-full fusion-column-first fusion-column-last\" style=\"--awb-bg-size:cover;\"><div class=\"fusion-column-wrapper fusion-flex-column-wrapper-legacy\"><div class=\"awb-gallery-wrapper awb-gallery-wrapper-1 button-span-no\"><div style=\"margin:-5px;--awb-bordersize:0px;--awb-columns-medium:100%;--awb-columns-small:100%;\" class=\"fusion-gallery fusion-gallery-container fusion-grid-3 fusion-columns-total-20 fusion-gallery-layout-masonry fusion-gallery-1\"><div class=\"fusion-grid-column fusion-gallery-column fusion-gallery-column-3 hover-type-none fusion-grid-sizer\"><\/div><div style=\"padding:5px;\" class=\"fusion-grid-column fusion-gallery-column fusion-gallery-column-3 hover-type-none fusion-element-grid\"><div class=\"fusion-gallery-image\"><a href=\"https:\/\/grand-angle.lavenir.net\/e411-il-y-a-30-ans\/wp-content\/uploads\/sites\/62\/2018\/12\/07112018-DSC_5747.jpg\" rel=\"noreferrer\" data-rel=\"iLightbox[gallery_image_1]\" class=\"fusion-lightbox\" target=\"_self\"><div style=\"background-image:url(https:\/\/grand-angle.lavenir.net\/e411-il-y-a-30-ans\/wp-content\/uploads\/sites\/62\/2018\/12\/07112018-DSC_5747.jpg);padding-top:calc((100% + 10px) * 0.8 - 5px);background-position:;\" class=\"fusion-masonry-element-container\"><img decoding=\"async\" src=\"https:\/\/grand-angle.lavenir.net\/e411-il-y-a-30-ans\/wp-content\/uploads\/sites\/62\/2018\/12\/07112018-DSC_5747.jpg\" width=\"1900\" height=\"1268\" alt=\"\" title=\"Anniversaire E411 &#8211; Visite au coeur du viaduc de Beez\" aria-label=\"Anniversaire E411 &#8211; Visite au coeur du viaduc de Beez\" class=\"img-responsive wp-image-32\" srcset=\"https:\/\/grand-angle.lavenir.net\/e411-il-y-a-30-ans\/wp-content\/uploads\/sites\/62\/2018\/12\/07112018-DSC_5747-200x133.jpg 200w, https:\/\/grand-angle.lavenir.net\/e411-il-y-a-30-ans\/wp-content\/uploads\/sites\/62\/2018\/12\/07112018-DSC_5747-400x267.jpg 400w, https:\/\/grand-angle.lavenir.net\/e411-il-y-a-30-ans\/wp-content\/uploads\/sites\/62\/2018\/12\/07112018-DSC_5747-600x400.jpg 600w, https:\/\/grand-angle.lavenir.net\/e411-il-y-a-30-ans\/wp-content\/uploads\/sites\/62\/2018\/12\/07112018-DSC_5747-800x534.jpg 800w, https:\/\/grand-angle.lavenir.net\/e411-il-y-a-30-ans\/wp-content\/uploads\/sites\/62\/2018\/12\/07112018-DSC_5747-1200x801.jpg 1200w, https:\/\/grand-angle.lavenir.net\/e411-il-y-a-30-ans\/wp-content\/uploads\/sites\/62\/2018\/12\/07112018-DSC_5747.jpg 1900w\" sizes=\"(min-width: 2200px) 100vw, (min-width: 784px) 363px, (min-width: 712px) 545px, (min-width: 640px) 712px, \" \/><\/div><\/a><\/div><\/div><div style=\"padding:5px;\" class=\"fusion-grid-column fusion-gallery-column fusion-gallery-column-3 hover-type-none fusion-element-grid\"><div class=\"fusion-gallery-image\"><a href=\"https:\/\/grand-angle.lavenir.net\/e411-il-y-a-30-ans\/wp-content\/uploads\/sites\/62\/2018\/12\/07112018-DSC_5752.jpg\" rel=\"noreferrer\" data-rel=\"iLightbox[gallery_image_1]\" class=\"fusion-lightbox\" target=\"_self\"><div style=\"background-image:url(https:\/\/grand-angle.lavenir.net\/e411-il-y-a-30-ans\/wp-content\/uploads\/sites\/62\/2018\/12\/07112018-DSC_5752.jpg);padding-top:calc((100% + 10px) * 0.8 - 5px);background-position:;\" class=\"fusion-masonry-element-container\"><img decoding=\"async\" src=\"https:\/\/grand-angle.lavenir.net\/e411-il-y-a-30-ans\/wp-content\/uploads\/sites\/62\/2018\/12\/07112018-DSC_5752.jpg\" width=\"1900\" height=\"1268\" alt=\"\" title=\"Anniversaire E411 &#8211; Visite au coeur du viaduc de Beez\" aria-label=\"Anniversaire E411 &#8211; Visite au coeur du viaduc de Beez\" class=\"img-responsive wp-image-35\" srcset=\"https:\/\/grand-angle.lavenir.net\/e411-il-y-a-30-ans\/wp-content\/uploads\/sites\/62\/2018\/12\/07112018-DSC_5752-200x133.jpg 200w, https:\/\/grand-angle.lavenir.net\/e411-il-y-a-30-ans\/wp-content\/uploads\/sites\/62\/2018\/12\/07112018-DSC_5752-400x267.jpg 400w, https:\/\/grand-angle.lavenir.net\/e411-il-y-a-30-ans\/wp-content\/uploads\/sites\/62\/2018\/12\/07112018-DSC_5752-600x400.jpg 600w, https:\/\/grand-angle.lavenir.net\/e411-il-y-a-30-ans\/wp-content\/uploads\/sites\/62\/2018\/12\/07112018-DSC_5752-800x534.jpg 800w, https:\/\/grand-angle.lavenir.net\/e411-il-y-a-30-ans\/wp-content\/uploads\/sites\/62\/2018\/12\/07112018-DSC_5752-1200x801.jpg 1200w, https:\/\/grand-angle.lavenir.net\/e411-il-y-a-30-ans\/wp-content\/uploads\/sites\/62\/2018\/12\/07112018-DSC_5752.jpg 1900w\" sizes=\"(min-width: 2200px) 100vw, (min-width: 784px) 363px, (min-width: 712px) 545px, (min-width: 640px) 712px, \" \/><\/div><\/a><\/div><\/div><div style=\"padding:5px;\" class=\"fusion-grid-column fusion-gallery-column fusion-gallery-column-3 hover-type-none fusion-element-grid\"><div class=\"fusion-gallery-image\"><a href=\"https:\/\/grand-angle.lavenir.net\/e411-il-y-a-30-ans\/wp-content\/uploads\/sites\/62\/2018\/12\/07112018-DSC_5750.jpg\" rel=\"noreferrer\" data-rel=\"iLightbox[gallery_image_1]\" class=\"fusion-lightbox\" target=\"_self\"><div style=\"background-image:url(https:\/\/grand-angle.lavenir.net\/e411-il-y-a-30-ans\/wp-content\/uploads\/sites\/62\/2018\/12\/07112018-DSC_5750.jpg);padding-top:calc((100% + 10px) * 0.8 - 5px);background-position:;\" class=\"fusion-masonry-element-container\"><img decoding=\"async\" src=\"https:\/\/grand-angle.lavenir.net\/e411-il-y-a-30-ans\/wp-content\/uploads\/sites\/62\/2018\/12\/07112018-DSC_5750.jpg\" width=\"1900\" height=\"1268\" alt=\"\" title=\"Anniversaire E411 &#8211; Visite au coeur du viaduc de Beez\" aria-label=\"Anniversaire E411 &#8211; Visite au coeur du viaduc de Beez\" class=\"img-responsive wp-image-34\" srcset=\"https:\/\/grand-angle.lavenir.net\/e411-il-y-a-30-ans\/wp-content\/uploads\/sites\/62\/2018\/12\/07112018-DSC_5750-200x133.jpg 200w, https:\/\/grand-angle.lavenir.net\/e411-il-y-a-30-ans\/wp-content\/uploads\/sites\/62\/2018\/12\/07112018-DSC_5750-400x267.jpg 400w, https:\/\/grand-angle.lavenir.net\/e411-il-y-a-30-ans\/wp-content\/uploads\/sites\/62\/2018\/12\/07112018-DSC_5750-600x400.jpg 600w, https:\/\/grand-angle.lavenir.net\/e411-il-y-a-30-ans\/wp-content\/uploads\/sites\/62\/2018\/12\/07112018-DSC_5750-800x534.jpg 800w, https:\/\/grand-angle.lavenir.net\/e411-il-y-a-30-ans\/wp-content\/uploads\/sites\/62\/2018\/12\/07112018-DSC_5750-1200x801.jpg 1200w, https:\/\/grand-angle.lavenir.net\/e411-il-y-a-30-ans\/wp-content\/uploads\/sites\/62\/2018\/12\/07112018-DSC_5750.jpg 1900w\" sizes=\"(min-width: 2200px) 100vw, (min-width: 784px) 363px, (min-width: 712px) 545px, (min-width: 640px) 712px, \" \/><\/div><\/a><\/div><\/div><div style=\"padding:5px;\" class=\"fusion-grid-column fusion-gallery-column fusion-gallery-column-3 hover-type-none fusion-element-grid\"><div class=\"fusion-gallery-image\"><a href=\"https:\/\/grand-angle.lavenir.net\/e411-il-y-a-30-ans\/wp-content\/uploads\/sites\/62\/2018\/12\/07112018-DSC_5749.jpg\" rel=\"noreferrer\" data-rel=\"iLightbox[gallery_image_1]\" class=\"fusion-lightbox\" target=\"_self\"><div style=\"background-image:url(https:\/\/grand-angle.lavenir.net\/e411-il-y-a-30-ans\/wp-content\/uploads\/sites\/62\/2018\/12\/07112018-DSC_5749.jpg);padding-top:calc((100% + 10px) * 0.8 - 5px);background-position:;\" class=\"fusion-masonry-element-container\"><img decoding=\"async\" src=\"https:\/\/grand-angle.lavenir.net\/e411-il-y-a-30-ans\/wp-content\/uploads\/sites\/62\/2018\/12\/07112018-DSC_5749.jpg\" width=\"1900\" height=\"1268\" alt=\"\" title=\"Anniversaire E411 &#8211; Visite au coeur du viaduc de Beez\" aria-label=\"Anniversaire E411 &#8211; Visite au coeur du viaduc de Beez\" class=\"img-responsive wp-image-33\" srcset=\"https:\/\/grand-angle.lavenir.net\/e411-il-y-a-30-ans\/wp-content\/uploads\/sites\/62\/2018\/12\/07112018-DSC_5749-200x133.jpg 200w, https:\/\/grand-angle.lavenir.net\/e411-il-y-a-30-ans\/wp-content\/uploads\/sites\/62\/2018\/12\/07112018-DSC_5749-400x267.jpg 400w, https:\/\/grand-angle.lavenir.net\/e411-il-y-a-30-ans\/wp-content\/uploads\/sites\/62\/2018\/12\/07112018-DSC_5749-600x400.jpg 600w, https:\/\/grand-angle.lavenir.net\/e411-il-y-a-30-ans\/wp-content\/uploads\/sites\/62\/2018\/12\/07112018-DSC_5749-800x534.jpg 800w, https:\/\/grand-angle.lavenir.net\/e411-il-y-a-30-ans\/wp-content\/uploads\/sites\/62\/2018\/12\/07112018-DSC_5749-1200x801.jpg 1200w, https:\/\/grand-angle.lavenir.net\/e411-il-y-a-30-ans\/wp-content\/uploads\/sites\/62\/2018\/12\/07112018-DSC_5749.jpg 1900w\" sizes=\"(min-width: 2200px) 100vw, (min-width: 784px) 363px, (min-width: 712px) 545px, (min-width: 640px) 712px, \" \/><\/div><\/a><\/div><\/div><div style=\"padding:5px;\" class=\"fusion-grid-column fusion-gallery-column fusion-gallery-column-3 hover-type-none fusion-element-grid\"><div class=\"fusion-gallery-image\"><a href=\"https:\/\/grand-angle.lavenir.net\/e411-il-y-a-30-ans\/wp-content\/uploads\/sites\/62\/2018\/12\/07112018-DSC_5759.jpg\" rel=\"noreferrer\" data-rel=\"iLightbox[gallery_image_1]\" class=\"fusion-lightbox\" target=\"_self\"><div style=\"background-image:url(https:\/\/grand-angle.lavenir.net\/e411-il-y-a-30-ans\/wp-content\/uploads\/sites\/62\/2018\/12\/07112018-DSC_5759.jpg);padding-top:calc((100% + 10px) * 0.8 - 5px);background-position:;\" class=\"fusion-masonry-element-container\"><img decoding=\"async\" src=\"https:\/\/grand-angle.lavenir.net\/e411-il-y-a-30-ans\/wp-content\/uploads\/sites\/62\/2018\/12\/07112018-DSC_5759.jpg\" width=\"1900\" height=\"1268\" alt=\"\" title=\"Anniversaire E411 &#8211; Visite au coeur du viaduc de Beez\" aria-label=\"Anniversaire E411 &#8211; Visite au coeur du viaduc de Beez\" class=\"img-responsive wp-image-38\" srcset=\"https:\/\/grand-angle.lavenir.net\/e411-il-y-a-30-ans\/wp-content\/uploads\/sites\/62\/2018\/12\/07112018-DSC_5759-200x133.jpg 200w, https:\/\/grand-angle.lavenir.net\/e411-il-y-a-30-ans\/wp-content\/uploads\/sites\/62\/2018\/12\/07112018-DSC_5759-400x267.jpg 400w, https:\/\/grand-angle.lavenir.net\/e411-il-y-a-30-ans\/wp-content\/uploads\/sites\/62\/2018\/12\/07112018-DSC_5759-600x400.jpg 600w, https:\/\/grand-angle.lavenir.net\/e411-il-y-a-30-ans\/wp-content\/uploads\/sites\/62\/2018\/12\/07112018-DSC_5759-800x534.jpg 800w, https:\/\/grand-angle.lavenir.net\/e411-il-y-a-30-ans\/wp-content\/uploads\/sites\/62\/2018\/12\/07112018-DSC_5759-1200x801.jpg 1200w, https:\/\/grand-angle.lavenir.net\/e411-il-y-a-30-ans\/wp-content\/uploads\/sites\/62\/2018\/12\/07112018-DSC_5759.jpg 1900w\" sizes=\"(min-width: 2200px) 100vw, (min-width: 784px) 363px, (min-width: 712px) 545px, (min-width: 640px) 712px, \" \/><\/div><\/a><\/div><\/div><div style=\"padding:5px;\" class=\"fusion-grid-column fusion-gallery-column fusion-gallery-column-3 hover-type-none fusion-element-grid\"><div class=\"fusion-gallery-image\"><a href=\"https:\/\/grand-angle.lavenir.net\/e411-il-y-a-30-ans\/wp-content\/uploads\/sites\/62\/2018\/12\/07112018-DSC_5760.jpg\" rel=\"noreferrer\" data-rel=\"iLightbox[gallery_image_1]\" class=\"fusion-lightbox\" target=\"_self\"><div style=\"background-image:url(https:\/\/grand-angle.lavenir.net\/e411-il-y-a-30-ans\/wp-content\/uploads\/sites\/62\/2018\/12\/07112018-DSC_5760.jpg);padding-top:calc((100% + 10px) * 0.8 - 5px);background-position:;\" class=\"fusion-masonry-element-container\"><img decoding=\"async\" src=\"https:\/\/grand-angle.lavenir.net\/e411-il-y-a-30-ans\/wp-content\/uploads\/sites\/62\/2018\/12\/07112018-DSC_5760.jpg\" width=\"1900\" height=\"1268\" alt=\"\" title=\"Anniversaire E411 &#8211; Visite au coeur du viaduc de Beez\" aria-label=\"Anniversaire E411 &#8211; Visite au coeur du viaduc de Beez\" class=\"img-responsive wp-image-39\" srcset=\"https:\/\/grand-angle.lavenir.net\/e411-il-y-a-30-ans\/wp-content\/uploads\/sites\/62\/2018\/12\/07112018-DSC_5760-200x133.jpg 200w, https:\/\/grand-angle.lavenir.net\/e411-il-y-a-30-ans\/wp-content\/uploads\/sites\/62\/2018\/12\/07112018-DSC_5760-400x267.jpg 400w, https:\/\/grand-angle.lavenir.net\/e411-il-y-a-30-ans\/wp-content\/uploads\/sites\/62\/2018\/12\/07112018-DSC_5760-600x400.jpg 600w, https:\/\/grand-angle.lavenir.net\/e411-il-y-a-30-ans\/wp-content\/uploads\/sites\/62\/2018\/12\/07112018-DSC_5760-800x534.jpg 800w, https:\/\/grand-angle.lavenir.net\/e411-il-y-a-30-ans\/wp-content\/uploads\/sites\/62\/2018\/12\/07112018-DSC_5760-1200x801.jpg 1200w, https:\/\/grand-angle.lavenir.net\/e411-il-y-a-30-ans\/wp-content\/uploads\/sites\/62\/2018\/12\/07112018-DSC_5760.jpg 1900w\" sizes=\"(min-width: 2200px) 100vw, (min-width: 784px) 363px, (min-width: 712px) 545px, (min-width: 640px) 712px, \" \/><\/div><\/a><\/div><\/div><div style=\"padding:5px;\" class=\"fusion-grid-column fusion-gallery-column fusion-gallery-column-3 hover-type-none fusion-element-grid\"><div class=\"fusion-gallery-image\"><a href=\"https:\/\/grand-angle.lavenir.net\/e411-il-y-a-30-ans\/wp-content\/uploads\/sites\/62\/2018\/12\/07112018-DSC_5762.jpg\" rel=\"noreferrer\" data-rel=\"iLightbox[gallery_image_1]\" class=\"fusion-lightbox\" target=\"_self\"><div style=\"background-image:url(https:\/\/grand-angle.lavenir.net\/e411-il-y-a-30-ans\/wp-content\/uploads\/sites\/62\/2018\/12\/07112018-DSC_5762.jpg);padding-top:calc((100% + 10px) * 0.8 - 5px);background-position:;\" class=\"fusion-masonry-element-container\"><img decoding=\"async\" src=\"https:\/\/grand-angle.lavenir.net\/e411-il-y-a-30-ans\/wp-content\/uploads\/sites\/62\/2018\/12\/07112018-DSC_5762.jpg\" width=\"1900\" height=\"1268\" alt=\"\" title=\"Anniversaire E411 &#8211; Visite au coeur du viaduc de Beez\" aria-label=\"Anniversaire E411 &#8211; Visite au coeur du viaduc de Beez\" class=\"img-responsive wp-image-40\" srcset=\"https:\/\/grand-angle.lavenir.net\/e411-il-y-a-30-ans\/wp-content\/uploads\/sites\/62\/2018\/12\/07112018-DSC_5762-200x133.jpg 200w, https:\/\/grand-angle.lavenir.net\/e411-il-y-a-30-ans\/wp-content\/uploads\/sites\/62\/2018\/12\/07112018-DSC_5762-400x267.jpg 400w, https:\/\/grand-angle.lavenir.net\/e411-il-y-a-30-ans\/wp-content\/uploads\/sites\/62\/2018\/12\/07112018-DSC_5762-600x400.jpg 600w, https:\/\/grand-angle.lavenir.net\/e411-il-y-a-30-ans\/wp-content\/uploads\/sites\/62\/2018\/12\/07112018-DSC_5762-800x534.jpg 800w, https:\/\/grand-angle.lavenir.net\/e411-il-y-a-30-ans\/wp-content\/uploads\/sites\/62\/2018\/12\/07112018-DSC_5762-1200x801.jpg 1200w, https:\/\/grand-angle.lavenir.net\/e411-il-y-a-30-ans\/wp-content\/uploads\/sites\/62\/2018\/12\/07112018-DSC_5762.jpg 1900w\" sizes=\"(min-width: 2200px) 100vw, (min-width: 784px) 363px, (min-width: 712px) 545px, (min-width: 640px) 712px, \" \/><\/div><\/a><\/div><\/div><div style=\"padding:5px;\" class=\"fusion-grid-column fusion-gallery-column fusion-gallery-column-3 hover-type-none fusion-element-grid\"><div class=\"fusion-gallery-image\"><a href=\"https:\/\/grand-angle.lavenir.net\/e411-il-y-a-30-ans\/wp-content\/uploads\/sites\/62\/2018\/12\/07112018-DSC_5766.jpg\" rel=\"noreferrer\" data-rel=\"iLightbox[gallery_image_1]\" class=\"fusion-lightbox\" target=\"_self\"><div style=\"background-image:url(https:\/\/grand-angle.lavenir.net\/e411-il-y-a-30-ans\/wp-content\/uploads\/sites\/62\/2018\/12\/07112018-DSC_5766.jpg);padding-top:calc((100% + 10px) * 0.8 - 5px);background-position:;\" class=\"fusion-masonry-element-container\"><img decoding=\"async\" src=\"https:\/\/grand-angle.lavenir.net\/e411-il-y-a-30-ans\/wp-content\/uploads\/sites\/62\/2018\/12\/07112018-DSC_5766.jpg\" width=\"1900\" height=\"1268\" alt=\"\" title=\"Anniversaire E411 &#8211; Visite au coeur du viaduc de Beez\" aria-label=\"Anniversaire E411 &#8211; Visite au coeur du viaduc de Beez\" class=\"img-responsive wp-image-41\" srcset=\"https:\/\/grand-angle.lavenir.net\/e411-il-y-a-30-ans\/wp-content\/uploads\/sites\/62\/2018\/12\/07112018-DSC_5766-200x133.jpg 200w, https:\/\/grand-angle.lavenir.net\/e411-il-y-a-30-ans\/wp-content\/uploads\/sites\/62\/2018\/12\/07112018-DSC_5766-400x267.jpg 400w, https:\/\/grand-angle.lavenir.net\/e411-il-y-a-30-ans\/wp-content\/uploads\/sites\/62\/2018\/12\/07112018-DSC_5766-600x400.jpg 600w, https:\/\/grand-angle.lavenir.net\/e411-il-y-a-30-ans\/wp-content\/uploads\/sites\/62\/2018\/12\/07112018-DSC_5766-800x534.jpg 800w, https:\/\/grand-angle.lavenir.net\/e411-il-y-a-30-ans\/wp-content\/uploads\/sites\/62\/2018\/12\/07112018-DSC_5766-1200x801.jpg 1200w, https:\/\/grand-angle.lavenir.net\/e411-il-y-a-30-ans\/wp-content\/uploads\/sites\/62\/2018\/12\/07112018-DSC_5766.jpg 1900w\" sizes=\"(min-width: 2200px) 100vw, (min-width: 784px) 363px, (min-width: 712px) 545px, (min-width: 640px) 712px, \" \/><\/div><\/a><\/div><\/div><div style=\"padding:5px;\" class=\"fusion-grid-column fusion-gallery-column fusion-gallery-column-3 hover-type-none fusion-element-grid\"><div class=\"fusion-gallery-image\"><a href=\"https:\/\/grand-angle.lavenir.net\/e411-il-y-a-30-ans\/wp-content\/uploads\/sites\/62\/2018\/12\/07112018-DSC_5774.jpg\" rel=\"noreferrer\" data-rel=\"iLightbox[gallery_image_1]\" class=\"fusion-lightbox\" target=\"_self\"><div style=\"background-image:url(https:\/\/grand-angle.lavenir.net\/e411-il-y-a-30-ans\/wp-content\/uploads\/sites\/62\/2018\/12\/07112018-DSC_5774.jpg);padding-top:calc((100% + 10px) * 0.8 - 5px);background-position:;\" class=\"fusion-masonry-element-container\"><img decoding=\"async\" src=\"https:\/\/grand-angle.lavenir.net\/e411-il-y-a-30-ans\/wp-content\/uploads\/sites\/62\/2018\/12\/07112018-DSC_5774.jpg\" width=\"1900\" height=\"1268\" alt=\"\" title=\"Anniversaire E411 &#8211; Visite au coeur du viaduc de Beez\" aria-label=\"Anniversaire E411 &#8211; Visite au coeur du viaduc de Beez\" class=\"img-responsive wp-image-42\" srcset=\"https:\/\/grand-angle.lavenir.net\/e411-il-y-a-30-ans\/wp-content\/uploads\/sites\/62\/2018\/12\/07112018-DSC_5774-200x133.jpg 200w, https:\/\/grand-angle.lavenir.net\/e411-il-y-a-30-ans\/wp-content\/uploads\/sites\/62\/2018\/12\/07112018-DSC_5774-400x267.jpg 400w, https:\/\/grand-angle.lavenir.net\/e411-il-y-a-30-ans\/wp-content\/uploads\/sites\/62\/2018\/12\/07112018-DSC_5774-600x400.jpg 600w, https:\/\/grand-angle.lavenir.net\/e411-il-y-a-30-ans\/wp-content\/uploads\/sites\/62\/2018\/12\/07112018-DSC_5774-800x534.jpg 800w, https:\/\/grand-angle.lavenir.net\/e411-il-y-a-30-ans\/wp-content\/uploads\/sites\/62\/2018\/12\/07112018-DSC_5774-1200x801.jpg 1200w, https:\/\/grand-angle.lavenir.net\/e411-il-y-a-30-ans\/wp-content\/uploads\/sites\/62\/2018\/12\/07112018-DSC_5774.jpg 1900w\" sizes=\"(min-width: 2200px) 100vw, (min-width: 784px) 363px, (min-width: 712px) 545px, (min-width: 640px) 712px, \" \/><\/div><\/a><\/div><\/div><div style=\"padding:5px;\" class=\"fusion-grid-column fusion-gallery-column fusion-gallery-column-3 hover-type-none fusion-element-grid\"><div class=\"fusion-gallery-image\"><a href=\"https:\/\/grand-angle.lavenir.net\/e411-il-y-a-30-ans\/wp-content\/uploads\/sites\/62\/2018\/12\/07112018-DSC_5777.jpg\" rel=\"noreferrer\" data-rel=\"iLightbox[gallery_image_1]\" class=\"fusion-lightbox\" target=\"_self\"><div style=\"background-image:url(https:\/\/grand-angle.lavenir.net\/e411-il-y-a-30-ans\/wp-content\/uploads\/sites\/62\/2018\/12\/07112018-DSC_5777.jpg);padding-top:calc((100% + 10px) * 0.8 - 5px);background-position:;\" class=\"fusion-masonry-element-container\"><img decoding=\"async\" src=\"https:\/\/grand-angle.lavenir.net\/e411-il-y-a-30-ans\/wp-content\/uploads\/sites\/62\/2018\/12\/07112018-DSC_5777.jpg\" width=\"1900\" height=\"1268\" alt=\"\" title=\"Anniversaire E411 &#8211; Visite au coeur du viaduc de Beez\" aria-label=\"Anniversaire E411 &#8211; Visite au coeur du viaduc de Beez\" class=\"img-responsive wp-image-43\" srcset=\"https:\/\/grand-angle.lavenir.net\/e411-il-y-a-30-ans\/wp-content\/uploads\/sites\/62\/2018\/12\/07112018-DSC_5777-200x133.jpg 200w, https:\/\/grand-angle.lavenir.net\/e411-il-y-a-30-ans\/wp-content\/uploads\/sites\/62\/2018\/12\/07112018-DSC_5777-400x267.jpg 400w, https:\/\/grand-angle.lavenir.net\/e411-il-y-a-30-ans\/wp-content\/uploads\/sites\/62\/2018\/12\/07112018-DSC_5777-600x400.jpg 600w, https:\/\/grand-angle.lavenir.net\/e411-il-y-a-30-ans\/wp-content\/uploads\/sites\/62\/2018\/12\/07112018-DSC_5777-800x534.jpg 800w, https:\/\/grand-angle.lavenir.net\/e411-il-y-a-30-ans\/wp-content\/uploads\/sites\/62\/2018\/12\/07112018-DSC_5777-1200x801.jpg 1200w, https:\/\/grand-angle.lavenir.net\/e411-il-y-a-30-ans\/wp-content\/uploads\/sites\/62\/2018\/12\/07112018-DSC_5777.jpg 1900w\" sizes=\"(min-width: 2200px) 100vw, (min-width: 784px) 363px, (min-width: 712px) 545px, (min-width: 640px) 712px, \" \/><\/div><\/a><\/div><\/div><div style=\"padding:5px;\" class=\"fusion-grid-column fusion-gallery-column fusion-gallery-column-3 hover-type-none fusion-element-grid\"><div class=\"fusion-gallery-image\"><a href=\"https:\/\/grand-angle.lavenir.net\/e411-il-y-a-30-ans\/wp-content\/uploads\/sites\/62\/2018\/12\/07112018-DSC_5795.jpg\" rel=\"noreferrer\" data-rel=\"iLightbox[gallery_image_1]\" class=\"fusion-lightbox\" target=\"_self\"><div style=\"background-image:url(https:\/\/grand-angle.lavenir.net\/e411-il-y-a-30-ans\/wp-content\/uploads\/sites\/62\/2018\/12\/07112018-DSC_5795.jpg);padding-top:calc((100% + 10px) * 0.8 - 5px);background-position:;\" class=\"fusion-masonry-element-container\"><img decoding=\"async\" src=\"https:\/\/grand-angle.lavenir.net\/e411-il-y-a-30-ans\/wp-content\/uploads\/sites\/62\/2018\/12\/07112018-DSC_5795.jpg\" width=\"1900\" height=\"1268\" alt=\"\" title=\"Anniversaire E411 &#8211; Visite au coeur du viaduc de Beez\" aria-label=\"Anniversaire E411 &#8211; Visite au coeur du viaduc de Beez\" class=\"img-responsive wp-image-44\" srcset=\"https:\/\/grand-angle.lavenir.net\/e411-il-y-a-30-ans\/wp-content\/uploads\/sites\/62\/2018\/12\/07112018-DSC_5795-200x133.jpg 200w, https:\/\/grand-angle.lavenir.net\/e411-il-y-a-30-ans\/wp-content\/uploads\/sites\/62\/2018\/12\/07112018-DSC_5795-400x267.jpg 400w, https:\/\/grand-angle.lavenir.net\/e411-il-y-a-30-ans\/wp-content\/uploads\/sites\/62\/2018\/12\/07112018-DSC_5795-600x400.jpg 600w, https:\/\/grand-angle.lavenir.net\/e411-il-y-a-30-ans\/wp-content\/uploads\/sites\/62\/2018\/12\/07112018-DSC_5795-800x534.jpg 800w, https:\/\/grand-angle.lavenir.net\/e411-il-y-a-30-ans\/wp-content\/uploads\/sites\/62\/2018\/12\/07112018-DSC_5795-1200x801.jpg 1200w, https:\/\/grand-angle.lavenir.net\/e411-il-y-a-30-ans\/wp-content\/uploads\/sites\/62\/2018\/12\/07112018-DSC_5795.jpg 1900w\" sizes=\"(min-width: 2200px) 100vw, (min-width: 784px) 363px, (min-width: 712px) 545px, (min-width: 640px) 712px, \" \/><\/div><\/a><\/div><\/div><div style=\"padding:5px;\" class=\"fusion-grid-column fusion-gallery-column fusion-gallery-column-3 hover-type-none fusion-element-grid\"><div class=\"fusion-gallery-image\"><a href=\"https:\/\/grand-angle.lavenir.net\/e411-il-y-a-30-ans\/wp-content\/uploads\/sites\/62\/2018\/12\/07112018-DSC_5797.jpg\" rel=\"noreferrer\" data-rel=\"iLightbox[gallery_image_1]\" class=\"fusion-lightbox\" target=\"_self\"><div style=\"background-image:url(https:\/\/grand-angle.lavenir.net\/e411-il-y-a-30-ans\/wp-content\/uploads\/sites\/62\/2018\/12\/07112018-DSC_5797.jpg);padding-top:calc((100% + 10px) * 0.8 - 5px);background-position:;\" class=\"fusion-masonry-element-container\"><img decoding=\"async\" src=\"https:\/\/grand-angle.lavenir.net\/e411-il-y-a-30-ans\/wp-content\/uploads\/sites\/62\/2018\/12\/07112018-DSC_5797.jpg\" width=\"1900\" height=\"1268\" alt=\"\" title=\"Anniversaire E411 &#8211; Visite au coeur du viaduc de Beez\" aria-label=\"Anniversaire E411 &#8211; Visite au coeur du viaduc de Beez\" class=\"img-responsive wp-image-45\" srcset=\"https:\/\/grand-angle.lavenir.net\/e411-il-y-a-30-ans\/wp-content\/uploads\/sites\/62\/2018\/12\/07112018-DSC_5797-200x133.jpg 200w, https:\/\/grand-angle.lavenir.net\/e411-il-y-a-30-ans\/wp-content\/uploads\/sites\/62\/2018\/12\/07112018-DSC_5797-400x267.jpg 400w, https:\/\/grand-angle.lavenir.net\/e411-il-y-a-30-ans\/wp-content\/uploads\/sites\/62\/2018\/12\/07112018-DSC_5797-600x400.jpg 600w, https:\/\/grand-angle.lavenir.net\/e411-il-y-a-30-ans\/wp-content\/uploads\/sites\/62\/2018\/12\/07112018-DSC_5797-800x534.jpg 800w, https:\/\/grand-angle.lavenir.net\/e411-il-y-a-30-ans\/wp-content\/uploads\/sites\/62\/2018\/12\/07112018-DSC_5797-1200x801.jpg 1200w, https:\/\/grand-angle.lavenir.net\/e411-il-y-a-30-ans\/wp-content\/uploads\/sites\/62\/2018\/12\/07112018-DSC_5797.jpg 1900w\" sizes=\"(min-width: 2200px) 100vw, (min-width: 784px) 363px, (min-width: 712px) 545px, (min-width: 640px) 712px, \" \/><\/div><\/a><\/div><\/div><div style=\"padding:5px;\" class=\"fusion-grid-column fusion-gallery-column fusion-gallery-column-3 hover-type-none fusion-element-grid\"><div class=\"fusion-gallery-image\"><a href=\"https:\/\/grand-angle.lavenir.net\/e411-il-y-a-30-ans\/wp-content\/uploads\/sites\/62\/2018\/12\/07112018-DSC_5803.jpg\" rel=\"noreferrer\" data-rel=\"iLightbox[gallery_image_1]\" class=\"fusion-lightbox\" target=\"_self\"><div style=\"background-image:url(https:\/\/grand-angle.lavenir.net\/e411-il-y-a-30-ans\/wp-content\/uploads\/sites\/62\/2018\/12\/07112018-DSC_5803.jpg);padding-top:calc((100% + 10px) * 0.8 - 5px);background-position:;\" class=\"fusion-masonry-element-container\"><img decoding=\"async\" src=\"https:\/\/grand-angle.lavenir.net\/e411-il-y-a-30-ans\/wp-content\/uploads\/sites\/62\/2018\/12\/07112018-DSC_5803.jpg\" width=\"1900\" height=\"1268\" alt=\"\" title=\"Anniversaire E411 &#8211; Visite au coeur du viaduc de Beez\" aria-label=\"Anniversaire E411 &#8211; Visite au coeur du viaduc de Beez\" class=\"img-responsive wp-image-46\" srcset=\"https:\/\/grand-angle.lavenir.net\/e411-il-y-a-30-ans\/wp-content\/uploads\/sites\/62\/2018\/12\/07112018-DSC_5803-200x133.jpg 200w, https:\/\/grand-angle.lavenir.net\/e411-il-y-a-30-ans\/wp-content\/uploads\/sites\/62\/2018\/12\/07112018-DSC_5803-400x267.jpg 400w, https:\/\/grand-angle.lavenir.net\/e411-il-y-a-30-ans\/wp-content\/uploads\/sites\/62\/2018\/12\/07112018-DSC_5803-600x400.jpg 600w, https:\/\/grand-angle.lavenir.net\/e411-il-y-a-30-ans\/wp-content\/uploads\/sites\/62\/2018\/12\/07112018-DSC_5803-800x534.jpg 800w, https:\/\/grand-angle.lavenir.net\/e411-il-y-a-30-ans\/wp-content\/uploads\/sites\/62\/2018\/12\/07112018-DSC_5803-1200x801.jpg 1200w, https:\/\/grand-angle.lavenir.net\/e411-il-y-a-30-ans\/wp-content\/uploads\/sites\/62\/2018\/12\/07112018-DSC_5803.jpg 1900w\" sizes=\"(min-width: 2200px) 100vw, (min-width: 784px) 363px, (min-width: 712px) 545px, (min-width: 640px) 712px, \" \/><\/div><\/a><\/div><\/div><div style=\"padding:5px;\" class=\"fusion-grid-column fusion-gallery-column fusion-gallery-column-3 hover-type-none fusion-element-grid\"><div class=\"fusion-gallery-image\"><a href=\"https:\/\/grand-angle.lavenir.net\/e411-il-y-a-30-ans\/wp-content\/uploads\/sites\/62\/2018\/12\/07112018-DSC_5816.jpg\" rel=\"noreferrer\" data-rel=\"iLightbox[gallery_image_1]\" class=\"fusion-lightbox\" target=\"_self\"><div style=\"background-image:url(https:\/\/grand-angle.lavenir.net\/e411-il-y-a-30-ans\/wp-content\/uploads\/sites\/62\/2018\/12\/07112018-DSC_5816.jpg);padding-top:calc((100% + 10px) * 0.8 - 5px);background-position:;\" class=\"fusion-masonry-element-container\"><img decoding=\"async\" src=\"https:\/\/grand-angle.lavenir.net\/e411-il-y-a-30-ans\/wp-content\/uploads\/sites\/62\/2018\/12\/07112018-DSC_5816.jpg\" width=\"1900\" height=\"1268\" alt=\"\" title=\"Anniversaire E411 &#8211; Visite au coeur du viaduc de Beez\" aria-label=\"Anniversaire E411 &#8211; Visite au coeur du viaduc de Beez\" class=\"img-responsive wp-image-47\" srcset=\"https:\/\/grand-angle.lavenir.net\/e411-il-y-a-30-ans\/wp-content\/uploads\/sites\/62\/2018\/12\/07112018-DSC_5816-200x133.jpg 200w, https:\/\/grand-angle.lavenir.net\/e411-il-y-a-30-ans\/wp-content\/uploads\/sites\/62\/2018\/12\/07112018-DSC_5816-400x267.jpg 400w, https:\/\/grand-angle.lavenir.net\/e411-il-y-a-30-ans\/wp-content\/uploads\/sites\/62\/2018\/12\/07112018-DSC_5816-600x400.jpg 600w, https:\/\/grand-angle.lavenir.net\/e411-il-y-a-30-ans\/wp-content\/uploads\/sites\/62\/2018\/12\/07112018-DSC_5816-800x534.jpg 800w, https:\/\/grand-angle.lavenir.net\/e411-il-y-a-30-ans\/wp-content\/uploads\/sites\/62\/2018\/12\/07112018-DSC_5816-1200x801.jpg 1200w, https:\/\/grand-angle.lavenir.net\/e411-il-y-a-30-ans\/wp-content\/uploads\/sites\/62\/2018\/12\/07112018-DSC_5816.jpg 1900w\" sizes=\"(min-width: 2200px) 100vw, (min-width: 784px) 363px, (min-width: 712px) 545px, (min-width: 640px) 712px, \" \/><\/div><\/a><\/div><\/div><div style=\"padding:5px;\" class=\"fusion-grid-column fusion-gallery-column fusion-gallery-column-3 hover-type-none fusion-element-grid\"><div class=\"fusion-gallery-image\"><a href=\"https:\/\/grand-angle.lavenir.net\/e411-il-y-a-30-ans\/wp-content\/uploads\/sites\/62\/2018\/12\/07112018-DSC_5819.jpg\" rel=\"noreferrer\" data-rel=\"iLightbox[gallery_image_1]\" class=\"fusion-lightbox\" target=\"_self\"><div style=\"background-image:url(https:\/\/grand-angle.lavenir.net\/e411-il-y-a-30-ans\/wp-content\/uploads\/sites\/62\/2018\/12\/07112018-DSC_5819.jpg);padding-top:calc((100% + 10px) * 0.8 - 5px);background-position:;\" class=\"fusion-masonry-element-container\"><img decoding=\"async\" src=\"https:\/\/grand-angle.lavenir.net\/e411-il-y-a-30-ans\/wp-content\/uploads\/sites\/62\/2018\/12\/07112018-DSC_5819.jpg\" width=\"1900\" height=\"1268\" alt=\"\" title=\"Anniversaire E411 &#8211; Visite au coeur du viaduc de Beez\" aria-label=\"Anniversaire E411 &#8211; Visite au coeur du viaduc de Beez\" class=\"img-responsive wp-image-48\" srcset=\"https:\/\/grand-angle.lavenir.net\/e411-il-y-a-30-ans\/wp-content\/uploads\/sites\/62\/2018\/12\/07112018-DSC_5819-200x133.jpg 200w, https:\/\/grand-angle.lavenir.net\/e411-il-y-a-30-ans\/wp-content\/uploads\/sites\/62\/2018\/12\/07112018-DSC_5819-400x267.jpg 400w, https:\/\/grand-angle.lavenir.net\/e411-il-y-a-30-ans\/wp-content\/uploads\/sites\/62\/2018\/12\/07112018-DSC_5819-600x400.jpg 600w, https:\/\/grand-angle.lavenir.net\/e411-il-y-a-30-ans\/wp-content\/uploads\/sites\/62\/2018\/12\/07112018-DSC_5819-800x534.jpg 800w, https:\/\/grand-angle.lavenir.net\/e411-il-y-a-30-ans\/wp-content\/uploads\/sites\/62\/2018\/12\/07112018-DSC_5819-1200x801.jpg 1200w, https:\/\/grand-angle.lavenir.net\/e411-il-y-a-30-ans\/wp-content\/uploads\/sites\/62\/2018\/12\/07112018-DSC_5819.jpg 1900w\" sizes=\"(min-width: 2200px) 100vw, (min-width: 784px) 363px, (min-width: 712px) 545px, (min-width: 640px) 712px, \" \/><\/div><\/a><\/div><\/div><div style=\"padding:5px;\" class=\"fusion-grid-column fusion-gallery-column fusion-gallery-column-3 hover-type-none fusion-element-grid\"><div class=\"fusion-gallery-image\"><a href=\"https:\/\/grand-angle.lavenir.net\/e411-il-y-a-30-ans\/wp-content\/uploads\/sites\/62\/2018\/12\/07112018-DSC_5822.jpg\" rel=\"noreferrer\" data-rel=\"iLightbox[gallery_image_1]\" class=\"fusion-lightbox\" target=\"_self\"><div style=\"background-image:url(https:\/\/grand-angle.lavenir.net\/e411-il-y-a-30-ans\/wp-content\/uploads\/sites\/62\/2018\/12\/07112018-DSC_5822.jpg);padding-top:calc((100% + 10px) * 0.8 - 5px);background-position:;\" class=\"fusion-masonry-element-container\"><img decoding=\"async\" src=\"https:\/\/grand-angle.lavenir.net\/e411-il-y-a-30-ans\/wp-content\/uploads\/sites\/62\/2018\/12\/07112018-DSC_5822.jpg\" width=\"1900\" height=\"1268\" alt=\"\" title=\"Anniversaire E411 &#8211; Visite au coeur du viaduc de Beez\" aria-label=\"Anniversaire E411 &#8211; Visite au coeur du viaduc de Beez\" class=\"img-responsive wp-image-49\" srcset=\"https:\/\/grand-angle.lavenir.net\/e411-il-y-a-30-ans\/wp-content\/uploads\/sites\/62\/2018\/12\/07112018-DSC_5822-200x133.jpg 200w, https:\/\/grand-angle.lavenir.net\/e411-il-y-a-30-ans\/wp-content\/uploads\/sites\/62\/2018\/12\/07112018-DSC_5822-400x267.jpg 400w, https:\/\/grand-angle.lavenir.net\/e411-il-y-a-30-ans\/wp-content\/uploads\/sites\/62\/2018\/12\/07112018-DSC_5822-600x400.jpg 600w, https:\/\/grand-angle.lavenir.net\/e411-il-y-a-30-ans\/wp-content\/uploads\/sites\/62\/2018\/12\/07112018-DSC_5822-800x534.jpg 800w, https:\/\/grand-angle.lavenir.net\/e411-il-y-a-30-ans\/wp-content\/uploads\/sites\/62\/2018\/12\/07112018-DSC_5822-1200x801.jpg 1200w, https:\/\/grand-angle.lavenir.net\/e411-il-y-a-30-ans\/wp-content\/uploads\/sites\/62\/2018\/12\/07112018-DSC_5822.jpg 1900w\" sizes=\"(min-width: 2200px) 100vw, (min-width: 784px) 363px, (min-width: 712px) 545px, (min-width: 640px) 712px, \" \/><\/div><\/a><\/div><\/div><div style=\"padding:5px;\" class=\"fusion-grid-column fusion-gallery-column fusion-gallery-column-3 hover-type-none fusion-element-grid\"><div class=\"fusion-gallery-image\"><a href=\"https:\/\/grand-angle.lavenir.net\/e411-il-y-a-30-ans\/wp-content\/uploads\/sites\/62\/2018\/12\/07112018-DSC_5829.jpg\" rel=\"noreferrer\" data-rel=\"iLightbox[gallery_image_1]\" class=\"fusion-lightbox\" target=\"_self\"><div style=\"background-image:url(https:\/\/grand-angle.lavenir.net\/e411-il-y-a-30-ans\/wp-content\/uploads\/sites\/62\/2018\/12\/07112018-DSC_5829.jpg);padding-top:calc((100% + 10px) * 0.8 - 5px);background-position:;\" class=\"fusion-masonry-element-container\"><img decoding=\"async\" src=\"https:\/\/grand-angle.lavenir.net\/e411-il-y-a-30-ans\/wp-content\/uploads\/sites\/62\/2018\/12\/07112018-DSC_5829.jpg\" width=\"1900\" height=\"1268\" alt=\"\" title=\"Anniversaire E411 &#8211; Visite au coeur du viaduc de Beez\" aria-label=\"Anniversaire E411 &#8211; Visite au coeur du viaduc de Beez\" class=\"img-responsive wp-image-50\" srcset=\"https:\/\/grand-angle.lavenir.net\/e411-il-y-a-30-ans\/wp-content\/uploads\/sites\/62\/2018\/12\/07112018-DSC_5829-200x133.jpg 200w, https:\/\/grand-angle.lavenir.net\/e411-il-y-a-30-ans\/wp-content\/uploads\/sites\/62\/2018\/12\/07112018-DSC_5829-400x267.jpg 400w, https:\/\/grand-angle.lavenir.net\/e411-il-y-a-30-ans\/wp-content\/uploads\/sites\/62\/2018\/12\/07112018-DSC_5829-600x400.jpg 600w, https:\/\/grand-angle.lavenir.net\/e411-il-y-a-30-ans\/wp-content\/uploads\/sites\/62\/2018\/12\/07112018-DSC_5829-800x534.jpg 800w, https:\/\/grand-angle.lavenir.net\/e411-il-y-a-30-ans\/wp-content\/uploads\/sites\/62\/2018\/12\/07112018-DSC_5829-1200x801.jpg 1200w, https:\/\/grand-angle.lavenir.net\/e411-il-y-a-30-ans\/wp-content\/uploads\/sites\/62\/2018\/12\/07112018-DSC_5829.jpg 1900w\" sizes=\"(min-width: 2200px) 100vw, (min-width: 784px) 363px, (min-width: 712px) 545px, (min-width: 640px) 712px, \" \/><\/div><\/a><\/div><\/div><div style=\"padding:5px;\" class=\"fusion-grid-column fusion-gallery-column fusion-gallery-column-3 hover-type-none fusion-element-grid\"><div class=\"fusion-gallery-image\"><a href=\"https:\/\/grand-angle.lavenir.net\/e411-il-y-a-30-ans\/wp-content\/uploads\/sites\/62\/2018\/12\/07112018-DSC_5832.jpg\" rel=\"noreferrer\" data-rel=\"iLightbox[gallery_image_1]\" class=\"fusion-lightbox\" target=\"_self\"><div style=\"background-image:url(https:\/\/grand-angle.lavenir.net\/e411-il-y-a-30-ans\/wp-content\/uploads\/sites\/62\/2018\/12\/07112018-DSC_5832.jpg);padding-top:calc((100% + 10px) * 0.8 - 5px);background-position:;\" class=\"fusion-masonry-element-container\"><img decoding=\"async\" src=\"https:\/\/grand-angle.lavenir.net\/e411-il-y-a-30-ans\/wp-content\/uploads\/sites\/62\/2018\/12\/07112018-DSC_5832.jpg\" width=\"1900\" height=\"1268\" alt=\"\" title=\"Anniversaire E411 &#8211; Visite au coeur du viaduc de Beez\" aria-label=\"Anniversaire E411 &#8211; Visite au coeur du viaduc de Beez\" class=\"img-responsive wp-image-51\" srcset=\"https:\/\/grand-angle.lavenir.net\/e411-il-y-a-30-ans\/wp-content\/uploads\/sites\/62\/2018\/12\/07112018-DSC_5832-200x133.jpg 200w, https:\/\/grand-angle.lavenir.net\/e411-il-y-a-30-ans\/wp-content\/uploads\/sites\/62\/2018\/12\/07112018-DSC_5832-400x267.jpg 400w, https:\/\/grand-angle.lavenir.net\/e411-il-y-a-30-ans\/wp-content\/uploads\/sites\/62\/2018\/12\/07112018-DSC_5832-600x400.jpg 600w, https:\/\/grand-angle.lavenir.net\/e411-il-y-a-30-ans\/wp-content\/uploads\/sites\/62\/2018\/12\/07112018-DSC_5832-800x534.jpg 800w, https:\/\/grand-angle.lavenir.net\/e411-il-y-a-30-ans\/wp-content\/uploads\/sites\/62\/2018\/12\/07112018-DSC_5832-1200x801.jpg 1200w, https:\/\/grand-angle.lavenir.net\/e411-il-y-a-30-ans\/wp-content\/uploads\/sites\/62\/2018\/12\/07112018-DSC_5832.jpg 1900w\" sizes=\"(min-width: 2200px) 100vw, (min-width: 784px) 363px, (min-width: 712px) 545px, (min-width: 640px) 712px, \" \/><\/div><\/a><\/div><\/div><div style=\"padding:5px;\" class=\"fusion-grid-column fusion-gallery-column fusion-gallery-column-3 hover-type-none fusion-element-grid\"><div class=\"fusion-gallery-image\"><a href=\"https:\/\/grand-angle.lavenir.net\/e411-il-y-a-30-ans\/wp-content\/uploads\/sites\/62\/2018\/12\/07112018-DSC_5836.jpg\" rel=\"noreferrer\" data-rel=\"iLightbox[gallery_image_1]\" class=\"fusion-lightbox\" target=\"_self\"><div style=\"background-image:url(https:\/\/grand-angle.lavenir.net\/e411-il-y-a-30-ans\/wp-content\/uploads\/sites\/62\/2018\/12\/07112018-DSC_5836.jpg);padding-top:calc((100% + 10px) * 0.8 - 5px);background-position:;\" class=\"fusion-masonry-element-container\"><img decoding=\"async\" src=\"https:\/\/grand-angle.lavenir.net\/e411-il-y-a-30-ans\/wp-content\/uploads\/sites\/62\/2018\/12\/07112018-DSC_5836.jpg\" width=\"1900\" height=\"1268\" alt=\"\" title=\"Anniversaire E411 &#8211; Visite au coeur du viaduc de Beez\" aria-label=\"Anniversaire E411 &#8211; Visite au coeur du viaduc de Beez\" class=\"img-responsive wp-image-53\" srcset=\"https:\/\/grand-angle.lavenir.net\/e411-il-y-a-30-ans\/wp-content\/uploads\/sites\/62\/2018\/12\/07112018-DSC_5836-200x133.jpg 200w, https:\/\/grand-angle.lavenir.net\/e411-il-y-a-30-ans\/wp-content\/uploads\/sites\/62\/2018\/12\/07112018-DSC_5836-400x267.jpg 400w, https:\/\/grand-angle.lavenir.net\/e411-il-y-a-30-ans\/wp-content\/uploads\/sites\/62\/2018\/12\/07112018-DSC_5836-600x400.jpg 600w, https:\/\/grand-angle.lavenir.net\/e411-il-y-a-30-ans\/wp-content\/uploads\/sites\/62\/2018\/12\/07112018-DSC_5836-800x534.jpg 800w, https:\/\/grand-angle.lavenir.net\/e411-il-y-a-30-ans\/wp-content\/uploads\/sites\/62\/2018\/12\/07112018-DSC_5836-1200x801.jpg 1200w, https:\/\/grand-angle.lavenir.net\/e411-il-y-a-30-ans\/wp-content\/uploads\/sites\/62\/2018\/12\/07112018-DSC_5836.jpg 1900w\" sizes=\"(min-width: 2200px) 100vw, (min-width: 784px) 363px, (min-width: 712px) 545px, (min-width: 640px) 712px, \" \/><\/div><\/a><\/div><\/div><div style=\"padding:5px;\" class=\"fusion-grid-column fusion-gallery-column fusion-gallery-column-3 hover-type-none fusion-element-grid\"><div class=\"fusion-gallery-image\"><a href=\"https:\/\/grand-angle.lavenir.net\/e411-il-y-a-30-ans\/wp-content\/uploads\/sites\/62\/2018\/12\/07112018-DSC_5840.jpg\" rel=\"noreferrer\" data-rel=\"iLightbox[gallery_image_1]\" class=\"fusion-lightbox\" target=\"_self\"><div style=\"background-image:url(https:\/\/grand-angle.lavenir.net\/e411-il-y-a-30-ans\/wp-content\/uploads\/sites\/62\/2018\/12\/07112018-DSC_5840.jpg);padding-top:calc((100% + 10px) * 0.8 - 5px);background-position:;\" class=\"fusion-masonry-element-container\"><img decoding=\"async\" src=\"https:\/\/grand-angle.lavenir.net\/e411-il-y-a-30-ans\/wp-content\/uploads\/sites\/62\/2018\/12\/07112018-DSC_5840.jpg\" width=\"1900\" height=\"1268\" alt=\"\" title=\"Anniversaire E411 &#8211; Visite au coeur du viaduc de Beez\" aria-label=\"Anniversaire E411 &#8211; Visite au coeur du viaduc de Beez\" class=\"img-responsive wp-image-55\" srcset=\"https:\/\/grand-angle.lavenir.net\/e411-il-y-a-30-ans\/wp-content\/uploads\/sites\/62\/2018\/12\/07112018-DSC_5840-200x133.jpg 200w, https:\/\/grand-angle.lavenir.net\/e411-il-y-a-30-ans\/wp-content\/uploads\/sites\/62\/2018\/12\/07112018-DSC_5840-400x267.jpg 400w, https:\/\/grand-angle.lavenir.net\/e411-il-y-a-30-ans\/wp-content\/uploads\/sites\/62\/2018\/12\/07112018-DSC_5840-600x400.jpg 600w, https:\/\/grand-angle.lavenir.net\/e411-il-y-a-30-ans\/wp-content\/uploads\/sites\/62\/2018\/12\/07112018-DSC_5840-800x534.jpg 800w, https:\/\/grand-angle.lavenir.net\/e411-il-y-a-30-ans\/wp-content\/uploads\/sites\/62\/2018\/12\/07112018-DSC_5840-1200x801.jpg 1200w, https:\/\/grand-angle.lavenir.net\/e411-il-y-a-30-ans\/wp-content\/uploads\/sites\/62\/2018\/12\/07112018-DSC_5840.jpg 1900w\" sizes=\"(min-width: 2200px) 100vw, (min-width: 784px) 363px, (min-width: 712px) 545px, (min-width: 640px) 712px, \" \/><\/div><\/a><\/div><\/div><\/div><\/div><div class=\"fusion-clearfix\"><\/div><\/div><\/div><\/div><\/div><\/p>\n","protected":false},"excerpt":{"rendered":"","protected":false},"author":1,"featured_media":0,"parent":0,"menu_order":0,"comment_status":"closed","ping_status":"closed","template":"","meta":{"footnotes":""},"class_list":["post-30","page","type-page","status-publish","hentry"],"yoast_head":"<!-- This site is optimized with the Yoast SEO plugin v27.1.1 - https:\/\/yoast.com\/product\/yoast-seo-wordpress\/ -->\n<title>Au c\u0153ur du viaduc de Beez - L\u2019E411 inaugur\u00e9e il y a 30 ans<\/title>\n<meta name=\"robots\" content=\"index, follow, max-snippet:-1, max-image-preview:large, max-video-preview:-1\" \/>\n<link rel=\"canonical\" href=\"https:\/\/grand-angle.lavenir.net\/e411-il-y-a-30-ans\/au-coeur-du-viaduc-de-beez\/\" \/>\n<meta property=\"og:locale\" content=\"fr_FR\" \/>\n<meta property=\"og:type\" content=\"article\" \/>\n<meta property=\"og:title\" content=\"Au c\u0153ur du viaduc de Beez - L\u2019E411 inaugur\u00e9e il y a 30 ans\" \/>\n<meta property=\"og:url\" content=\"https:\/\/grand-angle.lavenir.net\/e411-il-y-a-30-ans\/au-coeur-du-viaduc-de-beez\/\" \/>\n<meta property=\"og:site_name\" content=\"L\u2019E411 inaugur\u00e9e il y a 30 ans\" \/>\n<meta property=\"article:modified_time\" content=\"2019-01-04T08:30:59+00:00\" \/>\n<meta name=\"twitter:card\" content=\"summary_large_image\" \/>\n<meta name=\"twitter:label1\" content=\"Dur\u00e9e de lecture est.\" \/>\n\t<meta name=\"twitter:data1\" content=\"4 minutes\" \/>\n<script type=\"application\/ld+json\" class=\"yoast-schema-graph\">{\"@context\":\"https:\/\/schema.org\",\"@graph\":[{\"@type\":\"WebPage\",\"@id\":\"https:\/\/grand-angle.lavenir.net\/e411-il-y-a-30-ans\/au-coeur-du-viaduc-de-beez\/\",\"url\":\"https:\/\/grand-angle.lavenir.net\/e411-il-y-a-30-ans\/au-coeur-du-viaduc-de-beez\/\",\"name\":\"Au c\u0153ur du viaduc de Beez - L\u2019E411 inaugur\u00e9e il y a 30 ans\",\"isPartOf\":{\"@id\":\"https:\/\/grand-angle.lavenir.net\/e411-il-y-a-30-ans\/#website\"},\"datePublished\":\"2018-12-08T23:01:23+00:00\",\"dateModified\":\"2019-01-04T08:30:59+00:00\",\"breadcrumb\":{\"@id\":\"https:\/\/grand-angle.lavenir.net\/e411-il-y-a-30-ans\/au-coeur-du-viaduc-de-beez\/#breadcrumb\"},\"inLanguage\":\"fr-BE\",\"potentialAction\":[{\"@type\":\"ReadAction\",\"target\":[\"https:\/\/grand-angle.lavenir.net\/e411-il-y-a-30-ans\/au-coeur-du-viaduc-de-beez\/\"]}]},{\"@type\":\"BreadcrumbList\",\"@id\":\"https:\/\/grand-angle.lavenir.net\/e411-il-y-a-30-ans\/au-coeur-du-viaduc-de-beez\/#breadcrumb\",\"itemListElement\":[{\"@type\":\"ListItem\",\"position\":1,\"name\":\"Home\",\"item\":\"https:\/\/grand-angle.lavenir.net\/e411-il-y-a-30-ans\/\"},{\"@type\":\"ListItem\",\"position\":2,\"name\":\"Au c\u0153ur du viaduc de Beez\"}]},{\"@type\":\"WebSite\",\"@id\":\"https:\/\/grand-angle.lavenir.net\/e411-il-y-a-30-ans\/#website\",\"url\":\"https:\/\/grand-angle.lavenir.net\/e411-il-y-a-30-ans\/\",\"name\":\"L\u2019E411 inaugur\u00e9e il y a 30 ans\",\"description\":\"\",\"potentialAction\":[{\"@type\":\"SearchAction\",\"target\":{\"@type\":\"EntryPoint\",\"urlTemplate\":\"https:\/\/grand-angle.lavenir.net\/e411-il-y-a-30-ans\/?s={search_term_string}\"},\"query-input\":{\"@type\":\"PropertyValueSpecification\",\"valueRequired\":true,\"valueName\":\"search_term_string\"}}],\"inLanguage\":\"fr-BE\"}]}<\/script>\n<!-- \/ Yoast SEO plugin. -->","yoast_head_json":{"title":"Au c\u0153ur du viaduc de Beez - L\u2019E411 inaugur\u00e9e il y a 30 ans","robots":{"index":"index","follow":"follow","max-snippet":"max-snippet:-1","max-image-preview":"max-image-preview:large","max-video-preview":"max-video-preview:-1"},"canonical":"https:\/\/grand-angle.lavenir.net\/e411-il-y-a-30-ans\/au-coeur-du-viaduc-de-beez\/","og_locale":"fr_FR","og_type":"article","og_title":"Au c\u0153ur du viaduc de Beez - L\u2019E411 inaugur\u00e9e il y a 30 ans","og_url":"https:\/\/grand-angle.lavenir.net\/e411-il-y-a-30-ans\/au-coeur-du-viaduc-de-beez\/","og_site_name":"L\u2019E411 inaugur\u00e9e il y a 30 ans","article_modified_time":"2019-01-04T08:30:59+00:00","twitter_card":"summary_large_image","twitter_misc":{"Dur\u00e9e de lecture est.":"4 minutes"},"schema":{"@context":"https:\/\/schema.org","@graph":[{"@type":"WebPage","@id":"https:\/\/grand-angle.lavenir.net\/e411-il-y-a-30-ans\/au-coeur-du-viaduc-de-beez\/","url":"https:\/\/grand-angle.lavenir.net\/e411-il-y-a-30-ans\/au-coeur-du-viaduc-de-beez\/","name":"Au c\u0153ur du viaduc de Beez - L\u2019E411 inaugur\u00e9e il y a 30 ans","isPartOf":{"@id":"https:\/\/grand-angle.lavenir.net\/e411-il-y-a-30-ans\/#website"},"datePublished":"2018-12-08T23:01:23+00:00","dateModified":"2019-01-04T08:30:59+00:00","breadcrumb":{"@id":"https:\/\/grand-angle.lavenir.net\/e411-il-y-a-30-ans\/au-coeur-du-viaduc-de-beez\/#breadcrumb"},"inLanguage":"fr-BE","potentialAction":[{"@type":"ReadAction","target":["https:\/\/grand-angle.lavenir.net\/e411-il-y-a-30-ans\/au-coeur-du-viaduc-de-beez\/"]}]},{"@type":"BreadcrumbList","@id":"https:\/\/grand-angle.lavenir.net\/e411-il-y-a-30-ans\/au-coeur-du-viaduc-de-beez\/#breadcrumb","itemListElement":[{"@type":"ListItem","position":1,"name":"Home","item":"https:\/\/grand-angle.lavenir.net\/e411-il-y-a-30-ans\/"},{"@type":"ListItem","position":2,"name":"Au c\u0153ur du viaduc de Beez"}]},{"@type":"WebSite","@id":"https:\/\/grand-angle.lavenir.net\/e411-il-y-a-30-ans\/#website","url":"https:\/\/grand-angle.lavenir.net\/e411-il-y-a-30-ans\/","name":"L\u2019E411 inaugur\u00e9e il y a 30 ans","description":"","potentialAction":[{"@type":"SearchAction","target":{"@type":"EntryPoint","urlTemplate":"https:\/\/grand-angle.lavenir.net\/e411-il-y-a-30-ans\/?s={search_term_string}"},"query-input":{"@type":"PropertyValueSpecification","valueRequired":true,"valueName":"search_term_string"}}],"inLanguage":"fr-BE"}]}},"_links":{"self":[{"href":"https:\/\/grand-angle.lavenir.net\/e411-il-y-a-30-ans\/wp-json\/wp\/v2\/pages\/30","targetHints":{"allow":["GET"]}}],"collection":[{"href":"https:\/\/grand-angle.lavenir.net\/e411-il-y-a-30-ans\/wp-json\/wp\/v2\/pages"}],"about":[{"href":"https:\/\/grand-angle.lavenir.net\/e411-il-y-a-30-ans\/wp-json\/wp\/v2\/types\/page"}],"author":[{"embeddable":true,"href":"https:\/\/grand-angle.lavenir.net\/e411-il-y-a-30-ans\/wp-json\/wp\/v2\/users\/1"}],"replies":[{"embeddable":true,"href":"https:\/\/grand-angle.lavenir.net\/e411-il-y-a-30-ans\/wp-json\/wp\/v2\/comments?post=30"}],"version-history":[{"count":0,"href":"https:\/\/grand-angle.lavenir.net\/e411-il-y-a-30-ans\/wp-json\/wp\/v2\/pages\/30\/revisions"}],"wp:attachment":[{"href":"https:\/\/grand-angle.lavenir.net\/e411-il-y-a-30-ans\/wp-json\/wp\/v2\/media?parent=30"}],"curies":[{"name":"wp","href":"https:\/\/api.w.org\/{rel}","templated":true}]}}