{"id":2242,"date":"2023-03-09T14:51:09","date_gmt":"2023-03-09T13:51:09","guid":{"rendered":"https:\/\/grand-angle.lavenir.net\/des-visages-et-des-luttes\/?page_id=2242"},"modified":"2023-12-14T09:33:41","modified_gmt":"2023-12-14T08:33:41","slug":"occuper-la-terre-pour-en-revendiquer-le-droit-dusage","status":"publish","type":"page","link":"https:\/\/grand-angle.lavenir.net\/des-visages-et-des-luttes\/occuper-la-terre-pour-en-revendiquer-le-droit-dusage\/","title":{"rendered":"Occuper la terre pour en revendiquer le droit d\u2019usage"},"content":{"rendered":"<p><div class=\"fusion-fullwidth fullwidth-box fusion-builder-row-1 fusion-flex-container hundred-percent-fullwidth non-hundred-percent-height-scrolling banner-visage\" style=\"--awb-border-radius-top-left:0px;--awb-border-radius-top-right:0px;--awb-border-radius-bottom-right:0px;--awb-border-radius-bottom-left:0px;--awb-flex-wrap:wrap;\" ><div class=\"fusion-builder-row fusion-row fusion-flex-align-items-flex-start fusion-flex-content-wrap\" style=\"width:104% !important;max-width:104% !important;margin-left: calc(-4% \/ 2 );margin-right: calc(-4% \/ 2 );\"><div class=\"fusion-layout-column fusion_builder_column fusion-builder-column-0 fusion_builder_column_1_1 1_1 fusion-flex-column\" style=\"--awb-bg-size:cover;--awb-width-large:100%;--awb-margin-top-large:0px;--awb-spacing-right-large:1.92%;--awb-margin-bottom-large:0px;--awb-spacing-left-large:1.92%;--awb-width-medium:100%;--awb-order-medium:0;--awb-spacing-right-medium:1.92%;--awb-spacing-left-medium:1.92%;--awb-width-small:100%;--awb-order-small:0;--awb-spacing-right-small:1.92%;--awb-spacing-left-small:1.92%;\"><div class=\"fusion-column-wrapper fusion-column-has-shadow fusion-flex-justify-content-flex-start fusion-content-layout-column\"><div class=\"fusion-image-element \" style=\"--awb-caption-title-font-family:var(--h2_typography-font-family);--awb-caption-title-font-weight:var(--h2_typography-font-weight);--awb-caption-title-font-style:var(--h2_typography-font-style);--awb-caption-title-size:var(--h2_typography-font-size);--awb-caption-title-transform:var(--h2_typography-text-transform);--awb-caption-title-line-height:var(--h2_typography-line-height);--awb-caption-title-letter-spacing:var(--h2_typography-letter-spacing);\"><span class=\" fusion-imageframe imageframe-none imageframe-1 hover-type-none\"><img decoding=\"async\" width=\"1900\" height=\"200\" title=\"goias2023-bannervisages1\" src=\"https:\/\/grand-angle.lavenir.net\/des-visages-et-des-luttes\/wp-content\/uploads\/sites\/178\/2023\/03\/goias2023-bannervisages1.jpg\" alt class=\"img-responsive wp-image-2212\" srcset=\"https:\/\/grand-angle.lavenir.net\/des-visages-et-des-luttes\/wp-content\/uploads\/sites\/178\/2023\/03\/goias2023-bannervisages1-200x21.jpg 200w, https:\/\/grand-angle.lavenir.net\/des-visages-et-des-luttes\/wp-content\/uploads\/sites\/178\/2023\/03\/goias2023-bannervisages1-400x42.jpg 400w, https:\/\/grand-angle.lavenir.net\/des-visages-et-des-luttes\/wp-content\/uploads\/sites\/178\/2023\/03\/goias2023-bannervisages1-600x63.jpg 600w, https:\/\/grand-angle.lavenir.net\/des-visages-et-des-luttes\/wp-content\/uploads\/sites\/178\/2023\/03\/goias2023-bannervisages1-800x84.jpg 800w, https:\/\/grand-angle.lavenir.net\/des-visages-et-des-luttes\/wp-content\/uploads\/sites\/178\/2023\/03\/goias2023-bannervisages1-1200x126.jpg 1200w, https:\/\/grand-angle.lavenir.net\/des-visages-et-des-luttes\/wp-content\/uploads\/sites\/178\/2023\/03\/goias2023-bannervisages1.jpg 1900w\" sizes=\"(max-width: 1024px) 100vw, (max-width: 640px) 100vw, 1200px\" \/><\/span><\/div><\/div><\/div><\/div><\/div><div class=\"fusion-fullwidth fullwidth-box fusion-builder-row-2 fusion-flex-container nonhundred-percent-fullwidth non-hundred-percent-height-scrolling first-container bkg-gold\" style=\"--awb-border-radius-top-left:0px;--awb-border-radius-top-right:0px;--awb-border-radius-bottom-right:0px;--awb-border-radius-bottom-left:0px;--awb-padding-top:20px;--awb-flex-wrap:wrap;\" ><div class=\"fusion-builder-row fusion-row fusion-flex-align-items-flex-start fusion-flex-content-wrap\" style=\"max-width:884px;margin-left: calc(-4% \/ 2 );margin-right: calc(-4% \/ 2 );\"><div class=\"fusion-layout-column fusion_builder_column fusion-builder-column-1 fusion_builder_column_1_1 1_1 fusion-flex-column\" style=\"--awb-bg-size:cover;--awb-width-large:100%;--awb-margin-top-large:0px;--awb-spacing-right-large:1.92%;--awb-margin-bottom-large:0px;--awb-spacing-left-large:1.92%;--awb-width-medium:100%;--awb-order-medium:0;--awb-spacing-right-medium:1.92%;--awb-spacing-left-medium:1.92%;--awb-width-small:100%;--awb-order-small:0;--awb-spacing-right-small:1.92%;--awb-spacing-left-small:1.92%;\"><div class=\"fusion-column-wrapper fusion-column-has-shadow fusion-flex-justify-content-flex-start fusion-content-layout-column\"><div class=\"fusion-text fusion-text-1\" style=\"--awb-text-color:#ffffff;\"><p style=\"text-align: center;\"><strong>\u00c0 Santa Helena de Goi\u00e1s, la communaut\u00e9 L\u00e9onir Orback r\u00e9siste face \u00e0 la puissante agrobusiness voisine, mais aussi l\u2019acharnement d\u2019un juge local.<\/strong><\/p>\n<\/div><\/div><\/div><\/div><\/div><div class=\"fusion-fullwidth fullwidth-box fusion-builder-row-3 fusion-flex-container nonhundred-percent-fullwidth non-hundred-percent-height-scrolling\" style=\"--awb-border-radius-top-left:0px;--awb-border-radius-top-right:0px;--awb-border-radius-bottom-right:0px;--awb-border-radius-bottom-left:0px;--awb-padding-top:4%;--awb-flex-wrap:wrap;\" ><div class=\"fusion-builder-row fusion-row fusion-flex-align-items-flex-start fusion-flex-content-wrap\" style=\"max-width:884px;margin-left: calc(-4% \/ 2 );margin-right: calc(-4% \/ 2 );\"><div class=\"fusion-layout-column fusion_builder_column fusion-builder-column-2 fusion_builder_column_1_1 1_1 fusion-flex-column\" style=\"--awb-bg-size:cover;--awb-width-large:100%;--awb-margin-top-large:0px;--awb-spacing-right-large:1.92%;--awb-margin-bottom-large:20px;--awb-spacing-left-large:1.92%;--awb-width-medium:100%;--awb-order-medium:0;--awb-spacing-right-medium:1.92%;--awb-spacing-left-medium:1.92%;--awb-width-small:100%;--awb-order-small:0;--awb-spacing-right-small:1.92%;--awb-spacing-left-small:1.92%;\"><div class=\"fusion-column-wrapper fusion-column-has-shadow fusion-flex-justify-content-flex-start fusion-content-layout-column\"><div class=\"fusion-text fusion-text-2\"><p>Face \u00e0 la pression populaire, et quelques jours seulement avant un coup d\u2019\u00c9tat militaire, le gouvernement jette les bases d\u2019une r\u00e9forme agraire le 13\u00a0mars 1964.<\/p>\n<p>Reprise en main par la junte, celle-ci trouve sa premi\u00e8re application dans la loi sur l\u2019Estuto da Terra, qui \u00e9tablit les conditions d\u2019expropriation des terres ne respectant pas leur \u00ab\u00a0fonction sociale\u00a0\u00bb, d\u00e9finie selon 4 crit\u00e8res (art. 186 de la Constitution)\u2009: mise en valeur rationnelle et ad\u00e9quate\u2009; utilisation ad\u00e9quate des ressources naturelles disponibles et pr\u00e9servation de l\u2019environnement\u2009; respect des dispositions qui r\u00e9glementent les relations du travail\u2009; exploitation favorisant le bien-\u00eatre des propri\u00e9taires et des travailleurs. Un droit d\u2019usage sur ces terres peut alors \u00eatre conc\u00e9d\u00e9 par le gouvernement (assentamento) aux travailleurs ruraux sans terre, producteurs d\u2019une agro\u00e9cologie familiale.<\/p>\n<p>C\u2019est pour revendiquer un tel droit que Wilmar Fernando do Santos et sa communaut\u00e9 sont venus s\u2019\u00e9tablir sur une portion de culture de canne \u00e0 sucre laiss\u00e9e \u00e0 l\u2019abandon dans la r\u00e9gion de Santa Helena de Goi\u00e1s.<\/p>\n<\/div><div class=\"fusion-image-element \" style=\"--awb-caption-title-font-family:var(--h2_typography-font-family);--awb-caption-title-font-weight:var(--h2_typography-font-weight);--awb-caption-title-font-style:var(--h2_typography-font-style);--awb-caption-title-size:var(--h2_typography-font-size);--awb-caption-title-transform:var(--h2_typography-text-transform);--awb-caption-title-line-height:var(--h2_typography-line-height);--awb-caption-title-letter-spacing:var(--h2_typography-letter-spacing);\"><span class=\" fusion-imageframe imageframe-none imageframe-2 hover-type-zoomin\"><img decoding=\"async\" width=\"2000\" height=\"1500\" title=\"goias2023-romain_veys_eda-leonir_orback (9)\" src=\"https:\/\/grand-angle.lavenir.net\/des-visages-et-des-luttes\/wp-content\/uploads\/sites\/178\/2023\/03\/goias2023-romain_veys_eda-leonir_orback-9.jpg\" alt class=\"img-responsive wp-image-2252\" srcset=\"https:\/\/grand-angle.lavenir.net\/des-visages-et-des-luttes\/wp-content\/uploads\/sites\/178\/2023\/03\/goias2023-romain_veys_eda-leonir_orback-9-200x150.jpg 200w, https:\/\/grand-angle.lavenir.net\/des-visages-et-des-luttes\/wp-content\/uploads\/sites\/178\/2023\/03\/goias2023-romain_veys_eda-leonir_orback-9-400x300.jpg 400w, https:\/\/grand-angle.lavenir.net\/des-visages-et-des-luttes\/wp-content\/uploads\/sites\/178\/2023\/03\/goias2023-romain_veys_eda-leonir_orback-9-600x450.jpg 600w, https:\/\/grand-angle.lavenir.net\/des-visages-et-des-luttes\/wp-content\/uploads\/sites\/178\/2023\/03\/goias2023-romain_veys_eda-leonir_orback-9-800x600.jpg 800w, https:\/\/grand-angle.lavenir.net\/des-visages-et-des-luttes\/wp-content\/uploads\/sites\/178\/2023\/03\/goias2023-romain_veys_eda-leonir_orback-9-1200x900.jpg 1200w, https:\/\/grand-angle.lavenir.net\/des-visages-et-des-luttes\/wp-content\/uploads\/sites\/178\/2023\/03\/goias2023-romain_veys_eda-leonir_orback-9.jpg 2000w\" sizes=\"(max-width: 1024px) 100vw, (max-width: 640px) 100vw, 1200px\" \/><\/span><\/div><div class=\"fusion-text fusion-text-3\"><p>\u00ab\u00a0Nous occupons cette terre depuis maintenant 6 ans, explique celui qui est le leader de la communaut\u00e9 baptis\u00e9e L\u00e9onir Orback. Quand nous avons appris que l\u2019entreprise \u00e0 laquelle appartient cette terre \u00e9tait en faillite et avait une dette envers l\u2019\u00c9tat, nous nous sommes install\u00e9s ici pour revendiquer cette terre.\u00a0\u00bb<\/p>\n<p>L\u2019id\u00e9e d\u00e9fendue par la communaut\u00e9 de Wilmar est simple\u00a0: montrer au gouvernement qu\u2019elle est capable de r\u00e9pondre aux crit\u00e8res qui \u00e9tablissent la fonction sociale de la terre et esp\u00e9rer ainsi recevoir un droit d\u2019usage de la part de l\u2019\u00c9tat f\u00e9d\u00e9ral.<\/p>\n<p>\u00ab Mais la difficult\u00e9, c\u2019est de produire de fa\u00e7on agro\u00e9cologique, car nous sommes voisins de grandes fermes de l\u2019agrobusiness, qui est tr\u00e8s forte dans la r\u00e9gion, pointe Wilmar. Or, eux, ils utilisent beaucoup de pesticides, qu\u2019ils \u00e9tendent sur leurs cultures non pas avec des tracteurs mais avec des avions\u00a0! Du coup, notre communaut\u00e9 et nos plantations sont \u00e9galement touch\u00e9es. D\u2019ailleurs six de nos membres ont d\u00e9j\u00e0 \u00e9t\u00e9 intoxiqu\u00e9es en raison de ces produits chimiques.\u00a0\u00bb<\/p>\n<\/div><\/div><\/div><div class=\"fusion-layout-column fusion_builder_column fusion-builder-column-3 fusion_builder_column_1_3 1_3 fusion-flex-column\" style=\"--awb-bg-size:cover;--awb-width-large:33.3333333333%;--awb-margin-top-large:0px;--awb-spacing-right-large:5.76%;--awb-margin-bottom-large:20px;--awb-spacing-left-large:5.76%;--awb-width-medium:100%;--awb-order-medium:0;--awb-spacing-right-medium:1.92%;--awb-spacing-left-medium:1.92%;--awb-width-small:100%;--awb-order-small:0;--awb-spacing-right-small:1.92%;--awb-spacing-left-small:1.92%;\"><div class=\"fusion-column-wrapper fusion-column-has-shadow fusion-flex-justify-content-flex-start fusion-content-layout-column\"><div class=\"fusion-image-element \" style=\"--awb-caption-title-font-family:var(--h2_typography-font-family);--awb-caption-title-font-weight:var(--h2_typography-font-weight);--awb-caption-title-font-style:var(--h2_typography-font-style);--awb-caption-title-size:var(--h2_typography-font-size);--awb-caption-title-transform:var(--h2_typography-text-transform);--awb-caption-title-line-height:var(--h2_typography-line-height);--awb-caption-title-letter-spacing:var(--h2_typography-letter-spacing);\"><span class=\" fusion-imageframe imageframe-none imageframe-3 hover-type-zoomin\"><img decoding=\"async\" width=\"2000\" height=\"1500\" title=\"goias2023-romain_veys_eda-leonir_orback (12)\" src=\"https:\/\/grand-angle.lavenir.net\/des-visages-et-des-luttes\/wp-content\/uploads\/sites\/178\/2023\/03\/goias2023-romain_veys_eda-leonir_orback-12.jpg\" alt class=\"img-responsive wp-image-2255\" srcset=\"https:\/\/grand-angle.lavenir.net\/des-visages-et-des-luttes\/wp-content\/uploads\/sites\/178\/2023\/03\/goias2023-romain_veys_eda-leonir_orback-12-200x150.jpg 200w, https:\/\/grand-angle.lavenir.net\/des-visages-et-des-luttes\/wp-content\/uploads\/sites\/178\/2023\/03\/goias2023-romain_veys_eda-leonir_orback-12-400x300.jpg 400w, https:\/\/grand-angle.lavenir.net\/des-visages-et-des-luttes\/wp-content\/uploads\/sites\/178\/2023\/03\/goias2023-romain_veys_eda-leonir_orback-12-600x450.jpg 600w, https:\/\/grand-angle.lavenir.net\/des-visages-et-des-luttes\/wp-content\/uploads\/sites\/178\/2023\/03\/goias2023-romain_veys_eda-leonir_orback-12-800x600.jpg 800w, https:\/\/grand-angle.lavenir.net\/des-visages-et-des-luttes\/wp-content\/uploads\/sites\/178\/2023\/03\/goias2023-romain_veys_eda-leonir_orback-12-1200x900.jpg 1200w, https:\/\/grand-angle.lavenir.net\/des-visages-et-des-luttes\/wp-content\/uploads\/sites\/178\/2023\/03\/goias2023-romain_veys_eda-leonir_orback-12.jpg 2000w\" sizes=\"(max-width: 1024px) 100vw, (max-width: 640px) 100vw, 400px\" \/><\/span><\/div><\/div><\/div><div class=\"fusion-layout-column fusion_builder_column fusion-builder-column-4 fusion_builder_column_1_3 1_3 fusion-flex-column\" style=\"--awb-bg-size:cover;--awb-width-large:33.3333333333%;--awb-margin-top-large:0px;--awb-spacing-right-large:5.76%;--awb-margin-bottom-large:20px;--awb-spacing-left-large:5.76%;--awb-width-medium:100%;--awb-order-medium:0;--awb-spacing-right-medium:1.92%;--awb-spacing-left-medium:1.92%;--awb-width-small:100%;--awb-order-small:0;--awb-spacing-right-small:1.92%;--awb-spacing-left-small:1.92%;\"><div class=\"fusion-column-wrapper fusion-column-has-shadow fusion-flex-justify-content-flex-start fusion-content-layout-column\"><div class=\"fusion-image-element \" style=\"--awb-caption-title-font-family:var(--h2_typography-font-family);--awb-caption-title-font-weight:var(--h2_typography-font-weight);--awb-caption-title-font-style:var(--h2_typography-font-style);--awb-caption-title-size:var(--h2_typography-font-size);--awb-caption-title-transform:var(--h2_typography-text-transform);--awb-caption-title-line-height:var(--h2_typography-line-height);--awb-caption-title-letter-spacing:var(--h2_typography-letter-spacing);\"><span class=\" fusion-imageframe imageframe-none imageframe-4 hover-type-zoomin\"><img decoding=\"async\" width=\"1200\" height=\"900\" title=\"goias2023-romain_veys_eda-leonir_orback (4)\" src=\"https:\/\/grand-angle.lavenir.net\/des-visages-et-des-luttes\/wp-content\/uploads\/sites\/178\/2023\/03\/goias2023-romain_veys_eda-leonir_orback-4-1200x900.jpg\" alt class=\"img-responsive wp-image-2247\" srcset=\"https:\/\/grand-angle.lavenir.net\/des-visages-et-des-luttes\/wp-content\/uploads\/sites\/178\/2023\/03\/goias2023-romain_veys_eda-leonir_orback-4-200x150.jpg 200w, https:\/\/grand-angle.lavenir.net\/des-visages-et-des-luttes\/wp-content\/uploads\/sites\/178\/2023\/03\/goias2023-romain_veys_eda-leonir_orback-4-400x300.jpg 400w, https:\/\/grand-angle.lavenir.net\/des-visages-et-des-luttes\/wp-content\/uploads\/sites\/178\/2023\/03\/goias2023-romain_veys_eda-leonir_orback-4-600x450.jpg 600w, https:\/\/grand-angle.lavenir.net\/des-visages-et-des-luttes\/wp-content\/uploads\/sites\/178\/2023\/03\/goias2023-romain_veys_eda-leonir_orback-4-800x600.jpg 800w, https:\/\/grand-angle.lavenir.net\/des-visages-et-des-luttes\/wp-content\/uploads\/sites\/178\/2023\/03\/goias2023-romain_veys_eda-leonir_orback-4-1200x900.jpg 1200w\" sizes=\"(max-width: 1024px) 100vw, (max-width: 640px) 100vw, 400px\" \/><\/span><\/div><\/div><\/div><div class=\"fusion-layout-column fusion_builder_column fusion-builder-column-5 fusion_builder_column_1_3 1_3 fusion-flex-column\" style=\"--awb-bg-size:cover;--awb-width-large:33.3333333333%;--awb-margin-top-large:0px;--awb-spacing-right-large:5.76%;--awb-margin-bottom-large:20px;--awb-spacing-left-large:5.76%;--awb-width-medium:100%;--awb-order-medium:0;--awb-spacing-right-medium:1.92%;--awb-spacing-left-medium:1.92%;--awb-width-small:100%;--awb-order-small:0;--awb-spacing-right-small:1.92%;--awb-spacing-left-small:1.92%;\"><div class=\"fusion-column-wrapper fusion-column-has-shadow fusion-flex-justify-content-flex-start fusion-content-layout-column\"><div class=\"fusion-image-element \" style=\"--awb-caption-title-font-family:var(--h2_typography-font-family);--awb-caption-title-font-weight:var(--h2_typography-font-weight);--awb-caption-title-font-style:var(--h2_typography-font-style);--awb-caption-title-size:var(--h2_typography-font-size);--awb-caption-title-transform:var(--h2_typography-text-transform);--awb-caption-title-line-height:var(--h2_typography-line-height);--awb-caption-title-letter-spacing:var(--h2_typography-letter-spacing);\"><span class=\" fusion-imageframe imageframe-none imageframe-5 hover-type-zoomin\"><img decoding=\"async\" width=\"1200\" height=\"900\" title=\"goias2023-romain_veys_eda-leonir_orback (14)\" src=\"https:\/\/grand-angle.lavenir.net\/des-visages-et-des-luttes\/wp-content\/uploads\/sites\/178\/2023\/03\/goias2023-romain_veys_eda-leonir_orback-14-1200x900.jpg\" alt class=\"img-responsive wp-image-2257\" srcset=\"https:\/\/grand-angle.lavenir.net\/des-visages-et-des-luttes\/wp-content\/uploads\/sites\/178\/2023\/03\/goias2023-romain_veys_eda-leonir_orback-14-200x150.jpg 200w, https:\/\/grand-angle.lavenir.net\/des-visages-et-des-luttes\/wp-content\/uploads\/sites\/178\/2023\/03\/goias2023-romain_veys_eda-leonir_orback-14-400x300.jpg 400w, https:\/\/grand-angle.lavenir.net\/des-visages-et-des-luttes\/wp-content\/uploads\/sites\/178\/2023\/03\/goias2023-romain_veys_eda-leonir_orback-14-600x450.jpg 600w, https:\/\/grand-angle.lavenir.net\/des-visages-et-des-luttes\/wp-content\/uploads\/sites\/178\/2023\/03\/goias2023-romain_veys_eda-leonir_orback-14-800x600.jpg 800w, https:\/\/grand-angle.lavenir.net\/des-visages-et-des-luttes\/wp-content\/uploads\/sites\/178\/2023\/03\/goias2023-romain_veys_eda-leonir_orback-14-1200x900.jpg 1200w\" sizes=\"(max-width: 1024px) 100vw, (max-width: 640px) 100vw, 400px\" \/><\/span><\/div><\/div><\/div><div class=\"fusion-layout-column fusion_builder_column fusion-builder-column-6 fusion_builder_column_1_1 1_1 fusion-flex-column\" style=\"--awb-bg-size:cover;--awb-width-large:100%;--awb-margin-top-large:0px;--awb-spacing-right-large:1.92%;--awb-margin-bottom-large:20px;--awb-spacing-left-large:1.92%;--awb-width-medium:100%;--awb-order-medium:0;--awb-spacing-right-medium:1.92%;--awb-spacing-left-medium:1.92%;--awb-width-small:100%;--awb-order-small:0;--awb-spacing-right-small:1.92%;--awb-spacing-left-small:1.92%;\"><div class=\"fusion-column-wrapper fusion-column-has-shadow fusion-flex-justify-content-flex-start fusion-content-layout-column\"><div class=\"fusion-text fusion-text-4\"><h2>Criminalisation de la r\u00e9sistance<\/h2>\n<p>Au-del\u00e0 des probl\u00e8mes rencontr\u00e9s par l\u2019utilisation massive de pesticides par l\u2019agrobusiness voisine, la communaut\u00e9 L\u00e9onir Orback de Wilmar doit \u00e9galement faire face aux pressions politiques et polici\u00e8res locales.<\/p>\n<p>\u00ab\u00a0Un juge de la r\u00e9gion, ami des grands propri\u00e9taires locaux, a men\u00e9 une action en justice afin de nous expulser et de faire reconnaitre le Movimento dos trabalhadores rurais sem terra (MST) comme un mouvement terroriste, d\u00e9nonce ainsi le leader de la communaut\u00e9. Plusieurs de nos membres ont \u00e9t\u00e9 arr\u00eat\u00e9s \u00e0 la suite de cette action.\u00a0\u00bb<\/p>\n<p>Wilmar nous explique ainsi que Valdir, un compagnon du MST, a \u00e9cop\u00e9 d\u2019une peine de 6 mois de prison. Luis, un membre de la communaut\u00e9, purge, lui, une peine d\u2019un an d\u2019emprisonnement. \u00ab\u00a0Et une action est actuellement en cours contre Jessica et Natalino, deux autres membres de notre communaut\u00e9, qui ont \u00e9t\u00e9 contraint de s\u2019exiler.\u00a0\u00bb Si ce dernier s\u2019est finalement rendu \u00e0 la police d\u2019un autre \u00c9tat, Jessica, elle, vit cach\u00e9e dans un lieu tenu secret depuis des mois.<\/p>\n<\/div><div class=\"fusion-image-element \" style=\"--awb-caption-title-font-family:var(--h2_typography-font-family);--awb-caption-title-font-weight:var(--h2_typography-font-weight);--awb-caption-title-font-style:var(--h2_typography-font-style);--awb-caption-title-size:var(--h2_typography-font-size);--awb-caption-title-transform:var(--h2_typography-text-transform);--awb-caption-title-line-height:var(--h2_typography-line-height);--awb-caption-title-letter-spacing:var(--h2_typography-letter-spacing);\"><span class=\" fusion-imageframe imageframe-none imageframe-6 hover-type-zoomin\"><img decoding=\"async\" width=\"2000\" height=\"1500\" title=\"goias2023-romain_veys_eda-leonir_orback (10)\" src=\"https:\/\/grand-angle.lavenir.net\/des-visages-et-des-luttes\/wp-content\/uploads\/sites\/178\/2023\/03\/goias2023-romain_veys_eda-leonir_orback-10.jpg\" alt class=\"img-responsive wp-image-2253\" srcset=\"https:\/\/grand-angle.lavenir.net\/des-visages-et-des-luttes\/wp-content\/uploads\/sites\/178\/2023\/03\/goias2023-romain_veys_eda-leonir_orback-10-200x150.jpg 200w, https:\/\/grand-angle.lavenir.net\/des-visages-et-des-luttes\/wp-content\/uploads\/sites\/178\/2023\/03\/goias2023-romain_veys_eda-leonir_orback-10-400x300.jpg 400w, https:\/\/grand-angle.lavenir.net\/des-visages-et-des-luttes\/wp-content\/uploads\/sites\/178\/2023\/03\/goias2023-romain_veys_eda-leonir_orback-10-600x450.jpg 600w, https:\/\/grand-angle.lavenir.net\/des-visages-et-des-luttes\/wp-content\/uploads\/sites\/178\/2023\/03\/goias2023-romain_veys_eda-leonir_orback-10-800x600.jpg 800w, https:\/\/grand-angle.lavenir.net\/des-visages-et-des-luttes\/wp-content\/uploads\/sites\/178\/2023\/03\/goias2023-romain_veys_eda-leonir_orback-10-1200x900.jpg 1200w, https:\/\/grand-angle.lavenir.net\/des-visages-et-des-luttes\/wp-content\/uploads\/sites\/178\/2023\/03\/goias2023-romain_veys_eda-leonir_orback-10.jpg 2000w\" sizes=\"(max-width: 1024px) 100vw, (max-width: 640px) 100vw, 1200px\" \/><\/span><\/div><div class=\"fusion-text fusion-text-5\"><p>Soutenue activement par les \u00e9quipes juridiques de la Commission pastorale de la terre (CPT) et d\u2019autres partenaires, la communaut\u00e9 L\u00e9onir Orback a r\u00e9cemment obtenu que l\u2019avis d\u2019expulsion soit annul\u00e9, dans l\u2019attente qu\u2019une solution puisse \u00eatre trouv\u00e9e dans le diff\u00e9rend opposant le gouvernement au propri\u00e9taire de la parcelle. Elle attend d\u00e9sormais le verdict final dans l\u2019action entam\u00e9e par le juge local dans le but de criminaliser le MST, qui organise la r\u00e9sistance des travailleurs ruraux sans terre.<\/p>\n<p>\u00ab\u00a0Nous sommes aujourd\u2019hui environ 120 familles sur le camp d\u2019occupation, reprend Wilmar. Nous ne sommes pas des criminels. Simplement des paysans qui veulent pouvoir cultiver cette terre. Notre seule volont\u00e9, c\u2019est de pouvoir rester ici et produire.\u00a0\u00bb<\/p>\n<\/div><\/div><\/div><\/div><\/div><div class=\"fusion-fullwidth fullwidth-box fusion-builder-row-4 fusion-flex-container fusion-parallax-fixed nonhundred-percent-fullwidth non-hundred-percent-height-scrolling parallax\" style=\"--awb-border-radius-top-left:0px;--awb-border-radius-top-right:0px;--awb-border-radius-bottom-right:0px;--awb-border-radius-bottom-left:0px;--awb-min-height:80vh;--awb-background-image:url(&quot;https:\/\/grand-angle.lavenir.net\/des-visages-et-des-luttes\/wp-content\/uploads\/sites\/178\/2023\/03\/goias2023-romain_veys_eda-leonir_orback-5-1200x287.jpg&quot;);--awb-background-size:cover;--awb-flex-wrap:wrap;background-attachment:fixed;\" ><div class=\"fusion-builder-row fusion-row fusion-flex-align-items-flex-start fusion-flex-content-wrap\" style=\"max-width:884px;margin-left: calc(-4% \/ 2 );margin-right: calc(-4% \/ 2 );\"><div class=\"fusion-layout-column fusion_builder_column fusion-builder-column-7 fusion_builder_column_1_1 1_1 fusion-flex-column\" style=\"--awb-bg-size:cover;--awb-width-large:100%;--awb-margin-top-large:0px;--awb-spacing-right-large:1.92%;--awb-margin-bottom-large:20px;--awb-spacing-left-large:1.92%;--awb-width-medium:100%;--awb-order-medium:0;--awb-spacing-right-medium:1.92%;--awb-spacing-left-medium:1.92%;--awb-width-small:100%;--awb-order-small:0;--awb-spacing-right-small:1.92%;--awb-spacing-left-small:1.92%;\"><div class=\"fusion-column-wrapper fusion-column-has-shadow fusion-flex-justify-content-flex-start fusion-content-layout-column\"><\/div><\/div><\/div><\/div><div class=\"fusion-fullwidth fullwidth-box fusion-builder-row-5 fusion-flex-container nonhundred-percent-fullwidth non-hundred-percent-height-scrolling\" style=\"--awb-border-radius-top-left:0px;--awb-border-radius-top-right:0px;--awb-border-radius-bottom-right:0px;--awb-border-radius-bottom-left:0px;--awb-padding-top:4%;--awb-background-color:#4d4c2b;--awb-flex-wrap:wrap;\" ><div class=\"fusion-builder-row fusion-row fusion-flex-align-items-flex-start fusion-flex-content-wrap\" style=\"max-width:884px;margin-left: calc(-4% \/ 2 );margin-right: calc(-4% \/ 2 );\"><div class=\"fusion-layout-column fusion_builder_column fusion-builder-column-8 fusion_builder_column_1_1 1_1 fusion-flex-column palm-right\" style=\"--awb-padding-top:4%;--awb-padding-right:4%;--awb-padding-bottom:4%;--awb-padding-left:4%;--awb-bg-color:#efe3cd;--awb-bg-color-hover:#efe3cd;--awb-bg-size:cover;--awb-width-large:100%;--awb-margin-top-large:0px;--awb-spacing-right-large:1.92%;--awb-margin-bottom-large:20px;--awb-spacing-left-large:1.92%;--awb-width-medium:100%;--awb-order-medium:0;--awb-spacing-right-medium:1.92%;--awb-spacing-left-medium:1.92%;--awb-width-small:100%;--awb-order-small:0;--awb-spacing-right-small:1.92%;--awb-spacing-left-small:1.92%;\"><div class=\"fusion-column-wrapper fusion-column-has-shadow fusion-flex-justify-content-flex-start fusion-content-layout-column\"><div class=\"fusion-text fusion-text-6\"><h2>Un lourd tribut humain<\/h2>\n<p>Fond\u00e9 en 1985, le Movimento dos Trabalhadores Rurais Sem Terra (MST) milite en faveur de la lutte des communaut\u00e9s rurales et organise l\u2019occupation de territoires qui ne remplissent pas la fonction sociale de la terre, en marge de la r\u00e9forme agraire (lire ci-contre).<\/p>\n<p>\u00ab\u00a0Le Mouvement des travailleurs sociaux sans terre aident les communaut\u00e9s locales \u00e0 organiser la r\u00e9sistance face aux grands propri\u00e9taires voisins et face \u00e0 l\u2019utilisation surabondante de pesticides, explique Maria Moreira da Silva Neta. Pour cela, nous cultivons la terre, pour montrer l\u2019utilit\u00e9 de ces communaut\u00e9s, ce ne sont pas des familles qui s\u2019installent l\u00e0 pour ne rien faire, elles veulent participer \u00e0 l\u2019organisation de la soci\u00e9t\u00e9. C\u2019est pourquoi elles redistribuent une partie de leurs r\u00e9coltes aux plus n\u00e9cessiteux et vendent \u00e9galement certains produits de leur activit\u00e9 agricole. Nous n\u2019avons qu\u2019un seul objectif\u00a0: que ces familles puissent conqu\u00e9rir cette terre. Et pour cela, il faut r\u00e9sister et travailler la terre.\u00a0\u00bb<\/p>\n<p>Comme Maria, ils sont plusieurs centaines de milliers de travailleurs ruraux et militants du MST \u00e0 lutter pour faire vivre des campements. Mais cette lutte a un prix, souvent dramatique.<\/p>\n<p>Outre les pressions, les menaces de mort et les arrestations arbitraires, certains donnent leur vie pour la cause. En 2017, la Commission pastorale de la Terre estimait ainsi \u00e0 1722 le nombre de militants assassin\u00e9s depuis sa cr\u00e9ation\u2009dans les ann\u00e9es septante !<\/p>\n<\/div><div class=\"fusion-image-element \" style=\"--awb-caption-title-font-family:var(--h2_typography-font-family);--awb-caption-title-font-weight:var(--h2_typography-font-weight);--awb-caption-title-font-style:var(--h2_typography-font-style);--awb-caption-title-size:var(--h2_typography-font-size);--awb-caption-title-transform:var(--h2_typography-text-transform);--awb-caption-title-line-height:var(--h2_typography-line-height);--awb-caption-title-letter-spacing:var(--h2_typography-letter-spacing);\"><span class=\" fusion-imageframe imageframe-none imageframe-7 hover-type-zoomin\"><img decoding=\"async\" width=\"2000\" height=\"1500\" title=\"goias2023-romain_veys_eda-leonir_orback (11)\" src=\"https:\/\/grand-angle.lavenir.net\/des-visages-et-des-luttes\/wp-content\/uploads\/sites\/178\/2023\/03\/goias2023-romain_veys_eda-leonir_orback-11.jpg\" alt class=\"img-responsive wp-image-2254\" srcset=\"https:\/\/grand-angle.lavenir.net\/des-visages-et-des-luttes\/wp-content\/uploads\/sites\/178\/2023\/03\/goias2023-romain_veys_eda-leonir_orback-11-200x150.jpg 200w, https:\/\/grand-angle.lavenir.net\/des-visages-et-des-luttes\/wp-content\/uploads\/sites\/178\/2023\/03\/goias2023-romain_veys_eda-leonir_orback-11-400x300.jpg 400w, https:\/\/grand-angle.lavenir.net\/des-visages-et-des-luttes\/wp-content\/uploads\/sites\/178\/2023\/03\/goias2023-romain_veys_eda-leonir_orback-11-600x450.jpg 600w, https:\/\/grand-angle.lavenir.net\/des-visages-et-des-luttes\/wp-content\/uploads\/sites\/178\/2023\/03\/goias2023-romain_veys_eda-leonir_orback-11-800x600.jpg 800w, https:\/\/grand-angle.lavenir.net\/des-visages-et-des-luttes\/wp-content\/uploads\/sites\/178\/2023\/03\/goias2023-romain_veys_eda-leonir_orback-11-1200x900.jpg 1200w, https:\/\/grand-angle.lavenir.net\/des-visages-et-des-luttes\/wp-content\/uploads\/sites\/178\/2023\/03\/goias2023-romain_veys_eda-leonir_orback-11.jpg 2000w\" sizes=\"(max-width: 1024px) 100vw, (max-width: 640px) 100vw, 800px\" \/><\/span><\/div><div class=\"fusion-text fusion-text-7\"><h2>Le Br\u00e9sil, un des leaders mondiaux de l\u2019agrobusiness<\/h2>\n<p>Entre 2000 et 2020, le Br\u00e9sil est le pays o\u00f9 la couverture foresti\u00e8re a perdu le plus de terrain\u2009: 54 millions d\u2019hectares, selon l\u2019Organisation pour l\u2019alimentation et l\u2019agriculture (FAO). Cette r\u00e9alit\u00e9 s\u2019explique, en partie, par le d\u00e9veloppement de l\u2019agriculture.<\/p>\n<\/div><div style=\"text-align:center;\"><a class=\"fusion-button button-flat fusion-button-default-size button-default fusion-button-default button-1 fusion-button-default-span fusion-button-default-type\" target=\"_blank\" rel=\"noopener noreferrer\" href=\"https:\/\/www.fao.org\/3\/cc2211en\/cc2211en.pdf\"><span class=\"fusion-button-text awb-button__text awb-button__text--default\">Voir l&rsquo;article<\/span><\/a><\/div><div class=\"fusion-text fusion-text-8\"><p>Premier producteur mondial de f\u00e8ves de soja et de canne \u00e0 sucre, le Br\u00e9sil est \u00e9galement troisi\u00e8me producteur mondial de ma\u00efs et d\u2019huile de soja, mais aussi le deuxi\u00e8me producteur mondial de viande de b\u00e9tail et de viande de volaille. Avec 63 milliards de dollars en 2020, le Br\u00e9sil tr\u00f4ne par ailleurs au premier rang mondial des exportations en net.<\/p>\n<p>En 2020, toujours, le Br\u00e9sil \u00e9tait par exemple le deuxi\u00e8me plus gros exportateur mondial de b\u00e9tail et le troisi\u00e8me plus gros exportateur mondial de volaille, de ma\u00efs et d\u2019huile de soja. Avec 36 milliards de tonnes de c\u00e9r\u00e9ales export\u00e9es, il faisait partie du top 5 mondial en la mati\u00e8re (avec les USA, l\u2019Ukraine, l\u2019Argentine et la Russie).<\/p>\n<p>Enfin, le Br\u00e9sil occupe la deuxi\u00e8me place en mati\u00e8re d\u2019utilisation de pesticides (derri\u00e8res les USA)\u00a0: 377.000 tonnes de produits chimiques ont ainsi \u00e9t\u00e9 d\u00e9vers\u00e9s sur les cultures br\u00e9siliennes en 2020.<\/p>\n<\/div><div class=\"fusion-image-element \" style=\"--awb-caption-title-font-family:var(--h2_typography-font-family);--awb-caption-title-font-weight:var(--h2_typography-font-weight);--awb-caption-title-font-style:var(--h2_typography-font-style);--awb-caption-title-size:var(--h2_typography-font-size);--awb-caption-title-transform:var(--h2_typography-text-transform);--awb-caption-title-line-height:var(--h2_typography-line-height);--awb-caption-title-letter-spacing:var(--h2_typography-letter-spacing);\"><span class=\" fusion-imageframe imageframe-none imageframe-8 hover-type-zoomin\"><img decoding=\"async\" width=\"1200\" height=\"900\" title=\"goias2023-romain_veys_eda-leonir_orback (15)\" src=\"https:\/\/grand-angle.lavenir.net\/des-visages-et-des-luttes\/wp-content\/uploads\/sites\/178\/2023\/03\/goias2023-romain_veys_eda-leonir_orback-15-1200x900.jpg\" alt class=\"img-responsive wp-image-2258\" srcset=\"https:\/\/grand-angle.lavenir.net\/des-visages-et-des-luttes\/wp-content\/uploads\/sites\/178\/2023\/03\/goias2023-romain_veys_eda-leonir_orback-15-200x150.jpg 200w, https:\/\/grand-angle.lavenir.net\/des-visages-et-des-luttes\/wp-content\/uploads\/sites\/178\/2023\/03\/goias2023-romain_veys_eda-leonir_orback-15-400x300.jpg 400w, https:\/\/grand-angle.lavenir.net\/des-visages-et-des-luttes\/wp-content\/uploads\/sites\/178\/2023\/03\/goias2023-romain_veys_eda-leonir_orback-15-600x450.jpg 600w, https:\/\/grand-angle.lavenir.net\/des-visages-et-des-luttes\/wp-content\/uploads\/sites\/178\/2023\/03\/goias2023-romain_veys_eda-leonir_orback-15-800x600.jpg 800w, https:\/\/grand-angle.lavenir.net\/des-visages-et-des-luttes\/wp-content\/uploads\/sites\/178\/2023\/03\/goias2023-romain_veys_eda-leonir_orback-15-1200x900.jpg 1200w\" sizes=\"(max-width: 1024px) 100vw, (max-width: 640px) 100vw, 800px\" \/><\/span><\/div><div class=\"fusion-text fusion-text-9\"><p>Tandis qu\u2019un appareil r\u00e9colte les f\u00e8ves du soja battu par la moissonneuse, un autre tracteur passe juste derri\u00e8re pour d\u00e9j\u00e0 planter la prochaine r\u00e9colte.<\/p>\n<\/div><\/div><\/div><\/div><\/div><div class=\"fusion-fullwidth fullwidth-box fusion-builder-row-6 fusion-flex-container nonhundred-percent-fullwidth non-hundred-percent-height-scrolling\" style=\"--awb-border-radius-top-left:0px;--awb-border-radius-top-right:0px;--awb-border-radius-bottom-right:0px;--awb-border-radius-bottom-left:0px;--awb-flex-wrap:wrap;\" ><div class=\"fusion-builder-row fusion-row fusion-flex-align-items-flex-start fusion-flex-content-wrap\" style=\"max-width:884px;margin-left: calc(-4% \/ 2 );margin-right: calc(-4% \/ 2 );\"><div class=\"fusion-layout-column fusion_builder_column fusion-builder-column-9 fusion_builder_column_1_1 1_1 fusion-flex-column\" style=\"--awb-bg-size:cover;--awb-width-large:100%;--awb-margin-top-large:0px;--awb-spacing-right-large:1.92%;--awb-margin-bottom-large:20px;--awb-spacing-left-large:1.92%;--awb-width-medium:100%;--awb-spacing-right-medium:1.92%;--awb-spacing-left-medium:1.92%;--awb-width-small:100%;--awb-spacing-right-small:1.92%;--awb-spacing-left-small:1.92%;\"><div class=\"fusion-column-wrapper fusion-column-has-shadow fusion-flex-justify-content-flex-start fusion-content-layout-column\"><link rel=\"stylesheet\" href=\"https:\/\/use.typekit.net\/uji0zse.css\">\n<style>\n.chapitre figure {\n\tposition: relative;\n\toverflow: hidden;\n\tmargin: 10px 1%;\n\t\/*max-width: 480px;\n\tmax-height: 360px;*\/\n\tbackground: #ef7228 !important;\n\ttext-align: left;\n\tcursor: pointer;\n}\n\n.chapitre figure img {\n\tposition: relative;\n\tdisplay: block;\n\tmin-height: 100%;\n\tmax-width: 100%;\n\topacity: 0.5;\n}\n\n.chapitre figure figcaption {\n\tpadding: 2em;\n\tcolor: #fff;\n\ttext-transform: uppercase;\n\tfont-size: 1.25em;\n\t-webkit-backface-visibility: hidden;\n\tbackface-visibility: hidden;\n}\n\n.chapitre figure figcaption::before,\n.chapitre figure figcaption::after {\n\tpointer-events: none;\n}\n\n.chapitre figure figcaption,\n.chapitre figure figcaption > a {\n\tposition: absolute;\n\ttop: 0;\n\tleft: 0;\n\twidth: 100%;\n\theight: 100%;\n}\n.chapitre figure figcaption a {\n\tz-index: 1000;\n\twhite-space: nowrap;\n\tdisplay: block;\n}\nfigure.effect-goliath {\n\tbackground: #D60A11;\n}\n\nfigure.effect-goliath img.hover {\nopacity: 0;\nposition: absolute;\ntop: 0;\nleft: 0;\n\n}\nfigure.effect-goliath img,\nfigure.effect-goliath h2 {\n\t-webkit-transition: -webkit-transform 0.35s;\n\ttransition:  opacity 0.35s,transform 0.35s;\n}\n\nfigure.effect-goliath img {\n\t-webkit-backface-visibility: hidden;\n\tbackface-visibility: hidden;\n}\n\nfigure.effect-goliath h2,\nfigure.effect-goliath p {\n\tposition: absolute;\n\tbottom: 0;\n\tleft: 0;\n\tpadding: 10px;\n}\nfigure.effect-goliath h2 {\n\tposition: absolute;\n\tbottom: 0;\n\tleft: 0;\n\tpadding: 30px;\n\tcolor: #FFF;\n\tfont-weight: bold !important;\n\tfont-size: 24px !important;\n\ttext-shadow: 0px 0px 4px rgba(0,0,0,0.9);\n\tmargin: 0;\n\t\/* padding-bottom: 10px; *\/\n}\n\nfigure.effect-goliath p {\n\ttext-transform: none;\n\tfont-size: 85%;\n\topacity: 0;\n\t-webkit-transition: opacity 0.35s, -webkit-transform 0.35s;\n\ttransition: opacity 0.35s, transform 0.35s;\n\t-webkit-transform: translate3d(0,50px,0);\n\ttransform: translate3d(0,50px,0);\n       margin-bottom: 0px;\n}\n\nfigure.effect-goliath:hover img {\n\t-webkit-transform: translate3d(0,-75px,0);\n\ttransform: translate3d(0,-75px,0);\n}\nfigure.effect-goliath:hover img.hover {\n       opacity: 1;\n}\n\nfigure.effect-goliath:hover h2 {\n\t-webkit-transform: translate3d(0,-100px,0);\n\ttransform: translate3d(0,-100px,0);\n}\n\nfigure.effect-goliath:hover p {\n\topacity: 1;\n\t-webkit-transform: translate3d(0,0,0);\n\ttransform: translate3d(0,0,0);\n}\n<\/style><\/div><\/div><div class=\"fusion-layout-column fusion_builder_column fusion-builder-column-10 fusion_builder_column_1_1 1_1 fusion-flex-column\" style=\"--awb-bg-size:cover;--awb-width-large:100%;--awb-margin-top-large:0px;--awb-spacing-right-large:1.92%;--awb-margin-bottom-large:20px;--awb-spacing-left-large:1.92%;--awb-width-medium:100%;--awb-spacing-right-medium:1.92%;--awb-spacing-left-medium:1.92%;--awb-width-small:100%;--awb-spacing-right-small:1.92%;--awb-spacing-left-small:1.92%;\"><div class=\"fusion-column-wrapper fusion-column-has-shadow fusion-flex-justify-content-flex-start fusion-content-layout-column\"><div style=\"text-align:center;\"><a class=\"fusion-button button-flat fusion-button-default-size button-default fusion-button-default button-2 fusion-button-default-span fusion-button-default-type\" target=\"_self\" href=\"https:\/\/grand-angle.lavenir.net\/des-visages-et-des-luttes\/\"><span class=\"fusion-button-text awb-button__text awb-button__text--default\">Retour \u00e0 l\u2019accueil<\/span><\/a><\/div><\/div><\/div><div class=\"fusion-layout-column fusion_builder_column fusion-builder-column-11 fusion_builder_column_1_2 1_2 fusion-flex-column fusion-column-inner-bg-wrapper\" style=\"--awb-inner-bg-size:cover;--awb-width-large:50%;--awb-margin-top-large:0px;--awb-spacing-right-large:3.84%;--awb-margin-bottom-large:20px;--awb-spacing-left-large:3.84%;--awb-width-medium:100%;--awb-order-medium:0;--awb-spacing-right-medium:1.92%;--awb-spacing-left-medium:1.92%;--awb-width-small:100%;--awb-order-small:0;--awb-spacing-right-small:1.92%;--awb-spacing-left-small:1.92%;\"><span class=\"fusion-column-inner-bg hover-type-none\"><a class=\"fusion-column-anchor\" href=\"https:\/\/grand-angle.lavenir.net\/des-visages-et-des-luttes\/le-paradoxe-de-lhistorique-goias-moteur-de-la-reforme-agraire\/\"><span class=\"fusion-column-inner-bg-image\"><\/span><\/a><\/span><div class=\"fusion-column-wrapper fusion-column-has-shadow fusion-flex-justify-content-flex-start fusion-content-layout-column\"><div class=\"chapitre\">\n    <figure class=\"effect-goliath\">\n      <img decoding=\"async\" class=\"alignnone\" src=\"https:\/\/grand-angle.lavenir.net\/des-visages-et-des-luttes\/wp-content\/uploads\/sites\/178\/2023\/03\/goias2023-romain_veys_eda-goias-4.jpg\">\n      <figcaption>\n        <h2 data-fontsize=\"24\" data-lineheight=\"36\">Le paradoxe de l\u2019historique Goi\u00e1s, moteur de la r\u00e9forme agraire<\/h2>\n        <p>\n         \n        <\/p>\n      <\/figcaption>\n    <\/figure>\n<\/div><\/div><\/div><div class=\"fusion-layout-column fusion_builder_column fusion-builder-column-12 fusion_builder_column_1_2 1_2 fusion-flex-column fusion-column-inner-bg-wrapper\" style=\"--awb-inner-bg-size:cover;--awb-width-large:50%;--awb-margin-top-large:0px;--awb-spacing-right-large:3.84%;--awb-margin-bottom-large:20px;--awb-spacing-left-large:3.84%;--awb-width-medium:100%;--awb-order-medium:0;--awb-spacing-right-medium:1.92%;--awb-spacing-left-medium:1.92%;--awb-width-small:100%;--awb-order-small:0;--awb-spacing-right-small:1.92%;--awb-spacing-left-small:1.92%;\"><span class=\"fusion-column-inner-bg hover-type-none\"><a class=\"fusion-column-anchor\" href=\"https:\/\/grand-angle.lavenir.net\/des-visages-et-des-luttes\/soutenir-lemancipation-des-femmes-rurales-pour-developper-les-communautes\/\"><span class=\"fusion-column-inner-bg-image\"><\/span><\/a><\/span><div class=\"fusion-column-wrapper fusion-column-has-shadow fusion-flex-justify-content-flex-start fusion-content-layout-column\"><div class=\"chapitre\">\n    <figure class=\"effect-goliath\">\n      <img decoding=\"async\" class=\"alignnone\" src=\"https:\/\/grand-angle.lavenir.net\/des-visages-et-des-luttes\/wp-content\/uploads\/sites\/178\/2023\/03\/goias2023-romain_veys_eda-uruacu-5.jpg\">\n      <figcaption>\n        <h2 data-fontsize=\"24\" data-lineheight=\"36\">Soutenir l\u2019\u00e9mancipation des femmes rurales pour d\u00e9velopper les communaut\u00e9s<\/h2>\n        <p>\n\n        <\/p>\n      <\/figcaption>\n    <\/figure>\n<\/div><\/div><\/div><div class=\"fusion-layout-column fusion_builder_column fusion-builder-column-13 fusion_builder_column_1_2 1_2 fusion-flex-column fusion-column-inner-bg-wrapper\" style=\"--awb-inner-bg-size:cover;--awb-width-large:50%;--awb-margin-top-large:0px;--awb-spacing-right-large:3.84%;--awb-margin-bottom-large:20px;--awb-spacing-left-large:3.84%;--awb-width-medium:100%;--awb-order-medium:0;--awb-spacing-right-medium:1.92%;--awb-spacing-left-medium:1.92%;--awb-width-small:100%;--awb-order-small:0;--awb-spacing-right-small:1.92%;--awb-spacing-left-small:1.92%;\"><span class=\"fusion-column-inner-bg hover-type-none\"><a class=\"fusion-column-anchor\" href=\"https:\/\/grand-angle.lavenir.net\/des-visages-et-des-luttes\/a-minacu-les-terres-immergees-de-cana-brava-et-la-menace-invisible-de-serra-verde\/\"><span class=\"fusion-column-inner-bg-image\"><\/span><\/a><\/span><div class=\"fusion-column-wrapper fusion-column-has-shadow fusion-flex-justify-content-flex-start fusion-content-layout-column\"><div class=\"chapitre\">\n    <figure class=\"effect-goliath\">\n      <img decoding=\"async\" class=\"alignnone\" src=\"https:\/\/grand-angle.lavenir.net\/des-visages-et-des-luttes\/wp-content\/uploads\/sites\/178\/2023\/03\/goias2023-romain_veys_eda-minacu-1.jpg\">\n      <figcaption>\n        <h2 data-fontsize=\"24\" data-lineheight=\"36\">\u00c0 Mina\u00e7u, les terres immerg\u00e9es de Cana Brava et la menace invisible de Serra Verde<\/h2>\n        <p>\n        <\/p>\n      <\/figcaption>\n    <\/figure>\n<\/div><\/div><\/div><div class=\"fusion-layout-column fusion_builder_column fusion-builder-column-14 fusion_builder_column_1_2 1_2 fusion-flex-column fusion-column-inner-bg-wrapper\" style=\"--awb-inner-bg-size:cover;--awb-width-large:50%;--awb-margin-top-large:0px;--awb-spacing-right-large:3.84%;--awb-margin-bottom-large:20px;--awb-spacing-left-large:3.84%;--awb-width-medium:100%;--awb-order-medium:0;--awb-spacing-right-medium:1.92%;--awb-spacing-left-medium:1.92%;--awb-width-small:100%;--awb-order-small:0;--awb-spacing-right-small:1.92%;--awb-spacing-left-small:1.92%;\"><span class=\"fusion-column-inner-bg hover-type-none\"><a class=\"fusion-column-anchor\" href=\"https:\/\/grand-angle.lavenir.net\/des-visages-et-des-luttes\/les-travailleurs-sans-terre-produire-pour-exister-et-resister\/\"><span class=\"fusion-column-inner-bg-image\"><\/span><\/a><\/span><div class=\"fusion-column-wrapper fusion-column-has-shadow fusion-flex-justify-content-flex-start fusion-content-layout-column\"><div class=\"chapitre\">\n    <figure class=\"effect-goliath\">\n      <img decoding=\"async\" class=\"alignnone\" src=\"https:\/\/grand-angle.lavenir.net\/des-visages-et-des-luttes\/wp-content\/uploads\/sites\/178\/2023\/03\/goias2023-romain_veys_eda-formosa-1.jpg\">\n      <figcaption>\n        <h2 data-fontsize=\"24\" data-lineheight=\"36\">Les travailleurs \u00ab sans terre \u00bb : produire pour exister et r\u00e9sister<\/h2>\n        <p>\n         \n        <\/p>\n      <\/figcaption>\n    <\/figure>\n<\/div><\/div><\/div><div class=\"fusion-layout-column fusion_builder_column fusion-builder-column-15 fusion_builder_column_1_2 1_2 fusion-flex-column fusion-column-inner-bg-wrapper\" style=\"--awb-inner-bg-size:cover;--awb-width-large:50%;--awb-margin-top-large:0px;--awb-spacing-right-large:3.84%;--awb-margin-bottom-large:20px;--awb-spacing-left-large:3.84%;--awb-width-medium:100%;--awb-order-medium:0;--awb-spacing-right-medium:1.92%;--awb-spacing-left-medium:1.92%;--awb-width-small:100%;--awb-order-small:0;--awb-spacing-right-small:1.92%;--awb-spacing-left-small:1.92%;\"><span class=\"fusion-column-inner-bg hover-type-none\"><a class=\"fusion-column-anchor\" href=\"https:\/\/grand-angle.lavenir.net\/des-visages-et-des-luttes\/les-quilombolas-heritiers-de-la-resistance-a-lesclavagisme\/\"><span class=\"fusion-column-inner-bg-image\"><\/span><\/a><\/span><div class=\"fusion-column-wrapper fusion-column-has-shadow fusion-flex-justify-content-flex-start fusion-content-layout-column\"><div class=\"chapitre\">\n    <figure class=\"effect-goliath\">\n      <img decoding=\"async\" class=\"alignnone\" src=\"https:\/\/grand-angle.lavenir.net\/des-visages-et-des-luttes\/wp-content\/uploads\/sites\/178\/2023\/03\/goias2023-romain_veys_eda-quilombolas-2.jpg\" \/>\n      <figcaption>\n        <h2 data-fontsize=\"24\" data-lineheight=\"36\">Les Quilombolas, h\u00e9ritiers de la r\u00e9sistance \u00e0 l\u2019esclavagisme<\/h2>\n        <p>\n        <\/p>\n      <\/figcaption>\n    <\/figure>\n<\/div><\/div><\/div><div class=\"fusion-layout-column fusion_builder_column fusion-builder-column-16 fusion_builder_column_1_2 1_2 fusion-flex-column fusion-column-inner-bg-wrapper\" style=\"--awb-inner-bg-size:cover;--awb-width-large:50%;--awb-margin-top-large:0px;--awb-spacing-right-large:3.84%;--awb-margin-bottom-large:20px;--awb-spacing-left-large:3.84%;--awb-width-medium:100%;--awb-order-medium:0;--awb-spacing-right-medium:1.92%;--awb-spacing-left-medium:1.92%;--awb-width-small:100%;--awb-order-small:0;--awb-spacing-right-small:1.92%;--awb-spacing-left-small:1.92%;\"><span class=\"fusion-column-inner-bg hover-type-none\"><a class=\"fusion-column-anchor\" href=\"https:\/\/grand-angle.lavenir.net\/des-visages-et-des-luttes\/occuper-la-terre-pour-en-revendiquer-le-droit-dusage\/\"><span class=\"fusion-column-inner-bg-image\"><\/span><\/a><\/span><div class=\"fusion-column-wrapper fusion-column-has-shadow fusion-flex-justify-content-flex-start fusion-content-layout-column\"><div class=\"chapitre\">\n    <figure class=\"effect-goliath\">\n      <img decoding=\"async\" class=\"alignnone\" src=\"https:\/\/grand-angle.lavenir.net\/des-visages-et-des-luttes\/wp-content\/uploads\/sites\/178\/2023\/03\/goias2023-romain_veys_eda-leonir_orback-6.jpg\">\n      <figcaption>\n        <h2 data-fontsize=\"24\" data-lineheight=\"36\">Occuper la terre pour en revendiquer le droit d\u2019usage<\/h2>\n        <p>\n        <\/p>\n      <\/figcaption>\n    <\/figure>\n<\/div><\/div><\/div><div class=\"fusion-layout-column fusion_builder_column fusion-builder-column-17 fusion_builder_column_1_2 1_2 fusion-flex-column fusion-column-inner-bg-wrapper\" style=\"--awb-inner-bg-size:cover;--awb-width-large:50%;--awb-margin-top-large:0px;--awb-spacing-right-large:3.84%;--awb-margin-bottom-large:20px;--awb-spacing-left-large:3.84%;--awb-width-medium:100%;--awb-order-medium:0;--awb-spacing-right-medium:1.92%;--awb-spacing-left-medium:1.92%;--awb-width-small:100%;--awb-order-small:0;--awb-spacing-right-small:1.92%;--awb-spacing-left-small:1.92%;\"><span class=\"fusion-column-inner-bg hover-type-none\"><a class=\"fusion-column-anchor\" href=\"https:\/\/grand-angle.lavenir.net\/des-visages-et-des-luttes\/le-cerrado-joyau-oublie-de-lamerique-et-defigure-par-lagrobusiness\/\"><span class=\"fusion-column-inner-bg-image\"><\/span><\/a><\/span><div class=\"fusion-column-wrapper fusion-column-has-shadow fusion-flex-justify-content-flex-start fusion-content-layout-column\"><div class=\"chapitre\">\n    <figure class=\"effect-goliath\">\n      <img decoding=\"async\" class=\"alignnone\" src=\"https:\/\/grand-angle.lavenir.net\/des-visages-et-des-luttes\/wp-content\/uploads\/sites\/178\/2023\/03\/goias2023-romain_veys_eda-cerrado-6.jpg\">\n      <figcaption>\n        <h2 data-fontsize=\"24\" data-lineheight=\"36\">Le Cerrado, joyau oubli\u00e9 de l\u2019Am\u00e9rique et d\u00e9figur\u00e9 par l\u2019agrobusiness<\/h2>\n        <p>\n        <\/p>\n      <\/figcaption>\n    <\/figure>\n<\/div><\/div><\/div><div class=\"fusion-layout-column fusion_builder_column fusion-builder-column-18 fusion_builder_column_1_2 1_2 fusion-flex-column fusion-column-inner-bg-wrapper\" style=\"--awb-inner-bg-size:cover;--awb-width-large:50%;--awb-margin-top-large:0px;--awb-spacing-right-large:3.84%;--awb-margin-bottom-large:20px;--awb-spacing-left-large:3.84%;--awb-width-medium:100%;--awb-order-medium:0;--awb-spacing-right-medium:1.92%;--awb-spacing-left-medium:1.92%;--awb-width-small:100%;--awb-order-small:0;--awb-spacing-right-small:1.92%;--awb-spacing-left-small:1.92%;\"><span class=\"fusion-column-inner-bg hover-type-none\"><a class=\"fusion-column-anchor\" href=\"https:\/\/grand-angle.lavenir.net\/des-visages-et-des-luttes\/une-reforme-agraire-pour-redistribuer-la-terre\/\"><span class=\"fusion-column-inner-bg-image\"><\/span><\/a><\/span><div class=\"fusion-column-wrapper fusion-column-has-shadow fusion-flex-justify-content-flex-start fusion-content-layout-column\"><div class=\"chapitre\">\n    <figure class=\"effect-goliath\">\n      <img decoding=\"async\" class=\"alignnone\" src=\"https:\/\/grand-angle.lavenir.net\/des-visages-et-des-luttes\/wp-content\/uploads\/sites\/178\/2023\/03\/goias2023-romain_veys_eda-reforme_agraire-6.jpg\">\n      <figcaption>\n        <h2 data-fontsize=\"24\" data-lineheight=\"36\">Une r\u00e9forme agraire pour redistribuer la terre<\/h2>\n        <p>\n        <\/p>\n      <\/figcaption>\n    <\/figure>\n<\/div><\/div><\/div><\/div><\/div>\n<div class=\"fusion-fullwidth fullwidth-box fusion-builder-row-7 fusion-flex-container fusion-parallax-none hundred-percent-fullwidth non-hundred-percent-height-scrolling\" style=\"--awb-border-radius-top-left:0px;--awb-border-radius-top-right:0px;--awb-border-radius-bottom-right:0px;--awb-border-radius-bottom-left:0px;--awb-min-height:350px;--awb-background-image:url(&quot;https:\/\/grand-angle.lavenir.net\/des-visages-et-des-luttes\/wp-content\/uploads\/sites\/178\/2023\/03\/footer.png&quot;);--awb-background-size:cover;--awb-flex-wrap:wrap;\" ><div class=\"fusion-builder-row fusion-row fusion-flex-align-items-flex-start fusion-flex-content-wrap\" style=\"width:104% !important;max-width:104% !important;margin-left: calc(-4% \/ 2 );margin-right: calc(-4% \/ 2 );\"><\/div><\/div><\/p>\n","protected":false},"excerpt":{"rendered":"","protected":false},"author":1,"featured_media":2258,"parent":0,"menu_order":0,"comment_status":"closed","ping_status":"closed","template":"100-width.php","meta":{"footnotes":""},"class_list":["post-2242","page","type-page","status-publish","has-post-thumbnail","hentry"],"yoast_head":"<!-- This site is optimized with the Yoast SEO plugin v27.1.1 - https:\/\/yoast.com\/product\/yoast-seo-wordpress\/ -->\n<title>Occuper la terre pour en revendiquer le droit d\u2019usage<\/title>\n<meta name=\"description\" content=\"\u00c0 Santa Helena de Goi\u00e1s, la communaut\u00e9 L\u00e9onir Orback r\u00e9siste face \u00e0 la puissante agrobusiness voisine, mais aussi l\u2019acharnement d\u2019un juge local.\" \/>\n<meta name=\"robots\" content=\"index, follow, max-snippet:-1, max-image-preview:large, max-video-preview:-1\" \/>\n<link rel=\"canonical\" href=\"https:\/\/grand-angle.lavenir.net\/des-visages-et-des-luttes\/occuper-la-terre-pour-en-revendiquer-le-droit-dusage\/\" \/>\n<meta property=\"og:locale\" content=\"fr_FR\" \/>\n<meta property=\"og:type\" content=\"article\" \/>\n<meta property=\"og:title\" content=\"Occuper la terre pour en revendiquer le droit d\u2019usage\" \/>\n<meta property=\"og:description\" content=\"\u00c0 Santa Helena de Goi\u00e1s, la communaut\u00e9 L\u00e9onir Orback r\u00e9siste face \u00e0 la puissante agrobusiness voisine, mais aussi l\u2019acharnement d\u2019un juge local.\" \/>\n<meta property=\"og:url\" content=\"https:\/\/grand-angle.lavenir.net\/des-visages-et-des-luttes\/occuper-la-terre-pour-en-revendiquer-le-droit-dusage\/\" \/>\n<meta property=\"og:site_name\" content=\"Des visages et des luttes\" \/>\n<meta property=\"article:modified_time\" content=\"2023-12-14T08:33:41+00:00\" \/>\n<meta property=\"og:image\" content=\"https:\/\/grand-angle.lavenir.net\/des-visages-et-des-luttes\/wp-content\/uploads\/sites\/178\/2023\/03\/goias2023-romain_veys_eda-leonir_orback-15.jpg\" \/>\n\t<meta property=\"og:image:width\" content=\"2000\" \/>\n\t<meta property=\"og:image:height\" content=\"1500\" \/>\n\t<meta property=\"og:image:type\" content=\"image\/jpeg\" \/>\n<meta name=\"twitter:card\" content=\"summary_large_image\" \/>\n<meta name=\"twitter:title\" content=\"Occuper la terre pour en revendiquer le droit d\u2019usage\" \/>\n<meta name=\"twitter:description\" content=\"\u00c0 Santa Helena de Goi\u00e1s, la communaut\u00e9 L\u00e9onir Orback r\u00e9siste face \u00e0 la puissante agrobusiness voisine, mais aussi l\u2019acharnement d\u2019un juge local.\" \/>\n<meta name=\"twitter:image\" content=\"https:\/\/grand-angle.lavenir.net\/des-visages-et-des-luttes\/wp-content\/uploads\/sites\/178\/2023\/03\/goias2023-romain_veys_eda-leonir_orback-15.jpg\" \/>\n<meta name=\"twitter:label1\" content=\"Dur\u00e9e de lecture est.\" \/>\n\t<meta name=\"twitter:data1\" content=\"22 minutes\" \/>\n<script type=\"application\/ld+json\" class=\"yoast-schema-graph\">{\"@context\":\"https:\/\/schema.org\",\"@graph\":[{\"@type\":\"WebPage\",\"@id\":\"https:\/\/grand-angle.lavenir.net\/des-visages-et-des-luttes\/occuper-la-terre-pour-en-revendiquer-le-droit-dusage\/\",\"url\":\"https:\/\/grand-angle.lavenir.net\/des-visages-et-des-luttes\/occuper-la-terre-pour-en-revendiquer-le-droit-dusage\/\",\"name\":\"Occuper la terre pour en revendiquer le droit d\u2019usage\",\"isPartOf\":{\"@id\":\"https:\/\/grand-angle.lavenir.net\/des-visages-et-des-luttes\/#website\"},\"primaryImageOfPage\":{\"@id\":\"https:\/\/grand-angle.lavenir.net\/des-visages-et-des-luttes\/occuper-la-terre-pour-en-revendiquer-le-droit-dusage\/#primaryimage\"},\"image\":{\"@id\":\"https:\/\/grand-angle.lavenir.net\/des-visages-et-des-luttes\/occuper-la-terre-pour-en-revendiquer-le-droit-dusage\/#primaryimage\"},\"thumbnailUrl\":\"https:\/\/grand-angle.lavenir.net\/des-visages-et-des-luttes\/wp-content\/uploads\/sites\/178\/2023\/03\/goias2023-romain_veys_eda-leonir_orback-15.jpg\",\"datePublished\":\"2023-03-09T13:51:09+00:00\",\"dateModified\":\"2023-12-14T08:33:41+00:00\",\"description\":\"\u00c0 Santa Helena de Goi\u00e1s, la communaut\u00e9 L\u00e9onir Orback r\u00e9siste face \u00e0 la puissante agrobusiness voisine, mais aussi l\u2019acharnement d\u2019un juge local.\",\"breadcrumb\":{\"@id\":\"https:\/\/grand-angle.lavenir.net\/des-visages-et-des-luttes\/occuper-la-terre-pour-en-revendiquer-le-droit-dusage\/#breadcrumb\"},\"inLanguage\":\"fr-BE\",\"potentialAction\":[{\"@type\":\"ReadAction\",\"target\":[\"https:\/\/grand-angle.lavenir.net\/des-visages-et-des-luttes\/occuper-la-terre-pour-en-revendiquer-le-droit-dusage\/\"]}]},{\"@type\":\"ImageObject\",\"inLanguage\":\"fr-BE\",\"@id\":\"https:\/\/grand-angle.lavenir.net\/des-visages-et-des-luttes\/occuper-la-terre-pour-en-revendiquer-le-droit-dusage\/#primaryimage\",\"url\":\"https:\/\/grand-angle.lavenir.net\/des-visages-et-des-luttes\/wp-content\/uploads\/sites\/178\/2023\/03\/goias2023-romain_veys_eda-leonir_orback-15.jpg\",\"contentUrl\":\"https:\/\/grand-angle.lavenir.net\/des-visages-et-des-luttes\/wp-content\/uploads\/sites\/178\/2023\/03\/goias2023-romain_veys_eda-leonir_orback-15.jpg\",\"width\":2000,\"height\":1500},{\"@type\":\"BreadcrumbList\",\"@id\":\"https:\/\/grand-angle.lavenir.net\/des-visages-et-des-luttes\/occuper-la-terre-pour-en-revendiquer-le-droit-dusage\/#breadcrumb\",\"itemListElement\":[{\"@type\":\"ListItem\",\"position\":1,\"name\":\"Home\",\"item\":\"https:\/\/grand-angle.lavenir.net\/des-visages-et-des-luttes\/\"},{\"@type\":\"ListItem\",\"position\":2,\"name\":\"Occuper la terre pour en revendiquer le droit d\u2019usage\"}]},{\"@type\":\"WebSite\",\"@id\":\"https:\/\/grand-angle.lavenir.net\/des-visages-et-des-luttes\/#website\",\"url\":\"https:\/\/grand-angle.lavenir.net\/des-visages-et-des-luttes\/\",\"name\":\"Des visages et des luttes\",\"description\":\"Au c\u0153ur des r\u00e9sistances des travailleurs ruraux de l\u2019\u00c9tat de Goi\u00e1s\",\"potentialAction\":[{\"@type\":\"SearchAction\",\"target\":{\"@type\":\"EntryPoint\",\"urlTemplate\":\"https:\/\/grand-angle.lavenir.net\/des-visages-et-des-luttes\/?s={search_term_string}\"},\"query-input\":{\"@type\":\"PropertyValueSpecification\",\"valueRequired\":true,\"valueName\":\"search_term_string\"}}],\"inLanguage\":\"fr-BE\"}]}<\/script>\n<!-- \/ Yoast SEO plugin. -->","yoast_head_json":{"title":"Occuper la terre pour en revendiquer le droit d\u2019usage","description":"\u00c0 Santa Helena de Goi\u00e1s, la communaut\u00e9 L\u00e9onir Orback r\u00e9siste face \u00e0 la puissante agrobusiness voisine, mais aussi l\u2019acharnement d\u2019un juge local.","robots":{"index":"index","follow":"follow","max-snippet":"max-snippet:-1","max-image-preview":"max-image-preview:large","max-video-preview":"max-video-preview:-1"},"canonical":"https:\/\/grand-angle.lavenir.net\/des-visages-et-des-luttes\/occuper-la-terre-pour-en-revendiquer-le-droit-dusage\/","og_locale":"fr_FR","og_type":"article","og_title":"Occuper la terre pour en revendiquer le droit d\u2019usage","og_description":"\u00c0 Santa Helena de Goi\u00e1s, la communaut\u00e9 L\u00e9onir Orback r\u00e9siste face \u00e0 la puissante agrobusiness voisine, mais aussi l\u2019acharnement d\u2019un juge local.","og_url":"https:\/\/grand-angle.lavenir.net\/des-visages-et-des-luttes\/occuper-la-terre-pour-en-revendiquer-le-droit-dusage\/","og_site_name":"Des visages et des luttes","article_modified_time":"2023-12-14T08:33:41+00:00","og_image":[{"width":2000,"height":1500,"url":"https:\/\/grand-angle.lavenir.net\/des-visages-et-des-luttes\/wp-content\/uploads\/sites\/178\/2023\/03\/goias2023-romain_veys_eda-leonir_orback-15.jpg","type":"image\/jpeg"}],"twitter_card":"summary_large_image","twitter_title":"Occuper la terre pour en revendiquer le droit d\u2019usage","twitter_description":"\u00c0 Santa Helena de Goi\u00e1s, la communaut\u00e9 L\u00e9onir Orback r\u00e9siste face \u00e0 la puissante agrobusiness voisine, mais aussi l\u2019acharnement d\u2019un juge local.","twitter_image":"https:\/\/grand-angle.lavenir.net\/des-visages-et-des-luttes\/wp-content\/uploads\/sites\/178\/2023\/03\/goias2023-romain_veys_eda-leonir_orback-15.jpg","twitter_misc":{"Dur\u00e9e de lecture est.":"22 minutes"},"schema":{"@context":"https:\/\/schema.org","@graph":[{"@type":"WebPage","@id":"https:\/\/grand-angle.lavenir.net\/des-visages-et-des-luttes\/occuper-la-terre-pour-en-revendiquer-le-droit-dusage\/","url":"https:\/\/grand-angle.lavenir.net\/des-visages-et-des-luttes\/occuper-la-terre-pour-en-revendiquer-le-droit-dusage\/","name":"Occuper la terre pour en revendiquer le droit d\u2019usage","isPartOf":{"@id":"https:\/\/grand-angle.lavenir.net\/des-visages-et-des-luttes\/#website"},"primaryImageOfPage":{"@id":"https:\/\/grand-angle.lavenir.net\/des-visages-et-des-luttes\/occuper-la-terre-pour-en-revendiquer-le-droit-dusage\/#primaryimage"},"image":{"@id":"https:\/\/grand-angle.lavenir.net\/des-visages-et-des-luttes\/occuper-la-terre-pour-en-revendiquer-le-droit-dusage\/#primaryimage"},"thumbnailUrl":"https:\/\/grand-angle.lavenir.net\/des-visages-et-des-luttes\/wp-content\/uploads\/sites\/178\/2023\/03\/goias2023-romain_veys_eda-leonir_orback-15.jpg","datePublished":"2023-03-09T13:51:09+00:00","dateModified":"2023-12-14T08:33:41+00:00","description":"\u00c0 Santa Helena de Goi\u00e1s, la communaut\u00e9 L\u00e9onir Orback r\u00e9siste face \u00e0 la puissante agrobusiness voisine, mais aussi l\u2019acharnement d\u2019un juge local.","breadcrumb":{"@id":"https:\/\/grand-angle.lavenir.net\/des-visages-et-des-luttes\/occuper-la-terre-pour-en-revendiquer-le-droit-dusage\/#breadcrumb"},"inLanguage":"fr-BE","potentialAction":[{"@type":"ReadAction","target":["https:\/\/grand-angle.lavenir.net\/des-visages-et-des-luttes\/occuper-la-terre-pour-en-revendiquer-le-droit-dusage\/"]}]},{"@type":"ImageObject","inLanguage":"fr-BE","@id":"https:\/\/grand-angle.lavenir.net\/des-visages-et-des-luttes\/occuper-la-terre-pour-en-revendiquer-le-droit-dusage\/#primaryimage","url":"https:\/\/grand-angle.lavenir.net\/des-visages-et-des-luttes\/wp-content\/uploads\/sites\/178\/2023\/03\/goias2023-romain_veys_eda-leonir_orback-15.jpg","contentUrl":"https:\/\/grand-angle.lavenir.net\/des-visages-et-des-luttes\/wp-content\/uploads\/sites\/178\/2023\/03\/goias2023-romain_veys_eda-leonir_orback-15.jpg","width":2000,"height":1500},{"@type":"BreadcrumbList","@id":"https:\/\/grand-angle.lavenir.net\/des-visages-et-des-luttes\/occuper-la-terre-pour-en-revendiquer-le-droit-dusage\/#breadcrumb","itemListElement":[{"@type":"ListItem","position":1,"name":"Home","item":"https:\/\/grand-angle.lavenir.net\/des-visages-et-des-luttes\/"},{"@type":"ListItem","position":2,"name":"Occuper la terre pour en revendiquer le droit d\u2019usage"}]},{"@type":"WebSite","@id":"https:\/\/grand-angle.lavenir.net\/des-visages-et-des-luttes\/#website","url":"https:\/\/grand-angle.lavenir.net\/des-visages-et-des-luttes\/","name":"Des visages et des luttes","description":"Au c\u0153ur des r\u00e9sistances des travailleurs ruraux de l\u2019\u00c9tat de Goi\u00e1s","potentialAction":[{"@type":"SearchAction","target":{"@type":"EntryPoint","urlTemplate":"https:\/\/grand-angle.lavenir.net\/des-visages-et-des-luttes\/?s={search_term_string}"},"query-input":{"@type":"PropertyValueSpecification","valueRequired":true,"valueName":"search_term_string"}}],"inLanguage":"fr-BE"}]}},"_links":{"self":[{"href":"https:\/\/grand-angle.lavenir.net\/des-visages-et-des-luttes\/wp-json\/wp\/v2\/pages\/2242","targetHints":{"allow":["GET"]}}],"collection":[{"href":"https:\/\/grand-angle.lavenir.net\/des-visages-et-des-luttes\/wp-json\/wp\/v2\/pages"}],"about":[{"href":"https:\/\/grand-angle.lavenir.net\/des-visages-et-des-luttes\/wp-json\/wp\/v2\/types\/page"}],"author":[{"embeddable":true,"href":"https:\/\/grand-angle.lavenir.net\/des-visages-et-des-luttes\/wp-json\/wp\/v2\/users\/1"}],"replies":[{"embeddable":true,"href":"https:\/\/grand-angle.lavenir.net\/des-visages-et-des-luttes\/wp-json\/wp\/v2\/comments?post=2242"}],"version-history":[{"count":0,"href":"https:\/\/grand-angle.lavenir.net\/des-visages-et-des-luttes\/wp-json\/wp\/v2\/pages\/2242\/revisions"}],"wp:featuredmedia":[{"embeddable":true,"href":"https:\/\/grand-angle.lavenir.net\/des-visages-et-des-luttes\/wp-json\/wp\/v2\/media\/2258"}],"wp:attachment":[{"href":"https:\/\/grand-angle.lavenir.net\/des-visages-et-des-luttes\/wp-json\/wp\/v2\/media?parent=2242"}],"curies":[{"name":"wp","href":"https:\/\/api.w.org\/{rel}","templated":true}]}}