{"id":2224,"date":"2023-03-09T14:09:39","date_gmt":"2023-03-09T13:09:39","guid":{"rendered":"https:\/\/grand-angle.lavenir.net\/des-visages-et-des-luttes\/?page_id=2224"},"modified":"2023-12-14T09:33:38","modified_gmt":"2023-12-14T08:33:38","slug":"les-travailleurs-sans-terre-produire-pour-exister-et-resister","status":"publish","type":"page","link":"https:\/\/grand-angle.lavenir.net\/des-visages-et-des-luttes\/les-travailleurs-sans-terre-produire-pour-exister-et-resister\/","title":{"rendered":"Les travailleurs \u00ab sans terre \u00bb : produire pour exister et r\u00e9sister"},"content":{"rendered":"<p><div class=\"fusion-fullwidth fullwidth-box fusion-builder-row-1 fusion-flex-container hundred-percent-fullwidth non-hundred-percent-height-scrolling banner-visage\" style=\"--awb-border-radius-top-left:0px;--awb-border-radius-top-right:0px;--awb-border-radius-bottom-right:0px;--awb-border-radius-bottom-left:0px;--awb-flex-wrap:wrap;\" ><div class=\"fusion-builder-row fusion-row fusion-flex-align-items-flex-start fusion-flex-content-wrap\" style=\"width:104% !important;max-width:104% !important;margin-left: calc(-4% \/ 2 );margin-right: calc(-4% \/ 2 );\"><div class=\"fusion-layout-column fusion_builder_column fusion-builder-column-0 fusion_builder_column_1_1 1_1 fusion-flex-column\" style=\"--awb-bg-size:cover;--awb-width-large:100%;--awb-margin-top-large:0px;--awb-spacing-right-large:1.92%;--awb-margin-bottom-large:0px;--awb-spacing-left-large:1.92%;--awb-width-medium:100%;--awb-order-medium:0;--awb-spacing-right-medium:1.92%;--awb-spacing-left-medium:1.92%;--awb-width-small:100%;--awb-order-small:0;--awb-spacing-right-small:1.92%;--awb-spacing-left-small:1.92%;\"><div class=\"fusion-column-wrapper fusion-column-has-shadow fusion-flex-justify-content-flex-start fusion-content-layout-column\"><div class=\"fusion-image-element \" style=\"--awb-caption-title-font-family:var(--h2_typography-font-family);--awb-caption-title-font-weight:var(--h2_typography-font-weight);--awb-caption-title-font-style:var(--h2_typography-font-style);--awb-caption-title-size:var(--h2_typography-font-size);--awb-caption-title-transform:var(--h2_typography-text-transform);--awb-caption-title-line-height:var(--h2_typography-line-height);--awb-caption-title-letter-spacing:var(--h2_typography-letter-spacing);\"><span class=\" fusion-imageframe imageframe-none imageframe-1 hover-type-none\"><img decoding=\"async\" width=\"1900\" height=\"200\" title=\"goias2023-bannervisages1\" src=\"https:\/\/grand-angle.lavenir.net\/des-visages-et-des-luttes\/wp-content\/uploads\/sites\/178\/2023\/03\/goias2023-bannervisages1.jpg\" alt class=\"img-responsive wp-image-2212\" srcset=\"https:\/\/grand-angle.lavenir.net\/des-visages-et-des-luttes\/wp-content\/uploads\/sites\/178\/2023\/03\/goias2023-bannervisages1-200x21.jpg 200w, https:\/\/grand-angle.lavenir.net\/des-visages-et-des-luttes\/wp-content\/uploads\/sites\/178\/2023\/03\/goias2023-bannervisages1-400x42.jpg 400w, https:\/\/grand-angle.lavenir.net\/des-visages-et-des-luttes\/wp-content\/uploads\/sites\/178\/2023\/03\/goias2023-bannervisages1-600x63.jpg 600w, https:\/\/grand-angle.lavenir.net\/des-visages-et-des-luttes\/wp-content\/uploads\/sites\/178\/2023\/03\/goias2023-bannervisages1-800x84.jpg 800w, https:\/\/grand-angle.lavenir.net\/des-visages-et-des-luttes\/wp-content\/uploads\/sites\/178\/2023\/03\/goias2023-bannervisages1-1200x126.jpg 1200w, https:\/\/grand-angle.lavenir.net\/des-visages-et-des-luttes\/wp-content\/uploads\/sites\/178\/2023\/03\/goias2023-bannervisages1.jpg 1900w\" sizes=\"(max-width: 1024px) 100vw, (max-width: 640px) 100vw, 1200px\" \/><\/span><\/div><\/div><\/div><\/div><\/div><div class=\"fusion-fullwidth fullwidth-box fusion-builder-row-2 fusion-flex-container nonhundred-percent-fullwidth non-hundred-percent-height-scrolling first-container bkg-gold\" style=\"--awb-border-radius-top-left:0px;--awb-border-radius-top-right:0px;--awb-border-radius-bottom-right:0px;--awb-border-radius-bottom-left:0px;--awb-padding-top:20px;--awb-flex-wrap:wrap;\" ><div class=\"fusion-builder-row fusion-row fusion-flex-align-items-flex-start fusion-flex-content-wrap\" style=\"max-width:884px;margin-left: calc(-4% \/ 2 );margin-right: calc(-4% \/ 2 );\"><div class=\"fusion-layout-column fusion_builder_column fusion-builder-column-1 fusion_builder_column_1_1 1_1 fusion-flex-column\" style=\"--awb-padding-top:20px;--awb-bg-size:cover;--awb-width-large:100%;--awb-margin-top-large:0px;--awb-spacing-right-large:1.92%;--awb-margin-bottom-large:20px;--awb-spacing-left-large:1.92%;--awb-width-medium:100%;--awb-order-medium:0;--awb-spacing-right-medium:1.92%;--awb-spacing-left-medium:1.92%;--awb-width-small:100%;--awb-order-small:0;--awb-spacing-right-small:1.92%;--awb-spacing-left-small:1.92%;\"><div class=\"fusion-column-wrapper fusion-column-has-shadow fusion-flex-justify-content-flex-start fusion-content-layout-column\"><div class=\"fusion-text fusion-text-1\" style=\"--awb-text-color:#ffffff;\"><p style=\"text-align: center;\"><strong>Au Br\u00e9sil, les travailleurs ruraux, organis\u00e9s en petites communaut\u00e9s, occupent des terres pour faire valoir leurs droits. Rencontre avec celle qui occupe le campement Dom Tomas Baldu\u00edno, \u00e0 Formosa.<\/strong><\/p>\n<\/div><\/div><\/div><\/div><\/div><div class=\"fusion-fullwidth fullwidth-box fusion-builder-row-3 fusion-flex-container nonhundred-percent-fullwidth non-hundred-percent-height-scrolling\" style=\"--awb-border-radius-top-left:0px;--awb-border-radius-top-right:0px;--awb-border-radius-bottom-right:0px;--awb-border-radius-bottom-left:0px;--awb-padding-top:4%;--awb-flex-wrap:wrap;\" ><div class=\"fusion-builder-row fusion-row fusion-flex-align-items-flex-start fusion-flex-content-wrap\" style=\"max-width:884px;margin-left: calc(-4% \/ 2 );margin-right: calc(-4% \/ 2 );\"><div class=\"fusion-layout-column fusion_builder_column fusion-builder-column-2 fusion_builder_column_1_1 1_1 fusion-flex-column\" style=\"--awb-bg-size:cover;--awb-width-large:100%;--awb-margin-top-large:0px;--awb-spacing-right-large:1.92%;--awb-margin-bottom-large:20px;--awb-spacing-left-large:1.92%;--awb-width-medium:100%;--awb-order-medium:0;--awb-spacing-right-medium:1.92%;--awb-spacing-left-medium:1.92%;--awb-width-small:100%;--awb-order-small:0;--awb-spacing-right-small:1.92%;--awb-spacing-left-small:1.92%;\"><div class=\"fusion-column-wrapper fusion-column-has-shadow fusion-flex-justify-content-flex-start fusion-content-layout-column\"><div class=\"fusion-text fusion-text-2\"><p>Occuper et cultiver une parcelle de terre\u2009: tel est le mode de r\u00e9sistance de centaines de communaut\u00e9s de travailleurs ruraux \u00ab\u00a0sans terre\u00a0\u00bb \u00e0 travers l\u2019\u00c9tat de Goi\u00e1s. Pour montrer leur utilit\u00e9.\u200aPour prouver leur r\u00f4le soci\u00e9tal dans un Br\u00e9sil dont la survie d\u00e9pend largement de l\u2019agriculture familiale, mais dont le territoire est confisqu\u00e9 en grande partie par les gros propri\u00e9taires fonciers.<\/p>\n<p>Selon les lois f\u00e9d\u00e9rales, l\u2019acc\u00e8s \u00e0 la terre s\u2019obtient en effet soit par un titre de propri\u00e9t\u00e9, soit par la concession d\u2019un droit d\u2019usage. Si le premier reste le privil\u00e8ge d\u2019une oligarchie h\u00e9rit\u00e9e d\u2019un colonialisme dont l\u2019influence demeure profond\u00e9ment ancr\u00e9e dans l\u2019organisation contemporaine du pays, le second est le salut recherch\u00e9 par tous ces paysans jet\u00e9s sur le bord des chemins, \u00e0 la recherche d\u2019une parcelle \u00e0 cultiver, d\u2019une parcelle o\u00f9 survivre.<\/p>\n<p>Alors, lorsqu\u2019ils d\u00e9nichent une surface abandonn\u00e9e ou ne remplissant pas la fonction sociale de la terre (lire ci-contre), ces \u00ab\u00a0sans terre\u00a0\u00bb s\u2019organisent en petites communaut\u00e9s afin de prendre possession de celle-ci, r\u00e9sister aux menaces et pressions de la puissante agrobusiness voisine et lutter pour faire ainsi reconna\u00eetre leurs droits par le gouvernement et obtenir un droit d\u2019usage (assentameno) sur la surface occup\u00e9e.<\/p>\n<p>\u00ab\u00a0Nous faisons cela pour d\u00e9fendre nos valeurs, poursuivre notre r\u00e9sistance et permettre \u00e0 chacun de se sociabiliser, d\u2019abord au sein de la communaut\u00e9, puis envers la soci\u00e9t\u00e9\u00a0\u00bb, explique Ana Maria, membre du camp d\u2019occupation (acampamento) Dom Tom\u00e1s Baldu\u00edno \u00e0 Formosa.<\/p>\n<\/div><\/div><\/div><div class=\"fusion-layout-column fusion_builder_column fusion-builder-column-3 fusion_builder_column_1_3 1_3 fusion-flex-column\" style=\"--awb-bg-size:cover;--awb-width-large:33.3333333333%;--awb-margin-top-large:0px;--awb-spacing-right-large:5.76%;--awb-margin-bottom-large:20px;--awb-spacing-left-large:5.76%;--awb-width-medium:100%;--awb-order-medium:0;--awb-spacing-right-medium:1.92%;--awb-spacing-left-medium:1.92%;--awb-width-small:100%;--awb-order-small:0;--awb-spacing-right-small:1.92%;--awb-spacing-left-small:1.92%;\"><div class=\"fusion-column-wrapper fusion-column-has-shadow fusion-flex-justify-content-flex-start fusion-content-layout-column\"><div class=\"fusion-image-element \" style=\"--awb-caption-title-font-family:var(--h2_typography-font-family);--awb-caption-title-font-weight:var(--h2_typography-font-weight);--awb-caption-title-font-style:var(--h2_typography-font-style);--awb-caption-title-size:var(--h2_typography-font-size);--awb-caption-title-transform:var(--h2_typography-text-transform);--awb-caption-title-line-height:var(--h2_typography-line-height);--awb-caption-title-letter-spacing:var(--h2_typography-letter-spacing);\"><span class=\" fusion-imageframe imageframe-none imageframe-2 hover-type-zoomin\"><img decoding=\"async\" width=\"2000\" height=\"1500\" title=\"goias2023-romain_veys_eda-formosa (11)\" src=\"https:\/\/grand-angle.lavenir.net\/des-visages-et-des-luttes\/wp-content\/uploads\/sites\/178\/2023\/03\/goias2023-romain_veys_eda-formosa-11.jpg\" alt class=\"img-responsive wp-image-2235\" srcset=\"https:\/\/grand-angle.lavenir.net\/des-visages-et-des-luttes\/wp-content\/uploads\/sites\/178\/2023\/03\/goias2023-romain_veys_eda-formosa-11-200x150.jpg 200w, https:\/\/grand-angle.lavenir.net\/des-visages-et-des-luttes\/wp-content\/uploads\/sites\/178\/2023\/03\/goias2023-romain_veys_eda-formosa-11-400x300.jpg 400w, https:\/\/grand-angle.lavenir.net\/des-visages-et-des-luttes\/wp-content\/uploads\/sites\/178\/2023\/03\/goias2023-romain_veys_eda-formosa-11-600x450.jpg 600w, https:\/\/grand-angle.lavenir.net\/des-visages-et-des-luttes\/wp-content\/uploads\/sites\/178\/2023\/03\/goias2023-romain_veys_eda-formosa-11-800x600.jpg 800w, https:\/\/grand-angle.lavenir.net\/des-visages-et-des-luttes\/wp-content\/uploads\/sites\/178\/2023\/03\/goias2023-romain_veys_eda-formosa-11-1200x900.jpg 1200w, https:\/\/grand-angle.lavenir.net\/des-visages-et-des-luttes\/wp-content\/uploads\/sites\/178\/2023\/03\/goias2023-romain_veys_eda-formosa-11.jpg 2000w\" sizes=\"(max-width: 1024px) 100vw, (max-width: 640px) 100vw, 400px\" \/><\/span><\/div><\/div><\/div><div class=\"fusion-layout-column fusion_builder_column fusion-builder-column-4 fusion_builder_column_1_3 1_3 fusion-flex-column\" style=\"--awb-bg-size:cover;--awb-width-large:33.3333333333%;--awb-margin-top-large:0px;--awb-spacing-right-large:5.76%;--awb-margin-bottom-large:20px;--awb-spacing-left-large:5.76%;--awb-width-medium:100%;--awb-order-medium:0;--awb-spacing-right-medium:1.92%;--awb-spacing-left-medium:1.92%;--awb-width-small:100%;--awb-order-small:0;--awb-spacing-right-small:1.92%;--awb-spacing-left-small:1.92%;\"><div class=\"fusion-column-wrapper fusion-column-has-shadow fusion-flex-justify-content-flex-start fusion-content-layout-column\"><div class=\"fusion-image-element \" style=\"--awb-caption-title-font-family:var(--h2_typography-font-family);--awb-caption-title-font-weight:var(--h2_typography-font-weight);--awb-caption-title-font-style:var(--h2_typography-font-style);--awb-caption-title-size:var(--h2_typography-font-size);--awb-caption-title-transform:var(--h2_typography-text-transform);--awb-caption-title-line-height:var(--h2_typography-line-height);--awb-caption-title-letter-spacing:var(--h2_typography-letter-spacing);\"><span class=\" fusion-imageframe imageframe-none imageframe-3 hover-type-zoomin\"><img decoding=\"async\" width=\"1200\" height=\"900\" title=\"goias2023-romain_veys_eda-formosa (5)\" src=\"https:\/\/grand-angle.lavenir.net\/des-visages-et-des-luttes\/wp-content\/uploads\/sites\/178\/2023\/03\/goias2023-romain_veys_eda-formosa-5-1200x900.jpg\" alt class=\"img-responsive wp-image-2229\" srcset=\"https:\/\/grand-angle.lavenir.net\/des-visages-et-des-luttes\/wp-content\/uploads\/sites\/178\/2023\/03\/goias2023-romain_veys_eda-formosa-5-200x150.jpg 200w, https:\/\/grand-angle.lavenir.net\/des-visages-et-des-luttes\/wp-content\/uploads\/sites\/178\/2023\/03\/goias2023-romain_veys_eda-formosa-5-400x300.jpg 400w, https:\/\/grand-angle.lavenir.net\/des-visages-et-des-luttes\/wp-content\/uploads\/sites\/178\/2023\/03\/goias2023-romain_veys_eda-formosa-5-600x450.jpg 600w, https:\/\/grand-angle.lavenir.net\/des-visages-et-des-luttes\/wp-content\/uploads\/sites\/178\/2023\/03\/goias2023-romain_veys_eda-formosa-5-800x600.jpg 800w, https:\/\/grand-angle.lavenir.net\/des-visages-et-des-luttes\/wp-content\/uploads\/sites\/178\/2023\/03\/goias2023-romain_veys_eda-formosa-5-1200x900.jpg 1200w\" sizes=\"(max-width: 1024px) 100vw, (max-width: 640px) 100vw, 400px\" \/><\/span><\/div><\/div><\/div><div class=\"fusion-layout-column fusion_builder_column fusion-builder-column-5 fusion_builder_column_1_3 1_3 fusion-flex-column\" style=\"--awb-bg-size:cover;--awb-width-large:33.3333333333%;--awb-margin-top-large:0px;--awb-spacing-right-large:5.76%;--awb-margin-bottom-large:20px;--awb-spacing-left-large:5.76%;--awb-width-medium:100%;--awb-order-medium:0;--awb-spacing-right-medium:1.92%;--awb-spacing-left-medium:1.92%;--awb-width-small:100%;--awb-order-small:0;--awb-spacing-right-small:1.92%;--awb-spacing-left-small:1.92%;\"><div class=\"fusion-column-wrapper fusion-column-has-shadow fusion-flex-justify-content-flex-start fusion-content-layout-column\"><div class=\"fusion-image-element \" style=\"--awb-caption-title-font-family:var(--h2_typography-font-family);--awb-caption-title-font-weight:var(--h2_typography-font-weight);--awb-caption-title-font-style:var(--h2_typography-font-style);--awb-caption-title-size:var(--h2_typography-font-size);--awb-caption-title-transform:var(--h2_typography-text-transform);--awb-caption-title-line-height:var(--h2_typography-line-height);--awb-caption-title-letter-spacing:var(--h2_typography-letter-spacing);\"><span class=\" fusion-imageframe imageframe-none imageframe-4 hover-type-zoomin\"><img decoding=\"async\" width=\"1200\" height=\"900\" title=\"goias2023-romain_veys_eda-formosa (6)\" src=\"https:\/\/grand-angle.lavenir.net\/des-visages-et-des-luttes\/wp-content\/uploads\/sites\/178\/2023\/03\/goias2023-romain_veys_eda-formosa-6-1200x900.jpg\" alt class=\"img-responsive wp-image-2230\" srcset=\"https:\/\/grand-angle.lavenir.net\/des-visages-et-des-luttes\/wp-content\/uploads\/sites\/178\/2023\/03\/goias2023-romain_veys_eda-formosa-6-200x150.jpg 200w, https:\/\/grand-angle.lavenir.net\/des-visages-et-des-luttes\/wp-content\/uploads\/sites\/178\/2023\/03\/goias2023-romain_veys_eda-formosa-6-400x300.jpg 400w, https:\/\/grand-angle.lavenir.net\/des-visages-et-des-luttes\/wp-content\/uploads\/sites\/178\/2023\/03\/goias2023-romain_veys_eda-formosa-6-600x450.jpg 600w, https:\/\/grand-angle.lavenir.net\/des-visages-et-des-luttes\/wp-content\/uploads\/sites\/178\/2023\/03\/goias2023-romain_veys_eda-formosa-6-800x600.jpg 800w, https:\/\/grand-angle.lavenir.net\/des-visages-et-des-luttes\/wp-content\/uploads\/sites\/178\/2023\/03\/goias2023-romain_veys_eda-formosa-6-1200x900.jpg 1200w\" sizes=\"(max-width: 1024px) 100vw, (max-width: 640px) 100vw, 400px\" \/><\/span><\/div><\/div><\/div><div class=\"fusion-layout-column fusion_builder_column fusion-builder-column-6 fusion_builder_column_1_1 1_1 fusion-flex-column\" style=\"--awb-bg-size:cover;--awb-width-large:100%;--awb-margin-top-large:0px;--awb-spacing-right-large:1.92%;--awb-margin-bottom-large:20px;--awb-spacing-left-large:1.92%;--awb-width-medium:100%;--awb-order-medium:0;--awb-spacing-right-medium:1.92%;--awb-spacing-left-medium:1.92%;--awb-width-small:100%;--awb-order-small:0;--awb-spacing-right-small:1.92%;--awb-spacing-left-small:1.92%;\"><div class=\"fusion-column-wrapper fusion-column-has-shadow fusion-flex-justify-content-flex-start fusion-content-layout-column\"><div class=\"fusion-text fusion-text-3\"><h2>Intimidations<\/h2>\n<p>De nombreuses menaces brandies par les gros propri\u00e9taires fonciers p\u00e8sent cependant sur les \u00ab\u00a0sans terre\u00a0\u00bb. Utilisation massive de pesticides, incendies volontaires, menaces de mort, recours \u00e0 des milices arm\u00e9es\u2009: tout est bon pour tenter de d\u00e9loger les communaut\u00e9s \u00e9tablies dans les diff\u00e9rents campements d\u2019occupation.<\/p>\n<p>\u00ab\u00a0En septembre, une grande partie de notre campement et de nos r\u00e9coltes a \u00e9t\u00e9 br\u00fbl\u00e9, t\u00e9moigne ainsi M\u00e1cio Gomes. Nous n\u2019\u00e9tions pas du tout pr\u00e9par\u00e9s. Le feu est arriv\u00e9 vers 14 heures du haut de la colline. Lorsqu\u2019on s\u2019en est aper\u00e7u, il \u00e9tait d\u00e9j\u00e0 trop tard. La v\u00e9g\u00e9tation \u00e9tait tr\u00e8s s\u00e8che, le vent a souffl\u00e9 tr\u00e8s fort ce jour-l\u00e0. On n\u2019est pas arriv\u00e9 \u00e0 contr\u00f4ler le feu. Nos maisons, notre \u00e9glise, nos serres\u00a0: une grande partie de notre campement est parti en fum\u00e9e. Cet incendie \u00e9tait volontaire\u00a0! Nous avons retrouv\u00e9 des bandes antifeu qui ont permis au grand propri\u00e9taire voisin de prot\u00e9ger ses r\u00e9coltes et son terrain. Il ne veut pas de nous ici. Chaque jour, nous devons lutter pour conserver notre terre.\u00a0\u00bb<\/p>\n<p>\u00ab\u00a0\u00c7a a \u00e9t\u00e9 difficile pour nous ces derni\u00e8res ann\u00e9es, souligne Jair, membre du MST (lire ci-contre). Bolsonaro a \u00e9t\u00e9 un grand pr\u00e9sident pour les grands propri\u00e9taires. Mais il n\u2019a rien fait pour nous. Avec le retour de Lula, il faut laisser le temps pour voir\u00a0: en 2002, il avait fait beaucoup pour nous\u00a0; maintenant qu\u2019il est de retour, nous sommes plein d\u2019espoir au sein du Mouvement des travailleurs ruraux sans terre et nous attendons qu\u2019il fasse une nouvelle r\u00e9forme agraire. Car il faut que cela change. Car nous subissons aujourd\u2019hui de fortes pressions de la part des grands propri\u00e9taires voisins qui ont soutenu Bolsonaro et qui disposent de leurs propres milices arm\u00e9es, nous avons peur pour nos vies.\u2009Mais avec le retour de Lula, nous sommes plein d\u2019espoir\u2009: il nous faut une nouvelle r\u00e9forme agraire.\u00a0\u00bb<\/p>\n<\/div><\/div><\/div><\/div><\/div><div class=\"fusion-fullwidth fullwidth-box fusion-builder-row-4 fusion-flex-container fusion-parallax-fixed nonhundred-percent-fullwidth non-hundred-percent-height-scrolling parallax\" style=\"--awb-border-radius-top-left:0px;--awb-border-radius-top-right:0px;--awb-border-radius-bottom-right:0px;--awb-border-radius-bottom-left:0px;--awb-min-height:80vh;--awb-background-image:url(&quot;https:\/\/grand-angle.lavenir.net\/des-visages-et-des-luttes\/wp-content\/uploads\/sites\/178\/2023\/03\/goias2023-romain_veys_eda-formosa-7.jpg&quot;);--awb-background-size:cover;--awb-flex-wrap:wrap;background-attachment:fixed;\" ><div class=\"fusion-builder-row fusion-row fusion-flex-align-items-flex-start fusion-flex-content-wrap\" style=\"max-width:884px;margin-left: calc(-4% \/ 2 );margin-right: calc(-4% \/ 2 );\"><div class=\"fusion-layout-column fusion_builder_column fusion-builder-column-7 fusion_builder_column_1_1 1_1 fusion-flex-column\" style=\"--awb-bg-size:cover;--awb-width-large:100%;--awb-margin-top-large:0px;--awb-spacing-right-large:1.92%;--awb-margin-bottom-large:20px;--awb-spacing-left-large:1.92%;--awb-width-medium:100%;--awb-order-medium:0;--awb-spacing-right-medium:1.92%;--awb-spacing-left-medium:1.92%;--awb-width-small:100%;--awb-order-small:0;--awb-spacing-right-small:1.92%;--awb-spacing-left-small:1.92%;\"><div class=\"fusion-column-wrapper fusion-column-has-shadow fusion-flex-justify-content-flex-start fusion-content-layout-column\"><\/div><\/div><\/div><\/div><div class=\"fusion-fullwidth fullwidth-box fusion-builder-row-5 fusion-flex-container nonhundred-percent-fullwidth non-hundred-percent-height-scrolling\" style=\"--awb-border-radius-top-left:0px;--awb-border-radius-top-right:0px;--awb-border-radius-bottom-right:0px;--awb-border-radius-bottom-left:0px;--awb-padding-top:4%;--awb-background-color:#4d4c2b;--awb-flex-wrap:wrap;\" ><div class=\"fusion-builder-row fusion-row fusion-flex-align-items-flex-start fusion-flex-content-wrap\" style=\"max-width:884px;margin-left: calc(-4% \/ 2 );margin-right: calc(-4% \/ 2 );\"><div class=\"fusion-layout-column fusion_builder_column fusion-builder-column-8 fusion_builder_column_1_1 1_1 fusion-flex-column palm-right\" style=\"--awb-padding-top:4%;--awb-padding-right:4%;--awb-padding-bottom:4%;--awb-padding-left:4%;--awb-bg-color:#efe3cd;--awb-bg-color-hover:#efe3cd;--awb-bg-size:cover;--awb-width-large:100%;--awb-margin-top-large:0px;--awb-spacing-right-large:1.92%;--awb-margin-bottom-large:20px;--awb-spacing-left-large:1.92%;--awb-width-medium:100%;--awb-order-medium:0;--awb-spacing-right-medium:1.92%;--awb-spacing-left-medium:1.92%;--awb-width-small:100%;--awb-order-small:0;--awb-spacing-right-small:1.92%;--awb-spacing-left-small:1.92%;\"><div class=\"fusion-column-wrapper fusion-column-has-shadow fusion-flex-justify-content-flex-start fusion-content-layout-column\"><div class=\"fusion-text fusion-text-4\"><h2>Un mod\u00e8le de d\u00e9mocratie participative<\/h2>\n<p>Fond\u00e9 en 1985, le Movimento dos Trabalhadores Rurais Sem Terra (MST) milite en faveur de la lutte des communaut\u00e9s rurales et organise l\u2019occupation de territoires qui ne remplissent pas la fonction sociale de la terre, en marge de la r\u00e9forme agraire (lire ci-contre).<\/p>\n<p>\u00ab\u00a0Un camp d\u2019occupation (un acampamento) s\u2019articule en plusieurs secteurs, chacun \u00e9tant responsable d\u2019une th\u00e9matique et g\u00e9r\u00e9 par un ou plusieurs membres de la communaut\u00e9, d\u00e9taille Maria Moreira da Silva Neta, coordinatrice du mouvement dans la r\u00e9gion de Formosa. Cela concerne donc la production, les finances, la sant\u00e9, l\u2019\u00e9ducation, etc.\u200aLe but est que chacun puisse avoir la responsabilit\u00e9 d\u2019une t\u00e2che.\u200aQuant aux d\u00e9cisions de nature plus politiques, elles sont prises par un conseil qui r\u00e9unit des repr\u00e9sentants de chaque zone du camp\u00a0\u00bb.<\/p>\n<\/div><div class=\"fusion-image-element \" style=\"--awb-caption-title-font-family:var(--h2_typography-font-family);--awb-caption-title-font-weight:var(--h2_typography-font-weight);--awb-caption-title-font-style:var(--h2_typography-font-style);--awb-caption-title-size:var(--h2_typography-font-size);--awb-caption-title-transform:var(--h2_typography-text-transform);--awb-caption-title-line-height:var(--h2_typography-line-height);--awb-caption-title-letter-spacing:var(--h2_typography-letter-spacing);\"><span class=\" fusion-imageframe imageframe-none imageframe-5 hover-type-zoomin\"><img decoding=\"async\" width=\"2000\" height=\"1500\" title=\"goias2023-romain_veys_eda-formosa (9)\" src=\"https:\/\/grand-angle.lavenir.net\/des-visages-et-des-luttes\/wp-content\/uploads\/sites\/178\/2023\/03\/goias2023-romain_veys_eda-formosa-9.jpg\" alt class=\"img-responsive wp-image-2233\" srcset=\"https:\/\/grand-angle.lavenir.net\/des-visages-et-des-luttes\/wp-content\/uploads\/sites\/178\/2023\/03\/goias2023-romain_veys_eda-formosa-9-200x150.jpg 200w, https:\/\/grand-angle.lavenir.net\/des-visages-et-des-luttes\/wp-content\/uploads\/sites\/178\/2023\/03\/goias2023-romain_veys_eda-formosa-9-400x300.jpg 400w, https:\/\/grand-angle.lavenir.net\/des-visages-et-des-luttes\/wp-content\/uploads\/sites\/178\/2023\/03\/goias2023-romain_veys_eda-formosa-9-600x450.jpg 600w, https:\/\/grand-angle.lavenir.net\/des-visages-et-des-luttes\/wp-content\/uploads\/sites\/178\/2023\/03\/goias2023-romain_veys_eda-formosa-9-800x600.jpg 800w, https:\/\/grand-angle.lavenir.net\/des-visages-et-des-luttes\/wp-content\/uploads\/sites\/178\/2023\/03\/goias2023-romain_veys_eda-formosa-9-1200x900.jpg 1200w, https:\/\/grand-angle.lavenir.net\/des-visages-et-des-luttes\/wp-content\/uploads\/sites\/178\/2023\/03\/goias2023-romain_veys_eda-formosa-9.jpg 2000w\" sizes=\"(max-width: 1024px) 100vw, (max-width: 640px) 100vw, 800px\" \/><\/span><\/div><div class=\"fusion-text fusion-text-5\"><p>Ana Maria est par exemple responsable de l\u2019\u00e9ducation sur le camp d\u2019occupation Dom Tomas Baldu\u00edno.<em> \u00ab\u00a0D\u00e8s le d\u00e9but, l\u2019objectif \u00e9tait d\u2019alphab\u00e9tiser les membres de notre communaut\u00e9, car il y avait beaucoup d\u2019adultes qui ne savaient ni lire, ni \u00e9crire. L\u2019objectif \u00e9tait que le jour o\u00f9 ils re\u00e7oivent de l\u2019\u00c9tat le document leur donnant un droit d\u2019usage sur cette terre, ils soient en mesure de pouvoir le comprendre et le signer. Nous avons r\u00e9ussi \u00e0 alphab\u00e9tiser tous les adultes de notre communaut\u00e9. Alors, aujourd\u2019hui, nous continuons de travailler au niveau de l\u2019\u00e9ducation, notamment aupr\u00e8s des plus jeunes, car il y a des enfants\u00a0\u00bb.<\/em><\/p>\n<p>Comme Maria et Ana Maria, ils sont plusieurs centaines de milliers de travailleurs ruraux et militants du MST \u00e0 lutter pour faire vivre des campements.<\/p>\n<p>Mais cette lutte a un prix, souvent dramatique.\u200aEn 2017, la Commission pastorale de la Terre (CPT, lire ci-contre) estimait ainsi \u00e0 1722 le nombre de militants assassin\u00e9s depuis la cr\u00e9ation du mouvement\u2009!<\/p>\n<\/div><\/div><\/div><\/div><\/div><div class=\"fusion-fullwidth fullwidth-box fusion-builder-row-6 fusion-flex-container nonhundred-percent-fullwidth non-hundred-percent-height-scrolling\" style=\"--awb-border-radius-top-left:0px;--awb-border-radius-top-right:0px;--awb-border-radius-bottom-right:0px;--awb-border-radius-bottom-left:0px;--awb-flex-wrap:wrap;\" ><div class=\"fusion-builder-row fusion-row fusion-flex-align-items-flex-start fusion-flex-content-wrap\" style=\"max-width:884px;margin-left: calc(-4% \/ 2 );margin-right: calc(-4% \/ 2 );\"><div class=\"fusion-layout-column fusion_builder_column fusion-builder-column-9 fusion_builder_column_1_1 1_1 fusion-flex-column\" style=\"--awb-bg-size:cover;--awb-width-large:100%;--awb-margin-top-large:0px;--awb-spacing-right-large:1.92%;--awb-margin-bottom-large:20px;--awb-spacing-left-large:1.92%;--awb-width-medium:100%;--awb-spacing-right-medium:1.92%;--awb-spacing-left-medium:1.92%;--awb-width-small:100%;--awb-spacing-right-small:1.92%;--awb-spacing-left-small:1.92%;\"><div class=\"fusion-column-wrapper fusion-column-has-shadow fusion-flex-justify-content-flex-start fusion-content-layout-column\"><link rel=\"stylesheet\" href=\"https:\/\/use.typekit.net\/uji0zse.css\">\n<style>\n.chapitre figure {\n\tposition: relative;\n\toverflow: hidden;\n\tmargin: 10px 1%;\n\t\/*max-width: 480px;\n\tmax-height: 360px;*\/\n\tbackground: #ef7228 !important;\n\ttext-align: left;\n\tcursor: pointer;\n}\n\n.chapitre figure img {\n\tposition: relative;\n\tdisplay: block;\n\tmin-height: 100%;\n\tmax-width: 100%;\n\topacity: 0.5;\n}\n\n.chapitre figure figcaption {\n\tpadding: 2em;\n\tcolor: #fff;\n\ttext-transform: uppercase;\n\tfont-size: 1.25em;\n\t-webkit-backface-visibility: hidden;\n\tbackface-visibility: hidden;\n}\n\n.chapitre figure figcaption::before,\n.chapitre figure figcaption::after {\n\tpointer-events: none;\n}\n\n.chapitre figure figcaption,\n.chapitre figure figcaption > a {\n\tposition: absolute;\n\ttop: 0;\n\tleft: 0;\n\twidth: 100%;\n\theight: 100%;\n}\n.chapitre figure figcaption a {\n\tz-index: 1000;\n\twhite-space: nowrap;\n\tdisplay: block;\n}\nfigure.effect-goliath {\n\tbackground: #D60A11;\n}\n\nfigure.effect-goliath img.hover {\nopacity: 0;\nposition: absolute;\ntop: 0;\nleft: 0;\n\n}\nfigure.effect-goliath img,\nfigure.effect-goliath h2 {\n\t-webkit-transition: -webkit-transform 0.35s;\n\ttransition:  opacity 0.35s,transform 0.35s;\n}\n\nfigure.effect-goliath img {\n\t-webkit-backface-visibility: hidden;\n\tbackface-visibility: hidden;\n}\n\nfigure.effect-goliath h2,\nfigure.effect-goliath p {\n\tposition: absolute;\n\tbottom: 0;\n\tleft: 0;\n\tpadding: 10px;\n}\nfigure.effect-goliath h2 {\n\tposition: absolute;\n\tbottom: 0;\n\tleft: 0;\n\tpadding: 30px;\n\tcolor: #FFF;\n\tfont-weight: bold !important;\n\tfont-size: 24px !important;\n\ttext-shadow: 0px 0px 4px rgba(0,0,0,0.9);\n\tmargin: 0;\n\t\/* padding-bottom: 10px; *\/\n}\n\nfigure.effect-goliath p {\n\ttext-transform: none;\n\tfont-size: 85%;\n\topacity: 0;\n\t-webkit-transition: opacity 0.35s, -webkit-transform 0.35s;\n\ttransition: opacity 0.35s, transform 0.35s;\n\t-webkit-transform: translate3d(0,50px,0);\n\ttransform: translate3d(0,50px,0);\n       margin-bottom: 0px;\n}\n\nfigure.effect-goliath:hover img {\n\t-webkit-transform: translate3d(0,-75px,0);\n\ttransform: translate3d(0,-75px,0);\n}\nfigure.effect-goliath:hover img.hover {\n       opacity: 1;\n}\n\nfigure.effect-goliath:hover h2 {\n\t-webkit-transform: translate3d(0,-100px,0);\n\ttransform: translate3d(0,-100px,0);\n}\n\nfigure.effect-goliath:hover p {\n\topacity: 1;\n\t-webkit-transform: translate3d(0,0,0);\n\ttransform: translate3d(0,0,0);\n}\n<\/style><\/div><\/div><div class=\"fusion-layout-column fusion_builder_column fusion-builder-column-10 fusion_builder_column_1_1 1_1 fusion-flex-column\" style=\"--awb-bg-size:cover;--awb-width-large:100%;--awb-margin-top-large:0px;--awb-spacing-right-large:1.92%;--awb-margin-bottom-large:20px;--awb-spacing-left-large:1.92%;--awb-width-medium:100%;--awb-spacing-right-medium:1.92%;--awb-spacing-left-medium:1.92%;--awb-width-small:100%;--awb-spacing-right-small:1.92%;--awb-spacing-left-small:1.92%;\"><div class=\"fusion-column-wrapper fusion-column-has-shadow fusion-flex-justify-content-flex-start fusion-content-layout-column\"><div style=\"text-align:center;\"><a class=\"fusion-button button-flat fusion-button-default-size button-default fusion-button-default button-1 fusion-button-default-span fusion-button-default-type\" target=\"_self\" href=\"https:\/\/grand-angle.lavenir.net\/des-visages-et-des-luttes\/\"><span class=\"fusion-button-text awb-button__text awb-button__text--default\">Retour \u00e0 l\u2019accueil<\/span><\/a><\/div><\/div><\/div><div class=\"fusion-layout-column fusion_builder_column fusion-builder-column-11 fusion_builder_column_1_2 1_2 fusion-flex-column fusion-column-inner-bg-wrapper\" style=\"--awb-inner-bg-size:cover;--awb-width-large:50%;--awb-margin-top-large:0px;--awb-spacing-right-large:3.84%;--awb-margin-bottom-large:20px;--awb-spacing-left-large:3.84%;--awb-width-medium:100%;--awb-order-medium:0;--awb-spacing-right-medium:1.92%;--awb-spacing-left-medium:1.92%;--awb-width-small:100%;--awb-order-small:0;--awb-spacing-right-small:1.92%;--awb-spacing-left-small:1.92%;\"><span class=\"fusion-column-inner-bg hover-type-none\"><a class=\"fusion-column-anchor\" href=\"https:\/\/grand-angle.lavenir.net\/des-visages-et-des-luttes\/le-paradoxe-de-lhistorique-goias-moteur-de-la-reforme-agraire\/\"><span class=\"fusion-column-inner-bg-image\"><\/span><\/a><\/span><div class=\"fusion-column-wrapper fusion-column-has-shadow fusion-flex-justify-content-flex-start fusion-content-layout-column\"><div class=\"chapitre\">\n    <figure class=\"effect-goliath\">\n      <img decoding=\"async\" class=\"alignnone\" src=\"https:\/\/grand-angle.lavenir.net\/des-visages-et-des-luttes\/wp-content\/uploads\/sites\/178\/2023\/03\/goias2023-romain_veys_eda-goias-4.jpg\">\n      <figcaption>\n        <h2 data-fontsize=\"24\" data-lineheight=\"36\">Le paradoxe de l\u2019historique Goi\u00e1s, moteur de la r\u00e9forme agraire<\/h2>\n        <p>\n         \n        <\/p>\n      <\/figcaption>\n    <\/figure>\n<\/div><\/div><\/div><div class=\"fusion-layout-column fusion_builder_column fusion-builder-column-12 fusion_builder_column_1_2 1_2 fusion-flex-column fusion-column-inner-bg-wrapper\" style=\"--awb-inner-bg-size:cover;--awb-width-large:50%;--awb-margin-top-large:0px;--awb-spacing-right-large:3.84%;--awb-margin-bottom-large:20px;--awb-spacing-left-large:3.84%;--awb-width-medium:100%;--awb-order-medium:0;--awb-spacing-right-medium:1.92%;--awb-spacing-left-medium:1.92%;--awb-width-small:100%;--awb-order-small:0;--awb-spacing-right-small:1.92%;--awb-spacing-left-small:1.92%;\"><span class=\"fusion-column-inner-bg hover-type-none\"><a class=\"fusion-column-anchor\" href=\"https:\/\/grand-angle.lavenir.net\/des-visages-et-des-luttes\/soutenir-lemancipation-des-femmes-rurales-pour-developper-les-communautes\/\"><span class=\"fusion-column-inner-bg-image\"><\/span><\/a><\/span><div class=\"fusion-column-wrapper fusion-column-has-shadow fusion-flex-justify-content-flex-start fusion-content-layout-column\"><div class=\"chapitre\">\n    <figure class=\"effect-goliath\">\n      <img decoding=\"async\" class=\"alignnone\" src=\"https:\/\/grand-angle.lavenir.net\/des-visages-et-des-luttes\/wp-content\/uploads\/sites\/178\/2023\/03\/goias2023-romain_veys_eda-uruacu-5.jpg\">\n      <figcaption>\n        <h2 data-fontsize=\"24\" data-lineheight=\"36\">Soutenir l\u2019\u00e9mancipation des femmes rurales pour d\u00e9velopper les communaut\u00e9s<\/h2>\n        <p>\n\n        <\/p>\n      <\/figcaption>\n    <\/figure>\n<\/div><\/div><\/div><div class=\"fusion-layout-column fusion_builder_column fusion-builder-column-13 fusion_builder_column_1_2 1_2 fusion-flex-column fusion-column-inner-bg-wrapper\" style=\"--awb-inner-bg-size:cover;--awb-width-large:50%;--awb-margin-top-large:0px;--awb-spacing-right-large:3.84%;--awb-margin-bottom-large:20px;--awb-spacing-left-large:3.84%;--awb-width-medium:100%;--awb-order-medium:0;--awb-spacing-right-medium:1.92%;--awb-spacing-left-medium:1.92%;--awb-width-small:100%;--awb-order-small:0;--awb-spacing-right-small:1.92%;--awb-spacing-left-small:1.92%;\"><span class=\"fusion-column-inner-bg hover-type-none\"><a class=\"fusion-column-anchor\" href=\"https:\/\/grand-angle.lavenir.net\/des-visages-et-des-luttes\/a-minacu-les-terres-immergees-de-cana-brava-et-la-menace-invisible-de-serra-verde\/\"><span class=\"fusion-column-inner-bg-image\"><\/span><\/a><\/span><div class=\"fusion-column-wrapper fusion-column-has-shadow fusion-flex-justify-content-flex-start fusion-content-layout-column\"><div class=\"chapitre\">\n    <figure class=\"effect-goliath\">\n      <img decoding=\"async\" class=\"alignnone\" src=\"https:\/\/grand-angle.lavenir.net\/des-visages-et-des-luttes\/wp-content\/uploads\/sites\/178\/2023\/03\/goias2023-romain_veys_eda-minacu-1.jpg\">\n      <figcaption>\n        <h2 data-fontsize=\"24\" data-lineheight=\"36\">\u00c0 Mina\u00e7u, les terres immerg\u00e9es de Cana Brava et la menace invisible de Serra Verde<\/h2>\n        <p>\n        <\/p>\n      <\/figcaption>\n    <\/figure>\n<\/div><\/div><\/div><div class=\"fusion-layout-column fusion_builder_column fusion-builder-column-14 fusion_builder_column_1_2 1_2 fusion-flex-column fusion-column-inner-bg-wrapper\" style=\"--awb-inner-bg-size:cover;--awb-width-large:50%;--awb-margin-top-large:0px;--awb-spacing-right-large:3.84%;--awb-margin-bottom-large:20px;--awb-spacing-left-large:3.84%;--awb-width-medium:100%;--awb-order-medium:0;--awb-spacing-right-medium:1.92%;--awb-spacing-left-medium:1.92%;--awb-width-small:100%;--awb-order-small:0;--awb-spacing-right-small:1.92%;--awb-spacing-left-small:1.92%;\"><span class=\"fusion-column-inner-bg hover-type-none\"><a class=\"fusion-column-anchor\" href=\"https:\/\/grand-angle.lavenir.net\/des-visages-et-des-luttes\/les-travailleurs-sans-terre-produire-pour-exister-et-resister\/\"><span class=\"fusion-column-inner-bg-image\"><\/span><\/a><\/span><div class=\"fusion-column-wrapper fusion-column-has-shadow fusion-flex-justify-content-flex-start fusion-content-layout-column\"><div class=\"chapitre\">\n    <figure class=\"effect-goliath\">\n      <img decoding=\"async\" class=\"alignnone\" src=\"https:\/\/grand-angle.lavenir.net\/des-visages-et-des-luttes\/wp-content\/uploads\/sites\/178\/2023\/03\/goias2023-romain_veys_eda-formosa-1.jpg\">\n      <figcaption>\n        <h2 data-fontsize=\"24\" data-lineheight=\"36\">Les travailleurs \u00ab sans terre \u00bb : produire pour exister et r\u00e9sister<\/h2>\n        <p>\n         \n        <\/p>\n      <\/figcaption>\n    <\/figure>\n<\/div><\/div><\/div><div class=\"fusion-layout-column fusion_builder_column fusion-builder-column-15 fusion_builder_column_1_2 1_2 fusion-flex-column fusion-column-inner-bg-wrapper\" style=\"--awb-inner-bg-size:cover;--awb-width-large:50%;--awb-margin-top-large:0px;--awb-spacing-right-large:3.84%;--awb-margin-bottom-large:20px;--awb-spacing-left-large:3.84%;--awb-width-medium:100%;--awb-order-medium:0;--awb-spacing-right-medium:1.92%;--awb-spacing-left-medium:1.92%;--awb-width-small:100%;--awb-order-small:0;--awb-spacing-right-small:1.92%;--awb-spacing-left-small:1.92%;\"><span class=\"fusion-column-inner-bg hover-type-none\"><a class=\"fusion-column-anchor\" href=\"https:\/\/grand-angle.lavenir.net\/des-visages-et-des-luttes\/les-quilombolas-heritiers-de-la-resistance-a-lesclavagisme\/\"><span class=\"fusion-column-inner-bg-image\"><\/span><\/a><\/span><div class=\"fusion-column-wrapper fusion-column-has-shadow fusion-flex-justify-content-flex-start fusion-content-layout-column\"><div class=\"chapitre\">\n    <figure class=\"effect-goliath\">\n      <img decoding=\"async\" class=\"alignnone\" src=\"https:\/\/grand-angle.lavenir.net\/des-visages-et-des-luttes\/wp-content\/uploads\/sites\/178\/2023\/03\/goias2023-romain_veys_eda-quilombolas-2.jpg\" \/>\n      <figcaption>\n        <h2 data-fontsize=\"24\" data-lineheight=\"36\">Les Quilombolas, h\u00e9ritiers de la r\u00e9sistance \u00e0 l\u2019esclavagisme<\/h2>\n        <p>\n        <\/p>\n      <\/figcaption>\n    <\/figure>\n<\/div><\/div><\/div><div class=\"fusion-layout-column fusion_builder_column fusion-builder-column-16 fusion_builder_column_1_2 1_2 fusion-flex-column fusion-column-inner-bg-wrapper\" style=\"--awb-inner-bg-size:cover;--awb-width-large:50%;--awb-margin-top-large:0px;--awb-spacing-right-large:3.84%;--awb-margin-bottom-large:20px;--awb-spacing-left-large:3.84%;--awb-width-medium:100%;--awb-order-medium:0;--awb-spacing-right-medium:1.92%;--awb-spacing-left-medium:1.92%;--awb-width-small:100%;--awb-order-small:0;--awb-spacing-right-small:1.92%;--awb-spacing-left-small:1.92%;\"><span class=\"fusion-column-inner-bg hover-type-none\"><a class=\"fusion-column-anchor\" href=\"https:\/\/grand-angle.lavenir.net\/des-visages-et-des-luttes\/occuper-la-terre-pour-en-revendiquer-le-droit-dusage\/\"><span class=\"fusion-column-inner-bg-image\"><\/span><\/a><\/span><div class=\"fusion-column-wrapper fusion-column-has-shadow fusion-flex-justify-content-flex-start fusion-content-layout-column\"><div class=\"chapitre\">\n    <figure class=\"effect-goliath\">\n      <img decoding=\"async\" class=\"alignnone\" src=\"https:\/\/grand-angle.lavenir.net\/des-visages-et-des-luttes\/wp-content\/uploads\/sites\/178\/2023\/03\/goias2023-romain_veys_eda-leonir_orback-6.jpg\">\n      <figcaption>\n        <h2 data-fontsize=\"24\" data-lineheight=\"36\">Occuper la terre pour en revendiquer le droit d\u2019usage<\/h2>\n        <p>\n        <\/p>\n      <\/figcaption>\n    <\/figure>\n<\/div><\/div><\/div><div class=\"fusion-layout-column fusion_builder_column fusion-builder-column-17 fusion_builder_column_1_2 1_2 fusion-flex-column fusion-column-inner-bg-wrapper\" style=\"--awb-inner-bg-size:cover;--awb-width-large:50%;--awb-margin-top-large:0px;--awb-spacing-right-large:3.84%;--awb-margin-bottom-large:20px;--awb-spacing-left-large:3.84%;--awb-width-medium:100%;--awb-order-medium:0;--awb-spacing-right-medium:1.92%;--awb-spacing-left-medium:1.92%;--awb-width-small:100%;--awb-order-small:0;--awb-spacing-right-small:1.92%;--awb-spacing-left-small:1.92%;\"><span class=\"fusion-column-inner-bg hover-type-none\"><a class=\"fusion-column-anchor\" href=\"https:\/\/grand-angle.lavenir.net\/des-visages-et-des-luttes\/le-cerrado-joyau-oublie-de-lamerique-et-defigure-par-lagrobusiness\/\"><span class=\"fusion-column-inner-bg-image\"><\/span><\/a><\/span><div class=\"fusion-column-wrapper fusion-column-has-shadow fusion-flex-justify-content-flex-start fusion-content-layout-column\"><div class=\"chapitre\">\n    <figure class=\"effect-goliath\">\n      <img decoding=\"async\" class=\"alignnone\" src=\"https:\/\/grand-angle.lavenir.net\/des-visages-et-des-luttes\/wp-content\/uploads\/sites\/178\/2023\/03\/goias2023-romain_veys_eda-cerrado-6.jpg\">\n      <figcaption>\n        <h2 data-fontsize=\"24\" data-lineheight=\"36\">Le Cerrado, joyau oubli\u00e9 de l\u2019Am\u00e9rique et d\u00e9figur\u00e9 par l\u2019agrobusiness<\/h2>\n        <p>\n        <\/p>\n      <\/figcaption>\n    <\/figure>\n<\/div><\/div><\/div><div class=\"fusion-layout-column fusion_builder_column fusion-builder-column-18 fusion_builder_column_1_2 1_2 fusion-flex-column fusion-column-inner-bg-wrapper\" style=\"--awb-inner-bg-size:cover;--awb-width-large:50%;--awb-margin-top-large:0px;--awb-spacing-right-large:3.84%;--awb-margin-bottom-large:20px;--awb-spacing-left-large:3.84%;--awb-width-medium:100%;--awb-order-medium:0;--awb-spacing-right-medium:1.92%;--awb-spacing-left-medium:1.92%;--awb-width-small:100%;--awb-order-small:0;--awb-spacing-right-small:1.92%;--awb-spacing-left-small:1.92%;\"><span class=\"fusion-column-inner-bg hover-type-none\"><a class=\"fusion-column-anchor\" href=\"https:\/\/grand-angle.lavenir.net\/des-visages-et-des-luttes\/une-reforme-agraire-pour-redistribuer-la-terre\/\"><span class=\"fusion-column-inner-bg-image\"><\/span><\/a><\/span><div class=\"fusion-column-wrapper fusion-column-has-shadow fusion-flex-justify-content-flex-start fusion-content-layout-column\"><div class=\"chapitre\">\n    <figure class=\"effect-goliath\">\n      <img decoding=\"async\" class=\"alignnone\" src=\"https:\/\/grand-angle.lavenir.net\/des-visages-et-des-luttes\/wp-content\/uploads\/sites\/178\/2023\/03\/goias2023-romain_veys_eda-reforme_agraire-6.jpg\">\n      <figcaption>\n        <h2 data-fontsize=\"24\" data-lineheight=\"36\">Une r\u00e9forme agraire pour redistribuer la terre<\/h2>\n        <p>\n        <\/p>\n      <\/figcaption>\n    <\/figure>\n<\/div><\/div><\/div><\/div><\/div>\n<div class=\"fusion-fullwidth fullwidth-box fusion-builder-row-7 fusion-flex-container fusion-parallax-none hundred-percent-fullwidth non-hundred-percent-height-scrolling\" style=\"--awb-border-radius-top-left:0px;--awb-border-radius-top-right:0px;--awb-border-radius-bottom-right:0px;--awb-border-radius-bottom-left:0px;--awb-min-height:350px;--awb-background-image:url(&quot;https:\/\/grand-angle.lavenir.net\/des-visages-et-des-luttes\/wp-content\/uploads\/sites\/178\/2023\/03\/footer.png&quot;);--awb-background-size:cover;--awb-flex-wrap:wrap;\" ><div class=\"fusion-builder-row fusion-row fusion-flex-align-items-flex-start fusion-flex-content-wrap\" style=\"width:104% !important;max-width:104% !important;margin-left: calc(-4% \/ 2 );margin-right: calc(-4% \/ 2 );\"><\/div><\/div><\/p>\n","protected":false},"excerpt":{"rendered":"","protected":false},"author":1,"featured_media":2225,"parent":0,"menu_order":0,"comment_status":"closed","ping_status":"closed","template":"100-width.php","meta":{"footnotes":""},"class_list":["post-2224","page","type-page","status-publish","has-post-thumbnail","hentry"],"yoast_head":"<!-- This site is optimized with the Yoast SEO plugin v27.1.1 - https:\/\/yoast.com\/product\/yoast-seo-wordpress\/ -->\n<title>Les travailleurs \u00ab sans terre \u00bb : produire pour exister et r\u00e9sister<\/title>\n<meta name=\"description\" content=\"Au Br\u00e9sil, les travailleurs ruraux, organis\u00e9s en petites communaut\u00e9s, occupent des terres pour faire valoir leurs droits. Rencontre avec celle qui occupe le campement Dom Tomas Baldu\u00edno, \u00e0 Formosa.\" \/>\n<meta name=\"robots\" content=\"index, follow, max-snippet:-1, max-image-preview:large, max-video-preview:-1\" \/>\n<link rel=\"canonical\" href=\"https:\/\/grand-angle.lavenir.net\/des-visages-et-des-luttes\/les-travailleurs-sans-terre-produire-pour-exister-et-resister\/\" \/>\n<meta property=\"og:locale\" content=\"fr_FR\" \/>\n<meta property=\"og:type\" content=\"article\" \/>\n<meta property=\"og:title\" content=\"Les travailleurs \u00ab sans terre \u00bb : produire pour exister et r\u00e9sister\" \/>\n<meta property=\"og:description\" content=\"Au Br\u00e9sil, les travailleurs ruraux, organis\u00e9s en petites communaut\u00e9s, occupent des terres pour faire valoir leurs droits. Rencontre avec celle qui occupe le campement Dom Tomas Baldu\u00edno, \u00e0 Formosa.\" \/>\n<meta property=\"og:url\" content=\"https:\/\/grand-angle.lavenir.net\/des-visages-et-des-luttes\/les-travailleurs-sans-terre-produire-pour-exister-et-resister\/\" \/>\n<meta property=\"og:site_name\" content=\"Des visages et des luttes\" \/>\n<meta property=\"article:modified_time\" content=\"2023-12-14T08:33:38+00:00\" \/>\n<meta property=\"og:image\" content=\"https:\/\/grand-angle.lavenir.net\/des-visages-et-des-luttes\/wp-content\/uploads\/sites\/178\/2023\/03\/goias2023-romain_veys_eda-formosa-1.jpg\" \/>\n\t<meta property=\"og:image:width\" content=\"2000\" \/>\n\t<meta property=\"og:image:height\" content=\"1500\" \/>\n\t<meta property=\"og:image:type\" content=\"image\/jpeg\" \/>\n<meta name=\"twitter:card\" content=\"summary_large_image\" \/>\n<meta name=\"twitter:title\" content=\"Les travailleurs \u00ab sans terre \u00bb : produire pour exister et r\u00e9sister\" \/>\n<meta name=\"twitter:description\" content=\"Au Br\u00e9sil, les travailleurs ruraux, organis\u00e9s en petites communaut\u00e9s, occupent des terres pour faire valoir leurs droits. Rencontre avec celle qui occupe le campement Dom Tomas Baldu\u00edno, \u00e0 Formosa.\" \/>\n<meta name=\"twitter:image\" content=\"https:\/\/grand-angle.lavenir.net\/des-visages-et-des-luttes\/wp-content\/uploads\/sites\/178\/2023\/03\/goias2023-romain_veys_eda-formosa-1.jpg\" \/>\n<meta name=\"twitter:label1\" content=\"Dur\u00e9e de lecture est.\" \/>\n\t<meta name=\"twitter:data1\" content=\"18 minutes\" \/>\n<script type=\"application\/ld+json\" class=\"yoast-schema-graph\">{\"@context\":\"https:\/\/schema.org\",\"@graph\":[{\"@type\":\"WebPage\",\"@id\":\"https:\/\/grand-angle.lavenir.net\/des-visages-et-des-luttes\/les-travailleurs-sans-terre-produire-pour-exister-et-resister\/\",\"url\":\"https:\/\/grand-angle.lavenir.net\/des-visages-et-des-luttes\/les-travailleurs-sans-terre-produire-pour-exister-et-resister\/\",\"name\":\"Les travailleurs \u00ab sans terre \u00bb : produire pour exister et r\u00e9sister\",\"isPartOf\":{\"@id\":\"https:\/\/grand-angle.lavenir.net\/des-visages-et-des-luttes\/#website\"},\"primaryImageOfPage\":{\"@id\":\"https:\/\/grand-angle.lavenir.net\/des-visages-et-des-luttes\/les-travailleurs-sans-terre-produire-pour-exister-et-resister\/#primaryimage\"},\"image\":{\"@id\":\"https:\/\/grand-angle.lavenir.net\/des-visages-et-des-luttes\/les-travailleurs-sans-terre-produire-pour-exister-et-resister\/#primaryimage\"},\"thumbnailUrl\":\"https:\/\/grand-angle.lavenir.net\/des-visages-et-des-luttes\/wp-content\/uploads\/sites\/178\/2023\/03\/goias2023-romain_veys_eda-formosa-1.jpg\",\"datePublished\":\"2023-03-09T13:09:39+00:00\",\"dateModified\":\"2023-12-14T08:33:38+00:00\",\"description\":\"Au Br\u00e9sil, les travailleurs ruraux, organis\u00e9s en petites communaut\u00e9s, occupent des terres pour faire valoir leurs droits. Rencontre avec celle qui occupe le campement Dom Tomas Baldu\u00edno, \u00e0 Formosa.\",\"breadcrumb\":{\"@id\":\"https:\/\/grand-angle.lavenir.net\/des-visages-et-des-luttes\/les-travailleurs-sans-terre-produire-pour-exister-et-resister\/#breadcrumb\"},\"inLanguage\":\"fr-BE\",\"potentialAction\":[{\"@type\":\"ReadAction\",\"target\":[\"https:\/\/grand-angle.lavenir.net\/des-visages-et-des-luttes\/les-travailleurs-sans-terre-produire-pour-exister-et-resister\/\"]}]},{\"@type\":\"ImageObject\",\"inLanguage\":\"fr-BE\",\"@id\":\"https:\/\/grand-angle.lavenir.net\/des-visages-et-des-luttes\/les-travailleurs-sans-terre-produire-pour-exister-et-resister\/#primaryimage\",\"url\":\"https:\/\/grand-angle.lavenir.net\/des-visages-et-des-luttes\/wp-content\/uploads\/sites\/178\/2023\/03\/goias2023-romain_veys_eda-formosa-1.jpg\",\"contentUrl\":\"https:\/\/grand-angle.lavenir.net\/des-visages-et-des-luttes\/wp-content\/uploads\/sites\/178\/2023\/03\/goias2023-romain_veys_eda-formosa-1.jpg\",\"width\":2000,\"height\":1500},{\"@type\":\"BreadcrumbList\",\"@id\":\"https:\/\/grand-angle.lavenir.net\/des-visages-et-des-luttes\/les-travailleurs-sans-terre-produire-pour-exister-et-resister\/#breadcrumb\",\"itemListElement\":[{\"@type\":\"ListItem\",\"position\":1,\"name\":\"Home\",\"item\":\"https:\/\/grand-angle.lavenir.net\/des-visages-et-des-luttes\/\"},{\"@type\":\"ListItem\",\"position\":2,\"name\":\"Les travailleurs \u00ab sans terre \u00bb : produire pour exister et r\u00e9sister\"}]},{\"@type\":\"WebSite\",\"@id\":\"https:\/\/grand-angle.lavenir.net\/des-visages-et-des-luttes\/#website\",\"url\":\"https:\/\/grand-angle.lavenir.net\/des-visages-et-des-luttes\/\",\"name\":\"Des visages et des luttes\",\"description\":\"Au c\u0153ur des r\u00e9sistances des travailleurs ruraux de l\u2019\u00c9tat de Goi\u00e1s\",\"potentialAction\":[{\"@type\":\"SearchAction\",\"target\":{\"@type\":\"EntryPoint\",\"urlTemplate\":\"https:\/\/grand-angle.lavenir.net\/des-visages-et-des-luttes\/?s={search_term_string}\"},\"query-input\":{\"@type\":\"PropertyValueSpecification\",\"valueRequired\":true,\"valueName\":\"search_term_string\"}}],\"inLanguage\":\"fr-BE\"}]}<\/script>\n<!-- \/ Yoast SEO plugin. -->","yoast_head_json":{"title":"Les travailleurs \u00ab sans terre \u00bb : produire pour exister et r\u00e9sister","description":"Au Br\u00e9sil, les travailleurs ruraux, organis\u00e9s en petites communaut\u00e9s, occupent des terres pour faire valoir leurs droits. Rencontre avec celle qui occupe le campement Dom Tomas Baldu\u00edno, \u00e0 Formosa.","robots":{"index":"index","follow":"follow","max-snippet":"max-snippet:-1","max-image-preview":"max-image-preview:large","max-video-preview":"max-video-preview:-1"},"canonical":"https:\/\/grand-angle.lavenir.net\/des-visages-et-des-luttes\/les-travailleurs-sans-terre-produire-pour-exister-et-resister\/","og_locale":"fr_FR","og_type":"article","og_title":"Les travailleurs \u00ab sans terre \u00bb : produire pour exister et r\u00e9sister","og_description":"Au Br\u00e9sil, les travailleurs ruraux, organis\u00e9s en petites communaut\u00e9s, occupent des terres pour faire valoir leurs droits. Rencontre avec celle qui occupe le campement Dom Tomas Baldu\u00edno, \u00e0 Formosa.","og_url":"https:\/\/grand-angle.lavenir.net\/des-visages-et-des-luttes\/les-travailleurs-sans-terre-produire-pour-exister-et-resister\/","og_site_name":"Des visages et des luttes","article_modified_time":"2023-12-14T08:33:38+00:00","og_image":[{"width":2000,"height":1500,"url":"https:\/\/grand-angle.lavenir.net\/des-visages-et-des-luttes\/wp-content\/uploads\/sites\/178\/2023\/03\/goias2023-romain_veys_eda-formosa-1.jpg","type":"image\/jpeg"}],"twitter_card":"summary_large_image","twitter_title":"Les travailleurs \u00ab sans terre \u00bb : produire pour exister et r\u00e9sister","twitter_description":"Au Br\u00e9sil, les travailleurs ruraux, organis\u00e9s en petites communaut\u00e9s, occupent des terres pour faire valoir leurs droits. Rencontre avec celle qui occupe le campement Dom Tomas Baldu\u00edno, \u00e0 Formosa.","twitter_image":"https:\/\/grand-angle.lavenir.net\/des-visages-et-des-luttes\/wp-content\/uploads\/sites\/178\/2023\/03\/goias2023-romain_veys_eda-formosa-1.jpg","twitter_misc":{"Dur\u00e9e de lecture est.":"18 minutes"},"schema":{"@context":"https:\/\/schema.org","@graph":[{"@type":"WebPage","@id":"https:\/\/grand-angle.lavenir.net\/des-visages-et-des-luttes\/les-travailleurs-sans-terre-produire-pour-exister-et-resister\/","url":"https:\/\/grand-angle.lavenir.net\/des-visages-et-des-luttes\/les-travailleurs-sans-terre-produire-pour-exister-et-resister\/","name":"Les travailleurs \u00ab sans terre \u00bb : produire pour exister et r\u00e9sister","isPartOf":{"@id":"https:\/\/grand-angle.lavenir.net\/des-visages-et-des-luttes\/#website"},"primaryImageOfPage":{"@id":"https:\/\/grand-angle.lavenir.net\/des-visages-et-des-luttes\/les-travailleurs-sans-terre-produire-pour-exister-et-resister\/#primaryimage"},"image":{"@id":"https:\/\/grand-angle.lavenir.net\/des-visages-et-des-luttes\/les-travailleurs-sans-terre-produire-pour-exister-et-resister\/#primaryimage"},"thumbnailUrl":"https:\/\/grand-angle.lavenir.net\/des-visages-et-des-luttes\/wp-content\/uploads\/sites\/178\/2023\/03\/goias2023-romain_veys_eda-formosa-1.jpg","datePublished":"2023-03-09T13:09:39+00:00","dateModified":"2023-12-14T08:33:38+00:00","description":"Au Br\u00e9sil, les travailleurs ruraux, organis\u00e9s en petites communaut\u00e9s, occupent des terres pour faire valoir leurs droits. Rencontre avec celle qui occupe le campement Dom Tomas Baldu\u00edno, \u00e0 Formosa.","breadcrumb":{"@id":"https:\/\/grand-angle.lavenir.net\/des-visages-et-des-luttes\/les-travailleurs-sans-terre-produire-pour-exister-et-resister\/#breadcrumb"},"inLanguage":"fr-BE","potentialAction":[{"@type":"ReadAction","target":["https:\/\/grand-angle.lavenir.net\/des-visages-et-des-luttes\/les-travailleurs-sans-terre-produire-pour-exister-et-resister\/"]}]},{"@type":"ImageObject","inLanguage":"fr-BE","@id":"https:\/\/grand-angle.lavenir.net\/des-visages-et-des-luttes\/les-travailleurs-sans-terre-produire-pour-exister-et-resister\/#primaryimage","url":"https:\/\/grand-angle.lavenir.net\/des-visages-et-des-luttes\/wp-content\/uploads\/sites\/178\/2023\/03\/goias2023-romain_veys_eda-formosa-1.jpg","contentUrl":"https:\/\/grand-angle.lavenir.net\/des-visages-et-des-luttes\/wp-content\/uploads\/sites\/178\/2023\/03\/goias2023-romain_veys_eda-formosa-1.jpg","width":2000,"height":1500},{"@type":"BreadcrumbList","@id":"https:\/\/grand-angle.lavenir.net\/des-visages-et-des-luttes\/les-travailleurs-sans-terre-produire-pour-exister-et-resister\/#breadcrumb","itemListElement":[{"@type":"ListItem","position":1,"name":"Home","item":"https:\/\/grand-angle.lavenir.net\/des-visages-et-des-luttes\/"},{"@type":"ListItem","position":2,"name":"Les travailleurs \u00ab sans terre \u00bb : produire pour exister et r\u00e9sister"}]},{"@type":"WebSite","@id":"https:\/\/grand-angle.lavenir.net\/des-visages-et-des-luttes\/#website","url":"https:\/\/grand-angle.lavenir.net\/des-visages-et-des-luttes\/","name":"Des visages et des luttes","description":"Au c\u0153ur des r\u00e9sistances des travailleurs ruraux de l\u2019\u00c9tat de Goi\u00e1s","potentialAction":[{"@type":"SearchAction","target":{"@type":"EntryPoint","urlTemplate":"https:\/\/grand-angle.lavenir.net\/des-visages-et-des-luttes\/?s={search_term_string}"},"query-input":{"@type":"PropertyValueSpecification","valueRequired":true,"valueName":"search_term_string"}}],"inLanguage":"fr-BE"}]}},"_links":{"self":[{"href":"https:\/\/grand-angle.lavenir.net\/des-visages-et-des-luttes\/wp-json\/wp\/v2\/pages\/2224","targetHints":{"allow":["GET"]}}],"collection":[{"href":"https:\/\/grand-angle.lavenir.net\/des-visages-et-des-luttes\/wp-json\/wp\/v2\/pages"}],"about":[{"href":"https:\/\/grand-angle.lavenir.net\/des-visages-et-des-luttes\/wp-json\/wp\/v2\/types\/page"}],"author":[{"embeddable":true,"href":"https:\/\/grand-angle.lavenir.net\/des-visages-et-des-luttes\/wp-json\/wp\/v2\/users\/1"}],"replies":[{"embeddable":true,"href":"https:\/\/grand-angle.lavenir.net\/des-visages-et-des-luttes\/wp-json\/wp\/v2\/comments?post=2224"}],"version-history":[{"count":0,"href":"https:\/\/grand-angle.lavenir.net\/des-visages-et-des-luttes\/wp-json\/wp\/v2\/pages\/2224\/revisions"}],"wp:featuredmedia":[{"embeddable":true,"href":"https:\/\/grand-angle.lavenir.net\/des-visages-et-des-luttes\/wp-json\/wp\/v2\/media\/2225"}],"wp:attachment":[{"href":"https:\/\/grand-angle.lavenir.net\/des-visages-et-des-luttes\/wp-json\/wp\/v2\/media?parent=2224"}],"curies":[{"name":"wp","href":"https:\/\/api.w.org\/{rel}","templated":true}]}}