{"id":2216,"date":"2023-03-09T13:25:05","date_gmt":"2023-03-09T12:25:05","guid":{"rendered":"https:\/\/grand-angle.lavenir.net\/des-visages-et-des-luttes\/?page_id=2216"},"modified":"2023-12-14T09:33:47","modified_gmt":"2023-12-14T08:33:47","slug":"soutenir-lemancipation-des-femmes-rurales-pour-developper-les-communautes","status":"publish","type":"page","link":"https:\/\/grand-angle.lavenir.net\/des-visages-et-des-luttes\/soutenir-lemancipation-des-femmes-rurales-pour-developper-les-communautes\/","title":{"rendered":"Soutenir l\u2019\u00e9mancipation des femmes rurales pour d\u00e9velopper les communaut\u00e9s"},"content":{"rendered":"<p><div class=\"fusion-fullwidth fullwidth-box fusion-builder-row-1 fusion-flex-container hundred-percent-fullwidth non-hundred-percent-height-scrolling banner-visage\" style=\"--awb-border-radius-top-left:0px;--awb-border-radius-top-right:0px;--awb-border-radius-bottom-right:0px;--awb-border-radius-bottom-left:0px;--awb-flex-wrap:wrap;\" ><div class=\"fusion-builder-row fusion-row fusion-flex-align-items-flex-start fusion-flex-content-wrap\" style=\"width:104% !important;max-width:104% !important;margin-left: calc(-4% \/ 2 );margin-right: calc(-4% \/ 2 );\"><div class=\"fusion-layout-column fusion_builder_column fusion-builder-column-0 fusion_builder_column_1_1 1_1 fusion-flex-column\" style=\"--awb-bg-size:cover;--awb-width-large:100%;--awb-margin-top-large:0px;--awb-spacing-right-large:1.92%;--awb-margin-bottom-large:0px;--awb-spacing-left-large:1.92%;--awb-width-medium:100%;--awb-order-medium:0;--awb-spacing-right-medium:1.92%;--awb-spacing-left-medium:1.92%;--awb-width-small:100%;--awb-order-small:0;--awb-spacing-right-small:1.92%;--awb-spacing-left-small:1.92%;\"><div class=\"fusion-column-wrapper fusion-column-has-shadow fusion-flex-justify-content-flex-start fusion-content-layout-column\"><div class=\"fusion-image-element \" style=\"--awb-caption-title-font-family:var(--h2_typography-font-family);--awb-caption-title-font-weight:var(--h2_typography-font-weight);--awb-caption-title-font-style:var(--h2_typography-font-style);--awb-caption-title-size:var(--h2_typography-font-size);--awb-caption-title-transform:var(--h2_typography-text-transform);--awb-caption-title-line-height:var(--h2_typography-line-height);--awb-caption-title-letter-spacing:var(--h2_typography-letter-spacing);\"><span class=\" fusion-imageframe imageframe-none imageframe-1 hover-type-none\"><img decoding=\"async\" width=\"1900\" height=\"200\" title=\"goias2023-bannervisages1\" src=\"https:\/\/grand-angle.lavenir.net\/des-visages-et-des-luttes\/wp-content\/uploads\/sites\/178\/2023\/03\/goias2023-bannervisages1.jpg\" alt class=\"img-responsive wp-image-2212\" srcset=\"https:\/\/grand-angle.lavenir.net\/des-visages-et-des-luttes\/wp-content\/uploads\/sites\/178\/2023\/03\/goias2023-bannervisages1-200x21.jpg 200w, https:\/\/grand-angle.lavenir.net\/des-visages-et-des-luttes\/wp-content\/uploads\/sites\/178\/2023\/03\/goias2023-bannervisages1-400x42.jpg 400w, https:\/\/grand-angle.lavenir.net\/des-visages-et-des-luttes\/wp-content\/uploads\/sites\/178\/2023\/03\/goias2023-bannervisages1-600x63.jpg 600w, https:\/\/grand-angle.lavenir.net\/des-visages-et-des-luttes\/wp-content\/uploads\/sites\/178\/2023\/03\/goias2023-bannervisages1-800x84.jpg 800w, https:\/\/grand-angle.lavenir.net\/des-visages-et-des-luttes\/wp-content\/uploads\/sites\/178\/2023\/03\/goias2023-bannervisages1-1200x126.jpg 1200w, https:\/\/grand-angle.lavenir.net\/des-visages-et-des-luttes\/wp-content\/uploads\/sites\/178\/2023\/03\/goias2023-bannervisages1.jpg 1900w\" sizes=\"(max-width: 1024px) 100vw, (max-width: 640px) 100vw, 1200px\" \/><\/span><\/div><\/div><\/div><\/div><\/div><div class=\"fusion-fullwidth fullwidth-box fusion-builder-row-2 fusion-flex-container nonhundred-percent-fullwidth non-hundred-percent-height-scrolling first-container bkg-gold\" style=\"--awb-border-radius-top-left:0px;--awb-border-radius-top-right:0px;--awb-border-radius-bottom-right:0px;--awb-border-radius-bottom-left:0px;--awb-padding-top:20px;--awb-flex-wrap:wrap;\" ><div class=\"fusion-builder-row fusion-row fusion-flex-align-items-flex-start fusion-flex-content-wrap\" style=\"max-width:884px;margin-left: calc(-4% \/ 2 );margin-right: calc(-4% \/ 2 );\"><div class=\"fusion-layout-column fusion_builder_column fusion-builder-column-1 fusion_builder_column_1_1 1_1 fusion-flex-column\" style=\"--awb-padding-top:20px;--awb-bg-size:cover;--awb-width-large:100%;--awb-margin-top-large:0px;--awb-spacing-right-large:1.92%;--awb-margin-bottom-large:20px;--awb-spacing-left-large:1.92%;--awb-width-medium:100%;--awb-order-medium:0;--awb-spacing-right-medium:1.92%;--awb-spacing-left-medium:1.92%;--awb-width-small:100%;--awb-order-small:0;--awb-spacing-right-small:1.92%;--awb-spacing-left-small:1.92%;\"><div class=\"fusion-column-wrapper fusion-column-has-shadow fusion-flex-justify-content-flex-start fusion-content-layout-column\"><div class=\"fusion-text fusion-text-1\" style=\"--awb-text-color:#ffffff;\"><p style=\"text-align: center;\"><strong>Ancienne capitale de l\u2019\u00c9tat, la tr\u00e8s conservatrice Goi\u00e1s n\u2019en demeure pas moins le berceau de la r\u00e9forme agraire.<\/strong><\/p>\n<\/div><\/div><\/div><\/div><\/div><div class=\"fusion-fullwidth fullwidth-box fusion-builder-row-3 fusion-flex-container nonhundred-percent-fullwidth non-hundred-percent-height-scrolling\" style=\"--awb-border-radius-top-left:0px;--awb-border-radius-top-right:0px;--awb-border-radius-bottom-right:0px;--awb-border-radius-bottom-left:0px;--awb-padding-top:4%;--awb-flex-wrap:wrap;\" ><div class=\"fusion-builder-row fusion-row fusion-flex-align-items-flex-start fusion-flex-content-wrap\" style=\"max-width:884px;margin-left: calc(-4% \/ 2 );margin-right: calc(-4% \/ 2 );\"><div class=\"fusion-layout-column fusion_builder_column fusion-builder-column-2 fusion_builder_column_1_1 1_1 fusion-flex-column\" style=\"--awb-bg-size:cover;--awb-width-large:100%;--awb-margin-top-large:0px;--awb-spacing-right-large:1.92%;--awb-margin-bottom-large:20px;--awb-spacing-left-large:1.92%;--awb-width-medium:100%;--awb-order-medium:0;--awb-spacing-right-medium:1.92%;--awb-spacing-left-medium:1.92%;--awb-width-small:100%;--awb-order-small:0;--awb-spacing-right-small:1.92%;--awb-spacing-left-small:1.92%;\"><div class=\"fusion-column-wrapper fusion-column-has-shadow fusion-flex-justify-content-flex-start fusion-content-layout-column\"><div class=\"fusion-text fusion-text-2\"><p>Encourager l\u2019\u00e9mancipation des femmes afin de d\u00e9velopper la vie des communaut\u00e9s rurales\u00a0: tel est l\u2019un des objectifs poursuivis par la Commission pastorale de la terre (CPT).<\/p>\n<p>\u00ab\u00a0Nous soutenons de tels projets dans le milieu rural, car il s\u2019agit aussi d\u2019une forme de r\u00e9sistance de victimes de violences, explique Saulo Reis, coordinateur de la CPT dans l\u2019\u00c9tat de Goi\u00e1s. Nous aidons les femmes \u00e0 trouver leur place en leur donnant du pouvoir, des responsabilit\u00e9s.\u00a0\u00bb<\/p>\n<p>Depuis Mina\u00e7u, Padre Jos\u00e9 Cornelio dos Santos, pr\u00eatre de l\u2019\u00e9glise Nossa Senhora das Gra\u00e7as et membre b\u00e9n\u00e9vole de la CPT, \u0153uvre en ce sens \u00e0 travers divers projets men\u00e9s au sein de plusieurs communaut\u00e9s rurales de son dioc\u00e8se.<\/p>\n<p>\u00ab\u00a0Nous travaillons cela pour que les femmes puissent trouver leur place dans l\u2019organisation de la communaut\u00e9 et devenir autonomes, justifie le pr\u00eatre. Ce travail est tr\u00e8s important, parce qu\u2019il concerne non seulement les femmes, mais aussi les familles et l\u2019ensemble de la communaut\u00e9\u00a0\u00bb.<\/p>\n<\/div><div class=\"fusion-image-element \" style=\"--awb-caption-title-font-family:var(--h2_typography-font-family);--awb-caption-title-font-weight:var(--h2_typography-font-weight);--awb-caption-title-font-style:var(--h2_typography-font-style);--awb-caption-title-size:var(--h2_typography-font-size);--awb-caption-title-transform:var(--h2_typography-text-transform);--awb-caption-title-line-height:var(--h2_typography-line-height);--awb-caption-title-letter-spacing:var(--h2_typography-letter-spacing);\"><span class=\" fusion-imageframe imageframe-none imageframe-2 hover-type-zoomin\"><img decoding=\"async\" width=\"2000\" height=\"1500\" title=\"goias2023-romain_veys_eda-uruacu (5)\" src=\"https:\/\/grand-angle.lavenir.net\/des-visages-et-des-luttes\/wp-content\/uploads\/sites\/178\/2023\/03\/goias2023-romain_veys_eda-uruacu-5.jpg\" alt class=\"img-responsive wp-image-2221\" srcset=\"https:\/\/grand-angle.lavenir.net\/des-visages-et-des-luttes\/wp-content\/uploads\/sites\/178\/2023\/03\/goias2023-romain_veys_eda-uruacu-5-200x150.jpg 200w, https:\/\/grand-angle.lavenir.net\/des-visages-et-des-luttes\/wp-content\/uploads\/sites\/178\/2023\/03\/goias2023-romain_veys_eda-uruacu-5-400x300.jpg 400w, https:\/\/grand-angle.lavenir.net\/des-visages-et-des-luttes\/wp-content\/uploads\/sites\/178\/2023\/03\/goias2023-romain_veys_eda-uruacu-5-600x450.jpg 600w, https:\/\/grand-angle.lavenir.net\/des-visages-et-des-luttes\/wp-content\/uploads\/sites\/178\/2023\/03\/goias2023-romain_veys_eda-uruacu-5-800x600.jpg 800w, https:\/\/grand-angle.lavenir.net\/des-visages-et-des-luttes\/wp-content\/uploads\/sites\/178\/2023\/03\/goias2023-romain_veys_eda-uruacu-5-1200x900.jpg 1200w, https:\/\/grand-angle.lavenir.net\/des-visages-et-des-luttes\/wp-content\/uploads\/sites\/178\/2023\/03\/goias2023-romain_veys_eda-uruacu-5.jpg 2000w\" sizes=\"(max-width: 1024px) 100vw, (max-width: 640px) 100vw, 1200px\" \/><\/span><\/div><div class=\"fusion-text fusion-text-3\"><h2><strong>Un mouvement f\u00e9ministe paysan<\/strong><\/h2>\n<p>Quelques kilom\u00e8tres plus loin, Julciane In\u00e8s Anzilago est venue s\u2019\u00e9tablir voici une quinzaine d\u2019ann\u00e9es dans la petite ville d\u2019Urua\u00e7u.<\/p>\n<p>Militant depuis son adolescence au sein du Movimento de Mulheres Camponesas (MMC), un mouvement d\u2019\u00e9mancipation des femmes paysannes, cette professeure \u00e0 la Facult\u00e9 Serra Mesa (FaSeM) a d\u00e9velopp\u00e9, en partenariat avec la CPT, un cursus qui vise \u00e0 sensibiliser les consciences f\u00e9minines en faveur d\u2019une r\u00e9elle autonomie.<\/p>\n<p>\u00ab\u00a0Le MMC soutient et organise le d\u00e9veloppement d\u2019un programme de formation, d&rsquo;organisation et de production qui permet \u00e0 nous, les femmes, de d\u00e9velopper l\u2019autonomie familiale, de donner du sens \u00e0 nos vie en tant que femmes, de faire conna\u00eetre nos droits, de combattre la violence, de lutter contre l&rsquo;agrobusiness et contre les entreprises mini\u00e8res qui pratiquent l&rsquo;oppression et qui tuent toute la classe des paysans, explicite Julciane. Nous voulons d\u00e9velopper de nouvelles relations entre les humains, mais aussi avec la nature, toujours en envisageant le changement, qui est important, auquel on r\u00eave et dans lequel on croit.\u00a0\u00bb<\/p>\n<p>Pour la jeune femme, la situation est d\u2019ailleurs pr\u00e9occupante\u00a0: \u00ab\u00a0On pense que, ces derni\u00e8res ann\u00e9es, les femmes et la classe des paysans ont beaucoup souffert avec l&rsquo;expansion du l&rsquo;agrobusiness, mais aussi du patriarcat. L&rsquo;id\u00e9e est donc de r\u00e9fl\u00e9chir et de renforcer nos luttes, pour affronter tout un syst\u00e8me qui reste profond\u00e9ment machiste.\u00a0\u00bb<\/p>\n<\/div><div class=\"fusion-image-element \" style=\"--awb-caption-title-font-family:var(--h2_typography-font-family);--awb-caption-title-font-weight:var(--h2_typography-font-weight);--awb-caption-title-font-style:var(--h2_typography-font-style);--awb-caption-title-size:var(--h2_typography-font-size);--awb-caption-title-transform:var(--h2_typography-text-transform);--awb-caption-title-line-height:var(--h2_typography-line-height);--awb-caption-title-letter-spacing:var(--h2_typography-letter-spacing);\"><span class=\" fusion-imageframe imageframe-none imageframe-3 hover-type-zoomin\"><img decoding=\"async\" width=\"1200\" height=\"900\" title=\"goias2023-romain_veys_eda-formosa (3)\" src=\"https:\/\/grand-angle.lavenir.net\/des-visages-et-des-luttes\/wp-content\/uploads\/sites\/178\/2023\/03\/goias2023-romain_veys_eda-formosa-3-1200x900.jpg\" alt class=\"img-responsive wp-image-2227\" srcset=\"https:\/\/grand-angle.lavenir.net\/des-visages-et-des-luttes\/wp-content\/uploads\/sites\/178\/2023\/03\/goias2023-romain_veys_eda-formosa-3-200x150.jpg 200w, https:\/\/grand-angle.lavenir.net\/des-visages-et-des-luttes\/wp-content\/uploads\/sites\/178\/2023\/03\/goias2023-romain_veys_eda-formosa-3-400x300.jpg 400w, https:\/\/grand-angle.lavenir.net\/des-visages-et-des-luttes\/wp-content\/uploads\/sites\/178\/2023\/03\/goias2023-romain_veys_eda-formosa-3-600x450.jpg 600w, https:\/\/grand-angle.lavenir.net\/des-visages-et-des-luttes\/wp-content\/uploads\/sites\/178\/2023\/03\/goias2023-romain_veys_eda-formosa-3-800x600.jpg 800w, https:\/\/grand-angle.lavenir.net\/des-visages-et-des-luttes\/wp-content\/uploads\/sites\/178\/2023\/03\/goias2023-romain_veys_eda-formosa-3-1200x900.jpg 1200w\" sizes=\"(max-width: 1024px) 100vw, (max-width: 640px) 100vw, 1200px\" \/><\/span><\/div><div class=\"fusion-text fusion-text-4\"><h2>\u00ab\u00a0Les choses avancent\u00a0\u00bb<\/h2>\n<p>Mais sur le terrain, le travail n\u2019est pas facile, tant la femme paysanne demeure la plupart du temps dans l\u2019ombre de sa communaut\u00e9.<\/p>\n<p>\u00ab\u00a0Beaucoup de femmes pensent qu\u2019elles ne veulent pas l\u2019\u00e9mancipation, qu\u2019elles pr\u00e9f\u00e8rent rester dans l\u2019ombre, que c\u2019est l\u00e0 leur place. Mais nous leur expliquons qu\u2019elles ont un v\u00e9ritable r\u00f4le \u00e0 jouer au sein de leur communaut\u00e9. Que ces femmes ont le pouvoir de changer les choses gr\u00e2ce \u00e0 de simples petites choses\u00a0: au sein de leur famille, mais aussi au sein de leur soci\u00e9t\u00e9. Nous parlons reproduction, sant\u00e9, t\u00e2ches m\u00e9nag\u00e8res, etc.\u00a0mais je le r\u00e9p\u00e8te\u00a0: ce n\u2019est pas un message contre les hommes. Dans certains cas, ceux-ci deviennent mieux sensibilis\u00e9s \u00e0 la chose\u00a0: ils comprennent qu\u2019une femme plus \u00e9mancip\u00e9e est un bienfait pour la famille, pour la communaut\u00e9. Alors ils se mettent \u00e0 partager les t\u00e2ches m\u00e9nag\u00e8res. Dans d\u2019autre cas, la femme pr\u00e9f\u00e8re quitter le foyer, car elle sent qu\u2019elle a besoin de partir pour pouvoir pleinement s\u2019\u00e9manciper. Les choses avancent. On le voit dans la dimension politique de ces communaut\u00e9s, o\u00f9 de plus en plus de femmes jouent aujourd\u2019hui un r\u00f4le de leader. Cela change la fa\u00e7on d\u2019envisager certaines choses, cela influence aussi les d\u00e9bats au sein de ces communaut\u00e9s. Et cela impacte certains choix.\u00a0\u00bb<\/p>\n<\/div><\/div><\/div><\/div><\/div><div class=\"fusion-fullwidth fullwidth-box fusion-builder-row-4 fusion-flex-container fusion-parallax-fixed nonhundred-percent-fullwidth non-hundred-percent-height-scrolling parallax\" style=\"--awb-border-radius-top-left:0px;--awb-border-radius-top-right:0px;--awb-border-radius-bottom-right:0px;--awb-border-radius-bottom-left:0px;--awb-min-height:80vh;--awb-background-image:url(&quot;https:\/\/grand-angle.lavenir.net\/des-visages-et-des-luttes\/wp-content\/uploads\/sites\/178\/2023\/03\/goias2023-romain_veys_eda-uruacu-4.jpg&quot;);--awb-background-size:cover;--awb-flex-wrap:wrap;background-attachment:fixed;\" ><div class=\"fusion-builder-row fusion-row fusion-flex-align-items-flex-start fusion-flex-content-wrap\" style=\"max-width:884px;margin-left: calc(-4% \/ 2 );margin-right: calc(-4% \/ 2 );\"><div class=\"fusion-layout-column fusion_builder_column fusion-builder-column-3 fusion_builder_column_1_1 1_1 fusion-flex-column\" style=\"--awb-bg-size:cover;--awb-width-large:100%;--awb-margin-top-large:0px;--awb-spacing-right-large:1.92%;--awb-margin-bottom-large:20px;--awb-spacing-left-large:1.92%;--awb-width-medium:100%;--awb-order-medium:0;--awb-spacing-right-medium:1.92%;--awb-spacing-left-medium:1.92%;--awb-width-small:100%;--awb-order-small:0;--awb-spacing-right-small:1.92%;--awb-spacing-left-small:1.92%;\"><div class=\"fusion-column-wrapper fusion-column-has-shadow fusion-flex-justify-content-flex-start fusion-content-layout-column\"><\/div><\/div><\/div><\/div><div class=\"fusion-fullwidth fullwidth-box fusion-builder-row-5 fusion-flex-container nonhundred-percent-fullwidth non-hundred-percent-height-scrolling\" style=\"--awb-border-radius-top-left:0px;--awb-border-radius-top-right:0px;--awb-border-radius-bottom-right:0px;--awb-border-radius-bottom-left:0px;--awb-padding-top:4%;--awb-background-color:#4d4c2b;--awb-flex-wrap:wrap;\" ><div class=\"fusion-builder-row fusion-row fusion-flex-align-items-flex-start fusion-flex-content-wrap\" style=\"max-width:884px;margin-left: calc(-4% \/ 2 );margin-right: calc(-4% \/ 2 );\"><div class=\"fusion-layout-column fusion_builder_column fusion-builder-column-4 fusion_builder_column_1_1 1_1 fusion-flex-column palm-right\" style=\"--awb-padding-top:4%;--awb-padding-right:4%;--awb-padding-bottom:4%;--awb-padding-left:4%;--awb-bg-color:#efe3cd;--awb-bg-color-hover:#efe3cd;--awb-bg-size:cover;--awb-width-large:100%;--awb-margin-top-large:0px;--awb-spacing-right-large:1.92%;--awb-margin-bottom-large:20px;--awb-spacing-left-large:1.92%;--awb-width-medium:100%;--awb-order-medium:0;--awb-spacing-right-medium:1.92%;--awb-spacing-left-medium:1.92%;--awb-width-small:100%;--awb-order-small:0;--awb-spacing-right-small:1.92%;--awb-spacing-left-small:1.92%;\"><div class=\"fusion-column-wrapper fusion-column-has-shadow fusion-flex-justify-content-flex-start fusion-content-layout-column\"><div class=\"fusion-text fusion-text-5\"><h2>L\u2019espoir retrouv\u00e9 avec Lula<\/h2>\n<p>Avant l\u2019arriv\u00e9e au pouvoir de l\u2019ex-pr\u00e9sident d\u2019extr\u00eame droite Jair Bolsonaro, \u00ab\u00a0l\u2019\u00c9tat a aid\u00e9 \u00e0 construire le programme de notre action\u00a0\u00bb, explique Julciane, faisant r\u00e9f\u00e9rence au MMC. Mais sous sa pr\u00e9sidence, \u00ab\u00a0l\u2019\u00c9tat ne nous a plus soutenues et les droits des femmes ont \u00e9t\u00e9 bafou\u00e9s. Avec le retour de Lula, c\u2019est aujourd\u2019hui l\u2019espoir qui revient. Un minist\u00e8re a \u00e9t\u00e9 cr\u00e9\u00e9, o\u00f9 les contacts avec le gouvernement ont pu \u00eatre r\u00e9tablis. Le d\u00e9bat a donc repris.<\/p>\n<\/div><div class=\"fusion-image-element \" style=\"--awb-caption-title-font-family:var(--h2_typography-font-family);--awb-caption-title-font-weight:var(--h2_typography-font-weight);--awb-caption-title-font-style:var(--h2_typography-font-style);--awb-caption-title-size:var(--h2_typography-font-size);--awb-caption-title-transform:var(--h2_typography-text-transform);--awb-caption-title-line-height:var(--h2_typography-line-height);--awb-caption-title-letter-spacing:var(--h2_typography-letter-spacing);\"><span class=\" fusion-imageframe imageframe-none imageframe-4 hover-type-zoomin\"><img decoding=\"async\" width=\"1200\" height=\"900\" title=\"goias2023-romain_veys_eda-uruacu (6)\" src=\"https:\/\/grand-angle.lavenir.net\/des-visages-et-des-luttes\/wp-content\/uploads\/sites\/178\/2023\/03\/goias2023-romain_veys_eda-uruacu-6-1200x900.jpg\" alt class=\"img-responsive wp-image-2222\" srcset=\"https:\/\/grand-angle.lavenir.net\/des-visages-et-des-luttes\/wp-content\/uploads\/sites\/178\/2023\/03\/goias2023-romain_veys_eda-uruacu-6-200x150.jpg 200w, https:\/\/grand-angle.lavenir.net\/des-visages-et-des-luttes\/wp-content\/uploads\/sites\/178\/2023\/03\/goias2023-romain_veys_eda-uruacu-6-400x300.jpg 400w, https:\/\/grand-angle.lavenir.net\/des-visages-et-des-luttes\/wp-content\/uploads\/sites\/178\/2023\/03\/goias2023-romain_veys_eda-uruacu-6-600x450.jpg 600w, https:\/\/grand-angle.lavenir.net\/des-visages-et-des-luttes\/wp-content\/uploads\/sites\/178\/2023\/03\/goias2023-romain_veys_eda-uruacu-6-800x600.jpg 800w, https:\/\/grand-angle.lavenir.net\/des-visages-et-des-luttes\/wp-content\/uploads\/sites\/178\/2023\/03\/goias2023-romain_veys_eda-uruacu-6-1200x900.jpg 1200w\" sizes=\"(max-width: 1024px) 100vw, (max-width: 640px) 100vw, 800px\" \/><\/span><\/div><div class=\"fusion-text fusion-text-6\"><h2>Hausse du nombre de f\u00e9minicides<\/h2>\n<p>Lors de ses deux premiers mandats, le pr\u00e9sident Lula a chang\u00e9 la loi\u00a0: d\u00e9sormais, \u00ab\u00a0les droits d\u2019usage d\u2019une terre sont donn\u00e9s aux femmes\u00a0\u00bb, explique Flavio Marcos, directeur du centre national de documentation de la CPT, lequel recense depuis sa cr\u00e9ation en 1975 tous les conflits li\u00e9s \u00e0 la terre. \u00ab\u00a0Cette loi avait pour but de prot\u00e9ger les femmes, lorsque les hommes s\u2019en vont et les abandonnent sans revenu ni quoi que ce soit\u00a0\u00bb, pr\u00e9cise-t-il.<\/p>\n<p>Mais ce qui devait \u00eatre une avanc\u00e9e formidable pour l\u2019\u00e9mancipation des femmes s\u2019est r\u00e9v\u00e9l\u00e9e dans de nombreux cas une nouvelle menace. Les conflits, les violences, voire les assassinats de femmes ont augment\u00e9. \u00ab\u00a0Et ces chiffres ont explos\u00e9s sous Bolsonaro\u00a0\u00bb, assure encore Flavio Marcos.<\/p>\n<\/div><\/div><\/div><\/div><\/div><div class=\"fusion-fullwidth fullwidth-box fusion-builder-row-6 fusion-flex-container nonhundred-percent-fullwidth non-hundred-percent-height-scrolling\" style=\"--awb-border-radius-top-left:0px;--awb-border-radius-top-right:0px;--awb-border-radius-bottom-right:0px;--awb-border-radius-bottom-left:0px;--awb-flex-wrap:wrap;\" ><div class=\"fusion-builder-row fusion-row fusion-flex-align-items-flex-start fusion-flex-content-wrap\" style=\"max-width:884px;margin-left: calc(-4% \/ 2 );margin-right: calc(-4% \/ 2 );\"><div class=\"fusion-layout-column fusion_builder_column fusion-builder-column-5 fusion_builder_column_1_1 1_1 fusion-flex-column\" style=\"--awb-bg-size:cover;--awb-width-large:100%;--awb-margin-top-large:0px;--awb-spacing-right-large:1.92%;--awb-margin-bottom-large:20px;--awb-spacing-left-large:1.92%;--awb-width-medium:100%;--awb-spacing-right-medium:1.92%;--awb-spacing-left-medium:1.92%;--awb-width-small:100%;--awb-spacing-right-small:1.92%;--awb-spacing-left-small:1.92%;\"><div class=\"fusion-column-wrapper fusion-column-has-shadow fusion-flex-justify-content-flex-start fusion-content-layout-column\"><link rel=\"stylesheet\" href=\"https:\/\/use.typekit.net\/uji0zse.css\">\n<style>\n.chapitre figure {\n\tposition: relative;\n\toverflow: hidden;\n\tmargin: 10px 1%;\n\t\/*max-width: 480px;\n\tmax-height: 360px;*\/\n\tbackground: #ef7228 !important;\n\ttext-align: left;\n\tcursor: pointer;\n}\n\n.chapitre figure img {\n\tposition: relative;\n\tdisplay: block;\n\tmin-height: 100%;\n\tmax-width: 100%;\n\topacity: 0.5;\n}\n\n.chapitre figure figcaption {\n\tpadding: 2em;\n\tcolor: #fff;\n\ttext-transform: uppercase;\n\tfont-size: 1.25em;\n\t-webkit-backface-visibility: hidden;\n\tbackface-visibility: hidden;\n}\n\n.chapitre figure figcaption::before,\n.chapitre figure figcaption::after {\n\tpointer-events: none;\n}\n\n.chapitre figure figcaption,\n.chapitre figure figcaption > a {\n\tposition: absolute;\n\ttop: 0;\n\tleft: 0;\n\twidth: 100%;\n\theight: 100%;\n}\n.chapitre figure figcaption a {\n\tz-index: 1000;\n\twhite-space: nowrap;\n\tdisplay: block;\n}\nfigure.effect-goliath {\n\tbackground: #D60A11;\n}\n\nfigure.effect-goliath img.hover {\nopacity: 0;\nposition: absolute;\ntop: 0;\nleft: 0;\n\n}\nfigure.effect-goliath img,\nfigure.effect-goliath h2 {\n\t-webkit-transition: -webkit-transform 0.35s;\n\ttransition:  opacity 0.35s,transform 0.35s;\n}\n\nfigure.effect-goliath img {\n\t-webkit-backface-visibility: hidden;\n\tbackface-visibility: hidden;\n}\n\nfigure.effect-goliath h2,\nfigure.effect-goliath p {\n\tposition: absolute;\n\tbottom: 0;\n\tleft: 0;\n\tpadding: 10px;\n}\nfigure.effect-goliath h2 {\n\tposition: absolute;\n\tbottom: 0;\n\tleft: 0;\n\tpadding: 30px;\n\tcolor: #FFF;\n\tfont-weight: bold !important;\n\tfont-size: 24px !important;\n\ttext-shadow: 0px 0px 4px rgba(0,0,0,0.9);\n\tmargin: 0;\n\t\/* padding-bottom: 10px; *\/\n}\n\nfigure.effect-goliath p {\n\ttext-transform: none;\n\tfont-size: 85%;\n\topacity: 0;\n\t-webkit-transition: opacity 0.35s, -webkit-transform 0.35s;\n\ttransition: opacity 0.35s, transform 0.35s;\n\t-webkit-transform: translate3d(0,50px,0);\n\ttransform: translate3d(0,50px,0);\n       margin-bottom: 0px;\n}\n\nfigure.effect-goliath:hover img {\n\t-webkit-transform: translate3d(0,-75px,0);\n\ttransform: translate3d(0,-75px,0);\n}\nfigure.effect-goliath:hover img.hover {\n       opacity: 1;\n}\n\nfigure.effect-goliath:hover h2 {\n\t-webkit-transform: translate3d(0,-100px,0);\n\ttransform: translate3d(0,-100px,0);\n}\n\nfigure.effect-goliath:hover p {\n\topacity: 1;\n\t-webkit-transform: translate3d(0,0,0);\n\ttransform: translate3d(0,0,0);\n}\n<\/style><\/div><\/div><div class=\"fusion-layout-column fusion_builder_column fusion-builder-column-6 fusion_builder_column_1_1 1_1 fusion-flex-column\" style=\"--awb-bg-size:cover;--awb-width-large:100%;--awb-margin-top-large:0px;--awb-spacing-right-large:1.92%;--awb-margin-bottom-large:20px;--awb-spacing-left-large:1.92%;--awb-width-medium:100%;--awb-spacing-right-medium:1.92%;--awb-spacing-left-medium:1.92%;--awb-width-small:100%;--awb-spacing-right-small:1.92%;--awb-spacing-left-small:1.92%;\"><div class=\"fusion-column-wrapper fusion-column-has-shadow fusion-flex-justify-content-flex-start fusion-content-layout-column\"><div style=\"text-align:center;\"><a class=\"fusion-button button-flat fusion-button-default-size button-default fusion-button-default button-1 fusion-button-default-span fusion-button-default-type\" target=\"_self\" href=\"https:\/\/grand-angle.lavenir.net\/des-visages-et-des-luttes\/\"><span class=\"fusion-button-text awb-button__text awb-button__text--default\">Retour \u00e0 l\u2019accueil<\/span><\/a><\/div><\/div><\/div><div class=\"fusion-layout-column fusion_builder_column fusion-builder-column-7 fusion_builder_column_1_2 1_2 fusion-flex-column fusion-column-inner-bg-wrapper\" style=\"--awb-inner-bg-size:cover;--awb-width-large:50%;--awb-margin-top-large:0px;--awb-spacing-right-large:3.84%;--awb-margin-bottom-large:20px;--awb-spacing-left-large:3.84%;--awb-width-medium:100%;--awb-order-medium:0;--awb-spacing-right-medium:1.92%;--awb-spacing-left-medium:1.92%;--awb-width-small:100%;--awb-order-small:0;--awb-spacing-right-small:1.92%;--awb-spacing-left-small:1.92%;\"><span class=\"fusion-column-inner-bg hover-type-none\"><a class=\"fusion-column-anchor\" href=\"https:\/\/grand-angle.lavenir.net\/des-visages-et-des-luttes\/le-paradoxe-de-lhistorique-goias-moteur-de-la-reforme-agraire\/\"><span class=\"fusion-column-inner-bg-image\"><\/span><\/a><\/span><div class=\"fusion-column-wrapper fusion-column-has-shadow fusion-flex-justify-content-flex-start fusion-content-layout-column\"><div class=\"chapitre\">\n    <figure class=\"effect-goliath\">\n      <img decoding=\"async\" class=\"alignnone\" src=\"https:\/\/grand-angle.lavenir.net\/des-visages-et-des-luttes\/wp-content\/uploads\/sites\/178\/2023\/03\/goias2023-romain_veys_eda-goias-4.jpg\">\n      <figcaption>\n        <h2 data-fontsize=\"24\" data-lineheight=\"36\">Le paradoxe de l\u2019historique Goi\u00e1s, moteur de la r\u00e9forme agraire<\/h2>\n        <p>\n         \n        <\/p>\n      <\/figcaption>\n    <\/figure>\n<\/div><\/div><\/div><div class=\"fusion-layout-column fusion_builder_column fusion-builder-column-8 fusion_builder_column_1_2 1_2 fusion-flex-column fusion-column-inner-bg-wrapper\" style=\"--awb-inner-bg-size:cover;--awb-width-large:50%;--awb-margin-top-large:0px;--awb-spacing-right-large:3.84%;--awb-margin-bottom-large:20px;--awb-spacing-left-large:3.84%;--awb-width-medium:100%;--awb-order-medium:0;--awb-spacing-right-medium:1.92%;--awb-spacing-left-medium:1.92%;--awb-width-small:100%;--awb-order-small:0;--awb-spacing-right-small:1.92%;--awb-spacing-left-small:1.92%;\"><span class=\"fusion-column-inner-bg hover-type-none\"><a class=\"fusion-column-anchor\" href=\"https:\/\/grand-angle.lavenir.net\/des-visages-et-des-luttes\/soutenir-lemancipation-des-femmes-rurales-pour-developper-les-communautes\/\"><span class=\"fusion-column-inner-bg-image\"><\/span><\/a><\/span><div class=\"fusion-column-wrapper fusion-column-has-shadow fusion-flex-justify-content-flex-start fusion-content-layout-column\"><div class=\"chapitre\">\n    <figure class=\"effect-goliath\">\n      <img decoding=\"async\" class=\"alignnone\" src=\"https:\/\/grand-angle.lavenir.net\/des-visages-et-des-luttes\/wp-content\/uploads\/sites\/178\/2023\/03\/goias2023-romain_veys_eda-uruacu-5.jpg\">\n      <figcaption>\n        <h2 data-fontsize=\"24\" data-lineheight=\"36\">Soutenir l\u2019\u00e9mancipation des femmes rurales pour d\u00e9velopper les communaut\u00e9s<\/h2>\n        <p>\n\n        <\/p>\n      <\/figcaption>\n    <\/figure>\n<\/div><\/div><\/div><div class=\"fusion-layout-column fusion_builder_column fusion-builder-column-9 fusion_builder_column_1_2 1_2 fusion-flex-column fusion-column-inner-bg-wrapper\" style=\"--awb-inner-bg-size:cover;--awb-width-large:50%;--awb-margin-top-large:0px;--awb-spacing-right-large:3.84%;--awb-margin-bottom-large:20px;--awb-spacing-left-large:3.84%;--awb-width-medium:100%;--awb-order-medium:0;--awb-spacing-right-medium:1.92%;--awb-spacing-left-medium:1.92%;--awb-width-small:100%;--awb-order-small:0;--awb-spacing-right-small:1.92%;--awb-spacing-left-small:1.92%;\"><span class=\"fusion-column-inner-bg hover-type-none\"><a class=\"fusion-column-anchor\" href=\"https:\/\/grand-angle.lavenir.net\/des-visages-et-des-luttes\/a-minacu-les-terres-immergees-de-cana-brava-et-la-menace-invisible-de-serra-verde\/\"><span class=\"fusion-column-inner-bg-image\"><\/span><\/a><\/span><div class=\"fusion-column-wrapper fusion-column-has-shadow fusion-flex-justify-content-flex-start fusion-content-layout-column\"><div class=\"chapitre\">\n    <figure class=\"effect-goliath\">\n      <img decoding=\"async\" class=\"alignnone\" src=\"https:\/\/grand-angle.lavenir.net\/des-visages-et-des-luttes\/wp-content\/uploads\/sites\/178\/2023\/03\/goias2023-romain_veys_eda-minacu-1.jpg\">\n      <figcaption>\n        <h2 data-fontsize=\"24\" data-lineheight=\"36\">\u00c0 Mina\u00e7u, les terres immerg\u00e9es de Cana Brava et la menace invisible de Serra Verde<\/h2>\n        <p>\n        <\/p>\n      <\/figcaption>\n    <\/figure>\n<\/div><\/div><\/div><div class=\"fusion-layout-column fusion_builder_column fusion-builder-column-10 fusion_builder_column_1_2 1_2 fusion-flex-column fusion-column-inner-bg-wrapper\" style=\"--awb-inner-bg-size:cover;--awb-width-large:50%;--awb-margin-top-large:0px;--awb-spacing-right-large:3.84%;--awb-margin-bottom-large:20px;--awb-spacing-left-large:3.84%;--awb-width-medium:100%;--awb-order-medium:0;--awb-spacing-right-medium:1.92%;--awb-spacing-left-medium:1.92%;--awb-width-small:100%;--awb-order-small:0;--awb-spacing-right-small:1.92%;--awb-spacing-left-small:1.92%;\"><span class=\"fusion-column-inner-bg hover-type-none\"><a class=\"fusion-column-anchor\" href=\"https:\/\/grand-angle.lavenir.net\/des-visages-et-des-luttes\/les-travailleurs-sans-terre-produire-pour-exister-et-resister\/\"><span class=\"fusion-column-inner-bg-image\"><\/span><\/a><\/span><div class=\"fusion-column-wrapper fusion-column-has-shadow fusion-flex-justify-content-flex-start fusion-content-layout-column\"><div class=\"chapitre\">\n    <figure class=\"effect-goliath\">\n      <img decoding=\"async\" class=\"alignnone\" src=\"https:\/\/grand-angle.lavenir.net\/des-visages-et-des-luttes\/wp-content\/uploads\/sites\/178\/2023\/03\/goias2023-romain_veys_eda-formosa-1.jpg\">\n      <figcaption>\n        <h2 data-fontsize=\"24\" data-lineheight=\"36\">Les travailleurs \u00ab sans terre \u00bb : produire pour exister et r\u00e9sister<\/h2>\n        <p>\n         \n        <\/p>\n      <\/figcaption>\n    <\/figure>\n<\/div><\/div><\/div><div class=\"fusion-layout-column fusion_builder_column fusion-builder-column-11 fusion_builder_column_1_2 1_2 fusion-flex-column fusion-column-inner-bg-wrapper\" style=\"--awb-inner-bg-size:cover;--awb-width-large:50%;--awb-margin-top-large:0px;--awb-spacing-right-large:3.84%;--awb-margin-bottom-large:20px;--awb-spacing-left-large:3.84%;--awb-width-medium:100%;--awb-order-medium:0;--awb-spacing-right-medium:1.92%;--awb-spacing-left-medium:1.92%;--awb-width-small:100%;--awb-order-small:0;--awb-spacing-right-small:1.92%;--awb-spacing-left-small:1.92%;\"><span class=\"fusion-column-inner-bg hover-type-none\"><a class=\"fusion-column-anchor\" href=\"https:\/\/grand-angle.lavenir.net\/des-visages-et-des-luttes\/les-quilombolas-heritiers-de-la-resistance-a-lesclavagisme\/\"><span class=\"fusion-column-inner-bg-image\"><\/span><\/a><\/span><div class=\"fusion-column-wrapper fusion-column-has-shadow fusion-flex-justify-content-flex-start fusion-content-layout-column\"><div class=\"chapitre\">\n    <figure class=\"effect-goliath\">\n      <img decoding=\"async\" class=\"alignnone\" src=\"https:\/\/grand-angle.lavenir.net\/des-visages-et-des-luttes\/wp-content\/uploads\/sites\/178\/2023\/03\/goias2023-romain_veys_eda-quilombolas-2.jpg\" \/>\n      <figcaption>\n        <h2 data-fontsize=\"24\" data-lineheight=\"36\">Les Quilombolas, h\u00e9ritiers de la r\u00e9sistance \u00e0 l\u2019esclavagisme<\/h2>\n        <p>\n        <\/p>\n      <\/figcaption>\n    <\/figure>\n<\/div><\/div><\/div><div class=\"fusion-layout-column fusion_builder_column fusion-builder-column-12 fusion_builder_column_1_2 1_2 fusion-flex-column fusion-column-inner-bg-wrapper\" style=\"--awb-inner-bg-size:cover;--awb-width-large:50%;--awb-margin-top-large:0px;--awb-spacing-right-large:3.84%;--awb-margin-bottom-large:20px;--awb-spacing-left-large:3.84%;--awb-width-medium:100%;--awb-order-medium:0;--awb-spacing-right-medium:1.92%;--awb-spacing-left-medium:1.92%;--awb-width-small:100%;--awb-order-small:0;--awb-spacing-right-small:1.92%;--awb-spacing-left-small:1.92%;\"><span class=\"fusion-column-inner-bg hover-type-none\"><a class=\"fusion-column-anchor\" href=\"https:\/\/grand-angle.lavenir.net\/des-visages-et-des-luttes\/occuper-la-terre-pour-en-revendiquer-le-droit-dusage\/\"><span class=\"fusion-column-inner-bg-image\"><\/span><\/a><\/span><div class=\"fusion-column-wrapper fusion-column-has-shadow fusion-flex-justify-content-flex-start fusion-content-layout-column\"><div class=\"chapitre\">\n    <figure class=\"effect-goliath\">\n      <img decoding=\"async\" class=\"alignnone\" src=\"https:\/\/grand-angle.lavenir.net\/des-visages-et-des-luttes\/wp-content\/uploads\/sites\/178\/2023\/03\/goias2023-romain_veys_eda-leonir_orback-6.jpg\">\n      <figcaption>\n        <h2 data-fontsize=\"24\" data-lineheight=\"36\">Occuper la terre pour en revendiquer le droit d\u2019usage<\/h2>\n        <p>\n        <\/p>\n      <\/figcaption>\n    <\/figure>\n<\/div><\/div><\/div><div class=\"fusion-layout-column fusion_builder_column fusion-builder-column-13 fusion_builder_column_1_2 1_2 fusion-flex-column fusion-column-inner-bg-wrapper\" style=\"--awb-inner-bg-size:cover;--awb-width-large:50%;--awb-margin-top-large:0px;--awb-spacing-right-large:3.84%;--awb-margin-bottom-large:20px;--awb-spacing-left-large:3.84%;--awb-width-medium:100%;--awb-order-medium:0;--awb-spacing-right-medium:1.92%;--awb-spacing-left-medium:1.92%;--awb-width-small:100%;--awb-order-small:0;--awb-spacing-right-small:1.92%;--awb-spacing-left-small:1.92%;\"><span class=\"fusion-column-inner-bg hover-type-none\"><a class=\"fusion-column-anchor\" href=\"https:\/\/grand-angle.lavenir.net\/des-visages-et-des-luttes\/le-cerrado-joyau-oublie-de-lamerique-et-defigure-par-lagrobusiness\/\"><span class=\"fusion-column-inner-bg-image\"><\/span><\/a><\/span><div class=\"fusion-column-wrapper fusion-column-has-shadow fusion-flex-justify-content-flex-start fusion-content-layout-column\"><div class=\"chapitre\">\n    <figure class=\"effect-goliath\">\n      <img decoding=\"async\" class=\"alignnone\" src=\"https:\/\/grand-angle.lavenir.net\/des-visages-et-des-luttes\/wp-content\/uploads\/sites\/178\/2023\/03\/goias2023-romain_veys_eda-cerrado-6.jpg\">\n      <figcaption>\n        <h2 data-fontsize=\"24\" data-lineheight=\"36\">Le Cerrado, joyau oubli\u00e9 de l\u2019Am\u00e9rique et d\u00e9figur\u00e9 par l\u2019agrobusiness<\/h2>\n        <p>\n        <\/p>\n      <\/figcaption>\n    <\/figure>\n<\/div><\/div><\/div><div class=\"fusion-layout-column fusion_builder_column fusion-builder-column-14 fusion_builder_column_1_2 1_2 fusion-flex-column fusion-column-inner-bg-wrapper\" style=\"--awb-inner-bg-size:cover;--awb-width-large:50%;--awb-margin-top-large:0px;--awb-spacing-right-large:3.84%;--awb-margin-bottom-large:20px;--awb-spacing-left-large:3.84%;--awb-width-medium:100%;--awb-order-medium:0;--awb-spacing-right-medium:1.92%;--awb-spacing-left-medium:1.92%;--awb-width-small:100%;--awb-order-small:0;--awb-spacing-right-small:1.92%;--awb-spacing-left-small:1.92%;\"><span class=\"fusion-column-inner-bg hover-type-none\"><a class=\"fusion-column-anchor\" href=\"https:\/\/grand-angle.lavenir.net\/des-visages-et-des-luttes\/une-reforme-agraire-pour-redistribuer-la-terre\/\"><span class=\"fusion-column-inner-bg-image\"><\/span><\/a><\/span><div class=\"fusion-column-wrapper fusion-column-has-shadow fusion-flex-justify-content-flex-start fusion-content-layout-column\"><div class=\"chapitre\">\n    <figure class=\"effect-goliath\">\n      <img decoding=\"async\" class=\"alignnone\" src=\"https:\/\/grand-angle.lavenir.net\/des-visages-et-des-luttes\/wp-content\/uploads\/sites\/178\/2023\/03\/goias2023-romain_veys_eda-reforme_agraire-6.jpg\">\n      <figcaption>\n        <h2 data-fontsize=\"24\" data-lineheight=\"36\">Une r\u00e9forme agraire pour redistribuer la terre<\/h2>\n        <p>\n        <\/p>\n      <\/figcaption>\n    <\/figure>\n<\/div><\/div><\/div><\/div><\/div>\n<div class=\"fusion-fullwidth fullwidth-box fusion-builder-row-7 fusion-flex-container fusion-parallax-none hundred-percent-fullwidth non-hundred-percent-height-scrolling\" style=\"--awb-border-radius-top-left:0px;--awb-border-radius-top-right:0px;--awb-border-radius-bottom-right:0px;--awb-border-radius-bottom-left:0px;--awb-min-height:350px;--awb-background-image:url(&quot;https:\/\/grand-angle.lavenir.net\/des-visages-et-des-luttes\/wp-content\/uploads\/sites\/178\/2023\/03\/footer.png&quot;);--awb-background-size:cover;--awb-flex-wrap:wrap;\" ><div class=\"fusion-builder-row fusion-row fusion-flex-align-items-flex-start fusion-flex-content-wrap\" style=\"width:104% !important;max-width:104% !important;margin-left: calc(-4% \/ 2 );margin-right: calc(-4% \/ 2 );\"><\/div><\/div><\/p>\n","protected":false},"excerpt":{"rendered":"","protected":false},"author":1,"featured_media":2217,"parent":0,"menu_order":0,"comment_status":"closed","ping_status":"closed","template":"100-width.php","meta":{"footnotes":""},"class_list":["post-2216","page","type-page","status-publish","has-post-thumbnail","hentry"],"yoast_head":"<!-- This site is optimized with the Yoast SEO plugin v27.1.1 - https:\/\/yoast.com\/product\/yoast-seo-wordpress\/ -->\n<title>Soutenir l\u2019\u00e9mancipation des femmes rurales pour d\u00e9velopper les communaut\u00e9s<\/title>\n<meta name=\"description\" content=\"Le r\u00f4le et le sort r\u00e9serv\u00e9 aux femmes dans les communaut\u00e9s rurales est l\u2019un des grands enjeux sur lesquels travaillent la Commission pastorale de la terre (CPT), en partenariat avec le Mouvement des femmes paysannes (MCC).\" \/>\n<meta name=\"robots\" content=\"index, follow, max-snippet:-1, max-image-preview:large, max-video-preview:-1\" \/>\n<link rel=\"canonical\" href=\"https:\/\/grand-angle.lavenir.net\/des-visages-et-des-luttes\/soutenir-lemancipation-des-femmes-rurales-pour-developper-les-communautes\/\" \/>\n<meta property=\"og:locale\" content=\"fr_FR\" \/>\n<meta property=\"og:type\" content=\"article\" \/>\n<meta property=\"og:title\" content=\"Soutenir l\u2019\u00e9mancipation des femmes rurales pour d\u00e9velopper les communaut\u00e9s\" \/>\n<meta property=\"og:description\" content=\"Le r\u00f4le et le sort r\u00e9serv\u00e9 aux femmes dans les communaut\u00e9s rurales est l\u2019un des grands enjeux sur lesquels travaillent la Commission pastorale de la terre (CPT), en partenariat avec le Mouvement des femmes paysannes (MCC).\" \/>\n<meta property=\"og:url\" content=\"https:\/\/grand-angle.lavenir.net\/des-visages-et-des-luttes\/soutenir-lemancipation-des-femmes-rurales-pour-developper-les-communautes\/\" \/>\n<meta property=\"og:site_name\" content=\"Des visages et des luttes\" \/>\n<meta property=\"article:modified_time\" content=\"2023-12-14T08:33:47+00:00\" \/>\n<meta property=\"og:image\" content=\"https:\/\/grand-angle.lavenir.net\/des-visages-et-des-luttes\/wp-content\/uploads\/sites\/178\/2023\/03\/goias2023-romain_veys_eda-uruacu-1.jpg\" \/>\n\t<meta property=\"og:image:width\" content=\"2000\" \/>\n\t<meta property=\"og:image:height\" content=\"1500\" \/>\n\t<meta property=\"og:image:type\" content=\"image\/jpeg\" \/>\n<meta name=\"twitter:card\" content=\"summary_large_image\" \/>\n<meta name=\"twitter:title\" content=\"Soutenir l\u2019\u00e9mancipation des femmes rurales pour d\u00e9velopper les communaut\u00e9s\" \/>\n<meta name=\"twitter:description\" content=\"Le r\u00f4le et le sort r\u00e9serv\u00e9 aux femmes dans les communaut\u00e9s rurales est l\u2019un des grands enjeux sur lesquels travaillent la Commission pastorale de la terre (CPT), en partenariat avec le Mouvement des femmes paysannes (MCC).\" \/>\n<meta name=\"twitter:image\" content=\"https:\/\/grand-angle.lavenir.net\/des-visages-et-des-luttes\/wp-content\/uploads\/sites\/178\/2023\/03\/goias2023-romain_veys_eda-uruacu-1.jpg\" \/>\n<meta name=\"twitter:label1\" content=\"Dur\u00e9e de lecture est.\" \/>\n\t<meta name=\"twitter:data1\" content=\"18 minutes\" \/>\n<script type=\"application\/ld+json\" class=\"yoast-schema-graph\">{\"@context\":\"https:\/\/schema.org\",\"@graph\":[{\"@type\":\"WebPage\",\"@id\":\"https:\/\/grand-angle.lavenir.net\/des-visages-et-des-luttes\/soutenir-lemancipation-des-femmes-rurales-pour-developper-les-communautes\/\",\"url\":\"https:\/\/grand-angle.lavenir.net\/des-visages-et-des-luttes\/soutenir-lemancipation-des-femmes-rurales-pour-developper-les-communautes\/\",\"name\":\"Soutenir l\u2019\u00e9mancipation des femmes rurales pour d\u00e9velopper les communaut\u00e9s\",\"isPartOf\":{\"@id\":\"https:\/\/grand-angle.lavenir.net\/des-visages-et-des-luttes\/#website\"},\"primaryImageOfPage\":{\"@id\":\"https:\/\/grand-angle.lavenir.net\/des-visages-et-des-luttes\/soutenir-lemancipation-des-femmes-rurales-pour-developper-les-communautes\/#primaryimage\"},\"image\":{\"@id\":\"https:\/\/grand-angle.lavenir.net\/des-visages-et-des-luttes\/soutenir-lemancipation-des-femmes-rurales-pour-developper-les-communautes\/#primaryimage\"},\"thumbnailUrl\":\"https:\/\/grand-angle.lavenir.net\/des-visages-et-des-luttes\/wp-content\/uploads\/sites\/178\/2023\/03\/goias2023-romain_veys_eda-uruacu-1.jpg\",\"datePublished\":\"2023-03-09T12:25:05+00:00\",\"dateModified\":\"2023-12-14T08:33:47+00:00\",\"description\":\"Le r\u00f4le et le sort r\u00e9serv\u00e9 aux femmes dans les communaut\u00e9s rurales est l\u2019un des grands enjeux sur lesquels travaillent la Commission pastorale de la terre (CPT), en partenariat avec le Mouvement des femmes paysannes (MCC).\",\"breadcrumb\":{\"@id\":\"https:\/\/grand-angle.lavenir.net\/des-visages-et-des-luttes\/soutenir-lemancipation-des-femmes-rurales-pour-developper-les-communautes\/#breadcrumb\"},\"inLanguage\":\"fr-BE\",\"potentialAction\":[{\"@type\":\"ReadAction\",\"target\":[\"https:\/\/grand-angle.lavenir.net\/des-visages-et-des-luttes\/soutenir-lemancipation-des-femmes-rurales-pour-developper-les-communautes\/\"]}]},{\"@type\":\"ImageObject\",\"inLanguage\":\"fr-BE\",\"@id\":\"https:\/\/grand-angle.lavenir.net\/des-visages-et-des-luttes\/soutenir-lemancipation-des-femmes-rurales-pour-developper-les-communautes\/#primaryimage\",\"url\":\"https:\/\/grand-angle.lavenir.net\/des-visages-et-des-luttes\/wp-content\/uploads\/sites\/178\/2023\/03\/goias2023-romain_veys_eda-uruacu-1.jpg\",\"contentUrl\":\"https:\/\/grand-angle.lavenir.net\/des-visages-et-des-luttes\/wp-content\/uploads\/sites\/178\/2023\/03\/goias2023-romain_veys_eda-uruacu-1.jpg\",\"width\":2000,\"height\":1500},{\"@type\":\"BreadcrumbList\",\"@id\":\"https:\/\/grand-angle.lavenir.net\/des-visages-et-des-luttes\/soutenir-lemancipation-des-femmes-rurales-pour-developper-les-communautes\/#breadcrumb\",\"itemListElement\":[{\"@type\":\"ListItem\",\"position\":1,\"name\":\"Home\",\"item\":\"https:\/\/grand-angle.lavenir.net\/des-visages-et-des-luttes\/\"},{\"@type\":\"ListItem\",\"position\":2,\"name\":\"Soutenir l\u2019\u00e9mancipation des femmes rurales pour d\u00e9velopper les communaut\u00e9s\"}]},{\"@type\":\"WebSite\",\"@id\":\"https:\/\/grand-angle.lavenir.net\/des-visages-et-des-luttes\/#website\",\"url\":\"https:\/\/grand-angle.lavenir.net\/des-visages-et-des-luttes\/\",\"name\":\"Des visages et des luttes\",\"description\":\"Au c\u0153ur des r\u00e9sistances des travailleurs ruraux de l\u2019\u00c9tat de Goi\u00e1s\",\"potentialAction\":[{\"@type\":\"SearchAction\",\"target\":{\"@type\":\"EntryPoint\",\"urlTemplate\":\"https:\/\/grand-angle.lavenir.net\/des-visages-et-des-luttes\/?s={search_term_string}\"},\"query-input\":{\"@type\":\"PropertyValueSpecification\",\"valueRequired\":true,\"valueName\":\"search_term_string\"}}],\"inLanguage\":\"fr-BE\"}]}<\/script>\n<!-- \/ Yoast SEO plugin. -->","yoast_head_json":{"title":"Soutenir l\u2019\u00e9mancipation des femmes rurales pour d\u00e9velopper les communaut\u00e9s","description":"Le r\u00f4le et le sort r\u00e9serv\u00e9 aux femmes dans les communaut\u00e9s rurales est l\u2019un des grands enjeux sur lesquels travaillent la Commission pastorale de la terre (CPT), en partenariat avec le Mouvement des femmes paysannes (MCC).","robots":{"index":"index","follow":"follow","max-snippet":"max-snippet:-1","max-image-preview":"max-image-preview:large","max-video-preview":"max-video-preview:-1"},"canonical":"https:\/\/grand-angle.lavenir.net\/des-visages-et-des-luttes\/soutenir-lemancipation-des-femmes-rurales-pour-developper-les-communautes\/","og_locale":"fr_FR","og_type":"article","og_title":"Soutenir l\u2019\u00e9mancipation des femmes rurales pour d\u00e9velopper les communaut\u00e9s","og_description":"Le r\u00f4le et le sort r\u00e9serv\u00e9 aux femmes dans les communaut\u00e9s rurales est l\u2019un des grands enjeux sur lesquels travaillent la Commission pastorale de la terre (CPT), en partenariat avec le Mouvement des femmes paysannes (MCC).","og_url":"https:\/\/grand-angle.lavenir.net\/des-visages-et-des-luttes\/soutenir-lemancipation-des-femmes-rurales-pour-developper-les-communautes\/","og_site_name":"Des visages et des luttes","article_modified_time":"2023-12-14T08:33:47+00:00","og_image":[{"width":2000,"height":1500,"url":"https:\/\/grand-angle.lavenir.net\/des-visages-et-des-luttes\/wp-content\/uploads\/sites\/178\/2023\/03\/goias2023-romain_veys_eda-uruacu-1.jpg","type":"image\/jpeg"}],"twitter_card":"summary_large_image","twitter_title":"Soutenir l\u2019\u00e9mancipation des femmes rurales pour d\u00e9velopper les communaut\u00e9s","twitter_description":"Le r\u00f4le et le sort r\u00e9serv\u00e9 aux femmes dans les communaut\u00e9s rurales est l\u2019un des grands enjeux sur lesquels travaillent la Commission pastorale de la terre (CPT), en partenariat avec le Mouvement des femmes paysannes (MCC).","twitter_image":"https:\/\/grand-angle.lavenir.net\/des-visages-et-des-luttes\/wp-content\/uploads\/sites\/178\/2023\/03\/goias2023-romain_veys_eda-uruacu-1.jpg","twitter_misc":{"Dur\u00e9e de lecture est.":"18 minutes"},"schema":{"@context":"https:\/\/schema.org","@graph":[{"@type":"WebPage","@id":"https:\/\/grand-angle.lavenir.net\/des-visages-et-des-luttes\/soutenir-lemancipation-des-femmes-rurales-pour-developper-les-communautes\/","url":"https:\/\/grand-angle.lavenir.net\/des-visages-et-des-luttes\/soutenir-lemancipation-des-femmes-rurales-pour-developper-les-communautes\/","name":"Soutenir l\u2019\u00e9mancipation des femmes rurales pour d\u00e9velopper les communaut\u00e9s","isPartOf":{"@id":"https:\/\/grand-angle.lavenir.net\/des-visages-et-des-luttes\/#website"},"primaryImageOfPage":{"@id":"https:\/\/grand-angle.lavenir.net\/des-visages-et-des-luttes\/soutenir-lemancipation-des-femmes-rurales-pour-developper-les-communautes\/#primaryimage"},"image":{"@id":"https:\/\/grand-angle.lavenir.net\/des-visages-et-des-luttes\/soutenir-lemancipation-des-femmes-rurales-pour-developper-les-communautes\/#primaryimage"},"thumbnailUrl":"https:\/\/grand-angle.lavenir.net\/des-visages-et-des-luttes\/wp-content\/uploads\/sites\/178\/2023\/03\/goias2023-romain_veys_eda-uruacu-1.jpg","datePublished":"2023-03-09T12:25:05+00:00","dateModified":"2023-12-14T08:33:47+00:00","description":"Le r\u00f4le et le sort r\u00e9serv\u00e9 aux femmes dans les communaut\u00e9s rurales est l\u2019un des grands enjeux sur lesquels travaillent la Commission pastorale de la terre (CPT), en partenariat avec le Mouvement des femmes paysannes (MCC).","breadcrumb":{"@id":"https:\/\/grand-angle.lavenir.net\/des-visages-et-des-luttes\/soutenir-lemancipation-des-femmes-rurales-pour-developper-les-communautes\/#breadcrumb"},"inLanguage":"fr-BE","potentialAction":[{"@type":"ReadAction","target":["https:\/\/grand-angle.lavenir.net\/des-visages-et-des-luttes\/soutenir-lemancipation-des-femmes-rurales-pour-developper-les-communautes\/"]}]},{"@type":"ImageObject","inLanguage":"fr-BE","@id":"https:\/\/grand-angle.lavenir.net\/des-visages-et-des-luttes\/soutenir-lemancipation-des-femmes-rurales-pour-developper-les-communautes\/#primaryimage","url":"https:\/\/grand-angle.lavenir.net\/des-visages-et-des-luttes\/wp-content\/uploads\/sites\/178\/2023\/03\/goias2023-romain_veys_eda-uruacu-1.jpg","contentUrl":"https:\/\/grand-angle.lavenir.net\/des-visages-et-des-luttes\/wp-content\/uploads\/sites\/178\/2023\/03\/goias2023-romain_veys_eda-uruacu-1.jpg","width":2000,"height":1500},{"@type":"BreadcrumbList","@id":"https:\/\/grand-angle.lavenir.net\/des-visages-et-des-luttes\/soutenir-lemancipation-des-femmes-rurales-pour-developper-les-communautes\/#breadcrumb","itemListElement":[{"@type":"ListItem","position":1,"name":"Home","item":"https:\/\/grand-angle.lavenir.net\/des-visages-et-des-luttes\/"},{"@type":"ListItem","position":2,"name":"Soutenir l\u2019\u00e9mancipation des femmes rurales pour d\u00e9velopper les communaut\u00e9s"}]},{"@type":"WebSite","@id":"https:\/\/grand-angle.lavenir.net\/des-visages-et-des-luttes\/#website","url":"https:\/\/grand-angle.lavenir.net\/des-visages-et-des-luttes\/","name":"Des visages et des luttes","description":"Au c\u0153ur des r\u00e9sistances des travailleurs ruraux de l\u2019\u00c9tat de Goi\u00e1s","potentialAction":[{"@type":"SearchAction","target":{"@type":"EntryPoint","urlTemplate":"https:\/\/grand-angle.lavenir.net\/des-visages-et-des-luttes\/?s={search_term_string}"},"query-input":{"@type":"PropertyValueSpecification","valueRequired":true,"valueName":"search_term_string"}}],"inLanguage":"fr-BE"}]}},"_links":{"self":[{"href":"https:\/\/grand-angle.lavenir.net\/des-visages-et-des-luttes\/wp-json\/wp\/v2\/pages\/2216","targetHints":{"allow":["GET"]}}],"collection":[{"href":"https:\/\/grand-angle.lavenir.net\/des-visages-et-des-luttes\/wp-json\/wp\/v2\/pages"}],"about":[{"href":"https:\/\/grand-angle.lavenir.net\/des-visages-et-des-luttes\/wp-json\/wp\/v2\/types\/page"}],"author":[{"embeddable":true,"href":"https:\/\/grand-angle.lavenir.net\/des-visages-et-des-luttes\/wp-json\/wp\/v2\/users\/1"}],"replies":[{"embeddable":true,"href":"https:\/\/grand-angle.lavenir.net\/des-visages-et-des-luttes\/wp-json\/wp\/v2\/comments?post=2216"}],"version-history":[{"count":0,"href":"https:\/\/grand-angle.lavenir.net\/des-visages-et-des-luttes\/wp-json\/wp\/v2\/pages\/2216\/revisions"}],"wp:featuredmedia":[{"embeddable":true,"href":"https:\/\/grand-angle.lavenir.net\/des-visages-et-des-luttes\/wp-json\/wp\/v2\/media\/2217"}],"wp:attachment":[{"href":"https:\/\/grand-angle.lavenir.net\/des-visages-et-des-luttes\/wp-json\/wp\/v2\/media?parent=2216"}],"curies":[{"name":"wp","href":"https:\/\/api.w.org\/{rel}","templated":true}]}}