{"id":2200,"date":"2023-03-09T09:14:55","date_gmt":"2023-03-09T08:14:55","guid":{"rendered":"https:\/\/grand-angle.lavenir.net\/des-visages-et-des-luttes\/?page_id=2200"},"modified":"2023-12-14T09:33:27","modified_gmt":"2023-12-14T08:33:27","slug":"le-cerrado-joyau-oublie-de-lamerique-et-defigure-par-lagrobusiness","status":"publish","type":"page","link":"https:\/\/grand-angle.lavenir.net\/des-visages-et-des-luttes\/le-cerrado-joyau-oublie-de-lamerique-et-defigure-par-lagrobusiness\/","title":{"rendered":"Le Cerrado, joyau oubli\u00e9 de l\u2019Am\u00e9rique et d\u00e9figur\u00e9 par l\u2019agrobusiness"},"content":{"rendered":"<p><div class=\"fusion-fullwidth fullwidth-box fusion-builder-row-1 fusion-flex-container nonhundred-percent-fullwidth non-hundred-percent-height-scrolling first-container bkg-gold\" style=\"--awb-border-radius-top-left:0px;--awb-border-radius-top-right:0px;--awb-border-radius-bottom-right:0px;--awb-border-radius-bottom-left:0px;--awb-padding-top:20px;--awb-flex-wrap:wrap;\" ><div class=\"fusion-builder-row fusion-row fusion-flex-align-items-flex-start fusion-flex-content-wrap\" style=\"max-width:884px;margin-left: calc(-4% \/ 2 );margin-right: calc(-4% \/ 2 );\"><div class=\"fusion-layout-column fusion_builder_column fusion-builder-column-0 fusion_builder_column_1_1 1_1 fusion-flex-column\" style=\"--awb-padding-top:20px;--awb-bg-size:cover;--awb-width-large:100%;--awb-margin-top-large:0px;--awb-spacing-right-large:1.92%;--awb-margin-bottom-large:20px;--awb-spacing-left-large:1.92%;--awb-width-medium:100%;--awb-order-medium:0;--awb-spacing-right-medium:1.92%;--awb-spacing-left-medium:1.92%;--awb-width-small:100%;--awb-order-small:0;--awb-spacing-right-small:1.92%;--awb-spacing-left-small:1.92%;\"><div class=\"fusion-column-wrapper fusion-column-has-shadow fusion-flex-justify-content-flex-start fusion-content-layout-column\"><div class=\"fusion-text fusion-text-1\" style=\"--awb-text-color:#ffffff;\"><p style=\"text-align: center;\"><strong>B\u00e9n\u00e9ficiant d\u2019une attention m\u00e9diatique moins importante que l\u2019Amazonie voisine, le Cerrado souffre tout autant du ph\u00e9nom\u00e8ne de d\u00e9forestation.<\/strong><\/p>\n<\/div><\/div><\/div><\/div><\/div><div class=\"fusion-fullwidth fullwidth-box fusion-builder-row-2 fusion-flex-container nonhundred-percent-fullwidth non-hundred-percent-height-scrolling\" style=\"--awb-border-radius-top-left:0px;--awb-border-radius-top-right:0px;--awb-border-radius-bottom-right:0px;--awb-border-radius-bottom-left:0px;--awb-padding-top:4%;--awb-flex-wrap:wrap;\" ><div class=\"fusion-builder-row fusion-row fusion-flex-align-items-flex-start fusion-flex-content-wrap\" style=\"max-width:884px;margin-left: calc(-4% \/ 2 );margin-right: calc(-4% \/ 2 );\"><div class=\"fusion-layout-column fusion_builder_column fusion-builder-column-1 fusion_builder_column_1_1 1_1 fusion-flex-column\" style=\"--awb-bg-size:cover;--awb-width-large:100%;--awb-margin-top-large:0px;--awb-spacing-right-large:1.92%;--awb-margin-bottom-large:20px;--awb-spacing-left-large:1.92%;--awb-width-medium:100%;--awb-order-medium:0;--awb-spacing-right-medium:1.92%;--awb-spacing-left-medium:1.92%;--awb-width-small:100%;--awb-order-small:0;--awb-spacing-right-small:1.92%;--awb-spacing-left-small:1.92%;\"><div class=\"fusion-column-wrapper fusion-column-has-shadow fusion-flex-justify-content-flex-start fusion-content-layout-column\"><div class=\"fusion-text fusion-text-2\"><p>L\u2019\u00c9tat de Goi\u00e1s se trouve au c\u0153ur du Cerrado, une savane arbor\u00e9e qui s\u2019\u00e9tend sur plus de 2\u00a0millions de km\u00b2 et recouvre 20\u00a0% de la superficie totale du pays.<\/p>\n<p>Cet \u00e9cosyst\u00e8me abrite 5\u00a0% de la biodiversit\u00e9 mondiale, plus de 1\u2009500 esp\u00e8ces animales end\u00e9miques, 800 esp\u00e8ces d\u2019oiseaux, 11\u2009000 esp\u00e8ces de plantes et l\u2019embl\u00e9matique piuva, un arbre aux racines tr\u00e8s profondes qui favorisent l\u2019irrigation du sol et offre au territoire une couverture v\u00e9g\u00e9tale particuli\u00e8rement bien d\u00e9velopp\u00e9e.<\/p>\n<\/div><div class=\"fusion-image-element \" style=\"--awb-caption-title-font-family:var(--h2_typography-font-family);--awb-caption-title-font-weight:var(--h2_typography-font-weight);--awb-caption-title-font-style:var(--h2_typography-font-style);--awb-caption-title-size:var(--h2_typography-font-size);--awb-caption-title-transform:var(--h2_typography-text-transform);--awb-caption-title-line-height:var(--h2_typography-line-height);--awb-caption-title-letter-spacing:var(--h2_typography-letter-spacing);\"><span class=\" fusion-imageframe imageframe-none imageframe-1 hover-type-zoomin\"><img decoding=\"async\" width=\"1200\" height=\"900\" title=\"goias2023-romain_veys_eda-cerrado (6)\" src=\"https:\/\/grand-angle.lavenir.net\/des-visages-et-des-luttes\/wp-content\/uploads\/sites\/178\/2023\/03\/goias2023-romain_veys_eda-cerrado-6-1200x900.jpg\" alt class=\"img-responsive wp-image-2162\" srcset=\"https:\/\/grand-angle.lavenir.net\/des-visages-et-des-luttes\/wp-content\/uploads\/sites\/178\/2023\/03\/goias2023-romain_veys_eda-cerrado-6-200x150.jpg 200w, https:\/\/grand-angle.lavenir.net\/des-visages-et-des-luttes\/wp-content\/uploads\/sites\/178\/2023\/03\/goias2023-romain_veys_eda-cerrado-6-400x300.jpg 400w, https:\/\/grand-angle.lavenir.net\/des-visages-et-des-luttes\/wp-content\/uploads\/sites\/178\/2023\/03\/goias2023-romain_veys_eda-cerrado-6-600x450.jpg 600w, https:\/\/grand-angle.lavenir.net\/des-visages-et-des-luttes\/wp-content\/uploads\/sites\/178\/2023\/03\/goias2023-romain_veys_eda-cerrado-6-800x600.jpg 800w, https:\/\/grand-angle.lavenir.net\/des-visages-et-des-luttes\/wp-content\/uploads\/sites\/178\/2023\/03\/goias2023-romain_veys_eda-cerrado-6-1200x900.jpg 1200w\" sizes=\"(max-width: 1024px) 100vw, (max-width: 640px) 100vw, 1200px\" \/><\/span><\/div><div class=\"fusion-text fusion-text-3\"><p>Cependant, ne b\u00e9n\u00e9ficiant pas de la m\u00eame attention m\u00e9diatique que l\u2019Amazonie voisine, le Cerrado souffre tout autant du ph\u00e9nom\u00e8ne de d\u00e9forestation.<\/p>\n<p>Entre 1980 et 2010, de vastes flux migratoires ont ainsi \u00e9t\u00e9 observ\u00e9s, faisant notamment chuter la population rurale de plus de 30\u00a0% dans cette zone\u2009!<\/p>\n<p>\u00ab\u00a0Depuis le d\u00e9but de ce processus d\u2019invasion des territoires du Cerrado et de leurs peuples, plus de 50\u00a0% du total de ce biotope a \u00e9t\u00e9 d\u00e9vast\u00e9. Et l\u2019Amazonie a \u00e9t\u00e9 \u00e9galement touch\u00e9e\u00a0\u00bb, \u00e9crivait en 2019 Carlos Walter Porto-Gon\u00e7alves, professeur \u00e0 l\u2019Universit\u00e9 f\u00e9d\u00e9rale de Rio-de-Janeiro, dans la revue <em>Dos Cerrados e de suas riquezas<\/em>.<\/p>\n<\/div><div style=\"text-align:center;\"><a class=\"fusion-button button-flat fusion-button-default-size button-default fusion-button-default button-1 fusion-button-default-span fusion-button-default-type\" target=\"_self\" href=\"https:\/\/fase.org.br\/wp-content\/uploads\/2019\/12\/PUBLICACAO_CERRADO-2.pdf\"><span class=\"fusion-button-text awb-button__text awb-button__text--default\">Voir l&rsquo;article<\/span><i class=\"fa-external-link-alt fas awb-button__icon awb-button__icon--default button-icon-right\" aria-hidden=\"true\"><\/i><\/a><\/div><div class=\"fusion-text fusion-text-4\"><p>\u00c0 l\u2019inverse, le professeur observe une augmentation de cette m\u00eame frange de la population de pr\u00e8s de 40\u00a0% dans la zone limitrophe, bordant l\u2019Amazonie.<\/p>\n<p>Le professeur explique ceci par l\u2019afflux de nombreuses communaut\u00e9s rurales et indig\u00e8nes ayant fui les pressions exerc\u00e9es par \u00ab\u00a0l\u2019avanc\u00e9e du complexe de d\u00e9veloppement, la d\u00e9vastation et les conflits d\u2019accaparement des terres, l\u2019avanc\u00e9e de la d\u00e9forestation pour le b\u00e9tail et le bois, la canne \u00e0 sucre, le soja et aussi l\u2019exploration mini\u00e8re\u00a0\u00bb.<\/p>\n<\/div><\/div><\/div><\/div><\/div><div class=\"fusion-fullwidth fullwidth-box fusion-builder-row-3 fusion-flex-container fusion-parallax-fixed nonhundred-percent-fullwidth non-hundred-percent-height-scrolling parallax\" style=\"--awb-border-radius-top-left:0px;--awb-border-radius-top-right:0px;--awb-border-radius-bottom-right:0px;--awb-border-radius-bottom-left:0px;--awb-min-height:80vh;--awb-background-image:url(&quot;https:\/\/grand-angle.lavenir.net\/des-visages-et-des-luttes\/wp-content\/uploads\/sites\/178\/2023\/03\/goias2023-romain_veys_eda-reforme_agraire-7-1200x900.jpg&quot;);--awb-background-size:cover;--awb-flex-wrap:wrap;background-attachment:fixed;\" ><div class=\"fusion-builder-row fusion-row fusion-flex-align-items-flex-start fusion-flex-content-wrap\" style=\"max-width:884px;margin-left: calc(-4% \/ 2 );margin-right: calc(-4% \/ 2 );\"><div class=\"fusion-layout-column fusion_builder_column fusion-builder-column-2 fusion_builder_column_1_1 1_1 fusion-flex-column\" style=\"--awb-bg-size:cover;--awb-width-large:100%;--awb-margin-top-large:0px;--awb-spacing-right-large:1.92%;--awb-margin-bottom-large:20px;--awb-spacing-left-large:1.92%;--awb-width-medium:100%;--awb-order-medium:0;--awb-spacing-right-medium:1.92%;--awb-spacing-left-medium:1.92%;--awb-width-small:100%;--awb-order-small:0;--awb-spacing-right-small:1.92%;--awb-spacing-left-small:1.92%;\"><div class=\"fusion-column-wrapper fusion-column-has-shadow fusion-flex-justify-content-flex-start fusion-content-layout-column\"><\/div><\/div><\/div><\/div><div class=\"fusion-fullwidth fullwidth-box fusion-builder-row-4 fusion-flex-container nonhundred-percent-fullwidth non-hundred-percent-height-scrolling\" style=\"--awb-border-radius-top-left:0px;--awb-border-radius-top-right:0px;--awb-border-radius-bottom-right:0px;--awb-border-radius-bottom-left:0px;--awb-flex-wrap:wrap;\" ><div class=\"fusion-builder-row fusion-row fusion-flex-align-items-flex-start fusion-flex-content-wrap\" style=\"max-width:884px;margin-left: calc(-4% \/ 2 );margin-right: calc(-4% \/ 2 );\"><div class=\"fusion-layout-column fusion_builder_column fusion-builder-column-3 fusion_builder_column_1_1 1_1 fusion-flex-column\" style=\"--awb-bg-size:cover;--awb-width-large:100%;--awb-margin-top-large:0px;--awb-spacing-right-large:1.92%;--awb-margin-bottom-large:20px;--awb-spacing-left-large:1.92%;--awb-width-medium:100%;--awb-order-medium:0;--awb-spacing-right-medium:1.92%;--awb-spacing-left-medium:1.92%;--awb-width-small:100%;--awb-order-small:0;--awb-spacing-right-small:1.92%;--awb-spacing-left-small:1.92%;\"><div class=\"fusion-column-wrapper fusion-column-has-shadow fusion-flex-justify-content-flex-start fusion-content-layout-column\"><div class=\"fusion-text fusion-text-5\"><p>B\u00e9n\u00e9ficiant d\u2019une attention moindre que l\u2019Amazonie voisine, le Cerrado souffre tout autant de d\u00e9forestation \u00e0 grande \u00e9chelle.<\/p>\n<\/div><div class=\"fusion-text fusion-text-6\"><p>Mais le ph\u00e9nom\u00e8ne n\u2019a fait que s\u2019acc\u00e9l\u00e9rer ces derni\u00e8res ann\u00e9es.<\/p>\n<p>Ainsi, entre ao\u00fbt 2021 et juillet 2022, ce sont 10\u2009689\u00a0km\u00b2 qui sont partis en fum\u00e9e, selon les chiffres publi\u00e9s fin d\u00e9cembre par le syst\u00e8me de surveillance par satellites PRODES de l\u2019Institut national de recherches spatiales (INPE). Il s\u2019agit du pire bilan enregistr\u00e9 depuis 7 ans. \u00c0 titre de comparaison, sur cette m\u00eame p\u00e9riode, l\u2019Amazonie a perdu 11\u2009568\u00a0km\u00b2.<\/p>\n<p>Durant le mandat du pr\u00e9sident sortant d\u2019extr\u00eame droite Jair Bolsonaro, qui a d\u00e9but\u00e9 en janvier 2019, la savane br\u00e9silienne a ainsi perdu 33\u2009444 km\u00b2 de v\u00e9g\u00e9tation.<\/p>\n<\/div><div class=\"fusion-image-element \" style=\"--awb-caption-title-font-family:var(--h2_typography-font-family);--awb-caption-title-font-weight:var(--h2_typography-font-weight);--awb-caption-title-font-style:var(--h2_typography-font-style);--awb-caption-title-size:var(--h2_typography-font-size);--awb-caption-title-transform:var(--h2_typography-text-transform);--awb-caption-title-line-height:var(--h2_typography-line-height);--awb-caption-title-letter-spacing:var(--h2_typography-letter-spacing);\"><span class=\" fusion-imageframe imageframe-none imageframe-2 hover-type-zoomin\"><img decoding=\"async\" width=\"1200\" height=\"900\" title=\"goias2023-romain_veys_eda-cerrado (1)\" src=\"https:\/\/grand-angle.lavenir.net\/des-visages-et-des-luttes\/wp-content\/uploads\/sites\/178\/2023\/03\/goias2023-romain_veys_eda-cerrado-1-1200x900.jpg\" alt class=\"img-responsive wp-image-2157\" srcset=\"https:\/\/grand-angle.lavenir.net\/des-visages-et-des-luttes\/wp-content\/uploads\/sites\/178\/2023\/03\/goias2023-romain_veys_eda-cerrado-1-200x150.jpg 200w, https:\/\/grand-angle.lavenir.net\/des-visages-et-des-luttes\/wp-content\/uploads\/sites\/178\/2023\/03\/goias2023-romain_veys_eda-cerrado-1-400x300.jpg 400w, https:\/\/grand-angle.lavenir.net\/des-visages-et-des-luttes\/wp-content\/uploads\/sites\/178\/2023\/03\/goias2023-romain_veys_eda-cerrado-1-600x450.jpg 600w, https:\/\/grand-angle.lavenir.net\/des-visages-et-des-luttes\/wp-content\/uploads\/sites\/178\/2023\/03\/goias2023-romain_veys_eda-cerrado-1-800x600.jpg 800w, https:\/\/grand-angle.lavenir.net\/des-visages-et-des-luttes\/wp-content\/uploads\/sites\/178\/2023\/03\/goias2023-romain_veys_eda-cerrado-1-1200x900.jpg 1200w\" sizes=\"(max-width: 1024px) 100vw, (max-width: 640px) 100vw, 1200px\" \/><\/span><\/div><\/div><\/div><\/div><\/div><div class=\"fusion-fullwidth fullwidth-box fusion-builder-row-5 fusion-flex-container nonhundred-percent-fullwidth non-hundred-percent-height-scrolling\" style=\"--awb-border-radius-top-left:0px;--awb-border-radius-top-right:0px;--awb-border-radius-bottom-right:0px;--awb-border-radius-bottom-left:0px;--awb-padding-top:4%;--awb-background-color:#4d4c2b;--awb-flex-wrap:wrap;\" ><div class=\"fusion-builder-row fusion-row fusion-flex-align-items-flex-start fusion-flex-content-wrap\" style=\"max-width:884px;margin-left: calc(-4% \/ 2 );margin-right: calc(-4% \/ 2 );\"><div class=\"fusion-layout-column fusion_builder_column fusion-builder-column-4 fusion_builder_column_1_1 1_1 fusion-flex-column palm-right\" style=\"--awb-padding-top:4%;--awb-padding-right:4%;--awb-padding-bottom:4%;--awb-padding-left:4%;--awb-bg-color:#efe3cd;--awb-bg-color-hover:#efe3cd;--awb-bg-size:cover;--awb-width-large:100%;--awb-margin-top-large:0px;--awb-spacing-right-large:1.92%;--awb-margin-bottom-large:20px;--awb-spacing-left-large:1.92%;--awb-width-medium:100%;--awb-order-medium:0;--awb-spacing-right-medium:1.92%;--awb-spacing-left-medium:1.92%;--awb-width-small:100%;--awb-order-small:0;--awb-spacing-right-small:1.92%;--awb-spacing-left-small:1.92%;\"><div class=\"fusion-column-wrapper fusion-column-has-shadow fusion-flex-justify-content-flex-start fusion-content-layout-column\"><div class=\"fusion-text fusion-text-7\"><h2>Le Br\u00e9sil, un des leaders mondiaux de l\u2019agrobusiness<\/h2>\n<p>Entre 2000 et 2020, le Br\u00e9sil est le pays o\u00f9 la couverture foresti\u00e8re a perdu le plus de terrain\u2009: 54 millions d\u2019hectares, selon l\u2019Organisation pour l\u2019alimentation et l\u2019agriculture (FAO). Cette r\u00e9alit\u00e9 s\u2019explique, en partie, par le d\u00e9veloppement de l\u2019agriculture.<\/p>\n<\/div><div style=\"text-align:center;\"><a class=\"fusion-button button-flat fusion-button-default-size button-default fusion-button-default button-2 fusion-button-default-span fusion-button-default-type\" target=\"_blank\" rel=\"noopener noreferrer\" href=\"https:\/\/www.fao.org\/3\/cc2211en\/cc2211en.pdf\"><span class=\"fusion-button-text awb-button__text awb-button__text--default\">Voir l&rsquo;article<\/span><i class=\"fa-external-link-alt fas awb-button__icon awb-button__icon--default button-icon-right\" aria-hidden=\"true\"><\/i><\/a><\/div><div class=\"fusion-text fusion-text-8\"><p>Premier producteur mondial de f\u00e8ves de soja et de canne \u00e0 sucre, le Br\u00e9sil est \u00e9galement troisi\u00e8me producteur mondial de ma\u00efs et d\u2019huile de soja, mais aussi le deuxi\u00e8me producteur mondial de viande de b\u00e9tail et de viande de volaille. Avec 63 milliards de dollars en 2020, le Br\u00e9sil tr\u00f4ne par ailleurs au premier rang mondial des exportations en net.<\/p>\n<\/div><div class=\"fusion-image-element \" style=\"--awb-caption-title-font-family:var(--h2_typography-font-family);--awb-caption-title-font-weight:var(--h2_typography-font-weight);--awb-caption-title-font-style:var(--h2_typography-font-style);--awb-caption-title-size:var(--h2_typography-font-size);--awb-caption-title-transform:var(--h2_typography-text-transform);--awb-caption-title-line-height:var(--h2_typography-line-height);--awb-caption-title-letter-spacing:var(--h2_typography-letter-spacing);\"><span class=\" fusion-imageframe imageframe-none imageframe-3 hover-type-zoomin\"><img decoding=\"async\" width=\"2000\" height=\"1125\" title=\"goias2023-romain_veys_eda-cerrado (4)\" src=\"https:\/\/grand-angle.lavenir.net\/des-visages-et-des-luttes\/wp-content\/uploads\/sites\/178\/2023\/03\/goias2023-romain_veys_eda-cerrado-4.jpg\" alt class=\"img-responsive wp-image-2160\" srcset=\"https:\/\/grand-angle.lavenir.net\/des-visages-et-des-luttes\/wp-content\/uploads\/sites\/178\/2023\/03\/goias2023-romain_veys_eda-cerrado-4-200x113.jpg 200w, https:\/\/grand-angle.lavenir.net\/des-visages-et-des-luttes\/wp-content\/uploads\/sites\/178\/2023\/03\/goias2023-romain_veys_eda-cerrado-4-400x225.jpg 400w, https:\/\/grand-angle.lavenir.net\/des-visages-et-des-luttes\/wp-content\/uploads\/sites\/178\/2023\/03\/goias2023-romain_veys_eda-cerrado-4-600x338.jpg 600w, https:\/\/grand-angle.lavenir.net\/des-visages-et-des-luttes\/wp-content\/uploads\/sites\/178\/2023\/03\/goias2023-romain_veys_eda-cerrado-4-800x450.jpg 800w, https:\/\/grand-angle.lavenir.net\/des-visages-et-des-luttes\/wp-content\/uploads\/sites\/178\/2023\/03\/goias2023-romain_veys_eda-cerrado-4-1200x675.jpg 1200w, https:\/\/grand-angle.lavenir.net\/des-visages-et-des-luttes\/wp-content\/uploads\/sites\/178\/2023\/03\/goias2023-romain_veys_eda-cerrado-4.jpg 2000w\" sizes=\"(max-width: 1024px) 100vw, (max-width: 640px) 100vw, 800px\" \/><\/span><\/div><div class=\"fusion-text fusion-text-9\"><p>Tandis qu\u2019un appareil r\u00e9colte les f\u00e8ves du soja battu par la moissonneuse, un autre tracteur passe juste derri\u00e8re pour d\u00e9j\u00e0 planter la prochaine r\u00e9colte.<\/p>\n<\/div><\/div><\/div><\/div><\/div><div class=\"fusion-fullwidth fullwidth-box fusion-builder-row-6 fusion-flex-container nonhundred-percent-fullwidth non-hundred-percent-height-scrolling\" style=\"--awb-border-radius-top-left:0px;--awb-border-radius-top-right:0px;--awb-border-radius-bottom-right:0px;--awb-border-radius-bottom-left:0px;--awb-padding-top:4%;--awb-flex-wrap:wrap;\" ><div class=\"fusion-builder-row fusion-row fusion-flex-align-items-flex-start fusion-flex-content-wrap\" style=\"max-width:884px;margin-left: calc(-4% \/ 2 );margin-right: calc(-4% \/ 2 );\"><div class=\"fusion-layout-column fusion_builder_column fusion-builder-column-5 fusion_builder_column_1_1 1_1 fusion-flex-column\" style=\"--awb-bg-size:cover;--awb-width-large:100%;--awb-margin-top-large:0px;--awb-spacing-right-large:1.92%;--awb-margin-bottom-large:20px;--awb-spacing-left-large:1.92%;--awb-width-medium:100%;--awb-order-medium:0;--awb-spacing-right-medium:1.92%;--awb-spacing-left-medium:1.92%;--awb-width-small:100%;--awb-order-small:0;--awb-spacing-right-small:1.92%;--awb-spacing-left-small:1.92%;\"><div class=\"fusion-column-wrapper fusion-column-has-shadow fusion-flex-justify-content-flex-start fusion-content-layout-column\"><div class=\"fusion-text fusion-text-10\"><h2>\u00ab\u2009Les feux ne concernent pas tous l\u2019Amazonie\u2009\u00bb<\/h2>\n<p>En 2020, une trentaine d\u2019associations se sont coalis\u00e9es afin de d\u00e9noncer l\u2019utilisation du feu par l\u2019agrobusiness comme outil de d\u00e9forestation.<\/p>\n<p>Le 6 d\u00e9cembre dernier, les d\u00e9put\u00e9s europ\u00e9ens sont parvenus \u00e0 un accord pr\u00e9liminaire avec les gouvernements de l\u2019UE sur une nouvelle loi concernant les produits issus de la d\u00e9forestation.<\/p>\n<\/div><div style=\"text-align:center;\"><a class=\"fusion-button button-flat fusion-button-default-size button-default fusion-button-default button-3 fusion-button-default-span fusion-button-default-type\" target=\"_blank\" rel=\"noopener noreferrer\" href=\"https:\/\/www.europarl.europa.eu\/news\/fr\/press-room\/20221205IPR60607\/un-accord-qui-garantit-la-vente-de-produits-sans-deforestation-dans-l-ue\"><span class=\"fusion-button-text awb-button__text awb-button__text--default\">Voir l&rsquo;article<\/span><i class=\"fa-external-link-alt fas awb-button__icon awb-button__icon--default button-icon-right\" aria-hidden=\"true\"><\/i><\/a><\/div><div class=\"fusion-text fusion-text-11\"><p>Selon le texte convenu, si aucun pays ou produit en tant que tel ne sera interdit, les entreprises ne seront pas autoris\u00e9es \u00e0 vendre leurs produits dans l\u2019UE sans une d\u00e9claration de \u00ab\u2009diligence raisonnable\u2009\u00bb, selon laquelle les marchandises vendues dans l\u2019UE n\u2019ont pas contribu\u00e9 \u00e0 la d\u00e9forestation ou \u00e0 la d\u00e9gradation des for\u00eats apr\u00e8s le 31 d\u00e9cembre 2020.<\/p>\n<p>Or, l\u2019agriculture intensive au Br\u00e9sil est l\u2019une des causes principales de d\u00e9forestation. Notamment \u00e0 travers des feux de for\u00eat.<\/p>\n<\/div><div class=\"fusion-image-element \" style=\"--awb-caption-title-font-family:var(--h2_typography-font-family);--awb-caption-title-font-weight:var(--h2_typography-font-weight);--awb-caption-title-font-style:var(--h2_typography-font-style);--awb-caption-title-size:var(--h2_typography-font-size);--awb-caption-title-transform:var(--h2_typography-text-transform);--awb-caption-title-line-height:var(--h2_typography-line-height);--awb-caption-title-letter-spacing:var(--h2_typography-letter-spacing);\"><span class=\" fusion-imageframe imageframe-none imageframe-4 hover-type-zoomin\"><img decoding=\"async\" width=\"1500\" height=\"2000\" alt=\"Feu de savane d\u00e9clench\u00e9 de fa\u00e7on criminelle \u00e0 proximit\u00e9 d\u2019une communaut\u00e9 rurale dans la r\u00e9gion de Formosa (Cr\u00e9dit : MST)\" title=\"Feu de savane d\u00e9clench\u00e9 de fa\u00e7on criminelle \u00e0 proximit\u00e9 d\u2019une communaut\u00e9 rurale dans la r\u00e9gion de Formosa (Cr\u00e9dit : MST)\" src=\"https:\/\/grand-angle.lavenir.net\/des-visages-et-des-luttes\/wp-content\/uploads\/sites\/178\/2023\/03\/goias2023-carlos_cara-cerrado.jpg\" class=\"img-responsive wp-image-2156\" srcset=\"https:\/\/grand-angle.lavenir.net\/des-visages-et-des-luttes\/wp-content\/uploads\/sites\/178\/2023\/03\/goias2023-carlos_cara-cerrado-200x267.jpg 200w, https:\/\/grand-angle.lavenir.net\/des-visages-et-des-luttes\/wp-content\/uploads\/sites\/178\/2023\/03\/goias2023-carlos_cara-cerrado-400x533.jpg 400w, https:\/\/grand-angle.lavenir.net\/des-visages-et-des-luttes\/wp-content\/uploads\/sites\/178\/2023\/03\/goias2023-carlos_cara-cerrado-600x800.jpg 600w, https:\/\/grand-angle.lavenir.net\/des-visages-et-des-luttes\/wp-content\/uploads\/sites\/178\/2023\/03\/goias2023-carlos_cara-cerrado-800x1067.jpg 800w, https:\/\/grand-angle.lavenir.net\/des-visages-et-des-luttes\/wp-content\/uploads\/sites\/178\/2023\/03\/goias2023-carlos_cara-cerrado-1200x1600.jpg 1200w, https:\/\/grand-angle.lavenir.net\/des-visages-et-des-luttes\/wp-content\/uploads\/sites\/178\/2023\/03\/goias2023-carlos_cara-cerrado.jpg 1500w\" sizes=\"(max-width: 1024px) 100vw, (max-width: 640px) 100vw, 1200px\" \/><\/span><\/div><div class=\"fusion-text fusion-text-12\"><p>Feu de savane d\u00e9clench\u00e9 de fa\u00e7on criminelle \u00e0 proximit\u00e9 d\u2019une communaut\u00e9 rurale dans la r\u00e9gion de Formosa (Cr\u00e9dit\u00a0: MST)<\/p>\n<\/div><div class=\"fusion-text fusion-text-13\"><p>\u00ab\u2009Depuis plus de 500 ans, le feu est utilis\u00e9 de fa\u00e7on traditionnelle en agriculture, pour nettoyer les terrains. Ce feu est contr\u00f4l\u00e9. Mais dans le cadre de l\u2019agrobusiness, son utilisation ne l\u2019est pas. C\u2019est ce que l\u2019on appelle le feu capitaliste, qui sert \u00e0 \u00e9tendre les cultures et faire peur aux familles dans les villages\u2009\u00bb, souligne Valeria Pereira Santos, coordinatrice chez Agro \u00c9 Fogo<\/p>\n<p>Mais \u00ab\u2009les feux qui provoquent la d\u00e9forestation ne concernent pas tous l\u2019Amazonie\u2009\u00bb, pr\u00e9vient-elle. Et la responsabilit\u00e9 de ceux-ci est syst\u00e9matiquement rejet\u00e9e par les acteurs de l\u2019agrobusiness, qui pointent les travailleurs ruraux et les indig\u00e8nes.<\/p>\n<p>Ainsi, sur les 421 incendies conflictuels recens\u00e9s entre 2019 et 2021 par la coalition Agro \u00c9 Fogo, seul un quart (114) concernait l\u2019Amazonie\u2009; plus de la moiti\u00e9 (227) ont par contre concern\u00e9 le Cerrado.<\/p>\n<p>\u00ab\u2009Il existe pourtant beaucoup de lois de protection de l\u2019environnement au Br\u00e9sil, mais elles ne sont pas appliqu\u00e9es, d\u00e9nonce encore Valeria.\u2009Et sous le gouvernement de Jair Bolsonaro, le service charg\u00e9 de monitorer les probl\u00e8mes li\u00e9s \u00e0 la d\u00e9forestation (INPE) a vu son financement lui \u00eatre retir\u00e9&#8230;\u2009\u00bb<\/p>\n<\/div><div class=\"fusion-counters-box counters-box row fusion-clearfix fusion-columns-2\" style=\"--awb-color:#f3be00;\"><div class=\"fusion-counter-box fusion-column col-counter-box counter-box-wrapper col-lg-6 col-md-6 col-sm-6\" data-animationOffset=\"top-into-view\"><div class=\"counter-box-container\"><div class=\"content-box-percentage content-box-counter\"><span class=\"display-counter\" data-value=\"10.689\" data-direction=\"up\" data-decimals=\"3\">0<\/span><span class=\"unit\">km\u00b2<\/span><\/div><div class=\"counter-box-content\">la superficie perdue par cette savane en 2022.<\/div><\/div><\/div><div class=\"fusion-counter-box fusion-column col-counter-box counter-box-wrapper col-lg-6 col-md-6 col-sm-6\" data-animationOffset=\"top-into-view\"><div class=\"counter-box-container\"><div class=\"content-box-percentage content-box-counter\"><span class=\"display-counter\" data-value=\"33.444\" data-direction=\"up\" data-decimals=\"3\">0<\/span><span class=\"unit\">km\u00b2<\/span><\/div><div class=\"counter-box-content\">la superficie perdue par cette savane sous le gouvernement de Bolsonaro (2019-2022)<\/div><\/div><\/div><\/div><\/div><\/div><\/div><\/div><div class=\"fusion-fullwidth fullwidth-box fusion-builder-row-7 fusion-flex-container nonhundred-percent-fullwidth non-hundred-percent-height-scrolling\" style=\"--awb-border-radius-top-left:0px;--awb-border-radius-top-right:0px;--awb-border-radius-bottom-right:0px;--awb-border-radius-bottom-left:0px;--awb-flex-wrap:wrap;\" ><div class=\"fusion-builder-row fusion-row fusion-flex-align-items-flex-start fusion-flex-content-wrap\" style=\"max-width:884px;margin-left: calc(-4% \/ 2 );margin-right: calc(-4% \/ 2 );\"><div class=\"fusion-layout-column fusion_builder_column fusion-builder-column-6 fusion_builder_column_1_1 1_1 fusion-flex-column\" style=\"--awb-bg-size:cover;--awb-width-large:100%;--awb-margin-top-large:0px;--awb-spacing-right-large:1.92%;--awb-margin-bottom-large:20px;--awb-spacing-left-large:1.92%;--awb-width-medium:100%;--awb-spacing-right-medium:1.92%;--awb-spacing-left-medium:1.92%;--awb-width-small:100%;--awb-spacing-right-small:1.92%;--awb-spacing-left-small:1.92%;\"><div class=\"fusion-column-wrapper fusion-column-has-shadow fusion-flex-justify-content-flex-start fusion-content-layout-column\"><link rel=\"stylesheet\" href=\"https:\/\/use.typekit.net\/uji0zse.css\">\n<style>\n.chapitre figure {\n\tposition: relative;\n\toverflow: hidden;\n\tmargin: 10px 1%;\n\t\/*max-width: 480px;\n\tmax-height: 360px;*\/\n\tbackground: #ef7228 !important;\n\ttext-align: left;\n\tcursor: pointer;\n}\n\n.chapitre figure img {\n\tposition: relative;\n\tdisplay: block;\n\tmin-height: 100%;\n\tmax-width: 100%;\n\topacity: 0.5;\n}\n\n.chapitre figure figcaption {\n\tpadding: 2em;\n\tcolor: #fff;\n\ttext-transform: uppercase;\n\tfont-size: 1.25em;\n\t-webkit-backface-visibility: hidden;\n\tbackface-visibility: hidden;\n}\n\n.chapitre figure figcaption::before,\n.chapitre figure figcaption::after {\n\tpointer-events: none;\n}\n\n.chapitre figure figcaption,\n.chapitre figure figcaption > a {\n\tposition: absolute;\n\ttop: 0;\n\tleft: 0;\n\twidth: 100%;\n\theight: 100%;\n}\n.chapitre figure figcaption a {\n\tz-index: 1000;\n\twhite-space: nowrap;\n\tdisplay: block;\n}\nfigure.effect-goliath {\n\tbackground: #D60A11;\n}\n\nfigure.effect-goliath img.hover {\nopacity: 0;\nposition: absolute;\ntop: 0;\nleft: 0;\n\n}\nfigure.effect-goliath img,\nfigure.effect-goliath h2 {\n\t-webkit-transition: -webkit-transform 0.35s;\n\ttransition:  opacity 0.35s,transform 0.35s;\n}\n\nfigure.effect-goliath img {\n\t-webkit-backface-visibility: hidden;\n\tbackface-visibility: hidden;\n}\n\nfigure.effect-goliath h2,\nfigure.effect-goliath p {\n\tposition: absolute;\n\tbottom: 0;\n\tleft: 0;\n\tpadding: 10px;\n}\nfigure.effect-goliath h2 {\n\tposition: absolute;\n\tbottom: 0;\n\tleft: 0;\n\tpadding: 30px;\n\tcolor: #FFF;\n\tfont-weight: bold !important;\n\tfont-size: 24px !important;\n\ttext-shadow: 0px 0px 4px rgba(0,0,0,0.9);\n\tmargin: 0;\n\t\/* padding-bottom: 10px; *\/\n}\n\nfigure.effect-goliath p {\n\ttext-transform: none;\n\tfont-size: 85%;\n\topacity: 0;\n\t-webkit-transition: opacity 0.35s, -webkit-transform 0.35s;\n\ttransition: opacity 0.35s, transform 0.35s;\n\t-webkit-transform: translate3d(0,50px,0);\n\ttransform: translate3d(0,50px,0);\n       margin-bottom: 0px;\n}\n\nfigure.effect-goliath:hover img {\n\t-webkit-transform: translate3d(0,-75px,0);\n\ttransform: translate3d(0,-75px,0);\n}\nfigure.effect-goliath:hover img.hover {\n       opacity: 1;\n}\n\nfigure.effect-goliath:hover h2 {\n\t-webkit-transform: translate3d(0,-100px,0);\n\ttransform: translate3d(0,-100px,0);\n}\n\nfigure.effect-goliath:hover p {\n\topacity: 1;\n\t-webkit-transform: translate3d(0,0,0);\n\ttransform: translate3d(0,0,0);\n}\n<\/style><\/div><\/div><div class=\"fusion-layout-column fusion_builder_column fusion-builder-column-7 fusion_builder_column_1_1 1_1 fusion-flex-column\" style=\"--awb-bg-size:cover;--awb-width-large:100%;--awb-margin-top-large:0px;--awb-spacing-right-large:1.92%;--awb-margin-bottom-large:20px;--awb-spacing-left-large:1.92%;--awb-width-medium:100%;--awb-spacing-right-medium:1.92%;--awb-spacing-left-medium:1.92%;--awb-width-small:100%;--awb-spacing-right-small:1.92%;--awb-spacing-left-small:1.92%;\"><div class=\"fusion-column-wrapper fusion-column-has-shadow fusion-flex-justify-content-flex-start fusion-content-layout-column\"><div style=\"text-align:center;\"><a class=\"fusion-button button-flat fusion-button-default-size button-default fusion-button-default button-4 fusion-button-default-span fusion-button-default-type\" target=\"_self\" href=\"https:\/\/grand-angle.lavenir.net\/des-visages-et-des-luttes\/\"><span class=\"fusion-button-text awb-button__text awb-button__text--default\">Retour \u00e0 l\u2019accueil<\/span><\/a><\/div><\/div><\/div><div class=\"fusion-layout-column fusion_builder_column fusion-builder-column-8 fusion_builder_column_1_2 1_2 fusion-flex-column fusion-column-inner-bg-wrapper\" style=\"--awb-inner-bg-size:cover;--awb-width-large:50%;--awb-margin-top-large:0px;--awb-spacing-right-large:3.84%;--awb-margin-bottom-large:20px;--awb-spacing-left-large:3.84%;--awb-width-medium:100%;--awb-order-medium:0;--awb-spacing-right-medium:1.92%;--awb-spacing-left-medium:1.92%;--awb-width-small:100%;--awb-order-small:0;--awb-spacing-right-small:1.92%;--awb-spacing-left-small:1.92%;\"><span class=\"fusion-column-inner-bg hover-type-none\"><a class=\"fusion-column-anchor\" href=\"https:\/\/grand-angle.lavenir.net\/des-visages-et-des-luttes\/le-paradoxe-de-lhistorique-goias-moteur-de-la-reforme-agraire\/\"><span class=\"fusion-column-inner-bg-image\"><\/span><\/a><\/span><div class=\"fusion-column-wrapper fusion-column-has-shadow fusion-flex-justify-content-flex-start fusion-content-layout-column\"><div class=\"chapitre\">\n    <figure class=\"effect-goliath\">\n      <img decoding=\"async\" class=\"alignnone\" src=\"https:\/\/grand-angle.lavenir.net\/des-visages-et-des-luttes\/wp-content\/uploads\/sites\/178\/2023\/03\/goias2023-romain_veys_eda-goias-4.jpg\">\n      <figcaption>\n        <h2 data-fontsize=\"24\" data-lineheight=\"36\">Le paradoxe de l\u2019historique Goi\u00e1s, moteur de la r\u00e9forme agraire<\/h2>\n        <p>\n         \n        <\/p>\n      <\/figcaption>\n    <\/figure>\n<\/div><\/div><\/div><div class=\"fusion-layout-column fusion_builder_column fusion-builder-column-9 fusion_builder_column_1_2 1_2 fusion-flex-column fusion-column-inner-bg-wrapper\" style=\"--awb-inner-bg-size:cover;--awb-width-large:50%;--awb-margin-top-large:0px;--awb-spacing-right-large:3.84%;--awb-margin-bottom-large:20px;--awb-spacing-left-large:3.84%;--awb-width-medium:100%;--awb-order-medium:0;--awb-spacing-right-medium:1.92%;--awb-spacing-left-medium:1.92%;--awb-width-small:100%;--awb-order-small:0;--awb-spacing-right-small:1.92%;--awb-spacing-left-small:1.92%;\"><span class=\"fusion-column-inner-bg hover-type-none\"><a class=\"fusion-column-anchor\" href=\"https:\/\/grand-angle.lavenir.net\/des-visages-et-des-luttes\/soutenir-lemancipation-des-femmes-rurales-pour-developper-les-communautes\/\"><span class=\"fusion-column-inner-bg-image\"><\/span><\/a><\/span><div class=\"fusion-column-wrapper fusion-column-has-shadow fusion-flex-justify-content-flex-start fusion-content-layout-column\"><div class=\"chapitre\">\n    <figure class=\"effect-goliath\">\n      <img decoding=\"async\" class=\"alignnone\" src=\"https:\/\/grand-angle.lavenir.net\/des-visages-et-des-luttes\/wp-content\/uploads\/sites\/178\/2023\/03\/goias2023-romain_veys_eda-uruacu-5.jpg\">\n      <figcaption>\n        <h2 data-fontsize=\"24\" data-lineheight=\"36\">Soutenir l\u2019\u00e9mancipation des femmes rurales pour d\u00e9velopper les communaut\u00e9s<\/h2>\n        <p>\n\n        <\/p>\n      <\/figcaption>\n    <\/figure>\n<\/div><\/div><\/div><div class=\"fusion-layout-column fusion_builder_column fusion-builder-column-10 fusion_builder_column_1_2 1_2 fusion-flex-column fusion-column-inner-bg-wrapper\" style=\"--awb-inner-bg-size:cover;--awb-width-large:50%;--awb-margin-top-large:0px;--awb-spacing-right-large:3.84%;--awb-margin-bottom-large:20px;--awb-spacing-left-large:3.84%;--awb-width-medium:100%;--awb-order-medium:0;--awb-spacing-right-medium:1.92%;--awb-spacing-left-medium:1.92%;--awb-width-small:100%;--awb-order-small:0;--awb-spacing-right-small:1.92%;--awb-spacing-left-small:1.92%;\"><span class=\"fusion-column-inner-bg hover-type-none\"><a class=\"fusion-column-anchor\" href=\"https:\/\/grand-angle.lavenir.net\/des-visages-et-des-luttes\/a-minacu-les-terres-immergees-de-cana-brava-et-la-menace-invisible-de-serra-verde\/\"><span class=\"fusion-column-inner-bg-image\"><\/span><\/a><\/span><div class=\"fusion-column-wrapper fusion-column-has-shadow fusion-flex-justify-content-flex-start fusion-content-layout-column\"><div class=\"chapitre\">\n    <figure class=\"effect-goliath\">\n      <img decoding=\"async\" class=\"alignnone\" src=\"https:\/\/grand-angle.lavenir.net\/des-visages-et-des-luttes\/wp-content\/uploads\/sites\/178\/2023\/03\/goias2023-romain_veys_eda-minacu-1.jpg\">\n      <figcaption>\n        <h2 data-fontsize=\"24\" data-lineheight=\"36\">\u00c0 Mina\u00e7u, les terres immerg\u00e9es de Cana Brava et la menace invisible de Serra Verde<\/h2>\n        <p>\n        <\/p>\n      <\/figcaption>\n    <\/figure>\n<\/div><\/div><\/div><div class=\"fusion-layout-column fusion_builder_column fusion-builder-column-11 fusion_builder_column_1_2 1_2 fusion-flex-column fusion-column-inner-bg-wrapper\" style=\"--awb-inner-bg-size:cover;--awb-width-large:50%;--awb-margin-top-large:0px;--awb-spacing-right-large:3.84%;--awb-margin-bottom-large:20px;--awb-spacing-left-large:3.84%;--awb-width-medium:100%;--awb-order-medium:0;--awb-spacing-right-medium:1.92%;--awb-spacing-left-medium:1.92%;--awb-width-small:100%;--awb-order-small:0;--awb-spacing-right-small:1.92%;--awb-spacing-left-small:1.92%;\"><span class=\"fusion-column-inner-bg hover-type-none\"><a class=\"fusion-column-anchor\" href=\"https:\/\/grand-angle.lavenir.net\/des-visages-et-des-luttes\/les-travailleurs-sans-terre-produire-pour-exister-et-resister\/\"><span class=\"fusion-column-inner-bg-image\"><\/span><\/a><\/span><div class=\"fusion-column-wrapper fusion-column-has-shadow fusion-flex-justify-content-flex-start fusion-content-layout-column\"><div class=\"chapitre\">\n    <figure class=\"effect-goliath\">\n      <img decoding=\"async\" class=\"alignnone\" src=\"https:\/\/grand-angle.lavenir.net\/des-visages-et-des-luttes\/wp-content\/uploads\/sites\/178\/2023\/03\/goias2023-romain_veys_eda-formosa-1.jpg\">\n      <figcaption>\n        <h2 data-fontsize=\"24\" data-lineheight=\"36\">Les travailleurs \u00ab sans terre \u00bb : produire pour exister et r\u00e9sister<\/h2>\n        <p>\n         \n        <\/p>\n      <\/figcaption>\n    <\/figure>\n<\/div><\/div><\/div><div class=\"fusion-layout-column fusion_builder_column fusion-builder-column-12 fusion_builder_column_1_2 1_2 fusion-flex-column fusion-column-inner-bg-wrapper\" style=\"--awb-inner-bg-size:cover;--awb-width-large:50%;--awb-margin-top-large:0px;--awb-spacing-right-large:3.84%;--awb-margin-bottom-large:20px;--awb-spacing-left-large:3.84%;--awb-width-medium:100%;--awb-order-medium:0;--awb-spacing-right-medium:1.92%;--awb-spacing-left-medium:1.92%;--awb-width-small:100%;--awb-order-small:0;--awb-spacing-right-small:1.92%;--awb-spacing-left-small:1.92%;\"><span class=\"fusion-column-inner-bg hover-type-none\"><a class=\"fusion-column-anchor\" href=\"https:\/\/grand-angle.lavenir.net\/des-visages-et-des-luttes\/les-quilombolas-heritiers-de-la-resistance-a-lesclavagisme\/\"><span class=\"fusion-column-inner-bg-image\"><\/span><\/a><\/span><div class=\"fusion-column-wrapper fusion-column-has-shadow fusion-flex-justify-content-flex-start fusion-content-layout-column\"><div class=\"chapitre\">\n    <figure class=\"effect-goliath\">\n      <img decoding=\"async\" class=\"alignnone\" src=\"https:\/\/grand-angle.lavenir.net\/des-visages-et-des-luttes\/wp-content\/uploads\/sites\/178\/2023\/03\/goias2023-romain_veys_eda-quilombolas-2.jpg\" \/>\n      <figcaption>\n        <h2 data-fontsize=\"24\" data-lineheight=\"36\">Les Quilombolas, h\u00e9ritiers de la r\u00e9sistance \u00e0 l\u2019esclavagisme<\/h2>\n        <p>\n        <\/p>\n      <\/figcaption>\n    <\/figure>\n<\/div><\/div><\/div><div class=\"fusion-layout-column fusion_builder_column fusion-builder-column-13 fusion_builder_column_1_2 1_2 fusion-flex-column fusion-column-inner-bg-wrapper\" style=\"--awb-inner-bg-size:cover;--awb-width-large:50%;--awb-margin-top-large:0px;--awb-spacing-right-large:3.84%;--awb-margin-bottom-large:20px;--awb-spacing-left-large:3.84%;--awb-width-medium:100%;--awb-order-medium:0;--awb-spacing-right-medium:1.92%;--awb-spacing-left-medium:1.92%;--awb-width-small:100%;--awb-order-small:0;--awb-spacing-right-small:1.92%;--awb-spacing-left-small:1.92%;\"><span class=\"fusion-column-inner-bg hover-type-none\"><a class=\"fusion-column-anchor\" href=\"https:\/\/grand-angle.lavenir.net\/des-visages-et-des-luttes\/occuper-la-terre-pour-en-revendiquer-le-droit-dusage\/\"><span class=\"fusion-column-inner-bg-image\"><\/span><\/a><\/span><div class=\"fusion-column-wrapper fusion-column-has-shadow fusion-flex-justify-content-flex-start fusion-content-layout-column\"><div class=\"chapitre\">\n    <figure class=\"effect-goliath\">\n      <img decoding=\"async\" class=\"alignnone\" src=\"https:\/\/grand-angle.lavenir.net\/des-visages-et-des-luttes\/wp-content\/uploads\/sites\/178\/2023\/03\/goias2023-romain_veys_eda-leonir_orback-6.jpg\">\n      <figcaption>\n        <h2 data-fontsize=\"24\" data-lineheight=\"36\">Occuper la terre pour en revendiquer le droit d\u2019usage<\/h2>\n        <p>\n        <\/p>\n      <\/figcaption>\n    <\/figure>\n<\/div><\/div><\/div><div class=\"fusion-layout-column fusion_builder_column fusion-builder-column-14 fusion_builder_column_1_2 1_2 fusion-flex-column fusion-column-inner-bg-wrapper\" style=\"--awb-inner-bg-size:cover;--awb-width-large:50%;--awb-margin-top-large:0px;--awb-spacing-right-large:3.84%;--awb-margin-bottom-large:20px;--awb-spacing-left-large:3.84%;--awb-width-medium:100%;--awb-order-medium:0;--awb-spacing-right-medium:1.92%;--awb-spacing-left-medium:1.92%;--awb-width-small:100%;--awb-order-small:0;--awb-spacing-right-small:1.92%;--awb-spacing-left-small:1.92%;\"><span class=\"fusion-column-inner-bg hover-type-none\"><a class=\"fusion-column-anchor\" href=\"https:\/\/grand-angle.lavenir.net\/des-visages-et-des-luttes\/le-cerrado-joyau-oublie-de-lamerique-et-defigure-par-lagrobusiness\/\"><span class=\"fusion-column-inner-bg-image\"><\/span><\/a><\/span><div class=\"fusion-column-wrapper fusion-column-has-shadow fusion-flex-justify-content-flex-start fusion-content-layout-column\"><div class=\"chapitre\">\n    <figure class=\"effect-goliath\">\n      <img decoding=\"async\" class=\"alignnone\" src=\"https:\/\/grand-angle.lavenir.net\/des-visages-et-des-luttes\/wp-content\/uploads\/sites\/178\/2023\/03\/goias2023-romain_veys_eda-cerrado-6.jpg\">\n      <figcaption>\n        <h2 data-fontsize=\"24\" data-lineheight=\"36\">Le Cerrado, joyau oubli\u00e9 de l\u2019Am\u00e9rique et d\u00e9figur\u00e9 par l\u2019agrobusiness<\/h2>\n        <p>\n        <\/p>\n      <\/figcaption>\n    <\/figure>\n<\/div><\/div><\/div><div class=\"fusion-layout-column fusion_builder_column fusion-builder-column-15 fusion_builder_column_1_2 1_2 fusion-flex-column fusion-column-inner-bg-wrapper\" style=\"--awb-inner-bg-size:cover;--awb-width-large:50%;--awb-margin-top-large:0px;--awb-spacing-right-large:3.84%;--awb-margin-bottom-large:20px;--awb-spacing-left-large:3.84%;--awb-width-medium:100%;--awb-order-medium:0;--awb-spacing-right-medium:1.92%;--awb-spacing-left-medium:1.92%;--awb-width-small:100%;--awb-order-small:0;--awb-spacing-right-small:1.92%;--awb-spacing-left-small:1.92%;\"><span class=\"fusion-column-inner-bg hover-type-none\"><a class=\"fusion-column-anchor\" href=\"https:\/\/grand-angle.lavenir.net\/des-visages-et-des-luttes\/une-reforme-agraire-pour-redistribuer-la-terre\/\"><span class=\"fusion-column-inner-bg-image\"><\/span><\/a><\/span><div class=\"fusion-column-wrapper fusion-column-has-shadow fusion-flex-justify-content-flex-start fusion-content-layout-column\"><div class=\"chapitre\">\n    <figure class=\"effect-goliath\">\n      <img decoding=\"async\" class=\"alignnone\" src=\"https:\/\/grand-angle.lavenir.net\/des-visages-et-des-luttes\/wp-content\/uploads\/sites\/178\/2023\/03\/goias2023-romain_veys_eda-reforme_agraire-6.jpg\">\n      <figcaption>\n        <h2 data-fontsize=\"24\" data-lineheight=\"36\">Une r\u00e9forme agraire pour redistribuer la terre<\/h2>\n        <p>\n        <\/p>\n      <\/figcaption>\n    <\/figure>\n<\/div><\/div><\/div><\/div><\/div>\n<div class=\"fusion-fullwidth fullwidth-box fusion-builder-row-8 fusion-flex-container fusion-parallax-none hundred-percent-fullwidth non-hundred-percent-height-scrolling\" style=\"--awb-border-radius-top-left:0px;--awb-border-radius-top-right:0px;--awb-border-radius-bottom-right:0px;--awb-border-radius-bottom-left:0px;--awb-min-height:350px;--awb-background-image:url(&quot;https:\/\/grand-angle.lavenir.net\/des-visages-et-des-luttes\/wp-content\/uploads\/sites\/178\/2023\/03\/footer.png&quot;);--awb-background-size:cover;--awb-flex-wrap:wrap;\" ><div class=\"fusion-builder-row fusion-row fusion-flex-align-items-flex-start fusion-flex-content-wrap\" style=\"width:104% !important;max-width:104% !important;margin-left: calc(-4% \/ 2 );margin-right: calc(-4% \/ 2 );\"><\/div><\/div><\/p>\n","protected":false},"excerpt":{"rendered":"","protected":false},"author":1,"featured_media":0,"parent":0,"menu_order":0,"comment_status":"closed","ping_status":"closed","template":"100-width.php","meta":{"footnotes":""},"class_list":["post-2200","page","type-page","status-publish","hentry"],"yoast_head":"<!-- This site is optimized with the Yoast SEO plugin v27.1.1 - https:\/\/yoast.com\/product\/yoast-seo-wordpress\/ -->\n<title>Le Cerrado, joyau oubli\u00e9 de l\u2019Am\u00e9rique et d\u00e9figur\u00e9 par l\u2019agrobusiness<\/title>\n<meta name=\"description\" content=\"Entreprises du secteur de l\u2019\u00e9nergie ou exploitations mini\u00e8res : face aux travailleurs ruraux, ce sont des g\u00e9ants de l\u2019industrie qui se dressent pour convoiter leurs terres dans la r\u00e9gion de Mina\u00e7u. Pour certains, il s\u2019agit d\u2019une menace invisible. Pour d\u2019autres, c\u2019est un combat perdu d\u2019avance.Expropri\u00e9s de leurs terres voici vingt ans pour la construction d\u2019une centrale hydro\u00e9lectrique, des centaines de familles de Mina\u00e7u estiment avoir \u00e9t\u00e9 manipul\u00e9es et vol\u00e9es par l\u2019entreprise.\" \/>\n<meta name=\"robots\" content=\"index, follow, max-snippet:-1, max-image-preview:large, max-video-preview:-1\" \/>\n<link rel=\"canonical\" href=\"https:\/\/grand-angle.lavenir.net\/des-visages-et-des-luttes\/le-cerrado-joyau-oublie-de-lamerique-et-defigure-par-lagrobusiness\/\" \/>\n<meta property=\"og:locale\" content=\"fr_FR\" \/>\n<meta property=\"og:type\" content=\"article\" \/>\n<meta property=\"og:title\" content=\"Le Cerrado, joyau oubli\u00e9 de l\u2019Am\u00e9rique et d\u00e9figur\u00e9 par l\u2019agrobusiness\" \/>\n<meta property=\"og:description\" content=\"Entreprises du secteur de l\u2019\u00e9nergie ou exploitations mini\u00e8res : face aux travailleurs ruraux, ce sont des g\u00e9ants de l\u2019industrie qui se dressent pour convoiter leurs terres dans la r\u00e9gion de Mina\u00e7u. Pour certains, il s\u2019agit d\u2019une menace invisible. Pour d\u2019autres, c\u2019est un combat perdu d\u2019avance.Expropri\u00e9s de leurs terres voici vingt ans pour la construction d\u2019une centrale hydro\u00e9lectrique, des centaines de familles de Mina\u00e7u estiment avoir \u00e9t\u00e9 manipul\u00e9es et vol\u00e9es par l\u2019entreprise.\" \/>\n<meta property=\"og:url\" content=\"https:\/\/grand-angle.lavenir.net\/des-visages-et-des-luttes\/le-cerrado-joyau-oublie-de-lamerique-et-defigure-par-lagrobusiness\/\" \/>\n<meta property=\"og:site_name\" content=\"Des visages et des luttes\" \/>\n<meta property=\"article:modified_time\" content=\"2023-12-14T08:33:27+00:00\" \/>\n<meta name=\"twitter:card\" content=\"summary_large_image\" \/>\n<meta name=\"twitter:title\" content=\"Le Cerrado, joyau oubli\u00e9 de l\u2019Am\u00e9rique et d\u00e9figur\u00e9 par l\u2019agrobusiness\" \/>\n<meta name=\"twitter:description\" content=\"Entreprises du secteur de l\u2019\u00e9nergie ou exploitations mini\u00e8res : face aux travailleurs ruraux, ce sont des g\u00e9ants de l\u2019industrie qui se dressent pour convoiter leurs terres dans la r\u00e9gion de Mina\u00e7u. Pour certains, il s\u2019agit d\u2019une menace invisible. Pour d\u2019autres, c\u2019est un combat perdu d\u2019avance.Expropri\u00e9s de leurs terres voici vingt ans pour la construction d\u2019une centrale hydro\u00e9lectrique, des centaines de familles de Mina\u00e7u estiment avoir \u00e9t\u00e9 manipul\u00e9es et vol\u00e9es par l\u2019entreprise.\" \/>\n<meta name=\"twitter:label1\" content=\"Dur\u00e9e de lecture est.\" \/>\n\t<meta name=\"twitter:data1\" content=\"21 minutes\" \/>\n<script type=\"application\/ld+json\" class=\"yoast-schema-graph\">{\"@context\":\"https:\/\/schema.org\",\"@graph\":[{\"@type\":\"WebPage\",\"@id\":\"https:\/\/grand-angle.lavenir.net\/des-visages-et-des-luttes\/le-cerrado-joyau-oublie-de-lamerique-et-defigure-par-lagrobusiness\/\",\"url\":\"https:\/\/grand-angle.lavenir.net\/des-visages-et-des-luttes\/le-cerrado-joyau-oublie-de-lamerique-et-defigure-par-lagrobusiness\/\",\"name\":\"Le Cerrado, joyau oubli\u00e9 de l\u2019Am\u00e9rique et d\u00e9figur\u00e9 par l\u2019agrobusiness\",\"isPartOf\":{\"@id\":\"https:\/\/grand-angle.lavenir.net\/des-visages-et-des-luttes\/#website\"},\"datePublished\":\"2023-03-09T08:14:55+00:00\",\"dateModified\":\"2023-12-14T08:33:27+00:00\",\"description\":\"Entreprises du secteur de l\u2019\u00e9nergie ou exploitations mini\u00e8res : face aux travailleurs ruraux, ce sont des g\u00e9ants de l\u2019industrie qui se dressent pour convoiter leurs terres dans la r\u00e9gion de Mina\u00e7u. Pour certains, il s\u2019agit d\u2019une menace invisible. Pour d\u2019autres, c\u2019est un combat perdu d\u2019avance.Expropri\u00e9s de leurs terres voici vingt ans pour la construction d\u2019une centrale hydro\u00e9lectrique, des centaines de familles de Mina\u00e7u estiment avoir \u00e9t\u00e9 manipul\u00e9es et vol\u00e9es par l\u2019entreprise.\",\"breadcrumb\":{\"@id\":\"https:\/\/grand-angle.lavenir.net\/des-visages-et-des-luttes\/le-cerrado-joyau-oublie-de-lamerique-et-defigure-par-lagrobusiness\/#breadcrumb\"},\"inLanguage\":\"fr-BE\",\"potentialAction\":[{\"@type\":\"ReadAction\",\"target\":[\"https:\/\/grand-angle.lavenir.net\/des-visages-et-des-luttes\/le-cerrado-joyau-oublie-de-lamerique-et-defigure-par-lagrobusiness\/\"]}]},{\"@type\":\"BreadcrumbList\",\"@id\":\"https:\/\/grand-angle.lavenir.net\/des-visages-et-des-luttes\/le-cerrado-joyau-oublie-de-lamerique-et-defigure-par-lagrobusiness\/#breadcrumb\",\"itemListElement\":[{\"@type\":\"ListItem\",\"position\":1,\"name\":\"Home\",\"item\":\"https:\/\/grand-angle.lavenir.net\/des-visages-et-des-luttes\/\"},{\"@type\":\"ListItem\",\"position\":2,\"name\":\"Le Cerrado, joyau oubli\u00e9 de l\u2019Am\u00e9rique et d\u00e9figur\u00e9 par l\u2019agrobusiness\"}]},{\"@type\":\"WebSite\",\"@id\":\"https:\/\/grand-angle.lavenir.net\/des-visages-et-des-luttes\/#website\",\"url\":\"https:\/\/grand-angle.lavenir.net\/des-visages-et-des-luttes\/\",\"name\":\"Des visages et des luttes\",\"description\":\"Au c\u0153ur des r\u00e9sistances des travailleurs ruraux de l\u2019\u00c9tat de Goi\u00e1s\",\"potentialAction\":[{\"@type\":\"SearchAction\",\"target\":{\"@type\":\"EntryPoint\",\"urlTemplate\":\"https:\/\/grand-angle.lavenir.net\/des-visages-et-des-luttes\/?s={search_term_string}\"},\"query-input\":{\"@type\":\"PropertyValueSpecification\",\"valueRequired\":true,\"valueName\":\"search_term_string\"}}],\"inLanguage\":\"fr-BE\"}]}<\/script>\n<!-- \/ Yoast SEO plugin. -->","yoast_head_json":{"title":"Le Cerrado, joyau oubli\u00e9 de l\u2019Am\u00e9rique et d\u00e9figur\u00e9 par l\u2019agrobusiness","description":"Entreprises du secteur de l\u2019\u00e9nergie ou exploitations mini\u00e8res : face aux travailleurs ruraux, ce sont des g\u00e9ants de l\u2019industrie qui se dressent pour convoiter leurs terres dans la r\u00e9gion de Mina\u00e7u. Pour certains, il s\u2019agit d\u2019une menace invisible. Pour d\u2019autres, c\u2019est un combat perdu d\u2019avance.Expropri\u00e9s de leurs terres voici vingt ans pour la construction d\u2019une centrale hydro\u00e9lectrique, des centaines de familles de Mina\u00e7u estiment avoir \u00e9t\u00e9 manipul\u00e9es et vol\u00e9es par l\u2019entreprise.","robots":{"index":"index","follow":"follow","max-snippet":"max-snippet:-1","max-image-preview":"max-image-preview:large","max-video-preview":"max-video-preview:-1"},"canonical":"https:\/\/grand-angle.lavenir.net\/des-visages-et-des-luttes\/le-cerrado-joyau-oublie-de-lamerique-et-defigure-par-lagrobusiness\/","og_locale":"fr_FR","og_type":"article","og_title":"Le Cerrado, joyau oubli\u00e9 de l\u2019Am\u00e9rique et d\u00e9figur\u00e9 par l\u2019agrobusiness","og_description":"Entreprises du secteur de l\u2019\u00e9nergie ou exploitations mini\u00e8res : face aux travailleurs ruraux, ce sont des g\u00e9ants de l\u2019industrie qui se dressent pour convoiter leurs terres dans la r\u00e9gion de Mina\u00e7u. Pour certains, il s\u2019agit d\u2019une menace invisible. Pour d\u2019autres, c\u2019est un combat perdu d\u2019avance.Expropri\u00e9s de leurs terres voici vingt ans pour la construction d\u2019une centrale hydro\u00e9lectrique, des centaines de familles de Mina\u00e7u estiment avoir \u00e9t\u00e9 manipul\u00e9es et vol\u00e9es par l\u2019entreprise.","og_url":"https:\/\/grand-angle.lavenir.net\/des-visages-et-des-luttes\/le-cerrado-joyau-oublie-de-lamerique-et-defigure-par-lagrobusiness\/","og_site_name":"Des visages et des luttes","article_modified_time":"2023-12-14T08:33:27+00:00","twitter_card":"summary_large_image","twitter_title":"Le Cerrado, joyau oubli\u00e9 de l\u2019Am\u00e9rique et d\u00e9figur\u00e9 par l\u2019agrobusiness","twitter_description":"Entreprises du secteur de l\u2019\u00e9nergie ou exploitations mini\u00e8res : face aux travailleurs ruraux, ce sont des g\u00e9ants de l\u2019industrie qui se dressent pour convoiter leurs terres dans la r\u00e9gion de Mina\u00e7u. Pour certains, il s\u2019agit d\u2019une menace invisible. Pour d\u2019autres, c\u2019est un combat perdu d\u2019avance.Expropri\u00e9s de leurs terres voici vingt ans pour la construction d\u2019une centrale hydro\u00e9lectrique, des centaines de familles de Mina\u00e7u estiment avoir \u00e9t\u00e9 manipul\u00e9es et vol\u00e9es par l\u2019entreprise.","twitter_misc":{"Dur\u00e9e de lecture est.":"21 minutes"},"schema":{"@context":"https:\/\/schema.org","@graph":[{"@type":"WebPage","@id":"https:\/\/grand-angle.lavenir.net\/des-visages-et-des-luttes\/le-cerrado-joyau-oublie-de-lamerique-et-defigure-par-lagrobusiness\/","url":"https:\/\/grand-angle.lavenir.net\/des-visages-et-des-luttes\/le-cerrado-joyau-oublie-de-lamerique-et-defigure-par-lagrobusiness\/","name":"Le Cerrado, joyau oubli\u00e9 de l\u2019Am\u00e9rique et d\u00e9figur\u00e9 par l\u2019agrobusiness","isPartOf":{"@id":"https:\/\/grand-angle.lavenir.net\/des-visages-et-des-luttes\/#website"},"datePublished":"2023-03-09T08:14:55+00:00","dateModified":"2023-12-14T08:33:27+00:00","description":"Entreprises du secteur de l\u2019\u00e9nergie ou exploitations mini\u00e8res : face aux travailleurs ruraux, ce sont des g\u00e9ants de l\u2019industrie qui se dressent pour convoiter leurs terres dans la r\u00e9gion de Mina\u00e7u. Pour certains, il s\u2019agit d\u2019une menace invisible. Pour d\u2019autres, c\u2019est un combat perdu d\u2019avance.Expropri\u00e9s de leurs terres voici vingt ans pour la construction d\u2019une centrale hydro\u00e9lectrique, des centaines de familles de Mina\u00e7u estiment avoir \u00e9t\u00e9 manipul\u00e9es et vol\u00e9es par l\u2019entreprise.","breadcrumb":{"@id":"https:\/\/grand-angle.lavenir.net\/des-visages-et-des-luttes\/le-cerrado-joyau-oublie-de-lamerique-et-defigure-par-lagrobusiness\/#breadcrumb"},"inLanguage":"fr-BE","potentialAction":[{"@type":"ReadAction","target":["https:\/\/grand-angle.lavenir.net\/des-visages-et-des-luttes\/le-cerrado-joyau-oublie-de-lamerique-et-defigure-par-lagrobusiness\/"]}]},{"@type":"BreadcrumbList","@id":"https:\/\/grand-angle.lavenir.net\/des-visages-et-des-luttes\/le-cerrado-joyau-oublie-de-lamerique-et-defigure-par-lagrobusiness\/#breadcrumb","itemListElement":[{"@type":"ListItem","position":1,"name":"Home","item":"https:\/\/grand-angle.lavenir.net\/des-visages-et-des-luttes\/"},{"@type":"ListItem","position":2,"name":"Le Cerrado, joyau oubli\u00e9 de l\u2019Am\u00e9rique et d\u00e9figur\u00e9 par l\u2019agrobusiness"}]},{"@type":"WebSite","@id":"https:\/\/grand-angle.lavenir.net\/des-visages-et-des-luttes\/#website","url":"https:\/\/grand-angle.lavenir.net\/des-visages-et-des-luttes\/","name":"Des visages et des luttes","description":"Au c\u0153ur des r\u00e9sistances des travailleurs ruraux de l\u2019\u00c9tat de Goi\u00e1s","potentialAction":[{"@type":"SearchAction","target":{"@type":"EntryPoint","urlTemplate":"https:\/\/grand-angle.lavenir.net\/des-visages-et-des-luttes\/?s={search_term_string}"},"query-input":{"@type":"PropertyValueSpecification","valueRequired":true,"valueName":"search_term_string"}}],"inLanguage":"fr-BE"}]}},"_links":{"self":[{"href":"https:\/\/grand-angle.lavenir.net\/des-visages-et-des-luttes\/wp-json\/wp\/v2\/pages\/2200","targetHints":{"allow":["GET"]}}],"collection":[{"href":"https:\/\/grand-angle.lavenir.net\/des-visages-et-des-luttes\/wp-json\/wp\/v2\/pages"}],"about":[{"href":"https:\/\/grand-angle.lavenir.net\/des-visages-et-des-luttes\/wp-json\/wp\/v2\/types\/page"}],"author":[{"embeddable":true,"href":"https:\/\/grand-angle.lavenir.net\/des-visages-et-des-luttes\/wp-json\/wp\/v2\/users\/1"}],"replies":[{"embeddable":true,"href":"https:\/\/grand-angle.lavenir.net\/des-visages-et-des-luttes\/wp-json\/wp\/v2\/comments?post=2200"}],"version-history":[{"count":0,"href":"https:\/\/grand-angle.lavenir.net\/des-visages-et-des-luttes\/wp-json\/wp\/v2\/pages\/2200\/revisions"}],"wp:attachment":[{"href":"https:\/\/grand-angle.lavenir.net\/des-visages-et-des-luttes\/wp-json\/wp\/v2\/media?parent=2200"}],"curies":[{"name":"wp","href":"https:\/\/api.w.org\/{rel}","templated":true}]}}