{"id":2183,"date":"2023-03-07T16:40:34","date_gmt":"2023-03-07T15:40:34","guid":{"rendered":"https:\/\/grand-angle.lavenir.net\/des-visages-et-des-luttes\/?page_id=2183"},"modified":"2023-12-14T09:33:38","modified_gmt":"2023-12-14T08:33:38","slug":"les-quilombolas-heritiers-de-la-resistance-a-lesclavagisme","status":"publish","type":"page","link":"https:\/\/grand-angle.lavenir.net\/des-visages-et-des-luttes\/les-quilombolas-heritiers-de-la-resistance-a-lesclavagisme\/","title":{"rendered":"Les Quilombolas, h\u00e9ritiers de la r\u00e9sistance \u00e0 l\u2019esclavagisme"},"content":{"rendered":"<p><div class=\"fusion-fullwidth fullwidth-box fusion-builder-row-1 fusion-flex-container hundred-percent-fullwidth non-hundred-percent-height-scrolling banner-visage\" style=\"--awb-border-radius-top-left:0px;--awb-border-radius-top-right:0px;--awb-border-radius-bottom-right:0px;--awb-border-radius-bottom-left:0px;--awb-flex-wrap:wrap;\" ><div class=\"fusion-builder-row fusion-row fusion-flex-align-items-flex-start fusion-flex-content-wrap\" style=\"width:104% !important;max-width:104% !important;margin-left: calc(-4% \/ 2 );margin-right: calc(-4% \/ 2 );\"><div class=\"fusion-layout-column fusion_builder_column fusion-builder-column-0 fusion_builder_column_1_1 1_1 fusion-flex-column\" style=\"--awb-bg-size:cover;--awb-width-large:100%;--awb-margin-top-large:0px;--awb-spacing-right-large:1.92%;--awb-margin-bottom-large:0px;--awb-spacing-left-large:1.92%;--awb-width-medium:100%;--awb-order-medium:0;--awb-spacing-right-medium:1.92%;--awb-spacing-left-medium:1.92%;--awb-width-small:100%;--awb-order-small:0;--awb-spacing-right-small:1.92%;--awb-spacing-left-small:1.92%;\"><div class=\"fusion-column-wrapper fusion-column-has-shadow fusion-flex-justify-content-flex-start fusion-content-layout-column\"><div class=\"fusion-image-element \" style=\"--awb-caption-title-font-family:var(--h2_typography-font-family);--awb-caption-title-font-weight:var(--h2_typography-font-weight);--awb-caption-title-font-style:var(--h2_typography-font-style);--awb-caption-title-size:var(--h2_typography-font-size);--awb-caption-title-transform:var(--h2_typography-text-transform);--awb-caption-title-line-height:var(--h2_typography-line-height);--awb-caption-title-letter-spacing:var(--h2_typography-letter-spacing);\"><span class=\" fusion-imageframe imageframe-none imageframe-1 hover-type-none\"><img decoding=\"async\" width=\"1900\" height=\"200\" title=\"goias2023-bannervisages2\" src=\"https:\/\/grand-angle.lavenir.net\/des-visages-et-des-luttes\/wp-content\/uploads\/sites\/178\/2023\/03\/goias2023-bannervisages2.jpg\" alt class=\"img-responsive wp-image-2213\" srcset=\"https:\/\/grand-angle.lavenir.net\/des-visages-et-des-luttes\/wp-content\/uploads\/sites\/178\/2023\/03\/goias2023-bannervisages2-200x21.jpg 200w, https:\/\/grand-angle.lavenir.net\/des-visages-et-des-luttes\/wp-content\/uploads\/sites\/178\/2023\/03\/goias2023-bannervisages2-400x42.jpg 400w, https:\/\/grand-angle.lavenir.net\/des-visages-et-des-luttes\/wp-content\/uploads\/sites\/178\/2023\/03\/goias2023-bannervisages2-600x63.jpg 600w, https:\/\/grand-angle.lavenir.net\/des-visages-et-des-luttes\/wp-content\/uploads\/sites\/178\/2023\/03\/goias2023-bannervisages2-800x84.jpg 800w, https:\/\/grand-angle.lavenir.net\/des-visages-et-des-luttes\/wp-content\/uploads\/sites\/178\/2023\/03\/goias2023-bannervisages2-1200x126.jpg 1200w, https:\/\/grand-angle.lavenir.net\/des-visages-et-des-luttes\/wp-content\/uploads\/sites\/178\/2023\/03\/goias2023-bannervisages2.jpg 1900w\" sizes=\"(max-width: 1024px) 100vw, (max-width: 640px) 100vw, 1200px\" \/><\/span><\/div><\/div><\/div><\/div><\/div><div class=\"fusion-fullwidth fullwidth-box fusion-builder-row-2 fusion-flex-container nonhundred-percent-fullwidth non-hundred-percent-height-scrolling first-container bkg-gold\" style=\"--awb-border-radius-top-left:0px;--awb-border-radius-top-right:0px;--awb-border-radius-bottom-right:0px;--awb-border-radius-bottom-left:0px;--awb-padding-top:20px;--awb-flex-wrap:wrap;\" ><div class=\"fusion-builder-row fusion-row fusion-flex-align-items-flex-start fusion-flex-content-wrap\" style=\"max-width:884px;margin-left: calc(-4% \/ 2 );margin-right: calc(-4% \/ 2 );\"><div class=\"fusion-layout-column fusion_builder_column fusion-builder-column-1 fusion_builder_column_1_1 1_1 fusion-flex-column\" style=\"--awb-padding-top:20px;--awb-bg-size:cover;--awb-width-large:100%;--awb-margin-top-large:0px;--awb-spacing-right-large:1.92%;--awb-margin-bottom-large:20px;--awb-spacing-left-large:1.92%;--awb-width-medium:100%;--awb-order-medium:0;--awb-spacing-right-medium:1.92%;--awb-spacing-left-medium:1.92%;--awb-width-small:100%;--awb-order-small:0;--awb-spacing-right-small:1.92%;--awb-spacing-left-small:1.92%;\"><div class=\"fusion-column-wrapper fusion-column-has-shadow fusion-flex-justify-content-flex-start fusion-content-layout-column\"><div class=\"fusion-text fusion-text-1\" style=\"--awb-text-color:#ffffff;\"><p style=\"text-align: center;\"><strong>Descendants d\u2019esclaves en fuite durant la p\u00e9riode coloniale, les quilombolas luttent aujourd\u2019hui pour la p\u00e9rennisation de leur identit\u00e9 et la pr\u00e9servation de leurs terres.<\/strong><\/p>\n<\/div><\/div><\/div><\/div><\/div><div class=\"fusion-fullwidth fullwidth-box fusion-builder-row-3 fusion-flex-container nonhundred-percent-fullwidth non-hundred-percent-height-scrolling\" style=\"--awb-border-radius-top-left:0px;--awb-border-radius-top-right:0px;--awb-border-radius-bottom-right:0px;--awb-border-radius-bottom-left:0px;--awb-padding-top:4%;--awb-flex-wrap:wrap;\" ><div class=\"fusion-builder-row fusion-row fusion-flex-align-items-flex-start fusion-flex-content-wrap\" style=\"max-width:884px;margin-left: calc(-4% \/ 2 );margin-right: calc(-4% \/ 2 );\"><div class=\"fusion-layout-column fusion_builder_column fusion-builder-column-2 fusion_builder_column_1_1 1_1 fusion-flex-column\" style=\"--awb-bg-size:cover;--awb-width-large:100%;--awb-margin-top-large:0px;--awb-spacing-right-large:1.92%;--awb-margin-bottom-large:20px;--awb-spacing-left-large:1.92%;--awb-width-medium:100%;--awb-order-medium:0;--awb-spacing-right-medium:1.92%;--awb-spacing-left-medium:1.92%;--awb-width-small:100%;--awb-order-small:0;--awb-spacing-right-small:1.92%;--awb-spacing-left-small:1.92%;\"><div class=\"fusion-column-wrapper fusion-column-has-shadow fusion-flex-justify-content-flex-start fusion-content-layout-column\"><div class=\"fusion-text fusion-text-2\"><p>En 1888, plus de cinquante ans apr\u00e8s que la traite atlantique ait \u00e9t\u00e9 rendue ill\u00e9gale, le Br\u00e9sil est le dernier pays occidental \u00e0 abolir la pratique de l\u2019esclavage.<\/p>\n<p>Les origines du peuple br\u00e9silien sont d\u2019ailleurs \u00e9troitement li\u00e9es \u00e0 cette r\u00e9alit\u00e9\u2009: en l\u2019espace de quatre si\u00e8cles, ce sont 4\u00a0millions d\u2019esclaves africains qui ont \u00e9t\u00e9 d\u00e9barqu\u00e9s sur les c\u00f4tes br\u00e9siliennes.<\/p>\n<p>D\u00e8s le XVIe\u00a0si\u00e8cle, certains d\u00e9cident cependant de r\u00e9sister.\u200aIls prennent alors la fuite, quittent les plantations et se r\u00e9fugient dans les zones plus recul\u00e9es du pays, o\u00f9 ils fondent les quilombos, des communaut\u00e9s de marrons (esclaves en fuite). Leurs membres sont alors appel\u00e9s les quilombolas.<\/p>\n<p>Aujourd\u2019hui, nombreuses subsistent les communaut\u00e9s issues de ces quilombos. Et elles gardent d\u00e9sormais fi\u00e8rement cet h\u00e9ritage de r\u00e9sistance comme \u00e9tant le c\u0153ur de leur propre identit\u00e9.<\/p>\n<p>\u00ab\u00a0On ne peut pas oublier nos anc\u00eatres, nos racines.\u200aNous devons au contraire aider les g\u00e9n\u00e9rations nouvelles \u00e0 arroser les fruits\u00a0\u00bb, \u00e9nonce ainsi Antonino Bispo da Silva, leader de la communaut\u00e9 Levantado, dans la r\u00e9gion de Iaciara. \u00ab\u00a0Notre fa\u00e7on de r\u00e9sister, aujourd\u2019hui, c\u2019est transmettre notre culture ancestrale, pr\u00e9server nos communaut\u00e9s, qui sont un cadeau de Dieu et qui nous permettent aujourd\u2019hui de travailler pour pouvoir nourrir nos familles, sans devoir payer.\u00a0\u00bb<\/p>\n<p>\u00c0 l\u2019instar d\u2019autres communaut\u00e9s de travailleurs ruraux, les quilombolas aspirent d\u00e9sormais \u00e0 pouvoir utiliser une parcelle de terre o\u00f9 pr\u00e9server leurs traditions et cultiver leur identit\u00e9. \u00ab\u00a0Et notre devoir est d\u2019aider la nouvelle g\u00e9n\u00e9ration \u00e0 prendre le relais\u00a0\u00bb, insiste Antonino.<\/p>\n<\/div><\/div><\/div><div class=\"fusion-layout-column fusion_builder_column fusion-builder-column-3 fusion_builder_column_1_3 1_3 fusion-flex-column\" style=\"--awb-bg-size:cover;--awb-width-large:33.3333333333%;--awb-margin-top-large:0px;--awb-spacing-right-large:5.76%;--awb-margin-bottom-large:20px;--awb-spacing-left-large:5.76%;--awb-width-medium:100%;--awb-order-medium:0;--awb-spacing-right-medium:1.92%;--awb-spacing-left-medium:1.92%;--awb-width-small:100%;--awb-order-small:0;--awb-spacing-right-small:1.92%;--awb-spacing-left-small:1.92%;\"><div class=\"fusion-column-wrapper fusion-column-has-shadow fusion-flex-justify-content-flex-start fusion-content-layout-column\"><div class=\"fusion-image-element \" style=\"--awb-caption-title-font-family:var(--h2_typography-font-family);--awb-caption-title-font-weight:var(--h2_typography-font-weight);--awb-caption-title-font-style:var(--h2_typography-font-style);--awb-caption-title-size:var(--h2_typography-font-size);--awb-caption-title-transform:var(--h2_typography-text-transform);--awb-caption-title-line-height:var(--h2_typography-line-height);--awb-caption-title-letter-spacing:var(--h2_typography-letter-spacing);\"><span class=\" fusion-imageframe imageframe-none imageframe-2 hover-type-zoomin\"><img decoding=\"async\" width=\"2000\" height=\"1500\" title=\"goias2023-romain_veys_eda-quilombolas (8)\" src=\"https:\/\/grand-angle.lavenir.net\/des-visages-et-des-luttes\/wp-content\/uploads\/sites\/178\/2023\/03\/goias2023-romain_veys_eda-quilombolas-8.jpg\" alt class=\"img-responsive wp-image-2197\" srcset=\"https:\/\/grand-angle.lavenir.net\/des-visages-et-des-luttes\/wp-content\/uploads\/sites\/178\/2023\/03\/goias2023-romain_veys_eda-quilombolas-8-200x150.jpg 200w, https:\/\/grand-angle.lavenir.net\/des-visages-et-des-luttes\/wp-content\/uploads\/sites\/178\/2023\/03\/goias2023-romain_veys_eda-quilombolas-8-400x300.jpg 400w, https:\/\/grand-angle.lavenir.net\/des-visages-et-des-luttes\/wp-content\/uploads\/sites\/178\/2023\/03\/goias2023-romain_veys_eda-quilombolas-8-600x450.jpg 600w, https:\/\/grand-angle.lavenir.net\/des-visages-et-des-luttes\/wp-content\/uploads\/sites\/178\/2023\/03\/goias2023-romain_veys_eda-quilombolas-8-800x600.jpg 800w, https:\/\/grand-angle.lavenir.net\/des-visages-et-des-luttes\/wp-content\/uploads\/sites\/178\/2023\/03\/goias2023-romain_veys_eda-quilombolas-8-1200x900.jpg 1200w, https:\/\/grand-angle.lavenir.net\/des-visages-et-des-luttes\/wp-content\/uploads\/sites\/178\/2023\/03\/goias2023-romain_veys_eda-quilombolas-8.jpg 2000w\" sizes=\"(max-width: 1024px) 100vw, (max-width: 640px) 100vw, 400px\" \/><\/span><\/div><\/div><\/div><div class=\"fusion-layout-column fusion_builder_column fusion-builder-column-4 fusion_builder_column_1_3 1_3 fusion-flex-column\" style=\"--awb-bg-size:cover;--awb-width-large:33.3333333333%;--awb-margin-top-large:0px;--awb-spacing-right-large:5.76%;--awb-margin-bottom-large:20px;--awb-spacing-left-large:5.76%;--awb-width-medium:100%;--awb-order-medium:0;--awb-spacing-right-medium:1.92%;--awb-spacing-left-medium:1.92%;--awb-width-small:100%;--awb-order-small:0;--awb-spacing-right-small:1.92%;--awb-spacing-left-small:1.92%;\"><div class=\"fusion-column-wrapper fusion-column-has-shadow fusion-flex-justify-content-flex-start fusion-content-layout-column\"><div class=\"fusion-image-element \" style=\"--awb-caption-title-font-family:var(--h2_typography-font-family);--awb-caption-title-font-weight:var(--h2_typography-font-weight);--awb-caption-title-font-style:var(--h2_typography-font-style);--awb-caption-title-size:var(--h2_typography-font-size);--awb-caption-title-transform:var(--h2_typography-text-transform);--awb-caption-title-line-height:var(--h2_typography-line-height);--awb-caption-title-letter-spacing:var(--h2_typography-letter-spacing);\"><span class=\" fusion-imageframe imageframe-none imageframe-3 hover-type-zoomin\"><img decoding=\"async\" width=\"1200\" height=\"900\" title=\"goias2023-romain_veys_eda-quilombolas (13)\" src=\"https:\/\/grand-angle.lavenir.net\/des-visages-et-des-luttes\/wp-content\/uploads\/sites\/178\/2023\/03\/goias2023-romain_veys_eda-quilombolas-13-1200x900.jpg\" alt class=\"img-responsive wp-image-2186\" srcset=\"https:\/\/grand-angle.lavenir.net\/des-visages-et-des-luttes\/wp-content\/uploads\/sites\/178\/2023\/03\/goias2023-romain_veys_eda-quilombolas-13-200x150.jpg 200w, https:\/\/grand-angle.lavenir.net\/des-visages-et-des-luttes\/wp-content\/uploads\/sites\/178\/2023\/03\/goias2023-romain_veys_eda-quilombolas-13-400x300.jpg 400w, https:\/\/grand-angle.lavenir.net\/des-visages-et-des-luttes\/wp-content\/uploads\/sites\/178\/2023\/03\/goias2023-romain_veys_eda-quilombolas-13-600x450.jpg 600w, https:\/\/grand-angle.lavenir.net\/des-visages-et-des-luttes\/wp-content\/uploads\/sites\/178\/2023\/03\/goias2023-romain_veys_eda-quilombolas-13-800x600.jpg 800w, https:\/\/grand-angle.lavenir.net\/des-visages-et-des-luttes\/wp-content\/uploads\/sites\/178\/2023\/03\/goias2023-romain_veys_eda-quilombolas-13-1200x900.jpg 1200w\" sizes=\"(max-width: 1024px) 100vw, (max-width: 640px) 100vw, 400px\" \/><\/span><\/div><\/div><\/div><div class=\"fusion-layout-column fusion_builder_column fusion-builder-column-5 fusion_builder_column_1_3 1_3 fusion-flex-column\" style=\"--awb-bg-size:cover;--awb-width-large:33.3333333333%;--awb-margin-top-large:0px;--awb-spacing-right-large:5.76%;--awb-margin-bottom-large:20px;--awb-spacing-left-large:5.76%;--awb-width-medium:100%;--awb-order-medium:0;--awb-spacing-right-medium:1.92%;--awb-spacing-left-medium:1.92%;--awb-width-small:100%;--awb-order-small:0;--awb-spacing-right-small:1.92%;--awb-spacing-left-small:1.92%;\"><div class=\"fusion-column-wrapper fusion-column-has-shadow fusion-flex-justify-content-flex-start fusion-content-layout-column\"><div class=\"fusion-image-element \" style=\"--awb-caption-title-font-family:var(--h2_typography-font-family);--awb-caption-title-font-weight:var(--h2_typography-font-weight);--awb-caption-title-font-style:var(--h2_typography-font-style);--awb-caption-title-size:var(--h2_typography-font-size);--awb-caption-title-transform:var(--h2_typography-text-transform);--awb-caption-title-line-height:var(--h2_typography-line-height);--awb-caption-title-letter-spacing:var(--h2_typography-letter-spacing);\"><span class=\" fusion-imageframe imageframe-none imageframe-4 hover-type-zoomin\"><img decoding=\"async\" width=\"1200\" height=\"900\" title=\"goias2023-romain_veys_eda-quilombolas (2)\" src=\"https:\/\/grand-angle.lavenir.net\/des-visages-et-des-luttes\/wp-content\/uploads\/sites\/178\/2023\/03\/goias2023-romain_veys_eda-quilombolas-2-1200x900.jpg\" alt class=\"img-responsive wp-image-2191\" srcset=\"https:\/\/grand-angle.lavenir.net\/des-visages-et-des-luttes\/wp-content\/uploads\/sites\/178\/2023\/03\/goias2023-romain_veys_eda-quilombolas-2-200x150.jpg 200w, https:\/\/grand-angle.lavenir.net\/des-visages-et-des-luttes\/wp-content\/uploads\/sites\/178\/2023\/03\/goias2023-romain_veys_eda-quilombolas-2-400x300.jpg 400w, https:\/\/grand-angle.lavenir.net\/des-visages-et-des-luttes\/wp-content\/uploads\/sites\/178\/2023\/03\/goias2023-romain_veys_eda-quilombolas-2-600x450.jpg 600w, https:\/\/grand-angle.lavenir.net\/des-visages-et-des-luttes\/wp-content\/uploads\/sites\/178\/2023\/03\/goias2023-romain_veys_eda-quilombolas-2-800x600.jpg 800w, https:\/\/grand-angle.lavenir.net\/des-visages-et-des-luttes\/wp-content\/uploads\/sites\/178\/2023\/03\/goias2023-romain_veys_eda-quilombolas-2-1200x900.jpg 1200w\" sizes=\"(max-width: 1024px) 100vw, (max-width: 640px) 100vw, 400px\" \/><\/span><\/div><\/div><\/div><div class=\"fusion-layout-column fusion_builder_column fusion-builder-column-6 fusion_builder_column_1_1 1_1 fusion-flex-column\" style=\"--awb-bg-size:cover;--awb-width-large:100%;--awb-margin-top-large:0px;--awb-spacing-right-large:1.92%;--awb-margin-bottom-large:20px;--awb-spacing-left-large:1.92%;--awb-width-medium:100%;--awb-order-medium:0;--awb-spacing-right-medium:1.92%;--awb-spacing-left-medium:1.92%;--awb-width-small:100%;--awb-order-small:0;--awb-spacing-right-small:1.92%;--awb-spacing-left-small:1.92%;\"><div class=\"fusion-column-wrapper fusion-column-has-shadow fusion-flex-justify-content-flex-start fusion-content-layout-column\"><div class=\"fusion-text fusion-text-3\"><p>Valdeleze Soares dos Santos fait partie de cette g\u00e9n\u00e9ration. Comme son a\u00een\u00e9, elle cro\u00eet profond\u00e9ment dans les valeurs de sa communaut\u00e9. \u00ab\u00a0Si nous nous soutenons les uns les autres, alors, gr\u00e2ce \u00e0 Dieu, nous avan\u00e7ons. Nous pouvons grandir si tout le monde apporte sa pierre \u00e0 l\u2019\u00e9difice\u00a0\u00bb.<\/p>\n<h2>Racisme structurel<\/h2>\n<p>D\u2019autant que les quilombolas doivent faire face au racisme structurel qui gangr\u00e8ne le pays\u2009: \u00ab\u00a0Les vies des communaut\u00e9s traditionnelles sont vues bien souvent comme inf\u00e9rieures\u00a0\u00bb, constate Madalena do Sacramento Rocha, leader de la communaut\u00e9 voisine Extrema et chercheuse \u00e0 l\u2019universit\u00e9 de Formosa. \u00ab\u00a0Nous voulons au contraire montrer que notre territoire, c\u2019est notre patrie naturelle, un endroit o\u00f9 vivre et o\u00f9 produire, et qui doit \u00eatre respect\u00e9.\u00a0\u00bb<\/p>\n<p>D\u2019autant que la survie des communaut\u00e9s Levantado et Extrema est aujourd\u2019hui menac\u00e9e par un projet d\u2019exploitation \u00e0 deux pas de leurs cultures familiales et communautaires.<\/p>\n<p>\u00ab\u00a0Je prie Dieu pour qu\u2019il prot\u00e8ge notre terre, celle o\u00f9 mon grand-p\u00e8re est venu s\u2019\u00e9tablir il y a 100 ans et o\u00f9 mes petits-enfants vivent aujourd\u2019hui. C\u2019est tout ce que je demande\u00a0\u00bb, implore Anastasio, le p\u00e8re d\u2019Antonino et anc\u00eatre de la communaut\u00e9 Levantado.<\/p>\n<\/div><\/div><\/div><\/div><\/div><div class=\"fusion-fullwidth fullwidth-box fusion-builder-row-4 fusion-flex-container fusion-parallax-fixed nonhundred-percent-fullwidth non-hundred-percent-height-scrolling parallax\" style=\"--awb-background-position:center top;--awb-border-radius-top-left:0px;--awb-border-radius-top-right:0px;--awb-border-radius-bottom-right:0px;--awb-border-radius-bottom-left:0px;--awb-min-height:80vh;--awb-background-image:url(&quot;https:\/\/grand-angle.lavenir.net\/des-visages-et-des-luttes\/wp-content\/uploads\/sites\/178\/2023\/03\/goias2023-romain_veys_eda-quilombolas-15-1200x900.jpg&quot;);--awb-background-size:cover;--awb-flex-wrap:wrap;background-attachment:fixed;\" ><div class=\"fusion-builder-row fusion-row fusion-flex-align-items-flex-start fusion-flex-content-wrap\" style=\"max-width:884px;margin-left: calc(-4% \/ 2 );margin-right: calc(-4% \/ 2 );\"><div class=\"fusion-layout-column fusion_builder_column fusion-builder-column-7 fusion_builder_column_1_1 1_1 fusion-flex-column\" style=\"--awb-bg-size:cover;--awb-width-large:100%;--awb-margin-top-large:0px;--awb-spacing-right-large:1.92%;--awb-margin-bottom-large:20px;--awb-spacing-left-large:1.92%;--awb-width-medium:100%;--awb-order-medium:0;--awb-spacing-right-medium:1.92%;--awb-spacing-left-medium:1.92%;--awb-width-small:100%;--awb-order-small:0;--awb-spacing-right-small:1.92%;--awb-spacing-left-small:1.92%;\"><div class=\"fusion-column-wrapper fusion-column-has-shadow fusion-flex-justify-content-flex-start fusion-content-layout-column\"><\/div><\/div><\/div><\/div><div class=\"fusion-fullwidth fullwidth-box fusion-builder-row-5 fusion-flex-container nonhundred-percent-fullwidth non-hundred-percent-height-scrolling\" style=\"--awb-border-radius-top-left:0px;--awb-border-radius-top-right:0px;--awb-border-radius-bottom-right:0px;--awb-border-radius-bottom-left:0px;--awb-padding-top:4%;--awb-background-color:#4d4c2b;--awb-flex-wrap:wrap;\" ><div class=\"fusion-builder-row fusion-row fusion-flex-align-items-flex-start fusion-flex-content-wrap\" style=\"max-width:884px;margin-left: calc(-4% \/ 2 );margin-right: calc(-4% \/ 2 );\"><div class=\"fusion-layout-column fusion_builder_column fusion-builder-column-8 fusion_builder_column_1_1 1_1 fusion-flex-column palm-right\" style=\"--awb-padding-top:4%;--awb-padding-right:4%;--awb-padding-bottom:4%;--awb-padding-left:4%;--awb-bg-color:#efe3cd;--awb-bg-color-hover:#efe3cd;--awb-bg-size:cover;--awb-width-large:100%;--awb-margin-top-large:0px;--awb-spacing-right-large:1.92%;--awb-margin-bottom-large:20px;--awb-spacing-left-large:1.92%;--awb-width-medium:100%;--awb-order-medium:0;--awb-spacing-right-medium:1.92%;--awb-spacing-left-medium:1.92%;--awb-width-small:100%;--awb-order-small:0;--awb-spacing-right-small:1.92%;--awb-spacing-left-small:1.92%;\"><div class=\"fusion-column-wrapper fusion-column-has-shadow fusion-flex-justify-content-flex-start fusion-content-layout-column\"><div class=\"fusion-text fusion-text-4\"><h2><strong>Des poup\u00e9es pour r\u00e9sister <\/strong><\/h2>\n<p>Afin de sensibiliser les enfants quilombolas \u00e0 leur culture et leur identit\u00e9, Maria Madalena do Sacramento Rocha a initi\u00e9 un projet de cr\u00e9ation de poup\u00e9es artisanales.\u200aLeur sp\u00e9cificit\u00e9\u2009?\u200aElles sont noires.\u200a\u00ab\u00a0\u00c0 cause du racisme structurel auquel ils sont chaque jour confront\u00e9s, les enfants quilombolas pensent que, parce qu\u2019ils sont noirs, ils sont laids.\u200aCes poup\u00e9es nous permettent d\u2019inculquer \u00e0 ces enfants qu\u2019ils ont une identit\u00e9, dont ils peuvent \u00eatre fiers.\u200aC\u2019est aussi une fa\u00e7on de r\u00e9sister et de p\u00e9renniser notre culture.\u00a0\u00bb<\/p>\n<\/div><div class=\"fusion-image-element \" style=\"--awb-caption-title-font-family:var(--h2_typography-font-family);--awb-caption-title-font-weight:var(--h2_typography-font-weight);--awb-caption-title-font-style:var(--h2_typography-font-style);--awb-caption-title-size:var(--h2_typography-font-size);--awb-caption-title-transform:var(--h2_typography-text-transform);--awb-caption-title-line-height:var(--h2_typography-line-height);--awb-caption-title-letter-spacing:var(--h2_typography-letter-spacing);\"><span class=\" fusion-imageframe imageframe-none imageframe-5 hover-type-zoomin\"><img decoding=\"async\" width=\"768\" height=\"1024\" title=\"goias2023-romain_veys_eda-quilombolas (11)\" src=\"https:\/\/grand-angle.lavenir.net\/des-visages-et-des-luttes\/wp-content\/uploads\/sites\/178\/2023\/03\/goias2023-romain_veys_eda-quilombolas-11-768x1024.jpg\" alt class=\"img-responsive wp-image-2184\" srcset=\"https:\/\/grand-angle.lavenir.net\/des-visages-et-des-luttes\/wp-content\/uploads\/sites\/178\/2023\/03\/goias2023-romain_veys_eda-quilombolas-11-200x267.jpg 200w, https:\/\/grand-angle.lavenir.net\/des-visages-et-des-luttes\/wp-content\/uploads\/sites\/178\/2023\/03\/goias2023-romain_veys_eda-quilombolas-11-400x533.jpg 400w, https:\/\/grand-angle.lavenir.net\/des-visages-et-des-luttes\/wp-content\/uploads\/sites\/178\/2023\/03\/goias2023-romain_veys_eda-quilombolas-11-600x800.jpg 600w, https:\/\/grand-angle.lavenir.net\/des-visages-et-des-luttes\/wp-content\/uploads\/sites\/178\/2023\/03\/goias2023-romain_veys_eda-quilombolas-11-800x1067.jpg 800w, https:\/\/grand-angle.lavenir.net\/des-visages-et-des-luttes\/wp-content\/uploads\/sites\/178\/2023\/03\/goias2023-romain_veys_eda-quilombolas-11-1200x1600.jpg 1200w, https:\/\/grand-angle.lavenir.net\/des-visages-et-des-luttes\/wp-content\/uploads\/sites\/178\/2023\/03\/goias2023-romain_veys_eda-quilombolas-11.jpg 1500w\" sizes=\"(max-width: 1024px) 100vw, (max-width: 640px) 100vw, 800px\" \/><\/span><\/div><div class=\"fusion-text fusion-text-5\"><h2><strong>Produire pour s\u2019affirmer <\/strong><\/h2>\n<p>L\u2019une des principales ressources de la communaut\u00e9 r\u00e9side dans la vente d\u2019une partie de leur production agro\u00e9cologique, dont le manioc. \u00ab\u00a0Nous avons re\u00e7u de la part d\u2019un d\u00e9put\u00e9 membre du PT (NDLR\u2009: le Partido dos Trabalhadores de l\u2019actuel pr\u00e9sident Lula) une machine qui nous permet de transformer le manioc en farine, que l\u2019on peut ensuite redistribuer entre les familles ou vendre \u00e0 l\u2019ext\u00e9rieur de la communaut\u00e9\u00a0\u00bb, explique Ronaldo Moreira Lopes.<\/p>\n<\/div><div class=\"fusion-image-element \" style=\"--awb-caption-title-font-family:var(--h2_typography-font-family);--awb-caption-title-font-weight:var(--h2_typography-font-weight);--awb-caption-title-font-style:var(--h2_typography-font-style);--awb-caption-title-size:var(--h2_typography-font-size);--awb-caption-title-transform:var(--h2_typography-text-transform);--awb-caption-title-line-height:var(--h2_typography-line-height);--awb-caption-title-letter-spacing:var(--h2_typography-letter-spacing);\"><span class=\" fusion-imageframe imageframe-none imageframe-6 hover-type-zoomin\"><img decoding=\"async\" width=\"850\" height=\"638\" title=\"goias2023-romain_veys_eda-quilombolas (10)\" src=\"https:\/\/grand-angle.lavenir.net\/des-visages-et-des-luttes\/wp-content\/uploads\/sites\/178\/2023\/03\/goias2023-romain_veys_eda-quilombolas-10-1024x768.jpg\" alt class=\"img-responsive wp-image-2199\" srcset=\"https:\/\/grand-angle.lavenir.net\/des-visages-et-des-luttes\/wp-content\/uploads\/sites\/178\/2023\/03\/goias2023-romain_veys_eda-quilombolas-10-200x150.jpg 200w, https:\/\/grand-angle.lavenir.net\/des-visages-et-des-luttes\/wp-content\/uploads\/sites\/178\/2023\/03\/goias2023-romain_veys_eda-quilombolas-10-400x300.jpg 400w, https:\/\/grand-angle.lavenir.net\/des-visages-et-des-luttes\/wp-content\/uploads\/sites\/178\/2023\/03\/goias2023-romain_veys_eda-quilombolas-10-600x450.jpg 600w, https:\/\/grand-angle.lavenir.net\/des-visages-et-des-luttes\/wp-content\/uploads\/sites\/178\/2023\/03\/goias2023-romain_veys_eda-quilombolas-10-800x600.jpg 800w, https:\/\/grand-angle.lavenir.net\/des-visages-et-des-luttes\/wp-content\/uploads\/sites\/178\/2023\/03\/goias2023-romain_veys_eda-quilombolas-10-1200x900.jpg 1200w\" sizes=\"(max-width: 1024px) 100vw, (max-width: 640px) 100vw, 800px\" \/><\/span><\/div><div class=\"fusion-text fusion-text-6\"><h2>La menace voisine<\/h2>\n<p>La communaut\u00e9 est menac\u00e9e par le projet de carri\u00e8re rentr\u00e9 par la puissante entreprise locale Colbrax en bordure de son territoire. \u00ab\u00a0Le bruit, les vibrations, la poussi\u00e8re et le rejet de produits chimiques vont entra\u00eener des d\u00e9gradations et des maladies dans notre communaut\u00e9. Nous devons r\u00e9sister pour les plus jeunes\u00a0\u00bb, assure Antonino Bispo da Silva.<\/p>\n<\/div><div class=\"fusion-image-element \" style=\"--awb-caption-title-font-family:var(--h2_typography-font-family);--awb-caption-title-font-weight:var(--h2_typography-font-weight);--awb-caption-title-font-style:var(--h2_typography-font-style);--awb-caption-title-size:var(--h2_typography-font-size);--awb-caption-title-transform:var(--h2_typography-text-transform);--awb-caption-title-line-height:var(--h2_typography-line-height);--awb-caption-title-letter-spacing:var(--h2_typography-letter-spacing);\"><span class=\" fusion-imageframe imageframe-none imageframe-7 hover-type-zoomin\"><img decoding=\"async\" width=\"850\" height=\"638\" title=\"goias2023-romain_veys_eda-quilombolas (3)\" src=\"https:\/\/grand-angle.lavenir.net\/des-visages-et-des-luttes\/wp-content\/uploads\/sites\/178\/2023\/03\/goias2023-romain_veys_eda-quilombolas-3-1024x768.jpg\" alt class=\"img-responsive wp-image-2192\" srcset=\"https:\/\/grand-angle.lavenir.net\/des-visages-et-des-luttes\/wp-content\/uploads\/sites\/178\/2023\/03\/goias2023-romain_veys_eda-quilombolas-3-200x150.jpg 200w, https:\/\/grand-angle.lavenir.net\/des-visages-et-des-luttes\/wp-content\/uploads\/sites\/178\/2023\/03\/goias2023-romain_veys_eda-quilombolas-3-400x300.jpg 400w, https:\/\/grand-angle.lavenir.net\/des-visages-et-des-luttes\/wp-content\/uploads\/sites\/178\/2023\/03\/goias2023-romain_veys_eda-quilombolas-3-600x450.jpg 600w, https:\/\/grand-angle.lavenir.net\/des-visages-et-des-luttes\/wp-content\/uploads\/sites\/178\/2023\/03\/goias2023-romain_veys_eda-quilombolas-3-800x600.jpg 800w, https:\/\/grand-angle.lavenir.net\/des-visages-et-des-luttes\/wp-content\/uploads\/sites\/178\/2023\/03\/goias2023-romain_veys_eda-quilombolas-3-1200x900.jpg 1200w\" sizes=\"(max-width: 1024px) 100vw, (max-width: 640px) 100vw, 800px\" \/><\/span><\/div><\/div><\/div><\/div><\/div><div class=\"fusion-fullwidth fullwidth-box fusion-builder-row-6 fusion-flex-container nonhundred-percent-fullwidth non-hundred-percent-height-scrolling\" style=\"--awb-border-radius-top-left:0px;--awb-border-radius-top-right:0px;--awb-border-radius-bottom-right:0px;--awb-border-radius-bottom-left:0px;--awb-flex-wrap:wrap;\" ><div class=\"fusion-builder-row fusion-row fusion-flex-align-items-flex-start fusion-flex-content-wrap\" style=\"max-width:884px;margin-left: calc(-4% \/ 2 );margin-right: calc(-4% \/ 2 );\"><div class=\"fusion-layout-column fusion_builder_column fusion-builder-column-9 fusion_builder_column_1_1 1_1 fusion-flex-column\" style=\"--awb-bg-size:cover;--awb-width-large:100%;--awb-margin-top-large:0px;--awb-spacing-right-large:1.92%;--awb-margin-bottom-large:20px;--awb-spacing-left-large:1.92%;--awb-width-medium:100%;--awb-spacing-right-medium:1.92%;--awb-spacing-left-medium:1.92%;--awb-width-small:100%;--awb-spacing-right-small:1.92%;--awb-spacing-left-small:1.92%;\"><div class=\"fusion-column-wrapper fusion-column-has-shadow fusion-flex-justify-content-flex-start fusion-content-layout-column\"><link rel=\"stylesheet\" href=\"https:\/\/use.typekit.net\/uji0zse.css\">\n<style>\n.chapitre figure {\n\tposition: relative;\n\toverflow: hidden;\n\tmargin: 10px 1%;\n\t\/*max-width: 480px;\n\tmax-height: 360px;*\/\n\tbackground: #ef7228 !important;\n\ttext-align: left;\n\tcursor: pointer;\n}\n\n.chapitre figure img {\n\tposition: relative;\n\tdisplay: block;\n\tmin-height: 100%;\n\tmax-width: 100%;\n\topacity: 0.5;\n}\n\n.chapitre figure figcaption {\n\tpadding: 2em;\n\tcolor: #fff;\n\ttext-transform: uppercase;\n\tfont-size: 1.25em;\n\t-webkit-backface-visibility: hidden;\n\tbackface-visibility: hidden;\n}\n\n.chapitre figure figcaption::before,\n.chapitre figure figcaption::after {\n\tpointer-events: none;\n}\n\n.chapitre figure figcaption,\n.chapitre figure figcaption > a {\n\tposition: absolute;\n\ttop: 0;\n\tleft: 0;\n\twidth: 100%;\n\theight: 100%;\n}\n.chapitre figure figcaption a {\n\tz-index: 1000;\n\twhite-space: nowrap;\n\tdisplay: block;\n}\nfigure.effect-goliath {\n\tbackground: #D60A11;\n}\n\nfigure.effect-goliath img.hover {\nopacity: 0;\nposition: absolute;\ntop: 0;\nleft: 0;\n\n}\nfigure.effect-goliath img,\nfigure.effect-goliath h2 {\n\t-webkit-transition: -webkit-transform 0.35s;\n\ttransition:  opacity 0.35s,transform 0.35s;\n}\n\nfigure.effect-goliath img {\n\t-webkit-backface-visibility: hidden;\n\tbackface-visibility: hidden;\n}\n\nfigure.effect-goliath h2,\nfigure.effect-goliath p {\n\tposition: absolute;\n\tbottom: 0;\n\tleft: 0;\n\tpadding: 10px;\n}\nfigure.effect-goliath h2 {\n\tposition: absolute;\n\tbottom: 0;\n\tleft: 0;\n\tpadding: 30px;\n\tcolor: #FFF;\n\tfont-weight: bold !important;\n\tfont-size: 24px !important;\n\ttext-shadow: 0px 0px 4px rgba(0,0,0,0.9);\n\tmargin: 0;\n\t\/* padding-bottom: 10px; *\/\n}\n\nfigure.effect-goliath p {\n\ttext-transform: none;\n\tfont-size: 85%;\n\topacity: 0;\n\t-webkit-transition: opacity 0.35s, -webkit-transform 0.35s;\n\ttransition: opacity 0.35s, transform 0.35s;\n\t-webkit-transform: translate3d(0,50px,0);\n\ttransform: translate3d(0,50px,0);\n       margin-bottom: 0px;\n}\n\nfigure.effect-goliath:hover img {\n\t-webkit-transform: translate3d(0,-75px,0);\n\ttransform: translate3d(0,-75px,0);\n}\nfigure.effect-goliath:hover img.hover {\n       opacity: 1;\n}\n\nfigure.effect-goliath:hover h2 {\n\t-webkit-transform: translate3d(0,-100px,0);\n\ttransform: translate3d(0,-100px,0);\n}\n\nfigure.effect-goliath:hover p {\n\topacity: 1;\n\t-webkit-transform: translate3d(0,0,0);\n\ttransform: translate3d(0,0,0);\n}\n<\/style><\/div><\/div><div class=\"fusion-layout-column fusion_builder_column fusion-builder-column-10 fusion_builder_column_1_1 1_1 fusion-flex-column\" style=\"--awb-bg-size:cover;--awb-width-large:100%;--awb-margin-top-large:0px;--awb-spacing-right-large:1.92%;--awb-margin-bottom-large:20px;--awb-spacing-left-large:1.92%;--awb-width-medium:100%;--awb-spacing-right-medium:1.92%;--awb-spacing-left-medium:1.92%;--awb-width-small:100%;--awb-spacing-right-small:1.92%;--awb-spacing-left-small:1.92%;\"><div class=\"fusion-column-wrapper fusion-column-has-shadow fusion-flex-justify-content-flex-start fusion-content-layout-column\"><div style=\"text-align:center;\"><a class=\"fusion-button button-flat fusion-button-default-size button-default fusion-button-default button-1 fusion-button-default-span fusion-button-default-type\" target=\"_self\" href=\"https:\/\/grand-angle.lavenir.net\/des-visages-et-des-luttes\/\"><span class=\"fusion-button-text awb-button__text awb-button__text--default\">Retour \u00e0 l\u2019accueil<\/span><\/a><\/div><\/div><\/div><div class=\"fusion-layout-column fusion_builder_column fusion-builder-column-11 fusion_builder_column_1_2 1_2 fusion-flex-column fusion-column-inner-bg-wrapper\" style=\"--awb-inner-bg-size:cover;--awb-width-large:50%;--awb-margin-top-large:0px;--awb-spacing-right-large:3.84%;--awb-margin-bottom-large:20px;--awb-spacing-left-large:3.84%;--awb-width-medium:100%;--awb-order-medium:0;--awb-spacing-right-medium:1.92%;--awb-spacing-left-medium:1.92%;--awb-width-small:100%;--awb-order-small:0;--awb-spacing-right-small:1.92%;--awb-spacing-left-small:1.92%;\"><span class=\"fusion-column-inner-bg hover-type-none\"><a class=\"fusion-column-anchor\" href=\"https:\/\/grand-angle.lavenir.net\/des-visages-et-des-luttes\/le-paradoxe-de-lhistorique-goias-moteur-de-la-reforme-agraire\/\"><span class=\"fusion-column-inner-bg-image\"><\/span><\/a><\/span><div class=\"fusion-column-wrapper fusion-column-has-shadow fusion-flex-justify-content-flex-start fusion-content-layout-column\"><div class=\"chapitre\">\n    <figure class=\"effect-goliath\">\n      <img decoding=\"async\" class=\"alignnone\" src=\"https:\/\/grand-angle.lavenir.net\/des-visages-et-des-luttes\/wp-content\/uploads\/sites\/178\/2023\/03\/goias2023-romain_veys_eda-goias-4.jpg\">\n      <figcaption>\n        <h2 data-fontsize=\"24\" data-lineheight=\"36\">Le paradoxe de l\u2019historique Goi\u00e1s, moteur de la r\u00e9forme agraire<\/h2>\n        <p>\n         \n        <\/p>\n      <\/figcaption>\n    <\/figure>\n<\/div><\/div><\/div><div class=\"fusion-layout-column fusion_builder_column fusion-builder-column-12 fusion_builder_column_1_2 1_2 fusion-flex-column fusion-column-inner-bg-wrapper\" style=\"--awb-inner-bg-size:cover;--awb-width-large:50%;--awb-margin-top-large:0px;--awb-spacing-right-large:3.84%;--awb-margin-bottom-large:20px;--awb-spacing-left-large:3.84%;--awb-width-medium:100%;--awb-order-medium:0;--awb-spacing-right-medium:1.92%;--awb-spacing-left-medium:1.92%;--awb-width-small:100%;--awb-order-small:0;--awb-spacing-right-small:1.92%;--awb-spacing-left-small:1.92%;\"><span class=\"fusion-column-inner-bg hover-type-none\"><a class=\"fusion-column-anchor\" href=\"https:\/\/grand-angle.lavenir.net\/des-visages-et-des-luttes\/soutenir-lemancipation-des-femmes-rurales-pour-developper-les-communautes\/\"><span class=\"fusion-column-inner-bg-image\"><\/span><\/a><\/span><div class=\"fusion-column-wrapper fusion-column-has-shadow fusion-flex-justify-content-flex-start fusion-content-layout-column\"><div class=\"chapitre\">\n    <figure class=\"effect-goliath\">\n      <img decoding=\"async\" class=\"alignnone\" src=\"https:\/\/grand-angle.lavenir.net\/des-visages-et-des-luttes\/wp-content\/uploads\/sites\/178\/2023\/03\/goias2023-romain_veys_eda-uruacu-5.jpg\">\n      <figcaption>\n        <h2 data-fontsize=\"24\" data-lineheight=\"36\">Soutenir l\u2019\u00e9mancipation des femmes rurales pour d\u00e9velopper les communaut\u00e9s<\/h2>\n        <p>\n\n        <\/p>\n      <\/figcaption>\n    <\/figure>\n<\/div><\/div><\/div><div class=\"fusion-layout-column fusion_builder_column fusion-builder-column-13 fusion_builder_column_1_2 1_2 fusion-flex-column fusion-column-inner-bg-wrapper\" style=\"--awb-inner-bg-size:cover;--awb-width-large:50%;--awb-margin-top-large:0px;--awb-spacing-right-large:3.84%;--awb-margin-bottom-large:20px;--awb-spacing-left-large:3.84%;--awb-width-medium:100%;--awb-order-medium:0;--awb-spacing-right-medium:1.92%;--awb-spacing-left-medium:1.92%;--awb-width-small:100%;--awb-order-small:0;--awb-spacing-right-small:1.92%;--awb-spacing-left-small:1.92%;\"><span class=\"fusion-column-inner-bg hover-type-none\"><a class=\"fusion-column-anchor\" href=\"https:\/\/grand-angle.lavenir.net\/des-visages-et-des-luttes\/a-minacu-les-terres-immergees-de-cana-brava-et-la-menace-invisible-de-serra-verde\/\"><span class=\"fusion-column-inner-bg-image\"><\/span><\/a><\/span><div class=\"fusion-column-wrapper fusion-column-has-shadow fusion-flex-justify-content-flex-start fusion-content-layout-column\"><div class=\"chapitre\">\n    <figure class=\"effect-goliath\">\n      <img decoding=\"async\" class=\"alignnone\" src=\"https:\/\/grand-angle.lavenir.net\/des-visages-et-des-luttes\/wp-content\/uploads\/sites\/178\/2023\/03\/goias2023-romain_veys_eda-minacu-1.jpg\">\n      <figcaption>\n        <h2 data-fontsize=\"24\" data-lineheight=\"36\">\u00c0 Mina\u00e7u, les terres immerg\u00e9es de Cana Brava et la menace invisible de Serra Verde<\/h2>\n        <p>\n        <\/p>\n      <\/figcaption>\n    <\/figure>\n<\/div><\/div><\/div><div class=\"fusion-layout-column fusion_builder_column fusion-builder-column-14 fusion_builder_column_1_2 1_2 fusion-flex-column fusion-column-inner-bg-wrapper\" style=\"--awb-inner-bg-size:cover;--awb-width-large:50%;--awb-margin-top-large:0px;--awb-spacing-right-large:3.84%;--awb-margin-bottom-large:20px;--awb-spacing-left-large:3.84%;--awb-width-medium:100%;--awb-order-medium:0;--awb-spacing-right-medium:1.92%;--awb-spacing-left-medium:1.92%;--awb-width-small:100%;--awb-order-small:0;--awb-spacing-right-small:1.92%;--awb-spacing-left-small:1.92%;\"><span class=\"fusion-column-inner-bg hover-type-none\"><a class=\"fusion-column-anchor\" href=\"https:\/\/grand-angle.lavenir.net\/des-visages-et-des-luttes\/les-travailleurs-sans-terre-produire-pour-exister-et-resister\/\"><span class=\"fusion-column-inner-bg-image\"><\/span><\/a><\/span><div class=\"fusion-column-wrapper fusion-column-has-shadow fusion-flex-justify-content-flex-start fusion-content-layout-column\"><div class=\"chapitre\">\n    <figure class=\"effect-goliath\">\n      <img decoding=\"async\" class=\"alignnone\" src=\"https:\/\/grand-angle.lavenir.net\/des-visages-et-des-luttes\/wp-content\/uploads\/sites\/178\/2023\/03\/goias2023-romain_veys_eda-formosa-1.jpg\">\n      <figcaption>\n        <h2 data-fontsize=\"24\" data-lineheight=\"36\">Les travailleurs \u00ab sans terre \u00bb : produire pour exister et r\u00e9sister<\/h2>\n        <p>\n         \n        <\/p>\n      <\/figcaption>\n    <\/figure>\n<\/div><\/div><\/div><div class=\"fusion-layout-column fusion_builder_column fusion-builder-column-15 fusion_builder_column_1_2 1_2 fusion-flex-column fusion-column-inner-bg-wrapper\" style=\"--awb-inner-bg-size:cover;--awb-width-large:50%;--awb-margin-top-large:0px;--awb-spacing-right-large:3.84%;--awb-margin-bottom-large:20px;--awb-spacing-left-large:3.84%;--awb-width-medium:100%;--awb-order-medium:0;--awb-spacing-right-medium:1.92%;--awb-spacing-left-medium:1.92%;--awb-width-small:100%;--awb-order-small:0;--awb-spacing-right-small:1.92%;--awb-spacing-left-small:1.92%;\"><span class=\"fusion-column-inner-bg hover-type-none\"><a class=\"fusion-column-anchor\" href=\"https:\/\/grand-angle.lavenir.net\/des-visages-et-des-luttes\/les-quilombolas-heritiers-de-la-resistance-a-lesclavagisme\/\"><span class=\"fusion-column-inner-bg-image\"><\/span><\/a><\/span><div class=\"fusion-column-wrapper fusion-column-has-shadow fusion-flex-justify-content-flex-start fusion-content-layout-column\"><div class=\"chapitre\">\n    <figure class=\"effect-goliath\">\n      <img decoding=\"async\" class=\"alignnone\" src=\"https:\/\/grand-angle.lavenir.net\/des-visages-et-des-luttes\/wp-content\/uploads\/sites\/178\/2023\/03\/goias2023-romain_veys_eda-quilombolas-2.jpg\" \/>\n      <figcaption>\n        <h2 data-fontsize=\"24\" data-lineheight=\"36\">Les Quilombolas, h\u00e9ritiers de la r\u00e9sistance \u00e0 l\u2019esclavagisme<\/h2>\n        <p>\n        <\/p>\n      <\/figcaption>\n    <\/figure>\n<\/div><\/div><\/div><div class=\"fusion-layout-column fusion_builder_column fusion-builder-column-16 fusion_builder_column_1_2 1_2 fusion-flex-column fusion-column-inner-bg-wrapper\" style=\"--awb-inner-bg-size:cover;--awb-width-large:50%;--awb-margin-top-large:0px;--awb-spacing-right-large:3.84%;--awb-margin-bottom-large:20px;--awb-spacing-left-large:3.84%;--awb-width-medium:100%;--awb-order-medium:0;--awb-spacing-right-medium:1.92%;--awb-spacing-left-medium:1.92%;--awb-width-small:100%;--awb-order-small:0;--awb-spacing-right-small:1.92%;--awb-spacing-left-small:1.92%;\"><span class=\"fusion-column-inner-bg hover-type-none\"><a class=\"fusion-column-anchor\" href=\"https:\/\/grand-angle.lavenir.net\/des-visages-et-des-luttes\/occuper-la-terre-pour-en-revendiquer-le-droit-dusage\/\"><span class=\"fusion-column-inner-bg-image\"><\/span><\/a><\/span><div class=\"fusion-column-wrapper fusion-column-has-shadow fusion-flex-justify-content-flex-start fusion-content-layout-column\"><div class=\"chapitre\">\n    <figure class=\"effect-goliath\">\n      <img decoding=\"async\" class=\"alignnone\" src=\"https:\/\/grand-angle.lavenir.net\/des-visages-et-des-luttes\/wp-content\/uploads\/sites\/178\/2023\/03\/goias2023-romain_veys_eda-leonir_orback-6.jpg\">\n      <figcaption>\n        <h2 data-fontsize=\"24\" data-lineheight=\"36\">Occuper la terre pour en revendiquer le droit d\u2019usage<\/h2>\n        <p>\n        <\/p>\n      <\/figcaption>\n    <\/figure>\n<\/div><\/div><\/div><div class=\"fusion-layout-column fusion_builder_column fusion-builder-column-17 fusion_builder_column_1_2 1_2 fusion-flex-column fusion-column-inner-bg-wrapper\" style=\"--awb-inner-bg-size:cover;--awb-width-large:50%;--awb-margin-top-large:0px;--awb-spacing-right-large:3.84%;--awb-margin-bottom-large:20px;--awb-spacing-left-large:3.84%;--awb-width-medium:100%;--awb-order-medium:0;--awb-spacing-right-medium:1.92%;--awb-spacing-left-medium:1.92%;--awb-width-small:100%;--awb-order-small:0;--awb-spacing-right-small:1.92%;--awb-spacing-left-small:1.92%;\"><span class=\"fusion-column-inner-bg hover-type-none\"><a class=\"fusion-column-anchor\" href=\"https:\/\/grand-angle.lavenir.net\/des-visages-et-des-luttes\/le-cerrado-joyau-oublie-de-lamerique-et-defigure-par-lagrobusiness\/\"><span class=\"fusion-column-inner-bg-image\"><\/span><\/a><\/span><div class=\"fusion-column-wrapper fusion-column-has-shadow fusion-flex-justify-content-flex-start fusion-content-layout-column\"><div class=\"chapitre\">\n    <figure class=\"effect-goliath\">\n      <img decoding=\"async\" class=\"alignnone\" src=\"https:\/\/grand-angle.lavenir.net\/des-visages-et-des-luttes\/wp-content\/uploads\/sites\/178\/2023\/03\/goias2023-romain_veys_eda-cerrado-6.jpg\">\n      <figcaption>\n        <h2 data-fontsize=\"24\" data-lineheight=\"36\">Le Cerrado, joyau oubli\u00e9 de l\u2019Am\u00e9rique et d\u00e9figur\u00e9 par l\u2019agrobusiness<\/h2>\n        <p>\n        <\/p>\n      <\/figcaption>\n    <\/figure>\n<\/div><\/div><\/div><div class=\"fusion-layout-column fusion_builder_column fusion-builder-column-18 fusion_builder_column_1_2 1_2 fusion-flex-column fusion-column-inner-bg-wrapper\" style=\"--awb-inner-bg-size:cover;--awb-width-large:50%;--awb-margin-top-large:0px;--awb-spacing-right-large:3.84%;--awb-margin-bottom-large:20px;--awb-spacing-left-large:3.84%;--awb-width-medium:100%;--awb-order-medium:0;--awb-spacing-right-medium:1.92%;--awb-spacing-left-medium:1.92%;--awb-width-small:100%;--awb-order-small:0;--awb-spacing-right-small:1.92%;--awb-spacing-left-small:1.92%;\"><span class=\"fusion-column-inner-bg hover-type-none\"><a class=\"fusion-column-anchor\" href=\"https:\/\/grand-angle.lavenir.net\/des-visages-et-des-luttes\/une-reforme-agraire-pour-redistribuer-la-terre\/\"><span class=\"fusion-column-inner-bg-image\"><\/span><\/a><\/span><div class=\"fusion-column-wrapper fusion-column-has-shadow fusion-flex-justify-content-flex-start fusion-content-layout-column\"><div class=\"chapitre\">\n    <figure class=\"effect-goliath\">\n      <img decoding=\"async\" class=\"alignnone\" src=\"https:\/\/grand-angle.lavenir.net\/des-visages-et-des-luttes\/wp-content\/uploads\/sites\/178\/2023\/03\/goias2023-romain_veys_eda-reforme_agraire-6.jpg\">\n      <figcaption>\n        <h2 data-fontsize=\"24\" data-lineheight=\"36\">Une r\u00e9forme agraire pour redistribuer la terre<\/h2>\n        <p>\n        <\/p>\n      <\/figcaption>\n    <\/figure>\n<\/div><\/div><\/div><\/div><\/div>\n<div class=\"fusion-fullwidth fullwidth-box fusion-builder-row-7 fusion-flex-container fusion-parallax-none hundred-percent-fullwidth non-hundred-percent-height-scrolling\" style=\"--awb-border-radius-top-left:0px;--awb-border-radius-top-right:0px;--awb-border-radius-bottom-right:0px;--awb-border-radius-bottom-left:0px;--awb-min-height:350px;--awb-background-image:url(&quot;https:\/\/grand-angle.lavenir.net\/des-visages-et-des-luttes\/wp-content\/uploads\/sites\/178\/2023\/03\/footer.png&quot;);--awb-background-size:cover;--awb-flex-wrap:wrap;\" ><div class=\"fusion-builder-row fusion-row fusion-flex-align-items-flex-start fusion-flex-content-wrap\" style=\"width:104% !important;max-width:104% !important;margin-left: calc(-4% \/ 2 );margin-right: calc(-4% \/ 2 );\"><\/div><\/div><\/p>\n","protected":false},"excerpt":{"rendered":"","protected":false},"author":1,"featured_media":2199,"parent":0,"menu_order":0,"comment_status":"closed","ping_status":"closed","template":"100-width.php","meta":{"footnotes":""},"class_list":["post-2183","page","type-page","status-publish","has-post-thumbnail","hentry"],"yoast_head":"<!-- This site is optimized with the Yoast SEO plugin v27.1.1 - https:\/\/yoast.com\/product\/yoast-seo-wordpress\/ -->\n<title>Les Quilombolas, h\u00e9ritiers de la r\u00e9sistance \u00e0 l\u2019esclavagisme<\/title>\n<meta name=\"description\" content=\"Descendants d\u2019esclaves en fuite durant la p\u00e9riode coloniale, les quilombolas luttent aujourd\u2019hui pour la p\u00e9rennisation de leur identit\u00e9 et la pr\u00e9servation de leurs terres.\" \/>\n<meta name=\"robots\" content=\"index, follow, max-snippet:-1, max-image-preview:large, max-video-preview:-1\" \/>\n<link rel=\"canonical\" href=\"https:\/\/grand-angle.lavenir.net\/des-visages-et-des-luttes\/les-quilombolas-heritiers-de-la-resistance-a-lesclavagisme\/\" \/>\n<meta property=\"og:locale\" content=\"fr_FR\" \/>\n<meta property=\"og:type\" content=\"article\" \/>\n<meta property=\"og:title\" content=\"Les Quilombolas, h\u00e9ritiers de la r\u00e9sistance \u00e0 l\u2019esclavagisme\" \/>\n<meta property=\"og:description\" content=\"Descendants d\u2019esclaves en fuite durant la p\u00e9riode coloniale, les quilombolas luttent aujourd\u2019hui pour la p\u00e9rennisation de leur identit\u00e9 et la pr\u00e9servation de leurs terres.\" \/>\n<meta property=\"og:url\" content=\"https:\/\/grand-angle.lavenir.net\/des-visages-et-des-luttes\/les-quilombolas-heritiers-de-la-resistance-a-lesclavagisme\/\" \/>\n<meta property=\"og:site_name\" content=\"Des visages et des luttes\" \/>\n<meta property=\"article:modified_time\" content=\"2023-12-14T08:33:38+00:00\" \/>\n<meta property=\"og:image\" content=\"https:\/\/grand-angle.lavenir.net\/des-visages-et-des-luttes\/wp-content\/uploads\/sites\/178\/2023\/03\/goias2023-romain_veys_eda-quilombolas-10.jpg\" \/>\n\t<meta property=\"og:image:width\" content=\"2000\" \/>\n\t<meta property=\"og:image:height\" content=\"1500\" \/>\n\t<meta property=\"og:image:type\" content=\"image\/jpeg\" \/>\n<meta name=\"twitter:card\" content=\"summary_large_image\" \/>\n<meta name=\"twitter:title\" content=\"Les Quilombolas, h\u00e9ritiers de la r\u00e9sistance \u00e0 l\u2019esclavagisme\" \/>\n<meta name=\"twitter:description\" content=\"Descendants d\u2019esclaves en fuite durant la p\u00e9riode coloniale, les quilombolas luttent aujourd\u2019hui pour la p\u00e9rennisation de leur identit\u00e9 et la pr\u00e9servation de leurs terres.\" \/>\n<meta name=\"twitter:image\" content=\"https:\/\/grand-angle.lavenir.net\/des-visages-et-des-luttes\/wp-content\/uploads\/sites\/178\/2023\/03\/goias2023-romain_veys_eda-quilombolas-10.jpg\" \/>\n<meta name=\"twitter:label1\" content=\"Dur\u00e9e de lecture est.\" \/>\n\t<meta name=\"twitter:data1\" content=\"17 minutes\" \/>\n<script type=\"application\/ld+json\" class=\"yoast-schema-graph\">{\"@context\":\"https:\/\/schema.org\",\"@graph\":[{\"@type\":\"WebPage\",\"@id\":\"https:\/\/grand-angle.lavenir.net\/des-visages-et-des-luttes\/les-quilombolas-heritiers-de-la-resistance-a-lesclavagisme\/\",\"url\":\"https:\/\/grand-angle.lavenir.net\/des-visages-et-des-luttes\/les-quilombolas-heritiers-de-la-resistance-a-lesclavagisme\/\",\"name\":\"Les Quilombolas, h\u00e9ritiers de la r\u00e9sistance \u00e0 l\u2019esclavagisme\",\"isPartOf\":{\"@id\":\"https:\/\/grand-angle.lavenir.net\/des-visages-et-des-luttes\/#website\"},\"primaryImageOfPage\":{\"@id\":\"https:\/\/grand-angle.lavenir.net\/des-visages-et-des-luttes\/les-quilombolas-heritiers-de-la-resistance-a-lesclavagisme\/#primaryimage\"},\"image\":{\"@id\":\"https:\/\/grand-angle.lavenir.net\/des-visages-et-des-luttes\/les-quilombolas-heritiers-de-la-resistance-a-lesclavagisme\/#primaryimage\"},\"thumbnailUrl\":\"https:\/\/grand-angle.lavenir.net\/des-visages-et-des-luttes\/wp-content\/uploads\/sites\/178\/2023\/03\/goias2023-romain_veys_eda-quilombolas-10.jpg\",\"datePublished\":\"2023-03-07T15:40:34+00:00\",\"dateModified\":\"2023-12-14T08:33:38+00:00\",\"description\":\"Descendants d\u2019esclaves en fuite durant la p\u00e9riode coloniale, les quilombolas luttent aujourd\u2019hui pour la p\u00e9rennisation de leur identit\u00e9 et la pr\u00e9servation de leurs terres.\",\"breadcrumb\":{\"@id\":\"https:\/\/grand-angle.lavenir.net\/des-visages-et-des-luttes\/les-quilombolas-heritiers-de-la-resistance-a-lesclavagisme\/#breadcrumb\"},\"inLanguage\":\"fr-BE\",\"potentialAction\":[{\"@type\":\"ReadAction\",\"target\":[\"https:\/\/grand-angle.lavenir.net\/des-visages-et-des-luttes\/les-quilombolas-heritiers-de-la-resistance-a-lesclavagisme\/\"]}]},{\"@type\":\"ImageObject\",\"inLanguage\":\"fr-BE\",\"@id\":\"https:\/\/grand-angle.lavenir.net\/des-visages-et-des-luttes\/les-quilombolas-heritiers-de-la-resistance-a-lesclavagisme\/#primaryimage\",\"url\":\"https:\/\/grand-angle.lavenir.net\/des-visages-et-des-luttes\/wp-content\/uploads\/sites\/178\/2023\/03\/goias2023-romain_veys_eda-quilombolas-10.jpg\",\"contentUrl\":\"https:\/\/grand-angle.lavenir.net\/des-visages-et-des-luttes\/wp-content\/uploads\/sites\/178\/2023\/03\/goias2023-romain_veys_eda-quilombolas-10.jpg\",\"width\":2000,\"height\":1500},{\"@type\":\"BreadcrumbList\",\"@id\":\"https:\/\/grand-angle.lavenir.net\/des-visages-et-des-luttes\/les-quilombolas-heritiers-de-la-resistance-a-lesclavagisme\/#breadcrumb\",\"itemListElement\":[{\"@type\":\"ListItem\",\"position\":1,\"name\":\"Home\",\"item\":\"https:\/\/grand-angle.lavenir.net\/des-visages-et-des-luttes\/\"},{\"@type\":\"ListItem\",\"position\":2,\"name\":\"Les Quilombolas, h\u00e9ritiers de la r\u00e9sistance \u00e0 l\u2019esclavagisme\"}]},{\"@type\":\"WebSite\",\"@id\":\"https:\/\/grand-angle.lavenir.net\/des-visages-et-des-luttes\/#website\",\"url\":\"https:\/\/grand-angle.lavenir.net\/des-visages-et-des-luttes\/\",\"name\":\"Des visages et des luttes\",\"description\":\"Au c\u0153ur des r\u00e9sistances des travailleurs ruraux de l\u2019\u00c9tat de Goi\u00e1s\",\"potentialAction\":[{\"@type\":\"SearchAction\",\"target\":{\"@type\":\"EntryPoint\",\"urlTemplate\":\"https:\/\/grand-angle.lavenir.net\/des-visages-et-des-luttes\/?s={search_term_string}\"},\"query-input\":{\"@type\":\"PropertyValueSpecification\",\"valueRequired\":true,\"valueName\":\"search_term_string\"}}],\"inLanguage\":\"fr-BE\"}]}<\/script>\n<!-- \/ Yoast SEO plugin. -->","yoast_head_json":{"title":"Les Quilombolas, h\u00e9ritiers de la r\u00e9sistance \u00e0 l\u2019esclavagisme","description":"Descendants d\u2019esclaves en fuite durant la p\u00e9riode coloniale, les quilombolas luttent aujourd\u2019hui pour la p\u00e9rennisation de leur identit\u00e9 et la pr\u00e9servation de leurs terres.","robots":{"index":"index","follow":"follow","max-snippet":"max-snippet:-1","max-image-preview":"max-image-preview:large","max-video-preview":"max-video-preview:-1"},"canonical":"https:\/\/grand-angle.lavenir.net\/des-visages-et-des-luttes\/les-quilombolas-heritiers-de-la-resistance-a-lesclavagisme\/","og_locale":"fr_FR","og_type":"article","og_title":"Les Quilombolas, h\u00e9ritiers de la r\u00e9sistance \u00e0 l\u2019esclavagisme","og_description":"Descendants d\u2019esclaves en fuite durant la p\u00e9riode coloniale, les quilombolas luttent aujourd\u2019hui pour la p\u00e9rennisation de leur identit\u00e9 et la pr\u00e9servation de leurs terres.","og_url":"https:\/\/grand-angle.lavenir.net\/des-visages-et-des-luttes\/les-quilombolas-heritiers-de-la-resistance-a-lesclavagisme\/","og_site_name":"Des visages et des luttes","article_modified_time":"2023-12-14T08:33:38+00:00","og_image":[{"width":2000,"height":1500,"url":"https:\/\/grand-angle.lavenir.net\/des-visages-et-des-luttes\/wp-content\/uploads\/sites\/178\/2023\/03\/goias2023-romain_veys_eda-quilombolas-10.jpg","type":"image\/jpeg"}],"twitter_card":"summary_large_image","twitter_title":"Les Quilombolas, h\u00e9ritiers de la r\u00e9sistance \u00e0 l\u2019esclavagisme","twitter_description":"Descendants d\u2019esclaves en fuite durant la p\u00e9riode coloniale, les quilombolas luttent aujourd\u2019hui pour la p\u00e9rennisation de leur identit\u00e9 et la pr\u00e9servation de leurs terres.","twitter_image":"https:\/\/grand-angle.lavenir.net\/des-visages-et-des-luttes\/wp-content\/uploads\/sites\/178\/2023\/03\/goias2023-romain_veys_eda-quilombolas-10.jpg","twitter_misc":{"Dur\u00e9e de lecture est.":"17 minutes"},"schema":{"@context":"https:\/\/schema.org","@graph":[{"@type":"WebPage","@id":"https:\/\/grand-angle.lavenir.net\/des-visages-et-des-luttes\/les-quilombolas-heritiers-de-la-resistance-a-lesclavagisme\/","url":"https:\/\/grand-angle.lavenir.net\/des-visages-et-des-luttes\/les-quilombolas-heritiers-de-la-resistance-a-lesclavagisme\/","name":"Les Quilombolas, h\u00e9ritiers de la r\u00e9sistance \u00e0 l\u2019esclavagisme","isPartOf":{"@id":"https:\/\/grand-angle.lavenir.net\/des-visages-et-des-luttes\/#website"},"primaryImageOfPage":{"@id":"https:\/\/grand-angle.lavenir.net\/des-visages-et-des-luttes\/les-quilombolas-heritiers-de-la-resistance-a-lesclavagisme\/#primaryimage"},"image":{"@id":"https:\/\/grand-angle.lavenir.net\/des-visages-et-des-luttes\/les-quilombolas-heritiers-de-la-resistance-a-lesclavagisme\/#primaryimage"},"thumbnailUrl":"https:\/\/grand-angle.lavenir.net\/des-visages-et-des-luttes\/wp-content\/uploads\/sites\/178\/2023\/03\/goias2023-romain_veys_eda-quilombolas-10.jpg","datePublished":"2023-03-07T15:40:34+00:00","dateModified":"2023-12-14T08:33:38+00:00","description":"Descendants d\u2019esclaves en fuite durant la p\u00e9riode coloniale, les quilombolas luttent aujourd\u2019hui pour la p\u00e9rennisation de leur identit\u00e9 et la pr\u00e9servation de leurs terres.","breadcrumb":{"@id":"https:\/\/grand-angle.lavenir.net\/des-visages-et-des-luttes\/les-quilombolas-heritiers-de-la-resistance-a-lesclavagisme\/#breadcrumb"},"inLanguage":"fr-BE","potentialAction":[{"@type":"ReadAction","target":["https:\/\/grand-angle.lavenir.net\/des-visages-et-des-luttes\/les-quilombolas-heritiers-de-la-resistance-a-lesclavagisme\/"]}]},{"@type":"ImageObject","inLanguage":"fr-BE","@id":"https:\/\/grand-angle.lavenir.net\/des-visages-et-des-luttes\/les-quilombolas-heritiers-de-la-resistance-a-lesclavagisme\/#primaryimage","url":"https:\/\/grand-angle.lavenir.net\/des-visages-et-des-luttes\/wp-content\/uploads\/sites\/178\/2023\/03\/goias2023-romain_veys_eda-quilombolas-10.jpg","contentUrl":"https:\/\/grand-angle.lavenir.net\/des-visages-et-des-luttes\/wp-content\/uploads\/sites\/178\/2023\/03\/goias2023-romain_veys_eda-quilombolas-10.jpg","width":2000,"height":1500},{"@type":"BreadcrumbList","@id":"https:\/\/grand-angle.lavenir.net\/des-visages-et-des-luttes\/les-quilombolas-heritiers-de-la-resistance-a-lesclavagisme\/#breadcrumb","itemListElement":[{"@type":"ListItem","position":1,"name":"Home","item":"https:\/\/grand-angle.lavenir.net\/des-visages-et-des-luttes\/"},{"@type":"ListItem","position":2,"name":"Les Quilombolas, h\u00e9ritiers de la r\u00e9sistance \u00e0 l\u2019esclavagisme"}]},{"@type":"WebSite","@id":"https:\/\/grand-angle.lavenir.net\/des-visages-et-des-luttes\/#website","url":"https:\/\/grand-angle.lavenir.net\/des-visages-et-des-luttes\/","name":"Des visages et des luttes","description":"Au c\u0153ur des r\u00e9sistances des travailleurs ruraux de l\u2019\u00c9tat de Goi\u00e1s","potentialAction":[{"@type":"SearchAction","target":{"@type":"EntryPoint","urlTemplate":"https:\/\/grand-angle.lavenir.net\/des-visages-et-des-luttes\/?s={search_term_string}"},"query-input":{"@type":"PropertyValueSpecification","valueRequired":true,"valueName":"search_term_string"}}],"inLanguage":"fr-BE"}]}},"_links":{"self":[{"href":"https:\/\/grand-angle.lavenir.net\/des-visages-et-des-luttes\/wp-json\/wp\/v2\/pages\/2183","targetHints":{"allow":["GET"]}}],"collection":[{"href":"https:\/\/grand-angle.lavenir.net\/des-visages-et-des-luttes\/wp-json\/wp\/v2\/pages"}],"about":[{"href":"https:\/\/grand-angle.lavenir.net\/des-visages-et-des-luttes\/wp-json\/wp\/v2\/types\/page"}],"author":[{"embeddable":true,"href":"https:\/\/grand-angle.lavenir.net\/des-visages-et-des-luttes\/wp-json\/wp\/v2\/users\/1"}],"replies":[{"embeddable":true,"href":"https:\/\/grand-angle.lavenir.net\/des-visages-et-des-luttes\/wp-json\/wp\/v2\/comments?post=2183"}],"version-history":[{"count":0,"href":"https:\/\/grand-angle.lavenir.net\/des-visages-et-des-luttes\/wp-json\/wp\/v2\/pages\/2183\/revisions"}],"wp:featuredmedia":[{"embeddable":true,"href":"https:\/\/grand-angle.lavenir.net\/des-visages-et-des-luttes\/wp-json\/wp\/v2\/media\/2199"}],"wp:attachment":[{"href":"https:\/\/grand-angle.lavenir.net\/des-visages-et-des-luttes\/wp-json\/wp\/v2\/media?parent=2183"}],"curies":[{"name":"wp","href":"https:\/\/api.w.org\/{rel}","templated":true}]}}