{"id":2,"date":"2018-07-25T11:54:13","date_gmt":"2018-07-25T09:54:13","guid":{"rendered":"http:\/\/grand-angle.lavenir.net\/baudouin\/?page_id=2"},"modified":"2023-07-28T15:47:17","modified_gmt":"2023-07-28T13:47:17","slug":"home","status":"publish","type":"page","link":"https:\/\/grand-angle.lavenir.net\/baudouin\/","title":{"rendered":"Baudouin : 8 \u00e9v\u00e9nements qui ont marqu\u00e9 son r\u00e8gne"},"content":{"rendered":"<p><div class=\"fusion-fullwidth fullwidth-box fusion-builder-row-1 nonhundred-percent-fullwidth non-hundred-percent-height-scrolling fusion-equal-height-columns\" style=\"--awb-border-radius-top-left:0px;--awb-border-radius-top-right:0px;--awb-border-radius-bottom-right:0px;--awb-border-radius-bottom-left:0px;--awb-padding-bottom:50px;--awb-flex-wrap:wrap;\" ><div class=\"fusion-builder-row fusion-row\"><div class=\"fusion-layout-column fusion_builder_column fusion-builder-column-0 fusion_builder_column_1_4 1_4 fusion-one-fourth fusion-column-first\" style=\"--awb-bg-size:cover;width:25%;width:calc(25% - ( ( 4% ) * 0.25 ) );margin-right: 4%;\"><div class=\"fusion-column-wrapper fusion-flex-column-wrapper-legacy\"><div class=\"fusion-image-element in-legacy-container\" style=\"--awb-caption-title-font-family:var(--h2_typography-font-family);--awb-caption-title-font-weight:var(--h2_typography-font-weight);--awb-caption-title-font-style:var(--h2_typography-font-style);--awb-caption-title-size:var(--h2_typography-font-size);--awb-caption-title-transform:var(--h2_typography-text-transform);--awb-caption-title-line-height:var(--h2_typography-line-height);--awb-caption-title-letter-spacing:var(--h2_typography-letter-spacing);\"><span class=\" fusion-imageframe imageframe-none imageframe-1 hover-type-none\"><img decoding=\"async\" width=\"400\" height=\"411\" title=\"Timbre-baudouin25ans-400&#215;411-1\" src=\"https:\/\/grand-angle.lavenir.net\/baudouin\/wp-content\/uploads\/sites\/52\/2023\/07\/Timbre-baudouin25ans-400x411-1.png\" alt class=\"img-responsive wp-image-15\" srcset=\"https:\/\/grand-angle.lavenir.net\/baudouin\/wp-content\/uploads\/sites\/52\/2023\/07\/Timbre-baudouin25ans-400x411-1-200x206.png 200w, https:\/\/grand-angle.lavenir.net\/baudouin\/wp-content\/uploads\/sites\/52\/2023\/07\/Timbre-baudouin25ans-400x411-1.png 400w\" sizes=\"(max-width: 800px) 100vw, 400px\" \/><\/span><\/div><div class=\"fusion-clearfix\"><\/div><\/div><\/div><div class=\"fusion-layout-column fusion_builder_column fusion-builder-column-1 fusion_builder_column_3_4 3_4 fusion-three-fourth fusion-column-last\" style=\"--awb-bg-size:cover;--awb-margin-bottom:0px;width:75%;width:calc(75% - ( ( 4% ) * 0.75 ) );\"><div class=\"fusion-column-wrapper fusion-flex-column-wrapper-legacy\"><div class=\"fusion-column-content-centered\"><div class=\"fusion-column-content\"><div class=\"fusion-text fusion-text-1\"><h2><strong>De 1951 \u00e0 1993, Baudouin Ier r\u00e9gna sur ce qui fut encore la \u201cBelgique de papa\u201d. <\/strong><\/h2>\n<h2><strong>Une \u00e9poque charni\u00e8re dans laquelle notamment le Congo est devenu ind\u00e9pendant, la Belgique a organis\u00e9 l\u2019Exposition internationale de 1958, le pays a connu un terrible drame minier et le Parlement s\u2019est prononc\u00e9 en faveur de l&rsquo;interruption volontaire de grossesse.<\/strong><\/h2>\n<\/div><\/div><\/div><div class=\"fusion-clearfix\"><\/div><\/div><\/div><\/div><\/div><div class=\"fusion-fullwidth fullwidth-box fusion-builder-row-2 nonhundred-percent-fullwidth non-hundred-percent-height-scrolling\" style=\"--awb-border-radius-top-left:0px;--awb-border-radius-top-right:0px;--awb-border-radius-bottom-right:0px;--awb-border-radius-bottom-left:0px;--awb-background-color:#f2f2f2;--awb-flex-wrap:wrap;\" ><div class=\"fusion-builder-row fusion-row\"><div class=\"fusion-layout-column fusion_builder_column fusion-builder-column-2 fusion_builder_column_1_1 1_1 fusion-one-full fusion-column-first fusion-column-last\" style=\"--awb-bg-size:cover;\"><div class=\"fusion-column-wrapper fusion-flex-column-wrapper-legacy\"><div class=\"fusion-text fusion-text-2\"><h1 style=\"text-align: center;\">1951<br \/>\nQuand Baudouin appara\u00eet comme l\u2019homme providentiel<\/h1>\n<\/div><div class=\"fusion-clearfix\"><\/div><\/div><\/div><\/div><\/div><div class=\"fusion-fullwidth fullwidth-box fusion-builder-row-3 nonhundred-percent-fullwidth non-hundred-percent-height-scrolling fusion-equal-height-columns\" style=\"--awb-border-radius-top-left:0px;--awb-border-radius-top-right:0px;--awb-border-radius-bottom-right:0px;--awb-border-radius-bottom-left:0px;--awb-background-color:#f2f2f2;--awb-flex-wrap:wrap;\" ><div class=\"fusion-builder-row fusion-row\"><div class=\"fusion-layout-column fusion_builder_column fusion-builder-column-3 fusion_builder_column_1_3 1_3 fusion-one-third fusion-column-first\" style=\"--awb-bg-size:cover;width:33.3333333333%;width:calc(33.3333333333% - ( ( 4% ) * 0.333333333333 ) );margin-right: 4%;\"><div class=\"fusion-column-wrapper fusion-flex-column-wrapper-legacy\"><div class=\"fusion-image-element in-legacy-container\" style=\"--awb-caption-title-font-family:var(--h2_typography-font-family);--awb-caption-title-font-weight:var(--h2_typography-font-weight);--awb-caption-title-font-style:var(--h2_typography-font-style);--awb-caption-title-size:var(--h2_typography-font-size);--awb-caption-title-transform:var(--h2_typography-text-transform);--awb-caption-title-line-height:var(--h2_typography-line-height);--awb-caption-title-letter-spacing:var(--h2_typography-letter-spacing);\"><span class=\" fusion-imageframe imageframe-none imageframe-2 hover-type-none\"><img decoding=\"async\" width=\"1080\" height=\"776\" title=\"1951\" src=\"https:\/\/grand-angle.lavenir.net\/baudouin\/wp-content\/uploads\/sites\/52\/2018\/07\/1951.jpg\" alt class=\"img-responsive wp-image-4\" srcset=\"https:\/\/grand-angle.lavenir.net\/baudouin\/wp-content\/uploads\/sites\/52\/2018\/07\/1951-200x144.jpg 200w, https:\/\/grand-angle.lavenir.net\/baudouin\/wp-content\/uploads\/sites\/52\/2018\/07\/1951-400x287.jpg 400w, https:\/\/grand-angle.lavenir.net\/baudouin\/wp-content\/uploads\/sites\/52\/2018\/07\/1951-600x431.jpg 600w, https:\/\/grand-angle.lavenir.net\/baudouin\/wp-content\/uploads\/sites\/52\/2018\/07\/1951-800x575.jpg 800w, https:\/\/grand-angle.lavenir.net\/baudouin\/wp-content\/uploads\/sites\/52\/2018\/07\/1951.jpg 1080w\" sizes=\"(max-width: 800px) 100vw, 400px\" \/><\/span><\/div><div class=\"fusion-clearfix\"><\/div><\/div><\/div><div class=\"fusion-layout-column fusion_builder_column fusion-builder-column-4 fusion_builder_column_2_3 2_3 fusion-two-third fusion-column-last\" style=\"--awb-bg-size:cover;width:66.6666666667%;width:calc(66.6666666667% - ( ( 4% ) * 0.666666666667 ) );\"><div class=\"fusion-column-wrapper fusion-flex-column-wrapper-legacy\"><div class=\"fusion-column-content-centered\"><div class=\"fusion-column-content\"><div class=\"fusion-text fusion-text-3\"><p>En 1950, la Belgique est au bord de la crise de nerf, plus que jamais divis\u00e9e par le retour de son roi, L\u00e9opold III. \u00c0 la suite \u00e0 son attitude pendant la guerre (il se constitua prisonnier, il rencontra Hitler\u2026), L\u00e9opold III s\u2019est mis \u00e0 dos une bonne partie du pays. Son retour en Belgique provoque des troubles. C\u2019est dans ce contexte tendu et d\u00e9licat que, le 16 juillet 1951, le roi signe son abdication au profit de son fils Baudouin. Ce dernier appara\u00eet aux yeux de certains comme l\u2019homme providentiel. Le 17 juillet 1951, le journal <i>Vers L\u2019Avenir<\/i> \u00e9crivait : \u00ab Ce n\u2019est que dans la mesure o\u00f9 Baudouin Ier saura d\u2019abord et vraiment \u00eatre le roi de la r\u00e9conciliation qu\u2019il pourra, comme ses illustres pr\u00e9d\u00e9cesseurs, enrichir sa couronne de fleurons \u00e9clatants qui marqueront autant de bienfaits pour la nation tout enti\u00e8re. \u00bb<\/p>\n<\/div><\/div><\/div><div class=\"fusion-clearfix\"><\/div><\/div><\/div><\/div><\/div><div class=\"fusion-fullwidth fullwidth-box fusion-builder-row-4 nonhundred-percent-fullwidth non-hundred-percent-height-scrolling\" style=\"--awb-border-radius-top-left:0px;--awb-border-radius-top-right:0px;--awb-border-radius-bottom-right:0px;--awb-border-radius-bottom-left:0px;--awb-flex-wrap:wrap;\" ><div class=\"fusion-builder-row fusion-row\"><div class=\"fusion-layout-column fusion_builder_column fusion-builder-column-5 fusion_builder_column_1_1 1_1 fusion-one-full fusion-column-first fusion-column-last\" style=\"--awb-bg-size:cover;\"><div class=\"fusion-column-wrapper fusion-flex-column-wrapper-legacy\"><div class=\"fusion-text fusion-text-4\"><h1 style=\"text-align: center;\">1955 \u2013 1960<br \/>\nDe \u00ab Bwana Kitoko \u00bb aux \u00e9meutes sanglantes<\/h1>\n<\/div><div class=\"fusion-clearfix\"><\/div><\/div><\/div><\/div><\/div><div class=\"fusion-fullwidth fullwidth-box fusion-builder-row-5 nonhundred-percent-fullwidth non-hundred-percent-height-scrolling fusion-equal-height-columns\" style=\"--awb-border-radius-top-left:0px;--awb-border-radius-top-right:0px;--awb-border-radius-bottom-right:0px;--awb-border-radius-bottom-left:0px;--awb-flex-wrap:wrap;\" ><div class=\"fusion-builder-row fusion-row\"><div class=\"fusion-layout-column fusion_builder_column fusion-builder-column-6 fusion_builder_column_1_1 1_1 fusion-one-full fusion-column-first fusion-column-last fusion-no-medium-visibility fusion-no-large-visibility\" style=\"--awb-bg-size:cover;\"><div class=\"fusion-column-wrapper fusion-flex-column-wrapper-legacy\"><div class=\"fusion-image-element in-legacy-container\" style=\"--awb-caption-title-font-family:var(--h2_typography-font-family);--awb-caption-title-font-weight:var(--h2_typography-font-weight);--awb-caption-title-font-style:var(--h2_typography-font-style);--awb-caption-title-size:var(--h2_typography-font-size);--awb-caption-title-transform:var(--h2_typography-text-transform);--awb-caption-title-line-height:var(--h2_typography-line-height);--awb-caption-title-letter-spacing:var(--h2_typography-letter-spacing);\"><span class=\" fusion-imageframe imageframe-none imageframe-3 hover-type-none\"><img decoding=\"async\" width=\"912\" height=\"641\" title=\"1955\" src=\"https:\/\/grand-angle.lavenir.net\/baudouin\/wp-content\/uploads\/sites\/52\/2018\/07\/1955.jpg\" alt class=\"img-responsive wp-image-5\" srcset=\"https:\/\/grand-angle.lavenir.net\/baudouin\/wp-content\/uploads\/sites\/52\/2018\/07\/1955-200x141.jpg 200w, https:\/\/grand-angle.lavenir.net\/baudouin\/wp-content\/uploads\/sites\/52\/2018\/07\/1955-400x281.jpg 400w, https:\/\/grand-angle.lavenir.net\/baudouin\/wp-content\/uploads\/sites\/52\/2018\/07\/1955-600x422.jpg 600w, https:\/\/grand-angle.lavenir.net\/baudouin\/wp-content\/uploads\/sites\/52\/2018\/07\/1955-800x562.jpg 800w, https:\/\/grand-angle.lavenir.net\/baudouin\/wp-content\/uploads\/sites\/52\/2018\/07\/1955.jpg 912w\" sizes=\"(max-width: 800px) 100vw, 912px\" \/><\/span><\/div><div class=\"fusion-clearfix\"><\/div><\/div><\/div><div class=\"fusion-layout-column fusion_builder_column fusion-builder-column-7 fusion_builder_column_2_3 2_3 fusion-two-third fusion-column-first\" style=\"--awb-bg-size:cover;width:66.6666666667%;width:calc(66.6666666667% - ( ( 4% ) * 0.666666666667 ) );margin-right: 4%;\"><div class=\"fusion-column-wrapper fusion-flex-column-wrapper-legacy\"><div class=\"fusion-column-content-centered\"><div class=\"fusion-column-content\"><div class=\"fusion-text fusion-text-5\"><p>Quatre ans apr\u00e8s son accession au tr\u00f4ne, Baudouin s\u2019envole pour le Congo belge (qui deviendra Za\u00efre puis finalement R\u00e9publique d\u00e9mocratique du Congo). Au menu ? Une tourn\u00e9e d\u2019un mois, longue de 10 000 km, durant laquelle le jeune roi s\u00e9duit et conquiert le coeur des foules par sa simplicit\u00e9 et sa gentillesse souriante. Il reviendra d\u2019ailleurs de L\u00e9opoldville (devenue Kinshasa en 1966) affubl\u00e9 du titre tr\u00e8s flatteur de \u201cBwana Kitoko\u201d, le beau gar\u00e7on.<\/p>\n<p>La romance ne durera que cinq ans. En 1960, le r\u00f4le du roi se limite cette fois \u00e0 r\u00e9conforter les Belges rentrant au pays, fuyant un Congo belge quasiment \u00e0 feu et \u00e0 sang. Le 30 juin 1960, le Congo acc\u00e8de \u00e0 l\u2019ind\u00e9pendance.<\/p>\n<p>En 1985, le roi Baudouin effectue sa derni\u00e8re visite au Za\u00efre dans le cadre du 25e \u00a0anniversaire de l\u2019ind\u00e9pendance.<\/p>\n<\/div><\/div><\/div><div class=\"fusion-clearfix\"><\/div><\/div><\/div><div class=\"fusion-layout-column fusion_builder_column fusion-builder-column-8 fusion_builder_column_1_3 1_3 fusion-one-third fusion-column-last fusion-no-small-visibility\" style=\"--awb-bg-size:cover;width:33.3333333333%;width:calc(33.3333333333% - ( ( 4% ) * 0.333333333333 ) );\"><div class=\"fusion-column-wrapper fusion-flex-column-wrapper-legacy\"><div class=\"fusion-image-element in-legacy-container\" style=\"--awb-caption-title-font-family:var(--h2_typography-font-family);--awb-caption-title-font-weight:var(--h2_typography-font-weight);--awb-caption-title-font-style:var(--h2_typography-font-style);--awb-caption-title-size:var(--h2_typography-font-size);--awb-caption-title-transform:var(--h2_typography-text-transform);--awb-caption-title-line-height:var(--h2_typography-line-height);--awb-caption-title-letter-spacing:var(--h2_typography-letter-spacing);\"><span class=\" fusion-imageframe imageframe-none imageframe-4 hover-type-none\"><img decoding=\"async\" width=\"912\" height=\"641\" title=\"1955\" src=\"https:\/\/grand-angle.lavenir.net\/baudouin\/wp-content\/uploads\/sites\/52\/2018\/07\/1955.jpg\" alt class=\"img-responsive wp-image-5\" srcset=\"https:\/\/grand-angle.lavenir.net\/baudouin\/wp-content\/uploads\/sites\/52\/2018\/07\/1955-200x141.jpg 200w, https:\/\/grand-angle.lavenir.net\/baudouin\/wp-content\/uploads\/sites\/52\/2018\/07\/1955-400x281.jpg 400w, https:\/\/grand-angle.lavenir.net\/baudouin\/wp-content\/uploads\/sites\/52\/2018\/07\/1955-600x422.jpg 600w, https:\/\/grand-angle.lavenir.net\/baudouin\/wp-content\/uploads\/sites\/52\/2018\/07\/1955-800x562.jpg 800w, https:\/\/grand-angle.lavenir.net\/baudouin\/wp-content\/uploads\/sites\/52\/2018\/07\/1955.jpg 912w\" sizes=\"(max-width: 800px) 100vw, 400px\" \/><\/span><\/div><div class=\"fusion-clearfix\"><\/div><\/div><\/div><\/div><\/div><div class=\"fusion-fullwidth fullwidth-box fusion-builder-row-6 nonhundred-percent-fullwidth non-hundred-percent-height-scrolling\" style=\"--awb-border-radius-top-left:0px;--awb-border-radius-top-right:0px;--awb-border-radius-bottom-right:0px;--awb-border-radius-bottom-left:0px;--awb-background-color:#f2f2f2;--awb-flex-wrap:wrap;\" ><div class=\"fusion-builder-row fusion-row\"><div class=\"fusion-layout-column fusion_builder_column fusion-builder-column-9 fusion_builder_column_1_1 1_1 fusion-one-full fusion-column-first fusion-column-last\" style=\"--awb-bg-size:cover;\"><div class=\"fusion-column-wrapper fusion-flex-column-wrapper-legacy\"><div class=\"fusion-text fusion-text-6\"><h1 style=\"text-align: center;\">1956<br \/>\nFace \u00e0 la plus grande catastrophe mini\u00e8re de Belgique<\/h1>\n<\/div><div class=\"fusion-clearfix\"><\/div><\/div><\/div><\/div><\/div><div class=\"fusion-fullwidth fullwidth-box fusion-builder-row-7 nonhundred-percent-fullwidth non-hundred-percent-height-scrolling fusion-equal-height-columns\" style=\"--awb-border-radius-top-left:0px;--awb-border-radius-top-right:0px;--awb-border-radius-bottom-right:0px;--awb-border-radius-bottom-left:0px;--awb-background-color:#f2f2f2;--awb-flex-wrap:wrap;\" ><div class=\"fusion-builder-row fusion-row\"><div class=\"fusion-layout-column fusion_builder_column fusion-builder-column-10 fusion_builder_column_1_3 1_3 fusion-one-third fusion-column-first\" style=\"--awb-bg-size:cover;width:33.3333333333%;width:calc(33.3333333333% - ( ( 4% ) * 0.333333333333 ) );margin-right: 4%;\"><div class=\"fusion-column-wrapper fusion-flex-column-wrapper-legacy\"><div class=\"fusion-column-content-centered\"><div class=\"fusion-column-content\"><div class=\"fusion-image-element in-legacy-container\" style=\"--awb-caption-title-font-family:var(--h2_typography-font-family);--awb-caption-title-font-weight:var(--h2_typography-font-weight);--awb-caption-title-font-style:var(--h2_typography-font-style);--awb-caption-title-size:var(--h2_typography-font-size);--awb-caption-title-transform:var(--h2_typography-text-transform);--awb-caption-title-line-height:var(--h2_typography-line-height);--awb-caption-title-letter-spacing:var(--h2_typography-letter-spacing);\"><span class=\" fusion-imageframe imageframe-none imageframe-5 hover-type-none\"><img decoding=\"async\" width=\"1080\" height=\"1080\" title=\"1956\" src=\"https:\/\/grand-angle.lavenir.net\/baudouin\/wp-content\/uploads\/sites\/52\/2018\/07\/1956.jpg\" alt class=\"img-responsive wp-image-6\" srcset=\"https:\/\/grand-angle.lavenir.net\/baudouin\/wp-content\/uploads\/sites\/52\/2018\/07\/1956-200x200.jpg 200w, https:\/\/grand-angle.lavenir.net\/baudouin\/wp-content\/uploads\/sites\/52\/2018\/07\/1956-400x400.jpg 400w, https:\/\/grand-angle.lavenir.net\/baudouin\/wp-content\/uploads\/sites\/52\/2018\/07\/1956-600x600.jpg 600w, https:\/\/grand-angle.lavenir.net\/baudouin\/wp-content\/uploads\/sites\/52\/2018\/07\/1956-800x800.jpg 800w, https:\/\/grand-angle.lavenir.net\/baudouin\/wp-content\/uploads\/sites\/52\/2018\/07\/1956.jpg 1080w\" sizes=\"(max-width: 800px) 100vw, 400px\" \/><\/span><\/div><\/div><\/div><div class=\"fusion-clearfix\"><\/div><\/div><\/div><div class=\"fusion-layout-column fusion_builder_column fusion-builder-column-11 fusion_builder_column_2_3 2_3 fusion-two-third fusion-column-last\" style=\"--awb-bg-size:cover;width:66.6666666667%;width:calc(66.6666666667% - ( ( 4% ) * 0.666666666667 ) );\"><div class=\"fusion-column-wrapper fusion-flex-column-wrapper-legacy\"><div class=\"fusion-column-content-centered\"><div class=\"fusion-column-content\"><div class=\"fusion-text fusion-text-7\"><p>Le 8 ao\u00fbt 1956, le pays vit ce qui allait \u00eatre sa derni\u00e8re catastrophe mini\u00e8re. Mais aussi la plus meurtri\u00e8re. Des centaines de mineurs sont prisonniers du feu sous le puits du Bois du Cazier, \u00e0 Marcinelle. Baudouin suit les \u00e9v\u00e9nements de pr\u00e8s. Il y fait m\u00eame une premi\u00e8re visite impromptue, en v\u00eatements de sport.<\/p>\n<p>Le vendredi 10 ao\u00fbt, il revient sur place, ne cachant ni son \u00e9motion, ni ses appr\u00e9hensions pour le d\u00e9nouement de la trag\u00e9die. Il va au devant de la foule, il se rend au domicile des premi\u00e8res victimes, va r\u00e9conforter les bless\u00e9s \u00e0 l&rsquo;h\u00f4pital.<\/p>\n<p>Le dimanche 12 ao\u00fbt, sur le coup de minuit, il revient au charbonnage, en compagnie de son p\u00e8re, L\u00e9opold III, et du Premier ministre, Achille Van Acker.<\/p>\n<\/div><\/div><\/div><div class=\"fusion-clearfix\"><\/div><\/div><\/div><\/div><\/div><div class=\"fusion-fullwidth fullwidth-box fusion-builder-row-8 nonhundred-percent-fullwidth non-hundred-percent-height-scrolling\" style=\"--awb-border-radius-top-left:0px;--awb-border-radius-top-right:0px;--awb-border-radius-bottom-right:0px;--awb-border-radius-bottom-left:0px;--awb-flex-wrap:wrap;\" ><div class=\"fusion-builder-row fusion-row\"><div class=\"fusion-layout-column fusion_builder_column fusion-builder-column-12 fusion_builder_column_1_1 1_1 fusion-one-full fusion-column-first fusion-column-last\" style=\"--awb-bg-size:cover;\"><div class=\"fusion-column-wrapper fusion-flex-column-wrapper-legacy\"><div class=\"fusion-text fusion-text-8\"><h1 style=\"text-align: center;\">1958<br \/>\nL\u2019Expo universelle et les \u201ctroubadours du roi Baudouin\u201d<\/h1>\n<\/div><div class=\"fusion-clearfix\"><\/div><\/div><\/div><\/div><\/div><div class=\"fusion-fullwidth fullwidth-box fusion-builder-row-9 nonhundred-percent-fullwidth non-hundred-percent-height-scrolling\" style=\"--awb-border-radius-top-left:0px;--awb-border-radius-top-right:0px;--awb-border-radius-bottom-right:0px;--awb-border-radius-bottom-left:0px;--awb-flex-wrap:wrap;\" ><div class=\"fusion-builder-row fusion-row\"><div class=\"fusion-layout-column fusion_builder_column fusion-builder-column-13 fusion_builder_column_1_1 1_1 fusion-one-full fusion-column-first fusion-column-last fusion-no-small-visibility\" style=\"--awb-bg-size:cover;\"><div class=\"fusion-column-wrapper fusion-flex-column-wrapper-legacy\"><div class=\"fusion-text fusion-text-9\"><p><center><iframe src=\"https:\/\/www.sonuma.be\/player\/frame.php?env=f060ccaca1bb94ff0625e2c77178f0de&amp;video=9670527\" width=\"640\" height=\"480\" frameborder=\"0\" scrolling=\"no\" allowfullscreen=\"allowfullscreen\"><\/iframe><\/center><\/p>\n<\/div><div class=\"fusion-clearfix\"><\/div><\/div><\/div><div class=\"fusion-layout-column fusion_builder_column fusion-builder-column-14 fusion_builder_column_1_1 1_1 fusion-one-full fusion-column-first fusion-column-last fusion-no-medium-visibility fusion-no-large-visibility\" style=\"--awb-bg-size:cover;\"><div class=\"fusion-column-wrapper fusion-flex-column-wrapper-legacy\"><div class=\"fusion-text fusion-text-10\"><p><center><iframe src=\"https:\/\/www.sonuma.be\/player\/frame.php?env=f060ccaca1bb94ff0625e2c77178f0de&amp;video=9670527\" width=\"100%\" height=\"250\" frameborder=\"0\" scrolling=\"no\" allowfullscreen=\"allowfullscreen\"><\/iframe><\/center><\/p>\n<\/div><div class=\"fusion-clearfix\"><\/div><\/div><\/div><div class=\"fusion-layout-column fusion_builder_column fusion-builder-column-15 fusion_builder_column_1_1 1_1 fusion-one-full fusion-column-first fusion-column-last\" style=\"--awb-bg-size:cover;\"><div class=\"fusion-column-wrapper fusion-flex-column-wrapper-legacy\"><div class=\"fusion-column-content-centered\"><div class=\"fusion-column-content\"><div class=\"fusion-text fusion-text-11\"><p>Du 17 avril au 18 octobre, la Belgique est, un peu, le centre du monde. Notre pays accueille la premi\u00e8re exposition universelle de l\u2019apr\u00e8s-guerre. Les pavillons sont \u00e9rig\u00e9s sur le plateau du Heysel, non loin du palais de Laeken.<\/p>\n<p>Les nombreuses visites protocolaires et s\u00e9jours de chefs d\u2019\u00c9tat \u00e9trangers am\u00e8nent le roi Baudouin \u00e0 parcourir fr\u00e9quemment les all\u00e9es et les pavillons des pays, notamment lors des \u201cjourn\u00e9es nationales\u201d organis\u00e9es par chacune des nations participantes.<\/p>\n<p>D\u00e9couvrez <a href=\"https:\/\/www.sonuma.be\/archive\/l_expo-58-il-y-a-un-an\" target=\"_blank\" rel=\"noopener\">le reportage complet archiv\u00e9 par la Sonuma<\/a>.<\/p>\n<\/div><\/div><\/div><div class=\"fusion-clearfix\"><\/div><\/div><\/div><\/div><\/div><div class=\"fusion-fullwidth fullwidth-box fusion-builder-row-10 nonhundred-percent-fullwidth non-hundred-percent-height-scrolling\" style=\"--awb-border-radius-top-left:0px;--awb-border-radius-top-right:0px;--awb-border-radius-bottom-right:0px;--awb-border-radius-bottom-left:0px;--awb-background-color:#f2f2f2;--awb-flex-wrap:wrap;\" ><div class=\"fusion-builder-row fusion-row\"><div class=\"fusion-layout-column fusion_builder_column fusion-builder-column-16 fusion_builder_column_1_1 1_1 fusion-one-full fusion-column-first fusion-column-last\" style=\"--awb-bg-size:cover;\"><div class=\"fusion-column-wrapper fusion-flex-column-wrapper-legacy\"><div class=\"fusion-text fusion-text-12\"><h1 style=\"text-align: center;\">1960<br \/>\nLe mariage du \u201croi triste\u201d<\/h1>\n<\/div><div class=\"fusion-clearfix\"><\/div><\/div><\/div><\/div><\/div><div class=\"fusion-fullwidth fullwidth-box fusion-builder-row-11 nonhundred-percent-fullwidth non-hundred-percent-height-scrolling\" style=\"--awb-border-radius-top-left:0px;--awb-border-radius-top-right:0px;--awb-border-radius-bottom-right:0px;--awb-border-radius-bottom-left:0px;--awb-background-color:#f2f2f2;--awb-flex-wrap:wrap;\" ><div class=\"fusion-builder-row fusion-row\"><div class=\"fusion-layout-column fusion_builder_column fusion-builder-column-17 fusion_builder_column_1_1 1_1 fusion-one-full fusion-column-first fusion-column-last fusion-no-small-visibility\" style=\"--awb-bg-size:cover;\"><div class=\"fusion-column-wrapper fusion-flex-column-wrapper-legacy\"><div class=\"fusion-text fusion-text-13\"><p><center><iframe src=\"https:\/\/www.sonuma.be\/player\/frame.php?env=f060ccaca1bb94ff0625e2c77178f0de&amp;video=9664316\" width=\"640\" height=\"480\" frameborder=\"0\" scrolling=\"no\" allowfullscreen=\"allowfullscreen\"> <\/iframe><\/center><\/p>\n<\/div><div class=\"fusion-clearfix\"><\/div><\/div><\/div><div class=\"fusion-layout-column fusion_builder_column fusion-builder-column-18 fusion_builder_column_1_1 1_1 fusion-one-full fusion-column-first fusion-column-last fusion-no-medium-visibility fusion-no-large-visibility\" style=\"--awb-bg-size:cover;\"><div class=\"fusion-column-wrapper fusion-flex-column-wrapper-legacy\"><div class=\"fusion-text fusion-text-14\"><p><center><iframe src=\"https:\/\/www.sonuma.be\/player\/frame.php?env=f060ccaca1bb94ff0625e2c77178f0de&amp;video=9664316\" width=\"100%\" height=\"250\" frameborder=\"0\" scrolling=\"no\" allowfullscreen=\"allowfullscreen\"> <\/iframe><\/center><\/p>\n<\/div><div class=\"fusion-clearfix\"><\/div><\/div><\/div><div class=\"fusion-layout-column fusion_builder_column fusion-builder-column-19 fusion_builder_column_1_1 1_1 fusion-one-full fusion-column-first fusion-column-last\" style=\"--awb-bg-size:cover;\"><div class=\"fusion-column-wrapper fusion-flex-column-wrapper-legacy\"><div class=\"fusion-text fusion-text-15\"><p>Au d\u00e9but de son r\u00e8gne, Baudouin semble baigner dans une certaine m\u00e9lancolie. Il devient le \u201croi triste\u201d et des bruits de couloir lui pr\u00eatent l\u2019intention d\u2019abdiquer en faveur de son fr\u00e8re, pour se retirer dans un monast\u00e8re. Le 16 septembre 1960, c\u2019est donc une annonce surprise que fait le Premier ministre de l\u2019\u00e9poque, Gaston Eyskens : Baudouin va se fiancer avec une jeune Espagnole du nom de Fabiola de Mora y Aragon. N\u00e9e \u00e0 Madrid le 11 juin 1928, Fabiola est issue d\u2019une famille de sept enfants. Pour les Belges, la princesse est une r\u00e9v\u00e9lation.<\/p>\n<p>Le 15 d\u00e9cembre 1960, par une journ\u00e9e grise et froide, le roi offre au pays une reine tant d\u00e9sir\u00e9e. Pr\u00e9par\u00e9e avec un soin minutieux, la c\u00e9r\u00e9monie suscite un tr\u00e8s large engouement, aiguis\u00e9 par l\u2019intervention de la t\u00e9l\u00e9vision qui assure la retransmission de l\u2019\u00e9v\u00e9nement en direct.<\/p>\n<p>D\u00e9couvrez <a href=\"https:\/\/www.sonuma.be\/archive\/le-mariage-de-baudouin-et-fabiola\" target=\"_blank\" rel=\"noopener\">le reportage complet archiv\u00e9 par la Sonuma<\/a><\/p>\n<\/div><div class=\"fusion-clearfix\"><\/div><\/div><\/div><\/div><\/div><div class=\"fusion-fullwidth fullwidth-box fusion-builder-row-12 nonhundred-percent-fullwidth non-hundred-percent-height-scrolling\" style=\"--awb-border-radius-top-left:0px;--awb-border-radius-top-right:0px;--awb-border-radius-bottom-right:0px;--awb-border-radius-bottom-left:0px;--awb-flex-wrap:wrap;\" ><div class=\"fusion-builder-row fusion-row\"><div class=\"fusion-layout-column fusion_builder_column fusion-builder-column-20 fusion_builder_column_1_1 1_1 fusion-one-full fusion-column-first fusion-column-last\" style=\"--awb-bg-size:cover;\"><div class=\"fusion-column-wrapper fusion-flex-column-wrapper-legacy\"><div class=\"fusion-text fusion-text-16\"><h1 style=\"text-align: center;\">1961<br \/>\nL\u2019enfant qui ne viendra pas<\/h1>\n<\/div><div class=\"fusion-clearfix\"><\/div><\/div><\/div><\/div><\/div><div class=\"fusion-fullwidth fullwidth-box fusion-builder-row-13 nonhundred-percent-fullwidth non-hundred-percent-height-scrolling fusion-equal-height-columns\" style=\"--awb-border-radius-top-left:0px;--awb-border-radius-top-right:0px;--awb-border-radius-bottom-right:0px;--awb-border-radius-bottom-left:0px;--awb-flex-wrap:wrap;\" ><div class=\"fusion-builder-row fusion-row\"><div class=\"fusion-layout-column fusion_builder_column fusion-builder-column-21 fusion_builder_column_1_1 1_1 fusion-one-full fusion-column-first fusion-column-last fusion-no-medium-visibility fusion-no-large-visibility\" style=\"--awb-bg-size:cover;\"><div class=\"fusion-column-wrapper fusion-flex-column-wrapper-legacy\"><div class=\"fusion-image-element in-legacy-container\" style=\"--awb-caption-title-font-family:var(--h2_typography-font-family);--awb-caption-title-font-weight:var(--h2_typography-font-weight);--awb-caption-title-font-style:var(--h2_typography-font-style);--awb-caption-title-size:var(--h2_typography-font-size);--awb-caption-title-transform:var(--h2_typography-text-transform);--awb-caption-title-line-height:var(--h2_typography-line-height);--awb-caption-title-letter-spacing:var(--h2_typography-letter-spacing);\"><span class=\" fusion-imageframe imageframe-none imageframe-6 hover-type-none\"><img decoding=\"async\" width=\"1080\" height=\"720\" title=\"1961\" src=\"https:\/\/grand-angle.lavenir.net\/baudouin\/wp-content\/uploads\/sites\/52\/2018\/07\/1961.jpg\" alt class=\"img-responsive wp-image-7\" srcset=\"https:\/\/grand-angle.lavenir.net\/baudouin\/wp-content\/uploads\/sites\/52\/2018\/07\/1961-200x133.jpg 200w, https:\/\/grand-angle.lavenir.net\/baudouin\/wp-content\/uploads\/sites\/52\/2018\/07\/1961-400x267.jpg 400w, https:\/\/grand-angle.lavenir.net\/baudouin\/wp-content\/uploads\/sites\/52\/2018\/07\/1961-600x400.jpg 600w, https:\/\/grand-angle.lavenir.net\/baudouin\/wp-content\/uploads\/sites\/52\/2018\/07\/1961-800x533.jpg 800w, https:\/\/grand-angle.lavenir.net\/baudouin\/wp-content\/uploads\/sites\/52\/2018\/07\/1961.jpg 1080w\" sizes=\"(max-width: 800px) 100vw, 1080px\" \/><\/span><\/div><div class=\"fusion-clearfix\"><\/div><\/div><\/div><div class=\"fusion-layout-column fusion_builder_column fusion-builder-column-22 fusion_builder_column_2_3 2_3 fusion-two-third fusion-column-first\" style=\"--awb-bg-size:cover;width:66.6666666667%;width:calc(66.6666666667% - ( ( 4% ) * 0.666666666667 ) );margin-right: 4%;\"><div class=\"fusion-column-wrapper fusion-flex-column-wrapper-legacy\"><div class=\"fusion-column-content-centered\"><div class=\"fusion-column-content\"><div class=\"fusion-text fusion-text-17\"><p>Le 16 ao\u00fbt 1961, au Vatican, o\u00f9 le roi et la reine ont \u00e9t\u00e9 re\u00e7us par Jean XXIII, ce dernier annonce aux journalistes belges pr\u00e9sents un heureux \u00e9v\u00e9nement \u00e0 la cour de Belgique. Nouvelle qu\u2019il faudra d\u00e9mentir quelques semaines plus tard.<\/p>\n<p>Cet enfant, que le couple ne pourra jamais accueillir, aura guid\u00e9 l\u2019action de la reine Fabiola. En 1961, d\u00e9j\u00e0, elle \u00e9crivait \u201cLes douze contes merveilleux de la reine Fabiola\u201d, \u00e9crit pour les enfants et traduit en plusieurs langues. Plus tard, elle donnera aussi son nom \u00e0 l&rsquo;h\u00f4pital universitaire des enfants.<\/p>\n<\/div><\/div><\/div><div class=\"fusion-clearfix\"><\/div><\/div><\/div><div class=\"fusion-layout-column fusion_builder_column fusion-builder-column-23 fusion_builder_column_1_3 1_3 fusion-one-third fusion-column-last fusion-no-small-visibility\" style=\"--awb-bg-size:cover;width:33.3333333333%;width:calc(33.3333333333% - ( ( 4% ) * 0.333333333333 ) );\"><div class=\"fusion-column-wrapper fusion-flex-column-wrapper-legacy\"><div class=\"fusion-image-element in-legacy-container\" style=\"--awb-caption-title-font-family:var(--h2_typography-font-family);--awb-caption-title-font-weight:var(--h2_typography-font-weight);--awb-caption-title-font-style:var(--h2_typography-font-style);--awb-caption-title-size:var(--h2_typography-font-size);--awb-caption-title-transform:var(--h2_typography-text-transform);--awb-caption-title-line-height:var(--h2_typography-line-height);--awb-caption-title-letter-spacing:var(--h2_typography-letter-spacing);\"><span class=\" fusion-imageframe imageframe-none imageframe-7 hover-type-none\"><img decoding=\"async\" width=\"1080\" height=\"720\" title=\"1961\" src=\"https:\/\/grand-angle.lavenir.net\/baudouin\/wp-content\/uploads\/sites\/52\/2018\/07\/1961.jpg\" alt class=\"img-responsive wp-image-7\" srcset=\"https:\/\/grand-angle.lavenir.net\/baudouin\/wp-content\/uploads\/sites\/52\/2018\/07\/1961-200x133.jpg 200w, https:\/\/grand-angle.lavenir.net\/baudouin\/wp-content\/uploads\/sites\/52\/2018\/07\/1961-400x267.jpg 400w, https:\/\/grand-angle.lavenir.net\/baudouin\/wp-content\/uploads\/sites\/52\/2018\/07\/1961-600x400.jpg 600w, https:\/\/grand-angle.lavenir.net\/baudouin\/wp-content\/uploads\/sites\/52\/2018\/07\/1961-800x533.jpg 800w, https:\/\/grand-angle.lavenir.net\/baudouin\/wp-content\/uploads\/sites\/52\/2018\/07\/1961.jpg 1080w\" sizes=\"(max-width: 800px) 100vw, 400px\" \/><\/span><\/div><div class=\"fusion-clearfix\"><\/div><\/div><\/div><\/div><\/div><div class=\"fusion-fullwidth fullwidth-box fusion-builder-row-14 nonhundred-percent-fullwidth non-hundred-percent-height-scrolling\" style=\"--awb-border-radius-top-left:0px;--awb-border-radius-top-right:0px;--awb-border-radius-bottom-right:0px;--awb-border-radius-bottom-left:0px;--awb-background-color:#f2f2f2;--awb-flex-wrap:wrap;\" ><div class=\"fusion-builder-row fusion-row\"><div class=\"fusion-layout-column fusion_builder_column fusion-builder-column-24 fusion_builder_column_1_1 1_1 fusion-one-full fusion-column-first fusion-column-last\" style=\"--awb-bg-size:cover;\"><div class=\"fusion-column-wrapper fusion-flex-column-wrapper-legacy\"><div class=\"fusion-text fusion-text-18\"><h1 style=\"text-align: center;\">1990<br \/>\nInterruption volontaire de royaut\u00e9<\/h1>\n<\/div><div class=\"fusion-clearfix\"><\/div><\/div><\/div><\/div><\/div><div class=\"fusion-fullwidth fullwidth-box fusion-builder-row-15 nonhundred-percent-fullwidth non-hundred-percent-height-scrolling\" style=\"--awb-border-radius-top-left:0px;--awb-border-radius-top-right:0px;--awb-border-radius-bottom-right:0px;--awb-border-radius-bottom-left:0px;--awb-background-color:#f2f2f2;--awb-flex-wrap:wrap;\" ><div class=\"fusion-builder-row fusion-row\"><div class=\"fusion-layout-column fusion_builder_column fusion-builder-column-25 fusion_builder_column_1_1 1_1 fusion-one-full fusion-column-first fusion-column-last fusion-no-small-visibility\" style=\"--awb-bg-size:cover;\"><div class=\"fusion-column-wrapper fusion-flex-column-wrapper-legacy\"><div class=\"fusion-text fusion-text-19\"><p><center><iframe src=\"https:\/\/www.sonuma.be\/player\/frame.php?env=f060ccaca1bb94ff0625e2c77178f0de&amp;video=9707793\" width=\"640\" height=\"480\" frameborder=\"0\" scrolling=\"no\" allowfullscreen=\"allowfullscreen\"> <\/iframe><\/center><\/p>\n<\/div><div class=\"fusion-clearfix\"><\/div><\/div><\/div><div class=\"fusion-layout-column fusion_builder_column fusion-builder-column-26 fusion_builder_column_1_1 1_1 fusion-one-full fusion-column-first fusion-column-last fusion-no-medium-visibility fusion-no-large-visibility\" style=\"--awb-bg-size:cover;\"><div class=\"fusion-column-wrapper fusion-flex-column-wrapper-legacy\"><div class=\"fusion-text fusion-text-20\"><p><center><iframe src=\"https:\/\/www.sonuma.be\/player\/frame.php?env=f060ccaca1bb94ff0625e2c77178f0de&amp;video=9707793\" width=\"100%\" height=\"250\" frameborder=\"0\" scrolling=\"no\" allowfullscreen=\"allowfullscreen\"> <\/iframe><\/center><\/p>\n<\/div><div class=\"fusion-clearfix\"><\/div><\/div><\/div><div class=\"fusion-layout-column fusion_builder_column fusion-builder-column-27 fusion_builder_column_1_1 1_1 fusion-one-full fusion-column-first fusion-column-last\" style=\"--awb-bg-size:cover;\"><div class=\"fusion-column-wrapper fusion-flex-column-wrapper-legacy\"><div class=\"fusion-column-content-centered\"><div class=\"fusion-column-content\"><div class=\"fusion-text fusion-text-21\"><p>Les derni\u00e8res ann\u00e9es du r\u00e8gne de Baudouin Ier resteront marqu\u00e9es par son refus de signer et de promulguer le projet de loi sur la d\u00e9p\u00e9nalisation de l\u2019avortement. Cette loi, vot\u00e9e par la Chambre le 29 mars 1990, soul\u00e8ve l\u2019hostilit\u00e9 du Palais. D\u00e8s le lendemain du vote, le roi \u00e9crit au Premier ministre qu\u2019il n\u2019entend pas s\u2019associer \u00e0 pareille loi.<\/p>\n<p>Pendant quatre jours, le Premier ministre et ses cinq vice-Premiers ministres vont, \u00e0 tour de r\u00f4le, \u00e9prouver la d\u00e9termination royale. La nouvelle fera l\u2019effet d\u2019une bombe. Pour se sortir de cette impasse, le gouvernement recourra \u00e0 deux articles de la Constitution, permettant une \u00e9clipse royale. Cette derni\u00e8re durera 36 heures, le temps pour les ministres de sanctionner et de promulguer la loi.<\/p>\n<\/div><\/div><\/div><div class=\"fusion-clearfix\"><\/div><\/div><\/div><\/div><\/div><div class=\"fusion-fullwidth fullwidth-box fusion-builder-row-16 nonhundred-percent-fullwidth non-hundred-percent-height-scrolling\" style=\"--awb-border-radius-top-left:0px;--awb-border-radius-top-right:0px;--awb-border-radius-bottom-right:0px;--awb-border-radius-bottom-left:0px;--awb-flex-wrap:wrap;\" ><div class=\"fusion-builder-row fusion-row\"><div class=\"fusion-layout-column fusion_builder_column fusion-builder-column-28 fusion_builder_column_1_1 1_1 fusion-one-full fusion-column-first fusion-column-last\" style=\"--awb-bg-size:cover;\"><div class=\"fusion-column-wrapper fusion-flex-column-wrapper-legacy\"><div class=\"fusion-text fusion-text-22\"><h1 style=\"text-align: center;\">1993<br \/>\nLa Belgique pleure un proche<\/h1>\n<\/div><div class=\"fusion-clearfix\"><\/div><\/div><\/div><\/div><\/div><div class=\"fusion-fullwidth fullwidth-box fusion-builder-row-17 nonhundred-percent-fullwidth non-hundred-percent-height-scrolling fusion-equal-height-columns\" style=\"--awb-border-radius-top-left:0px;--awb-border-radius-top-right:0px;--awb-border-radius-bottom-right:0px;--awb-border-radius-bottom-left:0px;--awb-flex-wrap:wrap;\" ><div class=\"fusion-builder-row fusion-row\"><div class=\"fusion-layout-column fusion_builder_column fusion-builder-column-29 fusion_builder_column_1_1 1_1 fusion-one-full fusion-column-first fusion-column-last fusion-no-medium-visibility fusion-no-large-visibility\" style=\"--awb-bg-size:cover;\"><div class=\"fusion-column-wrapper fusion-flex-column-wrapper-legacy\"><div class=\"fusion-image-element in-legacy-container\" style=\"--awb-caption-title-font-family:var(--h2_typography-font-family);--awb-caption-title-font-weight:var(--h2_typography-font-weight);--awb-caption-title-font-style:var(--h2_typography-font-style);--awb-caption-title-size:var(--h2_typography-font-size);--awb-caption-title-transform:var(--h2_typography-text-transform);--awb-caption-title-line-height:var(--h2_typography-line-height);--awb-caption-title-letter-spacing:var(--h2_typography-letter-spacing);\"><span class=\" fusion-imageframe imageframe-none imageframe-8 hover-type-none\"><img decoding=\"async\" width=\"810\" height=\"1080\" title=\"1993\" src=\"https:\/\/grand-angle.lavenir.net\/baudouin\/wp-content\/uploads\/sites\/52\/2018\/07\/1993.jpg\" alt class=\"img-responsive wp-image-14\" srcset=\"https:\/\/grand-angle.lavenir.net\/baudouin\/wp-content\/uploads\/sites\/52\/2018\/07\/1993-200x267.jpg 200w, https:\/\/grand-angle.lavenir.net\/baudouin\/wp-content\/uploads\/sites\/52\/2018\/07\/1993-400x533.jpg 400w, https:\/\/grand-angle.lavenir.net\/baudouin\/wp-content\/uploads\/sites\/52\/2018\/07\/1993-600x800.jpg 600w, https:\/\/grand-angle.lavenir.net\/baudouin\/wp-content\/uploads\/sites\/52\/2018\/07\/1993-800x1067.jpg 800w, https:\/\/grand-angle.lavenir.net\/baudouin\/wp-content\/uploads\/sites\/52\/2018\/07\/1993.jpg 810w\" sizes=\"(max-width: 800px) 100vw, 810px\" \/><\/span><\/div><div class=\"fusion-clearfix\"><\/div><\/div><\/div><div class=\"fusion-layout-column fusion_builder_column fusion-builder-column-30 fusion_builder_column_2_3 2_3 fusion-two-third fusion-column-first\" style=\"--awb-bg-size:cover;width:66.6666666667%;width:calc(66.6666666667% - ( ( 4% ) * 0.666666666667 ) );margin-right: 4%;\"><div class=\"fusion-column-wrapper fusion-flex-column-wrapper-legacy\"><div class=\"fusion-column-content-centered\"><div class=\"fusion-column-content\"><div class=\"fusion-text fusion-text-23\"><p>Le 31 juillet 1993, alors que la plupart des Belges sont en vacances et que les ministres s\u2019appr\u00eatent eux aussi \u00e0 boucler leurs valises, la nouvelle leur parvient d\u2019Espagne : le roi Baudouin est d\u00e9c\u00e9d\u00e9 d\u2019une crise cardiaque dans sa r\u00e9sidence de vacances \u00e0 Motril. La Belgique est sous le choc. Pour Jean-Luc Dehaene, Premier ministre : \u201cAujourd\u2019hui, le pays est orphelin de son souverain.\u201d De tr\u00e8s nombreux citoyens se rendent au palais royal pour d\u00e9poser quelques fleurs, se recueillir, partager un moment avec d\u2019autres\u2026 \u201cLa mort d\u2019un proche\u201d titrait Vers l\u2019Avenir dans son \u00e9dition des dimanche 1er et lundi 2 ao\u00fbt 1993. Un \u00e9v\u00e9nement et des images qui marqueront toute une g\u00e9n\u00e9ration.<\/p>\n<\/div><\/div><\/div><div class=\"fusion-clearfix\"><\/div><\/div><\/div><div class=\"fusion-layout-column fusion_builder_column fusion-builder-column-31 fusion_builder_column_1_3 1_3 fusion-one-third fusion-column-last fusion-no-small-visibility\" style=\"--awb-bg-size:cover;width:33.3333333333%;width:calc(33.3333333333% - ( ( 4% ) * 0.333333333333 ) );\"><div class=\"fusion-column-wrapper fusion-flex-column-wrapper-legacy\"><div class=\"fusion-image-element in-legacy-container\" style=\"--awb-caption-title-font-family:var(--h2_typography-font-family);--awb-caption-title-font-weight:var(--h2_typography-font-weight);--awb-caption-title-font-style:var(--h2_typography-font-style);--awb-caption-title-size:var(--h2_typography-font-size);--awb-caption-title-transform:var(--h2_typography-text-transform);--awb-caption-title-line-height:var(--h2_typography-line-height);--awb-caption-title-letter-spacing:var(--h2_typography-letter-spacing);\"><span class=\" fusion-imageframe imageframe-none imageframe-9 hover-type-none\"><img decoding=\"async\" width=\"810\" height=\"1080\" title=\"1993\" src=\"https:\/\/grand-angle.lavenir.net\/baudouin\/wp-content\/uploads\/sites\/52\/2018\/07\/1993.jpg\" alt class=\"img-responsive wp-image-14\" srcset=\"https:\/\/grand-angle.lavenir.net\/baudouin\/wp-content\/uploads\/sites\/52\/2018\/07\/1993-200x267.jpg 200w, https:\/\/grand-angle.lavenir.net\/baudouin\/wp-content\/uploads\/sites\/52\/2018\/07\/1993-400x533.jpg 400w, https:\/\/grand-angle.lavenir.net\/baudouin\/wp-content\/uploads\/sites\/52\/2018\/07\/1993-600x800.jpg 600w, https:\/\/grand-angle.lavenir.net\/baudouin\/wp-content\/uploads\/sites\/52\/2018\/07\/1993-800x1067.jpg 800w, https:\/\/grand-angle.lavenir.net\/baudouin\/wp-content\/uploads\/sites\/52\/2018\/07\/1993.jpg 810w\" sizes=\"(max-width: 800px) 100vw, 400px\" \/><\/span><\/div><div class=\"fusion-clearfix\"><\/div><\/div><\/div><\/div><\/div><div class=\"fusion-fullwidth fullwidth-box fusion-builder-row-18 nonhundred-percent-fullwidth non-hundred-percent-height-scrolling\" style=\"--awb-border-radius-top-left:0px;--awb-border-radius-top-right:0px;--awb-border-radius-bottom-right:0px;--awb-border-radius-bottom-left:0px;--awb-padding-top:10px;--awb-padding-right:0px;--awb-padding-bottom:30px;--awb-padding-left:0px;--awb-flex-wrap:wrap;\" ><div class=\"fusion-builder-row fusion-row\"><div class=\"fusion-layout-column fusion_builder_column fusion-builder-column-32 fusion_builder_column_1_1 1_1 fusion-one-full fusion-column-first fusion-column-last\" style=\"--awb-padding-top:20px;--awb-padding-right:0px;--awb-padding-bottom:0px;--awb-padding-left:0px;--awb-bg-color:#f2f2f2;--awb-bg-color-hover:#f2f2f2;--awb-bg-size:cover;--awb-margin-bottom:0px;\"><div class=\"fusion-column-wrapper fusion-flex-column-wrapper-legacy\"><div class=\"fusion-text fusion-text-24\"><p style=\"text-align: left;\"><strong><a href=\"https:\/\/www.lavenir.net\/actu\/belgique\/2018\/07\/26\/mort-de-baudouin-il-y-a-25-ans-retour-sur-londe-de-choc-qui-a-secoue-le-pays-AFZNKI5QVVH5ZJMPDJ2KYLTUV4\/\">Retour sur l\u2019onde de choc qui a secou\u00e9 le pays \u00e0 l\u2019annonce de sa mort<\/a><\/strong><\/p>\n<p style=\"text-align: left;\"><a href=\"https:\/\/www.lavenir.net\/actu\/belgique\/2018\/07\/31\/coulisses-comment-le-gouvernement-a-du-sorganiser-a-lannonce-de-la-mort-de-baudouin-TIHMGG2WWJHPLKJNCZRCSFX7ZA\/\"><span class=\"ui-provider btv btw c d e f g h i j k l m n o p q r s t btx bty w x y z ab ac ae af ag ah ai aj ak\" dir=\"ltr\"> <strong>Coulisses: comment le gouvernement belge a d\u00fb s\u2019organiser \u00e0 l\u2019annonce de la mort de Baudouin<\/strong><\/span><\/a><\/p>\n<p style=\"text-align: left;\"><a href=\"https:\/\/www.lavenir.net\/buzz\/2018\/07\/30\/que-faisiez-vous-lorsque-vous-avez-appris-la-mort-du-roi-baudouin-vos-meilleures-anecdotes-WZ3WF6CW3NDZVLYFTU7QGDFPKQ\/\"><span class=\"ui-provider btv btw c d e f g h i j k l m n o p q r s t btx bty w x y z ab ac ae af ag ah ai aj ak\" dir=\"ltr\"><strong>Ses discours et prises de position qui ont marqu\u00e9 l\u2019histoire de la Belgique<\/strong><\/span><\/a><\/p>\n<\/div><div class=\"fusion-clearfix\"><\/div><\/div><\/div><\/div><\/div><div class=\"fusion-fullwidth fullwidth-box fusion-builder-row-19 nonhundred-percent-fullwidth non-hundred-percent-height-scrolling\" style=\"--awb-border-radius-top-left:0px;--awb-border-radius-top-right:0px;--awb-border-radius-bottom-right:0px;--awb-border-radius-bottom-left:0px;--awb-flex-wrap:wrap;\" ><div class=\"fusion-builder-row fusion-row\"><div class=\"fusion-layout-column fusion_builder_column fusion-builder-column-33 fusion_builder_column_1_1 1_1 fusion-one-full fusion-column-first fusion-column-last\" style=\"--awb-bg-size:cover;\"><div class=\"fusion-column-wrapper fusion-flex-column-wrapper-legacy\"><div class=\"fusion-sharing-box fusion-sharing-box-1 boxed-icons has-taglines layout-floated layout-medium-floated layout-small-floated\" style=\"background-color:#f6f6f6;--awb-layout:row;--awb-alignment-small:space-between;\" data-title=\"Baudouin : 8 \u00e9v\u00e9nements qui ont marqu\u00e9 son r\u00e8gne\" data-description=\"De 1951 \u00e0 1993, Baudouin Ier r\u00e9gna sur ce qui fut encore la \u201cBelgique de papa\u201d. Une \u00e9poque charni\u00e8re dans laquelle notamment le Congo est devenu ind\u00e9pendant, la Belgique a organis\u00e9 l\u2019Exposition internationale de 1958, le pays a connu un terrible drame minier et le parlement s\u2019est prononc\u00e9 en faveur de l&#039;interruption volontaire de grossesse.\" data-link=\"https:\/\/grand-angle.lavenir.net\/baudouin\" data-image=\"https:\/\/grand-angle.lavenir.net\/baudouin\/wp-content\/uploads\/sites\/52\/2018\/07\/intro_16-9.jpg\"><div class=\"fusion-social-networks sharingbox-shortcode-icon-wrapper sharingbox-shortcode-icon-wrapper-1 boxed-icons\"><span><a href=\"https:\/\/www.facebook.com\/sharer.php?u=https%3A%2F%2Fgrand-angle.lavenir.net%2Fbaudouin&amp;t=Baudouin%20%3A%208%20%C3%A9v%C3%A9nements%20qui%20ont%20marqu%C3%A9%20son%20r%C3%A8gne\" target=\"_blank\" rel=\"noreferrer\" title=\"Facebook\" aria-label=\"Facebook\" data-placement=\"top\" data-toggle=\"tooltip\" data-title=\"Facebook\"><i class=\"fusion-social-network-icon fusion-tooltip fusion-facebook awb-icon-facebook\" style=\"color:#ffffff;background-color:#3b5998;border-color:#3b5998;border-radius:50%;\" aria-hidden=\"true\"><\/i><\/a><\/span><span><a href=\"https:\/\/x.com\/intent\/post?text=Baudouin%20%3A%208%20%C3%A9v%C3%A9nements%20qui%20ont%20marqu%C3%A9%20son%20r%C3%A8gne&amp;url=https%3A%2F%2Fgrand-angle.lavenir.net%2Fbaudouin\" target=\"_blank\" rel=\"noopener noreferrer\" title=\"X\" aria-label=\"X\" data-placement=\"top\" data-toggle=\"tooltip\" data-title=\"X\"><i class=\"fusion-social-network-icon fusion-tooltip fusion-twitter awb-icon-twitter\" style=\"color:#ffffff;background-color:#000000;border-color:#000000;border-radius:50%;\" aria-hidden=\"true\"><\/i><\/a><\/span><\/div><\/div><div class=\"fusion-clearfix\"><\/div><\/div><\/div><\/div><\/div><\/p>\n","protected":false},"excerpt":{"rendered":"","protected":false},"author":1,"featured_media":0,"parent":0,"menu_order":0,"comment_status":"closed","ping_status":"open","template":"100-width.php","meta":{"footnotes":""},"class_list":["post-2","page","type-page","status-publish","hentry"],"_links":{"self":[{"href":"https:\/\/grand-angle.lavenir.net\/baudouin\/wp-json\/wp\/v2\/pages\/2","targetHints":{"allow":["GET"]}}],"collection":[{"href":"https:\/\/grand-angle.lavenir.net\/baudouin\/wp-json\/wp\/v2\/pages"}],"about":[{"href":"https:\/\/grand-angle.lavenir.net\/baudouin\/wp-json\/wp\/v2\/types\/page"}],"author":[{"embeddable":true,"href":"https:\/\/grand-angle.lavenir.net\/baudouin\/wp-json\/wp\/v2\/users\/1"}],"replies":[{"embeddable":true,"href":"https:\/\/grand-angle.lavenir.net\/baudouin\/wp-json\/wp\/v2\/comments?post=2"}],"version-history":[{"count":0,"href":"https:\/\/grand-angle.lavenir.net\/baudouin\/wp-json\/wp\/v2\/pages\/2\/revisions"}],"wp:attachment":[{"href":"https:\/\/grand-angle.lavenir.net\/baudouin\/wp-json\/wp\/v2\/media?parent=2"}],"curies":[{"name":"wp","href":"https:\/\/api.w.org\/{rel}","templated":true}]}}