{"id":61,"date":"2018-12-06T11:09:50","date_gmt":"2018-12-06T10:09:50","guid":{"rendered":"https:\/\/grand-angle.lavenir.net\/a-la-decouverte-des-plus-belles-abbayes-de-wallonie\/?page_id=61"},"modified":"2018-12-14T14:16:11","modified_gmt":"2018-12-14T13:16:11","slug":"a-la-decouverte-des-plus-belles-abbayes-de-wallonie","status":"publish","type":"page","link":"https:\/\/grand-angle.lavenir.net\/a-la-decouverte-des-plus-belles-abbayes-de-wallonie\/","title":{"rendered":"\u00c0 la d\u00e9couverte des plus belles abbayes de Wallonie"},"content":{"rendered":"<p><div class=\"fusion-fullwidth fullwidth-box fusion-builder-row-1 hundred-percent-fullwidth non-hundred-percent-height-scrolling fusion-no-small-visibility fusion-no-medium-visibility\" style=\"--awb-border-radius-top-left:0px;--awb-border-radius-top-right:0px;--awb-border-radius-bottom-right:0px;--awb-border-radius-bottom-left:0px;--awb-flex-wrap:wrap;\" ><div class=\"fusion-builder-row fusion-row\"><div class=\"fusion-layout-column fusion_builder_column fusion-builder-column-0 fusion_builder_column_1_1 1_1 fusion-one-full fusion-column-first fusion-column-last\" style=\"--awb-bg-size:cover;\"><div class=\"fusion-column-wrapper fusion-flex-column-wrapper-legacy\">\n<div class=\"fusion-slider-revolution rev_slider_wrapper\">\t\t\t<!-- START abbaye REVOLUTION SLIDER 6.7.41 --><p class=\"rs-p-wp-fix\"><\/p>\n\t\t\t<rs-module-wrap id=\"rev_slider_1_1_wrapper\" data-source=\"gallery\" style=\"visibility:hidden;background:transparent;padding:0;margin:0px auto;margin-top:0;margin-bottom:0;\">\n\t\t\t\t<rs-module id=\"rev_slider_1_1\" style=\"\" data-version=\"6.7.41\">\n\t\t\t\t\t<rs-slides style=\"overflow: hidden; position: absolute;\">\n\t\t\t\t\t\t<rs-slide style=\"position: absolute;\" data-key=\"rs-2\" data-title=\"intro\" data-thumb=\"\/\/grand-angle.lavenir.net\/a-la-decouverte-des-plus-belles-abbayes-de-wallonie\/wp-content\/uploads\/sites\/60\/2018\/12\/20180923abbaye01BoisSeigneurIsaac-3.jpg\" data-anim=\"adpr:false;\" id=\"isaac\">\n\t\t\t\t\t\t\t<img decoding=\"async\" src=\"\/\/grand-angle.lavenir.net\/a-la-decouverte-des-plus-belles-abbayes-de-wallonie\/wp-content\/plugins\/revslider\/sr6\/assets\/assets\/dummy.png\" alt=\"intro\" title=\"20180923abbaye01BoisSeigneurIsaac-3\" width=\"1900\" height=\"1267\" class=\"rev-slidebg tp-rs-img rs-lazyload\" data-lazyload=\"\/\/grand-angle.lavenir.net\/a-la-decouverte-des-plus-belles-abbayes-de-wallonie\/wp-content\/plugins\/revslider\/sr6\/assets\/assets\/transparent.png\" data-bg=\"c:#ffffff;f:contain;\" data-no-retina>\n<!--\n\t\t\t\t\t\t\t--><rs-layer\n\t\t\t\t\t\t\t\tid=\"slider-1-slide-2-layer-4\" \n\t\t\t\t\t\t\t\tdata-type=\"image\"\n\t\t\t\t\t\t\t\tdata-rsp_ch=\"on\"\n\t\t\t\t\t\t\t\tdata-xy=\"x:43px;y:144px;\"\n\t\t\t\t\t\t\t\tdata-text=\"w:normal;l:22;a:inherit;\"\n\t\t\t\t\t\t\t\tdata-dim=\"w:461px;h:615px;\"\n\t\t\t\t\t\t\t\tdata-frame_0=\"tp:600;\"\n\t\t\t\t\t\t\t\tdata-frame_1=\"tp:600;sR:10;\"\n\t\t\t\t\t\t\t\tdata-frame_999=\"o:0;tp:600;st:w;sR:8690;\"\n\t\t\t\t\t\t\t\tstyle=\"z-index:7;\"\n\t\t\t\t\t\t\t><img decoding=\"async\" src=\"\/\/grand-angle.lavenir.net\/a-la-decouverte-des-plus-belles-abbayes-de-wallonie\/wp-content\/plugins\/revslider\/sr6\/assets\/assets\/dummy.png\" alt=\"\" class=\"tp-rs-img rs-lazyload\" width=\"600\" height=\"800\" data-lazyload=\"\/\/grand-angle.lavenir.net\/a-la-decouverte-des-plus-belles-abbayes-de-wallonie\/wp-content\/uploads\/sites\/60\/2018\/12\/9782390250531.png\" data-no-retina> \n\t\t\t\t\t\t\t<\/rs-layer><!--\n\n\t\t\t\t\t\t\t--><rs-layer\n\t\t\t\t\t\t\t\tid=\"slider-1-slide-2-layer-3\" \n\t\t\t\t\t\t\t\tdata-type=\"text\"\n\t\t\t\t\t\t\t\tdata-color=\"#000000\"\n\t\t\t\t\t\t\t\tdata-rsp_ch=\"on\"\n\t\t\t\t\t\t\t\tdata-xy=\"x:577px;y:359px;\"\n\t\t\t\t\t\t\t\tdata-text=\"w:normal;l:30;a:inherit;\"\n\t\t\t\t\t\t\t\tdata-dim=\"w:610px;h:236px;\"\n\t\t\t\t\t\t\t\tdata-frame_0=\"tp:600;\"\n\t\t\t\t\t\t\t\tdata-frame_1=\"tp:600;sR:10;\"\n\t\t\t\t\t\t\t\tdata-frame_999=\"o:0;tp:600;st:w;sR:8690;\"\n\t\t\t\t\t\t\t\tstyle=\"z-index:8;font-family:'Raleway';\"\n\t\t\t\t\t\t\t>Partez \u00e0 la d\u00e9couverte de 18 abbayes de Wallonie. Nous vous proposons un voyage aux 4 coins de notre r\u00e9gion gr\u00e2ce aux photos notre collaborateur, Mathieu Golinvaux dont le travail illustre l\u2019ouvrage <a href=\"https:\/\/www.racine.be\/fr\/les-plus-belles-abbayes-de-wallonie\" target=\"blank\">Les plus belles abbayes de Wallonie\"<\/a>, sign\u00e9 par Ghislain Hettich, qui vient de para\u00eetre aux \u00e9ditions Racines.\n \n\t\t\t\t\t\t\t<\/rs-layer><!--\n-->\t\t\t\t\t<\/rs-slide>\n\t\t\t\t\t\t<rs-slide style=\"position: absolute;\" data-key=\"rs-52\" data-title=\"isaac\" data-thumb=\"\/\/grand-angle.lavenir.net\/a-la-decouverte-des-plus-belles-abbayes-de-wallonie\/wp-content\/uploads\/sites\/60\/2018\/12\/20180923abbaye01BoisSeigneurIsaac-3.jpg\" data-anim=\"adpr:false;\" id=\"isaac\">\n\t\t\t\t\t\t\t<img decoding=\"async\" src=\"\/\/grand-angle.lavenir.net\/a-la-decouverte-des-plus-belles-abbayes-de-wallonie\/wp-content\/plugins\/revslider\/sr6\/assets\/assets\/dummy.png\" alt=\"\" title=\"20180923abbaye01BoisSeigneurIsaac-3\" width=\"1900\" height=\"1267\" class=\"rev-slidebg tp-rs-img rs-lazyload\" data-lazyload=\"\/\/grand-angle.lavenir.net\/a-la-decouverte-des-plus-belles-abbayes-de-wallonie\/wp-content\/uploads\/sites\/60\/2018\/12\/20180923abbaye01BoisSeigneurIsaac-3.jpg\" data-bg=\"f:contain;\" data-no-retina>\n<!--\n\t\t\t\t\t\t\t--><rs-group\n\t\t\t\t\t\t\t\tid=\"slider-1-slide-52-layer-2\" \n\t\t\t\t\t\t\t\tdata-type=\"group\"\n\t\t\t\t\t\t\t\tdata-xy=\"x:c;y:b;\"\n\t\t\t\t\t\t\t\tdata-text=\"l:22;a:inherit;\"\n\t\t\t\t\t\t\t\tdata-dim=\"w:100%;h:200px;\"\n\t\t\t\t\t\t\t\tdata-frame_0=\"tp:600;\"\n\t\t\t\t\t\t\t\tdata-frame_1=\"tp:600;sR:10;\"\n\t\t\t\t\t\t\t\tdata-frame_999=\"o:0;tp:600;st:w;sR:8690;sA:9000;\"\n\t\t\t\t\t\t\t\tstyle=\"z-index:5;\"\n\t\t\t\t\t\t\t><!--\n\t\t\t\t\t\t\t\t--><rs-layer\n\t\t\t\t\t\t\t\t\tid=\"slider-1-slide-52-layer-3\" \n\t\t\t\t\t\t\t\t\tdata-type=\"text\"\n\t\t\t\t\t\t\t\t\tdata-color=\"#ffffff\"\n\t\t\t\t\t\t\t\t\tdata-rsp_ch=\"on\"\n\t\t\t\t\t\t\t\t\tdata-xy=\"x:c;y:133px;\"\n\t\t\t\t\t\t\t\t\tdata-pos=\"a\"\n\t\t\t\t\t\t\t\t\tdata-text=\"w:normal;l:22;a:inherit;\"\n\t\t\t\t\t\t\t\t\tdata-dim=\"w:1179px;h:45px;\"\n\t\t\t\t\t\t\t\t\tdata-frame_0=\"tp:600;\"\n\t\t\t\t\t\t\t\t\tdata-frame_1=\"tp:600;\"\n\t\t\t\t\t\t\t\t\tdata-frame_999=\"o:0;tp:600;st:w;sR:8690;\"\n\t\t\t\t\t\t\t\t\tstyle=\"z-index:7;font-family:'Raleway';\"\n\t\t\t\t\t\t\t\t>Situ\u00e9e sur la commune de Braine-l'Alleud, l\u2019abbaye pr\u00e9montr\u00e9e de Bois-Seigneur-Isaac trouve ses origines entre le Xe et le XIIe si\u00e8cle. En 2010, l\u2019abbaye est devenue un monast\u00e8re libanais. \n \n\t\t\t\t\t\t\t\t<\/rs-layer><!--\n\n\t\t\t\t\t\t\t\t--><rs-layer\n\t\t\t\t\t\t\t\t\tid=\"slider-1-slide-52-layer-1\" \n\t\t\t\t\t\t\t\t\tclass=\"tp-shape tp-shapewrapper\"\n\t\t\t\t\t\t\t\t\tdata-type=\"shape\"\n\t\t\t\t\t\t\t\t\tdata-rsp_ch=\"on\"\n\t\t\t\t\t\t\t\t\tdata-xy=\"x:c;y:b;\"\n\t\t\t\t\t\t\t\t\tdata-pos=\"a\"\n\t\t\t\t\t\t\t\t\tdata-text=\"fw:100;a:inherit;\"\n\t\t\t\t\t\t\t\t\tdata-dim=\"w:100%;h:82;\"\n\t\t\t\t\t\t\t\t\tdata-frame_0=\"tp:600;\"\n\t\t\t\t\t\t\t\t\tdata-frame_1=\"tp:600;\"\n\t\t\t\t\t\t\t\t\tdata-frame_999=\"o:0;tp:600;st:w;sR:8690;\"\n\t\t\t\t\t\t\t\t\tstyle=\"z-index:6;background-color:rgba(0,0,0,0.75);\"\n\t\t\t\t\t\t\t\t> \n\t\t\t\t\t\t\t\t<\/rs-layer><!--\n\t\t\t\t\t\t\t--><\/rs-group><!--\n-->\t\t\t\t\t<\/rs-slide>\n\t\t\t\t\t\t<rs-slide style=\"position: absolute;\" data-key=\"rs-1\" data-title=\"isaac-2\" data-thumb=\"\/\/grand-angle.lavenir.net\/a-la-decouverte-des-plus-belles-abbayes-de-wallonie\/wp-content\/uploads\/sites\/60\/2018\/12\/20180923abbaye01BoisSeigneurIsaac-5.jpg\" data-anim=\"adpr:false;\">\n\t\t\t\t\t\t\t<img decoding=\"async\" src=\"\/\/grand-angle.lavenir.net\/a-la-decouverte-des-plus-belles-abbayes-de-wallonie\/wp-content\/plugins\/revslider\/sr6\/assets\/assets\/dummy.png\" alt=\"\" title=\"20180923abbaye01BoisSeigneurIsaac-5\" width=\"1267\" height=\"1900\" class=\"rev-slidebg tp-rs-img rs-lazyload\" data-lazyload=\"\/\/grand-angle.lavenir.net\/a-la-decouverte-des-plus-belles-abbayes-de-wallonie\/wp-content\/uploads\/sites\/60\/2018\/12\/20180923abbaye01BoisSeigneurIsaac-5.jpg\" data-bg=\"f:contain;\" data-no-retina>\n<!--\n\t\t\t\t\t\t\t--><rs-group\n\t\t\t\t\t\t\t\tid=\"slider-1-slide-1-layer-2\" \n\t\t\t\t\t\t\t\tdata-type=\"group\"\n\t\t\t\t\t\t\t\tdata-xy=\"x:c;y:b;\"\n\t\t\t\t\t\t\t\tdata-text=\"l:22;a:inherit;\"\n\t\t\t\t\t\t\t\tdata-dim=\"w:100%;h:200px;\"\n\t\t\t\t\t\t\t\tdata-frame_0=\"tp:600;\"\n\t\t\t\t\t\t\t\tdata-frame_1=\"tp:600;sR:10;\"\n\t\t\t\t\t\t\t\tdata-frame_999=\"o:0;tp:600;st:w;sR:8690;sA:9000;\"\n\t\t\t\t\t\t\t\tstyle=\"z-index:5;\"\n\t\t\t\t\t\t\t><!--\n\t\t\t\t\t\t\t\t--><p\n\t\t\t\t\t\t\t\t\tid=\"slider-1-slide-1-layer-3\" \n\t\t\t\t\t\t\t\t\tclass=\"rs-layer\"\n\t\t\t\t\t\t\t\t\tdata-type=\"text\"\n\t\t\t\t\t\t\t\t\tdata-color=\"#ffffff\"\n\t\t\t\t\t\t\t\t\tdata-rsp_ch=\"on\"\n\t\t\t\t\t\t\t\t\tdata-xy=\"x:c;y:133px;\"\n\t\t\t\t\t\t\t\t\tdata-pos=\"a\"\n\t\t\t\t\t\t\t\t\tdata-text=\"w:normal;l:22;a:inherit;\"\n\t\t\t\t\t\t\t\t\tdata-dim=\"w:1179px;h:45px;\"\n\t\t\t\t\t\t\t\t\tdata-frame_0=\"tp:600;\"\n\t\t\t\t\t\t\t\t\tdata-frame_1=\"tp:600;\"\n\t\t\t\t\t\t\t\t\tdata-frame_999=\"o:0;tp:600;st:w;sR:8990;\"\n\t\t\t\t\t\t\t\t\tstyle=\"z-index:7;font-family:'Raleway';\"\n\t\t\t\t\t\t\t\t>Situ\u00e9e sur la commune de Braine-l'Alleud, l\u2019abbaye pr\u00e9montr\u00e9e de Bois-Seigneur-Isaac trouve ses origines entre le Xe et le XIIe si\u00e8cle. En 2010, l\u2019abbaye est devenue un monast\u00e8re libanais.  \n\t\t\t\t\t\t\t\t<\/p><!--\n\n\t\t\t\t\t\t\t\t--><rs-layer\n\t\t\t\t\t\t\t\t\tid=\"slider-1-slide-1-layer-1\" \n\t\t\t\t\t\t\t\t\tclass=\"tp-shape tp-shapewrapper\"\n\t\t\t\t\t\t\t\t\tdata-type=\"shape\"\n\t\t\t\t\t\t\t\t\tdata-rsp_ch=\"on\"\n\t\t\t\t\t\t\t\t\tdata-xy=\"x:c;y:b;\"\n\t\t\t\t\t\t\t\t\tdata-pos=\"a\"\n\t\t\t\t\t\t\t\t\tdata-text=\"fw:100;a:inherit;\"\n\t\t\t\t\t\t\t\t\tdata-dim=\"w:100%;h:82;\"\n\t\t\t\t\t\t\t\t\tdata-frame_0=\"tp:600;\"\n\t\t\t\t\t\t\t\t\tdata-frame_1=\"tp:600;\"\n\t\t\t\t\t\t\t\t\tdata-frame_999=\"o:0;tp:600;st:w;sR:8690;\"\n\t\t\t\t\t\t\t\t\tstyle=\"z-index:6;background-color:rgba(0,0,0,0.75);\"\n\t\t\t\t\t\t\t\t> \n\t\t\t\t\t\t\t\t<\/rs-layer><!--\n\t\t\t\t\t\t\t--><\/rs-group><!--\n-->\t\t\t\t\t<\/rs-slide>\n\t\t\t\t\t\t<rs-slide style=\"position: absolute;\" data-key=\"rs-3\" data-title=\"isaac-3\" data-thumb=\"\/\/grand-angle.lavenir.net\/a-la-decouverte-des-plus-belles-abbayes-de-wallonie\/wp-content\/uploads\/sites\/60\/2018\/12\/20180923abbaye01BoisSeigneurIsaac-11.jpg\" data-anim=\"adpr:false;\">\n\t\t\t\t\t\t\t<img decoding=\"async\" src=\"\/\/grand-angle.lavenir.net\/a-la-decouverte-des-plus-belles-abbayes-de-wallonie\/wp-content\/plugins\/revslider\/sr6\/assets\/assets\/dummy.png\" alt=\"\" title=\"20180923abbaye01BoisSeigneurIsaac-11\" width=\"1900\" height=\"1267\" class=\"rev-slidebg tp-rs-img rs-lazyload\" data-lazyload=\"\/\/grand-angle.lavenir.net\/a-la-decouverte-des-plus-belles-abbayes-de-wallonie\/wp-content\/uploads\/sites\/60\/2018\/12\/20180923abbaye01BoisSeigneurIsaac-11.jpg\" data-bg=\"f:contain;\" data-no-retina>\n<!--\n\t\t\t\t\t\t\t--><rs-group\n\t\t\t\t\t\t\t\tid=\"slider-1-slide-3-layer-2\" \n\t\t\t\t\t\t\t\tdata-type=\"group\"\n\t\t\t\t\t\t\t\tdata-xy=\"x:c;y:b;\"\n\t\t\t\t\t\t\t\tdata-text=\"l:22;a:inherit;\"\n\t\t\t\t\t\t\t\tdata-dim=\"w:100%;h:200px;\"\n\t\t\t\t\t\t\t\tdata-frame_0=\"tp:600;\"\n\t\t\t\t\t\t\t\tdata-frame_1=\"tp:600;sR:10;\"\n\t\t\t\t\t\t\t\tdata-frame_999=\"o:0;tp:600;st:w;sR:8690;sA:9000;\"\n\t\t\t\t\t\t\t\tstyle=\"z-index:5;\"\n\t\t\t\t\t\t\t><!--\n\t\t\t\t\t\t\t\t--><rs-layer\n\t\t\t\t\t\t\t\t\tid=\"slider-1-slide-3-layer-3\" \n\t\t\t\t\t\t\t\t\tdata-type=\"text\"\n\t\t\t\t\t\t\t\t\tdata-color=\"#ffffff\"\n\t\t\t\t\t\t\t\t\tdata-rsp_ch=\"on\"\n\t\t\t\t\t\t\t\t\tdata-xy=\"x:c;y:133px;\"\n\t\t\t\t\t\t\t\t\tdata-pos=\"a\"\n\t\t\t\t\t\t\t\t\tdata-text=\"w:normal;l:22;a:inherit;\"\n\t\t\t\t\t\t\t\t\tdata-dim=\"w:1179px;h:45px;\"\n\t\t\t\t\t\t\t\t\tdata-frame_0=\"tp:600;\"\n\t\t\t\t\t\t\t\t\tdata-frame_1=\"tp:600;\"\n\t\t\t\t\t\t\t\t\tdata-frame_999=\"o:0;tp:600;st:w;sR:8690;\"\n\t\t\t\t\t\t\t\t\tstyle=\"z-index:7;font-family:'Raleway';\"\n\t\t\t\t\t\t\t\t>Situ\u00e9e sur la commune de Braine-l'Alleud, l\u2019abbaye pr\u00e9montr\u00e9e de Bois-Seigneur-Isaac trouve ses origines entre le Xe et le XIIe si\u00e8cle. En 2010, l\u2019abbaye est devenue un monast\u00e8re libanais. \n \n\t\t\t\t\t\t\t\t<\/rs-layer><!--\n\n\t\t\t\t\t\t\t\t--><rs-layer\n\t\t\t\t\t\t\t\t\tid=\"slider-1-slide-3-layer-1\" \n\t\t\t\t\t\t\t\t\tclass=\"tp-shape tp-shapewrapper\"\n\t\t\t\t\t\t\t\t\tdata-type=\"shape\"\n\t\t\t\t\t\t\t\t\tdata-rsp_ch=\"on\"\n\t\t\t\t\t\t\t\t\tdata-xy=\"x:c;y:b;\"\n\t\t\t\t\t\t\t\t\tdata-pos=\"a\"\n\t\t\t\t\t\t\t\t\tdata-text=\"fw:100;a:inherit;\"\n\t\t\t\t\t\t\t\t\tdata-dim=\"w:100%;h:82;\"\n\t\t\t\t\t\t\t\t\tdata-frame_0=\"tp:600;\"\n\t\t\t\t\t\t\t\t\tdata-frame_1=\"tp:600;\"\n\t\t\t\t\t\t\t\t\tdata-frame_999=\"o:0;tp:600;st:w;sR:8690;\"\n\t\t\t\t\t\t\t\t\tstyle=\"z-index:6;background-color:rgba(0,0,0,0.75);\"\n\t\t\t\t\t\t\t\t> \n\t\t\t\t\t\t\t\t<\/rs-layer><!--\n\t\t\t\t\t\t\t--><\/rs-group><!--\n-->\t\t\t\t\t<\/rs-slide>\n\t\t\t\t\t\t<rs-slide style=\"position: absolute;\" data-key=\"rs-4\" data-title=\"nivelles\" data-thumb=\"\/\/grand-angle.lavenir.net\/a-la-decouverte-des-plus-belles-abbayes-de-wallonie\/wp-content\/uploads\/sites\/60\/2018\/12\/20180923abbaye02Nivelles-9.jpg\" data-anim=\"adpr:false;\">\n\t\t\t\t\t\t\t<img decoding=\"async\" src=\"\/\/grand-angle.lavenir.net\/a-la-decouverte-des-plus-belles-abbayes-de-wallonie\/wp-content\/plugins\/revslider\/sr6\/assets\/assets\/dummy.png\" alt=\"\" title=\"20180923abbaye02Nivelles-9\" width=\"1900\" height=\"1267\" class=\"rev-slidebg tp-rs-img rs-lazyload\" data-lazyload=\"\/\/grand-angle.lavenir.net\/a-la-decouverte-des-plus-belles-abbayes-de-wallonie\/wp-content\/uploads\/sites\/60\/2018\/12\/20180923abbaye02Nivelles-9.jpg\" data-bg=\"f:contain;\" data-no-retina>\n<!--\n\t\t\t\t\t\t\t--><rs-group\n\t\t\t\t\t\t\t\tid=\"slider-1-slide-4-layer-2\" \n\t\t\t\t\t\t\t\tdata-type=\"group\"\n\t\t\t\t\t\t\t\tdata-xy=\"x:c;y:b;\"\n\t\t\t\t\t\t\t\tdata-text=\"l:22;a:inherit;\"\n\t\t\t\t\t\t\t\tdata-dim=\"w:100%;h:200px;\"\n\t\t\t\t\t\t\t\tdata-frame_0=\"tp:600;\"\n\t\t\t\t\t\t\t\tdata-frame_1=\"tp:600;sR:10;\"\n\t\t\t\t\t\t\t\tdata-frame_999=\"o:0;tp:600;st:w;sR:8690;sA:9000;\"\n\t\t\t\t\t\t\t\tstyle=\"z-index:5;\"\n\t\t\t\t\t\t\t><!--\n\t\t\t\t\t\t\t\t--><rs-layer\n\t\t\t\t\t\t\t\t\tid=\"slider-1-slide-4-layer-3\" \n\t\t\t\t\t\t\t\t\tdata-type=\"text\"\n\t\t\t\t\t\t\t\t\tdata-color=\"#ffffff\"\n\t\t\t\t\t\t\t\t\tdata-rsp_ch=\"on\"\n\t\t\t\t\t\t\t\t\tdata-xy=\"x:c;y:133px;\"\n\t\t\t\t\t\t\t\t\tdata-pos=\"a\"\n\t\t\t\t\t\t\t\t\tdata-text=\"w:normal;l:22;a:inherit;\"\n\t\t\t\t\t\t\t\t\tdata-dim=\"w:1179px;h:45px;\"\n\t\t\t\t\t\t\t\t\tdata-frame_0=\"tp:600;\"\n\t\t\t\t\t\t\t\t\tdata-frame_1=\"tp:600;\"\n\t\t\t\t\t\t\t\t\tdata-frame_999=\"o:0;tp:600;st:w;sR:8990;\"\n\t\t\t\t\t\t\t\t\tstyle=\"z-index:7;font-family:'Raleway';\"\n\t\t\t\t\t\t\t\t>L'abbaye de Nivelles a \u00e9t\u00e9  fond\u00e9e vers 648-649 par la veuve de P\u00e9pin de Landen. Son \u00e9glise abbatiale, touch\u00e9e par des bombardement en 1940, est devenue une coll\u00e9giale. C\u2019est le seul b\u00e2timent qui subsiste de l\u2019abbaye.  \n\t\t\t\t\t\t\t\t<\/rs-layer><!--\n\n\t\t\t\t\t\t\t\t--><rs-layer\n\t\t\t\t\t\t\t\t\tid=\"slider-1-slide-4-layer-1\" \n\t\t\t\t\t\t\t\t\tclass=\"tp-shape tp-shapewrapper\"\n\t\t\t\t\t\t\t\t\tdata-type=\"shape\"\n\t\t\t\t\t\t\t\t\tdata-rsp_ch=\"on\"\n\t\t\t\t\t\t\t\t\tdata-xy=\"x:c;y:b;\"\n\t\t\t\t\t\t\t\t\tdata-pos=\"a\"\n\t\t\t\t\t\t\t\t\tdata-text=\"fw:100;a:inherit;\"\n\t\t\t\t\t\t\t\t\tdata-dim=\"w:100%;h:82px;\"\n\t\t\t\t\t\t\t\t\tdata-frame_0=\"tp:600;\"\n\t\t\t\t\t\t\t\t\tdata-frame_1=\"tp:600;\"\n\t\t\t\t\t\t\t\t\tdata-frame_999=\"o:0;tp:600;st:w;sR:8690;\"\n\t\t\t\t\t\t\t\t\tstyle=\"z-index:6;background-color:rgba(0,0,0,0.75);\"\n\t\t\t\t\t\t\t\t> \n\t\t\t\t\t\t\t\t<\/rs-layer><!--\n\t\t\t\t\t\t\t--><\/rs-group><!--\n-->\t\t\t\t\t<\/rs-slide>\n\t\t\t\t\t\t<rs-slide style=\"position: absolute;\" data-key=\"rs-5\" data-title=\"nivelles-2\" data-thumb=\"\/\/grand-angle.lavenir.net\/a-la-decouverte-des-plus-belles-abbayes-de-wallonie\/wp-content\/uploads\/sites\/60\/2018\/12\/20180923abbaye02Nivelles-2.jpg\" data-anim=\"adpr:false;\">\n\t\t\t\t\t\t\t<img decoding=\"async\" src=\"\/\/grand-angle.lavenir.net\/a-la-decouverte-des-plus-belles-abbayes-de-wallonie\/wp-content\/plugins\/revslider\/sr6\/assets\/assets\/dummy.png\" alt=\"\" title=\"20180923abbaye02Nivelles-2\" width=\"1900\" height=\"1267\" class=\"rev-slidebg tp-rs-img rs-lazyload\" data-lazyload=\"\/\/grand-angle.lavenir.net\/a-la-decouverte-des-plus-belles-abbayes-de-wallonie\/wp-content\/uploads\/sites\/60\/2018\/12\/20180923abbaye02Nivelles-2.jpg\" data-bg=\"f:contain;\" data-no-retina>\n<!--\n\t\t\t\t\t\t\t--><rs-group\n\t\t\t\t\t\t\t\tid=\"slider-1-slide-5-layer-2\" \n\t\t\t\t\t\t\t\tdata-type=\"group\"\n\t\t\t\t\t\t\t\tdata-xy=\"x:c;y:b;\"\n\t\t\t\t\t\t\t\tdata-text=\"l:22;a:inherit;\"\n\t\t\t\t\t\t\t\tdata-dim=\"w:100%;h:200px;\"\n\t\t\t\t\t\t\t\tdata-frame_0=\"tp:600;\"\n\t\t\t\t\t\t\t\tdata-frame_1=\"tp:600;sR:10;\"\n\t\t\t\t\t\t\t\tdata-frame_999=\"o:0;tp:600;st:w;sR:8690;sA:9000;\"\n\t\t\t\t\t\t\t\tstyle=\"z-index:5;\"\n\t\t\t\t\t\t\t><!--\n\t\t\t\t\t\t\t\t--><rs-layer\n\t\t\t\t\t\t\t\t\tid=\"slider-1-slide-5-layer-3\" \n\t\t\t\t\t\t\t\t\tdata-type=\"text\"\n\t\t\t\t\t\t\t\t\tdata-color=\"#ffffff\"\n\t\t\t\t\t\t\t\t\tdata-rsp_ch=\"on\"\n\t\t\t\t\t\t\t\t\tdata-xy=\"x:c;y:133px;\"\n\t\t\t\t\t\t\t\t\tdata-pos=\"a\"\n\t\t\t\t\t\t\t\t\tdata-text=\"w:normal;l:22;a:inherit;\"\n\t\t\t\t\t\t\t\t\tdata-dim=\"w:1179px;h:45px;\"\n\t\t\t\t\t\t\t\t\tdata-frame_0=\"tp:600;\"\n\t\t\t\t\t\t\t\t\tdata-frame_1=\"tp:600;\"\n\t\t\t\t\t\t\t\t\tdata-frame_999=\"o:0;tp:600;st:w;sR:8690;\"\n\t\t\t\t\t\t\t\t\tstyle=\"z-index:7;font-family:'Raleway';\"\n\t\t\t\t\t\t\t\t>L'abbaye de Nivelles a \u00e9t\u00e9  fond\u00e9e vers 648-649 par la veuve de P\u00e9pin de Landen. Son \u00e9glise abbatiale, touch\u00e9e par des bombardement en 1940, est devenue une coll\u00e9giale. C\u2019est le seul b\u00e2timent qui subsiste de l\u2019abbaye.  \n\t\t\t\t\t\t\t\t<\/rs-layer><!--\n\n\t\t\t\t\t\t\t\t--><rs-layer\n\t\t\t\t\t\t\t\t\tid=\"slider-1-slide-5-layer-1\" \n\t\t\t\t\t\t\t\t\tclass=\"tp-shape tp-shapewrapper\"\n\t\t\t\t\t\t\t\t\tdata-type=\"shape\"\n\t\t\t\t\t\t\t\t\tdata-rsp_ch=\"on\"\n\t\t\t\t\t\t\t\t\tdata-xy=\"x:c;y:b;\"\n\t\t\t\t\t\t\t\t\tdata-pos=\"a\"\n\t\t\t\t\t\t\t\t\tdata-text=\"fw:100;a:inherit;\"\n\t\t\t\t\t\t\t\t\tdata-dim=\"w:100%;h:82px;\"\n\t\t\t\t\t\t\t\t\tdata-frame_0=\"tp:600;\"\n\t\t\t\t\t\t\t\t\tdata-frame_1=\"tp:600;\"\n\t\t\t\t\t\t\t\t\tdata-frame_999=\"o:0;tp:600;st:w;sR:8690;\"\n\t\t\t\t\t\t\t\t\tstyle=\"z-index:6;background-color:rgba(0,0,0,0.75);\"\n\t\t\t\t\t\t\t\t> \n\t\t\t\t\t\t\t\t<\/rs-layer><!--\n\t\t\t\t\t\t\t--><\/rs-group><!--\n-->\t\t\t\t\t<\/rs-slide>\n\t\t\t\t\t\t<rs-slide style=\"position: absolute;\" data-key=\"rs-6\" data-title=\"nivelles-3\" data-thumb=\"\/\/grand-angle.lavenir.net\/a-la-decouverte-des-plus-belles-abbayes-de-wallonie\/wp-content\/uploads\/sites\/60\/2018\/12\/20180923abbaye02Nivelles-1.jpg\" data-anim=\"adpr:false;\">\n\t\t\t\t\t\t\t<img decoding=\"async\" src=\"\/\/grand-angle.lavenir.net\/a-la-decouverte-des-plus-belles-abbayes-de-wallonie\/wp-content\/plugins\/revslider\/sr6\/assets\/assets\/dummy.png\" alt=\"\" title=\"20180923abbaye02Nivelles-1\" width=\"1900\" height=\"1267\" class=\"rev-slidebg tp-rs-img rs-lazyload\" data-lazyload=\"\/\/grand-angle.lavenir.net\/a-la-decouverte-des-plus-belles-abbayes-de-wallonie\/wp-content\/uploads\/sites\/60\/2018\/12\/20180923abbaye02Nivelles-1.jpg\" data-bg=\"f:contain;\" data-no-retina>\n<!--\n\t\t\t\t\t\t\t--><rs-group\n\t\t\t\t\t\t\t\tid=\"slider-1-slide-6-layer-2\" \n\t\t\t\t\t\t\t\tdata-type=\"group\"\n\t\t\t\t\t\t\t\tdata-xy=\"x:c;y:b;\"\n\t\t\t\t\t\t\t\tdata-text=\"l:22;a:inherit;\"\n\t\t\t\t\t\t\t\tdata-dim=\"w:100%;h:200px;\"\n\t\t\t\t\t\t\t\tdata-frame_0=\"tp:600;\"\n\t\t\t\t\t\t\t\tdata-frame_1=\"tp:600;sR:10;\"\n\t\t\t\t\t\t\t\tdata-frame_999=\"o:0;tp:600;st:w;sR:8690;sA:9000;\"\n\t\t\t\t\t\t\t\tstyle=\"z-index:5;\"\n\t\t\t\t\t\t\t><!--\n\t\t\t\t\t\t\t\t--><rs-layer\n\t\t\t\t\t\t\t\t\tid=\"slider-1-slide-6-layer-3\" \n\t\t\t\t\t\t\t\t\tdata-type=\"text\"\n\t\t\t\t\t\t\t\t\tdata-color=\"#ffffff\"\n\t\t\t\t\t\t\t\t\tdata-rsp_ch=\"on\"\n\t\t\t\t\t\t\t\t\tdata-xy=\"x:c;y:133px;\"\n\t\t\t\t\t\t\t\t\tdata-pos=\"a\"\n\t\t\t\t\t\t\t\t\tdata-text=\"w:normal;l:22;a:inherit;\"\n\t\t\t\t\t\t\t\t\tdata-dim=\"w:1179px;h:45px;\"\n\t\t\t\t\t\t\t\t\tdata-frame_0=\"tp:600;\"\n\t\t\t\t\t\t\t\t\tdata-frame_1=\"tp:600;\"\n\t\t\t\t\t\t\t\t\tdata-frame_999=\"o:0;tp:600;st:w;sR:8690;\"\n\t\t\t\t\t\t\t\t\tstyle=\"z-index:7;font-family:'Raleway';\"\n\t\t\t\t\t\t\t\t>L'abbaye de Nivelles a \u00e9t\u00e9  fond\u00e9e vers 648-649 par la veuve de P\u00e9pin de Landen. Son \u00e9glise abbatiale, touch\u00e9e par des bombardement en 1940, est devenue une coll\u00e9giale. C\u2019est le seul b\u00e2timent qui subsiste de l\u2019abbaye.  \n\t\t\t\t\t\t\t\t<\/rs-layer><!--\n\n\t\t\t\t\t\t\t\t--><rs-layer\n\t\t\t\t\t\t\t\t\tid=\"slider-1-slide-6-layer-1\" \n\t\t\t\t\t\t\t\t\tclass=\"tp-shape tp-shapewrapper\"\n\t\t\t\t\t\t\t\t\tdata-type=\"shape\"\n\t\t\t\t\t\t\t\t\tdata-rsp_ch=\"on\"\n\t\t\t\t\t\t\t\t\tdata-xy=\"x:c;y:b;\"\n\t\t\t\t\t\t\t\t\tdata-pos=\"a\"\n\t\t\t\t\t\t\t\t\tdata-text=\"fw:100;a:inherit;\"\n\t\t\t\t\t\t\t\t\tdata-dim=\"w:100%;h:82px;\"\n\t\t\t\t\t\t\t\t\tdata-frame_0=\"tp:600;\"\n\t\t\t\t\t\t\t\t\tdata-frame_1=\"tp:600;\"\n\t\t\t\t\t\t\t\t\tdata-frame_999=\"o:0;tp:600;st:w;sR:8690;\"\n\t\t\t\t\t\t\t\t\tstyle=\"z-index:6;background-color:rgba(0,0,0,0.75);\"\n\t\t\t\t\t\t\t\t> \n\t\t\t\t\t\t\t\t<\/rs-layer><!--\n\t\t\t\t\t\t\t--><\/rs-group><!--\n-->\t\t\t\t\t<\/rs-slide>\n\t\t\t\t\t\t<rs-slide style=\"position: absolute;\" data-key=\"rs-7\" data-title=\"villers\" data-thumb=\"\/\/grand-angle.lavenir.net\/a-la-decouverte-des-plus-belles-abbayes-de-wallonie\/wp-content\/uploads\/sites\/60\/2018\/12\/20180923abbaye03Villers-9.jpg\" data-anim=\"adpr:false;\">\n\t\t\t\t\t\t\t<img decoding=\"async\" src=\"\/\/grand-angle.lavenir.net\/a-la-decouverte-des-plus-belles-abbayes-de-wallonie\/wp-content\/plugins\/revslider\/sr6\/assets\/assets\/dummy.png\" alt=\"\" title=\"20180923abbaye03Villers-9\" width=\"1900\" height=\"1267\" class=\"rev-slidebg tp-rs-img rs-lazyload\" data-lazyload=\"\/\/grand-angle.lavenir.net\/a-la-decouverte-des-plus-belles-abbayes-de-wallonie\/wp-content\/uploads\/sites\/60\/2018\/12\/20180923abbaye03Villers-9.jpg\" data-bg=\"f:contain;\" data-no-retina>\n<!--\n\t\t\t\t\t\t\t--><rs-group\n\t\t\t\t\t\t\t\tid=\"slider-1-slide-7-layer-2\" \n\t\t\t\t\t\t\t\tdata-type=\"group\"\n\t\t\t\t\t\t\t\tdata-xy=\"x:c;y:b;\"\n\t\t\t\t\t\t\t\tdata-text=\"l:22;a:inherit;\"\n\t\t\t\t\t\t\t\tdata-dim=\"w:100%;h:200px;\"\n\t\t\t\t\t\t\t\tdata-frame_0=\"tp:600;\"\n\t\t\t\t\t\t\t\tdata-frame_1=\"tp:600;sR:10;\"\n\t\t\t\t\t\t\t\tdata-frame_999=\"o:0;tp:600;st:w;sR:8690;sA:9000;\"\n\t\t\t\t\t\t\t\tstyle=\"z-index:5;\"\n\t\t\t\t\t\t\t><!--\n\t\t\t\t\t\t\t\t--><rs-layer\n\t\t\t\t\t\t\t\t\tid=\"slider-1-slide-7-layer-3\" \n\t\t\t\t\t\t\t\t\tdata-type=\"text\"\n\t\t\t\t\t\t\t\t\tdata-color=\"#ffffff\"\n\t\t\t\t\t\t\t\t\tdata-rsp_ch=\"on\"\n\t\t\t\t\t\t\t\t\tdata-xy=\"x:c;y:133px;\"\n\t\t\t\t\t\t\t\t\tdata-pos=\"a\"\n\t\t\t\t\t\t\t\t\tdata-text=\"w:normal;l:22;a:inherit;\"\n\t\t\t\t\t\t\t\t\tdata-dim=\"w:1179px;h:45px;\"\n\t\t\t\t\t\t\t\t\tdata-frame_0=\"tp:600;\"\n\t\t\t\t\t\t\t\t\tdata-frame_1=\"tp:600;\"\n\t\t\t\t\t\t\t\t\tdata-frame_999=\"o:0;tp:600;st:w;sR:8990;\"\n\t\t\t\t\t\t\t\t\tstyle=\"z-index:7;font-family:'Raleway';\"\n\t\t\t\t\t\t\t\t>Fond\u00e9e en 1146, l\u2019abbaye de Villers-la-Ville est un des plus grands ensembles arch\u00e9ologiques de Belgique. Le site comporte notamment 5.000 m\u00b2 de vo\u00fbtes romanes et gothiques.  \n\t\t\t\t\t\t\t\t<\/rs-layer><!--\n\n\t\t\t\t\t\t\t\t--><rs-layer\n\t\t\t\t\t\t\t\t\tid=\"slider-1-slide-7-layer-1\" \n\t\t\t\t\t\t\t\t\tclass=\"tp-shape tp-shapewrapper\"\n\t\t\t\t\t\t\t\t\tdata-type=\"shape\"\n\t\t\t\t\t\t\t\t\tdata-rsp_ch=\"on\"\n\t\t\t\t\t\t\t\t\tdata-xy=\"x:c;y:b;\"\n\t\t\t\t\t\t\t\t\tdata-pos=\"a\"\n\t\t\t\t\t\t\t\t\tdata-text=\"fw:100;a:inherit;\"\n\t\t\t\t\t\t\t\t\tdata-dim=\"w:100%;h:82px;\"\n\t\t\t\t\t\t\t\t\tdata-frame_0=\"tp:600;\"\n\t\t\t\t\t\t\t\t\tdata-frame_1=\"tp:600;\"\n\t\t\t\t\t\t\t\t\tdata-frame_999=\"o:0;tp:600;st:w;sR:8690;\"\n\t\t\t\t\t\t\t\t\tstyle=\"z-index:6;background-color:rgba(0,0,0,0.75);\"\n\t\t\t\t\t\t\t\t> \n\t\t\t\t\t\t\t\t<\/rs-layer><!--\n\t\t\t\t\t\t\t--><\/rs-group><!--\n-->\t\t\t\t\t<\/rs-slide>\n\t\t\t\t\t\t<rs-slide style=\"position: absolute;\" data-key=\"rs-8\" data-title=\"villers-1\" data-thumb=\"\/\/grand-angle.lavenir.net\/a-la-decouverte-des-plus-belles-abbayes-de-wallonie\/wp-content\/uploads\/sites\/60\/2018\/12\/20180923abbaye03Villers-8.jpg\" data-anim=\"adpr:false;\">\n\t\t\t\t\t\t\t<img decoding=\"async\" src=\"\/\/grand-angle.lavenir.net\/a-la-decouverte-des-plus-belles-abbayes-de-wallonie\/wp-content\/plugins\/revslider\/sr6\/assets\/assets\/dummy.png\" alt=\"\" title=\"20180923abbaye03Villers-8\" width=\"1900\" height=\"1267\" class=\"rev-slidebg tp-rs-img rs-lazyload\" data-lazyload=\"\/\/grand-angle.lavenir.net\/a-la-decouverte-des-plus-belles-abbayes-de-wallonie\/wp-content\/uploads\/sites\/60\/2018\/12\/20180923abbaye03Villers-8.jpg\" data-bg=\"f:contain;\" data-no-retina>\n<!--\n\t\t\t\t\t\t\t--><rs-group\n\t\t\t\t\t\t\t\tid=\"slider-1-slide-8-layer-2\" \n\t\t\t\t\t\t\t\tdata-type=\"group\"\n\t\t\t\t\t\t\t\tdata-xy=\"x:c;y:b;\"\n\t\t\t\t\t\t\t\tdata-text=\"l:22;a:inherit;\"\n\t\t\t\t\t\t\t\tdata-dim=\"w:100%;h:200px;\"\n\t\t\t\t\t\t\t\tdata-frame_0=\"tp:600;\"\n\t\t\t\t\t\t\t\tdata-frame_1=\"tp:600;sR:10;\"\n\t\t\t\t\t\t\t\tdata-frame_999=\"o:0;tp:600;st:w;sR:8690;sA:9000;\"\n\t\t\t\t\t\t\t\tstyle=\"z-index:5;\"\n\t\t\t\t\t\t\t><!--\n\t\t\t\t\t\t\t\t--><rs-layer\n\t\t\t\t\t\t\t\t\tid=\"slider-1-slide-8-layer-3\" \n\t\t\t\t\t\t\t\t\tdata-type=\"text\"\n\t\t\t\t\t\t\t\t\tdata-color=\"#ffffff\"\n\t\t\t\t\t\t\t\t\tdata-rsp_ch=\"on\"\n\t\t\t\t\t\t\t\t\tdata-xy=\"x:c;y:133px;\"\n\t\t\t\t\t\t\t\t\tdata-pos=\"a\"\n\t\t\t\t\t\t\t\t\tdata-text=\"w:normal;l:22;a:inherit;\"\n\t\t\t\t\t\t\t\t\tdata-dim=\"w:1179px;h:45px;\"\n\t\t\t\t\t\t\t\t\tdata-frame_0=\"tp:600;\"\n\t\t\t\t\t\t\t\t\tdata-frame_1=\"tp:600;\"\n\t\t\t\t\t\t\t\t\tdata-frame_999=\"o:0;tp:600;st:w;sR:8690;\"\n\t\t\t\t\t\t\t\t\tstyle=\"z-index:7;font-family:'Raleway';\"\n\t\t\t\t\t\t\t\t>Fond\u00e9e en 1146, l\u2019abbaye de Villers-la-Ville est un des plus grands ensembles arch\u00e9ologiques de Belgique. Le site comporte notamment 5.000 m\u00b2 de vo\u00fbtes romanes et gothiques.  \n\t\t\t\t\t\t\t\t<\/rs-layer><!--\n\n\t\t\t\t\t\t\t\t--><rs-layer\n\t\t\t\t\t\t\t\t\tid=\"slider-1-slide-8-layer-1\" \n\t\t\t\t\t\t\t\t\tclass=\"tp-shape tp-shapewrapper\"\n\t\t\t\t\t\t\t\t\tdata-type=\"shape\"\n\t\t\t\t\t\t\t\t\tdata-rsp_ch=\"on\"\n\t\t\t\t\t\t\t\t\tdata-xy=\"x:c;y:b;\"\n\t\t\t\t\t\t\t\t\tdata-pos=\"a\"\n\t\t\t\t\t\t\t\t\tdata-text=\"fw:100;a:inherit;\"\n\t\t\t\t\t\t\t\t\tdata-dim=\"w:100%;h:82px;\"\n\t\t\t\t\t\t\t\t\tdata-frame_0=\"tp:600;\"\n\t\t\t\t\t\t\t\t\tdata-frame_1=\"tp:600;\"\n\t\t\t\t\t\t\t\t\tdata-frame_999=\"o:0;tp:600;st:w;sR:8690;\"\n\t\t\t\t\t\t\t\t\tstyle=\"z-index:6;background-color:rgba(0,0,0,0.75);\"\n\t\t\t\t\t\t\t\t> \n\t\t\t\t\t\t\t\t<\/rs-layer><!--\n\t\t\t\t\t\t\t--><\/rs-group><!--\n-->\t\t\t\t\t<\/rs-slide>\n\t\t\t\t\t\t<rs-slide style=\"position: absolute;\" data-key=\"rs-9\" data-title=\"villers-2\" data-thumb=\"\/\/grand-angle.lavenir.net\/a-la-decouverte-des-plus-belles-abbayes-de-wallonie\/wp-content\/uploads\/sites\/60\/2018\/12\/20180923abbaye03Villers-6.jpg\" data-anim=\"adpr:false;\">\n\t\t\t\t\t\t\t<img decoding=\"async\" src=\"\/\/grand-angle.lavenir.net\/a-la-decouverte-des-plus-belles-abbayes-de-wallonie\/wp-content\/plugins\/revslider\/sr6\/assets\/assets\/dummy.png\" alt=\"\" title=\"20180923abbaye03Villers-6\" width=\"1900\" height=\"1267\" class=\"rev-slidebg tp-rs-img rs-lazyload\" data-lazyload=\"\/\/grand-angle.lavenir.net\/a-la-decouverte-des-plus-belles-abbayes-de-wallonie\/wp-content\/uploads\/sites\/60\/2018\/12\/20180923abbaye03Villers-6.jpg\" data-bg=\"f:contain;\" data-no-retina>\n<!--\n\t\t\t\t\t\t\t--><rs-group\n\t\t\t\t\t\t\t\tid=\"slider-1-slide-9-layer-2\" \n\t\t\t\t\t\t\t\tdata-type=\"group\"\n\t\t\t\t\t\t\t\tdata-xy=\"x:c;y:b;\"\n\t\t\t\t\t\t\t\tdata-text=\"l:22;a:inherit;\"\n\t\t\t\t\t\t\t\tdata-dim=\"w:100%;h:200px;\"\n\t\t\t\t\t\t\t\tdata-frame_0=\"tp:600;\"\n\t\t\t\t\t\t\t\tdata-frame_1=\"tp:600;sR:10;\"\n\t\t\t\t\t\t\t\tdata-frame_999=\"o:0;tp:600;st:w;sR:8690;sA:9000;\"\n\t\t\t\t\t\t\t\tstyle=\"z-index:5;\"\n\t\t\t\t\t\t\t><!--\n\t\t\t\t\t\t\t\t--><rs-layer\n\t\t\t\t\t\t\t\t\tid=\"slider-1-slide-9-layer-3\" \n\t\t\t\t\t\t\t\t\tdata-type=\"text\"\n\t\t\t\t\t\t\t\t\tdata-color=\"#ffffff\"\n\t\t\t\t\t\t\t\t\tdata-rsp_ch=\"on\"\n\t\t\t\t\t\t\t\t\tdata-xy=\"x:c;y:133px;\"\n\t\t\t\t\t\t\t\t\tdata-pos=\"a\"\n\t\t\t\t\t\t\t\t\tdata-text=\"w:normal;l:22;a:inherit;\"\n\t\t\t\t\t\t\t\t\tdata-dim=\"w:1179px;h:45px;\"\n\t\t\t\t\t\t\t\t\tdata-frame_0=\"tp:600;\"\n\t\t\t\t\t\t\t\t\tdata-frame_1=\"tp:600;\"\n\t\t\t\t\t\t\t\t\tdata-frame_999=\"o:0;tp:600;st:w;sR:8690;\"\n\t\t\t\t\t\t\t\t\tstyle=\"z-index:7;font-family:'Raleway';\"\n\t\t\t\t\t\t\t\t>Fond\u00e9e en 1146, l\u2019abbaye de Villers-la-Ville est un des plus grands ensembles arch\u00e9ologiques de Belgique. Le site comporte notamment 5.000 m\u00b2 de vo\u00fbtes romanes et gothiques.  \n\t\t\t\t\t\t\t\t<\/rs-layer><!--\n\n\t\t\t\t\t\t\t\t--><rs-layer\n\t\t\t\t\t\t\t\t\tid=\"slider-1-slide-9-layer-1\" \n\t\t\t\t\t\t\t\t\tclass=\"tp-shape tp-shapewrapper\"\n\t\t\t\t\t\t\t\t\tdata-type=\"shape\"\n\t\t\t\t\t\t\t\t\tdata-rsp_ch=\"on\"\n\t\t\t\t\t\t\t\t\tdata-xy=\"x:c;y:b;\"\n\t\t\t\t\t\t\t\t\tdata-pos=\"a\"\n\t\t\t\t\t\t\t\t\tdata-text=\"fw:100;a:inherit;\"\n\t\t\t\t\t\t\t\t\tdata-dim=\"w:100%;h:82px;\"\n\t\t\t\t\t\t\t\t\tdata-frame_0=\"tp:600;\"\n\t\t\t\t\t\t\t\t\tdata-frame_1=\"tp:600;\"\n\t\t\t\t\t\t\t\t\tdata-frame_999=\"o:0;tp:600;st:w;sR:8690;\"\n\t\t\t\t\t\t\t\t\tstyle=\"z-index:6;background-color:rgba(0,0,0,0.75);\"\n\t\t\t\t\t\t\t\t> \n\t\t\t\t\t\t\t\t<\/rs-layer><!--\n\t\t\t\t\t\t\t--><\/rs-group><!--\n-->\t\t\t\t\t<\/rs-slide>\n\t\t\t\t\t\t<rs-slide style=\"position: absolute;\" data-key=\"rs-10\" data-title=\"aulne\" data-thumb=\"\/\/grand-angle.lavenir.net\/a-la-decouverte-des-plus-belles-abbayes-de-wallonie\/wp-content\/uploads\/sites\/60\/2018\/12\/20180923abbaye04Aulne-1.jpg\" data-anim=\"adpr:false;\">\n\t\t\t\t\t\t\t<img decoding=\"async\" src=\"\/\/grand-angle.lavenir.net\/a-la-decouverte-des-plus-belles-abbayes-de-wallonie\/wp-content\/plugins\/revslider\/sr6\/assets\/assets\/dummy.png\" alt=\"\" title=\"20180923abbaye04Aulne-1\" width=\"1900\" height=\"1267\" class=\"rev-slidebg tp-rs-img rs-lazyload\" data-lazyload=\"\/\/grand-angle.lavenir.net\/a-la-decouverte-des-plus-belles-abbayes-de-wallonie\/wp-content\/uploads\/sites\/60\/2018\/12\/20180923abbaye04Aulne-1.jpg\" data-bg=\"f:contain;\" data-no-retina>\n<!--\n\t\t\t\t\t\t\t--><rs-group\n\t\t\t\t\t\t\t\tid=\"slider-1-slide-10-layer-2\" \n\t\t\t\t\t\t\t\tdata-type=\"group\"\n\t\t\t\t\t\t\t\tdata-xy=\"x:c;y:b;\"\n\t\t\t\t\t\t\t\tdata-text=\"l:22;a:inherit;\"\n\t\t\t\t\t\t\t\tdata-dim=\"w:100%;h:200px;\"\n\t\t\t\t\t\t\t\tdata-frame_0=\"tp:600;\"\n\t\t\t\t\t\t\t\tdata-frame_1=\"tp:600;sR:10;\"\n\t\t\t\t\t\t\t\tdata-frame_999=\"o:0;tp:600;st:w;sR:8690;sA:9000;\"\n\t\t\t\t\t\t\t\tstyle=\"z-index:5;\"\n\t\t\t\t\t\t\t><!--\n\t\t\t\t\t\t\t\t--><rs-layer\n\t\t\t\t\t\t\t\t\tid=\"slider-1-slide-10-layer-3\" \n\t\t\t\t\t\t\t\t\tdata-type=\"text\"\n\t\t\t\t\t\t\t\t\tdata-color=\"#ffffff\"\n\t\t\t\t\t\t\t\t\tdata-rsp_ch=\"on\"\n\t\t\t\t\t\t\t\t\tdata-xy=\"x:c;y:134px;\"\n\t\t\t\t\t\t\t\t\tdata-pos=\"a\"\n\t\t\t\t\t\t\t\t\tdata-text=\"w:normal;l:22;a:inherit;\"\n\t\t\t\t\t\t\t\t\tdata-dim=\"w:1179px;h:45px;\"\n\t\t\t\t\t\t\t\t\tdata-frame_0=\"tp:600;\"\n\t\t\t\t\t\t\t\t\tdata-frame_1=\"tp:600;\"\n\t\t\t\t\t\t\t\t\tdata-frame_999=\"o:0;tp:600;st:w;sR:8990;\"\n\t\t\t\t\t\t\t\t\tstyle=\"z-index:7;font-family:'Raleway';\"\n\t\t\t\t\t\t\t\t>Situ\u00e9e sur la commune de Thuin, l\u2019abbaye d\u2019Aulne a \u00e9t\u00e9 fond\u00e9e au 7eme si\u00e8cle. La construction de l\u2019\u00e9glise abbatiale a dur\u00e9 33 ans. Sous l\u2019abbaye se trouve le plus grand r\u00e9seau hydraulique de Belgique. \n\t\t\t\t\t\t\t\t<\/rs-layer><!--\n\n\t\t\t\t\t\t\t\t--><rs-layer\n\t\t\t\t\t\t\t\t\tid=\"slider-1-slide-10-layer-1\" \n\t\t\t\t\t\t\t\t\tclass=\"tp-shape tp-shapewrapper\"\n\t\t\t\t\t\t\t\t\tdata-type=\"shape\"\n\t\t\t\t\t\t\t\t\tdata-rsp_ch=\"on\"\n\t\t\t\t\t\t\t\t\tdata-xy=\"x:c;y:b;\"\n\t\t\t\t\t\t\t\t\tdata-pos=\"a\"\n\t\t\t\t\t\t\t\t\tdata-text=\"fw:100;a:inherit;\"\n\t\t\t\t\t\t\t\t\tdata-dim=\"w:100%;h:82px;\"\n\t\t\t\t\t\t\t\t\tdata-frame_0=\"tp:600;\"\n\t\t\t\t\t\t\t\t\tdata-frame_1=\"tp:600;\"\n\t\t\t\t\t\t\t\t\tdata-frame_999=\"o:0;tp:600;st:w;sR:8690;\"\n\t\t\t\t\t\t\t\t\tstyle=\"z-index:6;background-color:rgba(0,0,0,0.75);\"\n\t\t\t\t\t\t\t\t> \n\t\t\t\t\t\t\t\t<\/rs-layer><!--\n\t\t\t\t\t\t\t--><\/rs-group><!--\n-->\t\t\t\t\t<\/rs-slide>\n\t\t\t\t\t\t<rs-slide style=\"position: absolute;\" data-key=\"rs-11\" data-title=\"aulne-1\" data-thumb=\"\/\/grand-angle.lavenir.net\/a-la-decouverte-des-plus-belles-abbayes-de-wallonie\/wp-content\/uploads\/sites\/60\/2018\/12\/20180923abbaye04Aulne-4.jpg\" data-anim=\"adpr:false;\">\n\t\t\t\t\t\t\t<img decoding=\"async\" src=\"\/\/grand-angle.lavenir.net\/a-la-decouverte-des-plus-belles-abbayes-de-wallonie\/wp-content\/plugins\/revslider\/sr6\/assets\/assets\/dummy.png\" alt=\"\" title=\"20180923abbaye04Aulne-4\" width=\"1900\" height=\"1267\" class=\"rev-slidebg tp-rs-img rs-lazyload\" data-lazyload=\"\/\/grand-angle.lavenir.net\/a-la-decouverte-des-plus-belles-abbayes-de-wallonie\/wp-content\/uploads\/sites\/60\/2018\/12\/20180923abbaye04Aulne-4.jpg\" data-bg=\"f:contain;\" data-no-retina>\n<!--\n\t\t\t\t\t\t\t--><rs-group\n\t\t\t\t\t\t\t\tid=\"slider-1-slide-11-layer-2\" \n\t\t\t\t\t\t\t\tdata-type=\"group\"\n\t\t\t\t\t\t\t\tdata-xy=\"x:c;y:b;\"\n\t\t\t\t\t\t\t\tdata-text=\"l:22;a:inherit;\"\n\t\t\t\t\t\t\t\tdata-dim=\"w:100%;h:200px;\"\n\t\t\t\t\t\t\t\tdata-frame_0=\"tp:600;\"\n\t\t\t\t\t\t\t\tdata-frame_1=\"tp:600;sR:10;\"\n\t\t\t\t\t\t\t\tdata-frame_999=\"o:0;tp:600;st:w;sR:8690;sA:9000;\"\n\t\t\t\t\t\t\t\tstyle=\"z-index:5;\"\n\t\t\t\t\t\t\t><!--\n\t\t\t\t\t\t\t\t--><rs-layer\n\t\t\t\t\t\t\t\t\tid=\"slider-1-slide-11-layer-3\" \n\t\t\t\t\t\t\t\t\tdata-type=\"text\"\n\t\t\t\t\t\t\t\t\tdata-color=\"#ffffff\"\n\t\t\t\t\t\t\t\t\tdata-rsp_ch=\"on\"\n\t\t\t\t\t\t\t\t\tdata-xy=\"x:c;y:134px;\"\n\t\t\t\t\t\t\t\t\tdata-pos=\"a\"\n\t\t\t\t\t\t\t\t\tdata-text=\"w:normal;l:22;a:inherit;\"\n\t\t\t\t\t\t\t\t\tdata-dim=\"w:1179px;h:45px;\"\n\t\t\t\t\t\t\t\t\tdata-frame_0=\"tp:600;\"\n\t\t\t\t\t\t\t\t\tdata-frame_1=\"tp:600;\"\n\t\t\t\t\t\t\t\t\tdata-frame_999=\"o:0;tp:600;st:w;sR:8690;\"\n\t\t\t\t\t\t\t\t\tstyle=\"z-index:7;font-family:'Raleway';\"\n\t\t\t\t\t\t\t\t>Situ\u00e9e sur la commune de Thuin, l\u2019abbaye d\u2019Aulne a \u00e9t\u00e9 fond\u00e9e au 7eme si\u00e8cle. La construction de l\u2019\u00e9glise abbatiale a dur\u00e9 33 ans. Sous l\u2019abbaye se trouve le plus grand r\u00e9seau hydraulique de Belgique. \n\t\t\t\t\t\t\t\t<\/rs-layer><!--\n\n\t\t\t\t\t\t\t\t--><rs-layer\n\t\t\t\t\t\t\t\t\tid=\"slider-1-slide-11-layer-1\" \n\t\t\t\t\t\t\t\t\tclass=\"tp-shape tp-shapewrapper\"\n\t\t\t\t\t\t\t\t\tdata-type=\"shape\"\n\t\t\t\t\t\t\t\t\tdata-rsp_ch=\"on\"\n\t\t\t\t\t\t\t\t\tdata-xy=\"x:c;y:b;\"\n\t\t\t\t\t\t\t\t\tdata-pos=\"a\"\n\t\t\t\t\t\t\t\t\tdata-text=\"fw:100;a:inherit;\"\n\t\t\t\t\t\t\t\t\tdata-dim=\"w:100%;h:82px;\"\n\t\t\t\t\t\t\t\t\tdata-frame_0=\"tp:600;\"\n\t\t\t\t\t\t\t\t\tdata-frame_1=\"tp:600;\"\n\t\t\t\t\t\t\t\t\tdata-frame_999=\"o:0;tp:600;st:w;sR:8690;\"\n\t\t\t\t\t\t\t\t\tstyle=\"z-index:6;background-color:rgba(0,0,0,0.75);\"\n\t\t\t\t\t\t\t\t> \n\t\t\t\t\t\t\t\t<\/rs-layer><!--\n\t\t\t\t\t\t\t--><\/rs-group><!--\n-->\t\t\t\t\t<\/rs-slide>\n\t\t\t\t\t\t<rs-slide style=\"position: absolute;\" data-key=\"rs-12\" data-title=\"aulne-2\" data-thumb=\"\/\/grand-angle.lavenir.net\/a-la-decouverte-des-plus-belles-abbayes-de-wallonie\/wp-content\/uploads\/sites\/60\/2018\/12\/20180923abbaye04Aulne-7.jpg\" data-anim=\"adpr:false;\">\n\t\t\t\t\t\t\t<img decoding=\"async\" src=\"\/\/grand-angle.lavenir.net\/a-la-decouverte-des-plus-belles-abbayes-de-wallonie\/wp-content\/plugins\/revslider\/sr6\/assets\/assets\/dummy.png\" alt=\"\" title=\"20180923abbaye04Aulne-7\" width=\"1900\" height=\"1267\" class=\"rev-slidebg tp-rs-img rs-lazyload\" data-lazyload=\"\/\/grand-angle.lavenir.net\/a-la-decouverte-des-plus-belles-abbayes-de-wallonie\/wp-content\/uploads\/sites\/60\/2018\/12\/20180923abbaye04Aulne-7.jpg\" data-bg=\"f:contain;\" data-no-retina>\n<!--\n\t\t\t\t\t\t\t--><rs-group\n\t\t\t\t\t\t\t\tid=\"slider-1-slide-12-layer-2\" \n\t\t\t\t\t\t\t\tdata-type=\"group\"\n\t\t\t\t\t\t\t\tdata-xy=\"x:c;y:b;\"\n\t\t\t\t\t\t\t\tdata-text=\"l:22;a:inherit;\"\n\t\t\t\t\t\t\t\tdata-dim=\"w:100%;h:200px;\"\n\t\t\t\t\t\t\t\tdata-frame_0=\"tp:600;\"\n\t\t\t\t\t\t\t\tdata-frame_1=\"tp:600;sR:10;\"\n\t\t\t\t\t\t\t\tdata-frame_999=\"o:0;tp:600;st:w;sR:8690;sA:9000;\"\n\t\t\t\t\t\t\t\tstyle=\"z-index:5;\"\n\t\t\t\t\t\t\t><!--\n\t\t\t\t\t\t\t\t--><rs-layer\n\t\t\t\t\t\t\t\t\tid=\"slider-1-slide-12-layer-3\" \n\t\t\t\t\t\t\t\t\tdata-type=\"text\"\n\t\t\t\t\t\t\t\t\tdata-color=\"#ffffff\"\n\t\t\t\t\t\t\t\t\tdata-rsp_ch=\"on\"\n\t\t\t\t\t\t\t\t\tdata-xy=\"x:c;y:134px;\"\n\t\t\t\t\t\t\t\t\tdata-pos=\"a\"\n\t\t\t\t\t\t\t\t\tdata-text=\"w:normal;l:22;a:inherit;\"\n\t\t\t\t\t\t\t\t\tdata-dim=\"w:1179px;h:45px;\"\n\t\t\t\t\t\t\t\t\tdata-frame_0=\"tp:600;\"\n\t\t\t\t\t\t\t\t\tdata-frame_1=\"tp:600;\"\n\t\t\t\t\t\t\t\t\tdata-frame_999=\"o:0;tp:600;st:w;sR:8690;\"\n\t\t\t\t\t\t\t\t\tstyle=\"z-index:7;font-family:'Raleway';\"\n\t\t\t\t\t\t\t\t>Situ\u00e9e sur la commune de Thuin, l\u2019abbaye d\u2019Aulne a \u00e9t\u00e9 fond\u00e9e au 7eme si\u00e8cle. La construction de l\u2019\u00e9glise abbatiale a dur\u00e9 33 ans. Sous l\u2019abbaye se trouve le plus grand r\u00e9seau hydraulique de Belgique. \n\t\t\t\t\t\t\t\t<\/rs-layer><!--\n\n\t\t\t\t\t\t\t\t--><rs-layer\n\t\t\t\t\t\t\t\t\tid=\"slider-1-slide-12-layer-1\" \n\t\t\t\t\t\t\t\t\tclass=\"tp-shape tp-shapewrapper\"\n\t\t\t\t\t\t\t\t\tdata-type=\"shape\"\n\t\t\t\t\t\t\t\t\tdata-rsp_ch=\"on\"\n\t\t\t\t\t\t\t\t\tdata-xy=\"x:c;y:b;\"\n\t\t\t\t\t\t\t\t\tdata-pos=\"a\"\n\t\t\t\t\t\t\t\t\tdata-text=\"fw:100;a:inherit;\"\n\t\t\t\t\t\t\t\t\tdata-dim=\"w:100%;h:82px;\"\n\t\t\t\t\t\t\t\t\tdata-frame_0=\"tp:600;\"\n\t\t\t\t\t\t\t\t\tdata-frame_1=\"tp:600;\"\n\t\t\t\t\t\t\t\t\tdata-frame_999=\"o:0;tp:600;st:w;sR:8690;\"\n\t\t\t\t\t\t\t\t\tstyle=\"z-index:6;background-color:rgba(0,0,0,0.75);\"\n\t\t\t\t\t\t\t\t> \n\t\t\t\t\t\t\t\t<\/rs-layer><!--\n\t\t\t\t\t\t\t--><\/rs-group><!--\n-->\t\t\t\t\t<\/rs-slide>\n\t\t\t\t\t\t<rs-slide style=\"position: absolute;\" data-key=\"rs-13\" data-title=\"cambron\" data-thumb=\"\/\/grand-angle.lavenir.net\/a-la-decouverte-des-plus-belles-abbayes-de-wallonie\/wp-content\/uploads\/sites\/60\/2018\/12\/20180923abbaye05Cambron-5.jpg\" data-anim=\"adpr:false;\">\n\t\t\t\t\t\t\t<img decoding=\"async\" src=\"\/\/grand-angle.lavenir.net\/a-la-decouverte-des-plus-belles-abbayes-de-wallonie\/wp-content\/plugins\/revslider\/sr6\/assets\/assets\/dummy.png\" alt=\"\" title=\"20180923abbaye05Cambron-5\" width=\"1900\" height=\"1267\" class=\"rev-slidebg tp-rs-img rs-lazyload\" data-lazyload=\"\/\/grand-angle.lavenir.net\/a-la-decouverte-des-plus-belles-abbayes-de-wallonie\/wp-content\/uploads\/sites\/60\/2018\/12\/20180923abbaye05Cambron-5.jpg\" data-bg=\"f:contain;\" data-no-retina>\n<!--\n\t\t\t\t\t\t\t--><rs-group\n\t\t\t\t\t\t\t\tid=\"slider-1-slide-13-layer-2\" \n\t\t\t\t\t\t\t\tdata-type=\"group\"\n\t\t\t\t\t\t\t\tdata-xy=\"x:c;y:b;\"\n\t\t\t\t\t\t\t\tdata-text=\"l:22;a:inherit;\"\n\t\t\t\t\t\t\t\tdata-dim=\"w:100%;h:200px;\"\n\t\t\t\t\t\t\t\tdata-frame_0=\"tp:600;\"\n\t\t\t\t\t\t\t\tdata-frame_1=\"tp:600;sR:10;\"\n\t\t\t\t\t\t\t\tdata-frame_999=\"o:0;tp:600;st:w;sR:8690;sA:9000;\"\n\t\t\t\t\t\t\t\tstyle=\"z-index:5;\"\n\t\t\t\t\t\t\t><!--\n\t\t\t\t\t\t\t\t--><rs-layer\n\t\t\t\t\t\t\t\t\tid=\"slider-1-slide-13-layer-3\" \n\t\t\t\t\t\t\t\t\tdata-type=\"text\"\n\t\t\t\t\t\t\t\t\tdata-color=\"#ffffff\"\n\t\t\t\t\t\t\t\t\tdata-rsp_ch=\"on\"\n\t\t\t\t\t\t\t\t\tdata-xy=\"x:c;y:134px;\"\n\t\t\t\t\t\t\t\t\tdata-pos=\"a\"\n\t\t\t\t\t\t\t\t\tdata-text=\"w:normal;l:22;a:inherit;\"\n\t\t\t\t\t\t\t\t\tdata-dim=\"w:1179px;h:45px;\"\n\t\t\t\t\t\t\t\t\tdata-frame_0=\"tp:600;\"\n\t\t\t\t\t\t\t\t\tdata-frame_1=\"tp:600;\"\n\t\t\t\t\t\t\t\t\tdata-frame_999=\"o:0;tp:600;st:w;sR:8990;\"\n\t\t\t\t\t\t\t\t\tstyle=\"z-index:7;font-family:'Raleway';\"\n\t\t\t\t\t\t\t\t>L\u2019abbaye cistercienne de Cambron est surtout connue aujourd\u2019hui pour servir de cadre au parc animalier de Pairi Daiza. Les vestiges de cette abbaye fond\u00e9e en 1148 sont encore bien visibles sur le site touristique.\n \n\t\t\t\t\t\t\t\t<\/rs-layer><!--\n\n\t\t\t\t\t\t\t\t--><rs-layer\n\t\t\t\t\t\t\t\t\tid=\"slider-1-slide-13-layer-1\" \n\t\t\t\t\t\t\t\t\tclass=\"tp-shape tp-shapewrapper\"\n\t\t\t\t\t\t\t\t\tdata-type=\"shape\"\n\t\t\t\t\t\t\t\t\tdata-rsp_ch=\"on\"\n\t\t\t\t\t\t\t\t\tdata-xy=\"x:c;y:b;\"\n\t\t\t\t\t\t\t\t\tdata-pos=\"a\"\n\t\t\t\t\t\t\t\t\tdata-text=\"fw:100;a:inherit;\"\n\t\t\t\t\t\t\t\t\tdata-dim=\"w:100%;h:82px;\"\n\t\t\t\t\t\t\t\t\tdata-frame_0=\"tp:600;\"\n\t\t\t\t\t\t\t\t\tdata-frame_1=\"tp:600;\"\n\t\t\t\t\t\t\t\t\tdata-frame_999=\"o:0;tp:600;st:w;sR:8690;\"\n\t\t\t\t\t\t\t\t\tstyle=\"z-index:6;background-color:rgba(0,0,0,0.75);\"\n\t\t\t\t\t\t\t\t> \n\t\t\t\t\t\t\t\t<\/rs-layer><!--\n\t\t\t\t\t\t\t--><\/rs-group><!--\n-->\t\t\t\t\t<\/rs-slide>\n\t\t\t\t\t\t<rs-slide style=\"position: absolute;\" data-key=\"rs-14\" data-title=\"cambron-2\" data-thumb=\"\/\/grand-angle.lavenir.net\/a-la-decouverte-des-plus-belles-abbayes-de-wallonie\/wp-content\/uploads\/sites\/60\/2018\/12\/20180923abbaye05Cambron-5.jpg\" data-anim=\"adpr:false;\">\n\t\t\t\t\t\t\t<img decoding=\"async\" src=\"\/\/grand-angle.lavenir.net\/a-la-decouverte-des-plus-belles-abbayes-de-wallonie\/wp-content\/plugins\/revslider\/sr6\/assets\/assets\/dummy.png\" alt=\"\" title=\"20180923abbaye05Cambron-5\" width=\"1900\" height=\"1267\" class=\"rev-slidebg tp-rs-img rs-lazyload\" data-lazyload=\"\/\/grand-angle.lavenir.net\/a-la-decouverte-des-plus-belles-abbayes-de-wallonie\/wp-content\/uploads\/sites\/60\/2018\/12\/20180923abbaye05Cambron-5.jpg\" data-bg=\"f:contain;\" data-no-retina>\n<!--\n\t\t\t\t\t\t\t--><rs-group\n\t\t\t\t\t\t\t\tid=\"slider-1-slide-14-layer-2\" \n\t\t\t\t\t\t\t\tdata-type=\"group\"\n\t\t\t\t\t\t\t\tdata-xy=\"x:c;y:b;\"\n\t\t\t\t\t\t\t\tdata-text=\"l:22;a:inherit;\"\n\t\t\t\t\t\t\t\tdata-dim=\"w:100%;h:200px;\"\n\t\t\t\t\t\t\t\tdata-frame_0=\"tp:600;\"\n\t\t\t\t\t\t\t\tdata-frame_1=\"tp:600;sR:10;\"\n\t\t\t\t\t\t\t\tdata-frame_999=\"o:0;tp:600;st:w;sR:8690;sA:9000;\"\n\t\t\t\t\t\t\t\tstyle=\"z-index:5;\"\n\t\t\t\t\t\t\t><!--\n\t\t\t\t\t\t\t\t--><rs-layer\n\t\t\t\t\t\t\t\t\tid=\"slider-1-slide-14-layer-3\" \n\t\t\t\t\t\t\t\t\tdata-type=\"text\"\n\t\t\t\t\t\t\t\t\tdata-color=\"#ffffff\"\n\t\t\t\t\t\t\t\t\tdata-rsp_ch=\"on\"\n\t\t\t\t\t\t\t\t\tdata-xy=\"x:c;y:134px;\"\n\t\t\t\t\t\t\t\t\tdata-pos=\"a\"\n\t\t\t\t\t\t\t\t\tdata-text=\"w:normal;l:22;a:inherit;\"\n\t\t\t\t\t\t\t\t\tdata-dim=\"w:1179px;h:45px;\"\n\t\t\t\t\t\t\t\t\tdata-frame_0=\"tp:600;\"\n\t\t\t\t\t\t\t\t\tdata-frame_1=\"tp:600;\"\n\t\t\t\t\t\t\t\t\tdata-frame_999=\"o:0;tp:600;st:w;sR:8990;\"\n\t\t\t\t\t\t\t\t\tstyle=\"z-index:7;font-family:'Raleway';\"\n\t\t\t\t\t\t\t\t>L\u2019abbaye cistercienne de Cambron est surtout connue aujourd\u2019hui pour servir de cadre au parc animalier de Pairi Daiza. Les vestiges de cette abbaye fond\u00e9e en 1148 sont encore bien visibles sur le site touristique.\n \n\t\t\t\t\t\t\t\t<\/rs-layer><!--\n\n\t\t\t\t\t\t\t\t--><rs-layer\n\t\t\t\t\t\t\t\t\tid=\"slider-1-slide-14-layer-1\" \n\t\t\t\t\t\t\t\t\tclass=\"tp-shape tp-shapewrapper\"\n\t\t\t\t\t\t\t\t\tdata-type=\"shape\"\n\t\t\t\t\t\t\t\t\tdata-rsp_ch=\"on\"\n\t\t\t\t\t\t\t\t\tdata-xy=\"x:c;y:b;\"\n\t\t\t\t\t\t\t\t\tdata-pos=\"a\"\n\t\t\t\t\t\t\t\t\tdata-text=\"fw:100;a:inherit;\"\n\t\t\t\t\t\t\t\t\tdata-dim=\"w:100%;h:82px;\"\n\t\t\t\t\t\t\t\t\tdata-frame_0=\"tp:600;\"\n\t\t\t\t\t\t\t\t\tdata-frame_1=\"tp:600;\"\n\t\t\t\t\t\t\t\t\tdata-frame_999=\"o:0;tp:600;st:w;sR:8690;\"\n\t\t\t\t\t\t\t\t\tstyle=\"z-index:6;background-color:rgba(0,0,0,0.75);\"\n\t\t\t\t\t\t\t\t> \n\t\t\t\t\t\t\t\t<\/rs-layer><!--\n\t\t\t\t\t\t\t--><\/rs-group><!--\n-->\t\t\t\t\t<\/rs-slide>\n\t\t\t\t\t\t<rs-slide style=\"position: absolute;\" data-key=\"rs-15\" data-title=\"cambron-3\" data-thumb=\"\/\/grand-angle.lavenir.net\/a-la-decouverte-des-plus-belles-abbayes-de-wallonie\/wp-content\/uploads\/sites\/60\/2018\/12\/20180923abbaye05Cambron-6.jpg\" data-anim=\"adpr:false;\">\n\t\t\t\t\t\t\t<img decoding=\"async\" src=\"\/\/grand-angle.lavenir.net\/a-la-decouverte-des-plus-belles-abbayes-de-wallonie\/wp-content\/plugins\/revslider\/sr6\/assets\/assets\/dummy.png\" alt=\"\" title=\"20180923abbaye05Cambron-6\" width=\"1900\" height=\"1267\" class=\"rev-slidebg tp-rs-img rs-lazyload\" data-lazyload=\"\/\/grand-angle.lavenir.net\/a-la-decouverte-des-plus-belles-abbayes-de-wallonie\/wp-content\/uploads\/sites\/60\/2018\/12\/20180923abbaye05Cambron-6.jpg\" data-bg=\"f:contain;\" data-no-retina>\n<!--\n\t\t\t\t\t\t\t--><rs-group\n\t\t\t\t\t\t\t\tid=\"slider-1-slide-15-layer-2\" \n\t\t\t\t\t\t\t\tdata-type=\"group\"\n\t\t\t\t\t\t\t\tdata-xy=\"x:c;y:b;\"\n\t\t\t\t\t\t\t\tdata-text=\"l:22;a:inherit;\"\n\t\t\t\t\t\t\t\tdata-dim=\"w:100%;h:200px;\"\n\t\t\t\t\t\t\t\tdata-frame_0=\"tp:600;\"\n\t\t\t\t\t\t\t\tdata-frame_1=\"tp:600;sR:10;\"\n\t\t\t\t\t\t\t\tdata-frame_999=\"o:0;tp:600;st:w;sR:8690;sA:9000;\"\n\t\t\t\t\t\t\t\tstyle=\"z-index:5;\"\n\t\t\t\t\t\t\t><!--\n\t\t\t\t\t\t\t\t--><rs-layer\n\t\t\t\t\t\t\t\t\tid=\"slider-1-slide-15-layer-3\" \n\t\t\t\t\t\t\t\t\tdata-type=\"text\"\n\t\t\t\t\t\t\t\t\tdata-color=\"#ffffff\"\n\t\t\t\t\t\t\t\t\tdata-rsp_ch=\"on\"\n\t\t\t\t\t\t\t\t\tdata-xy=\"x:c;y:134px;\"\n\t\t\t\t\t\t\t\t\tdata-pos=\"a\"\n\t\t\t\t\t\t\t\t\tdata-text=\"w:normal;l:22;a:inherit;\"\n\t\t\t\t\t\t\t\t\tdata-dim=\"w:1179px;h:45px;\"\n\t\t\t\t\t\t\t\t\tdata-frame_0=\"tp:600;\"\n\t\t\t\t\t\t\t\t\tdata-frame_1=\"tp:600;\"\n\t\t\t\t\t\t\t\t\tdata-frame_999=\"o:0;tp:600;st:w;sR:8690;\"\n\t\t\t\t\t\t\t\t\tstyle=\"z-index:7;font-family:'Raleway';\"\n\t\t\t\t\t\t\t\t>L\u2019abbaye cistercienne de Cambron est surtout connue aujourd\u2019hui pour servir de cadre au parc animalier de Pairi Daiza. Les vestiges de cette abbaye fond\u00e9e en 1148 sont encore bien visibles sur le site touristique.\n \n\t\t\t\t\t\t\t\t<\/rs-layer><!--\n\n\t\t\t\t\t\t\t\t--><rs-layer\n\t\t\t\t\t\t\t\t\tid=\"slider-1-slide-15-layer-1\" \n\t\t\t\t\t\t\t\t\tclass=\"tp-shape tp-shapewrapper\"\n\t\t\t\t\t\t\t\t\tdata-type=\"shape\"\n\t\t\t\t\t\t\t\t\tdata-rsp_ch=\"on\"\n\t\t\t\t\t\t\t\t\tdata-xy=\"x:c;y:b;\"\n\t\t\t\t\t\t\t\t\tdata-pos=\"a\"\n\t\t\t\t\t\t\t\t\tdata-text=\"fw:100;a:inherit;\"\n\t\t\t\t\t\t\t\t\tdata-dim=\"w:100%;h:82px;\"\n\t\t\t\t\t\t\t\t\tdata-frame_0=\"tp:600;\"\n\t\t\t\t\t\t\t\t\tdata-frame_1=\"tp:600;\"\n\t\t\t\t\t\t\t\t\tdata-frame_999=\"o:0;tp:600;st:w;sR:8690;\"\n\t\t\t\t\t\t\t\t\tstyle=\"z-index:6;background-color:rgba(0,0,0,0.75);\"\n\t\t\t\t\t\t\t\t> \n\t\t\t\t\t\t\t\t<\/rs-layer><!--\n\t\t\t\t\t\t\t--><\/rs-group><!--\n-->\t\t\t\t\t<\/rs-slide>\n\t\t\t\t\t\t<rs-slide style=\"position: absolute;\" data-key=\"rs-16\" data-title=\"lobbes\" data-thumb=\"\/\/grand-angle.lavenir.net\/a-la-decouverte-des-plus-belles-abbayes-de-wallonie\/wp-content\/uploads\/sites\/60\/2018\/12\/20180923abbaye06Lobbes-12.jpg\" data-anim=\"adpr:false;\">\n\t\t\t\t\t\t\t<img decoding=\"async\" src=\"\/\/grand-angle.lavenir.net\/a-la-decouverte-des-plus-belles-abbayes-de-wallonie\/wp-content\/plugins\/revslider\/sr6\/assets\/assets\/dummy.png\" alt=\"\" title=\"20180923abbaye06Lobbes-12\" width=\"1900\" height=\"1267\" class=\"rev-slidebg tp-rs-img rs-lazyload\" data-lazyload=\"\/\/grand-angle.lavenir.net\/a-la-decouverte-des-plus-belles-abbayes-de-wallonie\/wp-content\/uploads\/sites\/60\/2018\/12\/20180923abbaye06Lobbes-12.jpg\" data-bg=\"f:contain;\" data-no-retina>\n<!--\n\t\t\t\t\t\t\t--><rs-group\n\t\t\t\t\t\t\t\tid=\"slider-1-slide-16-layer-2\" \n\t\t\t\t\t\t\t\tdata-type=\"group\"\n\t\t\t\t\t\t\t\tdata-xy=\"x:c;y:b;\"\n\t\t\t\t\t\t\t\tdata-text=\"l:22;a:inherit;\"\n\t\t\t\t\t\t\t\tdata-dim=\"w:100%;h:200px;\"\n\t\t\t\t\t\t\t\tdata-frame_0=\"tp:600;\"\n\t\t\t\t\t\t\t\tdata-frame_1=\"tp:600;sR:10;\"\n\t\t\t\t\t\t\t\tdata-frame_999=\"o:0;tp:600;st:w;sR:8690;sA:9000;\"\n\t\t\t\t\t\t\t\tstyle=\"z-index:5;\"\n\t\t\t\t\t\t\t><!--\n\t\t\t\t\t\t\t\t--><p\n\t\t\t\t\t\t\t\t\tid=\"slider-1-slide-16-layer-3\" \n\t\t\t\t\t\t\t\t\tclass=\"rs-layer\"\n\t\t\t\t\t\t\t\t\tdata-type=\"text\"\n\t\t\t\t\t\t\t\t\tdata-color=\"#ffffff\"\n\t\t\t\t\t\t\t\t\tdata-rsp_ch=\"on\"\n\t\t\t\t\t\t\t\t\tdata-xy=\"x:c;y:134px;\"\n\t\t\t\t\t\t\t\t\tdata-pos=\"a\"\n\t\t\t\t\t\t\t\t\tdata-text=\"w:normal;l:22;a:inherit;\"\n\t\t\t\t\t\t\t\t\tdata-dim=\"w:1179px;h:45px;\"\n\t\t\t\t\t\t\t\t\tdata-frame_0=\"tp:600;\"\n\t\t\t\t\t\t\t\t\tdata-frame_1=\"tp:600;\"\n\t\t\t\t\t\t\t\t\tdata-frame_999=\"o:0;tp:600;st:w;sR:8990;\"\n\t\t\t\t\t\t\t\t\tstyle=\"z-index:7;font-family:'Raleway';\"\n\t\t\t\t\t\t\t\t>C\u2019est sur le site de l\u2019abbaye de Lobbes que se trouve la plus ancienne \u00e9glise de Belgique: l\u2019\u00e9glise Saint-Ursmer, du nom de l\u2019abb\u00e9 consid\u00e9r\u00e9 comme fondateur des lieux. Aujourd\u2019hui, sur place, on peut encore voir une aile de l\u2019ancienne ferme abbatiale ou encore les vestiges de la brasserie.  \n\t\t\t\t\t\t\t\t<\/p><!--\n\n\t\t\t\t\t\t\t\t--><rs-layer\n\t\t\t\t\t\t\t\t\tid=\"slider-1-slide-16-layer-1\" \n\t\t\t\t\t\t\t\t\tclass=\"tp-shape tp-shapewrapper\"\n\t\t\t\t\t\t\t\t\tdata-type=\"shape\"\n\t\t\t\t\t\t\t\t\tdata-rsp_ch=\"on\"\n\t\t\t\t\t\t\t\t\tdata-xy=\"x:c;y:b;\"\n\t\t\t\t\t\t\t\t\tdata-pos=\"a\"\n\t\t\t\t\t\t\t\t\tdata-text=\"fw:100;a:inherit;\"\n\t\t\t\t\t\t\t\t\tdata-dim=\"w:100%;h:82px;\"\n\t\t\t\t\t\t\t\t\tdata-frame_0=\"tp:600;\"\n\t\t\t\t\t\t\t\t\tdata-frame_1=\"tp:600;\"\n\t\t\t\t\t\t\t\t\tdata-frame_999=\"o:0;tp:600;st:w;sR:8690;\"\n\t\t\t\t\t\t\t\t\tstyle=\"z-index:6;background-color:rgba(0,0,0,0.75);\"\n\t\t\t\t\t\t\t\t> \n\t\t\t\t\t\t\t\t<\/rs-layer><!--\n\t\t\t\t\t\t\t--><\/rs-group><!--\n-->\t\t\t\t\t<\/rs-slide>\n\t\t\t\t\t\t<rs-slide style=\"position: absolute;\" data-key=\"rs-17\" data-title=\"lobbes-2\" data-thumb=\"\/\/grand-angle.lavenir.net\/a-la-decouverte-des-plus-belles-abbayes-de-wallonie\/wp-content\/uploads\/sites\/60\/2018\/12\/20180923abbaye06Lobbes-8.jpg\" data-anim=\"adpr:false;\">\n\t\t\t\t\t\t\t<img decoding=\"async\" src=\"\/\/grand-angle.lavenir.net\/a-la-decouverte-des-plus-belles-abbayes-de-wallonie\/wp-content\/plugins\/revslider\/sr6\/assets\/assets\/dummy.png\" alt=\"\" title=\"20180923abbaye06Lobbes-8\" width=\"1900\" height=\"1267\" class=\"rev-slidebg tp-rs-img rs-lazyload\" data-lazyload=\"\/\/grand-angle.lavenir.net\/a-la-decouverte-des-plus-belles-abbayes-de-wallonie\/wp-content\/uploads\/sites\/60\/2018\/12\/20180923abbaye06Lobbes-8.jpg\" data-bg=\"f:contain;\" data-no-retina>\n<!--\n\t\t\t\t\t\t\t--><rs-group\n\t\t\t\t\t\t\t\tid=\"slider-1-slide-17-layer-2\" \n\t\t\t\t\t\t\t\tdata-type=\"group\"\n\t\t\t\t\t\t\t\tdata-xy=\"x:c;y:b;\"\n\t\t\t\t\t\t\t\tdata-text=\"l:22;a:inherit;\"\n\t\t\t\t\t\t\t\tdata-dim=\"w:100%;h:200px;\"\n\t\t\t\t\t\t\t\tdata-frame_0=\"tp:600;\"\n\t\t\t\t\t\t\t\tdata-frame_1=\"tp:600;sR:10;\"\n\t\t\t\t\t\t\t\tdata-frame_999=\"o:0;tp:600;st:w;sR:8690;sA:9000;\"\n\t\t\t\t\t\t\t\tstyle=\"z-index:5;\"\n\t\t\t\t\t\t\t><!--\n\t\t\t\t\t\t\t\t--><p\n\t\t\t\t\t\t\t\t\tid=\"slider-1-slide-17-layer-3\" \n\t\t\t\t\t\t\t\t\tclass=\"rs-layer\"\n\t\t\t\t\t\t\t\t\tdata-type=\"text\"\n\t\t\t\t\t\t\t\t\tdata-color=\"#ffffff\"\n\t\t\t\t\t\t\t\t\tdata-rsp_ch=\"on\"\n\t\t\t\t\t\t\t\t\tdata-xy=\"x:c;y:134px;\"\n\t\t\t\t\t\t\t\t\tdata-pos=\"a\"\n\t\t\t\t\t\t\t\t\tdata-text=\"w:normal;l:22;a:inherit;\"\n\t\t\t\t\t\t\t\t\tdata-dim=\"w:1179px;h:45px;\"\n\t\t\t\t\t\t\t\t\tdata-frame_0=\"tp:600;\"\n\t\t\t\t\t\t\t\t\tdata-frame_1=\"tp:600;\"\n\t\t\t\t\t\t\t\t\tdata-frame_999=\"o:0;tp:600;st:w;sR:8690;\"\n\t\t\t\t\t\t\t\t\tstyle=\"z-index:7;font-family:'Raleway';\"\n\t\t\t\t\t\t\t\t>C\u2019est sur le site de l\u2019abbaye de Lobbes que se trouve la plus ancienne \u00e9glise de Belgique: l\u2019\u00e9glise Saint-Ursmer, du nom de l\u2019abb\u00e9 consid\u00e9r\u00e9 comme fondateur des lieux. Aujourd\u2019hui, sur place, on peut encore voir une aile de l\u2019ancienne ferme abbatiale ou encore les vestiges de la brasserie.  \n\t\t\t\t\t\t\t\t<\/p><!--\n\n\t\t\t\t\t\t\t\t--><rs-layer\n\t\t\t\t\t\t\t\t\tid=\"slider-1-slide-17-layer-1\" \n\t\t\t\t\t\t\t\t\tclass=\"tp-shape tp-shapewrapper\"\n\t\t\t\t\t\t\t\t\tdata-type=\"shape\"\n\t\t\t\t\t\t\t\t\tdata-rsp_ch=\"on\"\n\t\t\t\t\t\t\t\t\tdata-xy=\"x:c;y:b;\"\n\t\t\t\t\t\t\t\t\tdata-pos=\"a\"\n\t\t\t\t\t\t\t\t\tdata-text=\"fw:100;a:inherit;\"\n\t\t\t\t\t\t\t\t\tdata-dim=\"w:100%;h:82px;\"\n\t\t\t\t\t\t\t\t\tdata-frame_0=\"tp:600;\"\n\t\t\t\t\t\t\t\t\tdata-frame_1=\"tp:600;\"\n\t\t\t\t\t\t\t\t\tdata-frame_999=\"o:0;tp:600;st:w;sR:8690;\"\n\t\t\t\t\t\t\t\t\tstyle=\"z-index:6;background-color:rgba(0,0,0,0.75);\"\n\t\t\t\t\t\t\t\t> \n\t\t\t\t\t\t\t\t<\/rs-layer><!--\n\t\t\t\t\t\t\t--><\/rs-group><!--\n-->\t\t\t\t\t<\/rs-slide>\n\t\t\t\t\t\t<rs-slide style=\"position: absolute;\" data-key=\"rs-18\" data-title=\"lobbes-3\" data-thumb=\"\/\/grand-angle.lavenir.net\/a-la-decouverte-des-plus-belles-abbayes-de-wallonie\/wp-content\/uploads\/sites\/60\/2018\/12\/20180923abbaye06Lobbes-5.jpg\" data-anim=\"adpr:false;\">\n\t\t\t\t\t\t\t<img decoding=\"async\" src=\"\/\/grand-angle.lavenir.net\/a-la-decouverte-des-plus-belles-abbayes-de-wallonie\/wp-content\/plugins\/revslider\/sr6\/assets\/assets\/dummy.png\" alt=\"\" title=\"20180923abbaye06Lobbes-5\" width=\"1900\" height=\"1267\" class=\"rev-slidebg tp-rs-img rs-lazyload\" data-lazyload=\"\/\/grand-angle.lavenir.net\/a-la-decouverte-des-plus-belles-abbayes-de-wallonie\/wp-content\/uploads\/sites\/60\/2018\/12\/20180923abbaye06Lobbes-5.jpg\" data-bg=\"f:contain;\" data-no-retina>\n<!--\n\t\t\t\t\t\t\t--><rs-group\n\t\t\t\t\t\t\t\tid=\"slider-1-slide-18-layer-2\" \n\t\t\t\t\t\t\t\tdata-type=\"group\"\n\t\t\t\t\t\t\t\tdata-xy=\"x:c;y:b;\"\n\t\t\t\t\t\t\t\tdata-text=\"l:22;a:inherit;\"\n\t\t\t\t\t\t\t\tdata-dim=\"w:100%;h:200px;\"\n\t\t\t\t\t\t\t\tdata-frame_0=\"tp:600;\"\n\t\t\t\t\t\t\t\tdata-frame_1=\"tp:600;sR:10;\"\n\t\t\t\t\t\t\t\tdata-frame_999=\"o:0;tp:600;st:w;sR:8690;sA:9000;\"\n\t\t\t\t\t\t\t\tstyle=\"z-index:5;\"\n\t\t\t\t\t\t\t><!--\n\t\t\t\t\t\t\t\t--><p\n\t\t\t\t\t\t\t\t\tid=\"slider-1-slide-18-layer-3\" \n\t\t\t\t\t\t\t\t\tclass=\"rs-layer\"\n\t\t\t\t\t\t\t\t\tdata-type=\"text\"\n\t\t\t\t\t\t\t\t\tdata-color=\"#ffffff\"\n\t\t\t\t\t\t\t\t\tdata-rsp_ch=\"on\"\n\t\t\t\t\t\t\t\t\tdata-xy=\"x:c;y:134px;\"\n\t\t\t\t\t\t\t\t\tdata-pos=\"a\"\n\t\t\t\t\t\t\t\t\tdata-text=\"w:normal;l:22;a:inherit;\"\n\t\t\t\t\t\t\t\t\tdata-dim=\"w:1179px;h:45px;\"\n\t\t\t\t\t\t\t\t\tdata-frame_0=\"tp:600;\"\n\t\t\t\t\t\t\t\t\tdata-frame_1=\"tp:600;\"\n\t\t\t\t\t\t\t\t\tdata-frame_999=\"o:0;tp:600;st:w;sR:8690;\"\n\t\t\t\t\t\t\t\t\tstyle=\"z-index:7;font-family:'Raleway';\"\n\t\t\t\t\t\t\t\t>C\u2019est sur le site de l\u2019abbaye de Lobbes que se trouve la plus ancienne \u00e9glise de Belgique: l\u2019\u00e9glise Saint-Ursmer, du nom de l\u2019abb\u00e9 consid\u00e9r\u00e9 comme fondateur des lieux. Aujourd\u2019hui, sur place, on peut encore voir une aile de l\u2019ancienne ferme abbatiale ou encore les vestiges de la brasserie.  \n\t\t\t\t\t\t\t\t<\/p><!--\n\n\t\t\t\t\t\t\t\t--><rs-layer\n\t\t\t\t\t\t\t\t\tid=\"slider-1-slide-18-layer-1\" \n\t\t\t\t\t\t\t\t\tclass=\"tp-shape tp-shapewrapper\"\n\t\t\t\t\t\t\t\t\tdata-type=\"shape\"\n\t\t\t\t\t\t\t\t\tdata-rsp_ch=\"on\"\n\t\t\t\t\t\t\t\t\tdata-xy=\"x:c;y:b;\"\n\t\t\t\t\t\t\t\t\tdata-pos=\"a\"\n\t\t\t\t\t\t\t\t\tdata-text=\"fw:100;a:inherit;\"\n\t\t\t\t\t\t\t\t\tdata-dim=\"w:100%;h:82px;\"\n\t\t\t\t\t\t\t\t\tdata-frame_0=\"tp:600;\"\n\t\t\t\t\t\t\t\t\tdata-frame_1=\"tp:600;\"\n\t\t\t\t\t\t\t\t\tdata-frame_999=\"o:0;tp:600;st:w;sR:8690;\"\n\t\t\t\t\t\t\t\t\tstyle=\"z-index:6;background-color:rgba(0,0,0,0.75);\"\n\t\t\t\t\t\t\t\t> \n\t\t\t\t\t\t\t\t<\/rs-layer><!--\n\t\t\t\t\t\t\t--><\/rs-group><!--\n-->\t\t\t\t\t<\/rs-slide>\n\t\t\t\t\t\t<rs-slide style=\"position: absolute;\" data-key=\"rs-19\" data-title=\"brogne\" data-thumb=\"\/\/grand-angle.lavenir.net\/a-la-decouverte-des-plus-belles-abbayes-de-wallonie\/wp-content\/uploads\/sites\/60\/2018\/12\/20180923abbaye07Brogne-10.jpg\" data-anim=\"adpr:false;\">\n\t\t\t\t\t\t\t<img decoding=\"async\" src=\"\/\/grand-angle.lavenir.net\/a-la-decouverte-des-plus-belles-abbayes-de-wallonie\/wp-content\/plugins\/revslider\/sr6\/assets\/assets\/dummy.png\" alt=\"\" title=\"20180923abbaye07Brogne-10\" width=\"1267\" height=\"1900\" class=\"rev-slidebg tp-rs-img rs-lazyload\" data-lazyload=\"\/\/grand-angle.lavenir.net\/a-la-decouverte-des-plus-belles-abbayes-de-wallonie\/wp-content\/uploads\/sites\/60\/2018\/12\/20180923abbaye07Brogne-10.jpg\" data-bg=\"f:contain;\" data-no-retina>\n<!--\n\t\t\t\t\t\t\t--><rs-group\n\t\t\t\t\t\t\t\tid=\"slider-1-slide-19-layer-2\" \n\t\t\t\t\t\t\t\tdata-type=\"group\"\n\t\t\t\t\t\t\t\tdata-xy=\"x:c;y:b;\"\n\t\t\t\t\t\t\t\tdata-text=\"l:22;a:inherit;\"\n\t\t\t\t\t\t\t\tdata-dim=\"w:100%;h:200px;\"\n\t\t\t\t\t\t\t\tdata-frame_0=\"tp:600;\"\n\t\t\t\t\t\t\t\tdata-frame_1=\"tp:600;sR:10;\"\n\t\t\t\t\t\t\t\tdata-frame_999=\"o:0;tp:600;st:w;sR:8690;sA:9000;\"\n\t\t\t\t\t\t\t\tstyle=\"z-index:5;\"\n\t\t\t\t\t\t\t><!--\n\t\t\t\t\t\t\t\t--><p\n\t\t\t\t\t\t\t\t\tid=\"slider-1-slide-19-layer-3\" \n\t\t\t\t\t\t\t\t\tclass=\"rs-layer\"\n\t\t\t\t\t\t\t\t\tdata-type=\"text\"\n\t\t\t\t\t\t\t\t\tdata-color=\"#ffffff\"\n\t\t\t\t\t\t\t\t\tdata-rsp_ch=\"on\"\n\t\t\t\t\t\t\t\t\tdata-xy=\"x:c;y:134px;\"\n\t\t\t\t\t\t\t\t\tdata-pos=\"a\"\n\t\t\t\t\t\t\t\t\tdata-text=\"w:normal;l:22;a:inherit;\"\n\t\t\t\t\t\t\t\t\tdata-dim=\"w:1179px;h:45px;\"\n\t\t\t\t\t\t\t\t\tdata-frame_0=\"tp:600;\"\n\t\t\t\t\t\t\t\t\tdata-frame_1=\"tp:600;\"\n\t\t\t\t\t\t\t\t\tdata-frame_999=\"o:0;tp:600;st:w;sR:8990;\"\n\t\t\t\t\t\t\t\t\tstyle=\"z-index:7;font-family:'Raleway';\"\n\t\t\t\t\t\t\t\t>Situ\u00e9e \u00e0 Saint-G\u00e9rard, commune de Mettet, l\u2019abbaye Saint-G\u00e9rard de Brogne a \u00e9t\u00e9 b\u00e2tie en 923. Les lieux accueillent aujourd\u2019hui un centre de s\u00e9minaire et un h\u00f4tel de charme ainsi que le \u201ccentre vivant de la vigne et du vin belge\u201d.  \n\t\t\t\t\t\t\t\t<\/p><!--\n\n\t\t\t\t\t\t\t\t--><rs-layer\n\t\t\t\t\t\t\t\t\tid=\"slider-1-slide-19-layer-1\" \n\t\t\t\t\t\t\t\t\tclass=\"tp-shape tp-shapewrapper\"\n\t\t\t\t\t\t\t\t\tdata-type=\"shape\"\n\t\t\t\t\t\t\t\t\tdata-rsp_ch=\"on\"\n\t\t\t\t\t\t\t\t\tdata-xy=\"x:c;y:b;\"\n\t\t\t\t\t\t\t\t\tdata-pos=\"a\"\n\t\t\t\t\t\t\t\t\tdata-text=\"fw:100;a:inherit;\"\n\t\t\t\t\t\t\t\t\tdata-dim=\"w:100%;h:82px;\"\n\t\t\t\t\t\t\t\t\tdata-frame_0=\"tp:600;\"\n\t\t\t\t\t\t\t\t\tdata-frame_1=\"tp:600;\"\n\t\t\t\t\t\t\t\t\tdata-frame_999=\"o:0;tp:600;st:w;sR:8690;\"\n\t\t\t\t\t\t\t\t\tstyle=\"z-index:6;background-color:rgba(0,0,0,0.75);\"\n\t\t\t\t\t\t\t\t> \n\t\t\t\t\t\t\t\t<\/rs-layer><!--\n\t\t\t\t\t\t\t--><\/rs-group><!--\n-->\t\t\t\t\t<\/rs-slide>\n\t\t\t\t\t\t<rs-slide style=\"position: absolute;\" data-key=\"rs-20\" data-title=\"brogne-2\" data-thumb=\"\/\/grand-angle.lavenir.net\/a-la-decouverte-des-plus-belles-abbayes-de-wallonie\/wp-content\/uploads\/sites\/60\/2018\/12\/20180923abbaye07Brogne-6.jpg\" data-anim=\"adpr:false;\">\n\t\t\t\t\t\t\t<img decoding=\"async\" src=\"\/\/grand-angle.lavenir.net\/a-la-decouverte-des-plus-belles-abbayes-de-wallonie\/wp-content\/plugins\/revslider\/sr6\/assets\/assets\/dummy.png\" alt=\"\" title=\"20180923abbaye07Brogne-6\" width=\"1900\" height=\"1267\" class=\"rev-slidebg tp-rs-img rs-lazyload\" data-lazyload=\"\/\/grand-angle.lavenir.net\/a-la-decouverte-des-plus-belles-abbayes-de-wallonie\/wp-content\/uploads\/sites\/60\/2018\/12\/20180923abbaye07Brogne-6.jpg\" data-bg=\"f:contain;\" data-no-retina>\n<!--\n\t\t\t\t\t\t\t--><rs-group\n\t\t\t\t\t\t\t\tid=\"slider-1-slide-20-layer-2\" \n\t\t\t\t\t\t\t\tdata-type=\"group\"\n\t\t\t\t\t\t\t\tdata-xy=\"x:c;y:b;\"\n\t\t\t\t\t\t\t\tdata-text=\"l:22;a:inherit;\"\n\t\t\t\t\t\t\t\tdata-dim=\"w:100%;h:200px;\"\n\t\t\t\t\t\t\t\tdata-frame_0=\"tp:600;\"\n\t\t\t\t\t\t\t\tdata-frame_1=\"tp:600;sR:10;\"\n\t\t\t\t\t\t\t\tdata-frame_999=\"o:0;tp:600;st:w;sR:8690;sA:9000;\"\n\t\t\t\t\t\t\t\tstyle=\"z-index:5;\"\n\t\t\t\t\t\t\t><!--\n\t\t\t\t\t\t\t\t--><p\n\t\t\t\t\t\t\t\t\tid=\"slider-1-slide-20-layer-3\" \n\t\t\t\t\t\t\t\t\tclass=\"rs-layer\"\n\t\t\t\t\t\t\t\t\tdata-type=\"text\"\n\t\t\t\t\t\t\t\t\tdata-color=\"#ffffff\"\n\t\t\t\t\t\t\t\t\tdata-rsp_ch=\"on\"\n\t\t\t\t\t\t\t\t\tdata-xy=\"x:c;y:134px;\"\n\t\t\t\t\t\t\t\t\tdata-pos=\"a\"\n\t\t\t\t\t\t\t\t\tdata-text=\"w:normal;l:22;a:inherit;\"\n\t\t\t\t\t\t\t\t\tdata-dim=\"w:1179px;h:45px;\"\n\t\t\t\t\t\t\t\t\tdata-frame_0=\"tp:600;\"\n\t\t\t\t\t\t\t\t\tdata-frame_1=\"tp:600;\"\n\t\t\t\t\t\t\t\t\tdata-frame_999=\"o:0;tp:600;st:w;sR:8690;\"\n\t\t\t\t\t\t\t\t\tstyle=\"z-index:7;font-family:'Raleway';\"\n\t\t\t\t\t\t\t\t>Situ\u00e9e \u00e0 Saint-G\u00e9rard, commune de Mettet, l\u2019abbaye Saint-G\u00e9rard de Brogne a \u00e9t\u00e9 b\u00e2tie en 923. Les lieux accueillent aujourd\u2019hui un centre de s\u00e9minaire et un h\u00f4tel de charme ainsi que le \u201ccentre vivant de la vigne et du vin belge\u201d.  \n\t\t\t\t\t\t\t\t<\/p><!--\n\n\t\t\t\t\t\t\t\t--><rs-layer\n\t\t\t\t\t\t\t\t\tid=\"slider-1-slide-20-layer-1\" \n\t\t\t\t\t\t\t\t\tclass=\"tp-shape tp-shapewrapper\"\n\t\t\t\t\t\t\t\t\tdata-type=\"shape\"\n\t\t\t\t\t\t\t\t\tdata-rsp_ch=\"on\"\n\t\t\t\t\t\t\t\t\tdata-xy=\"x:c;y:b;\"\n\t\t\t\t\t\t\t\t\tdata-pos=\"a\"\n\t\t\t\t\t\t\t\t\tdata-text=\"fw:100;a:inherit;\"\n\t\t\t\t\t\t\t\t\tdata-dim=\"w:100%;h:82px;\"\n\t\t\t\t\t\t\t\t\tdata-frame_0=\"tp:600;\"\n\t\t\t\t\t\t\t\t\tdata-frame_1=\"tp:600;\"\n\t\t\t\t\t\t\t\t\tdata-frame_999=\"o:0;tp:600;st:w;sR:8690;\"\n\t\t\t\t\t\t\t\t\tstyle=\"z-index:6;background-color:rgba(0,0,0,0.75);\"\n\t\t\t\t\t\t\t\t> \n\t\t\t\t\t\t\t\t<\/rs-layer><!--\n\t\t\t\t\t\t\t--><\/rs-group><!--\n-->\t\t\t\t\t<\/rs-slide>\n\t\t\t\t\t\t<rs-slide style=\"position: absolute;\" data-key=\"rs-21\" data-title=\"brogne-3\" data-thumb=\"\/\/grand-angle.lavenir.net\/a-la-decouverte-des-plus-belles-abbayes-de-wallonie\/wp-content\/uploads\/sites\/60\/2018\/12\/20180923abbaye07Brogne-11.jpg\" data-anim=\"adpr:false;\">\n\t\t\t\t\t\t\t<img decoding=\"async\" src=\"\/\/grand-angle.lavenir.net\/a-la-decouverte-des-plus-belles-abbayes-de-wallonie\/wp-content\/plugins\/revslider\/sr6\/assets\/assets\/dummy.png\" alt=\"\" title=\"20180923abbaye07Brogne-11\" width=\"1900\" height=\"1267\" class=\"rev-slidebg tp-rs-img rs-lazyload\" data-lazyload=\"\/\/grand-angle.lavenir.net\/a-la-decouverte-des-plus-belles-abbayes-de-wallonie\/wp-content\/uploads\/sites\/60\/2018\/12\/20180923abbaye07Brogne-11.jpg\" data-bg=\"f:contain;\" data-no-retina>\n<!--\n\t\t\t\t\t\t\t--><rs-group\n\t\t\t\t\t\t\t\tid=\"slider-1-slide-21-layer-2\" \n\t\t\t\t\t\t\t\tdata-type=\"group\"\n\t\t\t\t\t\t\t\tdata-xy=\"x:c;y:b;\"\n\t\t\t\t\t\t\t\tdata-text=\"l:22;a:inherit;\"\n\t\t\t\t\t\t\t\tdata-dim=\"w:100%;h:200px;\"\n\t\t\t\t\t\t\t\tdata-frame_0=\"tp:600;\"\n\t\t\t\t\t\t\t\tdata-frame_1=\"tp:600;sR:10;\"\n\t\t\t\t\t\t\t\tdata-frame_999=\"o:0;tp:600;st:w;sR:8690;sA:9000;\"\n\t\t\t\t\t\t\t\tstyle=\"z-index:5;\"\n\t\t\t\t\t\t\t><!--\n\t\t\t\t\t\t\t\t--><p\n\t\t\t\t\t\t\t\t\tid=\"slider-1-slide-21-layer-3\" \n\t\t\t\t\t\t\t\t\tclass=\"rs-layer\"\n\t\t\t\t\t\t\t\t\tdata-type=\"text\"\n\t\t\t\t\t\t\t\t\tdata-color=\"#ffffff\"\n\t\t\t\t\t\t\t\t\tdata-rsp_ch=\"on\"\n\t\t\t\t\t\t\t\t\tdata-xy=\"x:c;y:134px;\"\n\t\t\t\t\t\t\t\t\tdata-pos=\"a\"\n\t\t\t\t\t\t\t\t\tdata-text=\"w:normal;l:22;a:inherit;\"\n\t\t\t\t\t\t\t\t\tdata-dim=\"w:1179px;h:45px;\"\n\t\t\t\t\t\t\t\t\tdata-frame_0=\"tp:600;\"\n\t\t\t\t\t\t\t\t\tdata-frame_1=\"tp:600;\"\n\t\t\t\t\t\t\t\t\tdata-frame_999=\"o:0;tp:600;st:w;sR:8690;\"\n\t\t\t\t\t\t\t\t\tstyle=\"z-index:7;font-family:'Raleway';\"\n\t\t\t\t\t\t\t\t>Situ\u00e9e \u00e0 Saint-G\u00e9rard, commune de Mettet, l\u2019abbaye Saint-G\u00e9rard de Brogne a \u00e9t\u00e9 b\u00e2tie en 923. Les lieux accueillent aujourd\u2019hui un centre de s\u00e9minaire et un h\u00f4tel de charme ainsi que le \u201ccentre vivant de la vigne et du vin belge\u201d.  \n\t\t\t\t\t\t\t\t<\/p><!--\n\n\t\t\t\t\t\t\t\t--><rs-layer\n\t\t\t\t\t\t\t\t\tid=\"slider-1-slide-21-layer-1\" \n\t\t\t\t\t\t\t\t\tclass=\"tp-shape tp-shapewrapper\"\n\t\t\t\t\t\t\t\t\tdata-type=\"shape\"\n\t\t\t\t\t\t\t\t\tdata-rsp_ch=\"on\"\n\t\t\t\t\t\t\t\t\tdata-xy=\"x:c;y:b;\"\n\t\t\t\t\t\t\t\t\tdata-pos=\"a\"\n\t\t\t\t\t\t\t\t\tdata-text=\"fw:100;a:inherit;\"\n\t\t\t\t\t\t\t\t\tdata-dim=\"w:100%;h:82px;\"\n\t\t\t\t\t\t\t\t\tdata-frame_0=\"tp:600;\"\n\t\t\t\t\t\t\t\t\tdata-frame_1=\"tp:600;\"\n\t\t\t\t\t\t\t\t\tdata-frame_999=\"o:0;tp:600;st:w;sR:8690;\"\n\t\t\t\t\t\t\t\t\tstyle=\"z-index:6;background-color:rgba(0,0,0,0.75);\"\n\t\t\t\t\t\t\t\t> \n\t\t\t\t\t\t\t\t<\/rs-layer><!--\n\t\t\t\t\t\t\t--><\/rs-group><!--\n-->\t\t\t\t\t<\/rs-slide>\n\t\t\t\t\t\t<rs-slide style=\"position: absolute;\" data-key=\"rs-22\" data-title=\"chevetogne\" data-thumb=\"\/\/grand-angle.lavenir.net\/a-la-decouverte-des-plus-belles-abbayes-de-wallonie\/wp-content\/uploads\/sites\/60\/2018\/12\/20180924abbaye8Chevetogne-4.jpg\" data-anim=\"adpr:false;\">\n\t\t\t\t\t\t\t<img decoding=\"async\" src=\"\/\/grand-angle.lavenir.net\/a-la-decouverte-des-plus-belles-abbayes-de-wallonie\/wp-content\/plugins\/revslider\/sr6\/assets\/assets\/dummy.png\" alt=\"\" title=\"20180924abbaye8Chevetogne-4\" width=\"1900\" height=\"1267\" class=\"rev-slidebg tp-rs-img rs-lazyload\" data-lazyload=\"\/\/grand-angle.lavenir.net\/a-la-decouverte-des-plus-belles-abbayes-de-wallonie\/wp-content\/uploads\/sites\/60\/2018\/12\/20180924abbaye8Chevetogne-4.jpg\" data-bg=\"f:contain;\" data-no-retina>\n<!--\n\t\t\t\t\t\t\t--><rs-group\n\t\t\t\t\t\t\t\tid=\"slider-1-slide-22-layer-2\" \n\t\t\t\t\t\t\t\tdata-type=\"group\"\n\t\t\t\t\t\t\t\tdata-xy=\"x:c;y:b;\"\n\t\t\t\t\t\t\t\tdata-text=\"l:22;a:inherit;\"\n\t\t\t\t\t\t\t\tdata-dim=\"w:100%;h:200px;\"\n\t\t\t\t\t\t\t\tdata-frame_0=\"tp:600;\"\n\t\t\t\t\t\t\t\tdata-frame_1=\"tp:600;sR:10;\"\n\t\t\t\t\t\t\t\tdata-frame_999=\"o:0;tp:600;st:w;sR:8690;sA:9000;\"\n\t\t\t\t\t\t\t\tstyle=\"z-index:5;\"\n\t\t\t\t\t\t\t><!--\n\t\t\t\t\t\t\t\t--><p\n\t\t\t\t\t\t\t\t\tid=\"slider-1-slide-22-layer-3\" \n\t\t\t\t\t\t\t\t\tclass=\"rs-layer\"\n\t\t\t\t\t\t\t\t\tdata-type=\"text\"\n\t\t\t\t\t\t\t\t\tdata-color=\"#ffffff\"\n\t\t\t\t\t\t\t\t\tdata-rsp_ch=\"on\"\n\t\t\t\t\t\t\t\t\tdata-xy=\"x:c;y:134px;\"\n\t\t\t\t\t\t\t\t\tdata-pos=\"a\"\n\t\t\t\t\t\t\t\t\tdata-text=\"w:normal;l:22;a:inherit;\"\n\t\t\t\t\t\t\t\t\tdata-dim=\"w:1179px;h:45px;\"\n\t\t\t\t\t\t\t\t\tdata-frame_0=\"tp:600;\"\n\t\t\t\t\t\t\t\t\tdata-frame_1=\"tp:600;\"\n\t\t\t\t\t\t\t\t\tdata-frame_999=\"o:0;tp:600;st:w;sR:8990;\"\n\t\t\t\t\t\t\t\t\tstyle=\"z-index:7;font-family:'Raleway';\"\n\t\t\t\t\t\t\t\t>L\u2019abbaye de Chevetogne (commune de Ciney) est la plus r\u00e9cente de Wallonie. Construit en 1939, le monast\u00e8re n\u2019a \u00e9t\u00e9 \u00e9lev\u00e9 au rang d\u2019abbaye qu\u2019en 1990. Particularit\u00e9: elle dispose \u00e0 la fois d\u2019une \u00e9glise byzantine et d\u2019une \u00e9glise latine. \n\t\t\t\t\t\t\t\t<\/p><!--\n\n\t\t\t\t\t\t\t\t--><rs-layer\n\t\t\t\t\t\t\t\t\tid=\"slider-1-slide-22-layer-1\" \n\t\t\t\t\t\t\t\t\tclass=\"tp-shape tp-shapewrapper\"\n\t\t\t\t\t\t\t\t\tdata-type=\"shape\"\n\t\t\t\t\t\t\t\t\tdata-rsp_ch=\"on\"\n\t\t\t\t\t\t\t\t\tdata-xy=\"x:c;y:b;\"\n\t\t\t\t\t\t\t\t\tdata-pos=\"a\"\n\t\t\t\t\t\t\t\t\tdata-text=\"fw:100;a:inherit;\"\n\t\t\t\t\t\t\t\t\tdata-dim=\"w:100%;h:82px;\"\n\t\t\t\t\t\t\t\t\tdata-frame_0=\"tp:600;\"\n\t\t\t\t\t\t\t\t\tdata-frame_1=\"tp:600;\"\n\t\t\t\t\t\t\t\t\tdata-frame_999=\"o:0;tp:600;st:w;sR:8690;\"\n\t\t\t\t\t\t\t\t\tstyle=\"z-index:6;background-color:rgba(0,0,0,0.75);\"\n\t\t\t\t\t\t\t\t> \n\t\t\t\t\t\t\t\t<\/rs-layer><!--\n\t\t\t\t\t\t\t--><\/rs-group><!--\n-->\t\t\t\t\t<\/rs-slide>\n\t\t\t\t\t\t<rs-slide style=\"position: absolute;\" data-key=\"rs-23\" data-title=\"chevetogne-2\" data-thumb=\"\/\/grand-angle.lavenir.net\/a-la-decouverte-des-plus-belles-abbayes-de-wallonie\/wp-content\/uploads\/sites\/60\/2018\/12\/20180924abbaye8Chevetogne-6.jpg\" data-anim=\"adpr:false;\">\n\t\t\t\t\t\t\t<img decoding=\"async\" src=\"\/\/grand-angle.lavenir.net\/a-la-decouverte-des-plus-belles-abbayes-de-wallonie\/wp-content\/plugins\/revslider\/sr6\/assets\/assets\/dummy.png\" alt=\"\" title=\"20180924abbaye8Chevetogne-6\" width=\"1900\" height=\"1267\" class=\"rev-slidebg tp-rs-img rs-lazyload\" data-lazyload=\"\/\/grand-angle.lavenir.net\/a-la-decouverte-des-plus-belles-abbayes-de-wallonie\/wp-content\/uploads\/sites\/60\/2018\/12\/20180924abbaye8Chevetogne-6.jpg\" data-bg=\"f:contain;\" data-no-retina>\n<!--\n\t\t\t\t\t\t\t--><rs-group\n\t\t\t\t\t\t\t\tid=\"slider-1-slide-23-layer-2\" \n\t\t\t\t\t\t\t\tdata-type=\"group\"\n\t\t\t\t\t\t\t\tdata-xy=\"x:c;y:b;\"\n\t\t\t\t\t\t\t\tdata-text=\"l:22;a:inherit;\"\n\t\t\t\t\t\t\t\tdata-dim=\"w:100%;h:200px;\"\n\t\t\t\t\t\t\t\tdata-frame_0=\"tp:600;\"\n\t\t\t\t\t\t\t\tdata-frame_1=\"tp:600;sR:10;\"\n\t\t\t\t\t\t\t\tdata-frame_999=\"o:0;tp:600;st:w;sR:8690;sA:9000;\"\n\t\t\t\t\t\t\t\tstyle=\"z-index:5;\"\n\t\t\t\t\t\t\t><!--\n\t\t\t\t\t\t\t\t--><p\n\t\t\t\t\t\t\t\t\tid=\"slider-1-slide-23-layer-3\" \n\t\t\t\t\t\t\t\t\tclass=\"rs-layer\"\n\t\t\t\t\t\t\t\t\tdata-type=\"text\"\n\t\t\t\t\t\t\t\t\tdata-color=\"#ffffff\"\n\t\t\t\t\t\t\t\t\tdata-rsp_ch=\"on\"\n\t\t\t\t\t\t\t\t\tdata-xy=\"x:c;y:134px;\"\n\t\t\t\t\t\t\t\t\tdata-pos=\"a\"\n\t\t\t\t\t\t\t\t\tdata-text=\"w:normal;l:22;a:inherit;\"\n\t\t\t\t\t\t\t\t\tdata-dim=\"w:1179px;h:45px;\"\n\t\t\t\t\t\t\t\t\tdata-frame_0=\"tp:600;\"\n\t\t\t\t\t\t\t\t\tdata-frame_1=\"tp:600;\"\n\t\t\t\t\t\t\t\t\tdata-frame_999=\"o:0;tp:600;st:w;sR:8690;\"\n\t\t\t\t\t\t\t\t\tstyle=\"z-index:7;font-family:'Raleway';\"\n\t\t\t\t\t\t\t\t>L\u2019abbaye de Chevetogne (commune de Ciney) est la plus r\u00e9cente de Wallonie. Construit en 1939, le monast\u00e8re n\u2019a \u00e9t\u00e9 \u00e9lev\u00e9 au rang d\u2019abbaye qu\u2019en 1990. Particularit\u00e9: elle dispose \u00e0 la fois d\u2019une \u00e9glise byzantine et d\u2019une \u00e9glise latine. \n\t\t\t\t\t\t\t\t<\/p><!--\n\n\t\t\t\t\t\t\t\t--><rs-layer\n\t\t\t\t\t\t\t\t\tid=\"slider-1-slide-23-layer-1\" \n\t\t\t\t\t\t\t\t\tclass=\"tp-shape tp-shapewrapper\"\n\t\t\t\t\t\t\t\t\tdata-type=\"shape\"\n\t\t\t\t\t\t\t\t\tdata-rsp_ch=\"on\"\n\t\t\t\t\t\t\t\t\tdata-xy=\"x:c;y:b;\"\n\t\t\t\t\t\t\t\t\tdata-pos=\"a\"\n\t\t\t\t\t\t\t\t\tdata-text=\"fw:100;a:inherit;\"\n\t\t\t\t\t\t\t\t\tdata-dim=\"w:100%;h:82px;\"\n\t\t\t\t\t\t\t\t\tdata-frame_0=\"tp:600;\"\n\t\t\t\t\t\t\t\t\tdata-frame_1=\"tp:600;\"\n\t\t\t\t\t\t\t\t\tdata-frame_999=\"o:0;tp:600;st:w;sR:8690;\"\n\t\t\t\t\t\t\t\t\tstyle=\"z-index:6;background-color:rgba(0,0,0,0.75);\"\n\t\t\t\t\t\t\t\t> \n\t\t\t\t\t\t\t\t<\/rs-layer><!--\n\t\t\t\t\t\t\t--><\/rs-group><!--\n-->\t\t\t\t\t<\/rs-slide>\n\t\t\t\t\t\t<rs-slide style=\"position: absolute;\" data-key=\"rs-24\" data-title=\"chevetogne-3\" data-thumb=\"\/\/grand-angle.lavenir.net\/a-la-decouverte-des-plus-belles-abbayes-de-wallonie\/wp-content\/uploads\/sites\/60\/2018\/12\/20180924abbaye8Chevetogne-8.jpg\" data-anim=\"adpr:false;\">\n\t\t\t\t\t\t\t<img decoding=\"async\" src=\"\/\/grand-angle.lavenir.net\/a-la-decouverte-des-plus-belles-abbayes-de-wallonie\/wp-content\/plugins\/revslider\/sr6\/assets\/assets\/dummy.png\" alt=\"\" title=\"20180924abbaye8Chevetogne-8\" width=\"1900\" height=\"1267\" class=\"rev-slidebg tp-rs-img rs-lazyload\" data-lazyload=\"\/\/grand-angle.lavenir.net\/a-la-decouverte-des-plus-belles-abbayes-de-wallonie\/wp-content\/uploads\/sites\/60\/2018\/12\/20180924abbaye8Chevetogne-8.jpg\" data-bg=\"f:contain;\" data-no-retina>\n<!--\n\t\t\t\t\t\t\t--><rs-group\n\t\t\t\t\t\t\t\tid=\"slider-1-slide-24-layer-2\" \n\t\t\t\t\t\t\t\tdata-type=\"group\"\n\t\t\t\t\t\t\t\tdata-xy=\"x:c;y:b;\"\n\t\t\t\t\t\t\t\tdata-text=\"l:22;a:inherit;\"\n\t\t\t\t\t\t\t\tdata-dim=\"w:100%;h:200px;\"\n\t\t\t\t\t\t\t\tdata-frame_0=\"tp:600;\"\n\t\t\t\t\t\t\t\tdata-frame_1=\"tp:600;sR:10;\"\n\t\t\t\t\t\t\t\tdata-frame_999=\"o:0;tp:600;st:w;sR:8690;sA:9000;\"\n\t\t\t\t\t\t\t\tstyle=\"z-index:5;\"\n\t\t\t\t\t\t\t><!--\n\t\t\t\t\t\t\t\t--><p\n\t\t\t\t\t\t\t\t\tid=\"slider-1-slide-24-layer-3\" \n\t\t\t\t\t\t\t\t\tclass=\"rs-layer\"\n\t\t\t\t\t\t\t\t\tdata-type=\"text\"\n\t\t\t\t\t\t\t\t\tdata-color=\"#ffffff\"\n\t\t\t\t\t\t\t\t\tdata-rsp_ch=\"on\"\n\t\t\t\t\t\t\t\t\tdata-xy=\"x:c;y:134px;\"\n\t\t\t\t\t\t\t\t\tdata-pos=\"a\"\n\t\t\t\t\t\t\t\t\tdata-text=\"w:normal;l:22;a:inherit;\"\n\t\t\t\t\t\t\t\t\tdata-dim=\"w:1179px;h:45px;\"\n\t\t\t\t\t\t\t\t\tdata-frame_0=\"tp:600;\"\n\t\t\t\t\t\t\t\t\tdata-frame_1=\"tp:600;\"\n\t\t\t\t\t\t\t\t\tdata-frame_999=\"o:0;tp:600;st:w;sR:8690;\"\n\t\t\t\t\t\t\t\t\tstyle=\"z-index:7;font-family:'Raleway';\"\n\t\t\t\t\t\t\t\t>L\u2019abbaye de Chevetogne (commune de Ciney) est la plus r\u00e9cente de Wallonie. Construit en 1939, le monast\u00e8re n\u2019a \u00e9t\u00e9 \u00e9lev\u00e9 au rang d\u2019abbaye qu\u2019en 1990. Particularit\u00e9: elle dispose \u00e0 la fois d\u2019une \u00e9glise byzantine et d\u2019une \u00e9glise latine. \n\t\t\t\t\t\t\t\t<\/p><!--\n\n\t\t\t\t\t\t\t\t--><rs-layer\n\t\t\t\t\t\t\t\t\tid=\"slider-1-slide-24-layer-1\" \n\t\t\t\t\t\t\t\t\tclass=\"tp-shape tp-shapewrapper\"\n\t\t\t\t\t\t\t\t\tdata-type=\"shape\"\n\t\t\t\t\t\t\t\t\tdata-rsp_ch=\"on\"\n\t\t\t\t\t\t\t\t\tdata-xy=\"x:c;y:b;\"\n\t\t\t\t\t\t\t\t\tdata-pos=\"a\"\n\t\t\t\t\t\t\t\t\tdata-text=\"fw:100;a:inherit;\"\n\t\t\t\t\t\t\t\t\tdata-dim=\"w:100%;h:82px;\"\n\t\t\t\t\t\t\t\t\tdata-frame_0=\"tp:600;\"\n\t\t\t\t\t\t\t\t\tdata-frame_1=\"tp:600;\"\n\t\t\t\t\t\t\t\t\tdata-frame_999=\"o:0;tp:600;st:w;sR:8690;\"\n\t\t\t\t\t\t\t\t\tstyle=\"z-index:6;background-color:rgba(0,0,0,0.75);\"\n\t\t\t\t\t\t\t\t> \n\t\t\t\t\t\t\t\t<\/rs-layer><!--\n\t\t\t\t\t\t\t--><\/rs-group><!--\n-->\t\t\t\t\t<\/rs-slide>\n\t\t\t\t\t\t<rs-slide style=\"position: absolute;\" data-key=\"rs-25\" data-title=\"floreffe\" data-thumb=\"\/\/grand-angle.lavenir.net\/a-la-decouverte-des-plus-belles-abbayes-de-wallonie\/wp-content\/uploads\/sites\/60\/2018\/12\/20180924abbaye09Floreffe-6.jpg\" data-anim=\"adpr:false;\">\n\t\t\t\t\t\t\t<img decoding=\"async\" src=\"\/\/grand-angle.lavenir.net\/a-la-decouverte-des-plus-belles-abbayes-de-wallonie\/wp-content\/plugins\/revslider\/sr6\/assets\/assets\/dummy.png\" alt=\"\" title=\"20180924abbaye09Floreffe-6\" width=\"1900\" height=\"1267\" class=\"rev-slidebg tp-rs-img rs-lazyload\" data-lazyload=\"\/\/grand-angle.lavenir.net\/a-la-decouverte-des-plus-belles-abbayes-de-wallonie\/wp-content\/uploads\/sites\/60\/2018\/12\/20180924abbaye09Floreffe-6.jpg\" data-bg=\"f:contain;\" data-no-retina>\n<!--\n\t\t\t\t\t\t\t--><rs-group\n\t\t\t\t\t\t\t\tid=\"slider-1-slide-25-layer-2\" \n\t\t\t\t\t\t\t\tdata-type=\"group\"\n\t\t\t\t\t\t\t\tdata-xy=\"x:c;y:b;\"\n\t\t\t\t\t\t\t\tdata-text=\"l:22;a:inherit;\"\n\t\t\t\t\t\t\t\tdata-dim=\"w:100%;h:200px;\"\n\t\t\t\t\t\t\t\tdata-frame_0=\"tp:600;\"\n\t\t\t\t\t\t\t\tdata-frame_1=\"tp:600;sR:10;\"\n\t\t\t\t\t\t\t\tdata-frame_999=\"o:0;tp:600;st:w;sR:8690;sA:9000;\"\n\t\t\t\t\t\t\t\tstyle=\"z-index:5;\"\n\t\t\t\t\t\t\t><!--\n\t\t\t\t\t\t\t\t--><p\n\t\t\t\t\t\t\t\t\tid=\"slider-1-slide-25-layer-3\" \n\t\t\t\t\t\t\t\t\tclass=\"rs-layer\"\n\t\t\t\t\t\t\t\t\tdata-type=\"text\"\n\t\t\t\t\t\t\t\t\tdata-color=\"#ffffff\"\n\t\t\t\t\t\t\t\t\tdata-rsp_ch=\"on\"\n\t\t\t\t\t\t\t\t\tdata-xy=\"x:c;y:134px;\"\n\t\t\t\t\t\t\t\t\tdata-pos=\"a\"\n\t\t\t\t\t\t\t\t\tdata-text=\"w:normal;l:22;a:inherit;\"\n\t\t\t\t\t\t\t\t\tdata-dim=\"w:1179px;h:45px;\"\n\t\t\t\t\t\t\t\t\tdata-frame_0=\"tp:600;\"\n\t\t\t\t\t\t\t\t\tdata-frame_1=\"tp:600;\"\n\t\t\t\t\t\t\t\t\tdata-frame_999=\"o:0;tp:600;st:w;sR:8990;\"\n\t\t\t\t\t\t\t\t\tstyle=\"z-index:7;font-family:'Raleway';\"\n\t\t\t\t\t\t\t\t>Situ\u00e9e sur un promontoire rocheux dominant la Sambre, l\u2019abbaye de Floreffe a \u00e9t\u00e9 cr\u00e9\u00e9e vers 1122. Elle est \u00e0 l\u2019origine de la cr\u00e9ation de 7 h\u00f4pitaux et hospices, 8 couvent ainsi que du prieur\u00e9 de Leffe.  \n\t\t\t\t\t\t\t\t<\/p><!--\n\n\t\t\t\t\t\t\t\t--><rs-layer\n\t\t\t\t\t\t\t\t\tid=\"slider-1-slide-25-layer-1\" \n\t\t\t\t\t\t\t\t\tclass=\"tp-shape tp-shapewrapper\"\n\t\t\t\t\t\t\t\t\tdata-type=\"shape\"\n\t\t\t\t\t\t\t\t\tdata-rsp_ch=\"on\"\n\t\t\t\t\t\t\t\t\tdata-xy=\"x:c;y:b;\"\n\t\t\t\t\t\t\t\t\tdata-pos=\"a\"\n\t\t\t\t\t\t\t\t\tdata-text=\"fw:100;a:inherit;\"\n\t\t\t\t\t\t\t\t\tdata-dim=\"w:100%;h:82px;\"\n\t\t\t\t\t\t\t\t\tdata-frame_0=\"tp:600;\"\n\t\t\t\t\t\t\t\t\tdata-frame_1=\"tp:600;\"\n\t\t\t\t\t\t\t\t\tdata-frame_999=\"o:0;tp:600;st:w;sR:8690;\"\n\t\t\t\t\t\t\t\t\tstyle=\"z-index:6;background-color:rgba(0,0,0,0.75);\"\n\t\t\t\t\t\t\t\t> \n\t\t\t\t\t\t\t\t<\/rs-layer><!--\n\t\t\t\t\t\t\t--><\/rs-group><!--\n-->\t\t\t\t\t<\/rs-slide>\n\t\t\t\t\t\t<rs-slide style=\"position: absolute;\" data-key=\"rs-26\" data-title=\"floreffe-2\" data-thumb=\"\/\/grand-angle.lavenir.net\/a-la-decouverte-des-plus-belles-abbayes-de-wallonie\/wp-content\/uploads\/sites\/60\/2018\/12\/20180924abbaye09Floreffe-9.jpg\" data-anim=\"adpr:false;\">\n\t\t\t\t\t\t\t<img decoding=\"async\" src=\"\/\/grand-angle.lavenir.net\/a-la-decouverte-des-plus-belles-abbayes-de-wallonie\/wp-content\/plugins\/revslider\/sr6\/assets\/assets\/dummy.png\" alt=\"\" title=\"20180924abbaye09Floreffe-9\" width=\"1900\" height=\"1267\" class=\"rev-slidebg tp-rs-img rs-lazyload\" data-lazyload=\"\/\/grand-angle.lavenir.net\/a-la-decouverte-des-plus-belles-abbayes-de-wallonie\/wp-content\/uploads\/sites\/60\/2018\/12\/20180924abbaye09Floreffe-9.jpg\" data-bg=\"f:contain;\" data-no-retina>\n<!--\n\t\t\t\t\t\t\t--><rs-group\n\t\t\t\t\t\t\t\tid=\"slider-1-slide-26-layer-2\" \n\t\t\t\t\t\t\t\tdata-type=\"group\"\n\t\t\t\t\t\t\t\tdata-xy=\"x:c;y:b;\"\n\t\t\t\t\t\t\t\tdata-text=\"l:22;a:inherit;\"\n\t\t\t\t\t\t\t\tdata-dim=\"w:100%;h:200px;\"\n\t\t\t\t\t\t\t\tdata-frame_0=\"tp:600;\"\n\t\t\t\t\t\t\t\tdata-frame_1=\"tp:600;sR:10;\"\n\t\t\t\t\t\t\t\tdata-frame_999=\"o:0;tp:600;st:w;sR:8690;sA:9000;\"\n\t\t\t\t\t\t\t\tstyle=\"z-index:5;\"\n\t\t\t\t\t\t\t><!--\n\t\t\t\t\t\t\t\t--><p\n\t\t\t\t\t\t\t\t\tid=\"slider-1-slide-26-layer-3\" \n\t\t\t\t\t\t\t\t\tclass=\"rs-layer\"\n\t\t\t\t\t\t\t\t\tdata-type=\"text\"\n\t\t\t\t\t\t\t\t\tdata-color=\"#ffffff\"\n\t\t\t\t\t\t\t\t\tdata-rsp_ch=\"on\"\n\t\t\t\t\t\t\t\t\tdata-xy=\"x:c;y:134px;\"\n\t\t\t\t\t\t\t\t\tdata-pos=\"a\"\n\t\t\t\t\t\t\t\t\tdata-text=\"w:normal;l:22;a:inherit;\"\n\t\t\t\t\t\t\t\t\tdata-dim=\"w:1179px;h:45px;\"\n\t\t\t\t\t\t\t\t\tdata-frame_0=\"tp:600;\"\n\t\t\t\t\t\t\t\t\tdata-frame_1=\"tp:600;\"\n\t\t\t\t\t\t\t\t\tdata-frame_999=\"o:0;tp:600;st:w;sR:8690;\"\n\t\t\t\t\t\t\t\t\tstyle=\"z-index:7;font-family:'Raleway';\"\n\t\t\t\t\t\t\t\t>Situ\u00e9e sur un promontoire rocheux dominant la Sambre, l\u2019abbaye de Floreffe a \u00e9t\u00e9 cr\u00e9\u00e9e vers 1122. Elle est \u00e0 l\u2019origine de la cr\u00e9ation de 7 h\u00f4pitaux et hospices, 8 couvent ainsi que du prieur\u00e9 de Leffe.  \n\t\t\t\t\t\t\t\t<\/p><!--\n\n\t\t\t\t\t\t\t\t--><rs-layer\n\t\t\t\t\t\t\t\t\tid=\"slider-1-slide-26-layer-1\" \n\t\t\t\t\t\t\t\t\tclass=\"tp-shape tp-shapewrapper\"\n\t\t\t\t\t\t\t\t\tdata-type=\"shape\"\n\t\t\t\t\t\t\t\t\tdata-rsp_ch=\"on\"\n\t\t\t\t\t\t\t\t\tdata-xy=\"x:c;y:b;\"\n\t\t\t\t\t\t\t\t\tdata-pos=\"a\"\n\t\t\t\t\t\t\t\t\tdata-text=\"fw:100;a:inherit;\"\n\t\t\t\t\t\t\t\t\tdata-dim=\"w:100%;h:82px;\"\n\t\t\t\t\t\t\t\t\tdata-frame_0=\"tp:600;\"\n\t\t\t\t\t\t\t\t\tdata-frame_1=\"tp:600;\"\n\t\t\t\t\t\t\t\t\tdata-frame_999=\"o:0;tp:600;st:w;sR:8690;\"\n\t\t\t\t\t\t\t\t\tstyle=\"z-index:6;background-color:rgba(0,0,0,0.75);\"\n\t\t\t\t\t\t\t\t> \n\t\t\t\t\t\t\t\t<\/rs-layer><!--\n\t\t\t\t\t\t\t--><\/rs-group><!--\n-->\t\t\t\t\t<\/rs-slide>\n\t\t\t\t\t\t<rs-slide style=\"position: absolute;\" data-key=\"rs-27\" data-title=\"floreffe-3\" data-thumb=\"\/\/grand-angle.lavenir.net\/a-la-decouverte-des-plus-belles-abbayes-de-wallonie\/wp-content\/uploads\/sites\/60\/2018\/12\/20180924abbaye09Floreffe-4.jpg\" data-anim=\"adpr:false;\">\n\t\t\t\t\t\t\t<img decoding=\"async\" src=\"\/\/grand-angle.lavenir.net\/a-la-decouverte-des-plus-belles-abbayes-de-wallonie\/wp-content\/plugins\/revslider\/sr6\/assets\/assets\/dummy.png\" alt=\"\" title=\"20180924abbaye09Floreffe-4\" width=\"1900\" height=\"1267\" class=\"rev-slidebg tp-rs-img rs-lazyload\" data-lazyload=\"\/\/grand-angle.lavenir.net\/a-la-decouverte-des-plus-belles-abbayes-de-wallonie\/wp-content\/uploads\/sites\/60\/2018\/12\/20180924abbaye09Floreffe-4.jpg\" data-bg=\"f:contain;\" data-no-retina>\n<!--\n\t\t\t\t\t\t\t--><rs-group\n\t\t\t\t\t\t\t\tid=\"slider-1-slide-27-layer-2\" \n\t\t\t\t\t\t\t\tdata-type=\"group\"\n\t\t\t\t\t\t\t\tdata-xy=\"x:c;y:b;\"\n\t\t\t\t\t\t\t\tdata-text=\"l:22;a:inherit;\"\n\t\t\t\t\t\t\t\tdata-dim=\"w:100%;h:200px;\"\n\t\t\t\t\t\t\t\tdata-frame_0=\"tp:600;\"\n\t\t\t\t\t\t\t\tdata-frame_1=\"tp:600;sR:10;\"\n\t\t\t\t\t\t\t\tdata-frame_999=\"o:0;tp:600;st:w;sR:8690;sA:9000;\"\n\t\t\t\t\t\t\t\tstyle=\"z-index:5;\"\n\t\t\t\t\t\t\t><!--\n\t\t\t\t\t\t\t\t--><p\n\t\t\t\t\t\t\t\t\tid=\"slider-1-slide-27-layer-3\" \n\t\t\t\t\t\t\t\t\tclass=\"rs-layer\"\n\t\t\t\t\t\t\t\t\tdata-type=\"text\"\n\t\t\t\t\t\t\t\t\tdata-color=\"#ffffff\"\n\t\t\t\t\t\t\t\t\tdata-rsp_ch=\"on\"\n\t\t\t\t\t\t\t\t\tdata-xy=\"x:c;y:134px;\"\n\t\t\t\t\t\t\t\t\tdata-pos=\"a\"\n\t\t\t\t\t\t\t\t\tdata-text=\"w:normal;l:22;a:inherit;\"\n\t\t\t\t\t\t\t\t\tdata-dim=\"w:1179px;h:45px;\"\n\t\t\t\t\t\t\t\t\tdata-frame_0=\"tp:600;\"\n\t\t\t\t\t\t\t\t\tdata-frame_1=\"tp:600;\"\n\t\t\t\t\t\t\t\t\tdata-frame_999=\"o:0;tp:600;st:w;sR:8690;\"\n\t\t\t\t\t\t\t\t\tstyle=\"z-index:7;font-family:'Raleway';\"\n\t\t\t\t\t\t\t\t>Situ\u00e9e sur un promontoire rocheux dominant la Sambre, l\u2019abbaye de Floreffe a \u00e9t\u00e9 cr\u00e9\u00e9e vers 1122. Elle est \u00e0 l\u2019origine de la cr\u00e9ation de 7 h\u00f4pitaux et hospices, 8 couvent ainsi que du prieur\u00e9 de Leffe.  \n\t\t\t\t\t\t\t\t<\/p><!--\n\n\t\t\t\t\t\t\t\t--><rs-layer\n\t\t\t\t\t\t\t\t\tid=\"slider-1-slide-27-layer-1\" \n\t\t\t\t\t\t\t\t\tclass=\"tp-shape tp-shapewrapper\"\n\t\t\t\t\t\t\t\t\tdata-type=\"shape\"\n\t\t\t\t\t\t\t\t\tdata-rsp_ch=\"on\"\n\t\t\t\t\t\t\t\t\tdata-xy=\"x:c;y:b;\"\n\t\t\t\t\t\t\t\t\tdata-pos=\"a\"\n\t\t\t\t\t\t\t\t\tdata-text=\"fw:100;a:inherit;\"\n\t\t\t\t\t\t\t\t\tdata-dim=\"w:100%;h:82px;\"\n\t\t\t\t\t\t\t\t\tdata-frame_0=\"tp:600;\"\n\t\t\t\t\t\t\t\t\tdata-frame_1=\"tp:600;\"\n\t\t\t\t\t\t\t\t\tdata-frame_999=\"o:0;tp:600;st:w;sR:8690;\"\n\t\t\t\t\t\t\t\t\tstyle=\"z-index:6;background-color:rgba(0,0,0,0.75);\"\n\t\t\t\t\t\t\t\t> \n\t\t\t\t\t\t\t\t<\/rs-layer><!--\n\t\t\t\t\t\t\t--><\/rs-group><!--\n-->\t\t\t\t\t<\/rs-slide>\n\t\t\t\t\t\t<rs-slide style=\"position: absolute;\" data-key=\"rs-28\" data-title=\"leffe\" data-thumb=\"\/\/grand-angle.lavenir.net\/a-la-decouverte-des-plus-belles-abbayes-de-wallonie\/wp-content\/uploads\/sites\/60\/2018\/12\/20180924abbaye10Leffe-7.jpg\" data-anim=\"adpr:false;\">\n\t\t\t\t\t\t\t<img decoding=\"async\" src=\"\/\/grand-angle.lavenir.net\/a-la-decouverte-des-plus-belles-abbayes-de-wallonie\/wp-content\/plugins\/revslider\/sr6\/assets\/assets\/dummy.png\" alt=\"\" title=\"20180924abbaye10Leffe-7\" width=\"1900\" height=\"1267\" class=\"rev-slidebg tp-rs-img rs-lazyload\" data-lazyload=\"\/\/grand-angle.lavenir.net\/a-la-decouverte-des-plus-belles-abbayes-de-wallonie\/wp-content\/uploads\/sites\/60\/2018\/12\/20180924abbaye10Leffe-7.jpg\" data-bg=\"f:contain;\" data-no-retina>\n<!--\n\t\t\t\t\t\t\t--><rs-group\n\t\t\t\t\t\t\t\tid=\"slider-1-slide-28-layer-2\" \n\t\t\t\t\t\t\t\tdata-type=\"group\"\n\t\t\t\t\t\t\t\tdata-xy=\"x:c;y:b;\"\n\t\t\t\t\t\t\t\tdata-text=\"l:22;a:inherit;\"\n\t\t\t\t\t\t\t\tdata-dim=\"w:100%;h:200px;\"\n\t\t\t\t\t\t\t\tdata-frame_0=\"tp:600;\"\n\t\t\t\t\t\t\t\tdata-frame_1=\"tp:600;sR:10;\"\n\t\t\t\t\t\t\t\tdata-frame_999=\"o:0;tp:600;st:w;sR:8690;sA:9000;\"\n\t\t\t\t\t\t\t\tstyle=\"z-index:5;\"\n\t\t\t\t\t\t\t><!--\n\t\t\t\t\t\t\t\t--><p\n\t\t\t\t\t\t\t\t\tid=\"slider-1-slide-28-layer-3\" \n\t\t\t\t\t\t\t\t\tclass=\"rs-layer\"\n\t\t\t\t\t\t\t\t\tdata-type=\"text\"\n\t\t\t\t\t\t\t\t\tdata-color=\"#ffffff\"\n\t\t\t\t\t\t\t\t\tdata-rsp_ch=\"on\"\n\t\t\t\t\t\t\t\t\tdata-xy=\"x:c;y:134px;\"\n\t\t\t\t\t\t\t\t\tdata-pos=\"a\"\n\t\t\t\t\t\t\t\t\tdata-text=\"w:normal;l:22;a:inherit;\"\n\t\t\t\t\t\t\t\t\tdata-dim=\"w:1179px;h:45px;\"\n\t\t\t\t\t\t\t\t\tdata-frame_0=\"tp:600;\"\n\t\t\t\t\t\t\t\t\tdata-frame_1=\"tp:600;\"\n\t\t\t\t\t\t\t\t\tdata-frame_999=\"o:0;tp:600;st:w;sR:8990;\"\n\t\t\t\t\t\t\t\t\tstyle=\"z-index:7;font-family:'Raleway';\"\n\t\t\t\t\t\t\t\t>L\u2019histoire de l\u2019abbaye pr\u00e9montr\u00e9e Notre-Dame de Leffe (Dinant) remonte \u00e0 1152. Elle propose un b\u00e2ti remarquable. Restaur\u00e9e apr\u00e8s un incendie, l\u2019abbaye accueille un d\u00e9p\u00f4t permanent d\u2019oeuvres d\u2019art appartenant aux Mus\u00e9es royaux du Cinquantenaire. \n\t\t\t\t\t\t\t\t<\/p><!--\n\n\t\t\t\t\t\t\t\t--><rs-layer\n\t\t\t\t\t\t\t\t\tid=\"slider-1-slide-28-layer-1\" \n\t\t\t\t\t\t\t\t\tclass=\"tp-shape tp-shapewrapper\"\n\t\t\t\t\t\t\t\t\tdata-type=\"shape\"\n\t\t\t\t\t\t\t\t\tdata-rsp_ch=\"on\"\n\t\t\t\t\t\t\t\t\tdata-xy=\"x:c;y:b;\"\n\t\t\t\t\t\t\t\t\tdata-pos=\"a\"\n\t\t\t\t\t\t\t\t\tdata-text=\"fw:100;a:inherit;\"\n\t\t\t\t\t\t\t\t\tdata-dim=\"w:100%;h:82px;\"\n\t\t\t\t\t\t\t\t\tdata-frame_0=\"tp:600;\"\n\t\t\t\t\t\t\t\t\tdata-frame_1=\"tp:600;\"\n\t\t\t\t\t\t\t\t\tdata-frame_999=\"o:0;tp:600;st:w;sR:8690;\"\n\t\t\t\t\t\t\t\t\tstyle=\"z-index:6;background-color:rgba(0,0,0,0.75);\"\n\t\t\t\t\t\t\t\t> \n\t\t\t\t\t\t\t\t<\/rs-layer><!--\n\t\t\t\t\t\t\t--><\/rs-group><!--\n-->\t\t\t\t\t<\/rs-slide>\n\t\t\t\t\t\t<rs-slide style=\"position: absolute;\" data-key=\"rs-29\" data-title=\"leffe-2\" data-thumb=\"\/\/grand-angle.lavenir.net\/a-la-decouverte-des-plus-belles-abbayes-de-wallonie\/wp-content\/uploads\/sites\/60\/2018\/12\/20180924abbaye10Leffe-4.jpg\" data-anim=\"adpr:false;\">\n\t\t\t\t\t\t\t<img decoding=\"async\" src=\"\/\/grand-angle.lavenir.net\/a-la-decouverte-des-plus-belles-abbayes-de-wallonie\/wp-content\/plugins\/revslider\/sr6\/assets\/assets\/dummy.png\" alt=\"\" title=\"20180924abbaye10Leffe-4\" width=\"1900\" height=\"1267\" class=\"rev-slidebg tp-rs-img rs-lazyload\" data-lazyload=\"\/\/grand-angle.lavenir.net\/a-la-decouverte-des-plus-belles-abbayes-de-wallonie\/wp-content\/uploads\/sites\/60\/2018\/12\/20180924abbaye10Leffe-4.jpg\" data-bg=\"f:contain;\" data-no-retina>\n<!--\n\t\t\t\t\t\t\t--><rs-group\n\t\t\t\t\t\t\t\tid=\"slider-1-slide-29-layer-2\" \n\t\t\t\t\t\t\t\tdata-type=\"group\"\n\t\t\t\t\t\t\t\tdata-xy=\"x:c;y:b;\"\n\t\t\t\t\t\t\t\tdata-text=\"l:22;a:inherit;\"\n\t\t\t\t\t\t\t\tdata-dim=\"w:100%;h:200px;\"\n\t\t\t\t\t\t\t\tdata-frame_0=\"tp:600;\"\n\t\t\t\t\t\t\t\tdata-frame_1=\"tp:600;sR:10;\"\n\t\t\t\t\t\t\t\tdata-frame_999=\"o:0;tp:600;st:w;sR:8690;sA:9000;\"\n\t\t\t\t\t\t\t\tstyle=\"z-index:5;\"\n\t\t\t\t\t\t\t><!--\n\t\t\t\t\t\t\t\t--><p\n\t\t\t\t\t\t\t\t\tid=\"slider-1-slide-29-layer-3\" \n\t\t\t\t\t\t\t\t\tclass=\"rs-layer\"\n\t\t\t\t\t\t\t\t\tdata-type=\"text\"\n\t\t\t\t\t\t\t\t\tdata-color=\"#ffffff\"\n\t\t\t\t\t\t\t\t\tdata-rsp_ch=\"on\"\n\t\t\t\t\t\t\t\t\tdata-xy=\"x:c;y:134px;\"\n\t\t\t\t\t\t\t\t\tdata-pos=\"a\"\n\t\t\t\t\t\t\t\t\tdata-text=\"w:normal;l:22;a:inherit;\"\n\t\t\t\t\t\t\t\t\tdata-dim=\"w:1179px;h:45px;\"\n\t\t\t\t\t\t\t\t\tdata-frame_0=\"tp:600;\"\n\t\t\t\t\t\t\t\t\tdata-frame_1=\"tp:600;\"\n\t\t\t\t\t\t\t\t\tdata-frame_999=\"o:0;tp:600;st:w;sR:8690;\"\n\t\t\t\t\t\t\t\t\tstyle=\"z-index:7;font-family:'Raleway';\"\n\t\t\t\t\t\t\t\t>L\u2019histoire de l\u2019abbaye pr\u00e9montr\u00e9e Notre-Dame de Leffe (Dinant) remonte \u00e0 1152. Elle propose un b\u00e2ti remarquable. Restaur\u00e9e apr\u00e8s un incendie, l\u2019abbaye accueille un d\u00e9p\u00f4t permanent d\u2019oeuvres d\u2019art appartenant aux Mus\u00e9es royaux du Cinquantenaire. \n\t\t\t\t\t\t\t\t<\/p><!--\n\n\t\t\t\t\t\t\t\t--><rs-layer\n\t\t\t\t\t\t\t\t\tid=\"slider-1-slide-29-layer-1\" \n\t\t\t\t\t\t\t\t\tclass=\"tp-shape tp-shapewrapper\"\n\t\t\t\t\t\t\t\t\tdata-type=\"shape\"\n\t\t\t\t\t\t\t\t\tdata-rsp_ch=\"on\"\n\t\t\t\t\t\t\t\t\tdata-xy=\"x:c;y:b;\"\n\t\t\t\t\t\t\t\t\tdata-pos=\"a\"\n\t\t\t\t\t\t\t\t\tdata-text=\"fw:100;a:inherit;\"\n\t\t\t\t\t\t\t\t\tdata-dim=\"w:100%;h:82px;\"\n\t\t\t\t\t\t\t\t\tdata-frame_0=\"tp:600;\"\n\t\t\t\t\t\t\t\t\tdata-frame_1=\"tp:600;\"\n\t\t\t\t\t\t\t\t\tdata-frame_999=\"o:0;tp:600;st:w;sR:8690;\"\n\t\t\t\t\t\t\t\t\tstyle=\"z-index:6;background-color:rgba(0,0,0,0.75);\"\n\t\t\t\t\t\t\t\t> \n\t\t\t\t\t\t\t\t<\/rs-layer><!--\n\t\t\t\t\t\t\t--><\/rs-group><!--\n-->\t\t\t\t\t<\/rs-slide>\n\t\t\t\t\t\t<rs-slide style=\"position: absolute;\" data-key=\"rs-30\" data-title=\"leffe-3\" data-thumb=\"\/\/grand-angle.lavenir.net\/a-la-decouverte-des-plus-belles-abbayes-de-wallonie\/wp-content\/uploads\/sites\/60\/2018\/12\/20180924abbaye10Leffe-3.jpg\" data-anim=\"adpr:false;\">\n\t\t\t\t\t\t\t<img decoding=\"async\" src=\"\/\/grand-angle.lavenir.net\/a-la-decouverte-des-plus-belles-abbayes-de-wallonie\/wp-content\/plugins\/revslider\/sr6\/assets\/assets\/dummy.png\" alt=\"\" title=\"20180924abbaye10Leffe-3\" width=\"1900\" height=\"1267\" class=\"rev-slidebg tp-rs-img rs-lazyload\" data-lazyload=\"\/\/grand-angle.lavenir.net\/a-la-decouverte-des-plus-belles-abbayes-de-wallonie\/wp-content\/uploads\/sites\/60\/2018\/12\/20180924abbaye10Leffe-3.jpg\" data-bg=\"f:contain;\" data-no-retina>\n<!--\n\t\t\t\t\t\t\t--><rs-group\n\t\t\t\t\t\t\t\tid=\"slider-1-slide-30-layer-2\" \n\t\t\t\t\t\t\t\tdata-type=\"group\"\n\t\t\t\t\t\t\t\tdata-xy=\"x:c;y:b;\"\n\t\t\t\t\t\t\t\tdata-text=\"l:22;a:inherit;\"\n\t\t\t\t\t\t\t\tdata-dim=\"w:100%;h:200px;\"\n\t\t\t\t\t\t\t\tdata-frame_0=\"tp:600;\"\n\t\t\t\t\t\t\t\tdata-frame_1=\"tp:600;sR:10;\"\n\t\t\t\t\t\t\t\tdata-frame_999=\"o:0;tp:600;st:w;sR:8690;sA:9000;\"\n\t\t\t\t\t\t\t\tstyle=\"z-index:5;\"\n\t\t\t\t\t\t\t><!--\n\t\t\t\t\t\t\t\t--><p\n\t\t\t\t\t\t\t\t\tid=\"slider-1-slide-30-layer-3\" \n\t\t\t\t\t\t\t\t\tclass=\"rs-layer\"\n\t\t\t\t\t\t\t\t\tdata-type=\"text\"\n\t\t\t\t\t\t\t\t\tdata-color=\"#ffffff\"\n\t\t\t\t\t\t\t\t\tdata-rsp_ch=\"on\"\n\t\t\t\t\t\t\t\t\tdata-xy=\"x:c;y:134px;\"\n\t\t\t\t\t\t\t\t\tdata-pos=\"a\"\n\t\t\t\t\t\t\t\t\tdata-text=\"w:normal;l:22;a:inherit;\"\n\t\t\t\t\t\t\t\t\tdata-dim=\"w:1179px;h:45px;\"\n\t\t\t\t\t\t\t\t\tdata-frame_0=\"tp:600;\"\n\t\t\t\t\t\t\t\t\tdata-frame_1=\"tp:600;\"\n\t\t\t\t\t\t\t\t\tdata-frame_999=\"o:0;tp:600;st:w;sR:8690;\"\n\t\t\t\t\t\t\t\t\tstyle=\"z-index:7;font-family:'Raleway';\"\n\t\t\t\t\t\t\t\t>L\u2019histoire de l\u2019abbaye pr\u00e9montr\u00e9e Notre-Dame de Leffe (Dinant) remonte \u00e0 1152. Elle propose un b\u00e2ti remarquable. Restaur\u00e9e apr\u00e8s un incendie, l\u2019abbaye accueille un d\u00e9p\u00f4t permanent d\u2019oeuvres d\u2019art appartenant aux Mus\u00e9es royaux du Cinquantenaire. \n\t\t\t\t\t\t\t\t<\/p><!--\n\n\t\t\t\t\t\t\t\t--><rs-layer\n\t\t\t\t\t\t\t\t\tid=\"slider-1-slide-30-layer-1\" \n\t\t\t\t\t\t\t\t\tclass=\"tp-shape tp-shapewrapper\"\n\t\t\t\t\t\t\t\t\tdata-type=\"shape\"\n\t\t\t\t\t\t\t\t\tdata-rsp_ch=\"on\"\n\t\t\t\t\t\t\t\t\tdata-xy=\"x:c;y:b;\"\n\t\t\t\t\t\t\t\t\tdata-pos=\"a\"\n\t\t\t\t\t\t\t\t\tdata-text=\"fw:100;a:inherit;\"\n\t\t\t\t\t\t\t\t\tdata-dim=\"w:100%;h:82px;\"\n\t\t\t\t\t\t\t\t\tdata-frame_0=\"tp:600;\"\n\t\t\t\t\t\t\t\t\tdata-frame_1=\"tp:600;\"\n\t\t\t\t\t\t\t\t\tdata-frame_999=\"o:0;tp:600;st:w;sR:8690;\"\n\t\t\t\t\t\t\t\t\tstyle=\"z-index:6;background-color:rgba(0,0,0,0.75);\"\n\t\t\t\t\t\t\t\t> \n\t\t\t\t\t\t\t\t<\/rs-layer><!--\n\t\t\t\t\t\t\t--><\/rs-group><!--\n-->\t\t\t\t\t<\/rs-slide>\n\t\t\t\t\t\t<rs-slide style=\"position: absolute;\" data-key=\"rs-31\" data-title=\"malonne\" data-thumb=\"\/\/grand-angle.lavenir.net\/a-la-decouverte-des-plus-belles-abbayes-de-wallonie\/wp-content\/uploads\/sites\/60\/2018\/12\/20180924abbaye11Malonne-6.jpg\" data-anim=\"adpr:false;\">\n\t\t\t\t\t\t\t<img decoding=\"async\" src=\"\/\/grand-angle.lavenir.net\/a-la-decouverte-des-plus-belles-abbayes-de-wallonie\/wp-content\/plugins\/revslider\/sr6\/assets\/assets\/dummy.png\" alt=\"\" title=\"20180924abbaye11Malonne-6\" width=\"1900\" height=\"1267\" class=\"rev-slidebg tp-rs-img rs-lazyload\" data-lazyload=\"\/\/grand-angle.lavenir.net\/a-la-decouverte-des-plus-belles-abbayes-de-wallonie\/wp-content\/uploads\/sites\/60\/2018\/12\/20180924abbaye11Malonne-6.jpg\" data-bg=\"f:contain;\" data-no-retina>\n<!--\n\t\t\t\t\t\t\t--><rs-group\n\t\t\t\t\t\t\t\tid=\"slider-1-slide-31-layer-2\" \n\t\t\t\t\t\t\t\tdata-type=\"group\"\n\t\t\t\t\t\t\t\tdata-xy=\"x:c;y:b;\"\n\t\t\t\t\t\t\t\tdata-text=\"l:22;a:inherit;\"\n\t\t\t\t\t\t\t\tdata-dim=\"w:100%;h:200px;\"\n\t\t\t\t\t\t\t\tdata-frame_0=\"tp:600;\"\n\t\t\t\t\t\t\t\tdata-frame_1=\"tp:600;sR:10;\"\n\t\t\t\t\t\t\t\tdata-frame_999=\"o:0;tp:600;st:w;sR:8690;sA:9000;\"\n\t\t\t\t\t\t\t\tstyle=\"z-index:5;\"\n\t\t\t\t\t\t\t><!--\n\t\t\t\t\t\t\t\t--><p\n\t\t\t\t\t\t\t\t\tid=\"slider-1-slide-31-layer-3\" \n\t\t\t\t\t\t\t\t\tclass=\"rs-layer\"\n\t\t\t\t\t\t\t\t\tdata-type=\"text\"\n\t\t\t\t\t\t\t\t\tdata-color=\"#ffffff\"\n\t\t\t\t\t\t\t\t\tdata-rsp_ch=\"on\"\n\t\t\t\t\t\t\t\t\tdata-xy=\"x:c;y:134px;\"\n\t\t\t\t\t\t\t\t\tdata-pos=\"a\"\n\t\t\t\t\t\t\t\t\tdata-text=\"w:normal;l:22;a:inherit;\"\n\t\t\t\t\t\t\t\t\tdata-dim=\"w:1179px;h:45px;\"\n\t\t\t\t\t\t\t\t\tdata-frame_0=\"tp:600;\"\n\t\t\t\t\t\t\t\t\tdata-frame_1=\"tp:600;\"\n\t\t\t\t\t\t\t\t\tdata-frame_999=\"o:0;tp:600;st:w;sR:8990;\"\n\t\t\t\t\t\t\t\t\tstyle=\"z-index:7;font-family:'Raleway';\"\n\t\t\t\t\t\t\t\t>L\u2019abbaye des chanoines de saint Augustin \u00e0 Malonne a \u00e9t\u00e9 fond\u00e9e par un moine \u00e9vang\u00e9lisateur irlandais. Les b\u00e2timents accueilleront la premi\u00e8re \u00e9cole normale de Belgique, en 1840.  \n\t\t\t\t\t\t\t\t<\/p><!--\n\n\t\t\t\t\t\t\t\t--><rs-layer\n\t\t\t\t\t\t\t\t\tid=\"slider-1-slide-31-layer-1\" \n\t\t\t\t\t\t\t\t\tclass=\"tp-shape tp-shapewrapper\"\n\t\t\t\t\t\t\t\t\tdata-type=\"shape\"\n\t\t\t\t\t\t\t\t\tdata-rsp_ch=\"on\"\n\t\t\t\t\t\t\t\t\tdata-xy=\"x:c;y:b;\"\n\t\t\t\t\t\t\t\t\tdata-pos=\"a\"\n\t\t\t\t\t\t\t\t\tdata-text=\"fw:100;a:inherit;\"\n\t\t\t\t\t\t\t\t\tdata-dim=\"w:100%;h:82px;\"\n\t\t\t\t\t\t\t\t\tdata-frame_0=\"tp:600;\"\n\t\t\t\t\t\t\t\t\tdata-frame_1=\"tp:600;\"\n\t\t\t\t\t\t\t\t\tdata-frame_999=\"o:0;tp:600;st:w;sR:8690;\"\n\t\t\t\t\t\t\t\t\tstyle=\"z-index:6;background-color:rgba(0,0,0,0.75);\"\n\t\t\t\t\t\t\t\t> \n\t\t\t\t\t\t\t\t<\/rs-layer><!--\n\t\t\t\t\t\t\t--><\/rs-group><!--\n-->\t\t\t\t\t<\/rs-slide>\n\t\t\t\t\t\t<rs-slide style=\"position: absolute;\" data-key=\"rs-32\" data-title=\"malonne-2\" data-thumb=\"\/\/grand-angle.lavenir.net\/a-la-decouverte-des-plus-belles-abbayes-de-wallonie\/wp-content\/uploads\/sites\/60\/2018\/12\/20180924abbaye11Malonne-5.jpg\" data-anim=\"adpr:false;\">\n\t\t\t\t\t\t\t<img decoding=\"async\" src=\"\/\/grand-angle.lavenir.net\/a-la-decouverte-des-plus-belles-abbayes-de-wallonie\/wp-content\/plugins\/revslider\/sr6\/assets\/assets\/dummy.png\" alt=\"\" title=\"20180924abbaye11Malonne-5\" width=\"1900\" height=\"1267\" class=\"rev-slidebg tp-rs-img rs-lazyload\" data-lazyload=\"\/\/grand-angle.lavenir.net\/a-la-decouverte-des-plus-belles-abbayes-de-wallonie\/wp-content\/uploads\/sites\/60\/2018\/12\/20180924abbaye11Malonne-5.jpg\" data-bg=\"f:contain;\" data-no-retina>\n<!--\n\t\t\t\t\t\t\t--><rs-group\n\t\t\t\t\t\t\t\tid=\"slider-1-slide-32-layer-2\" \n\t\t\t\t\t\t\t\tdata-type=\"group\"\n\t\t\t\t\t\t\t\tdata-xy=\"x:c;y:b;\"\n\t\t\t\t\t\t\t\tdata-text=\"l:22;a:inherit;\"\n\t\t\t\t\t\t\t\tdata-dim=\"w:100%;h:200px;\"\n\t\t\t\t\t\t\t\tdata-frame_0=\"tp:600;\"\n\t\t\t\t\t\t\t\tdata-frame_1=\"tp:600;sR:10;\"\n\t\t\t\t\t\t\t\tdata-frame_999=\"o:0;tp:600;st:w;sR:8690;sA:9000;\"\n\t\t\t\t\t\t\t\tstyle=\"z-index:5;\"\n\t\t\t\t\t\t\t><!--\n\t\t\t\t\t\t\t\t--><p\n\t\t\t\t\t\t\t\t\tid=\"slider-1-slide-32-layer-3\" \n\t\t\t\t\t\t\t\t\tclass=\"rs-layer\"\n\t\t\t\t\t\t\t\t\tdata-type=\"text\"\n\t\t\t\t\t\t\t\t\tdata-color=\"#ffffff\"\n\t\t\t\t\t\t\t\t\tdata-rsp_ch=\"on\"\n\t\t\t\t\t\t\t\t\tdata-xy=\"x:c;y:134px;\"\n\t\t\t\t\t\t\t\t\tdata-pos=\"a\"\n\t\t\t\t\t\t\t\t\tdata-text=\"w:normal;l:22;a:inherit;\"\n\t\t\t\t\t\t\t\t\tdata-dim=\"w:1179px;h:45px;\"\n\t\t\t\t\t\t\t\t\tdata-frame_0=\"tp:600;\"\n\t\t\t\t\t\t\t\t\tdata-frame_1=\"tp:600;\"\n\t\t\t\t\t\t\t\t\tdata-frame_999=\"o:0;tp:600;st:w;sR:8690;\"\n\t\t\t\t\t\t\t\t\tstyle=\"z-index:7;font-family:'Raleway';\"\n\t\t\t\t\t\t\t\t>L\u2019abbaye des chanoines de saint Augustin \u00e0 Malonne a \u00e9t\u00e9 fond\u00e9e par un moine \u00e9vang\u00e9lisateur irlandais. Les b\u00e2timents accueilleront la premi\u00e8re \u00e9cole normale de Belgique, en 1840.  \n\t\t\t\t\t\t\t\t<\/p><!--\n\n\t\t\t\t\t\t\t\t--><rs-layer\n\t\t\t\t\t\t\t\t\tid=\"slider-1-slide-32-layer-1\" \n\t\t\t\t\t\t\t\t\tclass=\"tp-shape tp-shapewrapper\"\n\t\t\t\t\t\t\t\t\tdata-type=\"shape\"\n\t\t\t\t\t\t\t\t\tdata-rsp_ch=\"on\"\n\t\t\t\t\t\t\t\t\tdata-xy=\"x:c;y:b;\"\n\t\t\t\t\t\t\t\t\tdata-pos=\"a\"\n\t\t\t\t\t\t\t\t\tdata-text=\"fw:100;a:inherit;\"\n\t\t\t\t\t\t\t\t\tdata-dim=\"w:100%;h:82px;\"\n\t\t\t\t\t\t\t\t\tdata-frame_0=\"tp:600;\"\n\t\t\t\t\t\t\t\t\tdata-frame_1=\"tp:600;\"\n\t\t\t\t\t\t\t\t\tdata-frame_999=\"o:0;tp:600;st:w;sR:8690;\"\n\t\t\t\t\t\t\t\t\tstyle=\"z-index:6;background-color:rgba(0,0,0,0.75);\"\n\t\t\t\t\t\t\t\t> \n\t\t\t\t\t\t\t\t<\/rs-layer><!--\n\t\t\t\t\t\t\t--><\/rs-group><!--\n-->\t\t\t\t\t<\/rs-slide>\n\t\t\t\t\t\t<rs-slide style=\"position: absolute;\" data-key=\"rs-33\" data-title=\"malonne-3\" data-thumb=\"\/\/grand-angle.lavenir.net\/a-la-decouverte-des-plus-belles-abbayes-de-wallonie\/wp-content\/uploads\/sites\/60\/2018\/12\/20180924abbaye11Malonne-2.jpg\" data-anim=\"adpr:false;\">\n\t\t\t\t\t\t\t<img decoding=\"async\" src=\"\/\/grand-angle.lavenir.net\/a-la-decouverte-des-plus-belles-abbayes-de-wallonie\/wp-content\/plugins\/revslider\/sr6\/assets\/assets\/dummy.png\" alt=\"\" title=\"20180924abbaye11Malonne-2\" width=\"1267\" height=\"1900\" class=\"rev-slidebg tp-rs-img rs-lazyload\" data-lazyload=\"\/\/grand-angle.lavenir.net\/a-la-decouverte-des-plus-belles-abbayes-de-wallonie\/wp-content\/uploads\/sites\/60\/2018\/12\/20180924abbaye11Malonne-2.jpg\" data-bg=\"f:contain;\" data-no-retina>\n<!--\n\t\t\t\t\t\t\t--><rs-group\n\t\t\t\t\t\t\t\tid=\"slider-1-slide-33-layer-2\" \n\t\t\t\t\t\t\t\tdata-type=\"group\"\n\t\t\t\t\t\t\t\tdata-xy=\"x:c;y:b;\"\n\t\t\t\t\t\t\t\tdata-text=\"l:22;a:inherit;\"\n\t\t\t\t\t\t\t\tdata-dim=\"w:100%;h:200px;\"\n\t\t\t\t\t\t\t\tdata-frame_0=\"tp:600;\"\n\t\t\t\t\t\t\t\tdata-frame_1=\"tp:600;sR:10;\"\n\t\t\t\t\t\t\t\tdata-frame_999=\"o:0;tp:600;st:w;sR:8690;sA:9000;\"\n\t\t\t\t\t\t\t\tstyle=\"z-index:5;\"\n\t\t\t\t\t\t\t><!--\n\t\t\t\t\t\t\t\t--><p\n\t\t\t\t\t\t\t\t\tid=\"slider-1-slide-33-layer-3\" \n\t\t\t\t\t\t\t\t\tclass=\"rs-layer\"\n\t\t\t\t\t\t\t\t\tdata-type=\"text\"\n\t\t\t\t\t\t\t\t\tdata-color=\"#ffffff\"\n\t\t\t\t\t\t\t\t\tdata-rsp_ch=\"on\"\n\t\t\t\t\t\t\t\t\tdata-xy=\"x:c;y:134px;\"\n\t\t\t\t\t\t\t\t\tdata-pos=\"a\"\n\t\t\t\t\t\t\t\t\tdata-text=\"w:normal;l:22;a:inherit;\"\n\t\t\t\t\t\t\t\t\tdata-dim=\"w:1179px;h:45px;\"\n\t\t\t\t\t\t\t\t\tdata-frame_0=\"tp:600;\"\n\t\t\t\t\t\t\t\t\tdata-frame_1=\"tp:600;\"\n\t\t\t\t\t\t\t\t\tdata-frame_999=\"o:0;tp:600;st:w;sR:8690;\"\n\t\t\t\t\t\t\t\t\tstyle=\"z-index:7;font-family:'Raleway';\"\n\t\t\t\t\t\t\t\t>L\u2019abbaye des chanoines de saint Augustin \u00e0 Malonne a \u00e9t\u00e9 fond\u00e9e par un moine \u00e9vang\u00e9lisateur irlandais. Les b\u00e2timents accueilleront la premi\u00e8re \u00e9cole normale de Belgique, en 1840.  \n\t\t\t\t\t\t\t\t<\/p><!--\n\n\t\t\t\t\t\t\t\t--><rs-layer\n\t\t\t\t\t\t\t\t\tid=\"slider-1-slide-33-layer-1\" \n\t\t\t\t\t\t\t\t\tclass=\"tp-shape tp-shapewrapper\"\n\t\t\t\t\t\t\t\t\tdata-type=\"shape\"\n\t\t\t\t\t\t\t\t\tdata-rsp_ch=\"on\"\n\t\t\t\t\t\t\t\t\tdata-xy=\"x:c;y:b;\"\n\t\t\t\t\t\t\t\t\tdata-pos=\"a\"\n\t\t\t\t\t\t\t\t\tdata-text=\"fw:100;a:inherit;\"\n\t\t\t\t\t\t\t\t\tdata-dim=\"w:100%;h:82px;\"\n\t\t\t\t\t\t\t\t\tdata-frame_0=\"tp:600;\"\n\t\t\t\t\t\t\t\t\tdata-frame_1=\"tp:600;\"\n\t\t\t\t\t\t\t\t\tdata-frame_999=\"o:0;tp:600;st:w;sR:8690;\"\n\t\t\t\t\t\t\t\t\tstyle=\"z-index:6;background-color:rgba(0,0,0,0.75);\"\n\t\t\t\t\t\t\t\t> \n\t\t\t\t\t\t\t\t<\/rs-layer><!--\n\t\t\t\t\t\t\t--><\/rs-group><!--\n-->\t\t\t\t\t<\/rs-slide>\n\t\t\t\t\t\t<rs-slide style=\"position: absolute;\" data-key=\"rs-34\" data-title=\"maredsous\" data-thumb=\"\/\/grand-angle.lavenir.net\/a-la-decouverte-des-plus-belles-abbayes-de-wallonie\/wp-content\/uploads\/sites\/60\/2018\/12\/20180924abbaye12LMaredsou-5.jpg\" data-anim=\"adpr:false;\">\n\t\t\t\t\t\t\t<img decoding=\"async\" src=\"\/\/grand-angle.lavenir.net\/a-la-decouverte-des-plus-belles-abbayes-de-wallonie\/wp-content\/plugins\/revslider\/sr6\/assets\/assets\/dummy.png\" alt=\"\" title=\"20180924abbaye12LMaredsou-5\" width=\"1900\" height=\"1267\" class=\"rev-slidebg tp-rs-img rs-lazyload\" data-lazyload=\"\/\/grand-angle.lavenir.net\/a-la-decouverte-des-plus-belles-abbayes-de-wallonie\/wp-content\/uploads\/sites\/60\/2018\/12\/20180924abbaye12LMaredsou-5.jpg\" data-bg=\"f:contain;\" data-no-retina>\n<!--\n\t\t\t\t\t\t\t--><rs-group\n\t\t\t\t\t\t\t\tid=\"slider-1-slide-34-layer-2\" \n\t\t\t\t\t\t\t\tdata-type=\"group\"\n\t\t\t\t\t\t\t\tdata-xy=\"x:c;y:b;\"\n\t\t\t\t\t\t\t\tdata-text=\"l:22;a:inherit;\"\n\t\t\t\t\t\t\t\tdata-dim=\"w:100%;h:200px;\"\n\t\t\t\t\t\t\t\tdata-frame_0=\"tp:600;\"\n\t\t\t\t\t\t\t\tdata-frame_1=\"tp:600;sR:10;\"\n\t\t\t\t\t\t\t\tdata-frame_999=\"o:0;tp:600;st:w;sR:8690;sA:9000;\"\n\t\t\t\t\t\t\t\tstyle=\"z-index:5;\"\n\t\t\t\t\t\t\t><!--\n\t\t\t\t\t\t\t\t--><p\n\t\t\t\t\t\t\t\t\tid=\"slider-1-slide-34-layer-3\" \n\t\t\t\t\t\t\t\t\tclass=\"rs-layer\"\n\t\t\t\t\t\t\t\t\tdata-type=\"text\"\n\t\t\t\t\t\t\t\t\tdata-color=\"#ffffff\"\n\t\t\t\t\t\t\t\t\tdata-rsp_ch=\"on\"\n\t\t\t\t\t\t\t\t\tdata-xy=\"x:c;y:127px;\"\n\t\t\t\t\t\t\t\t\tdata-pos=\"a\"\n\t\t\t\t\t\t\t\t\tdata-text=\"w:normal;l:22;a:inherit;\"\n\t\t\t\t\t\t\t\t\tdata-dim=\"w:1179px;h:45px;\"\n\t\t\t\t\t\t\t\t\tdata-frame_0=\"tp:600;\"\n\t\t\t\t\t\t\t\t\tdata-frame_1=\"tp:600;\"\n\t\t\t\t\t\t\t\t\tdata-frame_999=\"o:0;tp:600;st:w;sR:8990;\"\n\t\t\t\t\t\t\t\t\tstyle=\"z-index:7;font-family:'Raleway';\"\n\t\t\t\t\t\t\t\t>Chef-d\u2019oeuvre du style gothique belge, notamment avec son imposante \u00e9glise abbatiale, la construction de l\u2019abbaye de Maredsous (sur la commune d\u2019Anh\u00e9e) a d\u00e9but\u00e9 en 1872. Depuis 2016, le \u201cpetit mus\u00e9e de la fromagerie de Maredsous\u201d a ouvert ses portes au public. \n\t\t\t\t\t\t\t\t<\/p><!--\n\n\t\t\t\t\t\t\t\t--><rs-layer\n\t\t\t\t\t\t\t\t\tid=\"slider-1-slide-34-layer-1\" \n\t\t\t\t\t\t\t\t\tclass=\"tp-shape tp-shapewrapper\"\n\t\t\t\t\t\t\t\t\tdata-type=\"shape\"\n\t\t\t\t\t\t\t\t\tdata-rsp_ch=\"on\"\n\t\t\t\t\t\t\t\t\tdata-xy=\"x:c;y:b;\"\n\t\t\t\t\t\t\t\t\tdata-pos=\"a\"\n\t\t\t\t\t\t\t\t\tdata-text=\"fw:100;a:inherit;\"\n\t\t\t\t\t\t\t\t\tdata-dim=\"w:100%;h:82px;\"\n\t\t\t\t\t\t\t\t\tdata-frame_0=\"tp:600;\"\n\t\t\t\t\t\t\t\t\tdata-frame_1=\"tp:600;\"\n\t\t\t\t\t\t\t\t\tdata-frame_999=\"o:0;tp:600;st:w;sR:8690;\"\n\t\t\t\t\t\t\t\t\tstyle=\"z-index:6;background-color:rgba(0,0,0,0.75);\"\n\t\t\t\t\t\t\t\t> \n\t\t\t\t\t\t\t\t<\/rs-layer><!--\n\t\t\t\t\t\t\t--><\/rs-group><!--\n-->\t\t\t\t\t<\/rs-slide>\n\t\t\t\t\t\t<rs-slide style=\"position: absolute;\" data-key=\"rs-35\" data-title=\"maredsous-2\" data-thumb=\"\/\/grand-angle.lavenir.net\/a-la-decouverte-des-plus-belles-abbayes-de-wallonie\/wp-content\/uploads\/sites\/60\/2018\/12\/20180924abbaye12LMaredsou-7.jpg\" data-anim=\"adpr:false;\">\n\t\t\t\t\t\t\t<img decoding=\"async\" src=\"\/\/grand-angle.lavenir.net\/a-la-decouverte-des-plus-belles-abbayes-de-wallonie\/wp-content\/plugins\/revslider\/sr6\/assets\/assets\/dummy.png\" alt=\"\" title=\"20180924abbaye12LMaredsou-7\" width=\"1900\" height=\"1267\" class=\"rev-slidebg tp-rs-img rs-lazyload\" data-lazyload=\"\/\/grand-angle.lavenir.net\/a-la-decouverte-des-plus-belles-abbayes-de-wallonie\/wp-content\/uploads\/sites\/60\/2018\/12\/20180924abbaye12LMaredsou-7.jpg\" data-bg=\"f:contain;\" data-no-retina>\n<!--\n\t\t\t\t\t\t\t--><rs-group\n\t\t\t\t\t\t\t\tid=\"slider-1-slide-35-layer-2\" \n\t\t\t\t\t\t\t\tdata-type=\"group\"\n\t\t\t\t\t\t\t\tdata-xy=\"x:c;y:b;\"\n\t\t\t\t\t\t\t\tdata-text=\"l:22;a:inherit;\"\n\t\t\t\t\t\t\t\tdata-dim=\"w:100%;h:200px;\"\n\t\t\t\t\t\t\t\tdata-frame_0=\"tp:600;\"\n\t\t\t\t\t\t\t\tdata-frame_1=\"tp:600;sR:10;\"\n\t\t\t\t\t\t\t\tdata-frame_999=\"o:0;tp:600;st:w;sR:8690;sA:9000;\"\n\t\t\t\t\t\t\t\tstyle=\"z-index:5;\"\n\t\t\t\t\t\t\t><!--\n\t\t\t\t\t\t\t\t--><p\n\t\t\t\t\t\t\t\t\tid=\"slider-1-slide-35-layer-3\" \n\t\t\t\t\t\t\t\t\tclass=\"rs-layer\"\n\t\t\t\t\t\t\t\t\tdata-type=\"text\"\n\t\t\t\t\t\t\t\t\tdata-color=\"#ffffff\"\n\t\t\t\t\t\t\t\t\tdata-rsp_ch=\"on\"\n\t\t\t\t\t\t\t\t\tdata-xy=\"x:c;y:127px;\"\n\t\t\t\t\t\t\t\t\tdata-pos=\"a\"\n\t\t\t\t\t\t\t\t\tdata-text=\"w:normal;l:22;a:inherit;\"\n\t\t\t\t\t\t\t\t\tdata-dim=\"w:1179px;h:45px;\"\n\t\t\t\t\t\t\t\t\tdata-frame_0=\"tp:600;\"\n\t\t\t\t\t\t\t\t\tdata-frame_1=\"tp:600;\"\n\t\t\t\t\t\t\t\t\tdata-frame_999=\"o:0;tp:600;st:w;sR:8990;\"\n\t\t\t\t\t\t\t\t\tstyle=\"z-index:7;font-family:'Raleway';\"\n\t\t\t\t\t\t\t\t>Chef-d\u2019oeuvre du style gothique belge, notamment avec son imposante \u00e9glise abbatiale, la construction de l\u2019abbaye de Maredsous (sur la commune d\u2019Anh\u00e9e) a d\u00e9but\u00e9 en 1872. Depuis 2016, le \u201cpetit mus\u00e9e de la fromagerie de Maredsous\u201d a ouvert ses portes au public. \n\t\t\t\t\t\t\t\t<\/p><!--\n\n\t\t\t\t\t\t\t\t--><rs-layer\n\t\t\t\t\t\t\t\t\tid=\"slider-1-slide-35-layer-1\" \n\t\t\t\t\t\t\t\t\tclass=\"tp-shape tp-shapewrapper\"\n\t\t\t\t\t\t\t\t\tdata-type=\"shape\"\n\t\t\t\t\t\t\t\t\tdata-rsp_ch=\"on\"\n\t\t\t\t\t\t\t\t\tdata-xy=\"x:c;y:b;\"\n\t\t\t\t\t\t\t\t\tdata-pos=\"a\"\n\t\t\t\t\t\t\t\t\tdata-text=\"fw:100;a:inherit;\"\n\t\t\t\t\t\t\t\t\tdata-dim=\"w:100%;h:82px;\"\n\t\t\t\t\t\t\t\t\tdata-frame_0=\"tp:600;\"\n\t\t\t\t\t\t\t\t\tdata-frame_1=\"tp:600;\"\n\t\t\t\t\t\t\t\t\tdata-frame_999=\"o:0;tp:600;st:w;sR:8690;\"\n\t\t\t\t\t\t\t\t\tstyle=\"z-index:6;background-color:rgba(0,0,0,0.75);\"\n\t\t\t\t\t\t\t\t> \n\t\t\t\t\t\t\t\t<\/rs-layer><!--\n\t\t\t\t\t\t\t--><\/rs-group><!--\n-->\t\t\t\t\t<\/rs-slide>\n\t\t\t\t\t\t<rs-slide style=\"position: absolute;\" data-key=\"rs-36\" data-title=\"maredsous-3\" data-thumb=\"\/\/grand-angle.lavenir.net\/a-la-decouverte-des-plus-belles-abbayes-de-wallonie\/wp-content\/uploads\/sites\/60\/2018\/12\/20180924abbaye12LMaredsou-7.jpg\" data-anim=\"adpr:false;\">\n\t\t\t\t\t\t\t<img decoding=\"async\" src=\"\/\/grand-angle.lavenir.net\/a-la-decouverte-des-plus-belles-abbayes-de-wallonie\/wp-content\/plugins\/revslider\/sr6\/assets\/assets\/dummy.png\" alt=\"\" title=\"20180924abbaye12LMaredsou-7\" width=\"1900\" height=\"1267\" class=\"rev-slidebg tp-rs-img rs-lazyload\" data-lazyload=\"\/\/grand-angle.lavenir.net\/a-la-decouverte-des-plus-belles-abbayes-de-wallonie\/wp-content\/uploads\/sites\/60\/2018\/12\/20180924abbaye12LMaredsou-7.jpg\" data-bg=\"f:contain;\" data-no-retina>\n<!--\n\t\t\t\t\t\t\t--><rs-group\n\t\t\t\t\t\t\t\tid=\"slider-1-slide-36-layer-2\" \n\t\t\t\t\t\t\t\tdata-type=\"group\"\n\t\t\t\t\t\t\t\tdata-xy=\"x:c;y:b;\"\n\t\t\t\t\t\t\t\tdata-text=\"l:22;a:inherit;\"\n\t\t\t\t\t\t\t\tdata-dim=\"w:100%;h:200px;\"\n\t\t\t\t\t\t\t\tdata-frame_0=\"tp:600;\"\n\t\t\t\t\t\t\t\tdata-frame_1=\"tp:600;sR:10;\"\n\t\t\t\t\t\t\t\tdata-frame_999=\"o:0;tp:600;st:w;sR:8690;sA:9000;\"\n\t\t\t\t\t\t\t\tstyle=\"z-index:5;\"\n\t\t\t\t\t\t\t><!--\n\t\t\t\t\t\t\t\t--><p\n\t\t\t\t\t\t\t\t\tid=\"slider-1-slide-36-layer-3\" \n\t\t\t\t\t\t\t\t\tclass=\"rs-layer\"\n\t\t\t\t\t\t\t\t\tdata-type=\"text\"\n\t\t\t\t\t\t\t\t\tdata-color=\"#ffffff\"\n\t\t\t\t\t\t\t\t\tdata-rsp_ch=\"on\"\n\t\t\t\t\t\t\t\t\tdata-xy=\"x:c;y:127px;\"\n\t\t\t\t\t\t\t\t\tdata-pos=\"a\"\n\t\t\t\t\t\t\t\t\tdata-text=\"w:normal;l:22;a:inherit;\"\n\t\t\t\t\t\t\t\t\tdata-dim=\"w:1179px;h:45px;\"\n\t\t\t\t\t\t\t\t\tdata-frame_0=\"tp:600;\"\n\t\t\t\t\t\t\t\t\tdata-frame_1=\"tp:600;\"\n\t\t\t\t\t\t\t\t\tdata-frame_999=\"o:0;tp:600;st:w;sR:8990;\"\n\t\t\t\t\t\t\t\t\tstyle=\"z-index:7;font-family:'Raleway';\"\n\t\t\t\t\t\t\t\t>Chef-d\u2019oeuvre du style gothique belge, notamment avec son imposante \u00e9glise abbatiale, la construction de l\u2019abbaye de Maredsous (sur la commune d\u2019Anh\u00e9e) a d\u00e9but\u00e9 en 1872. Depuis 2016, le \u201cpetit mus\u00e9e de la fromagerie de Maredsous\u201d a ouvert ses portes au public. \n\t\t\t\t\t\t\t\t<\/p><!--\n\n\t\t\t\t\t\t\t\t--><rs-layer\n\t\t\t\t\t\t\t\t\tid=\"slider-1-slide-36-layer-1\" \n\t\t\t\t\t\t\t\t\tclass=\"tp-shape tp-shapewrapper\"\n\t\t\t\t\t\t\t\t\tdata-type=\"shape\"\n\t\t\t\t\t\t\t\t\tdata-rsp_ch=\"on\"\n\t\t\t\t\t\t\t\t\tdata-xy=\"x:c;y:b;\"\n\t\t\t\t\t\t\t\t\tdata-pos=\"a\"\n\t\t\t\t\t\t\t\t\tdata-text=\"fw:100;a:inherit;\"\n\t\t\t\t\t\t\t\t\tdata-dim=\"w:100%;h:82px;\"\n\t\t\t\t\t\t\t\t\tdata-frame_0=\"tp:600;\"\n\t\t\t\t\t\t\t\t\tdata-frame_1=\"tp:600;\"\n\t\t\t\t\t\t\t\t\tdata-frame_999=\"o:0;tp:600;st:w;sR:8690;\"\n\t\t\t\t\t\t\t\t\tstyle=\"z-index:6;background-color:rgba(0,0,0,0.75);\"\n\t\t\t\t\t\t\t\t> \n\t\t\t\t\t\t\t\t<\/rs-layer><!--\n\t\t\t\t\t\t\t--><\/rs-group><!--\n-->\t\t\t\t\t<\/rs-slide>\n\t\t\t\t\t\t<rs-slide style=\"position: absolute;\" data-key=\"rs-37\" data-title=\"rochefort\" data-thumb=\"\/\/grand-angle.lavenir.net\/a-la-decouverte-des-plus-belles-abbayes-de-wallonie\/wp-content\/uploads\/sites\/60\/2018\/12\/20180924abbaye13Rochefort-2.jpg\" data-anim=\"adpr:false;\">\n\t\t\t\t\t\t\t<img decoding=\"async\" src=\"\/\/grand-angle.lavenir.net\/a-la-decouverte-des-plus-belles-abbayes-de-wallonie\/wp-content\/plugins\/revslider\/sr6\/assets\/assets\/dummy.png\" alt=\"\" title=\"20180924abbaye13Rochefort-2\" width=\"1900\" height=\"1267\" class=\"rev-slidebg tp-rs-img rs-lazyload\" data-lazyload=\"\/\/grand-angle.lavenir.net\/a-la-decouverte-des-plus-belles-abbayes-de-wallonie\/wp-content\/uploads\/sites\/60\/2018\/12\/20180924abbaye13Rochefort-2.jpg\" data-bg=\"f:contain;\" data-no-retina>\n<!--\n\t\t\t\t\t\t\t--><rs-group\n\t\t\t\t\t\t\t\tid=\"slider-1-slide-37-layer-2\" \n\t\t\t\t\t\t\t\tdata-type=\"group\"\n\t\t\t\t\t\t\t\tdata-xy=\"x:c;y:b;\"\n\t\t\t\t\t\t\t\tdata-text=\"l:22;a:inherit;\"\n\t\t\t\t\t\t\t\tdata-dim=\"w:100%;h:200px;\"\n\t\t\t\t\t\t\t\tdata-frame_0=\"tp:600;\"\n\t\t\t\t\t\t\t\tdata-frame_1=\"tp:600;sR:10;\"\n\t\t\t\t\t\t\t\tdata-frame_999=\"o:0;tp:600;st:w;sR:8690;sA:9000;\"\n\t\t\t\t\t\t\t\tstyle=\"z-index:5;\"\n\t\t\t\t\t\t\t><!--\n\t\t\t\t\t\t\t\t--><p\n\t\t\t\t\t\t\t\t\tid=\"slider-1-slide-37-layer-3\" \n\t\t\t\t\t\t\t\t\tclass=\"rs-layer\"\n\t\t\t\t\t\t\t\t\tdata-type=\"text\"\n\t\t\t\t\t\t\t\t\tdata-color=\"#ffffff\"\n\t\t\t\t\t\t\t\t\tdata-rsp_ch=\"on\"\n\t\t\t\t\t\t\t\t\tdata-xy=\"x:c;y:127px;\"\n\t\t\t\t\t\t\t\t\tdata-pos=\"a\"\n\t\t\t\t\t\t\t\t\tdata-text=\"w:normal;l:22;a:inherit;\"\n\t\t\t\t\t\t\t\t\tdata-dim=\"w:1179px;h:45px;\"\n\t\t\t\t\t\t\t\t\tdata-frame_0=\"tp:600;\"\n\t\t\t\t\t\t\t\t\tdata-frame_1=\"tp:600;\"\n\t\t\t\t\t\t\t\t\tdata-frame_999=\"o:0;tp:600;st:w;sR:8690;\"\n\t\t\t\t\t\t\t\t\tstyle=\"z-index:7;font-family:'Raleway';\"\n\t\t\t\t\t\t\t\t>Chef-d\u2019oeuvre du style gothique belge, notamment avec son imposante \u00e9glise abbatiale, la construction de l\u2019abbaye de Maredsous (sur la commune d\u2019Anh\u00e9e) a d\u00e9but\u00e9 en 1872. Depuis 2016, le \u201cpetit mus\u00e9e de la fromagerie de Maredsous\u201d a ouvert ses portes au public. \n\t\t\t\t\t\t\t\t<\/p><!--\n\n\t\t\t\t\t\t\t\t--><rs-layer\n\t\t\t\t\t\t\t\t\tid=\"slider-1-slide-37-layer-1\" \n\t\t\t\t\t\t\t\t\tclass=\"tp-shape tp-shapewrapper\"\n\t\t\t\t\t\t\t\t\tdata-type=\"shape\"\n\t\t\t\t\t\t\t\t\tdata-rsp_ch=\"on\"\n\t\t\t\t\t\t\t\t\tdata-xy=\"x:c;y:b;\"\n\t\t\t\t\t\t\t\t\tdata-pos=\"a\"\n\t\t\t\t\t\t\t\t\tdata-text=\"fw:100;a:inherit;\"\n\t\t\t\t\t\t\t\t\tdata-dim=\"w:100%;h:82px;\"\n\t\t\t\t\t\t\t\t\tdata-frame_0=\"tp:600;\"\n\t\t\t\t\t\t\t\t\tdata-frame_1=\"tp:600;\"\n\t\t\t\t\t\t\t\t\tdata-frame_999=\"o:0;tp:600;st:w;sR:8690;\"\n\t\t\t\t\t\t\t\t\tstyle=\"z-index:6;background-color:rgba(0,0,0,0.75);\"\n\t\t\t\t\t\t\t\t> \n\t\t\t\t\t\t\t\t<\/rs-layer><!--\n\t\t\t\t\t\t\t--><\/rs-group><!--\n-->\t\t\t\t\t<\/rs-slide>\n\t\t\t\t\t\t<rs-slide style=\"position: absolute;\" data-key=\"rs-38\" data-title=\"rochefort-2\" data-thumb=\"\/\/grand-angle.lavenir.net\/a-la-decouverte-des-plus-belles-abbayes-de-wallonie\/wp-content\/uploads\/sites\/60\/2018\/12\/20180924abbaye13Rochefort-4.jpg\" data-anim=\"adpr:false;\">\n\t\t\t\t\t\t\t<img decoding=\"async\" src=\"\/\/grand-angle.lavenir.net\/a-la-decouverte-des-plus-belles-abbayes-de-wallonie\/wp-content\/plugins\/revslider\/sr6\/assets\/assets\/dummy.png\" alt=\"\" title=\"20180924abbaye13Rochefort-4\" width=\"1900\" height=\"1267\" class=\"rev-slidebg tp-rs-img rs-lazyload\" data-lazyload=\"\/\/grand-angle.lavenir.net\/a-la-decouverte-des-plus-belles-abbayes-de-wallonie\/wp-content\/uploads\/sites\/60\/2018\/12\/20180924abbaye13Rochefort-4.jpg\" data-bg=\"f:contain;\" data-no-retina>\n<!--\n\t\t\t\t\t\t\t--><rs-group\n\t\t\t\t\t\t\t\tid=\"slider-1-slide-38-layer-2\" \n\t\t\t\t\t\t\t\tdata-type=\"group\"\n\t\t\t\t\t\t\t\tdata-xy=\"x:c;y:b;\"\n\t\t\t\t\t\t\t\tdata-text=\"l:22;a:inherit;\"\n\t\t\t\t\t\t\t\tdata-dim=\"w:100%;h:200px;\"\n\t\t\t\t\t\t\t\tdata-frame_0=\"tp:600;\"\n\t\t\t\t\t\t\t\tdata-frame_1=\"tp:600;sR:10;\"\n\t\t\t\t\t\t\t\tdata-frame_999=\"o:0;tp:600;st:w;sR:8690;sA:9000;\"\n\t\t\t\t\t\t\t\tstyle=\"z-index:5;\"\n\t\t\t\t\t\t\t><!--\n\t\t\t\t\t\t\t\t--><p\n\t\t\t\t\t\t\t\t\tid=\"slider-1-slide-38-layer-3\" \n\t\t\t\t\t\t\t\t\tclass=\"rs-layer\"\n\t\t\t\t\t\t\t\t\tdata-type=\"text\"\n\t\t\t\t\t\t\t\t\tdata-color=\"#ffffff\"\n\t\t\t\t\t\t\t\t\tdata-rsp_ch=\"on\"\n\t\t\t\t\t\t\t\t\tdata-xy=\"x:c;y:127px;\"\n\t\t\t\t\t\t\t\t\tdata-pos=\"a\"\n\t\t\t\t\t\t\t\t\tdata-text=\"w:normal;l:22;a:inherit;\"\n\t\t\t\t\t\t\t\t\tdata-dim=\"w:1179px;h:45px;\"\n\t\t\t\t\t\t\t\t\tdata-frame_0=\"tp:600;\"\n\t\t\t\t\t\t\t\t\tdata-frame_1=\"tp:600;\"\n\t\t\t\t\t\t\t\t\tdata-frame_999=\"o:0;tp:600;st:w;sR:8690;\"\n\t\t\t\t\t\t\t\t\tstyle=\"z-index:7;font-family:'Raleway';\"\n\t\t\t\t\t\t\t\t>Chef-d\u2019oeuvre du style gothique belge, notamment avec son imposante \u00e9glise abbatiale, la construction de l\u2019abbaye de Maredsous (sur la commune d\u2019Anh\u00e9e) a d\u00e9but\u00e9 en 1872. Depuis 2016, le \u201cpetit mus\u00e9e de la fromagerie de Maredsous\u201d a ouvert ses portes au public. \n\t\t\t\t\t\t\t\t<\/p><!--\n\n\t\t\t\t\t\t\t\t--><rs-layer\n\t\t\t\t\t\t\t\t\tid=\"slider-1-slide-38-layer-1\" \n\t\t\t\t\t\t\t\t\tclass=\"tp-shape tp-shapewrapper\"\n\t\t\t\t\t\t\t\t\tdata-type=\"shape\"\n\t\t\t\t\t\t\t\t\tdata-rsp_ch=\"on\"\n\t\t\t\t\t\t\t\t\tdata-xy=\"x:c;y:b;\"\n\t\t\t\t\t\t\t\t\tdata-pos=\"a\"\n\t\t\t\t\t\t\t\t\tdata-text=\"fw:100;a:inherit;\"\n\t\t\t\t\t\t\t\t\tdata-dim=\"w:100%;h:82px;\"\n\t\t\t\t\t\t\t\t\tdata-frame_0=\"tp:600;\"\n\t\t\t\t\t\t\t\t\tdata-frame_1=\"tp:600;\"\n\t\t\t\t\t\t\t\t\tdata-frame_999=\"o:0;tp:600;st:w;sR:8690;\"\n\t\t\t\t\t\t\t\t\tstyle=\"z-index:6;background-color:rgba(0,0,0,0.75);\"\n\t\t\t\t\t\t\t\t> \n\t\t\t\t\t\t\t\t<\/rs-layer><!--\n\t\t\t\t\t\t\t--><\/rs-group><!--\n-->\t\t\t\t\t<\/rs-slide>\n\t\t\t\t\t\t<rs-slide style=\"position: absolute;\" data-key=\"rs-39\" data-title=\"rochefort-3\" data-thumb=\"\/\/grand-angle.lavenir.net\/a-la-decouverte-des-plus-belles-abbayes-de-wallonie\/wp-content\/uploads\/sites\/60\/2018\/12\/20180924abbaye13Rochefort-12.jpg\" data-anim=\"adpr:false;\">\n\t\t\t\t\t\t\t<img decoding=\"async\" src=\"\/\/grand-angle.lavenir.net\/a-la-decouverte-des-plus-belles-abbayes-de-wallonie\/wp-content\/plugins\/revslider\/sr6\/assets\/assets\/dummy.png\" alt=\"\" title=\"20180924abbaye13Rochefort-12\" width=\"1900\" height=\"1267\" class=\"rev-slidebg tp-rs-img rs-lazyload\" data-lazyload=\"\/\/grand-angle.lavenir.net\/a-la-decouverte-des-plus-belles-abbayes-de-wallonie\/wp-content\/uploads\/sites\/60\/2018\/12\/20180924abbaye13Rochefort-12.jpg\" data-bg=\"f:contain;\" data-no-retina>\n<!--\n\t\t\t\t\t\t\t--><rs-group\n\t\t\t\t\t\t\t\tid=\"slider-1-slide-39-layer-2\" \n\t\t\t\t\t\t\t\tdata-type=\"group\"\n\t\t\t\t\t\t\t\tdata-xy=\"x:c;y:b;\"\n\t\t\t\t\t\t\t\tdata-text=\"l:22;a:inherit;\"\n\t\t\t\t\t\t\t\tdata-dim=\"w:100%;h:200px;\"\n\t\t\t\t\t\t\t\tdata-frame_0=\"tp:600;\"\n\t\t\t\t\t\t\t\tdata-frame_1=\"tp:600;sR:10;\"\n\t\t\t\t\t\t\t\tdata-frame_999=\"o:0;tp:600;st:w;sR:8690;sA:9000;\"\n\t\t\t\t\t\t\t\tstyle=\"z-index:5;\"\n\t\t\t\t\t\t\t><!--\n\t\t\t\t\t\t\t\t--><p\n\t\t\t\t\t\t\t\t\tid=\"slider-1-slide-39-layer-3\" \n\t\t\t\t\t\t\t\t\tclass=\"rs-layer\"\n\t\t\t\t\t\t\t\t\tdata-type=\"text\"\n\t\t\t\t\t\t\t\t\tdata-color=\"#ffffff\"\n\t\t\t\t\t\t\t\t\tdata-rsp_ch=\"on\"\n\t\t\t\t\t\t\t\t\tdata-xy=\"x:c;y:127px;\"\n\t\t\t\t\t\t\t\t\tdata-pos=\"a\"\n\t\t\t\t\t\t\t\t\tdata-text=\"w:normal;l:22;a:inherit;\"\n\t\t\t\t\t\t\t\t\tdata-dim=\"w:1179px;h:45px;\"\n\t\t\t\t\t\t\t\t\tdata-frame_0=\"tp:600;\"\n\t\t\t\t\t\t\t\t\tdata-frame_1=\"tp:600;\"\n\t\t\t\t\t\t\t\t\tdata-frame_999=\"o:0;tp:600;st:w;sR:8690;\"\n\t\t\t\t\t\t\t\t\tstyle=\"z-index:7;font-family:'Raleway';\"\n\t\t\t\t\t\t\t\t>Chef-d\u2019oeuvre du style gothique belge, notamment avec son imposante \u00e9glise abbatiale, la construction de l\u2019abbaye de Maredsous (sur la commune d\u2019Anh\u00e9e) a d\u00e9but\u00e9 en 1872. Depuis 2016, le \u201cpetit mus\u00e9e de la fromagerie de Maredsous\u201d a ouvert ses portes au public. \n\t\t\t\t\t\t\t\t<\/p><!--\n\n\t\t\t\t\t\t\t\t--><rs-layer\n\t\t\t\t\t\t\t\t\tid=\"slider-1-slide-39-layer-1\" \n\t\t\t\t\t\t\t\t\tclass=\"tp-shape tp-shapewrapper\"\n\t\t\t\t\t\t\t\t\tdata-type=\"shape\"\n\t\t\t\t\t\t\t\t\tdata-rsp_ch=\"on\"\n\t\t\t\t\t\t\t\t\tdata-xy=\"x:c;y:b;\"\n\t\t\t\t\t\t\t\t\tdata-pos=\"a\"\n\t\t\t\t\t\t\t\t\tdata-text=\"fw:100;a:inherit;\"\n\t\t\t\t\t\t\t\t\tdata-dim=\"w:100%;h:82px;\"\n\t\t\t\t\t\t\t\t\tdata-frame_0=\"tp:600;\"\n\t\t\t\t\t\t\t\t\tdata-frame_1=\"tp:600;\"\n\t\t\t\t\t\t\t\t\tdata-frame_999=\"o:0;tp:600;st:w;sR:8690;\"\n\t\t\t\t\t\t\t\t\tstyle=\"z-index:6;background-color:rgba(0,0,0,0.75);\"\n\t\t\t\t\t\t\t\t> \n\t\t\t\t\t\t\t\t<\/rs-layer><!--\n\t\t\t\t\t\t\t--><\/rs-group><!--\n-->\t\t\t\t\t<\/rs-slide>\n\t\t\t\t\t\t<rs-slide style=\"position: absolute;\" data-key=\"rs-40\" data-title=\"dieu\" data-thumb=\"\/\/grand-angle.lavenir.net\/a-la-decouverte-des-plus-belles-abbayes-de-wallonie\/wp-content\/uploads\/sites\/60\/2018\/12\/20180924abbaye14ValDieu-8.jpg\" data-anim=\"adpr:false;\">\n\t\t\t\t\t\t\t<img decoding=\"async\" src=\"\/\/grand-angle.lavenir.net\/a-la-decouverte-des-plus-belles-abbayes-de-wallonie\/wp-content\/plugins\/revslider\/sr6\/assets\/assets\/dummy.png\" alt=\"\" title=\"20180924abbaye14ValDieu-8\" width=\"1900\" height=\"1267\" class=\"rev-slidebg tp-rs-img rs-lazyload\" data-lazyload=\"\/\/grand-angle.lavenir.net\/a-la-decouverte-des-plus-belles-abbayes-de-wallonie\/wp-content\/uploads\/sites\/60\/2018\/12\/20180924abbaye14ValDieu-8.jpg\" data-bg=\"f:contain;\" data-no-retina>\n<!--\n\t\t\t\t\t\t\t--><rs-group\n\t\t\t\t\t\t\t\tid=\"slider-1-slide-40-layer-2\" \n\t\t\t\t\t\t\t\tdata-type=\"group\"\n\t\t\t\t\t\t\t\tdata-xy=\"x:c;y:b;\"\n\t\t\t\t\t\t\t\tdata-text=\"l:22;a:inherit;\"\n\t\t\t\t\t\t\t\tdata-dim=\"w:100%;h:200px;\"\n\t\t\t\t\t\t\t\tdata-frame_0=\"tp:600;\"\n\t\t\t\t\t\t\t\tdata-frame_1=\"tp:600;sR:10;\"\n\t\t\t\t\t\t\t\tdata-frame_999=\"o:0;tp:600;st:w;sR:8690;sA:9000;\"\n\t\t\t\t\t\t\t\tstyle=\"z-index:5;\"\n\t\t\t\t\t\t\t><!--\n\t\t\t\t\t\t\t\t--><p\n\t\t\t\t\t\t\t\t\tid=\"slider-1-slide-40-layer-3\" \n\t\t\t\t\t\t\t\t\tclass=\"rs-layer\"\n\t\t\t\t\t\t\t\t\tdata-type=\"text\"\n\t\t\t\t\t\t\t\t\tdata-color=\"#ffffff\"\n\t\t\t\t\t\t\t\t\tdata-rsp_ch=\"on\"\n\t\t\t\t\t\t\t\t\tdata-xy=\"x:c;y:127px;\"\n\t\t\t\t\t\t\t\t\tdata-pos=\"a\"\n\t\t\t\t\t\t\t\t\tdata-text=\"w:normal;l:22;a:inherit;\"\n\t\t\t\t\t\t\t\t\tdata-dim=\"w:1179px;h:45px;\"\n\t\t\t\t\t\t\t\t\tdata-frame_0=\"tp:600;\"\n\t\t\t\t\t\t\t\t\tdata-frame_1=\"tp:600;\"\n\t\t\t\t\t\t\t\t\tdata-frame_999=\"o:0;tp:600;st:w;sR:8990;\"\n\t\t\t\t\t\t\t\t\tstyle=\"z-index:7;font-family:'Raleway';\"\n\t\t\t\t\t\t\t\t>Selon la l\u00e9gende c\u2019est dans la \u201cVall\u00e9e du Diable\u201d (parce qu\u2019inhospitali\u00e8re) que ce sont install\u00e9s des moines venus d\u2019Allemagne pour fonder une abbaye. Ils auraient alors rebaptis\u00e9 les lieux \u201cVall\u00e9e de Dieu\u201d, ce qui donna le nom, plus tard de \u201cVal-Dieu\u201d. \n\t\t\t\t\t\t\t\t<\/p><!--\n\n\t\t\t\t\t\t\t\t--><rs-layer\n\t\t\t\t\t\t\t\t\tid=\"slider-1-slide-40-layer-1\" \n\t\t\t\t\t\t\t\t\tclass=\"tp-shape tp-shapewrapper\"\n\t\t\t\t\t\t\t\t\tdata-type=\"shape\"\n\t\t\t\t\t\t\t\t\tdata-rsp_ch=\"on\"\n\t\t\t\t\t\t\t\t\tdata-xy=\"x:c;y:b;\"\n\t\t\t\t\t\t\t\t\tdata-pos=\"a\"\n\t\t\t\t\t\t\t\t\tdata-text=\"fw:100;a:inherit;\"\n\t\t\t\t\t\t\t\t\tdata-dim=\"w:100%;h:82px;\"\n\t\t\t\t\t\t\t\t\tdata-frame_0=\"tp:600;\"\n\t\t\t\t\t\t\t\t\tdata-frame_1=\"tp:600;\"\n\t\t\t\t\t\t\t\t\tdata-frame_999=\"o:0;tp:600;st:w;sR:8690;\"\n\t\t\t\t\t\t\t\t\tstyle=\"z-index:6;background-color:rgba(0,0,0,0.75);\"\n\t\t\t\t\t\t\t\t> \n\t\t\t\t\t\t\t\t<\/rs-layer><!--\n\t\t\t\t\t\t\t--><\/rs-group><!--\n-->\t\t\t\t\t<\/rs-slide>\n\t\t\t\t\t\t<rs-slide style=\"position: absolute;\" data-key=\"rs-41\" data-title=\"dieu-2\" data-thumb=\"\/\/grand-angle.lavenir.net\/a-la-decouverte-des-plus-belles-abbayes-de-wallonie\/wp-content\/uploads\/sites\/60\/2018\/12\/20180924abbaye14ValDieu-3.jpg\" data-anim=\"adpr:false;\">\n\t\t\t\t\t\t\t<img decoding=\"async\" src=\"\/\/grand-angle.lavenir.net\/a-la-decouverte-des-plus-belles-abbayes-de-wallonie\/wp-content\/plugins\/revslider\/sr6\/assets\/assets\/dummy.png\" alt=\"\" title=\"20180924abbaye14ValDieu-3\" width=\"1267\" height=\"1900\" class=\"rev-slidebg tp-rs-img rs-lazyload\" data-lazyload=\"\/\/grand-angle.lavenir.net\/a-la-decouverte-des-plus-belles-abbayes-de-wallonie\/wp-content\/uploads\/sites\/60\/2018\/12\/20180924abbaye14ValDieu-3.jpg\" data-bg=\"f:contain;\" data-no-retina>\n<!--\n\t\t\t\t\t\t\t--><rs-group\n\t\t\t\t\t\t\t\tid=\"slider-1-slide-41-layer-2\" \n\t\t\t\t\t\t\t\tdata-type=\"group\"\n\t\t\t\t\t\t\t\tdata-xy=\"x:c;y:b;\"\n\t\t\t\t\t\t\t\tdata-text=\"l:22;a:inherit;\"\n\t\t\t\t\t\t\t\tdata-dim=\"w:100%;h:200px;\"\n\t\t\t\t\t\t\t\tdata-frame_0=\"tp:600;\"\n\t\t\t\t\t\t\t\tdata-frame_1=\"tp:600;sR:10;\"\n\t\t\t\t\t\t\t\tdata-frame_999=\"o:0;tp:600;st:w;sR:8690;sA:9000;\"\n\t\t\t\t\t\t\t\tstyle=\"z-index:5;\"\n\t\t\t\t\t\t\t><!--\n\t\t\t\t\t\t\t\t--><p\n\t\t\t\t\t\t\t\t\tid=\"slider-1-slide-41-layer-3\" \n\t\t\t\t\t\t\t\t\tclass=\"rs-layer\"\n\t\t\t\t\t\t\t\t\tdata-type=\"text\"\n\t\t\t\t\t\t\t\t\tdata-color=\"#ffffff\"\n\t\t\t\t\t\t\t\t\tdata-rsp_ch=\"on\"\n\t\t\t\t\t\t\t\t\tdata-xy=\"x:c;y:127px;\"\n\t\t\t\t\t\t\t\t\tdata-pos=\"a\"\n\t\t\t\t\t\t\t\t\tdata-text=\"w:normal;l:22;a:inherit;\"\n\t\t\t\t\t\t\t\t\tdata-dim=\"w:1179px;h:45px;\"\n\t\t\t\t\t\t\t\t\tdata-frame_0=\"tp:600;\"\n\t\t\t\t\t\t\t\t\tdata-frame_1=\"tp:600;\"\n\t\t\t\t\t\t\t\t\tdata-frame_999=\"o:0;tp:600;st:w;sR:8690;\"\n\t\t\t\t\t\t\t\t\tstyle=\"z-index:7;font-family:'Raleway';\"\n\t\t\t\t\t\t\t\t>Selon la l\u00e9gende c\u2019est dans la \u201cVall\u00e9e du Diable\u201d (parce qu\u2019inhospitali\u00e8re) que ce sont install\u00e9s des moines venus d\u2019Allemagne pour fonder une abbaye. Ils auraient alors rebaptis\u00e9 les lieux \u201cVall\u00e9e de Dieu\u201d, ce qui donna le nom, plus tard de \u201cVal-Dieu\u201d. \n\t\t\t\t\t\t\t\t<\/p><!--\n\n\t\t\t\t\t\t\t\t--><rs-layer\n\t\t\t\t\t\t\t\t\tid=\"slider-1-slide-41-layer-1\" \n\t\t\t\t\t\t\t\t\tclass=\"tp-shape tp-shapewrapper\"\n\t\t\t\t\t\t\t\t\tdata-type=\"shape\"\n\t\t\t\t\t\t\t\t\tdata-rsp_ch=\"on\"\n\t\t\t\t\t\t\t\t\tdata-xy=\"x:c;y:b;\"\n\t\t\t\t\t\t\t\t\tdata-pos=\"a\"\n\t\t\t\t\t\t\t\t\tdata-text=\"fw:100;a:inherit;\"\n\t\t\t\t\t\t\t\t\tdata-dim=\"w:100%;h:82px;\"\n\t\t\t\t\t\t\t\t\tdata-frame_0=\"tp:600;\"\n\t\t\t\t\t\t\t\t\tdata-frame_1=\"tp:600;\"\n\t\t\t\t\t\t\t\t\tdata-frame_999=\"o:0;tp:600;st:w;sR:8690;\"\n\t\t\t\t\t\t\t\t\tstyle=\"z-index:6;background-color:rgba(0,0,0,0.75);\"\n\t\t\t\t\t\t\t\t> \n\t\t\t\t\t\t\t\t<\/rs-layer><!--\n\t\t\t\t\t\t\t--><\/rs-group><!--\n-->\t\t\t\t\t<\/rs-slide>\n\t\t\t\t\t\t<rs-slide style=\"position: absolute;\" data-key=\"rs-42\" data-title=\"dieu-3\" data-thumb=\"\/\/grand-angle.lavenir.net\/a-la-decouverte-des-plus-belles-abbayes-de-wallonie\/wp-content\/uploads\/sites\/60\/2018\/12\/20180924abbaye14ValDieu-2.jpg\" data-anim=\"adpr:false;\">\n\t\t\t\t\t\t\t<img decoding=\"async\" src=\"\/\/grand-angle.lavenir.net\/a-la-decouverte-des-plus-belles-abbayes-de-wallonie\/wp-content\/plugins\/revslider\/sr6\/assets\/assets\/dummy.png\" alt=\"\" title=\"20180924abbaye14ValDieu-2\" width=\"1900\" height=\"1267\" class=\"rev-slidebg tp-rs-img rs-lazyload\" data-lazyload=\"\/\/grand-angle.lavenir.net\/a-la-decouverte-des-plus-belles-abbayes-de-wallonie\/wp-content\/uploads\/sites\/60\/2018\/12\/20180924abbaye14ValDieu-2.jpg\" data-bg=\"f:contain;\" data-no-retina>\n<!--\n\t\t\t\t\t\t\t--><rs-group\n\t\t\t\t\t\t\t\tid=\"slider-1-slide-42-layer-2\" \n\t\t\t\t\t\t\t\tdata-type=\"group\"\n\t\t\t\t\t\t\t\tdata-xy=\"x:c;y:b;\"\n\t\t\t\t\t\t\t\tdata-text=\"l:22;a:inherit;\"\n\t\t\t\t\t\t\t\tdata-dim=\"w:100%;h:200px;\"\n\t\t\t\t\t\t\t\tdata-frame_0=\"tp:600;\"\n\t\t\t\t\t\t\t\tdata-frame_1=\"tp:600;sR:10;\"\n\t\t\t\t\t\t\t\tdata-frame_999=\"o:0;tp:600;st:w;sR:8690;sA:9000;\"\n\t\t\t\t\t\t\t\tstyle=\"z-index:5;\"\n\t\t\t\t\t\t\t><!--\n\t\t\t\t\t\t\t\t--><p\n\t\t\t\t\t\t\t\t\tid=\"slider-1-slide-42-layer-3\" \n\t\t\t\t\t\t\t\t\tclass=\"rs-layer\"\n\t\t\t\t\t\t\t\t\tdata-type=\"text\"\n\t\t\t\t\t\t\t\t\tdata-color=\"#ffffff\"\n\t\t\t\t\t\t\t\t\tdata-rsp_ch=\"on\"\n\t\t\t\t\t\t\t\t\tdata-xy=\"x:c;y:127px;\"\n\t\t\t\t\t\t\t\t\tdata-pos=\"a\"\n\t\t\t\t\t\t\t\t\tdata-text=\"w:normal;l:22;a:inherit;\"\n\t\t\t\t\t\t\t\t\tdata-dim=\"w:1179px;h:45px;\"\n\t\t\t\t\t\t\t\t\tdata-frame_0=\"tp:600;\"\n\t\t\t\t\t\t\t\t\tdata-frame_1=\"tp:600;\"\n\t\t\t\t\t\t\t\t\tdata-frame_999=\"o:0;tp:600;st:w;sR:8690;\"\n\t\t\t\t\t\t\t\t\tstyle=\"z-index:7;font-family:'Raleway';\"\n\t\t\t\t\t\t\t\t>Selon la l\u00e9gende c\u2019est dans la \u201cVall\u00e9e du Diable\u201d (parce qu\u2019inhospitali\u00e8re) que ce sont install\u00e9s des moines venus d\u2019Allemagne pour fonder une abbaye. Ils auraient alors rebaptis\u00e9 les lieux \u201cVall\u00e9e de Dieu\u201d, ce qui donna le nom, plus tard de \u201cVal-Dieu\u201d. \n\t\t\t\t\t\t\t\t<\/p><!--\n\n\t\t\t\t\t\t\t\t--><rs-layer\n\t\t\t\t\t\t\t\t\tid=\"slider-1-slide-42-layer-1\" \n\t\t\t\t\t\t\t\t\tclass=\"tp-shape tp-shapewrapper\"\n\t\t\t\t\t\t\t\t\tdata-type=\"shape\"\n\t\t\t\t\t\t\t\t\tdata-rsp_ch=\"on\"\n\t\t\t\t\t\t\t\t\tdata-xy=\"x:c;y:b;\"\n\t\t\t\t\t\t\t\t\tdata-pos=\"a\"\n\t\t\t\t\t\t\t\t\tdata-text=\"fw:100;a:inherit;\"\n\t\t\t\t\t\t\t\t\tdata-dim=\"w:100%;h:82px;\"\n\t\t\t\t\t\t\t\t\tdata-frame_0=\"tp:600;\"\n\t\t\t\t\t\t\t\t\tdata-frame_1=\"tp:600;\"\n\t\t\t\t\t\t\t\t\tdata-frame_999=\"o:0;tp:600;st:w;sR:8690;\"\n\t\t\t\t\t\t\t\t\tstyle=\"z-index:6;background-color:rgba(0,0,0,0.75);\"\n\t\t\t\t\t\t\t\t> \n\t\t\t\t\t\t\t\t<\/rs-layer><!--\n\t\t\t\t\t\t\t--><\/rs-group><!--\n-->\t\t\t\t\t<\/rs-slide>\n\t\t\t\t\t\t<rs-slide style=\"position: absolute;\" data-key=\"rs-43\" data-title=\"lambert\" data-thumb=\"\/\/grand-angle.lavenir.net\/a-la-decouverte-des-plus-belles-abbayes-de-wallonie\/wp-content\/uploads\/sites\/60\/2018\/12\/20180924abbaye15ValStLambert-2.jpg\" data-anim=\"adpr:false;\">\n\t\t\t\t\t\t\t<img decoding=\"async\" src=\"\/\/grand-angle.lavenir.net\/a-la-decouverte-des-plus-belles-abbayes-de-wallonie\/wp-content\/plugins\/revslider\/sr6\/assets\/assets\/dummy.png\" alt=\"\" title=\"20180924abbaye15ValStLambert-2\" width=\"1900\" height=\"1267\" class=\"rev-slidebg tp-rs-img rs-lazyload\" data-lazyload=\"\/\/grand-angle.lavenir.net\/a-la-decouverte-des-plus-belles-abbayes-de-wallonie\/wp-content\/uploads\/sites\/60\/2018\/12\/20180924abbaye15ValStLambert-2.jpg\" data-bg=\"f:contain;\" data-no-retina>\n<!--\n\t\t\t\t\t\t\t--><rs-group\n\t\t\t\t\t\t\t\tid=\"slider-1-slide-43-layer-2\" \n\t\t\t\t\t\t\t\tdata-type=\"group\"\n\t\t\t\t\t\t\t\tdata-xy=\"x:c;y:b;\"\n\t\t\t\t\t\t\t\tdata-text=\"l:22;a:inherit;\"\n\t\t\t\t\t\t\t\tdata-dim=\"w:100%;h:200px;\"\n\t\t\t\t\t\t\t\tdata-frame_0=\"tp:600;\"\n\t\t\t\t\t\t\t\tdata-frame_1=\"tp:600;sR:10;\"\n\t\t\t\t\t\t\t\tdata-frame_999=\"o:0;tp:600;st:w;sR:8690;sA:9000;\"\n\t\t\t\t\t\t\t\tstyle=\"z-index:5;\"\n\t\t\t\t\t\t\t><!--\n\t\t\t\t\t\t\t\t--><p\n\t\t\t\t\t\t\t\t\tid=\"slider-1-slide-43-layer-3\" \n\t\t\t\t\t\t\t\t\tclass=\"rs-layer\"\n\t\t\t\t\t\t\t\t\tdata-type=\"text\"\n\t\t\t\t\t\t\t\t\tdata-color=\"#ffffff\"\n\t\t\t\t\t\t\t\t\tdata-rsp_ch=\"on\"\n\t\t\t\t\t\t\t\t\tdata-xy=\"x:c;y:128px;\"\n\t\t\t\t\t\t\t\t\tdata-pos=\"a\"\n\t\t\t\t\t\t\t\t\tdata-text=\"w:normal;l:22;a:inherit;\"\n\t\t\t\t\t\t\t\t\tdata-dim=\"w:1179px;h:45px;\"\n\t\t\t\t\t\t\t\t\tdata-frame_0=\"tp:600;\"\n\t\t\t\t\t\t\t\t\tdata-frame_1=\"tp:600;\"\n\t\t\t\t\t\t\t\t\tdata-frame_999=\"o:0;tp:600;st:w;sR:8990;\"\n\t\t\t\t\t\t\t\t\tstyle=\"z-index:7;font-family:'Raleway';\"\n\t\t\t\t\t\t\t\t>L\u2019abbaye du Val Saint-Lambert (Seraing) a \u00e9t\u00e9 fond\u00e9e par des moines fran\u00e7ais en 1201. En 1796, les moines sont expuls\u00e9s et les b\u00e2timents transform\u00e9s en filature de lin. La cristallerie est cr\u00e9\u00e9e en 1825 et comptera jusqu\u2019\u00e0 5.000 ouvriers au d\u00e9but du XX\u00e8me si\u00e8cle. \n\t\t\t\t\t\t\t\t<\/p><!--\n\n\t\t\t\t\t\t\t\t--><rs-layer\n\t\t\t\t\t\t\t\t\tid=\"slider-1-slide-43-layer-1\" \n\t\t\t\t\t\t\t\t\tclass=\"tp-shape tp-shapewrapper\"\n\t\t\t\t\t\t\t\t\tdata-type=\"shape\"\n\t\t\t\t\t\t\t\t\tdata-rsp_ch=\"on\"\n\t\t\t\t\t\t\t\t\tdata-xy=\"x:c;y:b;\"\n\t\t\t\t\t\t\t\t\tdata-pos=\"a\"\n\t\t\t\t\t\t\t\t\tdata-text=\"fw:100;a:inherit;\"\n\t\t\t\t\t\t\t\t\tdata-dim=\"w:100%;h:82px;\"\n\t\t\t\t\t\t\t\t\tdata-frame_0=\"tp:600;\"\n\t\t\t\t\t\t\t\t\tdata-frame_1=\"tp:600;\"\n\t\t\t\t\t\t\t\t\tdata-frame_999=\"o:0;tp:600;st:w;sR:8690;\"\n\t\t\t\t\t\t\t\t\tstyle=\"z-index:6;background-color:rgba(0,0,0,0.75);\"\n\t\t\t\t\t\t\t\t> \n\t\t\t\t\t\t\t\t<\/rs-layer><!--\n\t\t\t\t\t\t\t--><\/rs-group><!--\n-->\t\t\t\t\t<\/rs-slide>\n\t\t\t\t\t\t<rs-slide style=\"position: absolute;\" data-key=\"rs-44\" data-title=\"lambert-2\" data-thumb=\"\/\/grand-angle.lavenir.net\/a-la-decouverte-des-plus-belles-abbayes-de-wallonie\/wp-content\/uploads\/sites\/60\/2018\/12\/20180924abbaye15ValStLambert-5.jpg\" data-anim=\"adpr:false;\">\n\t\t\t\t\t\t\t<img decoding=\"async\" src=\"\/\/grand-angle.lavenir.net\/a-la-decouverte-des-plus-belles-abbayes-de-wallonie\/wp-content\/plugins\/revslider\/sr6\/assets\/assets\/dummy.png\" alt=\"\" title=\"20180924abbaye15ValStLambert-5\" width=\"1900\" height=\"1267\" class=\"rev-slidebg tp-rs-img rs-lazyload\" data-lazyload=\"\/\/grand-angle.lavenir.net\/a-la-decouverte-des-plus-belles-abbayes-de-wallonie\/wp-content\/uploads\/sites\/60\/2018\/12\/20180924abbaye15ValStLambert-5.jpg\" data-bg=\"f:contain;\" data-no-retina>\n<!--\n\t\t\t\t\t\t\t--><rs-group\n\t\t\t\t\t\t\t\tid=\"slider-1-slide-44-layer-2\" \n\t\t\t\t\t\t\t\tdata-type=\"group\"\n\t\t\t\t\t\t\t\tdata-xy=\"x:c;y:b;\"\n\t\t\t\t\t\t\t\tdata-text=\"l:22;a:inherit;\"\n\t\t\t\t\t\t\t\tdata-dim=\"w:100%;h:200px;\"\n\t\t\t\t\t\t\t\tdata-frame_0=\"tp:600;\"\n\t\t\t\t\t\t\t\tdata-frame_1=\"tp:600;sR:10;\"\n\t\t\t\t\t\t\t\tdata-frame_999=\"o:0;tp:600;st:w;sR:8690;sA:9000;\"\n\t\t\t\t\t\t\t\tstyle=\"z-index:5;\"\n\t\t\t\t\t\t\t><!--\n\t\t\t\t\t\t\t\t--><p\n\t\t\t\t\t\t\t\t\tid=\"slider-1-slide-44-layer-3\" \n\t\t\t\t\t\t\t\t\tclass=\"rs-layer\"\n\t\t\t\t\t\t\t\t\tdata-type=\"text\"\n\t\t\t\t\t\t\t\t\tdata-color=\"#ffffff\"\n\t\t\t\t\t\t\t\t\tdata-rsp_ch=\"on\"\n\t\t\t\t\t\t\t\t\tdata-xy=\"x:c;y:128px;\"\n\t\t\t\t\t\t\t\t\tdata-pos=\"a\"\n\t\t\t\t\t\t\t\t\tdata-text=\"w:normal;l:22;a:inherit;\"\n\t\t\t\t\t\t\t\t\tdata-dim=\"w:1179px;h:45px;\"\n\t\t\t\t\t\t\t\t\tdata-frame_0=\"tp:600;\"\n\t\t\t\t\t\t\t\t\tdata-frame_1=\"tp:600;\"\n\t\t\t\t\t\t\t\t\tdata-frame_999=\"o:0;tp:600;st:w;sR:8690;\"\n\t\t\t\t\t\t\t\t\tstyle=\"z-index:7;font-family:'Raleway';\"\n\t\t\t\t\t\t\t\t>L\u2019abbaye du Val Saint-Lambert (Seraing) a \u00e9t\u00e9 fond\u00e9e par des moines fran\u00e7ais en 1201. En 1796, les moines sont expuls\u00e9s et les b\u00e2timents transform\u00e9s en filature de lin. La cristallerie est cr\u00e9\u00e9e en 1825 et comptera jusqu\u2019\u00e0 5.000 ouvriers au d\u00e9but du XX\u00e8me si\u00e8cle. \n\t\t\t\t\t\t\t\t<\/p><!--\n\n\t\t\t\t\t\t\t\t--><rs-layer\n\t\t\t\t\t\t\t\t\tid=\"slider-1-slide-44-layer-1\" \n\t\t\t\t\t\t\t\t\tclass=\"tp-shape tp-shapewrapper\"\n\t\t\t\t\t\t\t\t\tdata-type=\"shape\"\n\t\t\t\t\t\t\t\t\tdata-rsp_ch=\"on\"\n\t\t\t\t\t\t\t\t\tdata-xy=\"x:c;y:b;\"\n\t\t\t\t\t\t\t\t\tdata-pos=\"a\"\n\t\t\t\t\t\t\t\t\tdata-text=\"fw:100;a:inherit;\"\n\t\t\t\t\t\t\t\t\tdata-dim=\"w:100%;h:82px;\"\n\t\t\t\t\t\t\t\t\tdata-frame_0=\"tp:600;\"\n\t\t\t\t\t\t\t\t\tdata-frame_1=\"tp:600;\"\n\t\t\t\t\t\t\t\t\tdata-frame_999=\"o:0;tp:600;st:w;sR:8690;\"\n\t\t\t\t\t\t\t\t\tstyle=\"z-index:6;background-color:rgba(0,0,0,0.75);\"\n\t\t\t\t\t\t\t\t> \n\t\t\t\t\t\t\t\t<\/rs-layer><!--\n\t\t\t\t\t\t\t--><\/rs-group><!--\n-->\t\t\t\t\t<\/rs-slide>\n\t\t\t\t\t\t<rs-slide style=\"position: absolute;\" data-key=\"rs-45\" data-title=\"lambert-3\" data-thumb=\"\/\/grand-angle.lavenir.net\/a-la-decouverte-des-plus-belles-abbayes-de-wallonie\/wp-content\/uploads\/sites\/60\/2018\/12\/20180924abbaye15ValStLambert-8.jpg\" data-anim=\"adpr:false;\">\n\t\t\t\t\t\t\t<img decoding=\"async\" src=\"\/\/grand-angle.lavenir.net\/a-la-decouverte-des-plus-belles-abbayes-de-wallonie\/wp-content\/plugins\/revslider\/sr6\/assets\/assets\/dummy.png\" alt=\"\" title=\"20180924abbaye15ValStLambert-8\" width=\"1900\" height=\"1267\" class=\"rev-slidebg tp-rs-img rs-lazyload\" data-lazyload=\"\/\/grand-angle.lavenir.net\/a-la-decouverte-des-plus-belles-abbayes-de-wallonie\/wp-content\/uploads\/sites\/60\/2018\/12\/20180924abbaye15ValStLambert-8.jpg\" data-bg=\"f:contain;\" data-no-retina>\n<!--\n\t\t\t\t\t\t\t--><rs-group\n\t\t\t\t\t\t\t\tid=\"slider-1-slide-45-layer-2\" \n\t\t\t\t\t\t\t\tdata-type=\"group\"\n\t\t\t\t\t\t\t\tdata-xy=\"x:c;y:b;\"\n\t\t\t\t\t\t\t\tdata-text=\"l:22;a:inherit;\"\n\t\t\t\t\t\t\t\tdata-dim=\"w:100%;h:200px;\"\n\t\t\t\t\t\t\t\tdata-frame_0=\"tp:600;\"\n\t\t\t\t\t\t\t\tdata-frame_1=\"tp:600;sR:10;\"\n\t\t\t\t\t\t\t\tdata-frame_999=\"o:0;tp:600;st:w;sR:8690;sA:9000;\"\n\t\t\t\t\t\t\t\tstyle=\"z-index:5;\"\n\t\t\t\t\t\t\t><!--\n\t\t\t\t\t\t\t\t--><p\n\t\t\t\t\t\t\t\t\tid=\"slider-1-slide-45-layer-3\" \n\t\t\t\t\t\t\t\t\tclass=\"rs-layer\"\n\t\t\t\t\t\t\t\t\tdata-type=\"text\"\n\t\t\t\t\t\t\t\t\tdata-color=\"#ffffff\"\n\t\t\t\t\t\t\t\t\tdata-rsp_ch=\"on\"\n\t\t\t\t\t\t\t\t\tdata-xy=\"x:c;y:128px;\"\n\t\t\t\t\t\t\t\t\tdata-pos=\"a\"\n\t\t\t\t\t\t\t\t\tdata-text=\"w:normal;l:22;a:inherit;\"\n\t\t\t\t\t\t\t\t\tdata-dim=\"w:1179px;h:45px;\"\n\t\t\t\t\t\t\t\t\tdata-frame_0=\"tp:600;\"\n\t\t\t\t\t\t\t\t\tdata-frame_1=\"tp:600;\"\n\t\t\t\t\t\t\t\t\tdata-frame_999=\"o:0;tp:600;st:w;sR:8690;\"\n\t\t\t\t\t\t\t\t\tstyle=\"z-index:7;font-family:'Raleway';\"\n\t\t\t\t\t\t\t\t>L\u2019abbaye du Val Saint-Lambert (Seraing) a \u00e9t\u00e9 fond\u00e9e par des moines fran\u00e7ais en 1201. En 1796, les moines sont expuls\u00e9s et les b\u00e2timents transform\u00e9s en filature de lin. La cristallerie est cr\u00e9\u00e9e en 1825 et comptera jusqu\u2019\u00e0 5.000 ouvriers au d\u00e9but du XX\u00e8me si\u00e8cle. \n\t\t\t\t\t\t\t\t<\/p><!--\n\n\t\t\t\t\t\t\t\t--><rs-layer\n\t\t\t\t\t\t\t\t\tid=\"slider-1-slide-45-layer-1\" \n\t\t\t\t\t\t\t\t\tclass=\"tp-shape tp-shapewrapper\"\n\t\t\t\t\t\t\t\t\tdata-type=\"shape\"\n\t\t\t\t\t\t\t\t\tdata-rsp_ch=\"on\"\n\t\t\t\t\t\t\t\t\tdata-xy=\"x:c;y:b;\"\n\t\t\t\t\t\t\t\t\tdata-pos=\"a\"\n\t\t\t\t\t\t\t\t\tdata-text=\"fw:100;a:inherit;\"\n\t\t\t\t\t\t\t\t\tdata-dim=\"w:100%;h:82px;\"\n\t\t\t\t\t\t\t\t\tdata-frame_0=\"tp:600;\"\n\t\t\t\t\t\t\t\t\tdata-frame_1=\"tp:600;\"\n\t\t\t\t\t\t\t\t\tdata-frame_999=\"o:0;tp:600;st:w;sR:8690;\"\n\t\t\t\t\t\t\t\t\tstyle=\"z-index:6;background-color:rgba(0,0,0,0.75);\"\n\t\t\t\t\t\t\t\t> \n\t\t\t\t\t\t\t\t<\/rs-layer><!--\n\t\t\t\t\t\t\t--><\/rs-group><!--\n-->\t\t\t\t\t<\/rs-slide>\n\t\t\t\t\t\t<rs-slide style=\"position: absolute;\" data-key=\"rs-46\" data-title=\"orval\" data-thumb=\"\/\/grand-angle.lavenir.net\/a-la-decouverte-des-plus-belles-abbayes-de-wallonie\/wp-content\/uploads\/sites\/60\/2018\/12\/20180924abbaye17Orval-4.jpg\" data-anim=\"adpr:false;\">\n\t\t\t\t\t\t\t<img decoding=\"async\" src=\"\/\/grand-angle.lavenir.net\/a-la-decouverte-des-plus-belles-abbayes-de-wallonie\/wp-content\/plugins\/revslider\/sr6\/assets\/assets\/dummy.png\" alt=\"\" title=\"20180924abbaye17Orval-4\" width=\"1900\" height=\"1267\" class=\"rev-slidebg tp-rs-img rs-lazyload\" data-lazyload=\"\/\/grand-angle.lavenir.net\/a-la-decouverte-des-plus-belles-abbayes-de-wallonie\/wp-content\/uploads\/sites\/60\/2018\/12\/20180924abbaye17Orval-4.jpg\" data-bg=\"f:contain;\" data-no-retina>\n<!--\n\t\t\t\t\t\t\t--><rs-group\n\t\t\t\t\t\t\t\tid=\"slider-1-slide-46-layer-2\" \n\t\t\t\t\t\t\t\tdata-type=\"group\"\n\t\t\t\t\t\t\t\tdata-xy=\"x:c;xo:1px;y:b;yo:1px;\"\n\t\t\t\t\t\t\t\tdata-text=\"l:22;a:inherit;\"\n\t\t\t\t\t\t\t\tdata-dim=\"w:100%;h:200px;\"\n\t\t\t\t\t\t\t\tdata-frame_0=\"tp:600;\"\n\t\t\t\t\t\t\t\tdata-frame_1=\"tp:600;sR:10;\"\n\t\t\t\t\t\t\t\tdata-frame_999=\"o:0;tp:600;st:w;sR:8690;sA:9000;\"\n\t\t\t\t\t\t\t\tstyle=\"z-index:5;\"\n\t\t\t\t\t\t\t><!--\n\t\t\t\t\t\t\t\t--><p\n\t\t\t\t\t\t\t\t\tid=\"slider-1-slide-46-layer-3\" \n\t\t\t\t\t\t\t\t\tclass=\"rs-layer\"\n\t\t\t\t\t\t\t\t\tdata-type=\"text\"\n\t\t\t\t\t\t\t\t\tdata-color=\"#ffffff\"\n\t\t\t\t\t\t\t\t\tdata-rsp_ch=\"on\"\n\t\t\t\t\t\t\t\t\tdata-xy=\"x:c;y:128px;\"\n\t\t\t\t\t\t\t\t\tdata-pos=\"a\"\n\t\t\t\t\t\t\t\t\tdata-text=\"w:normal;l:22;a:inherit;\"\n\t\t\t\t\t\t\t\t\tdata-dim=\"w:1179px;h:45px;\"\n\t\t\t\t\t\t\t\t\tdata-frame_0=\"tp:600;\"\n\t\t\t\t\t\t\t\t\tdata-frame_1=\"tp:600;\"\n\t\t\t\t\t\t\t\t\tdata-frame_999=\"o:0;tp:600;st:w;sR:8990;\"\n\t\t\t\t\t\t\t\t\tstyle=\"z-index:7;font-family:'Raleway';\"\n\t\t\t\t\t\t\t\t>L\u2019abbaye d\u2019Orval trouve son origine dans l\u2019arriv\u00e9e d\u2019un groupe de moines italiens en 1070 \u00e0 qui le comte de Chiny c\u00e9da une partie de ses terres. L\u2019abbaye failli dispara\u00eetre suite \u00e0 des tr\u00e8s importantes difficult\u00e9s financi\u00e8res. L\u2019actuelle abbaye est une reconstruction achev\u00e9e en 1948. \n\t\t\t\t\t\t\t\t<\/p><!--\n\n\t\t\t\t\t\t\t\t--><rs-layer\n\t\t\t\t\t\t\t\t\tid=\"slider-1-slide-46-layer-1\" \n\t\t\t\t\t\t\t\t\tclass=\"tp-shape tp-shapewrapper\"\n\t\t\t\t\t\t\t\t\tdata-type=\"shape\"\n\t\t\t\t\t\t\t\t\tdata-rsp_ch=\"on\"\n\t\t\t\t\t\t\t\t\tdata-xy=\"x:c;y:b;\"\n\t\t\t\t\t\t\t\t\tdata-pos=\"a\"\n\t\t\t\t\t\t\t\t\tdata-text=\"fw:100;a:inherit;\"\n\t\t\t\t\t\t\t\t\tdata-dim=\"w:100%;h:82px;\"\n\t\t\t\t\t\t\t\t\tdata-frame_0=\"tp:600;\"\n\t\t\t\t\t\t\t\t\tdata-frame_1=\"tp:600;\"\n\t\t\t\t\t\t\t\t\tdata-frame_999=\"o:0;tp:600;st:w;sR:8690;\"\n\t\t\t\t\t\t\t\t\tstyle=\"z-index:6;background-color:rgba(0,0,0,0.75);\"\n\t\t\t\t\t\t\t\t> \n\t\t\t\t\t\t\t\t<\/rs-layer><!--\n\t\t\t\t\t\t\t--><\/rs-group><!--\n-->\t\t\t\t\t<\/rs-slide>\n\t\t\t\t\t\t<rs-slide style=\"position: absolute;\" data-key=\"rs-47\" data-title=\"orval-2\" data-thumb=\"\/\/grand-angle.lavenir.net\/a-la-decouverte-des-plus-belles-abbayes-de-wallonie\/wp-content\/uploads\/sites\/60\/2018\/12\/20180924abbaye17Orval-1.jpg\" data-anim=\"adpr:false;\">\n\t\t\t\t\t\t\t<img decoding=\"async\" src=\"\/\/grand-angle.lavenir.net\/a-la-decouverte-des-plus-belles-abbayes-de-wallonie\/wp-content\/plugins\/revslider\/sr6\/assets\/assets\/dummy.png\" alt=\"\" title=\"20180924abbaye17Orval-1\" width=\"1900\" height=\"1267\" class=\"rev-slidebg tp-rs-img rs-lazyload\" data-lazyload=\"\/\/grand-angle.lavenir.net\/a-la-decouverte-des-plus-belles-abbayes-de-wallonie\/wp-content\/uploads\/sites\/60\/2018\/12\/20180924abbaye17Orval-1.jpg\" data-bg=\"f:contain;\" data-no-retina>\n<!--\n\t\t\t\t\t\t\t--><rs-group\n\t\t\t\t\t\t\t\tid=\"slider-1-slide-47-layer-2\" \n\t\t\t\t\t\t\t\tdata-type=\"group\"\n\t\t\t\t\t\t\t\tdata-xy=\"x:c;xo:1px;y:b;yo:1px;\"\n\t\t\t\t\t\t\t\tdata-text=\"l:22;a:inherit;\"\n\t\t\t\t\t\t\t\tdata-dim=\"w:100%;h:200px;\"\n\t\t\t\t\t\t\t\tdata-frame_0=\"tp:600;\"\n\t\t\t\t\t\t\t\tdata-frame_1=\"tp:600;sR:10;\"\n\t\t\t\t\t\t\t\tdata-frame_999=\"o:0;tp:600;st:w;sR:8690;sA:9000;\"\n\t\t\t\t\t\t\t\tstyle=\"z-index:5;\"\n\t\t\t\t\t\t\t><!--\n\t\t\t\t\t\t\t\t--><p\n\t\t\t\t\t\t\t\t\tid=\"slider-1-slide-47-layer-3\" \n\t\t\t\t\t\t\t\t\tclass=\"rs-layer\"\n\t\t\t\t\t\t\t\t\tdata-type=\"text\"\n\t\t\t\t\t\t\t\t\tdata-color=\"#ffffff\"\n\t\t\t\t\t\t\t\t\tdata-rsp_ch=\"on\"\n\t\t\t\t\t\t\t\t\tdata-xy=\"x:c;y:128px;\"\n\t\t\t\t\t\t\t\t\tdata-pos=\"a\"\n\t\t\t\t\t\t\t\t\tdata-text=\"w:normal;l:22;a:inherit;\"\n\t\t\t\t\t\t\t\t\tdata-dim=\"w:1179px;h:45px;\"\n\t\t\t\t\t\t\t\t\tdata-frame_0=\"tp:600;\"\n\t\t\t\t\t\t\t\t\tdata-frame_1=\"tp:600;\"\n\t\t\t\t\t\t\t\t\tdata-frame_999=\"o:0;tp:600;st:w;sR:8690;\"\n\t\t\t\t\t\t\t\t\tstyle=\"z-index:7;font-family:'Raleway';\"\n\t\t\t\t\t\t\t\t>L\u2019abbaye d\u2019Orval trouve son origine dans l\u2019arriv\u00e9e d\u2019un groupe de moines italiens en 1070 \u00e0 qui le comte de Chiny c\u00e9da une partie de ses terres. L\u2019abbaye failli dispara\u00eetre suite \u00e0 des tr\u00e8s importantes difficult\u00e9s financi\u00e8res. L\u2019actuelle abbaye est une reconstruction achev\u00e9e en 1948. \n\t\t\t\t\t\t\t\t<\/p><!--\n\n\t\t\t\t\t\t\t\t--><rs-layer\n\t\t\t\t\t\t\t\t\tid=\"slider-1-slide-47-layer-1\" \n\t\t\t\t\t\t\t\t\tclass=\"tp-shape tp-shapewrapper\"\n\t\t\t\t\t\t\t\t\tdata-type=\"shape\"\n\t\t\t\t\t\t\t\t\tdata-rsp_ch=\"on\"\n\t\t\t\t\t\t\t\t\tdata-xy=\"x:c;y:b;\"\n\t\t\t\t\t\t\t\t\tdata-pos=\"a\"\n\t\t\t\t\t\t\t\t\tdata-text=\"fw:100;a:inherit;\"\n\t\t\t\t\t\t\t\t\tdata-dim=\"w:100%;h:82px;\"\n\t\t\t\t\t\t\t\t\tdata-frame_0=\"tp:600;\"\n\t\t\t\t\t\t\t\t\tdata-frame_1=\"tp:600;\"\n\t\t\t\t\t\t\t\t\tdata-frame_999=\"o:0;tp:600;st:w;sR:8690;\"\n\t\t\t\t\t\t\t\t\tstyle=\"z-index:6;background-color:rgba(0,0,0,0.75);\"\n\t\t\t\t\t\t\t\t> \n\t\t\t\t\t\t\t\t<\/rs-layer><!--\n\t\t\t\t\t\t\t--><\/rs-group><!--\n-->\t\t\t\t\t<\/rs-slide>\n\t\t\t\t\t\t<rs-slide style=\"position: absolute;\" data-key=\"rs-48\" data-title=\"orval-3\" data-thumb=\"\/\/grand-angle.lavenir.net\/a-la-decouverte-des-plus-belles-abbayes-de-wallonie\/wp-content\/uploads\/sites\/60\/2018\/12\/20180924abbaye17Orval-8.jpg\" data-anim=\"adpr:false;\">\n\t\t\t\t\t\t\t<img decoding=\"async\" src=\"\/\/grand-angle.lavenir.net\/a-la-decouverte-des-plus-belles-abbayes-de-wallonie\/wp-content\/plugins\/revslider\/sr6\/assets\/assets\/dummy.png\" alt=\"\" title=\"20180924abbaye17Orval-8\" width=\"1900\" height=\"1267\" class=\"rev-slidebg tp-rs-img rs-lazyload\" data-lazyload=\"\/\/grand-angle.lavenir.net\/a-la-decouverte-des-plus-belles-abbayes-de-wallonie\/wp-content\/uploads\/sites\/60\/2018\/12\/20180924abbaye17Orval-8.jpg\" data-bg=\"f:contain;\" data-no-retina>\n<!--\n\t\t\t\t\t\t\t--><rs-group\n\t\t\t\t\t\t\t\tid=\"slider-1-slide-48-layer-2\" \n\t\t\t\t\t\t\t\tdata-type=\"group\"\n\t\t\t\t\t\t\t\tdata-xy=\"x:c;xo:1px;y:b;yo:1px;\"\n\t\t\t\t\t\t\t\tdata-text=\"l:22;a:inherit;\"\n\t\t\t\t\t\t\t\tdata-dim=\"w:100%;h:200px;\"\n\t\t\t\t\t\t\t\tdata-frame_0=\"tp:600;\"\n\t\t\t\t\t\t\t\tdata-frame_1=\"tp:600;sR:10;\"\n\t\t\t\t\t\t\t\tdata-frame_999=\"o:0;tp:600;st:w;sR:8690;sA:9000;\"\n\t\t\t\t\t\t\t\tstyle=\"z-index:5;\"\n\t\t\t\t\t\t\t><!--\n\t\t\t\t\t\t\t\t--><p\n\t\t\t\t\t\t\t\t\tid=\"slider-1-slide-48-layer-3\" \n\t\t\t\t\t\t\t\t\tclass=\"rs-layer\"\n\t\t\t\t\t\t\t\t\tdata-type=\"text\"\n\t\t\t\t\t\t\t\t\tdata-color=\"#ffffff\"\n\t\t\t\t\t\t\t\t\tdata-rsp_ch=\"on\"\n\t\t\t\t\t\t\t\t\tdata-xy=\"x:c;y:128px;\"\n\t\t\t\t\t\t\t\t\tdata-pos=\"a\"\n\t\t\t\t\t\t\t\t\tdata-text=\"w:normal;l:22;a:inherit;\"\n\t\t\t\t\t\t\t\t\tdata-dim=\"w:1179px;h:45px;\"\n\t\t\t\t\t\t\t\t\tdata-frame_0=\"tp:600;\"\n\t\t\t\t\t\t\t\t\tdata-frame_1=\"tp:600;\"\n\t\t\t\t\t\t\t\t\tdata-frame_999=\"o:0;tp:600;st:w;sR:8690;\"\n\t\t\t\t\t\t\t\t\tstyle=\"z-index:7;font-family:'Raleway';\"\n\t\t\t\t\t\t\t\t>L\u2019abbaye d\u2019Orval trouve son origine dans l\u2019arriv\u00e9e d\u2019un groupe de moines italiens en 1070 \u00e0 qui le comte de Chiny c\u00e9da une partie de ses terres. L\u2019abbaye failli dispara\u00eetre suite \u00e0 des tr\u00e8s importantes difficult\u00e9s financi\u00e8res. L\u2019actuelle abbaye est une reconstruction achev\u00e9e en 1948. \n\t\t\t\t\t\t\t\t<\/p><!--\n\n\t\t\t\t\t\t\t\t--><rs-layer\n\t\t\t\t\t\t\t\t\tid=\"slider-1-slide-48-layer-1\" \n\t\t\t\t\t\t\t\t\tclass=\"tp-shape tp-shapewrapper\"\n\t\t\t\t\t\t\t\t\tdata-type=\"shape\"\n\t\t\t\t\t\t\t\t\tdata-rsp_ch=\"on\"\n\t\t\t\t\t\t\t\t\tdata-xy=\"x:c;y:b;\"\n\t\t\t\t\t\t\t\t\tdata-pos=\"a\"\n\t\t\t\t\t\t\t\t\tdata-text=\"fw:100;a:inherit;\"\n\t\t\t\t\t\t\t\t\tdata-dim=\"w:100%;h:82px;\"\n\t\t\t\t\t\t\t\t\tdata-frame_0=\"tp:600;\"\n\t\t\t\t\t\t\t\t\tdata-frame_1=\"tp:600;\"\n\t\t\t\t\t\t\t\t\tdata-frame_999=\"o:0;tp:600;st:w;sR:8690;\"\n\t\t\t\t\t\t\t\t\tstyle=\"z-index:6;background-color:rgba(0,0,0,0.75);\"\n\t\t\t\t\t\t\t\t> \n\t\t\t\t\t\t\t\t<\/rs-layer><!--\n\t\t\t\t\t\t\t--><\/rs-group><!--\n-->\t\t\t\t\t<\/rs-slide>\n\t\t\t\t\t\t<rs-slide style=\"position: absolute;\" data-key=\"rs-49\" data-title=\"hubert\" data-thumb=\"\/\/grand-angle.lavenir.net\/a-la-decouverte-des-plus-belles-abbayes-de-wallonie\/wp-content\/uploads\/sites\/60\/2018\/12\/20180926abbaye18Hurtebise-13.jpg\" data-anim=\"adpr:false;\">\n\t\t\t\t\t\t\t<img decoding=\"async\" src=\"\/\/grand-angle.lavenir.net\/a-la-decouverte-des-plus-belles-abbayes-de-wallonie\/wp-content\/plugins\/revslider\/sr6\/assets\/assets\/dummy.png\" alt=\"\" title=\"20180926abbaye18Hurtebise-13\" width=\"1900\" height=\"1267\" class=\"rev-slidebg tp-rs-img rs-lazyload\" data-lazyload=\"\/\/grand-angle.lavenir.net\/a-la-decouverte-des-plus-belles-abbayes-de-wallonie\/wp-content\/uploads\/sites\/60\/2018\/12\/20180926abbaye18Hurtebise-13.jpg\" data-bg=\"f:contain;\" data-no-retina>\n<!--\n\t\t\t\t\t\t\t--><rs-group\n\t\t\t\t\t\t\t\tid=\"slider-1-slide-49-layer-2\" \n\t\t\t\t\t\t\t\tdata-type=\"group\"\n\t\t\t\t\t\t\t\tdata-xy=\"x:c;xo:1px;y:b;yo:1px;\"\n\t\t\t\t\t\t\t\tdata-text=\"l:22;a:inherit;\"\n\t\t\t\t\t\t\t\tdata-dim=\"w:100%;h:200px;\"\n\t\t\t\t\t\t\t\tdata-frame_0=\"tp:600;\"\n\t\t\t\t\t\t\t\tdata-frame_1=\"tp:600;sR:10;\"\n\t\t\t\t\t\t\t\tdata-frame_999=\"o:0;tp:600;st:w;sR:8690;sA:9000;\"\n\t\t\t\t\t\t\t\tstyle=\"z-index:5;\"\n\t\t\t\t\t\t\t><!--\n\t\t\t\t\t\t\t\t--><p\n\t\t\t\t\t\t\t\t\tid=\"slider-1-slide-49-layer-3\" \n\t\t\t\t\t\t\t\t\tclass=\"rs-layer\"\n\t\t\t\t\t\t\t\t\tdata-type=\"text\"\n\t\t\t\t\t\t\t\t\tdata-color=\"#ffffff\"\n\t\t\t\t\t\t\t\t\tdata-rsp_ch=\"on\"\n\t\t\t\t\t\t\t\t\tdata-xy=\"x:c;y:128px;\"\n\t\t\t\t\t\t\t\t\tdata-pos=\"a\"\n\t\t\t\t\t\t\t\t\tdata-text=\"w:normal;l:22;a:inherit;\"\n\t\t\t\t\t\t\t\t\tdata-dim=\"w:1179px;h:45px;\"\n\t\t\t\t\t\t\t\t\tdata-frame_0=\"tp:600;\"\n\t\t\t\t\t\t\t\t\tdata-frame_1=\"tp:600;\"\n\t\t\t\t\t\t\t\t\tdata-frame_999=\"o:0;tp:600;st:w;sR:8990;\"\n\t\t\t\t\t\t\t\t\tstyle=\"z-index:7;font-family:'Raleway';\"\n\t\t\t\t\t\t\t\t>C\u2019est gr\u00e2ce \u00e0 l\u2019\u00e9v\u00eaque de Li\u00e8ge que l\u2019abbaye de Saint-Hubert est devenue un important lieu de p\u00e8lerinages. Pour y attirer les p\u00e8lerins, l\u2019\u00e9v\u00eaque a fait d\u00e9placer le corps de saint Hubert de Li\u00e8ge \u00e0 l\u2019abbaye de Saint-Hubert qui avait \u00e9t\u00e9 plac\u00e9 sur un ancien noeud routier romain. \n\t\t\t\t\t\t\t\t<\/p><!--\n\n\t\t\t\t\t\t\t\t--><rs-layer\n\t\t\t\t\t\t\t\t\tid=\"slider-1-slide-49-layer-1\" \n\t\t\t\t\t\t\t\t\tclass=\"tp-shape tp-shapewrapper\"\n\t\t\t\t\t\t\t\t\tdata-type=\"shape\"\n\t\t\t\t\t\t\t\t\tdata-rsp_ch=\"on\"\n\t\t\t\t\t\t\t\t\tdata-xy=\"x:c;y:b;\"\n\t\t\t\t\t\t\t\t\tdata-pos=\"a\"\n\t\t\t\t\t\t\t\t\tdata-text=\"fw:100;a:inherit;\"\n\t\t\t\t\t\t\t\t\tdata-dim=\"w:100%;h:82px;\"\n\t\t\t\t\t\t\t\t\tdata-frame_0=\"tp:600;\"\n\t\t\t\t\t\t\t\t\tdata-frame_1=\"tp:600;\"\n\t\t\t\t\t\t\t\t\tdata-frame_999=\"o:0;tp:600;st:w;sR:8690;\"\n\t\t\t\t\t\t\t\t\tstyle=\"z-index:6;background-color:rgba(0,0,0,0.75);\"\n\t\t\t\t\t\t\t\t> \n\t\t\t\t\t\t\t\t<\/rs-layer><!--\n\t\t\t\t\t\t\t--><\/rs-group><!--\n-->\t\t\t\t\t<\/rs-slide>\n\t\t\t\t\t\t<rs-slide style=\"position: absolute;\" data-key=\"rs-50\" data-title=\"hubert-2\" data-thumb=\"\/\/grand-angle.lavenir.net\/a-la-decouverte-des-plus-belles-abbayes-de-wallonie\/wp-content\/uploads\/sites\/60\/2018\/12\/20180926abbaye18Hurtebise-3.jpg\" data-anim=\"adpr:false;\">\n\t\t\t\t\t\t\t<img decoding=\"async\" src=\"\/\/grand-angle.lavenir.net\/a-la-decouverte-des-plus-belles-abbayes-de-wallonie\/wp-content\/plugins\/revslider\/sr6\/assets\/assets\/dummy.png\" alt=\"\" title=\"20180926abbaye18Hurtebise-3\" width=\"1900\" height=\"1267\" class=\"rev-slidebg tp-rs-img rs-lazyload\" data-lazyload=\"\/\/grand-angle.lavenir.net\/a-la-decouverte-des-plus-belles-abbayes-de-wallonie\/wp-content\/uploads\/sites\/60\/2018\/12\/20180926abbaye18Hurtebise-3.jpg\" data-bg=\"f:contain;\" data-no-retina>\n<!--\n\t\t\t\t\t\t\t--><rs-group\n\t\t\t\t\t\t\t\tid=\"slider-1-slide-50-layer-2\" \n\t\t\t\t\t\t\t\tdata-type=\"group\"\n\t\t\t\t\t\t\t\tdata-xy=\"x:c;xo:1px;y:b;yo:1px;\"\n\t\t\t\t\t\t\t\tdata-text=\"l:22;a:inherit;\"\n\t\t\t\t\t\t\t\tdata-dim=\"w:100%;h:200px;\"\n\t\t\t\t\t\t\t\tdata-frame_0=\"tp:600;\"\n\t\t\t\t\t\t\t\tdata-frame_1=\"tp:600;sR:10;\"\n\t\t\t\t\t\t\t\tdata-frame_999=\"o:0;tp:600;st:w;sR:8690;sA:9000;\"\n\t\t\t\t\t\t\t\tstyle=\"z-index:5;\"\n\t\t\t\t\t\t\t><!--\n\t\t\t\t\t\t\t\t--><p\n\t\t\t\t\t\t\t\t\tid=\"slider-1-slide-50-layer-3\" \n\t\t\t\t\t\t\t\t\tclass=\"rs-layer\"\n\t\t\t\t\t\t\t\t\tdata-type=\"text\"\n\t\t\t\t\t\t\t\t\tdata-color=\"#ffffff\"\n\t\t\t\t\t\t\t\t\tdata-rsp_ch=\"on\"\n\t\t\t\t\t\t\t\t\tdata-xy=\"x:c;y:128px;\"\n\t\t\t\t\t\t\t\t\tdata-pos=\"a\"\n\t\t\t\t\t\t\t\t\tdata-text=\"w:normal;l:22;a:inherit;\"\n\t\t\t\t\t\t\t\t\tdata-dim=\"w:1179px;h:45px;\"\n\t\t\t\t\t\t\t\t\tdata-frame_0=\"tp:600;\"\n\t\t\t\t\t\t\t\t\tdata-frame_1=\"tp:600;\"\n\t\t\t\t\t\t\t\t\tdata-frame_999=\"o:0;tp:600;st:w;sR:8690;\"\n\t\t\t\t\t\t\t\t\tstyle=\"z-index:7;font-family:'Raleway';\"\n\t\t\t\t\t\t\t\t>C\u2019est gr\u00e2ce \u00e0 l\u2019\u00e9v\u00eaque de Li\u00e8ge que l\u2019abbaye de Saint-Hubert est devenue un important lieu de p\u00e8lerinages. Pour y attirer les p\u00e8lerins, l\u2019\u00e9v\u00eaque a fait d\u00e9placer le corps de saint Hubert de Li\u00e8ge \u00e0 l\u2019abbaye de Saint-Hubert qui avait \u00e9t\u00e9 plac\u00e9 sur un ancien noeud routier romain. \n\t\t\t\t\t\t\t\t<\/p><!--\n\n\t\t\t\t\t\t\t\t--><rs-layer\n\t\t\t\t\t\t\t\t\tid=\"slider-1-slide-50-layer-1\" \n\t\t\t\t\t\t\t\t\tclass=\"tp-shape tp-shapewrapper\"\n\t\t\t\t\t\t\t\t\tdata-type=\"shape\"\n\t\t\t\t\t\t\t\t\tdata-rsp_ch=\"on\"\n\t\t\t\t\t\t\t\t\tdata-xy=\"x:c;y:b;\"\n\t\t\t\t\t\t\t\t\tdata-pos=\"a\"\n\t\t\t\t\t\t\t\t\tdata-text=\"fw:100;a:inherit;\"\n\t\t\t\t\t\t\t\t\tdata-dim=\"w:100%;h:82px;\"\n\t\t\t\t\t\t\t\t\tdata-frame_0=\"tp:600;\"\n\t\t\t\t\t\t\t\t\tdata-frame_1=\"tp:600;\"\n\t\t\t\t\t\t\t\t\tdata-frame_999=\"o:0;tp:600;st:w;sR:8690;\"\n\t\t\t\t\t\t\t\t\tstyle=\"z-index:6;background-color:rgba(0,0,0,0.75);\"\n\t\t\t\t\t\t\t\t> \n\t\t\t\t\t\t\t\t<\/rs-layer><!--\n\t\t\t\t\t\t\t--><\/rs-group><!--\n-->\t\t\t\t\t<\/rs-slide>\n\t\t\t\t\t\t<rs-slide style=\"position: absolute;\" data-key=\"rs-51\" data-title=\"hubert-3\" data-thumb=\"\/\/grand-angle.lavenir.net\/a-la-decouverte-des-plus-belles-abbayes-de-wallonie\/wp-content\/uploads\/sites\/60\/2018\/12\/20180926abbaye18Hurtebise-10.jpg\" data-anim=\"adpr:false;\">\n\t\t\t\t\t\t\t<img decoding=\"async\" src=\"\/\/grand-angle.lavenir.net\/a-la-decouverte-des-plus-belles-abbayes-de-wallonie\/wp-content\/plugins\/revslider\/sr6\/assets\/assets\/dummy.png\" alt=\"\" title=\"20180926abbaye18Hurtebise-10\" width=\"1267\" height=\"1900\" class=\"rev-slidebg tp-rs-img rs-lazyload\" data-lazyload=\"\/\/grand-angle.lavenir.net\/a-la-decouverte-des-plus-belles-abbayes-de-wallonie\/wp-content\/uploads\/sites\/60\/2018\/12\/20180926abbaye18Hurtebise-10.jpg\" data-bg=\"f:contain;\" data-no-retina>\n<!--\n\t\t\t\t\t\t\t--><rs-group\n\t\t\t\t\t\t\t\tid=\"slider-1-slide-51-layer-2\" \n\t\t\t\t\t\t\t\tdata-type=\"group\"\n\t\t\t\t\t\t\t\tdata-xy=\"x:c;xo:1px;y:b;yo:1px;\"\n\t\t\t\t\t\t\t\tdata-text=\"l:22;a:inherit;\"\n\t\t\t\t\t\t\t\tdata-dim=\"w:100%;h:200px;\"\n\t\t\t\t\t\t\t\tdata-frame_0=\"tp:600;\"\n\t\t\t\t\t\t\t\tdata-frame_1=\"tp:600;sR:10;\"\n\t\t\t\t\t\t\t\tdata-frame_999=\"o:0;tp:600;st:w;sR:8690;sA:9000;\"\n\t\t\t\t\t\t\t\tstyle=\"z-index:5;\"\n\t\t\t\t\t\t\t><!--\n\t\t\t\t\t\t\t\t--><p\n\t\t\t\t\t\t\t\t\tid=\"slider-1-slide-51-layer-3\" \n\t\t\t\t\t\t\t\t\tclass=\"rs-layer\"\n\t\t\t\t\t\t\t\t\tdata-type=\"text\"\n\t\t\t\t\t\t\t\t\tdata-color=\"#ffffff\"\n\t\t\t\t\t\t\t\t\tdata-rsp_ch=\"on\"\n\t\t\t\t\t\t\t\t\tdata-xy=\"x:c;y:128px;\"\n\t\t\t\t\t\t\t\t\tdata-pos=\"a\"\n\t\t\t\t\t\t\t\t\tdata-text=\"w:normal;l:22;a:inherit;\"\n\t\t\t\t\t\t\t\t\tdata-dim=\"w:1179px;h:45px;\"\n\t\t\t\t\t\t\t\t\tdata-frame_0=\"tp:600;\"\n\t\t\t\t\t\t\t\t\tdata-frame_1=\"tp:600;\"\n\t\t\t\t\t\t\t\t\tdata-frame_999=\"o:0;tp:600;st:w;sR:8690;\"\n\t\t\t\t\t\t\t\t\tstyle=\"z-index:7;font-family:'Raleway';\"\n\t\t\t\t\t\t\t\t>C\u2019est gr\u00e2ce \u00e0 l\u2019\u00e9v\u00eaque de Li\u00e8ge que l\u2019abbaye de Saint-Hubert est devenue un important lieu de p\u00e8lerinages. Pour y attirer les p\u00e8lerins, l\u2019\u00e9v\u00eaque a fait d\u00e9placer le corps de saint Hubert de Li\u00e8ge \u00e0 l\u2019abbaye de Saint-Hubert qui avait \u00e9t\u00e9 plac\u00e9 sur un ancien noeud routier romain. \n\t\t\t\t\t\t\t\t<\/p><!--\n\n\t\t\t\t\t\t\t\t--><rs-layer\n\t\t\t\t\t\t\t\t\tid=\"slider-1-slide-51-layer-1\" \n\t\t\t\t\t\t\t\t\tclass=\"tp-shape tp-shapewrapper\"\n\t\t\t\t\t\t\t\t\tdata-type=\"shape\"\n\t\t\t\t\t\t\t\t\tdata-rsp_ch=\"on\"\n\t\t\t\t\t\t\t\t\tdata-xy=\"x:c;y:b;\"\n\t\t\t\t\t\t\t\t\tdata-pos=\"a\"\n\t\t\t\t\t\t\t\t\tdata-text=\"fw:100;a:inherit;\"\n\t\t\t\t\t\t\t\t\tdata-dim=\"w:100%;h:82px;\"\n\t\t\t\t\t\t\t\t\tdata-frame_0=\"tp:600;\"\n\t\t\t\t\t\t\t\t\tdata-frame_1=\"tp:600;\"\n\t\t\t\t\t\t\t\t\tdata-frame_999=\"o:0;tp:600;st:w;sR:8690;\"\n\t\t\t\t\t\t\t\t\tstyle=\"z-index:6;background-color:rgba(0,0,0,0.75);\"\n\t\t\t\t\t\t\t\t> \n\t\t\t\t\t\t\t\t<\/rs-layer><!--\n\t\t\t\t\t\t\t--><\/rs-group><!--\n-->\t\t\t\t\t<\/rs-slide>\n\t\t\t\t\t\t<rs-slide style=\"position: absolute;\" data-key=\"rs-105\" data-title=\"stavelot\" data-thumb=\"\/\/grand-angle.lavenir.net\/a-la-decouverte-des-plus-belles-abbayes-de-wallonie\/wp-content\/uploads\/sites\/60\/2018\/12\/20180924abbaye16Stavelot-4.jpg\" data-anim=\"adpr:false;\">\n\t\t\t\t\t\t\t<img decoding=\"async\" src=\"\/\/grand-angle.lavenir.net\/a-la-decouverte-des-plus-belles-abbayes-de-wallonie\/wp-content\/plugins\/revslider\/sr6\/assets\/assets\/dummy.png\" alt=\"\" title=\"20180924abbaye16Stavelot-4\" width=\"1900\" height=\"1267\" class=\"rev-slidebg tp-rs-img rs-lazyload\" data-lazyload=\"\/\/grand-angle.lavenir.net\/a-la-decouverte-des-plus-belles-abbayes-de-wallonie\/wp-content\/uploads\/sites\/60\/2018\/12\/20180924abbaye16Stavelot-4.jpg\" data-bg=\"f:contain;\" data-no-retina>\n<!--\n\t\t\t\t\t\t\t--><rs-group\n\t\t\t\t\t\t\t\tid=\"slider-1-slide-105-layer-2\" \n\t\t\t\t\t\t\t\tdata-type=\"group\"\n\t\t\t\t\t\t\t\tdata-xy=\"x:c;xo:1px;y:b;yo:1px;\"\n\t\t\t\t\t\t\t\tdata-text=\"l:22;a:inherit;\"\n\t\t\t\t\t\t\t\tdata-dim=\"w:100%;h:200px;\"\n\t\t\t\t\t\t\t\tdata-frame_0=\"tp:600;\"\n\t\t\t\t\t\t\t\tdata-frame_1=\"tp:600;sR:10;\"\n\t\t\t\t\t\t\t\tdata-frame_999=\"o:0;tp:600;st:w;sR:8690;sA:9000;\"\n\t\t\t\t\t\t\t\tstyle=\"z-index:5;\"\n\t\t\t\t\t\t\t><!--\n\t\t\t\t\t\t\t\t--><p\n\t\t\t\t\t\t\t\t\tid=\"slider-1-slide-105-layer-3\" \n\t\t\t\t\t\t\t\t\tclass=\"rs-layer\"\n\t\t\t\t\t\t\t\t\tdata-type=\"text\"\n\t\t\t\t\t\t\t\t\tdata-color=\"#ffffff\"\n\t\t\t\t\t\t\t\t\tdata-rsp_ch=\"on\"\n\t\t\t\t\t\t\t\t\tdata-xy=\"x:c;y:128px;\"\n\t\t\t\t\t\t\t\t\tdata-pos=\"a\"\n\t\t\t\t\t\t\t\t\tdata-text=\"w:normal;l:22;a:inherit;\"\n\t\t\t\t\t\t\t\t\tdata-dim=\"w:1179px;h:45px;\"\n\t\t\t\t\t\t\t\t\tdata-frame_0=\"tp:600;\"\n\t\t\t\t\t\t\t\t\tdata-frame_1=\"tp:600;\"\n\t\t\t\t\t\t\t\t\tdata-frame_999=\"o:0;tp:600;st:w;sR:8990;\"\n\t\t\t\t\t\t\t\t\tstyle=\"z-index:7;font-family:'Raleway';\"\n\t\t\t\t\t\t\t\t>L\u2019abbaye de Stavelot est l\u2019une des plus anciennes de Belgique, elle fut fond\u00e9e en 670. Il ne reste rien de l\u2019\u00e9glise abbatiale du XI\u00e8me si\u00e8cle qui fut vendue et d\u00e9mont\u00e9e lors de la R\u00e9volution fran\u00e7aise. L\u2019abbaye h\u00e9berge aujourd\u2019hui trois mus\u00e9es. \n\t\t\t\t\t\t\t\t<\/p><!--\n\n\t\t\t\t\t\t\t\t--><rs-layer\n\t\t\t\t\t\t\t\t\tid=\"slider-1-slide-105-layer-1\" \n\t\t\t\t\t\t\t\t\tclass=\"tp-shape tp-shapewrapper\"\n\t\t\t\t\t\t\t\t\tdata-type=\"shape\"\n\t\t\t\t\t\t\t\t\tdata-rsp_ch=\"on\"\n\t\t\t\t\t\t\t\t\tdata-xy=\"x:c;y:b;\"\n\t\t\t\t\t\t\t\t\tdata-pos=\"a\"\n\t\t\t\t\t\t\t\t\tdata-text=\"fw:100;a:inherit;\"\n\t\t\t\t\t\t\t\t\tdata-dim=\"w:100%;h:82px;\"\n\t\t\t\t\t\t\t\t\tdata-frame_0=\"tp:600;\"\n\t\t\t\t\t\t\t\t\tdata-frame_1=\"tp:600;\"\n\t\t\t\t\t\t\t\t\tdata-frame_999=\"o:0;tp:600;st:w;sR:8690;\"\n\t\t\t\t\t\t\t\t\tstyle=\"z-index:6;background-color:rgba(0,0,0,0.75);\"\n\t\t\t\t\t\t\t\t> \n\t\t\t\t\t\t\t\t<\/rs-layer><!--\n\t\t\t\t\t\t\t--><\/rs-group><!--\n-->\t\t\t\t\t<\/rs-slide>\n\t\t\t\t\t\t<rs-slide style=\"position: absolute;\" data-key=\"rs-106\" data-title=\"stavelot-2\" data-thumb=\"\/\/grand-angle.lavenir.net\/a-la-decouverte-des-plus-belles-abbayes-de-wallonie\/wp-content\/uploads\/sites\/60\/2018\/12\/20180924abbaye16Stavelot-1.jpg\" data-anim=\"adpr:false;\">\n\t\t\t\t\t\t\t<img decoding=\"async\" src=\"\/\/grand-angle.lavenir.net\/a-la-decouverte-des-plus-belles-abbayes-de-wallonie\/wp-content\/plugins\/revslider\/sr6\/assets\/assets\/dummy.png\" alt=\"\" title=\"20180924abbaye16Stavelot-1\" width=\"1900\" height=\"1267\" class=\"rev-slidebg tp-rs-img rs-lazyload\" data-lazyload=\"\/\/grand-angle.lavenir.net\/a-la-decouverte-des-plus-belles-abbayes-de-wallonie\/wp-content\/uploads\/sites\/60\/2018\/12\/20180924abbaye16Stavelot-1.jpg\" data-bg=\"f:contain;\" data-no-retina>\n<!--\n\t\t\t\t\t\t\t--><rs-group\n\t\t\t\t\t\t\t\tid=\"slider-1-slide-106-layer-2\" \n\t\t\t\t\t\t\t\tdata-type=\"group\"\n\t\t\t\t\t\t\t\tdata-xy=\"x:c;xo:1px;y:b;yo:1px;\"\n\t\t\t\t\t\t\t\tdata-text=\"l:22;a:inherit;\"\n\t\t\t\t\t\t\t\tdata-dim=\"w:100%;h:200px;\"\n\t\t\t\t\t\t\t\tdata-frame_0=\"tp:600;\"\n\t\t\t\t\t\t\t\tdata-frame_1=\"tp:600;sR:10;\"\n\t\t\t\t\t\t\t\tdata-frame_999=\"o:0;tp:600;st:w;sR:8690;sA:9000;\"\n\t\t\t\t\t\t\t\tstyle=\"z-index:5;\"\n\t\t\t\t\t\t\t><!--\n\t\t\t\t\t\t\t\t--><p\n\t\t\t\t\t\t\t\t\tid=\"slider-1-slide-106-layer-3\" \n\t\t\t\t\t\t\t\t\tclass=\"rs-layer\"\n\t\t\t\t\t\t\t\t\tdata-type=\"text\"\n\t\t\t\t\t\t\t\t\tdata-color=\"#ffffff\"\n\t\t\t\t\t\t\t\t\tdata-rsp_ch=\"on\"\n\t\t\t\t\t\t\t\t\tdata-xy=\"x:c;y:128px;\"\n\t\t\t\t\t\t\t\t\tdata-pos=\"a\"\n\t\t\t\t\t\t\t\t\tdata-text=\"w:normal;l:22;a:inherit;\"\n\t\t\t\t\t\t\t\t\tdata-dim=\"w:1179px;h:45px;\"\n\t\t\t\t\t\t\t\t\tdata-frame_0=\"tp:600;\"\n\t\t\t\t\t\t\t\t\tdata-frame_1=\"tp:600;\"\n\t\t\t\t\t\t\t\t\tdata-frame_999=\"o:0;tp:600;st:w;sR:8690;\"\n\t\t\t\t\t\t\t\t\tstyle=\"z-index:7;font-family:'Raleway';\"\n\t\t\t\t\t\t\t\t>L\u2019abbaye de Stavelot est l\u2019une des plus anciennes de Belgique, elle fut fond\u00e9e en 670. Il ne reste rien de l\u2019\u00e9glise abbatiale du XI\u00e8me si\u00e8cle qui fut vendue et d\u00e9mont\u00e9e lors de la R\u00e9volution fran\u00e7aise. L\u2019abbaye h\u00e9berge aujourd\u2019hui trois mus\u00e9es. \n\t\t\t\t\t\t\t\t<\/p><!--\n\n\t\t\t\t\t\t\t\t--><rs-layer\n\t\t\t\t\t\t\t\t\tid=\"slider-1-slide-106-layer-1\" \n\t\t\t\t\t\t\t\t\tclass=\"tp-shape tp-shapewrapper\"\n\t\t\t\t\t\t\t\t\tdata-type=\"shape\"\n\t\t\t\t\t\t\t\t\tdata-rsp_ch=\"on\"\n\t\t\t\t\t\t\t\t\tdata-xy=\"x:c;y:b;\"\n\t\t\t\t\t\t\t\t\tdata-pos=\"a\"\n\t\t\t\t\t\t\t\t\tdata-text=\"fw:100;a:inherit;\"\n\t\t\t\t\t\t\t\t\tdata-dim=\"w:100%;h:82px;\"\n\t\t\t\t\t\t\t\t\tdata-frame_0=\"tp:600;\"\n\t\t\t\t\t\t\t\t\tdata-frame_1=\"tp:600;\"\n\t\t\t\t\t\t\t\t\tdata-frame_999=\"o:0;tp:600;st:w;sR:8690;\"\n\t\t\t\t\t\t\t\t\tstyle=\"z-index:6;background-color:rgba(0,0,0,0.75);\"\n\t\t\t\t\t\t\t\t> \n\t\t\t\t\t\t\t\t<\/rs-layer><!--\n\t\t\t\t\t\t\t--><\/rs-group><!--\n-->\t\t\t\t\t<\/rs-slide>\n\t\t\t\t\t\t<rs-slide style=\"position: absolute;\" data-key=\"rs-107\" data-title=\"stavelot-3\" data-thumb=\"\/\/grand-angle.lavenir.net\/a-la-decouverte-des-plus-belles-abbayes-de-wallonie\/wp-content\/uploads\/sites\/60\/2018\/12\/20180924abbaye16Stavelot-5.jpg\" data-anim=\"adpr:false;\">\n\t\t\t\t\t\t\t<img decoding=\"async\" src=\"\/\/grand-angle.lavenir.net\/a-la-decouverte-des-plus-belles-abbayes-de-wallonie\/wp-content\/plugins\/revslider\/sr6\/assets\/assets\/dummy.png\" alt=\"\" title=\"20180924abbaye16Stavelot-5\" width=\"1900\" height=\"1267\" class=\"rev-slidebg tp-rs-img rs-lazyload\" data-lazyload=\"\/\/grand-angle.lavenir.net\/a-la-decouverte-des-plus-belles-abbayes-de-wallonie\/wp-content\/uploads\/sites\/60\/2018\/12\/20180924abbaye16Stavelot-5.jpg\" data-bg=\"f:contain;\" data-no-retina>\n<!--\n\t\t\t\t\t\t\t--><rs-group\n\t\t\t\t\t\t\t\tid=\"slider-1-slide-107-layer-2\" \n\t\t\t\t\t\t\t\tdata-type=\"group\"\n\t\t\t\t\t\t\t\tdata-xy=\"x:c;xo:1px;y:b;yo:1px;\"\n\t\t\t\t\t\t\t\tdata-text=\"l:22;a:inherit;\"\n\t\t\t\t\t\t\t\tdata-dim=\"w:100%;h:200px;\"\n\t\t\t\t\t\t\t\tdata-frame_0=\"tp:600;\"\n\t\t\t\t\t\t\t\tdata-frame_1=\"tp:600;sR:10;\"\n\t\t\t\t\t\t\t\tdata-frame_999=\"o:0;tp:600;st:w;sR:8690;sA:9000;\"\n\t\t\t\t\t\t\t\tstyle=\"z-index:5;\"\n\t\t\t\t\t\t\t><!--\n\t\t\t\t\t\t\t\t--><p\n\t\t\t\t\t\t\t\t\tid=\"slider-1-slide-107-layer-3\" \n\t\t\t\t\t\t\t\t\tclass=\"rs-layer\"\n\t\t\t\t\t\t\t\t\tdata-type=\"text\"\n\t\t\t\t\t\t\t\t\tdata-color=\"#ffffff\"\n\t\t\t\t\t\t\t\t\tdata-rsp_ch=\"on\"\n\t\t\t\t\t\t\t\t\tdata-xy=\"x:c;y:128px;\"\n\t\t\t\t\t\t\t\t\tdata-pos=\"a\"\n\t\t\t\t\t\t\t\t\tdata-text=\"w:normal;l:22;a:inherit;\"\n\t\t\t\t\t\t\t\t\tdata-dim=\"w:1179px;h:45px;\"\n\t\t\t\t\t\t\t\t\tdata-frame_0=\"tp:600;\"\n\t\t\t\t\t\t\t\t\tdata-frame_1=\"tp:600;\"\n\t\t\t\t\t\t\t\t\tdata-frame_999=\"o:0;tp:600;st:w;sR:8690;\"\n\t\t\t\t\t\t\t\t\tstyle=\"z-index:7;font-family:'Raleway';\"\n\t\t\t\t\t\t\t\t>L\u2019abbaye de Stavelot est l\u2019une des plus anciennes de Belgique, elle fut fond\u00e9e en 670. Il ne reste rien de l\u2019\u00e9glise abbatiale du XI\u00e8me si\u00e8cle qui fut vendue et d\u00e9mont\u00e9e lors de la R\u00e9volution fran\u00e7aise. L\u2019abbaye h\u00e9berge aujourd\u2019hui trois mus\u00e9es. \n\t\t\t\t\t\t\t\t<\/p><!--\n\n\t\t\t\t\t\t\t\t--><rs-layer\n\t\t\t\t\t\t\t\t\tid=\"slider-1-slide-107-layer-1\" \n\t\t\t\t\t\t\t\t\tclass=\"tp-shape tp-shapewrapper\"\n\t\t\t\t\t\t\t\t\tdata-type=\"shape\"\n\t\t\t\t\t\t\t\t\tdata-rsp_ch=\"on\"\n\t\t\t\t\t\t\t\t\tdata-xy=\"x:c;y:b;\"\n\t\t\t\t\t\t\t\t\tdata-pos=\"a\"\n\t\t\t\t\t\t\t\t\tdata-text=\"fw:100;a:inherit;\"\n\t\t\t\t\t\t\t\t\tdata-dim=\"w:100%;h:82px;\"\n\t\t\t\t\t\t\t\t\tdata-frame_0=\"tp:600;\"\n\t\t\t\t\t\t\t\t\tdata-frame_1=\"tp:600;\"\n\t\t\t\t\t\t\t\t\tdata-frame_999=\"o:0;tp:600;st:w;sR:8690;\"\n\t\t\t\t\t\t\t\t\tstyle=\"z-index:6;background-color:rgba(0,0,0,0.75);\"\n\t\t\t\t\t\t\t\t> \n\t\t\t\t\t\t\t\t<\/rs-layer><!--\n\t\t\t\t\t\t\t--><\/rs-group><!--\n-->\t\t\t\t\t<\/rs-slide>\n\t\t\t\t\t<\/rs-slides>\n\t\t\t\t<\/rs-module>\n\t\t\t\t<script>\n\t\t\t\t\tsetREVStartSize({c: 'rev_slider_1_1',rl:[1240,1024,778,480],el:[],gw:[1240],gh:[868],type:'standard',justify:'',layout:'fullwidth',thumbw:\"100\",mh:\"0\"});if (window.RS_MODULES!==undefined && window.RS_MODULES.modules!==undefined && window.RS_MODULES.modules[\"revslider11\"]!==undefined) {window.RS_MODULES.modules[\"revslider11\"].once = false;window.revapi1 = undefined;if (window.RS_MODULES.checkMinimal!==undefined) window.RS_MODULES.checkMinimal()}\n\t\t\t\t<\/script>\n\t\t\t<\/rs-module-wrap>\n\t\t\t<!-- END REVOLUTION SLIDER -->\n<\/div><div class=\"fusion-sharing-box fusion-sharing-box-1 boxed-icons has-taglines layout-floated layout-medium-floated layout-small-floated\" style=\"background-color:#ffffff;--awb-layout:row;--awb-alignment-small:space-between;\" data-title=\"\u00c0 la d\u00e9couverte des plus belles abbayes de Wallonie\" data-description=\"Partez \u00e0 la d\u00e9couverte de 18 abbayes de Wallonie. Nous vous proposons un voyage aux 4 coins de notre r\u00e9gion gr\u00e2ce aux photos notre collaborateur, Mathieu Golinvaux dont le travail illustre l\u2019ouvrage &quot;Les plus belles abbayes de Wallonie&quot;, sign\u00e9 par Ghislain Hettich, qui vient de para\u00eetre aux \u00e9ditions Racines.\n\" data-link=\"https:\/\/grand-angle.lavenir.net\/a-la-decouverte-des-plus-belles-abbayes-de-wallonie\/\"><div class=\"fusion-social-networks sharingbox-shortcode-icon-wrapper sharingbox-shortcode-icon-wrapper-1 boxed-icons\"><span><a href=\"https:\/\/www.facebook.com\/sharer.php?u=https%3A%2F%2Fgrand-angle.lavenir.net%2Fa-la-decouverte-des-plus-belles-abbayes-de-wallonie%2F&amp;t=%C3%80%20la%20d%C3%A9couverte%20des%20plus%20belles%20abbayes%20de%20Wallonie\" target=\"_blank\" rel=\"noreferrer\" title=\"Facebook\" aria-label=\"Facebook\" data-placement=\"top\" data-toggle=\"tooltip\" data-title=\"Facebook\"><i class=\"fusion-social-network-icon fusion-tooltip fusion-facebook awb-icon-facebook\" style=\"color:#ffffff;background-color:#3b5998;border-color:#3b5998;border-radius:50%;\" aria-hidden=\"true\"><\/i><\/a><\/span><span><a href=\"https:\/\/x.com\/intent\/post?text=%C3%80%20la%20d%C3%A9couverte%20des%20plus%20belles%20abbayes%20de%20Wallonie&amp;url=https%3A%2F%2Fgrand-angle.lavenir.net%2Fa-la-decouverte-des-plus-belles-abbayes-de-wallonie%2F\" target=\"_blank\" rel=\"noopener noreferrer\" title=\"X\" aria-label=\"X\" data-placement=\"top\" data-toggle=\"tooltip\" data-title=\"X\"><i class=\"fusion-social-network-icon fusion-tooltip fusion-twitter awb-icon-twitter\" style=\"color:#ffffff;background-color:#000000;border-color:#000000;border-radius:50%;\" aria-hidden=\"true\"><\/i><\/a><\/span><\/div><\/div><div class=\"fusion-clearfix\"><\/div><\/div><\/div><\/div><\/div><div class=\"fusion-fullwidth fullwidth-box fusion-builder-row-2 nonhundred-percent-fullwidth non-hundred-percent-height-scrolling fusion-no-large-visibility\" style=\"--awb-border-radius-top-left:0px;--awb-border-radius-top-right:0px;--awb-border-radius-bottom-right:0px;--awb-border-radius-bottom-left:0px;--awb-flex-wrap:wrap;\" ><div class=\"fusion-builder-row fusion-row\"><div class=\"fusion-layout-column fusion_builder_column fusion-builder-column-1 fusion_builder_column_1_1 1_1 fusion-one-full fusion-column-first fusion-column-last\" style=\"--awb-bg-size:cover;\"><div class=\"fusion-column-wrapper fusion-flex-column-wrapper-legacy\">\n<div class=\"fusion-slider-revolution rev_slider_wrapper\">\t\t\t<!-- START abbayemob REVOLUTION SLIDER 6.7.41 --><p class=\"rs-p-wp-fix\"><\/p>\n\t\t\t<rs-module-wrap id=\"rev_slider_2_2_wrapper\" data-source=\"gallery\" style=\"visibility:hidden;background:transparent;padding:0;margin:0px auto;margin-top:0;margin-bottom:0;\">\n\t\t\t\t<rs-module id=\"rev_slider_2_2\" style=\"\" data-version=\"6.7.41\">\n\t\t\t\t\t<rs-slides style=\"overflow: hidden; position: absolute;\">\n\t\t\t\t\t\t<rs-slide style=\"position: absolute;\" data-key=\"rs-54\" data-title=\"intro\" data-thumb=\"\/\/grand-angle.lavenir.net\/a-la-decouverte-des-plus-belles-abbayes-de-wallonie\/wp-content\/uploads\/sites\/60\/2018\/12\/20180923abbaye01BoisSeigneurIsaac-3.jpg\" data-anim=\"adpr:false;\" id=\"isaac\">\n\t\t\t\t\t\t\t<img decoding=\"async\" src=\"\/\/grand-angle.lavenir.net\/a-la-decouverte-des-plus-belles-abbayes-de-wallonie\/wp-content\/plugins\/revslider\/sr6\/assets\/assets\/dummy.png\" alt=\"intro\" title=\"20180923abbaye01BoisSeigneurIsaac-3\" width=\"1900\" height=\"1267\" class=\"rev-slidebg tp-rs-img rs-lazyload\" data-lazyload=\"\/\/grand-angle.lavenir.net\/a-la-decouverte-des-plus-belles-abbayes-de-wallonie\/wp-content\/plugins\/revslider\/sr6\/assets\/assets\/transparent.png\" data-bg=\"c:#ffffff;f:contain;\" data-no-retina>\n<!--\n\t\t\t\t\t\t\t--><rs-layer\n\t\t\t\t\t\t\t\tid=\"slider-2-slide-54-layer-4\" \n\t\t\t\t\t\t\t\tdata-type=\"image\"\n\t\t\t\t\t\t\t\tdata-rsp_ch=\"on\"\n\t\t\t\t\t\t\t\tdata-xy=\"x:43px;y:144px;\"\n\t\t\t\t\t\t\t\tdata-text=\"w:normal;l:22;a:inherit;\"\n\t\t\t\t\t\t\t\tdata-dim=\"w:461px;h:615px;\"\n\t\t\t\t\t\t\t\tdata-frame_0=\"tp:600;\"\n\t\t\t\t\t\t\t\tdata-frame_1=\"tp:600;sR:10;\"\n\t\t\t\t\t\t\t\tdata-frame_999=\"o:0;tp:600;st:w;sR:8690;\"\n\t\t\t\t\t\t\t\tstyle=\"z-index:7;\"\n\t\t\t\t\t\t\t><img decoding=\"async\" src=\"\/\/grand-angle.lavenir.net\/a-la-decouverte-des-plus-belles-abbayes-de-wallonie\/wp-content\/plugins\/revslider\/sr6\/assets\/assets\/dummy.png\" alt=\"\" class=\"tp-rs-img rs-lazyload\" width=\"600\" height=\"800\" data-lazyload=\"\/\/grand-angle.lavenir.net\/a-la-decouverte-des-plus-belles-abbayes-de-wallonie\/wp-content\/uploads\/sites\/60\/2018\/12\/9782390250531.png\" data-no-retina> \n\t\t\t\t\t\t\t<\/rs-layer><!--\n\n\t\t\t\t\t\t\t--><rs-layer\n\t\t\t\t\t\t\t\tid=\"slider-2-slide-54-layer-3\" \n\t\t\t\t\t\t\t\tdata-type=\"text\"\n\t\t\t\t\t\t\t\tdata-color=\"#000000\"\n\t\t\t\t\t\t\t\tdata-rsp_ch=\"on\"\n\t\t\t\t\t\t\t\tdata-xy=\"x:577px;y:359px;\"\n\t\t\t\t\t\t\t\tdata-text=\"w:normal;l:30;a:inherit;\"\n\t\t\t\t\t\t\t\tdata-dim=\"w:610px;h:236px;\"\n\t\t\t\t\t\t\t\tdata-frame_0=\"tp:600;\"\n\t\t\t\t\t\t\t\tdata-frame_1=\"tp:600;sR:10;\"\n\t\t\t\t\t\t\t\tdata-frame_999=\"o:0;tp:600;st:w;sR:8690;\"\n\t\t\t\t\t\t\t\tstyle=\"z-index:8;font-family:'Raleway';\"\n\t\t\t\t\t\t\t>Partez \u00e0 la d\u00e9couverte de 18 abbayes de Wallonie. Nous vous proposons un voyage aux 4 coins de notre r\u00e9gion gr\u00e2ce aux photos notre collaborateur, Mathieu Golinvaux dont le travail illustre l\u2019ouvrage <a href=\"https:\/\/www.racine.be\/fr\/les-plus-belles-abbayes-de-wallonie\" target=\"blank\">Les plus belles abbayes de Wallonie\"<\/a>, sign\u00e9 par Ghislain Hettich, qui vient de para\u00eetre aux \u00e9ditions Racines.\n \n\t\t\t\t\t\t\t<\/rs-layer><!--\n-->\t\t\t\t\t<\/rs-slide>\n\t\t\t\t\t\t<rs-slide style=\"position: absolute;\" data-key=\"rs-104\" data-title=\"isaac\" data-thumb=\"\/\/grand-angle.lavenir.net\/a-la-decouverte-des-plus-belles-abbayes-de-wallonie\/wp-content\/uploads\/sites\/60\/2018\/12\/20180923abbaye01BoisSeigneurIsaac-3.jpg\" data-anim=\"adpr:false;\" id=\"isaac\">\n\t\t\t\t\t\t\t<img decoding=\"async\" src=\"\/\/grand-angle.lavenir.net\/a-la-decouverte-des-plus-belles-abbayes-de-wallonie\/wp-content\/plugins\/revslider\/sr6\/assets\/assets\/dummy.png\" alt=\"\" title=\"20180923abbaye01BoisSeigneurIsaac-3\" width=\"1900\" height=\"1267\" class=\"rev-slidebg tp-rs-img rs-lazyload\" data-lazyload=\"\/\/grand-angle.lavenir.net\/a-la-decouverte-des-plus-belles-abbayes-de-wallonie\/wp-content\/uploads\/sites\/60\/2018\/12\/20180923abbaye01BoisSeigneurIsaac-3.jpg\" data-bg=\"f:contain;\" data-no-retina>\n<!--\n\t\t\t\t\t\t\t--><rs-group\n\t\t\t\t\t\t\t\tid=\"slider-2-slide-104-layer-2\" \n\t\t\t\t\t\t\t\tdata-type=\"group\"\n\t\t\t\t\t\t\t\tdata-xy=\"x:c;y:b;\"\n\t\t\t\t\t\t\t\tdata-text=\"l:22;a:inherit;\"\n\t\t\t\t\t\t\t\tdata-dim=\"w:100%;h:200px;\"\n\t\t\t\t\t\t\t\tdata-frame_0=\"tp:600;\"\n\t\t\t\t\t\t\t\tdata-frame_1=\"tp:600;sR:10;\"\n\t\t\t\t\t\t\t\tdata-frame_999=\"o:0;tp:600;st:w;sR:8690;sA:9000;\"\n\t\t\t\t\t\t\t\tstyle=\"z-index:5;\"\n\t\t\t\t\t\t\t><!--\n\t\t\t\t\t\t\t\t--><rs-layer\n\t\t\t\t\t\t\t\t\tid=\"slider-2-slide-104-layer-3\" \n\t\t\t\t\t\t\t\t\tdata-type=\"text\"\n\t\t\t\t\t\t\t\t\tdata-color=\"#ffffff\"\n\t\t\t\t\t\t\t\t\tdata-rsp_ch=\"on\"\n\t\t\t\t\t\t\t\t\tdata-xy=\"x:c;y:133px;\"\n\t\t\t\t\t\t\t\t\tdata-pos=\"a\"\n\t\t\t\t\t\t\t\t\tdata-text=\"w:normal;l:22;a:inherit;\"\n\t\t\t\t\t\t\t\t\tdata-dim=\"w:1179px;h:45px;\"\n\t\t\t\t\t\t\t\t\tdata-frame_0=\"tp:600;\"\n\t\t\t\t\t\t\t\t\tdata-frame_1=\"tp:600;\"\n\t\t\t\t\t\t\t\t\tdata-frame_999=\"o:0;tp:600;st:w;sR:8690;\"\n\t\t\t\t\t\t\t\t\tstyle=\"z-index:7;font-family:'Raleway';\"\n\t\t\t\t\t\t\t\t>Situ\u00e9e sur la commune de Braine-l'Alleud, l\u2019abbaye pr\u00e9montr\u00e9e de Bois-Seigneur-Isaac trouve ses origines entre le Xe et le XIIe si\u00e8cle. En 2010, l\u2019abbaye est devenue un monast\u00e8re libanais. \n \n\t\t\t\t\t\t\t\t<\/rs-layer><!--\n\n\t\t\t\t\t\t\t\t--><rs-layer\n\t\t\t\t\t\t\t\t\tid=\"slider-2-slide-104-layer-1\" \n\t\t\t\t\t\t\t\t\tclass=\"tp-shape tp-shapewrapper\"\n\t\t\t\t\t\t\t\t\tdata-type=\"shape\"\n\t\t\t\t\t\t\t\t\tdata-rsp_ch=\"on\"\n\t\t\t\t\t\t\t\t\tdata-xy=\"x:c;y:b;\"\n\t\t\t\t\t\t\t\t\tdata-pos=\"a\"\n\t\t\t\t\t\t\t\t\tdata-text=\"fw:100;a:inherit;\"\n\t\t\t\t\t\t\t\t\tdata-dim=\"w:100%;h:82;\"\n\t\t\t\t\t\t\t\t\tdata-frame_0=\"tp:600;\"\n\t\t\t\t\t\t\t\t\tdata-frame_1=\"tp:600;\"\n\t\t\t\t\t\t\t\t\tdata-frame_999=\"o:0;tp:600;st:w;sR:8690;\"\n\t\t\t\t\t\t\t\t\tstyle=\"z-index:6;background-color:rgba(0,0,0,0.75);\"\n\t\t\t\t\t\t\t\t> \n\t\t\t\t\t\t\t\t<\/rs-layer><!--\n\t\t\t\t\t\t\t--><\/rs-group><!--\n-->\t\t\t\t\t<\/rs-slide>\n\t\t\t\t\t\t<rs-slide style=\"position: absolute;\" data-key=\"rs-53\" data-title=\"isaac-2\" data-thumb=\"\/\/grand-angle.lavenir.net\/a-la-decouverte-des-plus-belles-abbayes-de-wallonie\/wp-content\/uploads\/sites\/60\/2018\/12\/20180923abbaye01BoisSeigneurIsaac-5.jpg\" data-anim=\"adpr:false;\">\n\t\t\t\t\t\t\t<img decoding=\"async\" src=\"\/\/grand-angle.lavenir.net\/a-la-decouverte-des-plus-belles-abbayes-de-wallonie\/wp-content\/plugins\/revslider\/sr6\/assets\/assets\/dummy.png\" alt=\"\" title=\"20180923abbaye01BoisSeigneurIsaac-5\" width=\"1267\" height=\"1900\" class=\"rev-slidebg tp-rs-img rs-lazyload\" data-lazyload=\"\/\/grand-angle.lavenir.net\/a-la-decouverte-des-plus-belles-abbayes-de-wallonie\/wp-content\/uploads\/sites\/60\/2018\/12\/20180923abbaye01BoisSeigneurIsaac-5.jpg\" data-bg=\"f:contain;\" data-no-retina>\n<!--\n\t\t\t\t\t\t\t--><rs-group\n\t\t\t\t\t\t\t\tid=\"slider-2-slide-53-layer-2\" \n\t\t\t\t\t\t\t\tdata-type=\"group\"\n\t\t\t\t\t\t\t\tdata-xy=\"x:c;y:b;\"\n\t\t\t\t\t\t\t\tdata-text=\"l:22;a:inherit;\"\n\t\t\t\t\t\t\t\tdata-dim=\"w:100%;h:200px;\"\n\t\t\t\t\t\t\t\tdata-frame_0=\"tp:600;\"\n\t\t\t\t\t\t\t\tdata-frame_1=\"tp:600;sR:10;\"\n\t\t\t\t\t\t\t\tdata-frame_999=\"o:0;tp:600;st:w;sR:8690;sA:9000;\"\n\t\t\t\t\t\t\t\tstyle=\"z-index:5;\"\n\t\t\t\t\t\t\t><!--\n\t\t\t\t\t\t\t\t--><p\n\t\t\t\t\t\t\t\t\tid=\"slider-2-slide-53-layer-3\" \n\t\t\t\t\t\t\t\t\tclass=\"rs-layer\"\n\t\t\t\t\t\t\t\t\tdata-type=\"text\"\n\t\t\t\t\t\t\t\t\tdata-color=\"#ffffff\"\n\t\t\t\t\t\t\t\t\tdata-rsp_ch=\"on\"\n\t\t\t\t\t\t\t\t\tdata-xy=\"x:c;y:133px;\"\n\t\t\t\t\t\t\t\t\tdata-pos=\"a\"\n\t\t\t\t\t\t\t\t\tdata-text=\"w:normal;l:22;a:inherit;\"\n\t\t\t\t\t\t\t\t\tdata-dim=\"w:1179px;h:45px;\"\n\t\t\t\t\t\t\t\t\tdata-frame_0=\"tp:600;\"\n\t\t\t\t\t\t\t\t\tdata-frame_1=\"tp:600;\"\n\t\t\t\t\t\t\t\t\tdata-frame_999=\"o:0;tp:600;st:w;sR:8990;\"\n\t\t\t\t\t\t\t\t\tstyle=\"z-index:7;font-family:'Raleway';\"\n\t\t\t\t\t\t\t\t>Situ\u00e9e sur la commune de Braine-l'Alleud, l\u2019abbaye pr\u00e9montr\u00e9e de Bois-Seigneur-Isaac trouve ses origines entre le Xe et le XIIe si\u00e8cle. En 2010, l\u2019abbaye est devenue un monast\u00e8re libanais.  \n\t\t\t\t\t\t\t\t<\/p><!--\n\n\t\t\t\t\t\t\t\t--><rs-layer\n\t\t\t\t\t\t\t\t\tid=\"slider-2-slide-53-layer-1\" \n\t\t\t\t\t\t\t\t\tclass=\"tp-shape tp-shapewrapper\"\n\t\t\t\t\t\t\t\t\tdata-type=\"shape\"\n\t\t\t\t\t\t\t\t\tdata-rsp_ch=\"on\"\n\t\t\t\t\t\t\t\t\tdata-xy=\"x:c;y:b;\"\n\t\t\t\t\t\t\t\t\tdata-pos=\"a\"\n\t\t\t\t\t\t\t\t\tdata-text=\"fw:100;a:inherit;\"\n\t\t\t\t\t\t\t\t\tdata-dim=\"w:100%;h:82;\"\n\t\t\t\t\t\t\t\t\tdata-frame_0=\"tp:600;\"\n\t\t\t\t\t\t\t\t\tdata-frame_1=\"tp:600;\"\n\t\t\t\t\t\t\t\t\tdata-frame_999=\"o:0;tp:600;st:w;sR:8690;\"\n\t\t\t\t\t\t\t\t\tstyle=\"z-index:6;background-color:rgba(0,0,0,0.75);\"\n\t\t\t\t\t\t\t\t> \n\t\t\t\t\t\t\t\t<\/rs-layer><!--\n\t\t\t\t\t\t\t--><\/rs-group><!--\n-->\t\t\t\t\t<\/rs-slide>\n\t\t\t\t\t\t<rs-slide style=\"position: absolute;\" data-key=\"rs-55\" data-title=\"isaac-3\" data-thumb=\"\/\/grand-angle.lavenir.net\/a-la-decouverte-des-plus-belles-abbayes-de-wallonie\/wp-content\/uploads\/sites\/60\/2018\/12\/20180923abbaye01BoisSeigneurIsaac-11.jpg\" data-anim=\"adpr:false;\">\n\t\t\t\t\t\t\t<img decoding=\"async\" src=\"\/\/grand-angle.lavenir.net\/a-la-decouverte-des-plus-belles-abbayes-de-wallonie\/wp-content\/plugins\/revslider\/sr6\/assets\/assets\/dummy.png\" alt=\"\" title=\"20180923abbaye01BoisSeigneurIsaac-11\" width=\"1900\" height=\"1267\" class=\"rev-slidebg tp-rs-img rs-lazyload\" data-lazyload=\"\/\/grand-angle.lavenir.net\/a-la-decouverte-des-plus-belles-abbayes-de-wallonie\/wp-content\/uploads\/sites\/60\/2018\/12\/20180923abbaye01BoisSeigneurIsaac-11.jpg\" data-bg=\"f:contain;\" data-no-retina>\n<!--\n\t\t\t\t\t\t\t--><rs-group\n\t\t\t\t\t\t\t\tid=\"slider-2-slide-55-layer-2\" \n\t\t\t\t\t\t\t\tdata-type=\"group\"\n\t\t\t\t\t\t\t\tdata-xy=\"x:c;y:b;\"\n\t\t\t\t\t\t\t\tdata-text=\"l:22;a:inherit;\"\n\t\t\t\t\t\t\t\tdata-dim=\"w:100%;h:200px;\"\n\t\t\t\t\t\t\t\tdata-frame_0=\"tp:600;\"\n\t\t\t\t\t\t\t\tdata-frame_1=\"tp:600;sR:10;\"\n\t\t\t\t\t\t\t\tdata-frame_999=\"o:0;tp:600;st:w;sR:8690;sA:9000;\"\n\t\t\t\t\t\t\t\tstyle=\"z-index:5;\"\n\t\t\t\t\t\t\t><!--\n\t\t\t\t\t\t\t\t--><rs-layer\n\t\t\t\t\t\t\t\t\tid=\"slider-2-slide-55-layer-3\" \n\t\t\t\t\t\t\t\t\tdata-type=\"text\"\n\t\t\t\t\t\t\t\t\tdata-color=\"#ffffff\"\n\t\t\t\t\t\t\t\t\tdata-rsp_ch=\"on\"\n\t\t\t\t\t\t\t\t\tdata-xy=\"x:c;y:133px;\"\n\t\t\t\t\t\t\t\t\tdata-pos=\"a\"\n\t\t\t\t\t\t\t\t\tdata-text=\"w:normal;l:22;a:inherit;\"\n\t\t\t\t\t\t\t\t\tdata-dim=\"w:1179px;h:45px;\"\n\t\t\t\t\t\t\t\t\tdata-frame_0=\"tp:600;\"\n\t\t\t\t\t\t\t\t\tdata-frame_1=\"tp:600;\"\n\t\t\t\t\t\t\t\t\tdata-frame_999=\"o:0;tp:600;st:w;sR:8690;\"\n\t\t\t\t\t\t\t\t\tstyle=\"z-index:7;font-family:'Raleway';\"\n\t\t\t\t\t\t\t\t>Situ\u00e9e sur la commune de Braine-l'Alleud, l\u2019abbaye pr\u00e9montr\u00e9e de Bois-Seigneur-Isaac trouve ses origines entre le Xe et le XIIe si\u00e8cle. En 2010, l\u2019abbaye est devenue un monast\u00e8re libanais. \n \n\t\t\t\t\t\t\t\t<\/rs-layer><!--\n\n\t\t\t\t\t\t\t\t--><rs-layer\n\t\t\t\t\t\t\t\t\tid=\"slider-2-slide-55-layer-1\" \n\t\t\t\t\t\t\t\t\tclass=\"tp-shape tp-shapewrapper\"\n\t\t\t\t\t\t\t\t\tdata-type=\"shape\"\n\t\t\t\t\t\t\t\t\tdata-rsp_ch=\"on\"\n\t\t\t\t\t\t\t\t\tdata-xy=\"x:c;y:b;\"\n\t\t\t\t\t\t\t\t\tdata-pos=\"a\"\n\t\t\t\t\t\t\t\t\tdata-text=\"fw:100;a:inherit;\"\n\t\t\t\t\t\t\t\t\tdata-dim=\"w:100%;h:82;\"\n\t\t\t\t\t\t\t\t\tdata-frame_0=\"tp:600;\"\n\t\t\t\t\t\t\t\t\tdata-frame_1=\"tp:600;\"\n\t\t\t\t\t\t\t\t\tdata-frame_999=\"o:0;tp:600;st:w;sR:8690;\"\n\t\t\t\t\t\t\t\t\tstyle=\"z-index:6;background-color:rgba(0,0,0,0.75);\"\n\t\t\t\t\t\t\t\t> \n\t\t\t\t\t\t\t\t<\/rs-layer><!--\n\t\t\t\t\t\t\t--><\/rs-group><!--\n-->\t\t\t\t\t<\/rs-slide>\n\t\t\t\t\t\t<rs-slide style=\"position: absolute;\" data-key=\"rs-56\" data-title=\"nivelles\" data-thumb=\"\/\/grand-angle.lavenir.net\/a-la-decouverte-des-plus-belles-abbayes-de-wallonie\/wp-content\/uploads\/sites\/60\/2018\/12\/20180923abbaye02Nivelles-9.jpg\" data-anim=\"adpr:false;\">\n\t\t\t\t\t\t\t<img decoding=\"async\" src=\"\/\/grand-angle.lavenir.net\/a-la-decouverte-des-plus-belles-abbayes-de-wallonie\/wp-content\/plugins\/revslider\/sr6\/assets\/assets\/dummy.png\" alt=\"\" title=\"20180923abbaye02Nivelles-9\" width=\"1900\" height=\"1267\" class=\"rev-slidebg tp-rs-img rs-lazyload\" data-lazyload=\"\/\/grand-angle.lavenir.net\/a-la-decouverte-des-plus-belles-abbayes-de-wallonie\/wp-content\/uploads\/sites\/60\/2018\/12\/20180923abbaye02Nivelles-9.jpg\" data-bg=\"f:contain;\" data-no-retina>\n<!--\n\t\t\t\t\t\t\t--><rs-group\n\t\t\t\t\t\t\t\tid=\"slider-2-slide-56-layer-2\" \n\t\t\t\t\t\t\t\tdata-type=\"group\"\n\t\t\t\t\t\t\t\tdata-xy=\"x:c;y:b;\"\n\t\t\t\t\t\t\t\tdata-text=\"l:22;a:inherit;\"\n\t\t\t\t\t\t\t\tdata-dim=\"w:100%;h:200px;\"\n\t\t\t\t\t\t\t\tdata-frame_0=\"tp:600;\"\n\t\t\t\t\t\t\t\tdata-frame_1=\"tp:600;sR:10;\"\n\t\t\t\t\t\t\t\tdata-frame_999=\"o:0;tp:600;st:w;sR:8690;sA:9000;\"\n\t\t\t\t\t\t\t\tstyle=\"z-index:5;\"\n\t\t\t\t\t\t\t><!--\n\t\t\t\t\t\t\t\t--><rs-layer\n\t\t\t\t\t\t\t\t\tid=\"slider-2-slide-56-layer-3\" \n\t\t\t\t\t\t\t\t\tdata-type=\"text\"\n\t\t\t\t\t\t\t\t\tdata-color=\"#ffffff\"\n\t\t\t\t\t\t\t\t\tdata-rsp_ch=\"on\"\n\t\t\t\t\t\t\t\t\tdata-xy=\"x:c;y:133px;\"\n\t\t\t\t\t\t\t\t\tdata-pos=\"a\"\n\t\t\t\t\t\t\t\t\tdata-text=\"w:normal;l:22;a:inherit;\"\n\t\t\t\t\t\t\t\t\tdata-dim=\"w:1179px;h:45px;\"\n\t\t\t\t\t\t\t\t\tdata-frame_0=\"tp:600;\"\n\t\t\t\t\t\t\t\t\tdata-frame_1=\"tp:600;\"\n\t\t\t\t\t\t\t\t\tdata-frame_999=\"o:0;tp:600;st:w;sR:8990;\"\n\t\t\t\t\t\t\t\t\tstyle=\"z-index:7;font-family:'Raleway';\"\n\t\t\t\t\t\t\t\t>L'abbaye de Nivelles a \u00e9t\u00e9  fond\u00e9e vers 648-649 par la veuve de P\u00e9pin de Landen. Son \u00e9glise abbatiale, touch\u00e9e par des bombardement en 1940, est devenue une coll\u00e9giale. C\u2019est le seul b\u00e2timent qui subsiste de l\u2019abbaye.  \n\t\t\t\t\t\t\t\t<\/rs-layer><!--\n\n\t\t\t\t\t\t\t\t--><rs-layer\n\t\t\t\t\t\t\t\t\tid=\"slider-2-slide-56-layer-1\" \n\t\t\t\t\t\t\t\t\tclass=\"tp-shape tp-shapewrapper\"\n\t\t\t\t\t\t\t\t\tdata-type=\"shape\"\n\t\t\t\t\t\t\t\t\tdata-rsp_ch=\"on\"\n\t\t\t\t\t\t\t\t\tdata-xy=\"x:c;y:b;\"\n\t\t\t\t\t\t\t\t\tdata-pos=\"a\"\n\t\t\t\t\t\t\t\t\tdata-text=\"fw:100;a:inherit;\"\n\t\t\t\t\t\t\t\t\tdata-dim=\"w:100%;h:82px;\"\n\t\t\t\t\t\t\t\t\tdata-frame_0=\"tp:600;\"\n\t\t\t\t\t\t\t\t\tdata-frame_1=\"tp:600;\"\n\t\t\t\t\t\t\t\t\tdata-frame_999=\"o:0;tp:600;st:w;sR:8690;\"\n\t\t\t\t\t\t\t\t\tstyle=\"z-index:6;background-color:rgba(0,0,0,0.75);\"\n\t\t\t\t\t\t\t\t> \n\t\t\t\t\t\t\t\t<\/rs-layer><!--\n\t\t\t\t\t\t\t--><\/rs-group><!--\n-->\t\t\t\t\t<\/rs-slide>\n\t\t\t\t\t\t<rs-slide style=\"position: absolute;\" data-key=\"rs-57\" data-title=\"nivelles-2\" data-thumb=\"\/\/grand-angle.lavenir.net\/a-la-decouverte-des-plus-belles-abbayes-de-wallonie\/wp-content\/uploads\/sites\/60\/2018\/12\/20180923abbaye02Nivelles-2.jpg\" data-anim=\"adpr:false;\">\n\t\t\t\t\t\t\t<img decoding=\"async\" src=\"\/\/grand-angle.lavenir.net\/a-la-decouverte-des-plus-belles-abbayes-de-wallonie\/wp-content\/plugins\/revslider\/sr6\/assets\/assets\/dummy.png\" alt=\"\" title=\"20180923abbaye02Nivelles-2\" width=\"1900\" height=\"1267\" class=\"rev-slidebg tp-rs-img rs-lazyload\" data-lazyload=\"\/\/grand-angle.lavenir.net\/a-la-decouverte-des-plus-belles-abbayes-de-wallonie\/wp-content\/uploads\/sites\/60\/2018\/12\/20180923abbaye02Nivelles-2.jpg\" data-bg=\"f:contain;\" data-no-retina>\n<!--\n\t\t\t\t\t\t\t--><rs-group\n\t\t\t\t\t\t\t\tid=\"slider-2-slide-57-layer-2\" \n\t\t\t\t\t\t\t\tdata-type=\"group\"\n\t\t\t\t\t\t\t\tdata-xy=\"x:c;y:b;\"\n\t\t\t\t\t\t\t\tdata-text=\"l:22;a:inherit;\"\n\t\t\t\t\t\t\t\tdata-dim=\"w:100%;h:200px;\"\n\t\t\t\t\t\t\t\tdata-frame_0=\"tp:600;\"\n\t\t\t\t\t\t\t\tdata-frame_1=\"tp:600;sR:10;\"\n\t\t\t\t\t\t\t\tdata-frame_999=\"o:0;tp:600;st:w;sR:8690;sA:9000;\"\n\t\t\t\t\t\t\t\tstyle=\"z-index:5;\"\n\t\t\t\t\t\t\t><!--\n\t\t\t\t\t\t\t\t--><rs-layer\n\t\t\t\t\t\t\t\t\tid=\"slider-2-slide-57-layer-3\" \n\t\t\t\t\t\t\t\t\tdata-type=\"text\"\n\t\t\t\t\t\t\t\t\tdata-color=\"#ffffff\"\n\t\t\t\t\t\t\t\t\tdata-rsp_ch=\"on\"\n\t\t\t\t\t\t\t\t\tdata-xy=\"x:c;y:133px;\"\n\t\t\t\t\t\t\t\t\tdata-pos=\"a\"\n\t\t\t\t\t\t\t\t\tdata-text=\"w:normal;l:22;a:inherit;\"\n\t\t\t\t\t\t\t\t\tdata-dim=\"w:1179px;h:45px;\"\n\t\t\t\t\t\t\t\t\tdata-frame_0=\"tp:600;\"\n\t\t\t\t\t\t\t\t\tdata-frame_1=\"tp:600;\"\n\t\t\t\t\t\t\t\t\tdata-frame_999=\"o:0;tp:600;st:w;sR:8690;\"\n\t\t\t\t\t\t\t\t\tstyle=\"z-index:7;font-family:'Raleway';\"\n\t\t\t\t\t\t\t\t>L'abbaye de Nivelles a \u00e9t\u00e9  fond\u00e9e vers 648-649 par la veuve de P\u00e9pin de Landen. Son \u00e9glise abbatiale, touch\u00e9e par des bombardement en 1940, est devenue une coll\u00e9giale. C\u2019est le seul b\u00e2timent qui subsiste de l\u2019abbaye.  \n\t\t\t\t\t\t\t\t<\/rs-layer><!--\n\n\t\t\t\t\t\t\t\t--><rs-layer\n\t\t\t\t\t\t\t\t\tid=\"slider-2-slide-57-layer-1\" \n\t\t\t\t\t\t\t\t\tclass=\"tp-shape tp-shapewrapper\"\n\t\t\t\t\t\t\t\t\tdata-type=\"shape\"\n\t\t\t\t\t\t\t\t\tdata-rsp_ch=\"on\"\n\t\t\t\t\t\t\t\t\tdata-xy=\"x:c;y:b;\"\n\t\t\t\t\t\t\t\t\tdata-pos=\"a\"\n\t\t\t\t\t\t\t\t\tdata-text=\"fw:100;a:inherit;\"\n\t\t\t\t\t\t\t\t\tdata-dim=\"w:100%;h:82px;\"\n\t\t\t\t\t\t\t\t\tdata-frame_0=\"tp:600;\"\n\t\t\t\t\t\t\t\t\tdata-frame_1=\"tp:600;\"\n\t\t\t\t\t\t\t\t\tdata-frame_999=\"o:0;tp:600;st:w;sR:8690;\"\n\t\t\t\t\t\t\t\t\tstyle=\"z-index:6;background-color:rgba(0,0,0,0.75);\"\n\t\t\t\t\t\t\t\t> \n\t\t\t\t\t\t\t\t<\/rs-layer><!--\n\t\t\t\t\t\t\t--><\/rs-group><!--\n-->\t\t\t\t\t<\/rs-slide>\n\t\t\t\t\t\t<rs-slide style=\"position: absolute;\" data-key=\"rs-58\" data-title=\"nivelles-3\" data-thumb=\"\/\/grand-angle.lavenir.net\/a-la-decouverte-des-plus-belles-abbayes-de-wallonie\/wp-content\/uploads\/sites\/60\/2018\/12\/20180923abbaye02Nivelles-1.jpg\" data-anim=\"adpr:false;\">\n\t\t\t\t\t\t\t<img decoding=\"async\" src=\"\/\/grand-angle.lavenir.net\/a-la-decouverte-des-plus-belles-abbayes-de-wallonie\/wp-content\/plugins\/revslider\/sr6\/assets\/assets\/dummy.png\" alt=\"\" title=\"20180923abbaye02Nivelles-1\" width=\"1900\" height=\"1267\" class=\"rev-slidebg tp-rs-img rs-lazyload\" data-lazyload=\"\/\/grand-angle.lavenir.net\/a-la-decouverte-des-plus-belles-abbayes-de-wallonie\/wp-content\/uploads\/sites\/60\/2018\/12\/20180923abbaye02Nivelles-1.jpg\" data-bg=\"f:contain;\" data-no-retina>\n<!--\n\t\t\t\t\t\t\t--><rs-group\n\t\t\t\t\t\t\t\tid=\"slider-2-slide-58-layer-2\" \n\t\t\t\t\t\t\t\tdata-type=\"group\"\n\t\t\t\t\t\t\t\tdata-xy=\"x:c;y:b;\"\n\t\t\t\t\t\t\t\tdata-text=\"l:22;a:inherit;\"\n\t\t\t\t\t\t\t\tdata-dim=\"w:100%;h:200px;\"\n\t\t\t\t\t\t\t\tdata-frame_0=\"tp:600;\"\n\t\t\t\t\t\t\t\tdata-frame_1=\"tp:600;sR:10;\"\n\t\t\t\t\t\t\t\tdata-frame_999=\"o:0;tp:600;st:w;sR:8690;sA:9000;\"\n\t\t\t\t\t\t\t\tstyle=\"z-index:5;\"\n\t\t\t\t\t\t\t><!--\n\t\t\t\t\t\t\t\t--><rs-layer\n\t\t\t\t\t\t\t\t\tid=\"slider-2-slide-58-layer-3\" \n\t\t\t\t\t\t\t\t\tdata-type=\"text\"\n\t\t\t\t\t\t\t\t\tdata-color=\"#ffffff\"\n\t\t\t\t\t\t\t\t\tdata-rsp_ch=\"on\"\n\t\t\t\t\t\t\t\t\tdata-xy=\"x:c;y:133px;\"\n\t\t\t\t\t\t\t\t\tdata-pos=\"a\"\n\t\t\t\t\t\t\t\t\tdata-text=\"w:normal;l:22;a:inherit;\"\n\t\t\t\t\t\t\t\t\tdata-dim=\"w:1179px;h:45px;\"\n\t\t\t\t\t\t\t\t\tdata-frame_0=\"tp:600;\"\n\t\t\t\t\t\t\t\t\tdata-frame_1=\"tp:600;\"\n\t\t\t\t\t\t\t\t\tdata-frame_999=\"o:0;tp:600;st:w;sR:8690;\"\n\t\t\t\t\t\t\t\t\tstyle=\"z-index:7;font-family:'Raleway';\"\n\t\t\t\t\t\t\t\t>L'abbaye de Nivelles a \u00e9t\u00e9  fond\u00e9e vers 648-649 par la veuve de P\u00e9pin de Landen. Son \u00e9glise abbatiale, touch\u00e9e par des bombardement en 1940, est devenue une coll\u00e9giale. C\u2019est le seul b\u00e2timent qui subsiste de l\u2019abbaye.  \n\t\t\t\t\t\t\t\t<\/rs-layer><!--\n\n\t\t\t\t\t\t\t\t--><rs-layer\n\t\t\t\t\t\t\t\t\tid=\"slider-2-slide-58-layer-1\" \n\t\t\t\t\t\t\t\t\tclass=\"tp-shape tp-shapewrapper\"\n\t\t\t\t\t\t\t\t\tdata-type=\"shape\"\n\t\t\t\t\t\t\t\t\tdata-rsp_ch=\"on\"\n\t\t\t\t\t\t\t\t\tdata-xy=\"x:c;y:b;\"\n\t\t\t\t\t\t\t\t\tdata-pos=\"a\"\n\t\t\t\t\t\t\t\t\tdata-text=\"fw:100;a:inherit;\"\n\t\t\t\t\t\t\t\t\tdata-dim=\"w:100%;h:82px;\"\n\t\t\t\t\t\t\t\t\tdata-frame_0=\"tp:600;\"\n\t\t\t\t\t\t\t\t\tdata-frame_1=\"tp:600;\"\n\t\t\t\t\t\t\t\t\tdata-frame_999=\"o:0;tp:600;st:w;sR:8690;\"\n\t\t\t\t\t\t\t\t\tstyle=\"z-index:6;background-color:rgba(0,0,0,0.75);\"\n\t\t\t\t\t\t\t\t> \n\t\t\t\t\t\t\t\t<\/rs-layer><!--\n\t\t\t\t\t\t\t--><\/rs-group><!--\n-->\t\t\t\t\t<\/rs-slide>\n\t\t\t\t\t\t<rs-slide style=\"position: absolute;\" data-key=\"rs-59\" data-title=\"villers\" data-thumb=\"\/\/grand-angle.lavenir.net\/a-la-decouverte-des-plus-belles-abbayes-de-wallonie\/wp-content\/uploads\/sites\/60\/2018\/12\/20180923abbaye03Villers-9.jpg\" data-anim=\"adpr:false;\">\n\t\t\t\t\t\t\t<img decoding=\"async\" src=\"\/\/grand-angle.lavenir.net\/a-la-decouverte-des-plus-belles-abbayes-de-wallonie\/wp-content\/plugins\/revslider\/sr6\/assets\/assets\/dummy.png\" alt=\"\" title=\"20180923abbaye03Villers-9\" width=\"1900\" height=\"1267\" class=\"rev-slidebg tp-rs-img rs-lazyload\" data-lazyload=\"\/\/grand-angle.lavenir.net\/a-la-decouverte-des-plus-belles-abbayes-de-wallonie\/wp-content\/uploads\/sites\/60\/2018\/12\/20180923abbaye03Villers-9.jpg\" data-bg=\"f:contain;\" data-no-retina>\n<!--\n\t\t\t\t\t\t\t--><rs-group\n\t\t\t\t\t\t\t\tid=\"slider-2-slide-59-layer-2\" \n\t\t\t\t\t\t\t\tdata-type=\"group\"\n\t\t\t\t\t\t\t\tdata-xy=\"x:c;y:b;\"\n\t\t\t\t\t\t\t\tdata-text=\"l:22;a:inherit;\"\n\t\t\t\t\t\t\t\tdata-dim=\"w:100%;h:200px;\"\n\t\t\t\t\t\t\t\tdata-frame_0=\"tp:600;\"\n\t\t\t\t\t\t\t\tdata-frame_1=\"tp:600;sR:10;\"\n\t\t\t\t\t\t\t\tdata-frame_999=\"o:0;tp:600;st:w;sR:8690;sA:9000;\"\n\t\t\t\t\t\t\t\tstyle=\"z-index:5;\"\n\t\t\t\t\t\t\t><!--\n\t\t\t\t\t\t\t\t--><rs-layer\n\t\t\t\t\t\t\t\t\tid=\"slider-2-slide-59-layer-3\" \n\t\t\t\t\t\t\t\t\tdata-type=\"text\"\n\t\t\t\t\t\t\t\t\tdata-color=\"#ffffff\"\n\t\t\t\t\t\t\t\t\tdata-rsp_ch=\"on\"\n\t\t\t\t\t\t\t\t\tdata-xy=\"x:c;y:133px;\"\n\t\t\t\t\t\t\t\t\tdata-pos=\"a\"\n\t\t\t\t\t\t\t\t\tdata-text=\"w:normal;l:22;a:inherit;\"\n\t\t\t\t\t\t\t\t\tdata-dim=\"w:1179px;h:45px;\"\n\t\t\t\t\t\t\t\t\tdata-frame_0=\"tp:600;\"\n\t\t\t\t\t\t\t\t\tdata-frame_1=\"tp:600;\"\n\t\t\t\t\t\t\t\t\tdata-frame_999=\"o:0;tp:600;st:w;sR:8990;\"\n\t\t\t\t\t\t\t\t\tstyle=\"z-index:7;font-family:'Raleway';\"\n\t\t\t\t\t\t\t\t>Fond\u00e9e en 1146, l\u2019abbaye de Villers-la-Ville est un des plus grands ensembles arch\u00e9ologiques de Belgique. Le site comporte notamment 5.000 m\u00b2 de vo\u00fbtes romanes et gothiques.  \n\t\t\t\t\t\t\t\t<\/rs-layer><!--\n\n\t\t\t\t\t\t\t\t--><rs-layer\n\t\t\t\t\t\t\t\t\tid=\"slider-2-slide-59-layer-1\" \n\t\t\t\t\t\t\t\t\tclass=\"tp-shape tp-shapewrapper\"\n\t\t\t\t\t\t\t\t\tdata-type=\"shape\"\n\t\t\t\t\t\t\t\t\tdata-rsp_ch=\"on\"\n\t\t\t\t\t\t\t\t\tdata-xy=\"x:c;y:b;\"\n\t\t\t\t\t\t\t\t\tdata-pos=\"a\"\n\t\t\t\t\t\t\t\t\tdata-text=\"fw:100;a:inherit;\"\n\t\t\t\t\t\t\t\t\tdata-dim=\"w:100%;h:82px;\"\n\t\t\t\t\t\t\t\t\tdata-frame_0=\"tp:600;\"\n\t\t\t\t\t\t\t\t\tdata-frame_1=\"tp:600;\"\n\t\t\t\t\t\t\t\t\tdata-frame_999=\"o:0;tp:600;st:w;sR:8690;\"\n\t\t\t\t\t\t\t\t\tstyle=\"z-index:6;background-color:rgba(0,0,0,0.75);\"\n\t\t\t\t\t\t\t\t> \n\t\t\t\t\t\t\t\t<\/rs-layer><!--\n\t\t\t\t\t\t\t--><\/rs-group><!--\n-->\t\t\t\t\t<\/rs-slide>\n\t\t\t\t\t\t<rs-slide style=\"position: absolute;\" data-key=\"rs-60\" data-title=\"villers-1\" data-thumb=\"\/\/grand-angle.lavenir.net\/a-la-decouverte-des-plus-belles-abbayes-de-wallonie\/wp-content\/uploads\/sites\/60\/2018\/12\/20180923abbaye03Villers-8.jpg\" data-anim=\"adpr:false;\">\n\t\t\t\t\t\t\t<img decoding=\"async\" src=\"\/\/grand-angle.lavenir.net\/a-la-decouverte-des-plus-belles-abbayes-de-wallonie\/wp-content\/plugins\/revslider\/sr6\/assets\/assets\/dummy.png\" alt=\"\" title=\"20180923abbaye03Villers-8\" width=\"1900\" height=\"1267\" class=\"rev-slidebg tp-rs-img rs-lazyload\" data-lazyload=\"\/\/grand-angle.lavenir.net\/a-la-decouverte-des-plus-belles-abbayes-de-wallonie\/wp-content\/uploads\/sites\/60\/2018\/12\/20180923abbaye03Villers-8.jpg\" data-bg=\"f:contain;\" data-no-retina>\n<!--\n\t\t\t\t\t\t\t--><rs-group\n\t\t\t\t\t\t\t\tid=\"slider-2-slide-60-layer-2\" \n\t\t\t\t\t\t\t\tdata-type=\"group\"\n\t\t\t\t\t\t\t\tdata-xy=\"x:c;y:b;\"\n\t\t\t\t\t\t\t\tdata-text=\"l:22;a:inherit;\"\n\t\t\t\t\t\t\t\tdata-dim=\"w:100%;h:200px;\"\n\t\t\t\t\t\t\t\tdata-frame_0=\"tp:600;\"\n\t\t\t\t\t\t\t\tdata-frame_1=\"tp:600;sR:10;\"\n\t\t\t\t\t\t\t\tdata-frame_999=\"o:0;tp:600;st:w;sR:8690;sA:9000;\"\n\t\t\t\t\t\t\t\tstyle=\"z-index:5;\"\n\t\t\t\t\t\t\t><!--\n\t\t\t\t\t\t\t\t--><rs-layer\n\t\t\t\t\t\t\t\t\tid=\"slider-2-slide-60-layer-3\" \n\t\t\t\t\t\t\t\t\tdata-type=\"text\"\n\t\t\t\t\t\t\t\t\tdata-color=\"#ffffff\"\n\t\t\t\t\t\t\t\t\tdata-rsp_ch=\"on\"\n\t\t\t\t\t\t\t\t\tdata-xy=\"x:c;y:133px;\"\n\t\t\t\t\t\t\t\t\tdata-pos=\"a\"\n\t\t\t\t\t\t\t\t\tdata-text=\"w:normal;l:22;a:inherit;\"\n\t\t\t\t\t\t\t\t\tdata-dim=\"w:1179px;h:45px;\"\n\t\t\t\t\t\t\t\t\tdata-frame_0=\"tp:600;\"\n\t\t\t\t\t\t\t\t\tdata-frame_1=\"tp:600;\"\n\t\t\t\t\t\t\t\t\tdata-frame_999=\"o:0;tp:600;st:w;sR:8690;\"\n\t\t\t\t\t\t\t\t\tstyle=\"z-index:7;font-family:'Raleway';\"\n\t\t\t\t\t\t\t\t>Fond\u00e9e en 1146, l\u2019abbaye de Villers-la-Ville est un des plus grands ensembles arch\u00e9ologiques de Belgique. Le site comporte notamment 5.000 m\u00b2 de vo\u00fbtes romanes et gothiques.  \n\t\t\t\t\t\t\t\t<\/rs-layer><!--\n\n\t\t\t\t\t\t\t\t--><rs-layer\n\t\t\t\t\t\t\t\t\tid=\"slider-2-slide-60-layer-1\" \n\t\t\t\t\t\t\t\t\tclass=\"tp-shape tp-shapewrapper\"\n\t\t\t\t\t\t\t\t\tdata-type=\"shape\"\n\t\t\t\t\t\t\t\t\tdata-rsp_ch=\"on\"\n\t\t\t\t\t\t\t\t\tdata-xy=\"x:c;y:b;\"\n\t\t\t\t\t\t\t\t\tdata-pos=\"a\"\n\t\t\t\t\t\t\t\t\tdata-text=\"fw:100;a:inherit;\"\n\t\t\t\t\t\t\t\t\tdata-dim=\"w:100%;h:82px;\"\n\t\t\t\t\t\t\t\t\tdata-frame_0=\"tp:600;\"\n\t\t\t\t\t\t\t\t\tdata-frame_1=\"tp:600;\"\n\t\t\t\t\t\t\t\t\tdata-frame_999=\"o:0;tp:600;st:w;sR:8690;\"\n\t\t\t\t\t\t\t\t\tstyle=\"z-index:6;background-color:rgba(0,0,0,0.75);\"\n\t\t\t\t\t\t\t\t> \n\t\t\t\t\t\t\t\t<\/rs-layer><!--\n\t\t\t\t\t\t\t--><\/rs-group><!--\n-->\t\t\t\t\t<\/rs-slide>\n\t\t\t\t\t\t<rs-slide style=\"position: absolute;\" data-key=\"rs-61\" data-title=\"villers-2\" data-thumb=\"\/\/grand-angle.lavenir.net\/a-la-decouverte-des-plus-belles-abbayes-de-wallonie\/wp-content\/uploads\/sites\/60\/2018\/12\/20180923abbaye03Villers-6.jpg\" data-anim=\"adpr:false;\">\n\t\t\t\t\t\t\t<img decoding=\"async\" src=\"\/\/grand-angle.lavenir.net\/a-la-decouverte-des-plus-belles-abbayes-de-wallonie\/wp-content\/plugins\/revslider\/sr6\/assets\/assets\/dummy.png\" alt=\"\" title=\"20180923abbaye03Villers-6\" width=\"1900\" height=\"1267\" class=\"rev-slidebg tp-rs-img rs-lazyload\" data-lazyload=\"\/\/grand-angle.lavenir.net\/a-la-decouverte-des-plus-belles-abbayes-de-wallonie\/wp-content\/uploads\/sites\/60\/2018\/12\/20180923abbaye03Villers-6.jpg\" data-bg=\"f:contain;\" data-no-retina>\n<!--\n\t\t\t\t\t\t\t--><rs-group\n\t\t\t\t\t\t\t\tid=\"slider-2-slide-61-layer-2\" \n\t\t\t\t\t\t\t\tdata-type=\"group\"\n\t\t\t\t\t\t\t\tdata-xy=\"x:c;y:b;\"\n\t\t\t\t\t\t\t\tdata-text=\"l:22;a:inherit;\"\n\t\t\t\t\t\t\t\tdata-dim=\"w:100%;h:200px;\"\n\t\t\t\t\t\t\t\tdata-frame_0=\"tp:600;\"\n\t\t\t\t\t\t\t\tdata-frame_1=\"tp:600;sR:10;\"\n\t\t\t\t\t\t\t\tdata-frame_999=\"o:0;tp:600;st:w;sR:8690;sA:9000;\"\n\t\t\t\t\t\t\t\tstyle=\"z-index:5;\"\n\t\t\t\t\t\t\t><!--\n\t\t\t\t\t\t\t\t--><rs-layer\n\t\t\t\t\t\t\t\t\tid=\"slider-2-slide-61-layer-3\" \n\t\t\t\t\t\t\t\t\tdata-type=\"text\"\n\t\t\t\t\t\t\t\t\tdata-color=\"#ffffff\"\n\t\t\t\t\t\t\t\t\tdata-rsp_ch=\"on\"\n\t\t\t\t\t\t\t\t\tdata-xy=\"x:c;y:133px;\"\n\t\t\t\t\t\t\t\t\tdata-pos=\"a\"\n\t\t\t\t\t\t\t\t\tdata-text=\"w:normal;l:22;a:inherit;\"\n\t\t\t\t\t\t\t\t\tdata-dim=\"w:1179px;h:45px;\"\n\t\t\t\t\t\t\t\t\tdata-frame_0=\"tp:600;\"\n\t\t\t\t\t\t\t\t\tdata-frame_1=\"tp:600;\"\n\t\t\t\t\t\t\t\t\tdata-frame_999=\"o:0;tp:600;st:w;sR:8690;\"\n\t\t\t\t\t\t\t\t\tstyle=\"z-index:7;font-family:'Raleway';\"\n\t\t\t\t\t\t\t\t>Fond\u00e9e en 1146, l\u2019abbaye de Villers-la-Ville est un des plus grands ensembles arch\u00e9ologiques de Belgique. Le site comporte notamment 5.000 m\u00b2 de vo\u00fbtes romanes et gothiques.  \n\t\t\t\t\t\t\t\t<\/rs-layer><!--\n\n\t\t\t\t\t\t\t\t--><rs-layer\n\t\t\t\t\t\t\t\t\tid=\"slider-2-slide-61-layer-1\" \n\t\t\t\t\t\t\t\t\tclass=\"tp-shape tp-shapewrapper\"\n\t\t\t\t\t\t\t\t\tdata-type=\"shape\"\n\t\t\t\t\t\t\t\t\tdata-rsp_ch=\"on\"\n\t\t\t\t\t\t\t\t\tdata-xy=\"x:c;y:b;\"\n\t\t\t\t\t\t\t\t\tdata-pos=\"a\"\n\t\t\t\t\t\t\t\t\tdata-text=\"fw:100;a:inherit;\"\n\t\t\t\t\t\t\t\t\tdata-dim=\"w:100%;h:82px;\"\n\t\t\t\t\t\t\t\t\tdata-frame_0=\"tp:600;\"\n\t\t\t\t\t\t\t\t\tdata-frame_1=\"tp:600;\"\n\t\t\t\t\t\t\t\t\tdata-frame_999=\"o:0;tp:600;st:w;sR:8690;\"\n\t\t\t\t\t\t\t\t\tstyle=\"z-index:6;background-color:rgba(0,0,0,0.75);\"\n\t\t\t\t\t\t\t\t> \n\t\t\t\t\t\t\t\t<\/rs-layer><!--\n\t\t\t\t\t\t\t--><\/rs-group><!--\n-->\t\t\t\t\t<\/rs-slide>\n\t\t\t\t\t\t<rs-slide style=\"position: absolute;\" data-key=\"rs-62\" data-title=\"aulne\" data-thumb=\"\/\/grand-angle.lavenir.net\/a-la-decouverte-des-plus-belles-abbayes-de-wallonie\/wp-content\/uploads\/sites\/60\/2018\/12\/20180923abbaye04Aulne-1.jpg\" data-anim=\"adpr:false;\">\n\t\t\t\t\t\t\t<img decoding=\"async\" src=\"\/\/grand-angle.lavenir.net\/a-la-decouverte-des-plus-belles-abbayes-de-wallonie\/wp-content\/plugins\/revslider\/sr6\/assets\/assets\/dummy.png\" alt=\"\" title=\"20180923abbaye04Aulne-1\" width=\"1900\" height=\"1267\" class=\"rev-slidebg tp-rs-img rs-lazyload\" data-lazyload=\"\/\/grand-angle.lavenir.net\/a-la-decouverte-des-plus-belles-abbayes-de-wallonie\/wp-content\/uploads\/sites\/60\/2018\/12\/20180923abbaye04Aulne-1.jpg\" data-bg=\"f:contain;\" data-no-retina>\n<!--\n\t\t\t\t\t\t\t--><rs-group\n\t\t\t\t\t\t\t\tid=\"slider-2-slide-62-layer-2\" \n\t\t\t\t\t\t\t\tdata-type=\"group\"\n\t\t\t\t\t\t\t\tdata-xy=\"x:c;y:b;\"\n\t\t\t\t\t\t\t\tdata-text=\"l:22;a:inherit;\"\n\t\t\t\t\t\t\t\tdata-dim=\"w:100%;h:200px;\"\n\t\t\t\t\t\t\t\tdata-frame_0=\"tp:600;\"\n\t\t\t\t\t\t\t\tdata-frame_1=\"tp:600;sR:10;\"\n\t\t\t\t\t\t\t\tdata-frame_999=\"o:0;tp:600;st:w;sR:8690;sA:9000;\"\n\t\t\t\t\t\t\t\tstyle=\"z-index:5;\"\n\t\t\t\t\t\t\t><!--\n\t\t\t\t\t\t\t\t--><rs-layer\n\t\t\t\t\t\t\t\t\tid=\"slider-2-slide-62-layer-3\" \n\t\t\t\t\t\t\t\t\tdata-type=\"text\"\n\t\t\t\t\t\t\t\t\tdata-color=\"#ffffff\"\n\t\t\t\t\t\t\t\t\tdata-rsp_ch=\"on\"\n\t\t\t\t\t\t\t\t\tdata-xy=\"x:c;y:134px;\"\n\t\t\t\t\t\t\t\t\tdata-pos=\"a\"\n\t\t\t\t\t\t\t\t\tdata-text=\"w:normal;l:22;a:inherit;\"\n\t\t\t\t\t\t\t\t\tdata-dim=\"w:1179px;h:45px;\"\n\t\t\t\t\t\t\t\t\tdata-frame_0=\"tp:600;\"\n\t\t\t\t\t\t\t\t\tdata-frame_1=\"tp:600;\"\n\t\t\t\t\t\t\t\t\tdata-frame_999=\"o:0;tp:600;st:w;sR:8990;\"\n\t\t\t\t\t\t\t\t\tstyle=\"z-index:7;font-family:'Raleway';\"\n\t\t\t\t\t\t\t\t>Situ\u00e9e sur la commune de Thuin, l\u2019abbaye d\u2019Aulne a \u00e9t\u00e9 fond\u00e9e au 7eme si\u00e8cle. La construction de l\u2019\u00e9glise abbatiale a dur\u00e9 33 ans. Sous l\u2019abbaye se trouve le plus grand r\u00e9seau hydraulique de Belgique. \n\t\t\t\t\t\t\t\t<\/rs-layer><!--\n\n\t\t\t\t\t\t\t\t--><rs-layer\n\t\t\t\t\t\t\t\t\tid=\"slider-2-slide-62-layer-1\" \n\t\t\t\t\t\t\t\t\tclass=\"tp-shape tp-shapewrapper\"\n\t\t\t\t\t\t\t\t\tdata-type=\"shape\"\n\t\t\t\t\t\t\t\t\tdata-rsp_ch=\"on\"\n\t\t\t\t\t\t\t\t\tdata-xy=\"x:c;y:b;\"\n\t\t\t\t\t\t\t\t\tdata-pos=\"a\"\n\t\t\t\t\t\t\t\t\tdata-text=\"fw:100;a:inherit;\"\n\t\t\t\t\t\t\t\t\tdata-dim=\"w:100%;h:82px;\"\n\t\t\t\t\t\t\t\t\tdata-frame_0=\"tp:600;\"\n\t\t\t\t\t\t\t\t\tdata-frame_1=\"tp:600;\"\n\t\t\t\t\t\t\t\t\tdata-frame_999=\"o:0;tp:600;st:w;sR:8690;\"\n\t\t\t\t\t\t\t\t\tstyle=\"z-index:6;background-color:rgba(0,0,0,0.75);\"\n\t\t\t\t\t\t\t\t> \n\t\t\t\t\t\t\t\t<\/rs-layer><!--\n\t\t\t\t\t\t\t--><\/rs-group><!--\n-->\t\t\t\t\t<\/rs-slide>\n\t\t\t\t\t\t<rs-slide style=\"position: absolute;\" data-key=\"rs-63\" data-title=\"aulne-1\" data-thumb=\"\/\/grand-angle.lavenir.net\/a-la-decouverte-des-plus-belles-abbayes-de-wallonie\/wp-content\/uploads\/sites\/60\/2018\/12\/20180923abbaye04Aulne-4.jpg\" data-anim=\"adpr:false;\">\n\t\t\t\t\t\t\t<img decoding=\"async\" src=\"\/\/grand-angle.lavenir.net\/a-la-decouverte-des-plus-belles-abbayes-de-wallonie\/wp-content\/plugins\/revslider\/sr6\/assets\/assets\/dummy.png\" alt=\"\" title=\"20180923abbaye04Aulne-4\" width=\"1900\" height=\"1267\" class=\"rev-slidebg tp-rs-img rs-lazyload\" data-lazyload=\"\/\/grand-angle.lavenir.net\/a-la-decouverte-des-plus-belles-abbayes-de-wallonie\/wp-content\/uploads\/sites\/60\/2018\/12\/20180923abbaye04Aulne-4.jpg\" data-bg=\"f:contain;\" data-no-retina>\n<!--\n\t\t\t\t\t\t\t--><rs-group\n\t\t\t\t\t\t\t\tid=\"slider-2-slide-63-layer-2\" \n\t\t\t\t\t\t\t\tdata-type=\"group\"\n\t\t\t\t\t\t\t\tdata-xy=\"x:c;y:b;\"\n\t\t\t\t\t\t\t\tdata-text=\"l:22;a:inherit;\"\n\t\t\t\t\t\t\t\tdata-dim=\"w:100%;h:200px;\"\n\t\t\t\t\t\t\t\tdata-frame_0=\"tp:600;\"\n\t\t\t\t\t\t\t\tdata-frame_1=\"tp:600;sR:10;\"\n\t\t\t\t\t\t\t\tdata-frame_999=\"o:0;tp:600;st:w;sR:8690;sA:9000;\"\n\t\t\t\t\t\t\t\tstyle=\"z-index:5;\"\n\t\t\t\t\t\t\t><!--\n\t\t\t\t\t\t\t\t--><rs-layer\n\t\t\t\t\t\t\t\t\tid=\"slider-2-slide-63-layer-3\" \n\t\t\t\t\t\t\t\t\tdata-type=\"text\"\n\t\t\t\t\t\t\t\t\tdata-color=\"#ffffff\"\n\t\t\t\t\t\t\t\t\tdata-rsp_ch=\"on\"\n\t\t\t\t\t\t\t\t\tdata-xy=\"x:c;y:134px;\"\n\t\t\t\t\t\t\t\t\tdata-pos=\"a\"\n\t\t\t\t\t\t\t\t\tdata-text=\"w:normal;l:22;a:inherit;\"\n\t\t\t\t\t\t\t\t\tdata-dim=\"w:1179px;h:45px;\"\n\t\t\t\t\t\t\t\t\tdata-frame_0=\"tp:600;\"\n\t\t\t\t\t\t\t\t\tdata-frame_1=\"tp:600;\"\n\t\t\t\t\t\t\t\t\tdata-frame_999=\"o:0;tp:600;st:w;sR:8690;\"\n\t\t\t\t\t\t\t\t\tstyle=\"z-index:7;font-family:'Raleway';\"\n\t\t\t\t\t\t\t\t>Situ\u00e9e sur la commune de Thuin, l\u2019abbaye d\u2019Aulne a \u00e9t\u00e9 fond\u00e9e au 7eme si\u00e8cle. La construction de l\u2019\u00e9glise abbatiale a dur\u00e9 33 ans. Sous l\u2019abbaye se trouve le plus grand r\u00e9seau hydraulique de Belgique. \n\t\t\t\t\t\t\t\t<\/rs-layer><!--\n\n\t\t\t\t\t\t\t\t--><rs-layer\n\t\t\t\t\t\t\t\t\tid=\"slider-2-slide-63-layer-1\" \n\t\t\t\t\t\t\t\t\tclass=\"tp-shape tp-shapewrapper\"\n\t\t\t\t\t\t\t\t\tdata-type=\"shape\"\n\t\t\t\t\t\t\t\t\tdata-rsp_ch=\"on\"\n\t\t\t\t\t\t\t\t\tdata-xy=\"x:c;y:b;\"\n\t\t\t\t\t\t\t\t\tdata-pos=\"a\"\n\t\t\t\t\t\t\t\t\tdata-text=\"fw:100;a:inherit;\"\n\t\t\t\t\t\t\t\t\tdata-dim=\"w:100%;h:82px;\"\n\t\t\t\t\t\t\t\t\tdata-frame_0=\"tp:600;\"\n\t\t\t\t\t\t\t\t\tdata-frame_1=\"tp:600;\"\n\t\t\t\t\t\t\t\t\tdata-frame_999=\"o:0;tp:600;st:w;sR:8690;\"\n\t\t\t\t\t\t\t\t\tstyle=\"z-index:6;background-color:rgba(0,0,0,0.75);\"\n\t\t\t\t\t\t\t\t> \n\t\t\t\t\t\t\t\t<\/rs-layer><!--\n\t\t\t\t\t\t\t--><\/rs-group><!--\n-->\t\t\t\t\t<\/rs-slide>\n\t\t\t\t\t\t<rs-slide style=\"position: absolute;\" data-key=\"rs-64\" data-title=\"aulne-2\" data-thumb=\"\/\/grand-angle.lavenir.net\/a-la-decouverte-des-plus-belles-abbayes-de-wallonie\/wp-content\/uploads\/sites\/60\/2018\/12\/20180923abbaye04Aulne-7.jpg\" data-anim=\"adpr:false;\">\n\t\t\t\t\t\t\t<img decoding=\"async\" src=\"\/\/grand-angle.lavenir.net\/a-la-decouverte-des-plus-belles-abbayes-de-wallonie\/wp-content\/plugins\/revslider\/sr6\/assets\/assets\/dummy.png\" alt=\"\" title=\"20180923abbaye04Aulne-7\" width=\"1900\" height=\"1267\" class=\"rev-slidebg tp-rs-img rs-lazyload\" data-lazyload=\"\/\/grand-angle.lavenir.net\/a-la-decouverte-des-plus-belles-abbayes-de-wallonie\/wp-content\/uploads\/sites\/60\/2018\/12\/20180923abbaye04Aulne-7.jpg\" data-bg=\"f:contain;\" data-no-retina>\n<!--\n\t\t\t\t\t\t\t--><rs-group\n\t\t\t\t\t\t\t\tid=\"slider-2-slide-64-layer-2\" \n\t\t\t\t\t\t\t\tdata-type=\"group\"\n\t\t\t\t\t\t\t\tdata-xy=\"x:c;y:b;\"\n\t\t\t\t\t\t\t\tdata-text=\"l:22;a:inherit;\"\n\t\t\t\t\t\t\t\tdata-dim=\"w:100%;h:200px;\"\n\t\t\t\t\t\t\t\tdata-frame_0=\"tp:600;\"\n\t\t\t\t\t\t\t\tdata-frame_1=\"tp:600;sR:10;\"\n\t\t\t\t\t\t\t\tdata-frame_999=\"o:0;tp:600;st:w;sR:8690;sA:9000;\"\n\t\t\t\t\t\t\t\tstyle=\"z-index:5;\"\n\t\t\t\t\t\t\t><!--\n\t\t\t\t\t\t\t\t--><rs-layer\n\t\t\t\t\t\t\t\t\tid=\"slider-2-slide-64-layer-3\" \n\t\t\t\t\t\t\t\t\tdata-type=\"text\"\n\t\t\t\t\t\t\t\t\tdata-color=\"#ffffff\"\n\t\t\t\t\t\t\t\t\tdata-rsp_ch=\"on\"\n\t\t\t\t\t\t\t\t\tdata-xy=\"x:c;y:134px;\"\n\t\t\t\t\t\t\t\t\tdata-pos=\"a\"\n\t\t\t\t\t\t\t\t\tdata-text=\"w:normal;l:22;a:inherit;\"\n\t\t\t\t\t\t\t\t\tdata-dim=\"w:1179px;h:45px;\"\n\t\t\t\t\t\t\t\t\tdata-frame_0=\"tp:600;\"\n\t\t\t\t\t\t\t\t\tdata-frame_1=\"tp:600;\"\n\t\t\t\t\t\t\t\t\tdata-frame_999=\"o:0;tp:600;st:w;sR:8690;\"\n\t\t\t\t\t\t\t\t\tstyle=\"z-index:7;font-family:'Raleway';\"\n\t\t\t\t\t\t\t\t>Situ\u00e9e sur la commune de Thuin, l\u2019abbaye d\u2019Aulne a \u00e9t\u00e9 fond\u00e9e au 7eme si\u00e8cle. La construction de l\u2019\u00e9glise abbatiale a dur\u00e9 33 ans. Sous l\u2019abbaye se trouve le plus grand r\u00e9seau hydraulique de Belgique. \n\t\t\t\t\t\t\t\t<\/rs-layer><!--\n\n\t\t\t\t\t\t\t\t--><rs-layer\n\t\t\t\t\t\t\t\t\tid=\"slider-2-slide-64-layer-1\" \n\t\t\t\t\t\t\t\t\tclass=\"tp-shape tp-shapewrapper\"\n\t\t\t\t\t\t\t\t\tdata-type=\"shape\"\n\t\t\t\t\t\t\t\t\tdata-rsp_ch=\"on\"\n\t\t\t\t\t\t\t\t\tdata-xy=\"x:c;y:b;\"\n\t\t\t\t\t\t\t\t\tdata-pos=\"a\"\n\t\t\t\t\t\t\t\t\tdata-text=\"fw:100;a:inherit;\"\n\t\t\t\t\t\t\t\t\tdata-dim=\"w:100%;h:82px;\"\n\t\t\t\t\t\t\t\t\tdata-frame_0=\"tp:600;\"\n\t\t\t\t\t\t\t\t\tdata-frame_1=\"tp:600;\"\n\t\t\t\t\t\t\t\t\tdata-frame_999=\"o:0;tp:600;st:w;sR:8690;\"\n\t\t\t\t\t\t\t\t\tstyle=\"z-index:6;background-color:rgba(0,0,0,0.75);\"\n\t\t\t\t\t\t\t\t> \n\t\t\t\t\t\t\t\t<\/rs-layer><!--\n\t\t\t\t\t\t\t--><\/rs-group><!--\n-->\t\t\t\t\t<\/rs-slide>\n\t\t\t\t\t\t<rs-slide style=\"position: absolute;\" data-key=\"rs-65\" data-title=\"cambron\" data-thumb=\"\/\/grand-angle.lavenir.net\/a-la-decouverte-des-plus-belles-abbayes-de-wallonie\/wp-content\/uploads\/sites\/60\/2018\/12\/20180923abbaye05Cambron-5.jpg\" data-anim=\"adpr:false;\">\n\t\t\t\t\t\t\t<img decoding=\"async\" src=\"\/\/grand-angle.lavenir.net\/a-la-decouverte-des-plus-belles-abbayes-de-wallonie\/wp-content\/plugins\/revslider\/sr6\/assets\/assets\/dummy.png\" alt=\"\" title=\"20180923abbaye05Cambron-5\" width=\"1900\" height=\"1267\" class=\"rev-slidebg tp-rs-img rs-lazyload\" data-lazyload=\"\/\/grand-angle.lavenir.net\/a-la-decouverte-des-plus-belles-abbayes-de-wallonie\/wp-content\/uploads\/sites\/60\/2018\/12\/20180923abbaye05Cambron-5.jpg\" data-bg=\"f:contain;\" data-no-retina>\n<!--\n\t\t\t\t\t\t\t--><rs-group\n\t\t\t\t\t\t\t\tid=\"slider-2-slide-65-layer-2\" \n\t\t\t\t\t\t\t\tdata-type=\"group\"\n\t\t\t\t\t\t\t\tdata-xy=\"x:c;y:b;\"\n\t\t\t\t\t\t\t\tdata-text=\"l:22;a:inherit;\"\n\t\t\t\t\t\t\t\tdata-dim=\"w:100%;h:200px;\"\n\t\t\t\t\t\t\t\tdata-frame_0=\"tp:600;\"\n\t\t\t\t\t\t\t\tdata-frame_1=\"tp:600;sR:10;\"\n\t\t\t\t\t\t\t\tdata-frame_999=\"o:0;tp:600;st:w;sR:8690;sA:9000;\"\n\t\t\t\t\t\t\t\tstyle=\"z-index:5;\"\n\t\t\t\t\t\t\t><!--\n\t\t\t\t\t\t\t\t--><rs-layer\n\t\t\t\t\t\t\t\t\tid=\"slider-2-slide-65-layer-3\" \n\t\t\t\t\t\t\t\t\tdata-type=\"text\"\n\t\t\t\t\t\t\t\t\tdata-color=\"#ffffff\"\n\t\t\t\t\t\t\t\t\tdata-rsp_ch=\"on\"\n\t\t\t\t\t\t\t\t\tdata-xy=\"x:c;y:134px;\"\n\t\t\t\t\t\t\t\t\tdata-pos=\"a\"\n\t\t\t\t\t\t\t\t\tdata-text=\"w:normal;l:22;a:inherit;\"\n\t\t\t\t\t\t\t\t\tdata-dim=\"w:1179px;h:45px;\"\n\t\t\t\t\t\t\t\t\tdata-frame_0=\"tp:600;\"\n\t\t\t\t\t\t\t\t\tdata-frame_1=\"tp:600;\"\n\t\t\t\t\t\t\t\t\tdata-frame_999=\"o:0;tp:600;st:w;sR:8990;\"\n\t\t\t\t\t\t\t\t\tstyle=\"z-index:7;font-family:'Raleway';\"\n\t\t\t\t\t\t\t\t>L\u2019abbaye cistercienne de Cambron est surtout connue aujourd\u2019hui pour servir de cadre au parc animalier de Pairi Daiza. Les vestiges de cette abbaye fond\u00e9e en 1148 sont encore bien visibles sur le site touristique.\n \n\t\t\t\t\t\t\t\t<\/rs-layer><!--\n\n\t\t\t\t\t\t\t\t--><rs-layer\n\t\t\t\t\t\t\t\t\tid=\"slider-2-slide-65-layer-1\" \n\t\t\t\t\t\t\t\t\tclass=\"tp-shape tp-shapewrapper\"\n\t\t\t\t\t\t\t\t\tdata-type=\"shape\"\n\t\t\t\t\t\t\t\t\tdata-rsp_ch=\"on\"\n\t\t\t\t\t\t\t\t\tdata-xy=\"x:c;y:b;\"\n\t\t\t\t\t\t\t\t\tdata-pos=\"a\"\n\t\t\t\t\t\t\t\t\tdata-text=\"fw:100;a:inherit;\"\n\t\t\t\t\t\t\t\t\tdata-dim=\"w:100%;h:82px;\"\n\t\t\t\t\t\t\t\t\tdata-frame_0=\"tp:600;\"\n\t\t\t\t\t\t\t\t\tdata-frame_1=\"tp:600;\"\n\t\t\t\t\t\t\t\t\tdata-frame_999=\"o:0;tp:600;st:w;sR:8690;\"\n\t\t\t\t\t\t\t\t\tstyle=\"z-index:6;background-color:rgba(0,0,0,0.75);\"\n\t\t\t\t\t\t\t\t> \n\t\t\t\t\t\t\t\t<\/rs-layer><!--\n\t\t\t\t\t\t\t--><\/rs-group><!--\n-->\t\t\t\t\t<\/rs-slide>\n\t\t\t\t\t\t<rs-slide style=\"position: absolute;\" data-key=\"rs-66\" data-title=\"cambron-2\" data-thumb=\"\/\/grand-angle.lavenir.net\/a-la-decouverte-des-plus-belles-abbayes-de-wallonie\/wp-content\/uploads\/sites\/60\/2018\/12\/20180923abbaye05Cambron-5.jpg\" data-anim=\"adpr:false;\">\n\t\t\t\t\t\t\t<img decoding=\"async\" src=\"\/\/grand-angle.lavenir.net\/a-la-decouverte-des-plus-belles-abbayes-de-wallonie\/wp-content\/plugins\/revslider\/sr6\/assets\/assets\/dummy.png\" alt=\"\" title=\"20180923abbaye05Cambron-5\" width=\"1900\" height=\"1267\" class=\"rev-slidebg tp-rs-img rs-lazyload\" data-lazyload=\"\/\/grand-angle.lavenir.net\/a-la-decouverte-des-plus-belles-abbayes-de-wallonie\/wp-content\/uploads\/sites\/60\/2018\/12\/20180923abbaye05Cambron-5.jpg\" data-bg=\"f:contain;\" data-no-retina>\n<!--\n\t\t\t\t\t\t\t--><rs-group\n\t\t\t\t\t\t\t\tid=\"slider-2-slide-66-layer-2\" \n\t\t\t\t\t\t\t\tdata-type=\"group\"\n\t\t\t\t\t\t\t\tdata-xy=\"x:c;y:b;\"\n\t\t\t\t\t\t\t\tdata-text=\"l:22;a:inherit;\"\n\t\t\t\t\t\t\t\tdata-dim=\"w:100%;h:200px;\"\n\t\t\t\t\t\t\t\tdata-frame_0=\"tp:600;\"\n\t\t\t\t\t\t\t\tdata-frame_1=\"tp:600;sR:10;\"\n\t\t\t\t\t\t\t\tdata-frame_999=\"o:0;tp:600;st:w;sR:8690;sA:9000;\"\n\t\t\t\t\t\t\t\tstyle=\"z-index:5;\"\n\t\t\t\t\t\t\t><!--\n\t\t\t\t\t\t\t\t--><rs-layer\n\t\t\t\t\t\t\t\t\tid=\"slider-2-slide-66-layer-3\" \n\t\t\t\t\t\t\t\t\tdata-type=\"text\"\n\t\t\t\t\t\t\t\t\tdata-color=\"#ffffff\"\n\t\t\t\t\t\t\t\t\tdata-rsp_ch=\"on\"\n\t\t\t\t\t\t\t\t\tdata-xy=\"x:c;y:134px;\"\n\t\t\t\t\t\t\t\t\tdata-pos=\"a\"\n\t\t\t\t\t\t\t\t\tdata-text=\"w:normal;l:22;a:inherit;\"\n\t\t\t\t\t\t\t\t\tdata-dim=\"w:1179px;h:45px;\"\n\t\t\t\t\t\t\t\t\tdata-frame_0=\"tp:600;\"\n\t\t\t\t\t\t\t\t\tdata-frame_1=\"tp:600;\"\n\t\t\t\t\t\t\t\t\tdata-frame_999=\"o:0;tp:600;st:w;sR:8990;\"\n\t\t\t\t\t\t\t\t\tstyle=\"z-index:7;font-family:'Raleway';\"\n\t\t\t\t\t\t\t\t>L\u2019abbaye cistercienne de Cambron est surtout connue aujourd\u2019hui pour servir de cadre au parc animalier de Pairi Daiza. Les vestiges de cette abbaye fond\u00e9e en 1148 sont encore bien visibles sur le site touristique.\n \n\t\t\t\t\t\t\t\t<\/rs-layer><!--\n\n\t\t\t\t\t\t\t\t--><rs-layer\n\t\t\t\t\t\t\t\t\tid=\"slider-2-slide-66-layer-1\" \n\t\t\t\t\t\t\t\t\tclass=\"tp-shape tp-shapewrapper\"\n\t\t\t\t\t\t\t\t\tdata-type=\"shape\"\n\t\t\t\t\t\t\t\t\tdata-rsp_ch=\"on\"\n\t\t\t\t\t\t\t\t\tdata-xy=\"x:c;y:b;\"\n\t\t\t\t\t\t\t\t\tdata-pos=\"a\"\n\t\t\t\t\t\t\t\t\tdata-text=\"fw:100;a:inherit;\"\n\t\t\t\t\t\t\t\t\tdata-dim=\"w:100%;h:82px;\"\n\t\t\t\t\t\t\t\t\tdata-frame_0=\"tp:600;\"\n\t\t\t\t\t\t\t\t\tdata-frame_1=\"tp:600;\"\n\t\t\t\t\t\t\t\t\tdata-frame_999=\"o:0;tp:600;st:w;sR:8690;\"\n\t\t\t\t\t\t\t\t\tstyle=\"z-index:6;background-color:rgba(0,0,0,0.75);\"\n\t\t\t\t\t\t\t\t> \n\t\t\t\t\t\t\t\t<\/rs-layer><!--\n\t\t\t\t\t\t\t--><\/rs-group><!--\n-->\t\t\t\t\t<\/rs-slide>\n\t\t\t\t\t\t<rs-slide style=\"position: absolute;\" data-key=\"rs-67\" data-title=\"cambron-3\" data-thumb=\"\/\/grand-angle.lavenir.net\/a-la-decouverte-des-plus-belles-abbayes-de-wallonie\/wp-content\/uploads\/sites\/60\/2018\/12\/20180923abbaye05Cambron-6.jpg\" data-anim=\"adpr:false;\">\n\t\t\t\t\t\t\t<img decoding=\"async\" src=\"\/\/grand-angle.lavenir.net\/a-la-decouverte-des-plus-belles-abbayes-de-wallonie\/wp-content\/plugins\/revslider\/sr6\/assets\/assets\/dummy.png\" alt=\"\" title=\"20180923abbaye05Cambron-6\" width=\"1900\" height=\"1267\" class=\"rev-slidebg tp-rs-img rs-lazyload\" data-lazyload=\"\/\/grand-angle.lavenir.net\/a-la-decouverte-des-plus-belles-abbayes-de-wallonie\/wp-content\/uploads\/sites\/60\/2018\/12\/20180923abbaye05Cambron-6.jpg\" data-bg=\"f:contain;\" data-no-retina>\n<!--\n\t\t\t\t\t\t\t--><rs-group\n\t\t\t\t\t\t\t\tid=\"slider-2-slide-67-layer-2\" \n\t\t\t\t\t\t\t\tdata-type=\"group\"\n\t\t\t\t\t\t\t\tdata-xy=\"x:c;y:b;\"\n\t\t\t\t\t\t\t\tdata-text=\"l:22;a:inherit;\"\n\t\t\t\t\t\t\t\tdata-dim=\"w:100%;h:200px;\"\n\t\t\t\t\t\t\t\tdata-frame_0=\"tp:600;\"\n\t\t\t\t\t\t\t\tdata-frame_1=\"tp:600;sR:10;\"\n\t\t\t\t\t\t\t\tdata-frame_999=\"o:0;tp:600;st:w;sR:8690;sA:9000;\"\n\t\t\t\t\t\t\t\tstyle=\"z-index:5;\"\n\t\t\t\t\t\t\t><!--\n\t\t\t\t\t\t\t\t--><rs-layer\n\t\t\t\t\t\t\t\t\tid=\"slider-2-slide-67-layer-3\" \n\t\t\t\t\t\t\t\t\tdata-type=\"text\"\n\t\t\t\t\t\t\t\t\tdata-color=\"#ffffff\"\n\t\t\t\t\t\t\t\t\tdata-rsp_ch=\"on\"\n\t\t\t\t\t\t\t\t\tdata-xy=\"x:c;y:134px;\"\n\t\t\t\t\t\t\t\t\tdata-pos=\"a\"\n\t\t\t\t\t\t\t\t\tdata-text=\"w:normal;l:22;a:inherit;\"\n\t\t\t\t\t\t\t\t\tdata-dim=\"w:1179px;h:45px;\"\n\t\t\t\t\t\t\t\t\tdata-frame_0=\"tp:600;\"\n\t\t\t\t\t\t\t\t\tdata-frame_1=\"tp:600;\"\n\t\t\t\t\t\t\t\t\tdata-frame_999=\"o:0;tp:600;st:w;sR:8690;\"\n\t\t\t\t\t\t\t\t\tstyle=\"z-index:7;font-family:'Raleway';\"\n\t\t\t\t\t\t\t\t>L\u2019abbaye cistercienne de Cambron est surtout connue aujourd\u2019hui pour servir de cadre au parc animalier de Pairi Daiza. Les vestiges de cette abbaye fond\u00e9e en 1148 sont encore bien visibles sur le site touristique.\n \n\t\t\t\t\t\t\t\t<\/rs-layer><!--\n\n\t\t\t\t\t\t\t\t--><rs-layer\n\t\t\t\t\t\t\t\t\tid=\"slider-2-slide-67-layer-1\" \n\t\t\t\t\t\t\t\t\tclass=\"tp-shape tp-shapewrapper\"\n\t\t\t\t\t\t\t\t\tdata-type=\"shape\"\n\t\t\t\t\t\t\t\t\tdata-rsp_ch=\"on\"\n\t\t\t\t\t\t\t\t\tdata-xy=\"x:c;y:b;\"\n\t\t\t\t\t\t\t\t\tdata-pos=\"a\"\n\t\t\t\t\t\t\t\t\tdata-text=\"fw:100;a:inherit;\"\n\t\t\t\t\t\t\t\t\tdata-dim=\"w:100%;h:82px;\"\n\t\t\t\t\t\t\t\t\tdata-frame_0=\"tp:600;\"\n\t\t\t\t\t\t\t\t\tdata-frame_1=\"tp:600;\"\n\t\t\t\t\t\t\t\t\tdata-frame_999=\"o:0;tp:600;st:w;sR:8690;\"\n\t\t\t\t\t\t\t\t\tstyle=\"z-index:6;background-color:rgba(0,0,0,0.75);\"\n\t\t\t\t\t\t\t\t> \n\t\t\t\t\t\t\t\t<\/rs-layer><!--\n\t\t\t\t\t\t\t--><\/rs-group><!--\n-->\t\t\t\t\t<\/rs-slide>\n\t\t\t\t\t\t<rs-slide style=\"position: absolute;\" data-key=\"rs-68\" data-title=\"lobbes\" data-thumb=\"\/\/grand-angle.lavenir.net\/a-la-decouverte-des-plus-belles-abbayes-de-wallonie\/wp-content\/uploads\/sites\/60\/2018\/12\/20180923abbaye06Lobbes-12.jpg\" data-anim=\"adpr:false;\">\n\t\t\t\t\t\t\t<img decoding=\"async\" src=\"\/\/grand-angle.lavenir.net\/a-la-decouverte-des-plus-belles-abbayes-de-wallonie\/wp-content\/plugins\/revslider\/sr6\/assets\/assets\/dummy.png\" alt=\"\" title=\"20180923abbaye06Lobbes-12\" width=\"1900\" height=\"1267\" class=\"rev-slidebg tp-rs-img rs-lazyload\" data-lazyload=\"\/\/grand-angle.lavenir.net\/a-la-decouverte-des-plus-belles-abbayes-de-wallonie\/wp-content\/uploads\/sites\/60\/2018\/12\/20180923abbaye06Lobbes-12.jpg\" data-bg=\"f:contain;\" data-no-retina>\n<!--\n\t\t\t\t\t\t\t--><rs-group\n\t\t\t\t\t\t\t\tid=\"slider-2-slide-68-layer-2\" \n\t\t\t\t\t\t\t\tdata-type=\"group\"\n\t\t\t\t\t\t\t\tdata-xy=\"x:c;y:b;\"\n\t\t\t\t\t\t\t\tdata-text=\"l:22;a:inherit;\"\n\t\t\t\t\t\t\t\tdata-dim=\"w:100%;h:200px;\"\n\t\t\t\t\t\t\t\tdata-frame_0=\"tp:600;\"\n\t\t\t\t\t\t\t\tdata-frame_1=\"tp:600;sR:10;\"\n\t\t\t\t\t\t\t\tdata-frame_999=\"o:0;tp:600;st:w;sR:8690;sA:9000;\"\n\t\t\t\t\t\t\t\tstyle=\"z-index:5;\"\n\t\t\t\t\t\t\t><!--\n\t\t\t\t\t\t\t\t--><p\n\t\t\t\t\t\t\t\t\tid=\"slider-2-slide-68-layer-3\" \n\t\t\t\t\t\t\t\t\tclass=\"rs-layer\"\n\t\t\t\t\t\t\t\t\tdata-type=\"text\"\n\t\t\t\t\t\t\t\t\tdata-color=\"#ffffff\"\n\t\t\t\t\t\t\t\t\tdata-rsp_ch=\"on\"\n\t\t\t\t\t\t\t\t\tdata-xy=\"x:c;y:134px;\"\n\t\t\t\t\t\t\t\t\tdata-pos=\"a\"\n\t\t\t\t\t\t\t\t\tdata-text=\"w:normal;l:22;a:inherit;\"\n\t\t\t\t\t\t\t\t\tdata-dim=\"w:1179px;h:45px;\"\n\t\t\t\t\t\t\t\t\tdata-frame_0=\"tp:600;\"\n\t\t\t\t\t\t\t\t\tdata-frame_1=\"tp:600;\"\n\t\t\t\t\t\t\t\t\tdata-frame_999=\"o:0;tp:600;st:w;sR:8990;\"\n\t\t\t\t\t\t\t\t\tstyle=\"z-index:7;font-family:'Raleway';\"\n\t\t\t\t\t\t\t\t>C\u2019est sur le site de l\u2019abbaye de Lobbes que se trouve la plus ancienne \u00e9glise de Belgique: l\u2019\u00e9glise Saint-Ursmer, du nom de l\u2019abb\u00e9 consid\u00e9r\u00e9 comme fondateur des lieux. Aujourd\u2019hui, sur place, on peut encore voir une aile de l\u2019ancienne ferme abbatiale ou encore les vestiges de la brasserie.  \n\t\t\t\t\t\t\t\t<\/p><!--\n\n\t\t\t\t\t\t\t\t--><rs-layer\n\t\t\t\t\t\t\t\t\tid=\"slider-2-slide-68-layer-1\" \n\t\t\t\t\t\t\t\t\tclass=\"tp-shape tp-shapewrapper\"\n\t\t\t\t\t\t\t\t\tdata-type=\"shape\"\n\t\t\t\t\t\t\t\t\tdata-rsp_ch=\"on\"\n\t\t\t\t\t\t\t\t\tdata-xy=\"x:c;y:b;\"\n\t\t\t\t\t\t\t\t\tdata-pos=\"a\"\n\t\t\t\t\t\t\t\t\tdata-text=\"fw:100;a:inherit;\"\n\t\t\t\t\t\t\t\t\tdata-dim=\"w:100%;h:82px;\"\n\t\t\t\t\t\t\t\t\tdata-frame_0=\"tp:600;\"\n\t\t\t\t\t\t\t\t\tdata-frame_1=\"tp:600;\"\n\t\t\t\t\t\t\t\t\tdata-frame_999=\"o:0;tp:600;st:w;sR:8690;\"\n\t\t\t\t\t\t\t\t\tstyle=\"z-index:6;background-color:rgba(0,0,0,0.75);\"\n\t\t\t\t\t\t\t\t> \n\t\t\t\t\t\t\t\t<\/rs-layer><!--\n\t\t\t\t\t\t\t--><\/rs-group><!--\n-->\t\t\t\t\t<\/rs-slide>\n\t\t\t\t\t\t<rs-slide style=\"position: absolute;\" data-key=\"rs-69\" data-title=\"lobbes-2\" data-thumb=\"\/\/grand-angle.lavenir.net\/a-la-decouverte-des-plus-belles-abbayes-de-wallonie\/wp-content\/uploads\/sites\/60\/2018\/12\/20180923abbaye06Lobbes-8.jpg\" data-anim=\"adpr:false;\">\n\t\t\t\t\t\t\t<img decoding=\"async\" src=\"\/\/grand-angle.lavenir.net\/a-la-decouverte-des-plus-belles-abbayes-de-wallonie\/wp-content\/plugins\/revslider\/sr6\/assets\/assets\/dummy.png\" alt=\"\" title=\"20180923abbaye06Lobbes-8\" width=\"1900\" height=\"1267\" class=\"rev-slidebg tp-rs-img rs-lazyload\" data-lazyload=\"\/\/grand-angle.lavenir.net\/a-la-decouverte-des-plus-belles-abbayes-de-wallonie\/wp-content\/uploads\/sites\/60\/2018\/12\/20180923abbaye06Lobbes-8.jpg\" data-bg=\"f:contain;\" data-no-retina>\n<!--\n\t\t\t\t\t\t\t--><rs-group\n\t\t\t\t\t\t\t\tid=\"slider-2-slide-69-layer-2\" \n\t\t\t\t\t\t\t\tdata-type=\"group\"\n\t\t\t\t\t\t\t\tdata-xy=\"x:c;y:b;\"\n\t\t\t\t\t\t\t\tdata-text=\"l:22;a:inherit;\"\n\t\t\t\t\t\t\t\tdata-dim=\"w:100%;h:200px;\"\n\t\t\t\t\t\t\t\tdata-frame_0=\"tp:600;\"\n\t\t\t\t\t\t\t\tdata-frame_1=\"tp:600;sR:10;\"\n\t\t\t\t\t\t\t\tdata-frame_999=\"o:0;tp:600;st:w;sR:8690;sA:9000;\"\n\t\t\t\t\t\t\t\tstyle=\"z-index:5;\"\n\t\t\t\t\t\t\t><!--\n\t\t\t\t\t\t\t\t--><p\n\t\t\t\t\t\t\t\t\tid=\"slider-2-slide-69-layer-3\" \n\t\t\t\t\t\t\t\t\tclass=\"rs-layer\"\n\t\t\t\t\t\t\t\t\tdata-type=\"text\"\n\t\t\t\t\t\t\t\t\tdata-color=\"#ffffff\"\n\t\t\t\t\t\t\t\t\tdata-rsp_ch=\"on\"\n\t\t\t\t\t\t\t\t\tdata-xy=\"x:c;y:134px;\"\n\t\t\t\t\t\t\t\t\tdata-pos=\"a\"\n\t\t\t\t\t\t\t\t\tdata-text=\"w:normal;l:22;a:inherit;\"\n\t\t\t\t\t\t\t\t\tdata-dim=\"w:1179px;h:45px;\"\n\t\t\t\t\t\t\t\t\tdata-frame_0=\"tp:600;\"\n\t\t\t\t\t\t\t\t\tdata-frame_1=\"tp:600;\"\n\t\t\t\t\t\t\t\t\tdata-frame_999=\"o:0;tp:600;st:w;sR:8690;\"\n\t\t\t\t\t\t\t\t\tstyle=\"z-index:7;font-family:'Raleway';\"\n\t\t\t\t\t\t\t\t>C\u2019est sur le site de l\u2019abbaye de Lobbes que se trouve la plus ancienne \u00e9glise de Belgique: l\u2019\u00e9glise Saint-Ursmer, du nom de l\u2019abb\u00e9 consid\u00e9r\u00e9 comme fondateur des lieux. Aujourd\u2019hui, sur place, on peut encore voir une aile de l\u2019ancienne ferme abbatiale ou encore les vestiges de la brasserie.  \n\t\t\t\t\t\t\t\t<\/p><!--\n\n\t\t\t\t\t\t\t\t--><rs-layer\n\t\t\t\t\t\t\t\t\tid=\"slider-2-slide-69-layer-1\" \n\t\t\t\t\t\t\t\t\tclass=\"tp-shape tp-shapewrapper\"\n\t\t\t\t\t\t\t\t\tdata-type=\"shape\"\n\t\t\t\t\t\t\t\t\tdata-rsp_ch=\"on\"\n\t\t\t\t\t\t\t\t\tdata-xy=\"x:c;y:b;\"\n\t\t\t\t\t\t\t\t\tdata-pos=\"a\"\n\t\t\t\t\t\t\t\t\tdata-text=\"fw:100;a:inherit;\"\n\t\t\t\t\t\t\t\t\tdata-dim=\"w:100%;h:82px;\"\n\t\t\t\t\t\t\t\t\tdata-frame_0=\"tp:600;\"\n\t\t\t\t\t\t\t\t\tdata-frame_1=\"tp:600;\"\n\t\t\t\t\t\t\t\t\tdata-frame_999=\"o:0;tp:600;st:w;sR:8690;\"\n\t\t\t\t\t\t\t\t\tstyle=\"z-index:6;background-color:rgba(0,0,0,0.75);\"\n\t\t\t\t\t\t\t\t> \n\t\t\t\t\t\t\t\t<\/rs-layer><!--\n\t\t\t\t\t\t\t--><\/rs-group><!--\n-->\t\t\t\t\t<\/rs-slide>\n\t\t\t\t\t\t<rs-slide style=\"position: absolute;\" data-key=\"rs-70\" data-title=\"lobbes-3\" data-thumb=\"\/\/grand-angle.lavenir.net\/a-la-decouverte-des-plus-belles-abbayes-de-wallonie\/wp-content\/uploads\/sites\/60\/2018\/12\/20180923abbaye06Lobbes-5.jpg\" data-anim=\"adpr:false;\">\n\t\t\t\t\t\t\t<img decoding=\"async\" src=\"\/\/grand-angle.lavenir.net\/a-la-decouverte-des-plus-belles-abbayes-de-wallonie\/wp-content\/plugins\/revslider\/sr6\/assets\/assets\/dummy.png\" alt=\"\" title=\"20180923abbaye06Lobbes-5\" width=\"1900\" height=\"1267\" class=\"rev-slidebg tp-rs-img rs-lazyload\" data-lazyload=\"\/\/grand-angle.lavenir.net\/a-la-decouverte-des-plus-belles-abbayes-de-wallonie\/wp-content\/uploads\/sites\/60\/2018\/12\/20180923abbaye06Lobbes-5.jpg\" data-bg=\"f:contain;\" data-no-retina>\n<!--\n\t\t\t\t\t\t\t--><rs-group\n\t\t\t\t\t\t\t\tid=\"slider-2-slide-70-layer-2\" \n\t\t\t\t\t\t\t\tdata-type=\"group\"\n\t\t\t\t\t\t\t\tdata-xy=\"x:c;y:b;\"\n\t\t\t\t\t\t\t\tdata-text=\"l:22;a:inherit;\"\n\t\t\t\t\t\t\t\tdata-dim=\"w:100%;h:200px;\"\n\t\t\t\t\t\t\t\tdata-frame_0=\"tp:600;\"\n\t\t\t\t\t\t\t\tdata-frame_1=\"tp:600;sR:10;\"\n\t\t\t\t\t\t\t\tdata-frame_999=\"o:0;tp:600;st:w;sR:8690;sA:9000;\"\n\t\t\t\t\t\t\t\tstyle=\"z-index:5;\"\n\t\t\t\t\t\t\t><!--\n\t\t\t\t\t\t\t\t--><p\n\t\t\t\t\t\t\t\t\tid=\"slider-2-slide-70-layer-3\" \n\t\t\t\t\t\t\t\t\tclass=\"rs-layer\"\n\t\t\t\t\t\t\t\t\tdata-type=\"text\"\n\t\t\t\t\t\t\t\t\tdata-color=\"#ffffff\"\n\t\t\t\t\t\t\t\t\tdata-rsp_ch=\"on\"\n\t\t\t\t\t\t\t\t\tdata-xy=\"x:c;y:134px;\"\n\t\t\t\t\t\t\t\t\tdata-pos=\"a\"\n\t\t\t\t\t\t\t\t\tdata-text=\"w:normal;l:22;a:inherit;\"\n\t\t\t\t\t\t\t\t\tdata-dim=\"w:1179px;h:45px;\"\n\t\t\t\t\t\t\t\t\tdata-frame_0=\"tp:600;\"\n\t\t\t\t\t\t\t\t\tdata-frame_1=\"tp:600;\"\n\t\t\t\t\t\t\t\t\tdata-frame_999=\"o:0;tp:600;st:w;sR:8690;\"\n\t\t\t\t\t\t\t\t\tstyle=\"z-index:7;font-family:'Raleway';\"\n\t\t\t\t\t\t\t\t>C\u2019est sur le site de l\u2019abbaye de Lobbes que se trouve la plus ancienne \u00e9glise de Belgique: l\u2019\u00e9glise Saint-Ursmer, du nom de l\u2019abb\u00e9 consid\u00e9r\u00e9 comme fondateur des lieux. Aujourd\u2019hui, sur place, on peut encore voir une aile de l\u2019ancienne ferme abbatiale ou encore les vestiges de la brasserie.  \n\t\t\t\t\t\t\t\t<\/p><!--\n\n\t\t\t\t\t\t\t\t--><rs-layer\n\t\t\t\t\t\t\t\t\tid=\"slider-2-slide-70-layer-1\" \n\t\t\t\t\t\t\t\t\tclass=\"tp-shape tp-shapewrapper\"\n\t\t\t\t\t\t\t\t\tdata-type=\"shape\"\n\t\t\t\t\t\t\t\t\tdata-rsp_ch=\"on\"\n\t\t\t\t\t\t\t\t\tdata-xy=\"x:c;y:b;\"\n\t\t\t\t\t\t\t\t\tdata-pos=\"a\"\n\t\t\t\t\t\t\t\t\tdata-text=\"fw:100;a:inherit;\"\n\t\t\t\t\t\t\t\t\tdata-dim=\"w:100%;h:82px;\"\n\t\t\t\t\t\t\t\t\tdata-frame_0=\"tp:600;\"\n\t\t\t\t\t\t\t\t\tdata-frame_1=\"tp:600;\"\n\t\t\t\t\t\t\t\t\tdata-frame_999=\"o:0;tp:600;st:w;sR:8690;\"\n\t\t\t\t\t\t\t\t\tstyle=\"z-index:6;background-color:rgba(0,0,0,0.75);\"\n\t\t\t\t\t\t\t\t> \n\t\t\t\t\t\t\t\t<\/rs-layer><!--\n\t\t\t\t\t\t\t--><\/rs-group><!--\n-->\t\t\t\t\t<\/rs-slide>\n\t\t\t\t\t\t<rs-slide style=\"position: absolute;\" data-key=\"rs-71\" data-title=\"brogne\" data-thumb=\"\/\/grand-angle.lavenir.net\/a-la-decouverte-des-plus-belles-abbayes-de-wallonie\/wp-content\/uploads\/sites\/60\/2018\/12\/20180923abbaye07Brogne-10.jpg\" data-anim=\"adpr:false;\">\n\t\t\t\t\t\t\t<img decoding=\"async\" src=\"\/\/grand-angle.lavenir.net\/a-la-decouverte-des-plus-belles-abbayes-de-wallonie\/wp-content\/plugins\/revslider\/sr6\/assets\/assets\/dummy.png\" alt=\"\" title=\"20180923abbaye07Brogne-10\" width=\"1267\" height=\"1900\" class=\"rev-slidebg tp-rs-img rs-lazyload\" data-lazyload=\"\/\/grand-angle.lavenir.net\/a-la-decouverte-des-plus-belles-abbayes-de-wallonie\/wp-content\/uploads\/sites\/60\/2018\/12\/20180923abbaye07Brogne-10.jpg\" data-bg=\"f:contain;\" data-no-retina>\n<!--\n\t\t\t\t\t\t\t--><rs-group\n\t\t\t\t\t\t\t\tid=\"slider-2-slide-71-layer-2\" \n\t\t\t\t\t\t\t\tdata-type=\"group\"\n\t\t\t\t\t\t\t\tdata-xy=\"x:c;y:b;\"\n\t\t\t\t\t\t\t\tdata-text=\"l:22;a:inherit;\"\n\t\t\t\t\t\t\t\tdata-dim=\"w:100%;h:200px;\"\n\t\t\t\t\t\t\t\tdata-frame_0=\"tp:600;\"\n\t\t\t\t\t\t\t\tdata-frame_1=\"tp:600;sR:10;\"\n\t\t\t\t\t\t\t\tdata-frame_999=\"o:0;tp:600;st:w;sR:8690;sA:9000;\"\n\t\t\t\t\t\t\t\tstyle=\"z-index:5;\"\n\t\t\t\t\t\t\t><!--\n\t\t\t\t\t\t\t\t--><p\n\t\t\t\t\t\t\t\t\tid=\"slider-2-slide-71-layer-3\" \n\t\t\t\t\t\t\t\t\tclass=\"rs-layer\"\n\t\t\t\t\t\t\t\t\tdata-type=\"text\"\n\t\t\t\t\t\t\t\t\tdata-color=\"#ffffff\"\n\t\t\t\t\t\t\t\t\tdata-rsp_ch=\"on\"\n\t\t\t\t\t\t\t\t\tdata-xy=\"x:c;y:134px;\"\n\t\t\t\t\t\t\t\t\tdata-pos=\"a\"\n\t\t\t\t\t\t\t\t\tdata-text=\"w:normal;l:22;a:inherit;\"\n\t\t\t\t\t\t\t\t\tdata-dim=\"w:1179px;h:45px;\"\n\t\t\t\t\t\t\t\t\tdata-frame_0=\"tp:600;\"\n\t\t\t\t\t\t\t\t\tdata-frame_1=\"tp:600;\"\n\t\t\t\t\t\t\t\t\tdata-frame_999=\"o:0;tp:600;st:w;sR:8990;\"\n\t\t\t\t\t\t\t\t\tstyle=\"z-index:7;font-family:'Raleway';\"\n\t\t\t\t\t\t\t\t>Situ\u00e9e \u00e0 Saint-G\u00e9rard, commune de Mettet, l\u2019abbaye Saint-G\u00e9rard de Brogne a \u00e9t\u00e9 b\u00e2tie en 923. Les lieux accueillent aujourd\u2019hui un centre de s\u00e9minaire et un h\u00f4tel de charme ainsi que le \u201ccentre vivant de la vigne et du vin belge\u201d.  \n\t\t\t\t\t\t\t\t<\/p><!--\n\n\t\t\t\t\t\t\t\t--><rs-layer\n\t\t\t\t\t\t\t\t\tid=\"slider-2-slide-71-layer-1\" \n\t\t\t\t\t\t\t\t\tclass=\"tp-shape tp-shapewrapper\"\n\t\t\t\t\t\t\t\t\tdata-type=\"shape\"\n\t\t\t\t\t\t\t\t\tdata-rsp_ch=\"on\"\n\t\t\t\t\t\t\t\t\tdata-xy=\"x:c;y:b;\"\n\t\t\t\t\t\t\t\t\tdata-pos=\"a\"\n\t\t\t\t\t\t\t\t\tdata-text=\"fw:100;a:inherit;\"\n\t\t\t\t\t\t\t\t\tdata-dim=\"w:100%;h:82px;\"\n\t\t\t\t\t\t\t\t\tdata-frame_0=\"tp:600;\"\n\t\t\t\t\t\t\t\t\tdata-frame_1=\"tp:600;\"\n\t\t\t\t\t\t\t\t\tdata-frame_999=\"o:0;tp:600;st:w;sR:8690;\"\n\t\t\t\t\t\t\t\t\tstyle=\"z-index:6;background-color:rgba(0,0,0,0.75);\"\n\t\t\t\t\t\t\t\t> \n\t\t\t\t\t\t\t\t<\/rs-layer><!--\n\t\t\t\t\t\t\t--><\/rs-group><!--\n-->\t\t\t\t\t<\/rs-slide>\n\t\t\t\t\t\t<rs-slide style=\"position: absolute;\" data-key=\"rs-72\" data-title=\"brogne-2\" data-thumb=\"\/\/grand-angle.lavenir.net\/a-la-decouverte-des-plus-belles-abbayes-de-wallonie\/wp-content\/uploads\/sites\/60\/2018\/12\/20180923abbaye07Brogne-6.jpg\" data-anim=\"adpr:false;\">\n\t\t\t\t\t\t\t<img decoding=\"async\" src=\"\/\/grand-angle.lavenir.net\/a-la-decouverte-des-plus-belles-abbayes-de-wallonie\/wp-content\/plugins\/revslider\/sr6\/assets\/assets\/dummy.png\" alt=\"\" title=\"20180923abbaye07Brogne-6\" width=\"1900\" height=\"1267\" class=\"rev-slidebg tp-rs-img rs-lazyload\" data-lazyload=\"\/\/grand-angle.lavenir.net\/a-la-decouverte-des-plus-belles-abbayes-de-wallonie\/wp-content\/uploads\/sites\/60\/2018\/12\/20180923abbaye07Brogne-6.jpg\" data-bg=\"f:contain;\" data-no-retina>\n<!--\n\t\t\t\t\t\t\t--><rs-group\n\t\t\t\t\t\t\t\tid=\"slider-2-slide-72-layer-2\" \n\t\t\t\t\t\t\t\tdata-type=\"group\"\n\t\t\t\t\t\t\t\tdata-xy=\"x:c;y:b;\"\n\t\t\t\t\t\t\t\tdata-text=\"l:22;a:inherit;\"\n\t\t\t\t\t\t\t\tdata-dim=\"w:100%;h:200px;\"\n\t\t\t\t\t\t\t\tdata-frame_0=\"tp:600;\"\n\t\t\t\t\t\t\t\tdata-frame_1=\"tp:600;sR:10;\"\n\t\t\t\t\t\t\t\tdata-frame_999=\"o:0;tp:600;st:w;sR:8690;sA:9000;\"\n\t\t\t\t\t\t\t\tstyle=\"z-index:5;\"\n\t\t\t\t\t\t\t><!--\n\t\t\t\t\t\t\t\t--><p\n\t\t\t\t\t\t\t\t\tid=\"slider-2-slide-72-layer-3\" \n\t\t\t\t\t\t\t\t\tclass=\"rs-layer\"\n\t\t\t\t\t\t\t\t\tdata-type=\"text\"\n\t\t\t\t\t\t\t\t\tdata-color=\"#ffffff\"\n\t\t\t\t\t\t\t\t\tdata-rsp_ch=\"on\"\n\t\t\t\t\t\t\t\t\tdata-xy=\"x:c;y:134px;\"\n\t\t\t\t\t\t\t\t\tdata-pos=\"a\"\n\t\t\t\t\t\t\t\t\tdata-text=\"w:normal;l:22;a:inherit;\"\n\t\t\t\t\t\t\t\t\tdata-dim=\"w:1179px;h:45px;\"\n\t\t\t\t\t\t\t\t\tdata-frame_0=\"tp:600;\"\n\t\t\t\t\t\t\t\t\tdata-frame_1=\"tp:600;\"\n\t\t\t\t\t\t\t\t\tdata-frame_999=\"o:0;tp:600;st:w;sR:8690;\"\n\t\t\t\t\t\t\t\t\tstyle=\"z-index:7;font-family:'Raleway';\"\n\t\t\t\t\t\t\t\t>Situ\u00e9e \u00e0 Saint-G\u00e9rard, commune de Mettet, l\u2019abbaye Saint-G\u00e9rard de Brogne a \u00e9t\u00e9 b\u00e2tie en 923. Les lieux accueillent aujourd\u2019hui un centre de s\u00e9minaire et un h\u00f4tel de charme ainsi que le \u201ccentre vivant de la vigne et du vin belge\u201d.  \n\t\t\t\t\t\t\t\t<\/p><!--\n\n\t\t\t\t\t\t\t\t--><rs-layer\n\t\t\t\t\t\t\t\t\tid=\"slider-2-slide-72-layer-1\" \n\t\t\t\t\t\t\t\t\tclass=\"tp-shape tp-shapewrapper\"\n\t\t\t\t\t\t\t\t\tdata-type=\"shape\"\n\t\t\t\t\t\t\t\t\tdata-rsp_ch=\"on\"\n\t\t\t\t\t\t\t\t\tdata-xy=\"x:c;y:b;\"\n\t\t\t\t\t\t\t\t\tdata-pos=\"a\"\n\t\t\t\t\t\t\t\t\tdata-text=\"fw:100;a:inherit;\"\n\t\t\t\t\t\t\t\t\tdata-dim=\"w:100%;h:82px;\"\n\t\t\t\t\t\t\t\t\tdata-frame_0=\"tp:600;\"\n\t\t\t\t\t\t\t\t\tdata-frame_1=\"tp:600;\"\n\t\t\t\t\t\t\t\t\tdata-frame_999=\"o:0;tp:600;st:w;sR:8690;\"\n\t\t\t\t\t\t\t\t\tstyle=\"z-index:6;background-color:rgba(0,0,0,0.75);\"\n\t\t\t\t\t\t\t\t> \n\t\t\t\t\t\t\t\t<\/rs-layer><!--\n\t\t\t\t\t\t\t--><\/rs-group><!--\n-->\t\t\t\t\t<\/rs-slide>\n\t\t\t\t\t\t<rs-slide style=\"position: absolute;\" data-key=\"rs-73\" data-title=\"brogne-3\" data-thumb=\"\/\/grand-angle.lavenir.net\/a-la-decouverte-des-plus-belles-abbayes-de-wallonie\/wp-content\/uploads\/sites\/60\/2018\/12\/20180923abbaye07Brogne-11.jpg\" data-anim=\"adpr:false;\">\n\t\t\t\t\t\t\t<img decoding=\"async\" src=\"\/\/grand-angle.lavenir.net\/a-la-decouverte-des-plus-belles-abbayes-de-wallonie\/wp-content\/plugins\/revslider\/sr6\/assets\/assets\/dummy.png\" alt=\"\" title=\"20180923abbaye07Brogne-11\" width=\"1900\" height=\"1267\" class=\"rev-slidebg tp-rs-img rs-lazyload\" data-lazyload=\"\/\/grand-angle.lavenir.net\/a-la-decouverte-des-plus-belles-abbayes-de-wallonie\/wp-content\/uploads\/sites\/60\/2018\/12\/20180923abbaye07Brogne-11.jpg\" data-bg=\"f:contain;\" data-no-retina>\n<!--\n\t\t\t\t\t\t\t--><rs-group\n\t\t\t\t\t\t\t\tid=\"slider-2-slide-73-layer-2\" \n\t\t\t\t\t\t\t\tdata-type=\"group\"\n\t\t\t\t\t\t\t\tdata-xy=\"x:c;y:b;\"\n\t\t\t\t\t\t\t\tdata-text=\"l:22;a:inherit;\"\n\t\t\t\t\t\t\t\tdata-dim=\"w:100%;h:200px;\"\n\t\t\t\t\t\t\t\tdata-frame_0=\"tp:600;\"\n\t\t\t\t\t\t\t\tdata-frame_1=\"tp:600;sR:10;\"\n\t\t\t\t\t\t\t\tdata-frame_999=\"o:0;tp:600;st:w;sR:8690;sA:9000;\"\n\t\t\t\t\t\t\t\tstyle=\"z-index:5;\"\n\t\t\t\t\t\t\t><!--\n\t\t\t\t\t\t\t\t--><p\n\t\t\t\t\t\t\t\t\tid=\"slider-2-slide-73-layer-3\" \n\t\t\t\t\t\t\t\t\tclass=\"rs-layer\"\n\t\t\t\t\t\t\t\t\tdata-type=\"text\"\n\t\t\t\t\t\t\t\t\tdata-color=\"#ffffff\"\n\t\t\t\t\t\t\t\t\tdata-rsp_ch=\"on\"\n\t\t\t\t\t\t\t\t\tdata-xy=\"x:c;y:134px;\"\n\t\t\t\t\t\t\t\t\tdata-pos=\"a\"\n\t\t\t\t\t\t\t\t\tdata-text=\"w:normal;l:22;a:inherit;\"\n\t\t\t\t\t\t\t\t\tdata-dim=\"w:1179px;h:45px;\"\n\t\t\t\t\t\t\t\t\tdata-frame_0=\"tp:600;\"\n\t\t\t\t\t\t\t\t\tdata-frame_1=\"tp:600;\"\n\t\t\t\t\t\t\t\t\tdata-frame_999=\"o:0;tp:600;st:w;sR:8690;\"\n\t\t\t\t\t\t\t\t\tstyle=\"z-index:7;font-family:'Raleway';\"\n\t\t\t\t\t\t\t\t>Situ\u00e9e \u00e0 Saint-G\u00e9rard, commune de Mettet, l\u2019abbaye Saint-G\u00e9rard de Brogne a \u00e9t\u00e9 b\u00e2tie en 923. Les lieux accueillent aujourd\u2019hui un centre de s\u00e9minaire et un h\u00f4tel de charme ainsi que le \u201ccentre vivant de la vigne et du vin belge\u201d.  \n\t\t\t\t\t\t\t\t<\/p><!--\n\n\t\t\t\t\t\t\t\t--><rs-layer\n\t\t\t\t\t\t\t\t\tid=\"slider-2-slide-73-layer-1\" \n\t\t\t\t\t\t\t\t\tclass=\"tp-shape tp-shapewrapper\"\n\t\t\t\t\t\t\t\t\tdata-type=\"shape\"\n\t\t\t\t\t\t\t\t\tdata-rsp_ch=\"on\"\n\t\t\t\t\t\t\t\t\tdata-xy=\"x:c;y:b;\"\n\t\t\t\t\t\t\t\t\tdata-pos=\"a\"\n\t\t\t\t\t\t\t\t\tdata-text=\"fw:100;a:inherit;\"\n\t\t\t\t\t\t\t\t\tdata-dim=\"w:100%;h:82px;\"\n\t\t\t\t\t\t\t\t\tdata-frame_0=\"tp:600;\"\n\t\t\t\t\t\t\t\t\tdata-frame_1=\"tp:600;\"\n\t\t\t\t\t\t\t\t\tdata-frame_999=\"o:0;tp:600;st:w;sR:8690;\"\n\t\t\t\t\t\t\t\t\tstyle=\"z-index:6;background-color:rgba(0,0,0,0.75);\"\n\t\t\t\t\t\t\t\t> \n\t\t\t\t\t\t\t\t<\/rs-layer><!--\n\t\t\t\t\t\t\t--><\/rs-group><!--\n-->\t\t\t\t\t<\/rs-slide>\n\t\t\t\t\t\t<rs-slide style=\"position: absolute;\" data-key=\"rs-74\" data-title=\"chevetogne\" data-thumb=\"\/\/grand-angle.lavenir.net\/a-la-decouverte-des-plus-belles-abbayes-de-wallonie\/wp-content\/uploads\/sites\/60\/2018\/12\/20180924abbaye8Chevetogne-4.jpg\" data-anim=\"adpr:false;\">\n\t\t\t\t\t\t\t<img decoding=\"async\" src=\"\/\/grand-angle.lavenir.net\/a-la-decouverte-des-plus-belles-abbayes-de-wallonie\/wp-content\/plugins\/revslider\/sr6\/assets\/assets\/dummy.png\" alt=\"\" title=\"20180924abbaye8Chevetogne-4\" width=\"1900\" height=\"1267\" class=\"rev-slidebg tp-rs-img rs-lazyload\" data-lazyload=\"\/\/grand-angle.lavenir.net\/a-la-decouverte-des-plus-belles-abbayes-de-wallonie\/wp-content\/uploads\/sites\/60\/2018\/12\/20180924abbaye8Chevetogne-4.jpg\" data-bg=\"f:contain;\" data-no-retina>\n<!--\n\t\t\t\t\t\t\t--><rs-group\n\t\t\t\t\t\t\t\tid=\"slider-2-slide-74-layer-2\" \n\t\t\t\t\t\t\t\tdata-type=\"group\"\n\t\t\t\t\t\t\t\tdata-xy=\"x:c;y:b;\"\n\t\t\t\t\t\t\t\tdata-text=\"l:22;a:inherit;\"\n\t\t\t\t\t\t\t\tdata-dim=\"w:100%;h:200px;\"\n\t\t\t\t\t\t\t\tdata-frame_0=\"tp:600;\"\n\t\t\t\t\t\t\t\tdata-frame_1=\"tp:600;sR:10;\"\n\t\t\t\t\t\t\t\tdata-frame_999=\"o:0;tp:600;st:w;sR:8690;sA:9000;\"\n\t\t\t\t\t\t\t\tstyle=\"z-index:5;\"\n\t\t\t\t\t\t\t><!--\n\t\t\t\t\t\t\t\t--><p\n\t\t\t\t\t\t\t\t\tid=\"slider-2-slide-74-layer-3\" \n\t\t\t\t\t\t\t\t\tclass=\"rs-layer\"\n\t\t\t\t\t\t\t\t\tdata-type=\"text\"\n\t\t\t\t\t\t\t\t\tdata-color=\"#ffffff\"\n\t\t\t\t\t\t\t\t\tdata-rsp_ch=\"on\"\n\t\t\t\t\t\t\t\t\tdata-xy=\"x:c;y:134px;\"\n\t\t\t\t\t\t\t\t\tdata-pos=\"a\"\n\t\t\t\t\t\t\t\t\tdata-text=\"w:normal;l:22;a:inherit;\"\n\t\t\t\t\t\t\t\t\tdata-dim=\"w:1179px;h:45px;\"\n\t\t\t\t\t\t\t\t\tdata-frame_0=\"tp:600;\"\n\t\t\t\t\t\t\t\t\tdata-frame_1=\"tp:600;\"\n\t\t\t\t\t\t\t\t\tdata-frame_999=\"o:0;tp:600;st:w;sR:8990;\"\n\t\t\t\t\t\t\t\t\tstyle=\"z-index:7;font-family:'Raleway';\"\n\t\t\t\t\t\t\t\t>L\u2019abbaye de Chevetogne (commune de Ciney) est la plus r\u00e9cente de Wallonie. Construit en 1939, le monast\u00e8re n\u2019a \u00e9t\u00e9 \u00e9lev\u00e9 au rang d\u2019abbaye qu\u2019en 1990. Particularit\u00e9: elle dispose \u00e0 la fois d\u2019une \u00e9glise byzantine et d\u2019une \u00e9glise latine. \n\t\t\t\t\t\t\t\t<\/p><!--\n\n\t\t\t\t\t\t\t\t--><rs-layer\n\t\t\t\t\t\t\t\t\tid=\"slider-2-slide-74-layer-1\" \n\t\t\t\t\t\t\t\t\tclass=\"tp-shape tp-shapewrapper\"\n\t\t\t\t\t\t\t\t\tdata-type=\"shape\"\n\t\t\t\t\t\t\t\t\tdata-rsp_ch=\"on\"\n\t\t\t\t\t\t\t\t\tdata-xy=\"x:c;y:b;\"\n\t\t\t\t\t\t\t\t\tdata-pos=\"a\"\n\t\t\t\t\t\t\t\t\tdata-text=\"fw:100;a:inherit;\"\n\t\t\t\t\t\t\t\t\tdata-dim=\"w:100%;h:82px;\"\n\t\t\t\t\t\t\t\t\tdata-frame_0=\"tp:600;\"\n\t\t\t\t\t\t\t\t\tdata-frame_1=\"tp:600;\"\n\t\t\t\t\t\t\t\t\tdata-frame_999=\"o:0;tp:600;st:w;sR:8690;\"\n\t\t\t\t\t\t\t\t\tstyle=\"z-index:6;background-color:rgba(0,0,0,0.75);\"\n\t\t\t\t\t\t\t\t> \n\t\t\t\t\t\t\t\t<\/rs-layer><!--\n\t\t\t\t\t\t\t--><\/rs-group><!--\n-->\t\t\t\t\t<\/rs-slide>\n\t\t\t\t\t\t<rs-slide style=\"position: absolute;\" data-key=\"rs-75\" data-title=\"chevetogne-2\" data-thumb=\"\/\/grand-angle.lavenir.net\/a-la-decouverte-des-plus-belles-abbayes-de-wallonie\/wp-content\/uploads\/sites\/60\/2018\/12\/20180924abbaye8Chevetogne-6.jpg\" data-anim=\"adpr:false;\">\n\t\t\t\t\t\t\t<img decoding=\"async\" src=\"\/\/grand-angle.lavenir.net\/a-la-decouverte-des-plus-belles-abbayes-de-wallonie\/wp-content\/plugins\/revslider\/sr6\/assets\/assets\/dummy.png\" alt=\"\" title=\"20180924abbaye8Chevetogne-6\" width=\"1900\" height=\"1267\" class=\"rev-slidebg tp-rs-img rs-lazyload\" data-lazyload=\"\/\/grand-angle.lavenir.net\/a-la-decouverte-des-plus-belles-abbayes-de-wallonie\/wp-content\/uploads\/sites\/60\/2018\/12\/20180924abbaye8Chevetogne-6.jpg\" data-bg=\"f:contain;\" data-no-retina>\n<!--\n\t\t\t\t\t\t\t--><rs-group\n\t\t\t\t\t\t\t\tid=\"slider-2-slide-75-layer-2\" \n\t\t\t\t\t\t\t\tdata-type=\"group\"\n\t\t\t\t\t\t\t\tdata-xy=\"x:c;y:b;\"\n\t\t\t\t\t\t\t\tdata-text=\"l:22;a:inherit;\"\n\t\t\t\t\t\t\t\tdata-dim=\"w:100%;h:200px;\"\n\t\t\t\t\t\t\t\tdata-frame_0=\"tp:600;\"\n\t\t\t\t\t\t\t\tdata-frame_1=\"tp:600;sR:10;\"\n\t\t\t\t\t\t\t\tdata-frame_999=\"o:0;tp:600;st:w;sR:8690;sA:9000;\"\n\t\t\t\t\t\t\t\tstyle=\"z-index:5;\"\n\t\t\t\t\t\t\t><!--\n\t\t\t\t\t\t\t\t--><p\n\t\t\t\t\t\t\t\t\tid=\"slider-2-slide-75-layer-3\" \n\t\t\t\t\t\t\t\t\tclass=\"rs-layer\"\n\t\t\t\t\t\t\t\t\tdata-type=\"text\"\n\t\t\t\t\t\t\t\t\tdata-color=\"#ffffff\"\n\t\t\t\t\t\t\t\t\tdata-rsp_ch=\"on\"\n\t\t\t\t\t\t\t\t\tdata-xy=\"x:c;y:134px;\"\n\t\t\t\t\t\t\t\t\tdata-pos=\"a\"\n\t\t\t\t\t\t\t\t\tdata-text=\"w:normal;l:22;a:inherit;\"\n\t\t\t\t\t\t\t\t\tdata-dim=\"w:1179px;h:45px;\"\n\t\t\t\t\t\t\t\t\tdata-frame_0=\"tp:600;\"\n\t\t\t\t\t\t\t\t\tdata-frame_1=\"tp:600;\"\n\t\t\t\t\t\t\t\t\tdata-frame_999=\"o:0;tp:600;st:w;sR:8690;\"\n\t\t\t\t\t\t\t\t\tstyle=\"z-index:7;font-family:'Raleway';\"\n\t\t\t\t\t\t\t\t>L\u2019abbaye de Chevetogne (commune de Ciney) est la plus r\u00e9cente de Wallonie. Construit en 1939, le monast\u00e8re n\u2019a \u00e9t\u00e9 \u00e9lev\u00e9 au rang d\u2019abbaye qu\u2019en 1990. Particularit\u00e9: elle dispose \u00e0 la fois d\u2019une \u00e9glise byzantine et d\u2019une \u00e9glise latine. \n\t\t\t\t\t\t\t\t<\/p><!--\n\n\t\t\t\t\t\t\t\t--><rs-layer\n\t\t\t\t\t\t\t\t\tid=\"slider-2-slide-75-layer-1\" \n\t\t\t\t\t\t\t\t\tclass=\"tp-shape tp-shapewrapper\"\n\t\t\t\t\t\t\t\t\tdata-type=\"shape\"\n\t\t\t\t\t\t\t\t\tdata-rsp_ch=\"on\"\n\t\t\t\t\t\t\t\t\tdata-xy=\"x:c;y:b;\"\n\t\t\t\t\t\t\t\t\tdata-pos=\"a\"\n\t\t\t\t\t\t\t\t\tdata-text=\"fw:100;a:inherit;\"\n\t\t\t\t\t\t\t\t\tdata-dim=\"w:100%;h:82px;\"\n\t\t\t\t\t\t\t\t\tdata-frame_0=\"tp:600;\"\n\t\t\t\t\t\t\t\t\tdata-frame_1=\"tp:600;\"\n\t\t\t\t\t\t\t\t\tdata-frame_999=\"o:0;tp:600;st:w;sR:8690;\"\n\t\t\t\t\t\t\t\t\tstyle=\"z-index:6;background-color:rgba(0,0,0,0.75);\"\n\t\t\t\t\t\t\t\t> \n\t\t\t\t\t\t\t\t<\/rs-layer><!--\n\t\t\t\t\t\t\t--><\/rs-group><!--\n-->\t\t\t\t\t<\/rs-slide>\n\t\t\t\t\t\t<rs-slide style=\"position: absolute;\" data-key=\"rs-76\" data-title=\"chevetogne-3\" data-thumb=\"\/\/grand-angle.lavenir.net\/a-la-decouverte-des-plus-belles-abbayes-de-wallonie\/wp-content\/uploads\/sites\/60\/2018\/12\/20180924abbaye8Chevetogne-8.jpg\" data-anim=\"adpr:false;\">\n\t\t\t\t\t\t\t<img decoding=\"async\" src=\"\/\/grand-angle.lavenir.net\/a-la-decouverte-des-plus-belles-abbayes-de-wallonie\/wp-content\/plugins\/revslider\/sr6\/assets\/assets\/dummy.png\" alt=\"\" title=\"20180924abbaye8Chevetogne-8\" width=\"1900\" height=\"1267\" class=\"rev-slidebg tp-rs-img rs-lazyload\" data-lazyload=\"\/\/grand-angle.lavenir.net\/a-la-decouverte-des-plus-belles-abbayes-de-wallonie\/wp-content\/uploads\/sites\/60\/2018\/12\/20180924abbaye8Chevetogne-8.jpg\" data-bg=\"f:contain;\" data-no-retina>\n<!--\n\t\t\t\t\t\t\t--><rs-group\n\t\t\t\t\t\t\t\tid=\"slider-2-slide-76-layer-2\" \n\t\t\t\t\t\t\t\tdata-type=\"group\"\n\t\t\t\t\t\t\t\tdata-xy=\"x:c;y:b;\"\n\t\t\t\t\t\t\t\tdata-text=\"l:22;a:inherit;\"\n\t\t\t\t\t\t\t\tdata-dim=\"w:100%;h:200px;\"\n\t\t\t\t\t\t\t\tdata-frame_0=\"tp:600;\"\n\t\t\t\t\t\t\t\tdata-frame_1=\"tp:600;sR:10;\"\n\t\t\t\t\t\t\t\tdata-frame_999=\"o:0;tp:600;st:w;sR:8690;sA:9000;\"\n\t\t\t\t\t\t\t\tstyle=\"z-index:5;\"\n\t\t\t\t\t\t\t><!--\n\t\t\t\t\t\t\t\t--><p\n\t\t\t\t\t\t\t\t\tid=\"slider-2-slide-76-layer-3\" \n\t\t\t\t\t\t\t\t\tclass=\"rs-layer\"\n\t\t\t\t\t\t\t\t\tdata-type=\"text\"\n\t\t\t\t\t\t\t\t\tdata-color=\"#ffffff\"\n\t\t\t\t\t\t\t\t\tdata-rsp_ch=\"on\"\n\t\t\t\t\t\t\t\t\tdata-xy=\"x:c;y:134px;\"\n\t\t\t\t\t\t\t\t\tdata-pos=\"a\"\n\t\t\t\t\t\t\t\t\tdata-text=\"w:normal;l:22;a:inherit;\"\n\t\t\t\t\t\t\t\t\tdata-dim=\"w:1179px;h:45px;\"\n\t\t\t\t\t\t\t\t\tdata-frame_0=\"tp:600;\"\n\t\t\t\t\t\t\t\t\tdata-frame_1=\"tp:600;\"\n\t\t\t\t\t\t\t\t\tdata-frame_999=\"o:0;tp:600;st:w;sR:8690;\"\n\t\t\t\t\t\t\t\t\tstyle=\"z-index:7;font-family:'Raleway';\"\n\t\t\t\t\t\t\t\t>L\u2019abbaye de Chevetogne (commune de Ciney) est la plus r\u00e9cente de Wallonie. Construit en 1939, le monast\u00e8re n\u2019a \u00e9t\u00e9 \u00e9lev\u00e9 au rang d\u2019abbaye qu\u2019en 1990. Particularit\u00e9: elle dispose \u00e0 la fois d\u2019une \u00e9glise byzantine et d\u2019une \u00e9glise latine. \n\t\t\t\t\t\t\t\t<\/p><!--\n\n\t\t\t\t\t\t\t\t--><rs-layer\n\t\t\t\t\t\t\t\t\tid=\"slider-2-slide-76-layer-1\" \n\t\t\t\t\t\t\t\t\tclass=\"tp-shape tp-shapewrapper\"\n\t\t\t\t\t\t\t\t\tdata-type=\"shape\"\n\t\t\t\t\t\t\t\t\tdata-rsp_ch=\"on\"\n\t\t\t\t\t\t\t\t\tdata-xy=\"x:c;y:b;\"\n\t\t\t\t\t\t\t\t\tdata-pos=\"a\"\n\t\t\t\t\t\t\t\t\tdata-text=\"fw:100;a:inherit;\"\n\t\t\t\t\t\t\t\t\tdata-dim=\"w:100%;h:82px;\"\n\t\t\t\t\t\t\t\t\tdata-frame_0=\"tp:600;\"\n\t\t\t\t\t\t\t\t\tdata-frame_1=\"tp:600;\"\n\t\t\t\t\t\t\t\t\tdata-frame_999=\"o:0;tp:600;st:w;sR:8690;\"\n\t\t\t\t\t\t\t\t\tstyle=\"z-index:6;background-color:rgba(0,0,0,0.75);\"\n\t\t\t\t\t\t\t\t> \n\t\t\t\t\t\t\t\t<\/rs-layer><!--\n\t\t\t\t\t\t\t--><\/rs-group><!--\n-->\t\t\t\t\t<\/rs-slide>\n\t\t\t\t\t\t<rs-slide style=\"position: absolute;\" data-key=\"rs-77\" data-title=\"floreffe\" data-thumb=\"\/\/grand-angle.lavenir.net\/a-la-decouverte-des-plus-belles-abbayes-de-wallonie\/wp-content\/uploads\/sites\/60\/2018\/12\/20180924abbaye09Floreffe-6.jpg\" data-anim=\"adpr:false;\">\n\t\t\t\t\t\t\t<img decoding=\"async\" src=\"\/\/grand-angle.lavenir.net\/a-la-decouverte-des-plus-belles-abbayes-de-wallonie\/wp-content\/plugins\/revslider\/sr6\/assets\/assets\/dummy.png\" alt=\"\" title=\"20180924abbaye09Floreffe-6\" width=\"1900\" height=\"1267\" class=\"rev-slidebg tp-rs-img rs-lazyload\" data-lazyload=\"\/\/grand-angle.lavenir.net\/a-la-decouverte-des-plus-belles-abbayes-de-wallonie\/wp-content\/uploads\/sites\/60\/2018\/12\/20180924abbaye09Floreffe-6.jpg\" data-bg=\"f:contain;\" data-no-retina>\n<!--\n\t\t\t\t\t\t\t--><rs-group\n\t\t\t\t\t\t\t\tid=\"slider-2-slide-77-layer-2\" \n\t\t\t\t\t\t\t\tdata-type=\"group\"\n\t\t\t\t\t\t\t\tdata-xy=\"x:c;y:b;\"\n\t\t\t\t\t\t\t\tdata-text=\"l:22;a:inherit;\"\n\t\t\t\t\t\t\t\tdata-dim=\"w:100%;h:200px;\"\n\t\t\t\t\t\t\t\tdata-frame_0=\"tp:600;\"\n\t\t\t\t\t\t\t\tdata-frame_1=\"tp:600;sR:10;\"\n\t\t\t\t\t\t\t\tdata-frame_999=\"o:0;tp:600;st:w;sR:8690;sA:9000;\"\n\t\t\t\t\t\t\t\tstyle=\"z-index:5;\"\n\t\t\t\t\t\t\t><!--\n\t\t\t\t\t\t\t\t--><p\n\t\t\t\t\t\t\t\t\tid=\"slider-2-slide-77-layer-3\" \n\t\t\t\t\t\t\t\t\tclass=\"rs-layer\"\n\t\t\t\t\t\t\t\t\tdata-type=\"text\"\n\t\t\t\t\t\t\t\t\tdata-color=\"#ffffff\"\n\t\t\t\t\t\t\t\t\tdata-rsp_ch=\"on\"\n\t\t\t\t\t\t\t\t\tdata-xy=\"x:c;y:134px;\"\n\t\t\t\t\t\t\t\t\tdata-pos=\"a\"\n\t\t\t\t\t\t\t\t\tdata-text=\"w:normal;l:22;a:inherit;\"\n\t\t\t\t\t\t\t\t\tdata-dim=\"w:1179px;h:45px;\"\n\t\t\t\t\t\t\t\t\tdata-frame_0=\"tp:600;\"\n\t\t\t\t\t\t\t\t\tdata-frame_1=\"tp:600;\"\n\t\t\t\t\t\t\t\t\tdata-frame_999=\"o:0;tp:600;st:w;sR:8990;\"\n\t\t\t\t\t\t\t\t\tstyle=\"z-index:7;font-family:'Raleway';\"\n\t\t\t\t\t\t\t\t>Situ\u00e9e sur un promontoire rocheux dominant la Sambre, l\u2019abbaye de Floreffe a \u00e9t\u00e9 cr\u00e9\u00e9e vers 1122. Elle est \u00e0 l\u2019origine de la cr\u00e9ation de 7 h\u00f4pitaux et hospices, 8 couvent ainsi que du prieur\u00e9 de Leffe.  \n\t\t\t\t\t\t\t\t<\/p><!--\n\n\t\t\t\t\t\t\t\t--><rs-layer\n\t\t\t\t\t\t\t\t\tid=\"slider-2-slide-77-layer-1\" \n\t\t\t\t\t\t\t\t\tclass=\"tp-shape tp-shapewrapper\"\n\t\t\t\t\t\t\t\t\tdata-type=\"shape\"\n\t\t\t\t\t\t\t\t\tdata-rsp_ch=\"on\"\n\t\t\t\t\t\t\t\t\tdata-xy=\"x:c;y:b;\"\n\t\t\t\t\t\t\t\t\tdata-pos=\"a\"\n\t\t\t\t\t\t\t\t\tdata-text=\"fw:100;a:inherit;\"\n\t\t\t\t\t\t\t\t\tdata-dim=\"w:100%;h:82px;\"\n\t\t\t\t\t\t\t\t\tdata-frame_0=\"tp:600;\"\n\t\t\t\t\t\t\t\t\tdata-frame_1=\"tp:600;\"\n\t\t\t\t\t\t\t\t\tdata-frame_999=\"o:0;tp:600;st:w;sR:8690;\"\n\t\t\t\t\t\t\t\t\tstyle=\"z-index:6;background-color:rgba(0,0,0,0.75);\"\n\t\t\t\t\t\t\t\t> \n\t\t\t\t\t\t\t\t<\/rs-layer><!--\n\t\t\t\t\t\t\t--><\/rs-group><!--\n-->\t\t\t\t\t<\/rs-slide>\n\t\t\t\t\t\t<rs-slide style=\"position: absolute;\" data-key=\"rs-78\" data-title=\"floreffe-2\" data-thumb=\"\/\/grand-angle.lavenir.net\/a-la-decouverte-des-plus-belles-abbayes-de-wallonie\/wp-content\/uploads\/sites\/60\/2018\/12\/20180924abbaye09Floreffe-9.jpg\" data-anim=\"adpr:false;\">\n\t\t\t\t\t\t\t<img decoding=\"async\" src=\"\/\/grand-angle.lavenir.net\/a-la-decouverte-des-plus-belles-abbayes-de-wallonie\/wp-content\/plugins\/revslider\/sr6\/assets\/assets\/dummy.png\" alt=\"\" title=\"20180924abbaye09Floreffe-9\" width=\"1900\" height=\"1267\" class=\"rev-slidebg tp-rs-img rs-lazyload\" data-lazyload=\"\/\/grand-angle.lavenir.net\/a-la-decouverte-des-plus-belles-abbayes-de-wallonie\/wp-content\/uploads\/sites\/60\/2018\/12\/20180924abbaye09Floreffe-9.jpg\" data-bg=\"f:contain;\" data-no-retina>\n<!--\n\t\t\t\t\t\t\t--><rs-group\n\t\t\t\t\t\t\t\tid=\"slider-2-slide-78-layer-2\" \n\t\t\t\t\t\t\t\tdata-type=\"group\"\n\t\t\t\t\t\t\t\tdata-xy=\"x:c;y:b;\"\n\t\t\t\t\t\t\t\tdata-text=\"l:22;a:inherit;\"\n\t\t\t\t\t\t\t\tdata-dim=\"w:100%;h:200px;\"\n\t\t\t\t\t\t\t\tdata-frame_0=\"tp:600;\"\n\t\t\t\t\t\t\t\tdata-frame_1=\"tp:600;sR:10;\"\n\t\t\t\t\t\t\t\tdata-frame_999=\"o:0;tp:600;st:w;sR:8690;sA:9000;\"\n\t\t\t\t\t\t\t\tstyle=\"z-index:5;\"\n\t\t\t\t\t\t\t><!--\n\t\t\t\t\t\t\t\t--><p\n\t\t\t\t\t\t\t\t\tid=\"slider-2-slide-78-layer-3\" \n\t\t\t\t\t\t\t\t\tclass=\"rs-layer\"\n\t\t\t\t\t\t\t\t\tdata-type=\"text\"\n\t\t\t\t\t\t\t\t\tdata-color=\"#ffffff\"\n\t\t\t\t\t\t\t\t\tdata-rsp_ch=\"on\"\n\t\t\t\t\t\t\t\t\tdata-xy=\"x:c;y:134px;\"\n\t\t\t\t\t\t\t\t\tdata-pos=\"a\"\n\t\t\t\t\t\t\t\t\tdata-text=\"w:normal;l:22;a:inherit;\"\n\t\t\t\t\t\t\t\t\tdata-dim=\"w:1179px;h:45px;\"\n\t\t\t\t\t\t\t\t\tdata-frame_0=\"tp:600;\"\n\t\t\t\t\t\t\t\t\tdata-frame_1=\"tp:600;\"\n\t\t\t\t\t\t\t\t\tdata-frame_999=\"o:0;tp:600;st:w;sR:8690;\"\n\t\t\t\t\t\t\t\t\tstyle=\"z-index:7;font-family:'Raleway';\"\n\t\t\t\t\t\t\t\t>Situ\u00e9e sur un promontoire rocheux dominant la Sambre, l\u2019abbaye de Floreffe a \u00e9t\u00e9 cr\u00e9\u00e9e vers 1122. Elle est \u00e0 l\u2019origine de la cr\u00e9ation de 7 h\u00f4pitaux et hospices, 8 couvent ainsi que du prieur\u00e9 de Leffe.  \n\t\t\t\t\t\t\t\t<\/p><!--\n\n\t\t\t\t\t\t\t\t--><rs-layer\n\t\t\t\t\t\t\t\t\tid=\"slider-2-slide-78-layer-1\" \n\t\t\t\t\t\t\t\t\tclass=\"tp-shape tp-shapewrapper\"\n\t\t\t\t\t\t\t\t\tdata-type=\"shape\"\n\t\t\t\t\t\t\t\t\tdata-rsp_ch=\"on\"\n\t\t\t\t\t\t\t\t\tdata-xy=\"x:c;y:b;\"\n\t\t\t\t\t\t\t\t\tdata-pos=\"a\"\n\t\t\t\t\t\t\t\t\tdata-text=\"fw:100;a:inherit;\"\n\t\t\t\t\t\t\t\t\tdata-dim=\"w:100%;h:82px;\"\n\t\t\t\t\t\t\t\t\tdata-frame_0=\"tp:600;\"\n\t\t\t\t\t\t\t\t\tdata-frame_1=\"tp:600;\"\n\t\t\t\t\t\t\t\t\tdata-frame_999=\"o:0;tp:600;st:w;sR:8690;\"\n\t\t\t\t\t\t\t\t\tstyle=\"z-index:6;background-color:rgba(0,0,0,0.75);\"\n\t\t\t\t\t\t\t\t> \n\t\t\t\t\t\t\t\t<\/rs-layer><!--\n\t\t\t\t\t\t\t--><\/rs-group><!--\n-->\t\t\t\t\t<\/rs-slide>\n\t\t\t\t\t\t<rs-slide style=\"position: absolute;\" data-key=\"rs-79\" data-title=\"floreffe-3\" data-thumb=\"\/\/grand-angle.lavenir.net\/a-la-decouverte-des-plus-belles-abbayes-de-wallonie\/wp-content\/uploads\/sites\/60\/2018\/12\/20180924abbaye09Floreffe-4.jpg\" data-anim=\"adpr:false;\">\n\t\t\t\t\t\t\t<img decoding=\"async\" src=\"\/\/grand-angle.lavenir.net\/a-la-decouverte-des-plus-belles-abbayes-de-wallonie\/wp-content\/plugins\/revslider\/sr6\/assets\/assets\/dummy.png\" alt=\"\" title=\"20180924abbaye09Floreffe-4\" width=\"1900\" height=\"1267\" class=\"rev-slidebg tp-rs-img rs-lazyload\" data-lazyload=\"\/\/grand-angle.lavenir.net\/a-la-decouverte-des-plus-belles-abbayes-de-wallonie\/wp-content\/uploads\/sites\/60\/2018\/12\/20180924abbaye09Floreffe-4.jpg\" data-bg=\"f:contain;\" data-no-retina>\n<!--\n\t\t\t\t\t\t\t--><rs-group\n\t\t\t\t\t\t\t\tid=\"slider-2-slide-79-layer-2\" \n\t\t\t\t\t\t\t\tdata-type=\"group\"\n\t\t\t\t\t\t\t\tdata-xy=\"x:c;y:b;\"\n\t\t\t\t\t\t\t\tdata-text=\"l:22;a:inherit;\"\n\t\t\t\t\t\t\t\tdata-dim=\"w:100%;h:200px;\"\n\t\t\t\t\t\t\t\tdata-frame_0=\"tp:600;\"\n\t\t\t\t\t\t\t\tdata-frame_1=\"tp:600;sR:10;\"\n\t\t\t\t\t\t\t\tdata-frame_999=\"o:0;tp:600;st:w;sR:8690;sA:9000;\"\n\t\t\t\t\t\t\t\tstyle=\"z-index:5;\"\n\t\t\t\t\t\t\t><!--\n\t\t\t\t\t\t\t\t--><p\n\t\t\t\t\t\t\t\t\tid=\"slider-2-slide-79-layer-3\" \n\t\t\t\t\t\t\t\t\tclass=\"rs-layer\"\n\t\t\t\t\t\t\t\t\tdata-type=\"text\"\n\t\t\t\t\t\t\t\t\tdata-color=\"#ffffff\"\n\t\t\t\t\t\t\t\t\tdata-rsp_ch=\"on\"\n\t\t\t\t\t\t\t\t\tdata-xy=\"x:c;y:134px;\"\n\t\t\t\t\t\t\t\t\tdata-pos=\"a\"\n\t\t\t\t\t\t\t\t\tdata-text=\"w:normal;l:22;a:inherit;\"\n\t\t\t\t\t\t\t\t\tdata-dim=\"w:1179px;h:45px;\"\n\t\t\t\t\t\t\t\t\tdata-frame_0=\"tp:600;\"\n\t\t\t\t\t\t\t\t\tdata-frame_1=\"tp:600;\"\n\t\t\t\t\t\t\t\t\tdata-frame_999=\"o:0;tp:600;st:w;sR:8690;\"\n\t\t\t\t\t\t\t\t\tstyle=\"z-index:7;font-family:'Raleway';\"\n\t\t\t\t\t\t\t\t>Situ\u00e9e sur un promontoire rocheux dominant la Sambre, l\u2019abbaye de Floreffe a \u00e9t\u00e9 cr\u00e9\u00e9e vers 1122. Elle est \u00e0 l\u2019origine de la cr\u00e9ation de 7 h\u00f4pitaux et hospices, 8 couvent ainsi que du prieur\u00e9 de Leffe.  \n\t\t\t\t\t\t\t\t<\/p><!--\n\n\t\t\t\t\t\t\t\t--><rs-layer\n\t\t\t\t\t\t\t\t\tid=\"slider-2-slide-79-layer-1\" \n\t\t\t\t\t\t\t\t\tclass=\"tp-shape tp-shapewrapper\"\n\t\t\t\t\t\t\t\t\tdata-type=\"shape\"\n\t\t\t\t\t\t\t\t\tdata-rsp_ch=\"on\"\n\t\t\t\t\t\t\t\t\tdata-xy=\"x:c;y:b;\"\n\t\t\t\t\t\t\t\t\tdata-pos=\"a\"\n\t\t\t\t\t\t\t\t\tdata-text=\"fw:100;a:inherit;\"\n\t\t\t\t\t\t\t\t\tdata-dim=\"w:100%;h:82px;\"\n\t\t\t\t\t\t\t\t\tdata-frame_0=\"tp:600;\"\n\t\t\t\t\t\t\t\t\tdata-frame_1=\"tp:600;\"\n\t\t\t\t\t\t\t\t\tdata-frame_999=\"o:0;tp:600;st:w;sR:8690;\"\n\t\t\t\t\t\t\t\t\tstyle=\"z-index:6;background-color:rgba(0,0,0,0.75);\"\n\t\t\t\t\t\t\t\t> \n\t\t\t\t\t\t\t\t<\/rs-layer><!--\n\t\t\t\t\t\t\t--><\/rs-group><!--\n-->\t\t\t\t\t<\/rs-slide>\n\t\t\t\t\t\t<rs-slide style=\"position: absolute;\" data-key=\"rs-80\" data-title=\"leffe\" data-thumb=\"\/\/grand-angle.lavenir.net\/a-la-decouverte-des-plus-belles-abbayes-de-wallonie\/wp-content\/uploads\/sites\/60\/2018\/12\/20180924abbaye10Leffe-7.jpg\" data-anim=\"adpr:false;\">\n\t\t\t\t\t\t\t<img decoding=\"async\" src=\"\/\/grand-angle.lavenir.net\/a-la-decouverte-des-plus-belles-abbayes-de-wallonie\/wp-content\/plugins\/revslider\/sr6\/assets\/assets\/dummy.png\" alt=\"\" title=\"20180924abbaye10Leffe-7\" width=\"1900\" height=\"1267\" class=\"rev-slidebg tp-rs-img rs-lazyload\" data-lazyload=\"\/\/grand-angle.lavenir.net\/a-la-decouverte-des-plus-belles-abbayes-de-wallonie\/wp-content\/uploads\/sites\/60\/2018\/12\/20180924abbaye10Leffe-7.jpg\" data-bg=\"f:contain;\" data-no-retina>\n<!--\n\t\t\t\t\t\t\t--><rs-group\n\t\t\t\t\t\t\t\tid=\"slider-2-slide-80-layer-2\" \n\t\t\t\t\t\t\t\tdata-type=\"group\"\n\t\t\t\t\t\t\t\tdata-xy=\"x:c;y:b;\"\n\t\t\t\t\t\t\t\tdata-text=\"l:22;a:inherit;\"\n\t\t\t\t\t\t\t\tdata-dim=\"w:100%;h:200px;\"\n\t\t\t\t\t\t\t\tdata-frame_0=\"tp:600;\"\n\t\t\t\t\t\t\t\tdata-frame_1=\"tp:600;sR:10;\"\n\t\t\t\t\t\t\t\tdata-frame_999=\"o:0;tp:600;st:w;sR:8690;sA:9000;\"\n\t\t\t\t\t\t\t\tstyle=\"z-index:5;\"\n\t\t\t\t\t\t\t><!--\n\t\t\t\t\t\t\t\t--><p\n\t\t\t\t\t\t\t\t\tid=\"slider-2-slide-80-layer-3\" \n\t\t\t\t\t\t\t\t\tclass=\"rs-layer\"\n\t\t\t\t\t\t\t\t\tdata-type=\"text\"\n\t\t\t\t\t\t\t\t\tdata-color=\"#ffffff\"\n\t\t\t\t\t\t\t\t\tdata-rsp_ch=\"on\"\n\t\t\t\t\t\t\t\t\tdata-xy=\"x:c;y:134px;\"\n\t\t\t\t\t\t\t\t\tdata-pos=\"a\"\n\t\t\t\t\t\t\t\t\tdata-text=\"w:normal;l:22;a:inherit;\"\n\t\t\t\t\t\t\t\t\tdata-dim=\"w:1179px;h:45px;\"\n\t\t\t\t\t\t\t\t\tdata-frame_0=\"tp:600;\"\n\t\t\t\t\t\t\t\t\tdata-frame_1=\"tp:600;\"\n\t\t\t\t\t\t\t\t\tdata-frame_999=\"o:0;tp:600;st:w;sR:8990;\"\n\t\t\t\t\t\t\t\t\tstyle=\"z-index:7;font-family:'Raleway';\"\n\t\t\t\t\t\t\t\t>L\u2019histoire de l\u2019abbaye pr\u00e9montr\u00e9e Notre-Dame de Leffe (Dinant) remonte \u00e0 1152. Elle propose un b\u00e2ti remarquable. Restaur\u00e9e apr\u00e8s un incendie, l\u2019abbaye accueille un d\u00e9p\u00f4t permanent d\u2019oeuvres d\u2019art appartenant aux Mus\u00e9es royaux du Cinquantenaire. \n\t\t\t\t\t\t\t\t<\/p><!--\n\n\t\t\t\t\t\t\t\t--><rs-layer\n\t\t\t\t\t\t\t\t\tid=\"slider-2-slide-80-layer-1\" \n\t\t\t\t\t\t\t\t\tclass=\"tp-shape tp-shapewrapper\"\n\t\t\t\t\t\t\t\t\tdata-type=\"shape\"\n\t\t\t\t\t\t\t\t\tdata-rsp_ch=\"on\"\n\t\t\t\t\t\t\t\t\tdata-xy=\"x:c;y:b;\"\n\t\t\t\t\t\t\t\t\tdata-pos=\"a\"\n\t\t\t\t\t\t\t\t\tdata-text=\"fw:100;a:inherit;\"\n\t\t\t\t\t\t\t\t\tdata-dim=\"w:100%;h:82px;\"\n\t\t\t\t\t\t\t\t\tdata-frame_0=\"tp:600;\"\n\t\t\t\t\t\t\t\t\tdata-frame_1=\"tp:600;\"\n\t\t\t\t\t\t\t\t\tdata-frame_999=\"o:0;tp:600;st:w;sR:8690;\"\n\t\t\t\t\t\t\t\t\tstyle=\"z-index:6;background-color:rgba(0,0,0,0.75);\"\n\t\t\t\t\t\t\t\t> \n\t\t\t\t\t\t\t\t<\/rs-layer><!--\n\t\t\t\t\t\t\t--><\/rs-group><!--\n-->\t\t\t\t\t<\/rs-slide>\n\t\t\t\t\t\t<rs-slide style=\"position: absolute;\" data-key=\"rs-81\" data-title=\"leffe-2\" data-thumb=\"\/\/grand-angle.lavenir.net\/a-la-decouverte-des-plus-belles-abbayes-de-wallonie\/wp-content\/uploads\/sites\/60\/2018\/12\/20180924abbaye10Leffe-4.jpg\" data-anim=\"adpr:false;\">\n\t\t\t\t\t\t\t<img decoding=\"async\" src=\"\/\/grand-angle.lavenir.net\/a-la-decouverte-des-plus-belles-abbayes-de-wallonie\/wp-content\/plugins\/revslider\/sr6\/assets\/assets\/dummy.png\" alt=\"\" title=\"20180924abbaye10Leffe-4\" width=\"1900\" height=\"1267\" class=\"rev-slidebg tp-rs-img rs-lazyload\" data-lazyload=\"\/\/grand-angle.lavenir.net\/a-la-decouverte-des-plus-belles-abbayes-de-wallonie\/wp-content\/uploads\/sites\/60\/2018\/12\/20180924abbaye10Leffe-4.jpg\" data-bg=\"f:contain;\" data-no-retina>\n<!--\n\t\t\t\t\t\t\t--><rs-group\n\t\t\t\t\t\t\t\tid=\"slider-2-slide-81-layer-2\" \n\t\t\t\t\t\t\t\tdata-type=\"group\"\n\t\t\t\t\t\t\t\tdata-xy=\"x:c;y:b;\"\n\t\t\t\t\t\t\t\tdata-text=\"l:22;a:inherit;\"\n\t\t\t\t\t\t\t\tdata-dim=\"w:100%;h:200px;\"\n\t\t\t\t\t\t\t\tdata-frame_0=\"tp:600;\"\n\t\t\t\t\t\t\t\tdata-frame_1=\"tp:600;sR:10;\"\n\t\t\t\t\t\t\t\tdata-frame_999=\"o:0;tp:600;st:w;sR:8690;sA:9000;\"\n\t\t\t\t\t\t\t\tstyle=\"z-index:5;\"\n\t\t\t\t\t\t\t><!--\n\t\t\t\t\t\t\t\t--><p\n\t\t\t\t\t\t\t\t\tid=\"slider-2-slide-81-layer-3\" \n\t\t\t\t\t\t\t\t\tclass=\"rs-layer\"\n\t\t\t\t\t\t\t\t\tdata-type=\"text\"\n\t\t\t\t\t\t\t\t\tdata-color=\"#ffffff\"\n\t\t\t\t\t\t\t\t\tdata-rsp_ch=\"on\"\n\t\t\t\t\t\t\t\t\tdata-xy=\"x:c;y:134px;\"\n\t\t\t\t\t\t\t\t\tdata-pos=\"a\"\n\t\t\t\t\t\t\t\t\tdata-text=\"w:normal;l:22;a:inherit;\"\n\t\t\t\t\t\t\t\t\tdata-dim=\"w:1179px;h:45px;\"\n\t\t\t\t\t\t\t\t\tdata-frame_0=\"tp:600;\"\n\t\t\t\t\t\t\t\t\tdata-frame_1=\"tp:600;\"\n\t\t\t\t\t\t\t\t\tdata-frame_999=\"o:0;tp:600;st:w;sR:8690;\"\n\t\t\t\t\t\t\t\t\tstyle=\"z-index:7;font-family:'Raleway';\"\n\t\t\t\t\t\t\t\t>L\u2019histoire de l\u2019abbaye pr\u00e9montr\u00e9e Notre-Dame de Leffe (Dinant) remonte \u00e0 1152. Elle propose un b\u00e2ti remarquable. Restaur\u00e9e apr\u00e8s un incendie, l\u2019abbaye accueille un d\u00e9p\u00f4t permanent d\u2019oeuvres d\u2019art appartenant aux Mus\u00e9es royaux du Cinquantenaire. \n\t\t\t\t\t\t\t\t<\/p><!--\n\n\t\t\t\t\t\t\t\t--><rs-layer\n\t\t\t\t\t\t\t\t\tid=\"slider-2-slide-81-layer-1\" \n\t\t\t\t\t\t\t\t\tclass=\"tp-shape tp-shapewrapper\"\n\t\t\t\t\t\t\t\t\tdata-type=\"shape\"\n\t\t\t\t\t\t\t\t\tdata-rsp_ch=\"on\"\n\t\t\t\t\t\t\t\t\tdata-xy=\"x:c;y:b;\"\n\t\t\t\t\t\t\t\t\tdata-pos=\"a\"\n\t\t\t\t\t\t\t\t\tdata-text=\"fw:100;a:inherit;\"\n\t\t\t\t\t\t\t\t\tdata-dim=\"w:100%;h:82px;\"\n\t\t\t\t\t\t\t\t\tdata-frame_0=\"tp:600;\"\n\t\t\t\t\t\t\t\t\tdata-frame_1=\"tp:600;\"\n\t\t\t\t\t\t\t\t\tdata-frame_999=\"o:0;tp:600;st:w;sR:8690;\"\n\t\t\t\t\t\t\t\t\tstyle=\"z-index:6;background-color:rgba(0,0,0,0.75);\"\n\t\t\t\t\t\t\t\t> \n\t\t\t\t\t\t\t\t<\/rs-layer><!--\n\t\t\t\t\t\t\t--><\/rs-group><!--\n-->\t\t\t\t\t<\/rs-slide>\n\t\t\t\t\t\t<rs-slide style=\"position: absolute;\" data-key=\"rs-82\" data-title=\"leffe-3\" data-thumb=\"\/\/grand-angle.lavenir.net\/a-la-decouverte-des-plus-belles-abbayes-de-wallonie\/wp-content\/uploads\/sites\/60\/2018\/12\/20180924abbaye10Leffe-3.jpg\" data-anim=\"adpr:false;\">\n\t\t\t\t\t\t\t<img decoding=\"async\" src=\"\/\/grand-angle.lavenir.net\/a-la-decouverte-des-plus-belles-abbayes-de-wallonie\/wp-content\/plugins\/revslider\/sr6\/assets\/assets\/dummy.png\" alt=\"\" title=\"20180924abbaye10Leffe-3\" width=\"1900\" height=\"1267\" class=\"rev-slidebg tp-rs-img rs-lazyload\" data-lazyload=\"\/\/grand-angle.lavenir.net\/a-la-decouverte-des-plus-belles-abbayes-de-wallonie\/wp-content\/uploads\/sites\/60\/2018\/12\/20180924abbaye10Leffe-3.jpg\" data-bg=\"f:contain;\" data-no-retina>\n<!--\n\t\t\t\t\t\t\t--><rs-group\n\t\t\t\t\t\t\t\tid=\"slider-2-slide-82-layer-2\" \n\t\t\t\t\t\t\t\tdata-type=\"group\"\n\t\t\t\t\t\t\t\tdata-xy=\"x:c;y:b;\"\n\t\t\t\t\t\t\t\tdata-text=\"l:22;a:inherit;\"\n\t\t\t\t\t\t\t\tdata-dim=\"w:100%;h:200px;\"\n\t\t\t\t\t\t\t\tdata-frame_0=\"tp:600;\"\n\t\t\t\t\t\t\t\tdata-frame_1=\"tp:600;sR:10;\"\n\t\t\t\t\t\t\t\tdata-frame_999=\"o:0;tp:600;st:w;sR:8690;sA:9000;\"\n\t\t\t\t\t\t\t\tstyle=\"z-index:5;\"\n\t\t\t\t\t\t\t><!--\n\t\t\t\t\t\t\t\t--><p\n\t\t\t\t\t\t\t\t\tid=\"slider-2-slide-82-layer-3\" \n\t\t\t\t\t\t\t\t\tclass=\"rs-layer\"\n\t\t\t\t\t\t\t\t\tdata-type=\"text\"\n\t\t\t\t\t\t\t\t\tdata-color=\"#ffffff\"\n\t\t\t\t\t\t\t\t\tdata-rsp_ch=\"on\"\n\t\t\t\t\t\t\t\t\tdata-xy=\"x:c;y:134px;\"\n\t\t\t\t\t\t\t\t\tdata-pos=\"a\"\n\t\t\t\t\t\t\t\t\tdata-text=\"w:normal;l:22;a:inherit;\"\n\t\t\t\t\t\t\t\t\tdata-dim=\"w:1179px;h:45px;\"\n\t\t\t\t\t\t\t\t\tdata-frame_0=\"tp:600;\"\n\t\t\t\t\t\t\t\t\tdata-frame_1=\"tp:600;\"\n\t\t\t\t\t\t\t\t\tdata-frame_999=\"o:0;tp:600;st:w;sR:8690;\"\n\t\t\t\t\t\t\t\t\tstyle=\"z-index:7;font-family:'Raleway';\"\n\t\t\t\t\t\t\t\t>L\u2019histoire de l\u2019abbaye pr\u00e9montr\u00e9e Notre-Dame de Leffe (Dinant) remonte \u00e0 1152. Elle propose un b\u00e2ti remarquable. Restaur\u00e9e apr\u00e8s un incendie, l\u2019abbaye accueille un d\u00e9p\u00f4t permanent d\u2019oeuvres d\u2019art appartenant aux Mus\u00e9es royaux du Cinquantenaire. \n\t\t\t\t\t\t\t\t<\/p><!--\n\n\t\t\t\t\t\t\t\t--><rs-layer\n\t\t\t\t\t\t\t\t\tid=\"slider-2-slide-82-layer-1\" \n\t\t\t\t\t\t\t\t\tclass=\"tp-shape tp-shapewrapper\"\n\t\t\t\t\t\t\t\t\tdata-type=\"shape\"\n\t\t\t\t\t\t\t\t\tdata-rsp_ch=\"on\"\n\t\t\t\t\t\t\t\t\tdata-xy=\"x:c;y:b;\"\n\t\t\t\t\t\t\t\t\tdata-pos=\"a\"\n\t\t\t\t\t\t\t\t\tdata-text=\"fw:100;a:inherit;\"\n\t\t\t\t\t\t\t\t\tdata-dim=\"w:100%;h:82px;\"\n\t\t\t\t\t\t\t\t\tdata-frame_0=\"tp:600;\"\n\t\t\t\t\t\t\t\t\tdata-frame_1=\"tp:600;\"\n\t\t\t\t\t\t\t\t\tdata-frame_999=\"o:0;tp:600;st:w;sR:8690;\"\n\t\t\t\t\t\t\t\t\tstyle=\"z-index:6;background-color:rgba(0,0,0,0.75);\"\n\t\t\t\t\t\t\t\t> \n\t\t\t\t\t\t\t\t<\/rs-layer><!--\n\t\t\t\t\t\t\t--><\/rs-group><!--\n-->\t\t\t\t\t<\/rs-slide>\n\t\t\t\t\t\t<rs-slide style=\"position: absolute;\" data-key=\"rs-83\" data-title=\"malonne\" data-thumb=\"\/\/grand-angle.lavenir.net\/a-la-decouverte-des-plus-belles-abbayes-de-wallonie\/wp-content\/uploads\/sites\/60\/2018\/12\/20180924abbaye11Malonne-6.jpg\" data-anim=\"adpr:false;\">\n\t\t\t\t\t\t\t<img decoding=\"async\" src=\"\/\/grand-angle.lavenir.net\/a-la-decouverte-des-plus-belles-abbayes-de-wallonie\/wp-content\/plugins\/revslider\/sr6\/assets\/assets\/dummy.png\" alt=\"\" title=\"20180924abbaye11Malonne-6\" width=\"1900\" height=\"1267\" class=\"rev-slidebg tp-rs-img rs-lazyload\" data-lazyload=\"\/\/grand-angle.lavenir.net\/a-la-decouverte-des-plus-belles-abbayes-de-wallonie\/wp-content\/uploads\/sites\/60\/2018\/12\/20180924abbaye11Malonne-6.jpg\" data-bg=\"f:contain;\" data-no-retina>\n<!--\n\t\t\t\t\t\t\t--><rs-group\n\t\t\t\t\t\t\t\tid=\"slider-2-slide-83-layer-2\" \n\t\t\t\t\t\t\t\tdata-type=\"group\"\n\t\t\t\t\t\t\t\tdata-xy=\"x:c;y:b;\"\n\t\t\t\t\t\t\t\tdata-text=\"l:22;a:inherit;\"\n\t\t\t\t\t\t\t\tdata-dim=\"w:100%;h:200px;\"\n\t\t\t\t\t\t\t\tdata-frame_0=\"tp:600;\"\n\t\t\t\t\t\t\t\tdata-frame_1=\"tp:600;sR:10;\"\n\t\t\t\t\t\t\t\tdata-frame_999=\"o:0;tp:600;st:w;sR:8690;sA:9000;\"\n\t\t\t\t\t\t\t\tstyle=\"z-index:5;\"\n\t\t\t\t\t\t\t><!--\n\t\t\t\t\t\t\t\t--><p\n\t\t\t\t\t\t\t\t\tid=\"slider-2-slide-83-layer-3\" \n\t\t\t\t\t\t\t\t\tclass=\"rs-layer\"\n\t\t\t\t\t\t\t\t\tdata-type=\"text\"\n\t\t\t\t\t\t\t\t\tdata-color=\"#ffffff\"\n\t\t\t\t\t\t\t\t\tdata-rsp_ch=\"on\"\n\t\t\t\t\t\t\t\t\tdata-xy=\"x:c;y:134px;\"\n\t\t\t\t\t\t\t\t\tdata-pos=\"a\"\n\t\t\t\t\t\t\t\t\tdata-text=\"w:normal;l:22;a:inherit;\"\n\t\t\t\t\t\t\t\t\tdata-dim=\"w:1179px;h:45px;\"\n\t\t\t\t\t\t\t\t\tdata-frame_0=\"tp:600;\"\n\t\t\t\t\t\t\t\t\tdata-frame_1=\"tp:600;\"\n\t\t\t\t\t\t\t\t\tdata-frame_999=\"o:0;tp:600;st:w;sR:8990;\"\n\t\t\t\t\t\t\t\t\tstyle=\"z-index:7;font-family:'Raleway';\"\n\t\t\t\t\t\t\t\t>L\u2019abbaye des chanoines de saint Augustin \u00e0 Malonne a \u00e9t\u00e9 fond\u00e9e par un moine \u00e9vang\u00e9lisateur irlandais. Les b\u00e2timents accueilleront la premi\u00e8re \u00e9cole normale de Belgique, en 1840.  \n\t\t\t\t\t\t\t\t<\/p><!--\n\n\t\t\t\t\t\t\t\t--><rs-layer\n\t\t\t\t\t\t\t\t\tid=\"slider-2-slide-83-layer-1\" \n\t\t\t\t\t\t\t\t\tclass=\"tp-shape tp-shapewrapper\"\n\t\t\t\t\t\t\t\t\tdata-type=\"shape\"\n\t\t\t\t\t\t\t\t\tdata-rsp_ch=\"on\"\n\t\t\t\t\t\t\t\t\tdata-xy=\"x:c;y:b;\"\n\t\t\t\t\t\t\t\t\tdata-pos=\"a\"\n\t\t\t\t\t\t\t\t\tdata-text=\"fw:100;a:inherit;\"\n\t\t\t\t\t\t\t\t\tdata-dim=\"w:100%;h:82px;\"\n\t\t\t\t\t\t\t\t\tdata-frame_0=\"tp:600;\"\n\t\t\t\t\t\t\t\t\tdata-frame_1=\"tp:600;\"\n\t\t\t\t\t\t\t\t\tdata-frame_999=\"o:0;tp:600;st:w;sR:8690;\"\n\t\t\t\t\t\t\t\t\tstyle=\"z-index:6;background-color:rgba(0,0,0,0.75);\"\n\t\t\t\t\t\t\t\t> \n\t\t\t\t\t\t\t\t<\/rs-layer><!--\n\t\t\t\t\t\t\t--><\/rs-group><!--\n-->\t\t\t\t\t<\/rs-slide>\n\t\t\t\t\t\t<rs-slide style=\"position: absolute;\" data-key=\"rs-84\" data-title=\"malonne-2\" data-thumb=\"\/\/grand-angle.lavenir.net\/a-la-decouverte-des-plus-belles-abbayes-de-wallonie\/wp-content\/uploads\/sites\/60\/2018\/12\/20180924abbaye11Malonne-5.jpg\" data-anim=\"adpr:false;\">\n\t\t\t\t\t\t\t<img decoding=\"async\" src=\"\/\/grand-angle.lavenir.net\/a-la-decouverte-des-plus-belles-abbayes-de-wallonie\/wp-content\/plugins\/revslider\/sr6\/assets\/assets\/dummy.png\" alt=\"\" title=\"20180924abbaye11Malonne-5\" width=\"1900\" height=\"1267\" class=\"rev-slidebg tp-rs-img rs-lazyload\" data-lazyload=\"\/\/grand-angle.lavenir.net\/a-la-decouverte-des-plus-belles-abbayes-de-wallonie\/wp-content\/uploads\/sites\/60\/2018\/12\/20180924abbaye11Malonne-5.jpg\" data-bg=\"f:contain;\" data-no-retina>\n<!--\n\t\t\t\t\t\t\t--><rs-group\n\t\t\t\t\t\t\t\tid=\"slider-2-slide-84-layer-2\" \n\t\t\t\t\t\t\t\tdata-type=\"group\"\n\t\t\t\t\t\t\t\tdata-xy=\"x:c;y:b;\"\n\t\t\t\t\t\t\t\tdata-text=\"l:22;a:inherit;\"\n\t\t\t\t\t\t\t\tdata-dim=\"w:100%;h:200px;\"\n\t\t\t\t\t\t\t\tdata-frame_0=\"tp:600;\"\n\t\t\t\t\t\t\t\tdata-frame_1=\"tp:600;sR:10;\"\n\t\t\t\t\t\t\t\tdata-frame_999=\"o:0;tp:600;st:w;sR:8690;sA:9000;\"\n\t\t\t\t\t\t\t\tstyle=\"z-index:5;\"\n\t\t\t\t\t\t\t><!--\n\t\t\t\t\t\t\t\t--><p\n\t\t\t\t\t\t\t\t\tid=\"slider-2-slide-84-layer-3\" \n\t\t\t\t\t\t\t\t\tclass=\"rs-layer\"\n\t\t\t\t\t\t\t\t\tdata-type=\"text\"\n\t\t\t\t\t\t\t\t\tdata-color=\"#ffffff\"\n\t\t\t\t\t\t\t\t\tdata-rsp_ch=\"on\"\n\t\t\t\t\t\t\t\t\tdata-xy=\"x:c;y:134px;\"\n\t\t\t\t\t\t\t\t\tdata-pos=\"a\"\n\t\t\t\t\t\t\t\t\tdata-text=\"w:normal;l:22;a:inherit;\"\n\t\t\t\t\t\t\t\t\tdata-dim=\"w:1179px;h:45px;\"\n\t\t\t\t\t\t\t\t\tdata-frame_0=\"tp:600;\"\n\t\t\t\t\t\t\t\t\tdata-frame_1=\"tp:600;\"\n\t\t\t\t\t\t\t\t\tdata-frame_999=\"o:0;tp:600;st:w;sR:8690;\"\n\t\t\t\t\t\t\t\t\tstyle=\"z-index:7;font-family:'Raleway';\"\n\t\t\t\t\t\t\t\t>L\u2019abbaye des chanoines de saint Augustin \u00e0 Malonne a \u00e9t\u00e9 fond\u00e9e par un moine \u00e9vang\u00e9lisateur irlandais. Les b\u00e2timents accueilleront la premi\u00e8re \u00e9cole normale de Belgique, en 1840.  \n\t\t\t\t\t\t\t\t<\/p><!--\n\n\t\t\t\t\t\t\t\t--><rs-layer\n\t\t\t\t\t\t\t\t\tid=\"slider-2-slide-84-layer-1\" \n\t\t\t\t\t\t\t\t\tclass=\"tp-shape tp-shapewrapper\"\n\t\t\t\t\t\t\t\t\tdata-type=\"shape\"\n\t\t\t\t\t\t\t\t\tdata-rsp_ch=\"on\"\n\t\t\t\t\t\t\t\t\tdata-xy=\"x:c;y:b;\"\n\t\t\t\t\t\t\t\t\tdata-pos=\"a\"\n\t\t\t\t\t\t\t\t\tdata-text=\"fw:100;a:inherit;\"\n\t\t\t\t\t\t\t\t\tdata-dim=\"w:100%;h:82px;\"\n\t\t\t\t\t\t\t\t\tdata-frame_0=\"tp:600;\"\n\t\t\t\t\t\t\t\t\tdata-frame_1=\"tp:600;\"\n\t\t\t\t\t\t\t\t\tdata-frame_999=\"o:0;tp:600;st:w;sR:8690;\"\n\t\t\t\t\t\t\t\t\tstyle=\"z-index:6;background-color:rgba(0,0,0,0.75);\"\n\t\t\t\t\t\t\t\t> \n\t\t\t\t\t\t\t\t<\/rs-layer><!--\n\t\t\t\t\t\t\t--><\/rs-group><!--\n-->\t\t\t\t\t<\/rs-slide>\n\t\t\t\t\t\t<rs-slide style=\"position: absolute;\" data-key=\"rs-85\" data-title=\"malonne-3\" data-thumb=\"\/\/grand-angle.lavenir.net\/a-la-decouverte-des-plus-belles-abbayes-de-wallonie\/wp-content\/uploads\/sites\/60\/2018\/12\/20180924abbaye11Malonne-2.jpg\" data-anim=\"adpr:false;\">\n\t\t\t\t\t\t\t<img decoding=\"async\" src=\"\/\/grand-angle.lavenir.net\/a-la-decouverte-des-plus-belles-abbayes-de-wallonie\/wp-content\/plugins\/revslider\/sr6\/assets\/assets\/dummy.png\" alt=\"\" title=\"20180924abbaye11Malonne-2\" width=\"1267\" height=\"1900\" class=\"rev-slidebg tp-rs-img rs-lazyload\" data-lazyload=\"\/\/grand-angle.lavenir.net\/a-la-decouverte-des-plus-belles-abbayes-de-wallonie\/wp-content\/uploads\/sites\/60\/2018\/12\/20180924abbaye11Malonne-2.jpg\" data-bg=\"f:contain;\" data-no-retina>\n<!--\n\t\t\t\t\t\t\t--><rs-group\n\t\t\t\t\t\t\t\tid=\"slider-2-slide-85-layer-2\" \n\t\t\t\t\t\t\t\tdata-type=\"group\"\n\t\t\t\t\t\t\t\tdata-xy=\"x:c;y:b;\"\n\t\t\t\t\t\t\t\tdata-text=\"l:22;a:inherit;\"\n\t\t\t\t\t\t\t\tdata-dim=\"w:100%;h:200px;\"\n\t\t\t\t\t\t\t\tdata-frame_0=\"tp:600;\"\n\t\t\t\t\t\t\t\tdata-frame_1=\"tp:600;sR:10;\"\n\t\t\t\t\t\t\t\tdata-frame_999=\"o:0;tp:600;st:w;sR:8690;sA:9000;\"\n\t\t\t\t\t\t\t\tstyle=\"z-index:5;\"\n\t\t\t\t\t\t\t><!--\n\t\t\t\t\t\t\t\t--><p\n\t\t\t\t\t\t\t\t\tid=\"slider-2-slide-85-layer-3\" \n\t\t\t\t\t\t\t\t\tclass=\"rs-layer\"\n\t\t\t\t\t\t\t\t\tdata-type=\"text\"\n\t\t\t\t\t\t\t\t\tdata-color=\"#ffffff\"\n\t\t\t\t\t\t\t\t\tdata-rsp_ch=\"on\"\n\t\t\t\t\t\t\t\t\tdata-xy=\"x:c;y:134px;\"\n\t\t\t\t\t\t\t\t\tdata-pos=\"a\"\n\t\t\t\t\t\t\t\t\tdata-text=\"w:normal;l:22;a:inherit;\"\n\t\t\t\t\t\t\t\t\tdata-dim=\"w:1179px;h:45px;\"\n\t\t\t\t\t\t\t\t\tdata-frame_0=\"tp:600;\"\n\t\t\t\t\t\t\t\t\tdata-frame_1=\"tp:600;\"\n\t\t\t\t\t\t\t\t\tdata-frame_999=\"o:0;tp:600;st:w;sR:8690;\"\n\t\t\t\t\t\t\t\t\tstyle=\"z-index:7;font-family:'Raleway';\"\n\t\t\t\t\t\t\t\t>L\u2019abbaye des chanoines de saint Augustin \u00e0 Malonne a \u00e9t\u00e9 fond\u00e9e par un moine \u00e9vang\u00e9lisateur irlandais. Les b\u00e2timents accueilleront la premi\u00e8re \u00e9cole normale de Belgique, en 1840.  \n\t\t\t\t\t\t\t\t<\/p><!--\n\n\t\t\t\t\t\t\t\t--><rs-layer\n\t\t\t\t\t\t\t\t\tid=\"slider-2-slide-85-layer-1\" \n\t\t\t\t\t\t\t\t\tclass=\"tp-shape tp-shapewrapper\"\n\t\t\t\t\t\t\t\t\tdata-type=\"shape\"\n\t\t\t\t\t\t\t\t\tdata-rsp_ch=\"on\"\n\t\t\t\t\t\t\t\t\tdata-xy=\"x:c;y:b;\"\n\t\t\t\t\t\t\t\t\tdata-pos=\"a\"\n\t\t\t\t\t\t\t\t\tdata-text=\"fw:100;a:inherit;\"\n\t\t\t\t\t\t\t\t\tdata-dim=\"w:100%;h:82px;\"\n\t\t\t\t\t\t\t\t\tdata-frame_0=\"tp:600;\"\n\t\t\t\t\t\t\t\t\tdata-frame_1=\"tp:600;\"\n\t\t\t\t\t\t\t\t\tdata-frame_999=\"o:0;tp:600;st:w;sR:8690;\"\n\t\t\t\t\t\t\t\t\tstyle=\"z-index:6;background-color:rgba(0,0,0,0.75);\"\n\t\t\t\t\t\t\t\t> \n\t\t\t\t\t\t\t\t<\/rs-layer><!--\n\t\t\t\t\t\t\t--><\/rs-group><!--\n-->\t\t\t\t\t<\/rs-slide>\n\t\t\t\t\t\t<rs-slide style=\"position: absolute;\" data-key=\"rs-86\" data-title=\"maredsous\" data-thumb=\"\/\/grand-angle.lavenir.net\/a-la-decouverte-des-plus-belles-abbayes-de-wallonie\/wp-content\/uploads\/sites\/60\/2018\/12\/20180924abbaye12LMaredsou-5.jpg\" data-anim=\"adpr:false;\">\n\t\t\t\t\t\t\t<img decoding=\"async\" src=\"\/\/grand-angle.lavenir.net\/a-la-decouverte-des-plus-belles-abbayes-de-wallonie\/wp-content\/plugins\/revslider\/sr6\/assets\/assets\/dummy.png\" alt=\"\" title=\"20180924abbaye12LMaredsou-5\" width=\"1900\" height=\"1267\" class=\"rev-slidebg tp-rs-img rs-lazyload\" data-lazyload=\"\/\/grand-angle.lavenir.net\/a-la-decouverte-des-plus-belles-abbayes-de-wallonie\/wp-content\/uploads\/sites\/60\/2018\/12\/20180924abbaye12LMaredsou-5.jpg\" data-bg=\"f:contain;\" data-no-retina>\n<!--\n\t\t\t\t\t\t\t--><rs-group\n\t\t\t\t\t\t\t\tid=\"slider-2-slide-86-layer-2\" \n\t\t\t\t\t\t\t\tdata-type=\"group\"\n\t\t\t\t\t\t\t\tdata-xy=\"x:c;y:b;\"\n\t\t\t\t\t\t\t\tdata-text=\"l:22;a:inherit;\"\n\t\t\t\t\t\t\t\tdata-dim=\"w:100%;h:200px;\"\n\t\t\t\t\t\t\t\tdata-frame_0=\"tp:600;\"\n\t\t\t\t\t\t\t\tdata-frame_1=\"tp:600;sR:10;\"\n\t\t\t\t\t\t\t\tdata-frame_999=\"o:0;tp:600;st:w;sR:8690;sA:9000;\"\n\t\t\t\t\t\t\t\tstyle=\"z-index:5;\"\n\t\t\t\t\t\t\t><!--\n\t\t\t\t\t\t\t\t--><p\n\t\t\t\t\t\t\t\t\tid=\"slider-2-slide-86-layer-3\" \n\t\t\t\t\t\t\t\t\tclass=\"rs-layer\"\n\t\t\t\t\t\t\t\t\tdata-type=\"text\"\n\t\t\t\t\t\t\t\t\tdata-color=\"#ffffff\"\n\t\t\t\t\t\t\t\t\tdata-rsp_ch=\"on\"\n\t\t\t\t\t\t\t\t\tdata-xy=\"x:c;y:127px;\"\n\t\t\t\t\t\t\t\t\tdata-pos=\"a\"\n\t\t\t\t\t\t\t\t\tdata-text=\"w:normal;l:22;a:inherit;\"\n\t\t\t\t\t\t\t\t\tdata-dim=\"w:1179px;h:45px;\"\n\t\t\t\t\t\t\t\t\tdata-frame_0=\"tp:600;\"\n\t\t\t\t\t\t\t\t\tdata-frame_1=\"tp:600;\"\n\t\t\t\t\t\t\t\t\tdata-frame_999=\"o:0;tp:600;st:w;sR:8990;\"\n\t\t\t\t\t\t\t\t\tstyle=\"z-index:7;font-family:'Raleway';\"\n\t\t\t\t\t\t\t\t>Chef-d\u2019oeuvre du style gothique belge, notamment avec son imposante \u00e9glise abbatiale, la construction de l\u2019abbaye de Maredsous (sur la commune d\u2019Anh\u00e9e) a d\u00e9but\u00e9 en 1872. Depuis 2016, le \u201cpetit mus\u00e9e de la fromagerie de Maredsous\u201d a ouvert ses portes au public. \n\t\t\t\t\t\t\t\t<\/p><!--\n\n\t\t\t\t\t\t\t\t--><rs-layer\n\t\t\t\t\t\t\t\t\tid=\"slider-2-slide-86-layer-1\" \n\t\t\t\t\t\t\t\t\tclass=\"tp-shape tp-shapewrapper\"\n\t\t\t\t\t\t\t\t\tdata-type=\"shape\"\n\t\t\t\t\t\t\t\t\tdata-rsp_ch=\"on\"\n\t\t\t\t\t\t\t\t\tdata-xy=\"x:c;y:b;\"\n\t\t\t\t\t\t\t\t\tdata-pos=\"a\"\n\t\t\t\t\t\t\t\t\tdata-text=\"fw:100;a:inherit;\"\n\t\t\t\t\t\t\t\t\tdata-dim=\"w:100%;h:82px;\"\n\t\t\t\t\t\t\t\t\tdata-frame_0=\"tp:600;\"\n\t\t\t\t\t\t\t\t\tdata-frame_1=\"tp:600;\"\n\t\t\t\t\t\t\t\t\tdata-frame_999=\"o:0;tp:600;st:w;sR:8690;\"\n\t\t\t\t\t\t\t\t\tstyle=\"z-index:6;background-color:rgba(0,0,0,0.75);\"\n\t\t\t\t\t\t\t\t> \n\t\t\t\t\t\t\t\t<\/rs-layer><!--\n\t\t\t\t\t\t\t--><\/rs-group><!--\n-->\t\t\t\t\t<\/rs-slide>\n\t\t\t\t\t\t<rs-slide style=\"position: absolute;\" data-key=\"rs-87\" data-title=\"maredsous-2\" data-thumb=\"\/\/grand-angle.lavenir.net\/a-la-decouverte-des-plus-belles-abbayes-de-wallonie\/wp-content\/uploads\/sites\/60\/2018\/12\/20180924abbaye12LMaredsou-7.jpg\" data-anim=\"adpr:false;\">\n\t\t\t\t\t\t\t<img decoding=\"async\" src=\"\/\/grand-angle.lavenir.net\/a-la-decouverte-des-plus-belles-abbayes-de-wallonie\/wp-content\/plugins\/revslider\/sr6\/assets\/assets\/dummy.png\" alt=\"\" title=\"20180924abbaye12LMaredsou-7\" width=\"1900\" height=\"1267\" class=\"rev-slidebg tp-rs-img rs-lazyload\" data-lazyload=\"\/\/grand-angle.lavenir.net\/a-la-decouverte-des-plus-belles-abbayes-de-wallonie\/wp-content\/uploads\/sites\/60\/2018\/12\/20180924abbaye12LMaredsou-7.jpg\" data-bg=\"f:contain;\" data-no-retina>\n<!--\n\t\t\t\t\t\t\t--><rs-group\n\t\t\t\t\t\t\t\tid=\"slider-2-slide-87-layer-2\" \n\t\t\t\t\t\t\t\tdata-type=\"group\"\n\t\t\t\t\t\t\t\tdata-xy=\"x:c;y:b;\"\n\t\t\t\t\t\t\t\tdata-text=\"l:22;a:inherit;\"\n\t\t\t\t\t\t\t\tdata-dim=\"w:100%;h:200px;\"\n\t\t\t\t\t\t\t\tdata-frame_0=\"tp:600;\"\n\t\t\t\t\t\t\t\tdata-frame_1=\"tp:600;sR:10;\"\n\t\t\t\t\t\t\t\tdata-frame_999=\"o:0;tp:600;st:w;sR:8690;sA:9000;\"\n\t\t\t\t\t\t\t\tstyle=\"z-index:5;\"\n\t\t\t\t\t\t\t><!--\n\t\t\t\t\t\t\t\t--><p\n\t\t\t\t\t\t\t\t\tid=\"slider-2-slide-87-layer-3\" \n\t\t\t\t\t\t\t\t\tclass=\"rs-layer\"\n\t\t\t\t\t\t\t\t\tdata-type=\"text\"\n\t\t\t\t\t\t\t\t\tdata-color=\"#ffffff\"\n\t\t\t\t\t\t\t\t\tdata-rsp_ch=\"on\"\n\t\t\t\t\t\t\t\t\tdata-xy=\"x:c;y:127px;\"\n\t\t\t\t\t\t\t\t\tdata-pos=\"a\"\n\t\t\t\t\t\t\t\t\tdata-text=\"w:normal;l:22;a:inherit;\"\n\t\t\t\t\t\t\t\t\tdata-dim=\"w:1179px;h:45px;\"\n\t\t\t\t\t\t\t\t\tdata-frame_0=\"tp:600;\"\n\t\t\t\t\t\t\t\t\tdata-frame_1=\"tp:600;\"\n\t\t\t\t\t\t\t\t\tdata-frame_999=\"o:0;tp:600;st:w;sR:8990;\"\n\t\t\t\t\t\t\t\t\tstyle=\"z-index:7;font-family:'Raleway';\"\n\t\t\t\t\t\t\t\t>Chef-d\u2019oeuvre du style gothique belge, notamment avec son imposante \u00e9glise abbatiale, la construction de l\u2019abbaye de Maredsous (sur la commune d\u2019Anh\u00e9e) a d\u00e9but\u00e9 en 1872. Depuis 2016, le \u201cpetit mus\u00e9e de la fromagerie de Maredsous\u201d a ouvert ses portes au public. \n\t\t\t\t\t\t\t\t<\/p><!--\n\n\t\t\t\t\t\t\t\t--><rs-layer\n\t\t\t\t\t\t\t\t\tid=\"slider-2-slide-87-layer-1\" \n\t\t\t\t\t\t\t\t\tclass=\"tp-shape tp-shapewrapper\"\n\t\t\t\t\t\t\t\t\tdata-type=\"shape\"\n\t\t\t\t\t\t\t\t\tdata-rsp_ch=\"on\"\n\t\t\t\t\t\t\t\t\tdata-xy=\"x:c;y:b;\"\n\t\t\t\t\t\t\t\t\tdata-pos=\"a\"\n\t\t\t\t\t\t\t\t\tdata-text=\"fw:100;a:inherit;\"\n\t\t\t\t\t\t\t\t\tdata-dim=\"w:100%;h:82px;\"\n\t\t\t\t\t\t\t\t\tdata-frame_0=\"tp:600;\"\n\t\t\t\t\t\t\t\t\tdata-frame_1=\"tp:600;\"\n\t\t\t\t\t\t\t\t\tdata-frame_999=\"o:0;tp:600;st:w;sR:8690;\"\n\t\t\t\t\t\t\t\t\tstyle=\"z-index:6;background-color:rgba(0,0,0,0.75);\"\n\t\t\t\t\t\t\t\t> \n\t\t\t\t\t\t\t\t<\/rs-layer><!--\n\t\t\t\t\t\t\t--><\/rs-group><!--\n-->\t\t\t\t\t<\/rs-slide>\n\t\t\t\t\t\t<rs-slide style=\"position: absolute;\" data-key=\"rs-88\" data-title=\"maredsous-3\" data-thumb=\"\/\/grand-angle.lavenir.net\/a-la-decouverte-des-plus-belles-abbayes-de-wallonie\/wp-content\/uploads\/sites\/60\/2018\/12\/20180924abbaye12LMaredsou-7.jpg\" data-anim=\"adpr:false;\">\n\t\t\t\t\t\t\t<img decoding=\"async\" src=\"\/\/grand-angle.lavenir.net\/a-la-decouverte-des-plus-belles-abbayes-de-wallonie\/wp-content\/plugins\/revslider\/sr6\/assets\/assets\/dummy.png\" alt=\"\" title=\"20180924abbaye12LMaredsou-7\" width=\"1900\" height=\"1267\" class=\"rev-slidebg tp-rs-img rs-lazyload\" data-lazyload=\"\/\/grand-angle.lavenir.net\/a-la-decouverte-des-plus-belles-abbayes-de-wallonie\/wp-content\/uploads\/sites\/60\/2018\/12\/20180924abbaye12LMaredsou-7.jpg\" data-bg=\"f:contain;\" data-no-retina>\n<!--\n\t\t\t\t\t\t\t--><rs-group\n\t\t\t\t\t\t\t\tid=\"slider-2-slide-88-layer-2\" \n\t\t\t\t\t\t\t\tdata-type=\"group\"\n\t\t\t\t\t\t\t\tdata-xy=\"x:c;y:b;\"\n\t\t\t\t\t\t\t\tdata-text=\"l:22;a:inherit;\"\n\t\t\t\t\t\t\t\tdata-dim=\"w:100%;h:200px;\"\n\t\t\t\t\t\t\t\tdata-frame_0=\"tp:600;\"\n\t\t\t\t\t\t\t\tdata-frame_1=\"tp:600;sR:10;\"\n\t\t\t\t\t\t\t\tdata-frame_999=\"o:0;tp:600;st:w;sR:8690;sA:9000;\"\n\t\t\t\t\t\t\t\tstyle=\"z-index:5;\"\n\t\t\t\t\t\t\t><!--\n\t\t\t\t\t\t\t\t--><p\n\t\t\t\t\t\t\t\t\tid=\"slider-2-slide-88-layer-3\" \n\t\t\t\t\t\t\t\t\tclass=\"rs-layer\"\n\t\t\t\t\t\t\t\t\tdata-type=\"text\"\n\t\t\t\t\t\t\t\t\tdata-color=\"#ffffff\"\n\t\t\t\t\t\t\t\t\tdata-rsp_ch=\"on\"\n\t\t\t\t\t\t\t\t\tdata-xy=\"x:c;y:127px;\"\n\t\t\t\t\t\t\t\t\tdata-pos=\"a\"\n\t\t\t\t\t\t\t\t\tdata-text=\"w:normal;l:22;a:inherit;\"\n\t\t\t\t\t\t\t\t\tdata-dim=\"w:1179px;h:45px;\"\n\t\t\t\t\t\t\t\t\tdata-frame_0=\"tp:600;\"\n\t\t\t\t\t\t\t\t\tdata-frame_1=\"tp:600;\"\n\t\t\t\t\t\t\t\t\tdata-frame_999=\"o:0;tp:600;st:w;sR:8990;\"\n\t\t\t\t\t\t\t\t\tstyle=\"z-index:7;font-family:'Raleway';\"\n\t\t\t\t\t\t\t\t>Chef-d\u2019oeuvre du style gothique belge, notamment avec son imposante \u00e9glise abbatiale, la construction de l\u2019abbaye de Maredsous (sur la commune d\u2019Anh\u00e9e) a d\u00e9but\u00e9 en 1872. Depuis 2016, le \u201cpetit mus\u00e9e de la fromagerie de Maredsous\u201d a ouvert ses portes au public. \n\t\t\t\t\t\t\t\t<\/p><!--\n\n\t\t\t\t\t\t\t\t--><rs-layer\n\t\t\t\t\t\t\t\t\tid=\"slider-2-slide-88-layer-1\" \n\t\t\t\t\t\t\t\t\tclass=\"tp-shape tp-shapewrapper\"\n\t\t\t\t\t\t\t\t\tdata-type=\"shape\"\n\t\t\t\t\t\t\t\t\tdata-rsp_ch=\"on\"\n\t\t\t\t\t\t\t\t\tdata-xy=\"x:c;y:b;\"\n\t\t\t\t\t\t\t\t\tdata-pos=\"a\"\n\t\t\t\t\t\t\t\t\tdata-text=\"fw:100;a:inherit;\"\n\t\t\t\t\t\t\t\t\tdata-dim=\"w:100%;h:82px;\"\n\t\t\t\t\t\t\t\t\tdata-frame_0=\"tp:600;\"\n\t\t\t\t\t\t\t\t\tdata-frame_1=\"tp:600;\"\n\t\t\t\t\t\t\t\t\tdata-frame_999=\"o:0;tp:600;st:w;sR:8690;\"\n\t\t\t\t\t\t\t\t\tstyle=\"z-index:6;background-color:rgba(0,0,0,0.75);\"\n\t\t\t\t\t\t\t\t> \n\t\t\t\t\t\t\t\t<\/rs-layer><!--\n\t\t\t\t\t\t\t--><\/rs-group><!--\n-->\t\t\t\t\t<\/rs-slide>\n\t\t\t\t\t\t<rs-slide style=\"position: absolute;\" data-key=\"rs-89\" data-title=\"rochefort\" data-thumb=\"\/\/grand-angle.lavenir.net\/a-la-decouverte-des-plus-belles-abbayes-de-wallonie\/wp-content\/uploads\/sites\/60\/2018\/12\/20180924abbaye13Rochefort-2.jpg\" data-anim=\"adpr:false;\">\n\t\t\t\t\t\t\t<img decoding=\"async\" src=\"\/\/grand-angle.lavenir.net\/a-la-decouverte-des-plus-belles-abbayes-de-wallonie\/wp-content\/plugins\/revslider\/sr6\/assets\/assets\/dummy.png\" alt=\"\" title=\"20180924abbaye13Rochefort-2\" width=\"1900\" height=\"1267\" class=\"rev-slidebg tp-rs-img rs-lazyload\" data-lazyload=\"\/\/grand-angle.lavenir.net\/a-la-decouverte-des-plus-belles-abbayes-de-wallonie\/wp-content\/uploads\/sites\/60\/2018\/12\/20180924abbaye13Rochefort-2.jpg\" data-bg=\"f:contain;\" data-no-retina>\n<!--\n\t\t\t\t\t\t\t--><rs-group\n\t\t\t\t\t\t\t\tid=\"slider-2-slide-89-layer-2\" \n\t\t\t\t\t\t\t\tdata-type=\"group\"\n\t\t\t\t\t\t\t\tdata-xy=\"x:c;y:b;\"\n\t\t\t\t\t\t\t\tdata-text=\"l:22;a:inherit;\"\n\t\t\t\t\t\t\t\tdata-dim=\"w:100%;h:200px;\"\n\t\t\t\t\t\t\t\tdata-frame_0=\"tp:600;\"\n\t\t\t\t\t\t\t\tdata-frame_1=\"tp:600;sR:10;\"\n\t\t\t\t\t\t\t\tdata-frame_999=\"o:0;tp:600;st:w;sR:8690;sA:9000;\"\n\t\t\t\t\t\t\t\tstyle=\"z-index:5;\"\n\t\t\t\t\t\t\t><!--\n\t\t\t\t\t\t\t\t--><p\n\t\t\t\t\t\t\t\t\tid=\"slider-2-slide-89-layer-3\" \n\t\t\t\t\t\t\t\t\tclass=\"rs-layer\"\n\t\t\t\t\t\t\t\t\tdata-type=\"text\"\n\t\t\t\t\t\t\t\t\tdata-color=\"#ffffff\"\n\t\t\t\t\t\t\t\t\tdata-rsp_ch=\"on\"\n\t\t\t\t\t\t\t\t\tdata-xy=\"x:c;y:127px;\"\n\t\t\t\t\t\t\t\t\tdata-pos=\"a\"\n\t\t\t\t\t\t\t\t\tdata-text=\"w:normal;l:22;a:inherit;\"\n\t\t\t\t\t\t\t\t\tdata-dim=\"w:1179px;h:45px;\"\n\t\t\t\t\t\t\t\t\tdata-frame_0=\"tp:600;\"\n\t\t\t\t\t\t\t\t\tdata-frame_1=\"tp:600;\"\n\t\t\t\t\t\t\t\t\tdata-frame_999=\"o:0;tp:600;st:w;sR:8690;\"\n\t\t\t\t\t\t\t\t\tstyle=\"z-index:7;font-family:'Raleway';\"\n\t\t\t\t\t\t\t\t>Chef-d\u2019oeuvre du style gothique belge, notamment avec son imposante \u00e9glise abbatiale, la construction de l\u2019abbaye de Maredsous (sur la commune d\u2019Anh\u00e9e) a d\u00e9but\u00e9 en 1872. Depuis 2016, le \u201cpetit mus\u00e9e de la fromagerie de Maredsous\u201d a ouvert ses portes au public. \n\t\t\t\t\t\t\t\t<\/p><!--\n\n\t\t\t\t\t\t\t\t--><rs-layer\n\t\t\t\t\t\t\t\t\tid=\"slider-2-slide-89-layer-1\" \n\t\t\t\t\t\t\t\t\tclass=\"tp-shape tp-shapewrapper\"\n\t\t\t\t\t\t\t\t\tdata-type=\"shape\"\n\t\t\t\t\t\t\t\t\tdata-rsp_ch=\"on\"\n\t\t\t\t\t\t\t\t\tdata-xy=\"x:c;y:b;\"\n\t\t\t\t\t\t\t\t\tdata-pos=\"a\"\n\t\t\t\t\t\t\t\t\tdata-text=\"fw:100;a:inherit;\"\n\t\t\t\t\t\t\t\t\tdata-dim=\"w:100%;h:82px;\"\n\t\t\t\t\t\t\t\t\tdata-frame_0=\"tp:600;\"\n\t\t\t\t\t\t\t\t\tdata-frame_1=\"tp:600;\"\n\t\t\t\t\t\t\t\t\tdata-frame_999=\"o:0;tp:600;st:w;sR:8690;\"\n\t\t\t\t\t\t\t\t\tstyle=\"z-index:6;background-color:rgba(0,0,0,0.75);\"\n\t\t\t\t\t\t\t\t> \n\t\t\t\t\t\t\t\t<\/rs-layer><!--\n\t\t\t\t\t\t\t--><\/rs-group><!--\n-->\t\t\t\t\t<\/rs-slide>\n\t\t\t\t\t\t<rs-slide style=\"position: absolute;\" data-key=\"rs-90\" data-title=\"rochefort-2\" data-thumb=\"\/\/grand-angle.lavenir.net\/a-la-decouverte-des-plus-belles-abbayes-de-wallonie\/wp-content\/uploads\/sites\/60\/2018\/12\/20180924abbaye13Rochefort-4.jpg\" data-anim=\"adpr:false;\">\n\t\t\t\t\t\t\t<img decoding=\"async\" src=\"\/\/grand-angle.lavenir.net\/a-la-decouverte-des-plus-belles-abbayes-de-wallonie\/wp-content\/plugins\/revslider\/sr6\/assets\/assets\/dummy.png\" alt=\"\" title=\"20180924abbaye13Rochefort-4\" width=\"1900\" height=\"1267\" class=\"rev-slidebg tp-rs-img rs-lazyload\" data-lazyload=\"\/\/grand-angle.lavenir.net\/a-la-decouverte-des-plus-belles-abbayes-de-wallonie\/wp-content\/uploads\/sites\/60\/2018\/12\/20180924abbaye13Rochefort-4.jpg\" data-bg=\"f:contain;\" data-no-retina>\n<!--\n\t\t\t\t\t\t\t--><rs-group\n\t\t\t\t\t\t\t\tid=\"slider-2-slide-90-layer-2\" \n\t\t\t\t\t\t\t\tdata-type=\"group\"\n\t\t\t\t\t\t\t\tdata-xy=\"x:c;y:b;\"\n\t\t\t\t\t\t\t\tdata-text=\"l:22;a:inherit;\"\n\t\t\t\t\t\t\t\tdata-dim=\"w:100%;h:200px;\"\n\t\t\t\t\t\t\t\tdata-frame_0=\"tp:600;\"\n\t\t\t\t\t\t\t\tdata-frame_1=\"tp:600;sR:10;\"\n\t\t\t\t\t\t\t\tdata-frame_999=\"o:0;tp:600;st:w;sR:8690;sA:9000;\"\n\t\t\t\t\t\t\t\tstyle=\"z-index:5;\"\n\t\t\t\t\t\t\t><!--\n\t\t\t\t\t\t\t\t--><p\n\t\t\t\t\t\t\t\t\tid=\"slider-2-slide-90-layer-3\" \n\t\t\t\t\t\t\t\t\tclass=\"rs-layer\"\n\t\t\t\t\t\t\t\t\tdata-type=\"text\"\n\t\t\t\t\t\t\t\t\tdata-color=\"#ffffff\"\n\t\t\t\t\t\t\t\t\tdata-rsp_ch=\"on\"\n\t\t\t\t\t\t\t\t\tdata-xy=\"x:c;y:127px;\"\n\t\t\t\t\t\t\t\t\tdata-pos=\"a\"\n\t\t\t\t\t\t\t\t\tdata-text=\"w:normal;l:22;a:inherit;\"\n\t\t\t\t\t\t\t\t\tdata-dim=\"w:1179px;h:45px;\"\n\t\t\t\t\t\t\t\t\tdata-frame_0=\"tp:600;\"\n\t\t\t\t\t\t\t\t\tdata-frame_1=\"tp:600;\"\n\t\t\t\t\t\t\t\t\tdata-frame_999=\"o:0;tp:600;st:w;sR:8690;\"\n\t\t\t\t\t\t\t\t\tstyle=\"z-index:7;font-family:'Raleway';\"\n\t\t\t\t\t\t\t\t>Chef-d\u2019oeuvre du style gothique belge, notamment avec son imposante \u00e9glise abbatiale, la construction de l\u2019abbaye de Maredsous (sur la commune d\u2019Anh\u00e9e) a d\u00e9but\u00e9 en 1872. Depuis 2016, le \u201cpetit mus\u00e9e de la fromagerie de Maredsous\u201d a ouvert ses portes au public. \n\t\t\t\t\t\t\t\t<\/p><!--\n\n\t\t\t\t\t\t\t\t--><rs-layer\n\t\t\t\t\t\t\t\t\tid=\"slider-2-slide-90-layer-1\" \n\t\t\t\t\t\t\t\t\tclass=\"tp-shape tp-shapewrapper\"\n\t\t\t\t\t\t\t\t\tdata-type=\"shape\"\n\t\t\t\t\t\t\t\t\tdata-rsp_ch=\"on\"\n\t\t\t\t\t\t\t\t\tdata-xy=\"x:c;y:b;\"\n\t\t\t\t\t\t\t\t\tdata-pos=\"a\"\n\t\t\t\t\t\t\t\t\tdata-text=\"fw:100;a:inherit;\"\n\t\t\t\t\t\t\t\t\tdata-dim=\"w:100%;h:82px;\"\n\t\t\t\t\t\t\t\t\tdata-frame_0=\"tp:600;\"\n\t\t\t\t\t\t\t\t\tdata-frame_1=\"tp:600;\"\n\t\t\t\t\t\t\t\t\tdata-frame_999=\"o:0;tp:600;st:w;sR:8690;\"\n\t\t\t\t\t\t\t\t\tstyle=\"z-index:6;background-color:rgba(0,0,0,0.75);\"\n\t\t\t\t\t\t\t\t> \n\t\t\t\t\t\t\t\t<\/rs-layer><!--\n\t\t\t\t\t\t\t--><\/rs-group><!--\n-->\t\t\t\t\t<\/rs-slide>\n\t\t\t\t\t\t<rs-slide style=\"position: absolute;\" data-key=\"rs-91\" data-title=\"rochefort-3\" data-thumb=\"\/\/grand-angle.lavenir.net\/a-la-decouverte-des-plus-belles-abbayes-de-wallonie\/wp-content\/uploads\/sites\/60\/2018\/12\/20180924abbaye13Rochefort-12.jpg\" data-anim=\"adpr:false;\">\n\t\t\t\t\t\t\t<img decoding=\"async\" src=\"\/\/grand-angle.lavenir.net\/a-la-decouverte-des-plus-belles-abbayes-de-wallonie\/wp-content\/plugins\/revslider\/sr6\/assets\/assets\/dummy.png\" alt=\"\" title=\"20180924abbaye13Rochefort-12\" width=\"1900\" height=\"1267\" class=\"rev-slidebg tp-rs-img rs-lazyload\" data-lazyload=\"\/\/grand-angle.lavenir.net\/a-la-decouverte-des-plus-belles-abbayes-de-wallonie\/wp-content\/uploads\/sites\/60\/2018\/12\/20180924abbaye13Rochefort-12.jpg\" data-bg=\"f:contain;\" data-no-retina>\n<!--\n\t\t\t\t\t\t\t--><rs-group\n\t\t\t\t\t\t\t\tid=\"slider-2-slide-91-layer-2\" \n\t\t\t\t\t\t\t\tdata-type=\"group\"\n\t\t\t\t\t\t\t\tdata-xy=\"x:c;y:b;\"\n\t\t\t\t\t\t\t\tdata-text=\"l:22;a:inherit;\"\n\t\t\t\t\t\t\t\tdata-dim=\"w:100%;h:200px;\"\n\t\t\t\t\t\t\t\tdata-frame_0=\"tp:600;\"\n\t\t\t\t\t\t\t\tdata-frame_1=\"tp:600;sR:10;\"\n\t\t\t\t\t\t\t\tdata-frame_999=\"o:0;tp:600;st:w;sR:8690;sA:9000;\"\n\t\t\t\t\t\t\t\tstyle=\"z-index:5;\"\n\t\t\t\t\t\t\t><!--\n\t\t\t\t\t\t\t\t--><p\n\t\t\t\t\t\t\t\t\tid=\"slider-2-slide-91-layer-3\" \n\t\t\t\t\t\t\t\t\tclass=\"rs-layer\"\n\t\t\t\t\t\t\t\t\tdata-type=\"text\"\n\t\t\t\t\t\t\t\t\tdata-color=\"#ffffff\"\n\t\t\t\t\t\t\t\t\tdata-rsp_ch=\"on\"\n\t\t\t\t\t\t\t\t\tdata-xy=\"x:c;y:127px;\"\n\t\t\t\t\t\t\t\t\tdata-pos=\"a\"\n\t\t\t\t\t\t\t\t\tdata-text=\"w:normal;l:22;a:inherit;\"\n\t\t\t\t\t\t\t\t\tdata-dim=\"w:1179px;h:45px;\"\n\t\t\t\t\t\t\t\t\tdata-frame_0=\"tp:600;\"\n\t\t\t\t\t\t\t\t\tdata-frame_1=\"tp:600;\"\n\t\t\t\t\t\t\t\t\tdata-frame_999=\"o:0;tp:600;st:w;sR:8690;\"\n\t\t\t\t\t\t\t\t\tstyle=\"z-index:7;font-family:'Raleway';\"\n\t\t\t\t\t\t\t\t>Chef-d\u2019oeuvre du style gothique belge, notamment avec son imposante \u00e9glise abbatiale, la construction de l\u2019abbaye de Maredsous (sur la commune d\u2019Anh\u00e9e) a d\u00e9but\u00e9 en 1872. Depuis 2016, le \u201cpetit mus\u00e9e de la fromagerie de Maredsous\u201d a ouvert ses portes au public. \n\t\t\t\t\t\t\t\t<\/p><!--\n\n\t\t\t\t\t\t\t\t--><rs-layer\n\t\t\t\t\t\t\t\t\tid=\"slider-2-slide-91-layer-1\" \n\t\t\t\t\t\t\t\t\tclass=\"tp-shape tp-shapewrapper\"\n\t\t\t\t\t\t\t\t\tdata-type=\"shape\"\n\t\t\t\t\t\t\t\t\tdata-rsp_ch=\"on\"\n\t\t\t\t\t\t\t\t\tdata-xy=\"x:c;y:b;\"\n\t\t\t\t\t\t\t\t\tdata-pos=\"a\"\n\t\t\t\t\t\t\t\t\tdata-text=\"fw:100;a:inherit;\"\n\t\t\t\t\t\t\t\t\tdata-dim=\"w:100%;h:82px;\"\n\t\t\t\t\t\t\t\t\tdata-frame_0=\"tp:600;\"\n\t\t\t\t\t\t\t\t\tdata-frame_1=\"tp:600;\"\n\t\t\t\t\t\t\t\t\tdata-frame_999=\"o:0;tp:600;st:w;sR:8690;\"\n\t\t\t\t\t\t\t\t\tstyle=\"z-index:6;background-color:rgba(0,0,0,0.75);\"\n\t\t\t\t\t\t\t\t> \n\t\t\t\t\t\t\t\t<\/rs-layer><!--\n\t\t\t\t\t\t\t--><\/rs-group><!--\n-->\t\t\t\t\t<\/rs-slide>\n\t\t\t\t\t\t<rs-slide style=\"position: absolute;\" data-key=\"rs-92\" data-title=\"dieu\" data-thumb=\"\/\/grand-angle.lavenir.net\/a-la-decouverte-des-plus-belles-abbayes-de-wallonie\/wp-content\/uploads\/sites\/60\/2018\/12\/20180924abbaye14ValDieu-8.jpg\" data-anim=\"adpr:false;\">\n\t\t\t\t\t\t\t<img decoding=\"async\" src=\"\/\/grand-angle.lavenir.net\/a-la-decouverte-des-plus-belles-abbayes-de-wallonie\/wp-content\/plugins\/revslider\/sr6\/assets\/assets\/dummy.png\" alt=\"\" title=\"20180924abbaye14ValDieu-8\" width=\"1900\" height=\"1267\" class=\"rev-slidebg tp-rs-img rs-lazyload\" data-lazyload=\"\/\/grand-angle.lavenir.net\/a-la-decouverte-des-plus-belles-abbayes-de-wallonie\/wp-content\/uploads\/sites\/60\/2018\/12\/20180924abbaye14ValDieu-8.jpg\" data-bg=\"f:contain;\" data-no-retina>\n<!--\n\t\t\t\t\t\t\t--><rs-group\n\t\t\t\t\t\t\t\tid=\"slider-2-slide-92-layer-2\" \n\t\t\t\t\t\t\t\tdata-type=\"group\"\n\t\t\t\t\t\t\t\tdata-xy=\"x:c;y:b;\"\n\t\t\t\t\t\t\t\tdata-text=\"l:22;a:inherit;\"\n\t\t\t\t\t\t\t\tdata-dim=\"w:100%;h:200px;\"\n\t\t\t\t\t\t\t\tdata-frame_0=\"tp:600;\"\n\t\t\t\t\t\t\t\tdata-frame_1=\"tp:600;sR:10;\"\n\t\t\t\t\t\t\t\tdata-frame_999=\"o:0;tp:600;st:w;sR:8690;sA:9000;\"\n\t\t\t\t\t\t\t\tstyle=\"z-index:5;\"\n\t\t\t\t\t\t\t><!--\n\t\t\t\t\t\t\t\t--><p\n\t\t\t\t\t\t\t\t\tid=\"slider-2-slide-92-layer-3\" \n\t\t\t\t\t\t\t\t\tclass=\"rs-layer\"\n\t\t\t\t\t\t\t\t\tdata-type=\"text\"\n\t\t\t\t\t\t\t\t\tdata-color=\"#ffffff\"\n\t\t\t\t\t\t\t\t\tdata-rsp_ch=\"on\"\n\t\t\t\t\t\t\t\t\tdata-xy=\"x:c;y:127px;\"\n\t\t\t\t\t\t\t\t\tdata-pos=\"a\"\n\t\t\t\t\t\t\t\t\tdata-text=\"w:normal;l:22;a:inherit;\"\n\t\t\t\t\t\t\t\t\tdata-dim=\"w:1179px;h:45px;\"\n\t\t\t\t\t\t\t\t\tdata-frame_0=\"tp:600;\"\n\t\t\t\t\t\t\t\t\tdata-frame_1=\"tp:600;\"\n\t\t\t\t\t\t\t\t\tdata-frame_999=\"o:0;tp:600;st:w;sR:8990;\"\n\t\t\t\t\t\t\t\t\tstyle=\"z-index:7;font-family:'Raleway';\"\n\t\t\t\t\t\t\t\t>Selon la l\u00e9gende c\u2019est dans la \u201cVall\u00e9e du Diable\u201d (parce qu\u2019inhospitali\u00e8re) que ce sont install\u00e9s des moines venus d\u2019Allemagne pour fonder une abbaye. Ils auraient alors rebaptis\u00e9 les lieux \u201cVall\u00e9e de Dieu\u201d, ce qui donna le nom, plus tard de \u201cVal-Dieu\u201d. \n\t\t\t\t\t\t\t\t<\/p><!--\n\n\t\t\t\t\t\t\t\t--><rs-layer\n\t\t\t\t\t\t\t\t\tid=\"slider-2-slide-92-layer-1\" \n\t\t\t\t\t\t\t\t\tclass=\"tp-shape tp-shapewrapper\"\n\t\t\t\t\t\t\t\t\tdata-type=\"shape\"\n\t\t\t\t\t\t\t\t\tdata-rsp_ch=\"on\"\n\t\t\t\t\t\t\t\t\tdata-xy=\"x:c;y:b;\"\n\t\t\t\t\t\t\t\t\tdata-pos=\"a\"\n\t\t\t\t\t\t\t\t\tdata-text=\"fw:100;a:inherit;\"\n\t\t\t\t\t\t\t\t\tdata-dim=\"w:100%;h:82px;\"\n\t\t\t\t\t\t\t\t\tdata-frame_0=\"tp:600;\"\n\t\t\t\t\t\t\t\t\tdata-frame_1=\"tp:600;\"\n\t\t\t\t\t\t\t\t\tdata-frame_999=\"o:0;tp:600;st:w;sR:8690;\"\n\t\t\t\t\t\t\t\t\tstyle=\"z-index:6;background-color:rgba(0,0,0,0.75);\"\n\t\t\t\t\t\t\t\t> \n\t\t\t\t\t\t\t\t<\/rs-layer><!--\n\t\t\t\t\t\t\t--><\/rs-group><!--\n-->\t\t\t\t\t<\/rs-slide>\n\t\t\t\t\t\t<rs-slide style=\"position: absolute;\" data-key=\"rs-93\" data-title=\"dieu-2\" data-thumb=\"\/\/grand-angle.lavenir.net\/a-la-decouverte-des-plus-belles-abbayes-de-wallonie\/wp-content\/uploads\/sites\/60\/2018\/12\/20180924abbaye14ValDieu-3.jpg\" data-anim=\"adpr:false;\">\n\t\t\t\t\t\t\t<img decoding=\"async\" src=\"\/\/grand-angle.lavenir.net\/a-la-decouverte-des-plus-belles-abbayes-de-wallonie\/wp-content\/plugins\/revslider\/sr6\/assets\/assets\/dummy.png\" alt=\"\" title=\"20180924abbaye14ValDieu-3\" width=\"1267\" height=\"1900\" class=\"rev-slidebg tp-rs-img rs-lazyload\" data-lazyload=\"\/\/grand-angle.lavenir.net\/a-la-decouverte-des-plus-belles-abbayes-de-wallonie\/wp-content\/uploads\/sites\/60\/2018\/12\/20180924abbaye14ValDieu-3.jpg\" data-bg=\"f:contain;\" data-no-retina>\n<!--\n\t\t\t\t\t\t\t--><rs-group\n\t\t\t\t\t\t\t\tid=\"slider-2-slide-93-layer-2\" \n\t\t\t\t\t\t\t\tdata-type=\"group\"\n\t\t\t\t\t\t\t\tdata-xy=\"x:c;y:b;\"\n\t\t\t\t\t\t\t\tdata-text=\"l:22;a:inherit;\"\n\t\t\t\t\t\t\t\tdata-dim=\"w:100%;h:200px;\"\n\t\t\t\t\t\t\t\tdata-frame_0=\"tp:600;\"\n\t\t\t\t\t\t\t\tdata-frame_1=\"tp:600;sR:10;\"\n\t\t\t\t\t\t\t\tdata-frame_999=\"o:0;tp:600;st:w;sR:8690;sA:9000;\"\n\t\t\t\t\t\t\t\tstyle=\"z-index:5;\"\n\t\t\t\t\t\t\t><!--\n\t\t\t\t\t\t\t\t--><p\n\t\t\t\t\t\t\t\t\tid=\"slider-2-slide-93-layer-3\" \n\t\t\t\t\t\t\t\t\tclass=\"rs-layer\"\n\t\t\t\t\t\t\t\t\tdata-type=\"text\"\n\t\t\t\t\t\t\t\t\tdata-color=\"#ffffff\"\n\t\t\t\t\t\t\t\t\tdata-rsp_ch=\"on\"\n\t\t\t\t\t\t\t\t\tdata-xy=\"x:c;y:127px;\"\n\t\t\t\t\t\t\t\t\tdata-pos=\"a\"\n\t\t\t\t\t\t\t\t\tdata-text=\"w:normal;l:22;a:inherit;\"\n\t\t\t\t\t\t\t\t\tdata-dim=\"w:1179px;h:45px;\"\n\t\t\t\t\t\t\t\t\tdata-frame_0=\"tp:600;\"\n\t\t\t\t\t\t\t\t\tdata-frame_1=\"tp:600;\"\n\t\t\t\t\t\t\t\t\tdata-frame_999=\"o:0;tp:600;st:w;sR:8690;\"\n\t\t\t\t\t\t\t\t\tstyle=\"z-index:7;font-family:'Raleway';\"\n\t\t\t\t\t\t\t\t>Selon la l\u00e9gende c\u2019est dans la \u201cVall\u00e9e du Diable\u201d (parce qu\u2019inhospitali\u00e8re) que ce sont install\u00e9s des moines venus d\u2019Allemagne pour fonder une abbaye. Ils auraient alors rebaptis\u00e9 les lieux \u201cVall\u00e9e de Dieu\u201d, ce qui donna le nom, plus tard de \u201cVal-Dieu\u201d. \n\t\t\t\t\t\t\t\t<\/p><!--\n\n\t\t\t\t\t\t\t\t--><rs-layer\n\t\t\t\t\t\t\t\t\tid=\"slider-2-slide-93-layer-1\" \n\t\t\t\t\t\t\t\t\tclass=\"tp-shape tp-shapewrapper\"\n\t\t\t\t\t\t\t\t\tdata-type=\"shape\"\n\t\t\t\t\t\t\t\t\tdata-rsp_ch=\"on\"\n\t\t\t\t\t\t\t\t\tdata-xy=\"x:c;y:b;\"\n\t\t\t\t\t\t\t\t\tdata-pos=\"a\"\n\t\t\t\t\t\t\t\t\tdata-text=\"fw:100;a:inherit;\"\n\t\t\t\t\t\t\t\t\tdata-dim=\"w:100%;h:82px;\"\n\t\t\t\t\t\t\t\t\tdata-frame_0=\"tp:600;\"\n\t\t\t\t\t\t\t\t\tdata-frame_1=\"tp:600;\"\n\t\t\t\t\t\t\t\t\tdata-frame_999=\"o:0;tp:600;st:w;sR:8690;\"\n\t\t\t\t\t\t\t\t\tstyle=\"z-index:6;background-color:rgba(0,0,0,0.75);\"\n\t\t\t\t\t\t\t\t> \n\t\t\t\t\t\t\t\t<\/rs-layer><!--\n\t\t\t\t\t\t\t--><\/rs-group><!--\n-->\t\t\t\t\t<\/rs-slide>\n\t\t\t\t\t\t<rs-slide style=\"position: absolute;\" data-key=\"rs-94\" data-title=\"dieu-3\" data-thumb=\"\/\/grand-angle.lavenir.net\/a-la-decouverte-des-plus-belles-abbayes-de-wallonie\/wp-content\/uploads\/sites\/60\/2018\/12\/20180924abbaye14ValDieu-2.jpg\" data-anim=\"adpr:false;\">\n\t\t\t\t\t\t\t<img decoding=\"async\" src=\"\/\/grand-angle.lavenir.net\/a-la-decouverte-des-plus-belles-abbayes-de-wallonie\/wp-content\/plugins\/revslider\/sr6\/assets\/assets\/dummy.png\" alt=\"\" title=\"20180924abbaye14ValDieu-2\" width=\"1900\" height=\"1267\" class=\"rev-slidebg tp-rs-img rs-lazyload\" data-lazyload=\"\/\/grand-angle.lavenir.net\/a-la-decouverte-des-plus-belles-abbayes-de-wallonie\/wp-content\/uploads\/sites\/60\/2018\/12\/20180924abbaye14ValDieu-2.jpg\" data-bg=\"f:contain;\" data-no-retina>\n<!--\n\t\t\t\t\t\t\t--><rs-group\n\t\t\t\t\t\t\t\tid=\"slider-2-slide-94-layer-2\" \n\t\t\t\t\t\t\t\tdata-type=\"group\"\n\t\t\t\t\t\t\t\tdata-xy=\"x:c;y:b;\"\n\t\t\t\t\t\t\t\tdata-text=\"l:22;a:inherit;\"\n\t\t\t\t\t\t\t\tdata-dim=\"w:100%;h:200px;\"\n\t\t\t\t\t\t\t\tdata-frame_0=\"tp:600;\"\n\t\t\t\t\t\t\t\tdata-frame_1=\"tp:600;sR:10;\"\n\t\t\t\t\t\t\t\tdata-frame_999=\"o:0;tp:600;st:w;sR:8690;sA:9000;\"\n\t\t\t\t\t\t\t\tstyle=\"z-index:5;\"\n\t\t\t\t\t\t\t><!--\n\t\t\t\t\t\t\t\t--><p\n\t\t\t\t\t\t\t\t\tid=\"slider-2-slide-94-layer-3\" \n\t\t\t\t\t\t\t\t\tclass=\"rs-layer\"\n\t\t\t\t\t\t\t\t\tdata-type=\"text\"\n\t\t\t\t\t\t\t\t\tdata-color=\"#ffffff\"\n\t\t\t\t\t\t\t\t\tdata-rsp_ch=\"on\"\n\t\t\t\t\t\t\t\t\tdata-xy=\"x:c;y:127px;\"\n\t\t\t\t\t\t\t\t\tdata-pos=\"a\"\n\t\t\t\t\t\t\t\t\tdata-text=\"w:normal;l:22;a:inherit;\"\n\t\t\t\t\t\t\t\t\tdata-dim=\"w:1179px;h:45px;\"\n\t\t\t\t\t\t\t\t\tdata-frame_0=\"tp:600;\"\n\t\t\t\t\t\t\t\t\tdata-frame_1=\"tp:600;\"\n\t\t\t\t\t\t\t\t\tdata-frame_999=\"o:0;tp:600;st:w;sR:8690;\"\n\t\t\t\t\t\t\t\t\tstyle=\"z-index:7;font-family:'Raleway';\"\n\t\t\t\t\t\t\t\t>Selon la l\u00e9gende c\u2019est dans la \u201cVall\u00e9e du Diable\u201d (parce qu\u2019inhospitali\u00e8re) que ce sont install\u00e9s des moines venus d\u2019Allemagne pour fonder une abbaye. Ils auraient alors rebaptis\u00e9 les lieux \u201cVall\u00e9e de Dieu\u201d, ce qui donna le nom, plus tard de \u201cVal-Dieu\u201d. \n\t\t\t\t\t\t\t\t<\/p><!--\n\n\t\t\t\t\t\t\t\t--><rs-layer\n\t\t\t\t\t\t\t\t\tid=\"slider-2-slide-94-layer-1\" \n\t\t\t\t\t\t\t\t\tclass=\"tp-shape tp-shapewrapper\"\n\t\t\t\t\t\t\t\t\tdata-type=\"shape\"\n\t\t\t\t\t\t\t\t\tdata-rsp_ch=\"on\"\n\t\t\t\t\t\t\t\t\tdata-xy=\"x:c;y:b;\"\n\t\t\t\t\t\t\t\t\tdata-pos=\"a\"\n\t\t\t\t\t\t\t\t\tdata-text=\"fw:100;a:inherit;\"\n\t\t\t\t\t\t\t\t\tdata-dim=\"w:100%;h:82px;\"\n\t\t\t\t\t\t\t\t\tdata-frame_0=\"tp:600;\"\n\t\t\t\t\t\t\t\t\tdata-frame_1=\"tp:600;\"\n\t\t\t\t\t\t\t\t\tdata-frame_999=\"o:0;tp:600;st:w;sR:8690;\"\n\t\t\t\t\t\t\t\t\tstyle=\"z-index:6;background-color:rgba(0,0,0,0.75);\"\n\t\t\t\t\t\t\t\t> \n\t\t\t\t\t\t\t\t<\/rs-layer><!--\n\t\t\t\t\t\t\t--><\/rs-group><!--\n-->\t\t\t\t\t<\/rs-slide>\n\t\t\t\t\t\t<rs-slide style=\"position: absolute;\" data-key=\"rs-95\" data-title=\"lambert\" data-thumb=\"\/\/grand-angle.lavenir.net\/a-la-decouverte-des-plus-belles-abbayes-de-wallonie\/wp-content\/uploads\/sites\/60\/2018\/12\/20180924abbaye15ValStLambert-2.jpg\" data-anim=\"adpr:false;\">\n\t\t\t\t\t\t\t<img decoding=\"async\" src=\"\/\/grand-angle.lavenir.net\/a-la-decouverte-des-plus-belles-abbayes-de-wallonie\/wp-content\/plugins\/revslider\/sr6\/assets\/assets\/dummy.png\" alt=\"\" title=\"20180924abbaye15ValStLambert-2\" width=\"1900\" height=\"1267\" class=\"rev-slidebg tp-rs-img rs-lazyload\" data-lazyload=\"\/\/grand-angle.lavenir.net\/a-la-decouverte-des-plus-belles-abbayes-de-wallonie\/wp-content\/uploads\/sites\/60\/2018\/12\/20180924abbaye15ValStLambert-2.jpg\" data-bg=\"f:contain;\" data-no-retina>\n<!--\n\t\t\t\t\t\t\t--><rs-group\n\t\t\t\t\t\t\t\tid=\"slider-2-slide-95-layer-2\" \n\t\t\t\t\t\t\t\tdata-type=\"group\"\n\t\t\t\t\t\t\t\tdata-xy=\"x:c;y:b;\"\n\t\t\t\t\t\t\t\tdata-text=\"l:22;a:inherit;\"\n\t\t\t\t\t\t\t\tdata-dim=\"w:100%;h:200px;\"\n\t\t\t\t\t\t\t\tdata-frame_0=\"tp:600;\"\n\t\t\t\t\t\t\t\tdata-frame_1=\"tp:600;sR:10;\"\n\t\t\t\t\t\t\t\tdata-frame_999=\"o:0;tp:600;st:w;sR:8690;sA:9000;\"\n\t\t\t\t\t\t\t\tstyle=\"z-index:5;\"\n\t\t\t\t\t\t\t><!--\n\t\t\t\t\t\t\t\t--><p\n\t\t\t\t\t\t\t\t\tid=\"slider-2-slide-95-layer-3\" \n\t\t\t\t\t\t\t\t\tclass=\"rs-layer\"\n\t\t\t\t\t\t\t\t\tdata-type=\"text\"\n\t\t\t\t\t\t\t\t\tdata-color=\"#ffffff\"\n\t\t\t\t\t\t\t\t\tdata-rsp_ch=\"on\"\n\t\t\t\t\t\t\t\t\tdata-xy=\"x:c;y:128px;\"\n\t\t\t\t\t\t\t\t\tdata-pos=\"a\"\n\t\t\t\t\t\t\t\t\tdata-text=\"w:normal;l:22;a:inherit;\"\n\t\t\t\t\t\t\t\t\tdata-dim=\"w:1179px;h:45px;\"\n\t\t\t\t\t\t\t\t\tdata-frame_0=\"tp:600;\"\n\t\t\t\t\t\t\t\t\tdata-frame_1=\"tp:600;\"\n\t\t\t\t\t\t\t\t\tdata-frame_999=\"o:0;tp:600;st:w;sR:8990;\"\n\t\t\t\t\t\t\t\t\tstyle=\"z-index:7;font-family:'Raleway';\"\n\t\t\t\t\t\t\t\t>L\u2019abbaye du Val Saint-Lambert (Seraing) a \u00e9t\u00e9 fond\u00e9e par des moines fran\u00e7ais en 1201. En 1796, les moines sont expuls\u00e9s et les b\u00e2timents transform\u00e9s en filature de lin. La cristallerie est cr\u00e9\u00e9e en 1825 et comptera jusqu\u2019\u00e0 5.000 ouvriers au d\u00e9but du XX\u00e8me si\u00e8cle. \n\t\t\t\t\t\t\t\t<\/p><!--\n\n\t\t\t\t\t\t\t\t--><rs-layer\n\t\t\t\t\t\t\t\t\tid=\"slider-2-slide-95-layer-1\" \n\t\t\t\t\t\t\t\t\tclass=\"tp-shape tp-shapewrapper\"\n\t\t\t\t\t\t\t\t\tdata-type=\"shape\"\n\t\t\t\t\t\t\t\t\tdata-rsp_ch=\"on\"\n\t\t\t\t\t\t\t\t\tdata-xy=\"x:c;y:b;\"\n\t\t\t\t\t\t\t\t\tdata-pos=\"a\"\n\t\t\t\t\t\t\t\t\tdata-text=\"fw:100;a:inherit;\"\n\t\t\t\t\t\t\t\t\tdata-dim=\"w:100%;h:82px;\"\n\t\t\t\t\t\t\t\t\tdata-frame_0=\"tp:600;\"\n\t\t\t\t\t\t\t\t\tdata-frame_1=\"tp:600;\"\n\t\t\t\t\t\t\t\t\tdata-frame_999=\"o:0;tp:600;st:w;sR:8690;\"\n\t\t\t\t\t\t\t\t\tstyle=\"z-index:6;background-color:rgba(0,0,0,0.75);\"\n\t\t\t\t\t\t\t\t> \n\t\t\t\t\t\t\t\t<\/rs-layer><!--\n\t\t\t\t\t\t\t--><\/rs-group><!--\n-->\t\t\t\t\t<\/rs-slide>\n\t\t\t\t\t\t<rs-slide style=\"position: absolute;\" data-key=\"rs-96\" data-title=\"lambert-2\" data-thumb=\"\/\/grand-angle.lavenir.net\/a-la-decouverte-des-plus-belles-abbayes-de-wallonie\/wp-content\/uploads\/sites\/60\/2018\/12\/20180924abbaye15ValStLambert-5.jpg\" data-anim=\"adpr:false;\">\n\t\t\t\t\t\t\t<img decoding=\"async\" src=\"\/\/grand-angle.lavenir.net\/a-la-decouverte-des-plus-belles-abbayes-de-wallonie\/wp-content\/plugins\/revslider\/sr6\/assets\/assets\/dummy.png\" alt=\"\" title=\"20180924abbaye15ValStLambert-5\" width=\"1900\" height=\"1267\" class=\"rev-slidebg tp-rs-img rs-lazyload\" data-lazyload=\"\/\/grand-angle.lavenir.net\/a-la-decouverte-des-plus-belles-abbayes-de-wallonie\/wp-content\/uploads\/sites\/60\/2018\/12\/20180924abbaye15ValStLambert-5.jpg\" data-bg=\"f:contain;\" data-no-retina>\n<!--\n\t\t\t\t\t\t\t--><rs-group\n\t\t\t\t\t\t\t\tid=\"slider-2-slide-96-layer-2\" \n\t\t\t\t\t\t\t\tdata-type=\"group\"\n\t\t\t\t\t\t\t\tdata-xy=\"x:c;y:b;\"\n\t\t\t\t\t\t\t\tdata-text=\"l:22;a:inherit;\"\n\t\t\t\t\t\t\t\tdata-dim=\"w:100%;h:200px;\"\n\t\t\t\t\t\t\t\tdata-frame_0=\"tp:600;\"\n\t\t\t\t\t\t\t\tdata-frame_1=\"tp:600;sR:10;\"\n\t\t\t\t\t\t\t\tdata-frame_999=\"o:0;tp:600;st:w;sR:8690;sA:9000;\"\n\t\t\t\t\t\t\t\tstyle=\"z-index:5;\"\n\t\t\t\t\t\t\t><!--\n\t\t\t\t\t\t\t\t--><p\n\t\t\t\t\t\t\t\t\tid=\"slider-2-slide-96-layer-3\" \n\t\t\t\t\t\t\t\t\tclass=\"rs-layer\"\n\t\t\t\t\t\t\t\t\tdata-type=\"text\"\n\t\t\t\t\t\t\t\t\tdata-color=\"#ffffff\"\n\t\t\t\t\t\t\t\t\tdata-rsp_ch=\"on\"\n\t\t\t\t\t\t\t\t\tdata-xy=\"x:c;y:128px;\"\n\t\t\t\t\t\t\t\t\tdata-pos=\"a\"\n\t\t\t\t\t\t\t\t\tdata-text=\"w:normal;l:22;a:inherit;\"\n\t\t\t\t\t\t\t\t\tdata-dim=\"w:1179px;h:45px;\"\n\t\t\t\t\t\t\t\t\tdata-frame_0=\"tp:600;\"\n\t\t\t\t\t\t\t\t\tdata-frame_1=\"tp:600;\"\n\t\t\t\t\t\t\t\t\tdata-frame_999=\"o:0;tp:600;st:w;sR:8690;\"\n\t\t\t\t\t\t\t\t\tstyle=\"z-index:7;font-family:'Raleway';\"\n\t\t\t\t\t\t\t\t>L\u2019abbaye du Val Saint-Lambert (Seraing) a \u00e9t\u00e9 fond\u00e9e par des moines fran\u00e7ais en 1201. En 1796, les moines sont expuls\u00e9s et les b\u00e2timents transform\u00e9s en filature de lin. La cristallerie est cr\u00e9\u00e9e en 1825 et comptera jusqu\u2019\u00e0 5.000 ouvriers au d\u00e9but du XX\u00e8me si\u00e8cle. \n\t\t\t\t\t\t\t\t<\/p><!--\n\n\t\t\t\t\t\t\t\t--><rs-layer\n\t\t\t\t\t\t\t\t\tid=\"slider-2-slide-96-layer-1\" \n\t\t\t\t\t\t\t\t\tclass=\"tp-shape tp-shapewrapper\"\n\t\t\t\t\t\t\t\t\tdata-type=\"shape\"\n\t\t\t\t\t\t\t\t\tdata-rsp_ch=\"on\"\n\t\t\t\t\t\t\t\t\tdata-xy=\"x:c;y:b;\"\n\t\t\t\t\t\t\t\t\tdata-pos=\"a\"\n\t\t\t\t\t\t\t\t\tdata-text=\"fw:100;a:inherit;\"\n\t\t\t\t\t\t\t\t\tdata-dim=\"w:100%;h:82px;\"\n\t\t\t\t\t\t\t\t\tdata-frame_0=\"tp:600;\"\n\t\t\t\t\t\t\t\t\tdata-frame_1=\"tp:600;\"\n\t\t\t\t\t\t\t\t\tdata-frame_999=\"o:0;tp:600;st:w;sR:8690;\"\n\t\t\t\t\t\t\t\t\tstyle=\"z-index:6;background-color:rgba(0,0,0,0.75);\"\n\t\t\t\t\t\t\t\t> \n\t\t\t\t\t\t\t\t<\/rs-layer><!--\n\t\t\t\t\t\t\t--><\/rs-group><!--\n-->\t\t\t\t\t<\/rs-slide>\n\t\t\t\t\t\t<rs-slide style=\"position: absolute;\" data-key=\"rs-97\" data-title=\"lambert-3\" data-thumb=\"\/\/grand-angle.lavenir.net\/a-la-decouverte-des-plus-belles-abbayes-de-wallonie\/wp-content\/uploads\/sites\/60\/2018\/12\/20180924abbaye15ValStLambert-8.jpg\" data-anim=\"adpr:false;\">\n\t\t\t\t\t\t\t<img decoding=\"async\" src=\"\/\/grand-angle.lavenir.net\/a-la-decouverte-des-plus-belles-abbayes-de-wallonie\/wp-content\/plugins\/revslider\/sr6\/assets\/assets\/dummy.png\" alt=\"\" title=\"20180924abbaye15ValStLambert-8\" width=\"1900\" height=\"1267\" class=\"rev-slidebg tp-rs-img rs-lazyload\" data-lazyload=\"\/\/grand-angle.lavenir.net\/a-la-decouverte-des-plus-belles-abbayes-de-wallonie\/wp-content\/uploads\/sites\/60\/2018\/12\/20180924abbaye15ValStLambert-8.jpg\" data-bg=\"f:contain;\" data-no-retina>\n<!--\n\t\t\t\t\t\t\t--><rs-group\n\t\t\t\t\t\t\t\tid=\"slider-2-slide-97-layer-2\" \n\t\t\t\t\t\t\t\tdata-type=\"group\"\n\t\t\t\t\t\t\t\tdata-xy=\"x:c;y:b;\"\n\t\t\t\t\t\t\t\tdata-text=\"l:22;a:inherit;\"\n\t\t\t\t\t\t\t\tdata-dim=\"w:100%;h:200px;\"\n\t\t\t\t\t\t\t\tdata-frame_0=\"tp:600;\"\n\t\t\t\t\t\t\t\tdata-frame_1=\"tp:600;sR:10;\"\n\t\t\t\t\t\t\t\tdata-frame_999=\"o:0;tp:600;st:w;sR:8690;sA:9000;\"\n\t\t\t\t\t\t\t\tstyle=\"z-index:5;\"\n\t\t\t\t\t\t\t><!--\n\t\t\t\t\t\t\t\t--><p\n\t\t\t\t\t\t\t\t\tid=\"slider-2-slide-97-layer-3\" \n\t\t\t\t\t\t\t\t\tclass=\"rs-layer\"\n\t\t\t\t\t\t\t\t\tdata-type=\"text\"\n\t\t\t\t\t\t\t\t\tdata-color=\"#ffffff\"\n\t\t\t\t\t\t\t\t\tdata-rsp_ch=\"on\"\n\t\t\t\t\t\t\t\t\tdata-xy=\"x:c;y:128px;\"\n\t\t\t\t\t\t\t\t\tdata-pos=\"a\"\n\t\t\t\t\t\t\t\t\tdata-text=\"w:normal;l:22;a:inherit;\"\n\t\t\t\t\t\t\t\t\tdata-dim=\"w:1179px;h:45px;\"\n\t\t\t\t\t\t\t\t\tdata-frame_0=\"tp:600;\"\n\t\t\t\t\t\t\t\t\tdata-frame_1=\"tp:600;\"\n\t\t\t\t\t\t\t\t\tdata-frame_999=\"o:0;tp:600;st:w;sR:8690;\"\n\t\t\t\t\t\t\t\t\tstyle=\"z-index:7;font-family:'Raleway';\"\n\t\t\t\t\t\t\t\t>L\u2019abbaye du Val Saint-Lambert (Seraing) a \u00e9t\u00e9 fond\u00e9e par des moines fran\u00e7ais en 1201. En 1796, les moines sont expuls\u00e9s et les b\u00e2timents transform\u00e9s en filature de lin. La cristallerie est cr\u00e9\u00e9e en 1825 et comptera jusqu\u2019\u00e0 5.000 ouvriers au d\u00e9but du XX\u00e8me si\u00e8cle. \n\t\t\t\t\t\t\t\t<\/p><!--\n\n\t\t\t\t\t\t\t\t--><rs-layer\n\t\t\t\t\t\t\t\t\tid=\"slider-2-slide-97-layer-1\" \n\t\t\t\t\t\t\t\t\tclass=\"tp-shape tp-shapewrapper\"\n\t\t\t\t\t\t\t\t\tdata-type=\"shape\"\n\t\t\t\t\t\t\t\t\tdata-rsp_ch=\"on\"\n\t\t\t\t\t\t\t\t\tdata-xy=\"x:c;y:b;\"\n\t\t\t\t\t\t\t\t\tdata-pos=\"a\"\n\t\t\t\t\t\t\t\t\tdata-text=\"fw:100;a:inherit;\"\n\t\t\t\t\t\t\t\t\tdata-dim=\"w:100%;h:82px;\"\n\t\t\t\t\t\t\t\t\tdata-frame_0=\"tp:600;\"\n\t\t\t\t\t\t\t\t\tdata-frame_1=\"tp:600;\"\n\t\t\t\t\t\t\t\t\tdata-frame_999=\"o:0;tp:600;st:w;sR:8690;\"\n\t\t\t\t\t\t\t\t\tstyle=\"z-index:6;background-color:rgba(0,0,0,0.75);\"\n\t\t\t\t\t\t\t\t> \n\t\t\t\t\t\t\t\t<\/rs-layer><!--\n\t\t\t\t\t\t\t--><\/rs-group><!--\n-->\t\t\t\t\t<\/rs-slide>\n\t\t\t\t\t\t<rs-slide style=\"position: absolute;\" data-key=\"rs-98\" data-title=\"orval\" data-thumb=\"\/\/grand-angle.lavenir.net\/a-la-decouverte-des-plus-belles-abbayes-de-wallonie\/wp-content\/uploads\/sites\/60\/2018\/12\/20180924abbaye17Orval-4.jpg\" data-anim=\"adpr:false;\">\n\t\t\t\t\t\t\t<img decoding=\"async\" src=\"\/\/grand-angle.lavenir.net\/a-la-decouverte-des-plus-belles-abbayes-de-wallonie\/wp-content\/plugins\/revslider\/sr6\/assets\/assets\/dummy.png\" alt=\"\" title=\"20180924abbaye17Orval-4\" width=\"1900\" height=\"1267\" class=\"rev-slidebg tp-rs-img rs-lazyload\" data-lazyload=\"\/\/grand-angle.lavenir.net\/a-la-decouverte-des-plus-belles-abbayes-de-wallonie\/wp-content\/uploads\/sites\/60\/2018\/12\/20180924abbaye17Orval-4.jpg\" data-bg=\"f:contain;\" data-no-retina>\n<!--\n\t\t\t\t\t\t\t--><rs-group\n\t\t\t\t\t\t\t\tid=\"slider-2-slide-98-layer-2\" \n\t\t\t\t\t\t\t\tdata-type=\"group\"\n\t\t\t\t\t\t\t\tdata-xy=\"x:c;xo:1px;y:b;yo:1px;\"\n\t\t\t\t\t\t\t\tdata-text=\"l:22;a:inherit;\"\n\t\t\t\t\t\t\t\tdata-dim=\"w:100%;h:200px;\"\n\t\t\t\t\t\t\t\tdata-frame_0=\"tp:600;\"\n\t\t\t\t\t\t\t\tdata-frame_1=\"tp:600;sR:10;\"\n\t\t\t\t\t\t\t\tdata-frame_999=\"o:0;tp:600;st:w;sR:8690;sA:9000;\"\n\t\t\t\t\t\t\t\tstyle=\"z-index:5;\"\n\t\t\t\t\t\t\t><!--\n\t\t\t\t\t\t\t\t--><p\n\t\t\t\t\t\t\t\t\tid=\"slider-2-slide-98-layer-3\" \n\t\t\t\t\t\t\t\t\tclass=\"rs-layer\"\n\t\t\t\t\t\t\t\t\tdata-type=\"text\"\n\t\t\t\t\t\t\t\t\tdata-color=\"#ffffff\"\n\t\t\t\t\t\t\t\t\tdata-rsp_ch=\"on\"\n\t\t\t\t\t\t\t\t\tdata-xy=\"x:c;y:128px;\"\n\t\t\t\t\t\t\t\t\tdata-pos=\"a\"\n\t\t\t\t\t\t\t\t\tdata-text=\"w:normal;l:22;a:inherit;\"\n\t\t\t\t\t\t\t\t\tdata-dim=\"w:1179px;h:45px;\"\n\t\t\t\t\t\t\t\t\tdata-frame_0=\"tp:600;\"\n\t\t\t\t\t\t\t\t\tdata-frame_1=\"tp:600;\"\n\t\t\t\t\t\t\t\t\tdata-frame_999=\"o:0;tp:600;st:w;sR:8990;\"\n\t\t\t\t\t\t\t\t\tstyle=\"z-index:7;font-family:'Raleway';\"\n\t\t\t\t\t\t\t\t>L\u2019abbaye d\u2019Orval trouve son origine dans l\u2019arriv\u00e9e d\u2019un groupe de moines italiens en 1070 \u00e0 qui le comte de Chiny c\u00e9da une partie de ses terres. L\u2019abbaye failli dispara\u00eetre suite \u00e0 des tr\u00e8s importantes difficult\u00e9s financi\u00e8res. L\u2019actuelle abbaye est une reconstruction achev\u00e9e en 1948. \n\t\t\t\t\t\t\t\t<\/p><!--\n\n\t\t\t\t\t\t\t\t--><rs-layer\n\t\t\t\t\t\t\t\t\tid=\"slider-2-slide-98-layer-1\" \n\t\t\t\t\t\t\t\t\tclass=\"tp-shape tp-shapewrapper\"\n\t\t\t\t\t\t\t\t\tdata-type=\"shape\"\n\t\t\t\t\t\t\t\t\tdata-rsp_ch=\"on\"\n\t\t\t\t\t\t\t\t\tdata-xy=\"x:c;y:b;\"\n\t\t\t\t\t\t\t\t\tdata-pos=\"a\"\n\t\t\t\t\t\t\t\t\tdata-text=\"fw:100;a:inherit;\"\n\t\t\t\t\t\t\t\t\tdata-dim=\"w:100%;h:82px;\"\n\t\t\t\t\t\t\t\t\tdata-frame_0=\"tp:600;\"\n\t\t\t\t\t\t\t\t\tdata-frame_1=\"tp:600;\"\n\t\t\t\t\t\t\t\t\tdata-frame_999=\"o:0;tp:600;st:w;sR:8690;\"\n\t\t\t\t\t\t\t\t\tstyle=\"z-index:6;background-color:rgba(0,0,0,0.75);\"\n\t\t\t\t\t\t\t\t> \n\t\t\t\t\t\t\t\t<\/rs-layer><!--\n\t\t\t\t\t\t\t--><\/rs-group><!--\n-->\t\t\t\t\t<\/rs-slide>\n\t\t\t\t\t\t<rs-slide style=\"position: absolute;\" data-key=\"rs-99\" data-title=\"orval-2\" data-thumb=\"\/\/grand-angle.lavenir.net\/a-la-decouverte-des-plus-belles-abbayes-de-wallonie\/wp-content\/uploads\/sites\/60\/2018\/12\/20180924abbaye17Orval-1.jpg\" data-anim=\"adpr:false;\">\n\t\t\t\t\t\t\t<img decoding=\"async\" src=\"\/\/grand-angle.lavenir.net\/a-la-decouverte-des-plus-belles-abbayes-de-wallonie\/wp-content\/plugins\/revslider\/sr6\/assets\/assets\/dummy.png\" alt=\"\" title=\"20180924abbaye17Orval-1\" width=\"1900\" height=\"1267\" class=\"rev-slidebg tp-rs-img rs-lazyload\" data-lazyload=\"\/\/grand-angle.lavenir.net\/a-la-decouverte-des-plus-belles-abbayes-de-wallonie\/wp-content\/uploads\/sites\/60\/2018\/12\/20180924abbaye17Orval-1.jpg\" data-bg=\"f:contain;\" data-no-retina>\n<!--\n\t\t\t\t\t\t\t--><rs-group\n\t\t\t\t\t\t\t\tid=\"slider-2-slide-99-layer-2\" \n\t\t\t\t\t\t\t\tdata-type=\"group\"\n\t\t\t\t\t\t\t\tdata-xy=\"x:c;xo:1px;y:b;yo:1px;\"\n\t\t\t\t\t\t\t\tdata-text=\"l:22;a:inherit;\"\n\t\t\t\t\t\t\t\tdata-dim=\"w:100%;h:200px;\"\n\t\t\t\t\t\t\t\tdata-frame_0=\"tp:600;\"\n\t\t\t\t\t\t\t\tdata-frame_1=\"tp:600;sR:10;\"\n\t\t\t\t\t\t\t\tdata-frame_999=\"o:0;tp:600;st:w;sR:8690;sA:9000;\"\n\t\t\t\t\t\t\t\tstyle=\"z-index:5;\"\n\t\t\t\t\t\t\t><!--\n\t\t\t\t\t\t\t\t--><p\n\t\t\t\t\t\t\t\t\tid=\"slider-2-slide-99-layer-3\" \n\t\t\t\t\t\t\t\t\tclass=\"rs-layer\"\n\t\t\t\t\t\t\t\t\tdata-type=\"text\"\n\t\t\t\t\t\t\t\t\tdata-color=\"#ffffff\"\n\t\t\t\t\t\t\t\t\tdata-rsp_ch=\"on\"\n\t\t\t\t\t\t\t\t\tdata-xy=\"x:c;y:128px;\"\n\t\t\t\t\t\t\t\t\tdata-pos=\"a\"\n\t\t\t\t\t\t\t\t\tdata-text=\"w:normal;l:22;a:inherit;\"\n\t\t\t\t\t\t\t\t\tdata-dim=\"w:1179px;h:45px;\"\n\t\t\t\t\t\t\t\t\tdata-frame_0=\"tp:600;\"\n\t\t\t\t\t\t\t\t\tdata-frame_1=\"tp:600;\"\n\t\t\t\t\t\t\t\t\tdata-frame_999=\"o:0;tp:600;st:w;sR:8690;\"\n\t\t\t\t\t\t\t\t\tstyle=\"z-index:7;font-family:'Raleway';\"\n\t\t\t\t\t\t\t\t>L\u2019abbaye d\u2019Orval trouve son origine dans l\u2019arriv\u00e9e d\u2019un groupe de moines italiens en 1070 \u00e0 qui le comte de Chiny c\u00e9da une partie de ses terres. L\u2019abbaye failli dispara\u00eetre suite \u00e0 des tr\u00e8s importantes difficult\u00e9s financi\u00e8res. L\u2019actuelle abbaye est une reconstruction achev\u00e9e en 1948. \n\t\t\t\t\t\t\t\t<\/p><!--\n\n\t\t\t\t\t\t\t\t--><rs-layer\n\t\t\t\t\t\t\t\t\tid=\"slider-2-slide-99-layer-1\" \n\t\t\t\t\t\t\t\t\tclass=\"tp-shape tp-shapewrapper\"\n\t\t\t\t\t\t\t\t\tdata-type=\"shape\"\n\t\t\t\t\t\t\t\t\tdata-rsp_ch=\"on\"\n\t\t\t\t\t\t\t\t\tdata-xy=\"x:c;y:b;\"\n\t\t\t\t\t\t\t\t\tdata-pos=\"a\"\n\t\t\t\t\t\t\t\t\tdata-text=\"fw:100;a:inherit;\"\n\t\t\t\t\t\t\t\t\tdata-dim=\"w:100%;h:82px;\"\n\t\t\t\t\t\t\t\t\tdata-frame_0=\"tp:600;\"\n\t\t\t\t\t\t\t\t\tdata-frame_1=\"tp:600;\"\n\t\t\t\t\t\t\t\t\tdata-frame_999=\"o:0;tp:600;st:w;sR:8690;\"\n\t\t\t\t\t\t\t\t\tstyle=\"z-index:6;background-color:rgba(0,0,0,0.75);\"\n\t\t\t\t\t\t\t\t> \n\t\t\t\t\t\t\t\t<\/rs-layer><!--\n\t\t\t\t\t\t\t--><\/rs-group><!--\n-->\t\t\t\t\t<\/rs-slide>\n\t\t\t\t\t\t<rs-slide style=\"position: absolute;\" data-key=\"rs-100\" data-title=\"orval-3\" data-thumb=\"\/\/grand-angle.lavenir.net\/a-la-decouverte-des-plus-belles-abbayes-de-wallonie\/wp-content\/uploads\/sites\/60\/2018\/12\/20180924abbaye17Orval-8.jpg\" data-anim=\"adpr:false;\">\n\t\t\t\t\t\t\t<img decoding=\"async\" src=\"\/\/grand-angle.lavenir.net\/a-la-decouverte-des-plus-belles-abbayes-de-wallonie\/wp-content\/plugins\/revslider\/sr6\/assets\/assets\/dummy.png\" alt=\"\" title=\"20180924abbaye17Orval-8\" width=\"1900\" height=\"1267\" class=\"rev-slidebg tp-rs-img rs-lazyload\" data-lazyload=\"\/\/grand-angle.lavenir.net\/a-la-decouverte-des-plus-belles-abbayes-de-wallonie\/wp-content\/uploads\/sites\/60\/2018\/12\/20180924abbaye17Orval-8.jpg\" data-bg=\"f:contain;\" data-no-retina>\n<!--\n\t\t\t\t\t\t\t--><rs-group\n\t\t\t\t\t\t\t\tid=\"slider-2-slide-100-layer-2\" \n\t\t\t\t\t\t\t\tdata-type=\"group\"\n\t\t\t\t\t\t\t\tdata-xy=\"x:c;xo:1px;y:b;yo:1px;\"\n\t\t\t\t\t\t\t\tdata-text=\"l:22;a:inherit;\"\n\t\t\t\t\t\t\t\tdata-dim=\"w:100%;h:200px;\"\n\t\t\t\t\t\t\t\tdata-frame_0=\"tp:600;\"\n\t\t\t\t\t\t\t\tdata-frame_1=\"tp:600;sR:10;\"\n\t\t\t\t\t\t\t\tdata-frame_999=\"o:0;tp:600;st:w;sR:8690;sA:9000;\"\n\t\t\t\t\t\t\t\tstyle=\"z-index:5;\"\n\t\t\t\t\t\t\t><!--\n\t\t\t\t\t\t\t\t--><p\n\t\t\t\t\t\t\t\t\tid=\"slider-2-slide-100-layer-3\" \n\t\t\t\t\t\t\t\t\tclass=\"rs-layer\"\n\t\t\t\t\t\t\t\t\tdata-type=\"text\"\n\t\t\t\t\t\t\t\t\tdata-color=\"#ffffff\"\n\t\t\t\t\t\t\t\t\tdata-rsp_ch=\"on\"\n\t\t\t\t\t\t\t\t\tdata-xy=\"x:c;y:128px;\"\n\t\t\t\t\t\t\t\t\tdata-pos=\"a\"\n\t\t\t\t\t\t\t\t\tdata-text=\"w:normal;l:22;a:inherit;\"\n\t\t\t\t\t\t\t\t\tdata-dim=\"w:1179px;h:45px;\"\n\t\t\t\t\t\t\t\t\tdata-frame_0=\"tp:600;\"\n\t\t\t\t\t\t\t\t\tdata-frame_1=\"tp:600;\"\n\t\t\t\t\t\t\t\t\tdata-frame_999=\"o:0;tp:600;st:w;sR:8690;\"\n\t\t\t\t\t\t\t\t\tstyle=\"z-index:7;font-family:'Raleway';\"\n\t\t\t\t\t\t\t\t>L\u2019abbaye d\u2019Orval trouve son origine dans l\u2019arriv\u00e9e d\u2019un groupe de moines italiens en 1070 \u00e0 qui le comte de Chiny c\u00e9da une partie de ses terres. L\u2019abbaye failli dispara\u00eetre suite \u00e0 des tr\u00e8s importantes difficult\u00e9s financi\u00e8res. L\u2019actuelle abbaye est une reconstruction achev\u00e9e en 1948. \n\t\t\t\t\t\t\t\t<\/p><!--\n\n\t\t\t\t\t\t\t\t--><rs-layer\n\t\t\t\t\t\t\t\t\tid=\"slider-2-slide-100-layer-1\" \n\t\t\t\t\t\t\t\t\tclass=\"tp-shape tp-shapewrapper\"\n\t\t\t\t\t\t\t\t\tdata-type=\"shape\"\n\t\t\t\t\t\t\t\t\tdata-rsp_ch=\"on\"\n\t\t\t\t\t\t\t\t\tdata-xy=\"x:c;y:b;\"\n\t\t\t\t\t\t\t\t\tdata-pos=\"a\"\n\t\t\t\t\t\t\t\t\tdata-text=\"fw:100;a:inherit;\"\n\t\t\t\t\t\t\t\t\tdata-dim=\"w:100%;h:82px;\"\n\t\t\t\t\t\t\t\t\tdata-frame_0=\"tp:600;\"\n\t\t\t\t\t\t\t\t\tdata-frame_1=\"tp:600;\"\n\t\t\t\t\t\t\t\t\tdata-frame_999=\"o:0;tp:600;st:w;sR:8690;\"\n\t\t\t\t\t\t\t\t\tstyle=\"z-index:6;background-color:rgba(0,0,0,0.75);\"\n\t\t\t\t\t\t\t\t> \n\t\t\t\t\t\t\t\t<\/rs-layer><!--\n\t\t\t\t\t\t\t--><\/rs-group><!--\n-->\t\t\t\t\t<\/rs-slide>\n\t\t\t\t\t\t<rs-slide style=\"position: absolute;\" data-key=\"rs-101\" data-title=\"hubert\" data-thumb=\"\/\/grand-angle.lavenir.net\/a-la-decouverte-des-plus-belles-abbayes-de-wallonie\/wp-content\/uploads\/sites\/60\/2018\/12\/20180926abbaye18Hurtebise-13.jpg\" data-anim=\"adpr:false;\">\n\t\t\t\t\t\t\t<img decoding=\"async\" src=\"\/\/grand-angle.lavenir.net\/a-la-decouverte-des-plus-belles-abbayes-de-wallonie\/wp-content\/plugins\/revslider\/sr6\/assets\/assets\/dummy.png\" alt=\"\" title=\"20180926abbaye18Hurtebise-13\" width=\"1900\" height=\"1267\" class=\"rev-slidebg tp-rs-img rs-lazyload\" data-lazyload=\"\/\/grand-angle.lavenir.net\/a-la-decouverte-des-plus-belles-abbayes-de-wallonie\/wp-content\/uploads\/sites\/60\/2018\/12\/20180926abbaye18Hurtebise-13.jpg\" data-bg=\"f:contain;\" data-no-retina>\n<!--\n\t\t\t\t\t\t\t--><rs-group\n\t\t\t\t\t\t\t\tid=\"slider-2-slide-101-layer-2\" \n\t\t\t\t\t\t\t\tdata-type=\"group\"\n\t\t\t\t\t\t\t\tdata-xy=\"x:c;xo:1px;y:b;yo:1px;\"\n\t\t\t\t\t\t\t\tdata-text=\"l:22;a:inherit;\"\n\t\t\t\t\t\t\t\tdata-dim=\"w:100%;h:200px;\"\n\t\t\t\t\t\t\t\tdata-frame_0=\"tp:600;\"\n\t\t\t\t\t\t\t\tdata-frame_1=\"tp:600;sR:10;\"\n\t\t\t\t\t\t\t\tdata-frame_999=\"o:0;tp:600;st:w;sR:8690;sA:9000;\"\n\t\t\t\t\t\t\t\tstyle=\"z-index:5;\"\n\t\t\t\t\t\t\t><!--\n\t\t\t\t\t\t\t\t--><p\n\t\t\t\t\t\t\t\t\tid=\"slider-2-slide-101-layer-3\" \n\t\t\t\t\t\t\t\t\tclass=\"rs-layer\"\n\t\t\t\t\t\t\t\t\tdata-type=\"text\"\n\t\t\t\t\t\t\t\t\tdata-color=\"#ffffff\"\n\t\t\t\t\t\t\t\t\tdata-rsp_ch=\"on\"\n\t\t\t\t\t\t\t\t\tdata-xy=\"x:c;y:128px;\"\n\t\t\t\t\t\t\t\t\tdata-pos=\"a\"\n\t\t\t\t\t\t\t\t\tdata-text=\"w:normal;l:22;a:inherit;\"\n\t\t\t\t\t\t\t\t\tdata-dim=\"w:1179px;h:45px;\"\n\t\t\t\t\t\t\t\t\tdata-frame_0=\"tp:600;\"\n\t\t\t\t\t\t\t\t\tdata-frame_1=\"tp:600;\"\n\t\t\t\t\t\t\t\t\tdata-frame_999=\"o:0;tp:600;st:w;sR:8990;\"\n\t\t\t\t\t\t\t\t\tstyle=\"z-index:7;font-family:'Raleway';\"\n\t\t\t\t\t\t\t\t>C\u2019est gr\u00e2ce \u00e0 l\u2019\u00e9v\u00eaque de Li\u00e8ge que l\u2019abbaye de Saint-Hubert est devenue un important lieu de p\u00e8lerinages. Pour y attirer les p\u00e8lerins, l\u2019\u00e9v\u00eaque a fait d\u00e9placer le corps de saint Hubert de Li\u00e8ge \u00e0 l\u2019abbaye de Saint-Hubert qui avait \u00e9t\u00e9 plac\u00e9 sur un ancien noeud routier romain. \n\t\t\t\t\t\t\t\t<\/p><!--\n\n\t\t\t\t\t\t\t\t--><rs-layer\n\t\t\t\t\t\t\t\t\tid=\"slider-2-slide-101-layer-1\" \n\t\t\t\t\t\t\t\t\tclass=\"tp-shape tp-shapewrapper\"\n\t\t\t\t\t\t\t\t\tdata-type=\"shape\"\n\t\t\t\t\t\t\t\t\tdata-rsp_ch=\"on\"\n\t\t\t\t\t\t\t\t\tdata-xy=\"x:c;y:b;\"\n\t\t\t\t\t\t\t\t\tdata-pos=\"a\"\n\t\t\t\t\t\t\t\t\tdata-text=\"fw:100;a:inherit;\"\n\t\t\t\t\t\t\t\t\tdata-dim=\"w:100%;h:82px;\"\n\t\t\t\t\t\t\t\t\tdata-frame_0=\"tp:600;\"\n\t\t\t\t\t\t\t\t\tdata-frame_1=\"tp:600;\"\n\t\t\t\t\t\t\t\t\tdata-frame_999=\"o:0;tp:600;st:w;sR:8690;\"\n\t\t\t\t\t\t\t\t\tstyle=\"z-index:6;background-color:rgba(0,0,0,0.75);\"\n\t\t\t\t\t\t\t\t> \n\t\t\t\t\t\t\t\t<\/rs-layer><!--\n\t\t\t\t\t\t\t--><\/rs-group><!--\n-->\t\t\t\t\t<\/rs-slide>\n\t\t\t\t\t\t<rs-slide style=\"position: absolute;\" data-key=\"rs-102\" data-title=\"hubert-2\" data-thumb=\"\/\/grand-angle.lavenir.net\/a-la-decouverte-des-plus-belles-abbayes-de-wallonie\/wp-content\/uploads\/sites\/60\/2018\/12\/20180926abbaye18Hurtebise-3.jpg\" data-anim=\"adpr:false;\">\n\t\t\t\t\t\t\t<img decoding=\"async\" src=\"\/\/grand-angle.lavenir.net\/a-la-decouverte-des-plus-belles-abbayes-de-wallonie\/wp-content\/plugins\/revslider\/sr6\/assets\/assets\/dummy.png\" alt=\"\" title=\"20180926abbaye18Hurtebise-3\" width=\"1900\" height=\"1267\" class=\"rev-slidebg tp-rs-img rs-lazyload\" data-lazyload=\"\/\/grand-angle.lavenir.net\/a-la-decouverte-des-plus-belles-abbayes-de-wallonie\/wp-content\/uploads\/sites\/60\/2018\/12\/20180926abbaye18Hurtebise-3.jpg\" data-bg=\"f:contain;\" data-no-retina>\n<!--\n\t\t\t\t\t\t\t--><rs-group\n\t\t\t\t\t\t\t\tid=\"slider-2-slide-102-layer-2\" \n\t\t\t\t\t\t\t\tdata-type=\"group\"\n\t\t\t\t\t\t\t\tdata-xy=\"x:c;xo:1px;y:b;yo:1px;\"\n\t\t\t\t\t\t\t\tdata-text=\"l:22;a:inherit;\"\n\t\t\t\t\t\t\t\tdata-dim=\"w:100%;h:200px;\"\n\t\t\t\t\t\t\t\tdata-frame_0=\"tp:600;\"\n\t\t\t\t\t\t\t\tdata-frame_1=\"tp:600;sR:10;\"\n\t\t\t\t\t\t\t\tdata-frame_999=\"o:0;tp:600;st:w;sR:8690;sA:9000;\"\n\t\t\t\t\t\t\t\tstyle=\"z-index:5;\"\n\t\t\t\t\t\t\t><!--\n\t\t\t\t\t\t\t\t--><p\n\t\t\t\t\t\t\t\t\tid=\"slider-2-slide-102-layer-3\" \n\t\t\t\t\t\t\t\t\tclass=\"rs-layer\"\n\t\t\t\t\t\t\t\t\tdata-type=\"text\"\n\t\t\t\t\t\t\t\t\tdata-color=\"#ffffff\"\n\t\t\t\t\t\t\t\t\tdata-rsp_ch=\"on\"\n\t\t\t\t\t\t\t\t\tdata-xy=\"x:c;y:128px;\"\n\t\t\t\t\t\t\t\t\tdata-pos=\"a\"\n\t\t\t\t\t\t\t\t\tdata-text=\"w:normal;l:22;a:inherit;\"\n\t\t\t\t\t\t\t\t\tdata-dim=\"w:1179px;h:45px;\"\n\t\t\t\t\t\t\t\t\tdata-frame_0=\"tp:600;\"\n\t\t\t\t\t\t\t\t\tdata-frame_1=\"tp:600;\"\n\t\t\t\t\t\t\t\t\tdata-frame_999=\"o:0;tp:600;st:w;sR:8690;\"\n\t\t\t\t\t\t\t\t\tstyle=\"z-index:7;font-family:'Raleway';\"\n\t\t\t\t\t\t\t\t>C\u2019est gr\u00e2ce \u00e0 l\u2019\u00e9v\u00eaque de Li\u00e8ge que l\u2019abbaye de Saint-Hubert est devenue un important lieu de p\u00e8lerinages. Pour y attirer les p\u00e8lerins, l\u2019\u00e9v\u00eaque a fait d\u00e9placer le corps de saint Hubert de Li\u00e8ge \u00e0 l\u2019abbaye de Saint-Hubert qui avait \u00e9t\u00e9 plac\u00e9 sur un ancien noeud routier romain. \n\t\t\t\t\t\t\t\t<\/p><!--\n\n\t\t\t\t\t\t\t\t--><rs-layer\n\t\t\t\t\t\t\t\t\tid=\"slider-2-slide-102-layer-1\" \n\t\t\t\t\t\t\t\t\tclass=\"tp-shape tp-shapewrapper\"\n\t\t\t\t\t\t\t\t\tdata-type=\"shape\"\n\t\t\t\t\t\t\t\t\tdata-rsp_ch=\"on\"\n\t\t\t\t\t\t\t\t\tdata-xy=\"x:c;y:b;\"\n\t\t\t\t\t\t\t\t\tdata-pos=\"a\"\n\t\t\t\t\t\t\t\t\tdata-text=\"fw:100;a:inherit;\"\n\t\t\t\t\t\t\t\t\tdata-dim=\"w:100%;h:82px;\"\n\t\t\t\t\t\t\t\t\tdata-frame_0=\"tp:600;\"\n\t\t\t\t\t\t\t\t\tdata-frame_1=\"tp:600;\"\n\t\t\t\t\t\t\t\t\tdata-frame_999=\"o:0;tp:600;st:w;sR:8690;\"\n\t\t\t\t\t\t\t\t\tstyle=\"z-index:6;background-color:rgba(0,0,0,0.75);\"\n\t\t\t\t\t\t\t\t> \n\t\t\t\t\t\t\t\t<\/rs-layer><!--\n\t\t\t\t\t\t\t--><\/rs-group><!--\n-->\t\t\t\t\t<\/rs-slide>\n\t\t\t\t\t\t<rs-slide style=\"position: absolute;\" data-key=\"rs-103\" data-title=\"hubert-3\" data-thumb=\"\/\/grand-angle.lavenir.net\/a-la-decouverte-des-plus-belles-abbayes-de-wallonie\/wp-content\/uploads\/sites\/60\/2018\/12\/20180926abbaye18Hurtebise-10.jpg\" data-anim=\"adpr:false;\">\n\t\t\t\t\t\t\t<img decoding=\"async\" src=\"\/\/grand-angle.lavenir.net\/a-la-decouverte-des-plus-belles-abbayes-de-wallonie\/wp-content\/plugins\/revslider\/sr6\/assets\/assets\/dummy.png\" alt=\"\" title=\"20180926abbaye18Hurtebise-10\" width=\"1267\" height=\"1900\" class=\"rev-slidebg tp-rs-img rs-lazyload\" data-lazyload=\"\/\/grand-angle.lavenir.net\/a-la-decouverte-des-plus-belles-abbayes-de-wallonie\/wp-content\/uploads\/sites\/60\/2018\/12\/20180926abbaye18Hurtebise-10.jpg\" data-bg=\"f:contain;\" data-no-retina>\n<!--\n\t\t\t\t\t\t\t--><rs-group\n\t\t\t\t\t\t\t\tid=\"slider-2-slide-103-layer-2\" \n\t\t\t\t\t\t\t\tdata-type=\"group\"\n\t\t\t\t\t\t\t\tdata-xy=\"x:c;xo:1px;y:b;yo:1px;\"\n\t\t\t\t\t\t\t\tdata-text=\"l:22;a:inherit;\"\n\t\t\t\t\t\t\t\tdata-dim=\"w:100%;h:200px;\"\n\t\t\t\t\t\t\t\tdata-frame_0=\"tp:600;\"\n\t\t\t\t\t\t\t\tdata-frame_1=\"tp:600;sR:10;\"\n\t\t\t\t\t\t\t\tdata-frame_999=\"o:0;tp:600;st:w;sR:8690;sA:9000;\"\n\t\t\t\t\t\t\t\tstyle=\"z-index:5;\"\n\t\t\t\t\t\t\t><!--\n\t\t\t\t\t\t\t\t--><p\n\t\t\t\t\t\t\t\t\tid=\"slider-2-slide-103-layer-3\" \n\t\t\t\t\t\t\t\t\tclass=\"rs-layer\"\n\t\t\t\t\t\t\t\t\tdata-type=\"text\"\n\t\t\t\t\t\t\t\t\tdata-color=\"#ffffff\"\n\t\t\t\t\t\t\t\t\tdata-rsp_ch=\"on\"\n\t\t\t\t\t\t\t\t\tdata-xy=\"x:c;y:128px;\"\n\t\t\t\t\t\t\t\t\tdata-pos=\"a\"\n\t\t\t\t\t\t\t\t\tdata-text=\"w:normal;l:22;a:inherit;\"\n\t\t\t\t\t\t\t\t\tdata-dim=\"w:1179px;h:45px;\"\n\t\t\t\t\t\t\t\t\tdata-frame_0=\"tp:600;\"\n\t\t\t\t\t\t\t\t\tdata-frame_1=\"tp:600;\"\n\t\t\t\t\t\t\t\t\tdata-frame_999=\"o:0;tp:600;st:w;sR:8690;\"\n\t\t\t\t\t\t\t\t\tstyle=\"z-index:7;font-family:'Raleway';\"\n\t\t\t\t\t\t\t\t>C\u2019est gr\u00e2ce \u00e0 l\u2019\u00e9v\u00eaque de Li\u00e8ge que l\u2019abbaye de Saint-Hubert est devenue un important lieu de p\u00e8lerinages. Pour y attirer les p\u00e8lerins, l\u2019\u00e9v\u00eaque a fait d\u00e9placer le corps de saint Hubert de Li\u00e8ge \u00e0 l\u2019abbaye de Saint-Hubert qui avait \u00e9t\u00e9 plac\u00e9 sur un ancien noeud routier romain. \n\t\t\t\t\t\t\t\t<\/p><!--\n\n\t\t\t\t\t\t\t\t--><rs-layer\n\t\t\t\t\t\t\t\t\tid=\"slider-2-slide-103-layer-1\" \n\t\t\t\t\t\t\t\t\tclass=\"tp-shape tp-shapewrapper\"\n\t\t\t\t\t\t\t\t\tdata-type=\"shape\"\n\t\t\t\t\t\t\t\t\tdata-rsp_ch=\"on\"\n\t\t\t\t\t\t\t\t\tdata-xy=\"x:c;y:b;\"\n\t\t\t\t\t\t\t\t\tdata-pos=\"a\"\n\t\t\t\t\t\t\t\t\tdata-text=\"fw:100;a:inherit;\"\n\t\t\t\t\t\t\t\t\tdata-dim=\"w:100%;h:82px;\"\n\t\t\t\t\t\t\t\t\tdata-frame_0=\"tp:600;\"\n\t\t\t\t\t\t\t\t\tdata-frame_1=\"tp:600;\"\n\t\t\t\t\t\t\t\t\tdata-frame_999=\"o:0;tp:600;st:w;sR:8690;\"\n\t\t\t\t\t\t\t\t\tstyle=\"z-index:6;background-color:rgba(0,0,0,0.75);\"\n\t\t\t\t\t\t\t\t> \n\t\t\t\t\t\t\t\t<\/rs-layer><!--\n\t\t\t\t\t\t\t--><\/rs-group><!--\n-->\t\t\t\t\t<\/rs-slide>\n\t\t\t\t\t\t<rs-slide style=\"position: absolute;\" data-key=\"rs-108\" data-title=\"stavelot\" data-thumb=\"\/\/grand-angle.lavenir.net\/a-la-decouverte-des-plus-belles-abbayes-de-wallonie\/wp-content\/uploads\/sites\/60\/2018\/12\/20180924abbaye16Stavelot-4.jpg\" data-anim=\"adpr:false;\">\n\t\t\t\t\t\t\t<img decoding=\"async\" src=\"\/\/grand-angle.lavenir.net\/a-la-decouverte-des-plus-belles-abbayes-de-wallonie\/wp-content\/plugins\/revslider\/sr6\/assets\/assets\/dummy.png\" alt=\"\" title=\"20180924abbaye16Stavelot-4\" width=\"1900\" height=\"1267\" class=\"rev-slidebg tp-rs-img rs-lazyload\" data-lazyload=\"\/\/grand-angle.lavenir.net\/a-la-decouverte-des-plus-belles-abbayes-de-wallonie\/wp-content\/uploads\/sites\/60\/2018\/12\/20180924abbaye16Stavelot-4.jpg\" data-bg=\"f:contain;\" data-no-retina>\n<!--\n\t\t\t\t\t\t\t--><rs-group\n\t\t\t\t\t\t\t\tid=\"slider-2-slide-108-layer-2\" \n\t\t\t\t\t\t\t\tdata-type=\"group\"\n\t\t\t\t\t\t\t\tdata-xy=\"x:c;xo:1px;y:b;yo:1px;\"\n\t\t\t\t\t\t\t\tdata-text=\"l:22;a:inherit;\"\n\t\t\t\t\t\t\t\tdata-dim=\"w:100%;h:200px;\"\n\t\t\t\t\t\t\t\tdata-frame_0=\"tp:600;\"\n\t\t\t\t\t\t\t\tdata-frame_1=\"tp:600;sR:10;\"\n\t\t\t\t\t\t\t\tdata-frame_999=\"o:0;tp:600;st:w;sR:8690;sA:9000;\"\n\t\t\t\t\t\t\t\tstyle=\"z-index:5;\"\n\t\t\t\t\t\t\t><!--\n\t\t\t\t\t\t\t\t--><p\n\t\t\t\t\t\t\t\t\tid=\"slider-2-slide-108-layer-3\" \n\t\t\t\t\t\t\t\t\tclass=\"rs-layer\"\n\t\t\t\t\t\t\t\t\tdata-type=\"text\"\n\t\t\t\t\t\t\t\t\tdata-color=\"#ffffff\"\n\t\t\t\t\t\t\t\t\tdata-rsp_ch=\"on\"\n\t\t\t\t\t\t\t\t\tdata-xy=\"x:c;y:128px;\"\n\t\t\t\t\t\t\t\t\tdata-pos=\"a\"\n\t\t\t\t\t\t\t\t\tdata-text=\"w:normal;l:22;a:inherit;\"\n\t\t\t\t\t\t\t\t\tdata-dim=\"w:1179px;h:45px;\"\n\t\t\t\t\t\t\t\t\tdata-frame_0=\"tp:600;\"\n\t\t\t\t\t\t\t\t\tdata-frame_1=\"tp:600;\"\n\t\t\t\t\t\t\t\t\tdata-frame_999=\"o:0;tp:600;st:w;sR:8990;\"\n\t\t\t\t\t\t\t\t\tstyle=\"z-index:7;font-family:'Raleway';\"\n\t\t\t\t\t\t\t\t>L\u2019abbaye de Stavelot est l\u2019une des plus anciennes de Belgique, elle fut fond\u00e9e en 670. Il ne reste rien de l\u2019\u00e9glise abbatiale du XI\u00e8me si\u00e8cle qui fut vendue et d\u00e9mont\u00e9e lors de la R\u00e9volution fran\u00e7aise. L\u2019abbaye h\u00e9berge aujourd\u2019hui trois mus\u00e9es. \n\t\t\t\t\t\t\t\t<\/p><!--\n\n\t\t\t\t\t\t\t\t--><rs-layer\n\t\t\t\t\t\t\t\t\tid=\"slider-2-slide-108-layer-1\" \n\t\t\t\t\t\t\t\t\tclass=\"tp-shape tp-shapewrapper\"\n\t\t\t\t\t\t\t\t\tdata-type=\"shape\"\n\t\t\t\t\t\t\t\t\tdata-rsp_ch=\"on\"\n\t\t\t\t\t\t\t\t\tdata-xy=\"x:c;y:b;\"\n\t\t\t\t\t\t\t\t\tdata-pos=\"a\"\n\t\t\t\t\t\t\t\t\tdata-text=\"fw:100;a:inherit;\"\n\t\t\t\t\t\t\t\t\tdata-dim=\"w:100%;h:82px;\"\n\t\t\t\t\t\t\t\t\tdata-frame_0=\"tp:600;\"\n\t\t\t\t\t\t\t\t\tdata-frame_1=\"tp:600;\"\n\t\t\t\t\t\t\t\t\tdata-frame_999=\"o:0;tp:600;st:w;sR:8690;\"\n\t\t\t\t\t\t\t\t\tstyle=\"z-index:6;background-color:rgba(0,0,0,0.75);\"\n\t\t\t\t\t\t\t\t> \n\t\t\t\t\t\t\t\t<\/rs-layer><!--\n\t\t\t\t\t\t\t--><\/rs-group><!--\n-->\t\t\t\t\t<\/rs-slide>\n\t\t\t\t\t\t<rs-slide style=\"position: absolute;\" data-key=\"rs-109\" data-title=\"stavelot-2\" data-thumb=\"\/\/grand-angle.lavenir.net\/a-la-decouverte-des-plus-belles-abbayes-de-wallonie\/wp-content\/uploads\/sites\/60\/2018\/12\/20180924abbaye16Stavelot-1.jpg\" data-anim=\"adpr:false;\">\n\t\t\t\t\t\t\t<img decoding=\"async\" src=\"\/\/grand-angle.lavenir.net\/a-la-decouverte-des-plus-belles-abbayes-de-wallonie\/wp-content\/plugins\/revslider\/sr6\/assets\/assets\/dummy.png\" alt=\"\" title=\"20180924abbaye16Stavelot-1\" width=\"1900\" height=\"1267\" class=\"rev-slidebg tp-rs-img rs-lazyload\" data-lazyload=\"\/\/grand-angle.lavenir.net\/a-la-decouverte-des-plus-belles-abbayes-de-wallonie\/wp-content\/uploads\/sites\/60\/2018\/12\/20180924abbaye16Stavelot-1.jpg\" data-bg=\"f:contain;\" data-no-retina>\n<!--\n\t\t\t\t\t\t\t--><rs-group\n\t\t\t\t\t\t\t\tid=\"slider-2-slide-109-layer-2\" \n\t\t\t\t\t\t\t\tdata-type=\"group\"\n\t\t\t\t\t\t\t\tdata-xy=\"x:c;xo:1px;y:b;yo:1px;\"\n\t\t\t\t\t\t\t\tdata-text=\"l:22;a:inherit;\"\n\t\t\t\t\t\t\t\tdata-dim=\"w:100%;h:200px;\"\n\t\t\t\t\t\t\t\tdata-frame_0=\"tp:600;\"\n\t\t\t\t\t\t\t\tdata-frame_1=\"tp:600;sR:10;\"\n\t\t\t\t\t\t\t\tdata-frame_999=\"o:0;tp:600;st:w;sR:8690;sA:9000;\"\n\t\t\t\t\t\t\t\tstyle=\"z-index:5;\"\n\t\t\t\t\t\t\t><!--\n\t\t\t\t\t\t\t\t--><p\n\t\t\t\t\t\t\t\t\tid=\"slider-2-slide-109-layer-3\" \n\t\t\t\t\t\t\t\t\tclass=\"rs-layer\"\n\t\t\t\t\t\t\t\t\tdata-type=\"text\"\n\t\t\t\t\t\t\t\t\tdata-color=\"#ffffff\"\n\t\t\t\t\t\t\t\t\tdata-rsp_ch=\"on\"\n\t\t\t\t\t\t\t\t\tdata-xy=\"x:c;y:128px;\"\n\t\t\t\t\t\t\t\t\tdata-pos=\"a\"\n\t\t\t\t\t\t\t\t\tdata-text=\"w:normal;l:22;a:inherit;\"\n\t\t\t\t\t\t\t\t\tdata-dim=\"w:1179px;h:45px;\"\n\t\t\t\t\t\t\t\t\tdata-frame_0=\"tp:600;\"\n\t\t\t\t\t\t\t\t\tdata-frame_1=\"tp:600;\"\n\t\t\t\t\t\t\t\t\tdata-frame_999=\"o:0;tp:600;st:w;sR:8690;\"\n\t\t\t\t\t\t\t\t\tstyle=\"z-index:7;font-family:'Raleway';\"\n\t\t\t\t\t\t\t\t>L\u2019abbaye de Stavelot est l\u2019une des plus anciennes de Belgique, elle fut fond\u00e9e en 670. Il ne reste rien de l\u2019\u00e9glise abbatiale du XI\u00e8me si\u00e8cle qui fut vendue et d\u00e9mont\u00e9e lors de la R\u00e9volution fran\u00e7aise. L\u2019abbaye h\u00e9berge aujourd\u2019hui trois mus\u00e9es. \n\t\t\t\t\t\t\t\t<\/p><!--\n\n\t\t\t\t\t\t\t\t--><rs-layer\n\t\t\t\t\t\t\t\t\tid=\"slider-2-slide-109-layer-1\" \n\t\t\t\t\t\t\t\t\tclass=\"tp-shape tp-shapewrapper\"\n\t\t\t\t\t\t\t\t\tdata-type=\"shape\"\n\t\t\t\t\t\t\t\t\tdata-rsp_ch=\"on\"\n\t\t\t\t\t\t\t\t\tdata-xy=\"x:c;y:b;\"\n\t\t\t\t\t\t\t\t\tdata-pos=\"a\"\n\t\t\t\t\t\t\t\t\tdata-text=\"fw:100;a:inherit;\"\n\t\t\t\t\t\t\t\t\tdata-dim=\"w:100%;h:82px;\"\n\t\t\t\t\t\t\t\t\tdata-frame_0=\"tp:600;\"\n\t\t\t\t\t\t\t\t\tdata-frame_1=\"tp:600;\"\n\t\t\t\t\t\t\t\t\tdata-frame_999=\"o:0;tp:600;st:w;sR:8690;\"\n\t\t\t\t\t\t\t\t\tstyle=\"z-index:6;background-color:rgba(0,0,0,0.75);\"\n\t\t\t\t\t\t\t\t> \n\t\t\t\t\t\t\t\t<\/rs-layer><!--\n\t\t\t\t\t\t\t--><\/rs-group><!--\n-->\t\t\t\t\t<\/rs-slide>\n\t\t\t\t\t\t<rs-slide style=\"position: absolute;\" data-key=\"rs-110\" data-title=\"stavelot-3\" data-thumb=\"\/\/grand-angle.lavenir.net\/a-la-decouverte-des-plus-belles-abbayes-de-wallonie\/wp-content\/uploads\/sites\/60\/2018\/12\/20180924abbaye16Stavelot-5.jpg\" data-anim=\"adpr:false;\">\n\t\t\t\t\t\t\t<img decoding=\"async\" src=\"\/\/grand-angle.lavenir.net\/a-la-decouverte-des-plus-belles-abbayes-de-wallonie\/wp-content\/plugins\/revslider\/sr6\/assets\/assets\/dummy.png\" alt=\"\" title=\"20180924abbaye16Stavelot-5\" width=\"1900\" height=\"1267\" class=\"rev-slidebg tp-rs-img rs-lazyload\" data-lazyload=\"\/\/grand-angle.lavenir.net\/a-la-decouverte-des-plus-belles-abbayes-de-wallonie\/wp-content\/uploads\/sites\/60\/2018\/12\/20180924abbaye16Stavelot-5.jpg\" data-bg=\"f:contain;\" data-no-retina>\n<!--\n\t\t\t\t\t\t\t--><rs-group\n\t\t\t\t\t\t\t\tid=\"slider-2-slide-110-layer-2\" \n\t\t\t\t\t\t\t\tdata-type=\"group\"\n\t\t\t\t\t\t\t\tdata-xy=\"x:c;xo:1px;y:b;yo:1px;\"\n\t\t\t\t\t\t\t\tdata-text=\"l:22;a:inherit;\"\n\t\t\t\t\t\t\t\tdata-dim=\"w:100%;h:200px;\"\n\t\t\t\t\t\t\t\tdata-frame_0=\"tp:600;\"\n\t\t\t\t\t\t\t\tdata-frame_1=\"tp:600;sR:10;\"\n\t\t\t\t\t\t\t\tdata-frame_999=\"o:0;tp:600;st:w;sR:8690;sA:9000;\"\n\t\t\t\t\t\t\t\tstyle=\"z-index:5;\"\n\t\t\t\t\t\t\t><!--\n\t\t\t\t\t\t\t\t--><p\n\t\t\t\t\t\t\t\t\tid=\"slider-2-slide-110-layer-3\" \n\t\t\t\t\t\t\t\t\tclass=\"rs-layer\"\n\t\t\t\t\t\t\t\t\tdata-type=\"text\"\n\t\t\t\t\t\t\t\t\tdata-color=\"#ffffff\"\n\t\t\t\t\t\t\t\t\tdata-rsp_ch=\"on\"\n\t\t\t\t\t\t\t\t\tdata-xy=\"x:c;y:128px;\"\n\t\t\t\t\t\t\t\t\tdata-pos=\"a\"\n\t\t\t\t\t\t\t\t\tdata-text=\"w:normal;l:22;a:inherit;\"\n\t\t\t\t\t\t\t\t\tdata-dim=\"w:1179px;h:45px;\"\n\t\t\t\t\t\t\t\t\tdata-frame_0=\"tp:600;\"\n\t\t\t\t\t\t\t\t\tdata-frame_1=\"tp:600;\"\n\t\t\t\t\t\t\t\t\tdata-frame_999=\"o:0;tp:600;st:w;sR:8690;\"\n\t\t\t\t\t\t\t\t\tstyle=\"z-index:7;font-family:'Raleway';\"\n\t\t\t\t\t\t\t\t>L\u2019abbaye de Stavelot est l\u2019une des plus anciennes de Belgique, elle fut fond\u00e9e en 670. Il ne reste rien de l\u2019\u00e9glise abbatiale du XI\u00e8me si\u00e8cle qui fut vendue et d\u00e9mont\u00e9e lors de la R\u00e9volution fran\u00e7aise. L\u2019abbaye h\u00e9berge aujourd\u2019hui trois mus\u00e9es. \n\t\t\t\t\t\t\t\t<\/p><!--\n\n\t\t\t\t\t\t\t\t--><rs-layer\n\t\t\t\t\t\t\t\t\tid=\"slider-2-slide-110-layer-1\" \n\t\t\t\t\t\t\t\t\tclass=\"tp-shape tp-shapewrapper\"\n\t\t\t\t\t\t\t\t\tdata-type=\"shape\"\n\t\t\t\t\t\t\t\t\tdata-rsp_ch=\"on\"\n\t\t\t\t\t\t\t\t\tdata-xy=\"x:c;y:b;\"\n\t\t\t\t\t\t\t\t\tdata-pos=\"a\"\n\t\t\t\t\t\t\t\t\tdata-text=\"fw:100;a:inherit;\"\n\t\t\t\t\t\t\t\t\tdata-dim=\"w:100%;h:82px;\"\n\t\t\t\t\t\t\t\t\tdata-frame_0=\"tp:600;\"\n\t\t\t\t\t\t\t\t\tdata-frame_1=\"tp:600;\"\n\t\t\t\t\t\t\t\t\tdata-frame_999=\"o:0;tp:600;st:w;sR:8690;\"\n\t\t\t\t\t\t\t\t\tstyle=\"z-index:6;background-color:rgba(0,0,0,0.75);\"\n\t\t\t\t\t\t\t\t> \n\t\t\t\t\t\t\t\t<\/rs-layer><!--\n\t\t\t\t\t\t\t--><\/rs-group><!--\n-->\t\t\t\t\t<\/rs-slide>\n\t\t\t\t\t<\/rs-slides>\n\t\t\t\t<\/rs-module>\n\t\t\t\t<script>\n\t\t\t\t\tsetREVStartSize({c: 'rev_slider_2_2',rl:[1240,1024,778,480],el:[],gw:[1240],gh:[868],type:'standard',justify:'',layout:'fullwidth',thumbh:\"60\",mh:\"0\"});if (window.RS_MODULES!==undefined && window.RS_MODULES.modules!==undefined && window.RS_MODULES.modules[\"revslider22\"]!==undefined) {window.RS_MODULES.modules[\"revslider22\"].once = false;window.revapi2 = undefined;if (window.RS_MODULES.checkMinimal!==undefined) window.RS_MODULES.checkMinimal()}\n\t\t\t\t<\/script>\n\t\t\t<\/rs-module-wrap>\n\t\t\t<!-- END REVOLUTION SLIDER -->\n<\/div><div class=\"fusion-sharing-box fusion-sharing-box-2 boxed-icons has-taglines layout-floated layout-medium-floated layout-small-floated\" style=\"background-color:#ffffff;--awb-layout:row;--awb-alignment-small:space-between;\" data-title=\"\u00c0 la d\u00e9couverte des plus belles abbayes de Wallonie\" data-description=\"Partez \u00e0 la d\u00e9couverte de 18 abbayes de Wallonie. Nous vous proposons un voyage aux 4 coins de notre r\u00e9gion gr\u00e2ce aux photos notre collaborateur, Mathieu Golinvaux dont le travail illustre l\u2019ouvrage &quot;Les plus belles abbayes de Wallonie&quot;, sign\u00e9 par Ghislain Hettich, qui vient de para\u00eetre aux \u00e9ditions Racines.\n\" data-link=\"https:\/\/grand-angle.lavenir.net\/a-la-decouverte-des-plus-belles-abbayes-de-wallonie\/\"><div class=\"fusion-social-networks sharingbox-shortcode-icon-wrapper sharingbox-shortcode-icon-wrapper-2 boxed-icons\"><span><a href=\"https:\/\/www.facebook.com\/sharer.php?u=https%3A%2F%2Fgrand-angle.lavenir.net%2Fa-la-decouverte-des-plus-belles-abbayes-de-wallonie%2F&amp;t=%C3%80%20la%20d%C3%A9couverte%20des%20plus%20belles%20abbayes%20de%20Wallonie\" target=\"_blank\" rel=\"noreferrer\" title=\"Facebook\" aria-label=\"Facebook\" data-placement=\"top\" data-toggle=\"tooltip\" data-title=\"Facebook\"><i class=\"fusion-social-network-icon fusion-tooltip fusion-facebook awb-icon-facebook\" style=\"color:#ffffff;background-color:#3b5998;border-color:#3b5998;border-radius:50%;\" aria-hidden=\"true\"><\/i><\/a><\/span><span><a href=\"https:\/\/x.com\/intent\/post?text=%C3%80%20la%20d%C3%A9couverte%20des%20plus%20belles%20abbayes%20de%20Wallonie&amp;url=https%3A%2F%2Fgrand-angle.lavenir.net%2Fa-la-decouverte-des-plus-belles-abbayes-de-wallonie%2F\" target=\"_blank\" rel=\"noopener noreferrer\" title=\"X\" aria-label=\"X\" data-placement=\"top\" data-toggle=\"tooltip\" data-title=\"X\"><i class=\"fusion-social-network-icon fusion-tooltip fusion-twitter awb-icon-twitter\" style=\"color:#ffffff;background-color:#000000;border-color:#000000;border-radius:50%;\" aria-hidden=\"true\"><\/i><\/a><\/span><\/div><\/div><div class=\"fusion-clearfix\"><\/div><\/div><\/div><\/div><\/div><\/p>\n","protected":false},"excerpt":{"rendered":"","protected":false},"author":1,"featured_media":0,"parent":0,"menu_order":0,"comment_status":"closed","ping_status":"closed","template":"100-width.php","meta":{"footnotes":""},"class_list":["post-61","page","type-page","status-publish","hentry"],"yoast_head":"<!-- This site is optimized with the Yoast SEO plugin v27.1.1 - https:\/\/yoast.com\/product\/yoast-seo-wordpress\/ -->\n<title>\u00c0 la d\u00e9couverte des plus belles abbayes de Wallonie<\/title>\n<meta name=\"description\" content=\"Partez \u00e0 la d\u00e9couverte de 18 abbayes de Wallonie. Nous vous proposons un voyage aux 4 coins de notre r\u00e9gion gr\u00e2ce aux photos notre collaborateur, Mathieu Golinvaux dont le travail illustre l\u2019ouvrage Les plus belles abbayes de Wallonie&quot; sign\u00e9 par Ghislain Hettich, qui vient de para\u00eetre aux \u00e9ditions Racines.\" \/>\n<meta name=\"robots\" content=\"index, follow, max-snippet:-1, max-image-preview:large, max-video-preview:-1\" \/>\n<link rel=\"canonical\" href=\"https:\/\/grand-angle.lavenir.net\/a-la-decouverte-des-plus-belles-abbayes-de-wallonie\/\" \/>\n<meta property=\"og:locale\" content=\"fr_FR\" \/>\n<meta property=\"og:type\" content=\"article\" \/>\n<meta property=\"og:title\" content=\"\u00c0 la d\u00e9couverte des plus belles abbayes de Wallonie\" \/>\n<meta property=\"og:description\" content=\"Partez \u00e0 la d\u00e9couverte de 18 abbayes de Wallonie. Nous vous proposons un voyage aux 4 coins de notre r\u00e9gion gr\u00e2ce aux photos notre collaborateur, Mathieu Golinvaux dont le travail illustre l\u2019ouvrage &quot;Les plus belles abbayes de Wallonie&quot; sign\u00e9 par Ghislain Hettich, qui vient de para\u00eetre aux \u00e9ditions Racines.\" \/>\n<meta property=\"og:url\" content=\"https:\/\/grand-angle.lavenir.net\/a-la-decouverte-des-plus-belles-abbayes-de-wallonie\/\" \/>\n<meta property=\"og:site_name\" content=\"\u00c0 la d\u00e9couverte des plus belles abbayes de Wallonie - L&#039;Avenir.net\" \/>\n<meta property=\"article:modified_time\" content=\"2018-12-14T13:16:11+00:00\" \/>\n<meta property=\"og:image\" content=\"https:\/\/grand-angle.lavenir.net\/a-la-decouverte-des-plus-belles-abbayes-de-wallonie\/wp-content\/uploads\/sites\/60\/2018\/12\/20180924abbaye17Orval-4.jpg\" \/>\n\t<meta property=\"og:image:width\" content=\"1900\" \/>\n\t<meta property=\"og:image:height\" content=\"1267\" \/>\n\t<meta property=\"og:image:type\" content=\"image\/jpeg\" \/>\n<meta name=\"twitter:card\" content=\"summary_large_image\" \/>\n<meta name=\"twitter:label1\" content=\"Dur\u00e9e de lecture est.\" \/>\n\t<meta name=\"twitter:data1\" content=\"3 minutes\" \/>\n<script type=\"application\/ld+json\" class=\"yoast-schema-graph\">{\"@context\":\"https:\/\/schema.org\",\"@graph\":[{\"@type\":\"WebPage\",\"@id\":\"https:\/\/grand-angle.lavenir.net\/a-la-decouverte-des-plus-belles-abbayes-de-wallonie\/\",\"url\":\"https:\/\/grand-angle.lavenir.net\/a-la-decouverte-des-plus-belles-abbayes-de-wallonie\/\",\"name\":\"\u00c0 la d\u00e9couverte des plus belles abbayes de Wallonie\",\"isPartOf\":{\"@id\":\"https:\/\/grand-angle.lavenir.net\/a-la-decouverte-des-plus-belles-abbayes-de-wallonie\/#website\"},\"datePublished\":\"2018-12-06T10:09:50+00:00\",\"dateModified\":\"2018-12-14T13:16:11+00:00\",\"description\":\"Partez \u00e0 la d\u00e9couverte de 18 abbayes de Wallonie. Nous vous proposons un voyage aux 4 coins de notre r\u00e9gion gr\u00e2ce aux photos notre collaborateur, Mathieu Golinvaux dont le travail illustre l\u2019ouvrage Les plus belles abbayes de Wallonie\\\" sign\u00e9 par Ghislain Hettich, qui vient de para\u00eetre aux \u00e9ditions Racines.\",\"breadcrumb\":{\"@id\":\"https:\/\/grand-angle.lavenir.net\/a-la-decouverte-des-plus-belles-abbayes-de-wallonie\/#breadcrumb\"},\"inLanguage\":\"fr-BE\",\"potentialAction\":[{\"@type\":\"ReadAction\",\"target\":[\"https:\/\/grand-angle.lavenir.net\/a-la-decouverte-des-plus-belles-abbayes-de-wallonie\/\"]}]},{\"@type\":\"BreadcrumbList\",\"@id\":\"https:\/\/grand-angle.lavenir.net\/a-la-decouverte-des-plus-belles-abbayes-de-wallonie\/#breadcrumb\",\"itemListElement\":[{\"@type\":\"ListItem\",\"position\":1,\"name\":\"Home\",\"item\":\"https:\/\/grand-angle.lavenir.net\/a-la-decouverte-des-plus-belles-abbayes-de-wallonie\/\"},{\"@type\":\"ListItem\",\"position\":2,\"name\":\"\u00c0 la d\u00e9couverte des plus belles abbayes de Wallonie\"}]},{\"@type\":\"WebSite\",\"@id\":\"https:\/\/grand-angle.lavenir.net\/a-la-decouverte-des-plus-belles-abbayes-de-wallonie\/#website\",\"url\":\"https:\/\/grand-angle.lavenir.net\/a-la-decouverte-des-plus-belles-abbayes-de-wallonie\/\",\"name\":\"\u00c0 la d\u00e9couverte des plus belles abbayes de Wallonie - L&#039;Avenir.net\",\"description\":\"Nous vous proposons un voyage aux 4 coins de notre r\u00e9gion\",\"potentialAction\":[{\"@type\":\"SearchAction\",\"target\":{\"@type\":\"EntryPoint\",\"urlTemplate\":\"https:\/\/grand-angle.lavenir.net\/a-la-decouverte-des-plus-belles-abbayes-de-wallonie\/?s={search_term_string}\"},\"query-input\":{\"@type\":\"PropertyValueSpecification\",\"valueRequired\":true,\"valueName\":\"search_term_string\"}}],\"inLanguage\":\"fr-BE\"}]}<\/script>\n<!-- \/ Yoast SEO plugin. -->","yoast_head_json":{"title":"\u00c0 la d\u00e9couverte des plus belles abbayes de Wallonie","description":"Partez \u00e0 la d\u00e9couverte de 18 abbayes de Wallonie. Nous vous proposons un voyage aux 4 coins de notre r\u00e9gion gr\u00e2ce aux photos notre collaborateur, Mathieu Golinvaux dont le travail illustre l\u2019ouvrage Les plus belles abbayes de Wallonie\" sign\u00e9 par Ghislain Hettich, qui vient de para\u00eetre aux \u00e9ditions Racines.","robots":{"index":"index","follow":"follow","max-snippet":"max-snippet:-1","max-image-preview":"max-image-preview:large","max-video-preview":"max-video-preview:-1"},"canonical":"https:\/\/grand-angle.lavenir.net\/a-la-decouverte-des-plus-belles-abbayes-de-wallonie\/","og_locale":"fr_FR","og_type":"article","og_title":"\u00c0 la d\u00e9couverte des plus belles abbayes de Wallonie","og_description":"Partez \u00e0 la d\u00e9couverte de 18 abbayes de Wallonie. Nous vous proposons un voyage aux 4 coins de notre r\u00e9gion gr\u00e2ce aux photos notre collaborateur, Mathieu Golinvaux dont le travail illustre l\u2019ouvrage \"Les plus belles abbayes de Wallonie\" sign\u00e9 par Ghislain Hettich, qui vient de para\u00eetre aux \u00e9ditions Racines.","og_url":"https:\/\/grand-angle.lavenir.net\/a-la-decouverte-des-plus-belles-abbayes-de-wallonie\/","og_site_name":"\u00c0 la d\u00e9couverte des plus belles abbayes de Wallonie - L&#039;Avenir.net","article_modified_time":"2018-12-14T13:16:11+00:00","og_image":[{"width":1900,"height":1267,"url":"https:\/\/grand-angle.lavenir.net\/a-la-decouverte-des-plus-belles-abbayes-de-wallonie\/wp-content\/uploads\/sites\/60\/2018\/12\/20180924abbaye17Orval-4.jpg","type":"image\/jpeg"}],"twitter_card":"summary_large_image","twitter_misc":{"Dur\u00e9e de lecture est.":"3 minutes"},"schema":{"@context":"https:\/\/schema.org","@graph":[{"@type":"WebPage","@id":"https:\/\/grand-angle.lavenir.net\/a-la-decouverte-des-plus-belles-abbayes-de-wallonie\/","url":"https:\/\/grand-angle.lavenir.net\/a-la-decouverte-des-plus-belles-abbayes-de-wallonie\/","name":"\u00c0 la d\u00e9couverte des plus belles abbayes de Wallonie","isPartOf":{"@id":"https:\/\/grand-angle.lavenir.net\/a-la-decouverte-des-plus-belles-abbayes-de-wallonie\/#website"},"datePublished":"2018-12-06T10:09:50+00:00","dateModified":"2018-12-14T13:16:11+00:00","description":"Partez \u00e0 la d\u00e9couverte de 18 abbayes de Wallonie. Nous vous proposons un voyage aux 4 coins de notre r\u00e9gion gr\u00e2ce aux photos notre collaborateur, Mathieu Golinvaux dont le travail illustre l\u2019ouvrage Les plus belles abbayes de Wallonie\" sign\u00e9 par Ghislain Hettich, qui vient de para\u00eetre aux \u00e9ditions Racines.","breadcrumb":{"@id":"https:\/\/grand-angle.lavenir.net\/a-la-decouverte-des-plus-belles-abbayes-de-wallonie\/#breadcrumb"},"inLanguage":"fr-BE","potentialAction":[{"@type":"ReadAction","target":["https:\/\/grand-angle.lavenir.net\/a-la-decouverte-des-plus-belles-abbayes-de-wallonie\/"]}]},{"@type":"BreadcrumbList","@id":"https:\/\/grand-angle.lavenir.net\/a-la-decouverte-des-plus-belles-abbayes-de-wallonie\/#breadcrumb","itemListElement":[{"@type":"ListItem","position":1,"name":"Home","item":"https:\/\/grand-angle.lavenir.net\/a-la-decouverte-des-plus-belles-abbayes-de-wallonie\/"},{"@type":"ListItem","position":2,"name":"\u00c0 la d\u00e9couverte des plus belles abbayes de Wallonie"}]},{"@type":"WebSite","@id":"https:\/\/grand-angle.lavenir.net\/a-la-decouverte-des-plus-belles-abbayes-de-wallonie\/#website","url":"https:\/\/grand-angle.lavenir.net\/a-la-decouverte-des-plus-belles-abbayes-de-wallonie\/","name":"\u00c0 la d\u00e9couverte des plus belles abbayes de Wallonie - L&#039;Avenir.net","description":"Nous vous proposons un voyage aux 4 coins de notre r\u00e9gion","potentialAction":[{"@type":"SearchAction","target":{"@type":"EntryPoint","urlTemplate":"https:\/\/grand-angle.lavenir.net\/a-la-decouverte-des-plus-belles-abbayes-de-wallonie\/?s={search_term_string}"},"query-input":{"@type":"PropertyValueSpecification","valueRequired":true,"valueName":"search_term_string"}}],"inLanguage":"fr-BE"}]}},"_links":{"self":[{"href":"https:\/\/grand-angle.lavenir.net\/a-la-decouverte-des-plus-belles-abbayes-de-wallonie\/wp-json\/wp\/v2\/pages\/61","targetHints":{"allow":["GET"]}}],"collection":[{"href":"https:\/\/grand-angle.lavenir.net\/a-la-decouverte-des-plus-belles-abbayes-de-wallonie\/wp-json\/wp\/v2\/pages"}],"about":[{"href":"https:\/\/grand-angle.lavenir.net\/a-la-decouverte-des-plus-belles-abbayes-de-wallonie\/wp-json\/wp\/v2\/types\/page"}],"author":[{"embeddable":true,"href":"https:\/\/grand-angle.lavenir.net\/a-la-decouverte-des-plus-belles-abbayes-de-wallonie\/wp-json\/wp\/v2\/users\/1"}],"replies":[{"embeddable":true,"href":"https:\/\/grand-angle.lavenir.net\/a-la-decouverte-des-plus-belles-abbayes-de-wallonie\/wp-json\/wp\/v2\/comments?post=61"}],"version-history":[{"count":0,"href":"https:\/\/grand-angle.lavenir.net\/a-la-decouverte-des-plus-belles-abbayes-de-wallonie\/wp-json\/wp\/v2\/pages\/61\/revisions"}],"wp:attachment":[{"href":"https:\/\/grand-angle.lavenir.net\/a-la-decouverte-des-plus-belles-abbayes-de-wallonie\/wp-json\/wp\/v2\/media?parent=61"}],"curies":[{"name":"wp","href":"https:\/\/api.w.org\/{rel}","templated":true}]}}